{"id":1902,"date":"2023-08-15T11:16:38","date_gmt":"2023-08-15T14:16:38","guid":{"rendered":"https:\/\/www.economicas.uba.ar\/congresoecon\/?page_id=1902"},"modified":"2023-09-07T16:23:43","modified_gmt":"2023-09-07T19:23:43","slug":"programa-2023","status":"publish","type":"page","link":"https:\/\/www.economicas.uba.ar\/congresoecon\/econ2023\/programa-2023\/","title":{"rendered":"PROGRAMA 2023"},"content":{"rendered":"\t\t<div data-elementor-type=\"wp-page\" data-elementor-id=\"1902\" class=\"elementor elementor-1902\" data-elementor-post-type=\"page\">\n\t\t\t\t\t\t<section class=\"elementor-section elementor-top-section elementor-element elementor-element-71ed5892 elementor-section-boxed elementor-section-height-default elementor-section-height-default\" data-id=\"71ed5892\" data-element_type=\"section\">\n\t\t\t\t\t\t\t<div class=\"elementor-background-overlay\"><\/div>\n\t\t\t\t\t\t\t<div class=\"elementor-container elementor-column-gap-default\">\n\t\t\t\t\t<div class=\"elementor-column elementor-col-100 elementor-top-column elementor-element elementor-element-278d534\" data-id=\"278d534\" data-element_type=\"column\">\n\t\t\t<div class=\"elementor-widget-wrap elementor-element-populated\">\n\t\t\t\t\t\t<div class=\"elementor-element elementor-element-ab9364d elementor-widget elementor-widget-heading\" data-id=\"ab9364d\" data-element_type=\"widget\" data-widget_type=\"heading.default\">\n\t\t\t\t<div class=\"elementor-widget-container\">\n\t\t\t\t\t<h1 class=\"elementor-heading-title elementor-size-default\">PROGRAMA<\/h1>\t\t\t\t<\/div>\n\t\t\t\t<\/div>\n\t\t\t\t\t<\/div>\n\t\t<\/div>\n\t\t\t\t\t<\/div>\n\t\t<\/section>\n\t\t<div class=\"elementor-element elementor-element-1b8db81 e-flex e-con-boxed e-con e-parent\" data-id=\"1b8db81\" data-element_type=\"container\">\n\t\t\t\t\t<div class=\"e-con-inner\">\n\t\t<div class=\"elementor-element elementor-element-66b54b2 elementor-hidden-desktop elementor-hidden-tablet elementor-hidden-mobile e-flex e-con-boxed e-con e-child\" data-id=\"66b54b2\" data-element_type=\"container\">\n\t\t\t\t\t<div class=\"e-con-inner\">\n\t\t<div class=\"elementor-element elementor-element-63f1e3d e-con-full e-flex e-con e-child\" data-id=\"63f1e3d\" data-element_type=\"container\">\n\t\t\t\t<div class=\"elementor-element elementor-element-1867b04 elementor-view-default elementor-widget elementor-widget-icon\" data-id=\"1867b04\" data-element_type=\"widget\" data-widget_type=\"icon.default\">\n\t\t\t\t<div class=\"elementor-widget-container\">\n\t\t\t\t\t\t\t<div class=\"elementor-icon-wrapper\">\n\t\t\t<div class=\"elementor-icon\">\n\t\t\t<i aria-hidden=\"true\" class=\"fas fa-exclamation-triangle\"><\/i>\t\t\t<\/div>\n\t\t<\/div>\n\t\t\t\t\t\t<\/div>\n\t\t\t\t<\/div>\n\t\t\t\t<\/div>\n\t\t<div class=\"elementor-element elementor-element-7dd340a e-flex e-con-boxed e-con e-child\" data-id=\"7dd340a\" data-element_type=\"container\">\n\t\t\t\t\t<div class=\"e-con-inner\">\n\t\t\t\t<div class=\"elementor-element elementor-element-285966c elementor-widget elementor-widget-heading\" data-id=\"285966c\" data-element_type=\"widget\" data-widget_type=\"heading.default\">\n\t\t\t\t<div class=\"elementor-widget-container\">\n\t\t\t\t\t<h2 class=\"elementor-heading-title elementor-size-default\">En construcci\u00f3n...<\/h2>\t\t\t\t<\/div>\n\t\t\t\t<\/div>\n\t\t\t\t\t<\/div>\n\t\t\t\t<\/div>\n\t\t\t\t\t<\/div>\n\t\t\t\t<\/div>\n\t\t\t\t<div class=\"elementor-element elementor-element-76f82ac elementor-widget elementor-widget-heading\" data-id=\"76f82ac\" data-element_type=\"widget\" data-widget_type=\"heading.default\">\n\t\t\t\t<div class=\"elementor-widget-container\">\n\t\t\t\t\t<h2 class=\"elementor-heading-title elementor-size-default\">Charlas presenciales | Sal\u00f3n de Actos 2do. piso<\/h2>\t\t\t\t<\/div>\n\t\t\t\t<\/div>\n\t\t\t\t<div class=\"elementor-element elementor-element-f64e505 elementor-widget elementor-widget-heading\" data-id=\"f64e505\" data-element_type=\"widget\" data-widget_type=\"heading.default\">\n\t\t\t\t<div class=\"elementor-widget-container\">\n\t\t\t\t\t<h4 class=\"elementor-heading-title elementor-size-default\">Pr\u00f3ximamente podr\u00e1s consultar las charlas virtuales<\/h4>\t\t\t\t<\/div>\n\t\t\t\t<\/div>\n\t\t\t\t<div class=\"elementor-element elementor-element-d226d2d elementor-widget-divider--view-line elementor-widget elementor-widget-divider\" data-id=\"d226d2d\" data-element_type=\"widget\" data-widget_type=\"divider.default\">\n\t\t\t\t<div class=\"elementor-widget-container\">\n\t\t\t\t\t\t\t<div class=\"elementor-divider\">\n\t\t\t<span class=\"elementor-divider-separator\">\n\t\t\t\t\t\t<\/span>\n\t\t<\/div>\n\t\t\t\t\t\t<\/div>\n\t\t\t\t<\/div>\n\t\t\t\t<div class=\"elementor-element elementor-element-f7c4220 elementor-widget elementor-widget-text-editor\" data-id=\"f7c4220\" data-element_type=\"widget\" data-widget_type=\"text-editor.default\">\n\t\t\t\t<div class=\"elementor-widget-container\">\n\t\t\t\t\t\t\t\t\t<h2><strong>Lunes 11\/09<\/strong><\/h2><h3><strong> 19:00hs.<\/strong><\/h3><p><strong><u>Tema:<\/u><\/strong><strong> \u00a8<em>Perspectivas de los organismos de control en la Argentina.\u00a8<\/em><\/strong><\/p><p><strong>Disertante:<\/strong><\/p><p><strong>Jos\u00e9 Luis Giusti<\/strong> (Ministro de Desarrollo Econ\u00f3mico y Producci\u00f3n \u2013 Gobierno Ciudad Aut\u00f3noma de Buenos Aires)<\/p><p><strong>Mariela Coletta <\/strong>(Auditora General Ciudad Aut\u00f3noma Buenos Aires)<\/p>\t\t\t\t\t\t\t\t<\/div>\n\t\t\t\t<\/div>\n\t\t\t\t<div class=\"elementor-element elementor-element-f4f99d7 elementor-widget-divider--view-line elementor-widget elementor-widget-divider\" data-id=\"f4f99d7\" data-element_type=\"widget\" data-widget_type=\"divider.default\">\n\t\t\t\t<div class=\"elementor-widget-container\">\n\t\t\t\t\t\t\t<div class=\"elementor-divider\">\n\t\t\t<span class=\"elementor-divider-separator\">\n\t\t\t\t\t\t<\/span>\n\t\t<\/div>\n\t\t\t\t\t\t<\/div>\n\t\t\t\t<\/div>\n\t\t\t\t<div class=\"elementor-element elementor-element-7bfbbd7 elementor-widget elementor-widget-text-editor\" data-id=\"7bfbbd7\" data-element_type=\"widget\" data-widget_type=\"text-editor.default\">\n\t\t\t\t<div class=\"elementor-widget-container\">\n\t\t\t\t\t\t\t\t\t<h2><strong>Martes 12\/09<\/strong><\/h2><h3><strong> 17:00hs.<\/strong><\/h3><p><strong><u>Mesa de Economistas Acad\u00e9micos<\/u><\/strong><\/p><p><strong><u>Tema:<\/u><\/strong><strong> \u201c<em>Los desaf\u00edos de la Econom\u00eda Argentina: Superar la crisis y recuperar el crecimiento.\u00a8<\/em><\/strong><\/p><p><strong>Disertantes:<\/strong><\/p><ul><li><strong>Jos\u00e9 Mar\u00eda Fanelli <\/strong>(UdeSA)<\/li><li><strong>Pablo Gerchunoff <\/strong>(UTDT)<\/li><li><strong>Eduardo Levy Yeyati <\/strong>(UTDT)<\/li><li><strong>Roxana Maurizio <\/strong>(IIEP UBA &#8211; CONICET)<\/li><\/ul><p><strong>Coordinador: Ezequiel Burgo <\/strong>(Editor Jefe de Econom\u00eda Clar\u00edn)<\/p><p><strong>\u00a0<\/strong><\/p><h3><strong> 19:00hs. <\/strong><\/h3><p><strong><u>Mesa de Empresarios<\/u><\/strong><\/p><p><strong><u>Tema:<\/u><\/strong><strong> <em>\u00a8Gesti\u00f3n Empresaria en la Argentina de hoy.\u00a8<\/em><\/strong><\/p><p><strong>Disertantes: <\/strong><\/p><ul><li><strong>Yamila Ariadna Zakhem<\/strong> (Directora de Innovaci\u00f3n y Transformaci\u00f3n Digital Microsoft)<\/li><li><strong>Andrea Grobocopatel <\/strong>(Presidenta y Fundadora de Fundaci\u00f3n FLOR)<\/li><li><strong>Carolina Castro <\/strong>(Presidenta Industrias Guidi)<\/li><\/ul><p><strong>Coordinador: Omar Quiroga <\/strong>(FCE UBA)<\/p>\t\t\t\t\t\t\t\t<\/div>\n\t\t\t\t<\/div>\n\t\t\t\t<div class=\"elementor-element elementor-element-9d7fd51 elementor-widget-divider--view-line elementor-widget elementor-widget-divider\" data-id=\"9d7fd51\" data-element_type=\"widget\" data-widget_type=\"divider.default\">\n\t\t\t\t<div class=\"elementor-widget-container\">\n\t\t\t\t\t\t\t<div class=\"elementor-divider\">\n\t\t\t<span class=\"elementor-divider-separator\">\n\t\t\t\t\t\t<\/span>\n\t\t<\/div>\n\t\t\t\t\t\t<\/div>\n\t\t\t\t<\/div>\n\t\t\t\t<div class=\"elementor-element elementor-element-c8e0e08 elementor-widget elementor-widget-text-editor\" data-id=\"c8e0e08\" data-element_type=\"widget\" data-widget_type=\"text-editor.default\">\n\t\t\t\t<div class=\"elementor-widget-container\">\n\t\t\t\t\t\t\t\t\t<h2><strong>Mi\u00e9rcoles 13\/09<\/strong><\/h2><h3><strong>9:00hs.<\/strong> (Sal\u00f3n de usos M\u00faltiples \u2013 1er. Piso)<strong><br \/><\/strong><\/h3><p><em><strong>\u201cMetodolog\u00eda de elaboraci\u00f3n y gesti\u00f3n presupuestaria en una empresa global\u201d<\/strong><\/em><br \/><strong>Disertante:<\/strong><br \/>\u2022 <strong>Mar\u00eda Laura Zablackas<\/strong> (Vicepresidenta de Finanzas del negocio de PepsiCo Bebidas para Latinoam\u00e9rica)<\/p><h3><strong>9:00hs. (Aula de la Secretar\u00eda de Doctorado y Posdoctorad<\/strong>o)<\/h3><p><em><strong>Jornadas Doctorales y Posdoctorales 2023 \u201cAvances en la Investigaci\u00f3n Doctoral y Posdoctoral\u201d<\/strong><\/em><\/p><p>Mesa \u00e1rea de Administraci\u00f3n y Administraci\u00f3n Publica 9:00 a 11:00 horas<\/p><p>Mesa \u00e1rea de Econom\u00eda y Contabilidad 11:00 a 13:00 horas<\/p><p>Mesa \u00e1rea de posdoctorado 13:00 a 15:00 horas<\/p><h3><strong> 17:00hs.<\/strong><\/h3><p><strong><u>Mesa de Periodistas<\/u><\/strong><\/p><p><strong><u>Tema: <\/u><\/strong><strong><em>\u00a8La mirada de los comunicadores sobre la situaci\u00f3n del pa\u00eds.\u00a8<\/em><\/strong><\/p><p><strong>Disertantes:<\/strong><\/p><ul><li><strong>Francisco Jueguen <\/strong>(Periodista Diario La Naci\u00f3n)<\/li><li><strong>Francisco Olivera <\/strong>(Periodista La Naci\u00f3n+)<\/li><li><strong>Carlos Burgue\u00f1o <\/strong>(Periodista \u00c1mbito Financiero y Am\u00e9rica 24)<\/li><\/ul><p><strong>\u00a0<\/strong><\/p><p><strong>Coordinador: Gustavo Montanini <\/strong>(FCE UBA)<\/p><h3><strong>19:00hs.<\/strong><\/h3><p><strong><u>Mesa de Decanos<\/u><\/strong><\/p><p><strong><u>Tema:<\/u><\/strong><strong> <em>\u00a8El futuro Profesional de nuestros Graduados.\u00a8<\/em><\/strong><\/p><p><strong>Disertantes:<\/strong><\/p><ul><li><strong>Catalina Alberto <\/strong>(Decana Facultad de Ciencias Econ\u00f3micas &#8211; Universidad Nacional de C\u00f3rdoba)<\/li><li><strong>Moira Carri\u00f3 <\/strong>(Decana Facultad de Ciencias Econ\u00f3micas &#8211; Universidad Nacional del Nordeste)<\/li><li><strong>Liliana Dillon <\/strong>(Decana Facultad de Ciencias Econ\u00f3micas &#8211; Universidad Nacional del Litoral)<\/li><li><strong>Marcelo Paz <\/strong>(Decano Escuela de Econom\u00eda y Negocios &#8211; Universidad Nacional de San Mart\u00edn)<\/li><li><strong>Alejandro Mart\u00ednez <\/strong>(Decano Departamento de Ciencias Econ\u00f3micas &#8211; Universidad Nacional de La Matanza)<\/li><li><strong>Esther Castro <\/strong>(Decana Facultad de Ciencias Econ\u00f3micas y Sociales &#8211; Universidad Nacional de Mar del Plata)<\/li><\/ul><p><strong>Coordinador: Ricardo J. M. Pahlen <\/strong>(Decano FCE UBA)<\/p>\t\t\t\t\t\t\t\t<\/div>\n\t\t\t\t<\/div>\n\t\t\t\t<div class=\"elementor-element elementor-element-cdc9259 elementor-widget-divider--view-line elementor-widget elementor-widget-divider\" data-id=\"cdc9259\" data-element_type=\"widget\" data-widget_type=\"divider.default\">\n\t\t\t\t<div class=\"elementor-widget-container\">\n\t\t\t\t\t\t\t<div class=\"elementor-divider\">\n\t\t\t<span class=\"elementor-divider-separator\">\n\t\t\t\t\t\t<\/span>\n\t\t<\/div>\n\t\t\t\t\t\t<\/div>\n\t\t\t\t<\/div>\n\t\t\t\t<div class=\"elementor-element elementor-element-03ef7eb elementor-widget elementor-widget-text-editor\" data-id=\"03ef7eb\" data-element_type=\"widget\" data-widget_type=\"text-editor.default\">\n\t\t\t\t<div class=\"elementor-widget-container\">\n\t\t\t\t\t\t\t\t\t<h2><strong>Jueves 14\/09 <\/strong><\/h2><h3><strong>17:00hs.<\/strong><\/h3><p><strong><u>Mesa de Representantes de los Trabajadores y los Profesionales <\/u><\/strong><\/p><p><strong><u>Tema:<\/u><\/strong><strong> <em>\u00a8Desaf\u00edos de los Trabajadores y los Profesionales en el mercado de trabajo.<\/em>\u00a8<\/strong><\/p><p><strong>Disertantes:<\/strong><\/p><ul><li><strong>Gabriela Russo <\/strong>(Presidenta CPCE CABA)<\/li><li><strong>Gabriela Farizano <\/strong>(Presidenta FAGCE)<\/li><li><strong>Hugo \u201cCachorro\u201d Godoy <\/strong>(Secretario General CTA AUTONOMA)<strong><br \/><\/strong><\/li><li><strong>\u00a0Walter Merkis<\/strong> (Secretario General FATUN y Presidente CONTUA)<\/li><li><strong>Ricardo Gil Lavedra <\/strong>(Presidente CPA CABA)<\/li><\/ul><p><strong>Coordinador: Marcelo Di Stefano <\/strong>(FCE UBA)<\/p><h3><strong>17:00hs. <\/strong>(Sal\u00f3n de usos M\u00faltiples \u2013 1er. Piso)<strong><br \/><\/strong><\/h3><p><strong><em>\u201cIntroducci\u00f3n a los modelos de Inteligencia Artificial explicables para estudiantes de Ciencias Econ\u00f3micas.\u201d<\/em><\/strong><\/p><p><strong>Disertante: <\/strong><\/p><ul><li><strong>Javier Garc\u00eda Fronti (<\/strong>FCE UBA)<\/li><\/ul><p><strong>\u00a0<\/strong><\/p><h3><strong>19:00hs.<\/strong><\/h3><p><strong><u>Mesa de Representantes de Entidades Empresarias<\/u><\/strong><\/p><p><strong><u>Tema:<\/u><\/strong><strong> <em>\u00a8Reflexiones de Dirigentes Empresarios para una Argentina posible.\u00a8<\/em><\/strong><\/p><p><strong>Disertantes:<\/strong><\/p><ul><li><strong>Vicente Lourenzo <\/strong>(Consejero Titular y Director de Asuntos Tributarios de CAME)<\/li><li><strong><u>Irini Wentinck <\/u><\/strong>(Socia y Directora de WTK. Miembro de la Junta Directiva de la UIA y Presidenta de su Comisi\u00f3n de G\u00e9nero Y Diversidad)<\/li><\/ul><ul><li><strong>Roberto Marquinez <\/strong>(Presidente CGE)<\/li><li><strong>Sebasti\u00e1n Mocorrea <\/strong>(Presidente ARGENCON)<\/li><li><strong>Ignacio Carnevale <\/strong>(Responsable de Empresas &#8211; CREA)<\/li><\/ul><p><strong>Coordinador: Eduardo Cassullo <\/strong>(FCE UBA)<\/p>\t\t\t\t\t\t\t\t<\/div>\n\t\t\t\t<\/div>\n\t\t\t\t<div class=\"elementor-element elementor-element-4f5984a elementor-widget-divider--view-line elementor-widget elementor-widget-divider\" data-id=\"4f5984a\" data-element_type=\"widget\" data-widget_type=\"divider.default\">\n\t\t\t\t<div class=\"elementor-widget-container\">\n\t\t\t\t\t\t\t<div class=\"elementor-divider\">\n\t\t\t<span class=\"elementor-divider-separator\">\n\t\t\t\t\t\t<\/span>\n\t\t<\/div>\n\t\t\t\t\t\t<\/div>\n\t\t\t\t<\/div>\n\t\t\t\t<div class=\"elementor-element elementor-element-d6171d8 elementor-widget elementor-widget-image\" data-id=\"d6171d8\" data-element_type=\"widget\" data-widget_type=\"image.default\">\n\t\t\t\t<div class=\"elementor-widget-container\">\n\t\t\t\t\t\t\t\t\t\t\t\t\t\t\t<img fetchpriority=\"high\" decoding=\"async\" width=\"2048\" height=\"768\" src=\"https:\/\/www.economicas.uba.ar\/congresoecon\/wp-content\/uploads\/auspicios-econ23-marcasV3-2048x768.jpg\" class=\"attachment-2048x2048 size-2048x2048 wp-image-1968\" alt=\"\" srcset=\"https:\/\/www.economicas.uba.ar\/congresoecon\/wp-content\/uploads\/auspicios-econ23-marcasV3-2048x768.jpg 2048w, https:\/\/www.economicas.uba.ar\/congresoecon\/wp-content\/uploads\/auspicios-econ23-marcasV3-300x113.jpg 300w, https:\/\/www.economicas.uba.ar\/congresoecon\/wp-content\/uploads\/auspicios-econ23-marcasV3-2024x759.jpg 2024w, https:\/\/www.economicas.uba.ar\/congresoecon\/wp-content\/uploads\/auspicios-econ23-marcasV3-768x288.jpg 768w, https:\/\/www.economicas.uba.ar\/congresoecon\/wp-content\/uploads\/auspicios-econ23-marcasV3-1536x576.jpg 1536w\" sizes=\"(max-width: 2048px) 100vw, 2048px\" \/>\t\t\t\t\t\t\t\t\t\t\t\t\t\t\t<\/div>\n\t\t\t\t<\/div>\n\t\t\t\t<div class=\"elementor-element elementor-element-0646e17 elementor-widget elementor-widget-image\" data-id=\"0646e17\" data-element_type=\"widget\" data-widget_type=\"image.default\">\n\t\t\t\t<div class=\"elementor-widget-container\">\n\t\t\t\t\t\t\t\t\t\t\t\t\t\t\t<img decoding=\"async\" width=\"1600\" height=\"901\" src=\"https:\/\/www.economicas.uba.ar\/congresoecon\/wp-content\/uploads\/auspicios-econ23.jpg\" class=\"attachment-2048x2048 size-2048x2048 wp-image-1934\" alt=\"\" srcset=\"https:\/\/www.economicas.uba.ar\/congresoecon\/wp-content\/uploads\/auspicios-econ23.jpg 1600w, https:\/\/www.economicas.uba.ar\/congresoecon\/wp-content\/uploads\/auspicios-econ23-300x169.jpg 300w, https:\/\/www.economicas.uba.ar\/congresoecon\/wp-content\/uploads\/auspicios-econ23-768x432.jpg 768w, https:\/\/www.economicas.uba.ar\/congresoecon\/wp-content\/uploads\/auspicios-econ23-1536x865.jpg 1536w\" sizes=\"(max-width: 1600px) 100vw, 1600px\" \/>\t\t\t\t\t\t\t\t\t\t\t\t\t\t\t<\/div>\n\t\t\t\t<\/div>\n\t\t\t\t<div class=\"elementor-element elementor-element-201a511 elementor-hidden-desktop elementor-hidden-tablet elementor-hidden-mobile elementor-widget elementor-widget-text-editor\" data-id=\"201a511\" data-element_type=\"widget\" data-widget_type=\"text-editor.default\">\n\t\t\t\t<div class=\"elementor-widget-container\">\n\t\t\t\t\t\t\t\t\t<h2><strong>Lunes 11\/09<\/strong><\/h2><h3><strong> 19:00hs.<\/strong><\/h3><p><strong><u>Tema:<\/u><\/strong><strong> \u00a8<em>Perspectivas de los organismos de control en la Argentina.\u00a8<\/em><\/strong><\/p><p><strong>Disertante:<\/strong><\/p><p><strong>Jos\u00e9 Luis Giusti<\/strong> (Ministro de Desarrollo Econ\u00f3mico y Producci\u00f3n \u2013 Gobierno Ciudad Aut\u00f3noma de Buenos Aires)<\/p><p><strong>Mariela Coletta <\/strong>(Auditora General Ciudad Aut\u00f3noma Buenos Aires)<\/p><p><strong>\u00a0<\/strong><\/p><h2><strong>Martes 12\/09<\/strong><\/h2><h3><strong> 17:00hs.<\/strong><\/h3><p><strong><u>Mesa de Economistas Acad\u00e9micos<\/u><\/strong><\/p><p><strong><u>Tema:<\/u><\/strong><strong> \u201c<em>Los desaf\u00edos de la Econom\u00eda Argentina: Superar la crisis y recuperar el crecimiento.\u00a8<\/em><\/strong><\/p><p><strong>Disertantes:<\/strong><\/p><ul><li><strong>Pablo Gerchunoff <\/strong>(UTDT)<\/li><li><strong>Jos\u00e9 Mar\u00eda Fanelli <\/strong>(UdeSA)<\/li><li><strong>Eduardo Levy Yeyati <\/strong>(UTDT)<\/li><li><strong>Roxana Maurizio <\/strong>(IIEP UBA &#8211; CONICET)<\/li><\/ul><p><strong>Coordinador: Ezequiel Burgo <\/strong>(Editor Jefe de Econom\u00eda Clar\u00edn)<\/p><p><strong>\u00a0<\/strong><\/p><h3><strong> 19:00hs. <\/strong><\/h3><p><strong><u>Mesa de Empresarios<\/u><\/strong><\/p><p><strong><u>Tema:<\/u><\/strong><strong> <em>\u00a8Gesti\u00f3n Empresaria en la Argentina de hoy.\u00a8<\/em><\/strong><\/p><p><strong>Disertantes: <\/strong><\/p><ul><li><strong>Yamila Ariadna Zakhem<\/strong> (Directora de Innovaci\u00f3n y Transformaci\u00f3n Digital Microsoft)<\/li><li><strong>Andrea Grobocopatel <\/strong>(Presidenta y Fundadora de Fundaci\u00f3n FLOR)<\/li><li><strong>Carolina Castro <\/strong>(Presidenta Industrias Guidi)<\/li><\/ul><p><strong>Coordinador: Omar Quiroga <\/strong>(FCE UBA)<\/p><p><strong>\u00a0<\/strong><\/p><h2><strong>Mi\u00e9rcoles 13\/09<\/strong><\/h2><h3><strong> 17:00hs.<\/strong><\/h3><p><strong><u>Mesa de Periodistas<\/u><\/strong><\/p><p><strong><u>Tema: <\/u><\/strong><strong><em>\u00a8La mirada de los comunicadores sobre la situaci\u00f3n del pa\u00eds.\u00a8<\/em><\/strong><\/p><p><strong>Disertantes:<\/strong><\/p><ul><li><strong>Francisco Jueguen <\/strong>(Periodista Diario La Naci\u00f3n)<\/li><li><strong>Maximiliano Montenegro <\/strong>(Periodista Am\u00e9rica 24)<\/li><li><strong>Francisco Olivera <\/strong>(Periodista Diario La Naci\u00f3n)<\/li><\/ul><p><strong>\u00a0<\/strong><\/p><p><strong>Coordinador: Gustavo Montanini <\/strong>(FCE UBA)<\/p><h3><strong>19:00hs.<\/strong><\/h3><p><strong><u>Mesa de Decanos<\/u><\/strong><\/p><p><strong><u>Tema:<\/u><\/strong><strong> <em>\u00a8El futuro Profesional de nuestros Graduados.\u00a8<\/em><\/strong><\/p><p><strong>Disertantes:<\/strong><\/p><ul><li><strong>Catalina Alberto <\/strong>(Decana Facultad de Ciencias Econ\u00f3micas &#8211; Universidad Nacional de C\u00f3rdoba)<\/li><li><strong>Moira Carri\u00f3 <\/strong>(Decana Facultad de Ciencias Econ\u00f3micas &#8211; Universidad Nacional del Nordeste)<\/li><li><strong>Liliana Dillon <\/strong>(Decana Facultad de Ciencias Econ\u00f3micas &#8211; Universidad Nacional del Litoral)<\/li><li><strong>Marcelo Paz <\/strong>(Decano Escuela de Econom\u00eda y Negocios &#8211; Universidad Nacional de San Mart\u00edn)<\/li><li><strong>Alejandro Mart\u00ednez <\/strong>(Decano Departamento de Ciencias Econ\u00f3micas &#8211; Universidad Nacional de La Matanza)<\/li><li><strong>Esther Castro <\/strong>(Decana Facultad de Ciencias Econ\u00f3micas y Sociales &#8211; Universidad Nacional de Mar del Plata)<\/li><\/ul><p><strong>Coordinador: Ricardo J. M. Pahlen <\/strong>(Decano FCE UBA)<\/p><h2><strong>Jueves 14\/09 <\/strong><\/h2><h3><strong>17:00hs.<\/strong><\/h3><p><strong><u>Mesa de Representantes de los Trabajadores y los Profesionales <\/u><\/strong><\/p><p><strong><u>Tema:<\/u><\/strong><strong> <em>\u00a8Desaf\u00edos de los Trabajadores y los Profesionales en el mercado de trabajo.<\/em>\u00a8<\/strong><\/p><p><strong>Disertantes:<\/strong><\/p><ul><li><strong>Gabriela Russo <\/strong>(Presidenta CPCE CABA)<\/li><li><strong>Gabriela Farizano <\/strong>(Presidenta FAGCE)<\/li><li><strong>Hugo \u201cCachorro\u201d Godoy <\/strong>(Secretario General CTA AUTONOMA)<\/li><li><strong>Luciano Cagnacci <\/strong>(Secretario General APUBA)<\/li><li><strong>Ricardo Gil Lavedra <\/strong>(Presidente CPA CABA)<\/li><\/ul><p><strong>Coordinador: Marcelo Di Stefano <\/strong>(FCE UBA)<\/p><p><strong>\u00a0<\/strong><\/p><h3><strong>19:00hs.<\/strong><\/h3><p><strong><u>Mesa de Representantes de Entidades Empresarias<\/u><\/strong><\/p><p><strong><u>Tema:<\/u><\/strong><strong> <em>\u00a8Reflexiones de Dirigentes Empresarios para una Argentina posible.\u00a8<\/em><\/strong><\/p><p><strong>Disertantes:<\/strong><\/p><ul><li><strong>Vicente Lourenzo <\/strong>(Secretario de Prensa y Asesor Tributario CAME)<\/li><li><strong><u>Irini Wentinck <\/u><\/strong>(Socia y Directora de WTK<\/li><\/ul><p>Miembro de la Junta Directiva de la UIA y Presidenta de su Comisi\u00f3n de G\u00e9nero Y Diversidad)<\/p><ul><li><strong>Roberto Marquinez <\/strong>(Presidente CGE)<\/li><li><strong>Sebasti\u00e1n Mocorrea <\/strong>(Presidente ARGENCON)<\/li><\/ul><p><strong>Coordinador: Eduardo Casullo <\/strong>(FCE UBA)<\/p>\t\t\t\t\t\t\t\t<\/div>\n\t\t\t\t<\/div>\n\t\t\t\t\t<\/div>\n\t\t\t\t<\/div>\n\t\t\t\t<\/div>\n\t\t","protected":false},"excerpt":{"rendered":"<p>PROGRAMA En construcci\u00f3n&#8230; Charlas presenciales | Sal\u00f3n de Actos 2do. piso Pr\u00f3ximamente podr\u00e1s consultar las charlas virtuales Lunes 11\/09 19:00hs. Tema: \u00a8Perspectivas de los organismos de control en la Argentina.\u00a8<\/p>\n","protected":false},"author":2,"featured_media":2065,"parent":41,"menu_order":0,"comment_status":"closed","ping_status":"closed","template":"elementor_header_footer","meta":{"footnotes":""},"class_list":["post-1902","page","type-page","status-publish","has-post-thumbnail","hentry"],"yoast_head":"<!-- This site is optimized with the Yoast SEO plugin v26.1.1 - https:\/\/yoast.com\/wordpress\/plugins\/seo\/ -->\n<title>PROGRAMA 2023 - ECON 2025<\/title>\n<meta name=\"robots\" content=\"index, follow, max-snippet:-1, max-image-preview:large, max-video-preview:-1\" \/>\n<link rel=\"canonical\" href=\"https:\/\/www.economicas.uba.ar\/congresoecon\/econ2023\/programa-2023\/\" \/>\n<meta property=\"og:locale\" content=\"es_ES\" \/>\n<meta property=\"og:type\" content=\"article\" \/>\n<meta property=\"og:title\" content=\"PROGRAMA 2023 - ECON 2025\" \/>\n<meta property=\"og:description\" content=\"PROGRAMA En construcci\u00f3n&#8230; Charlas presenciales | Sal\u00f3n de Actos 2do. piso Pr\u00f3ximamente podr\u00e1s consultar las charlas virtuales Lunes 11\/09 19:00hs. Tema: \u00a8Perspectivas de los organismos de control en la Argentina.\u00a8\" \/>\n<meta property=\"og:url\" content=\"https:\/\/www.economicas.uba.ar\/congresoecon\/econ2023\/programa-2023\/\" \/>\n<meta property=\"og:site_name\" content=\"ECON 2025\" \/>\n<meta property=\"article:modified_time\" content=\"2023-09-07T19:23:43+00:00\" \/>\n<meta property=\"og:image\" content=\"https:\/\/www.economicas.uba.ar\/congresoecon\/wp-content\/uploads\/econ2023logo.png\" \/>\n\t<meta property=\"og:image:width\" content=\"1000\" \/>\n\t<meta property=\"og:image:height\" content=\"1000\" \/>\n\t<meta property=\"og:image:type\" content=\"image\/png\" \/>\n<meta name=\"twitter:card\" content=\"summary_large_image\" \/>\n<meta name=\"twitter:label1\" content=\"Tiempo de lectura\" \/>\n\t<meta name=\"twitter:data1\" content=\"5 minutos\" \/>\n<script type=\"application\/ld+json\" class=\"yoast-schema-graph\">{\"@context\":\"https:\/\/schema.org\",\"@graph\":[{\"@type\":\"WebPage\",\"@id\":\"https:\/\/www.economicas.uba.ar\/congresoecon\/econ2023\/programa-2023\/\",\"url\":\"https:\/\/www.economicas.uba.ar\/congresoecon\/econ2023\/programa-2023\/\",\"name\":\"PROGRAMA 2023 - ECON 2025\",\"isPartOf\":{\"@id\":\"https:\/\/www.economicas.uba.ar\/congresoecon\/#website\"},\"primaryImageOfPage\":{\"@id\":\"https:\/\/www.economicas.uba.ar\/congresoecon\/econ2023\/programa-2023\/#primaryimage\"},\"image\":{\"@id\":\"https:\/\/www.economicas.uba.ar\/congresoecon\/econ2023\/programa-2023\/#primaryimage\"},\"thumbnailUrl\":\"https:\/\/www.economicas.uba.ar\/congresoecon\/wp-content\/uploads\/econ2023logo.png\",\"datePublished\":\"2023-08-15T14:16:38+00:00\",\"dateModified\":\"2023-09-07T19:23:43+00:00\",\"breadcrumb\":{\"@id\":\"https:\/\/www.economicas.uba.ar\/congresoecon\/econ2023\/programa-2023\/#breadcrumb\"},\"inLanguage\":\"es-AR\",\"potentialAction\":[{\"@type\":\"ReadAction\",\"target\":[\"https:\/\/www.economicas.uba.ar\/congresoecon\/econ2023\/programa-2023\/\"]}]},{\"@type\":\"ImageObject\",\"inLanguage\":\"es-AR\",\"@id\":\"https:\/\/www.economicas.uba.ar\/congresoecon\/econ2023\/programa-2023\/#primaryimage\",\"url\":\"https:\/\/www.economicas.uba.ar\/congresoecon\/wp-content\/uploads\/econ2023logo.png\",\"contentUrl\":\"https:\/\/www.economicas.uba.ar\/congresoecon\/wp-content\/uploads\/econ2023logo.png\",\"width\":1000,\"height\":1000},{\"@type\":\"BreadcrumbList\",\"@id\":\"https:\/\/www.economicas.uba.ar\/congresoecon\/econ2023\/programa-2023\/#breadcrumb\",\"itemListElement\":[{\"@type\":\"ListItem\",\"position\":1,\"name\":\"Inicio\",\"item\":\"https:\/\/www.economicas.uba.ar\/congresoecon\/\"},{\"@type\":\"ListItem\",\"position\":2,\"name\":\"ECON2023\",\"item\":\"https:\/\/www.economicas.uba.ar\/congresoecon\/econ2023\/\"},{\"@type\":\"ListItem\",\"position\":3,\"name\":\"PROGRAMA 2023\"}]},{\"@type\":\"WebSite\",\"@id\":\"https:\/\/www.economicas.uba.ar\/congresoecon\/#website\",\"url\":\"https:\/\/www.economicas.uba.ar\/congresoecon\/\",\"name\":\"ECON 2025\",\"description\":\"\",\"publisher\":{\"@id\":\"https:\/\/www.economicas.uba.ar\/congresoecon\/#organization\"},\"potentialAction\":[{\"@type\":\"SearchAction\",\"target\":{\"@type\":\"EntryPoint\",\"urlTemplate\":\"https:\/\/www.economicas.uba.ar\/congresoecon\/?s={search_term_string}\"},\"query-input\":{\"@type\":\"PropertyValueSpecification\",\"valueRequired\":true,\"valueName\":\"search_term_string\"}}],\"inLanguage\":\"es-AR\"},{\"@type\":\"Organization\",\"@id\":\"https:\/\/www.economicas.uba.ar\/congresoecon\/#organization\",\"name\":\"ECON 2021\",\"url\":\"https:\/\/www.economicas.uba.ar\/congresoecon\/\",\"logo\":{\"@type\":\"ImageObject\",\"inLanguage\":\"es-AR\",\"@id\":\"https:\/\/www.economicas.uba.ar\/congresoecon\/#\/schema\/logo\/image\/\",\"url\":\"https:\/\/www.economicas.uba.ar\/congresoecon\/wp-content\/uploads\/cropped-Mesa-de-trabajo-2@2x-100-1-1.jpg\",\"contentUrl\":\"https:\/\/www.economicas.uba.ar\/congresoecon\/wp-content\/uploads\/cropped-Mesa-de-trabajo-2@2x-100-1-1.jpg\",\"width\":2001,\"height\":1521,\"caption\":\"ECON 2021\"},\"image\":{\"@id\":\"https:\/\/www.economicas.uba.ar\/congresoecon\/#\/schema\/logo\/image\/\"},\"sameAs\":[\"https:\/\/www.youtube.com\/channel\/UCOPub_RS50NaJXWt2lcOGMQ\"]}]}<\/script>\n<!-- \/ Yoast SEO plugin. -->","yoast_head_json":{"title":"PROGRAMA 2023 - ECON 2025","robots":{"index":"index","follow":"follow","max-snippet":"max-snippet:-1","max-image-preview":"max-image-preview:large","max-video-preview":"max-video-preview:-1"},"canonical":"https:\/\/www.economicas.uba.ar\/congresoecon\/econ2023\/programa-2023\/","og_locale":"es_ES","og_type":"article","og_title":"PROGRAMA 2023 - ECON 2025","og_description":"PROGRAMA En construcci\u00f3n&#8230; Charlas presenciales | Sal\u00f3n de Actos 2do. piso Pr\u00f3ximamente podr\u00e1s consultar las charlas virtuales Lunes 11\/09 19:00hs. Tema: \u00a8Perspectivas de los organismos de control en la Argentina.\u00a8","og_url":"https:\/\/www.economicas.uba.ar\/congresoecon\/econ2023\/programa-2023\/","og_site_name":"ECON 2025","article_modified_time":"2023-09-07T19:23:43+00:00","og_image":[{"width":1000,"height":1000,"url":"https:\/\/www.economicas.uba.ar\/congresoecon\/wp-content\/uploads\/econ2023logo.png","type":"image\/png"}],"twitter_card":"summary_large_image","twitter_misc":{"Tiempo de lectura":"5 minutos"},"schema":{"@context":"https:\/\/schema.org","@graph":[{"@type":"WebPage","@id":"https:\/\/www.economicas.uba.ar\/congresoecon\/econ2023\/programa-2023\/","url":"https:\/\/www.economicas.uba.ar\/congresoecon\/econ2023\/programa-2023\/","name":"PROGRAMA 2023 - ECON 2025","isPartOf":{"@id":"https:\/\/www.economicas.uba.ar\/congresoecon\/#website"},"primaryImageOfPage":{"@id":"https:\/\/www.economicas.uba.ar\/congresoecon\/econ2023\/programa-2023\/#primaryimage"},"image":{"@id":"https:\/\/www.economicas.uba.ar\/congresoecon\/econ2023\/programa-2023\/#primaryimage"},"thumbnailUrl":"https:\/\/www.economicas.uba.ar\/congresoecon\/wp-content\/uploads\/econ2023logo.png","datePublished":"2023-08-15T14:16:38+00:00","dateModified":"2023-09-07T19:23:43+00:00","breadcrumb":{"@id":"https:\/\/www.economicas.uba.ar\/congresoecon\/econ2023\/programa-2023\/#breadcrumb"},"inLanguage":"es-AR","potentialAction":[{"@type":"ReadAction","target":["https:\/\/www.economicas.uba.ar\/congresoecon\/econ2023\/programa-2023\/"]}]},{"@type":"ImageObject","inLanguage":"es-AR","@id":"https:\/\/www.economicas.uba.ar\/congresoecon\/econ2023\/programa-2023\/#primaryimage","url":"https:\/\/www.economicas.uba.ar\/congresoecon\/wp-content\/uploads\/econ2023logo.png","contentUrl":"https:\/\/www.economicas.uba.ar\/congresoecon\/wp-content\/uploads\/econ2023logo.png","width":1000,"height":1000},{"@type":"BreadcrumbList","@id":"https:\/\/www.economicas.uba.ar\/congresoecon\/econ2023\/programa-2023\/#breadcrumb","itemListElement":[{"@type":"ListItem","position":1,"name":"Inicio","item":"https:\/\/www.economicas.uba.ar\/congresoecon\/"},{"@type":"ListItem","position":2,"name":"ECON2023","item":"https:\/\/www.economicas.uba.ar\/congresoecon\/econ2023\/"},{"@type":"ListItem","position":3,"name":"PROGRAMA 2023"}]},{"@type":"WebSite","@id":"https:\/\/www.economicas.uba.ar\/congresoecon\/#website","url":"https:\/\/www.economicas.uba.ar\/congresoecon\/","name":"ECON 2025","description":"","publisher":{"@id":"https:\/\/www.economicas.uba.ar\/congresoecon\/#organization"},"potentialAction":[{"@type":"SearchAction","target":{"@type":"EntryPoint","urlTemplate":"https:\/\/www.economicas.uba.ar\/congresoecon\/?s={search_term_string}"},"query-input":{"@type":"PropertyValueSpecification","valueRequired":true,"valueName":"search_term_string"}}],"inLanguage":"es-AR"},{"@type":"Organization","@id":"https:\/\/www.economicas.uba.ar\/congresoecon\/#organization","name":"ECON 2021","url":"https:\/\/www.economicas.uba.ar\/congresoecon\/","logo":{"@type":"ImageObject","inLanguage":"es-AR","@id":"https:\/\/www.economicas.uba.ar\/congresoecon\/#\/schema\/logo\/image\/","url":"https:\/\/www.economicas.uba.ar\/congresoecon\/wp-content\/uploads\/cropped-Mesa-de-trabajo-2@2x-100-1-1.jpg","contentUrl":"https:\/\/www.economicas.uba.ar\/congresoecon\/wp-content\/uploads\/cropped-Mesa-de-trabajo-2@2x-100-1-1.jpg","width":2001,"height":1521,"caption":"ECON 2021"},"image":{"@id":"https:\/\/www.economicas.uba.ar\/congresoecon\/#\/schema\/logo\/image\/"},"sameAs":["https:\/\/www.youtube.com\/channel\/UCOPub_RS50NaJXWt2lcOGMQ"]}]}},"_links":{"self":[{"href":"https:\/\/www.economicas.uba.ar\/congresoecon\/wp-json\/wp\/v2\/pages\/1902","targetHints":{"allow":["GET"]}}],"collection":[{"href":"https:\/\/www.economicas.uba.ar\/congresoecon\/wp-json\/wp\/v2\/pages"}],"about":[{"href":"https:\/\/www.economicas.uba.ar\/congresoecon\/wp-json\/wp\/v2\/types\/page"}],"author":[{"embeddable":true,"href":"https:\/\/www.economicas.uba.ar\/congresoecon\/wp-json\/wp\/v2\/users\/2"}],"replies":[{"embeddable":true,"href":"https:\/\/www.economicas.uba.ar\/congresoecon\/wp-json\/wp\/v2\/comments?post=1902"}],"version-history":[{"count":97,"href":"https:\/\/www.economicas.uba.ar\/congresoecon\/wp-json\/wp\/v2\/pages\/1902\/revisions"}],"predecessor-version":[{"id":2166,"href":"https:\/\/www.economicas.uba.ar\/congresoecon\/wp-json\/wp\/v2\/pages\/1902\/revisions\/2166"}],"up":[{"embeddable":true,"href":"https:\/\/www.economicas.uba.ar\/congresoecon\/wp-json\/wp\/v2\/pages\/41"}],"wp:featuredmedia":[{"embeddable":true,"href":"https:\/\/www.economicas.uba.ar\/congresoecon\/wp-json\/wp\/v2\/media\/2065"}],"wp:attachment":[{"href":"https:\/\/www.economicas.uba.ar\/congresoecon\/wp-json\/wp\/v2\/media?parent=1902"}],"curies":[{"name":"wp","href":"https:\/\/api.w.org\/{rel}","templated":true}]}}