{"id":2788,"date":"2025-10-08T11:14:35","date_gmt":"2025-10-08T14:14:35","guid":{"rendered":"https:\/\/www.economicas.uba.ar\/congresoecon\/?page_id=2788"},"modified":"2025-10-20T15:51:30","modified_gmt":"2025-10-20T18:51:30","slug":"econ2025","status":"publish","type":"page","link":"https:\/\/www.economicas.uba.ar\/congresoecon\/","title":{"rendered":"ECON2025"},"content":{"rendered":"\t\t<div data-elementor-type=\"wp-page\" data-elementor-id=\"2788\" class=\"elementor elementor-2788\" data-elementor-post-type=\"page\">\n\t\t\t\t<div class=\"elementor-element elementor-element-e262db7 e-con-full e-flex e-con e-parent\" data-id=\"e262db7\" data-element_type=\"container\">\n\t\t\t\t<div class=\"elementor-element elementor-element-a08f3bb elementor-widget elementor-widget-video\" data-id=\"a08f3bb\" data-element_type=\"widget\" data-settings=\"{&quot;video_type&quot;:&quot;hosted&quot;,&quot;autoplay&quot;:&quot;yes&quot;,&quot;play_on_mobile&quot;:&quot;yes&quot;,&quot;mute&quot;:&quot;yes&quot;,&quot;loop&quot;:&quot;yes&quot;,&quot;controls&quot;:&quot;yes&quot;}\" data-widget_type=\"video.default\">\n\t\t\t\t<div class=\"elementor-widget-container\">\n\t\t\t\t\t\t\t<div class=\"e-hosted-video elementor-wrapper elementor-open-inline\">\n\t\t\t\t\t<video class=\"elementor-video\" src=\"https:\/\/www.economicas.uba.ar\/congresoecon\/wp-content\/uploads\/intro2025.mp4\" autoplay=\"\" loop=\"\" controls=\"\" muted=\"muted\" playsinline=\"\" controlsList=\"nodownload\"><\/video>\n\t\t\t\t<\/div>\n\t\t\t\t\t\t<\/div>\n\t\t\t\t<\/div>\n\t\t\t\t<\/div>\n\t\t<div class=\"elementor-element elementor-element-40873d4 e-flex e-con-boxed e-con e-parent\" data-id=\"40873d4\" data-element_type=\"container\">\n\t\t\t\t\t<div class=\"e-con-inner\">\n\t\t<div class=\"elementor-element elementor-element-2a88321 e-con-full e-flex e-con e-child\" data-id=\"2a88321\" data-element_type=\"container\" data-settings=\"{&quot;background_background&quot;:&quot;classic&quot;}\">\n\t\t\t\t<div class=\"elementor-element elementor-element-51bcb27 elementor-widget elementor-widget-text-editor\" data-id=\"51bcb27\" data-element_type=\"widget\" data-widget_type=\"text-editor.default\">\n\t\t\t\t<div class=\"elementor-widget-container\">\n\t\t\t\t\t\t\t\t\t<h2 style=\"text-align: center;\">BIENVENIDOS A LA ECON 2025<\/h2>\t\t\t\t\t\t\t\t<\/div>\n\t\t\t\t<\/div>\n\t\t\t\t<div class=\"elementor-element elementor-element-97d003d elementor-widget elementor-widget-text-editor\" data-id=\"97d003d\" data-element_type=\"widget\" data-widget_type=\"text-editor.default\">\n\t\t\t\t<div class=\"elementor-widget-container\">\n\t\t\t\t\t\t\t\t\t<p>La Facultad de Ciencias Econ\u00f3micas de la Universidad de Buenos Aires organiza el XIXCongreso Internacional de Econom\u00eda y Gesti\u00f3n \u201cEcon 2025\u201d, un evento de 3 jornadas de duraci\u00f3n, que contar\u00e1 con diferentes secciones, debates y conferencias.<\/p><p>Esta propuesta integral tiene como misi\u00f3n constituir un foro para el tratamiento de la realidad econ\u00f3mica actual y su proyecci\u00f3n hacia el futuro, difundiendo las actividades acad\u00e9micas de todos sus niveles.<\/p><p>Esta nueva edici\u00f3n del Congreso se realizar\u00e1 mediante conferencias presenciales y virtuales.<\/p>\t\t\t\t\t\t\t\t<\/div>\n\t\t\t\t<\/div>\n\t\t<div class=\"elementor-element elementor-element-0be88b9 e-con-full e-flex e-con e-child\" data-id=\"0be88b9\" data-element_type=\"container\" id=\"organismos\">\n\t\t<div class=\"elementor-element elementor-element-0e1fe72 e-con-full e-flex e-con e-child\" data-id=\"0e1fe72\" data-element_type=\"container\">\n\t\t\t\t<div class=\"elementor-element elementor-element-825d6ad elementor-align-center elementor-widget elementor-widget-button\" data-id=\"825d6ad\" data-element_type=\"widget\" data-widget_type=\"button.default\">\n\t\t\t\t<div class=\"elementor-widget-container\">\n\t\t\t\t\t\t\t\t\t<div class=\"elementor-button-wrapper\">\n\t\t\t\t\t<a class=\"elementor-button elementor-button-link elementor-size-sm\" href=\"https:\/\/mi.econ.uba.ar\/congreso.php\" target=\"_blank\">\n\t\t\t\t\t\t<span class=\"elementor-button-content-wrapper\">\n\t\t\t\t\t\t\t\t\t<span class=\"elementor-button-text\">INSCRIBITE GRATIS<\/span>\n\t\t\t\t\t<\/span>\n\t\t\t\t\t<\/a>\n\t\t\t\t<\/div>\n\t\t\t\t\t\t\t\t<\/div>\n\t\t\t\t<\/div>\n\t\t\t\t<div class=\"elementor-element elementor-element-608258d elementor-widget elementor-widget-image\" data-id=\"608258d\" data-element_type=\"widget\" data-widget_type=\"image.default\">\n\t\t\t\t<div class=\"elementor-widget-container\">\n\t\t\t\t\t\t\t\t\t\t\t\t\t\t\t<img fetchpriority=\"high\" decoding=\"async\" width=\"2027\" height=\"619\" src=\"https:\/\/www.economicas.uba.ar\/congresoecon\/wp-content\/uploads\/auspicios-econ25-marcas-2.jpg\" class=\"attachment-full size-full wp-image-2982\" alt=\"\" srcset=\"https:\/\/www.economicas.uba.ar\/congresoecon\/wp-content\/uploads\/auspicios-econ25-marcas-2.jpg 2027w, https:\/\/www.economicas.uba.ar\/congresoecon\/wp-content\/uploads\/auspicios-econ25-marcas-2-300x92.jpg 300w, https:\/\/www.economicas.uba.ar\/congresoecon\/wp-content\/uploads\/auspicios-econ25-marcas-2-2024x618.jpg 2024w, https:\/\/www.economicas.uba.ar\/congresoecon\/wp-content\/uploads\/auspicios-econ25-marcas-2-768x235.jpg 768w, https:\/\/www.economicas.uba.ar\/congresoecon\/wp-content\/uploads\/auspicios-econ25-marcas-2-1536x469.jpg 1536w\" sizes=\"(max-width: 2027px) 100vw, 2027px\" \/>\t\t\t\t\t\t\t\t\t\t\t\t\t\t\t<\/div>\n\t\t\t\t<\/div>\n\t\t\t\t<div class=\"elementor-element elementor-element-c40b0a9 elementor-widget elementor-widget-image\" data-id=\"c40b0a9\" data-element_type=\"widget\" data-widget_type=\"image.default\">\n\t\t\t\t<div class=\"elementor-widget-container\">\n\t\t\t\t\t\t\t\t\t\t\t\t\t\t\t<img decoding=\"async\" width=\"2025\" height=\"881\" src=\"https:\/\/www.economicas.uba.ar\/congresoecon\/wp-content\/uploads\/auspicios.jpg\" class=\"attachment-2048x2048 size-2048x2048 wp-image-2886\" alt=\"\" srcset=\"https:\/\/www.economicas.uba.ar\/congresoecon\/wp-content\/uploads\/auspicios.jpg 2025w, https:\/\/www.economicas.uba.ar\/congresoecon\/wp-content\/uploads\/auspicios-300x131.jpg 300w, https:\/\/www.economicas.uba.ar\/congresoecon\/wp-content\/uploads\/auspicios-768x334.jpg 768w, https:\/\/www.economicas.uba.ar\/congresoecon\/wp-content\/uploads\/auspicios-1536x668.jpg 1536w\" sizes=\"(max-width: 2025px) 100vw, 2025px\" \/>\t\t\t\t\t\t\t\t\t\t\t\t\t\t\t<\/div>\n\t\t\t\t<\/div>\n\t\t\t\t<\/div>\n\t\t\t\t<\/div>\n\t\t\t\t<\/div>\n\t\t\t\t\t<\/div>\n\t\t\t\t<\/div>\n\t\t\t\t<\/div>\n\t\t","protected":false},"excerpt":{"rendered":"<p>https:\/\/www.economicas.uba.ar\/congresoecon\/wp-content\/uploads\/intro2025.mp4 BIENVENIDOS A LA ECON 2025 La Facultad de Ciencias Econ\u00f3micas de la Universidad de Buenos Aires organiza el XIXCongreso Internacional de Econom\u00eda y Gesti\u00f3n \u201cEcon 2025\u201d, un evento de<\/p>\n","protected":false},"author":2,"featured_media":2271,"parent":0,"menu_order":0,"comment_status":"closed","ping_status":"closed","template":"elementor_header_footer","meta":{"footnotes":""},"class_list":["post-2788","page","type-page","status-publish","has-post-thumbnail","hentry"],"yoast_head":"<!-- This site is optimized with the Yoast SEO plugin v26.1.1 - https:\/\/yoast.com\/wordpress\/plugins\/seo\/ -->\n<title>ECON 2025<\/title>\n<meta name=\"description\" content=\"XVIII Congreso Internacional de Econom\u00eda y Gesti\u00f3n \u201cEcon 2024\u201d. Nuevo formato, los mismos objetivos de siempre\" \/>\n<meta name=\"robots\" content=\"index, follow, max-snippet:-1, max-image-preview:large, max-video-preview:-1\" \/>\n<link rel=\"canonical\" href=\"https:\/\/www.economicas.uba.ar\/congresoecon\/\" \/>\n<meta property=\"og:locale\" content=\"es_ES\" \/>\n<meta property=\"og:type\" content=\"article\" \/>\n<meta property=\"og:title\" content=\"ECON 2025\" \/>\n<meta property=\"og:description\" content=\"XVIII Congreso Internacional de Econom\u00eda y Gesti\u00f3n \u201cEcon 2024\u201d. Nuevo formato, los mismos objetivos de siempre\" \/>\n<meta property=\"og:url\" content=\"https:\/\/www.economicas.uba.ar\/congresoecon\/\" \/>\n<meta property=\"og:site_name\" content=\"ECON 2025\" \/>\n<meta property=\"article:modified_time\" content=\"2025-10-20T18:51:30+00:00\" \/>\n<meta property=\"og:image\" content=\"https:\/\/www.economicas.uba.ar\/congresoecon\/wp-content\/uploads\/cropped-Mesa-de-trabajo-2@2x-100-1-1.jpg\" \/>\n\t<meta property=\"og:image:width\" content=\"2001\" \/>\n\t<meta property=\"og:image:height\" content=\"1521\" \/>\n\t<meta property=\"og:image:type\" content=\"image\/jpeg\" \/>\n<meta name=\"twitter:card\" content=\"summary_large_image\" \/>\n<meta name=\"twitter:label1\" content=\"Tiempo de lectura\" \/>\n\t<meta name=\"twitter:data1\" content=\"1 minuto\" \/>\n<script type=\"application\/ld+json\" class=\"yoast-schema-graph\">{\"@context\":\"https:\/\/schema.org\",\"@graph\":[{\"@type\":\"WebPage\",\"@id\":\"https:\/\/www.economicas.uba.ar\/congresoecon\/\",\"url\":\"https:\/\/www.economicas.uba.ar\/congresoecon\/\",\"name\":\"ECON 2025\",\"isPartOf\":{\"@id\":\"https:\/\/www.economicas.uba.ar\/congresoecon\/#website\"},\"primaryImageOfPage\":{\"@id\":\"https:\/\/www.economicas.uba.ar\/congresoecon\/#primaryimage\"},\"image\":{\"@id\":\"https:\/\/www.economicas.uba.ar\/congresoecon\/#primaryimage\"},\"thumbnailUrl\":\"https:\/\/www.economicas.uba.ar\/congresoecon\/wp-content\/uploads\/cropped-Mesa-de-trabajo-2@2x-100-1-1.jpg\",\"datePublished\":\"2025-10-08T14:14:35+00:00\",\"dateModified\":\"2025-10-20T18:51:30+00:00\",\"description\":\"XVIII Congreso Internacional de Econom\u00eda y Gesti\u00f3n \u201cEcon 2024\u201d. Nuevo formato, los mismos objetivos de siempre\",\"breadcrumb\":{\"@id\":\"https:\/\/www.economicas.uba.ar\/congresoecon\/#breadcrumb\"},\"inLanguage\":\"es-AR\",\"potentialAction\":[{\"@type\":\"ReadAction\",\"target\":[\"https:\/\/www.economicas.uba.ar\/congresoecon\/\"]}]},{\"@type\":\"ImageObject\",\"inLanguage\":\"es-AR\",\"@id\":\"https:\/\/www.economicas.uba.ar\/congresoecon\/#primaryimage\",\"url\":\"https:\/\/www.economicas.uba.ar\/congresoecon\/wp-content\/uploads\/cropped-Mesa-de-trabajo-2@2x-100-1-1.jpg\",\"contentUrl\":\"https:\/\/www.economicas.uba.ar\/congresoecon\/wp-content\/uploads\/cropped-Mesa-de-trabajo-2@2x-100-1-1.jpg\",\"width\":2001,\"height\":1521},{\"@type\":\"BreadcrumbList\",\"@id\":\"https:\/\/www.economicas.uba.ar\/congresoecon\/#breadcrumb\",\"itemListElement\":[{\"@type\":\"ListItem\",\"position\":1,\"name\":\"Inicio\",\"item\":\"https:\/\/www.economicas.uba.ar\/congresoecon\/\"},{\"@type\":\"ListItem\",\"position\":2,\"name\":\"ECON2025\"}]},{\"@type\":\"WebSite\",\"@id\":\"https:\/\/www.economicas.uba.ar\/congresoecon\/#website\",\"url\":\"https:\/\/www.economicas.uba.ar\/congresoecon\/\",\"name\":\"ECON 2025\",\"description\":\"\",\"publisher\":{\"@id\":\"https:\/\/www.economicas.uba.ar\/congresoecon\/#organization\"},\"potentialAction\":[{\"@type\":\"SearchAction\",\"target\":{\"@type\":\"EntryPoint\",\"urlTemplate\":\"https:\/\/www.economicas.uba.ar\/congresoecon\/?s={search_term_string}\"},\"query-input\":{\"@type\":\"PropertyValueSpecification\",\"valueRequired\":true,\"valueName\":\"search_term_string\"}}],\"inLanguage\":\"es-AR\"},{\"@type\":\"Organization\",\"@id\":\"https:\/\/www.economicas.uba.ar\/congresoecon\/#organization\",\"name\":\"ECON 2021\",\"url\":\"https:\/\/www.economicas.uba.ar\/congresoecon\/\",\"logo\":{\"@type\":\"ImageObject\",\"inLanguage\":\"es-AR\",\"@id\":\"https:\/\/www.economicas.uba.ar\/congresoecon\/#\/schema\/logo\/image\/\",\"url\":\"https:\/\/www.economicas.uba.ar\/congresoecon\/wp-content\/uploads\/cropped-Mesa-de-trabajo-2@2x-100-1-1.jpg\",\"contentUrl\":\"https:\/\/www.economicas.uba.ar\/congresoecon\/wp-content\/uploads\/cropped-Mesa-de-trabajo-2@2x-100-1-1.jpg\",\"width\":2001,\"height\":1521,\"caption\":\"ECON 2021\"},\"image\":{\"@id\":\"https:\/\/www.economicas.uba.ar\/congresoecon\/#\/schema\/logo\/image\/\"},\"sameAs\":[\"https:\/\/www.youtube.com\/channel\/UCOPub_RS50NaJXWt2lcOGMQ\"]}]}<\/script>\n<!-- \/ Yoast SEO plugin. -->","yoast_head_json":{"title":"ECON 2025","description":"XVIII Congreso Internacional de Econom\u00eda y Gesti\u00f3n \u201cEcon 2024\u201d. Nuevo formato, los mismos objetivos de siempre","robots":{"index":"index","follow":"follow","max-snippet":"max-snippet:-1","max-image-preview":"max-image-preview:large","max-video-preview":"max-video-preview:-1"},"canonical":"https:\/\/www.economicas.uba.ar\/congresoecon\/","og_locale":"es_ES","og_type":"article","og_title":"ECON 2025","og_description":"XVIII Congreso Internacional de Econom\u00eda y Gesti\u00f3n \u201cEcon 2024\u201d. Nuevo formato, los mismos objetivos de siempre","og_url":"https:\/\/www.economicas.uba.ar\/congresoecon\/","og_site_name":"ECON 2025","article_modified_time":"2025-10-20T18:51:30+00:00","og_image":[{"width":2001,"height":1521,"url":"https:\/\/www.economicas.uba.ar\/congresoecon\/wp-content\/uploads\/cropped-Mesa-de-trabajo-2@2x-100-1-1.jpg","type":"image\/jpeg"}],"twitter_card":"summary_large_image","twitter_misc":{"Tiempo de lectura":"1 minuto"},"schema":{"@context":"https:\/\/schema.org","@graph":[{"@type":"WebPage","@id":"https:\/\/www.economicas.uba.ar\/congresoecon\/","url":"https:\/\/www.economicas.uba.ar\/congresoecon\/","name":"ECON 2025","isPartOf":{"@id":"https:\/\/www.economicas.uba.ar\/congresoecon\/#website"},"primaryImageOfPage":{"@id":"https:\/\/www.economicas.uba.ar\/congresoecon\/#primaryimage"},"image":{"@id":"https:\/\/www.economicas.uba.ar\/congresoecon\/#primaryimage"},"thumbnailUrl":"https:\/\/www.economicas.uba.ar\/congresoecon\/wp-content\/uploads\/cropped-Mesa-de-trabajo-2@2x-100-1-1.jpg","datePublished":"2025-10-08T14:14:35+00:00","dateModified":"2025-10-20T18:51:30+00:00","description":"XVIII Congreso Internacional de Econom\u00eda y Gesti\u00f3n \u201cEcon 2024\u201d. Nuevo formato, los mismos objetivos de siempre","breadcrumb":{"@id":"https:\/\/www.economicas.uba.ar\/congresoecon\/#breadcrumb"},"inLanguage":"es-AR","potentialAction":[{"@type":"ReadAction","target":["https:\/\/www.economicas.uba.ar\/congresoecon\/"]}]},{"@type":"ImageObject","inLanguage":"es-AR","@id":"https:\/\/www.economicas.uba.ar\/congresoecon\/#primaryimage","url":"https:\/\/www.economicas.uba.ar\/congresoecon\/wp-content\/uploads\/cropped-Mesa-de-trabajo-2@2x-100-1-1.jpg","contentUrl":"https:\/\/www.economicas.uba.ar\/congresoecon\/wp-content\/uploads\/cropped-Mesa-de-trabajo-2@2x-100-1-1.jpg","width":2001,"height":1521},{"@type":"BreadcrumbList","@id":"https:\/\/www.economicas.uba.ar\/congresoecon\/#breadcrumb","itemListElement":[{"@type":"ListItem","position":1,"name":"Inicio","item":"https:\/\/www.economicas.uba.ar\/congresoecon\/"},{"@type":"ListItem","position":2,"name":"ECON2025"}]},{"@type":"WebSite","@id":"https:\/\/www.economicas.uba.ar\/congresoecon\/#website","url":"https:\/\/www.economicas.uba.ar\/congresoecon\/","name":"ECON 2025","description":"","publisher":{"@id":"https:\/\/www.economicas.uba.ar\/congresoecon\/#organization"},"potentialAction":[{"@type":"SearchAction","target":{"@type":"EntryPoint","urlTemplate":"https:\/\/www.economicas.uba.ar\/congresoecon\/?s={search_term_string}"},"query-input":{"@type":"PropertyValueSpecification","valueRequired":true,"valueName":"search_term_string"}}],"inLanguage":"es-AR"},{"@type":"Organization","@id":"https:\/\/www.economicas.uba.ar\/congresoecon\/#organization","name":"ECON 2021","url":"https:\/\/www.economicas.uba.ar\/congresoecon\/","logo":{"@type":"ImageObject","inLanguage":"es-AR","@id":"https:\/\/www.economicas.uba.ar\/congresoecon\/#\/schema\/logo\/image\/","url":"https:\/\/www.economicas.uba.ar\/congresoecon\/wp-content\/uploads\/cropped-Mesa-de-trabajo-2@2x-100-1-1.jpg","contentUrl":"https:\/\/www.economicas.uba.ar\/congresoecon\/wp-content\/uploads\/cropped-Mesa-de-trabajo-2@2x-100-1-1.jpg","width":2001,"height":1521,"caption":"ECON 2021"},"image":{"@id":"https:\/\/www.economicas.uba.ar\/congresoecon\/#\/schema\/logo\/image\/"},"sameAs":["https:\/\/www.youtube.com\/channel\/UCOPub_RS50NaJXWt2lcOGMQ"]}]}},"_links":{"self":[{"href":"https:\/\/www.economicas.uba.ar\/congresoecon\/wp-json\/wp\/v2\/pages\/2788","targetHints":{"allow":["GET"]}}],"collection":[{"href":"https:\/\/www.economicas.uba.ar\/congresoecon\/wp-json\/wp\/v2\/pages"}],"about":[{"href":"https:\/\/www.economicas.uba.ar\/congresoecon\/wp-json\/wp\/v2\/types\/page"}],"author":[{"embeddable":true,"href":"https:\/\/www.economicas.uba.ar\/congresoecon\/wp-json\/wp\/v2\/users\/2"}],"replies":[{"embeddable":true,"href":"https:\/\/www.economicas.uba.ar\/congresoecon\/wp-json\/wp\/v2\/comments?post=2788"}],"version-history":[{"count":25,"href":"https:\/\/www.economicas.uba.ar\/congresoecon\/wp-json\/wp\/v2\/pages\/2788\/revisions"}],"predecessor-version":[{"id":3065,"href":"https:\/\/www.economicas.uba.ar\/congresoecon\/wp-json\/wp\/v2\/pages\/2788\/revisions\/3065"}],"wp:featuredmedia":[{"embeddable":true,"href":"https:\/\/www.economicas.uba.ar\/congresoecon\/wp-json\/wp\/v2\/media\/2271"}],"wp:attachment":[{"href":"https:\/\/www.economicas.uba.ar\/congresoecon\/wp-json\/wp\/v2\/media?parent=2788"}],"curies":[{"name":"wp","href":"https:\/\/api.w.org\/{rel}","templated":true}]}}