{"id":10267,"date":"2016-07-01T00:01:00","date_gmt":"2016-07-01T03:01:00","guid":{"rendered":"https:\/\/www.economicas.uba.ar\/extension\/vocesenelfenix\/?page_id=10267"},"modified":"2022-03-16T17:33:20","modified_gmt":"2022-03-16T20:33:20","slug":"numero-56","status":"publish","type":"page","link":"https:\/\/www.economicas.uba.ar\/extension\/vocesenelfenix\/numero-56\/","title":{"rendered":"N\u00famero 56"},"content":{"rendered":"\t\t<div data-elementor-type=\"wp-page\" data-elementor-id=\"10267\" class=\"elementor elementor-10267\" data-elementor-post-type=\"page\">\n\t\t\t\t\t\t<section class=\"elementor-section elementor-top-section elementor-element elementor-element-a76c4f0 elementor-section-boxed elementor-section-height-default elementor-section-height-default\" data-id=\"a76c4f0\" data-element_type=\"section\" data-e-type=\"section\" data-settings=\"{&quot;background_background&quot;:&quot;classic&quot;}\">\n\t\t\t\t\t\t<div class=\"elementor-container elementor-column-gap-default\">\n\t\t\t\t\t<div class=\"elementor-column elementor-col-33 elementor-top-column elementor-element elementor-element-2d41c67\" data-id=\"2d41c67\" data-element_type=\"column\" data-e-type=\"column\">\n\t\t\t<div class=\"elementor-widget-wrap elementor-element-populated\">\n\t\t\t\t\t\t<div class=\"elementor-element elementor-element-eac218c elementor-widget elementor-widget-image\" data-id=\"eac218c\" data-element_type=\"widget\" data-e-type=\"widget\" data-widget_type=\"image.default\">\n\t\t\t\t<div class=\"elementor-widget-container\">\n\t\t\t\t\t\t\t\t\t\t\t\t\t\t\t\t<a href=\"https:\/\/drive.google.com\/file\/d\/1nJTNlwAbVL0xuIj2jim9Y6XEImjmDw2q\/view\" target=\"_blank\">\n\t\t\t\t\t\t\t<img fetchpriority=\"high\" decoding=\"async\" width=\"193\" height=\"267\" src=\"https:\/\/www.economicas.uba.ar\/extension\/vocesenelfenix\/wp-content\/uploads\/tapa56.jpg\" class=\"attachment-large size-large wp-image-1924\" alt=\"\" \/>\t\t\t\t\t\t\t\t<\/a>\n\t\t\t\t\t\t\t\t\t\t\t\t\t\t\t<\/div>\n\t\t\t\t<\/div>\n\t\t\t\t\t<\/div>\n\t\t<\/div>\n\t\t\t\t<div class=\"elementor-column elementor-col-66 elementor-top-column elementor-element elementor-element-6413c94\" data-id=\"6413c94\" data-element_type=\"column\" data-e-type=\"column\">\n\t\t\t<div class=\"elementor-widget-wrap elementor-element-populated\">\n\t\t\t\t\t\t<div class=\"elementor-element elementor-element-d396f2b elementor-widget elementor-widget-text-editor\" data-id=\"d396f2b\" data-element_type=\"widget\" data-e-type=\"widget\" data-widget_type=\"text-editor.default\">\n\t\t\t\t<div class=\"elementor-widget-container\">\n\t\t\t\t\t\t\t\t\t<h5>N\u00daMERO 56<\/h5><h3>LA RUTA DE LA SEDA<\/h3><h6>ASIA<\/h6><p><br \/>EL TERRITORIO ASI\u00c1TICO SE HA CONVERTIDO EN EL CENTRO DE ATENCI\u00d3N DEL MUNDO ENTERO. CONFLICTOS ARMADOS, LAS MAYORES RESERVAS DE RECURSOS ENERG\u00c9TICOS CONVENCIONALES, DISPUTAS RELIGIOSAS, Y LA PRESENCIA DE LOS DOS PA\u00cdSES M\u00c1S POBLADOS DEL PLANETA, HACEN QUE CADA VEZ CREZCA M\u00c1S EL INTER\u00c9S POR LO QUE ALL\u00cd SUCEDE. EN ESTE N\u00daMERO DE VOCES, UN ACERCAMIENTO A ESTE SORPRENDENTE CONTINENTE.<\/p>\t\t\t\t\t\t\t\t<\/div>\n\t\t\t\t<\/div>\n\t\t\t\t<div class=\"elementor-element elementor-element-c21aace elementor-widget elementor-widget-button\" data-id=\"c21aace\" data-element_type=\"widget\" data-e-type=\"widget\" data-widget_type=\"button.default\">\n\t\t\t\t<div class=\"elementor-widget-container\">\n\t\t\t\t\t\t\t\t\t<div class=\"elementor-button-wrapper\">\n\t\t\t\t\t<a class=\"elementor-button elementor-button-link elementor-size-xs\" href=\"https:\/\/drive.google.com\/file\/d\/1nJTNlwAbVL0xuIj2jim9Y6XEImjmDw2q\/view\" target=\"_blank\">\n\t\t\t\t\t\t<span class=\"elementor-button-content-wrapper\">\n\t\t\t\t\t\t\t\t\t<span class=\"elementor-button-text\">Descarg\u00e1 el PDF<\/span>\n\t\t\t\t\t<\/span>\n\t\t\t\t\t<\/a>\n\t\t\t\t<\/div>\n\t\t\t\t\t\t\t\t<\/div>\n\t\t\t\t<\/div>\n\t\t\t\t\t<\/div>\n\t\t<\/div>\n\t\t\t\t\t<\/div>\n\t\t<\/section>\n\t\t\t\t<section class=\"elementor-section elementor-top-section elementor-element elementor-element-f06aae1 elementor-section-boxed elementor-section-height-default elementor-section-height-default\" data-id=\"f06aae1\" data-element_type=\"section\" data-e-type=\"section\">\n\t\t\t\t\t\t<div class=\"elementor-container elementor-column-gap-default\">\n\t\t\t\t\t<div class=\"elementor-column elementor-col-100 elementor-top-column elementor-element elementor-element-ef65944\" data-id=\"ef65944\" data-element_type=\"column\" data-e-type=\"column\">\n\t\t\t<div class=\"elementor-widget-wrap elementor-element-populated\">\n\t\t\t\t\t\t<div class=\"elementor-element elementor-element-a9085f6 elementor-grid-3 elementor-grid-tablet-2 elementor-grid-mobile-1 elementor-posts--align-left elementor-widget elementor-widget-blogmentor_blog_posts\" data-id=\"a9085f6\" data-element_type=\"widget\" data-e-type=\"widget\" data-settings=\"{&quot;bm_grid_columns&quot;:&quot;3&quot;,&quot;bm_grid_columns_tablet&quot;:&quot;2&quot;,&quot;bm_grid_columns_mobile&quot;:&quot;1&quot;,&quot;post_card_grid_gap&quot;:{&quot;unit&quot;:&quot;px&quot;,&quot;size&quot;:10,&quot;sizes&quot;:[]},&quot;post_card_row_gap&quot;:{&quot;unit&quot;:&quot;px&quot;,&quot;size&quot;:35,&quot;sizes&quot;:[]}}\" data-widget_type=\"blogmentor_blog_posts.default\">\n\t\t\t\t<div class=\"elementor-widget-container\">\n\t\t\t\t\t\t\t\n\t\t\t\t\t\t\t\t<div class=\"bm-blog-posts-wrapper\" >\n\t\t\t\t\t\t\t<div class=\"bm-blog-posts bm-display-grid elementor-grid elementor-grid-3\" >\n\t\t\t\t    <article id=\"post-10273\" class=\"item bm_layout post-10273 post type-post status-publish format-standard has-post-thumbnail hentry category-n-56 tag-abraham-leonardo-gak tag-asia tag-editorial\">\n\t\t<div class=\"bm-blog-post-image entry-post-image\">\n\t\t\t<div class=\"bm-post-image clearfix bm-hover-effect bm-hover-effect-blur\">\n\t\t\t\t<img decoding=\"async\" width=\"640\" height=\"426\" src=\"https:\/\/www.economicas.uba.ar\/extension\/vocesenelfenix\/wp-content\/uploads\/5600-Gak.jpg\" class=\"attachment-large size-large wp-post-image\" alt=\"\" srcset=\"https:\/\/www.economicas.uba.ar\/extension\/vocesenelfenix\/wp-content\/uploads\/5600-Gak.jpg 1080w, https:\/\/www.economicas.uba.ar\/extension\/vocesenelfenix\/wp-content\/uploads\/5600-Gak-300x200.jpg 300w, https:\/\/www.economicas.uba.ar\/extension\/vocesenelfenix\/wp-content\/uploads\/5600-Gak-768x511.jpg 768w, https:\/\/www.economicas.uba.ar\/extension\/vocesenelfenix\/wp-content\/uploads\/5600-Gak-640x426.jpg 640w\" sizes=\"(max-width: 640px) 100vw, 640px\" \/>\t\t\t<\/div>\n\t\t<\/div>\n        <div class=\"bm-blog-post-content bm_content_box\">\n            <h4 class=\"entry-post-title bm_title\"><a href=\"https:\/\/www.economicas.uba.ar\/extension\/vocesenelfenix\/editorial-ni-tan-lejos-ni-tan-cerca\/\" rel=\"bookmark\">Editorial: Ni tan lejos ni tan cerca<\/a><\/h4>            <div class=\"bm-blog-post-meta entry-post-meta bm_meta\">\n                            <\/div>\n            <div class=\"entry-post-content bm_content\">\n                | Por Abraham Leonardo Gak |            <\/div>\n        <\/div>\n    <\/article>\n    <article id=\"post-10283\" class=\"item bm_layout post-10283 post type-post status-publish format-standard has-post-thumbnail hentry category-n-56 tag-asia tag-clarisa-giaccaglia tag-diversidad tag-subregiones\">\n\t\t<div class=\"bm-blog-post-image entry-post-image\">\n\t\t\t<div class=\"bm-post-image clearfix bm-hover-effect bm-hover-effect-blur\">\n\t\t\t\t<img decoding=\"async\" width=\"640\" height=\"430\" src=\"https:\/\/www.economicas.uba.ar\/extension\/vocesenelfenix\/wp-content\/uploads\/5601-Giaccaglia.jpg\" class=\"attachment-large size-large wp-post-image\" alt=\"\" srcset=\"https:\/\/www.economicas.uba.ar\/extension\/vocesenelfenix\/wp-content\/uploads\/5601-Giaccaglia.jpg 1080w, https:\/\/www.economicas.uba.ar\/extension\/vocesenelfenix\/wp-content\/uploads\/5601-Giaccaglia-300x201.jpg 300w, https:\/\/www.economicas.uba.ar\/extension\/vocesenelfenix\/wp-content\/uploads\/5601-Giaccaglia-768x516.jpg 768w\" sizes=\"(max-width: 640px) 100vw, 640px\" \/>\t\t\t<\/div>\n\t\t<\/div>\n        <div class=\"bm-blog-post-content bm_content_box\">\n            <h4 class=\"entry-post-title bm_title\"><a href=\"https:\/\/www.economicas.uba.ar\/extension\/vocesenelfenix\/asia-turbulencia\/\" rel=\"bookmark\">Asia: turbulencia<\/a><\/h4>            <div class=\"bm-blog-post-meta entry-post-meta bm_meta\">\n                            <\/div>\n            <div class=\"entry-post-content bm_content\">\n                | Por Clarisa Giaccaglia | Asia se ha convertido en el nuevo centro de gravedad mundial. Tierra de enormes contrastes, alberga desde tiempos inmemoriales una multiplicidad \u00e9tnica, ling\u00fc\u00edstica, religiosa y <div><a href=\"https:\/\/www.economicas.uba.ar\/extension\/vocesenelfenix\/asia-turbulencia\/\" rel=\"bookmark\" class=\"bm-read-more entry-read-more\">M\u00e1s \u00bb<\/a><div>            <\/div>\n        <\/div>\n    <\/article>\n    <article id=\"post-10289\" class=\"item bm_layout post-10289 post type-post status-publish format-standard has-post-thumbnail hentry category-n-56 tag-asia tag-china tag-confucio tag-cultura tag-eduardo-daniel-oviedo tag-hanes\">\n\t\t<div class=\"bm-blog-post-image entry-post-image\">\n\t\t\t<div class=\"bm-post-image clearfix bm-hover-effect bm-hover-effect-blur\">\n\t\t\t\t<img loading=\"lazy\" decoding=\"async\" width=\"640\" height=\"434\" src=\"https:\/\/www.economicas.uba.ar\/extension\/vocesenelfenix\/wp-content\/uploads\/5602-Oviedo.jpg\" class=\"attachment-large size-large wp-post-image\" alt=\"\" srcset=\"https:\/\/www.economicas.uba.ar\/extension\/vocesenelfenix\/wp-content\/uploads\/5602-Oviedo.jpg 1080w, https:\/\/www.economicas.uba.ar\/extension\/vocesenelfenix\/wp-content\/uploads\/5602-Oviedo-300x204.jpg 300w, https:\/\/www.economicas.uba.ar\/extension\/vocesenelfenix\/wp-content\/uploads\/5602-Oviedo-768x521.jpg 768w\" sizes=\"(max-width: 640px) 100vw, 640px\" \/>\t\t\t<\/div>\n\t\t<\/div>\n        <div class=\"bm-blog-post-content bm_content_box\">\n            <h4 class=\"entry-post-title bm_title\"><a href=\"https:\/\/www.economicas.uba.ar\/extension\/vocesenelfenix\/confucio-entre-hanes-y-chinos\/\" rel=\"bookmark\">Confucio: entre hanes y chinos<\/a><\/h4>            <div class=\"bm-blog-post-meta entry-post-meta bm_meta\">\n                            <\/div>\n            <div class=\"entry-post-content bm_content\">\n                | Por Eduardo Daniel Oviedo | Cuando China pasa de la civilizaci\u00f3n al Estado, Confucio, uno de los principales pensadores de su historia, se transforma en un personaje emblem\u00e1tico para <div><a href=\"https:\/\/www.economicas.uba.ar\/extension\/vocesenelfenix\/confucio-entre-hanes-y-chinos\/\" rel=\"bookmark\" class=\"bm-read-more entry-read-more\">M\u00e1s \u00bb<\/a><div>            <\/div>\n        <\/div>\n    <\/article>\n    <article id=\"post-10295\" class=\"item bm_layout post-10295 post type-post status-publish format-standard has-post-thumbnail hentry category-n-56 tag-asia tag-colonizacion tag-este-de-asia tag-maria-del-pilar-alvarez\">\n\t\t<div class=\"bm-blog-post-image entry-post-image\">\n\t\t\t<div class=\"bm-post-image clearfix bm-hover-effect bm-hover-effect-blur\">\n\t\t\t\t<img loading=\"lazy\" decoding=\"async\" width=\"640\" height=\"482\" src=\"https:\/\/www.economicas.uba.ar\/extension\/vocesenelfenix\/wp-content\/uploads\/5603-Alvarez.jpg\" class=\"attachment-large size-large wp-post-image\" alt=\"\" srcset=\"https:\/\/www.economicas.uba.ar\/extension\/vocesenelfenix\/wp-content\/uploads\/5603-Alvarez.jpg 1080w, https:\/\/www.economicas.uba.ar\/extension\/vocesenelfenix\/wp-content\/uploads\/5603-Alvarez-300x226.jpg 300w, https:\/\/www.economicas.uba.ar\/extension\/vocesenelfenix\/wp-content\/uploads\/5603-Alvarez-768x579.jpg 768w\" sizes=\"(max-width: 640px) 100vw, 640px\" \/>\t\t\t<\/div>\n\t\t<\/div>\n        <div class=\"bm-blog-post-content bm_content_box\">\n            <h4 class=\"entry-post-title bm_title\"><a href=\"https:\/\/www.economicas.uba.ar\/extension\/vocesenelfenix\/atari-japon-frente-a-los-pedidos-de-rectificacion-por-su-pasado-agresor-en-el-este-de-asia\/\" rel=\"bookmark\">\u00a1Atari! Jap\u00f3n frente a los pedidos de rectificaci\u00f3n por su pasado agresor en el Este de Asia<\/a><\/h4>            <div class=\"bm-blog-post-meta entry-post-meta bm_meta\">\n                            <\/div>\n            <div class=\"entry-post-content bm_content\">\n                | Por Mar\u00eda del Pilar \u00c1lvarez | Desde el fin de la ocupaci\u00f3n, la manera que utiliza Jap\u00f3n para propagar su historia reciente genera pol\u00e9micas tanto al interior del pa\u00eds <div><a href=\"https:\/\/www.economicas.uba.ar\/extension\/vocesenelfenix\/atari-japon-frente-a-los-pedidos-de-rectificacion-por-su-pasado-agresor-en-el-este-de-asia\/\" rel=\"bookmark\" class=\"bm-read-more entry-read-more\">M\u00e1s \u00bb<\/a><div>            <\/div>\n        <\/div>\n    <\/article>\n    <article id=\"post-10301\" class=\"item bm_layout post-10301 post type-post status-publish format-standard has-post-thumbnail hentry category-n-56 tag-asia tag-china tag-javier-a-vadell tag-latinoamerica tag-red-de-bancos-de-desarrollo-de-china\">\n\t\t<div class=\"bm-blog-post-image entry-post-image\">\n\t\t\t<div class=\"bm-post-image clearfix bm-hover-effect bm-hover-effect-blur\">\n\t\t\t\t<img loading=\"lazy\" decoding=\"async\" width=\"640\" height=\"435\" src=\"https:\/\/www.economicas.uba.ar\/extension\/vocesenelfenix\/wp-content\/uploads\/5604-Vadell.jpg\" class=\"attachment-large size-large wp-post-image\" alt=\"\" srcset=\"https:\/\/www.economicas.uba.ar\/extension\/vocesenelfenix\/wp-content\/uploads\/5604-Vadell.jpg 1080w, https:\/\/www.economicas.uba.ar\/extension\/vocesenelfenix\/wp-content\/uploads\/5604-Vadell-300x204.jpg 300w, https:\/\/www.economicas.uba.ar\/extension\/vocesenelfenix\/wp-content\/uploads\/5604-Vadell-768x522.jpg 768w\" sizes=\"(max-width: 640px) 100vw, 640px\" \/>\t\t\t<\/div>\n\t\t<\/div>\n        <div class=\"bm-blog-post-content bm_content_box\">\n            <h4 class=\"entry-post-title bm_title\"><a href=\"https:\/\/www.economicas.uba.ar\/extension\/vocesenelfenix\/la-red-de-bancos-de-desarrollo-de-china-rbdc-y-sus-implicaciones-para-america-latina\/\" rel=\"bookmark\">La Red de Bancos de Desarrollo de China (RBDC) y sus implicaciones para Am\u00e9rica latina<\/a><\/h4>            <div class=\"bm-blog-post-meta entry-post-meta bm_meta\">\n                            <\/div>\n            <div class=\"entry-post-content bm_content\">\n                | Por Javier A. Vadell | Con el agotamiento del modelo del Consenso de Washington y a partir de un crecimiento econ\u00f3mico sostenido, China fue erigi\u00e9ndose como el nuevo epicentro <div><a href=\"https:\/\/www.economicas.uba.ar\/extension\/vocesenelfenix\/la-red-de-bancos-de-desarrollo-de-china-rbdc-y-sus-implicaciones-para-america-latina\/\" rel=\"bookmark\" class=\"bm-read-more entry-read-more\">M\u00e1s \u00bb<\/a><div>            <\/div>\n        <\/div>\n    <\/article>\n    <article id=\"post-10308\" class=\"item bm_layout post-10308 post type-post status-publish format-standard has-post-thumbnail hentry category-n-56 tag-asia tag-diversidad-religiosa tag-ezequiel-ramoneda tag-maya-alvisa-barroso tag-sudeste-asiatico\">\n\t\t<div class=\"bm-blog-post-image entry-post-image\">\n\t\t\t<div class=\"bm-post-image clearfix bm-hover-effect bm-hover-effect-blur\">\n\t\t\t\t<img loading=\"lazy\" decoding=\"async\" width=\"640\" height=\"496\" src=\"https:\/\/www.economicas.uba.ar\/extension\/vocesenelfenix\/wp-content\/uploads\/5605-Alvisa.jpg\" class=\"attachment-large size-large wp-post-image\" alt=\"\" srcset=\"https:\/\/www.economicas.uba.ar\/extension\/vocesenelfenix\/wp-content\/uploads\/5605-Alvisa.jpg 1080w, https:\/\/www.economicas.uba.ar\/extension\/vocesenelfenix\/wp-content\/uploads\/5605-Alvisa-300x233.jpg 300w, https:\/\/www.economicas.uba.ar\/extension\/vocesenelfenix\/wp-content\/uploads\/5605-Alvisa-768x595.jpg 768w\" sizes=\"(max-width: 640px) 100vw, 640px\" \/>\t\t\t<\/div>\n\t\t<\/div>\n        <div class=\"bm-blog-post-content bm_content_box\">\n            <h4 class=\"entry-post-title bm_title\"><a href=\"https:\/\/www.economicas.uba.ar\/extension\/vocesenelfenix\/diversidad-religiosa-en-el-sudeste-asiatico-alcance-de-sus-desafios-sociopoliticos\/\" rel=\"bookmark\">Diversidad religiosa en el Sudeste Asi\u00e1tico: alcance de sus desaf\u00edos sociopol\u00edticos<\/a><\/h4>            <div class=\"bm-blog-post-meta entry-post-meta bm_meta\">\n                            <\/div>\n            <div class=\"entry-post-content bm_content\">\n                | Por Maya Alvisa Barroso y Ezequiel Ramoneda | Dentro de la gama de diversidades que caracterizan al Sudeste Asi\u00e1tico, una de las m\u00e1s particulares es la cuesti\u00f3n religiosa. Las <div><a href=\"https:\/\/www.economicas.uba.ar\/extension\/vocesenelfenix\/diversidad-religiosa-en-el-sudeste-asiatico-alcance-de-sus-desafios-sociopoliticos\/\" rel=\"bookmark\" class=\"bm-read-more entry-read-more\">M\u00e1s \u00bb<\/a><div>            <\/div>\n        <\/div>\n    <\/article>\n    <article id=\"post-10318\" class=\"item bm_layout post-10318 post type-post status-publish format-standard has-post-thumbnail hentry category-n-56 tag-asia tag-florencia-rubiolo tag-geopolitica tag-mar-de-china-meridional\">\n\t\t<div class=\"bm-blog-post-image entry-post-image\">\n\t\t\t<div class=\"bm-post-image clearfix bm-hover-effect bm-hover-effect-blur\">\n\t\t\t\t<img loading=\"lazy\" decoding=\"async\" width=\"640\" height=\"430\" src=\"https:\/\/www.economicas.uba.ar\/extension\/vocesenelfenix\/wp-content\/uploads\/5606-Rubiolo.jpg\" class=\"attachment-large size-large wp-post-image\" alt=\"\" srcset=\"https:\/\/www.economicas.uba.ar\/extension\/vocesenelfenix\/wp-content\/uploads\/5606-Rubiolo.jpg 1080w, https:\/\/www.economicas.uba.ar\/extension\/vocesenelfenix\/wp-content\/uploads\/5606-Rubiolo-300x202.jpg 300w, https:\/\/www.economicas.uba.ar\/extension\/vocesenelfenix\/wp-content\/uploads\/5606-Rubiolo-768x516.jpg 768w\" sizes=\"(max-width: 640px) 100vw, 640px\" \/>\t\t\t<\/div>\n\t\t<\/div>\n        <div class=\"bm-blog-post-content bm_content_box\">\n            <h4 class=\"entry-post-title bm_title\"><a href=\"https:\/\/www.economicas.uba.ar\/extension\/vocesenelfenix\/el-conflicto-del-mar-de-china-meridional-en-clave-geopolitica\/\" rel=\"bookmark\">El conflicto del Mar de China Meridional en clave geopol\u00edtica<\/a><\/h4>            <div class=\"bm-blog-post-meta entry-post-meta bm_meta\">\n                            <\/div>\n            <div class=\"entry-post-content bm_content\">\n                | Por Florencia Rubiolo | El Mar de China Meridional tiene un valor estrat\u00e9gico crucial para las econom\u00edas que tienen costas sobre \u00e9l. Tanto su valor en recursos como su <div><a href=\"https:\/\/www.economicas.uba.ar\/extension\/vocesenelfenix\/el-conflicto-del-mar-de-china-meridional-en-clave-geopolitica\/\" rel=\"bookmark\" class=\"bm-read-more entry-read-more\">M\u00e1s \u00bb<\/a><div>            <\/div>\n        <\/div>\n    <\/article>\n    <article id=\"post-10325\" class=\"item bm_layout post-10325 post type-post status-publish format-standard has-post-thumbnail hentry category-n-56 tag-antonella-forni tag-asean tag-asia tag-desarrollo tag-integracion-regional\">\n\t\t<div class=\"bm-blog-post-image entry-post-image\">\n\t\t\t<div class=\"bm-post-image clearfix bm-hover-effect bm-hover-effect-blur\">\n\t\t\t\t<img loading=\"lazy\" decoding=\"async\" width=\"640\" height=\"416\" src=\"https:\/\/www.economicas.uba.ar\/extension\/vocesenelfenix\/wp-content\/uploads\/5607-Forni.jpg\" class=\"attachment-large size-large wp-post-image\" alt=\"\" srcset=\"https:\/\/www.economicas.uba.ar\/extension\/vocesenelfenix\/wp-content\/uploads\/5607-Forni.jpg 1080w, https:\/\/www.economicas.uba.ar\/extension\/vocesenelfenix\/wp-content\/uploads\/5607-Forni-300x195.jpg 300w, https:\/\/www.economicas.uba.ar\/extension\/vocesenelfenix\/wp-content\/uploads\/5607-Forni-768x499.jpg 768w\" sizes=\"(max-width: 640px) 100vw, 640px\" \/>\t\t\t<\/div>\n\t\t<\/div>\n        <div class=\"bm-blog-post-content bm_content_box\">\n            <h4 class=\"entry-post-title bm_title\"><a href=\"https:\/\/www.economicas.uba.ar\/extension\/vocesenelfenix\/asia-procesos-e-iniciativas-de-integracion-el-caso-de-la-asociacion-de-naciones-del-sudeste-asiatico-asean\/\" rel=\"bookmark\">Asia, procesos e iniciativas de integraci\u00f3n. El caso de la Asociaci\u00f3n de Naciones del Sudeste Asi\u00e1tico (ASEAN)<\/a><\/h4>            <div class=\"bm-blog-post-meta entry-post-meta bm_meta\">\n                            <\/div>\n            <div class=\"entry-post-content bm_content\">\n                | Por Antonella Forni | La ASEAN ha logrado consolidarse en Asia como uno de los m\u00e1s importantes procesos de integraci\u00f3n regional, mostrando la constante expansi\u00f3n de sus relaciones con <div><a href=\"https:\/\/www.economicas.uba.ar\/extension\/vocesenelfenix\/asia-procesos-e-iniciativas-de-integracion-el-caso-de-la-asociacion-de-naciones-del-sudeste-asiatico-asean\/\" rel=\"bookmark\" class=\"bm-read-more entry-read-more\">M\u00e1s \u00bb<\/a><div>            <\/div>\n        <\/div>\n    <\/article>\n    <article id=\"post-10336\" class=\"item bm_layout post-10336 post type-post status-publish format-standard has-post-thumbnail hentry category-n-56 tag-asia tag-bryan-joseph-ortiz tag-democracia tag-dutertismo tag-filipinas\">\n\t\t<div class=\"bm-blog-post-image entry-post-image\">\n\t\t\t<div class=\"bm-post-image clearfix bm-hover-effect bm-hover-effect-blur\">\n\t\t\t\t<img loading=\"lazy\" decoding=\"async\" width=\"640\" height=\"450\" src=\"https:\/\/www.economicas.uba.ar\/extension\/vocesenelfenix\/wp-content\/uploads\/5608-Ortiz.jpg\" class=\"attachment-large size-large wp-post-image\" alt=\"\" srcset=\"https:\/\/www.economicas.uba.ar\/extension\/vocesenelfenix\/wp-content\/uploads\/5608-Ortiz.jpg 1080w, https:\/\/www.economicas.uba.ar\/extension\/vocesenelfenix\/wp-content\/uploads\/5608-Ortiz-300x211.jpg 300w, https:\/\/www.economicas.uba.ar\/extension\/vocesenelfenix\/wp-content\/uploads\/5608-Ortiz-768x540.jpg 768w\" sizes=\"(max-width: 640px) 100vw, 640px\" \/>\t\t\t<\/div>\n\t\t<\/div>\n        <div class=\"bm-blog-post-content bm_content_box\">\n            <h4 class=\"entry-post-title bm_title\"><a href=\"https:\/\/www.economicas.uba.ar\/extension\/vocesenelfenix\/se-aproxima-el-cambio-los-antecedentes-historicos-del-surgimiento-del-dutertismo-en-filipinas\/\" rel=\"bookmark\">Se aproxima el cambio (?): los antecedentes hist\u00f3ricos del surgimiento del \u201cDutertismo\u201d en Filipinas<\/a><\/h4>            <div class=\"bm-blog-post-meta entry-post-meta bm_meta\">\n                            <\/div>\n            <div class=\"entry-post-content bm_content\">\n                | Por Bryan Joseph Ortiz | Filipinas ha experimentado un crecimiento econ\u00f3mico constante en los \u00faltimos a\u00f1os. Sin embargo, desde el restablecimiento democr\u00e1tico, hace ya 30 a\u00f1os, los partidos pol\u00edticos <div><a href=\"https:\/\/www.economicas.uba.ar\/extension\/vocesenelfenix\/se-aproxima-el-cambio-los-antecedentes-historicos-del-surgimiento-del-dutertismo-en-filipinas\/\" rel=\"bookmark\" class=\"bm-read-more entry-read-more\">M\u00e1s \u00bb<\/a><div>            <\/div>\n        <\/div>\n    <\/article>\n    <article id=\"post-10343\" class=\"item bm_layout post-10343 post type-post status-publish format-standard has-post-thumbnail hentry category-n-56 tag-asia tag-china tag-cooperacion tag-geopolitica tag-india tag-maria-noel-dussort tag-seguridad-energetica\">\n\t\t<div class=\"bm-blog-post-image entry-post-image\">\n\t\t\t<div class=\"bm-post-image clearfix bm-hover-effect bm-hover-effect-blur\">\n\t\t\t\t<img loading=\"lazy\" decoding=\"async\" width=\"640\" height=\"447\" src=\"https:\/\/www.economicas.uba.ar\/extension\/vocesenelfenix\/wp-content\/uploads\/5609-Dussort.jpg\" class=\"attachment-large size-large wp-post-image\" alt=\"\" srcset=\"https:\/\/www.economicas.uba.ar\/extension\/vocesenelfenix\/wp-content\/uploads\/5609-Dussort.jpg 1080w, https:\/\/www.economicas.uba.ar\/extension\/vocesenelfenix\/wp-content\/uploads\/5609-Dussort-300x210.jpg 300w, https:\/\/www.economicas.uba.ar\/extension\/vocesenelfenix\/wp-content\/uploads\/5609-Dussort-768x537.jpg 768w\" sizes=\"(max-width: 640px) 100vw, 640px\" \/>\t\t\t<\/div>\n\t\t<\/div>\n        <div class=\"bm-blog-post-content bm_content_box\">\n            <h4 class=\"entry-post-title bm_title\"><a href=\"https:\/\/www.economicas.uba.ar\/extension\/vocesenelfenix\/la-seguridad-energetica-para-los-gigantes-asiaticos-a-medio-camino-entre-la-geopolitica-y-la-cooperacion\/\" rel=\"bookmark\">La seguridad energ\u00e9tica para los gigantes asi\u00e1ticos: a medio camino entre la geopol\u00edtica y la cooperaci\u00f3n<\/a><\/h4>            <div class=\"bm-blog-post-meta entry-post-meta bm_meta\">\n                            <\/div>\n            <div class=\"entry-post-content bm_content\">\n                | Por Mar\u00eda Noel Dussort | El panorama energ\u00e9tico mundial muestra una serie de cambios en la reorientaci\u00f3n del comercio de energ\u00eda desde el Atl\u00e1ntico hacia la regi\u00f3n Asia-Pac\u00edfico. China <div><a href=\"https:\/\/www.economicas.uba.ar\/extension\/vocesenelfenix\/la-seguridad-energetica-para-los-gigantes-asiaticos-a-medio-camino-entre-la-geopolitica-y-la-cooperacion\/\" rel=\"bookmark\" class=\"bm-read-more entry-read-more\">M\u00e1s \u00bb<\/a><div>            <\/div>\n        <\/div>\n    <\/article>\n    <article id=\"post-10352\" class=\"item bm_layout post-10352 post type-post status-publish format-standard has-post-thumbnail hentry category-n-56 tag-asia tag-ayurveda tag-medicina tag-mirta-fleitas tag-salud\">\n\t\t<div class=\"bm-blog-post-image entry-post-image\">\n\t\t\t<div class=\"bm-post-image clearfix bm-hover-effect bm-hover-effect-blur\">\n\t\t\t\t<img loading=\"lazy\" decoding=\"async\" width=\"640\" height=\"431\" src=\"https:\/\/www.economicas.uba.ar\/extension\/vocesenelfenix\/wp-content\/uploads\/5610-Fleitas.jpg\" class=\"attachment-large size-large wp-post-image\" alt=\"\" srcset=\"https:\/\/www.economicas.uba.ar\/extension\/vocesenelfenix\/wp-content\/uploads\/5610-Fleitas.jpg 1080w, https:\/\/www.economicas.uba.ar\/extension\/vocesenelfenix\/wp-content\/uploads\/5610-Fleitas-300x202.jpg 300w, https:\/\/www.economicas.uba.ar\/extension\/vocesenelfenix\/wp-content\/uploads\/5610-Fleitas-768x517.jpg 768w\" sizes=\"(max-width: 640px) 100vw, 640px\" \/>\t\t\t<\/div>\n\t\t<\/div>\n        <div class=\"bm-blog-post-content bm_content_box\">\n            <h4 class=\"entry-post-title bm_title\"><a href=\"https:\/\/www.economicas.uba.ar\/extension\/vocesenelfenix\/ayurveda-la-encarnacion-de-una-filosofia\/\" rel=\"bookmark\">Ayurveda: la encarnaci\u00f3n de una filosof\u00eda<\/a><\/h4>            <div class=\"bm-blog-post-meta entry-post-meta bm_meta\">\n                            <\/div>\n            <div class=\"entry-post-content bm_content\">\n                | Por Mirta Fleitas | Frente a la notoria crisis que atraviesa la medicina alop\u00e1tica, deshumanizada en el trato, demasiado tecnologizada, cara y de acceso inequitativo, enfocada en la enfermedad <div><a href=\"https:\/\/www.economicas.uba.ar\/extension\/vocesenelfenix\/ayurveda-la-encarnacion-de-una-filosofia\/\" rel=\"bookmark\" class=\"bm-read-more entry-read-more\">M\u00e1s \u00bb<\/a><div>            <\/div>\n        <\/div>\n    <\/article>\n    <article id=\"post-10359\" class=\"item bm_layout post-10359 post type-post status-publish format-standard has-post-thumbnail hentry category-n-56 tag-asia tag-igualdad tag-india tag-mujeres tag-sonya-surabhi-gupta\">\n\t\t<div class=\"bm-blog-post-image entry-post-image\">\n\t\t\t<div class=\"bm-post-image clearfix bm-hover-effect bm-hover-effect-blur\">\n\t\t\t\t<img loading=\"lazy\" decoding=\"async\" width=\"640\" height=\"431\" src=\"https:\/\/www.economicas.uba.ar\/extension\/vocesenelfenix\/wp-content\/uploads\/5611-Gupta.jpg\" class=\"attachment-large size-large wp-post-image\" alt=\"\" srcset=\"https:\/\/www.economicas.uba.ar\/extension\/vocesenelfenix\/wp-content\/uploads\/5611-Gupta.jpg 1080w, https:\/\/www.economicas.uba.ar\/extension\/vocesenelfenix\/wp-content\/uploads\/5611-Gupta-300x202.jpg 300w, https:\/\/www.economicas.uba.ar\/extension\/vocesenelfenix\/wp-content\/uploads\/5611-Gupta-768x518.jpg 768w\" sizes=\"(max-width: 640px) 100vw, 640px\" \/>\t\t\t<\/div>\n\t\t<\/div>\n        <div class=\"bm-blog-post-content bm_content_box\">\n            <h4 class=\"entry-post-title bm_title\"><a href=\"https:\/\/www.economicas.uba.ar\/extension\/vocesenelfenix\/tocando-la-puerta-del-cielo-las-mujeres-en-la-india-demandan-templos-de-igualdad\/\" rel=\"bookmark\">Tocando la puerta del cielo: las mujeres en la India demandan templos de igualdad<\/a><\/h4>            <div class=\"bm-blog-post-meta entry-post-meta bm_meta\">\n                            <\/div>\n            <div class=\"entry-post-content bm_content\">\n                | Por Sonya Surabhi Gupta | La entrada de mujeres a espacios religiosos ha sido un tema pol\u00e9mico en la India desde tiempos inmemoriales. El fen\u00f3meno, sin embargo, no constituye <div><a href=\"https:\/\/www.economicas.uba.ar\/extension\/vocesenelfenix\/tocando-la-puerta-del-cielo-las-mujeres-en-la-india-demandan-templos-de-igualdad\/\" rel=\"bookmark\" class=\"bm-read-more entry-read-more\">M\u00e1s \u00bb<\/a><div>            <\/div>\n        <\/div>\n    <\/article>\n    <article id=\"post-10365\" class=\"item bm_layout post-10365 post type-post status-publish format-standard has-post-thumbnail hentry category-n-56 tag-asia tag-desigualdad tag-india tag-lia-rodriguez-de-la-vega tag-politica tag-religion\">\n\t\t<div class=\"bm-blog-post-image entry-post-image\">\n\t\t\t<div class=\"bm-post-image clearfix bm-hover-effect bm-hover-effect-blur\">\n\t\t\t\t<img loading=\"lazy\" decoding=\"async\" width=\"640\" height=\"432\" src=\"https:\/\/www.economicas.uba.ar\/extension\/vocesenelfenix\/wp-content\/uploads\/5612-Rodriguez.jpg\" class=\"attachment-large size-large wp-post-image\" alt=\"\" srcset=\"https:\/\/www.economicas.uba.ar\/extension\/vocesenelfenix\/wp-content\/uploads\/5612-Rodriguez.jpg 1080w, https:\/\/www.economicas.uba.ar\/extension\/vocesenelfenix\/wp-content\/uploads\/5612-Rodriguez-300x203.jpg 300w, https:\/\/www.economicas.uba.ar\/extension\/vocesenelfenix\/wp-content\/uploads\/5612-Rodriguez-768x518.jpg 768w\" sizes=\"(max-width: 640px) 100vw, 640px\" \/>\t\t\t<\/div>\n\t\t<\/div>\n        <div class=\"bm-blog-post-content bm_content_box\">\n            <h4 class=\"entry-post-title bm_title\"><a href=\"https:\/\/www.economicas.uba.ar\/extension\/vocesenelfenix\/religion-y-politica-en-la-india-la-actualidad-de-ambedkar\/\" rel=\"bookmark\">Religi\u00f3n y pol\u00edtica en la India: la actualidad de Ambedkar<\/a><\/h4>            <div class=\"bm-blog-post-meta entry-post-meta bm_meta\">\n                            <\/div>\n            <div class=\"entry-post-content bm_content\">\n                | Por L\u00eda Rodr\u00edguez de la Vega | La instituci\u00f3n social de la casta, que alcanz\u00f3 su m\u00e1ximo desarrollo durante la colonizaci\u00f3n brit\u00e1nica de la India, permitiendo clasificar, enumerar y <div><a href=\"https:\/\/www.economicas.uba.ar\/extension\/vocesenelfenix\/religion-y-politica-en-la-india-la-actualidad-de-ambedkar\/\" rel=\"bookmark\" class=\"bm-read-more entry-read-more\">M\u00e1s \u00bb<\/a><div>            <\/div>\n        <\/div>\n    <\/article>\n    <article id=\"post-10371\" class=\"item bm_layout post-10371 post type-post status-publish format-standard has-post-thumbnail hentry category-n-56 tag-asia tag-india tag-juan-jose-santander tag-poesia\">\n\t\t<div class=\"bm-blog-post-image entry-post-image\">\n\t\t\t<div class=\"bm-post-image clearfix bm-hover-effect bm-hover-effect-blur\">\n\t\t\t\t<img loading=\"lazy\" decoding=\"async\" width=\"640\" height=\"479\" src=\"https:\/\/www.economicas.uba.ar\/extension\/vocesenelfenix\/wp-content\/uploads\/5613-Santander.jpg\" class=\"attachment-large size-large wp-post-image\" alt=\"\" srcset=\"https:\/\/www.economicas.uba.ar\/extension\/vocesenelfenix\/wp-content\/uploads\/5613-Santander.jpg 1080w, https:\/\/www.economicas.uba.ar\/extension\/vocesenelfenix\/wp-content\/uploads\/5613-Santander-300x225.jpg 300w, https:\/\/www.economicas.uba.ar\/extension\/vocesenelfenix\/wp-content\/uploads\/5613-Santander-768x575.jpg 768w\" sizes=\"(max-width: 640px) 100vw, 640px\" \/>\t\t\t<\/div>\n\t\t<\/div>\n        <div class=\"bm-blog-post-content bm_content_box\">\n            <h4 class=\"entry-post-title bm_title\"><a href=\"https:\/\/www.economicas.uba.ar\/extension\/vocesenelfenix\/poemas-comentados-a-partir-de-vivencias-en-la-india\/\" rel=\"bookmark\">Poemas comentados a partir de vivencias en la India<\/a><\/h4>            <div class=\"bm-blog-post-meta entry-post-meta bm_meta\">\n                            <\/div>\n            <div class=\"entry-post-content bm_content\">\n                | Por Juan Jos\u00e9 Santander | El autor, exrepresentante diplom\u00e1tico en la India, nos muestra y explica el origen de algunos de los sonetos inspirados en su experiencia en aquel <div><a href=\"https:\/\/www.economicas.uba.ar\/extension\/vocesenelfenix\/poemas-comentados-a-partir-de-vivencias-en-la-india\/\" rel=\"bookmark\" class=\"bm-read-more entry-read-more\">M\u00e1s \u00bb<\/a><div>            <\/div>\n        <\/div>\n    <\/article>\n    <article id=\"post-10383\" class=\"item bm_layout post-10383 post type-post status-publish format-standard has-post-thumbnail hentry category-n-56 tag-armenia tag-asia tag-azerbaiyan tag-diversidad-etnica tag-diversidad-religiosa tag-nagorno-karabaj tag-ricardo-torres\">\n\t\t<div class=\"bm-blog-post-image entry-post-image\">\n\t\t\t<div class=\"bm-post-image clearfix bm-hover-effect bm-hover-effect-blur\">\n\t\t\t\t<img loading=\"lazy\" decoding=\"async\" width=\"640\" height=\"432\" src=\"https:\/\/www.economicas.uba.ar\/extension\/vocesenelfenix\/wp-content\/uploads\/5614-Torres.jpg\" class=\"attachment-large size-large wp-post-image\" alt=\"\" srcset=\"https:\/\/www.economicas.uba.ar\/extension\/vocesenelfenix\/wp-content\/uploads\/5614-Torres.jpg 1080w, https:\/\/www.economicas.uba.ar\/extension\/vocesenelfenix\/wp-content\/uploads\/5614-Torres-300x203.jpg 300w, https:\/\/www.economicas.uba.ar\/extension\/vocesenelfenix\/wp-content\/uploads\/5614-Torres-768x518.jpg 768w\" sizes=\"(max-width: 640px) 100vw, 640px\" \/>\t\t\t<\/div>\n\t\t<\/div>\n        <div class=\"bm-blog-post-content bm_content_box\">\n            <h4 class=\"entry-post-title bm_title\"><a href=\"https:\/\/www.economicas.uba.ar\/extension\/vocesenelfenix\/historia-del-conflicto-de-nagorno-karabaj\/\" rel=\"bookmark\">Historia del conflicto de Nagorno Karabaj<\/a><\/h4>            <div class=\"bm-blog-post-meta entry-post-meta bm_meta\">\n                            <\/div>\n            <div class=\"entry-post-content bm_content\">\n                | Por Ricardo Torres | Durante siglos, el territorio de Nagorno Karabaj, en el C\u00e1ucaso, fue el centro de disputas de todo tipo. Diferentes imperios, principados y Estados pelearon por <div><a href=\"https:\/\/www.economicas.uba.ar\/extension\/vocesenelfenix\/historia-del-conflicto-de-nagorno-karabaj\/\" rel=\"bookmark\" class=\"bm-read-more entry-read-more\">M\u00e1s \u00bb<\/a><div>            <\/div>\n        <\/div>\n    <\/article>\n    <article id=\"post-10391\" class=\"item bm_layout post-10391 post type-post status-publish format-standard has-post-thumbnail hentry category-n-56 tag-asia tag-estado-islamico tag-irak tag-medio-oriente tag-ruben-paredes-rodriguez tag-siria-2\">\n\t\t<div class=\"bm-blog-post-image entry-post-image\">\n\t\t\t<div class=\"bm-post-image clearfix bm-hover-effect bm-hover-effect-blur\">\n\t\t\t\t<img loading=\"lazy\" decoding=\"async\" width=\"640\" height=\"414\" src=\"https:\/\/www.economicas.uba.ar\/extension\/vocesenelfenix\/wp-content\/uploads\/5615-Paredes.jpg\" class=\"attachment-large size-large wp-post-image\" alt=\"\" srcset=\"https:\/\/www.economicas.uba.ar\/extension\/vocesenelfenix\/wp-content\/uploads\/5615-Paredes.jpg 1080w, https:\/\/www.economicas.uba.ar\/extension\/vocesenelfenix\/wp-content\/uploads\/5615-Paredes-300x194.jpg 300w, https:\/\/www.economicas.uba.ar\/extension\/vocesenelfenix\/wp-content\/uploads\/5615-Paredes-768x497.jpg 768w\" sizes=\"(max-width: 640px) 100vw, 640px\" \/>\t\t\t<\/div>\n\t\t<\/div>\n        <div class=\"bm-blog-post-content bm_content_box\">\n            <h4 class=\"entry-post-title bm_title\"><a href=\"https:\/\/www.economicas.uba.ar\/extension\/vocesenelfenix\/el-estado-islamico-una-amenaza-real-que-vino-para-quedarse\/\" rel=\"bookmark\">El Estado Isl\u00e1mico, una amenaza real que vino para quedarse<\/a><\/h4>            <div class=\"bm-blog-post-meta entry-post-meta bm_meta\">\n                            <\/div>\n            <div class=\"entry-post-content bm_content\">\n                | Por Rub\u00e9n Paredes Rodr\u00edguez | Hace dos a\u00f1os, y en un escenario caracterizado por un proceso de paz agonizante, Estados fallidos, conflictos interconfesionales, rivalidades religiosas interestatales y continuas incursiones <div><a href=\"https:\/\/www.economicas.uba.ar\/extension\/vocesenelfenix\/el-estado-islamico-una-amenaza-real-que-vino-para-quedarse\/\" rel=\"bookmark\" class=\"bm-read-more entry-read-more\">M\u00e1s \u00bb<\/a><div>            <\/div>\n        <\/div>\n    <\/article>\n    <article id=\"post-10397\" class=\"item bm_layout post-10397 post type-post status-publish format-standard has-post-thumbnail hentry category-n-56 tag-asia tag-geopolitica tag-lucia-martinez-de-lahidalga tag-medio-oriente\">\n\t\t<div class=\"bm-blog-post-image entry-post-image\">\n\t\t\t<div class=\"bm-post-image clearfix bm-hover-effect bm-hover-effect-blur\">\n\t\t\t\t<img loading=\"lazy\" decoding=\"async\" width=\"640\" height=\"474\" src=\"https:\/\/www.economicas.uba.ar\/extension\/vocesenelfenix\/wp-content\/uploads\/5616-Martinez.jpg\" class=\"attachment-large size-large wp-post-image\" alt=\"\" srcset=\"https:\/\/www.economicas.uba.ar\/extension\/vocesenelfenix\/wp-content\/uploads\/5616-Martinez.jpg 1080w, https:\/\/www.economicas.uba.ar\/extension\/vocesenelfenix\/wp-content\/uploads\/5616-Martinez-300x222.jpg 300w, https:\/\/www.economicas.uba.ar\/extension\/vocesenelfenix\/wp-content\/uploads\/5616-Martinez-768x569.jpg 768w\" sizes=\"(max-width: 640px) 100vw, 640px\" \/>\t\t\t<\/div>\n\t\t<\/div>\n        <div class=\"bm-blog-post-content bm_content_box\">\n            <h4 class=\"entry-post-title bm_title\"><a href=\"https:\/\/www.economicas.uba.ar\/extension\/vocesenelfenix\/la-nueva-geopolitica-de-los-recursos-nuevas-tendencias-globales-y-su-impacto-sobre-asia-y-medio-oriente\/\" rel=\"bookmark\">La nueva geopol\u00edtica de los recursos: nuevas tendencias globales y su impacto sobre Asia y Medio Oriente<\/a><\/h4>            <div class=\"bm-blog-post-meta entry-post-meta bm_meta\">\n                            <\/div>\n            <div class=\"entry-post-content bm_content\">\n                | Por Lucia Mart\u00ednez de Lahidalga | El control de los recursos naturales estrat\u00e9gicos por parte de las principales potencias del sistema internacional siempre ha sido una prioridad para las <div><a href=\"https:\/\/www.economicas.uba.ar\/extension\/vocesenelfenix\/la-nueva-geopolitica-de-los-recursos-nuevas-tendencias-globales-y-su-impacto-sobre-asia-y-medio-oriente\/\" rel=\"bookmark\" class=\"bm-read-more entry-read-more\">M\u00e1s \u00bb<\/a><div>            <\/div>\n        <\/div>\n    <\/article>\n    <article id=\"post-10403\" class=\"item bm_layout post-10403 post type-post status-publish format-standard has-post-thumbnail hentry category-n-56 tag-asia tag-medio-oriente tag-nahir-isaac tag-primavera-arabe tag-profundidad-estrategica tag-turquia\">\n\t\t<div class=\"bm-blog-post-image entry-post-image\">\n\t\t\t<div class=\"bm-post-image clearfix bm-hover-effect bm-hover-effect-blur\">\n\t\t\t\t<img loading=\"lazy\" decoding=\"async\" width=\"640\" height=\"435\" src=\"https:\/\/www.economicas.uba.ar\/extension\/vocesenelfenix\/wp-content\/uploads\/5617-Isaac.jpg\" class=\"attachment-large size-large wp-post-image\" alt=\"\" srcset=\"https:\/\/www.economicas.uba.ar\/extension\/vocesenelfenix\/wp-content\/uploads\/5617-Isaac.jpg 1080w, https:\/\/www.economicas.uba.ar\/extension\/vocesenelfenix\/wp-content\/uploads\/5617-Isaac-300x204.jpg 300w, https:\/\/www.economicas.uba.ar\/extension\/vocesenelfenix\/wp-content\/uploads\/5617-Isaac-768x522.jpg 768w\" sizes=\"(max-width: 640px) 100vw, 640px\" \/>\t\t\t<\/div>\n\t\t<\/div>\n        <div class=\"bm-blog-post-content bm_content_box\">\n            <h4 class=\"entry-post-title bm_title\"><a href=\"https:\/\/www.economicas.uba.ar\/extension\/vocesenelfenix\/turquia-en-medio-oriente-los-limites-a-su-posicionamiento-como-potencia-central\/\" rel=\"bookmark\">Turqu\u00eda en Medio Oriente: los l\u00edmites a su posicionamiento como potencia central<\/a><\/h4>            <div class=\"bm-blog-post-meta entry-post-meta bm_meta\">\n                            <\/div>\n            <div class=\"entry-post-content bm_content\">\n                | Por Nahir Isaac | A comienzos del siglo XXI se comenz\u00f3 a implementar en Turqu\u00eda la doctrina de Profundidad Estrat\u00e9gica, que remarcaba el lugar central que deb\u00eda ocupar el <div><a href=\"https:\/\/www.economicas.uba.ar\/extension\/vocesenelfenix\/turquia-en-medio-oriente-los-limites-a-su-posicionamiento-como-potencia-central\/\" rel=\"bookmark\" class=\"bm-read-more entry-read-more\">M\u00e1s \u00bb<\/a><div>            <\/div>\n        <\/div>\n    <\/article>\n    <article id=\"post-10410\" class=\"item bm_layout post-10410 post type-post status-publish format-standard has-post-thumbnail hentry category-n-56 tag-asia tag-crisis tag-estado-islamico tag-estado-libanes tag-libano tag-said-chaya\">\n\t\t<div class=\"bm-blog-post-image entry-post-image\">\n\t\t\t<div class=\"bm-post-image clearfix bm-hover-effect bm-hover-effect-blur\">\n\t\t\t\t<img loading=\"lazy\" decoding=\"async\" width=\"640\" height=\"435\" src=\"https:\/\/www.economicas.uba.ar\/extension\/vocesenelfenix\/wp-content\/uploads\/5618-Chaya.jpg\" class=\"attachment-large size-large wp-post-image\" alt=\"\" srcset=\"https:\/\/www.economicas.uba.ar\/extension\/vocesenelfenix\/wp-content\/uploads\/5618-Chaya.jpg 1080w, https:\/\/www.economicas.uba.ar\/extension\/vocesenelfenix\/wp-content\/uploads\/5618-Chaya-300x204.jpg 300w, https:\/\/www.economicas.uba.ar\/extension\/vocesenelfenix\/wp-content\/uploads\/5618-Chaya-768x522.jpg 768w\" sizes=\"(max-width: 640px) 100vw, 640px\" \/>\t\t\t<\/div>\n\t\t<\/div>\n        <div class=\"bm-blog-post-content bm_content_box\">\n            <h4 class=\"entry-post-title bm_title\"><a href=\"https:\/\/www.economicas.uba.ar\/extension\/vocesenelfenix\/un-laberinto-sin-salida-la-crisis-de-poderes-en-el-estado-libanes\/\" rel=\"bookmark\">Un laberinto sin salida: la crisis de poderes en el Estado liban\u00e9s<\/a><\/h4>            <div class=\"bm-blog-post-meta entry-post-meta bm_meta\">\n                            <\/div>\n            <div class=\"entry-post-content bm_content\">\n                | Por Said Chaya | El L\u00edbano se halla sumido en una crisis interna, con el sistema pol\u00edtico vigente definitivamente agotado. Si sumamos la profunda crisis humanitaria surgida de la <div><a href=\"https:\/\/www.economicas.uba.ar\/extension\/vocesenelfenix\/un-laberinto-sin-salida-la-crisis-de-poderes-en-el-estado-libanes\/\" rel=\"bookmark\" class=\"bm-read-more entry-read-more\">M\u00e1s \u00bb<\/a><div>            <\/div>\n        <\/div>\n    <\/article>\n    <article id=\"post-10416\" class=\"item bm_layout post-10416 post type-post status-publish format-standard has-post-thumbnail hentry category-n-56 tag-asia tag-fabian-drisun tag-guerra-arabe-israeli tag-israel tag-palestina tag-paz tag-refugiados\">\n\t\t<div class=\"bm-blog-post-image entry-post-image\">\n\t\t\t<div class=\"bm-post-image clearfix bm-hover-effect bm-hover-effect-blur\">\n\t\t\t\t<img loading=\"lazy\" decoding=\"async\" width=\"640\" height=\"433\" src=\"https:\/\/www.economicas.uba.ar\/extension\/vocesenelfenix\/wp-content\/uploads\/5619-Drisun.jpg\" class=\"attachment-large size-large wp-post-image\" alt=\"\" srcset=\"https:\/\/www.economicas.uba.ar\/extension\/vocesenelfenix\/wp-content\/uploads\/5619-Drisun.jpg 1080w, https:\/\/www.economicas.uba.ar\/extension\/vocesenelfenix\/wp-content\/uploads\/5619-Drisun-300x203.jpg 300w, https:\/\/www.economicas.uba.ar\/extension\/vocesenelfenix\/wp-content\/uploads\/5619-Drisun-768x520.jpg 768w\" sizes=\"(max-width: 640px) 100vw, 640px\" \/>\t\t\t<\/div>\n\t\t<\/div>\n        <div class=\"bm-blog-post-content bm_content_box\">\n            <h4 class=\"entry-post-title bm_title\"><a href=\"https:\/\/www.economicas.uba.ar\/extension\/vocesenelfenix\/israel-y-palestina-el-complejo-camino-a-la-paz\/\" rel=\"bookmark\">Israel y Palestina: el complejo camino a la paz<\/a><\/h4>            <div class=\"bm-blog-post-meta entry-post-meta bm_meta\">\n                            <\/div>\n            <div class=\"entry-post-content bm_content\">\n                | Por Fabi\u00e1n Drisun | Casi 70 a\u00f1os han pasado desde que en 1948 el por entonces primer ministro israel\u00ed David Ben Gurion declarara la independencia y diera comienzo a <div><a href=\"https:\/\/www.economicas.uba.ar\/extension\/vocesenelfenix\/israel-y-palestina-el-complejo-camino-a-la-paz\/\" rel=\"bookmark\" class=\"bm-read-more entry-read-more\">M\u00e1s \u00bb<\/a><div>            <\/div>\n        <\/div>\n    <\/article>\n    <article id=\"post-10422\" class=\"item bm_layout post-10422 post type-post status-publish format-standard has-post-thumbnail hentry category-n-56 tag-ana-maria-siri tag-asia tag-iran tag-mujeres\">\n\t\t<div class=\"bm-blog-post-image entry-post-image\">\n\t\t\t<div class=\"bm-post-image clearfix bm-hover-effect bm-hover-effect-blur\">\n\t\t\t\t<img loading=\"lazy\" decoding=\"async\" width=\"640\" height=\"405\" src=\"https:\/\/www.economicas.uba.ar\/extension\/vocesenelfenix\/wp-content\/uploads\/5620-Siri.jpg\" class=\"attachment-large size-large wp-post-image\" alt=\"\" srcset=\"https:\/\/www.economicas.uba.ar\/extension\/vocesenelfenix\/wp-content\/uploads\/5620-Siri.jpg 1080w, https:\/\/www.economicas.uba.ar\/extension\/vocesenelfenix\/wp-content\/uploads\/5620-Siri-300x190.jpg 300w, https:\/\/www.economicas.uba.ar\/extension\/vocesenelfenix\/wp-content\/uploads\/5620-Siri-768x486.jpg 768w\" sizes=\"(max-width: 640px) 100vw, 640px\" \/>\t\t\t<\/div>\n\t\t<\/div>\n        <div class=\"bm-blog-post-content bm_content_box\">\n            <h4 class=\"entry-post-title bm_title\"><a href=\"https:\/\/www.economicas.uba.ar\/extension\/vocesenelfenix\/iran-la-mujer-en-la-sociedad-actual\/\" rel=\"bookmark\">Ir\u00e1n: la mujer en la sociedad actual<\/a><\/h4>            <div class=\"bm-blog-post-meta entry-post-meta bm_meta\">\n                            <\/div>\n            <div class=\"entry-post-content bm_content\">\n                | Por Ana Mar\u00eda Siri | La sociedad iran\u00ed es multicultural; est\u00e1 compuesta de etnias que conservan y preservan sus propias tradiciones, religiones, costumbres, lenguas. Esta caracter\u00edstica marca la diferencia <div><a href=\"https:\/\/www.economicas.uba.ar\/extension\/vocesenelfenix\/iran-la-mujer-en-la-sociedad-actual\/\" rel=\"bookmark\" class=\"bm-read-more entry-read-more\">M\u00e1s \u00bb<\/a><div>            <\/div>\n        <\/div>\n    <\/article>\n    <article id=\"post-10428\" class=\"item bm_layout post-10428 post type-post status-publish format-standard has-post-thumbnail hentry category-n-56 tag-asia tag-conflictividad-regional tag-iran tag-luciano-zaccara\">\n\t\t<div class=\"bm-blog-post-image entry-post-image\">\n\t\t\t<div class=\"bm-post-image clearfix bm-hover-effect bm-hover-effect-blur\">\n\t\t\t\t<img loading=\"lazy\" decoding=\"async\" width=\"640\" height=\"405\" src=\"https:\/\/www.economicas.uba.ar\/extension\/vocesenelfenix\/wp-content\/uploads\/5621-zaccara.jpg\" class=\"attachment-large size-large wp-post-image\" alt=\"\" srcset=\"https:\/\/www.economicas.uba.ar\/extension\/vocesenelfenix\/wp-content\/uploads\/5621-zaccara.jpg 1080w, https:\/\/www.economicas.uba.ar\/extension\/vocesenelfenix\/wp-content\/uploads\/5621-zaccara-300x190.jpg 300w, https:\/\/www.economicas.uba.ar\/extension\/vocesenelfenix\/wp-content\/uploads\/5621-zaccara-768x486.jpg 768w\" sizes=\"(max-width: 640px) 100vw, 640px\" \/>\t\t\t<\/div>\n\t\t<\/div>\n        <div class=\"bm-blog-post-content bm_content_box\">\n            <h4 class=\"entry-post-title bm_title\"><a href=\"https:\/\/www.economicas.uba.ar\/extension\/vocesenelfenix\/iran-y-la-region\/\" rel=\"bookmark\">Ir\u00e1n y la regi\u00f3n<\/a><\/h4>            <div class=\"bm-blog-post-meta entry-post-meta bm_meta\">\n                            <\/div>\n            <div class=\"entry-post-content bm_content\">\n                | Por Luciano Zaccara | Desde el triunfo de la Revoluci\u00f3n de 1979, la Rep\u00fablica Isl\u00e1mica de Ir\u00e1n ha estado envuelta por un aura de conflictividad regional e internacional constante. <div><a href=\"https:\/\/www.economicas.uba.ar\/extension\/vocesenelfenix\/iran-y-la-region\/\" rel=\"bookmark\" class=\"bm-read-more entry-read-more\">M\u00e1s \u00bb<\/a><div>            <\/div>\n        <\/div>\n    <\/article>\n    <article id=\"post-10434\" class=\"item bm_layout post-10434 post type-post status-publish format-standard has-post-thumbnail hentry category-n-56 tag-arabia-saudita tag-asia tag-conflictividad-regional tag-guerra-fria tag-guillermo-borella tag-iran tag-siria-2\">\n\t\t<div class=\"bm-blog-post-image entry-post-image\">\n\t\t\t<div class=\"bm-post-image clearfix bm-hover-effect bm-hover-effect-blur\">\n\t\t\t\t<img loading=\"lazy\" decoding=\"async\" width=\"640\" height=\"259\" src=\"https:\/\/www.economicas.uba.ar\/extension\/vocesenelfenix\/wp-content\/uploads\/5622-Borella.jpg\" class=\"attachment-large size-large wp-post-image\" alt=\"\" srcset=\"https:\/\/www.economicas.uba.ar\/extension\/vocesenelfenix\/wp-content\/uploads\/5622-Borella.jpg 1080w, https:\/\/www.economicas.uba.ar\/extension\/vocesenelfenix\/wp-content\/uploads\/5622-Borella-300x121.jpg 300w, https:\/\/www.economicas.uba.ar\/extension\/vocesenelfenix\/wp-content\/uploads\/5622-Borella-768x311.jpg 768w\" sizes=\"(max-width: 640px) 100vw, 640px\" \/>\t\t\t<\/div>\n\t\t<\/div>\n        <div class=\"bm-blog-post-content bm_content_box\">\n            <h4 class=\"entry-post-title bm_title\"><a href=\"https:\/\/www.economicas.uba.ar\/extension\/vocesenelfenix\/iran-y-arabia-saudita-una-rivalidad-en-clave-de-guerra-fria\/\" rel=\"bookmark\">Ir\u00e1n y Arabia Saudita: una rivalidad en clave de guerra fr\u00eda<\/a><\/h4>            <div class=\"bm-blog-post-meta entry-post-meta bm_meta\">\n                            <\/div>\n            <div class=\"entry-post-content bm_content\">\n                | Por Guillermo Borella | Arabia Saudita e Ir\u00e1n se ven unos a otros como enemigos, y est\u00e1n encerrados en una competencia creciente por la influencia y el dominio de <div><a href=\"https:\/\/www.economicas.uba.ar\/extension\/vocesenelfenix\/iran-y-arabia-saudita-una-rivalidad-en-clave-de-guerra-fria\/\" rel=\"bookmark\" class=\"bm-read-more entry-read-more\">M\u00e1s \u00bb<\/a><div>            <\/div>\n        <\/div>\n    <\/article>\n    <article id=\"post-10440\" class=\"item bm_layout post-10440 post type-post status-publish format-standard has-post-thumbnail hentry category-n-56 tag-arquitectura tag-asia tag-azerbaiyan tag-baku tag-jimena-alvarez\">\n\t\t<div class=\"bm-blog-post-image entry-post-image\">\n\t\t\t<div class=\"bm-post-image clearfix bm-hover-effect bm-hover-effect-blur\">\n\t\t\t\t<img loading=\"lazy\" decoding=\"async\" width=\"640\" height=\"405\" src=\"https:\/\/www.economicas.uba.ar\/extension\/vocesenelfenix\/wp-content\/uploads\/5623-Alvarez.jpg\" class=\"attachment-large size-large wp-post-image\" alt=\"\" srcset=\"https:\/\/www.economicas.uba.ar\/extension\/vocesenelfenix\/wp-content\/uploads\/5623-Alvarez.jpg 1080w, https:\/\/www.economicas.uba.ar\/extension\/vocesenelfenix\/wp-content\/uploads\/5623-Alvarez-300x190.jpg 300w, https:\/\/www.economicas.uba.ar\/extension\/vocesenelfenix\/wp-content\/uploads\/5623-Alvarez-768x486.jpg 768w\" sizes=\"(max-width: 640px) 100vw, 640px\" \/>\t\t\t<\/div>\n\t\t<\/div>\n        <div class=\"bm-blog-post-content bm_content_box\">\n            <h4 class=\"entry-post-title bm_title\"><a href=\"https:\/\/www.economicas.uba.ar\/extension\/vocesenelfenix\/azerbaiyan-a-traves-de-la-arquitectura-de-baku\/\" rel=\"bookmark\">Azerbaiy\u00e1n a trav\u00e9s de la arquitectura de Bak\u00fa<\/a><\/h4>            <div class=\"bm-blog-post-meta entry-post-meta bm_meta\">\n                            <\/div>\n            <div class=\"entry-post-content bm_content\">\n                | Por Jimena \u00c1lvarez | Bak\u00fa, al igual que todo el pa\u00eds, es una mezcla de tradici\u00f3n y dise\u00f1o futurista, que reflejan la evoluci\u00f3n que est\u00e1 atravesando su sociedad a <div><a href=\"https:\/\/www.economicas.uba.ar\/extension\/vocesenelfenix\/azerbaiyan-a-traves-de-la-arquitectura-de-baku\/\" rel=\"bookmark\" class=\"bm-read-more entry-read-more\">M\u00e1s \u00bb<\/a><div>            <\/div>\n        <\/div>\n    <\/article>\n\t\t\t\t<\/div><\/div>\n\t\t\t\t\t\t\t\t<\/div>\n\t\t\t\t<\/div>\n\t\t\t\t\t<\/div>\n\t\t<\/div>\n\t\t\t\t\t<\/div>\n\t\t<\/section>\n\t\t\t\t<section class=\"elementor-section elementor-top-section elementor-element elementor-element-8b0bb43 elementor-section-boxed elementor-section-height-default elementor-section-height-default\" data-id=\"8b0bb43\" data-element_type=\"section\" data-e-type=\"section\" data-settings=\"{&quot;background_background&quot;:&quot;classic&quot;}\">\n\t\t\t\t\t\t<div class=\"elementor-container elementor-column-gap-default\">\n\t\t\t\t\t<div class=\"elementor-column elementor-col-100 elementor-top-column elementor-element elementor-element-3cfc551\" data-id=\"3cfc551\" data-element_type=\"column\" data-e-type=\"column\">\n\t\t\t<div class=\"elementor-widget-wrap elementor-element-populated\">\n\t\t\t\t\t\t<div class=\"elementor-element elementor-element-c18ddce elementor-widget elementor-widget-text-editor\" data-id=\"c18ddce\" data-element_type=\"widget\" data-e-type=\"widget\" data-widget_type=\"text-editor.default\">\n\t\t\t\t<div class=\"elementor-widget-container\">\n\t\t\t\t\t\t\t\t\t<iframe width=\"560\" height=\"315\" src=\"https:\/\/www.youtube.com\/embed\/videoseries?list=PLeYdj9X0_ljmyckDY76qpnxpzJaq8j8fi\" title=\"YouTube video player\" frameborder=\"0\" allow=\"accelerometer; autoplay; clipboard-write; encrypted-media; gyroscope; picture-in-picture\" allowfullscreen><\/iframe>\t\t\t\t\t\t\t\t<\/div>\n\t\t\t\t<\/div>\n\t\t\t\t\t<\/div>\n\t\t<\/div>\n\t\t\t\t\t<\/div>\n\t\t<\/section>\n\t\t\t\t<\/div>\n\t\t","protected":false},"excerpt":{"rendered":"<p>N\u00daMERO 56 LA RUTA DE LA SEDA ASIA EL TERRITORIO ASI\u00c1TICO SE HA CONVERTIDO EN EL CENTRO DE ATENCI\u00d3N DEL MUNDO ENTERO. CONFLICTOS ARMADOS, LAS MAYORES RESERVAS DE RECURSOS ENERG\u00c9TICOS<\/p>\n","protected":false},"author":5,"featured_media":0,"parent":0,"menu_order":0,"comment_status":"closed","ping_status":"closed","template":"","meta":{"footnotes":""},"class_list":["post-10267","page","type-page","status-publish","hentry"],"_links":{"self":[{"href":"https:\/\/www.economicas.uba.ar\/extension\/vocesenelfenix\/wp-json\/wp\/v2\/pages\/10267","targetHints":{"allow":["GET"]}}],"collection":[{"href":"https:\/\/www.economicas.uba.ar\/extension\/vocesenelfenix\/wp-json\/wp\/v2\/pages"}],"about":[{"href":"https:\/\/www.economicas.uba.ar\/extension\/vocesenelfenix\/wp-json\/wp\/v2\/types\/page"}],"author":[{"embeddable":true,"href":"https:\/\/www.economicas.uba.ar\/extension\/vocesenelfenix\/wp-json\/wp\/v2\/users\/5"}],"replies":[{"embeddable":true,"href":"https:\/\/www.economicas.uba.ar\/extension\/vocesenelfenix\/wp-json\/wp\/v2\/comments?post=10267"}],"version-history":[{"count":7,"href":"https:\/\/www.economicas.uba.ar\/extension\/vocesenelfenix\/wp-json\/wp\/v2\/pages\/10267\/revisions"}],"predecessor-version":[{"id":10282,"href":"https:\/\/www.economicas.uba.ar\/extension\/vocesenelfenix\/wp-json\/wp\/v2\/pages\/10267\/revisions\/10282"}],"wp:attachment":[{"href":"https:\/\/www.economicas.uba.ar\/extension\/vocesenelfenix\/wp-json\/wp\/v2\/media?parent=10267"}],"curies":[{"name":"wp","href":"https:\/\/api.w.org\/{rel}","templated":true}]}}