{"id":10449,"date":"2016-06-01T00:01:00","date_gmt":"2016-06-01T03:01:00","guid":{"rendered":"https:\/\/www.economicas.uba.ar\/extension\/vocesenelfenix\/?page_id=10449"},"modified":"2022-03-17T18:41:33","modified_gmt":"2022-03-17T21:41:33","slug":"numero-55","status":"publish","type":"page","link":"https:\/\/www.economicas.uba.ar\/extension\/vocesenelfenix\/numero-55\/","title":{"rendered":"N\u00famero 55"},"content":{"rendered":"\t\t<div data-elementor-type=\"wp-page\" data-elementor-id=\"10449\" class=\"elementor elementor-10449\" data-elementor-post-type=\"page\">\n\t\t\t\t\t\t<section class=\"elementor-section elementor-top-section elementor-element elementor-element-1181393 elementor-section-boxed elementor-section-height-default elementor-section-height-default\" data-id=\"1181393\" data-element_type=\"section\" data-e-type=\"section\" data-settings=\"{&quot;background_background&quot;:&quot;classic&quot;}\">\n\t\t\t\t\t\t<div class=\"elementor-container elementor-column-gap-default\">\n\t\t\t\t\t<div class=\"elementor-column elementor-col-33 elementor-top-column elementor-element elementor-element-1933b5a\" data-id=\"1933b5a\" data-element_type=\"column\" data-e-type=\"column\">\n\t\t\t<div class=\"elementor-widget-wrap elementor-element-populated\">\n\t\t\t\t\t\t<div class=\"elementor-element elementor-element-a46be95 elementor-widget elementor-widget-image\" data-id=\"a46be95\" data-element_type=\"widget\" data-e-type=\"widget\" data-widget_type=\"image.default\">\n\t\t\t\t<div class=\"elementor-widget-container\">\n\t\t\t\t\t\t\t\t\t\t\t\t\t\t\t\t<a href=\"https:\/\/drive.google.com\/file\/d\/11VzOGB_RQpz-MgMRe2XldBk2e0qDKLB1\/view\" target=\"_blank\">\n\t\t\t\t\t\t\t<img fetchpriority=\"high\" decoding=\"async\" width=\"193\" height=\"267\" src=\"https:\/\/www.economicas.uba.ar\/extension\/vocesenelfenix\/wp-content\/uploads\/tapa55.jpg\" class=\"attachment-large size-large wp-image-1923\" alt=\"\" \/>\t\t\t\t\t\t\t\t<\/a>\n\t\t\t\t\t\t\t\t\t\t\t\t\t\t\t<\/div>\n\t\t\t\t<\/div>\n\t\t\t\t\t<\/div>\n\t\t<\/div>\n\t\t\t\t<div class=\"elementor-column elementor-col-66 elementor-top-column elementor-element elementor-element-5bfd09c\" data-id=\"5bfd09c\" data-element_type=\"column\" data-e-type=\"column\">\n\t\t\t<div class=\"elementor-widget-wrap elementor-element-populated\">\n\t\t\t\t\t\t<div class=\"elementor-element elementor-element-f876c60 elementor-widget elementor-widget-text-editor\" data-id=\"f876c60\" data-element_type=\"widget\" data-e-type=\"widget\" data-widget_type=\"text-editor.default\">\n\t\t\t\t<div class=\"elementor-widget-container\">\n\t\t\t\t\t\t\t\t\t<h5>N\u00daMERO 55<\/h5><h3>CENIZAS DEL PARA\u00cdSO<\/h3><h6>ECONOM\u00cdA INTERNACIONAL<\/h6><p><br \/>DESDE EL ESTALLIDO DE LA BURBUJA FINANCIERA DEL 2008 SE HA DESATADO UNA CRISIS QUE PARECE NO TENER FIN. EN UN ESCENARIO EN DISPUTA ENTRE LOS PA\u00cdSES DESARROLLADOS Y ADEM\u00c1S EN CONFRONTACI\u00d3N CON LOS EMERGENTES SE CONFIGURA EL MUNDO EN EL QUE VIVIREMOS EN LAS PR\u00d3XIMAS D\u00c9CADAS.<\/p>\t\t\t\t\t\t\t\t<\/div>\n\t\t\t\t<\/div>\n\t\t\t\t<div class=\"elementor-element elementor-element-89c99a5 elementor-widget elementor-widget-button\" data-id=\"89c99a5\" data-element_type=\"widget\" data-e-type=\"widget\" data-widget_type=\"button.default\">\n\t\t\t\t<div class=\"elementor-widget-container\">\n\t\t\t\t\t\t\t\t\t<div class=\"elementor-button-wrapper\">\n\t\t\t\t\t<a class=\"elementor-button elementor-button-link elementor-size-xs\" href=\"https:\/\/drive.google.com\/file\/d\/11VzOGB_RQpz-MgMRe2XldBk2e0qDKLB1\/view\" target=\"_blank\">\n\t\t\t\t\t\t<span class=\"elementor-button-content-wrapper\">\n\t\t\t\t\t\t\t\t\t<span class=\"elementor-button-text\">Descarg\u00e1 el PDF<\/span>\n\t\t\t\t\t<\/span>\n\t\t\t\t\t<\/a>\n\t\t\t\t<\/div>\n\t\t\t\t\t\t\t\t<\/div>\n\t\t\t\t<\/div>\n\t\t\t\t\t<\/div>\n\t\t<\/div>\n\t\t\t\t\t<\/div>\n\t\t<\/section>\n\t\t\t\t<section class=\"elementor-section elementor-top-section elementor-element elementor-element-c6142b1 elementor-section-boxed elementor-section-height-default elementor-section-height-default\" data-id=\"c6142b1\" data-element_type=\"section\" data-e-type=\"section\">\n\t\t\t\t\t\t<div class=\"elementor-container elementor-column-gap-default\">\n\t\t\t\t\t<div class=\"elementor-column elementor-col-100 elementor-top-column elementor-element elementor-element-8c4aff1\" data-id=\"8c4aff1\" data-element_type=\"column\" data-e-type=\"column\">\n\t\t\t<div class=\"elementor-widget-wrap elementor-element-populated\">\n\t\t\t\t\t\t<div class=\"elementor-element elementor-element-80016d9 elementor-grid-3 elementor-grid-tablet-2 elementor-grid-mobile-1 elementor-posts--align-left elementor-widget elementor-widget-blogmentor_blog_posts\" data-id=\"80016d9\" data-element_type=\"widget\" data-e-type=\"widget\" data-settings=\"{&quot;bm_grid_columns&quot;:&quot;3&quot;,&quot;bm_grid_columns_tablet&quot;:&quot;2&quot;,&quot;bm_grid_columns_mobile&quot;:&quot;1&quot;,&quot;post_card_grid_gap&quot;:{&quot;unit&quot;:&quot;px&quot;,&quot;size&quot;:10,&quot;sizes&quot;:[]},&quot;post_card_row_gap&quot;:{&quot;unit&quot;:&quot;px&quot;,&quot;size&quot;:35,&quot;sizes&quot;:[]}}\" data-widget_type=\"blogmentor_blog_posts.default\">\n\t\t\t\t<div class=\"elementor-widget-container\">\n\t\t\t\t\t\t\t\n\t\t\t\t\t\t\t\t<div class=\"bm-blog-posts-wrapper\" >\n\t\t\t\t\t\t\t<div class=\"bm-blog-posts bm-display-grid elementor-grid elementor-grid-3\" >\n\t\t\t\t    <article id=\"post-10456\" class=\"item bm_layout post-10456 post type-post status-publish format-standard has-post-thumbnail hentry category-n-55 tag-abraham-leonardo-gak tag-crisis tag-economia-internacional tag-editorial\">\n\t\t<div class=\"bm-blog-post-image entry-post-image\">\n\t\t\t<div class=\"bm-post-image clearfix bm-hover-effect bm-hover-effect-blur\">\n\t\t\t\t<img decoding=\"async\" width=\"640\" height=\"438\" src=\"https:\/\/www.economicas.uba.ar\/extension\/vocesenelfenix\/wp-content\/uploads\/5500-Gak.jpg\" class=\"attachment-large size-large wp-post-image\" alt=\"\" srcset=\"https:\/\/www.economicas.uba.ar\/extension\/vocesenelfenix\/wp-content\/uploads\/5500-Gak.jpg 1080w, https:\/\/www.economicas.uba.ar\/extension\/vocesenelfenix\/wp-content\/uploads\/5500-Gak-300x205.jpg 300w, https:\/\/www.economicas.uba.ar\/extension\/vocesenelfenix\/wp-content\/uploads\/5500-Gak-768x526.jpg 768w\" sizes=\"(max-width: 640px) 100vw, 640px\" \/>\t\t\t<\/div>\n\t\t<\/div>\n        <div class=\"bm-blog-post-content bm_content_box\">\n            <h4 class=\"entry-post-title bm_title\"><a href=\"https:\/\/www.economicas.uba.ar\/extension\/vocesenelfenix\/editorial-la-vigencia-de-la-crisis\/\" rel=\"bookmark\">Editorial: La vigencia de la crisis<\/a><\/h4>            <div class=\"bm-blog-post-meta entry-post-meta bm_meta\">\n                            <\/div>\n            <div class=\"entry-post-content bm_content\">\n                | Por Abraham Leonardo Gak |            <\/div>\n        <\/div>\n    <\/article>\n    <article id=\"post-10471\" class=\"item bm_layout post-10471 post type-post status-publish format-standard has-post-thumbnail hentry category-n-55 tag-crisis tag-economia-internacional tag-integracion tag-pablo-g-bortz tag-refugiados\">\n\t\t<div class=\"bm-blog-post-image entry-post-image\">\n\t\t\t<div class=\"bm-post-image clearfix bm-hover-effect bm-hover-effect-blur\">\n\t\t\t\t<img decoding=\"async\" width=\"640\" height=\"440\" src=\"https:\/\/www.economicas.uba.ar\/extension\/vocesenelfenix\/wp-content\/uploads\/5501-Bortz.jpg\" class=\"attachment-large size-large wp-post-image\" alt=\"\" srcset=\"https:\/\/www.economicas.uba.ar\/extension\/vocesenelfenix\/wp-content\/uploads\/5501-Bortz.jpg 1080w, https:\/\/www.economicas.uba.ar\/extension\/vocesenelfenix\/wp-content\/uploads\/5501-Bortz-300x206.jpg 300w, https:\/\/www.economicas.uba.ar\/extension\/vocesenelfenix\/wp-content\/uploads\/5501-Bortz-768x528.jpg 768w\" sizes=\"(max-width: 640px) 100vw, 640px\" \/>\t\t\t<\/div>\n\t\t<\/div>\n        <div class=\"bm-blog-post-content bm_content_box\">\n            <h4 class=\"entry-post-title bm_title\"><a href=\"https:\/\/www.economicas.uba.ar\/extension\/vocesenelfenix\/un-retroceso-permanente\/\" rel=\"bookmark\">Un retroceso permanente<\/a><\/h4>            <div class=\"bm-blog-post-meta entry-post-meta bm_meta\">\n                            <\/div>\n            <div class=\"entry-post-content bm_content\">\n                | Por Pablo G. Bortz | La crisis europea iniciada en 2010 puso en cuesti\u00f3n un proyecto pol\u00edtico y econ\u00f3mico que hab\u00eda avanzado durante sesenta y cinco a\u00f1os. Cuando los <div><a href=\"https:\/\/www.economicas.uba.ar\/extension\/vocesenelfenix\/un-retroceso-permanente\/\" rel=\"bookmark\" class=\"bm-read-more entry-read-more\">M\u00e1s \u00bb<\/a><div>            <\/div>\n        <\/div>\n    <\/article>\n    <article id=\"post-10477\" class=\"item bm_layout post-10477 post type-post status-publish format-standard has-post-thumbnail hentry category-n-55 tag-augusto-costa tag-brexit tag-capitalismo tag-economia-internacional tag-union-europea\">\n\t\t<div class=\"bm-blog-post-image entry-post-image\">\n\t\t\t<div class=\"bm-post-image clearfix bm-hover-effect bm-hover-effect-blur\">\n\t\t\t\t<img loading=\"lazy\" decoding=\"async\" width=\"640\" height=\"430\" src=\"https:\/\/www.economicas.uba.ar\/extension\/vocesenelfenix\/wp-content\/uploads\/5502-Costa.jpg\" class=\"attachment-large size-large wp-post-image\" alt=\"\" srcset=\"https:\/\/www.economicas.uba.ar\/extension\/vocesenelfenix\/wp-content\/uploads\/5502-Costa.jpg 1080w, https:\/\/www.economicas.uba.ar\/extension\/vocesenelfenix\/wp-content\/uploads\/5502-Costa-300x201.jpg 300w, https:\/\/www.economicas.uba.ar\/extension\/vocesenelfenix\/wp-content\/uploads\/5502-Costa-768x516.jpg 768w\" sizes=\"(max-width: 640px) 100vw, 640px\" \/>\t\t\t<\/div>\n\t\t<\/div>\n        <div class=\"bm-blog-post-content bm_content_box\">\n            <h4 class=\"entry-post-title bm_title\"><a href=\"https:\/\/www.economicas.uba.ar\/extension\/vocesenelfenix\/de-que-hablamos-cuando-hablamos-de-brexit\/\" rel=\"bookmark\">\u00bfDe qu\u00e9 hablamos cuando hablamos de \u201cBrexit\u201d?<\/a><\/h4>            <div class=\"bm-blog-post-meta entry-post-meta bm_meta\">\n                            <\/div>\n            <div class=\"entry-post-content bm_content\">\n                | Por Augusto Costa | La decisi\u00f3n de los brit\u00e1nicos de dejar la Uni\u00f3n Europea provoc\u00f3 un quiebre de consecuencias impredecibles. M\u00e1s all\u00e1 del hecho en s\u00ed, lo que queda <div><a href=\"https:\/\/www.economicas.uba.ar\/extension\/vocesenelfenix\/de-que-hablamos-cuando-hablamos-de-brexit\/\" rel=\"bookmark\" class=\"bm-read-more entry-read-more\">M\u00e1s \u00bb<\/a><div>            <\/div>\n        <\/div>\n    <\/article>\n    <article id=\"post-10483\" class=\"item bm_layout post-10483 post type-post status-publish format-standard has-post-thumbnail hentry category-n-55 tag-banca-italiana tag-brexit tag-crisis tag-crisis-financiera tag-economia-internacional tag-leandro-martin-ottone tag-nicolas-todesca\">\n\t\t<div class=\"bm-blog-post-image entry-post-image\">\n\t\t\t<div class=\"bm-post-image clearfix bm-hover-effect bm-hover-effect-blur\">\n\t\t\t\t<img loading=\"lazy\" decoding=\"async\" width=\"640\" height=\"429\" src=\"https:\/\/www.economicas.uba.ar\/extension\/vocesenelfenix\/wp-content\/uploads\/5503-Ottone.jpg\" class=\"attachment-large size-large wp-post-image\" alt=\"\" srcset=\"https:\/\/www.economicas.uba.ar\/extension\/vocesenelfenix\/wp-content\/uploads\/5503-Ottone.jpg 1080w, https:\/\/www.economicas.uba.ar\/extension\/vocesenelfenix\/wp-content\/uploads\/5503-Ottone-300x201.jpg 300w, https:\/\/www.economicas.uba.ar\/extension\/vocesenelfenix\/wp-content\/uploads\/5503-Ottone-768x515.jpg 768w\" sizes=\"(max-width: 640px) 100vw, 640px\" \/>\t\t\t<\/div>\n\t\t<\/div>\n        <div class=\"bm-blog-post-content bm_content_box\">\n            <h4 class=\"entry-post-title bm_title\"><a href=\"https:\/\/www.economicas.uba.ar\/extension\/vocesenelfenix\/del-brexit-a-la-crisis-de-la-banca-italiana-problemas-financieros-actuales\/\" rel=\"bookmark\">Del \u201cBrexit\u201d a la crisis de la banca italiana: problemas financieros actuales<\/a><\/h4>            <div class=\"bm-blog-post-meta entry-post-meta bm_meta\">\n                            <\/div>\n            <div class=\"entry-post-content bm_content\">\n                | Por Leandro Mart\u00edn Ottone y Nicol\u00e1s Todesca | Los eventos de estr\u00e9s financiero internacional no solo incrementan la volatilidad en los precios de las materias primas sino que pueden <div><a href=\"https:\/\/www.economicas.uba.ar\/extension\/vocesenelfenix\/del-brexit-a-la-crisis-de-la-banca-italiana-problemas-financieros-actuales\/\" rel=\"bookmark\" class=\"bm-read-more entry-read-more\">M\u00e1s \u00bb<\/a><div>            <\/div>\n        <\/div>\n    <\/article>\n    <article id=\"post-10496\" class=\"item bm_layout post-10496 post type-post status-publish format-standard has-post-thumbnail hentry category-n-55 tag-brics tag-economia-internacional tag-fernando-agustin-falbo tag-haroldo-montagu tag-latinoamerica\">\n\t\t<div class=\"bm-blog-post-image entry-post-image\">\n\t\t\t<div class=\"bm-post-image clearfix bm-hover-effect bm-hover-effect-blur\">\n\t\t\t\t<img loading=\"lazy\" decoding=\"async\" width=\"640\" height=\"405\" src=\"https:\/\/www.economicas.uba.ar\/extension\/vocesenelfenix\/wp-content\/uploads\/5504-Falbo.jpg\" class=\"attachment-large size-large wp-post-image\" alt=\"\" srcset=\"https:\/\/www.economicas.uba.ar\/extension\/vocesenelfenix\/wp-content\/uploads\/5504-Falbo.jpg 1080w, https:\/\/www.economicas.uba.ar\/extension\/vocesenelfenix\/wp-content\/uploads\/5504-Falbo-300x190.jpg 300w, https:\/\/www.economicas.uba.ar\/extension\/vocesenelfenix\/wp-content\/uploads\/5504-Falbo-768x486.jpg 768w\" sizes=\"(max-width: 640px) 100vw, 640px\" \/>\t\t\t<\/div>\n\t\t<\/div>\n        <div class=\"bm-blog-post-content bm_content_box\">\n            <h4 class=\"entry-post-title bm_title\"><a href=\"https:\/\/www.economicas.uba.ar\/extension\/vocesenelfenix\/latinoamerica-otra-vez-en-la-encrucijada\/\" rel=\"bookmark\">Latinoam\u00e9rica, (otra vez) en la encrucijada<\/a><\/h4>            <div class=\"bm-blog-post-meta entry-post-meta bm_meta\">\n                            <\/div>\n            <div class=\"entry-post-content bm_content\">\n                | Por Fernando Agust\u00edn Falbo y Haroldo Montagu | Las econom\u00edas de la regi\u00f3n se est\u00e1n enfrentando a un contexto internacional adverso, que cada d\u00eda se complejiza m\u00e1s. En este <div><a href=\"https:\/\/www.economicas.uba.ar\/extension\/vocesenelfenix\/latinoamerica-otra-vez-en-la-encrucijada\/\" rel=\"bookmark\" class=\"bm-read-more entry-read-more\">M\u00e1s \u00bb<\/a><div>            <\/div>\n        <\/div>\n    <\/article>\n    <article id=\"post-10505\" class=\"item bm_layout post-10505 post type-post status-publish format-standard has-post-thumbnail hentry category-n-55 tag-alianza-del-pacifico tag-argentina tag-carlos-bianco tag-economia-internacional tag-mercosur tag-politica-exterior\">\n\t\t<div class=\"bm-blog-post-image entry-post-image\">\n\t\t\t<div class=\"bm-post-image clearfix bm-hover-effect bm-hover-effect-blur\">\n\t\t\t\t<img loading=\"lazy\" decoding=\"async\" width=\"640\" height=\"433\" src=\"https:\/\/www.economicas.uba.ar\/extension\/vocesenelfenix\/wp-content\/uploads\/5505-Bianco.jpg\" class=\"attachment-large size-large wp-post-image\" alt=\"\" srcset=\"https:\/\/www.economicas.uba.ar\/extension\/vocesenelfenix\/wp-content\/uploads\/5505-Bianco.jpg 1080w, https:\/\/www.economicas.uba.ar\/extension\/vocesenelfenix\/wp-content\/uploads\/5505-Bianco-300x203.jpg 300w, https:\/\/www.economicas.uba.ar\/extension\/vocesenelfenix\/wp-content\/uploads\/5505-Bianco-768x519.jpg 768w\" sizes=\"(max-width: 640px) 100vw, 640px\" \/>\t\t\t<\/div>\n\t\t<\/div>\n        <div class=\"bm-blog-post-content bm_content_box\">\n            <h4 class=\"entry-post-title bm_title\"><a href=\"https:\/\/www.economicas.uba.ar\/extension\/vocesenelfenix\/las-dos-puntas-la-argentina-entre-el-mercosur-y-la-alianza-del-pacifico\/\" rel=\"bookmark\">Las dos puntas: la Argentina entre el Mercosur y la Alianza del Pac\u00edfico<\/a><\/h4>            <div class=\"bm-blog-post-meta entry-post-meta bm_meta\">\n                            <\/div>\n            <div class=\"entry-post-content bm_content\">\n                | Por Carlos Bianco | Con el cambio de gobierno se comenz\u00f3 a experimentar tambi\u00e9n un viraje en la pol\u00edtica exterior y sobre todo en lo referido a las alianzas <div><a href=\"https:\/\/www.economicas.uba.ar\/extension\/vocesenelfenix\/las-dos-puntas-la-argentina-entre-el-mercosur-y-la-alianza-del-pacifico\/\" rel=\"bookmark\" class=\"bm-read-more entry-read-more\">M\u00e1s \u00bb<\/a><div>            <\/div>\n        <\/div>\n    <\/article>\n    <article id=\"post-10512\" class=\"item bm_layout post-10512 post type-post status-publish format-standard has-post-thumbnail hentry category-n-55 tag-brasil tag-crisis tag-democracia tag-desarrollo tag-economia-internacional tag-eduardo-crespo tag-inclusion\">\n\t\t<div class=\"bm-blog-post-image entry-post-image\">\n\t\t\t<div class=\"bm-post-image clearfix bm-hover-effect bm-hover-effect-blur\">\n\t\t\t\t<img loading=\"lazy\" decoding=\"async\" width=\"640\" height=\"433\" src=\"https:\/\/www.economicas.uba.ar\/extension\/vocesenelfenix\/wp-content\/uploads\/5506-Crespo.jpg\" class=\"attachment-large size-large wp-post-image\" alt=\"\" srcset=\"https:\/\/www.economicas.uba.ar\/extension\/vocesenelfenix\/wp-content\/uploads\/5506-Crespo.jpg 1080w, https:\/\/www.economicas.uba.ar\/extension\/vocesenelfenix\/wp-content\/uploads\/5506-Crespo-300x203.jpg 300w, https:\/\/www.economicas.uba.ar\/extension\/vocesenelfenix\/wp-content\/uploads\/5506-Crespo-768x519.jpg 768w\" sizes=\"(max-width: 640px) 100vw, 640px\" \/>\t\t\t<\/div>\n\t\t<\/div>\n        <div class=\"bm-blog-post-content bm_content_box\">\n            <h4 class=\"entry-post-title bm_title\"><a href=\"https:\/\/www.economicas.uba.ar\/extension\/vocesenelfenix\/brasil-la-vuelta-al-estancamiento-relativo\/\" rel=\"bookmark\">Brasil: la vuelta al estancamiento relativo<\/a><\/h4>            <div class=\"bm-blog-post-meta entry-post-meta bm_meta\">\n                            <\/div>\n            <div class=\"entry-post-content bm_content\">\n                | Por Eduardo Crespo | Desde su independencia, Brasil experiment\u00f3 numerosas fases de expansi\u00f3n y estancamiento. Como en el resto de la regi\u00f3n, desde la recuperaci\u00f3n democr\u00e1tica nunca se logr\u00f3 <div><a href=\"https:\/\/www.economicas.uba.ar\/extension\/vocesenelfenix\/brasil-la-vuelta-al-estancamiento-relativo\/\" rel=\"bookmark\" class=\"bm-read-more entry-read-more\">M\u00e1s \u00bb<\/a><div>            <\/div>\n        <\/div>\n    <\/article>\n    <article id=\"post-10521\" class=\"item bm_layout post-10521 post type-post status-publish format-standard has-post-thumbnail hentry category-n-55 tag-carlos-marichal tag-deuda-externa tag-economia-internacional tag-latinoamerica\">\n\t\t<div class=\"bm-blog-post-image entry-post-image\">\n\t\t\t<div class=\"bm-post-image clearfix bm-hover-effect bm-hover-effect-blur\">\n\t\t\t\t<img loading=\"lazy\" decoding=\"async\" width=\"640\" height=\"432\" src=\"https:\/\/www.economicas.uba.ar\/extension\/vocesenelfenix\/wp-content\/uploads\/5507-Marichal.jpg\" class=\"attachment-large size-large wp-post-image\" alt=\"\" srcset=\"https:\/\/www.economicas.uba.ar\/extension\/vocesenelfenix\/wp-content\/uploads\/5507-Marichal.jpg 1080w, https:\/\/www.economicas.uba.ar\/extension\/vocesenelfenix\/wp-content\/uploads\/5507-Marichal-300x203.jpg 300w, https:\/\/www.economicas.uba.ar\/extension\/vocesenelfenix\/wp-content\/uploads\/5507-Marichal-768x518.jpg 768w\" sizes=\"(max-width: 640px) 100vw, 640px\" \/>\t\t\t<\/div>\n\t\t<\/div>\n        <div class=\"bm-blog-post-content bm_content_box\">\n            <h4 class=\"entry-post-title bm_title\"><a href=\"https:\/\/www.economicas.uba.ar\/extension\/vocesenelfenix\/el-regreso-de-las-deudas-externas-un-nuevo-capitulo-en-la-historia-financiera-y-politica-latinoamericana\/\" rel=\"bookmark\">El regreso de las deudas externas. Un nuevo cap\u00edtulo en la historia financiera y pol\u00edtica latinoamericana<\/a><\/h4>            <div class=\"bm-blog-post-meta entry-post-meta bm_meta\">\n                            <\/div>\n            <div class=\"entry-post-content bm_content\">\n                | Por Carlos Marichal | En los \u00faltimos dos a\u00f1os los pa\u00edses latinoamericanos han registrado un aumento notorio de su endeudamiento. Esta tendencia est\u00e1 vinculada al declive pronunciado del ciclo <div><a href=\"https:\/\/www.economicas.uba.ar\/extension\/vocesenelfenix\/el-regreso-de-las-deudas-externas-un-nuevo-capitulo-en-la-historia-financiera-y-politica-latinoamericana\/\" rel=\"bookmark\" class=\"bm-read-more entry-read-more\">M\u00e1s \u00bb<\/a><div>            <\/div>\n        <\/div>\n    <\/article>\n    <article id=\"post-10533\" class=\"item bm_layout post-10533 post type-post status-publish format-standard has-post-thumbnail hentry category-n-55 tag-china tag-economia-internacional tag-gigante-asiatico tag-martin-burgos tag-revolucion-economica tag-revolucion-social\">\n\t\t<div class=\"bm-blog-post-image entry-post-image\">\n\t\t\t<div class=\"bm-post-image clearfix bm-hover-effect bm-hover-effect-blur\">\n\t\t\t\t<img loading=\"lazy\" decoding=\"async\" width=\"640\" height=\"437\" src=\"https:\/\/www.economicas.uba.ar\/extension\/vocesenelfenix\/wp-content\/uploads\/5508-Burgos.jpg\" class=\"attachment-large size-large wp-post-image\" alt=\"\" srcset=\"https:\/\/www.economicas.uba.ar\/extension\/vocesenelfenix\/wp-content\/uploads\/5508-Burgos.jpg 1080w, https:\/\/www.economicas.uba.ar\/extension\/vocesenelfenix\/wp-content\/uploads\/5508-Burgos-300x205.jpg 300w, https:\/\/www.economicas.uba.ar\/extension\/vocesenelfenix\/wp-content\/uploads\/5508-Burgos-768x524.jpg 768w\" sizes=\"(max-width: 640px) 100vw, 640px\" \/>\t\t\t<\/div>\n\t\t<\/div>\n        <div class=\"bm-blog-post-content bm_content_box\">\n            <h4 class=\"entry-post-title bm_title\"><a href=\"https:\/\/www.economicas.uba.ar\/extension\/vocesenelfenix\/china-un-gigante-con-pies-de-barro\/\" rel=\"bookmark\">China: un gigante con pies de barro<\/a><\/h4>            <div class=\"bm-blog-post-meta entry-post-meta bm_meta\">\n                            <\/div>\n            <div class=\"entry-post-content bm_content\">\n                | Por Mart\u00edn Burgos | China est\u00e1 viviendo una revoluci\u00f3n econ\u00f3mica y social que modific\u00f3 su paisaje urbano en pocas d\u00e9cadas e inund\u00f3 el mundo con productos. Sin embargo, oscuros <div><a href=\"https:\/\/www.economicas.uba.ar\/extension\/vocesenelfenix\/china-un-gigante-con-pies-de-barro\/\" rel=\"bookmark\" class=\"bm-read-more entry-read-more\">M\u00e1s \u00bb<\/a><div>            <\/div>\n        <\/div>\n    <\/article>\n    <article id=\"post-10539\" class=\"item bm_layout post-10539 post type-post status-publish format-standard has-post-thumbnail hentry category-n-55 tag-desarrollo tag-economia-internacional tag-manuel-f-montes tag-sistema-financiero\">\n\t\t<div class=\"bm-blog-post-image entry-post-image\">\n\t\t\t<div class=\"bm-post-image clearfix bm-hover-effect bm-hover-effect-blur\">\n\t\t\t\t<img loading=\"lazy\" decoding=\"async\" width=\"640\" height=\"407\" src=\"https:\/\/www.economicas.uba.ar\/extension\/vocesenelfenix\/wp-content\/uploads\/5509-Montes.jpg\" class=\"attachment-large size-large wp-post-image\" alt=\"\" srcset=\"https:\/\/www.economicas.uba.ar\/extension\/vocesenelfenix\/wp-content\/uploads\/5509-Montes.jpg 1080w, https:\/\/www.economicas.uba.ar\/extension\/vocesenelfenix\/wp-content\/uploads\/5509-Montes-300x191.jpg 300w, https:\/\/www.economicas.uba.ar\/extension\/vocesenelfenix\/wp-content\/uploads\/5509-Montes-768x488.jpg 768w\" sizes=\"(max-width: 640px) 100vw, 640px\" \/>\t\t\t<\/div>\n\t\t<\/div>\n        <div class=\"bm-blog-post-content bm_content_box\">\n            <h4 class=\"entry-post-title bm_title\"><a href=\"https:\/\/www.economicas.uba.ar\/extension\/vocesenelfenix\/sobre-la-existencia-de-cuestiones-sistemicas-y-sus-implicancias-en-materia-de-politicas\/\" rel=\"bookmark\">Sobre la existencia de cuestiones sist\u00e9micas y sus implicancias en materia de pol\u00edticas<\/a><\/h4>            <div class=\"bm-blog-post-meta entry-post-meta bm_meta\">\n                            <\/div>\n            <div class=\"entry-post-content bm_content\">\n                | Por Manuel F. Montes | En escenarios de elevada volatilidad del sistema financiero, la respuesta internacional autom\u00e1tica es privilegiar el rescate a los acreedores internacionales e imponer del lado <div><a href=\"https:\/\/www.economicas.uba.ar\/extension\/vocesenelfenix\/sobre-la-existencia-de-cuestiones-sistemicas-y-sus-implicancias-en-materia-de-politicas\/\" rel=\"bookmark\" class=\"bm-read-more entry-read-more\">M\u00e1s \u00bb<\/a><div>            <\/div>\n        <\/div>\n    <\/article>\n    <article id=\"post-10555\" class=\"item bm_layout post-10555 post type-post status-publish format-standard has-post-thumbnail hentry category-n-55 tag-bancos-centrales tag-economia-internacional tag-fmi tag-jorge-arturo-luna tag-oscar-ugarteche tag-raul-esqueda\">\n\t\t<div class=\"bm-blog-post-image entry-post-image\">\n\t\t\t<div class=\"bm-post-image clearfix bm-hover-effect bm-hover-effect-blur\">\n\t\t\t\t<img loading=\"lazy\" decoding=\"async\" width=\"640\" height=\"434\" src=\"https:\/\/www.economicas.uba.ar\/extension\/vocesenelfenix\/wp-content\/uploads\/5510-Ugarteche.jpg\" class=\"attachment-large size-large wp-post-image\" alt=\"\" srcset=\"https:\/\/www.economicas.uba.ar\/extension\/vocesenelfenix\/wp-content\/uploads\/5510-Ugarteche.jpg 1080w, https:\/\/www.economicas.uba.ar\/extension\/vocesenelfenix\/wp-content\/uploads\/5510-Ugarteche-300x204.jpg 300w, https:\/\/www.economicas.uba.ar\/extension\/vocesenelfenix\/wp-content\/uploads\/5510-Ugarteche-768x521.jpg 768w\" sizes=\"(max-width: 640px) 100vw, 640px\" \/>\t\t\t<\/div>\n\t\t<\/div>\n        <div class=\"bm-blog-post-content bm_content_box\">\n            <h4 class=\"entry-post-title bm_title\"><a href=\"https:\/\/www.economicas.uba.ar\/extension\/vocesenelfenix\/el-fondo-y-sus-proyecciones-que-lejos-estas-de-mi\/\" rel=\"bookmark\">El Fondo y sus proyecciones: qu\u00e9 lejos est\u00e1s de m\u00ed<\/a><\/h4>            <div class=\"bm-blog-post-meta entry-post-meta bm_meta\">\n                            <\/div>\n            <div class=\"entry-post-content bm_content\">\n                | Por Jorge Arturo Luna, Ra\u00fal Esqueda y Oscar Ugarteche | El comportamiento poco din\u00e1mico de la econom\u00eda global junto con niveles bajos de consumo en Europa, Estados Unidos y <div><a href=\"https:\/\/www.economicas.uba.ar\/extension\/vocesenelfenix\/el-fondo-y-sus-proyecciones-que-lejos-estas-de-mi\/\" rel=\"bookmark\" class=\"bm-read-more entry-read-more\">M\u00e1s \u00bb<\/a><div>            <\/div>\n        <\/div>\n    <\/article>\n    <article id=\"post-10569\" class=\"item bm_layout post-10569 post type-post status-publish format-standard has-post-thumbnail hentry category-n-55 tag-capitalismo tag-demian-dalle tag-economia-internacional tag-enrique-aschieri tag-multinacionales\">\n\t\t<div class=\"bm-blog-post-image entry-post-image\">\n\t\t\t<div class=\"bm-post-image clearfix bm-hover-effect bm-hover-effect-blur\">\n\t\t\t\t<img loading=\"lazy\" decoding=\"async\" width=\"640\" height=\"171\" src=\"https:\/\/www.economicas.uba.ar\/extension\/vocesenelfenix\/wp-content\/uploads\/5511-Dalle.jpg\" class=\"attachment-large size-large wp-post-image\" alt=\"\" srcset=\"https:\/\/www.economicas.uba.ar\/extension\/vocesenelfenix\/wp-content\/uploads\/5511-Dalle.jpg 1080w, https:\/\/www.economicas.uba.ar\/extension\/vocesenelfenix\/wp-content\/uploads\/5511-Dalle-300x80.jpg 300w, https:\/\/www.economicas.uba.ar\/extension\/vocesenelfenix\/wp-content\/uploads\/5511-Dalle-768x206.jpg 768w\" sizes=\"(max-width: 640px) 100vw, 640px\" \/>\t\t\t<\/div>\n\t\t<\/div>\n        <div class=\"bm-blog-post-content bm_content_box\">\n            <h4 class=\"entry-post-title bm_title\"><a href=\"https:\/\/www.economicas.uba.ar\/extension\/vocesenelfenix\/dificultades-actuales-y-entrevistas-sobre-las-multinacionales\/\" rel=\"bookmark\">Dificultades actuales y entrevistas sobre las multinacionales<\/a><\/h4>            <div class=\"bm-blog-post-meta entry-post-meta bm_meta\">\n                            <\/div>\n            <div class=\"entry-post-content bm_content\">\n                | Por Demi\u00e1n Dalle y Enrique Aschieri | Las estad\u00edsticas de ninguna manera avalan la idea de que los capitales se dirigen de los pa\u00edses ricos a los pobres. Por <div><a href=\"https:\/\/www.economicas.uba.ar\/extension\/vocesenelfenix\/dificultades-actuales-y-entrevistas-sobre-las-multinacionales\/\" rel=\"bookmark\" class=\"bm-read-more entry-read-more\">M\u00e1s \u00bb<\/a><div>            <\/div>\n        <\/div>\n    <\/article>\n    <article id=\"post-10576\" class=\"item bm_layout post-10576 post type-post status-publish format-standard has-post-thumbnail hentry category-n-55 tag-alan-cibils tag-economia-internacional tag-german-pinazo tag-industrializacion tag-nueva-division-internacional-del-trabajo\">\n\t\t<div class=\"bm-blog-post-image entry-post-image\">\n\t\t\t<div class=\"bm-post-image clearfix bm-hover-effect bm-hover-effect-blur\">\n\t\t\t\t<img loading=\"lazy\" decoding=\"async\" width=\"640\" height=\"435\" src=\"https:\/\/www.economicas.uba.ar\/extension\/vocesenelfenix\/wp-content\/uploads\/5512-Pinazo.jpg\" class=\"attachment-large size-large wp-post-image\" alt=\"\" srcset=\"https:\/\/www.economicas.uba.ar\/extension\/vocesenelfenix\/wp-content\/uploads\/5512-Pinazo.jpg 1080w, https:\/\/www.economicas.uba.ar\/extension\/vocesenelfenix\/wp-content\/uploads\/5512-Pinazo-300x204.jpg 300w, https:\/\/www.economicas.uba.ar\/extension\/vocesenelfenix\/wp-content\/uploads\/5512-Pinazo-768x522.jpg 768w\" sizes=\"(max-width: 640px) 100vw, 640px\" \/>\t\t\t<\/div>\n\t\t<\/div>\n        <div class=\"bm-blog-post-content bm_content_box\">\n            <h4 class=\"entry-post-title bm_title\"><a href=\"https:\/\/www.economicas.uba.ar\/extension\/vocesenelfenix\/algunos-elementos-para-pensar-el-problema-de-la-industrializacion-en-el-marco-de-la-nueva-division-internacional-del-trabajo\/\" rel=\"bookmark\">Algunos elementos para pensar el problema de la industrializaci\u00f3n en el marco de la nueva divisi\u00f3n internacional del trabajo<\/a><\/h4>            <div class=\"bm-blog-post-meta entry-post-meta bm_meta\">\n                            <\/div>\n            <div class=\"entry-post-content bm_content\">\n                | Por Germ\u00e1n Pinazo y Alan Cibils | Asistimos a una nueva etapa de internacionalizaci\u00f3n del capital y de producci\u00f3n de bienes industriales. En un contexto global donde existen fuertes <div><a href=\"https:\/\/www.economicas.uba.ar\/extension\/vocesenelfenix\/algunos-elementos-para-pensar-el-problema-de-la-industrializacion-en-el-marco-de-la-nueva-division-internacional-del-trabajo\/\" rel=\"bookmark\" class=\"bm-read-more entry-read-more\">M\u00e1s \u00bb<\/a><div>            <\/div>\n        <\/div>\n    <\/article>\n    <article id=\"post-10587\" class=\"item bm_layout post-10587 post type-post status-publish format-standard has-post-thumbnail hentry category-n-55 tag-bernardo-lischinsky tag-desigualdad tag-distribucion tag-economia-internacional tag-riqueza\">\n\t\t<div class=\"bm-blog-post-image entry-post-image\">\n\t\t\t<div class=\"bm-post-image clearfix bm-hover-effect bm-hover-effect-blur\">\n\t\t\t\t<img loading=\"lazy\" decoding=\"async\" width=\"640\" height=\"299\" src=\"https:\/\/www.economicas.uba.ar\/extension\/vocesenelfenix\/wp-content\/uploads\/5513-Lischinsky.jpg\" class=\"attachment-large size-large wp-post-image\" alt=\"\" srcset=\"https:\/\/www.economicas.uba.ar\/extension\/vocesenelfenix\/wp-content\/uploads\/5513-Lischinsky.jpg 1080w, https:\/\/www.economicas.uba.ar\/extension\/vocesenelfenix\/wp-content\/uploads\/5513-Lischinsky-300x140.jpg 300w, https:\/\/www.economicas.uba.ar\/extension\/vocesenelfenix\/wp-content\/uploads\/5513-Lischinsky-768x358.jpg 768w\" sizes=\"(max-width: 640px) 100vw, 640px\" \/>\t\t\t<\/div>\n\t\t<\/div>\n        <div class=\"bm-blog-post-content bm_content_box\">\n            <h4 class=\"entry-post-title bm_title\"><a href=\"https:\/\/www.economicas.uba.ar\/extension\/vocesenelfenix\/distribucion-del-ingreso-y-la-riqueza-a-nivel-mundial\/\" rel=\"bookmark\">Distribuci\u00f3n del ingreso y la riqueza a nivel mundial<\/a><\/h4>            <div class=\"bm-blog-post-meta entry-post-meta bm_meta\">\n                            <\/div>\n            <div class=\"entry-post-content bm_content\">\n                | Por Bernardo Lischinsky | La desigual distribuci\u00f3n del ingreso y la riqueza a nivel mundial es la responsable de generar y aumentar todo otro conjunto de desigualdades que no <div><a href=\"https:\/\/www.economicas.uba.ar\/extension\/vocesenelfenix\/distribucion-del-ingreso-y-la-riqueza-a-nivel-mundial\/\" rel=\"bookmark\" class=\"bm-read-more entry-read-more\">M\u00e1s \u00bb<\/a><div>            <\/div>\n        <\/div>\n    <\/article>\n\t\t\t\t<\/div><\/div>\n\t\t\t\t\t\t\t\t<\/div>\n\t\t\t\t<\/div>\n\t\t\t\t\t<\/div>\n\t\t<\/div>\n\t\t\t\t\t<\/div>\n\t\t<\/section>\n\t\t\t\t<section class=\"elementor-section elementor-top-section elementor-element elementor-element-611c015 elementor-section-boxed elementor-section-height-default elementor-section-height-default\" data-id=\"611c015\" data-element_type=\"section\" data-e-type=\"section\" data-settings=\"{&quot;background_background&quot;:&quot;classic&quot;}\">\n\t\t\t\t\t\t<div class=\"elementor-container elementor-column-gap-default\">\n\t\t\t\t\t<div class=\"elementor-column elementor-col-100 elementor-top-column elementor-element elementor-element-a301f71\" data-id=\"a301f71\" data-element_type=\"column\" data-e-type=\"column\">\n\t\t\t<div class=\"elementor-widget-wrap elementor-element-populated\">\n\t\t\t\t\t\t<div class=\"elementor-element elementor-element-06d61b8 elementor-widget elementor-widget-text-editor\" data-id=\"06d61b8\" data-element_type=\"widget\" data-e-type=\"widget\" data-widget_type=\"text-editor.default\">\n\t\t\t\t<div class=\"elementor-widget-container\">\n\t\t\t\t\t\t\t\t\t<iframe width=\"560\" height=\"315\" src=\"https:\/\/www.youtube.com\/embed\/videoseries?list=PLeYdj9X0_ljmLY5L-Igtp8YerH6y4w8H1\" title=\"YouTube video player\" frameborder=\"0\" allow=\"accelerometer; autoplay; clipboard-write; encrypted-media; gyroscope; picture-in-picture\" allowfullscreen><\/iframe>\t\t\t\t\t\t\t\t<\/div>\n\t\t\t\t<\/div>\n\t\t\t\t\t<\/div>\n\t\t<\/div>\n\t\t\t\t\t<\/div>\n\t\t<\/section>\n\t\t\t\t<\/div>\n\t\t","protected":false},"excerpt":{"rendered":"<p>N\u00daMERO 55 CENIZAS DEL PARA\u00cdSO ECONOM\u00cdA INTERNACIONAL DESDE EL ESTALLIDO DE LA BURBUJA FINANCIERA DEL 2008 SE HA DESATADO UNA CRISIS QUE PARECE NO TENER FIN. EN UN ESCENARIO EN<\/p>\n","protected":false},"author":5,"featured_media":0,"parent":0,"menu_order":0,"comment_status":"closed","ping_status":"closed","template":"","meta":{"footnotes":""},"class_list":["post-10449","page","type-page","status-publish","hentry"],"_links":{"self":[{"href":"https:\/\/www.economicas.uba.ar\/extension\/vocesenelfenix\/wp-json\/wp\/v2\/pages\/10449","targetHints":{"allow":["GET"]}}],"collection":[{"href":"https:\/\/www.economicas.uba.ar\/extension\/vocesenelfenix\/wp-json\/wp\/v2\/pages"}],"about":[{"href":"https:\/\/www.economicas.uba.ar\/extension\/vocesenelfenix\/wp-json\/wp\/v2\/types\/page"}],"author":[{"embeddable":true,"href":"https:\/\/www.economicas.uba.ar\/extension\/vocesenelfenix\/wp-json\/wp\/v2\/users\/5"}],"replies":[{"embeddable":true,"href":"https:\/\/www.economicas.uba.ar\/extension\/vocesenelfenix\/wp-json\/wp\/v2\/comments?post=10449"}],"version-history":[{"count":13,"href":"https:\/\/www.economicas.uba.ar\/extension\/vocesenelfenix\/wp-json\/wp\/v2\/pages\/10449\/revisions"}],"predecessor-version":[{"id":10470,"href":"https:\/\/www.economicas.uba.ar\/extension\/vocesenelfenix\/wp-json\/wp\/v2\/pages\/10449\/revisions\/10470"}],"wp:attachment":[{"href":"https:\/\/www.economicas.uba.ar\/extension\/vocesenelfenix\/wp-json\/wp\/v2\/media?parent=10449"}],"curies":[{"name":"wp","href":"https:\/\/api.w.org\/{rel}","templated":true}]}}