{"id":10596,"date":"2016-05-01T00:01:00","date_gmt":"2016-05-01T03:01:00","guid":{"rendered":"https:\/\/www.economicas.uba.ar\/extension\/vocesenelfenix\/?page_id=10596"},"modified":"2022-03-18T16:04:33","modified_gmt":"2022-03-18T19:04:33","slug":"numero-54","status":"publish","type":"page","link":"https:\/\/www.economicas.uba.ar\/extension\/vocesenelfenix\/numero-54\/","title":{"rendered":"N\u00famero 54"},"content":{"rendered":"\t\t<div data-elementor-type=\"wp-page\" data-elementor-id=\"10596\" class=\"elementor elementor-10596\" data-elementor-post-type=\"page\">\n\t\t\t\t\t\t<section class=\"elementor-section elementor-top-section elementor-element elementor-element-89e2d29 elementor-section-boxed elementor-section-height-default elementor-section-height-default\" data-id=\"89e2d29\" data-element_type=\"section\" data-e-type=\"section\" data-settings=\"{&quot;background_background&quot;:&quot;classic&quot;}\">\n\t\t\t\t\t\t<div class=\"elementor-container elementor-column-gap-default\">\n\t\t\t\t\t<div class=\"elementor-column elementor-col-33 elementor-top-column elementor-element elementor-element-a57def5\" data-id=\"a57def5\" data-element_type=\"column\" data-e-type=\"column\">\n\t\t\t<div class=\"elementor-widget-wrap elementor-element-populated\">\n\t\t\t\t\t\t<div class=\"elementor-element elementor-element-2ffb080 elementor-widget elementor-widget-image\" data-id=\"2ffb080\" data-element_type=\"widget\" data-e-type=\"widget\" data-widget_type=\"image.default\">\n\t\t\t\t<div class=\"elementor-widget-container\">\n\t\t\t\t\t\t\t\t\t\t\t\t\t\t\t\t<a href=\"https:\/\/drive.google.com\/file\/d\/1DX-4v10qeIg7m62hfSold40PAr4QwBiN\/view\" target=\"_blank\">\n\t\t\t\t\t\t\t<img fetchpriority=\"high\" decoding=\"async\" width=\"193\" height=\"267\" src=\"https:\/\/www.economicas.uba.ar\/extension\/vocesenelfenix\/wp-content\/uploads\/tapa54.jpg\" class=\"attachment-large size-large wp-image-1922\" alt=\"\" \/>\t\t\t\t\t\t\t\t<\/a>\n\t\t\t\t\t\t\t\t\t\t\t\t\t\t\t<\/div>\n\t\t\t\t<\/div>\n\t\t\t\t\t<\/div>\n\t\t<\/div>\n\t\t\t\t<div class=\"elementor-column elementor-col-66 elementor-top-column elementor-element elementor-element-74140ff\" data-id=\"74140ff\" data-element_type=\"column\" data-e-type=\"column\">\n\t\t\t<div class=\"elementor-widget-wrap elementor-element-populated\">\n\t\t\t\t\t\t<div class=\"elementor-element elementor-element-a39a21f elementor-widget elementor-widget-text-editor\" data-id=\"a39a21f\" data-element_type=\"widget\" data-e-type=\"widget\" data-widget_type=\"text-editor.default\">\n\t\t\t\t<div class=\"elementor-widget-container\">\n\t\t\t\t\t\t\t\t\t<h5>N\u00daMERO 54<\/h5><h3>AL MAESTRO CON CARI\u00d1O<\/h3><h6>HOMENAJE A ALDO FERRER<\/h6><p><br \/>A MEDIADOS DEL SIGLO XX, Y TRAS UNA S\u00d3LIDA FORMACI\u00d3N ACAD\u00c9MICA EN NUESTRO PA\u00cdS Y EL EXTERIOR, COMIENZA LA PRODUCCI\u00d3N INTELECTUAL DE UNO DE LOS M\u00c1S IMPORTANTES ECONOMISTAS DE LA REGI\u00d3N. INMERSO EN EL MOVIMIENTO DENOMINADO ESTRUCTURALISMO LATINOAMERICANO, ALDO FERRER SENTAR\u00cdA LAS BASES DE UN PENSAMIENTO ECON\u00d3MICO QUE HACE CENTRO EN LA CAPACIDAD Y SOBERAN\u00cdA QUE DEBE TENER CADA ESTADO PARA ALCANZAR EL DESARROLLO, TENIENDO COMO HORIZONTE LA INCLUSI\u00d3N SOCIAL Y LA MEJORA DE LAS CONDICIONES DE VIDA DE LA POBLACI\u00d3N.<\/p>\t\t\t\t\t\t\t\t<\/div>\n\t\t\t\t<\/div>\n\t\t\t\t<div class=\"elementor-element elementor-element-78d6df5 elementor-widget elementor-widget-button\" data-id=\"78d6df5\" data-element_type=\"widget\" data-e-type=\"widget\" data-widget_type=\"button.default\">\n\t\t\t\t<div class=\"elementor-widget-container\">\n\t\t\t\t\t\t\t\t\t<div class=\"elementor-button-wrapper\">\n\t\t\t\t\t<a class=\"elementor-button elementor-button-link elementor-size-xs\" href=\"https:\/\/drive.google.com\/file\/d\/1DX-4v10qeIg7m62hfSold40PAr4QwBiN\/view\" target=\"_blank\">\n\t\t\t\t\t\t<span class=\"elementor-button-content-wrapper\">\n\t\t\t\t\t\t\t\t\t<span class=\"elementor-button-text\">Descarg\u00e1 el PDF<\/span>\n\t\t\t\t\t<\/span>\n\t\t\t\t\t<\/a>\n\t\t\t\t<\/div>\n\t\t\t\t\t\t\t\t<\/div>\n\t\t\t\t<\/div>\n\t\t\t\t\t<\/div>\n\t\t<\/div>\n\t\t\t\t\t<\/div>\n\t\t<\/section>\n\t\t\t\t<section class=\"elementor-section elementor-top-section elementor-element elementor-element-254d152 elementor-section-boxed elementor-section-height-default elementor-section-height-default\" data-id=\"254d152\" data-element_type=\"section\" data-e-type=\"section\">\n\t\t\t\t\t\t<div class=\"elementor-container elementor-column-gap-default\">\n\t\t\t\t\t<div class=\"elementor-column elementor-col-100 elementor-top-column elementor-element elementor-element-afc50c8\" data-id=\"afc50c8\" data-element_type=\"column\" data-e-type=\"column\">\n\t\t\t<div class=\"elementor-widget-wrap elementor-element-populated\">\n\t\t\t\t\t\t<div class=\"elementor-element elementor-element-8c7f300 elementor-grid-3 elementor-grid-tablet-2 elementor-grid-mobile-1 elementor-posts--align-left elementor-widget elementor-widget-blogmentor_blog_posts\" data-id=\"8c7f300\" data-element_type=\"widget\" data-e-type=\"widget\" data-settings=\"{&quot;bm_grid_columns&quot;:&quot;3&quot;,&quot;bm_grid_columns_tablet&quot;:&quot;2&quot;,&quot;bm_grid_columns_mobile&quot;:&quot;1&quot;,&quot;post_card_grid_gap&quot;:{&quot;unit&quot;:&quot;px&quot;,&quot;size&quot;:10,&quot;sizes&quot;:[]},&quot;post_card_row_gap&quot;:{&quot;unit&quot;:&quot;px&quot;,&quot;size&quot;:35,&quot;sizes&quot;:[]}}\" data-widget_type=\"blogmentor_blog_posts.default\">\n\t\t\t\t<div class=\"elementor-widget-container\">\n\t\t\t\t\t\t\t\n\t\t\t\t\t\t\t\t<div class=\"bm-blog-posts-wrapper\" >\n\t\t\t\t\t\t\t<div class=\"bm-blog-posts bm-display-grid elementor-grid elementor-grid-3\" >\n\t\t\t\t    <article id=\"post-10602\" class=\"item bm_layout post-10602 post type-post status-publish format-standard has-post-thumbnail hentry category-n-54 tag-abraham-leonardo-gak tag-desarrollo tag-estado tag-estructuralismo-latinoamericano tag-homenaje-a-aldo-ferrer tag-inclusion\">\n\t\t<div class=\"bm-blog-post-image entry-post-image\">\n\t\t\t<div class=\"bm-post-image clearfix bm-hover-effect bm-hover-effect-blur\">\n\t\t\t\t<img decoding=\"async\" width=\"640\" height=\"433\" src=\"https:\/\/www.economicas.uba.ar\/extension\/vocesenelfenix\/wp-content\/uploads\/5400-Gak.jpg\" class=\"attachment-large size-large wp-post-image\" alt=\"\" srcset=\"https:\/\/www.economicas.uba.ar\/extension\/vocesenelfenix\/wp-content\/uploads\/5400-Gak.jpg 1080w, https:\/\/www.economicas.uba.ar\/extension\/vocesenelfenix\/wp-content\/uploads\/5400-Gak-300x203.jpg 300w, https:\/\/www.economicas.uba.ar\/extension\/vocesenelfenix\/wp-content\/uploads\/5400-Gak-768x519.jpg 768w\" sizes=\"(max-width: 640px) 100vw, 640px\" \/>\t\t\t<\/div>\n\t\t<\/div>\n        <div class=\"bm-blog-post-content bm_content_box\">\n            <h4 class=\"entry-post-title bm_title\"><a href=\"https:\/\/www.economicas.uba.ar\/extension\/vocesenelfenix\/el-desafio-de-vivir-con-lo-nuestro\/\" rel=\"bookmark\">El desaf\u00edo de vivir con lo nuestro<\/a><\/h4>            <div class=\"bm-blog-post-meta entry-post-meta bm_meta\">\n                            <\/div>\n            <div class=\"entry-post-content bm_content\">\n                | Por Abraham Leonardo Gak | En paralelo con la creaci\u00f3n de la Comisi\u00f3n Econ\u00f3mica para Am\u00e9rica Latina comienza la producci\u00f3n intelectual de uno de los m\u00e1s importantes economistas de <div><a href=\"https:\/\/www.economicas.uba.ar\/extension\/vocesenelfenix\/el-desafio-de-vivir-con-lo-nuestro\/\" rel=\"bookmark\" class=\"bm-read-more entry-read-more\">M\u00e1s \u00bb<\/a><div>            <\/div>\n        <\/div>\n    <\/article>\n    <article id=\"post-10611\" class=\"item bm_layout post-10611 post type-post status-publish format-standard has-post-thumbnail hentry category-n-54 tag-desarrollo tag-estado tag-estructuras-productivas tag-homenaje-a-aldo-ferrer tag-innovacion tag-juan-odisio tag-marcelo-rougier\">\n\t\t<div class=\"bm-blog-post-image entry-post-image\">\n\t\t\t<div class=\"bm-post-image clearfix bm-hover-effect bm-hover-effect-blur\">\n\t\t\t\t<img decoding=\"async\" width=\"640\" height=\"433\" src=\"https:\/\/www.economicas.uba.ar\/extension\/vocesenelfenix\/wp-content\/uploads\/5401-Rougier.jpg\" class=\"attachment-large size-large wp-post-image\" alt=\"\" srcset=\"https:\/\/www.economicas.uba.ar\/extension\/vocesenelfenix\/wp-content\/uploads\/5401-Rougier.jpg 1080w, https:\/\/www.economicas.uba.ar\/extension\/vocesenelfenix\/wp-content\/uploads\/5401-Rougier-300x203.jpg 300w, https:\/\/www.economicas.uba.ar\/extension\/vocesenelfenix\/wp-content\/uploads\/5401-Rougier-768x519.jpg 768w\" sizes=\"(max-width: 640px) 100vw, 640px\" \/>\t\t\t<\/div>\n\t\t<\/div>\n        <div class=\"bm-blog-post-content bm_content_box\">\n            <h4 class=\"entry-post-title bm_title\"><a href=\"https:\/\/www.economicas.uba.ar\/extension\/vocesenelfenix\/aldo-ferrer-teoria-y-practica-del-desarrollo-en-la-argentina\/\" rel=\"bookmark\">Aldo Ferrer: teor\u00eda y pr\u00e1ctica del desarrollo en la Argentina<\/a><\/h4>            <div class=\"bm-blog-post-meta entry-post-meta bm_meta\">\n                            <\/div>\n            <div class=\"entry-post-content bm_content\">\n                | Por Marcelo Rougier y Juan Odisio | Los autores nos proponen un recorrido por la vida y la obra de Aldo Ferrer. El rol central del Estado, su poder <div><a href=\"https:\/\/www.economicas.uba.ar\/extension\/vocesenelfenix\/aldo-ferrer-teoria-y-practica-del-desarrollo-en-la-argentina\/\" rel=\"bookmark\" class=\"bm-read-more entry-read-more\">M\u00e1s \u00bb<\/a><div>            <\/div>\n        <\/div>\n    <\/article>\n    <article id=\"post-10617\" class=\"item bm_layout post-10617 post type-post status-publish format-standard has-post-thumbnail hentry category-n-54 tag-densidad-nacional tag-homenaje-a-aldo-ferrer tag-proyecto-nacional-y-latinoamericano tag-ricardo-aronskind\">\n\t\t<div class=\"bm-blog-post-image entry-post-image\">\n\t\t\t<div class=\"bm-post-image clearfix bm-hover-effect bm-hover-effect-blur\">\n\t\t\t\t<img loading=\"lazy\" decoding=\"async\" width=\"640\" height=\"428\" src=\"https:\/\/www.economicas.uba.ar\/extension\/vocesenelfenix\/wp-content\/uploads\/5402-Aronskind.jpg\" class=\"attachment-large size-large wp-post-image\" alt=\"\" srcset=\"https:\/\/www.economicas.uba.ar\/extension\/vocesenelfenix\/wp-content\/uploads\/5402-Aronskind.jpg 1080w, https:\/\/www.economicas.uba.ar\/extension\/vocesenelfenix\/wp-content\/uploads\/5402-Aronskind-300x201.jpg 300w, https:\/\/www.economicas.uba.ar\/extension\/vocesenelfenix\/wp-content\/uploads\/5402-Aronskind-768x513.jpg 768w\" sizes=\"(max-width: 640px) 100vw, 640px\" \/>\t\t\t<\/div>\n\t\t<\/div>\n        <div class=\"bm-blog-post-content bm_content_box\">\n            <h4 class=\"entry-post-title bm_title\"><a href=\"https:\/\/www.economicas.uba.ar\/extension\/vocesenelfenix\/aldo-ferrer-y-la-construccion-de-la-densidad-nacional\/\" rel=\"bookmark\">Aldo Ferrer y la construcci\u00f3n de la densidad nacional<\/a><\/h4>            <div class=\"bm-blog-post-meta entry-post-meta bm_meta\">\n                            <\/div>\n            <div class=\"entry-post-content bm_content\">\n                | Por Ricardo Aronskind | Aldo Ferrer logr\u00f3 construir una forma de pensar que le permiti\u00f3 dar cuenta de los grandes procesos hist\u00f3ricos universales y al mismo tiempo poder comprender <div><a href=\"https:\/\/www.economicas.uba.ar\/extension\/vocesenelfenix\/aldo-ferrer-y-la-construccion-de-la-densidad-nacional\/\" rel=\"bookmark\" class=\"bm-read-more entry-read-more\">M\u00e1s \u00bb<\/a><div>            <\/div>\n        <\/div>\n    <\/article>\n    <article id=\"post-10623\" class=\"item bm_layout post-10623 post type-post status-publish format-standard has-post-thumbnail hentry category-n-54 tag-homenaje-a-aldo-ferrer tag-vivir-con-lo-nuestro\">\n\t\t<div class=\"bm-blog-post-image entry-post-image\">\n\t\t\t<div class=\"bm-post-image clearfix bm-hover-effect bm-hover-effect-blur\">\n\t\t\t\t<img loading=\"lazy\" decoding=\"async\" width=\"640\" height=\"388\" src=\"https:\/\/www.economicas.uba.ar\/extension\/vocesenelfenix\/wp-content\/uploads\/5403-Muller.jpg\" class=\"attachment-large size-large wp-post-image\" alt=\"\" srcset=\"https:\/\/www.economicas.uba.ar\/extension\/vocesenelfenix\/wp-content\/uploads\/5403-Muller.jpg 1080w, https:\/\/www.economicas.uba.ar\/extension\/vocesenelfenix\/wp-content\/uploads\/5403-Muller-300x182.jpg 300w, https:\/\/www.economicas.uba.ar\/extension\/vocesenelfenix\/wp-content\/uploads\/5403-Muller-768x465.jpg 768w\" sizes=\"(max-width: 640px) 100vw, 640px\" \/>\t\t\t<\/div>\n\t\t<\/div>\n        <div class=\"bm-blog-post-content bm_content_box\">\n            <h4 class=\"entry-post-title bm_title\"><a href=\"https:\/\/www.economicas.uba.ar\/extension\/vocesenelfenix\/vivir-con-lo-nuestro-coyuntura-y-vigencia\/\" rel=\"bookmark\">\u201cVivir con lo nuestro\u201d: coyuntura y vigencia<\/a><\/h4>            <div class=\"bm-blog-post-meta entry-post-meta bm_meta\">\n                            <\/div>\n            <div class=\"entry-post-content bm_content\">\n                | Por Alberto M\u00fcller | En momentos en los cuales el financiamiento externo es visto desde la gesti\u00f3n gubernamental como la \u00fanica panacea, cobra m\u00e1s vigencia que nunca esta obra <div><a href=\"https:\/\/www.economicas.uba.ar\/extension\/vocesenelfenix\/vivir-con-lo-nuestro-coyuntura-y-vigencia\/\" rel=\"bookmark\" class=\"bm-read-more entry-read-more\">M\u00e1s \u00bb<\/a><div>            <\/div>\n        <\/div>\n    <\/article>\n    <article id=\"post-10629\" class=\"item bm_layout post-10629 post type-post status-publish format-standard has-post-thumbnail hentry category-n-54 tag-ciencia-y-tecnologia tag-desigualdad tag-fernando-peirano tag-fernando-porta tag-homenaje-a-aldo-ferrer tag-latinoamerica tag-politica tag-tecnologia\">\n\t\t<div class=\"bm-blog-post-image entry-post-image\">\n\t\t\t<div class=\"bm-post-image clearfix bm-hover-effect bm-hover-effect-blur\">\n\t\t\t\t<img loading=\"lazy\" decoding=\"async\" width=\"640\" height=\"430\" src=\"https:\/\/www.economicas.uba.ar\/extension\/vocesenelfenix\/wp-content\/uploads\/5404-Porta.jpg\" class=\"attachment-large size-large wp-post-image\" alt=\"\" srcset=\"https:\/\/www.economicas.uba.ar\/extension\/vocesenelfenix\/wp-content\/uploads\/5404-Porta.jpg 1080w, https:\/\/www.economicas.uba.ar\/extension\/vocesenelfenix\/wp-content\/uploads\/5404-Porta-300x201.jpg 300w, https:\/\/www.economicas.uba.ar\/extension\/vocesenelfenix\/wp-content\/uploads\/5404-Porta-768x516.jpg 768w\" sizes=\"(max-width: 640px) 100vw, 640px\" \/>\t\t\t<\/div>\n\t\t<\/div>\n        <div class=\"bm-blog-post-content bm_content_box\">\n            <h4 class=\"entry-post-title bm_title\"><a href=\"https:\/\/www.economicas.uba.ar\/extension\/vocesenelfenix\/aldo-ferrer-tecnologia-y-politica-en-america-latina\/\" rel=\"bookmark\">Aldo Ferrer: tecnolog\u00eda y pol\u00edtica en Am\u00e9rica latina<\/a><\/h4>            <div class=\"bm-blog-post-meta entry-post-meta bm_meta\">\n                            <\/div>\n            <div class=\"entry-post-content bm_content\">\n                | Por Fernando Porta y Fernando Peirano | Para poder darle un car\u00e1cter duradero al crecimiento econ\u00f3mico experimentado en la regi\u00f3n en las \u00faltimas dos d\u00e9cadas, es esencial, como lo <div><a href=\"https:\/\/www.economicas.uba.ar\/extension\/vocesenelfenix\/aldo-ferrer-tecnologia-y-politica-en-america-latina\/\" rel=\"bookmark\" class=\"bm-read-more entry-read-more\">M\u00e1s \u00bb<\/a><div>            <\/div>\n        <\/div>\n    <\/article>\n    <article id=\"post-10639\" class=\"item bm_layout post-10639 post type-post status-publish format-standard has-post-thumbnail hentry category-n-54 tag-centro-periferia tag-desarrollo-tecnologico tag-estado tag-gabriel-yoguel tag-graciela-e-gutman tag-homenaje-a-aldo-ferrer\">\n\t\t<div class=\"bm-blog-post-image entry-post-image\">\n\t\t\t<div class=\"bm-post-image clearfix bm-hover-effect bm-hover-effect-blur\">\n\t\t\t\t<img loading=\"lazy\" decoding=\"async\" width=\"640\" height=\"434\" src=\"https:\/\/www.economicas.uba.ar\/extension\/vocesenelfenix\/wp-content\/uploads\/5405-Gutman.jpg\" class=\"attachment-large size-large wp-post-image\" alt=\"\" srcset=\"https:\/\/www.economicas.uba.ar\/extension\/vocesenelfenix\/wp-content\/uploads\/5405-Gutman.jpg 1080w, https:\/\/www.economicas.uba.ar\/extension\/vocesenelfenix\/wp-content\/uploads\/5405-Gutman-300x204.jpg 300w, https:\/\/www.economicas.uba.ar\/extension\/vocesenelfenix\/wp-content\/uploads\/5405-Gutman-768x521.jpg 768w\" sizes=\"(max-width: 640px) 100vw, 640px\" \/>\t\t\t<\/div>\n\t\t<\/div>\n        <div class=\"bm-blog-post-content bm_content_box\">\n            <h4 class=\"entry-post-title bm_title\"><a href=\"https:\/\/www.economicas.uba.ar\/extension\/vocesenelfenix\/aldo-ferrer-y-sus-aportes-sobre-el-desarrollo-tecnologico-en-la-periferia-reflexiones-a-partir-de-su-libro-tecnologia-y-politica-economica-1a-ed-1974\/\" rel=\"bookmark\">Aldo Ferrer y sus aportes sobre el desarrollo tecnol\u00f3gico en la periferia. Reflexiones a partir de su libro \u201cTecnolog\u00eda y Pol\u00edtica Econ\u00f3mica\u201d (1\u00aa ed., 1974)<\/a><\/h4>            <div class=\"bm-blog-post-meta entry-post-meta bm_meta\">\n                            <\/div>\n            <div class=\"entry-post-content bm_content\">\n                | Por Graciela E. Gutman y Gabriel Yoguel | La integraci\u00f3n del sistema cient\u00edfico-tecnol\u00f3gico, la actividad productiva y el Estado es central para alcanzar el desarrollo econ\u00f3mico y avanzar en <div><a href=\"https:\/\/www.economicas.uba.ar\/extension\/vocesenelfenix\/aldo-ferrer-y-sus-aportes-sobre-el-desarrollo-tecnologico-en-la-periferia-reflexiones-a-partir-de-su-libro-tecnologia-y-politica-economica-1a-ed-1974\/\" rel=\"bookmark\" class=\"bm-read-more entry-read-more\">M\u00e1s \u00bb<\/a><div>            <\/div>\n        <\/div>\n    <\/article>\n    <article id=\"post-10646\" class=\"item bm_layout post-10646 post type-post status-publish format-standard has-post-thumbnail hentry category-n-54 tag-capital-financiero tag-deuda-externa tag-dictadura-militar tag-homenaje-a-aldo-ferrer tag-martin-schorr\">\n\t\t<div class=\"bm-blog-post-image entry-post-image\">\n\t\t\t<div class=\"bm-post-image clearfix bm-hover-effect bm-hover-effect-blur\">\n\t\t\t\t<img loading=\"lazy\" decoding=\"async\" width=\"640\" height=\"429\" src=\"https:\/\/www.economicas.uba.ar\/extension\/vocesenelfenix\/wp-content\/uploads\/5406-Schorr.jpg\" class=\"attachment-large size-large wp-post-image\" alt=\"\" srcset=\"https:\/\/www.economicas.uba.ar\/extension\/vocesenelfenix\/wp-content\/uploads\/5406-Schorr.jpg 1080w, https:\/\/www.economicas.uba.ar\/extension\/vocesenelfenix\/wp-content\/uploads\/5406-Schorr-300x201.jpg 300w, https:\/\/www.economicas.uba.ar\/extension\/vocesenelfenix\/wp-content\/uploads\/5406-Schorr-768x515.jpg 768w\" sizes=\"(max-width: 640px) 100vw, 640px\" \/>\t\t\t<\/div>\n\t\t<\/div>\n        <div class=\"bm-blog-post-content bm_content_box\">\n            <h4 class=\"entry-post-title bm_title\"><a href=\"https:\/\/www.economicas.uba.ar\/extension\/vocesenelfenix\/puede-la-argentina-pagar-su-deuda-externa-analisis-y-reflexiones-de-aldo-ferrer-sobre-los-legados-de-la-ultima-dictadura-militar\/\" rel=\"bookmark\">\u00bfPuede la Argentina pagar su deuda externa? An\u00e1lisis y reflexiones de Aldo Ferrer sobre los legados de la \u00faltima dictadura militar<\/a><\/h4>            <div class=\"bm-blog-post-meta entry-post-meta bm_meta\">\n                            <\/div>\n            <div class=\"entry-post-content bm_content\">\n                | Por Mart\u00edn Schorr | El libro que se rese\u00f1a a continuaci\u00f3n fue una contribuci\u00f3n aguda a la caracterizaci\u00f3n de una etapa decisiva de la historia nacional. La pol\u00edtica de <div><a href=\"https:\/\/www.economicas.uba.ar\/extension\/vocesenelfenix\/puede-la-argentina-pagar-su-deuda-externa-analisis-y-reflexiones-de-aldo-ferrer-sobre-los-legados-de-la-ultima-dictadura-militar\/\" rel=\"bookmark\" class=\"bm-read-more entry-read-more\">M\u00e1s \u00bb<\/a><div>            <\/div>\n        <\/div>\n    <\/article>\n    <article id=\"post-10652\" class=\"item bm_layout post-10652 post type-post status-publish format-standard has-post-thumbnail hentry category-n-54 tag-densidad-nacional tag-desarrollo tag-estructuralismo-latinoamericano tag-homenaje-a-aldo-ferrer tag-matias-kulfas\">\n\t\t<div class=\"bm-blog-post-image entry-post-image\">\n\t\t\t<div class=\"bm-post-image clearfix bm-hover-effect bm-hover-effect-blur\">\n\t\t\t\t<img loading=\"lazy\" decoding=\"async\" width=\"640\" height=\"303\" src=\"https:\/\/www.economicas.uba.ar\/extension\/vocesenelfenix\/wp-content\/uploads\/5407-Kulfas.jpg\" class=\"attachment-large size-large wp-post-image\" alt=\"\" srcset=\"https:\/\/www.economicas.uba.ar\/extension\/vocesenelfenix\/wp-content\/uploads\/5407-Kulfas.jpg 1080w, https:\/\/www.economicas.uba.ar\/extension\/vocesenelfenix\/wp-content\/uploads\/5407-Kulfas-300x142.jpg 300w, https:\/\/www.economicas.uba.ar\/extension\/vocesenelfenix\/wp-content\/uploads\/5407-Kulfas-768x363.jpg 768w\" sizes=\"(max-width: 640px) 100vw, 640px\" \/>\t\t\t<\/div>\n\t\t<\/div>\n        <div class=\"bm-blog-post-content bm_content_box\">\n            <h4 class=\"entry-post-title bm_title\"><a href=\"https:\/\/www.economicas.uba.ar\/extension\/vocesenelfenix\/pasado-y-futuro-del-desarrollo-argentino-desde-el-pensamiento-de-aldo-ferrer\/\" rel=\"bookmark\">Pasado y futuro del desarrollo argentino desde el pensamiento de Aldo Ferrer<\/a><\/h4>            <div class=\"bm-blog-post-meta entry-post-meta bm_meta\">\n                            <\/div>\n            <div class=\"entry-post-content bm_content\">\n                | Por Mat\u00edas Kulfas | El bicentenario de la Revoluci\u00f3n de Mayo result\u00f3 una ocasi\u00f3n propicia para que Aldo Ferrer ofreciera una visi\u00f3n de conjunto sobre el desarrollo de la <div><a href=\"https:\/\/www.economicas.uba.ar\/extension\/vocesenelfenix\/pasado-y-futuro-del-desarrollo-argentino-desde-el-pensamiento-de-aldo-ferrer\/\" rel=\"bookmark\" class=\"bm-read-more entry-read-more\">M\u00e1s \u00bb<\/a><div>            <\/div>\n        <\/div>\n    <\/article>\n    <article id=\"post-10658\" class=\"item bm_layout post-10658 post type-post status-publish format-standard has-post-thumbnail hentry category-n-54 tag-desarrollo tag-empresarios tag-estado tag-german-herrera-bartis tag-homenaje-a-aldo-ferrer tag-paula-espanol tag-politicas-publicas tag-soberania\">\n\t\t<div class=\"bm-blog-post-image entry-post-image\">\n\t\t\t<div class=\"bm-post-image clearfix bm-hover-effect bm-hover-effect-blur\">\n\t\t\t\t<img loading=\"lazy\" decoding=\"async\" width=\"640\" height=\"404\" src=\"https:\/\/www.economicas.uba.ar\/extension\/vocesenelfenix\/wp-content\/uploads\/5408-Espanol.jpg\" class=\"attachment-large size-large wp-post-image\" alt=\"\" srcset=\"https:\/\/www.economicas.uba.ar\/extension\/vocesenelfenix\/wp-content\/uploads\/5408-Espanol.jpg 1080w, https:\/\/www.economicas.uba.ar\/extension\/vocesenelfenix\/wp-content\/uploads\/5408-Espanol-300x189.jpg 300w, https:\/\/www.economicas.uba.ar\/extension\/vocesenelfenix\/wp-content\/uploads\/5408-Espanol-768x484.jpg 768w\" sizes=\"(max-width: 640px) 100vw, 640px\" \/>\t\t\t<\/div>\n\t\t<\/div>\n        <div class=\"bm-blog-post-content bm_content_box\">\n            <h4 class=\"entry-post-title bm_title\"><a href=\"https:\/\/www.economicas.uba.ar\/extension\/vocesenelfenix\/empresariado-nacional-y-desarrollo-economico-algunas-notas-para-alentar-la-discusion\/\" rel=\"bookmark\">Empresariado nacional y desarrollo econ\u00f3mico. Algunas notas para alentar la discusi\u00f3n<\/a><\/h4>            <div class=\"bm-blog-post-meta entry-post-meta bm_meta\">\n                            <\/div>\n            <div class=\"entry-post-content bm_content\">\n                | Por Paula Espa\u00f1ol y Germ\u00e1n Herrera Bartis | Para quebrar el circuito circular de perpetuaci\u00f3n del subdesarrollo se necesita un Estado soberano y fuerte que potencie un tipo de <div><a href=\"https:\/\/www.economicas.uba.ar\/extension\/vocesenelfenix\/empresariado-nacional-y-desarrollo-economico-algunas-notas-para-alentar-la-discusion\/\" rel=\"bookmark\" class=\"bm-read-more entry-read-more\">M\u00e1s \u00bb<\/a><div>            <\/div>\n        <\/div>\n    <\/article>\n    <article id=\"post-10664\" class=\"item bm_layout post-10664 post type-post status-publish format-standard has-post-thumbnail hentry category-n-54 tag-colonialismo tag-estado tag-homenaje-a-aldo-ferrer tag-soberania tag-stella-maris-biocca\">\n\t\t<div class=\"bm-blog-post-image entry-post-image\">\n\t\t\t<div class=\"bm-post-image clearfix bm-hover-effect bm-hover-effect-blur\">\n\t\t\t\t<img loading=\"lazy\" decoding=\"async\" width=\"640\" height=\"418\" src=\"https:\/\/www.economicas.uba.ar\/extension\/vocesenelfenix\/wp-content\/uploads\/5409-Biocca.jpg\" class=\"attachment-large size-large wp-post-image\" alt=\"\" srcset=\"https:\/\/www.economicas.uba.ar\/extension\/vocesenelfenix\/wp-content\/uploads\/5409-Biocca.jpg 1080w, https:\/\/www.economicas.uba.ar\/extension\/vocesenelfenix\/wp-content\/uploads\/5409-Biocca-300x196.jpg 300w, https:\/\/www.economicas.uba.ar\/extension\/vocesenelfenix\/wp-content\/uploads\/5409-Biocca-768x502.jpg 768w\" sizes=\"(max-width: 640px) 100vw, 640px\" \/>\t\t\t<\/div>\n\t\t<\/div>\n        <div class=\"bm-blog-post-content bm_content_box\">\n            <h4 class=\"entry-post-title bm_title\"><a href=\"https:\/\/www.economicas.uba.ar\/extension\/vocesenelfenix\/la-restauracion-de-la-colonia\/\" rel=\"bookmark\">La restauraci\u00f3n de la colonia<\/a><\/h4>            <div class=\"bm-blog-post-meta entry-post-meta bm_meta\">\n                            <\/div>\n            <div class=\"entry-post-content bm_content\">\n                | Por Stella Maris Biocca | En los \u00faltimos meses nuestro pa\u00eds va entregando a pasos acelerados los derechos conquistados y los lugares obtenidos en el concierto internacional para convertirse <div><a href=\"https:\/\/www.economicas.uba.ar\/extension\/vocesenelfenix\/la-restauracion-de-la-colonia\/\" rel=\"bookmark\" class=\"bm-read-more entry-read-more\">M\u00e1s \u00bb<\/a><div>            <\/div>\n        <\/div>\n    <\/article>\n    <article id=\"post-10674\" class=\"item bm_layout post-10674 post type-post status-publish format-standard has-post-thumbnail hentry category-n-54 tag-alejandro-rofman tag-desarrollo tag-homenaje-a-aldo-ferrer tag-inclusion tag-neoliberalismo tag-soberania\">\n\t\t<div class=\"bm-blog-post-image entry-post-image\">\n\t\t\t<div class=\"bm-post-image clearfix bm-hover-effect bm-hover-effect-blur\">\n\t\t\t\t<img loading=\"lazy\" decoding=\"async\" width=\"640\" height=\"474\" src=\"https:\/\/www.economicas.uba.ar\/extension\/vocesenelfenix\/wp-content\/uploads\/5410-Rofman.jpg\" class=\"attachment-large size-large wp-post-image\" alt=\"\" srcset=\"https:\/\/www.economicas.uba.ar\/extension\/vocesenelfenix\/wp-content\/uploads\/5410-Rofman.jpg 1080w, https:\/\/www.economicas.uba.ar\/extension\/vocesenelfenix\/wp-content\/uploads\/5410-Rofman-300x222.jpg 300w, https:\/\/www.economicas.uba.ar\/extension\/vocesenelfenix\/wp-content\/uploads\/5410-Rofman-768x569.jpg 768w\" sizes=\"(max-width: 640px) 100vw, 640px\" \/>\t\t\t<\/div>\n\t\t<\/div>\n        <div class=\"bm-blog-post-content bm_content_box\">\n            <h4 class=\"entry-post-title bm_title\"><a href=\"https:\/\/www.economicas.uba.ar\/extension\/vocesenelfenix\/los-dos-modelos-en-pugna-en-la-vision-de-aldo-ferrer\/\" rel=\"bookmark\">Los dos modelos en pugna en la visi\u00f3n de Aldo Ferrer<\/a><\/h4>            <div class=\"bm-blog-post-meta entry-post-meta bm_meta\">\n                            <\/div>\n            <div class=\"entry-post-content bm_content\">\n                | Por Alejandro Rofman | A lo largo de toda su obra, pero fundamentalmente en sus \u00faltimos escritos, se hace evidente el contrapunto planteado por Ferrer entre los dos modelos <div><a href=\"https:\/\/www.economicas.uba.ar\/extension\/vocesenelfenix\/los-dos-modelos-en-pugna-en-la-vision-de-aldo-ferrer\/\" rel=\"bookmark\" class=\"bm-read-more entry-read-more\">M\u00e1s \u00bb<\/a><div>            <\/div>\n        <\/div>\n    <\/article>\n    <article id=\"post-10680\" class=\"item bm_layout post-10680 post type-post status-publish format-standard has-post-thumbnail hentry category-n-54 tag-desarrollo tag-estructuras-productivas tag-homenaje-a-aldo-ferrer tag-industrializacion tag-julio-a-ruiz\">\n\t\t<div class=\"bm-blog-post-image entry-post-image\">\n\t\t\t<div class=\"bm-post-image clearfix bm-hover-effect bm-hover-effect-blur\">\n\t\t\t\t<img loading=\"lazy\" decoding=\"async\" width=\"640\" height=\"436\" src=\"https:\/\/www.economicas.uba.ar\/extension\/vocesenelfenix\/wp-content\/uploads\/5411-Ruiz.jpg\" class=\"attachment-large size-large wp-post-image\" alt=\"\" srcset=\"https:\/\/www.economicas.uba.ar\/extension\/vocesenelfenix\/wp-content\/uploads\/5411-Ruiz.jpg 1080w, https:\/\/www.economicas.uba.ar\/extension\/vocesenelfenix\/wp-content\/uploads\/5411-Ruiz-300x204.jpg 300w, https:\/\/www.economicas.uba.ar\/extension\/vocesenelfenix\/wp-content\/uploads\/5411-Ruiz-768x523.jpg 768w\" sizes=\"(max-width: 640px) 100vw, 640px\" \/>\t\t\t<\/div>\n\t\t<\/div>\n        <div class=\"bm-blog-post-content bm_content_box\">\n            <h4 class=\"entry-post-title bm_title\"><a href=\"https:\/\/www.economicas.uba.ar\/extension\/vocesenelfenix\/hay-luz-al-final-del-tunel\/\" rel=\"bookmark\">\u00bfHay luz al final del t\u00fanel?<\/a><\/h4>            <div class=\"bm-blog-post-meta entry-post-meta bm_meta\">\n                            <\/div>\n            <div class=\"entry-post-content bm_content\">\n                | Por Julio A. Ruiz | Un recorrido por el desarrollo de la industria argentina desde 1930 hasta 1989. De la sustituci\u00f3n de importaciones al abandono del proceso de industrializaci\u00f3n. <div><a href=\"https:\/\/www.economicas.uba.ar\/extension\/vocesenelfenix\/hay-luz-al-final-del-tunel\/\" rel=\"bookmark\" class=\"bm-read-more entry-read-more\">M\u00e1s \u00bb<\/a><div>            <\/div>\n        <\/div>\n    <\/article>\n    <article id=\"post-10687\" class=\"item bm_layout post-10687 post type-post status-publish format-standard has-post-thumbnail hentry category-n-54 tag-estados-nacionales tag-globalizacion tag-homenaje-a-aldo-ferrer tag-mario-rapoport tag-mercados-globales tag-mercados-nacionales\">\n\t\t<div class=\"bm-blog-post-image entry-post-image\">\n\t\t\t<div class=\"bm-post-image clearfix bm-hover-effect bm-hover-effect-blur\">\n\t\t\t\t<img loading=\"lazy\" decoding=\"async\" width=\"640\" height=\"455\" src=\"https:\/\/www.economicas.uba.ar\/extension\/vocesenelfenix\/wp-content\/uploads\/5412-Rapoport.jpg\" class=\"attachment-large size-large wp-post-image\" alt=\"\" srcset=\"https:\/\/www.economicas.uba.ar\/extension\/vocesenelfenix\/wp-content\/uploads\/5412-Rapoport.jpg 1080w, https:\/\/www.economicas.uba.ar\/extension\/vocesenelfenix\/wp-content\/uploads\/5412-Rapoport-300x213.jpg 300w, https:\/\/www.economicas.uba.ar\/extension\/vocesenelfenix\/wp-content\/uploads\/5412-Rapoport-768x546.jpg 768w\" sizes=\"(max-width: 640px) 100vw, 640px\" \/>\t\t\t<\/div>\n\t\t<\/div>\n        <div class=\"bm-blog-post-content bm_content_box\">\n            <h4 class=\"entry-post-title bm_title\"><a href=\"https:\/\/www.economicas.uba.ar\/extension\/vocesenelfenix\/la-historia-de-la-globalizacion-segun-aldo-ferrer\/\" rel=\"bookmark\">La historia de la globalizaci\u00f3n seg\u00fan Aldo Ferrer<\/a><\/h4>            <div class=\"bm-blog-post-meta entry-post-meta bm_meta\">\n                            <\/div>\n            <div class=\"entry-post-content bm_content\">\n                | Por Mario Rapoport | Discutir la globalizaci\u00f3n nos obliga a retomar el debate sobre el papel de los mercados nacionales y de los Estados-naci\u00f3n como categor\u00edas hist\u00f3ricas, porque fueron <div><a href=\"https:\/\/www.economicas.uba.ar\/extension\/vocesenelfenix\/la-historia-de-la-globalizacion-segun-aldo-ferrer\/\" rel=\"bookmark\" class=\"bm-read-more entry-read-more\">M\u00e1s \u00bb<\/a><div>            <\/div>\n        <\/div>\n    <\/article>\n    <article id=\"post-10693\" class=\"item bm_layout post-10693 post type-post status-publish format-standard has-post-thumbnail hentry category-n-54 tag-anabel-chiara tag-densidad-nacional tag-desarrollo tag-globalizacion tag-homenaje-a-aldo-ferrer tag-marta-bekerman\">\n\t\t<div class=\"bm-blog-post-image entry-post-image\">\n\t\t\t<div class=\"bm-post-image clearfix bm-hover-effect bm-hover-effect-blur\">\n\t\t\t\t<img loading=\"lazy\" decoding=\"async\" width=\"640\" height=\"430\" src=\"https:\/\/www.economicas.uba.ar\/extension\/vocesenelfenix\/wp-content\/uploads\/5413-Bekerman.jpg\" class=\"attachment-large size-large wp-post-image\" alt=\"\" srcset=\"https:\/\/www.economicas.uba.ar\/extension\/vocesenelfenix\/wp-content\/uploads\/5413-Bekerman.jpg 1080w, https:\/\/www.economicas.uba.ar\/extension\/vocesenelfenix\/wp-content\/uploads\/5413-Bekerman-300x202.jpg 300w, https:\/\/www.economicas.uba.ar\/extension\/vocesenelfenix\/wp-content\/uploads\/5413-Bekerman-768x516.jpg 768w\" sizes=\"(max-width: 640px) 100vw, 640px\" \/>\t\t\t<\/div>\n\t\t<\/div>\n        <div class=\"bm-blog-post-content bm_content_box\">\n            <h4 class=\"entry-post-title bm_title\"><a href=\"https:\/\/www.economicas.uba.ar\/extension\/vocesenelfenix\/comentario-al-trabajo-de-aldo-ferrer-globalizacion-desarrollo-y-densidad-nacional\/\" rel=\"bookmark\">Comentario al trabajo de Aldo Ferrer: \u201cGlobalizaci\u00f3n, desarrollo y densidad nacional\u201d<\/a><\/h4>            <div class=\"bm-blog-post-meta entry-post-meta bm_meta\">\n                            <\/div>\n            <div class=\"entry-post-content bm_content\">\n                | Por Marta Bekerman y Anabel Chiara | Si bien el desarrollo local no puede pensarse por fuera del contexto internacional, el espacio interno mantiene todav\u00eda un peso decisivo en <div><a href=\"https:\/\/www.economicas.uba.ar\/extension\/vocesenelfenix\/comentario-al-trabajo-de-aldo-ferrer-globalizacion-desarrollo-y-densidad-nacional\/\" rel=\"bookmark\" class=\"bm-read-more entry-read-more\">M\u00e1s \u00bb<\/a><div>            <\/div>\n        <\/div>\n    <\/article>\n    <article id=\"post-10700\" class=\"item bm_layout post-10700 post type-post status-publish format-standard has-post-thumbnail hentry category-n-54 tag-desarrollo-industrial tag-homenaje-a-aldo-ferrer tag-integracion-regional tag-jose-briceno-ruiz tag-latinoamerica\">\n\t\t<div class=\"bm-blog-post-image entry-post-image\">\n\t\t\t<div class=\"bm-post-image clearfix bm-hover-effect bm-hover-effect-blur\">\n\t\t\t\t<img loading=\"lazy\" decoding=\"async\" width=\"640\" height=\"456\" src=\"https:\/\/www.economicas.uba.ar\/extension\/vocesenelfenix\/wp-content\/uploads\/5414-Briceno.jpg\" class=\"attachment-large size-large wp-post-image\" alt=\"\" srcset=\"https:\/\/www.economicas.uba.ar\/extension\/vocesenelfenix\/wp-content\/uploads\/5414-Briceno.jpg 1080w, https:\/\/www.economicas.uba.ar\/extension\/vocesenelfenix\/wp-content\/uploads\/5414-Briceno-300x214.jpg 300w, https:\/\/www.economicas.uba.ar\/extension\/vocesenelfenix\/wp-content\/uploads\/5414-Briceno-768x548.jpg 768w\" sizes=\"(max-width: 640px) 100vw, 640px\" \/>\t\t\t<\/div>\n\t\t<\/div>\n        <div class=\"bm-blog-post-content bm_content_box\">\n            <h4 class=\"entry-post-title bm_title\"><a href=\"https:\/\/www.economicas.uba.ar\/extension\/vocesenelfenix\/aldo-ferrer-y-la-integracion-regional-en-america-latina\/\" rel=\"bookmark\">Aldo Ferrer y la integraci\u00f3n regional en Am\u00e9rica latina<\/a><\/h4>            <div class=\"bm-blog-post-meta entry-post-meta bm_meta\">\n                            <\/div>\n            <div class=\"entry-post-content bm_content\">\n                | Por Jos\u00e9 Brice\u00f1o Ruiz | El autor propone un recorrido por la obra de Ferrer sobre la integraci\u00f3n regional, distinguiendo entre diferentes etapas de su pensamiento, que puede resumirse <div><a href=\"https:\/\/www.economicas.uba.ar\/extension\/vocesenelfenix\/aldo-ferrer-y-la-integracion-regional-en-america-latina\/\" rel=\"bookmark\" class=\"bm-read-more entry-read-more\">M\u00e1s \u00bb<\/a><div>            <\/div>\n        <\/div>\n    <\/article>\n    <article id=\"post-10706\" class=\"item bm_layout post-10706 post type-post status-publish format-standard has-post-thumbnail hentry category-n-54 tag-desarrollo tag-distribucion-del-poder tag-homenaje-a-aldo-ferrer tag-jose-miguel-amiune tag-sistema-internacional\">\n\t\t<div class=\"bm-blog-post-image entry-post-image\">\n\t\t\t<div class=\"bm-post-image clearfix bm-hover-effect bm-hover-effect-blur\">\n\t\t\t\t<img loading=\"lazy\" decoding=\"async\" width=\"640\" height=\"431\" src=\"https:\/\/www.economicas.uba.ar\/extension\/vocesenelfenix\/wp-content\/uploads\/5415-Amiune.jpg\" class=\"attachment-large size-large wp-post-image\" alt=\"\" srcset=\"https:\/\/www.economicas.uba.ar\/extension\/vocesenelfenix\/wp-content\/uploads\/5415-Amiune.jpg 1080w, https:\/\/www.economicas.uba.ar\/extension\/vocesenelfenix\/wp-content\/uploads\/5415-Amiune-300x202.jpg 300w, https:\/\/www.economicas.uba.ar\/extension\/vocesenelfenix\/wp-content\/uploads\/5415-Amiune-768x518.jpg 768w\" sizes=\"(max-width: 640px) 100vw, 640px\" \/>\t\t\t<\/div>\n\t\t<\/div>\n        <div class=\"bm-blog-post-content bm_content_box\">\n            <h4 class=\"entry-post-title bm_title\"><a href=\"https:\/\/www.economicas.uba.ar\/extension\/vocesenelfenix\/lo-que-aprendi-de-aldo-ferrer-pensar-criticamente-el-sistema-internacional-y-la-distribucion-del-poder-mundial\/\" rel=\"bookmark\">Lo que aprend\u00ed de Aldo Ferrer: pensar cr\u00edticamente el sistema internacional y la distribuci\u00f3n del poder mundial<\/a><\/h4>            <div class=\"bm-blog-post-meta entry-post-meta bm_meta\">\n                            <\/div>\n            <div class=\"entry-post-content bm_content\">\n                | Por Jos\u00e9 Miguel Amiune | Para poder comprender el mundo en el que estamos insertos y el rol que ocupamos en el mismo, es necesario pensar y ver nuestra <div><a href=\"https:\/\/www.economicas.uba.ar\/extension\/vocesenelfenix\/lo-que-aprendi-de-aldo-ferrer-pensar-criticamente-el-sistema-internacional-y-la-distribucion-del-poder-mundial\/\" rel=\"bookmark\" class=\"bm-read-more entry-read-more\">M\u00e1s \u00bb<\/a><div>            <\/div>\n        <\/div>\n    <\/article>\n    <article id=\"post-10712\" class=\"item bm_layout post-10712 post type-post status-publish format-standard has-post-thumbnail hentry category-n-54 tag-cambiemos tag-corrupcion tag-homenaje-a-aldo-ferrer tag-horacio-verbitsky tag-jose-lopez tag-kirchnerismo\">\n\t\t<div class=\"bm-blog-post-image entry-post-image\">\n\t\t\t<div class=\"bm-post-image clearfix bm-hover-effect bm-hover-effect-blur\">\n\t\t\t\t<img loading=\"lazy\" decoding=\"async\" width=\"640\" height=\"430\" src=\"https:\/\/www.economicas.uba.ar\/extension\/vocesenelfenix\/wp-content\/uploads\/5416-Verbitsky.jpg\" class=\"attachment-large size-large wp-post-image\" alt=\"\" srcset=\"https:\/\/www.economicas.uba.ar\/extension\/vocesenelfenix\/wp-content\/uploads\/5416-Verbitsky.jpg 1080w, https:\/\/www.economicas.uba.ar\/extension\/vocesenelfenix\/wp-content\/uploads\/5416-Verbitsky-300x202.jpg 300w, https:\/\/www.economicas.uba.ar\/extension\/vocesenelfenix\/wp-content\/uploads\/5416-Verbitsky-768x516.jpg 768w\" sizes=\"(max-width: 640px) 100vw, 640px\" \/>\t\t\t<\/div>\n\t\t<\/div>\n        <div class=\"bm-blog-post-content bm_content_box\">\n            <h4 class=\"entry-post-title bm_title\"><a href=\"https:\/\/www.economicas.uba.ar\/extension\/vocesenelfenix\/orantes-y-penitentes\/\" rel=\"bookmark\">Orantes y penitentes<\/a><\/h4>            <div class=\"bm-blog-post-meta entry-post-meta bm_meta\">\n                            <\/div>\n            <div class=\"entry-post-content bm_content\">\n                | Por Horacio Verbitsky | La detenci\u00f3n de Jos\u00e9 L\u00f3pez en el monasterio pate\u00f3 el tablero pol\u00edtico. Al Gobierno le simplific\u00f3 la aprobaci\u00f3n de medidas de efecto m\u00e1s gravoso que <div><a href=\"https:\/\/www.economicas.uba.ar\/extension\/vocesenelfenix\/orantes-y-penitentes\/\" rel=\"bookmark\" class=\"bm-read-more entry-read-more\">M\u00e1s \u00bb<\/a><div>            <\/div>\n        <\/div>\n    <\/article>\n    <article id=\"post-10718\" class=\"item bm_layout post-10718 post type-post status-publish format-standard has-post-thumbnail hentry category-n-54 tag-desarrollo tag-estado-desarrollista tag-homenaje-a-aldo-ferrer tag-inclusion tag-integracion-regional tag-luiz-carlos-bresser-pereira\">\n\t\t<div class=\"bm-blog-post-image entry-post-image\">\n\t\t\t<div class=\"bm-post-image clearfix bm-hover-effect bm-hover-effect-blur\">\n\t\t\t\t<img loading=\"lazy\" decoding=\"async\" width=\"640\" height=\"417\" src=\"https:\/\/www.economicas.uba.ar\/extension\/vocesenelfenix\/wp-content\/uploads\/5417-Bresser.jpg\" class=\"attachment-large size-large wp-post-image\" alt=\"\" srcset=\"https:\/\/www.economicas.uba.ar\/extension\/vocesenelfenix\/wp-content\/uploads\/5417-Bresser.jpg 1080w, https:\/\/www.economicas.uba.ar\/extension\/vocesenelfenix\/wp-content\/uploads\/5417-Bresser-300x196.jpg 300w, https:\/\/www.economicas.uba.ar\/extension\/vocesenelfenix\/wp-content\/uploads\/5417-Bresser-768x501.jpg 768w\" sizes=\"(max-width: 640px) 100vw, 640px\" \/>\t\t\t<\/div>\n\t\t<\/div>\n        <div class=\"bm-blog-post-content bm_content_box\">\n            <h4 class=\"entry-post-title bm_title\"><a href=\"https:\/\/www.economicas.uba.ar\/extension\/vocesenelfenix\/aldo-ferrer-e-a-densidade-de-ser\/\" rel=\"bookmark\">Aldo Ferrer e a densidade de ser<\/a><\/h4>            <div class=\"bm-blog-post-meta entry-post-meta bm_meta\">\n                            <\/div>\n            <div class=\"entry-post-content bm_content\">\n                | Por Luiz Carlos Bresser-Pereira | Una amistad de m\u00e1s de 30 a\u00f1os que nace a partir de la funci\u00f3n p\u00fablica y la integraci\u00f3n regional y se fortalece desde la <div><a href=\"https:\/\/www.economicas.uba.ar\/extension\/vocesenelfenix\/aldo-ferrer-e-a-densidade-de-ser\/\" rel=\"bookmark\" class=\"bm-read-more entry-read-more\">M\u00e1s \u00bb<\/a><div>            <\/div>\n        <\/div>\n    <\/article>\n    <article id=\"post-10725\" class=\"item bm_layout post-10725 post type-post status-publish format-standard has-post-thumbnail hentry category-n-54 tag-aldo-ferrer tag-homenaje-a-aldo-ferrer tag-jorge-gaggero tag-marta-ferrer\">\n\t\t<div class=\"bm-blog-post-image entry-post-image\">\n\t\t\t<div class=\"bm-post-image clearfix bm-hover-effect bm-hover-effect-blur\">\n\t\t\t\t<img loading=\"lazy\" decoding=\"async\" width=\"640\" height=\"430\" src=\"https:\/\/www.economicas.uba.ar\/extension\/vocesenelfenix\/wp-content\/uploads\/5418-Gaggero.jpg\" class=\"attachment-large size-large wp-post-image\" alt=\"\" srcset=\"https:\/\/www.economicas.uba.ar\/extension\/vocesenelfenix\/wp-content\/uploads\/5418-Gaggero.jpg 1080w, https:\/\/www.economicas.uba.ar\/extension\/vocesenelfenix\/wp-content\/uploads\/5418-Gaggero-300x202.jpg 300w, https:\/\/www.economicas.uba.ar\/extension\/vocesenelfenix\/wp-content\/uploads\/5418-Gaggero-768x516.jpg 768w\" sizes=\"(max-width: 640px) 100vw, 640px\" \/>\t\t\t<\/div>\n\t\t<\/div>\n        <div class=\"bm-blog-post-content bm_content_box\">\n            <h4 class=\"entry-post-title bm_title\"><a href=\"https:\/\/www.economicas.uba.ar\/extension\/vocesenelfenix\/los-hermanos-ferrer-marta-1944-1976-y-aldo-1927-2016-in-memoriam\/\" rel=\"bookmark\">Los hermanos Ferrer. Marta (1944-1976) y Aldo (1927-2016). In memoriam<\/a><\/h4>            <div class=\"bm-blog-post-meta entry-post-meta bm_meta\">\n                            <\/div>\n            <div class=\"entry-post-content bm_content\">\n                | Por Jorge Gaggero |            <\/div>\n        <\/div>\n    <\/article>\n\t\t\t\t<\/div><\/div>\n\t\t\t\t\t\t\t\t<\/div>\n\t\t\t\t<\/div>\n\t\t\t\t\t<\/div>\n\t\t<\/div>\n\t\t\t\t\t<\/div>\n\t\t<\/section>\n\t\t\t\t<section class=\"elementor-section elementor-top-section elementor-element elementor-element-0b4cda6 elementor-section-boxed elementor-section-height-default elementor-section-height-default\" data-id=\"0b4cda6\" data-element_type=\"section\" data-e-type=\"section\" data-settings=\"{&quot;background_background&quot;:&quot;classic&quot;}\">\n\t\t\t\t\t\t<div class=\"elementor-container elementor-column-gap-default\">\n\t\t\t\t\t<div class=\"elementor-column elementor-col-100 elementor-top-column elementor-element elementor-element-173a1d5\" data-id=\"173a1d5\" data-element_type=\"column\" data-e-type=\"column\">\n\t\t\t<div class=\"elementor-widget-wrap elementor-element-populated\">\n\t\t\t\t\t\t<div class=\"elementor-element elementor-element-3ba5264 elementor-widget elementor-widget-text-editor\" data-id=\"3ba5264\" data-element_type=\"widget\" data-e-type=\"widget\" data-widget_type=\"text-editor.default\">\n\t\t\t\t<div class=\"elementor-widget-container\">\n\t\t\t\t\t\t\t\t\t<iframe width=\"560\" height=\"315\" src=\"https:\/\/www.youtube.com\/embed\/videoseries?list=PLeYdj9X0_ljkOKYJs7toZpFkWsvx2sMCN\" title=\"YouTube video player\" frameborder=\"0\" allow=\"accelerometer; autoplay; clipboard-write; encrypted-media; gyroscope; picture-in-picture\" allowfullscreen><\/iframe>\t\t\t\t\t\t\t\t<\/div>\n\t\t\t\t<\/div>\n\t\t\t\t\t<\/div>\n\t\t<\/div>\n\t\t\t\t\t<\/div>\n\t\t<\/section>\n\t\t\t\t<\/div>\n\t\t","protected":false},"excerpt":{"rendered":"<p>N\u00daMERO 54 AL MAESTRO CON CARI\u00d1O HOMENAJE A ALDO FERRER A MEDIADOS DEL SIGLO XX, Y TRAS UNA S\u00d3LIDA FORMACI\u00d3N ACAD\u00c9MICA EN NUESTRO PA\u00cdS Y EL EXTERIOR, COMIENZA LA PRODUCCI\u00d3N<\/p>\n","protected":false},"author":5,"featured_media":0,"parent":0,"menu_order":0,"comment_status":"closed","ping_status":"closed","template":"","meta":{"footnotes":""},"class_list":["post-10596","page","type-page","status-publish","hentry"],"_links":{"self":[{"href":"https:\/\/www.economicas.uba.ar\/extension\/vocesenelfenix\/wp-json\/wp\/v2\/pages\/10596","targetHints":{"allow":["GET"]}}],"collection":[{"href":"https:\/\/www.economicas.uba.ar\/extension\/vocesenelfenix\/wp-json\/wp\/v2\/pages"}],"about":[{"href":"https:\/\/www.economicas.uba.ar\/extension\/vocesenelfenix\/wp-json\/wp\/v2\/types\/page"}],"author":[{"embeddable":true,"href":"https:\/\/www.economicas.uba.ar\/extension\/vocesenelfenix\/wp-json\/wp\/v2\/users\/5"}],"replies":[{"embeddable":true,"href":"https:\/\/www.economicas.uba.ar\/extension\/vocesenelfenix\/wp-json\/wp\/v2\/comments?post=10596"}],"version-history":[{"count":7,"href":"https:\/\/www.economicas.uba.ar\/extension\/vocesenelfenix\/wp-json\/wp\/v2\/pages\/10596\/revisions"}],"predecessor-version":[{"id":10610,"href":"https:\/\/www.economicas.uba.ar\/extension\/vocesenelfenix\/wp-json\/wp\/v2\/pages\/10596\/revisions\/10610"}],"wp:attachment":[{"href":"https:\/\/www.economicas.uba.ar\/extension\/vocesenelfenix\/wp-json\/wp\/v2\/media?parent=10596"}],"curies":[{"name":"wp","href":"https:\/\/api.w.org\/{rel}","templated":true}]}}