{"id":1062,"date":"2021-08-04T14:49:34","date_gmt":"2021-08-04T17:49:34","guid":{"rendered":"https:\/\/www.economicas.uba.ar\/extension\/vocesenelfenix\/?page_id=1062"},"modified":"2021-11-10T15:11:14","modified_gmt":"2021-11-10T18:11:14","slug":"numero-82","status":"publish","type":"page","link":"https:\/\/www.economicas.uba.ar\/extension\/vocesenelfenix\/numero-82\/","title":{"rendered":"N\u00famero 82"},"content":{"rendered":"\t\t<div data-elementor-type=\"wp-page\" data-elementor-id=\"1062\" class=\"elementor elementor-1062\" data-elementor-post-type=\"page\">\n\t\t\t\t\t\t<section class=\"elementor-section elementor-top-section elementor-element elementor-element-eb9f814 elementor-section-boxed elementor-section-height-default elementor-section-height-default\" data-id=\"eb9f814\" data-element_type=\"section\" data-e-type=\"section\" data-settings=\"{&quot;background_background&quot;:&quot;classic&quot;}\">\n\t\t\t\t\t\t<div class=\"elementor-container elementor-column-gap-default\">\n\t\t\t\t\t<div class=\"elementor-column elementor-col-33 elementor-top-column elementor-element elementor-element-7f8686a\" data-id=\"7f8686a\" data-element_type=\"column\" data-e-type=\"column\" data-settings=\"{&quot;background_background&quot;:&quot;classic&quot;}\">\n\t\t\t<div class=\"elementor-widget-wrap elementor-element-populated\">\n\t\t\t\t\t<div class=\"elementor-background-overlay\"><\/div>\n\t\t\t\t\t\t<div class=\"elementor-element elementor-element-147ea0c elementor-widget elementor-widget-image\" data-id=\"147ea0c\" data-element_type=\"widget\" data-e-type=\"widget\" data-widget_type=\"image.default\">\n\t\t\t\t<div class=\"elementor-widget-container\">\n\t\t\t\t\t\t\t\t\t\t\t\t\t\t\t\t<a href=\"https:\/\/drive.google.com\/file\/d\/1R7XiEwGbk_VGBXm4VvdM7lLi1uOe3Cs3\/view?usp=sharing\" target=\"_blank\">\n\t\t\t\t\t\t\t<img fetchpriority=\"high\" decoding=\"async\" width=\"193\" height=\"268\" src=\"https:\/\/www.economicas.uba.ar\/extension\/vocesenelfenix\/wp-content\/uploads\/tapa82.jpg\" class=\"attachment-large size-large wp-image-1950\" alt=\"\" \/>\t\t\t\t\t\t\t\t<\/a>\n\t\t\t\t\t\t\t\t\t\t\t\t\t\t\t<\/div>\n\t\t\t\t<\/div>\n\t\t\t\t\t<\/div>\n\t\t<\/div>\n\t\t\t\t<div class=\"elementor-column elementor-col-66 elementor-top-column elementor-element elementor-element-d4ed728\" data-id=\"d4ed728\" data-element_type=\"column\" data-e-type=\"column\">\n\t\t\t<div class=\"elementor-widget-wrap elementor-element-populated\">\n\t\t\t\t\t\t<div class=\"elementor-element elementor-element-e5c1086 elementor-widget elementor-widget-text-editor\" data-id=\"e5c1086\" data-element_type=\"widget\" data-e-type=\"widget\" data-widget_type=\"text-editor.default\">\n\t\t\t\t<div class=\"elementor-widget-container\">\n\t\t\t\t\t\t\t\t\t<h5>N\u00daMERO 82<\/h5><h3>TRAS EL APOCALIPSIS<\/h3><h6>POSPANDEMIA<\/h6><h6>\u00a0<\/h6><p>SOCIEDADES Y ESTADOS ANTE EL COVID-19:<br \/>CAMINOS PARA UNA (RE)CONSTRUCCI\u00d3N DESPU\u00c9S DE LA PANDEMIA<\/p>\t\t\t\t\t\t\t\t<\/div>\n\t\t\t\t<\/div>\n\t\t\t\t<div class=\"elementor-element elementor-element-94ba102 elementor-align-left elementor-widget elementor-widget-button\" data-id=\"94ba102\" data-element_type=\"widget\" data-e-type=\"widget\" data-widget_type=\"button.default\">\n\t\t\t\t<div class=\"elementor-widget-container\">\n\t\t\t\t\t\t\t\t\t<div class=\"elementor-button-wrapper\">\n\t\t\t\t\t<a class=\"elementor-button elementor-button-link elementor-size-xs\" href=\"https:\/\/drive.google.com\/file\/d\/1R7XiEwGbk_VGBXm4VvdM7lLi1uOe3Cs3\/view?usp=sharing\" target=\"_blank\">\n\t\t\t\t\t\t<span class=\"elementor-button-content-wrapper\">\n\t\t\t\t\t\t\t\t\t<span class=\"elementor-button-text\">Descarg\u00e1 el PDF<\/span>\n\t\t\t\t\t<\/span>\n\t\t\t\t\t<\/a>\n\t\t\t\t<\/div>\n\t\t\t\t\t\t\t\t<\/div>\n\t\t\t\t<\/div>\n\t\t\t\t\t<\/div>\n\t\t<\/div>\n\t\t\t\t\t<\/div>\n\t\t<\/section>\n\t\t\t\t<section class=\"elementor-section elementor-top-section elementor-element elementor-element-6662ead elementor-section-boxed elementor-section-height-default elementor-section-height-default\" data-id=\"6662ead\" data-element_type=\"section\" data-e-type=\"section\">\n\t\t\t\t\t\t<div class=\"elementor-container elementor-column-gap-default\">\n\t\t\t\t\t<div class=\"elementor-column elementor-col-100 elementor-top-column elementor-element elementor-element-77ee13d\" data-id=\"77ee13d\" data-element_type=\"column\" data-e-type=\"column\">\n\t\t\t<div class=\"elementor-widget-wrap elementor-element-populated\">\n\t\t\t\t\t\t<div class=\"elementor-element elementor-element-8c764d3 elementor-grid-2 elementor-grid-tablet-2 elementor-grid-mobile-1 elementor-posts--align-left elementor-widget elementor-widget-blogmentor_blog_posts\" data-id=\"8c764d3\" data-element_type=\"widget\" data-e-type=\"widget\" data-settings=\"{&quot;bm_grid_columns&quot;:&quot;2&quot;,&quot;bm_grid_columns_tablet&quot;:&quot;2&quot;,&quot;bm_grid_columns_mobile&quot;:&quot;1&quot;,&quot;post_card_grid_gap&quot;:{&quot;unit&quot;:&quot;px&quot;,&quot;size&quot;:10,&quot;sizes&quot;:[]},&quot;post_card_row_gap&quot;:{&quot;unit&quot;:&quot;px&quot;,&quot;size&quot;:35,&quot;sizes&quot;:[]}}\" data-widget_type=\"blogmentor_blog_posts.default\">\n\t\t\t\t<div class=\"elementor-widget-container\">\n\t\t\t\t\t\t\t\n\t\t\t\t\t\t\t\t<div class=\"bm-blog-posts-wrapper\" >\n\t\t\t\t\t\t\t<div class=\"bm-blog-posts bm-display-grid elementor-grid elementor-grid-2\" >\n\t\t\t\t    <article id=\"post-2152\" class=\"item bm_layout post-2152 post type-post status-publish format-standard has-post-thumbnail hentry category-n-82-presentacion tag-abraham-leonardo-gak tag-covid-19 tag-editorial tag-pandemia tag-pospandemia\">\n\t\t<div class=\"bm-blog-post-image entry-post-image\">\n\t\t\t<div class=\"bm-post-image clearfix bm-hover-effect bm-hover-effect-blur\">\n\t\t\t\t<img decoding=\"async\" width=\"640\" height=\"440\" src=\"https:\/\/www.economicas.uba.ar\/extension\/vocesenelfenix\/wp-content\/uploads\/8200-Editorial.jpg\" class=\"attachment-large size-large wp-post-image\" alt=\"\" srcset=\"https:\/\/www.economicas.uba.ar\/extension\/vocesenelfenix\/wp-content\/uploads\/8200-Editorial.jpg 1080w, https:\/\/www.economicas.uba.ar\/extension\/vocesenelfenix\/wp-content\/uploads\/8200-Editorial-300x206.jpg 300w, https:\/\/www.economicas.uba.ar\/extension\/vocesenelfenix\/wp-content\/uploads\/8200-Editorial-768x528.jpg 768w\" sizes=\"(max-width: 640px) 100vw, 640px\" \/>\t\t\t<\/div>\n\t\t<\/div>\n        <div class=\"bm-blog-post-content bm_content_box\">\n            <h4 class=\"entry-post-title bm_title\"><a href=\"https:\/\/www.economicas.uba.ar\/extension\/vocesenelfenix\/editorial\/\" rel=\"bookmark\">Editorial<\/a><\/h4>            <div class=\"bm-blog-post-meta entry-post-meta bm_meta\">\n                            <\/div>\n            <div class=\"entry-post-content bm_content\">\n                Este es el \u00faltimo n\u00famero de Voces en el F\u00e9nix en contar con la direcci\u00f3n de nuestro querido Abraham Leonardo Gak, <div><a href=\"https:\/\/www.economicas.uba.ar\/extension\/vocesenelfenix\/editorial\/\" rel=\"bookmark\" class=\"bm-read-more entry-read-more\">M\u00e1s \u00bb<\/a><div>            <\/div>\n        <\/div>\n    <\/article>\n    <article id=\"post-2166\" class=\"item bm_layout post-2166 post type-post status-publish format-standard has-post-thumbnail hentry category-n-82-presentacion tag-abraham-leonardo-gak tag-catedra-abierta-plan-fenix\">\n\t\t<div class=\"bm-blog-post-image entry-post-image\">\n\t\t\t<div class=\"bm-post-image clearfix bm-hover-effect bm-hover-effect-blur\">\n\t\t\t\t<img decoding=\"async\" width=\"640\" height=\"480\" src=\"https:\/\/www.economicas.uba.ar\/extension\/vocesenelfenix\/wp-content\/uploads\/82Declaracion2.jpg\" class=\"attachment-large size-large wp-post-image\" alt=\"\" srcset=\"https:\/\/www.economicas.uba.ar\/extension\/vocesenelfenix\/wp-content\/uploads\/82Declaracion2.jpg 1080w, https:\/\/www.economicas.uba.ar\/extension\/vocesenelfenix\/wp-content\/uploads\/82Declaracion2-300x225.jpg 300w, https:\/\/www.economicas.uba.ar\/extension\/vocesenelfenix\/wp-content\/uploads\/82Declaracion2-768x576.jpg 768w\" sizes=\"(max-width: 640px) 100vw, 640px\" \/>\t\t\t<\/div>\n\t\t<\/div>\n        <div class=\"bm-blog-post-content bm_content_box\">\n            <h4 class=\"entry-post-title bm_title\"><a href=\"https:\/\/www.economicas.uba.ar\/extension\/vocesenelfenix\/abraham-l-gak-trayectoria-y-legado\/\" rel=\"bookmark\">Abraham L. Gak: trayectoria y legado<\/a><\/h4>            <div class=\"bm-blog-post-meta entry-post-meta bm_meta\">\n                            <\/div>\n            <div class=\"entry-post-content bm_content\">\n                | Por C\u00e1tedra Abierta Plan F\u00e9nix |            <\/div>\n        <\/div>\n    <\/article>\n\t\t\t\t<\/div><\/div>\n\t\t\t\t\t\t\t\t<\/div>\n\t\t\t\t<\/div>\n\t\t\t\t\t<\/div>\n\t\t<\/div>\n\t\t\t\t\t<\/div>\n\t\t<\/section>\n\t\t\t\t<section class=\"elementor-section elementor-top-section elementor-element elementor-element-6df3c78 elementor-section-boxed elementor-section-height-default elementor-section-height-default\" data-id=\"6df3c78\" data-element_type=\"section\" data-e-type=\"section\">\n\t\t\t\t\t\t<div class=\"elementor-container elementor-column-gap-default\">\n\t\t\t\t\t<div class=\"elementor-column elementor-col-100 elementor-top-column elementor-element elementor-element-c5c888e\" data-id=\"c5c888e\" data-element_type=\"column\" data-e-type=\"column\">\n\t\t\t<div class=\"elementor-widget-wrap elementor-element-populated\">\n\t\t\t\t\t\t<div class=\"elementor-element elementor-element-b2f49a3 elementor-grid-3 elementor-grid-tablet-2 elementor-grid-mobile-1 elementor-posts--align-left elementor-widget elementor-widget-blogmentor_blog_posts\" data-id=\"b2f49a3\" data-element_type=\"widget\" data-e-type=\"widget\" data-settings=\"{&quot;bm_grid_columns&quot;:&quot;3&quot;,&quot;bm_grid_columns_tablet&quot;:&quot;2&quot;,&quot;bm_grid_columns_mobile&quot;:&quot;1&quot;,&quot;post_card_grid_gap&quot;:{&quot;unit&quot;:&quot;px&quot;,&quot;size&quot;:10,&quot;sizes&quot;:[]},&quot;post_card_row_gap&quot;:{&quot;unit&quot;:&quot;px&quot;,&quot;size&quot;:35,&quot;sizes&quot;:[]}}\" data-widget_type=\"blogmentor_blog_posts.default\">\n\t\t\t\t<div class=\"elementor-widget-container\">\n\t\t\t\t\t\t\t\n\t\t\t\t\t\t\t\t<div class=\"bm-blog-posts-wrapper\" >\n\t\t\t\t\t\t\t<div class=\"bm-blog-posts bm-display-grid elementor-grid elementor-grid-3\" >\n\t\t\t\t    <article id=\"post-2179\" class=\"item bm_layout post-2179 post type-post status-publish format-standard has-post-thumbnail hentry category-n-82 tag-andres-musacchio tag-asimetrias tag-covid-19 tag-crisis-mundial tag-endeudamiento tag-pospandemia\">\n\t\t<div class=\"bm-blog-post-image entry-post-image\">\n\t\t\t<div class=\"bm-post-image clearfix bm-hover-effect bm-hover-effect-blur\">\n\t\t\t\t<img loading=\"lazy\" decoding=\"async\" width=\"640\" height=\"431\" src=\"https:\/\/www.economicas.uba.ar\/extension\/vocesenelfenix\/wp-content\/uploads\/8201-Musacchio.jpg\" class=\"attachment-large size-large wp-post-image\" alt=\"\" srcset=\"https:\/\/www.economicas.uba.ar\/extension\/vocesenelfenix\/wp-content\/uploads\/8201-Musacchio.jpg 1080w, https:\/\/www.economicas.uba.ar\/extension\/vocesenelfenix\/wp-content\/uploads\/8201-Musacchio-300x202.jpg 300w, https:\/\/www.economicas.uba.ar\/extension\/vocesenelfenix\/wp-content\/uploads\/8201-Musacchio-768x517.jpg 768w\" sizes=\"(max-width: 640px) 100vw, 640px\" \/>\t\t\t<\/div>\n\t\t<\/div>\n        <div class=\"bm-blog-post-content bm_content_box\">\n            <h4 class=\"entry-post-title bm_title\"><a href=\"https:\/\/www.economicas.uba.ar\/extension\/vocesenelfenix\/entrevista-con-el-mundo-en-una-encrucijada\/\" rel=\"bookmark\">Entrevista con el mundo en una encrucijada<\/a><\/h4>            <div class=\"bm-blog-post-meta entry-post-meta bm_meta\">\n                            <\/div>\n            <div class=\"entry-post-content bm_content\">\n                | Por Andr\u00e9s Musacchio | El art\u00edculo enmarca la crisis mundial desatada por el Covid-19 en lo que se denomina como la d\u00e9cada del \u201cderrumbe paulatino del modelo neoliberal\u201d. As\u00ed, el autor describe la profundizaci\u00f3n <div><a href=\"https:\/\/www.economicas.uba.ar\/extension\/vocesenelfenix\/entrevista-con-el-mundo-en-una-encrucijada\/\" rel=\"bookmark\" class=\"bm-read-more entry-read-more\">M\u00e1s \u00bb<\/a><div>            <\/div>\n        <\/div>\n    <\/article>\n    <article id=\"post-2268\" class=\"item bm_layout post-2268 post type-post status-publish format-standard has-post-thumbnail hentry category-n-82 tag-comercio-internacional tag-covid-19 tag-donald-trump tag-exportaciones tag-federico-dulcich tag-pandemia tag-politicas-productivas tag-pospandemia\">\n\t\t<div class=\"bm-blog-post-image entry-post-image\">\n\t\t\t<div class=\"bm-post-image clearfix bm-hover-effect bm-hover-effect-blur\">\n\t\t\t\t<img loading=\"lazy\" decoding=\"async\" width=\"640\" height=\"417\" src=\"https:\/\/www.economicas.uba.ar\/extension\/vocesenelfenix\/wp-content\/uploads\/8202-Dulcich.jpg\" class=\"attachment-large size-large wp-post-image\" alt=\"\" srcset=\"https:\/\/www.economicas.uba.ar\/extension\/vocesenelfenix\/wp-content\/uploads\/8202-Dulcich.jpg 1080w, https:\/\/www.economicas.uba.ar\/extension\/vocesenelfenix\/wp-content\/uploads\/8202-Dulcich-300x195.jpg 300w, https:\/\/www.economicas.uba.ar\/extension\/vocesenelfenix\/wp-content\/uploads\/8202-Dulcich-768x500.jpg 768w\" sizes=\"(max-width: 640px) 100vw, 640px\" \/>\t\t\t<\/div>\n\t\t<\/div>\n        <div class=\"bm-blog-post-content bm_content_box\">\n            <h4 class=\"entry-post-title bm_title\"><a href=\"https:\/\/www.economicas.uba.ar\/extension\/vocesenelfenix\/trump-pandemia-y-despues-trayectoria-historica-coyuntura-y-perspectivas-de-la-produccion-y-el-comercio-internacional\/\" rel=\"bookmark\">Trump, pandemia y despu\u00e9s\u2026 Trayectoria hist\u00f3rica, coyuntura y perspectivas de la producci\u00f3n y el comercio internacional<\/a><\/h4>            <div class=\"bm-blog-post-meta entry-post-meta bm_meta\">\n                            <\/div>\n            <div class=\"entry-post-content bm_content\">\n                | Por Federico Dulcich | El autor aborda el impacto del Covid-19 en el comercio internacional y las pol\u00edticas productivas, al mismo tiempo que analiza el contexto de guerra comercial entre Estados Unidos y China, <div><a href=\"https:\/\/www.economicas.uba.ar\/extension\/vocesenelfenix\/trump-pandemia-y-despues-trayectoria-historica-coyuntura-y-perspectivas-de-la-produccion-y-el-comercio-internacional\/\" rel=\"bookmark\" class=\"bm-read-more entry-read-more\">M\u00e1s \u00bb<\/a><div>            <\/div>\n        <\/div>\n    <\/article>\n    <article id=\"post-2297\" class=\"item bm_layout post-2297 post type-post status-publish format-standard has-post-thumbnail hentry category-n-82 tag-ciencia-y-tecnologia tag-covid-19 tag-graciela-gutman tag-industria-biofarmaceutica tag-pablo-lavarello tag-pospandemia\">\n\t\t<div class=\"bm-blog-post-image entry-post-image\">\n\t\t\t<div class=\"bm-post-image clearfix bm-hover-effect bm-hover-effect-blur\">\n\t\t\t\t<img loading=\"lazy\" decoding=\"async\" width=\"640\" height=\"431\" src=\"https:\/\/www.economicas.uba.ar\/extension\/vocesenelfenix\/wp-content\/uploads\/8203-Lavarello-Gutman.jpg\" class=\"attachment-large size-large wp-post-image\" alt=\"\" srcset=\"https:\/\/www.economicas.uba.ar\/extension\/vocesenelfenix\/wp-content\/uploads\/8203-Lavarello-Gutman.jpg 1080w, https:\/\/www.economicas.uba.ar\/extension\/vocesenelfenix\/wp-content\/uploads\/8203-Lavarello-Gutman-300x202.jpg 300w, https:\/\/www.economicas.uba.ar\/extension\/vocesenelfenix\/wp-content\/uploads\/8203-Lavarello-Gutman-768x517.jpg 768w\" sizes=\"(max-width: 640px) 100vw, 640px\" \/>\t\t\t<\/div>\n\t\t<\/div>\n        <div class=\"bm-blog-post-content bm_content_box\">\n            <h4 class=\"entry-post-title bm_title\"><a href=\"https:\/\/www.economicas.uba.ar\/extension\/vocesenelfenix\/politica-industrial-frente-al-covid-19-las-oportunidades-y-desafios-de-la-industria-biofarmaceutica-en-la-argentina\/\" rel=\"bookmark\">Pol\u00edtica industrial frente al Covid-19: las oportunidades y desaf\u00edos de la industria biofarmac\u00e9utica en la Argentina<\/a><\/h4>            <div class=\"bm-blog-post-meta entry-post-meta bm_meta\">\n                            <\/div>\n            <div class=\"entry-post-content bm_content\">\n                | Por Pablo Lavarello y Graciela Gutman | El art\u00edculo muestra c\u00f3mo la pandemia dej\u00f3 en evidencia la importancia de la infraestructura nacional vinculada a la ciencia y tecnolog\u00eda. En este sentido, los autores destacan <div><a href=\"https:\/\/www.economicas.uba.ar\/extension\/vocesenelfenix\/politica-industrial-frente-al-covid-19-las-oportunidades-y-desafios-de-la-industria-biofarmaceutica-en-la-argentina\/\" rel=\"bookmark\" class=\"bm-read-more entry-read-more\">M\u00e1s \u00bb<\/a><div>            <\/div>\n        <\/div>\n    <\/article>\n    <article id=\"post-2405\" class=\"item bm_layout post-2405 post type-post status-publish format-standard has-post-thumbnail hentry category-n-82 tag-comercio-internacional tag-covid-19 tag-crisis-mundial tag-juan-e-santarcangelo tag-pandemia tag-pospandemia\">\n\t\t<div class=\"bm-blog-post-image entry-post-image\">\n\t\t\t<div class=\"bm-post-image clearfix bm-hover-effect bm-hover-effect-blur\">\n\t\t\t\t<img loading=\"lazy\" decoding=\"async\" width=\"640\" height=\"431\" src=\"https:\/\/www.economicas.uba.ar\/extension\/vocesenelfenix\/wp-content\/uploads\/8204-Santarcangelo.jpg\" class=\"attachment-large size-large wp-post-image\" alt=\"\" srcset=\"https:\/\/www.economicas.uba.ar\/extension\/vocesenelfenix\/wp-content\/uploads\/8204-Santarcangelo.jpg 1080w, https:\/\/www.economicas.uba.ar\/extension\/vocesenelfenix\/wp-content\/uploads\/8204-Santarcangelo-300x202.jpg 300w, https:\/\/www.economicas.uba.ar\/extension\/vocesenelfenix\/wp-content\/uploads\/8204-Santarcangelo-768x517.jpg 768w\" sizes=\"(max-width: 640px) 100vw, 640px\" \/>\t\t\t<\/div>\n\t\t<\/div>\n        <div class=\"bm-blog-post-content bm_content_box\">\n            <h4 class=\"entry-post-title bm_title\"><a href=\"https:\/\/www.economicas.uba.ar\/extension\/vocesenelfenix\/los-efectos-del-covid-19-sobre-el-comercio-internacional-que-perspectivas-se-vislumbran-en-el-futuro\/\" rel=\"bookmark\">Los efectos del Covid-19 sobre el comercio internacional. \u00bfQu\u00e9 perspectivas se vislumbran en el futuro?<\/a><\/h4>            <div class=\"bm-blog-post-meta entry-post-meta bm_meta\">\n                            <\/div>\n            <div class=\"entry-post-content bm_content\">\n                | Por Juan E. Santarc\u00e1ngelo | El art\u00edculo se propone reflexionar sobre las tendencias que dejar\u00e1 la pandemia en relaci\u00f3n al comercio internacional, en el marco de lo que se denomina hasta el momento como <div><a href=\"https:\/\/www.economicas.uba.ar\/extension\/vocesenelfenix\/los-efectos-del-covid-19-sobre-el-comercio-internacional-que-perspectivas-se-vislumbran-en-el-futuro\/\" rel=\"bookmark\" class=\"bm-read-more entry-read-more\">M\u00e1s \u00bb<\/a><div>            <\/div>\n        <\/div>\n    <\/article>\n    <article id=\"post-2470\" class=\"item bm_layout post-2470 post type-post status-publish format-standard has-post-thumbnail hentry category-n-82 tag-contagios tag-covid-19 tag-educacion tag-flavia-terigi tag-pandemia tag-pospandemia\">\n\t\t<div class=\"bm-blog-post-image entry-post-image\">\n\t\t\t<div class=\"bm-post-image clearfix bm-hover-effect bm-hover-effect-blur\">\n\t\t\t\t<img loading=\"lazy\" decoding=\"async\" width=\"640\" height=\"495\" src=\"https:\/\/www.economicas.uba.ar\/extension\/vocesenelfenix\/wp-content\/uploads\/8205-Terigi.jpg\" class=\"attachment-large size-large wp-post-image\" alt=\"\" srcset=\"https:\/\/www.economicas.uba.ar\/extension\/vocesenelfenix\/wp-content\/uploads\/8205-Terigi.jpg 1080w, https:\/\/www.economicas.uba.ar\/extension\/vocesenelfenix\/wp-content\/uploads\/8205-Terigi-300x232.jpg 300w, https:\/\/www.economicas.uba.ar\/extension\/vocesenelfenix\/wp-content\/uploads\/8205-Terigi-768x594.jpg 768w\" sizes=\"(max-width: 640px) 100vw, 640px\" \/>\t\t\t<\/div>\n\t\t<\/div>\n        <div class=\"bm-blog-post-content bm_content_box\">\n            <h4 class=\"entry-post-title bm_title\"><a href=\"https:\/\/www.economicas.uba.ar\/extension\/vocesenelfenix\/cuando-la-concurrencia-a-las-escuelas-esta-condicionada\/\" rel=\"bookmark\">Cuando la concurrencia a las escuelas est\u00e1 condicionada<\/a><\/h4>            <div class=\"bm-blog-post-meta entry-post-meta bm_meta\">\n                            <\/div>\n            <div class=\"entry-post-content bm_content\">\n                | Por Flavia Terigi | El art\u00edculo analiza el esquema de organizaci\u00f3n de la ense\u00f1anza a partir de la experiencia de la pandemia de Covid-19, que implic\u00f3 la medida de no asistencia a las escuelas <div><a href=\"https:\/\/www.economicas.uba.ar\/extension\/vocesenelfenix\/cuando-la-concurrencia-a-las-escuelas-esta-condicionada\/\" rel=\"bookmark\" class=\"bm-read-more entry-read-more\">M\u00e1s \u00bb<\/a><div>            <\/div>\n        <\/div>\n    <\/article>\n    <article id=\"post-2503\" class=\"item bm_layout post-2503 post type-post status-publish format-standard has-post-thumbnail hentry category-n-82 tag-clases-virtuales tag-covid-19 tag-educacion tag-guillermo-ramon-ruiz tag-pandemia tag-politicas-educativas tag-pospandemia\">\n\t\t<div class=\"bm-blog-post-image entry-post-image\">\n\t\t\t<div class=\"bm-post-image clearfix bm-hover-effect bm-hover-effect-blur\">\n\t\t\t\t<img loading=\"lazy\" decoding=\"async\" width=\"640\" height=\"430\" src=\"https:\/\/www.economicas.uba.ar\/extension\/vocesenelfenix\/wp-content\/uploads\/8206-Ruiz.jpg\" class=\"attachment-large size-large wp-post-image\" alt=\"\" srcset=\"https:\/\/www.economicas.uba.ar\/extension\/vocesenelfenix\/wp-content\/uploads\/8206-Ruiz.jpg 1080w, https:\/\/www.economicas.uba.ar\/extension\/vocesenelfenix\/wp-content\/uploads\/8206-Ruiz-300x201.jpg 300w, https:\/\/www.economicas.uba.ar\/extension\/vocesenelfenix\/wp-content\/uploads\/8206-Ruiz-768x516.jpg 768w\" sizes=\"(max-width: 640px) 100vw, 640px\" \/>\t\t\t<\/div>\n\t\t<\/div>\n        <div class=\"bm-blog-post-content bm_content_box\">\n            <h4 class=\"entry-post-title bm_title\"><a href=\"https:\/\/www.economicas.uba.ar\/extension\/vocesenelfenix\/el-derecho-a-la-educacion-en-tiempos-de-la-pandemia-del-covid-19-entre-la-emergencia-y-la-catastrofe-educativa\/\" rel=\"bookmark\">El derecho a la educaci\u00f3n en tiempos de la pandemia del Covid-19: entre la emergencia y la cat\u00e1strofe educativa<\/a><\/h4>            <div class=\"bm-blog-post-meta entry-post-meta bm_meta\">\n                            <\/div>\n            <div class=\"entry-post-content bm_content\">\n                | Por Guillermo Ram\u00f3n Ruiz | El autor aborda el impacto que el aislamiento tuvo sobre el sistema escolar, tanto a nivel internacional como en el caso de la Argentina, describiendo la gran cantidad de <div><a href=\"https:\/\/www.economicas.uba.ar\/extension\/vocesenelfenix\/el-derecho-a-la-educacion-en-tiempos-de-la-pandemia-del-covid-19-entre-la-emergencia-y-la-catastrofe-educativa\/\" rel=\"bookmark\" class=\"bm-read-more entry-read-more\">M\u00e1s \u00bb<\/a><div>            <\/div>\n        <\/div>\n    <\/article>\n    <article id=\"post-2535\" class=\"item bm_layout post-2535 post type-post status-publish format-standard has-post-thumbnail hentry category-n-82 tag-covid-19 tag-crisis-sanitaria tag-hugo-spinelli tag-pandemia tag-pospandemia\">\n\t\t<div class=\"bm-blog-post-image entry-post-image\">\n\t\t\t<div class=\"bm-post-image clearfix bm-hover-effect bm-hover-effect-blur\">\n\t\t\t\t<img loading=\"lazy\" decoding=\"async\" width=\"640\" height=\"417\" src=\"https:\/\/www.economicas.uba.ar\/extension\/vocesenelfenix\/wp-content\/uploads\/8207-Spinelli.jpg\" class=\"attachment-large size-large wp-post-image\" alt=\"\" srcset=\"https:\/\/www.economicas.uba.ar\/extension\/vocesenelfenix\/wp-content\/uploads\/8207-Spinelli.jpg 1080w, https:\/\/www.economicas.uba.ar\/extension\/vocesenelfenix\/wp-content\/uploads\/8207-Spinelli-300x195.jpg 300w, https:\/\/www.economicas.uba.ar\/extension\/vocesenelfenix\/wp-content\/uploads\/8207-Spinelli-768x500.jpg 768w\" sizes=\"(max-width: 640px) 100vw, 640px\" \/>\t\t\t<\/div>\n\t\t<\/div>\n        <div class=\"bm-blog-post-content bm_content_box\">\n            <h4 class=\"entry-post-title bm_title\"><a href=\"https:\/\/www.economicas.uba.ar\/extension\/vocesenelfenix\/el-devenir-de-la-pandemia\/\" rel=\"bookmark\">El devenir de la pandemia<\/a><\/h4>            <div class=\"bm-blog-post-meta entry-post-meta bm_meta\">\n                            <\/div>\n            <div class=\"entry-post-content bm_content\">\n                | Por Hugo Spinelli | El art\u00edculo analiza diferentes aspectos vinculados a la crisis sanitaria desencadenada a partir de la propagaci\u00f3n del Covid-19, como los mecanismos de procesamiento y difusi\u00f3n de informaci\u00f3n sobre contagiados y <div><a href=\"https:\/\/www.economicas.uba.ar\/extension\/vocesenelfenix\/el-devenir-de-la-pandemia\/\" rel=\"bookmark\" class=\"bm-read-more entry-read-more\">M\u00e1s \u00bb<\/a><div>            <\/div>\n        <\/div>\n    <\/article>\n    <article id=\"post-2544\" class=\"item bm_layout post-2544 post type-post status-publish format-standard has-post-thumbnail hentry category-n-82 tag-covid-19 tag-crisis-sanitaria tag-jose-carlos-escudero tag-pandemia tag-pospandemia tag-salud-colectiva tag-sistemas-de-salud\">\n\t\t<div class=\"bm-blog-post-image entry-post-image\">\n\t\t\t<div class=\"bm-post-image clearfix bm-hover-effect bm-hover-effect-blur\">\n\t\t\t\t<img loading=\"lazy\" decoding=\"async\" width=\"640\" height=\"430\" src=\"https:\/\/www.economicas.uba.ar\/extension\/vocesenelfenix\/wp-content\/uploads\/8208-Escudero.jpg\" class=\"attachment-large size-large wp-post-image\" alt=\"\" srcset=\"https:\/\/www.economicas.uba.ar\/extension\/vocesenelfenix\/wp-content\/uploads\/8208-Escudero.jpg 1080w, https:\/\/www.economicas.uba.ar\/extension\/vocesenelfenix\/wp-content\/uploads\/8208-Escudero-300x201.jpg 300w, https:\/\/www.economicas.uba.ar\/extension\/vocesenelfenix\/wp-content\/uploads\/8208-Escudero-768x516.jpg 768w\" sizes=\"(max-width: 640px) 100vw, 640px\" \/>\t\t\t<\/div>\n\t\t<\/div>\n        <div class=\"bm-blog-post-content bm_content_box\">\n            <h4 class=\"entry-post-title bm_title\"><a href=\"https:\/\/www.economicas.uba.ar\/extension\/vocesenelfenix\/salud-colectiva-pandemia-y-despues\/\" rel=\"bookmark\">Salud colectiva, pandemia\u2026 \u00bfy despu\u00e9s?<\/a><\/h4>            <div class=\"bm-blog-post-meta entry-post-meta bm_meta\">\n                            <\/div>\n            <div class=\"entry-post-content bm_content\">\n                | Por Jos\u00e9 Carlos Escudero | El autor analiza el funcionamiento de los sistemas de salud en distintos pa\u00edses, a la luz de las consecuencias que la implementaci\u00f3n de pol\u00edticas neoliberales a nivel hist\u00f3rico gener\u00f3 <div><a href=\"https:\/\/www.economicas.uba.ar\/extension\/vocesenelfenix\/salud-colectiva-pandemia-y-despues\/\" rel=\"bookmark\" class=\"bm-read-more entry-read-more\">M\u00e1s \u00bb<\/a><div>            <\/div>\n        <\/div>\n    <\/article>\n    <article id=\"post-2550\" class=\"item bm_layout post-2550 post type-post status-publish format-standard has-post-thumbnail hentry category-n-82 tag-covid-19 tag-damian-kennedy tag-empleo tag-pandemia tag-pospandemia tag-trabajo\">\n\t\t<div class=\"bm-blog-post-image entry-post-image\">\n\t\t\t<div class=\"bm-post-image clearfix bm-hover-effect bm-hover-effect-blur\">\n\t\t\t\t<img loading=\"lazy\" decoding=\"async\" width=\"640\" height=\"480\" src=\"https:\/\/www.economicas.uba.ar\/extension\/vocesenelfenix\/wp-content\/uploads\/8209-Kennedy.jpg\" class=\"attachment-large size-large wp-post-image\" alt=\"\" srcset=\"https:\/\/www.economicas.uba.ar\/extension\/vocesenelfenix\/wp-content\/uploads\/8209-Kennedy.jpg 1080w, https:\/\/www.economicas.uba.ar\/extension\/vocesenelfenix\/wp-content\/uploads\/8209-Kennedy-300x225.jpg 300w, https:\/\/www.economicas.uba.ar\/extension\/vocesenelfenix\/wp-content\/uploads\/8209-Kennedy-768x576.jpg 768w\" sizes=\"(max-width: 640px) 100vw, 640px\" \/>\t\t\t<\/div>\n\t\t<\/div>\n        <div class=\"bm-blog-post-content bm_content_box\">\n            <h4 class=\"entry-post-title bm_title\"><a href=\"https:\/\/www.economicas.uba.ar\/extension\/vocesenelfenix\/algunas-reflexiones-en-torno-a-las-perspectivas-generales-del-mercado-de-trabajo-argentino-pospandemia\/\" rel=\"bookmark\">Algunas reflexiones en torno a las perspectivas generales del mercado de trabajo argentino pospandemia<\/a><\/h4>            <div class=\"bm-blog-post-meta entry-post-meta bm_meta\">\n                            <\/div>\n            <div class=\"entry-post-content bm_content\">\n                | Por Dami\u00e1n Kennedy | El art\u00edculo aborda las consecuencias que la pandemia por Covid-19 gener\u00f3 sobre el mercado de trabajo, a partir de la implementaci\u00f3n del aislamiento social, preventivo y obligatorio (ASPO) en el <div><a href=\"https:\/\/www.economicas.uba.ar\/extension\/vocesenelfenix\/algunas-reflexiones-en-torno-a-las-perspectivas-generales-del-mercado-de-trabajo-argentino-pospandemia\/\" rel=\"bookmark\" class=\"bm-read-more entry-read-more\">M\u00e1s \u00bb<\/a><div>            <\/div>\n        <\/div>\n    <\/article>\n    <article id=\"post-2572\" class=\"item bm_layout post-2572 post type-post status-publish format-standard has-post-thumbnail hentry category-n-82 tag-covid-19 tag-empleo tag-pandemia tag-pospandemia tag-susana-hintze tag-trabajo\">\n\t\t<div class=\"bm-blog-post-image entry-post-image\">\n\t\t\t<div class=\"bm-post-image clearfix bm-hover-effect bm-hover-effect-blur\">\n\t\t\t\t<img loading=\"lazy\" decoding=\"async\" width=\"640\" height=\"430\" src=\"https:\/\/www.economicas.uba.ar\/extension\/vocesenelfenix\/wp-content\/uploads\/8210-Hintze.jpg\" class=\"attachment-large size-large wp-post-image\" alt=\"\" srcset=\"https:\/\/www.economicas.uba.ar\/extension\/vocesenelfenix\/wp-content\/uploads\/8210-Hintze.jpg 1080w, https:\/\/www.economicas.uba.ar\/extension\/vocesenelfenix\/wp-content\/uploads\/8210-Hintze-300x201.jpg 300w, https:\/\/www.economicas.uba.ar\/extension\/vocesenelfenix\/wp-content\/uploads\/8210-Hintze-768x516.jpg 768w\" sizes=\"(max-width: 640px) 100vw, 640px\" \/>\t\t\t<\/div>\n\t\t<\/div>\n        <div class=\"bm-blog-post-content bm_content_box\">\n            <h4 class=\"entry-post-title bm_title\"><a href=\"https:\/\/www.economicas.uba.ar\/extension\/vocesenelfenix\/el-trabajo-sin-patron-en-la-pandemia\/\" rel=\"bookmark\">El <i>trabajo sin patr\u00f3n<\/i> en la pandemia<\/a><\/h4>            <div class=\"bm-blog-post-meta entry-post-meta bm_meta\">\n                            <\/div>\n            <div class=\"entry-post-content bm_content\">\n                | Por Susana Hintze | La autora estudia a las organizaciones e individuos que forman parte de la econom\u00eda popular, social y solidaria (EPSS), y analiza en el art\u00edculo el impacto de la pandemia en <div><a href=\"https:\/\/www.economicas.uba.ar\/extension\/vocesenelfenix\/el-trabajo-sin-patron-en-la-pandemia\/\" rel=\"bookmark\" class=\"bm-read-more entry-read-more\">M\u00e1s \u00bb<\/a><div>            <\/div>\n        <\/div>\n    <\/article>\n    <article id=\"post-2578\" class=\"item bm_layout post-2578 post type-post status-publish format-standard has-post-thumbnail hentry category-n-82 tag-asimetrias tag-covid-19 tag-crisis-economica tag-crisis-sanitaria tag-emergencia tag-pandemia tag-pospandemia tag-ruben-lo-vuolo\">\n\t\t<div class=\"bm-blog-post-image entry-post-image\">\n\t\t\t<div class=\"bm-post-image clearfix bm-hover-effect bm-hover-effect-blur\">\n\t\t\t\t<img loading=\"lazy\" decoding=\"async\" width=\"640\" height=\"429\" src=\"https:\/\/www.economicas.uba.ar\/extension\/vocesenelfenix\/wp-content\/uploads\/8211-Lo-vuolo.jpg\" class=\"attachment-large size-large wp-post-image\" alt=\"\" srcset=\"https:\/\/www.economicas.uba.ar\/extension\/vocesenelfenix\/wp-content\/uploads\/8211-Lo-vuolo.jpg 1080w, https:\/\/www.economicas.uba.ar\/extension\/vocesenelfenix\/wp-content\/uploads\/8211-Lo-vuolo-300x201.jpg 300w, https:\/\/www.economicas.uba.ar\/extension\/vocesenelfenix\/wp-content\/uploads\/8211-Lo-vuolo-768x515.jpg 768w\" sizes=\"(max-width: 640px) 100vw, 640px\" \/>\t\t\t<\/div>\n\t\t<\/div>\n        <div class=\"bm-blog-post-content bm_content_box\">\n            <h4 class=\"entry-post-title bm_title\"><a href=\"https:\/\/www.economicas.uba.ar\/extension\/vocesenelfenix\/la-argentina-frente-al-shock-asimetrico-un-pais-sumergido-en-la-emergencia-permanente\/\" rel=\"bookmark\">La Argentina frente al <i>shock<\/i> asim\u00e9trico: un pa\u00eds sumergido en la emergencia permanente<\/a><\/h4>            <div class=\"bm-blog-post-meta entry-post-meta bm_meta\">\n                            <\/div>\n            <div class=\"entry-post-content bm_content\">\n                | Por Rub\u00e9n Lo Vuolo | El art\u00edculo aborda las consecuencias de la pandemia que, seg\u00fan el autor, han potenciado problemas estructurales en la Argentina, que derivaron, a su vez, en una triple combinada y <div><a href=\"https:\/\/www.economicas.uba.ar\/extension\/vocesenelfenix\/la-argentina-frente-al-shock-asimetrico-un-pais-sumergido-en-la-emergencia-permanente\/\" rel=\"bookmark\" class=\"bm-read-more entry-read-more\">M\u00e1s \u00bb<\/a><div>            <\/div>\n        <\/div>\n    <\/article>\n    <article id=\"post-2589\" class=\"item bm_layout post-2589 post type-post status-publish format-standard has-post-thumbnail hentry category-n-82 tag-clases-virtuales tag-educacion-sexual-integral tag-esi tag-genero tag-jesica-baez tag-pandemia tag-paula-fainsod tag-pospandemia\">\n\t\t<div class=\"bm-blog-post-image entry-post-image\">\n\t\t\t<div class=\"bm-post-image clearfix bm-hover-effect bm-hover-effect-blur\">\n\t\t\t\t<img loading=\"lazy\" decoding=\"async\" width=\"640\" height=\"430\" src=\"https:\/\/www.economicas.uba.ar\/extension\/vocesenelfenix\/wp-content\/uploads\/8212-Fainsod-Baez.jpg\" class=\"attachment-large size-large wp-post-image\" alt=\"\" srcset=\"https:\/\/www.economicas.uba.ar\/extension\/vocesenelfenix\/wp-content\/uploads\/8212-Fainsod-Baez.jpg 1080w, https:\/\/www.economicas.uba.ar\/extension\/vocesenelfenix\/wp-content\/uploads\/8212-Fainsod-Baez-300x201.jpg 300w, https:\/\/www.economicas.uba.ar\/extension\/vocesenelfenix\/wp-content\/uploads\/8212-Fainsod-Baez-768x516.jpg 768w\" sizes=\"(max-width: 640px) 100vw, 640px\" \/>\t\t\t<\/div>\n\t\t<\/div>\n        <div class=\"bm-blog-post-content bm_content_box\">\n            <h4 class=\"entry-post-title bm_title\"><a href=\"https:\/\/www.economicas.uba.ar\/extension\/vocesenelfenix\/relaciones-de-genero-en-tiempos-de-pandemia-la-educacion-sexual-integral-como-una-oportunidad\/\" rel=\"bookmark\">Relaciones de g\u00e9nero en tiempos de pandemia: la Educaci\u00f3n Sexual Integral como una oportunidad<\/a><\/h4>            <div class=\"bm-blog-post-meta entry-post-meta bm_meta\">\n                            <\/div>\n            <div class=\"entry-post-content bm_content\">\n                | Por Paula Fainsod y J\u00e9sica B\u00e1ez | Las autoras analizan c\u00f3mo la pandemia implic\u00f3 la reconfiguraci\u00f3n en las relaciones de g\u00e9nero y en las familias, y el desaf\u00edo que las instituciones educativas debieron enfrentar, <div><a href=\"https:\/\/www.economicas.uba.ar\/extension\/vocesenelfenix\/relaciones-de-genero-en-tiempos-de-pandemia-la-educacion-sexual-integral-como-una-oportunidad\/\" rel=\"bookmark\" class=\"bm-read-more entry-read-more\">M\u00e1s \u00bb<\/a><div>            <\/div>\n        <\/div>\n    <\/article>\n    <article id=\"post-2596\" class=\"item bm_layout post-2596 post type-post status-publish format-standard has-post-thumbnail hentry category-n-82 tag-corina-rodriguez-enriquez tag-covid-19 tag-crisis-sanitaria tag-genero tag-pandemia tag-pospandemia tag-violencias\">\n\t\t<div class=\"bm-blog-post-image entry-post-image\">\n\t\t\t<div class=\"bm-post-image clearfix bm-hover-effect bm-hover-effect-blur\">\n\t\t\t\t<img loading=\"lazy\" decoding=\"async\" width=\"640\" height=\"429\" src=\"https:\/\/www.economicas.uba.ar\/extension\/vocesenelfenix\/wp-content\/uploads\/8213-Rodriguez.jpg\" class=\"attachment-large size-large wp-post-image\" alt=\"\" srcset=\"https:\/\/www.economicas.uba.ar\/extension\/vocesenelfenix\/wp-content\/uploads\/8213-Rodriguez.jpg 1080w, https:\/\/www.economicas.uba.ar\/extension\/vocesenelfenix\/wp-content\/uploads\/8213-Rodriguez-300x201.jpg 300w, https:\/\/www.economicas.uba.ar\/extension\/vocesenelfenix\/wp-content\/uploads\/8213-Rodriguez-768x515.jpg 768w\" sizes=\"(max-width: 640px) 100vw, 640px\" \/>\t\t\t<\/div>\n\t\t<\/div>\n        <div class=\"bm-blog-post-content bm_content_box\">\n            <h4 class=\"entry-post-title bm_title\"><a href=\"https:\/\/www.economicas.uba.ar\/extension\/vocesenelfenix\/la-pandemia-que-nos-cambio-la-vidaimpacto-de-la-emergencia-sanitaria-de-covid-19-en-los-hogares-y-las-relaciones-de-genero\/\" rel=\"bookmark\">La pandemia que\u2026 \u00bfnos cambi\u00f3 la vida?<br>Impacto de la emergencia sanitaria de Covid-19 en los hogares y las relaciones de g\u00e9nero<\/a><\/h4>            <div class=\"bm-blog-post-meta entry-post-meta bm_meta\">\n                            <\/div>\n            <div class=\"entry-post-content bm_content\">\n                | Por Corina Rodr\u00edguez Enr\u00edquez | La autora destaca en el art\u00edculo c\u00f3mo la situaci\u00f3n extraordinaria de la pandemia evidenci\u00f3 la persistencia de relaciones de g\u00e9nero asim\u00e9tricas, de condiciones de opresi\u00f3n y de violencias que <div><a href=\"https:\/\/www.economicas.uba.ar\/extension\/vocesenelfenix\/la-pandemia-que-nos-cambio-la-vidaimpacto-de-la-emergencia-sanitaria-de-covid-19-en-los-hogares-y-las-relaciones-de-genero\/\" rel=\"bookmark\" class=\"bm-read-more entry-read-more\">M\u00e1s \u00bb<\/a><div>            <\/div>\n        <\/div>\n    <\/article>\n    <article id=\"post-2605\" class=\"item bm_layout post-2605 post type-post status-publish format-standard has-post-thumbnail hentry category-n-82 tag-covid-19 tag-crisis tag-estado tag-gustavo-edgardo-blutman tag-pandemia tag-pospandemia tag-sindemia\">\n\t\t<div class=\"bm-blog-post-image entry-post-image\">\n\t\t\t<div class=\"bm-post-image clearfix bm-hover-effect bm-hover-effect-blur\">\n\t\t\t\t<img loading=\"lazy\" decoding=\"async\" width=\"640\" height=\"431\" src=\"https:\/\/www.economicas.uba.ar\/extension\/vocesenelfenix\/wp-content\/uploads\/8214-Blutman.jpg\" class=\"attachment-large size-large wp-post-image\" alt=\"\" srcset=\"https:\/\/www.economicas.uba.ar\/extension\/vocesenelfenix\/wp-content\/uploads\/8214-Blutman.jpg 1080w, https:\/\/www.economicas.uba.ar\/extension\/vocesenelfenix\/wp-content\/uploads\/8214-Blutman-300x202.jpg 300w, https:\/\/www.economicas.uba.ar\/extension\/vocesenelfenix\/wp-content\/uploads\/8214-Blutman-768x517.jpg 768w\" sizes=\"(max-width: 640px) 100vw, 640px\" \/>\t\t\t<\/div>\n\t\t<\/div>\n        <div class=\"bm-blog-post-content bm_content_box\">\n            <h4 class=\"entry-post-title bm_title\"><a href=\"https:\/\/www.economicas.uba.ar\/extension\/vocesenelfenix\/el-estado-futuro-en-sindemia\/\" rel=\"bookmark\">El Estado futuro en sindemia<\/a><\/h4>            <div class=\"bm-blog-post-meta entry-post-meta bm_meta\">\n                            <\/div>\n            <div class=\"entry-post-content bm_content\">\n                | Por Gustavo Edgardo Blutman | El art\u00edculo trabaja en torno al rol del Estado frente a la crisis inusitada que desat\u00f3 el Covid-19. El autor analiza el papel que deben tomar los Estados frente <div><a href=\"https:\/\/www.economicas.uba.ar\/extension\/vocesenelfenix\/el-estado-futuro-en-sindemia\/\" rel=\"bookmark\" class=\"bm-read-more entry-read-more\">M\u00e1s \u00bb<\/a><div>            <\/div>\n        <\/div>\n    <\/article>\n    <article id=\"post-2621\" class=\"item bm_layout post-2621 post type-post status-publish format-standard has-post-thumbnail hentry category-n-82 tag-covid-19 tag-mariano-fraschini tag-nicolas-tereschuk tag-pandemia tag-politica tag-pospandemia tag-sudamerica\">\n\t\t<div class=\"bm-blog-post-image entry-post-image\">\n\t\t\t<div class=\"bm-post-image clearfix bm-hover-effect bm-hover-effect-blur\">\n\t\t\t\t<img loading=\"lazy\" decoding=\"async\" width=\"640\" height=\"402\" src=\"https:\/\/www.economicas.uba.ar\/extension\/vocesenelfenix\/wp-content\/uploads\/8215-Tereschuck.jpg\" class=\"attachment-large size-large wp-post-image\" alt=\"\" srcset=\"https:\/\/www.economicas.uba.ar\/extension\/vocesenelfenix\/wp-content\/uploads\/8215-Tereschuck.jpg 1080w, https:\/\/www.economicas.uba.ar\/extension\/vocesenelfenix\/wp-content\/uploads\/8215-Tereschuck-300x189.jpg 300w, https:\/\/www.economicas.uba.ar\/extension\/vocesenelfenix\/wp-content\/uploads\/8215-Tereschuck-768x483.jpg 768w\" sizes=\"(max-width: 640px) 100vw, 640px\" \/>\t\t\t<\/div>\n\t\t<\/div>\n        <div class=\"bm-blog-post-content bm_content_box\">\n            <h4 class=\"entry-post-title bm_title\"><a href=\"https:\/\/www.economicas.uba.ar\/extension\/vocesenelfenix\/la-region-de-los-giros-a-la-incertidumbre\/\" rel=\"bookmark\">La regi\u00f3n: de los <i>giros<\/i> a la incertidumbre<\/a><\/h4>            <div class=\"bm-blog-post-meta entry-post-meta bm_meta\">\n                            <\/div>\n            <div class=\"entry-post-content bm_content\">\n                | Por Nicol\u00e1s Tereschuk y Mariano Fraschini | Los autores se preguntan acerca de las consecuencias econ\u00f3micas y sociales que dejar\u00e1 la pandemia en el futuro, en relaci\u00f3n, adem\u00e1s, al devenir pol\u00edtico en cada pa\u00eds <div><a href=\"https:\/\/www.economicas.uba.ar\/extension\/vocesenelfenix\/la-region-de-los-giros-a-la-incertidumbre\/\" rel=\"bookmark\" class=\"bm-read-more entry-read-more\">M\u00e1s \u00bb<\/a><div>            <\/div>\n        <\/div>\n    <\/article>\n\t\t\t\t<\/div><\/div>\n\t\t\t\t\t\t\t\t<\/div>\n\t\t\t\t<\/div>\n\t\t\t\t\t<\/div>\n\t\t<\/div>\n\t\t\t\t\t<\/div>\n\t\t<\/section>\n\t\t\t\t<section class=\"elementor-section elementor-top-section elementor-element elementor-element-8f685b0 elementor-section-boxed elementor-section-height-default elementor-section-height-default\" data-id=\"8f685b0\" data-element_type=\"section\" data-e-type=\"section\" data-settings=\"{&quot;background_background&quot;:&quot;classic&quot;}\">\n\t\t\t\t\t\t<div class=\"elementor-container elementor-column-gap-default\">\n\t\t\t\t\t<div class=\"elementor-column elementor-col-100 elementor-top-column elementor-element elementor-element-1e6d4da\" data-id=\"1e6d4da\" data-element_type=\"column\" data-e-type=\"column\">\n\t\t\t<div class=\"elementor-widget-wrap\">\n\t\t\t\t\t\t\t<\/div>\n\t\t<\/div>\n\t\t\t\t\t<\/div>\n\t\t<\/section>\n\t\t\t\t<\/div>\n\t\t","protected":false},"excerpt":{"rendered":"<p>N\u00daMERO 82 TRAS EL APOCALIPSIS POSPANDEMIA \u00a0 SOCIEDADES Y ESTADOS ANTE EL COVID-19:CAMINOS PARA UNA (RE)CONSTRUCCI\u00d3N DESPU\u00c9S DE LA PANDEMIA Descarg\u00e1 el PDF Editorial Este es el \u00faltimo n\u00famero de<\/p>\n","protected":false},"author":5,"featured_media":0,"parent":0,"menu_order":0,"comment_status":"closed","ping_status":"closed","template":"","meta":{"footnotes":""},"class_list":["post-1062","page","type-page","status-publish","hentry"],"_links":{"self":[{"href":"https:\/\/www.economicas.uba.ar\/extension\/vocesenelfenix\/wp-json\/wp\/v2\/pages\/1062","targetHints":{"allow":["GET"]}}],"collection":[{"href":"https:\/\/www.economicas.uba.ar\/extension\/vocesenelfenix\/wp-json\/wp\/v2\/pages"}],"about":[{"href":"https:\/\/www.economicas.uba.ar\/extension\/vocesenelfenix\/wp-json\/wp\/v2\/types\/page"}],"author":[{"embeddable":true,"href":"https:\/\/www.economicas.uba.ar\/extension\/vocesenelfenix\/wp-json\/wp\/v2\/users\/5"}],"replies":[{"embeddable":true,"href":"https:\/\/www.economicas.uba.ar\/extension\/vocesenelfenix\/wp-json\/wp\/v2\/comments?post=1062"}],"version-history":[{"count":244,"href":"https:\/\/www.economicas.uba.ar\/extension\/vocesenelfenix\/wp-json\/wp\/v2\/pages\/1062\/revisions"}],"predecessor-version":[{"id":6145,"href":"https:\/\/www.economicas.uba.ar\/extension\/vocesenelfenix\/wp-json\/wp\/v2\/pages\/1062\/revisions\/6145"}],"wp:attachment":[{"href":"https:\/\/www.economicas.uba.ar\/extension\/vocesenelfenix\/wp-json\/wp\/v2\/media?parent=1062"}],"curies":[{"name":"wp","href":"https:\/\/api.w.org\/{rel}","templated":true}]}}