{"id":10731,"date":"2016-04-01T00:01:00","date_gmt":"2016-04-01T03:01:00","guid":{"rendered":"https:\/\/www.economicas.uba.ar\/extension\/vocesenelfenix\/?page_id=10731"},"modified":"2022-03-22T16:19:00","modified_gmt":"2022-03-22T19:19:00","slug":"numero-53","status":"publish","type":"page","link":"https:\/\/www.economicas.uba.ar\/extension\/vocesenelfenix\/numero-53\/","title":{"rendered":"N\u00famero 53"},"content":{"rendered":"\t\t<div data-elementor-type=\"wp-page\" data-elementor-id=\"10731\" class=\"elementor elementor-10731\" data-elementor-post-type=\"page\">\n\t\t\t\t\t\t<section class=\"elementor-section elementor-top-section elementor-element elementor-element-92067bb elementor-section-boxed elementor-section-height-default elementor-section-height-default\" data-id=\"92067bb\" data-element_type=\"section\" data-e-type=\"section\" data-settings=\"{&quot;background_background&quot;:&quot;classic&quot;}\">\n\t\t\t\t\t\t<div class=\"elementor-container elementor-column-gap-default\">\n\t\t\t\t\t<div class=\"elementor-column elementor-col-33 elementor-top-column elementor-element elementor-element-15f154c\" data-id=\"15f154c\" data-element_type=\"column\" data-e-type=\"column\">\n\t\t\t<div class=\"elementor-widget-wrap elementor-element-populated\">\n\t\t\t\t\t\t<div class=\"elementor-element elementor-element-783fb5f elementor-widget elementor-widget-image\" data-id=\"783fb5f\" data-element_type=\"widget\" data-e-type=\"widget\" data-widget_type=\"image.default\">\n\t\t\t\t<div class=\"elementor-widget-container\">\n\t\t\t\t\t\t\t\t\t\t\t\t\t\t\t\t<a href=\"https:\/\/drive.google.com\/file\/d\/1BJ4OJv1AnOuyQ38SouztAIucakOQjvES\/view\" target=\"_blank\">\n\t\t\t\t\t\t\t<img fetchpriority=\"high\" decoding=\"async\" width=\"193\" height=\"267\" src=\"https:\/\/www.economicas.uba.ar\/extension\/vocesenelfenix\/wp-content\/uploads\/tapa53.jpg\" class=\"attachment-large size-large wp-image-1921\" alt=\"\" \/>\t\t\t\t\t\t\t\t<\/a>\n\t\t\t\t\t\t\t\t\t\t\t\t\t\t\t<\/div>\n\t\t\t\t<\/div>\n\t\t\t\t\t<\/div>\n\t\t<\/div>\n\t\t\t\t<div class=\"elementor-column elementor-col-66 elementor-top-column elementor-element elementor-element-be69bda\" data-id=\"be69bda\" data-element_type=\"column\" data-e-type=\"column\">\n\t\t\t<div class=\"elementor-widget-wrap elementor-element-populated\">\n\t\t\t\t\t\t<div class=\"elementor-element elementor-element-b684b8e elementor-widget elementor-widget-text-editor\" data-id=\"b684b8e\" data-element_type=\"widget\" data-e-type=\"widget\" data-widget_type=\"text-editor.default\">\n\t\t\t\t<div class=\"elementor-widget-container\">\n\t\t\t\t\t\t\t\t\t<h5>N\u00daMERO 53<\/h5><h3>VOLVER AL FUTURO<\/h3><h6>LAS DEUDAS DE LA DEMOCRACIA<\/h6><p><br \/>ANTE UN ESCENARIO EN EL CUAL PARECEN DESVANECERSE LAS MEJORAS ALCANZADAS CON MUCHO ESFUERZO DESDE EL RETORNO DE LA DEMOCRACIA, NOS QUEDA EL SABOR AMARGO DE NO HABER SABIDO APROVECHAR LAS POSIBILIDADES GENERADAS EN LOS \u00daLTIMOS A\u00d1OS PARA SALIR DEFINITIVAMENTE DE LA DEPENDENCIA HACIA LA CUAL ESTAMOS VOLVIENDO.<\/p>\t\t\t\t\t\t\t\t<\/div>\n\t\t\t\t<\/div>\n\t\t\t\t<div class=\"elementor-element elementor-element-5eb328a elementor-widget elementor-widget-button\" data-id=\"5eb328a\" data-element_type=\"widget\" data-e-type=\"widget\" data-widget_type=\"button.default\">\n\t\t\t\t<div class=\"elementor-widget-container\">\n\t\t\t\t\t\t\t\t\t<div class=\"elementor-button-wrapper\">\n\t\t\t\t\t<a class=\"elementor-button elementor-button-link elementor-size-xs\" href=\"https:\/\/drive.google.com\/file\/d\/1BJ4OJv1AnOuyQ38SouztAIucakOQjvES\/view\" target=\"_blank\">\n\t\t\t\t\t\t<span class=\"elementor-button-content-wrapper\">\n\t\t\t\t\t\t\t\t\t<span class=\"elementor-button-text\">Descarg\u00e1 el PDF<\/span>\n\t\t\t\t\t<\/span>\n\t\t\t\t\t<\/a>\n\t\t\t\t<\/div>\n\t\t\t\t\t\t\t\t<\/div>\n\t\t\t\t<\/div>\n\t\t\t\t\t<\/div>\n\t\t<\/div>\n\t\t\t\t\t<\/div>\n\t\t<\/section>\n\t\t\t\t<section class=\"elementor-section elementor-top-section elementor-element elementor-element-9965ed5 elementor-section-boxed elementor-section-height-default elementor-section-height-default\" data-id=\"9965ed5\" data-element_type=\"section\" data-e-type=\"section\">\n\t\t\t\t\t\t<div class=\"elementor-container elementor-column-gap-default\">\n\t\t\t\t\t<div class=\"elementor-column elementor-col-100 elementor-top-column elementor-element elementor-element-897a96f\" data-id=\"897a96f\" data-element_type=\"column\" data-e-type=\"column\">\n\t\t\t<div class=\"elementor-widget-wrap elementor-element-populated\">\n\t\t\t\t\t\t<div class=\"elementor-element elementor-element-31949c4 elementor-grid-3 elementor-grid-tablet-2 elementor-grid-mobile-1 elementor-posts--align-left elementor-widget elementor-widget-blogmentor_blog_posts\" data-id=\"31949c4\" data-element_type=\"widget\" data-e-type=\"widget\" data-settings=\"{&quot;bm_grid_columns&quot;:&quot;3&quot;,&quot;bm_grid_columns_tablet&quot;:&quot;2&quot;,&quot;bm_grid_columns_mobile&quot;:&quot;1&quot;,&quot;post_card_grid_gap&quot;:{&quot;unit&quot;:&quot;px&quot;,&quot;size&quot;:10,&quot;sizes&quot;:[]},&quot;post_card_row_gap&quot;:{&quot;unit&quot;:&quot;px&quot;,&quot;size&quot;:35,&quot;sizes&quot;:[]}}\" data-widget_type=\"blogmentor_blog_posts.default\">\n\t\t\t\t<div class=\"elementor-widget-container\">\n\t\t\t\t\t\t\t\n\t\t\t\t\t\t\t\t<div class=\"bm-blog-posts-wrapper\" >\n\t\t\t\t\t\t\t<div class=\"bm-blog-posts bm-display-grid elementor-grid elementor-grid-3\" >\n\t\t\t\t    <article id=\"post-10741\" class=\"item bm_layout post-10741 post type-post status-publish format-standard has-post-thumbnail hentry category-n-53 tag-abraham-leonardo-gak tag-crisis tag-editorial tag-las-deudas-de-la-democracia\">\n\t\t<div class=\"bm-blog-post-image entry-post-image\">\n\t\t\t<div class=\"bm-post-image clearfix bm-hover-effect bm-hover-effect-blur\">\n\t\t\t\t<img decoding=\"async\" width=\"640\" height=\"437\" src=\"https:\/\/www.economicas.uba.ar\/extension\/vocesenelfenix\/wp-content\/uploads\/5300-Gak.jpg\" class=\"attachment-large size-large wp-post-image\" alt=\"\" srcset=\"https:\/\/www.economicas.uba.ar\/extension\/vocesenelfenix\/wp-content\/uploads\/5300-Gak.jpg 1080w, https:\/\/www.economicas.uba.ar\/extension\/vocesenelfenix\/wp-content\/uploads\/5300-Gak-300x205.jpg 300w, https:\/\/www.economicas.uba.ar\/extension\/vocesenelfenix\/wp-content\/uploads\/5300-Gak-768x525.jpg 768w\" sizes=\"(max-width: 640px) 100vw, 640px\" \/>\t\t\t<\/div>\n\t\t<\/div>\n        <div class=\"bm-blog-post-content bm_content_box\">\n            <h4 class=\"entry-post-title bm_title\"><a href=\"https:\/\/www.economicas.uba.ar\/extension\/vocesenelfenix\/editorial-un-futuro-posible\/\" rel=\"bookmark\">Editorial: Un futuro posible<\/a><\/h4>            <div class=\"bm-blog-post-meta entry-post-meta bm_meta\">\n                            <\/div>\n            <div class=\"entry-post-content bm_content\">\n                | Por Abraham Leonardo Gak |            <\/div>\n        <\/div>\n    <\/article>\n    <article id=\"post-10750\" class=\"item bm_layout post-10750 post type-post status-publish format-standard has-post-thumbnail hentry category-n-53 tag-acceso-a-la-informacion tag-administracion-del-estado tag-ciudadania tag-las-deudas-de-la-democracia tag-oscar-oszlak\">\n\t\t<div class=\"bm-blog-post-image entry-post-image\">\n\t\t\t<div class=\"bm-post-image clearfix bm-hover-effect bm-hover-effect-blur\">\n\t\t\t\t<img decoding=\"async\" width=\"640\" height=\"427\" src=\"https:\/\/www.economicas.uba.ar\/extension\/vocesenelfenix\/wp-content\/uploads\/5301-Oszlak.jpg\" class=\"attachment-large size-large wp-post-image\" alt=\"\" srcset=\"https:\/\/www.economicas.uba.ar\/extension\/vocesenelfenix\/wp-content\/uploads\/5301-Oszlak.jpg 1080w, https:\/\/www.economicas.uba.ar\/extension\/vocesenelfenix\/wp-content\/uploads\/5301-Oszlak-300x200.jpg 300w, https:\/\/www.economicas.uba.ar\/extension\/vocesenelfenix\/wp-content\/uploads\/5301-Oszlak-768x512.jpg 768w, https:\/\/www.economicas.uba.ar\/extension\/vocesenelfenix\/wp-content\/uploads\/5301-Oszlak-640x426.jpg 640w\" sizes=\"(max-width: 640px) 100vw, 640px\" \/>\t\t\t<\/div>\n\t\t<\/div>\n        <div class=\"bm-blog-post-content bm_content_box\">\n            <h4 class=\"entry-post-title bm_title\"><a href=\"https:\/\/www.economicas.uba.ar\/extension\/vocesenelfenix\/las-deudas-de-nuestra-democracia-en-el-campo-de-la-administracion-del-estado\/\" rel=\"bookmark\">Las deudas de nuestra democracia en el campo de la administraci\u00f3n del Estado<\/a><\/h4>            <div class=\"bm-blog-post-meta entry-post-meta bm_meta\">\n                            <\/div>\n            <div class=\"entry-post-content bm_content\">\n                | Por Oscar Oszlak | La disponibilidad de informaci\u00f3n y las mejoras en las tecnolog\u00edas de la comunicaci\u00f3n van modificando las relaciones de poder y el papel del ciudadano en <div><a href=\"https:\/\/www.economicas.uba.ar\/extension\/vocesenelfenix\/las-deudas-de-nuestra-democracia-en-el-campo-de-la-administracion-del-estado\/\" rel=\"bookmark\" class=\"bm-read-more entry-read-more\">M\u00e1s \u00bb<\/a><div>            <\/div>\n        <\/div>\n    <\/article>\n    <article id=\"post-10760\" class=\"item bm_layout post-10760 post type-post status-publish format-standard has-post-thumbnail hentry category-n-53 tag-alberto-minujin tag-desarrollo tag-desigualdad tag-las-deudas-de-la-democracia tag-mildred-ferrer tag-pobreza\">\n\t\t<div class=\"bm-blog-post-image entry-post-image\">\n\t\t\t<div class=\"bm-post-image clearfix bm-hover-effect bm-hover-effect-blur\">\n\t\t\t\t<img loading=\"lazy\" decoding=\"async\" width=\"640\" height=\"428\" src=\"https:\/\/www.economicas.uba.ar\/extension\/vocesenelfenix\/wp-content\/uploads\/5302-Minujin.jpg\" class=\"attachment-large size-large wp-post-image\" alt=\"\" srcset=\"https:\/\/www.economicas.uba.ar\/extension\/vocesenelfenix\/wp-content\/uploads\/5302-Minujin.jpg 1080w, https:\/\/www.economicas.uba.ar\/extension\/vocesenelfenix\/wp-content\/uploads\/5302-Minujin-300x201.jpg 300w, https:\/\/www.economicas.uba.ar\/extension\/vocesenelfenix\/wp-content\/uploads\/5302-Minujin-768x513.jpg 768w\" sizes=\"(max-width: 640px) 100vw, 640px\" \/>\t\t\t<\/div>\n\t\t<\/div>\n        <div class=\"bm-blog-post-content bm_content_box\">\n            <h4 class=\"entry-post-title bm_title\"><a href=\"https:\/\/www.economicas.uba.ar\/extension\/vocesenelfenix\/la-situacion-social-en-la-argentina-sostener-y-profundizar-la-reconstruccion-de-la-igualdad-y-reduccion-de-la-pobreza\/\" rel=\"bookmark\">La situaci\u00f3n social en la Argentina: sostener y profundizar la reconstrucci\u00f3n de la igualdad y reducci\u00f3n de la pobreza<\/a><\/h4>            <div class=\"bm-blog-post-meta entry-post-meta bm_meta\">\n                            <\/div>\n            <div class=\"entry-post-content bm_content\">\n                | Por Alberto Minuj\u00edn y Mildred Ferrer | Erradicar la pobreza y aumentar la equidad sigue siendo uno de los principales desaf\u00edos para nuestro pa\u00eds. Si bien la Argentina registra <div><a href=\"https:\/\/www.economicas.uba.ar\/extension\/vocesenelfenix\/la-situacion-social-en-la-argentina-sostener-y-profundizar-la-reconstruccion-de-la-igualdad-y-reduccion-de-la-pobreza\/\" rel=\"bookmark\" class=\"bm-read-more entry-read-more\">M\u00e1s \u00bb<\/a><div>            <\/div>\n        <\/div>\n    <\/article>\n    <article id=\"post-10767\" class=\"item bm_layout post-10767 post type-post status-publish format-standard has-post-thumbnail hentry category-n-53 tag-administracion-de-justicia tag-angela-e-ledesma tag-las-deudas-de-la-democracia tag-medios-de-comunicacion tag-poder-judicial\">\n\t\t<div class=\"bm-blog-post-image entry-post-image\">\n\t\t\t<div class=\"bm-post-image clearfix bm-hover-effect bm-hover-effect-blur\">\n\t\t\t\t<img loading=\"lazy\" decoding=\"async\" width=\"640\" height=\"460\" src=\"https:\/\/www.economicas.uba.ar\/extension\/vocesenelfenix\/wp-content\/uploads\/5303-Ledesma.jpg\" class=\"attachment-large size-large wp-post-image\" alt=\"\" srcset=\"https:\/\/www.economicas.uba.ar\/extension\/vocesenelfenix\/wp-content\/uploads\/5303-Ledesma.jpg 1080w, https:\/\/www.economicas.uba.ar\/extension\/vocesenelfenix\/wp-content\/uploads\/5303-Ledesma-300x216.jpg 300w, https:\/\/www.economicas.uba.ar\/extension\/vocesenelfenix\/wp-content\/uploads\/5303-Ledesma-768x552.jpg 768w, https:\/\/www.economicas.uba.ar\/extension\/vocesenelfenix\/wp-content\/uploads\/5303-Ledesma-183x132.jpg 183w\" sizes=\"(max-width: 640px) 100vw, 640px\" \/>\t\t\t<\/div>\n\t\t<\/div>\n        <div class=\"bm-blog-post-content bm_content_box\">\n            <h4 class=\"entry-post-title bm_title\"><a href=\"https:\/\/www.economicas.uba.ar\/extension\/vocesenelfenix\/las-deudas-de-nuestra-democracia-respecto-del-poder-judicial\/\" rel=\"bookmark\">Las deudas de nuestra democracia respecto del Poder Judicial<\/a><\/h4>            <div class=\"bm-blog-post-meta entry-post-meta bm_meta\">\n                            <\/div>\n            <div class=\"entry-post-content bm_content\">\n                | Por \u00c1ngela E. Ledesma | A m\u00e1s de 32 a\u00f1os de recuperaci\u00f3n de la democracia no se han logrado grandes cambios en las reglas de administraci\u00f3n de justicia. La <div><a href=\"https:\/\/www.economicas.uba.ar\/extension\/vocesenelfenix\/las-deudas-de-nuestra-democracia-respecto-del-poder-judicial\/\" rel=\"bookmark\" class=\"bm-read-more entry-read-more\">M\u00e1s \u00bb<\/a><div>            <\/div>\n        <\/div>\n    <\/article>\n    <article id=\"post-10774\" class=\"item bm_layout post-10774 post type-post status-publish format-standard has-post-thumbnail hentry category-n-53 tag-drogas tag-las-deudas-de-la-democracia tag-narcotrafico tag-nilda-garre\">\n\t\t<div class=\"bm-blog-post-image entry-post-image\">\n\t\t\t<div class=\"bm-post-image clearfix bm-hover-effect bm-hover-effect-blur\">\n\t\t\t\t<img loading=\"lazy\" decoding=\"async\" width=\"640\" height=\"432\" src=\"https:\/\/www.economicas.uba.ar\/extension\/vocesenelfenix\/wp-content\/uploads\/5304-Garre.jpg\" class=\"attachment-large size-large wp-post-image\" alt=\"\" srcset=\"https:\/\/www.economicas.uba.ar\/extension\/vocesenelfenix\/wp-content\/uploads\/5304-Garre.jpg 1080w, https:\/\/www.economicas.uba.ar\/extension\/vocesenelfenix\/wp-content\/uploads\/5304-Garre-300x203.jpg 300w, https:\/\/www.economicas.uba.ar\/extension\/vocesenelfenix\/wp-content\/uploads\/5304-Garre-768x518.jpg 768w\" sizes=\"(max-width: 640px) 100vw, 640px\" \/>\t\t\t<\/div>\n\t\t<\/div>\n        <div class=\"bm-blog-post-content bm_content_box\">\n            <h4 class=\"entry-post-title bm_title\"><a href=\"https:\/\/www.economicas.uba.ar\/extension\/vocesenelfenix\/las-deudas-de-nuestra-democracia-en-el-campo-de-las-politicas-de-droga-y-narcotrafico\/\" rel=\"bookmark\">Las deudas de nuestra democracia en el campo de las pol\u00edticas de droga y narcotr\u00e1fico<\/a><\/h4>            <div class=\"bm-blog-post-meta entry-post-meta bm_meta\">\n                            <\/div>\n            <div class=\"entry-post-content bm_content\">\n                | Por Nilda Garr\u00e9 | El narcotr\u00e1fico es un tema extremadamente complejo y multidimensional, con organizaciones cada vez m\u00e1s profesionalizadas y tecnificadas. Para resolver este problema es necesario un abordaje <div><a href=\"https:\/\/www.economicas.uba.ar\/extension\/vocesenelfenix\/las-deudas-de-nuestra-democracia-en-el-campo-de-las-politicas-de-droga-y-narcotrafico\/\" rel=\"bookmark\" class=\"bm-read-more entry-read-more\">M\u00e1s \u00bb<\/a><div>            <\/div>\n        <\/div>\n    <\/article>\n    <article id=\"post-10780\" class=\"item bm_layout post-10780 post type-post status-publish format-standard has-post-thumbnail hentry category-n-53 tag-capital-financiero tag-desigualdad tag-estado-de-derecho tag-juan-s-pegoraro tag-las-deudas-de-la-democracia\">\n\t\t<div class=\"bm-blog-post-image entry-post-image\">\n\t\t\t<div class=\"bm-post-image clearfix bm-hover-effect bm-hover-effect-blur\">\n\t\t\t\t<img loading=\"lazy\" decoding=\"async\" width=\"640\" height=\"428\" src=\"https:\/\/www.economicas.uba.ar\/extension\/vocesenelfenix\/wp-content\/uploads\/5305-Pegoraro.jpg\" class=\"attachment-large size-large wp-post-image\" alt=\"\" srcset=\"https:\/\/www.economicas.uba.ar\/extension\/vocesenelfenix\/wp-content\/uploads\/5305-Pegoraro.jpg 1080w, https:\/\/www.economicas.uba.ar\/extension\/vocesenelfenix\/wp-content\/uploads\/5305-Pegoraro-300x201.jpg 300w, https:\/\/www.economicas.uba.ar\/extension\/vocesenelfenix\/wp-content\/uploads\/5305-Pegoraro-768x513.jpg 768w\" sizes=\"(max-width: 640px) 100vw, 640px\" \/>\t\t\t<\/div>\n\t\t<\/div>\n        <div class=\"bm-blog-post-content bm_content_box\">\n            <h4 class=\"entry-post-title bm_title\"><a href=\"https:\/\/www.economicas.uba.ar\/extension\/vocesenelfenix\/las-deudas-de-la-democracia\/\" rel=\"bookmark\">Las deudas de la democracia<\/a><\/h4>            <div class=\"bm-blog-post-meta entry-post-meta bm_meta\">\n                            <\/div>\n            <div class=\"entry-post-content bm_content\">\n                | Por Juan S. Pegoraro | El sistema pol\u00edtico vigente tiene como objetivo reproducir y ampliar el orden social que ha impuesto hist\u00f3ricamente. Esto vuelve evidente su debilidad o impotencia <div><a href=\"https:\/\/www.economicas.uba.ar\/extension\/vocesenelfenix\/las-deudas-de-la-democracia\/\" rel=\"bookmark\" class=\"bm-read-more entry-read-more\">M\u00e1s \u00bb<\/a><div>            <\/div>\n        <\/div>\n    <\/article>\n    <article id=\"post-10786\" class=\"item bm_layout post-10786 post type-post status-publish format-standard has-post-thumbnail hentry category-n-53 tag-atlantico-sur tag-defensa tag-fuerzas-armadas tag-guerra-de-malvinas tag-khatchik-derghougassian tag-las-deudas-de-la-democracia\">\n\t\t<div class=\"bm-blog-post-image entry-post-image\">\n\t\t\t<div class=\"bm-post-image clearfix bm-hover-effect bm-hover-effect-blur\">\n\t\t\t\t<img loading=\"lazy\" decoding=\"async\" width=\"640\" height=\"433\" src=\"https:\/\/www.economicas.uba.ar\/extension\/vocesenelfenix\/wp-content\/uploads\/5306-DerGhougassian.jpg\" class=\"attachment-large size-large wp-post-image\" alt=\"\" srcset=\"https:\/\/www.economicas.uba.ar\/extension\/vocesenelfenix\/wp-content\/uploads\/5306-DerGhougassian.jpg 1080w, https:\/\/www.economicas.uba.ar\/extension\/vocesenelfenix\/wp-content\/uploads\/5306-DerGhougassian-300x203.jpg 300w, https:\/\/www.economicas.uba.ar\/extension\/vocesenelfenix\/wp-content\/uploads\/5306-DerGhougassian-768x519.jpg 768w\" sizes=\"(max-width: 640px) 100vw, 640px\" \/>\t\t\t<\/div>\n\t\t<\/div>\n        <div class=\"bm-blog-post-content bm_content_box\">\n            <h4 class=\"entry-post-title bm_title\"><a href=\"https:\/\/www.economicas.uba.ar\/extension\/vocesenelfenix\/la-tarea-pendiente-de-la-democracia-en-el-campo-de-defensa-la-necesidad-de-definir-la-vertiente-estrategica-del-instrumento-militar-en-la-politica-estatal\/\" rel=\"bookmark\">La tarea pendiente de la democracia en el campo de defensa. La necesidad de definir la vertiente estrat\u00e9gica del instrumento militar en la pol\u00edtica estatal<\/a><\/h4>            <div class=\"bm-blog-post-meta entry-post-meta bm_meta\">\n                            <\/div>\n            <div class=\"entry-post-content bm_content\">\n                | Por Khatchik DerGhougassian | Nuestro pa\u00eds se aferr\u00f3 hist\u00f3ricamente al derecho internacional, a la no-intervenci\u00f3n y a la neutralidad en lo que respecta a la utilizaci\u00f3n de sus Fuerzas <div><a href=\"https:\/\/www.economicas.uba.ar\/extension\/vocesenelfenix\/la-tarea-pendiente-de-la-democracia-en-el-campo-de-defensa-la-necesidad-de-definir-la-vertiente-estrategica-del-instrumento-militar-en-la-politica-estatal\/\" rel=\"bookmark\" class=\"bm-read-more entry-read-more\">M\u00e1s \u00bb<\/a><div>            <\/div>\n        <\/div>\n    <\/article>\n    <article id=\"post-10792\" class=\"item bm_layout post-10792 post type-post status-publish format-standard has-post-thumbnail hentry category-n-53 tag-desigualdad tag-educacion-superior tag-las-deudas-de-la-democracia tag-laura-r-rodriguez tag-universidad\">\n\t\t<div class=\"bm-blog-post-image entry-post-image\">\n\t\t\t<div class=\"bm-post-image clearfix bm-hover-effect bm-hover-effect-blur\">\n\t\t\t\t<img loading=\"lazy\" decoding=\"async\" width=\"640\" height=\"431\" src=\"https:\/\/www.economicas.uba.ar\/extension\/vocesenelfenix\/wp-content\/uploads\/5307-Rodriguez.jpg\" class=\"attachment-large size-large wp-post-image\" alt=\"\" srcset=\"https:\/\/www.economicas.uba.ar\/extension\/vocesenelfenix\/wp-content\/uploads\/5307-Rodriguez.jpg 1080w, https:\/\/www.economicas.uba.ar\/extension\/vocesenelfenix\/wp-content\/uploads\/5307-Rodriguez-300x202.jpg 300w, https:\/\/www.economicas.uba.ar\/extension\/vocesenelfenix\/wp-content\/uploads\/5307-Rodriguez-768x517.jpg 768w\" sizes=\"(max-width: 640px) 100vw, 640px\" \/>\t\t\t<\/div>\n\t\t<\/div>\n        <div class=\"bm-blog-post-content bm_content_box\">\n            <h4 class=\"entry-post-title bm_title\"><a href=\"https:\/\/www.economicas.uba.ar\/extension\/vocesenelfenix\/las-deudas-de-nuestra-democracia-respecto-de-la-educacion-superior\/\" rel=\"bookmark\">Las deudas de nuestra democracia respecto de la educaci\u00f3n superior<\/a><\/h4>            <div class=\"bm-blog-post-meta entry-post-meta bm_meta\">\n                            <\/div>\n            <div class=\"entry-post-content bm_content\">\n                | Por Laura R. Rodr\u00edguez | A m\u00e1s de treinta a\u00f1os de la recuperaci\u00f3n de la institucionalidad republicana, se mantienen a\u00fan vigentes los reclamos por una mayor democratizaci\u00f3n, tanto interna <div><a href=\"https:\/\/www.economicas.uba.ar\/extension\/vocesenelfenix\/las-deudas-de-nuestra-democracia-respecto-de-la-educacion-superior\/\" rel=\"bookmark\" class=\"bm-read-more entry-read-more\">M\u00e1s \u00bb<\/a><div>            <\/div>\n        <\/div>\n    <\/article>\n    <article id=\"post-10801\" class=\"item bm_layout post-10801 post type-post status-publish format-standard has-post-thumbnail hentry category-n-53 tag-bruno-capra tag-desarrollo tag-dominacion-cultural tag-dominacion-economica tag-innovacion tag-las-deudas-de-la-democracia\">\n\t\t<div class=\"bm-blog-post-image entry-post-image\">\n\t\t\t<div class=\"bm-post-image clearfix bm-hover-effect bm-hover-effect-blur\">\n\t\t\t\t<img loading=\"lazy\" decoding=\"async\" width=\"640\" height=\"432\" src=\"https:\/\/www.economicas.uba.ar\/extension\/vocesenelfenix\/wp-content\/uploads\/5308-Capra.jpg\" class=\"attachment-large size-large wp-post-image\" alt=\"\" srcset=\"https:\/\/www.economicas.uba.ar\/extension\/vocesenelfenix\/wp-content\/uploads\/5308-Capra.jpg 1080w, https:\/\/www.economicas.uba.ar\/extension\/vocesenelfenix\/wp-content\/uploads\/5308-Capra-300x203.jpg 300w, https:\/\/www.economicas.uba.ar\/extension\/vocesenelfenix\/wp-content\/uploads\/5308-Capra-768x518.jpg 768w\" sizes=\"(max-width: 640px) 100vw, 640px\" \/>\t\t\t<\/div>\n\t\t<\/div>\n        <div class=\"bm-blog-post-content bm_content_box\">\n            <h4 class=\"entry-post-title bm_title\"><a href=\"https:\/\/www.economicas.uba.ar\/extension\/vocesenelfenix\/el-desarrollo-ausente\/\" rel=\"bookmark\">El desarrollo ausente<\/a><\/h4>            <div class=\"bm-blog-post-meta entry-post-meta bm_meta\">\n                            <\/div>\n            <div class=\"entry-post-content bm_content\">\n                | Por Bruno Capra | La Argentina demuele permanentemente las bases del crecimiento end\u00f3geno. Este movimiento pendular no hace otra cosa que retrasarnos en el concierto de las naciones y <div><a href=\"https:\/\/www.economicas.uba.ar\/extension\/vocesenelfenix\/el-desarrollo-ausente\/\" rel=\"bookmark\" class=\"bm-read-more entry-read-more\">M\u00e1s \u00bb<\/a><div>            <\/div>\n        <\/div>\n    <\/article>\n    <article id=\"post-10807\" class=\"item bm_layout post-10807 post type-post status-publish format-standard has-post-thumbnail hentry category-n-53 tag-desarrollo-industrial tag-industria tag-las-deudas-de-la-democracia tag-martin-schorr tag-neodesarrollismo tag-neoliberalismo\">\n\t\t<div class=\"bm-blog-post-image entry-post-image\">\n\t\t\t<div class=\"bm-post-image clearfix bm-hover-effect bm-hover-effect-blur\">\n\t\t\t\t<img loading=\"lazy\" decoding=\"async\" width=\"640\" height=\"432\" src=\"https:\/\/www.economicas.uba.ar\/extension\/vocesenelfenix\/wp-content\/uploads\/5309-Schorr.jpg\" class=\"attachment-large size-large wp-post-image\" alt=\"\" srcset=\"https:\/\/www.economicas.uba.ar\/extension\/vocesenelfenix\/wp-content\/uploads\/5309-Schorr.jpg 1080w, https:\/\/www.economicas.uba.ar\/extension\/vocesenelfenix\/wp-content\/uploads\/5309-Schorr-300x203.jpg 300w, https:\/\/www.economicas.uba.ar\/extension\/vocesenelfenix\/wp-content\/uploads\/5309-Schorr-768x518.jpg 768w\" sizes=\"(max-width: 640px) 100vw, 640px\" \/>\t\t\t<\/div>\n\t\t<\/div>\n        <div class=\"bm-blog-post-content bm_content_box\">\n            <h4 class=\"entry-post-title bm_title\"><a href=\"https:\/\/www.economicas.uba.ar\/extension\/vocesenelfenix\/democracia-industria-y-marcos-conceptuales\/\" rel=\"bookmark\">Democracia, industria y marcos conceptuales<\/a><\/h4>            <div class=\"bm-blog-post-meta entry-post-meta bm_meta\">\n                            <\/div>\n            <div class=\"entry-post-content bm_content\">\n                | Por Mart\u00edn Schorr | El desarrollo fabril constituye una condici\u00f3n de posibilidad del desarrollo en su sentido m\u00e1s amplio. En ese marco, la deuda de nuestra democracia es alcanzar <div><a href=\"https:\/\/www.economicas.uba.ar\/extension\/vocesenelfenix\/democracia-industria-y-marcos-conceptuales\/\" rel=\"bookmark\" class=\"bm-read-more entry-read-more\">M\u00e1s \u00bb<\/a><div>            <\/div>\n        <\/div>\n    <\/article>\n    <article id=\"post-10813\" class=\"item bm_layout post-10813 post type-post status-publish format-standard has-post-thumbnail hentry category-n-53 tag-capitalismo tag-estructuras-productivas tag-fernando-porta tag-las-deudas-de-la-democracia tag-sistema-financiero\">\n\t\t<div class=\"bm-blog-post-image entry-post-image\">\n\t\t\t<div class=\"bm-post-image clearfix bm-hover-effect bm-hover-effect-blur\">\n\t\t\t\t<img loading=\"lazy\" decoding=\"async\" width=\"640\" height=\"433\" src=\"https:\/\/www.economicas.uba.ar\/extension\/vocesenelfenix\/wp-content\/uploads\/5310-Porta.jpg\" class=\"attachment-large size-large wp-post-image\" alt=\"\" srcset=\"https:\/\/www.economicas.uba.ar\/extension\/vocesenelfenix\/wp-content\/uploads\/5310-Porta.jpg 1080w, https:\/\/www.economicas.uba.ar\/extension\/vocesenelfenix\/wp-content\/uploads\/5310-Porta-300x203.jpg 300w, https:\/\/www.economicas.uba.ar\/extension\/vocesenelfenix\/wp-content\/uploads\/5310-Porta-768x519.jpg 768w\" sizes=\"(max-width: 640px) 100vw, 640px\" \/>\t\t\t<\/div>\n\t\t<\/div>\n        <div class=\"bm-blog-post-content bm_content_box\">\n            <h4 class=\"entry-post-title bm_title\"><a href=\"https:\/\/www.economicas.uba.ar\/extension\/vocesenelfenix\/la-estructura-productiva-argentina-problemas-vigentes-y-desafios-pendientes\/\" rel=\"bookmark\">La estructura productiva argentina: problemas vigentes y desaf\u00edos pendientes<\/a><\/h4>            <div class=\"bm-blog-post-meta entry-post-meta bm_meta\">\n                            <\/div>\n            <div class=\"entry-post-content bm_content\">\n                | Por Fernando Porta | La estructura econ\u00f3mica de nuestro pa\u00eds no ha variado significativamente en relaci\u00f3n con los a\u00f1os \u201990. El capitalismo argentino se sigue basando en un modelo <div><a href=\"https:\/\/www.economicas.uba.ar\/extension\/vocesenelfenix\/la-estructura-productiva-argentina-problemas-vigentes-y-desafios-pendientes\/\" rel=\"bookmark\" class=\"bm-read-more entry-read-more\">M\u00e1s \u00bb<\/a><div>            <\/div>\n        <\/div>\n    <\/article>\n    <article id=\"post-10819\" class=\"item bm_layout post-10819 post type-post status-publish format-standard has-post-thumbnail hentry category-n-53 tag-estado tag-horacio-barri tag-las-deudas-de-la-democracia tag-neoliberalismo tag-participacion-popular tag-salud tag-sistema-universal-de-salud\">\n\t\t<div class=\"bm-blog-post-image entry-post-image\">\n\t\t\t<div class=\"bm-post-image clearfix bm-hover-effect bm-hover-effect-blur\">\n\t\t\t\t<img loading=\"lazy\" decoding=\"async\" width=\"640\" height=\"433\" src=\"https:\/\/www.economicas.uba.ar\/extension\/vocesenelfenix\/wp-content\/uploads\/5311-Barri.jpg\" class=\"attachment-large size-large wp-post-image\" alt=\"\" srcset=\"https:\/\/www.economicas.uba.ar\/extension\/vocesenelfenix\/wp-content\/uploads\/5311-Barri.jpg 1080w, https:\/\/www.economicas.uba.ar\/extension\/vocesenelfenix\/wp-content\/uploads\/5311-Barri-300x203.jpg 300w, https:\/\/www.economicas.uba.ar\/extension\/vocesenelfenix\/wp-content\/uploads\/5311-Barri-768x519.jpg 768w\" sizes=\"(max-width: 640px) 100vw, 640px\" \/>\t\t\t<\/div>\n\t\t<\/div>\n        <div class=\"bm-blog-post-content bm_content_box\">\n            <h4 class=\"entry-post-title bm_title\"><a href=\"https:\/\/www.economicas.uba.ar\/extension\/vocesenelfenix\/deudas-de-la-democracia-con-la-salud\/\" rel=\"bookmark\">Deudas de la democracia con la salud<\/a><\/h4>            <div class=\"bm-blog-post-meta entry-post-meta bm_meta\">\n                            <\/div>\n            <div class=\"entry-post-content bm_content\">\n                | Por Horacio Barri | Con la vuelta de las pol\u00edticas neoliberales vuelve tambi\u00e9n la idea de la enfermedad como negocio. El complejo m\u00e9dico industrial genera en la poblaci\u00f3n falsas <div><a href=\"https:\/\/www.economicas.uba.ar\/extension\/vocesenelfenix\/deudas-de-la-democracia-con-la-salud\/\" rel=\"bookmark\" class=\"bm-read-more entry-read-more\">M\u00e1s \u00bb<\/a><div>            <\/div>\n        <\/div>\n    <\/article>\n    <article id=\"post-10827\" class=\"item bm_layout post-10827 post type-post status-publish format-standard has-post-thumbnail hentry category-n-53 tag-hector-pedro-recalde tag-las-deudas-de-la-democracia tag-riesgos tag-seguridad-e-higiene tag-trabajo\">\n\t\t<div class=\"bm-blog-post-image entry-post-image\">\n\t\t\t<div class=\"bm-post-image clearfix bm-hover-effect bm-hover-effect-blur\">\n\t\t\t\t<img loading=\"lazy\" decoding=\"async\" width=\"640\" height=\"431\" src=\"https:\/\/www.economicas.uba.ar\/extension\/vocesenelfenix\/wp-content\/uploads\/5312-Recalde.jpg\" class=\"attachment-large size-large wp-post-image\" alt=\"\" srcset=\"https:\/\/www.economicas.uba.ar\/extension\/vocesenelfenix\/wp-content\/uploads\/5312-Recalde.jpg 1080w, https:\/\/www.economicas.uba.ar\/extension\/vocesenelfenix\/wp-content\/uploads\/5312-Recalde-300x202.jpg 300w, https:\/\/www.economicas.uba.ar\/extension\/vocesenelfenix\/wp-content\/uploads\/5312-Recalde-768x517.jpg 768w\" sizes=\"(max-width: 640px) 100vw, 640px\" \/>\t\t\t<\/div>\n\t\t<\/div>\n        <div class=\"bm-blog-post-content bm_content_box\">\n            <h4 class=\"entry-post-title bm_title\"><a href=\"https:\/\/www.economicas.uba.ar\/extension\/vocesenelfenix\/la-participacion-como-derecho-y-deber-un-ejemplo-en-los-comites-mixtos-de-seguridad-e-higiene\/\" rel=\"bookmark\">La participaci\u00f3n como derecho y deber. Un ejemplo en los comit\u00e9s mixtos de seguridad e higiene<\/a><\/h4>            <div class=\"bm-blog-post-meta entry-post-meta bm_meta\">\n                            <\/div>\n            <div class=\"entry-post-content bm_content\">\n                | Por H\u00e9ctor Pedro Recalde | Toda actividad productiva o laboral entra\u00f1a riesgos para la salud y seguridad de quien la realiza. Por eso, la participaci\u00f3n de los trabajadores en <div><a href=\"https:\/\/www.economicas.uba.ar\/extension\/vocesenelfenix\/la-participacion-como-derecho-y-deber-un-ejemplo-en-los-comites-mixtos-de-seguridad-e-higiene\/\" rel=\"bookmark\" class=\"bm-read-more entry-read-more\">M\u00e1s \u00bb<\/a><div>            <\/div>\n        <\/div>\n    <\/article>\n    <article id=\"post-10833\" class=\"item bm_layout post-10833 post type-post status-publish format-standard has-post-thumbnail hentry category-n-53 tag-desarrollo tag-economia tag-las-deudas-de-la-democracia tag-roberto-kozulj tag-sector-energetico\">\n\t\t<div class=\"bm-blog-post-image entry-post-image\">\n\t\t\t<div class=\"bm-post-image clearfix bm-hover-effect bm-hover-effect-blur\">\n\t\t\t\t<img loading=\"lazy\" decoding=\"async\" width=\"640\" height=\"431\" src=\"https:\/\/www.economicas.uba.ar\/extension\/vocesenelfenix\/wp-content\/uploads\/5313-Kozulj.jpg\" class=\"attachment-large size-large wp-post-image\" alt=\"\" srcset=\"https:\/\/www.economicas.uba.ar\/extension\/vocesenelfenix\/wp-content\/uploads\/5313-Kozulj.jpg 1080w, https:\/\/www.economicas.uba.ar\/extension\/vocesenelfenix\/wp-content\/uploads\/5313-Kozulj-300x202.jpg 300w, https:\/\/www.economicas.uba.ar\/extension\/vocesenelfenix\/wp-content\/uploads\/5313-Kozulj-768x517.jpg 768w\" sizes=\"(max-width: 640px) 100vw, 640px\" \/>\t\t\t<\/div>\n\t\t<\/div>\n        <div class=\"bm-blog-post-content bm_content_box\">\n            <h4 class=\"entry-post-title bm_title\"><a href=\"https:\/\/www.economicas.uba.ar\/extension\/vocesenelfenix\/deudas-de-la-democracia-el-sector-energetico\/\" rel=\"bookmark\">Deudas de la democracia: el sector energ\u00e9tico<\/a><\/h4>            <div class=\"bm-blog-post-meta entry-post-meta bm_meta\">\n                            <\/div>\n            <div class=\"entry-post-content bm_content\">\n                | Por Roberto Kozulj | Las pol\u00edticas energ\u00e9ticas requieren ser pensadas para el largo plazo. Sin embargo, nuestro pa\u00eds se caracteriza por un pendular seg\u00fan el humor y los ciclos <div><a href=\"https:\/\/www.economicas.uba.ar\/extension\/vocesenelfenix\/deudas-de-la-democracia-el-sector-energetico\/\" rel=\"bookmark\" class=\"bm-read-more entry-read-more\">M\u00e1s \u00bb<\/a><div>            <\/div>\n        <\/div>\n    <\/article>\n    <article id=\"post-10839\" class=\"item bm_layout post-10839 post type-post status-publish format-standard has-post-thumbnail hentry category-n-53 tag-ciudad tag-horacio-a-feinstein tag-las-deudas-de-la-democracia tag-planificacion-regional tag-planificacion-urbana\">\n\t\t<div class=\"bm-blog-post-image entry-post-image\">\n\t\t\t<div class=\"bm-post-image clearfix bm-hover-effect bm-hover-effect-blur\">\n\t\t\t\t<img loading=\"lazy\" decoding=\"async\" width=\"640\" height=\"431\" src=\"https:\/\/www.economicas.uba.ar\/extension\/vocesenelfenix\/wp-content\/uploads\/5314-Feinstein.jpg\" class=\"attachment-large size-large wp-post-image\" alt=\"\" srcset=\"https:\/\/www.economicas.uba.ar\/extension\/vocesenelfenix\/wp-content\/uploads\/5314-Feinstein.jpg 1080w, https:\/\/www.economicas.uba.ar\/extension\/vocesenelfenix\/wp-content\/uploads\/5314-Feinstein-300x202.jpg 300w, https:\/\/www.economicas.uba.ar\/extension\/vocesenelfenix\/wp-content\/uploads\/5314-Feinstein-768x518.jpg 768w\" sizes=\"(max-width: 640px) 100vw, 640px\" \/>\t\t\t<\/div>\n\t\t<\/div>\n        <div class=\"bm-blog-post-content bm_content_box\">\n            <h4 class=\"entry-post-title bm_title\"><a href=\"https:\/\/www.economicas.uba.ar\/extension\/vocesenelfenix\/las-deudas-de-la-planificacion-urbana-y-regional-durante-el-actual-restablecimiento-democratico\/\" rel=\"bookmark\">Las deudas de la planificaci\u00f3n urbana y regional durante el actual restablecimiento democr\u00e1tico<\/a><\/h4>            <div class=\"bm-blog-post-meta entry-post-meta bm_meta\">\n                            <\/div>\n            <div class=\"entry-post-content bm_content\">\n                | Por Horacio A. Feinstein | En los \u00faltimos treinta a\u00f1os la poblaci\u00f3n urbana gan\u00f3 en importancia debido a su incremento en contraposici\u00f3n a la poblaci\u00f3n rural, pero en este <div><a href=\"https:\/\/www.economicas.uba.ar\/extension\/vocesenelfenix\/las-deudas-de-la-planificacion-urbana-y-regional-durante-el-actual-restablecimiento-democratico\/\" rel=\"bookmark\" class=\"bm-read-more entry-read-more\">M\u00e1s \u00bb<\/a><div>            <\/div>\n        <\/div>\n    <\/article>\n    <article id=\"post-10852\" class=\"item bm_layout post-10852 post type-post status-publish format-standard has-post-thumbnail hentry category-n-53 tag-andrea-catenazzi tag-ciudad tag-desigualdad tag-habitat tag-las-deudas-de-la-democracia tag-vivienda\">\n\t\t<div class=\"bm-blog-post-image entry-post-image\">\n\t\t\t<div class=\"bm-post-image clearfix bm-hover-effect bm-hover-effect-blur\">\n\t\t\t\t<img loading=\"lazy\" decoding=\"async\" width=\"640\" height=\"432\" src=\"https:\/\/www.economicas.uba.ar\/extension\/vocesenelfenix\/wp-content\/uploads\/5315-Catenazzi.jpg\" class=\"attachment-large size-large wp-post-image\" alt=\"\" srcset=\"https:\/\/www.economicas.uba.ar\/extension\/vocesenelfenix\/wp-content\/uploads\/5315-Catenazzi.jpg 1080w, https:\/\/www.economicas.uba.ar\/extension\/vocesenelfenix\/wp-content\/uploads\/5315-Catenazzi-300x203.jpg 300w, https:\/\/www.economicas.uba.ar\/extension\/vocesenelfenix\/wp-content\/uploads\/5315-Catenazzi-768x518.jpg 768w\" sizes=\"(max-width: 640px) 100vw, 640px\" \/>\t\t\t<\/div>\n\t\t<\/div>\n        <div class=\"bm-blog-post-content bm_content_box\">\n            <h4 class=\"entry-post-title bm_title\"><a href=\"https:\/\/www.economicas.uba.ar\/extension\/vocesenelfenix\/las-deudas-de-nuestra-democracia-en-el-campo-del-habitat-y-la-vivienda\/\" rel=\"bookmark\">Las deudas de nuestra democracia en el campo del h\u00e1bitat y la vivienda<\/a><\/h4>            <div class=\"bm-blog-post-meta entry-post-meta bm_meta\">\n                            <\/div>\n            <div class=\"entry-post-content bm_content\">\n                | Por Andrea Catenazzi | En nuestro pa\u00eds la poblaci\u00f3n urbana supera el 90%; sin embargo, el acceso desigual a la ciudad no ha sido planteado como cuesti\u00f3n en la <div><a href=\"https:\/\/www.economicas.uba.ar\/extension\/vocesenelfenix\/las-deudas-de-nuestra-democracia-en-el-campo-del-habitat-y-la-vivienda\/\" rel=\"bookmark\" class=\"bm-read-more entry-read-more\">M\u00e1s \u00bb<\/a><div>            <\/div>\n        <\/div>\n    <\/article>\n    <article id=\"post-10858\" class=\"item bm_layout post-10858 post type-post status-publish format-standard has-post-thumbnail hentry category-n-53 tag-hector-sejenovich tag-indigencia tag-justicia-ambiental tag-justicia-social tag-las-deudas-de-la-democracia tag-medio-ambiente tag-pobreza\">\n\t\t<div class=\"bm-blog-post-image entry-post-image\">\n\t\t\t<div class=\"bm-post-image clearfix bm-hover-effect bm-hover-effect-blur\">\n\t\t\t\t<img loading=\"lazy\" decoding=\"async\" width=\"640\" height=\"431\" src=\"https:\/\/www.economicas.uba.ar\/extension\/vocesenelfenix\/wp-content\/uploads\/5316-Sejenovich.jpg\" class=\"attachment-large size-large wp-post-image\" alt=\"\" srcset=\"https:\/\/www.economicas.uba.ar\/extension\/vocesenelfenix\/wp-content\/uploads\/5316-Sejenovich.jpg 1080w, https:\/\/www.economicas.uba.ar\/extension\/vocesenelfenix\/wp-content\/uploads\/5316-Sejenovich-300x202.jpg 300w, https:\/\/www.economicas.uba.ar\/extension\/vocesenelfenix\/wp-content\/uploads\/5316-Sejenovich-768x517.jpg 768w\" sizes=\"(max-width: 640px) 100vw, 640px\" \/>\t\t\t<\/div>\n\t\t<\/div>\n        <div class=\"bm-blog-post-content bm_content_box\">\n            <h4 class=\"entry-post-title bm_title\"><a href=\"https:\/\/www.economicas.uba.ar\/extension\/vocesenelfenix\/las-deudas-de-la-democracia-con-el-medio-ambiente\/\" rel=\"bookmark\">Las deudas de la democracia con el medio ambiente<\/a><\/h4>            <div class=\"bm-blog-post-meta entry-post-meta bm_meta\">\n                            <\/div>\n            <div class=\"entry-post-content bm_content\">\n                | Por H\u00e9ctor Sejenovich | No puede existir un ambiente limpio en la pobreza y la indigencia. De all\u00ed que la justicia ambiental no pueda ser pensada separada de la <div><a href=\"https:\/\/www.economicas.uba.ar\/extension\/vocesenelfenix\/las-deudas-de-la-democracia-con-el-medio-ambiente\/\" rel=\"bookmark\" class=\"bm-read-more entry-read-more\">M\u00e1s \u00bb<\/a><div>            <\/div>\n        <\/div>\n    <\/article>\n    <article id=\"post-10864\" class=\"item bm_layout post-10864 post type-post status-publish format-standard has-post-thumbnail hentry category-n-53 tag-agua tag-las-deudas-de-la-democracia tag-politicas-de-estado tag-victor-pochat\">\n\t\t<div class=\"bm-blog-post-image entry-post-image\">\n\t\t\t<div class=\"bm-post-image clearfix bm-hover-effect bm-hover-effect-blur\">\n\t\t\t\t<img loading=\"lazy\" decoding=\"async\" width=\"640\" height=\"432\" src=\"https:\/\/www.economicas.uba.ar\/extension\/vocesenelfenix\/wp-content\/uploads\/5317-Pochat.jpg\" class=\"attachment-large size-large wp-post-image\" alt=\"\" srcset=\"https:\/\/www.economicas.uba.ar\/extension\/vocesenelfenix\/wp-content\/uploads\/5317-Pochat.jpg 1080w, https:\/\/www.economicas.uba.ar\/extension\/vocesenelfenix\/wp-content\/uploads\/5317-Pochat-300x203.jpg 300w, https:\/\/www.economicas.uba.ar\/extension\/vocesenelfenix\/wp-content\/uploads\/5317-Pochat-768x518.jpg 768w\" sizes=\"(max-width: 640px) 100vw, 640px\" \/>\t\t\t<\/div>\n\t\t<\/div>\n        <div class=\"bm-blog-post-content bm_content_box\">\n            <h4 class=\"entry-post-title bm_title\"><a href=\"https:\/\/www.economicas.uba.ar\/extension\/vocesenelfenix\/las-deudas-de-nuestra-democracia-respecto-del-agua\/\" rel=\"bookmark\">Las deudas de nuestra democracia respecto del agua<\/a><\/h4>            <div class=\"bm-blog-post-meta entry-post-meta bm_meta\">\n                            <\/div>\n            <div class=\"entry-post-content bm_content\">\n                | Por V\u00edctor Pochat | El agua es un insumo fundamental para la calidad de vida de una sociedad y atraviesa cada \u00e1mbito y actividad de esta, siendo especialmente sensible <div><a href=\"https:\/\/www.economicas.uba.ar\/extension\/vocesenelfenix\/las-deudas-de-nuestra-democracia-respecto-del-agua\/\" rel=\"bookmark\" class=\"bm-read-more entry-read-more\">M\u00e1s \u00bb<\/a><div>            <\/div>\n        <\/div>\n    <\/article>\n    <article id=\"post-10877\" class=\"item bm_layout post-10877 post type-post status-publish format-standard has-post-thumbnail hentry category-n-53 tag-adultos-mayores tag-envejecimiento-de-la-poblacion tag-jose-r-jauregui tag-las-deudas-de-la-democracia\">\n\t\t<div class=\"bm-blog-post-image entry-post-image\">\n\t\t\t<div class=\"bm-post-image clearfix bm-hover-effect bm-hover-effect-blur\">\n\t\t\t\t<img loading=\"lazy\" decoding=\"async\" width=\"640\" height=\"432\" src=\"https:\/\/www.economicas.uba.ar\/extension\/vocesenelfenix\/wp-content\/uploads\/5318-Jauregui.jpg\" class=\"attachment-large size-large wp-post-image\" alt=\"\" srcset=\"https:\/\/www.economicas.uba.ar\/extension\/vocesenelfenix\/wp-content\/uploads\/5318-Jauregui.jpg 1080w, https:\/\/www.economicas.uba.ar\/extension\/vocesenelfenix\/wp-content\/uploads\/5318-Jauregui-300x203.jpg 300w, https:\/\/www.economicas.uba.ar\/extension\/vocesenelfenix\/wp-content\/uploads\/5318-Jauregui-768x518.jpg 768w\" sizes=\"(max-width: 640px) 100vw, 640px\" \/>\t\t\t<\/div>\n\t\t<\/div>\n        <div class=\"bm-blog-post-content bm_content_box\">\n            <h4 class=\"entry-post-title bm_title\"><a href=\"https:\/\/www.economicas.uba.ar\/extension\/vocesenelfenix\/las-deudas-de-nuestra-democracia-en-el-tratamiento-de-los-adultos-mayores\/\" rel=\"bookmark\">Las deudas de nuestra democracia en el tratamiento de los adultos mayores<\/a><\/h4>            <div class=\"bm-blog-post-meta entry-post-meta bm_meta\">\n                            <\/div>\n            <div class=\"entry-post-content bm_content\">\n                | Por Jos\u00e9 R. Jauregui | Nuestro pa\u00eds se dirige hacia el envejecimiento de su poblaci\u00f3n, y si bien nuestra democracia ha generado muchos avances sociales y leyes protectoras, a\u00fan <div><a href=\"https:\/\/www.economicas.uba.ar\/extension\/vocesenelfenix\/las-deudas-de-nuestra-democracia-en-el-tratamiento-de-los-adultos-mayores\/\" rel=\"bookmark\" class=\"bm-read-more entry-read-more\">M\u00e1s \u00bb<\/a><div>            <\/div>\n        <\/div>\n    <\/article>\n    <article id=\"post-10884\" class=\"item bm_layout post-10884 post type-post status-publish format-standard has-post-thumbnail hentry category-n-53 tag-andrea-soledad-villeres tag-desigualdad tag-interrupcion-voluntaria-del-embarazo tag-las-deudas-de-la-democracia tag-mujeres tag-nelly-minyersky tag-poder tag-violencia-de-genero\">\n\t\t<div class=\"bm-blog-post-image entry-post-image\">\n\t\t\t<div class=\"bm-post-image clearfix bm-hover-effect bm-hover-effect-blur\">\n\t\t\t\t<img loading=\"lazy\" decoding=\"async\" width=\"640\" height=\"432\" src=\"https:\/\/www.economicas.uba.ar\/extension\/vocesenelfenix\/wp-content\/uploads\/5319-Minyersky.jpg\" class=\"attachment-large size-large wp-post-image\" alt=\"\" srcset=\"https:\/\/www.economicas.uba.ar\/extension\/vocesenelfenix\/wp-content\/uploads\/5319-Minyersky.jpg 1080w, https:\/\/www.economicas.uba.ar\/extension\/vocesenelfenix\/wp-content\/uploads\/5319-Minyersky-300x203.jpg 300w, https:\/\/www.economicas.uba.ar\/extension\/vocesenelfenix\/wp-content\/uploads\/5319-Minyersky-768x518.jpg 768w\" sizes=\"(max-width: 640px) 100vw, 640px\" \/>\t\t\t<\/div>\n\t\t<\/div>\n        <div class=\"bm-blog-post-content bm_content_box\">\n            <h4 class=\"entry-post-title bm_title\"><a href=\"https:\/\/www.economicas.uba.ar\/extension\/vocesenelfenix\/derechos-de-las-mujeres-logros-y-deudas-de-la-democracia\/\" rel=\"bookmark\">Derechos de las mujeres: logros y deudas de la democracia<\/a><\/h4>            <div class=\"bm-blog-post-meta entry-post-meta bm_meta\">\n                            <\/div>\n            <div class=\"entry-post-content bm_content\">\n                | Por Nelly Minyersky y Andrea Soledad Villeres | Es indudable que a lo largo de las \u00faltimas d\u00e9cadas se han logrado importantes avances en relaci\u00f3n a los derechos de <div><a href=\"https:\/\/www.economicas.uba.ar\/extension\/vocesenelfenix\/derechos-de-las-mujeres-logros-y-deudas-de-la-democracia\/\" rel=\"bookmark\" class=\"bm-read-more entry-read-more\">M\u00e1s \u00bb<\/a><div>            <\/div>\n        <\/div>\n    <\/article>\n\t\t\t\t<\/div><\/div>\n\t\t\t\t\t\t\t\t<\/div>\n\t\t\t\t<\/div>\n\t\t\t\t\t<\/div>\n\t\t<\/div>\n\t\t\t\t\t<\/div>\n\t\t<\/section>\n\t\t\t\t<section class=\"elementor-section elementor-top-section elementor-element elementor-element-c2e4403 elementor-section-boxed elementor-section-height-default elementor-section-height-default\" data-id=\"c2e4403\" data-element_type=\"section\" data-e-type=\"section\" data-settings=\"{&quot;background_background&quot;:&quot;classic&quot;}\">\n\t\t\t\t\t\t<div class=\"elementor-container elementor-column-gap-default\">\n\t\t\t\t\t<div class=\"elementor-column elementor-col-100 elementor-top-column elementor-element elementor-element-c38a5dd\" data-id=\"c38a5dd\" data-element_type=\"column\" data-e-type=\"column\">\n\t\t\t<div class=\"elementor-widget-wrap elementor-element-populated\">\n\t\t\t\t\t\t<div class=\"elementor-element elementor-element-0708f60 elementor-widget elementor-widget-text-editor\" data-id=\"0708f60\" data-element_type=\"widget\" data-e-type=\"widget\" data-widget_type=\"text-editor.default\">\n\t\t\t\t<div class=\"elementor-widget-container\">\n\t\t\t\t\t\t\t\t\t<iframe width=\"560\" height=\"315\" src=\"https:\/\/www.youtube.com\/embed\/videoseries?list=PLeYdj9X0_ljmK6zbkinFdMuJUdamq-wC_\" title=\"YouTube video player\" frameborder=\"0\" allow=\"accelerometer; autoplay; clipboard-write; encrypted-media; gyroscope; picture-in-picture\" allowfullscreen><\/iframe>\t\t\t\t\t\t\t\t<\/div>\n\t\t\t\t<\/div>\n\t\t\t\t\t<\/div>\n\t\t<\/div>\n\t\t\t\t\t<\/div>\n\t\t<\/section>\n\t\t\t\t<\/div>\n\t\t","protected":false},"excerpt":{"rendered":"<p>N\u00daMERO 53 VOLVER AL FUTURO LAS DEUDAS DE LA DEMOCRACIA ANTE UN ESCENARIO EN EL CUAL PARECEN DESVANECERSE LAS MEJORAS ALCANZADAS CON MUCHO ESFUERZO DESDE EL RETORNO DE LA DEMOCRACIA,<\/p>\n","protected":false},"author":5,"featured_media":0,"parent":0,"menu_order":0,"comment_status":"closed","ping_status":"closed","template":"","meta":{"footnotes":""},"class_list":["post-10731","page","type-page","status-publish","hentry"],"_links":{"self":[{"href":"https:\/\/www.economicas.uba.ar\/extension\/vocesenelfenix\/wp-json\/wp\/v2\/pages\/10731","targetHints":{"allow":["GET"]}}],"collection":[{"href":"https:\/\/www.economicas.uba.ar\/extension\/vocesenelfenix\/wp-json\/wp\/v2\/pages"}],"about":[{"href":"https:\/\/www.economicas.uba.ar\/extension\/vocesenelfenix\/wp-json\/wp\/v2\/types\/page"}],"author":[{"embeddable":true,"href":"https:\/\/www.economicas.uba.ar\/extension\/vocesenelfenix\/wp-json\/wp\/v2\/users\/5"}],"replies":[{"embeddable":true,"href":"https:\/\/www.economicas.uba.ar\/extension\/vocesenelfenix\/wp-json\/wp\/v2\/comments?post=10731"}],"version-history":[{"count":7,"href":"https:\/\/www.economicas.uba.ar\/extension\/vocesenelfenix\/wp-json\/wp\/v2\/pages\/10731\/revisions"}],"predecessor-version":[{"id":10749,"href":"https:\/\/www.economicas.uba.ar\/extension\/vocesenelfenix\/wp-json\/wp\/v2\/pages\/10731\/revisions\/10749"}],"wp:attachment":[{"href":"https:\/\/www.economicas.uba.ar\/extension\/vocesenelfenix\/wp-json\/wp\/v2\/media?parent=10731"}],"curies":[{"name":"wp","href":"https:\/\/api.w.org\/{rel}","templated":true}]}}