{"id":10893,"date":"2016-03-01T00:01:00","date_gmt":"2016-03-01T03:01:00","guid":{"rendered":"https:\/\/www.economicas.uba.ar\/extension\/vocesenelfenix\/?page_id=10893"},"modified":"2022-03-25T10:55:31","modified_gmt":"2022-03-25T13:55:31","slug":"numero-52","status":"publish","type":"page","link":"https:\/\/www.economicas.uba.ar\/extension\/vocesenelfenix\/numero-52\/","title":{"rendered":"N\u00famero 52"},"content":{"rendered":"\t\t<div data-elementor-type=\"wp-page\" data-elementor-id=\"10893\" class=\"elementor elementor-10893\" data-elementor-post-type=\"page\">\n\t\t\t\t\t\t<section class=\"elementor-section elementor-top-section elementor-element elementor-element-58286ae elementor-section-boxed elementor-section-height-default elementor-section-height-default\" data-id=\"58286ae\" data-element_type=\"section\" data-e-type=\"section\" data-settings=\"{&quot;background_background&quot;:&quot;classic&quot;}\">\n\t\t\t\t\t\t<div class=\"elementor-container elementor-column-gap-default\">\n\t\t\t\t\t<div class=\"elementor-column elementor-col-33 elementor-top-column elementor-element elementor-element-1e1976e\" data-id=\"1e1976e\" data-element_type=\"column\" data-e-type=\"column\">\n\t\t\t<div class=\"elementor-widget-wrap elementor-element-populated\">\n\t\t\t\t\t\t<div class=\"elementor-element elementor-element-59e5e63 elementor-widget elementor-widget-image\" data-id=\"59e5e63\" data-element_type=\"widget\" data-e-type=\"widget\" data-widget_type=\"image.default\">\n\t\t\t\t<div class=\"elementor-widget-container\">\n\t\t\t\t\t\t\t\t\t\t\t\t\t\t\t\t<a href=\"https:\/\/drive.google.com\/file\/d\/1-PwUJlRPK6qp5IZ3QEv17K9WH3eaWl0i\/view\" target=\"_blank\">\n\t\t\t\t\t\t\t<img fetchpriority=\"high\" decoding=\"async\" width=\"193\" height=\"267\" src=\"https:\/\/www.economicas.uba.ar\/extension\/vocesenelfenix\/wp-content\/uploads\/tapa52.jpg\" class=\"attachment-large size-large wp-image-1920\" alt=\"\" \/>\t\t\t\t\t\t\t\t<\/a>\n\t\t\t\t\t\t\t\t\t\t\t\t\t\t\t<\/div>\n\t\t\t\t<\/div>\n\t\t\t\t\t<\/div>\n\t\t<\/div>\n\t\t\t\t<div class=\"elementor-column elementor-col-66 elementor-top-column elementor-element elementor-element-40b4980\" data-id=\"40b4980\" data-element_type=\"column\" data-e-type=\"column\">\n\t\t\t<div class=\"elementor-widget-wrap elementor-element-populated\">\n\t\t\t\t\t\t<div class=\"elementor-element elementor-element-e5cf31f elementor-widget elementor-widget-text-editor\" data-id=\"e5cf31f\" data-element_type=\"widget\" data-e-type=\"widget\" data-widget_type=\"text-editor.default\">\n\t\t\t\t<div class=\"elementor-widget-container\">\n\t\t\t\t\t\t\t\t\t<h5>N\u00daMERO 52<\/h5><h3>AL FILO DEL MA\u00d1ANA<\/h3><h6>LAS DEUDAS DE LA DEMOCRACIA<\/h6><p><br \/>NUESTRA DEMOCRACIA CUMPLI\u00d3 32 A\u00d1OS. MUCHAS HAN SIDO LAS MEJORAS ALCANZADAS EN ESTE TIEMPO Y MUCHAS SON LAS DEUDAS QUE QUEDAN PENDIENTES. EN UN MOMENTO CLAVE A NIVEL NACIONAL Y REGIONAL, ES FUNDAMENTAL SABER QU\u00c9 CAMINO TOMAR. EN ESTE N\u00daMERO, UNA PRIMERA APROXIMACI\u00d3N.<\/p>\t\t\t\t\t\t\t\t<\/div>\n\t\t\t\t<\/div>\n\t\t\t\t<div class=\"elementor-element elementor-element-47c029c elementor-widget elementor-widget-button\" data-id=\"47c029c\" data-element_type=\"widget\" data-e-type=\"widget\" data-widget_type=\"button.default\">\n\t\t\t\t<div class=\"elementor-widget-container\">\n\t\t\t\t\t\t\t\t\t<div class=\"elementor-button-wrapper\">\n\t\t\t\t\t<a class=\"elementor-button elementor-button-link elementor-size-xs\" href=\"https:\/\/drive.google.com\/file\/d\/1-PwUJlRPK6qp5IZ3QEv17K9WH3eaWl0i\/view\" target=\"_blank\">\n\t\t\t\t\t\t<span class=\"elementor-button-content-wrapper\">\n\t\t\t\t\t\t\t\t\t<span class=\"elementor-button-text\">Descarg\u00e1 el PDF<\/span>\n\t\t\t\t\t<\/span>\n\t\t\t\t\t<\/a>\n\t\t\t\t<\/div>\n\t\t\t\t\t\t\t\t<\/div>\n\t\t\t\t<\/div>\n\t\t\t\t\t<\/div>\n\t\t<\/div>\n\t\t\t\t\t<\/div>\n\t\t<\/section>\n\t\t\t\t<section class=\"elementor-section elementor-top-section elementor-element elementor-element-b263fbf elementor-section-boxed elementor-section-height-default elementor-section-height-default\" data-id=\"b263fbf\" data-element_type=\"section\" data-e-type=\"section\">\n\t\t\t\t\t\t<div class=\"elementor-container elementor-column-gap-default\">\n\t\t\t\t\t<div class=\"elementor-column elementor-col-100 elementor-top-column elementor-element elementor-element-c0ff66f\" data-id=\"c0ff66f\" data-element_type=\"column\" data-e-type=\"column\">\n\t\t\t<div class=\"elementor-widget-wrap elementor-element-populated\">\n\t\t\t\t\t\t<div class=\"elementor-element elementor-element-c3f4a16 elementor-grid-3 elementor-grid-tablet-2 elementor-grid-mobile-1 elementor-posts--align-left elementor-widget elementor-widget-blogmentor_blog_posts\" data-id=\"c3f4a16\" data-element_type=\"widget\" data-e-type=\"widget\" data-settings=\"{&quot;bm_grid_columns&quot;:&quot;3&quot;,&quot;bm_grid_columns_tablet&quot;:&quot;2&quot;,&quot;bm_grid_columns_mobile&quot;:&quot;1&quot;,&quot;post_card_grid_gap&quot;:{&quot;unit&quot;:&quot;px&quot;,&quot;size&quot;:10,&quot;sizes&quot;:[]},&quot;post_card_row_gap&quot;:{&quot;unit&quot;:&quot;px&quot;,&quot;size&quot;:35,&quot;sizes&quot;:[]}}\" data-widget_type=\"blogmentor_blog_posts.default\">\n\t\t\t\t<div class=\"elementor-widget-container\">\n\t\t\t\t\t\t\t\n\t\t\t\t\t\t\t\t<div class=\"bm-blog-posts-wrapper\" >\n\t\t\t\t\t\t\t<div class=\"bm-blog-posts bm-display-grid elementor-grid elementor-grid-3\" >\n\t\t\t\t    <article id=\"post-10899\" class=\"item bm_layout post-10899 post type-post status-publish format-standard has-post-thumbnail hentry category-n-52 tag-crisis tag-economia tag-estado tag-fuerzas-armadas tag-las-deudas-de-la-democracia tag-terrorismo-de-estado\">\n\t\t<div class=\"bm-blog-post-image entry-post-image\">\n\t\t\t<div class=\"bm-post-image clearfix bm-hover-effect bm-hover-effect-blur\">\n\t\t\t\t<img decoding=\"async\" width=\"640\" height=\"473\" src=\"https:\/\/www.economicas.uba.ar\/extension\/vocesenelfenix\/wp-content\/uploads\/5200-Gak.jpg\" class=\"attachment-large size-large wp-post-image\" alt=\"\" srcset=\"https:\/\/www.economicas.uba.ar\/extension\/vocesenelfenix\/wp-content\/uploads\/5200-Gak.jpg 1080w, https:\/\/www.economicas.uba.ar\/extension\/vocesenelfenix\/wp-content\/uploads\/5200-Gak-300x222.jpg 300w, https:\/\/www.economicas.uba.ar\/extension\/vocesenelfenix\/wp-content\/uploads\/5200-Gak-768x568.jpg 768w\" sizes=\"(max-width: 640px) 100vw, 640px\" \/>\t\t\t<\/div>\n\t\t<\/div>\n        <div class=\"bm-blog-post-content bm_content_box\">\n            <h4 class=\"entry-post-title bm_title\"><a href=\"https:\/\/www.economicas.uba.ar\/extension\/vocesenelfenix\/prefacio-argentina-un-pais-que-sobrevive-a-las-plagas-de-egipto\/\" rel=\"bookmark\">Prefacio: Argentina, un pa\u00eds que sobrevive a las plagas de Egipto<\/a><\/h4>            <div class=\"bm-blog-post-meta entry-post-meta bm_meta\">\n                            <\/div>\n            <div class=\"entry-post-content bm_content\">\n                | Por Abraham Leonardo Gak |            <\/div>\n        <\/div>\n    <\/article>\n    <article id=\"post-10908\" class=\"item bm_layout post-10908 post type-post status-publish format-standard has-post-thumbnail hentry category-n-52 tag-derechos tag-eduardo-rinesi tag-estado tag-instituciones tag-las-deudas-de-la-democracia\">\n\t\t<div class=\"bm-blog-post-image entry-post-image\">\n\t\t\t<div class=\"bm-post-image clearfix bm-hover-effect bm-hover-effect-blur\">\n\t\t\t\t<img decoding=\"async\" width=\"640\" height=\"546\" src=\"https:\/\/www.economicas.uba.ar\/extension\/vocesenelfenix\/wp-content\/uploads\/5201-Rinesi.jpg\" class=\"attachment-large size-large wp-post-image\" alt=\"\" srcset=\"https:\/\/www.economicas.uba.ar\/extension\/vocesenelfenix\/wp-content\/uploads\/5201-Rinesi.jpg 1080w, https:\/\/www.economicas.uba.ar\/extension\/vocesenelfenix\/wp-content\/uploads\/5201-Rinesi-300x256.jpg 300w, https:\/\/www.economicas.uba.ar\/extension\/vocesenelfenix\/wp-content\/uploads\/5201-Rinesi-768x656.jpg 768w\" sizes=\"(max-width: 640px) 100vw, 640px\" \/>\t\t\t<\/div>\n\t\t<\/div>\n        <div class=\"bm-blog-post-content bm_content_box\">\n            <h4 class=\"entry-post-title bm_title\"><a href=\"https:\/\/www.economicas.uba.ar\/extension\/vocesenelfenix\/las-libertades-los-derechos-y-el-estado-notas-sobre-las-deudas-de-nuestra-democracia\/\" rel=\"bookmark\">Las libertades, los derechos y el Estado. (Notas sobre las deudas de nuestra democracia)<\/a><\/h4>            <div class=\"bm-blog-post-meta entry-post-meta bm_meta\">\n                            <\/div>\n            <div class=\"entry-post-content bm_content\">\n                | Por Eduardo Rinesi | El Estado se ha convertido a lo largo de la historia en una estructura que, a trav\u00e9s de algunas de sus instituciones, sus dependencias y <div><a href=\"https:\/\/www.economicas.uba.ar\/extension\/vocesenelfenix\/las-libertades-los-derechos-y-el-estado-notas-sobre-las-deudas-de-nuestra-democracia\/\" rel=\"bookmark\" class=\"bm-read-more entry-read-more\">M\u00e1s \u00bb<\/a><div>            <\/div>\n        <\/div>\n    <\/article>\n    <article id=\"post-10914\" class=\"item bm_layout post-10914 post type-post status-publish format-standard has-post-thumbnail hentry category-n-52 tag-alejandro-grimson tag-cultura tag-desarrollo tag-las-deudas-de-la-democracia\">\n\t\t<div class=\"bm-blog-post-image entry-post-image\">\n\t\t\t<div class=\"bm-post-image clearfix bm-hover-effect bm-hover-effect-blur\">\n\t\t\t\t<img loading=\"lazy\" decoding=\"async\" width=\"640\" height=\"431\" src=\"https:\/\/www.economicas.uba.ar\/extension\/vocesenelfenix\/wp-content\/uploads\/5202-Grimson.jpg\" class=\"attachment-large size-large wp-post-image\" alt=\"\" srcset=\"https:\/\/www.economicas.uba.ar\/extension\/vocesenelfenix\/wp-content\/uploads\/5202-Grimson.jpg 1080w, https:\/\/www.economicas.uba.ar\/extension\/vocesenelfenix\/wp-content\/uploads\/5202-Grimson-300x202.jpg 300w, https:\/\/www.economicas.uba.ar\/extension\/vocesenelfenix\/wp-content\/uploads\/5202-Grimson-768x518.jpg 768w\" sizes=\"(max-width: 640px) 100vw, 640px\" \/>\t\t\t<\/div>\n\t\t<\/div>\n        <div class=\"bm-blog-post-content bm_content_box\">\n            <h4 class=\"entry-post-title bm_title\"><a href=\"https:\/\/www.economicas.uba.ar\/extension\/vocesenelfenix\/las-deudas-culturales-de-la-democracia\/\" rel=\"bookmark\">Las deudas culturales de la democracia<\/a><\/h4>            <div class=\"bm-blog-post-meta entry-post-meta bm_meta\">\n                            <\/div>\n            <div class=\"entry-post-content bm_content\">\n                | Por Alejandro Grimson | La cultura es un medio, un fin y una condici\u00f3n del desarrollo. En la Argentina actual, consolidar un proyecto de desarrollo con justicia social requiere <div><a href=\"https:\/\/www.economicas.uba.ar\/extension\/vocesenelfenix\/las-deudas-culturales-de-la-democracia\/\" rel=\"bookmark\" class=\"bm-read-more entry-read-more\">M\u00e1s \u00bb<\/a><div>            <\/div>\n        <\/div>\n    <\/article>\n    <article id=\"post-10920\" class=\"item bm_layout post-10920 post type-post status-publish format-standard has-post-thumbnail hentry category-n-52 tag-colonizacion tag-e-raul-zaffaroni tag-instituciones tag-justicia tag-las-deudas-de-la-democracia\">\n\t\t<div class=\"bm-blog-post-image entry-post-image\">\n\t\t\t<div class=\"bm-post-image clearfix bm-hover-effect bm-hover-effect-blur\">\n\t\t\t\t<img loading=\"lazy\" decoding=\"async\" width=\"640\" height=\"433\" src=\"https:\/\/www.economicas.uba.ar\/extension\/vocesenelfenix\/wp-content\/uploads\/5203-Zaffaroni.jpg\" class=\"attachment-large size-large wp-post-image\" alt=\"\" srcset=\"https:\/\/www.economicas.uba.ar\/extension\/vocesenelfenix\/wp-content\/uploads\/5203-Zaffaroni.jpg 1080w, https:\/\/www.economicas.uba.ar\/extension\/vocesenelfenix\/wp-content\/uploads\/5203-Zaffaroni-300x203.jpg 300w, https:\/\/www.economicas.uba.ar\/extension\/vocesenelfenix\/wp-content\/uploads\/5203-Zaffaroni-768x520.jpg 768w\" sizes=\"(max-width: 640px) 100vw, 640px\" \/>\t\t\t<\/div>\n\t\t<\/div>\n        <div class=\"bm-blog-post-content bm_content_box\">\n            <h4 class=\"entry-post-title bm_title\"><a href=\"https:\/\/www.economicas.uba.ar\/extension\/vocesenelfenix\/colonizacion-y-caos-institucional\/\" rel=\"bookmark\">Colonizaci\u00f3n y caos institucional<\/a><\/h4>            <div class=\"bm-blog-post-meta entry-post-meta bm_meta\">\n                            <\/div>\n            <div class=\"entry-post-content bm_content\">\n                | Por E. Ra\u00fal Zaffaroni | A 32 a\u00f1os de la vuelta de la democracia, debemos convencernos, de una buena vez, de la necesidad y urgencia de una profunda refundaci\u00f3n <div><a href=\"https:\/\/www.economicas.uba.ar\/extension\/vocesenelfenix\/colonizacion-y-caos-institucional\/\" rel=\"bookmark\" class=\"bm-read-more entry-read-more\">M\u00e1s \u00bb<\/a><div>            <\/div>\n        <\/div>\n    <\/article>\n    <article id=\"post-10927\" class=\"item bm_layout post-10927 post type-post status-publish format-standard has-post-thumbnail hentry category-n-52 tag-alberto-m-binder tag-instituciones tag-justicia-penal tag-las-deudas-de-la-democracia tag-reforma-judicial\">\n\t\t<div class=\"bm-blog-post-image entry-post-image\">\n\t\t\t<div class=\"bm-post-image clearfix bm-hover-effect bm-hover-effect-blur\">\n\t\t\t\t<img loading=\"lazy\" decoding=\"async\" width=\"640\" height=\"427\" src=\"https:\/\/www.economicas.uba.ar\/extension\/vocesenelfenix\/wp-content\/uploads\/5204-Binder.jpg\" class=\"attachment-large size-large wp-post-image\" alt=\"\" srcset=\"https:\/\/www.economicas.uba.ar\/extension\/vocesenelfenix\/wp-content\/uploads\/5204-Binder.jpg 1080w, https:\/\/www.economicas.uba.ar\/extension\/vocesenelfenix\/wp-content\/uploads\/5204-Binder-300x200.jpg 300w, https:\/\/www.economicas.uba.ar\/extension\/vocesenelfenix\/wp-content\/uploads\/5204-Binder-768x513.jpg 768w, https:\/\/www.economicas.uba.ar\/extension\/vocesenelfenix\/wp-content\/uploads\/5204-Binder-640x426.jpg 640w\" sizes=\"(max-width: 640px) 100vw, 640px\" \/>\t\t\t<\/div>\n\t\t<\/div>\n        <div class=\"bm-blog-post-content bm_content_box\">\n            <h4 class=\"entry-post-title bm_title\"><a href=\"https:\/\/www.economicas.uba.ar\/extension\/vocesenelfenix\/la-gran-deuda-institucional-pendiente-la-reforma-de-la-justicia-penal-federal\/\" rel=\"bookmark\">La gran deuda institucional pendiente: la reforma de la justicia penal federal<\/a><\/h4>            <div class=\"bm-blog-post-meta entry-post-meta bm_meta\">\n                            <\/div>\n            <div class=\"entry-post-content bm_content\">\n                | Por Alberto M. Binder | A m\u00e1s de 32 a\u00f1os del retorno de la democracia, la crisis de las polic\u00edas de investigaci\u00f3n, la corrupci\u00f3n de las mismas y los <div><a href=\"https:\/\/www.economicas.uba.ar\/extension\/vocesenelfenix\/la-gran-deuda-institucional-pendiente-la-reforma-de-la-justicia-penal-federal\/\" rel=\"bookmark\" class=\"bm-read-more entry-read-more\">M\u00e1s \u00bb<\/a><div>            <\/div>\n        <\/div>\n    <\/article>\n    <article id=\"post-10934\" class=\"item bm_layout post-10934 post type-post status-publish format-standard has-post-thumbnail hentry category-n-52 tag-ileana-arduino tag-las-deudas-de-la-democracia tag-ley-de-seguridad-interior tag-ley-nacional-de-seguridad-publica tag-politicas-de-seguridad\">\n\t\t<div class=\"bm-blog-post-image entry-post-image\">\n\t\t\t<div class=\"bm-post-image clearfix bm-hover-effect bm-hover-effect-blur\">\n\t\t\t\t<img loading=\"lazy\" decoding=\"async\" width=\"640\" height=\"430\" src=\"https:\/\/www.economicas.uba.ar\/extension\/vocesenelfenix\/wp-content\/uploads\/5205-Arduino.jpg\" class=\"attachment-large size-large wp-post-image\" alt=\"\" srcset=\"https:\/\/www.economicas.uba.ar\/extension\/vocesenelfenix\/wp-content\/uploads\/5205-Arduino.jpg 1080w, https:\/\/www.economicas.uba.ar\/extension\/vocesenelfenix\/wp-content\/uploads\/5205-Arduino-300x201.jpg 300w, https:\/\/www.economicas.uba.ar\/extension\/vocesenelfenix\/wp-content\/uploads\/5205-Arduino-768x516.jpg 768w\" sizes=\"(max-width: 640px) 100vw, 640px\" \/>\t\t\t<\/div>\n\t\t<\/div>\n        <div class=\"bm-blog-post-content bm_content_box\">\n            <h4 class=\"entry-post-title bm_title\"><a href=\"https:\/\/www.economicas.uba.ar\/extension\/vocesenelfenix\/democracia-y-politicas-de-seguridad\/\" rel=\"bookmark\">Democracia y pol\u00edticas de seguridad<\/a><\/h4>            <div class=\"bm-blog-post-meta entry-post-meta bm_meta\">\n                            <\/div>\n            <div class=\"entry-post-content bm_content\">\n                | Por Ileana Arduino | En los \u00faltimos a\u00f1os la cuesti\u00f3n securitaria gan\u00f3 protagonismo, llegando incluso a imponerse por momentos como racionalidad pol\u00edtica dominante. En un escenario en el cual <div><a href=\"https:\/\/www.economicas.uba.ar\/extension\/vocesenelfenix\/democracia-y-politicas-de-seguridad\/\" rel=\"bookmark\" class=\"bm-read-more entry-read-more\">M\u00e1s \u00bb<\/a><div>            <\/div>\n        <\/div>\n    <\/article>\n    <article id=\"post-10940\" class=\"item bm_layout post-10940 post type-post status-publish format-standard has-post-thumbnail hentry category-n-52 tag-las-deudas-de-la-democracia tag-reforma-educativa tag-sistema-educativo tag-stella-maris-mas-rocha tag-susana-e-vior\">\n\t\t<div class=\"bm-blog-post-image entry-post-image\">\n\t\t\t<div class=\"bm-post-image clearfix bm-hover-effect bm-hover-effect-blur\">\n\t\t\t\t<img loading=\"lazy\" decoding=\"async\" width=\"640\" height=\"432\" src=\"https:\/\/www.economicas.uba.ar\/extension\/vocesenelfenix\/wp-content\/uploads\/5206-Mas-Rocha.jpg\" class=\"attachment-large size-large wp-post-image\" alt=\"\" srcset=\"https:\/\/www.economicas.uba.ar\/extension\/vocesenelfenix\/wp-content\/uploads\/5206-Mas-Rocha.jpg 1080w, https:\/\/www.economicas.uba.ar\/extension\/vocesenelfenix\/wp-content\/uploads\/5206-Mas-Rocha-300x203.jpg 300w, https:\/\/www.economicas.uba.ar\/extension\/vocesenelfenix\/wp-content\/uploads\/5206-Mas-Rocha-768x518.jpg 768w\" sizes=\"(max-width: 640px) 100vw, 640px\" \/>\t\t\t<\/div>\n\t\t<\/div>\n        <div class=\"bm-blog-post-content bm_content_box\">\n            <h4 class=\"entry-post-title bm_title\"><a href=\"https:\/\/www.economicas.uba.ar\/extension\/vocesenelfenix\/viejos-y-nuevos-problemas-de-nuestro-sistema-educativo\/\" rel=\"bookmark\">Viejos y nuevos problemas de nuestro sistema educativo<\/a><\/h4>            <div class=\"bm-blog-post-meta entry-post-meta bm_meta\">\n                            <\/div>\n            <div class=\"entry-post-content bm_content\">\n                | Por Stella Maris M\u00e1s Rocha y Susana E. Vior | En los \u00faltimos 25 a\u00f1os se dieron dos procesos de reforma educativa. A partir de 2003 es posible identificar <div><a href=\"https:\/\/www.economicas.uba.ar\/extension\/vocesenelfenix\/viejos-y-nuevos-problemas-de-nuestro-sistema-educativo\/\" rel=\"bookmark\" class=\"bm-read-more entry-read-more\">M\u00e1s \u00bb<\/a><div>            <\/div>\n        <\/div>\n    <\/article>\n    <article id=\"post-10946\" class=\"item bm_layout post-10946 post type-post status-publish format-standard has-post-thumbnail hentry category-n-52 tag-adriana-puiggros tag-educacion tag-las-deudas-de-la-democracia tag-territorio tag-universidad\">\n\t\t<div class=\"bm-blog-post-image entry-post-image\">\n\t\t\t<div class=\"bm-post-image clearfix bm-hover-effect bm-hover-effect-blur\">\n\t\t\t\t<img loading=\"lazy\" decoding=\"async\" width=\"640\" height=\"371\" src=\"https:\/\/www.economicas.uba.ar\/extension\/vocesenelfenix\/wp-content\/uploads\/5207-Puiggros.jpg\" class=\"attachment-large size-large wp-post-image\" alt=\"\" srcset=\"https:\/\/www.economicas.uba.ar\/extension\/vocesenelfenix\/wp-content\/uploads\/5207-Puiggros.jpg 1080w, https:\/\/www.economicas.uba.ar\/extension\/vocesenelfenix\/wp-content\/uploads\/5207-Puiggros-300x174.jpg 300w, https:\/\/www.economicas.uba.ar\/extension\/vocesenelfenix\/wp-content\/uploads\/5207-Puiggros-768x445.jpg 768w\" sizes=\"(max-width: 640px) 100vw, 640px\" \/>\t\t\t<\/div>\n\t\t<\/div>\n        <div class=\"bm-blog-post-content bm_content_box\">\n            <h4 class=\"entry-post-title bm_title\"><a href=\"https:\/\/www.economicas.uba.ar\/extension\/vocesenelfenix\/lo-que-se-logro-lo-que-falta-y-lo-que-hay-que-defender-en-las-universidades-nacionales\/\" rel=\"bookmark\">Lo que se logr\u00f3, lo que falta y lo que hay que defender en las universidades nacionales<\/a><\/h4>            <div class=\"bm-blog-post-meta entry-post-meta bm_meta\">\n                            <\/div>\n            <div class=\"entry-post-content bm_content\">\n                | Por Adriana Puiggr\u00f3s | En los \u00faltimos doce a\u00f1os la educaci\u00f3n universitaria pas\u00f3 a definirse como un derecho universal y el gobierno desarroll\u00f3 pol\u00edticas p\u00fablicas tendientes a hacerlo efectivo, <div><a href=\"https:\/\/www.economicas.uba.ar\/extension\/vocesenelfenix\/lo-que-se-logro-lo-que-falta-y-lo-que-hay-que-defender-en-las-universidades-nacionales\/\" rel=\"bookmark\" class=\"bm-read-more entry-read-more\">M\u00e1s \u00bb<\/a><div>            <\/div>\n        <\/div>\n    <\/article>\n    <article id=\"post-10952\" class=\"item bm_layout post-10952 post type-post status-publish format-standard has-post-thumbnail hentry category-n-52 tag-ciencia-y-tecnologia tag-desarrollo tag-diego-hurtado tag-estado tag-las-deudas-de-la-democracia tag-poder tag-soberania\">\n\t\t<div class=\"bm-blog-post-image entry-post-image\">\n\t\t\t<div class=\"bm-post-image clearfix bm-hover-effect bm-hover-effect-blur\">\n\t\t\t\t<img loading=\"lazy\" decoding=\"async\" width=\"640\" height=\"447\" src=\"https:\/\/www.economicas.uba.ar\/extension\/vocesenelfenix\/wp-content\/uploads\/5208-Hurtado.jpg\" class=\"attachment-large size-large wp-post-image\" alt=\"\" srcset=\"https:\/\/www.economicas.uba.ar\/extension\/vocesenelfenix\/wp-content\/uploads\/5208-Hurtado.jpg 1080w, https:\/\/www.economicas.uba.ar\/extension\/vocesenelfenix\/wp-content\/uploads\/5208-Hurtado-300x209.jpg 300w, https:\/\/www.economicas.uba.ar\/extension\/vocesenelfenix\/wp-content\/uploads\/5208-Hurtado-768x536.jpg 768w\" sizes=\"(max-width: 640px) 100vw, 640px\" \/>\t\t\t<\/div>\n\t\t<\/div>\n        <div class=\"bm-blog-post-content bm_content_box\">\n            <h4 class=\"entry-post-title bm_title\"><a href=\"https:\/\/www.economicas.uba.ar\/extension\/vocesenelfenix\/deudas-de-nuestra-democracia-con-las-politicas-de-ciencia-y-tecnologia\/\" rel=\"bookmark\">Deudas de nuestra democracia con las pol\u00edticas de ciencia y tecnolog\u00eda<\/a><\/h4>            <div class=\"bm-blog-post-meta entry-post-meta bm_meta\">\n                            <\/div>\n            <div class=\"entry-post-content bm_content\">\n                | Por Diego Hurtado | La Argentina se encuentra en una encrucijada. El nuevo gobierno niega el papel protag\u00f3nico del Estado y se ocupa de desmontar los logros alcanzados en <div><a href=\"https:\/\/www.economicas.uba.ar\/extension\/vocesenelfenix\/deudas-de-nuestra-democracia-con-las-politicas-de-ciencia-y-tecnologia\/\" rel=\"bookmark\" class=\"bm-read-more entry-read-more\">M\u00e1s \u00bb<\/a><div>            <\/div>\n        <\/div>\n    <\/article>\n    <article id=\"post-10958\" class=\"item bm_layout post-10958 post type-post status-publish format-standard has-post-thumbnail hentry category-n-52 tag-desarrollo tag-enrique-m-martinez tag-estado tag-industria tag-las-deudas-de-la-democracia\">\n\t\t<div class=\"bm-blog-post-image entry-post-image\">\n\t\t\t<div class=\"bm-post-image clearfix bm-hover-effect bm-hover-effect-blur\">\n\t\t\t\t<img loading=\"lazy\" decoding=\"async\" width=\"640\" height=\"433\" src=\"https:\/\/www.economicas.uba.ar\/extension\/vocesenelfenix\/wp-content\/uploads\/5209-Martinez.jpg\" class=\"attachment-large size-large wp-post-image\" alt=\"\" srcset=\"https:\/\/www.economicas.uba.ar\/extension\/vocesenelfenix\/wp-content\/uploads\/5209-Martinez.jpg 1080w, https:\/\/www.economicas.uba.ar\/extension\/vocesenelfenix\/wp-content\/uploads\/5209-Martinez-300x203.jpg 300w, https:\/\/www.economicas.uba.ar\/extension\/vocesenelfenix\/wp-content\/uploads\/5209-Martinez-768x519.jpg 768w\" sizes=\"(max-width: 640px) 100vw, 640px\" \/>\t\t\t<\/div>\n\t\t<\/div>\n        <div class=\"bm-blog-post-content bm_content_box\">\n            <h4 class=\"entry-post-title bm_title\"><a href=\"https:\/\/www.economicas.uba.ar\/extension\/vocesenelfenix\/la-perspectiva-industrial-argentina\/\" rel=\"bookmark\">La perspectiva industrial argentina<\/a><\/h4>            <div class=\"bm-blog-post-meta entry-post-meta bm_meta\">\n                            <\/div>\n            <div class=\"entry-post-content bm_content\">\n                | Por Enrique M. Mart\u00ednez | La idea de la producci\u00f3n industrial est\u00e1 fuertemente asociada a la de evoluci\u00f3n econ\u00f3mica. Pero para lograr un desarrollo sostenido en nuestro pa\u00eds es <div><a href=\"https:\/\/www.economicas.uba.ar\/extension\/vocesenelfenix\/la-perspectiva-industrial-argentina\/\" rel=\"bookmark\" class=\"bm-read-more entry-read-more\">M\u00e1s \u00bb<\/a><div>            <\/div>\n        <\/div>\n    <\/article>\n    <article id=\"post-10964\" class=\"item bm_layout post-10964 post type-post status-publish format-standard has-post-thumbnail hentry category-n-52 tag-ciencia-y-tecnologia tag-desarrollo tag-educacion tag-esteban-magnani tag-investigacion tag-las-deudas-de-la-democracia tag-soberania\">\n\t\t<div class=\"bm-blog-post-image entry-post-image\">\n\t\t\t<div class=\"bm-post-image clearfix bm-hover-effect bm-hover-effect-blur\">\n\t\t\t\t<img loading=\"lazy\" decoding=\"async\" width=\"640\" height=\"433\" src=\"https:\/\/www.economicas.uba.ar\/extension\/vocesenelfenix\/wp-content\/uploads\/5210-Magnani.jpg\" class=\"attachment-large size-large wp-post-image\" alt=\"\" srcset=\"https:\/\/www.economicas.uba.ar\/extension\/vocesenelfenix\/wp-content\/uploads\/5210-Magnani.jpg 1080w, https:\/\/www.economicas.uba.ar\/extension\/vocesenelfenix\/wp-content\/uploads\/5210-Magnani-300x203.jpg 300w, https:\/\/www.economicas.uba.ar\/extension\/vocesenelfenix\/wp-content\/uploads\/5210-Magnani-768x519.jpg 768w\" sizes=\"(max-width: 640px) 100vw, 640px\" \/>\t\t\t<\/div>\n\t\t<\/div>\n        <div class=\"bm-blog-post-content bm_content_box\">\n            <h4 class=\"entry-post-title bm_title\"><a href=\"https:\/\/www.economicas.uba.ar\/extension\/vocesenelfenix\/con-la-democracia-se-investiga\/\" rel=\"bookmark\">\u00bfCon la democracia se investiga?<\/a><\/h4>            <div class=\"bm-blog-post-meta entry-post-meta bm_meta\">\n                            <\/div>\n            <div class=\"entry-post-content bm_content\">\n                | Por Esteban Magnani | El desarrollo de la ciencia y la tecnolog\u00eda en nuestro pa\u00eds desde el retorno de la democracia oscila entre dos modelos, uno soberano y que <div><a href=\"https:\/\/www.economicas.uba.ar\/extension\/vocesenelfenix\/con-la-democracia-se-investiga\/\" rel=\"bookmark\" class=\"bm-read-more entry-read-more\">M\u00e1s \u00bb<\/a><div>            <\/div>\n        <\/div>\n    <\/article>\n    <article id=\"post-10970\" class=\"item bm_layout post-10970 post type-post status-publish format-standard has-post-thumbnail hentry category-n-52 tag-jose-carlos-escudero tag-las-deudas-de-la-democracia tag-politicas-publicas tag-salud tag-salud-colectiva\">\n\t\t<div class=\"bm-blog-post-image entry-post-image\">\n\t\t\t<div class=\"bm-post-image clearfix bm-hover-effect bm-hover-effect-blur\">\n\t\t\t\t<img loading=\"lazy\" decoding=\"async\" width=\"640\" height=\"431\" src=\"https:\/\/www.economicas.uba.ar\/extension\/vocesenelfenix\/wp-content\/uploads\/5211-Escudero.jpg\" class=\"attachment-large size-large wp-post-image\" alt=\"\" srcset=\"https:\/\/www.economicas.uba.ar\/extension\/vocesenelfenix\/wp-content\/uploads\/5211-Escudero.jpg 1080w, https:\/\/www.economicas.uba.ar\/extension\/vocesenelfenix\/wp-content\/uploads\/5211-Escudero-300x202.jpg 300w, https:\/\/www.economicas.uba.ar\/extension\/vocesenelfenix\/wp-content\/uploads\/5211-Escudero-768x518.jpg 768w\" sizes=\"(max-width: 640px) 100vw, 640px\" \/>\t\t\t<\/div>\n\t\t<\/div>\n        <div class=\"bm-blog-post-content bm_content_box\">\n            <h4 class=\"entry-post-title bm_title\"><a href=\"https:\/\/www.economicas.uba.ar\/extension\/vocesenelfenix\/las-deudas-de-nuestra-democracia-en-el-campo-de-la-salud-colectiva\/\" rel=\"bookmark\">Las deudas de nuestra democracia en el campo de la salud colectiva<\/a><\/h4>            <div class=\"bm-blog-post-meta entry-post-meta bm_meta\">\n                            <\/div>\n            <div class=\"entry-post-content bm_content\">\n                | Por Jos\u00e9 Carlos Escudero | La salud colectiva es una categor\u00eda de an\u00e1lisis que nos permite pensar la salud a partir de la comunidad y no de los individuos. <div><a href=\"https:\/\/www.economicas.uba.ar\/extension\/vocesenelfenix\/las-deudas-de-nuestra-democracia-en-el-campo-de-la-salud-colectiva\/\" rel=\"bookmark\" class=\"bm-read-more entry-read-more\">M\u00e1s \u00bb<\/a><div>            <\/div>\n        <\/div>\n    <\/article>\n    <article id=\"post-10976\" class=\"item bm_layout post-10976 post type-post status-publish format-standard has-post-thumbnail hentry category-n-52 tag-desempleo tag-empleo tag-empleo-de-calidad tag-julio-cesar-neffa tag-las-deudas-de-la-democracia tag-trabajo-informal\">\n\t\t<div class=\"bm-blog-post-image entry-post-image\">\n\t\t\t<div class=\"bm-post-image clearfix bm-hover-effect bm-hover-effect-blur\">\n\t\t\t\t<img loading=\"lazy\" decoding=\"async\" width=\"640\" height=\"423\" src=\"https:\/\/www.economicas.uba.ar\/extension\/vocesenelfenix\/wp-content\/uploads\/5212-Neffa.jpg\" class=\"attachment-large size-large wp-post-image\" alt=\"\" srcset=\"https:\/\/www.economicas.uba.ar\/extension\/vocesenelfenix\/wp-content\/uploads\/5212-Neffa.jpg 1080w, https:\/\/www.economicas.uba.ar\/extension\/vocesenelfenix\/wp-content\/uploads\/5212-Neffa-300x198.jpg 300w, https:\/\/www.economicas.uba.ar\/extension\/vocesenelfenix\/wp-content\/uploads\/5212-Neffa-768x507.jpg 768w\" sizes=\"(max-width: 640px) 100vw, 640px\" \/>\t\t\t<\/div>\n\t\t<\/div>\n        <div class=\"bm-blog-post-content bm_content_box\">\n            <h4 class=\"entry-post-title bm_title\"><a href=\"https:\/\/www.economicas.uba.ar\/extension\/vocesenelfenix\/hoy-mas-que-nunca-es-necesario-formular-e-implementar-politicas-de-empleo-de-calidad\/\" rel=\"bookmark\">Hoy m\u00e1s que nunca es necesario formular e implementar pol\u00edticas de empleo de calidad<\/a><\/h4>            <div class=\"bm-blog-post-meta entry-post-meta bm_meta\">\n                            <\/div>\n            <div class=\"entry-post-content bm_content\">\n                | Por Julio C\u00e9sar Neffa | El desempleo, el trabajo precario y el trabajo informal han sido una constante en los a\u00f1os de democracia. Su persistencia es un flagelo que <div><a href=\"https:\/\/www.economicas.uba.ar\/extension\/vocesenelfenix\/hoy-mas-que-nunca-es-necesario-formular-e-implementar-politicas-de-empleo-de-calidad\/\" rel=\"bookmark\" class=\"bm-read-more entry-read-more\">M\u00e1s \u00bb<\/a><div>            <\/div>\n        <\/div>\n    <\/article>\n    <article id=\"post-10983\" class=\"item bm_layout post-10983 post type-post status-publish format-standard has-post-thumbnail hentry category-n-52 tag-alejandro-vanoli tag-calificadoras-de-riesgo tag-capitales-especulativos tag-crisis tag-deuda-publica-externa tag-finanzas-internacionales tag-inclusion tag-las-deudas-de-la-democracia tag-marcelo-bruchanski\">\n\t\t<div class=\"bm-blog-post-image entry-post-image\">\n\t\t\t<div class=\"bm-post-image clearfix bm-hover-effect bm-hover-effect-blur\">\n\t\t\t\t<img loading=\"lazy\" decoding=\"async\" width=\"640\" height=\"409\" src=\"https:\/\/www.economicas.uba.ar\/extension\/vocesenelfenix\/wp-content\/uploads\/5213-Vanoli.jpg\" class=\"attachment-large size-large wp-post-image\" alt=\"\" srcset=\"https:\/\/www.economicas.uba.ar\/extension\/vocesenelfenix\/wp-content\/uploads\/5213-Vanoli.jpg 1080w, https:\/\/www.economicas.uba.ar\/extension\/vocesenelfenix\/wp-content\/uploads\/5213-Vanoli-300x192.jpg 300w, https:\/\/www.economicas.uba.ar\/extension\/vocesenelfenix\/wp-content\/uploads\/5213-Vanoli-768x491.jpg 768w\" sizes=\"(max-width: 640px) 100vw, 640px\" \/>\t\t\t<\/div>\n\t\t<\/div>\n        <div class=\"bm-blog-post-content bm_content_box\">\n            <h4 class=\"entry-post-title bm_title\"><a href=\"https:\/\/www.economicas.uba.ar\/extension\/vocesenelfenix\/las-deudas-de-nuestra-democracia-en-el-campo-de-las-finanzas-internacionales\/\" rel=\"bookmark\">Las deudas de nuestra democracia en el campo de las finanzas internacionales<\/a><\/h4>            <div class=\"bm-blog-post-meta entry-post-meta bm_meta\">\n                            <\/div>\n            <div class=\"entry-post-content bm_content\">\n                | Por Alejandro Vanoli y Marcelo Bruchanski | En los \u00faltimos doce a\u00f1os nuestro pa\u00eds promovi\u00f3 una serie de leyes, normativas y negociaciones internacionales que buscaban resolver los principales problemas <div><a href=\"https:\/\/www.economicas.uba.ar\/extension\/vocesenelfenix\/las-deudas-de-nuestra-democracia-en-el-campo-de-las-finanzas-internacionales\/\" rel=\"bookmark\" class=\"bm-read-more entry-read-more\">M\u00e1s \u00bb<\/a><div>            <\/div>\n        <\/div>\n    <\/article>\n    <article id=\"post-10990\" class=\"item bm_layout post-10990 post type-post status-publish format-standard has-post-thumbnail hentry category-n-52 tag-estado tag-jorge-gaggero tag-las-deudas-de-la-democracia tag-planificacion tag-reforma-fiscal\">\n\t\t<div class=\"bm-blog-post-image entry-post-image\">\n\t\t\t<div class=\"bm-post-image clearfix bm-hover-effect bm-hover-effect-blur\">\n\t\t\t\t<img loading=\"lazy\" decoding=\"async\" width=\"640\" height=\"440\" src=\"https:\/\/www.economicas.uba.ar\/extension\/vocesenelfenix\/wp-content\/uploads\/5214-Gaggero.jpg\" class=\"attachment-large size-large wp-post-image\" alt=\"\" srcset=\"https:\/\/www.economicas.uba.ar\/extension\/vocesenelfenix\/wp-content\/uploads\/5214-Gaggero.jpg 1080w, https:\/\/www.economicas.uba.ar\/extension\/vocesenelfenix\/wp-content\/uploads\/5214-Gaggero-300x206.jpg 300w, https:\/\/www.economicas.uba.ar\/extension\/vocesenelfenix\/wp-content\/uploads\/5214-Gaggero-768x528.jpg 768w\" sizes=\"(max-width: 640px) 100vw, 640px\" \/>\t\t\t<\/div>\n\t\t<\/div>\n        <div class=\"bm-blog-post-content bm_content_box\">\n            <h4 class=\"entry-post-title bm_title\"><a href=\"https:\/\/www.economicas.uba.ar\/extension\/vocesenelfenix\/la-reforma-fiscal-necesaria-sus-lineamientos\/\" rel=\"bookmark\">La reforma fiscal necesaria: sus lineamientos<\/a><\/h4>            <div class=\"bm-blog-post-meta entry-post-meta bm_meta\">\n                            <\/div>\n            <div class=\"entry-post-content bm_content\">\n                | Por Jorge Gaggero | Las reformas fiscales resultan ineludibles para darle mayor competitividad a la econom\u00eda, en todos los planos en los que la gesti\u00f3n estatal resulta sustantiva. Junto <div><a href=\"https:\/\/www.economicas.uba.ar\/extension\/vocesenelfenix\/la-reforma-fiscal-necesaria-sus-lineamientos\/\" rel=\"bookmark\" class=\"bm-read-more entry-read-more\">M\u00e1s \u00bb<\/a><div>            <\/div>\n        <\/div>\n    <\/article>\n    <article id=\"post-10996\" class=\"item bm_layout post-10996 post type-post status-publish format-standard has-post-thumbnail hentry category-n-52 tag-golpe-de-estado tag-hugo-varsky tag-integracion-regional tag-las-deudas-de-la-democracia\">\n\t\t<div class=\"bm-blog-post-image entry-post-image\">\n\t\t\t<div class=\"bm-post-image clearfix bm-hover-effect bm-hover-effect-blur\">\n\t\t\t\t<img loading=\"lazy\" decoding=\"async\" width=\"640\" height=\"348\" src=\"https:\/\/www.economicas.uba.ar\/extension\/vocesenelfenix\/wp-content\/uploads\/5215-Varsky.jpg\" class=\"attachment-large size-large wp-post-image\" alt=\"\" srcset=\"https:\/\/www.economicas.uba.ar\/extension\/vocesenelfenix\/wp-content\/uploads\/5215-Varsky.jpg 1080w, https:\/\/www.economicas.uba.ar\/extension\/vocesenelfenix\/wp-content\/uploads\/5215-Varsky-300x163.jpg 300w, https:\/\/www.economicas.uba.ar\/extension\/vocesenelfenix\/wp-content\/uploads\/5215-Varsky-768x418.jpg 768w\" sizes=\"(max-width: 640px) 100vw, 640px\" \/>\t\t\t<\/div>\n\t\t<\/div>\n        <div class=\"bm-blog-post-content bm_content_box\">\n            <h4 class=\"entry-post-title bm_title\"><a href=\"https:\/\/www.economicas.uba.ar\/extension\/vocesenelfenix\/democracia-e-integracion-regional\/\" rel=\"bookmark\">Democracia e integraci\u00f3n regional<\/a><\/h4>            <div class=\"bm-blog-post-meta entry-post-meta bm_meta\">\n                            <\/div>\n            <div class=\"entry-post-content bm_content\">\n                | Por Hugo Varsky | En una regi\u00f3n que se vio sacudida en los \u00faltimos 60 a\u00f1os por golpes de Estado de todo tipo, y donde parecen volver las peores <div><a href=\"https:\/\/www.economicas.uba.ar\/extension\/vocesenelfenix\/democracia-e-integracion-regional\/\" rel=\"bookmark\" class=\"bm-read-more entry-read-more\">M\u00e1s \u00bb<\/a><div>            <\/div>\n        <\/div>\n    <\/article>\n    <article id=\"post-11002\" class=\"item bm_layout post-11002 post type-post status-publish format-standard has-post-thumbnail hentry category-n-52 tag-alberto-muller tag-desarrollo tag-las-deudas-de-la-democracia tag-transporte\">\n\t\t<div class=\"bm-blog-post-image entry-post-image\">\n\t\t\t<div class=\"bm-post-image clearfix bm-hover-effect bm-hover-effect-blur\">\n\t\t\t\t<img loading=\"lazy\" decoding=\"async\" width=\"640\" height=\"432\" src=\"https:\/\/www.economicas.uba.ar\/extension\/vocesenelfenix\/wp-content\/uploads\/5216-Muller.jpg\" class=\"attachment-large size-large wp-post-image\" alt=\"\" srcset=\"https:\/\/www.economicas.uba.ar\/extension\/vocesenelfenix\/wp-content\/uploads\/5216-Muller.jpg 1080w, https:\/\/www.economicas.uba.ar\/extension\/vocesenelfenix\/wp-content\/uploads\/5216-Muller-300x203.jpg 300w, https:\/\/www.economicas.uba.ar\/extension\/vocesenelfenix\/wp-content\/uploads\/5216-Muller-768x518.jpg 768w\" sizes=\"(max-width: 640px) 100vw, 640px\" \/>\t\t\t<\/div>\n\t\t<\/div>\n        <div class=\"bm-blog-post-content bm_content_box\">\n            <h4 class=\"entry-post-title bm_title\"><a href=\"https:\/\/www.economicas.uba.ar\/extension\/vocesenelfenix\/el-transporte-en-el-ciclo-largo-de-la-democracia-argentina\/\" rel=\"bookmark\">El transporte en el \u201cciclo largo\u201d de la democracia argentina<\/a><\/h4>            <div class=\"bm-blog-post-meta entry-post-meta bm_meta\">\n                            <\/div>\n            <div class=\"entry-post-content bm_content\">\n                | Por Alberto M\u00fcller | Las tres d\u00e9cadas de democracia han representado vicisitudes econ\u00f3micas y pol\u00edticas diversas, en una trayectoria que dista de tener estabilidad. Con sus particularidades, el sistema <div><a href=\"https:\/\/www.economicas.uba.ar\/extension\/vocesenelfenix\/el-transporte-en-el-ciclo-largo-de-la-democracia-argentina\/\" rel=\"bookmark\" class=\"bm-read-more entry-read-more\">M\u00e1s \u00bb<\/a><div>            <\/div>\n        <\/div>\n    <\/article>\n    <article id=\"post-11008\" class=\"item bm_layout post-11008 post type-post status-publish format-standard has-post-thumbnail hentry category-n-52 tag-comunicacion tag-damian-loreti tag-derecho-a-la-comunicacion tag-las-deudas-de-la-democracia tag-luis-lozano\">\n\t\t<div class=\"bm-blog-post-image entry-post-image\">\n\t\t\t<div class=\"bm-post-image clearfix bm-hover-effect bm-hover-effect-blur\">\n\t\t\t\t<img loading=\"lazy\" decoding=\"async\" width=\"640\" height=\"515\" src=\"https:\/\/www.economicas.uba.ar\/extension\/vocesenelfenix\/wp-content\/uploads\/5217-Loreti.jpg\" class=\"attachment-large size-large wp-post-image\" alt=\"\" srcset=\"https:\/\/www.economicas.uba.ar\/extension\/vocesenelfenix\/wp-content\/uploads\/5217-Loreti.jpg 1080w, https:\/\/www.economicas.uba.ar\/extension\/vocesenelfenix\/wp-content\/uploads\/5217-Loreti-300x241.jpg 300w, https:\/\/www.economicas.uba.ar\/extension\/vocesenelfenix\/wp-content\/uploads\/5217-Loreti-768x618.jpg 768w\" sizes=\"(max-width: 640px) 100vw, 640px\" \/>\t\t\t<\/div>\n\t\t<\/div>\n        <div class=\"bm-blog-post-content bm_content_box\">\n            <h4 class=\"entry-post-title bm_title\"><a href=\"https:\/\/www.economicas.uba.ar\/extension\/vocesenelfenix\/derecho-a-la-comunicacion-entre-antiguos-obstaculos-y-nuevos-desafios\/\" rel=\"bookmark\">Derecho a la comunicaci\u00f3n, entre antiguos obst\u00e1culos y nuevos desaf\u00edos<\/a><\/h4>            <div class=\"bm-blog-post-meta entry-post-meta bm_meta\">\n                            <\/div>\n            <div class=\"entry-post-content bm_content\">\n                | Por Dami\u00e1n Loreti y Luis Lozano | En los \u00faltimos a\u00f1os se hizo cada vez m\u00e1s visible que los conglomerados period\u00edsticos tienen fuertes intereses por fuera de la actividad <div><a href=\"https:\/\/www.economicas.uba.ar\/extension\/vocesenelfenix\/derecho-a-la-comunicacion-entre-antiguos-obstaculos-y-nuevos-desafios\/\" rel=\"bookmark\" class=\"bm-read-more entry-read-more\">M\u00e1s \u00bb<\/a><div>            <\/div>\n        <\/div>\n    <\/article>\n    <article id=\"post-11014\" class=\"item bm_layout post-11014 post type-post status-publish format-standard has-post-thumbnail hentry category-n-52 tag-alejandro-rofman tag-desarrollo tag-desigualdad tag-economias-regionales tag-las-deudas-de-la-democracia\">\n\t\t<div class=\"bm-blog-post-image entry-post-image\">\n\t\t\t<div class=\"bm-post-image clearfix bm-hover-effect bm-hover-effect-blur\">\n\t\t\t\t<img loading=\"lazy\" decoding=\"async\" width=\"640\" height=\"432\" src=\"https:\/\/www.economicas.uba.ar\/extension\/vocesenelfenix\/wp-content\/uploads\/5218-Rofman.jpg\" class=\"attachment-large size-large wp-post-image\" alt=\"\" srcset=\"https:\/\/www.economicas.uba.ar\/extension\/vocesenelfenix\/wp-content\/uploads\/5218-Rofman.jpg 1080w, https:\/\/www.economicas.uba.ar\/extension\/vocesenelfenix\/wp-content\/uploads\/5218-Rofman-300x203.jpg 300w, https:\/\/www.economicas.uba.ar\/extension\/vocesenelfenix\/wp-content\/uploads\/5218-Rofman-768x518.jpg 768w\" sizes=\"(max-width: 640px) 100vw, 640px\" \/>\t\t\t<\/div>\n\t\t<\/div>\n        <div class=\"bm-blog-post-content bm_content_box\">\n            <h4 class=\"entry-post-title bm_title\"><a href=\"https:\/\/www.economicas.uba.ar\/extension\/vocesenelfenix\/deudas-de-la-democracia-en-el-ambito-de-las-economias-regionales\/\" rel=\"bookmark\">Deudas de la democracia en el \u00e1mbito de las econom\u00edas regionales<\/a><\/h4>            <div class=\"bm-blog-post-meta entry-post-meta bm_meta\">\n                            <\/div>\n            <div class=\"entry-post-content bm_content\">\n                | Por Alejandro Rofman | A pesar de las pol\u00edticas orientas hacia las econom\u00edas regionales encaradas desde 1983 a esta parte, todav\u00eda subsiste una importante brecha entre las estructuras socioecon\u00f3micas <div><a href=\"https:\/\/www.economicas.uba.ar\/extension\/vocesenelfenix\/deudas-de-la-democracia-en-el-ambito-de-las-economias-regionales\/\" rel=\"bookmark\" class=\"bm-read-more entry-read-more\">M\u00e1s \u00bb<\/a><div>            <\/div>\n        <\/div>\n    <\/article>\n    <article id=\"post-11024\" class=\"item bm_layout post-11024 post type-post status-publish format-standard has-post-thumbnail hentry category-n-52 tag-colonialismo tag-estado-igualitario tag-estado-pluricultural tag-las-deudas-de-la-democracia tag-pueblos-indigenas tag-silvina-ramirez\">\n\t\t<div class=\"bm-blog-post-image entry-post-image\">\n\t\t\t<div class=\"bm-post-image clearfix bm-hover-effect bm-hover-effect-blur\">\n\t\t\t\t<img loading=\"lazy\" decoding=\"async\" width=\"640\" height=\"444\" src=\"https:\/\/www.economicas.uba.ar\/extension\/vocesenelfenix\/wp-content\/uploads\/5219-Ramirez.jpg\" class=\"attachment-large size-large wp-post-image\" alt=\"\" srcset=\"https:\/\/www.economicas.uba.ar\/extension\/vocesenelfenix\/wp-content\/uploads\/5219-Ramirez.jpg 1080w, https:\/\/www.economicas.uba.ar\/extension\/vocesenelfenix\/wp-content\/uploads\/5219-Ramirez-300x208.jpg 300w, https:\/\/www.economicas.uba.ar\/extension\/vocesenelfenix\/wp-content\/uploads\/5219-Ramirez-768x533.jpg 768w\" sizes=\"(max-width: 640px) 100vw, 640px\" \/>\t\t\t<\/div>\n\t\t<\/div>\n        <div class=\"bm-blog-post-content bm_content_box\">\n            <h4 class=\"entry-post-title bm_title\"><a href=\"https:\/\/www.economicas.uba.ar\/extension\/vocesenelfenix\/las-deudas-de-nuestra-democracia-con-los-pueblos-indigenas\/\" rel=\"bookmark\">Las deudas de nuestra democracia con los pueblos ind\u00edgenas<\/a><\/h4>            <div class=\"bm-blog-post-meta entry-post-meta bm_meta\">\n                            <\/div>\n            <div class=\"entry-post-content bm_content\">\n                | Por Silvina Ram\u00edrez | La Argentina no puede denominarse a\u00fan un Estado pluricultural, y est\u00e1 lejos de ser un Estado igualitario. Los pueblos ind\u00edgenas siguen siendo marginales. El recurrente <div><a href=\"https:\/\/www.economicas.uba.ar\/extension\/vocesenelfenix\/las-deudas-de-nuestra-democracia-con-los-pueblos-indigenas\/\" rel=\"bookmark\" class=\"bm-read-more entry-read-more\">M\u00e1s \u00bb<\/a><div>            <\/div>\n        <\/div>\n    <\/article>\n\t\t\t\t<\/div><\/div>\n\t\t\t\t\t\t\t\t<\/div>\n\t\t\t\t<\/div>\n\t\t\t\t\t<\/div>\n\t\t<\/div>\n\t\t\t\t\t<\/div>\n\t\t<\/section>\n\t\t\t\t<section class=\"elementor-section elementor-top-section elementor-element elementor-element-454ac1e elementor-section-boxed elementor-section-height-default elementor-section-height-default\" data-id=\"454ac1e\" data-element_type=\"section\" data-e-type=\"section\" data-settings=\"{&quot;background_background&quot;:&quot;classic&quot;}\">\n\t\t\t\t\t\t<div class=\"elementor-container elementor-column-gap-default\">\n\t\t\t\t\t<div class=\"elementor-column elementor-col-100 elementor-top-column elementor-element elementor-element-4c7610f\" data-id=\"4c7610f\" data-element_type=\"column\" data-e-type=\"column\">\n\t\t\t<div class=\"elementor-widget-wrap elementor-element-populated\">\n\t\t\t\t\t\t<div class=\"elementor-element elementor-element-e05d01d elementor-widget elementor-widget-text-editor\" data-id=\"e05d01d\" data-element_type=\"widget\" data-e-type=\"widget\" data-widget_type=\"text-editor.default\">\n\t\t\t\t<div class=\"elementor-widget-container\">\n\t\t\t\t\t\t\t\t\t<iframe width=\"560\" height=\"315\" src=\"https:\/\/www.youtube.com\/embed\/videoseries?list=PLeYdj9X0_ljmK6zbkinFdMuJUdamq-wC_\" title=\"YouTube video player\" frameborder=\"0\" allow=\"accelerometer; autoplay; clipboard-write; encrypted-media; gyroscope; picture-in-picture\" allowfullscreen><\/iframe>\t\t\t\t\t\t\t\t<\/div>\n\t\t\t\t<\/div>\n\t\t\t\t\t<\/div>\n\t\t<\/div>\n\t\t\t\t\t<\/div>\n\t\t<\/section>\n\t\t\t\t<\/div>\n\t\t","protected":false},"excerpt":{"rendered":"<p>N\u00daMERO 52 AL FILO DEL MA\u00d1ANA LAS DEUDAS DE LA DEMOCRACIA NUESTRA DEMOCRACIA CUMPLI\u00d3 32 A\u00d1OS. MUCHAS HAN SIDO LAS MEJORAS ALCANZADAS EN ESTE TIEMPO Y MUCHAS SON LAS DEUDAS<\/p>\n","protected":false},"author":5,"featured_media":0,"parent":0,"menu_order":0,"comment_status":"closed","ping_status":"closed","template":"","meta":{"footnotes":""},"class_list":["post-10893","page","type-page","status-publish","hentry"],"_links":{"self":[{"href":"https:\/\/www.economicas.uba.ar\/extension\/vocesenelfenix\/wp-json\/wp\/v2\/pages\/10893","targetHints":{"allow":["GET"]}}],"collection":[{"href":"https:\/\/www.economicas.uba.ar\/extension\/vocesenelfenix\/wp-json\/wp\/v2\/pages"}],"about":[{"href":"https:\/\/www.economicas.uba.ar\/extension\/vocesenelfenix\/wp-json\/wp\/v2\/types\/page"}],"author":[{"embeddable":true,"href":"https:\/\/www.economicas.uba.ar\/extension\/vocesenelfenix\/wp-json\/wp\/v2\/users\/5"}],"replies":[{"embeddable":true,"href":"https:\/\/www.economicas.uba.ar\/extension\/vocesenelfenix\/wp-json\/wp\/v2\/comments?post=10893"}],"version-history":[{"count":7,"href":"https:\/\/www.economicas.uba.ar\/extension\/vocesenelfenix\/wp-json\/wp\/v2\/pages\/10893\/revisions"}],"predecessor-version":[{"id":10907,"href":"https:\/\/www.economicas.uba.ar\/extension\/vocesenelfenix\/wp-json\/wp\/v2\/pages\/10893\/revisions\/10907"}],"wp:attachment":[{"href":"https:\/\/www.economicas.uba.ar\/extension\/vocesenelfenix\/wp-json\/wp\/v2\/media?parent=10893"}],"curies":[{"name":"wp","href":"https:\/\/api.w.org\/{rel}","templated":true}]}}