{"id":12082,"date":"2015-11-01T00:01:00","date_gmt":"2015-11-01T03:01:00","guid":{"rendered":"https:\/\/www.economicas.uba.ar\/extension\/vocesenelfenix\/?page_id=12082"},"modified":"2022-06-01T20:29:11","modified_gmt":"2022-06-01T23:29:11","slug":"numero-50","status":"publish","type":"page","link":"https:\/\/www.economicas.uba.ar\/extension\/vocesenelfenix\/numero-50\/","title":{"rendered":"N\u00famero 50"},"content":{"rendered":"\t\t<div data-elementor-type=\"wp-page\" data-elementor-id=\"12082\" class=\"elementor elementor-12082\" data-elementor-post-type=\"page\">\n\t\t\t\t\t\t<section class=\"elementor-section elementor-top-section elementor-element elementor-element-dd29921 elementor-section-boxed elementor-section-height-default elementor-section-height-default\" data-id=\"dd29921\" data-element_type=\"section\" data-e-type=\"section\" data-settings=\"{&quot;background_background&quot;:&quot;classic&quot;}\">\n\t\t\t\t\t\t<div class=\"elementor-container elementor-column-gap-default\">\n\t\t\t\t\t<div class=\"elementor-column elementor-col-33 elementor-top-column elementor-element elementor-element-8d9bb9a\" data-id=\"8d9bb9a\" data-element_type=\"column\" data-e-type=\"column\">\n\t\t\t<div class=\"elementor-widget-wrap elementor-element-populated\">\n\t\t\t\t\t\t<div class=\"elementor-element elementor-element-7314564 elementor-widget elementor-widget-image\" data-id=\"7314564\" data-element_type=\"widget\" data-e-type=\"widget\" data-widget_type=\"image.default\">\n\t\t\t\t<div class=\"elementor-widget-container\">\n\t\t\t\t\t\t\t\t\t\t\t\t\t\t\t\t<a href=\"https:\/\/drive.google.com\/file\/d\/1UbL35hkD1aKF4L9DTHoGG95UZPOpNh4B\/view\" target=\"_blank\">\n\t\t\t\t\t\t\t<img fetchpriority=\"high\" decoding=\"async\" width=\"193\" height=\"267\" src=\"https:\/\/www.economicas.uba.ar\/extension\/vocesenelfenix\/wp-content\/uploads\/tapa50.jpg\" class=\"attachment-large size-large wp-image-1918\" alt=\"\" \/>\t\t\t\t\t\t\t\t<\/a>\n\t\t\t\t\t\t\t\t\t\t\t\t\t\t\t<\/div>\n\t\t\t\t<\/div>\n\t\t\t\t\t<\/div>\n\t\t<\/div>\n\t\t\t\t<div class=\"elementor-column elementor-col-66 elementor-top-column elementor-element elementor-element-4beead6\" data-id=\"4beead6\" data-element_type=\"column\" data-e-type=\"column\">\n\t\t\t<div class=\"elementor-widget-wrap elementor-element-populated\">\n\t\t\t\t\t\t<div class=\"elementor-element elementor-element-25f38a3 elementor-widget elementor-widget-text-editor\" data-id=\"25f38a3\" data-element_type=\"widget\" data-e-type=\"widget\" data-widget_type=\"text-editor.default\">\n\t\t\t\t<div class=\"elementor-widget-container\">\n\t\t\t\t\t\t\t\t\t<h5>N\u00daMERO 50<\/h5><h3>ILUMINADOS POR EL FUEGO<\/h3><h6>UN MUNDO EN GUERRA<\/h6><p><br \/>MIENTRAS EL MUNDO BUSCA UN NUEVO EQUILIBRIO QUE REEMPLACE A LA UNIPOLARIDAD REINANTE DESDE LA CA\u00cdDA DE LA URSS, LOS CONFLICTOS ARMADOS SE MULTIPLICAN. YA SEA POR MOTIVOS RELIGIOSOS, \u00c9TNICOS, O POR LOS RECURSOS NATURALES, EL RESULTADO ES MAYOR POBREZA Y EL DESPLAZAMIENTO DE GRANDES CANTIDADES DE POBLACI\u00d3N. ORIENTE MEDIO Y \u00c1FRICA SON LOS EPICENTROS DE UNA REALIDAD QUE AMENAZA CON DESESTABILIZAR A TODO EL PLANETA.<\/p>\t\t\t\t\t\t\t\t<\/div>\n\t\t\t\t<\/div>\n\t\t\t\t<div class=\"elementor-element elementor-element-5098647 elementor-widget elementor-widget-button\" data-id=\"5098647\" data-element_type=\"widget\" data-e-type=\"widget\" data-widget_type=\"button.default\">\n\t\t\t\t<div class=\"elementor-widget-container\">\n\t\t\t\t\t\t\t\t\t<div class=\"elementor-button-wrapper\">\n\t\t\t\t\t<a class=\"elementor-button elementor-button-link elementor-size-xs\" href=\"https:\/\/drive.google.com\/file\/d\/1UbL35hkD1aKF4L9DTHoGG95UZPOpNh4B\/view\" target=\"_blank\">\n\t\t\t\t\t\t<span class=\"elementor-button-content-wrapper\">\n\t\t\t\t\t\t\t\t\t<span class=\"elementor-button-text\">Descarg\u00e1 el PDF<\/span>\n\t\t\t\t\t<\/span>\n\t\t\t\t\t<\/a>\n\t\t\t\t<\/div>\n\t\t\t\t\t\t\t\t<\/div>\n\t\t\t\t<\/div>\n\t\t\t\t\t<\/div>\n\t\t<\/div>\n\t\t\t\t\t<\/div>\n\t\t<\/section>\n\t\t\t\t<section class=\"elementor-section elementor-top-section elementor-element elementor-element-0dd7b6d elementor-section-boxed elementor-section-height-default elementor-section-height-default\" data-id=\"0dd7b6d\" data-element_type=\"section\" data-e-type=\"section\">\n\t\t\t\t\t\t<div class=\"elementor-container elementor-column-gap-default\">\n\t\t\t\t\t<div class=\"elementor-column elementor-col-100 elementor-top-column elementor-element elementor-element-6216f6b\" data-id=\"6216f6b\" data-element_type=\"column\" data-e-type=\"column\">\n\t\t\t<div class=\"elementor-widget-wrap elementor-element-populated\">\n\t\t\t\t\t\t<div class=\"elementor-element elementor-element-598f726 elementor-grid-3 elementor-grid-tablet-2 elementor-grid-mobile-1 elementor-posts--align-left elementor-widget elementor-widget-blogmentor_blog_posts\" data-id=\"598f726\" data-element_type=\"widget\" data-e-type=\"widget\" data-settings=\"{&quot;bm_grid_columns&quot;:&quot;3&quot;,&quot;bm_grid_columns_tablet&quot;:&quot;2&quot;,&quot;bm_grid_columns_mobile&quot;:&quot;1&quot;,&quot;post_card_grid_gap&quot;:{&quot;unit&quot;:&quot;px&quot;,&quot;size&quot;:10,&quot;sizes&quot;:[]},&quot;post_card_row_gap&quot;:{&quot;unit&quot;:&quot;px&quot;,&quot;size&quot;:35,&quot;sizes&quot;:[]}}\" data-widget_type=\"blogmentor_blog_posts.default\">\n\t\t\t\t<div class=\"elementor-widget-container\">\n\t\t\t\t\t\t\t\n\t\t\t\t\t\t\t\t<div class=\"bm-blog-posts-wrapper\" >\n\t\t\t\t\t\t\t<div class=\"bm-blog-posts bm-display-grid elementor-grid elementor-grid-3\" >\n\t\t\t\t    <article id=\"post-12088\" class=\"item bm_layout post-12088 post type-post status-publish format-standard has-post-thumbnail hentry category-n-50 tag-abraham-leonardo-gak tag-editorial tag-un-mundo-en-guerra\">\n\t\t<div class=\"bm-blog-post-image entry-post-image\">\n\t\t\t<div class=\"bm-post-image clearfix bm-hover-effect bm-hover-effect-blur\">\n\t\t\t\t<img decoding=\"async\" width=\"640\" height=\"430\" src=\"https:\/\/www.economicas.uba.ar\/extension\/vocesenelfenix\/wp-content\/uploads\/5000-Gak.jpg\" class=\"attachment-large size-large wp-post-image\" alt=\"\" srcset=\"https:\/\/www.economicas.uba.ar\/extension\/vocesenelfenix\/wp-content\/uploads\/5000-Gak.jpg 1080w, https:\/\/www.economicas.uba.ar\/extension\/vocesenelfenix\/wp-content\/uploads\/5000-Gak-300x202.jpg 300w, https:\/\/www.economicas.uba.ar\/extension\/vocesenelfenix\/wp-content\/uploads\/5000-Gak-768x516.jpg 768w\" sizes=\"(max-width: 640px) 100vw, 640px\" \/>\t\t\t<\/div>\n\t\t<\/div>\n        <div class=\"bm-blog-post-content bm_content_box\">\n            <h4 class=\"entry-post-title bm_title\"><a href=\"https:\/\/www.economicas.uba.ar\/extension\/vocesenelfenix\/editorial-un-mundo-en-guerra\/\" rel=\"bookmark\">Editorial: Un mundo en guerra<\/a><\/h4>            <div class=\"bm-blog-post-meta entry-post-meta bm_meta\">\n                            <\/div>\n            <div class=\"entry-post-content bm_content\">\n                | Por Abraham Leonardo Gak |            <\/div>\n        <\/div>\n    <\/article>\n    <article id=\"post-12114\" class=\"item bm_layout post-12114 post type-post status-publish format-standard has-post-thumbnail hentry category-n-50 tag-guerra-contra-el-terrorismo tag-guerra-fria tag-guerras-subsidiarias tag-khatchik-derghougassian tag-primera-guerra-mundial tag-segunda-guerra-mundial tag-un-mundo-en-guerra\">\n\t\t<div class=\"bm-blog-post-image entry-post-image\">\n\t\t\t<div class=\"bm-post-image clearfix bm-hover-effect bm-hover-effect-blur\">\n\t\t\t\t<img decoding=\"async\" width=\"640\" height=\"458\" src=\"https:\/\/www.economicas.uba.ar\/extension\/vocesenelfenix\/wp-content\/uploads\/5001-DerGhougassian.jpg\" class=\"attachment-large size-large wp-post-image\" alt=\"\" srcset=\"https:\/\/www.economicas.uba.ar\/extension\/vocesenelfenix\/wp-content\/uploads\/5001-DerGhougassian.jpg 1080w, https:\/\/www.economicas.uba.ar\/extension\/vocesenelfenix\/wp-content\/uploads\/5001-DerGhougassian-300x215.jpg 300w, https:\/\/www.economicas.uba.ar\/extension\/vocesenelfenix\/wp-content\/uploads\/5001-DerGhougassian-768x550.jpg 768w, https:\/\/www.economicas.uba.ar\/extension\/vocesenelfenix\/wp-content\/uploads\/5001-DerGhougassian-183x132.jpg 183w\" sizes=\"(max-width: 640px) 100vw, 640px\" \/>\t\t\t<\/div>\n\t\t<\/div>\n        <div class=\"bm-blog-post-content bm_content_box\">\n            <h4 class=\"entry-post-title bm_title\"><a href=\"https:\/\/www.economicas.uba.ar\/extension\/vocesenelfenix\/la-sin-razon-de-la-fuerza-el-conflicto-global-y-las-armas-en-el-siglo-xxi\/\" rel=\"bookmark\">La (sin) raz\u00f3n de la fuerza. El conflicto global y las armas en el siglo XXI<\/a><\/h4>            <div class=\"bm-blog-post-meta entry-post-meta bm_meta\">\n                            <\/div>\n            <div class=\"entry-post-content bm_content\">\n                | Por Khatchik DerGhougassian | Durante los a\u00f1os de la Guerra Fr\u00eda se hizo fuerte la teor\u00eda de que la posesi\u00f3n de armas nucleares impondr\u00eda un comportamiento racional de los <div><a href=\"https:\/\/www.economicas.uba.ar\/extension\/vocesenelfenix\/la-sin-razon-de-la-fuerza-el-conflicto-global-y-las-armas-en-el-siglo-xxi\/\" rel=\"bookmark\" class=\"bm-read-more entry-read-more\">M\u00e1s \u00bb<\/a><div>            <\/div>\n        <\/div>\n    <\/article>\n    <article id=\"post-12296\" class=\"item bm_layout post-12296 post type-post status-publish format-standard has-post-thumbnail hentry category-n-50 tag-acuerdo-nuclear tag-arabes tag-ignacio-klich tag-iran tag-israel tag-un-mundo-en-guerra\">\n\t\t<div class=\"bm-blog-post-image entry-post-image\">\n\t\t\t<div class=\"bm-post-image clearfix bm-hover-effect bm-hover-effect-blur\">\n\t\t\t\t<img loading=\"lazy\" decoding=\"async\" width=\"640\" height=\"433\" src=\"https:\/\/www.economicas.uba.ar\/extension\/vocesenelfenix\/wp-content\/uploads\/5002-Klick.jpg\" class=\"attachment-large size-large wp-post-image\" alt=\"\" srcset=\"https:\/\/www.economicas.uba.ar\/extension\/vocesenelfenix\/wp-content\/uploads\/5002-Klick.jpg 1080w, https:\/\/www.economicas.uba.ar\/extension\/vocesenelfenix\/wp-content\/uploads\/5002-Klick-300x203.jpg 300w, https:\/\/www.economicas.uba.ar\/extension\/vocesenelfenix\/wp-content\/uploads\/5002-Klick-768x519.jpg 768w\" sizes=\"(max-width: 640px) 100vw, 640px\" \/>\t\t\t<\/div>\n\t\t<\/div>\n        <div class=\"bm-blog-post-content bm_content_box\">\n            <h4 class=\"entry-post-title bm_title\"><a href=\"https:\/\/www.economicas.uba.ar\/extension\/vocesenelfenix\/la-entente-nuclear-como-game-changer-para-iran-en-relacion-a-israelies-y-arabes\/\" rel=\"bookmark\">La entente nuclear como \u201cgame changer\u201d para Ir\u00e1n en relaci\u00f3n a israel\u00edes y \u00e1rabes<\/a><\/h4>            <div class=\"bm-blog-post-meta entry-post-meta bm_meta\">\n                            <\/div>\n            <div class=\"entry-post-content bm_content\">\n                | Por Ignacio Klich | El acuerdo nuclear firmado por Ir\u00e1n con las principales potencias mundiales podr\u00eda permitir un mejor manejo de varias crisis regionales. El desaf\u00edo ahora es convivir <div><a href=\"https:\/\/www.economicas.uba.ar\/extension\/vocesenelfenix\/la-entente-nuclear-como-game-changer-para-iran-en-relacion-a-israelies-y-arabes\/\" rel=\"bookmark\" class=\"bm-read-more entry-read-more\">M\u00e1s \u00bb<\/a><div>            <\/div>\n        <\/div>\n    <\/article>\n    <article id=\"post-12302\" class=\"item bm_layout post-12302 post type-post status-publish format-standard has-post-thumbnail hentry category-n-50 tag-arabia-saudita tag-jodor-jalit tag-levantamientos-arabes tag-redistribucion-del-poder tag-un-mundo-en-guerra\">\n\t\t<div class=\"bm-blog-post-image entry-post-image\">\n\t\t\t<div class=\"bm-post-image clearfix bm-hover-effect bm-hover-effect-blur\">\n\t\t\t\t<img loading=\"lazy\" decoding=\"async\" width=\"640\" height=\"433\" src=\"https:\/\/www.economicas.uba.ar\/extension\/vocesenelfenix\/wp-content\/uploads\/5003-Jalit.jpg\" class=\"attachment-large size-large wp-post-image\" alt=\"\" srcset=\"https:\/\/www.economicas.uba.ar\/extension\/vocesenelfenix\/wp-content\/uploads\/5003-Jalit.jpg 1080w, https:\/\/www.economicas.uba.ar\/extension\/vocesenelfenix\/wp-content\/uploads\/5003-Jalit-300x203.jpg 300w, https:\/\/www.economicas.uba.ar\/extension\/vocesenelfenix\/wp-content\/uploads\/5003-Jalit-768x519.jpg 768w\" sizes=\"(max-width: 640px) 100vw, 640px\" \/>\t\t\t<\/div>\n\t\t<\/div>\n        <div class=\"bm-blog-post-content bm_content_box\">\n            <h4 class=\"entry-post-title bm_title\"><a href=\"https:\/\/www.economicas.uba.ar\/extension\/vocesenelfenix\/viejas-fracturas-nuevos-conflictos-e-intervenciones-durante-los-levantamientos-arabes\/\" rel=\"bookmark\">Viejas fracturas, nuevos conflictos e intervenciones durante los levantamientos \u00e1rabes<\/a><\/h4>            <div class=\"bm-blog-post-meta entry-post-meta bm_meta\">\n                            <\/div>\n            <div class=\"entry-post-content bm_content\">\n                | Por Jodor Jalit | Los levantamientos \u00e1rabes constituyen un proceso de desplazamiento de actores sobre un tablero con fracturas que signific\u00f3 la redistribuci\u00f3n de poder. Ese reacomodamiento se hace <div><a href=\"https:\/\/www.economicas.uba.ar\/extension\/vocesenelfenix\/viejas-fracturas-nuevos-conflictos-e-intervenciones-durante-los-levantamientos-arabes\/\" rel=\"bookmark\" class=\"bm-read-more entry-read-more\">M\u00e1s \u00bb<\/a><div>            <\/div>\n        <\/div>\n    <\/article>\n    <article id=\"post-12310\" class=\"item bm_layout post-12310 post type-post status-publish format-standard has-post-thumbnail hentry category-n-50 tag-estado-islamico tag-hernan-dobry tag-isis tag-israel tag-medio-oriente tag-un-mundo-en-guerra\">\n\t\t<div class=\"bm-blog-post-image entry-post-image\">\n\t\t\t<div class=\"bm-post-image clearfix bm-hover-effect bm-hover-effect-blur\">\n\t\t\t\t<img loading=\"lazy\" decoding=\"async\" width=\"640\" height=\"443\" src=\"https:\/\/www.economicas.uba.ar\/extension\/vocesenelfenix\/wp-content\/uploads\/5004-Dobry.jpg\" class=\"attachment-large size-large wp-post-image\" alt=\"\" srcset=\"https:\/\/www.economicas.uba.ar\/extension\/vocesenelfenix\/wp-content\/uploads\/5004-Dobry.jpg 1080w, https:\/\/www.economicas.uba.ar\/extension\/vocesenelfenix\/wp-content\/uploads\/5004-Dobry-300x208.jpg 300w, https:\/\/www.economicas.uba.ar\/extension\/vocesenelfenix\/wp-content\/uploads\/5004-Dobry-768x532.jpg 768w\" sizes=\"(max-width: 640px) 100vw, 640px\" \/>\t\t\t<\/div>\n\t\t<\/div>\n        <div class=\"bm-blog-post-content bm_content_box\">\n            <h4 class=\"entry-post-title bm_title\"><a href=\"https:\/\/www.economicas.uba.ar\/extension\/vocesenelfenix\/isis-una-nueva-amenaza-para-la-seguridad-de-israel\/\" rel=\"bookmark\">ISIS: una nueva amenaza para la seguridad de Israel<\/a><\/h4>            <div class=\"bm-blog-post-meta entry-post-meta bm_meta\">\n                            <\/div>\n            <div class=\"entry-post-content bm_content\">\n                | Por Hern\u00e1n Dobry | El Estado Isl\u00e1mico todav\u00eda no constituye una amenaza certera para la seguridad de Israel; sin embargo, desde sus incursiones en la regi\u00f3n del Gol\u00e1n y <div><a href=\"https:\/\/www.economicas.uba.ar\/extension\/vocesenelfenix\/isis-una-nueva-amenaza-para-la-seguridad-de-israel\/\" rel=\"bookmark\" class=\"bm-read-more entry-read-more\">M\u00e1s \u00bb<\/a><div>            <\/div>\n        <\/div>\n    <\/article>\n    <article id=\"post-12316\" class=\"item bm_layout post-12316 post type-post status-publish format-standard has-post-thumbnail hentry category-n-50 tag-conflictos tag-federico-merke tag-geopolitica tag-seguridad tag-terrorismo tag-un-mundo-en-guerra tag-union-europea\">\n\t\t<div class=\"bm-blog-post-image entry-post-image\">\n\t\t\t<div class=\"bm-post-image clearfix bm-hover-effect bm-hover-effect-blur\">\n\t\t\t\t<img loading=\"lazy\" decoding=\"async\" width=\"640\" height=\"433\" src=\"https:\/\/www.economicas.uba.ar\/extension\/vocesenelfenix\/wp-content\/uploads\/5005-Merke.jpg\" class=\"attachment-large size-large wp-post-image\" alt=\"\" srcset=\"https:\/\/www.economicas.uba.ar\/extension\/vocesenelfenix\/wp-content\/uploads\/5005-Merke.jpg 1080w, https:\/\/www.economicas.uba.ar\/extension\/vocesenelfenix\/wp-content\/uploads\/5005-Merke-300x203.jpg 300w, https:\/\/www.economicas.uba.ar\/extension\/vocesenelfenix\/wp-content\/uploads\/5005-Merke-768x519.jpg 768w\" sizes=\"(max-width: 640px) 100vw, 640px\" \/>\t\t\t<\/div>\n\t\t<\/div>\n        <div class=\"bm-blog-post-content bm_content_box\">\n            <h4 class=\"entry-post-title bm_title\"><a href=\"https:\/\/www.economicas.uba.ar\/extension\/vocesenelfenix\/entre-la-necesidad-y-las-restricciones-hacia-una-estrategia-de-seguridad-europea\/\" rel=\"bookmark\">Entre la necesidad y las restricciones: hacia una estrategia de seguridad europea<\/a><\/h4>            <div class=\"bm-blog-post-meta entry-post-meta bm_meta\">\n                            <\/div>\n            <div class=\"entry-post-content bm_content\">\n                | Por Federico Merke | En los \u00faltimos a\u00f1os la Uni\u00f3n Europea se enfrenta a un escenario en el cual se encuentra rodeada de conflictos geopol\u00edticos y humanitarios. La meta <div><a href=\"https:\/\/www.economicas.uba.ar\/extension\/vocesenelfenix\/entre-la-necesidad-y-las-restricciones-hacia-una-estrategia-de-seguridad-europea\/\" rel=\"bookmark\" class=\"bm-read-more entry-read-more\">M\u00e1s \u00bb<\/a><div>            <\/div>\n        <\/div>\n    <\/article>\n    <article id=\"post-12322\" class=\"item bm_layout post-12322 post type-post status-publish format-standard has-post-thumbnail hentry category-n-50 tag-claudio-ingerflom tag-martin-bana tag-medio-oriente tag-politica-exterior tag-rusia tag-un-mundo-en-guerra\">\n\t\t<div class=\"bm-blog-post-image entry-post-image\">\n\t\t\t<div class=\"bm-post-image clearfix bm-hover-effect bm-hover-effect-blur\">\n\t\t\t\t<img loading=\"lazy\" decoding=\"async\" width=\"640\" height=\"433\" src=\"https:\/\/www.economicas.uba.ar\/extension\/vocesenelfenix\/wp-content\/uploads\/5006-Ingerflom.jpg\" class=\"attachment-large size-large wp-post-image\" alt=\"\" srcset=\"https:\/\/www.economicas.uba.ar\/extension\/vocesenelfenix\/wp-content\/uploads\/5006-Ingerflom.jpg 1080w, https:\/\/www.economicas.uba.ar\/extension\/vocesenelfenix\/wp-content\/uploads\/5006-Ingerflom-300x203.jpg 300w, https:\/\/www.economicas.uba.ar\/extension\/vocesenelfenix\/wp-content\/uploads\/5006-Ingerflom-768x519.jpg 768w\" sizes=\"(max-width: 640px) 100vw, 640px\" \/>\t\t\t<\/div>\n\t\t<\/div>\n        <div class=\"bm-blog-post-content bm_content_box\">\n            <h4 class=\"entry-post-title bm_title\"><a href=\"https:\/\/www.economicas.uba.ar\/extension\/vocesenelfenix\/tradicion-e-innovacion-en-la-politica-exterior-rusa\/\" rel=\"bookmark\">Tradici\u00f3n e innovaci\u00f3n en la pol\u00edtica exterior rusa<\/a><\/h4>            <div class=\"bm-blog-post-meta entry-post-meta bm_meta\">\n                            <\/div>\n            <div class=\"entry-post-content bm_content\">\n                | Por Claudio Ingerflom y Mart\u00edn Ba\u00f1a | Tras unos primeros a\u00f1os de reacomodamiento luego de la disoluci\u00f3n de la URSS, Rusia vuelve a ser un actor imposible de ignorar <div><a href=\"https:\/\/www.economicas.uba.ar\/extension\/vocesenelfenix\/tradicion-e-innovacion-en-la-politica-exterior-rusa\/\" rel=\"bookmark\" class=\"bm-read-more entry-read-more\">M\u00e1s \u00bb<\/a><div>            <\/div>\n        <\/div>\n    <\/article>\n    <article id=\"post-12328\" class=\"item bm_layout post-12328 post type-post status-publish format-standard has-post-thumbnail hentry category-n-50 tag-caucaso tag-conflictos-etnicos tag-iran tag-ricardo-torres tag-rusia tag-turquia tag-un-mundo-en-guerra\">\n\t\t<div class=\"bm-blog-post-image entry-post-image\">\n\t\t\t<div class=\"bm-post-image clearfix bm-hover-effect bm-hover-effect-blur\">\n\t\t\t\t<img loading=\"lazy\" decoding=\"async\" width=\"640\" height=\"433\" src=\"https:\/\/www.economicas.uba.ar\/extension\/vocesenelfenix\/wp-content\/uploads\/5007-Torres.jpg\" class=\"attachment-large size-large wp-post-image\" alt=\"\" srcset=\"https:\/\/www.economicas.uba.ar\/extension\/vocesenelfenix\/wp-content\/uploads\/5007-Torres.jpg 1080w, https:\/\/www.economicas.uba.ar\/extension\/vocesenelfenix\/wp-content\/uploads\/5007-Torres-300x203.jpg 300w, https:\/\/www.economicas.uba.ar\/extension\/vocesenelfenix\/wp-content\/uploads\/5007-Torres-768x519.jpg 768w\" sizes=\"(max-width: 640px) 100vw, 640px\" \/>\t\t\t<\/div>\n\t\t<\/div>\n        <div class=\"bm-blog-post-content bm_content_box\">\n            <h4 class=\"entry-post-title bm_title\"><a href=\"https:\/\/www.economicas.uba.ar\/extension\/vocesenelfenix\/la-olla-de-presion-del-caucaso\/\" rel=\"bookmark\">La olla de presi\u00f3n del C\u00e1ucaso<\/a><\/h4>            <div class=\"bm-blog-post-meta entry-post-meta bm_meta\">\n                            <\/div>\n            <div class=\"entry-post-content bm_content\">\n                | Por Ricardo Torres | Regi\u00f3n fronteriza entre tres grandes naciones: Turqu\u00eda, Ir\u00e1n y Rusia, y campo de batalla desde hace siglos, tras la ca\u00edda de la URSS, el C\u00e1ucaso <div><a href=\"https:\/\/www.economicas.uba.ar\/extension\/vocesenelfenix\/la-olla-de-presion-del-caucaso\/\" rel=\"bookmark\" class=\"bm-read-more entry-read-more\">M\u00e1s \u00bb<\/a><div>            <\/div>\n        <\/div>\n    <\/article>\n    <article id=\"post-12335\" class=\"item bm_layout post-12335 post type-post status-publish format-standard has-post-thumbnail hentry category-n-50 tag-bienes-naturales tag-conflictos-socio-ambientales tag-marcelo-saguier tag-recursos-naturales tag-un-mundo-en-guerra\">\n\t\t<div class=\"bm-blog-post-image entry-post-image\">\n\t\t\t<div class=\"bm-post-image clearfix bm-hover-effect bm-hover-effect-blur\">\n\t\t\t\t<img loading=\"lazy\" decoding=\"async\" width=\"640\" height=\"432\" src=\"https:\/\/www.economicas.uba.ar\/extension\/vocesenelfenix\/wp-content\/uploads\/5008-Saguier.jpg\" class=\"attachment-large size-large wp-post-image\" alt=\"\" srcset=\"https:\/\/www.economicas.uba.ar\/extension\/vocesenelfenix\/wp-content\/uploads\/5008-Saguier.jpg 1080w, https:\/\/www.economicas.uba.ar\/extension\/vocesenelfenix\/wp-content\/uploads\/5008-Saguier-300x203.jpg 300w, https:\/\/www.economicas.uba.ar\/extension\/vocesenelfenix\/wp-content\/uploads\/5008-Saguier-768x518.jpg 768w\" sizes=\"(max-width: 640px) 100vw, 640px\" \/>\t\t\t<\/div>\n\t\t<\/div>\n        <div class=\"bm-blog-post-content bm_content_box\">\n            <h4 class=\"entry-post-title bm_title\"><a href=\"https:\/\/www.economicas.uba.ar\/extension\/vocesenelfenix\/los-conflictos-socio-ambientales-y-la-agenda-internacional\/\" rel=\"bookmark\">Los conflictos socio-ambientales y la agenda internacional<\/a><\/h4>            <div class=\"bm-blog-post-meta entry-post-meta bm_meta\">\n                            <\/div>\n            <div class=\"entry-post-content bm_content\">\n                | Por Marcelo Saguier | Los conflictos socio-ambientales vinculados a los recursos y\/o bienes naturales son un rasgo creciente de la escena internacional. Si bien la historia del mundo moderno <div><a href=\"https:\/\/www.economicas.uba.ar\/extension\/vocesenelfenix\/los-conflictos-socio-ambientales-y-la-agenda-internacional\/\" rel=\"bookmark\" class=\"bm-read-more entry-read-more\">M\u00e1s \u00bb<\/a><div>            <\/div>\n        <\/div>\n    <\/article>\n    <article id=\"post-12341\" class=\"item bm_layout post-12341 post type-post status-publish format-standard has-post-thumbnail hentry category-n-50 tag-ciberdefensa tag-ciberseguridad tag-ulises-leon-kandiko tag-un-mundo-en-guerra\">\n\t\t<div class=\"bm-blog-post-image entry-post-image\">\n\t\t\t<div class=\"bm-post-image clearfix bm-hover-effect bm-hover-effect-blur\">\n\t\t\t\t<img loading=\"lazy\" decoding=\"async\" width=\"640\" height=\"431\" src=\"https:\/\/www.economicas.uba.ar\/extension\/vocesenelfenix\/wp-content\/uploads\/5009-Kandiko.jpg\" class=\"attachment-large size-large wp-post-image\" alt=\"\" srcset=\"https:\/\/www.economicas.uba.ar\/extension\/vocesenelfenix\/wp-content\/uploads\/5009-Kandiko.jpg 1080w, https:\/\/www.economicas.uba.ar\/extension\/vocesenelfenix\/wp-content\/uploads\/5009-Kandiko-300x202.jpg 300w, https:\/\/www.economicas.uba.ar\/extension\/vocesenelfenix\/wp-content\/uploads\/5009-Kandiko-768x518.jpg 768w\" sizes=\"(max-width: 640px) 100vw, 640px\" \/>\t\t\t<\/div>\n\t\t<\/div>\n        <div class=\"bm-blog-post-content bm_content_box\">\n            <h4 class=\"entry-post-title bm_title\"><a href=\"https:\/\/www.economicas.uba.ar\/extension\/vocesenelfenix\/ciberseguridad\/\" rel=\"bookmark\">Ciberseguridad<\/a><\/h4>            <div class=\"bm-blog-post-meta entry-post-meta bm_meta\">\n                            <\/div>\n            <div class=\"entry-post-content bm_content\">\n                | Por Ulises Le\u00f3n Kandiko | La ciberdefensa y la ciberseguridad son un tema estrat\u00e9gico para cualquier Estado, sobre todo desde que el ciberespacio conforma el nuevo escenario en el <div><a href=\"https:\/\/www.economicas.uba.ar\/extension\/vocesenelfenix\/ciberseguridad\/\" rel=\"bookmark\" class=\"bm-read-more entry-read-more\">M\u00e1s \u00bb<\/a><div>            <\/div>\n        <\/div>\n    <\/article>\n    <article id=\"post-12351\" class=\"item bm_layout post-12351 post type-post status-publish format-standard has-post-thumbnail hentry category-n-50 tag-cooperacion tag-nueva-geografia tag-recursos-naturales tag-roberto-bloch tag-un-mundo-en-guerra\">\n\t\t<div class=\"bm-blog-post-image entry-post-image\">\n\t\t\t<div class=\"bm-post-image clearfix bm-hover-effect bm-hover-effect-blur\">\n\t\t\t\t<img loading=\"lazy\" decoding=\"async\" width=\"640\" height=\"430\" src=\"https:\/\/www.economicas.uba.ar\/extension\/vocesenelfenix\/wp-content\/uploads\/5010-Bloch.jpg\" class=\"attachment-large size-large wp-post-image\" alt=\"\" srcset=\"https:\/\/www.economicas.uba.ar\/extension\/vocesenelfenix\/wp-content\/uploads\/5010-Bloch.jpg 1080w, https:\/\/www.economicas.uba.ar\/extension\/vocesenelfenix\/wp-content\/uploads\/5010-Bloch-300x202.jpg 300w, https:\/\/www.economicas.uba.ar\/extension\/vocesenelfenix\/wp-content\/uploads\/5010-Bloch-768x516.jpg 768w\" sizes=\"(max-width: 640px) 100vw, 640px\" \/>\t\t\t<\/div>\n\t\t<\/div>\n        <div class=\"bm-blog-post-content bm_content_box\">\n            <h4 class=\"entry-post-title bm_title\"><a href=\"https:\/\/www.economicas.uba.ar\/extension\/vocesenelfenix\/recursos-naturales-estrategicos-una-nueva-geografia-se-despliega\/\" rel=\"bookmark\">Recursos naturales estrat\u00e9gicos: una \u201cnueva geograf\u00eda\u201d se despliega<\/a><\/h4>            <div class=\"bm-blog-post-meta entry-post-meta bm_meta\">\n                            <\/div>\n            <div class=\"entry-post-content bm_content\">\n                | Por Roberto Bloch | La atenci\u00f3n en el aprovechamiento y protecci\u00f3n de estos recursos ha venido creciendo en todo el mundo en las \u00faltimas d\u00e9cadas. A partir de ello <div><a href=\"https:\/\/www.economicas.uba.ar\/extension\/vocesenelfenix\/recursos-naturales-estrategicos-una-nueva-geografia-se-despliega\/\" rel=\"bookmark\" class=\"bm-read-more entry-read-more\">M\u00e1s \u00bb<\/a><div>            <\/div>\n        <\/div>\n    <\/article>\n    <article id=\"post-12364\" class=\"item bm_layout post-12364 post type-post status-publish format-standard has-post-thumbnail hentry category-n-50 tag-crimenes-contra-la-humanidad tag-genocidio-armenio tag-genocidios tag-impunidad tag-juan-pablo-artinian tag-un-mundo-en-guerra\">\n\t\t<div class=\"bm-blog-post-image entry-post-image\">\n\t\t\t<div class=\"bm-post-image clearfix bm-hover-effect bm-hover-effect-blur\">\n\t\t\t\t<img loading=\"lazy\" decoding=\"async\" width=\"640\" height=\"426\" src=\"https:\/\/www.economicas.uba.ar\/extension\/vocesenelfenix\/wp-content\/uploads\/5011-Artinian.jpg\" class=\"attachment-large size-large wp-post-image\" alt=\"\" srcset=\"https:\/\/www.economicas.uba.ar\/extension\/vocesenelfenix\/wp-content\/uploads\/5011-Artinian.jpg 1080w, https:\/\/www.economicas.uba.ar\/extension\/vocesenelfenix\/wp-content\/uploads\/5011-Artinian-300x200.jpg 300w, https:\/\/www.economicas.uba.ar\/extension\/vocesenelfenix\/wp-content\/uploads\/5011-Artinian-768x511.jpg 768w, https:\/\/www.economicas.uba.ar\/extension\/vocesenelfenix\/wp-content\/uploads\/5011-Artinian-640x426.jpg 640w\" sizes=\"(max-width: 640px) 100vw, 640px\" \/>\t\t\t<\/div>\n\t\t<\/div>\n        <div class=\"bm-blog-post-content bm_content_box\">\n            <h4 class=\"entry-post-title bm_title\"><a href=\"https:\/\/www.economicas.uba.ar\/extension\/vocesenelfenix\/el-genocidio-a-partir-de-una-mirada-historica-desde-el-siglo-xx-y-el-genocidio-armenio-hasta-los-crimenes-contra-la-humanidad-del-siglo-xxi\/\" rel=\"bookmark\">El genocidio a partir de una mirada hist\u00f3rica. Desde el siglo XX y el Genocidio Armenio hasta los cr\u00edmenes contra la humanidad del siglo XXI<\/a><\/h4>            <div class=\"bm-blog-post-meta entry-post-meta bm_meta\">\n                            <\/div>\n            <div class=\"entry-post-content bm_content\">\n                | Por Juan Pablo Artinian | Todos los genocidios de la modernidad tienen algunos patrones comunes: la deshumanizaci\u00f3n, el racismo, la deportaci\u00f3n y las t\u00e9cnicas modernas para exterminar a poblaciones <div><a href=\"https:\/\/www.economicas.uba.ar\/extension\/vocesenelfenix\/el-genocidio-a-partir-de-una-mirada-historica-desde-el-siglo-xx-y-el-genocidio-armenio-hasta-los-crimenes-contra-la-humanidad-del-siglo-xxi\/\" rel=\"bookmark\" class=\"bm-read-more entry-read-more\">M\u00e1s \u00bb<\/a><div>            <\/div>\n        <\/div>\n    <\/article>\n    <article id=\"post-12370\" class=\"item bm_layout post-12370 post type-post status-publish format-standard has-post-thumbnail hentry category-n-50 tag-antonella-guidoccio tag-armamento tag-poder tag-seguridad-internacional tag-un-mundo-en-guerra\">\n\t\t<div class=\"bm-blog-post-image entry-post-image\">\n\t\t\t<div class=\"bm-post-image clearfix bm-hover-effect bm-hover-effect-blur\">\n\t\t\t\t<img loading=\"lazy\" decoding=\"async\" width=\"640\" height=\"430\" src=\"https:\/\/www.economicas.uba.ar\/extension\/vocesenelfenix\/wp-content\/uploads\/5012-Guidoccio.jpg\" class=\"attachment-large size-large wp-post-image\" alt=\"\" srcset=\"https:\/\/www.economicas.uba.ar\/extension\/vocesenelfenix\/wp-content\/uploads\/5012-Guidoccio.jpg 1080w, https:\/\/www.economicas.uba.ar\/extension\/vocesenelfenix\/wp-content\/uploads\/5012-Guidoccio-300x202.jpg 300w, https:\/\/www.economicas.uba.ar\/extension\/vocesenelfenix\/wp-content\/uploads\/5012-Guidoccio-768x516.jpg 768w\" sizes=\"(max-width: 640px) 100vw, 640px\" \/>\t\t\t<\/div>\n\t\t<\/div>\n        <div class=\"bm-blog-post-content bm_content_box\">\n            <h4 class=\"entry-post-title bm_title\"><a href=\"https:\/\/www.economicas.uba.ar\/extension\/vocesenelfenix\/la-evolucion-de-la-inversion-en-armamentos-a-nivel-global-y-su-implicancia-en-la-seguridad-internacional-y-el-equilibrio-de-poder\/\" rel=\"bookmark\">La evoluci\u00f3n de la inversi\u00f3n en armamentos a nivel global y su implicancia en la seguridad internacional y el equilibrio de poder<\/a><\/h4>            <div class=\"bm-blog-post-meta entry-post-meta bm_meta\">\n                            <\/div>\n            <div class=\"entry-post-content bm_content\">\n                | Por Antonella Guidoccio | Todos los Estados compran armamento. Esto puede generar incertidumbre y tensi\u00f3n en el escenario internacional y alterar el equilibrio de poder global. Si sumamos la <div><a href=\"https:\/\/www.economicas.uba.ar\/extension\/vocesenelfenix\/la-evolucion-de-la-inversion-en-armamentos-a-nivel-global-y-su-implicancia-en-la-seguridad-internacional-y-el-equilibrio-de-poder\/\" rel=\"bookmark\" class=\"bm-read-more entry-read-more\">M\u00e1s \u00bb<\/a><div>            <\/div>\n        <\/div>\n    <\/article>\n    <article id=\"post-12387\" class=\"item bm_layout post-12387 post type-post status-publish format-standard has-post-thumbnail hentry category-n-50 tag-africa-subsahariana tag-asimetrias tag-carla-morasso tag-estados tag-un-mundo-en-guerra\">\n\t\t<div class=\"bm-blog-post-image entry-post-image\">\n\t\t\t<div class=\"bm-post-image clearfix bm-hover-effect bm-hover-effect-blur\">\n\t\t\t\t<img loading=\"lazy\" decoding=\"async\" width=\"640\" height=\"432\" src=\"https:\/\/www.economicas.uba.ar\/extension\/vocesenelfenix\/wp-content\/uploads\/5013-Morasso.jpg\" class=\"attachment-large size-large wp-post-image\" alt=\"\" srcset=\"https:\/\/www.economicas.uba.ar\/extension\/vocesenelfenix\/wp-content\/uploads\/5013-Morasso.jpg 1080w, https:\/\/www.economicas.uba.ar\/extension\/vocesenelfenix\/wp-content\/uploads\/5013-Morasso-300x203.jpg 300w, https:\/\/www.economicas.uba.ar\/extension\/vocesenelfenix\/wp-content\/uploads\/5013-Morasso-768x518.jpg 768w\" sizes=\"(max-width: 640px) 100vw, 640px\" \/>\t\t\t<\/div>\n\t\t<\/div>\n        <div class=\"bm-blog-post-content bm_content_box\">\n            <h4 class=\"entry-post-title bm_title\"><a href=\"https:\/\/www.economicas.uba.ar\/extension\/vocesenelfenix\/las-promesas-y-tragedias-de-africa-subsahariana\/\" rel=\"bookmark\">Las promesas y tragedias de \u00c1frica Subsahariana<\/a><\/h4>            <div class=\"bm-blog-post-meta entry-post-meta bm_meta\">\n                            <\/div>\n            <div class=\"entry-post-content bm_content\">\n                | Por Carla Morasso | La regi\u00f3n ha tenido un sostenido crecimiento econ\u00f3mico en los \u00faltimos a\u00f1os. Sin embargo, desde la descolonizaci\u00f3n a mediados del siglo XX, la naturaleza y <div><a href=\"https:\/\/www.economicas.uba.ar\/extension\/vocesenelfenix\/las-promesas-y-tragedias-de-africa-subsahariana\/\" rel=\"bookmark\" class=\"bm-read-more entry-read-more\">M\u00e1s \u00bb<\/a><div>            <\/div>\n        <\/div>\n    <\/article>\n    <article id=\"post-12393\" class=\"item bm_layout post-12393 post type-post status-publish format-standard has-post-thumbnail hentry category-n-50 tag-fronteras tag-leiza-brumat tag-migraciones-forzadas tag-migrantes tag-un-mundo-en-guerra\">\n\t\t<div class=\"bm-blog-post-image entry-post-image\">\n\t\t\t<div class=\"bm-post-image clearfix bm-hover-effect bm-hover-effect-blur\">\n\t\t\t\t<img loading=\"lazy\" decoding=\"async\" width=\"640\" height=\"430\" src=\"https:\/\/www.economicas.uba.ar\/extension\/vocesenelfenix\/wp-content\/uploads\/5014-Brumat.jpg\" class=\"attachment-large size-large wp-post-image\" alt=\"\" srcset=\"https:\/\/www.economicas.uba.ar\/extension\/vocesenelfenix\/wp-content\/uploads\/5014-Brumat.jpg 1080w, https:\/\/www.economicas.uba.ar\/extension\/vocesenelfenix\/wp-content\/uploads\/5014-Brumat-300x202.jpg 300w, https:\/\/www.economicas.uba.ar\/extension\/vocesenelfenix\/wp-content\/uploads\/5014-Brumat-768x516.jpg 768w\" sizes=\"(max-width: 640px) 100vw, 640px\" \/>\t\t\t<\/div>\n\t\t<\/div>\n        <div class=\"bm-blog-post-content bm_content_box\">\n            <h4 class=\"entry-post-title bm_title\"><a href=\"https:\/\/www.economicas.uba.ar\/extension\/vocesenelfenix\/con-el-coyote-no-hay-aduana-migraciones-forzadas-irregulares-y-gobernabilidad-migratoria-global\/\" rel=\"bookmark\">Con el coyote no hay aduana. Migraciones forzadas, irregulares y gobernabilidad (migratoria) global<\/a><\/h4>            <div class=\"bm-blog-post-meta entry-post-meta bm_meta\">\n                            <\/div>\n            <div class=\"entry-post-content bm_content\">\n                | Por Leiza Brumat | Los movimientos de personas a trav\u00e9s de las fronteras, tanto de manera permanente como temporal, se est\u00e1n incrementando. Frente a este escenario es fundamental la <div><a href=\"https:\/\/www.economicas.uba.ar\/extension\/vocesenelfenix\/con-el-coyote-no-hay-aduana-migraciones-forzadas-irregulares-y-gobernabilidad-migratoria-global\/\" rel=\"bookmark\" class=\"bm-read-more entry-read-more\">M\u00e1s \u00bb<\/a><div>            <\/div>\n        <\/div>\n    <\/article>\n\t\t\t\t<\/div><\/div>\n\t\t\t\t\t\t\t\t<\/div>\n\t\t\t\t<\/div>\n\t\t\t\t\t<\/div>\n\t\t<\/div>\n\t\t\t\t\t<\/div>\n\t\t<\/section>\n\t\t\t\t<section class=\"elementor-section elementor-top-section elementor-element elementor-element-94cf493 elementor-section-boxed elementor-section-height-default elementor-section-height-default\" data-id=\"94cf493\" data-element_type=\"section\" data-e-type=\"section\" data-settings=\"{&quot;background_background&quot;:&quot;classic&quot;}\">\n\t\t\t\t\t\t<div class=\"elementor-container elementor-column-gap-default\">\n\t\t\t\t\t<div class=\"elementor-column elementor-col-100 elementor-top-column elementor-element elementor-element-d74e822\" data-id=\"d74e822\" data-element_type=\"column\" data-e-type=\"column\">\n\t\t\t<div class=\"elementor-widget-wrap elementor-element-populated\">\n\t\t\t\t\t\t<div class=\"elementor-element elementor-element-6882165 elementor-widget elementor-widget-text-editor\" data-id=\"6882165\" data-element_type=\"widget\" data-e-type=\"widget\" data-widget_type=\"text-editor.default\">\n\t\t\t\t<div class=\"elementor-widget-container\">\n\t\t\t\t\t\t\t\t\t<iframe width=\"560\" height=\"315\" src=\"https:\/\/www.youtube.com\/embed\/videoseries?list=PLeYdj9X0_ljnXFIp0xRCTEBVIn3wKRAZA\" title=\"YouTube video player\" frameborder=\"0\" allow=\"accelerometer; autoplay; clipboard-write; encrypted-media; gyroscope; picture-in-picture\" allowfullscreen><\/iframe>\t\t\t\t\t\t\t\t<\/div>\n\t\t\t\t<\/div>\n\t\t\t\t\t<\/div>\n\t\t<\/div>\n\t\t\t\t\t<\/div>\n\t\t<\/section>\n\t\t\t\t<\/div>\n\t\t","protected":false},"excerpt":{"rendered":"<p>N\u00daMERO 50 ILUMINADOS POR EL FUEGO UN MUNDO EN GUERRA MIENTRAS EL MUNDO BUSCA UN NUEVO EQUILIBRIO QUE REEMPLACE A LA UNIPOLARIDAD REINANTE DESDE LA CA\u00cdDA DE LA URSS, LOS<\/p>\n","protected":false},"author":5,"featured_media":0,"parent":0,"menu_order":0,"comment_status":"closed","ping_status":"closed","template":"","meta":{"footnotes":""},"class_list":["post-12082","page","type-page","status-publish","hentry"],"_links":{"self":[{"href":"https:\/\/www.economicas.uba.ar\/extension\/vocesenelfenix\/wp-json\/wp\/v2\/pages\/12082","targetHints":{"allow":["GET"]}}],"collection":[{"href":"https:\/\/www.economicas.uba.ar\/extension\/vocesenelfenix\/wp-json\/wp\/v2\/pages"}],"about":[{"href":"https:\/\/www.economicas.uba.ar\/extension\/vocesenelfenix\/wp-json\/wp\/v2\/types\/page"}],"author":[{"embeddable":true,"href":"https:\/\/www.economicas.uba.ar\/extension\/vocesenelfenix\/wp-json\/wp\/v2\/users\/5"}],"replies":[{"embeddable":true,"href":"https:\/\/www.economicas.uba.ar\/extension\/vocesenelfenix\/wp-json\/wp\/v2\/comments?post=12082"}],"version-history":[{"count":13,"href":"https:\/\/www.economicas.uba.ar\/extension\/vocesenelfenix\/wp-json\/wp\/v2\/pages\/12082\/revisions"}],"predecessor-version":[{"id":12174,"href":"https:\/\/www.economicas.uba.ar\/extension\/vocesenelfenix\/wp-json\/wp\/v2\/pages\/12082\/revisions\/12174"}],"wp:attachment":[{"href":"https:\/\/www.economicas.uba.ar\/extension\/vocesenelfenix\/wp-json\/wp\/v2\/media?parent=12082"}],"curies":[{"name":"wp","href":"https:\/\/api.w.org\/{rel}","templated":true}]}}