{"id":12534,"date":"2015-09-01T00:01:00","date_gmt":"2015-09-01T03:01:00","guid":{"rendered":"https:\/\/www.economicas.uba.ar\/extension\/vocesenelfenix\/?page_id=12534"},"modified":"2022-06-28T15:47:29","modified_gmt":"2022-06-28T18:47:29","slug":"numero-48","status":"publish","type":"page","link":"https:\/\/www.economicas.uba.ar\/extension\/vocesenelfenix\/numero-48\/","title":{"rendered":"N\u00famero 48"},"content":{"rendered":"\t\t<div data-elementor-type=\"wp-page\" data-elementor-id=\"12534\" class=\"elementor elementor-12534\" data-elementor-post-type=\"page\">\n\t\t\t\t\t\t<section class=\"elementor-section elementor-top-section elementor-element elementor-element-bad9182 elementor-section-boxed elementor-section-height-default elementor-section-height-default\" data-id=\"bad9182\" data-element_type=\"section\" data-e-type=\"section\" data-settings=\"{&quot;background_background&quot;:&quot;classic&quot;}\">\n\t\t\t\t\t\t<div class=\"elementor-container elementor-column-gap-default\">\n\t\t\t\t\t<div class=\"elementor-column elementor-col-33 elementor-top-column elementor-element elementor-element-989be25\" data-id=\"989be25\" data-element_type=\"column\" data-e-type=\"column\">\n\t\t\t<div class=\"elementor-widget-wrap elementor-element-populated\">\n\t\t\t\t\t\t<div class=\"elementor-element elementor-element-3debfa3 elementor-widget elementor-widget-image\" data-id=\"3debfa3\" data-element_type=\"widget\" data-e-type=\"widget\" data-widget_type=\"image.default\">\n\t\t\t\t<div class=\"elementor-widget-container\">\n\t\t\t\t\t\t\t\t\t\t\t\t\t\t\t\t<a href=\"https:\/\/drive.google.com\/file\/d\/1E10u5oI-6cTdm9aMG9eCvMG34ThEAayK\/view\" target=\"_blank\">\n\t\t\t\t\t\t\t<img fetchpriority=\"high\" decoding=\"async\" width=\"193\" height=\"267\" src=\"https:\/\/www.economicas.uba.ar\/extension\/vocesenelfenix\/wp-content\/uploads\/tapa48.jpg\" class=\"attachment-large size-large wp-image-1916\" alt=\"\" \/>\t\t\t\t\t\t\t\t<\/a>\n\t\t\t\t\t\t\t\t\t\t\t\t\t\t\t<\/div>\n\t\t\t\t<\/div>\n\t\t\t\t\t<\/div>\n\t\t<\/div>\n\t\t\t\t<div class=\"elementor-column elementor-col-66 elementor-top-column elementor-element elementor-element-ecb6f09\" data-id=\"ecb6f09\" data-element_type=\"column\" data-e-type=\"column\">\n\t\t\t<div class=\"elementor-widget-wrap elementor-element-populated\">\n\t\t\t\t\t\t<div class=\"elementor-element elementor-element-6982597 elementor-widget elementor-widget-text-editor\" data-id=\"6982597\" data-element_type=\"widget\" data-e-type=\"widget\" data-widget_type=\"text-editor.default\">\n\t\t\t\t<div class=\"elementor-widget-container\">\n\t\t\t\t\t\t\t\t\t<h5>N\u00daMERO 48<\/h5><h3>LAS REGLAS DEL JUEGO<\/h3><h6>FUERZAS ARMADAS Y DEMOCRACIA<\/h6><p><br \/>EL MUNDO ACTUAL SE CARACTERIZA POR LA UNIPOLARIDAD Y LA VIOLENCIA PREVENTIVA. EN ESTE ESCENARIO NUESTRA REGI\u00d3N SE MANTIENE COMO UN TERRITORIO DE PAZ, LIBRE DE CONFLICTOS B\u00c9LICOS. LOS PROCESOS DE INTEGRACI\u00d3N EN MARCHA ASEGURAN ESTE CAMINO Y SON LA MEJOR HERRAMIENTA PARA ASEGURAR LA SOBERAN\u00cdA Y LA INDEPENDENCIA.<\/p>\t\t\t\t\t\t\t\t<\/div>\n\t\t\t\t<\/div>\n\t\t\t\t<div class=\"elementor-element elementor-element-60af39c elementor-widget elementor-widget-button\" data-id=\"60af39c\" data-element_type=\"widget\" data-e-type=\"widget\" data-widget_type=\"button.default\">\n\t\t\t\t<div class=\"elementor-widget-container\">\n\t\t\t\t\t\t\t\t\t<div class=\"elementor-button-wrapper\">\n\t\t\t\t\t<a class=\"elementor-button elementor-button-link elementor-size-xs\" href=\"https:\/\/drive.google.com\/file\/d\/1E10u5oI-6cTdm9aMG9eCvMG34ThEAayK\/view\" target=\"_blank\">\n\t\t\t\t\t\t<span class=\"elementor-button-content-wrapper\">\n\t\t\t\t\t\t\t\t\t<span class=\"elementor-button-text\">Descarg\u00e1 el PDF<\/span>\n\t\t\t\t\t<\/span>\n\t\t\t\t\t<\/a>\n\t\t\t\t<\/div>\n\t\t\t\t\t\t\t\t<\/div>\n\t\t\t\t<\/div>\n\t\t\t\t\t<\/div>\n\t\t<\/div>\n\t\t\t\t\t<\/div>\n\t\t<\/section>\n\t\t\t\t<section class=\"elementor-section elementor-top-section elementor-element elementor-element-4389e3b elementor-section-boxed elementor-section-height-default elementor-section-height-default\" data-id=\"4389e3b\" data-element_type=\"section\" data-e-type=\"section\">\n\t\t\t\t\t\t<div class=\"elementor-container elementor-column-gap-default\">\n\t\t\t\t\t<div class=\"elementor-column elementor-col-100 elementor-top-column elementor-element elementor-element-5b901bc\" data-id=\"5b901bc\" data-element_type=\"column\" data-e-type=\"column\">\n\t\t\t<div class=\"elementor-widget-wrap elementor-element-populated\">\n\t\t\t\t\t\t<div class=\"elementor-element elementor-element-c0015fb elementor-grid-3 elementor-grid-tablet-2 elementor-grid-mobile-1 elementor-posts--align-left elementor-widget elementor-widget-blogmentor_blog_posts\" data-id=\"c0015fb\" data-element_type=\"widget\" data-e-type=\"widget\" data-settings=\"{&quot;bm_grid_columns&quot;:&quot;3&quot;,&quot;bm_grid_columns_tablet&quot;:&quot;2&quot;,&quot;bm_grid_columns_mobile&quot;:&quot;1&quot;,&quot;post_card_grid_gap&quot;:{&quot;unit&quot;:&quot;px&quot;,&quot;size&quot;:10,&quot;sizes&quot;:[]},&quot;post_card_row_gap&quot;:{&quot;unit&quot;:&quot;px&quot;,&quot;size&quot;:35,&quot;sizes&quot;:[]}}\" data-widget_type=\"blogmentor_blog_posts.default\">\n\t\t\t\t<div class=\"elementor-widget-container\">\n\t\t\t\t\t\t\t\n\t\t\t\t\t\t\t\t<div class=\"bm-blog-posts-wrapper\" >\n\t\t\t\t\t\t\t<div class=\"bm-blog-posts bm-display-grid elementor-grid elementor-grid-3\" >\n\t\t\t\t    <article id=\"post-12542\" class=\"item bm_layout post-12542 post type-post status-publish format-standard has-post-thumbnail hentry category-n-48 tag-abraham-leonardo-gak tag-cambio-de-paradigma tag-democracia tag-editorial tag-fuerzas-armadas\">\n\t\t<div class=\"bm-blog-post-image entry-post-image\">\n\t\t\t<div class=\"bm-post-image clearfix bm-hover-effect bm-hover-effect-blur\">\n\t\t\t\t<img decoding=\"async\" width=\"640\" height=\"407\" src=\"https:\/\/www.economicas.uba.ar\/extension\/vocesenelfenix\/wp-content\/uploads\/4800-Editorial.jpg\" class=\"attachment-large size-large wp-post-image\" alt=\"\" srcset=\"https:\/\/www.economicas.uba.ar\/extension\/vocesenelfenix\/wp-content\/uploads\/4800-Editorial.jpg 1080w, https:\/\/www.economicas.uba.ar\/extension\/vocesenelfenix\/wp-content\/uploads\/4800-Editorial-300x191.jpg 300w, https:\/\/www.economicas.uba.ar\/extension\/vocesenelfenix\/wp-content\/uploads\/4800-Editorial-768x489.jpg 768w\" sizes=\"(max-width: 640px) 100vw, 640px\" \/>\t\t\t<\/div>\n\t\t<\/div>\n        <div class=\"bm-blog-post-content bm_content_box\">\n            <h4 class=\"entry-post-title bm_title\"><a href=\"https:\/\/www.economicas.uba.ar\/extension\/vocesenelfenix\/editorial-el-cambio-de-paradigma\/\" rel=\"bookmark\">Editorial: El cambio de paradigma<\/a><\/h4>            <div class=\"bm-blog-post-meta entry-post-meta bm_meta\">\n                            <\/div>\n            <div class=\"entry-post-content bm_content\">\n                | Por Abraham Leonardo Gak |            <\/div>\n        <\/div>\n    <\/article>\n    <article id=\"post-12551\" class=\"item bm_layout post-12551 post type-post status-publish format-standard has-post-thumbnail hentry category-n-48 tag-defensa tag-democracia tag-estados-unidos-y-america-latina tag-fuerzas-armadas tag-juan-gabriel-tokatlian tag-seguridad\">\n\t\t<div class=\"bm-blog-post-image entry-post-image\">\n\t\t\t<div class=\"bm-post-image clearfix bm-hover-effect bm-hover-effect-blur\">\n\t\t\t\t<img decoding=\"async\" width=\"640\" height=\"430\" src=\"https:\/\/www.economicas.uba.ar\/extension\/vocesenelfenix\/wp-content\/uploads\/4801-Tokatlian.jpg\" class=\"attachment-large size-large wp-post-image\" alt=\"\" srcset=\"https:\/\/www.economicas.uba.ar\/extension\/vocesenelfenix\/wp-content\/uploads\/4801-Tokatlian.jpg 1080w, https:\/\/www.economicas.uba.ar\/extension\/vocesenelfenix\/wp-content\/uploads\/4801-Tokatlian-300x201.jpg 300w, https:\/\/www.economicas.uba.ar\/extension\/vocesenelfenix\/wp-content\/uploads\/4801-Tokatlian-768x516.jpg 768w\" sizes=\"(max-width: 640px) 100vw, 640px\" \/>\t\t\t<\/div>\n\t\t<\/div>\n        <div class=\"bm-blog-post-content bm_content_box\">\n            <h4 class=\"entry-post-title bm_title\"><a href=\"https:\/\/www.economicas.uba.ar\/extension\/vocesenelfenix\/el-lugar-de-la-seguridad-y-la-defensa-en-las-relaciones-entre-estados-unidos-y-america-latina\/\" rel=\"bookmark\">El lugar de la Seguridad y la Defensa en las relaciones entre Estados Unidos y Am\u00e9rica latina<\/a><\/h4>            <div class=\"bm-blog-post-meta entry-post-meta bm_meta\">\n                            <\/div>\n            <div class=\"entry-post-content bm_content\">\n                | Por Juan Gabriel Tokatli\u00e1n | Desde el final de la Guerra Fr\u00eda, Estados Unidos ha venido cambiando su estrategia de seguridad y defensa. A partir de estos cambios, se <div><a href=\"https:\/\/www.economicas.uba.ar\/extension\/vocesenelfenix\/el-lugar-de-la-seguridad-y-la-defensa-en-las-relaciones-entre-estados-unidos-y-america-latina\/\" rel=\"bookmark\" class=\"bm-read-more entry-read-more\">M\u00e1s \u00bb<\/a><div>            <\/div>\n        <\/div>\n    <\/article>\n    <article id=\"post-12557\" class=\"item bm_layout post-12557 post type-post status-publish format-standard has-post-thumbnail hentry category-n-48 tag-defensa tag-democracia tag-fuerzas-armadas tag-hector-saint-pierre tag-seguridad\">\n\t\t<div class=\"bm-blog-post-image entry-post-image\">\n\t\t\t<div class=\"bm-post-image clearfix bm-hover-effect bm-hover-effect-blur\">\n\t\t\t\t<img loading=\"lazy\" decoding=\"async\" width=\"640\" height=\"429\" src=\"https:\/\/www.economicas.uba.ar\/extension\/vocesenelfenix\/wp-content\/uploads\/4802-Saint-Pierre.jpg\" class=\"attachment-large size-large wp-post-image\" alt=\"\" srcset=\"https:\/\/www.economicas.uba.ar\/extension\/vocesenelfenix\/wp-content\/uploads\/4802-Saint-Pierre.jpg 1080w, https:\/\/www.economicas.uba.ar\/extension\/vocesenelfenix\/wp-content\/uploads\/4802-Saint-Pierre-300x201.jpg 300w, https:\/\/www.economicas.uba.ar\/extension\/vocesenelfenix\/wp-content\/uploads\/4802-Saint-Pierre-768x515.jpg 768w\" sizes=\"(max-width: 640px) 100vw, 640px\" \/>\t\t\t<\/div>\n\t\t<\/div>\n        <div class=\"bm-blog-post-content bm_content_box\">\n            <h4 class=\"entry-post-title bm_title\"><a href=\"https:\/\/www.economicas.uba.ar\/extension\/vocesenelfenix\/breve-reflexion-sobre-el-empleo-de-las-fuerzas-armadas\/\" rel=\"bookmark\">Breve reflexi\u00f3n sobre el empleo de las fuerzas armadas<\/a><\/h4>            <div class=\"bm-blog-post-meta entry-post-meta bm_meta\">\n                            <\/div>\n            <div class=\"entry-post-content bm_content\">\n                | Por H\u00e9ctor Saint-Pierre | El empleo de las Fuerzas Armadas en asuntos internos es una tentaci\u00f3n pol\u00edtica que suele aparecer con m\u00e1s fuerza en \u00e9pocas de campa\u00f1a electoral. En <div><a href=\"https:\/\/www.economicas.uba.ar\/extension\/vocesenelfenix\/breve-reflexion-sobre-el-empleo-de-las-fuerzas-armadas\/\" rel=\"bookmark\" class=\"bm-read-more entry-read-more\">M\u00e1s \u00bb<\/a><div>            <\/div>\n        <\/div>\n    <\/article>\n    <article id=\"post-12563\" class=\"item bm_layout post-12563 post type-post status-publish format-standard has-post-thumbnail hentry category-n-48 tag-batalla-cultural tag-democracia tag-ejercito tag-emmanuel-bonforti tag-fuerzas-armadas\">\n\t\t<div class=\"bm-blog-post-image entry-post-image\">\n\t\t\t<div class=\"bm-post-image clearfix bm-hover-effect bm-hover-effect-blur\">\n\t\t\t\t<img loading=\"lazy\" decoding=\"async\" width=\"640\" height=\"440\" src=\"https:\/\/www.economicas.uba.ar\/extension\/vocesenelfenix\/wp-content\/uploads\/4803-Bonforti.jpg\" class=\"attachment-large size-large wp-post-image\" alt=\"\" srcset=\"https:\/\/www.economicas.uba.ar\/extension\/vocesenelfenix\/wp-content\/uploads\/4803-Bonforti.jpg 1080w, https:\/\/www.economicas.uba.ar\/extension\/vocesenelfenix\/wp-content\/uploads\/4803-Bonforti-300x206.jpg 300w, https:\/\/www.economicas.uba.ar\/extension\/vocesenelfenix\/wp-content\/uploads\/4803-Bonforti-768x528.jpg 768w\" sizes=\"(max-width: 640px) 100vw, 640px\" \/>\t\t\t<\/div>\n\t\t<\/div>\n        <div class=\"bm-blog-post-content bm_content_box\">\n            <h4 class=\"entry-post-title bm_title\"><a href=\"https:\/\/www.economicas.uba.ar\/extension\/vocesenelfenix\/el-ejercito-una-institucion-en-disputa-critica-al-enfoque-liberal-es-posible-pensar-un-ejercito-con-convicciones-nacionales-y-populares\/\" rel=\"bookmark\">El Ej\u00e9rcito, una instituci\u00f3n en disputa. Cr\u00edtica al enfoque liberal. \u00bfEs posible pensar un Ej\u00e9rcito con convicciones nacionales y populares?<\/a><\/h4>            <div class=\"bm-blog-post-meta entry-post-meta bm_meta\">\n                            <\/div>\n            <div class=\"entry-post-content bm_content\">\n                | Por Emmanuel Bonforti | No existe cuesti\u00f3n nacional sin vinculaci\u00f3n con la cuesti\u00f3n social. A partir de esta definici\u00f3n, el Ej\u00e9rcito no debe ser analizado como estructura monol\u00edtica, ya <div><a href=\"https:\/\/www.economicas.uba.ar\/extension\/vocesenelfenix\/el-ejercito-una-institucion-en-disputa-critica-al-enfoque-liberal-es-posible-pensar-un-ejercito-con-convicciones-nacionales-y-populares\/\" rel=\"bookmark\" class=\"bm-read-more entry-read-more\">M\u00e1s \u00bb<\/a><div>            <\/div>\n        <\/div>\n    <\/article>\n    <article id=\"post-12569\" class=\"item bm_layout post-12569 post type-post status-publish format-standard has-post-thumbnail hentry category-n-48 tag-america-latina tag-defensa tag-democracia tag-fuerzas-armadas tag-paz-tibiletti\">\n\t\t<div class=\"bm-blog-post-image entry-post-image\">\n\t\t\t<div class=\"bm-post-image clearfix bm-hover-effect bm-hover-effect-blur\">\n\t\t\t\t<img loading=\"lazy\" decoding=\"async\" width=\"640\" height=\"449\" src=\"https:\/\/www.economicas.uba.ar\/extension\/vocesenelfenix\/wp-content\/uploads\/4804-Tibileti.jpg\" class=\"attachment-large size-large wp-post-image\" alt=\"\" srcset=\"https:\/\/www.economicas.uba.ar\/extension\/vocesenelfenix\/wp-content\/uploads\/4804-Tibileti.jpg 1080w, https:\/\/www.economicas.uba.ar\/extension\/vocesenelfenix\/wp-content\/uploads\/4804-Tibileti-300x211.jpg 300w, https:\/\/www.economicas.uba.ar\/extension\/vocesenelfenix\/wp-content\/uploads\/4804-Tibileti-768x539.jpg 768w\" sizes=\"(max-width: 640px) 100vw, 640px\" \/>\t\t\t<\/div>\n\t\t<\/div>\n        <div class=\"bm-blog-post-content bm_content_box\">\n            <h4 class=\"entry-post-title bm_title\"><a href=\"https:\/\/www.economicas.uba.ar\/extension\/vocesenelfenix\/los-cambios-en-el-area-de-defensa-fuerzas-armadas-democraticas-una-mirada-hacia-la-region\/\" rel=\"bookmark\">Los cambios en el \u00e1rea de Defensa. \u00bfFuerzas armadas democr\u00e1ticas? Una mirada hacia la regi\u00f3n<\/a><\/h4>            <div class=\"bm-blog-post-meta entry-post-meta bm_meta\">\n                            <\/div>\n            <div class=\"entry-post-content bm_content\">\n                | Por Paz Tibiletti | En las \u00faltimas d\u00e9cadas los gobiernos democr\u00e1ticos en Am\u00e9rica latina realizaron esfuerzos para gobernar tambi\u00e9n el \u00e1rea de Defensa. Se han producido en este marco <div><a href=\"https:\/\/www.economicas.uba.ar\/extension\/vocesenelfenix\/los-cambios-en-el-area-de-defensa-fuerzas-armadas-democraticas-una-mirada-hacia-la-region\/\" rel=\"bookmark\" class=\"bm-read-more entry-read-more\">M\u00e1s \u00bb<\/a><div>            <\/div>\n        <\/div>\n    <\/article>\n    <article id=\"post-12579\" class=\"item bm_layout post-12579 post type-post status-publish format-standard has-post-thumbnail hentry category-n-48 tag-alfredo-w-forti tag-defensa tag-democracia tag-fuerzas-armadas tag-unasur\">\n\t\t<div class=\"bm-blog-post-image entry-post-image\">\n\t\t\t<div class=\"bm-post-image clearfix bm-hover-effect bm-hover-effect-blur\">\n\t\t\t\t<img loading=\"lazy\" decoding=\"async\" width=\"640\" height=\"446\" src=\"https:\/\/www.economicas.uba.ar\/extension\/vocesenelfenix\/wp-content\/uploads\/4805-Forti.jpg\" class=\"attachment-large size-large wp-post-image\" alt=\"\" srcset=\"https:\/\/www.economicas.uba.ar\/extension\/vocesenelfenix\/wp-content\/uploads\/4805-Forti.jpg 1080w, https:\/\/www.economicas.uba.ar\/extension\/vocesenelfenix\/wp-content\/uploads\/4805-Forti-300x209.jpg 300w, https:\/\/www.economicas.uba.ar\/extension\/vocesenelfenix\/wp-content\/uploads\/4805-Forti-768x535.jpg 768w\" sizes=\"(max-width: 640px) 100vw, 640px\" \/>\t\t\t<\/div>\n\t\t<\/div>\n        <div class=\"bm-blog-post-content bm_content_box\">\n            <h4 class=\"entry-post-title bm_title\"><a href=\"https:\/\/www.economicas.uba.ar\/extension\/vocesenelfenix\/la-argentina-y-los-avances-hacia-una-vision-compartida-de-defensa-en-unasur\/\" rel=\"bookmark\">La Argentina y los avances hacia una visi\u00f3n compartida de defensa en Unasur<\/a><\/h4>            <div class=\"bm-blog-post-meta entry-post-meta bm_meta\">\n                            <\/div>\n            <div class=\"entry-post-content bm_content\">\n                | Por Alfredo W. Forti | La construcci\u00f3n de un esquema regional cooperativo en defensa debe pensarse como la cristalizaci\u00f3n en esta \u00e1rea de los actuales consensos, acuerdos, actividades y <div><a href=\"https:\/\/www.economicas.uba.ar\/extension\/vocesenelfenix\/la-argentina-y-los-avances-hacia-una-vision-compartida-de-defensa-en-unasur\/\" rel=\"bookmark\" class=\"bm-read-more entry-read-more\">M\u00e1s \u00bb<\/a><div>            <\/div>\n        <\/div>\n    <\/article>\n    <article id=\"post-12588\" class=\"item bm_layout post-12588 post type-post status-publish format-standard has-post-thumbnail hentry category-n-48 tag-defensa tag-democracia tag-dora-barrancos tag-equidad tag-fuerzas-armadas tag-genero\">\n\t\t<div class=\"bm-blog-post-image entry-post-image\">\n\t\t\t<div class=\"bm-post-image clearfix bm-hover-effect bm-hover-effect-blur\">\n\t\t\t\t<img loading=\"lazy\" decoding=\"async\" width=\"640\" height=\"430\" src=\"https:\/\/www.economicas.uba.ar\/extension\/vocesenelfenix\/wp-content\/uploads\/4806-Barrancos.jpg\" class=\"attachment-large size-large wp-post-image\" alt=\"\" srcset=\"https:\/\/www.economicas.uba.ar\/extension\/vocesenelfenix\/wp-content\/uploads\/4806-Barrancos.jpg 1080w, https:\/\/www.economicas.uba.ar\/extension\/vocesenelfenix\/wp-content\/uploads\/4806-Barrancos-300x201.jpg 300w, https:\/\/www.economicas.uba.ar\/extension\/vocesenelfenix\/wp-content\/uploads\/4806-Barrancos-768x516.jpg 768w\" sizes=\"(max-width: 640px) 100vw, 640px\" \/>\t\t\t<\/div>\n\t\t<\/div>\n        <div class=\"bm-blog-post-content bm_content_box\">\n            <h4 class=\"entry-post-title bm_title\"><a href=\"https:\/\/www.economicas.uba.ar\/extension\/vocesenelfenix\/relaciones-de-genero-en-el-ambito-de-defensa-el-camino-hacia-la-equidad\/\" rel=\"bookmark\">Relaciones de g\u00e9nero en el \u00e1mbito de Defensa: el camino hacia la equidad<\/a><\/h4>            <div class=\"bm-blog-post-meta entry-post-meta bm_meta\">\n                            <\/div>\n            <div class=\"entry-post-content bm_content\">\n                | Por Dora Barrancos | Si bien el siglo XX se caracteriz\u00f3 por un creciente reconocimiento de los derechos de las mujeres, en el \u00e1mbito de la defensa este proceso <div><a href=\"https:\/\/www.economicas.uba.ar\/extension\/vocesenelfenix\/relaciones-de-genero-en-el-ambito-de-defensa-el-camino-hacia-la-equidad\/\" rel=\"bookmark\" class=\"bm-read-more entry-read-more\">M\u00e1s \u00bb<\/a><div>            <\/div>\n        <\/div>\n    <\/article>\n    <article id=\"post-12594\" class=\"item bm_layout post-12594 post type-post status-publish format-standard has-post-thumbnail hentry category-n-48 tag-carlos-de-la-vega tag-defensa tag-democracia tag-desarrollo tag-fuerzas-armadas tag-mirta-iriondo\">\n\t\t<div class=\"bm-blog-post-image entry-post-image\">\n\t\t\t<div class=\"bm-post-image clearfix bm-hover-effect bm-hover-effect-blur\">\n\t\t\t\t<img loading=\"lazy\" decoding=\"async\" width=\"640\" height=\"431\" src=\"https:\/\/www.economicas.uba.ar\/extension\/vocesenelfenix\/wp-content\/uploads\/4807-Iriondo.jpg\" class=\"attachment-large size-large wp-post-image\" alt=\"\" srcset=\"https:\/\/www.economicas.uba.ar\/extension\/vocesenelfenix\/wp-content\/uploads\/4807-Iriondo.jpg 1080w, https:\/\/www.economicas.uba.ar\/extension\/vocesenelfenix\/wp-content\/uploads\/4807-Iriondo-300x202.jpg 300w, https:\/\/www.economicas.uba.ar\/extension\/vocesenelfenix\/wp-content\/uploads\/4807-Iriondo-768x518.jpg 768w\" sizes=\"(max-width: 640px) 100vw, 640px\" \/>\t\t\t<\/div>\n\t\t<\/div>\n        <div class=\"bm-blog-post-content bm_content_box\">\n            <h4 class=\"entry-post-title bm_title\"><a href=\"https:\/\/www.economicas.uba.ar\/extension\/vocesenelfenix\/defensa-conduccion-politica-y-desarrollo\/\" rel=\"bookmark\">Defensa, conducci\u00f3n pol\u00edtica y desarrollo<\/a><\/h4>            <div class=\"bm-blog-post-meta entry-post-meta bm_meta\">\n                            <\/div>\n            <div class=\"entry-post-content bm_content\">\n                | Por Mirta Iriondo y Carlos de la Vega | La defensa es un bien p\u00fablico y como tal es una responsabilidad primordial del Estado proporcionarla. En el mundo actual, <div><a href=\"https:\/\/www.economicas.uba.ar\/extension\/vocesenelfenix\/defensa-conduccion-politica-y-desarrollo\/\" rel=\"bookmark\" class=\"bm-read-more entry-read-more\">M\u00e1s \u00bb<\/a><div>            <\/div>\n        <\/div>\n    <\/article>\n    <article id=\"post-12600\" class=\"item bm_layout post-12600 post type-post status-publish format-standard has-post-thumbnail hentry category-n-48 tag-bolivia tag-democracia tag-fuerzas-armadas tag-izquierda tag-loreta-telleria-escobar tag-posneoliberalismo tag-progresismo\">\n\t\t<div class=\"bm-blog-post-image entry-post-image\">\n\t\t\t<div class=\"bm-post-image clearfix bm-hover-effect bm-hover-effect-blur\">\n\t\t\t\t<img loading=\"lazy\" decoding=\"async\" width=\"640\" height=\"431\" src=\"https:\/\/www.economicas.uba.ar\/extension\/vocesenelfenix\/wp-content\/uploads\/4808-Telleria.jpg\" class=\"attachment-large size-large wp-post-image\" alt=\"\" srcset=\"https:\/\/www.economicas.uba.ar\/extension\/vocesenelfenix\/wp-content\/uploads\/4808-Telleria.jpg 1080w, https:\/\/www.economicas.uba.ar\/extension\/vocesenelfenix\/wp-content\/uploads\/4808-Telleria-300x202.jpg 300w, https:\/\/www.economicas.uba.ar\/extension\/vocesenelfenix\/wp-content\/uploads\/4808-Telleria-768x518.jpg 768w\" sizes=\"(max-width: 640px) 100vw, 640px\" \/>\t\t\t<\/div>\n\t\t<\/div>\n        <div class=\"bm-blog-post-content bm_content_box\">\n            <h4 class=\"entry-post-title bm_title\"><a href=\"https:\/\/www.economicas.uba.ar\/extension\/vocesenelfenix\/posneoliberalismo-y-fuerzas-armadas-en-bolivia\/\" rel=\"bookmark\">Posneoliberalismo y fuerzas armadas en Bolivia<\/a><\/h4>            <div class=\"bm-blog-post-meta entry-post-meta bm_meta\">\n                            <\/div>\n            <div class=\"entry-post-content bm_content\">\n                | Por Loreta Telleria Escobar | La emergencia de gobiernos de izquierda o progresistas en Latinoam\u00e9rica supuso la aplicaci\u00f3n de reformas importantes con el objetivo manifiesto de superar el modelo <div><a href=\"https:\/\/www.economicas.uba.ar\/extension\/vocesenelfenix\/posneoliberalismo-y-fuerzas-armadas-en-bolivia\/\" rel=\"bookmark\" class=\"bm-read-more entry-read-more\">M\u00e1s \u00bb<\/a><div>            <\/div>\n        <\/div>\n    <\/article>\n    <article id=\"post-12607\" class=\"item bm_layout post-12607 post type-post status-publish format-standard has-post-thumbnail hentry category-n-48 tag-democracia tag-formacion-de-militares tag-fuerzas-armadas tag-sabina-frederic\">\n\t\t<div class=\"bm-blog-post-image entry-post-image\">\n\t\t\t<div class=\"bm-post-image clearfix bm-hover-effect bm-hover-effect-blur\">\n\t\t\t\t<img loading=\"lazy\" decoding=\"async\" width=\"640\" height=\"430\" src=\"https:\/\/www.economicas.uba.ar\/extension\/vocesenelfenix\/wp-content\/uploads\/4809-Frederic.jpg\" class=\"attachment-large size-large wp-post-image\" alt=\"\" srcset=\"https:\/\/www.economicas.uba.ar\/extension\/vocesenelfenix\/wp-content\/uploads\/4809-Frederic.jpg 1080w, https:\/\/www.economicas.uba.ar\/extension\/vocesenelfenix\/wp-content\/uploads\/4809-Frederic-300x201.jpg 300w, https:\/\/www.economicas.uba.ar\/extension\/vocesenelfenix\/wp-content\/uploads\/4809-Frederic-768x516.jpg 768w\" sizes=\"(max-width: 640px) 100vw, 640px\" \/>\t\t\t<\/div>\n\t\t<\/div>\n        <div class=\"bm-blog-post-content bm_content_box\">\n            <h4 class=\"entry-post-title bm_title\"><a href=\"https:\/\/www.economicas.uba.ar\/extension\/vocesenelfenix\/la-formacion-de-los-militares-argentinos-en-democracia-panorama-y-desafios-futuros\/\" rel=\"bookmark\">La formaci\u00f3n de los militares argentinos en democracia: panorama y desaf\u00edos futuros<\/a><\/h4>            <div class=\"bm-blog-post-meta entry-post-meta bm_meta\">\n                            <\/div>\n            <div class=\"entry-post-content bm_content\">\n                | Por Sabina Frederic | En los \u00faltimos 30 a\u00f1os la formaci\u00f3n de los militares argentinos sufri\u00f3 importantes cambios. El concepto de esta reforma fue integrar la formaci\u00f3n universitaria con <div><a href=\"https:\/\/www.economicas.uba.ar\/extension\/vocesenelfenix\/la-formacion-de-los-militares-argentinos-en-democracia-panorama-y-desafios-futuros\/\" rel=\"bookmark\" class=\"bm-read-more entry-read-more\">M\u00e1s \u00bb<\/a><div>            <\/div>\n        <\/div>\n    <\/article>\n    <article id=\"post-12614\" class=\"item bm_layout post-12614 post type-post status-publish format-standard has-post-thumbnail hentry category-n-48 tag-democracia tag-ejercito-argentino-1990-2010 tag-fuerzas-armadas tag-maximo-badaro\">\n\t\t<div class=\"bm-blog-post-image entry-post-image\">\n\t\t\t<div class=\"bm-post-image clearfix bm-hover-effect bm-hover-effect-blur\">\n\t\t\t\t<img loading=\"lazy\" decoding=\"async\" width=\"640\" height=\"403\" src=\"https:\/\/www.economicas.uba.ar\/extension\/vocesenelfenix\/wp-content\/uploads\/4810-Badaro.jpg\" class=\"attachment-large size-large wp-post-image\" alt=\"\" srcset=\"https:\/\/www.economicas.uba.ar\/extension\/vocesenelfenix\/wp-content\/uploads\/4810-Badaro.jpg 1080w, https:\/\/www.economicas.uba.ar\/extension\/vocesenelfenix\/wp-content\/uploads\/4810-Badaro-300x189.jpg 300w, https:\/\/www.economicas.uba.ar\/extension\/vocesenelfenix\/wp-content\/uploads\/4810-Badaro-768x484.jpg 768w\" sizes=\"(max-width: 640px) 100vw, 640px\" \/>\t\t\t<\/div>\n\t\t<\/div>\n        <div class=\"bm-blog-post-content bm_content_box\">\n            <h4 class=\"entry-post-title bm_title\"><a href=\"https:\/\/www.economicas.uba.ar\/extension\/vocesenelfenix\/dentro-y-fuera-del-cuartel-transformaciones-en-la-vida-cotidiana-del-ejercito-argentino-1990-2010\/\" rel=\"bookmark\">Dentro y fuera del cuartel: transformaciones en la vida cotidiana del Ej\u00e9rcito Argentino (1990-2010)<\/a><\/h4>            <div class=\"bm-blog-post-meta entry-post-meta bm_meta\">\n                            <\/div>\n            <div class=\"entry-post-content bm_content\">\n                | Por M\u00e1ximo Badar\u00f3 | Entre la \u00faltima d\u00e9cada del siglo XX y la primera del XXI se registraron importantes cambios tanto en la organizaci\u00f3n e infraestructura como en las <div><a href=\"https:\/\/www.economicas.uba.ar\/extension\/vocesenelfenix\/dentro-y-fuera-del-cuartel-transformaciones-en-la-vida-cotidiana-del-ejercito-argentino-1990-2010\/\" rel=\"bookmark\" class=\"bm-read-more entry-read-more\">M\u00e1s \u00bb<\/a><div>            <\/div>\n        <\/div>\n    <\/article>\n    <article id=\"post-12621\" class=\"item bm_layout post-12621 post type-post status-publish format-standard has-post-thumbnail hentry category-n-48 tag-democracia tag-fuerzas-armadas tag-justicia tag-memoria tag-natalia-federman tag-verdad\">\n\t\t<div class=\"bm-blog-post-image entry-post-image\">\n\t\t\t<div class=\"bm-post-image clearfix bm-hover-effect bm-hover-effect-blur\">\n\t\t\t\t<img loading=\"lazy\" decoding=\"async\" width=\"640\" height=\"475\" src=\"https:\/\/www.economicas.uba.ar\/extension\/vocesenelfenix\/wp-content\/uploads\/4811-Federman.jpg\" class=\"attachment-large size-large wp-post-image\" alt=\"\" srcset=\"https:\/\/www.economicas.uba.ar\/extension\/vocesenelfenix\/wp-content\/uploads\/4811-Federman.jpg 1080w, https:\/\/www.economicas.uba.ar\/extension\/vocesenelfenix\/wp-content\/uploads\/4811-Federman-300x223.jpg 300w, https:\/\/www.economicas.uba.ar\/extension\/vocesenelfenix\/wp-content\/uploads\/4811-Federman-768x570.jpg 768w\" sizes=\"(max-width: 640px) 100vw, 640px\" \/>\t\t\t<\/div>\n\t\t<\/div>\n        <div class=\"bm-blog-post-content bm_content_box\">\n            <h4 class=\"entry-post-title bm_title\"><a href=\"https:\/\/www.economicas.uba.ar\/extension\/vocesenelfenix\/la-politica-de-archivos-de-las-ff-aa-en-el-proceso-de-memoria-verdad-y-justicia\/\" rel=\"bookmark\">La pol\u00edtica de archivos de las FF.AA. en el proceso de memoria, verdad y justicia<\/a><\/h4>            <div class=\"bm-blog-post-meta entry-post-meta bm_meta\">\n                            <\/div>\n            <div class=\"entry-post-content bm_content\">\n                | Por Natalia Federman | La conducci\u00f3n civil de las FF.AA. implementada desde el 2010 fue acompa\u00f1ada por una pol\u00edtica de memoria, verdad y justicia espec\u00edfica para el sector. As\u00ed, <div><a href=\"https:\/\/www.economicas.uba.ar\/extension\/vocesenelfenix\/la-politica-de-archivos-de-las-ff-aa-en-el-proceso-de-memoria-verdad-y-justicia\/\" rel=\"bookmark\" class=\"bm-read-more entry-read-more\">M\u00e1s \u00bb<\/a><div>            <\/div>\n        <\/div>\n    <\/article>\n    <article id=\"post-12628\" class=\"item bm_layout post-12628 post type-post status-publish format-standard has-post-thumbnail hentry category-n-48 tag-democracia tag-derechos-humanos tag-fuerzas-armadas tag-ileana-arduino tag-justicia-militar\">\n\t\t<div class=\"bm-blog-post-image entry-post-image\">\n\t\t\t<div class=\"bm-post-image clearfix bm-hover-effect bm-hover-effect-blur\">\n\t\t\t\t<img loading=\"lazy\" decoding=\"async\" width=\"640\" height=\"488\" src=\"https:\/\/www.economicas.uba.ar\/extension\/vocesenelfenix\/wp-content\/uploads\/4812-Arduino.jpg\" class=\"attachment-large size-large wp-post-image\" alt=\"\" srcset=\"https:\/\/www.economicas.uba.ar\/extension\/vocesenelfenix\/wp-content\/uploads\/4812-Arduino.jpg 1080w, https:\/\/www.economicas.uba.ar\/extension\/vocesenelfenix\/wp-content\/uploads\/4812-Arduino-300x229.jpg 300w, https:\/\/www.economicas.uba.ar\/extension\/vocesenelfenix\/wp-content\/uploads\/4812-Arduino-768x585.jpg 768w\" sizes=\"(max-width: 640px) 100vw, 640px\" \/>\t\t\t<\/div>\n\t\t<\/div>\n        <div class=\"bm-blog-post-content bm_content_box\">\n            <h4 class=\"entry-post-title bm_title\"><a href=\"https:\/\/www.economicas.uba.ar\/extension\/vocesenelfenix\/la-reforma-del-sistema-de-justicia-militar-una-politica-publica-de-derechos-humanos-para-las-fuerzas-armadas\/\" rel=\"bookmark\">La reforma del sistema de justicia militar: una pol\u00edtica p\u00fablica de derechos humanos para las Fuerzas Armadas<\/a><\/h4>            <div class=\"bm-blog-post-meta entry-post-meta bm_meta\">\n                            <\/div>\n            <div class=\"entry-post-content bm_content\">\n                | Por Ileana Arduino | Con el retorno democr\u00e1tico en el a\u00f1o 1983 la cuesti\u00f3n de la jurisdicci\u00f3n militar adquiere relevancia pol\u00edtica. A partir de all\u00ed y a lo largo <div><a href=\"https:\/\/www.economicas.uba.ar\/extension\/vocesenelfenix\/la-reforma-del-sistema-de-justicia-militar-una-politica-publica-de-derechos-humanos-para-las-fuerzas-armadas\/\" rel=\"bookmark\" class=\"bm-read-more entry-read-more\">M\u00e1s \u00bb<\/a><div>            <\/div>\n        <\/div>\n    <\/article>\n    <article id=\"post-12635\" class=\"item bm_layout post-12635 post type-post status-publish format-standard has-post-thumbnail hentry category-n-48 tag-democracia tag-fuerzas-armadas tag-luciano-anzelini tag-seguridad-internacional\">\n\t\t<div class=\"bm-blog-post-image entry-post-image\">\n\t\t\t<div class=\"bm-post-image clearfix bm-hover-effect bm-hover-effect-blur\">\n\t\t\t\t<img loading=\"lazy\" decoding=\"async\" width=\"640\" height=\"431\" src=\"https:\/\/www.economicas.uba.ar\/extension\/vocesenelfenix\/wp-content\/uploads\/4813-Anzelmi.jpg\" class=\"attachment-large size-large wp-post-image\" alt=\"\" srcset=\"https:\/\/www.economicas.uba.ar\/extension\/vocesenelfenix\/wp-content\/uploads\/4813-Anzelmi.jpg 1080w, https:\/\/www.economicas.uba.ar\/extension\/vocesenelfenix\/wp-content\/uploads\/4813-Anzelmi-300x202.jpg 300w, https:\/\/www.economicas.uba.ar\/extension\/vocesenelfenix\/wp-content\/uploads\/4813-Anzelmi-768x517.jpg 768w\" sizes=\"(max-width: 640px) 100vw, 640px\" \/>\t\t\t<\/div>\n\t\t<\/div>\n        <div class=\"bm-blog-post-content bm_content_box\">\n            <h4 class=\"entry-post-title bm_title\"><a href=\"https:\/\/www.economicas.uba.ar\/extension\/vocesenelfenix\/autonomia-heterodoxa-y-seguridad-internacional-apuntes-estrategicos-para-el-caso-argentino\/\" rel=\"bookmark\">\u201cAutonom\u00eda heterodoxa\u201d y seguridad internacional: apuntes estrat\u00e9gicos para el caso argentino<\/a><\/h4>            <div class=\"bm-blog-post-meta entry-post-meta bm_meta\">\n                            <\/div>\n            <div class=\"entry-post-content bm_content\">\n                | Por Luciano Anzelini | La Argentina tiene una extensa tradici\u00f3n de aportes a la seguridad regional, lo que le permiti\u00f3 desarrollar su estrategia de restricci\u00f3n y colaboraci\u00f3n en su <div><a href=\"https:\/\/www.economicas.uba.ar\/extension\/vocesenelfenix\/autonomia-heterodoxa-y-seguridad-internacional-apuntes-estrategicos-para-el-caso-argentino\/\" rel=\"bookmark\" class=\"bm-read-more entry-read-more\">M\u00e1s \u00bb<\/a><div>            <\/div>\n        <\/div>\n    <\/article>\n\t\t\t\t<\/div><\/div>\n\t\t\t\t\t\t\t\t<\/div>\n\t\t\t\t<\/div>\n\t\t\t\t\t<\/div>\n\t\t<\/div>\n\t\t\t\t\t<\/div>\n\t\t<\/section>\n\t\t\t\t<section class=\"elementor-section elementor-top-section elementor-element elementor-element-bbf8720 elementor-section-boxed elementor-section-height-default elementor-section-height-default\" data-id=\"bbf8720\" data-element_type=\"section\" data-e-type=\"section\" data-settings=\"{&quot;background_background&quot;:&quot;classic&quot;}\">\n\t\t\t\t\t\t<div class=\"elementor-container elementor-column-gap-default\">\n\t\t\t\t\t<div class=\"elementor-column elementor-col-100 elementor-top-column elementor-element elementor-element-fd7bcc7\" data-id=\"fd7bcc7\" data-element_type=\"column\" data-e-type=\"column\">\n\t\t\t<div class=\"elementor-widget-wrap elementor-element-populated\">\n\t\t\t\t\t\t<div class=\"elementor-element elementor-element-8d40cb9 elementor-widget elementor-widget-text-editor\" data-id=\"8d40cb9\" data-element_type=\"widget\" data-e-type=\"widget\" data-widget_type=\"text-editor.default\">\n\t\t\t\t<div class=\"elementor-widget-container\">\n\t\t\t\t\t\t\t\t\t<iframe width=\"560\" height=\"315\" src=\"https:\/\/www.youtube.com\/embed\/videoseries?list=PLeYdj9X0_ljlnIcqrZ-Qqk5tmR8lI4ZDA\" title=\"YouTube video player\" frameborder=\"0\" allow=\"accelerometer; autoplay; clipboard-write; encrypted-media; gyroscope; picture-in-picture\" allowfullscreen><\/iframe>\t\t\t\t\t\t\t\t<\/div>\n\t\t\t\t<\/div>\n\t\t\t\t\t<\/div>\n\t\t<\/div>\n\t\t\t\t\t<\/div>\n\t\t<\/section>\n\t\t\t\t<\/div>\n\t\t","protected":false},"excerpt":{"rendered":"<p>N\u00daMERO 48 LAS REGLAS DEL JUEGO FUERZAS ARMADAS Y DEMOCRACIA EL MUNDO ACTUAL SE CARACTERIZA POR LA UNIPOLARIDAD Y LA VIOLENCIA PREVENTIVA. EN ESTE ESCENARIO NUESTRA REGI\u00d3N SE MANTIENE COMO<\/p>\n","protected":false},"author":5,"featured_media":0,"parent":0,"menu_order":0,"comment_status":"closed","ping_status":"closed","template":"","meta":{"footnotes":""},"class_list":["post-12534","page","type-page","status-publish","hentry"],"_links":{"self":[{"href":"https:\/\/www.economicas.uba.ar\/extension\/vocesenelfenix\/wp-json\/wp\/v2\/pages\/12534","targetHints":{"allow":["GET"]}}],"collection":[{"href":"https:\/\/www.economicas.uba.ar\/extension\/vocesenelfenix\/wp-json\/wp\/v2\/pages"}],"about":[{"href":"https:\/\/www.economicas.uba.ar\/extension\/vocesenelfenix\/wp-json\/wp\/v2\/types\/page"}],"author":[{"embeddable":true,"href":"https:\/\/www.economicas.uba.ar\/extension\/vocesenelfenix\/wp-json\/wp\/v2\/users\/5"}],"replies":[{"embeddable":true,"href":"https:\/\/www.economicas.uba.ar\/extension\/vocesenelfenix\/wp-json\/wp\/v2\/comments?post=12534"}],"version-history":[{"count":10,"href":"https:\/\/www.economicas.uba.ar\/extension\/vocesenelfenix\/wp-json\/wp\/v2\/pages\/12534\/revisions"}],"predecessor-version":[{"id":12550,"href":"https:\/\/www.economicas.uba.ar\/extension\/vocesenelfenix\/wp-json\/wp\/v2\/pages\/12534\/revisions\/12550"}],"wp:attachment":[{"href":"https:\/\/www.economicas.uba.ar\/extension\/vocesenelfenix\/wp-json\/wp\/v2\/media?parent=12534"}],"curies":[{"name":"wp","href":"https:\/\/api.w.org\/{rel}","templated":true}]}}