{"id":12646,"date":"2015-08-01T00:01:00","date_gmt":"2015-08-01T03:01:00","guid":{"rendered":"https:\/\/www.economicas.uba.ar\/extension\/vocesenelfenix\/?page_id=12646"},"modified":"2022-06-29T12:55:12","modified_gmt":"2022-06-29T15:55:12","slug":"numero-47","status":"publish","type":"page","link":"https:\/\/www.economicas.uba.ar\/extension\/vocesenelfenix\/numero-47\/","title":{"rendered":"N\u00famero 47"},"content":{"rendered":"\t\t<div data-elementor-type=\"wp-page\" data-elementor-id=\"12646\" class=\"elementor elementor-12646\" data-elementor-post-type=\"page\">\n\t\t\t\t\t\t<section class=\"elementor-section elementor-top-section elementor-element elementor-element-2830280 elementor-section-boxed elementor-section-height-default elementor-section-height-default\" data-id=\"2830280\" data-element_type=\"section\" data-e-type=\"section\" data-settings=\"{&quot;background_background&quot;:&quot;classic&quot;}\">\n\t\t\t\t\t\t<div class=\"elementor-container elementor-column-gap-default\">\n\t\t\t\t\t<div class=\"elementor-column elementor-col-33 elementor-top-column elementor-element elementor-element-50175c4\" data-id=\"50175c4\" data-element_type=\"column\" data-e-type=\"column\">\n\t\t\t<div class=\"elementor-widget-wrap elementor-element-populated\">\n\t\t\t\t\t\t<div class=\"elementor-element elementor-element-c7b6e77 elementor-widget elementor-widget-image\" data-id=\"c7b6e77\" data-element_type=\"widget\" data-e-type=\"widget\" data-widget_type=\"image.default\">\n\t\t\t\t<div class=\"elementor-widget-container\">\n\t\t\t\t\t\t\t\t\t\t\t\t\t\t\t\t<a href=\"https:\/\/drive.google.com\/file\/d\/1f4ERzvfhOQM9SNOwlVWRig5kaNgYZ6yD\/view?usp=sharing\" target=\"_blank\">\n\t\t\t\t\t\t\t<img fetchpriority=\"high\" decoding=\"async\" width=\"193\" height=\"267\" src=\"https:\/\/www.economicas.uba.ar\/extension\/vocesenelfenix\/wp-content\/uploads\/tapa47.jpg\" class=\"attachment-large size-large wp-image-1915\" alt=\"\" \/>\t\t\t\t\t\t\t\t<\/a>\n\t\t\t\t\t\t\t\t\t\t\t\t\t\t\t<\/div>\n\t\t\t\t<\/div>\n\t\t\t\t\t<\/div>\n\t\t<\/div>\n\t\t\t\t<div class=\"elementor-column elementor-col-66 elementor-top-column elementor-element elementor-element-682c27f\" data-id=\"682c27f\" data-element_type=\"column\" data-e-type=\"column\">\n\t\t\t<div class=\"elementor-widget-wrap elementor-element-populated\">\n\t\t\t\t\t\t<div class=\"elementor-element elementor-element-9dca7e6 elementor-widget elementor-widget-text-editor\" data-id=\"9dca7e6\" data-element_type=\"widget\" data-e-type=\"widget\" data-widget_type=\"text-editor.default\">\n\t\t\t\t<div class=\"elementor-widget-container\">\n\t\t\t\t\t\t\t\t\t<h5>N\u00daMERO 47<\/h5><h3>BUENOS AIRES VICEVERSA<\/h3><h6>PROBLEMAS URBANOS<\/h6><p><br \/>EL CRECIMIENTO ACELERADO DE LAS CIUDADES PONE EN JAQUE A SU INFRAESTRUCTURA E INCREMENTA LAS DESIGUALDADES. LA CABA NO ES UN ESPACIO DONDE TODOS PUEDAN DESARROLLAR UNA VIDA DIGNA Y VA PERDIENDO SU IDENTIDAD. SE TORNA URGENTE REINVENTAR LAS RELACIONES DE LA POBLACI\u00d3N CON SU ENTORNO. \u00bfES POSIBLE PENSAR UNA NUEVA URBANIDAD INTEGRADORA Y UNA CIUDAD HABITABLE?<\/p>\t\t\t\t\t\t\t\t<\/div>\n\t\t\t\t<\/div>\n\t\t\t\t<div class=\"elementor-element elementor-element-4118016 elementor-widget elementor-widget-button\" data-id=\"4118016\" data-element_type=\"widget\" data-e-type=\"widget\" data-widget_type=\"button.default\">\n\t\t\t\t<div class=\"elementor-widget-container\">\n\t\t\t\t\t\t\t\t\t<div class=\"elementor-button-wrapper\">\n\t\t\t\t\t<a class=\"elementor-button elementor-button-link elementor-size-xs\" href=\"https:\/\/drive.google.com\/file\/d\/1f4ERzvfhOQM9SNOwlVWRig5kaNgYZ6yD\/view?usp=sharing\" target=\"_blank\">\n\t\t\t\t\t\t<span class=\"elementor-button-content-wrapper\">\n\t\t\t\t\t\t\t\t\t<span class=\"elementor-button-text\">Descarg\u00e1 el PDF<\/span>\n\t\t\t\t\t<\/span>\n\t\t\t\t\t<\/a>\n\t\t\t\t<\/div>\n\t\t\t\t\t\t\t\t<\/div>\n\t\t\t\t<\/div>\n\t\t\t\t\t<\/div>\n\t\t<\/div>\n\t\t\t\t\t<\/div>\n\t\t<\/section>\n\t\t\t\t<section class=\"elementor-section elementor-top-section elementor-element elementor-element-ade2a92 elementor-section-boxed elementor-section-height-default elementor-section-height-default\" data-id=\"ade2a92\" data-element_type=\"section\" data-e-type=\"section\">\n\t\t\t\t\t\t<div class=\"elementor-container elementor-column-gap-default\">\n\t\t\t\t\t<div class=\"elementor-column elementor-col-100 elementor-top-column elementor-element elementor-element-7822815\" data-id=\"7822815\" data-element_type=\"column\" data-e-type=\"column\">\n\t\t\t<div class=\"elementor-widget-wrap elementor-element-populated\">\n\t\t\t\t\t\t<div class=\"elementor-element elementor-element-303d07c elementor-grid-3 elementor-grid-tablet-2 elementor-grid-mobile-1 elementor-posts--align-left elementor-widget elementor-widget-blogmentor_blog_posts\" data-id=\"303d07c\" data-element_type=\"widget\" data-e-type=\"widget\" data-settings=\"{&quot;bm_grid_columns&quot;:&quot;3&quot;,&quot;bm_grid_columns_tablet&quot;:&quot;2&quot;,&quot;bm_grid_columns_mobile&quot;:&quot;1&quot;,&quot;post_card_grid_gap&quot;:{&quot;unit&quot;:&quot;px&quot;,&quot;size&quot;:10,&quot;sizes&quot;:[]},&quot;post_card_row_gap&quot;:{&quot;unit&quot;:&quot;px&quot;,&quot;size&quot;:35,&quot;sizes&quot;:[]}}\" data-widget_type=\"blogmentor_blog_posts.default\">\n\t\t\t\t<div class=\"elementor-widget-container\">\n\t\t\t\t\t\t\t\n\t\t\t\t\t\t\t\t<div class=\"bm-blog-posts-wrapper\" >\n\t\t\t\t\t\t\t<div class=\"bm-blog-posts bm-display-grid elementor-grid elementor-grid-3\" >\n\t\t\t\t    <article id=\"post-12654\" class=\"item bm_layout post-12654 post type-post status-publish format-standard has-post-thumbnail hentry category-n-47 tag-abraham-leonardo-gak tag-ciudad tag-editorial tag-problemas-urbanos\">\n\t\t<div class=\"bm-blog-post-image entry-post-image\">\n\t\t\t<div class=\"bm-post-image clearfix bm-hover-effect bm-hover-effect-blur\">\n\t\t\t\t<img decoding=\"async\" width=\"640\" height=\"418\" src=\"https:\/\/www.economicas.uba.ar\/extension\/vocesenelfenix\/wp-content\/uploads\/4700-Editorial.jpg\" class=\"attachment-large size-large wp-post-image\" alt=\"\" srcset=\"https:\/\/www.economicas.uba.ar\/extension\/vocesenelfenix\/wp-content\/uploads\/4700-Editorial.jpg 1080w, https:\/\/www.economicas.uba.ar\/extension\/vocesenelfenix\/wp-content\/uploads\/4700-Editorial-300x196.jpg 300w, https:\/\/www.economicas.uba.ar\/extension\/vocesenelfenix\/wp-content\/uploads\/4700-Editorial-768x502.jpg 768w\" sizes=\"(max-width: 640px) 100vw, 640px\" \/>\t\t\t<\/div>\n\t\t<\/div>\n        <div class=\"bm-blog-post-content bm_content_box\">\n            <h4 class=\"entry-post-title bm_title\"><a href=\"https:\/\/www.economicas.uba.ar\/extension\/vocesenelfenix\/editorial-la-ciudad-de-los-otros-2\/\" rel=\"bookmark\">Editorial: La ciudad de los otros<\/a><\/h4>            <div class=\"bm-blog-post-meta entry-post-meta bm_meta\">\n                            <\/div>\n            <div class=\"entry-post-content bm_content\">\n                | Por Abraham Leonardo Gak |            <\/div>\n        <\/div>\n    <\/article>\n    <article id=\"post-12663\" class=\"item bm_layout post-12663 post type-post status-publish format-standard has-post-thumbnail hentry category-n-47 tag-ciudad tag-horacio-a-feinstein tag-prefacio tag-problemas-urbanos\">\n\t\t<div class=\"bm-blog-post-image entry-post-image\">\n\t\t\t<div class=\"bm-post-image clearfix bm-hover-effect bm-hover-effect-blur\">\n\t\t\t\t<img decoding=\"async\" width=\"640\" height=\"405\" src=\"https:\/\/www.economicas.uba.ar\/extension\/vocesenelfenix\/wp-content\/uploads\/4701-Prefacio.jpg\" class=\"attachment-large size-large wp-post-image\" alt=\"\" srcset=\"https:\/\/www.economicas.uba.ar\/extension\/vocesenelfenix\/wp-content\/uploads\/4701-Prefacio.jpg 1080w, https:\/\/www.economicas.uba.ar\/extension\/vocesenelfenix\/wp-content\/uploads\/4701-Prefacio-300x190.jpg 300w, https:\/\/www.economicas.uba.ar\/extension\/vocesenelfenix\/wp-content\/uploads\/4701-Prefacio-768x486.jpg 768w\" sizes=\"(max-width: 640px) 100vw, 640px\" \/>\t\t\t<\/div>\n\t\t<\/div>\n        <div class=\"bm-blog-post-content bm_content_box\">\n            <h4 class=\"entry-post-title bm_title\"><a href=\"https:\/\/www.economicas.uba.ar\/extension\/vocesenelfenix\/prefacio-2\/\" rel=\"bookmark\">Prefacio<\/a><\/h4>            <div class=\"bm-blog-post-meta entry-post-meta bm_meta\">\n                            <\/div>\n            <div class=\"entry-post-content bm_content\">\n                | Por Horacio A. Feinstein |            <\/div>\n        <\/div>\n    <\/article>\n    <article id=\"post-12670\" class=\"item bm_layout post-12670 post type-post status-publish format-standard has-post-thumbnail hentry category-n-47 tag-ciudad tag-habitat tag-miguel-grinberg tag-onu tag-problemas-urbanos\">\n\t\t<div class=\"bm-blog-post-image entry-post-image\">\n\t\t\t<div class=\"bm-post-image clearfix bm-hover-effect bm-hover-effect-blur\">\n\t\t\t\t<img loading=\"lazy\" decoding=\"async\" width=\"640\" height=\"432\" src=\"https:\/\/www.economicas.uba.ar\/extension\/vocesenelfenix\/wp-content\/uploads\/4702-Grinberg.jpg\" class=\"attachment-large size-large wp-post-image\" alt=\"\" srcset=\"https:\/\/www.economicas.uba.ar\/extension\/vocesenelfenix\/wp-content\/uploads\/4702-Grinberg.jpg 1080w, https:\/\/www.economicas.uba.ar\/extension\/vocesenelfenix\/wp-content\/uploads\/4702-Grinberg-300x203.jpg 300w, https:\/\/www.economicas.uba.ar\/extension\/vocesenelfenix\/wp-content\/uploads\/4702-Grinberg-768x518.jpg 768w\" sizes=\"(max-width: 640px) 100vw, 640px\" \/>\t\t\t<\/div>\n\t\t<\/div>\n        <div class=\"bm-blog-post-content bm_content_box\">\n            <h4 class=\"entry-post-title bm_title\"><a href=\"https:\/\/www.economicas.uba.ar\/extension\/vocesenelfenix\/ciudad-actual-requiem-alabanza\/\" rel=\"bookmark\">Ciudad actual: r\u00e9quiem &#038; alabanza<\/a><\/h4>            <div class=\"bm-blog-post-meta entry-post-meta bm_meta\">\n                            <\/div>\n            <div class=\"entry-post-content bm_content\">\n                | Por Miguel Grinberg | Un programa urbano en gestaci\u00f3n permanente llamado H\u00e1bitat, dentro de la estructura de la Organizaci\u00f3n de Naciones Unidas, se propone hacer frente a la antinaturalidad <div><a href=\"https:\/\/www.economicas.uba.ar\/extension\/vocesenelfenix\/ciudad-actual-requiem-alabanza\/\" rel=\"bookmark\" class=\"bm-read-more entry-read-more\">M\u00e1s \u00bb<\/a><div>            <\/div>\n        <\/div>\n    <\/article>\n    <article id=\"post-12676\" class=\"item bm_layout post-12676 post type-post status-publish format-standard has-post-thumbnail hentry category-n-47 tag-buenos-aires tag-inundaciones tag-leonardo-fernandez tag-modificacion-ambiental tag-problemas-urbanos\">\n\t\t<div class=\"bm-blog-post-image entry-post-image\">\n\t\t\t<div class=\"bm-post-image clearfix bm-hover-effect bm-hover-effect-blur\">\n\t\t\t\t<img loading=\"lazy\" decoding=\"async\" width=\"640\" height=\"427\" src=\"https:\/\/www.economicas.uba.ar\/extension\/vocesenelfenix\/wp-content\/uploads\/4703-Fernandez.jpg\" class=\"attachment-large size-large wp-post-image\" alt=\"\" srcset=\"https:\/\/www.economicas.uba.ar\/extension\/vocesenelfenix\/wp-content\/uploads\/4703-Fernandez.jpg 1080w, https:\/\/www.economicas.uba.ar\/extension\/vocesenelfenix\/wp-content\/uploads\/4703-Fernandez-300x200.jpg 300w, https:\/\/www.economicas.uba.ar\/extension\/vocesenelfenix\/wp-content\/uploads\/4703-Fernandez-768x513.jpg 768w, https:\/\/www.economicas.uba.ar\/extension\/vocesenelfenix\/wp-content\/uploads\/4703-Fernandez-640x426.jpg 640w\" sizes=\"(max-width: 640px) 100vw, 640px\" \/>\t\t\t<\/div>\n\t\t<\/div>\n        <div class=\"bm-blog-post-content bm_content_box\">\n            <h4 class=\"entry-post-title bm_title\"><a href=\"https:\/\/www.economicas.uba.ar\/extension\/vocesenelfenix\/buenos-aires-y-el-problema-de-las-inundaciones-en-un-contexto-pampeano-metropolitano-y-rioplatense\/\" rel=\"bookmark\">Buenos Aires y el problema de las inundaciones en un contexto pampeano, metropolitano y rioplatense<\/a><\/h4>            <div class=\"bm-blog-post-meta entry-post-meta bm_meta\">\n                            <\/div>\n            <div class=\"entry-post-content bm_content\">\n                | Por Leonardo Fern\u00e1ndez | La modificaci\u00f3n ambiental que genera la expansi\u00f3n urbana es alarmante. Frente a ello, resulta imperioso impedir la urbanizaci\u00f3n en contextos de humedales y zonas del <div><a href=\"https:\/\/www.economicas.uba.ar\/extension\/vocesenelfenix\/buenos-aires-y-el-problema-de-las-inundaciones-en-un-contexto-pampeano-metropolitano-y-rioplatense\/\" rel=\"bookmark\" class=\"bm-read-more entry-read-more\">M\u00e1s \u00bb<\/a><div>            <\/div>\n        <\/div>\n    <\/article>\n    <article id=\"post-12686\" class=\"item bm_layout post-12686 post type-post status-publish format-standard has-post-thumbnail hentry category-n-47 tag-cambio-climatico tag-ciudades tag-energia tag-pablo-bertinat tag-problemas-urbanos\">\n\t\t<div class=\"bm-blog-post-image entry-post-image\">\n\t\t\t<div class=\"bm-post-image clearfix bm-hover-effect bm-hover-effect-blur\">\n\t\t\t\t<img loading=\"lazy\" decoding=\"async\" width=\"640\" height=\"431\" src=\"https:\/\/www.economicas.uba.ar\/extension\/vocesenelfenix\/wp-content\/uploads\/4704-Bertinat.jpg\" class=\"attachment-large size-large wp-post-image\" alt=\"\" srcset=\"https:\/\/www.economicas.uba.ar\/extension\/vocesenelfenix\/wp-content\/uploads\/4704-Bertinat.jpg 1080w, https:\/\/www.economicas.uba.ar\/extension\/vocesenelfenix\/wp-content\/uploads\/4704-Bertinat-300x202.jpg 300w, https:\/\/www.economicas.uba.ar\/extension\/vocesenelfenix\/wp-content\/uploads\/4704-Bertinat-768x517.jpg 768w\" sizes=\"(max-width: 640px) 100vw, 640px\" \/>\t\t\t<\/div>\n\t\t<\/div>\n        <div class=\"bm-blog-post-content bm_content_box\">\n            <h4 class=\"entry-post-title bm_title\"><a href=\"https:\/\/www.economicas.uba.ar\/extension\/vocesenelfenix\/ciudades-y-energia-una-relacion-compleja\/\" rel=\"bookmark\">Ciudades y energ\u00eda, una relaci\u00f3n compleja<\/a><\/h4>            <div class=\"bm-blog-post-meta entry-post-meta bm_meta\">\n                            <\/div>\n            <div class=\"entry-post-content bm_content\">\n                | Por Pablo Bertinat | Alrededor del 70% del consumo de energ\u00eda mundial tiene lugar en las ciudades. La mayor parte de esta proviene de las fuentes convencionales, principales causantes <div><a href=\"https:\/\/www.economicas.uba.ar\/extension\/vocesenelfenix\/ciudades-y-energia-una-relacion-compleja\/\" rel=\"bookmark\" class=\"bm-read-more entry-read-more\">M\u00e1s \u00bb<\/a><div>            <\/div>\n        <\/div>\n    <\/article>\n    <article id=\"post-12702\" class=\"item bm_layout post-12702 post type-post status-publish format-standard has-post-thumbnail hentry category-n-47 tag-calidad-de-vida tag-ciudad tag-educacion-ambiental tag-pablo-sessano tag-problemas-urbanos\">\n\t\t<div class=\"bm-blog-post-image entry-post-image\">\n\t\t\t<div class=\"bm-post-image clearfix bm-hover-effect bm-hover-effect-blur\">\n\t\t\t\t<img loading=\"lazy\" decoding=\"async\" width=\"640\" height=\"433\" src=\"https:\/\/www.economicas.uba.ar\/extension\/vocesenelfenix\/wp-content\/uploads\/4705-Sessano.jpg\" class=\"attachment-large size-large wp-post-image\" alt=\"\" srcset=\"https:\/\/www.economicas.uba.ar\/extension\/vocesenelfenix\/wp-content\/uploads\/4705-Sessano.jpg 1080w, https:\/\/www.economicas.uba.ar\/extension\/vocesenelfenix\/wp-content\/uploads\/4705-Sessano-300x203.jpg 300w, https:\/\/www.economicas.uba.ar\/extension\/vocesenelfenix\/wp-content\/uploads\/4705-Sessano-768x519.jpg 768w\" sizes=\"(max-width: 640px) 100vw, 640px\" \/>\t\t\t<\/div>\n\t\t<\/div>\n        <div class=\"bm-blog-post-content bm_content_box\">\n            <h4 class=\"entry-post-title bm_title\"><a href=\"https:\/\/www.economicas.uba.ar\/extension\/vocesenelfenix\/pensar-la-ciudad-desde-la-educacion-ambiental\/\" rel=\"bookmark\">Pensar la ciudad desde la educaci\u00f3n ambiental<\/a><\/h4>            <div class=\"bm-blog-post-meta entry-post-meta bm_meta\">\n                            <\/div>\n            <div class=\"entry-post-content bm_content\">\n                | Por Pablo Sessano | En los \u00faltimos a\u00f1os la calidad de vida ha pasado de ser una posibilidad concreta a ser una utop\u00eda en la ciudad. Las ciudades se <div><a href=\"https:\/\/www.economicas.uba.ar\/extension\/vocesenelfenix\/pensar-la-ciudad-desde-la-educacion-ambiental\/\" rel=\"bookmark\" class=\"bm-read-more entry-read-more\">M\u00e1s \u00bb<\/a><div>            <\/div>\n        <\/div>\n    <\/article>\n    <article id=\"post-12708\" class=\"item bm_layout post-12708 post type-post status-publish format-standard has-post-thumbnail hentry category-n-47 tag-ciudad tag-olaf-jovanovich tag-problemas-urbanos tag-sustentabilidad\">\n\t\t<div class=\"bm-blog-post-image entry-post-image\">\n\t\t\t<div class=\"bm-post-image clearfix bm-hover-effect bm-hover-effect-blur\">\n\t\t\t\t<img loading=\"lazy\" decoding=\"async\" width=\"640\" height=\"431\" src=\"https:\/\/www.economicas.uba.ar\/extension\/vocesenelfenix\/wp-content\/uploads\/4706-Jovanovich.jpg\" class=\"attachment-large size-large wp-post-image\" alt=\"\" srcset=\"https:\/\/www.economicas.uba.ar\/extension\/vocesenelfenix\/wp-content\/uploads\/4706-Jovanovich.jpg 1080w, https:\/\/www.economicas.uba.ar\/extension\/vocesenelfenix\/wp-content\/uploads\/4706-Jovanovich-300x202.jpg 300w, https:\/\/www.economicas.uba.ar\/extension\/vocesenelfenix\/wp-content\/uploads\/4706-Jovanovich-768x517.jpg 768w\" sizes=\"(max-width: 640px) 100vw, 640px\" \/>\t\t\t<\/div>\n\t\t<\/div>\n        <div class=\"bm-blog-post-content bm_content_box\">\n            <h4 class=\"entry-post-title bm_title\"><a href=\"https:\/\/www.economicas.uba.ar\/extension\/vocesenelfenix\/ciudad-y-complejidad\/\" rel=\"bookmark\">Ciudad y complejidad<\/a><\/h4>            <div class=\"bm-blog-post-meta entry-post-meta bm_meta\">\n                            <\/div>\n            <div class=\"entry-post-content bm_content\">\n                | Por Olaf Jovanovich | Las ciudades son sistemas complejos. No se pueden definir ni conocerlas por sus partes. Cada subsistema o componente considerado por separado no nos dice nada <div><a href=\"https:\/\/www.economicas.uba.ar\/extension\/vocesenelfenix\/ciudad-y-complejidad\/\" rel=\"bookmark\" class=\"bm-read-more entry-read-more\">M\u00e1s \u00bb<\/a><div>            <\/div>\n        <\/div>\n    <\/article>\n    <article id=\"post-12714\" class=\"item bm_layout post-12714 post type-post status-publish format-standard has-post-thumbnail hentry category-n-47 tag-caba tag-comuna-15 tag-inundaciones tag-oscar-zuazo tag-participacion tag-problemas-urbanos\">\n\t\t<div class=\"bm-blog-post-image entry-post-image\">\n\t\t\t<div class=\"bm-post-image clearfix bm-hover-effect bm-hover-effect-blur\">\n\t\t\t\t<img loading=\"lazy\" decoding=\"async\" width=\"640\" height=\"431\" src=\"https:\/\/www.economicas.uba.ar\/extension\/vocesenelfenix\/wp-content\/uploads\/4707-Zuazo.jpg\" class=\"attachment-large size-large wp-post-image\" alt=\"\" srcset=\"https:\/\/www.economicas.uba.ar\/extension\/vocesenelfenix\/wp-content\/uploads\/4707-Zuazo.jpg 1080w, https:\/\/www.economicas.uba.ar\/extension\/vocesenelfenix\/wp-content\/uploads\/4707-Zuazo-300x202.jpg 300w, https:\/\/www.economicas.uba.ar\/extension\/vocesenelfenix\/wp-content\/uploads\/4707-Zuazo-768x517.jpg 768w\" sizes=\"(max-width: 640px) 100vw, 640px\" \/>\t\t\t<\/div>\n\t\t<\/div>\n        <div class=\"bm-blog-post-content bm_content_box\">\n            <h4 class=\"entry-post-title bm_title\"><a href=\"https:\/\/www.economicas.uba.ar\/extension\/vocesenelfenix\/experiencia-de-los-planes-de-contingencia-frente-a-las-inundaciones-de-la-comuna-15-de-la-caba\/\" rel=\"bookmark\">Experiencia de los planes de contingencia frente a las inundaciones de la Comuna 15 de la CABA<\/a><\/h4>            <div class=\"bm-blog-post-meta entry-post-meta bm_meta\">\n                            <\/div>\n            <div class=\"entry-post-content bm_content\">\n                | Por Oscar Zuazo | Las comunas son una importante herramienta para democratizar el ejercicio de la pol\u00edtica y brindar a los vecinos de la ciudad ciertos niveles de autonom\u00eda <div><a href=\"https:\/\/www.economicas.uba.ar\/extension\/vocesenelfenix\/experiencia-de-los-planes-de-contingencia-frente-a-las-inundaciones-de-la-comuna-15-de-la-caba\/\" rel=\"bookmark\" class=\"bm-read-more entry-read-more\">M\u00e1s \u00bb<\/a><div>            <\/div>\n        <\/div>\n    <\/article>\n    <article id=\"post-12721\" class=\"item bm_layout post-12721 post type-post status-publish format-standard has-post-thumbnail hentry category-n-47 tag-ajenidad tag-caba tag-ciudad tag-gabriela-massuh tag-problemas-urbanos\">\n\t\t<div class=\"bm-blog-post-image entry-post-image\">\n\t\t\t<div class=\"bm-post-image clearfix bm-hover-effect bm-hover-effect-blur\">\n\t\t\t\t<img loading=\"lazy\" decoding=\"async\" width=\"640\" height=\"446\" src=\"https:\/\/www.economicas.uba.ar\/extension\/vocesenelfenix\/wp-content\/uploads\/4708-Massuh.jpg\" class=\"attachment-large size-large wp-post-image\" alt=\"\" srcset=\"https:\/\/www.economicas.uba.ar\/extension\/vocesenelfenix\/wp-content\/uploads\/4708-Massuh.jpg 1080w, https:\/\/www.economicas.uba.ar\/extension\/vocesenelfenix\/wp-content\/uploads\/4708-Massuh-300x209.jpg 300w, https:\/\/www.economicas.uba.ar\/extension\/vocesenelfenix\/wp-content\/uploads\/4708-Massuh-768x535.jpg 768w\" sizes=\"(max-width: 640px) 100vw, 640px\" \/>\t\t\t<\/div>\n\t\t<\/div>\n        <div class=\"bm-blog-post-content bm_content_box\">\n            <h4 class=\"entry-post-title bm_title\"><a href=\"https:\/\/www.economicas.uba.ar\/extension\/vocesenelfenix\/la-ajenidad-congenita-de-los-portenos\/\" rel=\"bookmark\">La ajenidad cong\u00e9nita de los porte\u00f1os<\/a><\/h4>            <div class=\"bm-blog-post-meta entry-post-meta bm_meta\">\n                            <\/div>\n            <div class=\"entry-post-content bm_content\">\n                | Por Gabriela Massuh | Cada ciudadano tiene derecho a ser protagonista de los cambios de la ciudad, proyectando en ellos sus propias necesidades y esperanzas. Esto, en una democracia <div><a href=\"https:\/\/www.economicas.uba.ar\/extension\/vocesenelfenix\/la-ajenidad-congenita-de-los-portenos\/\" rel=\"bookmark\" class=\"bm-read-more entry-read-more\">M\u00e1s \u00bb<\/a><div>            <\/div>\n        <\/div>\n    <\/article>\n    <article id=\"post-12727\" class=\"item bm_layout post-12727 post type-post status-publish format-standard has-post-thumbnail hentry category-n-47 tag-espacio-publico tag-problemas-urbanos tag-silvio-schachter tag-urbanizacion tag-violencia\">\n\t\t<div class=\"bm-blog-post-image entry-post-image\">\n\t\t\t<div class=\"bm-post-image clearfix bm-hover-effect bm-hover-effect-blur\">\n\t\t\t\t<img loading=\"lazy\" decoding=\"async\" width=\"640\" height=\"431\" src=\"https:\/\/www.economicas.uba.ar\/extension\/vocesenelfenix\/wp-content\/uploads\/4709-Schachter.jpg\" class=\"attachment-large size-large wp-post-image\" alt=\"\" srcset=\"https:\/\/www.economicas.uba.ar\/extension\/vocesenelfenix\/wp-content\/uploads\/4709-Schachter.jpg 1080w, https:\/\/www.economicas.uba.ar\/extension\/vocesenelfenix\/wp-content\/uploads\/4709-Schachter-300x202.jpg 300w, https:\/\/www.economicas.uba.ar\/extension\/vocesenelfenix\/wp-content\/uploads\/4709-Schachter-768x517.jpg 768w\" sizes=\"(max-width: 640px) 100vw, 640px\" \/>\t\t\t<\/div>\n\t\t<\/div>\n        <div class=\"bm-blog-post-content bm_content_box\">\n            <h4 class=\"entry-post-title bm_title\"><a href=\"https:\/\/www.economicas.uba.ar\/extension\/vocesenelfenix\/violencia-urbana-y-urbanizacion-de-la-violencia\/\" rel=\"bookmark\">Violencia urbana y urbanizaci\u00f3n de la violencia<\/a><\/h4>            <div class=\"bm-blog-post-meta entry-post-meta bm_meta\">\n                            <\/div>\n            <div class=\"entry-post-content bm_content\">\n                | Por Silvio Schachter | En los \u00faltimos a\u00f1os la ciudad se fue redise\u00f1ando con una est\u00e9tica del temor. Cuanto m\u00e1s miedo, m\u00e1s fragmentada ser\u00e1 la sociedad, y cuanto m\u00e1s <div><a href=\"https:\/\/www.economicas.uba.ar\/extension\/vocesenelfenix\/violencia-urbana-y-urbanizacion-de-la-violencia\/\" rel=\"bookmark\" class=\"bm-read-more entry-read-more\">M\u00e1s \u00bb<\/a><div>            <\/div>\n        <\/div>\n    <\/article>\n    <article id=\"post-12733\" class=\"item bm_layout post-12733 post type-post status-publish format-standard has-post-thumbnail hentry category-n-47 tag-ciudades tag-crisis-climatica tag-planificacion-urbana tag-problemas-urbanos tag-susana-e-eguia\">\n\t\t<div class=\"bm-blog-post-image entry-post-image\">\n\t\t\t<div class=\"bm-post-image clearfix bm-hover-effect bm-hover-effect-blur\">\n\t\t\t\t<img loading=\"lazy\" decoding=\"async\" width=\"640\" height=\"431\" src=\"https:\/\/www.economicas.uba.ar\/extension\/vocesenelfenix\/wp-content\/uploads\/4710-Eguia.jpg\" class=\"attachment-large size-large wp-post-image\" alt=\"\" srcset=\"https:\/\/www.economicas.uba.ar\/extension\/vocesenelfenix\/wp-content\/uploads\/4710-Eguia.jpg 1080w, https:\/\/www.economicas.uba.ar\/extension\/vocesenelfenix\/wp-content\/uploads\/4710-Eguia-300x202.jpg 300w, https:\/\/www.economicas.uba.ar\/extension\/vocesenelfenix\/wp-content\/uploads\/4710-Eguia-768x518.jpg 768w\" sizes=\"(max-width: 640px) 100vw, 640px\" \/>\t\t\t<\/div>\n\t\t<\/div>\n        <div class=\"bm-blog-post-content bm_content_box\">\n            <h4 class=\"entry-post-title bm_title\"><a href=\"https:\/\/www.economicas.uba.ar\/extension\/vocesenelfenix\/criterios-bioclimaticos-para-ciudades-mas-habitables-y-resilientes\/\" rel=\"bookmark\">Criterios bioclim\u00e1ticos para ciudades m\u00e1s habitables y resilientes<\/a><\/h4>            <div class=\"bm-blog-post-meta entry-post-meta bm_meta\">\n                            <\/div>\n            <div class=\"entry-post-content bm_content\">\n                | Por Susana E. Eguia | Los a\u00f1os por venir mostrar\u00e1n un agravamiento de la crisis clim\u00e1tica y de recursos, sobre todo en las megaciudades. El escenario no parece muy <div><a href=\"https:\/\/www.economicas.uba.ar\/extension\/vocesenelfenix\/criterios-bioclimaticos-para-ciudades-mas-habitables-y-resilientes\/\" rel=\"bookmark\" class=\"bm-read-more entry-read-more\">M\u00e1s \u00bb<\/a><div>            <\/div>\n        <\/div>\n    <\/article>\n    <article id=\"post-12741\" class=\"item bm_layout post-12741 post type-post status-publish format-standard has-post-thumbnail hentry category-n-47 tag-caba tag-constitucion-de-la-ciudad-de-buenos-aires tag-lucro tag-negocios-particulares tag-participacion-ciudadana tag-pedro-j-kesselman tag-problemas-urbanos\">\n\t\t<div class=\"bm-blog-post-image entry-post-image\">\n\t\t\t<div class=\"bm-post-image clearfix bm-hover-effect bm-hover-effect-blur\">\n\t\t\t\t<img loading=\"lazy\" decoding=\"async\" width=\"640\" height=\"432\" src=\"https:\/\/www.economicas.uba.ar\/extension\/vocesenelfenix\/wp-content\/uploads\/4711-Kesselman.jpg\" class=\"attachment-large size-large wp-post-image\" alt=\"\" srcset=\"https:\/\/www.economicas.uba.ar\/extension\/vocesenelfenix\/wp-content\/uploads\/4711-Kesselman.jpg 1080w, https:\/\/www.economicas.uba.ar\/extension\/vocesenelfenix\/wp-content\/uploads\/4711-Kesselman-300x203.jpg 300w, https:\/\/www.economicas.uba.ar\/extension\/vocesenelfenix\/wp-content\/uploads\/4711-Kesselman-768x518.jpg 768w\" sizes=\"(max-width: 640px) 100vw, 640px\" \/>\t\t\t<\/div>\n\t\t<\/div>\n        <div class=\"bm-blog-post-content bm_content_box\">\n            <h4 class=\"entry-post-title bm_title\"><a href=\"https:\/\/www.economicas.uba.ar\/extension\/vocesenelfenix\/la-institucionalidad-en-la-ciudad-de-buenos-aires-y-las-comunas-como-experiencia-de-ejercicio-de-participacion-ciudadana\/\" rel=\"bookmark\">La institucionalidad en la ciudad de Buenos Aires y las comunas como experiencia de ejercicio de participaci\u00f3n ciudadana<\/a><\/h4>            <div class=\"bm-blog-post-meta entry-post-meta bm_meta\">\n                            <\/div>\n            <div class=\"entry-post-content bm_content\">\n                | Por Pedro J. Kesselman | La propia Constituci\u00f3n de la Ciudad de Buenos Aires establece como objetivo avanzar hacia una democracia participativa. Sin embargo, lejos de planificar la vida <div><a href=\"https:\/\/www.economicas.uba.ar\/extension\/vocesenelfenix\/la-institucionalidad-en-la-ciudad-de-buenos-aires-y-las-comunas-como-experiencia-de-ejercicio-de-participacion-ciudadana\/\" rel=\"bookmark\" class=\"bm-read-more entry-read-more\">M\u00e1s \u00bb<\/a><div>            <\/div>\n        <\/div>\n    <\/article>\n    <article id=\"post-12747\" class=\"item bm_layout post-12747 post type-post status-publish format-standard has-post-thumbnail hentry category-n-47 tag-ciudad tag-lucro tag-negocios-inmobiliarios tag-problemas-urbanos tag-sergio-kiernan\">\n\t\t<div class=\"bm-blog-post-image entry-post-image\">\n\t\t\t<div class=\"bm-post-image clearfix bm-hover-effect bm-hover-effect-blur\">\n\t\t\t\t<img loading=\"lazy\" decoding=\"async\" width=\"640\" height=\"431\" src=\"https:\/\/www.economicas.uba.ar\/extension\/vocesenelfenix\/wp-content\/uploads\/4712-Kiernan.jpg\" class=\"attachment-large size-large wp-post-image\" alt=\"\" srcset=\"https:\/\/www.economicas.uba.ar\/extension\/vocesenelfenix\/wp-content\/uploads\/4712-Kiernan.jpg 1080w, https:\/\/www.economicas.uba.ar\/extension\/vocesenelfenix\/wp-content\/uploads\/4712-Kiernan-300x202.jpg 300w, https:\/\/www.economicas.uba.ar\/extension\/vocesenelfenix\/wp-content\/uploads\/4712-Kiernan-768x517.jpg 768w\" sizes=\"(max-width: 640px) 100vw, 640px\" \/>\t\t\t<\/div>\n\t\t<\/div>\n        <div class=\"bm-blog-post-content bm_content_box\">\n            <h4 class=\"entry-post-title bm_title\"><a href=\"https:\/\/www.economicas.uba.ar\/extension\/vocesenelfenix\/la-ciudad-como-campo-de-negocios\/\" rel=\"bookmark\">La ciudad como campo de negocios<\/a><\/h4>            <div class=\"bm-blog-post-meta entry-post-meta bm_meta\">\n                            <\/div>\n            <div class=\"entry-post-content bm_content\">\n                | Por Sergio Kiernan | Buenos Aires no escapa a la regla general de la ciudad como plataforma privilegiada del negocio inmobiliario. Desde hace d\u00e9cadas asistimos a la destrucci\u00f3n de <div><a href=\"https:\/\/www.economicas.uba.ar\/extension\/vocesenelfenix\/la-ciudad-como-campo-de-negocios\/\" rel=\"bookmark\" class=\"bm-read-more entry-read-more\">M\u00e1s \u00bb<\/a><div>            <\/div>\n        <\/div>\n    <\/article>\n    <article id=\"post-12753\" class=\"item bm_layout post-12753 post type-post status-publish format-standard has-post-thumbnail hentry category-n-47 tag-artemio-pedro-abba tag-ciudadania tag-ciudades tag-derecho-a-la-ciudad tag-derechos-urbanos-metropolitanos tag-problemas-urbanos\">\n\t\t<div class=\"bm-blog-post-image entry-post-image\">\n\t\t\t<div class=\"bm-post-image clearfix bm-hover-effect bm-hover-effect-blur\">\n\t\t\t\t<img loading=\"lazy\" decoding=\"async\" width=\"640\" height=\"432\" src=\"https:\/\/www.economicas.uba.ar\/extension\/vocesenelfenix\/wp-content\/uploads\/4713-Abba.jpg\" class=\"attachment-large size-large wp-post-image\" alt=\"\" srcset=\"https:\/\/www.economicas.uba.ar\/extension\/vocesenelfenix\/wp-content\/uploads\/4713-Abba.jpg 1080w, https:\/\/www.economicas.uba.ar\/extension\/vocesenelfenix\/wp-content\/uploads\/4713-Abba-300x203.jpg 300w, https:\/\/www.economicas.uba.ar\/extension\/vocesenelfenix\/wp-content\/uploads\/4713-Abba-768x518.jpg 768w\" sizes=\"(max-width: 640px) 100vw, 640px\" \/>\t\t\t<\/div>\n\t\t<\/div>\n        <div class=\"bm-blog-post-content bm_content_box\">\n            <h4 class=\"entry-post-title bm_title\"><a href=\"https:\/\/www.economicas.uba.ar\/extension\/vocesenelfenix\/vivir-en-las-grandes-ciudades-sin-ciudadania-ni-derechos-urbanos-metropolitanos\/\" rel=\"bookmark\">Vivir en las grandes ciudades sin ciudadan\u00eda ni derechos urbanos metropolitanos<\/a><\/h4>            <div class=\"bm-blog-post-meta entry-post-meta bm_meta\">\n                            <\/div>\n            <div class=\"entry-post-content bm_content\">\n                | Por Artemio Pedro Abba | Las grandes ciudades constituyen un potente atractivo para la poblaci\u00f3n por la diversidad de la oferta residencial y de consumos de bienes y servicios. <div><a href=\"https:\/\/www.economicas.uba.ar\/extension\/vocesenelfenix\/vivir-en-las-grandes-ciudades-sin-ciudadania-ni-derechos-urbanos-metropolitanos\/\" rel=\"bookmark\" class=\"bm-read-more entry-read-more\">M\u00e1s \u00bb<\/a><div>            <\/div>\n        <\/div>\n    <\/article>\n    <article id=\"post-12767\" class=\"item bm_layout post-12767 post type-post status-publish format-standard has-post-thumbnail hentry category-n-47 tag-basura tag-buenos-aires tag-horacio-a-feinstein tag-problemas-urbanos tag-residuos-solidos\">\n\t\t<div class=\"bm-blog-post-image entry-post-image\">\n\t\t\t<div class=\"bm-post-image clearfix bm-hover-effect bm-hover-effect-blur\">\n\t\t\t\t<img loading=\"lazy\" decoding=\"async\" width=\"640\" height=\"432\" src=\"https:\/\/www.economicas.uba.ar\/extension\/vocesenelfenix\/wp-content\/uploads\/4714-Feinstein.jpg\" class=\"attachment-large size-large wp-post-image\" alt=\"\" srcset=\"https:\/\/www.economicas.uba.ar\/extension\/vocesenelfenix\/wp-content\/uploads\/4714-Feinstein.jpg 1080w, https:\/\/www.economicas.uba.ar\/extension\/vocesenelfenix\/wp-content\/uploads\/4714-Feinstein-300x203.jpg 300w, https:\/\/www.economicas.uba.ar\/extension\/vocesenelfenix\/wp-content\/uploads\/4714-Feinstein-768x518.jpg 768w\" sizes=\"(max-width: 640px) 100vw, 640px\" \/>\t\t\t<\/div>\n\t\t<\/div>\n        <div class=\"bm-blog-post-content bm_content_box\">\n            <h4 class=\"entry-post-title bm_title\"><a href=\"https:\/\/www.economicas.uba.ar\/extension\/vocesenelfenix\/el-futuro-de-la-basura-y-los-residuos-solidos-en-buenos-aires\/\" rel=\"bookmark\">El futuro de la basura y los residuos s\u00f3lidos en Buenos Aires<\/a><\/h4>            <div class=\"bm-blog-post-meta entry-post-meta bm_meta\">\n                            <\/div>\n            <div class=\"entry-post-content bm_content\">\n                | Por Horacio A. Feinstein | Hoy en d\u00eda la gesti\u00f3n de los residuos en la ciudad de Buenos Aires se disputa entre dos modelos. Mientras las leyes favorecen el <div><a href=\"https:\/\/www.economicas.uba.ar\/extension\/vocesenelfenix\/el-futuro-de-la-basura-y-los-residuos-solidos-en-buenos-aires\/\" rel=\"bookmark\" class=\"bm-read-more entry-read-more\">M\u00e1s \u00bb<\/a><div>            <\/div>\n        <\/div>\n    <\/article>\n    <article id=\"post-12773\" class=\"item bm_layout post-12773 post type-post status-publish format-standard has-post-thumbnail hentry category-n-47 tag-campo tag-ciudad tag-claudia-a-baxendale tag-conflictos-ambientales tag-conflictos-territoriales tag-problemas-urbanos\">\n\t\t<div class=\"bm-blog-post-image entry-post-image\">\n\t\t\t<div class=\"bm-post-image clearfix bm-hover-effect bm-hover-effect-blur\">\n\t\t\t\t<img loading=\"lazy\" decoding=\"async\" width=\"640\" height=\"519\" src=\"https:\/\/www.economicas.uba.ar\/extension\/vocesenelfenix\/wp-content\/uploads\/4715-Baxendale.jpg\" class=\"attachment-large size-large wp-post-image\" alt=\"\" srcset=\"https:\/\/www.economicas.uba.ar\/extension\/vocesenelfenix\/wp-content\/uploads\/4715-Baxendale.jpg 1080w, https:\/\/www.economicas.uba.ar\/extension\/vocesenelfenix\/wp-content\/uploads\/4715-Baxendale-300x243.jpg 300w, https:\/\/www.economicas.uba.ar\/extension\/vocesenelfenix\/wp-content\/uploads\/4715-Baxendale-768x622.jpg 768w\" sizes=\"(max-width: 640px) 100vw, 640px\" \/>\t\t\t<\/div>\n\t\t<\/div>\n        <div class=\"bm-blog-post-content bm_content_box\">\n            <h4 class=\"entry-post-title bm_title\"><a href=\"https:\/\/www.economicas.uba.ar\/extension\/vocesenelfenix\/la-interfase-urbana-rural-como-espacio-geografico-a-estudiar-planificar-y-gestionar-en-la-mitigacion-y-resolucion-de-conflictos-territoriales-y-ambientales\/\" rel=\"bookmark\">La interfase urbana-rural como espacio geogr\u00e1fico a estudiar, planificar y gestionar en la mitigaci\u00f3n y resoluci\u00f3n de conflictos territoriales y ambientales<\/a><\/h4>            <div class=\"bm-blog-post-meta entry-post-meta bm_meta\">\n                            <\/div>\n            <div class=\"entry-post-content bm_content\">\n                | Por Claudia A. Baxendale | Los m\u00e1rgenes de las ciudades, all\u00ed donde el cemento da paso al campo, suelen ser zonas conflictivas. La vida se encuentra atravesada por diversas <div><a href=\"https:\/\/www.economicas.uba.ar\/extension\/vocesenelfenix\/la-interfase-urbana-rural-como-espacio-geografico-a-estudiar-planificar-y-gestionar-en-la-mitigacion-y-resolucion-de-conflictos-territoriales-y-ambientales\/\" rel=\"bookmark\" class=\"bm-read-more entry-read-more\">M\u00e1s \u00bb<\/a><div>            <\/div>\n        <\/div>\n    <\/article>\n    <article id=\"post-12779\" class=\"item bm_layout post-12779 post type-post status-publish format-standard has-post-thumbnail hentry category-n-47 tag-delta-del-parana tag-escuela-experimental-los-biguaes tag-escuela-para-padres tag-escuelas-experimentales tag-julieta-zamorano tag-problemas-urbanos\">\n\t\t<div class=\"bm-blog-post-image entry-post-image\">\n\t\t\t<div class=\"bm-post-image clearfix bm-hover-effect bm-hover-effect-blur\">\n\t\t\t\t<img loading=\"lazy\" decoding=\"async\" width=\"640\" height=\"433\" src=\"https:\/\/www.economicas.uba.ar\/extension\/vocesenelfenix\/wp-content\/uploads\/4716-Zamorano.jpg\" class=\"attachment-large size-large wp-post-image\" alt=\"\" srcset=\"https:\/\/www.economicas.uba.ar\/extension\/vocesenelfenix\/wp-content\/uploads\/4716-Zamorano.jpg 1080w, https:\/\/www.economicas.uba.ar\/extension\/vocesenelfenix\/wp-content\/uploads\/4716-Zamorano-300x203.jpg 300w, https:\/\/www.economicas.uba.ar\/extension\/vocesenelfenix\/wp-content\/uploads\/4716-Zamorano-768x519.jpg 768w\" sizes=\"(max-width: 640px) 100vw, 640px\" \/>\t\t\t<\/div>\n\t\t<\/div>\n        <div class=\"bm-blog-post-content bm_content_box\">\n            <h4 class=\"entry-post-title bm_title\"><a href=\"https:\/\/www.economicas.uba.ar\/extension\/vocesenelfenix\/una-escuela-para-padres-escuela-experimental-los-biguaes-delta-del-parana-primera-seccion-de-islas\/\" rel=\"bookmark\">Una escuela para padres. Escuela Experimental Los Biguaes, Delta del Paran\u00e1, Primera Secci\u00f3n de Islas<\/a><\/h4>            <div class=\"bm-blog-post-meta entry-post-meta bm_meta\">\n                            <\/div>\n            <div class=\"entry-post-content bm_content\">\n                | Por Julieta Zamorano | Las escuelas experimentales son experiencias de econom\u00eda colaborativa dirigidas a la construcci\u00f3n de una realidad diferente. Cuestionan el rol de las escuelas tradicionales como dep\u00f3sito <div><a href=\"https:\/\/www.economicas.uba.ar\/extension\/vocesenelfenix\/una-escuela-para-padres-escuela-experimental-los-biguaes-delta-del-parana-primera-seccion-de-islas\/\" rel=\"bookmark\" class=\"bm-read-more entry-read-more\">M\u00e1s \u00bb<\/a><div>            <\/div>\n        <\/div>\n    <\/article>\n    <article id=\"post-12788\" class=\"item bm_layout post-12788 post type-post status-publish format-standard has-post-thumbnail hentry category-n-47 tag-barrios-informales tag-caba tag-emergencia-sanitaria tag-jonatan-emanuel-baldiviezo tag-maria-eva-koutsovitis tag-problemas-urbanos tag-servicios-publicos-de-saneamiento\">\n\t\t<div class=\"bm-blog-post-image entry-post-image\">\n\t\t\t<div class=\"bm-post-image clearfix bm-hover-effect bm-hover-effect-blur\">\n\t\t\t\t<img loading=\"lazy\" decoding=\"async\" width=\"640\" height=\"432\" src=\"https:\/\/www.economicas.uba.ar\/extension\/vocesenelfenix\/wp-content\/uploads\/4717-Koutsovitis.jpg\" class=\"attachment-large size-large wp-post-image\" alt=\"\" srcset=\"https:\/\/www.economicas.uba.ar\/extension\/vocesenelfenix\/wp-content\/uploads\/4717-Koutsovitis.jpg 1080w, https:\/\/www.economicas.uba.ar\/extension\/vocesenelfenix\/wp-content\/uploads\/4717-Koutsovitis-300x203.jpg 300w, https:\/\/www.economicas.uba.ar\/extension\/vocesenelfenix\/wp-content\/uploads\/4717-Koutsovitis-768x518.jpg 768w\" sizes=\"(max-width: 640px) 100vw, 640px\" \/>\t\t\t<\/div>\n\t\t<\/div>\n        <div class=\"bm-blog-post-content bm_content_box\">\n            <h4 class=\"entry-post-title bm_title\"><a href=\"https:\/\/www.economicas.uba.ar\/extension\/vocesenelfenix\/los-servicios-publicos-de-saneamiento-basico-en-los-barrios-informales-300-000-habitantes-de-la-ciudad-de-buenos-aires-condenados-a-vivir-en-emergencia-sanitaria\/\" rel=\"bookmark\">Los servicios p\u00fablicos de saneamiento b\u00e1sico en los barrios informales: 300.000 habitantes de la ciudad de Buenos Aires condenados a vivir en emergencia sanitaria<\/a><\/h4>            <div class=\"bm-blog-post-meta entry-post-meta bm_meta\">\n                            <\/div>\n            <div class=\"entry-post-content bm_content\">\n                | Por Mar\u00eda Eva Koutsovitis y Jonatan Emanuel Baldiviezo | La ausencia de planes integrales para una adecuada cobertura de los servicios b\u00e1sicos sanitarios en las villas de la ciudad <div><a href=\"https:\/\/www.economicas.uba.ar\/extension\/vocesenelfenix\/los-servicios-publicos-de-saneamiento-basico-en-los-barrios-informales-300-000-habitantes-de-la-ciudad-de-buenos-aires-condenados-a-vivir-en-emergencia-sanitaria\/\" rel=\"bookmark\" class=\"bm-read-more entry-read-more\">M\u00e1s \u00bb<\/a><div>            <\/div>\n        <\/div>\n    <\/article>\n    <article id=\"post-12794\" class=\"item bm_layout post-12794 post type-post status-publish format-standard has-post-thumbnail hentry category-n-47 tag-ambiente-sano tag-asentamientos tag-derecho-a-la-ciudad tag-maria-cristina-cravino tag-problemas-urbanos tag-riachuelo tag-vivienda\">\n\t\t<div class=\"bm-blog-post-image entry-post-image\">\n\t\t\t<div class=\"bm-post-image clearfix bm-hover-effect bm-hover-effect-blur\">\n\t\t\t\t<img loading=\"lazy\" decoding=\"async\" width=\"640\" height=\"455\" src=\"https:\/\/www.economicas.uba.ar\/extension\/vocesenelfenix\/wp-content\/uploads\/4718-Cravino.jpg\" class=\"attachment-large size-large wp-post-image\" alt=\"\" srcset=\"https:\/\/www.economicas.uba.ar\/extension\/vocesenelfenix\/wp-content\/uploads\/4718-Cravino.jpg 1080w, https:\/\/www.economicas.uba.ar\/extension\/vocesenelfenix\/wp-content\/uploads\/4718-Cravino-300x213.jpg 300w, https:\/\/www.economicas.uba.ar\/extension\/vocesenelfenix\/wp-content\/uploads\/4718-Cravino-768x545.jpg 768w\" sizes=\"(max-width: 640px) 100vw, 640px\" \/>\t\t\t<\/div>\n\t\t<\/div>\n        <div class=\"bm-blog-post-content bm_content_box\">\n            <h4 class=\"entry-post-title bm_title\"><a href=\"https:\/\/www.economicas.uba.ar\/extension\/vocesenelfenix\/disputas-por-el-acceso-al-ambiente-sano-y-la-vivienda-en-los-asentamientos-de-la-ribera-del-riachuelo-ciudad-de-buenos-aires-derechos-de-los-vecinos-accion-de-la-justicia-y-politicas-publicas\/\" rel=\"bookmark\">Disputas por el acceso al ambiente sano y la vivienda en los asentamientos de la ribera del Riachuelo (Ciudad de Buenos Aires): derechos de los vecinos, acci\u00f3n de la Justicia y pol\u00edticas p\u00fablicas<\/a><\/h4>            <div class=\"bm-blog-post-meta entry-post-meta bm_meta\">\n                            <\/div>\n            <div class=\"entry-post-content bm_content\">\n                | Por Mar\u00eda Cristina Cravino | Las villas son fragmentos de ciudad sin estatus de ciudad, se insertan en una trama urbana que no las reconoce. Esto qued\u00f3 a la <div><a href=\"https:\/\/www.economicas.uba.ar\/extension\/vocesenelfenix\/disputas-por-el-acceso-al-ambiente-sano-y-la-vivienda-en-los-asentamientos-de-la-ribera-del-riachuelo-ciudad-de-buenos-aires-derechos-de-los-vecinos-accion-de-la-justicia-y-politicas-publicas\/\" rel=\"bookmark\" class=\"bm-read-more entry-read-more\">M\u00e1s \u00bb<\/a><div>            <\/div>\n        <\/div>\n    <\/article>\n\t\t\t\t<\/div><\/div>\n\t\t\t\t\t\t\t\t<\/div>\n\t\t\t\t<\/div>\n\t\t\t\t\t<\/div>\n\t\t<\/div>\n\t\t\t\t\t<\/div>\n\t\t<\/section>\n\t\t\t\t<section class=\"elementor-section elementor-top-section elementor-element elementor-element-204a889 elementor-section-boxed elementor-section-height-default elementor-section-height-default\" data-id=\"204a889\" data-element_type=\"section\" data-e-type=\"section\" data-settings=\"{&quot;background_background&quot;:&quot;classic&quot;}\">\n\t\t\t\t\t\t<div class=\"elementor-container elementor-column-gap-default\">\n\t\t\t\t\t<div class=\"elementor-column elementor-col-100 elementor-top-column elementor-element elementor-element-b22e259\" data-id=\"b22e259\" data-element_type=\"column\" data-e-type=\"column\">\n\t\t\t<div class=\"elementor-widget-wrap elementor-element-populated\">\n\t\t\t\t\t\t<div class=\"elementor-element elementor-element-a2090c6 elementor-widget elementor-widget-text-editor\" data-id=\"a2090c6\" data-element_type=\"widget\" data-e-type=\"widget\" data-widget_type=\"text-editor.default\">\n\t\t\t\t<div class=\"elementor-widget-container\">\n\t\t\t\t\t\t\t\t\t<iframe width=\"560\" height=\"315\" src=\"https:\/\/www.youtube.com\/embed\/videoseries?list=PLeYdj9X0_ljm430E3dhe7KCp7jBwMA6Hy\" title=\"YouTube video player\" frameborder=\"0\" allow=\"accelerometer; autoplay; clipboard-write; encrypted-media; gyroscope; picture-in-picture\" allowfullscreen><\/iframe>\t\t\t\t\t\t\t\t<\/div>\n\t\t\t\t<\/div>\n\t\t\t\t\t<\/div>\n\t\t<\/div>\n\t\t\t\t\t<\/div>\n\t\t<\/section>\n\t\t\t\t<\/div>\n\t\t","protected":false},"excerpt":{"rendered":"<p>N\u00daMERO 47 BUENOS AIRES VICEVERSA PROBLEMAS URBANOS EL CRECIMIENTO ACELERADO DE LAS CIUDADES PONE EN JAQUE A SU INFRAESTRUCTURA E INCREMENTA LAS DESIGUALDADES. LA CABA NO ES UN ESPACIO DONDE<\/p>\n","protected":false},"author":5,"featured_media":0,"parent":0,"menu_order":0,"comment_status":"closed","ping_status":"closed","template":"","meta":{"footnotes":""},"class_list":["post-12646","page","type-page","status-publish","hentry"],"_links":{"self":[{"href":"https:\/\/www.economicas.uba.ar\/extension\/vocesenelfenix\/wp-json\/wp\/v2\/pages\/12646","targetHints":{"allow":["GET"]}}],"collection":[{"href":"https:\/\/www.economicas.uba.ar\/extension\/vocesenelfenix\/wp-json\/wp\/v2\/pages"}],"about":[{"href":"https:\/\/www.economicas.uba.ar\/extension\/vocesenelfenix\/wp-json\/wp\/v2\/types\/page"}],"author":[{"embeddable":true,"href":"https:\/\/www.economicas.uba.ar\/extension\/vocesenelfenix\/wp-json\/wp\/v2\/users\/5"}],"replies":[{"embeddable":true,"href":"https:\/\/www.economicas.uba.ar\/extension\/vocesenelfenix\/wp-json\/wp\/v2\/comments?post=12646"}],"version-history":[{"count":10,"href":"https:\/\/www.economicas.uba.ar\/extension\/vocesenelfenix\/wp-json\/wp\/v2\/pages\/12646\/revisions"}],"predecessor-version":[{"id":12662,"href":"https:\/\/www.economicas.uba.ar\/extension\/vocesenelfenix\/wp-json\/wp\/v2\/pages\/12646\/revisions\/12662"}],"wp:attachment":[{"href":"https:\/\/www.economicas.uba.ar\/extension\/vocesenelfenix\/wp-json\/wp\/v2\/media?parent=12646"}],"curies":[{"name":"wp","href":"https:\/\/api.w.org\/{rel}","templated":true}]}}