{"id":13242,"date":"2015-04-01T00:01:00","date_gmt":"2015-04-01T03:01:00","guid":{"rendered":"https:\/\/www.economicas.uba.ar\/extension\/vocesenelfenix\/?page_id=13242"},"modified":"2022-07-05T18:37:49","modified_gmt":"2022-07-05T21:37:49","slug":"numero-43","status":"publish","type":"page","link":"https:\/\/www.economicas.uba.ar\/extension\/vocesenelfenix\/numero-43\/","title":{"rendered":"N\u00famero 43"},"content":{"rendered":"\t\t<div data-elementor-type=\"wp-page\" data-elementor-id=\"13242\" class=\"elementor elementor-13242\" data-elementor-post-type=\"page\">\n\t\t\t\t\t\t<section class=\"elementor-section elementor-top-section elementor-element elementor-element-48a7bc7 elementor-section-boxed elementor-section-height-default elementor-section-height-default\" data-id=\"48a7bc7\" data-element_type=\"section\" data-e-type=\"section\" data-settings=\"{&quot;background_background&quot;:&quot;classic&quot;}\">\n\t\t\t\t\t\t<div class=\"elementor-container elementor-column-gap-default\">\n\t\t\t\t\t<div class=\"elementor-column elementor-col-33 elementor-top-column elementor-element elementor-element-c200fd4\" data-id=\"c200fd4\" data-element_type=\"column\" data-e-type=\"column\">\n\t\t\t<div class=\"elementor-widget-wrap elementor-element-populated\">\n\t\t\t\t\t\t<div class=\"elementor-element elementor-element-98b0c82 elementor-widget elementor-widget-image\" data-id=\"98b0c82\" data-element_type=\"widget\" data-e-type=\"widget\" data-widget_type=\"image.default\">\n\t\t\t\t<div class=\"elementor-widget-container\">\n\t\t\t\t\t\t\t\t\t\t\t\t\t\t\t\t<a href=\"https:\/\/drive.google.com\/file\/d\/1H38uSHTlDpsImM1uLlSdS8HcBluprbv2\/view\" target=\"_blank\">\n\t\t\t\t\t\t\t<img fetchpriority=\"high\" decoding=\"async\" width=\"193\" height=\"267\" src=\"https:\/\/www.economicas.uba.ar\/extension\/vocesenelfenix\/wp-content\/uploads\/tapa43.jpg\" class=\"attachment-large size-large wp-image-1911\" alt=\"\" \/>\t\t\t\t\t\t\t\t<\/a>\n\t\t\t\t\t\t\t\t\t\t\t\t\t\t\t<\/div>\n\t\t\t\t<\/div>\n\t\t\t\t\t<\/div>\n\t\t<\/div>\n\t\t\t\t<div class=\"elementor-column elementor-col-66 elementor-top-column elementor-element elementor-element-3c9896c\" data-id=\"3c9896c\" data-element_type=\"column\" data-e-type=\"column\">\n\t\t\t<div class=\"elementor-widget-wrap elementor-element-populated\">\n\t\t\t\t\t\t<div class=\"elementor-element elementor-element-8f74205 elementor-widget elementor-widget-text-editor\" data-id=\"8f74205\" data-element_type=\"widget\" data-e-type=\"widget\" data-widget_type=\"text-editor.default\">\n\t\t\t\t<div class=\"elementor-widget-container\">\n\t\t\t\t\t\t\t\t\t<h5>N\u00daMERO 43<\/h5><h3>VOCES DE LA TIERRA<\/h3><h6>DESARROLLO Y MEDIO AMBIENTE<\/h6><p><br \/>TODA ACTIVIDAD HUMANA GENERA UN IMPACTO EN LA NATURALEZA. CON LA INCORPORACI\u00d3N DE LO AMBIENTAL COMO OBJETO DE DISCUSI\u00d3N ECON\u00d3MICA SE ABRE UNA NUEVA L\u00cdNEA DE DEBATE. ALL\u00cd, LOS SABERES TRADICIONALES, LOS SABERES LOCALES Y LOS SABERES IND\u00cdGENAS CONSTITUYEN UN DESAF\u00cdO A LOS SABERES CIENT\u00cdFICOS CONVENCIONALES, APORTANDO TAMBI\u00c9N LA NOCI\u00d3N DE PROTECCI\u00d3N DEL MEDIOAMBIENTE. \u00bfQU\u00c9 PLANETA TENEMOS? \u00bfQU\u00c9 PLANETA QUEREMOS? \u00bfQU\u00c9 PLANETA LES DEJAMOS A LAS FUTURAS GENERACIONES?<\/p>\t\t\t\t\t\t\t\t<\/div>\n\t\t\t\t<\/div>\n\t\t\t\t<div class=\"elementor-element elementor-element-c2c9dae elementor-widget elementor-widget-button\" data-id=\"c2c9dae\" data-element_type=\"widget\" data-e-type=\"widget\" data-widget_type=\"button.default\">\n\t\t\t\t<div class=\"elementor-widget-container\">\n\t\t\t\t\t\t\t\t\t<div class=\"elementor-button-wrapper\">\n\t\t\t\t\t<a class=\"elementor-button elementor-button-link elementor-size-xs\" href=\"https:\/\/drive.google.com\/file\/d\/1H38uSHTlDpsImM1uLlSdS8HcBluprbv2\/view\" target=\"_blank\">\n\t\t\t\t\t\t<span class=\"elementor-button-content-wrapper\">\n\t\t\t\t\t\t\t\t\t<span class=\"elementor-button-text\">Descarg\u00e1 el PDF<\/span>\n\t\t\t\t\t<\/span>\n\t\t\t\t\t<\/a>\n\t\t\t\t<\/div>\n\t\t\t\t\t\t\t\t<\/div>\n\t\t\t\t<\/div>\n\t\t\t\t\t<\/div>\n\t\t<\/div>\n\t\t\t\t\t<\/div>\n\t\t<\/section>\n\t\t\t\t<section class=\"elementor-section elementor-top-section elementor-element elementor-element-64c5e77 elementor-section-boxed elementor-section-height-default elementor-section-height-default\" data-id=\"64c5e77\" data-element_type=\"section\" data-e-type=\"section\">\n\t\t\t\t\t\t<div class=\"elementor-container elementor-column-gap-default\">\n\t\t\t\t\t<div class=\"elementor-column elementor-col-100 elementor-top-column elementor-element elementor-element-5725045\" data-id=\"5725045\" data-element_type=\"column\" data-e-type=\"column\">\n\t\t\t<div class=\"elementor-widget-wrap elementor-element-populated\">\n\t\t\t\t\t\t<div class=\"elementor-element elementor-element-0d3fe47 elementor-grid-3 elementor-grid-tablet-2 elementor-grid-mobile-1 elementor-posts--align-left elementor-widget elementor-widget-blogmentor_blog_posts\" data-id=\"0d3fe47\" data-element_type=\"widget\" data-e-type=\"widget\" data-settings=\"{&quot;bm_grid_columns&quot;:&quot;3&quot;,&quot;bm_grid_columns_tablet&quot;:&quot;2&quot;,&quot;bm_grid_columns_mobile&quot;:&quot;1&quot;,&quot;post_card_grid_gap&quot;:{&quot;unit&quot;:&quot;px&quot;,&quot;size&quot;:10,&quot;sizes&quot;:[]},&quot;post_card_row_gap&quot;:{&quot;unit&quot;:&quot;px&quot;,&quot;size&quot;:35,&quot;sizes&quot;:[]}}\" data-widget_type=\"blogmentor_blog_posts.default\">\n\t\t\t\t<div class=\"elementor-widget-container\">\n\t\t\t\t\t\t\t\n\t\t\t\t\t\t\t\t<div class=\"bm-blog-posts-wrapper\" >\n\t\t\t\t\t\t\t<div class=\"bm-blog-posts bm-display-grid elementor-grid elementor-grid-3\" >\n\t\t\t\t    <article id=\"post-13248\" class=\"item bm_layout post-13248 post type-post status-publish format-standard has-post-thumbnail hentry category-n-43 tag-abraham-leonardo-gak tag-america-latina tag-desarrollo-y-medio-ambiente tag-editorial\">\n\t\t<div class=\"bm-blog-post-image entry-post-image\">\n\t\t\t<div class=\"bm-post-image clearfix bm-hover-effect bm-hover-effect-blur\">\n\t\t\t\t<img decoding=\"async\" width=\"640\" height=\"444\" src=\"https:\/\/www.economicas.uba.ar\/extension\/vocesenelfenix\/wp-content\/uploads\/4300-Editorial.jpg\" class=\"attachment-large size-large wp-post-image\" alt=\"\" srcset=\"https:\/\/www.economicas.uba.ar\/extension\/vocesenelfenix\/wp-content\/uploads\/4300-Editorial.jpg 1080w, https:\/\/www.economicas.uba.ar\/extension\/vocesenelfenix\/wp-content\/uploads\/4300-Editorial-300x208.jpg 300w, https:\/\/www.economicas.uba.ar\/extension\/vocesenelfenix\/wp-content\/uploads\/4300-Editorial-768x533.jpg 768w\" sizes=\"(max-width: 640px) 100vw, 640px\" \/>\t\t\t<\/div>\n\t\t<\/div>\n        <div class=\"bm-blog-post-content bm_content_box\">\n            <h4 class=\"entry-post-title bm_title\"><a href=\"https:\/\/www.economicas.uba.ar\/extension\/vocesenelfenix\/editorial-naturaleza-y-vida-el-precio-del-desarrollo\/\" rel=\"bookmark\">Editorial: Naturaleza y vida, \u00bfel precio del desarrollo?<\/a><\/h4>            <div class=\"bm-blog-post-meta entry-post-meta bm_meta\">\n                            <\/div>\n            <div class=\"entry-post-content bm_content\">\n                | Por Abraham Leonardo Gak |            <\/div>\n        <\/div>\n    <\/article>\n    <article id=\"post-13258\" class=\"item bm_layout post-13258 post type-post status-publish format-standard has-post-thumbnail hentry category-n-43 tag-desarrollo-sustentable tag-desarrollo-y-medio-ambiente tag-hector-sejenovich\">\n\t\t<div class=\"bm-blog-post-image entry-post-image\">\n\t\t\t<div class=\"bm-post-image clearfix bm-hover-effect bm-hover-effect-blur\">\n\t\t\t\t<img decoding=\"async\" width=\"640\" height=\"431\" src=\"https:\/\/www.economicas.uba.ar\/extension\/vocesenelfenix\/wp-content\/uploads\/4301-Sejenovich.jpg\" class=\"attachment-large size-large wp-post-image\" alt=\"\" srcset=\"https:\/\/www.economicas.uba.ar\/extension\/vocesenelfenix\/wp-content\/uploads\/4301-Sejenovich.jpg 1080w, https:\/\/www.economicas.uba.ar\/extension\/vocesenelfenix\/wp-content\/uploads\/4301-Sejenovich-300x202.jpg 300w, https:\/\/www.economicas.uba.ar\/extension\/vocesenelfenix\/wp-content\/uploads\/4301-Sejenovich-768x518.jpg 768w\" sizes=\"(max-width: 640px) 100vw, 640px\" \/>\t\t\t<\/div>\n\t\t<\/div>\n        <div class=\"bm-blog-post-content bm_content_box\">\n            <h4 class=\"entry-post-title bm_title\"><a href=\"https:\/\/www.economicas.uba.ar\/extension\/vocesenelfenix\/metodologias-instrumentos-y-conceptos-para-un-desarrollo-sustentable-y-socialmente-justo\/\" rel=\"bookmark\">Metodolog\u00edas, instrumentos y conceptos para un desarrollo sustentable y socialmente justo<\/a><\/h4>            <div class=\"bm-blog-post-meta entry-post-meta bm_meta\">\n                            <\/div>\n            <div class=\"entry-post-content bm_content\">\n                | Por H\u00e9ctor Sejenovich | Este n\u00famero de la revista Voces en el F\u00e9nix trata de incluir articuladamente una visi\u00f3n, necesariamente parcial, de los distintos temas en los que se <div><a href=\"https:\/\/www.economicas.uba.ar\/extension\/vocesenelfenix\/metodologias-instrumentos-y-conceptos-para-un-desarrollo-sustentable-y-socialmente-justo\/\" rel=\"bookmark\" class=\"bm-read-more entry-read-more\">M\u00e1s \u00bb<\/a><div>            <\/div>\n        <\/div>\n    <\/article>\n    <article id=\"post-13265\" class=\"item bm_layout post-13265 post type-post status-publish format-standard has-post-thumbnail hentry category-n-43 tag-acumar tag-antolin-magallanes tag-contaminacion tag-cuenca-matanza-riachuelo tag-desarrollo-y-medio-ambiente tag-saneamiento\">\n\t\t<div class=\"bm-blog-post-image entry-post-image\">\n\t\t\t<div class=\"bm-post-image clearfix bm-hover-effect bm-hover-effect-blur\">\n\t\t\t\t<img loading=\"lazy\" decoding=\"async\" width=\"640\" height=\"443\" src=\"https:\/\/www.economicas.uba.ar\/extension\/vocesenelfenix\/wp-content\/uploads\/4302-Magallanes.jpg\" class=\"attachment-large size-large wp-post-image\" alt=\"\" srcset=\"https:\/\/www.economicas.uba.ar\/extension\/vocesenelfenix\/wp-content\/uploads\/4302-Magallanes.jpg 1080w, https:\/\/www.economicas.uba.ar\/extension\/vocesenelfenix\/wp-content\/uploads\/4302-Magallanes-300x208.jpg 300w, https:\/\/www.economicas.uba.ar\/extension\/vocesenelfenix\/wp-content\/uploads\/4302-Magallanes-768x532.jpg 768w\" sizes=\"(max-width: 640px) 100vw, 640px\" \/>\t\t\t<\/div>\n\t\t<\/div>\n        <div class=\"bm-blog-post-content bm_content_box\">\n            <h4 class=\"entry-post-title bm_title\"><a href=\"https:\/\/www.economicas.uba.ar\/extension\/vocesenelfenix\/la-cuenca-matanza-riachuelo-el-desafio-del-saneamiento-tras-200-anos-de-contaminacion-y-olvido\/\" rel=\"bookmark\">La cuenca Matanza-Riachuelo. El desaf\u00edo del saneamiento tras 200 a\u00f1os de contaminaci\u00f3n y olvido<\/a><\/h4>            <div class=\"bm-blog-post-meta entry-post-meta bm_meta\">\n                            <\/div>\n            <div class=\"entry-post-content bm_content\">\n                | Por Antol\u00edn Magallanes | La cuenca Matanza-Riachuelo constituye la zona m\u00e1s urbanizada e industrializada de la Argentina. Abandonado e invisibilizado durante a\u00f1os, el r\u00edo se convirti\u00f3 en un alarmante <div><a href=\"https:\/\/www.economicas.uba.ar\/extension\/vocesenelfenix\/la-cuenca-matanza-riachuelo-el-desafio-del-saneamiento-tras-200-anos-de-contaminacion-y-olvido\/\" rel=\"bookmark\" class=\"bm-read-more entry-read-more\">M\u00e1s \u00bb<\/a><div>            <\/div>\n        <\/div>\n    <\/article>\n    <article id=\"post-13271\" class=\"item bm_layout post-13271 post type-post status-publish format-standard has-post-thumbnail hentry category-n-43 tag-asimetrias tag-bernardo-kliksberg tag-desarrollo-y-medio-ambiente tag-salud tag-salud-publica\">\n\t\t<div class=\"bm-blog-post-image entry-post-image\">\n\t\t\t<div class=\"bm-post-image clearfix bm-hover-effect bm-hover-effect-blur\">\n\t\t\t\t<img loading=\"lazy\" decoding=\"async\" width=\"640\" height=\"431\" src=\"https:\/\/www.economicas.uba.ar\/extension\/vocesenelfenix\/wp-content\/uploads\/4303-Kliksberg.jpg\" class=\"attachment-large size-large wp-post-image\" alt=\"\" srcset=\"https:\/\/www.economicas.uba.ar\/extension\/vocesenelfenix\/wp-content\/uploads\/4303-Kliksberg.jpg 1080w, https:\/\/www.economicas.uba.ar\/extension\/vocesenelfenix\/wp-content\/uploads\/4303-Kliksberg-300x202.jpg 300w, https:\/\/www.economicas.uba.ar\/extension\/vocesenelfenix\/wp-content\/uploads\/4303-Kliksberg-768x518.jpg 768w\" sizes=\"(max-width: 640px) 100vw, 640px\" \/>\t\t\t<\/div>\n\t\t<\/div>\n        <div class=\"bm-blog-post-content bm_content_box\">\n            <h4 class=\"entry-post-title bm_title\"><a href=\"https:\/\/www.economicas.uba.ar\/extension\/vocesenelfenix\/participacion-en-salud-anotaciones-estrategicas\/\" rel=\"bookmark\">Participaci\u00f3n en salud. Anotaciones estrat\u00e9gicas<\/a><\/h4>            <div class=\"bm-blog-post-meta entry-post-meta bm_meta\">\n                            <\/div>\n            <div class=\"entry-post-content bm_content\">\n                | Por Bernardo Kliksberg | La participaci\u00f3n en salud p\u00fablica es fundamental para reequilibrar las pronunciadas asimetr\u00edas en determinantes sociales de la salud. La tarea pendiente es muy amplia y <div><a href=\"https:\/\/www.economicas.uba.ar\/extension\/vocesenelfenix\/participacion-en-salud-anotaciones-estrategicas\/\" rel=\"bookmark\" class=\"bm-read-more entry-read-more\">M\u00e1s \u00bb<\/a><div>            <\/div>\n        <\/div>\n    <\/article>\n    <article id=\"post-13277\" class=\"item bm_layout post-13277 post type-post status-publish format-standard has-post-thumbnail hentry category-n-43 tag-america-latina tag-barbara-hogenboom tag-desarrollo-y-medio-ambiente tag-fabio-de-castro tag-mariana-walter tag-michiel-baud\">\n\t\t<div class=\"bm-blog-post-image entry-post-image\">\n\t\t\t<div class=\"bm-post-image clearfix bm-hover-effect bm-hover-effect-blur\">\n\t\t\t\t<img loading=\"lazy\" decoding=\"async\" width=\"640\" height=\"373\" src=\"https:\/\/www.economicas.uba.ar\/extension\/vocesenelfenix\/wp-content\/uploads\/4304-Hogenboom.jpg\" class=\"attachment-large size-large wp-post-image\" alt=\"\" srcset=\"https:\/\/www.economicas.uba.ar\/extension\/vocesenelfenix\/wp-content\/uploads\/4304-Hogenboom.jpg 1080w, https:\/\/www.economicas.uba.ar\/extension\/vocesenelfenix\/wp-content\/uploads\/4304-Hogenboom-300x175.jpg 300w, https:\/\/www.economicas.uba.ar\/extension\/vocesenelfenix\/wp-content\/uploads\/4304-Hogenboom-768x447.jpg 768w\" sizes=\"(max-width: 640px) 100vw, 640px\" \/>\t\t\t<\/div>\n\t\t<\/div>\n        <div class=\"bm-blog-post-content bm_content_box\">\n            <h4 class=\"entry-post-title bm_title\"><a href=\"https:\/\/www.economicas.uba.ar\/extension\/vocesenelfenix\/la-gobernanza-ambiental-en-america-latina-mapeando-miradas-dinamicas-y-experiencias\/\" rel=\"bookmark\">La gobernanza ambiental en Am\u00e9rica latina. Mapeando miradas, din\u00e1micas y experiencias<\/a><\/h4>            <div class=\"bm-blog-post-meta entry-post-meta bm_meta\">\n                            <\/div>\n            <div class=\"entry-post-content bm_content\">\n                | Por B\u00e1rbara Hogenboom, Michiel Baud, Fabio de Castro y Mariana Walter | A pesar de los cambios institucionales y las iniciativas que emergieron en los \u00faltimos a\u00f1os en nuestra <div><a href=\"https:\/\/www.economicas.uba.ar\/extension\/vocesenelfenix\/la-gobernanza-ambiental-en-america-latina-mapeando-miradas-dinamicas-y-experiencias\/\" rel=\"bookmark\" class=\"bm-read-more entry-read-more\">M\u00e1s \u00bb<\/a><div>            <\/div>\n        <\/div>\n    <\/article>\n    <article id=\"post-13288\" class=\"item bm_layout post-13288 post type-post status-publish format-standard has-post-thumbnail hentry category-n-43 tag-america-del-sur tag-antonio-de-lisio tag-desarrollo-y-medio-ambiente tag-iirsa tag-sustentabilidad\">\n\t\t<div class=\"bm-blog-post-image entry-post-image\">\n\t\t\t<div class=\"bm-post-image clearfix bm-hover-effect bm-hover-effect-blur\">\n\t\t\t\t<img loading=\"lazy\" decoding=\"async\" width=\"640\" height=\"431\" src=\"https:\/\/www.economicas.uba.ar\/extension\/vocesenelfenix\/wp-content\/uploads\/4305-De-Lisio.jpg\" class=\"attachment-large size-large wp-post-image\" alt=\"\" srcset=\"https:\/\/www.economicas.uba.ar\/extension\/vocesenelfenix\/wp-content\/uploads\/4305-De-Lisio.jpg 1080w, https:\/\/www.economicas.uba.ar\/extension\/vocesenelfenix\/wp-content\/uploads\/4305-De-Lisio-300x202.jpg 300w, https:\/\/www.economicas.uba.ar\/extension\/vocesenelfenix\/wp-content\/uploads\/4305-De-Lisio-768x517.jpg 768w\" sizes=\"(max-width: 640px) 100vw, 640px\" \/>\t\t\t<\/div>\n\t\t<\/div>\n        <div class=\"bm-blog-post-content bm_content_box\">\n            <h4 class=\"entry-post-title bm_title\"><a href=\"https:\/\/www.economicas.uba.ar\/extension\/vocesenelfenix\/iirsa-mucho-de-pasado-desarrollista-y-poco-de-futuro-sustentable\/\" rel=\"bookmark\">IIRSA: mucho de pasado desarrollista y poco de futuro sustentable<\/a><\/h4>            <div class=\"bm-blog-post-meta entry-post-meta bm_meta\">\n                            <\/div>\n            <div class=\"entry-post-content bm_content\">\n                | Por Antonio De Lisio | La Iniciativa es un sistema que busca mejorar la conectividad del \u201ccoraz\u00f3n\u201d de la Am\u00e9rica del Sur con el objetivo de mantener el modelo <div><a href=\"https:\/\/www.economicas.uba.ar\/extension\/vocesenelfenix\/iirsa-mucho-de-pasado-desarrollista-y-poco-de-futuro-sustentable\/\" rel=\"bookmark\" class=\"bm-read-more entry-read-more\">M\u00e1s \u00bb<\/a><div>            <\/div>\n        <\/div>\n    <\/article>\n    <article id=\"post-13302\" class=\"item bm_layout post-13302 post type-post status-publish format-standard has-post-thumbnail hentry category-n-43 tag-america-latina tag-desarrollo-y-medio-ambiente tag-nicolo-gligo-v tag-sustentabilidad\">\n\t\t<div class=\"bm-blog-post-image entry-post-image\">\n\t\t\t<div class=\"bm-post-image clearfix bm-hover-effect bm-hover-effect-blur\">\n\t\t\t\t<img loading=\"lazy\" decoding=\"async\" width=\"640\" height=\"430\" src=\"https:\/\/www.economicas.uba.ar\/extension\/vocesenelfenix\/wp-content\/uploads\/4306-Gligo.jpg\" class=\"attachment-large size-large wp-post-image\" alt=\"\" srcset=\"https:\/\/www.economicas.uba.ar\/extension\/vocesenelfenix\/wp-content\/uploads\/4306-Gligo.jpg 1080w, https:\/\/www.economicas.uba.ar\/extension\/vocesenelfenix\/wp-content\/uploads\/4306-Gligo-300x202.jpg 300w, https:\/\/www.economicas.uba.ar\/extension\/vocesenelfenix\/wp-content\/uploads\/4306-Gligo-768x516.jpg 768w\" sizes=\"(max-width: 640px) 100vw, 640px\" \/>\t\t\t<\/div>\n\t\t<\/div>\n        <div class=\"bm-blog-post-content bm_content_box\">\n            <h4 class=\"entry-post-title bm_title\"><a href=\"https:\/\/www.economicas.uba.ar\/extension\/vocesenelfenix\/estilos-de-desarrollo-y-medio-ambiente-en-america-latina-un-analisis-retrospectivo\/\" rel=\"bookmark\">Estilos de desarrollo y medio ambiente en Am\u00e9rica latina: un an\u00e1lisis retrospectivo<\/a><\/h4>            <div class=\"bm-blog-post-meta entry-post-meta bm_meta\">\n                            <\/div>\n            <div class=\"entry-post-content bm_content\">\n                | Por Nicolo Gligo V. | El desarrollo en nuestra regi\u00f3n sigue teniendo altos grados de insustentabilidad. Varios son los factores que favorecen este estado de situaci\u00f3n. En las p\u00e1ginas <div><a href=\"https:\/\/www.economicas.uba.ar\/extension\/vocesenelfenix\/estilos-de-desarrollo-y-medio-ambiente-en-america-latina-un-analisis-retrospectivo\/\" rel=\"bookmark\" class=\"bm-read-more entry-read-more\">M\u00e1s \u00bb<\/a><div>            <\/div>\n        <\/div>\n    <\/article>\n    <article id=\"post-13308\" class=\"item bm_layout post-13308 post type-post status-publish format-standard has-post-thumbnail hentry category-n-43 tag-ambientalismo-complejo tag-desarrollo-y-medio-ambiente tag-julio-carrizosa-umana tag-planificacion tag-recursos-naturales\">\n\t\t<div class=\"bm-blog-post-image entry-post-image\">\n\t\t\t<div class=\"bm-post-image clearfix bm-hover-effect bm-hover-effect-blur\">\n\t\t\t\t<img loading=\"lazy\" decoding=\"async\" width=\"640\" height=\"430\" src=\"https:\/\/www.economicas.uba.ar\/extension\/vocesenelfenix\/wp-content\/uploads\/4307-Carrizosa.jpg\" class=\"attachment-large size-large wp-post-image\" alt=\"\" srcset=\"https:\/\/www.economicas.uba.ar\/extension\/vocesenelfenix\/wp-content\/uploads\/4307-Carrizosa.jpg 1080w, https:\/\/www.economicas.uba.ar\/extension\/vocesenelfenix\/wp-content\/uploads\/4307-Carrizosa-300x202.jpg 300w, https:\/\/www.economicas.uba.ar\/extension\/vocesenelfenix\/wp-content\/uploads\/4307-Carrizosa-768x516.jpg 768w\" sizes=\"(max-width: 640px) 100vw, 640px\" \/>\t\t\t<\/div>\n\t\t<\/div>\n        <div class=\"bm-blog-post-content bm_content_box\">\n            <h4 class=\"entry-post-title bm_title\"><a href=\"https:\/\/www.economicas.uba.ar\/extension\/vocesenelfenix\/planificacion-y-recursos-naturales-desde-el-ambientalismo-complejo\/\" rel=\"bookmark\">Planificaci\u00f3n y recursos naturales desde el ambientalismo complejo<\/a><\/h4>            <div class=\"bm-blog-post-meta entry-post-meta bm_meta\">\n                            <\/div>\n            <div class=\"entry-post-content bm_content\">\n                | Por Julio Carrizosa Uma\u00f1a | El ambientalismo complejo incluye en la definici\u00f3n de ambiente a la sociedad y a la cultura. En esta nueva concepci\u00f3n vuelven a discutirse nociones <div><a href=\"https:\/\/www.economicas.uba.ar\/extension\/vocesenelfenix\/planificacion-y-recursos-naturales-desde-el-ambientalismo-complejo\/\" rel=\"bookmark\" class=\"bm-read-more entry-read-more\">M\u00e1s \u00bb<\/a><div>            <\/div>\n        <\/div>\n    <\/article>\n    <article id=\"post-13314\" class=\"item bm_layout post-13314 post type-post status-publish format-standard has-post-thumbnail hentry category-n-43 tag-cambio-civilizatorio tag-desarrollo tag-desarrollo-y-medio-ambiente tag-recursos-naturales tag-walter-alberto-pengue\">\n\t\t<div class=\"bm-blog-post-image entry-post-image\">\n\t\t\t<div class=\"bm-post-image clearfix bm-hover-effect bm-hover-effect-blur\">\n\t\t\t\t<img loading=\"lazy\" decoding=\"async\" width=\"640\" height=\"431\" src=\"https:\/\/www.economicas.uba.ar\/extension\/vocesenelfenix\/wp-content\/uploads\/4308-Pengue.jpg\" class=\"attachment-large size-large wp-post-image\" alt=\"\" srcset=\"https:\/\/www.economicas.uba.ar\/extension\/vocesenelfenix\/wp-content\/uploads\/4308-Pengue.jpg 1080w, https:\/\/www.economicas.uba.ar\/extension\/vocesenelfenix\/wp-content\/uploads\/4308-Pengue-300x202.jpg 300w, https:\/\/www.economicas.uba.ar\/extension\/vocesenelfenix\/wp-content\/uploads\/4308-Pengue-768x518.jpg 768w\" sizes=\"(max-width: 640px) 100vw, 640px\" \/>\t\t\t<\/div>\n\t\t<\/div>\n        <div class=\"bm-blog-post-content bm_content_box\">\n            <h4 class=\"entry-post-title bm_title\"><a href=\"https:\/\/www.economicas.uba.ar\/extension\/vocesenelfenix\/recursos-naturales-metabolismo-social-y-desarrollo\/\" rel=\"bookmark\">Recursos naturales, metabolismo social y desarrollo<\/a><\/h4>            <div class=\"bm-blog-post-meta entry-post-meta bm_meta\">\n                            <\/div>\n            <div class=\"entry-post-content bm_content\">\n                | Por Walter Alberto Pengue | La cuesti\u00f3n ambiental es elemental para la supervivencia de la civilizaci\u00f3n. El orden econ\u00f3mico prima por encima del orden ecol\u00f3gico. Hoy en d\u00eda no <div><a href=\"https:\/\/www.economicas.uba.ar\/extension\/vocesenelfenix\/recursos-naturales-metabolismo-social-y-desarrollo\/\" rel=\"bookmark\" class=\"bm-read-more entry-read-more\">M\u00e1s \u00bb<\/a><div>            <\/div>\n        <\/div>\n    <\/article>\n    <article id=\"post-13320\" class=\"item bm_layout post-13320 post type-post status-publish format-standard has-post-thumbnail hentry category-n-43 tag-desarrollo-y-medio-ambiente tag-ecologia-politica tag-economia-ecologica tag-extractivismo tag-joan-martinez-alier\">\n\t\t<div class=\"bm-blog-post-image entry-post-image\">\n\t\t\t<div class=\"bm-post-image clearfix bm-hover-effect bm-hover-effect-blur\">\n\t\t\t\t<img loading=\"lazy\" decoding=\"async\" width=\"640\" height=\"481\" src=\"https:\/\/www.economicas.uba.ar\/extension\/vocesenelfenix\/wp-content\/uploads\/4309-Martinez.jpg\" class=\"attachment-large size-large wp-post-image\" alt=\"\" srcset=\"https:\/\/www.economicas.uba.ar\/extension\/vocesenelfenix\/wp-content\/uploads\/4309-Martinez.jpg 1080w, https:\/\/www.economicas.uba.ar\/extension\/vocesenelfenix\/wp-content\/uploads\/4309-Martinez-300x226.jpg 300w, https:\/\/www.economicas.uba.ar\/extension\/vocesenelfenix\/wp-content\/uploads\/4309-Martinez-768x577.jpg 768w\" sizes=\"(max-width: 640px) 100vw, 640px\" \/>\t\t\t<\/div>\n\t\t<\/div>\n        <div class=\"bm-blog-post-content bm_content_box\">\n            <h4 class=\"entry-post-title bm_title\"><a href=\"https:\/\/www.economicas.uba.ar\/extension\/vocesenelfenix\/algunas-relaciones-entre-la-economia-ecologica-y-la-ecologia-politica\/\" rel=\"bookmark\">Algunas relaciones entre la Econom\u00eda Ecol\u00f3gica y la Ecolog\u00eda Pol\u00edtica<\/a><\/h4>            <div class=\"bm-blog-post-meta entry-post-meta bm_meta\">\n                            <\/div>\n            <div class=\"entry-post-content bm_content\">\n                | Por Joan Mart\u00ednez Alier | El objetivo de la Ecolog\u00eda Pol\u00edtica, como campo de estudio, es analizar los conflictos socioambientales y c\u00f3mo el poder pol\u00edtico incide en ellos. Ante <div><a href=\"https:\/\/www.economicas.uba.ar\/extension\/vocesenelfenix\/algunas-relaciones-entre-la-economia-ecologica-y-la-ecologia-politica\/\" rel=\"bookmark\" class=\"bm-read-more entry-read-more\">M\u00e1s \u00bb<\/a><div>            <\/div>\n        <\/div>\n    <\/article>\n    <article id=\"post-13334\" class=\"item bm_layout post-13334 post type-post status-publish format-standard has-post-thumbnail hentry category-n-43 tag-daniel-panario tag-desarrollo-y-medio-ambiente tag-ofelia-gutierrez tag-recursos-naturales\">\n\t\t<div class=\"bm-blog-post-image entry-post-image\">\n\t\t\t<div class=\"bm-post-image clearfix bm-hover-effect bm-hover-effect-blur\">\n\t\t\t\t<img loading=\"lazy\" decoding=\"async\" width=\"640\" height=\"431\" src=\"https:\/\/www.economicas.uba.ar\/extension\/vocesenelfenix\/wp-content\/uploads\/4310-Panario.jpg\" class=\"attachment-large size-large wp-post-image\" alt=\"\" srcset=\"https:\/\/www.economicas.uba.ar\/extension\/vocesenelfenix\/wp-content\/uploads\/4310-Panario.jpg 1080w, https:\/\/www.economicas.uba.ar\/extension\/vocesenelfenix\/wp-content\/uploads\/4310-Panario-300x202.jpg 300w, https:\/\/www.economicas.uba.ar\/extension\/vocesenelfenix\/wp-content\/uploads\/4310-Panario-768x517.jpg 768w\" sizes=\"(max-width: 640px) 100vw, 640px\" \/>\t\t\t<\/div>\n\t\t<\/div>\n        <div class=\"bm-blog-post-content bm_content_box\">\n            <h4 class=\"entry-post-title bm_title\"><a href=\"https:\/\/www.economicas.uba.ar\/extension\/vocesenelfenix\/medio-ambiente-y-recursos-naturales-responsabilidades-con-las-generaciones-futuras\/\" rel=\"bookmark\">Medio ambiente y recursos naturales, responsabilidades con las generaciones futuras<\/a><\/h4>            <div class=\"bm-blog-post-meta entry-post-meta bm_meta\">\n                            <\/div>\n            <div class=\"entry-post-content bm_content\">\n                | Por Daniel Panario y Ofelia Guti\u00e9rrez | La responsabilidad con las generaciones futuras no se trata s\u00f3lo de guardar algo de lo existente, sino de crear las condiciones para <div><a href=\"https:\/\/www.economicas.uba.ar\/extension\/vocesenelfenix\/medio-ambiente-y-recursos-naturales-responsabilidades-con-las-generaciones-futuras\/\" rel=\"bookmark\" class=\"bm-read-more entry-read-more\">M\u00e1s \u00bb<\/a><div>            <\/div>\n        <\/div>\n    <\/article>\n    <article id=\"post-13340\" class=\"item bm_layout post-13340 post type-post status-publish format-standard has-post-thumbnail hentry category-n-43 tag-america-latina tag-asentamientos tag-daniel-panario tag-desarrollo-y-medio-ambiente tag-metropolis tag-ofelia-gutierrez\">\n\t\t<div class=\"bm-blog-post-image entry-post-image\">\n\t\t\t<div class=\"bm-post-image clearfix bm-hover-effect bm-hover-effect-blur\">\n\t\t\t\t<img loading=\"lazy\" decoding=\"async\" width=\"640\" height=\"433\" src=\"https:\/\/www.economicas.uba.ar\/extension\/vocesenelfenix\/wp-content\/uploads\/4311-Gutierrez.jpg\" class=\"attachment-large size-large wp-post-image\" alt=\"\" srcset=\"https:\/\/www.economicas.uba.ar\/extension\/vocesenelfenix\/wp-content\/uploads\/4311-Gutierrez.jpg 1080w, https:\/\/www.economicas.uba.ar\/extension\/vocesenelfenix\/wp-content\/uploads\/4311-Gutierrez-300x203.jpg 300w, https:\/\/www.economicas.uba.ar\/extension\/vocesenelfenix\/wp-content\/uploads\/4311-Gutierrez-768x519.jpg 768w\" sizes=\"(max-width: 640px) 100vw, 640px\" \/>\t\t\t<\/div>\n\t\t<\/div>\n        <div class=\"bm-blog-post-content bm_content_box\">\n            <h4 class=\"entry-post-title bm_title\"><a href=\"https:\/\/www.economicas.uba.ar\/extension\/vocesenelfenix\/avanzando-sobre-el-ambiente-asentamientos-humanos-urbanos\/\" rel=\"bookmark\">Avanzando sobre el ambiente\u2026 Asentamientos humanos (urbanos)<\/a><\/h4>            <div class=\"bm-blog-post-meta entry-post-meta bm_meta\">\n                            <\/div>\n            <div class=\"entry-post-content bm_content\">\n                | Por Daniel Panario y Ofelia Guti\u00e9rrez | Los procesos de expansi\u00f3n de las grandes metr\u00f3polis son un fen\u00f3meno relevante en Am\u00e9rica latina que conlleva una p\u00e9rdida de importancia relativa <div><a href=\"https:\/\/www.economicas.uba.ar\/extension\/vocesenelfenix\/avanzando-sobre-el-ambiente-asentamientos-humanos-urbanos\/\" rel=\"bookmark\" class=\"bm-read-more entry-read-more\">M\u00e1s \u00bb<\/a><div>            <\/div>\n        <\/div>\n    <\/article>\n    <article id=\"post-13346\" class=\"item bm_layout post-13346 post type-post status-publish format-standard has-post-thumbnail hentry category-n-43 tag-america-latina tag-daniel-panario tag-desarrollo-y-medio-ambiente tag-ofelia-gutierrez tag-recursos-naturales\">\n\t\t<div class=\"bm-blog-post-image entry-post-image\">\n\t\t\t<div class=\"bm-post-image clearfix bm-hover-effect bm-hover-effect-blur\">\n\t\t\t\t<img loading=\"lazy\" decoding=\"async\" width=\"640\" height=\"410\" src=\"https:\/\/www.economicas.uba.ar\/extension\/vocesenelfenix\/wp-content\/uploads\/4312-Gutierrez.jpg\" class=\"attachment-large size-large wp-post-image\" alt=\"\" srcset=\"https:\/\/www.economicas.uba.ar\/extension\/vocesenelfenix\/wp-content\/uploads\/4312-Gutierrez.jpg 1080w, https:\/\/www.economicas.uba.ar\/extension\/vocesenelfenix\/wp-content\/uploads\/4312-Gutierrez-300x192.jpg 300w, https:\/\/www.economicas.uba.ar\/extension\/vocesenelfenix\/wp-content\/uploads\/4312-Gutierrez-768x492.jpg 768w\" sizes=\"(max-width: 640px) 100vw, 640px\" \/>\t\t\t<\/div>\n\t\t<\/div>\n        <div class=\"bm-blog-post-content bm_content_box\">\n            <h4 class=\"entry-post-title bm_title\"><a href=\"https:\/\/www.economicas.uba.ar\/extension\/vocesenelfenix\/uso-actual-o-abuso-de-los-recursos-naturales-algunas-reflexiones-pensando-en-las-generaciones-futuras\/\" rel=\"bookmark\">Uso actual (o abuso) de los recursos naturales. Algunas reflexiones pensando en las generaciones futuras<\/a><\/h4>            <div class=\"bm-blog-post-meta entry-post-meta bm_meta\">\n                            <\/div>\n            <div class=\"entry-post-content bm_content\">\n                | Por Daniel Panario y Ofelia Guti\u00e9rrez | En las \u00faltimas d\u00e9cadas los gobiernos de Latinoam\u00e9rica han tenido como pol\u00edtica aumentar la presi\u00f3n sobre los recursos naturales con la consiguiente <div><a href=\"https:\/\/www.economicas.uba.ar\/extension\/vocesenelfenix\/uso-actual-o-abuso-de-los-recursos-naturales-algunas-reflexiones-pensando-en-las-generaciones-futuras\/\" rel=\"bookmark\" class=\"bm-read-more entry-read-more\">M\u00e1s \u00bb<\/a><div>            <\/div>\n        <\/div>\n    <\/article>\n    <article id=\"post-13352\" class=\"item bm_layout post-13352 post type-post status-publish format-standard has-post-thumbnail hentry category-n-43 tag-colonialidad-descolonialidad tag-desarrollo-y-medio-ambiente tag-mina-kleiche-dray tag-saberes-tradicionales\">\n\t\t<div class=\"bm-blog-post-image entry-post-image\">\n\t\t\t<div class=\"bm-post-image clearfix bm-hover-effect bm-hover-effect-blur\">\n\t\t\t\t<img loading=\"lazy\" decoding=\"async\" width=\"640\" height=\"358\" src=\"https:\/\/www.economicas.uba.ar\/extension\/vocesenelfenix\/wp-content\/uploads\/4313-Kleiche.jpg\" class=\"attachment-large size-large wp-post-image\" alt=\"\" srcset=\"https:\/\/www.economicas.uba.ar\/extension\/vocesenelfenix\/wp-content\/uploads\/4313-Kleiche.jpg 1080w, https:\/\/www.economicas.uba.ar\/extension\/vocesenelfenix\/wp-content\/uploads\/4313-Kleiche-300x168.jpg 300w, https:\/\/www.economicas.uba.ar\/extension\/vocesenelfenix\/wp-content\/uploads\/4313-Kleiche-768x430.jpg 768w\" sizes=\"(max-width: 640px) 100vw, 640px\" \/>\t\t\t<\/div>\n\t\t<\/div>\n        <div class=\"bm-blog-post-content bm_content_box\">\n            <h4 class=\"entry-post-title bm_title\"><a href=\"https:\/\/www.economicas.uba.ar\/extension\/vocesenelfenix\/contribucion-y-limites-del-programa-colonialidad-descolonialidad-en-el-analisis-de-los-saberes-tradicionales\/\" rel=\"bookmark\">Contribuci\u00f3n y limites del programa colonialidad\/descolonialidad en el an\u00e1lisis de los saberes tradicionales<\/a><\/h4>            <div class=\"bm-blog-post-meta entry-post-meta bm_meta\">\n                            <\/div>\n            <div class=\"entry-post-content bm_content\">\n                | Por Mina Kleiche-Dray | Los saberes tradicionales, los saberes locales y los saberes ind\u00edgenas constituyen un desaf\u00edo a la hegemon\u00eda de los saberes cient\u00edficos convencionales a partir de la <div><a href=\"https:\/\/www.economicas.uba.ar\/extension\/vocesenelfenix\/contribucion-y-limites-del-programa-colonialidad-descolonialidad-en-el-analisis-de-los-saberes-tradicionales\/\" rel=\"bookmark\" class=\"bm-read-more entry-read-more\">M\u00e1s \u00bb<\/a><div>            <\/div>\n        <\/div>\n    <\/article>\n    <article id=\"post-13417\" class=\"item bm_layout post-13417 post type-post status-publish format-standard has-post-thumbnail hentry category-n-43 tag-desarrollo-sostenible tag-desarrollo-y-medio-ambiente tag-economia-verde tag-guillermo-castro\">\n\t\t<div class=\"bm-blog-post-image entry-post-image\">\n\t\t\t<div class=\"bm-post-image clearfix bm-hover-effect bm-hover-effect-blur\">\n\t\t\t\t<img loading=\"lazy\" decoding=\"async\" width=\"640\" height=\"428\" src=\"https:\/\/www.economicas.uba.ar\/extension\/vocesenelfenix\/wp-content\/uploads\/4314-Castro.jpg\" class=\"attachment-large size-large wp-post-image\" alt=\"\" srcset=\"https:\/\/www.economicas.uba.ar\/extension\/vocesenelfenix\/wp-content\/uploads\/4314-Castro.jpg 1080w, https:\/\/www.economicas.uba.ar\/extension\/vocesenelfenix\/wp-content\/uploads\/4314-Castro-300x201.jpg 300w, https:\/\/www.economicas.uba.ar\/extension\/vocesenelfenix\/wp-content\/uploads\/4314-Castro-768x514.jpg 768w\" sizes=\"(max-width: 640px) 100vw, 640px\" \/>\t\t\t<\/div>\n\t\t<\/div>\n        <div class=\"bm-blog-post-content bm_content_box\">\n            <h4 class=\"entry-post-title bm_title\"><a href=\"https:\/\/www.economicas.uba.ar\/extension\/vocesenelfenix\/la-economia-verde-en-el-camino-hacia-el-desarrollo-sostenible\/\" rel=\"bookmark\">La econom\u00eda verde en el camino hacia el desarrollo sostenible<\/a><\/h4>            <div class=\"bm-blog-post-meta entry-post-meta bm_meta\">\n                            <\/div>\n            <div class=\"entry-post-content bm_content\">\n                | Por Guillermo Castro | Los modelos econ\u00f3micos y empresariales que conocemos no fueron generados para asumir los problemas de la sostenibilidad. Con la incorporaci\u00f3n de lo ambiental como objeto <div><a href=\"https:\/\/www.economicas.uba.ar\/extension\/vocesenelfenix\/la-economia-verde-en-el-camino-hacia-el-desarrollo-sostenible\/\" rel=\"bookmark\" class=\"bm-read-more entry-read-more\">M\u00e1s \u00bb<\/a><div>            <\/div>\n        <\/div>\n    <\/article>\n    <article id=\"post-13424\" class=\"item bm_layout post-13424 post type-post status-publish format-standard has-post-thumbnail hentry category-n-43 tag-america-latina tag-cambio-climatico tag-cristian-parker-g tag-desarrollo-y-medio-ambiente tag-ecodesarrollo tag-energia\">\n\t\t<div class=\"bm-blog-post-image entry-post-image\">\n\t\t\t<div class=\"bm-post-image clearfix bm-hover-effect bm-hover-effect-blur\">\n\t\t\t\t<img loading=\"lazy\" decoding=\"async\" width=\"640\" height=\"432\" src=\"https:\/\/www.economicas.uba.ar\/extension\/vocesenelfenix\/wp-content\/uploads\/4315-Parker.jpg\" class=\"attachment-large size-large wp-post-image\" alt=\"\" srcset=\"https:\/\/www.economicas.uba.ar\/extension\/vocesenelfenix\/wp-content\/uploads\/4315-Parker.jpg 1080w, https:\/\/www.economicas.uba.ar\/extension\/vocesenelfenix\/wp-content\/uploads\/4315-Parker-300x203.jpg 300w, https:\/\/www.economicas.uba.ar\/extension\/vocesenelfenix\/wp-content\/uploads\/4315-Parker-768x518.jpg 768w\" sizes=\"(max-width: 640px) 100vw, 640px\" \/>\t\t\t<\/div>\n\t\t<\/div>\n        <div class=\"bm-blog-post-content bm_content_box\">\n            <h4 class=\"entry-post-title bm_title\"><a href=\"https:\/\/www.economicas.uba.ar\/extension\/vocesenelfenix\/sobre-patrones-de-consumo-transicion-energetica-y-ecodesarrollo-en-america-latina\/\" rel=\"bookmark\">Sobre patrones de consumo, transici\u00f3n energ\u00e9tica y ecodesarrollo en Am\u00e9rica latina<\/a><\/h4>            <div class=\"bm-blog-post-meta entry-post-meta bm_meta\">\n                            <\/div>\n            <div class=\"entry-post-content bm_content\">\n                | Por Cristian Parker G. | El planeta sufre significativamente los efectos del cambio clim\u00e1tico y todo hace suponer que sus amenazas crecer\u00e1n en los pr\u00f3ximos a\u00f1os. El desaf\u00edo es <div><a href=\"https:\/\/www.economicas.uba.ar\/extension\/vocesenelfenix\/sobre-patrones-de-consumo-transicion-energetica-y-ecodesarrollo-en-america-latina\/\" rel=\"bookmark\" class=\"bm-read-more entry-read-more\">M\u00e1s \u00bb<\/a><div>            <\/div>\n        <\/div>\n    <\/article>\n    <article id=\"post-13430\" class=\"item bm_layout post-13430 post type-post status-publish format-standard has-post-thumbnail hentry category-n-43 tag-america-latina tag-desarrollo-y-medio-ambiente tag-politicas-publicas tag-susana-finquelievich\">\n\t\t<div class=\"bm-blog-post-image entry-post-image\">\n\t\t\t<div class=\"bm-post-image clearfix bm-hover-effect bm-hover-effect-blur\">\n\t\t\t\t<img loading=\"lazy\" decoding=\"async\" width=\"640\" height=\"431\" src=\"https:\/\/www.economicas.uba.ar\/extension\/vocesenelfenix\/wp-content\/uploads\/4316-Finquelievich.jpg\" class=\"attachment-large size-large wp-post-image\" alt=\"\" srcset=\"https:\/\/www.economicas.uba.ar\/extension\/vocesenelfenix\/wp-content\/uploads\/4316-Finquelievich.jpg 1080w, https:\/\/www.economicas.uba.ar\/extension\/vocesenelfenix\/wp-content\/uploads\/4316-Finquelievich-300x202.jpg 300w, https:\/\/www.economicas.uba.ar\/extension\/vocesenelfenix\/wp-content\/uploads\/4316-Finquelievich-768x517.jpg 768w\" sizes=\"(max-width: 640px) 100vw, 640px\" \/>\t\t\t<\/div>\n\t\t<\/div>\n        <div class=\"bm-blog-post-content bm_content_box\">\n            <h4 class=\"entry-post-title bm_title\"><a href=\"https:\/\/www.economicas.uba.ar\/extension\/vocesenelfenix\/politicas-publicas-para-la-sociedad-de-la-informacion-en-america-latina-sus-contribuciones-al-desarrollo\/\" rel=\"bookmark\">Pol\u00edticas p\u00fablicas para la sociedad de la informaci\u00f3n en Am\u00e9rica latina: sus contribuciones al desarrollo<\/a><\/h4>            <div class=\"bm-blog-post-meta entry-post-meta bm_meta\">\n                            <\/div>\n            <div class=\"entry-post-content bm_content\">\n                | Por Susana Finquelievich | El desarrollo de las pol\u00edticas p\u00fablicas para la sociedad de la informaci\u00f3n en Am\u00e9rica latina ha sido desigual. La formulaci\u00f3n y actualizaci\u00f3n de las mismas <div><a href=\"https:\/\/www.economicas.uba.ar\/extension\/vocesenelfenix\/politicas-publicas-para-la-sociedad-de-la-informacion-en-america-latina-sus-contribuciones-al-desarrollo\/\" rel=\"bookmark\" class=\"bm-read-more entry-read-more\">M\u00e1s \u00bb<\/a><div>            <\/div>\n        <\/div>\n    <\/article>\n    <article id=\"post-13439\" class=\"item bm_layout post-13439 post type-post status-publish format-standard has-post-thumbnail hentry category-n-43 tag-desarrollo-y-medio-ambiente tag-recursos-naturales tag-residuos-solidos tag-susana-castrogiovanni\">\n\t\t<div class=\"bm-blog-post-image entry-post-image\">\n\t\t\t<div class=\"bm-post-image clearfix bm-hover-effect bm-hover-effect-blur\">\n\t\t\t\t<img loading=\"lazy\" decoding=\"async\" width=\"640\" height=\"433\" src=\"https:\/\/www.economicas.uba.ar\/extension\/vocesenelfenix\/wp-content\/uploads\/4317-Castrogiovanni.jpg\" class=\"attachment-large size-large wp-post-image\" alt=\"\" srcset=\"https:\/\/www.economicas.uba.ar\/extension\/vocesenelfenix\/wp-content\/uploads\/4317-Castrogiovanni.jpg 1080w, https:\/\/www.economicas.uba.ar\/extension\/vocesenelfenix\/wp-content\/uploads\/4317-Castrogiovanni-300x203.jpg 300w, https:\/\/www.economicas.uba.ar\/extension\/vocesenelfenix\/wp-content\/uploads\/4317-Castrogiovanni-768x519.jpg 768w\" sizes=\"(max-width: 640px) 100vw, 640px\" \/>\t\t\t<\/div>\n\t\t<\/div>\n        <div class=\"bm-blog-post-content bm_content_box\">\n            <h4 class=\"entry-post-title bm_title\"><a href=\"https:\/\/www.economicas.uba.ar\/extension\/vocesenelfenix\/una-mirada-desde-lo-local-sobre-los-residuos-solidos-urbanos\/\" rel=\"bookmark\">Una mirada desde lo local sobre los residuos s\u00f3lidos urbanos<\/a><\/h4>            <div class=\"bm-blog-post-meta entry-post-meta bm_meta\">\n                            <\/div>\n            <div class=\"entry-post-content bm_content\">\n                | Por Susana Castrogiovanni | Toda actividad desarrollada por el hombre genera residuos, y estos no son otra cosa que recursos naturales desaprovechados. El volumen de los mismos fue creciendo <div><a href=\"https:\/\/www.economicas.uba.ar\/extension\/vocesenelfenix\/una-mirada-desde-lo-local-sobre-los-residuos-solidos-urbanos\/\" rel=\"bookmark\" class=\"bm-read-more entry-read-more\">M\u00e1s \u00bb<\/a><div>            <\/div>\n        <\/div>\n    <\/article>\n    <article id=\"post-13454\" class=\"item bm_layout post-13454 post type-post status-publish format-standard has-post-thumbnail hentry category-n-43 tag-america-latina tag-desarrollo-y-medio-ambiente tag-educacion-ambiental tag-silvina-corbetta\">\n\t\t<div class=\"bm-blog-post-image entry-post-image\">\n\t\t\t<div class=\"bm-post-image clearfix bm-hover-effect bm-hover-effect-blur\">\n\t\t\t\t<img loading=\"lazy\" decoding=\"async\" width=\"640\" height=\"431\" src=\"https:\/\/www.economicas.uba.ar\/extension\/vocesenelfenix\/wp-content\/uploads\/4318-Corbetta.jpg\" class=\"attachment-large size-large wp-post-image\" alt=\"\" srcset=\"https:\/\/www.economicas.uba.ar\/extension\/vocesenelfenix\/wp-content\/uploads\/4318-Corbetta.jpg 1080w, https:\/\/www.economicas.uba.ar\/extension\/vocesenelfenix\/wp-content\/uploads\/4318-Corbetta-300x202.jpg 300w, https:\/\/www.economicas.uba.ar\/extension\/vocesenelfenix\/wp-content\/uploads\/4318-Corbetta-768x518.jpg 768w\" sizes=\"(max-width: 640px) 100vw, 640px\" \/>\t\t\t<\/div>\n\t\t<\/div>\n        <div class=\"bm-blog-post-content bm_content_box\">\n            <h4 class=\"entry-post-title bm_title\"><a href=\"https:\/\/www.economicas.uba.ar\/extension\/vocesenelfenix\/pensamiento-ambiental-latinoamericano-y-educacion-ambiental\/\" rel=\"bookmark\">Pensamiento ambiental latinoamericano y Educaci\u00f3n Ambiental<\/a><\/h4>            <div class=\"bm-blog-post-meta entry-post-meta bm_meta\">\n                            <\/div>\n            <div class=\"entry-post-content bm_content\">\n                | Por Silvina Corbetta | A pesar de llevar a\u00f1os en debate, la Educaci\u00f3n Ambiental muestra todav\u00eda enormes dificultades para indagar sobre la visi\u00f3n de mundo euroc\u00e9ntrica e introducir visiones <div><a href=\"https:\/\/www.economicas.uba.ar\/extension\/vocesenelfenix\/pensamiento-ambiental-latinoamericano-y-educacion-ambiental\/\" rel=\"bookmark\" class=\"bm-read-more entry-read-more\">M\u00e1s \u00bb<\/a><div>            <\/div>\n        <\/div>\n    <\/article>\n    <article id=\"post-13460\" class=\"item bm_layout post-13460 post type-post status-publish format-standard has-post-thumbnail hentry category-n-43 tag-desarrollo-y-medio-ambiente tag-infraestructura tag-marcelo-somenson tag-sustentabilidad\">\n\t\t<div class=\"bm-blog-post-image entry-post-image\">\n\t\t\t<div class=\"bm-post-image clearfix bm-hover-effect bm-hover-effect-blur\">\n\t\t\t\t<img loading=\"lazy\" decoding=\"async\" width=\"640\" height=\"433\" src=\"https:\/\/www.economicas.uba.ar\/extension\/vocesenelfenix\/wp-content\/uploads\/4319-Somenson.jpg\" class=\"attachment-large size-large wp-post-image\" alt=\"\" srcset=\"https:\/\/www.economicas.uba.ar\/extension\/vocesenelfenix\/wp-content\/uploads\/4319-Somenson.jpg 1080w, https:\/\/www.economicas.uba.ar\/extension\/vocesenelfenix\/wp-content\/uploads\/4319-Somenson-300x203.jpg 300w, https:\/\/www.economicas.uba.ar\/extension\/vocesenelfenix\/wp-content\/uploads\/4319-Somenson-768x519.jpg 768w\" sizes=\"(max-width: 640px) 100vw, 640px\" \/>\t\t\t<\/div>\n\t\t<\/div>\n        <div class=\"bm-blog-post-content bm_content_box\">\n            <h4 class=\"entry-post-title bm_title\"><a href=\"https:\/\/www.economicas.uba.ar\/extension\/vocesenelfenix\/hacia-una-infraestructura-sustentable\/\" rel=\"bookmark\">Hacia una infraestructura sustentable<\/a><\/h4>            <div class=\"bm-blog-post-meta entry-post-meta bm_meta\">\n                            <\/div>\n            <div class=\"entry-post-content bm_content\">\n                | Por Marcelo Somenson | En nuestro pa\u00eds los criterios de protecci\u00f3n ambiental dirigidos a los proyectos de infraestructura han sido incorporados formalmente hace ya varios a\u00f1os. Sin embargo, la <div><a href=\"https:\/\/www.economicas.uba.ar\/extension\/vocesenelfenix\/hacia-una-infraestructura-sustentable\/\" rel=\"bookmark\" class=\"bm-read-more entry-read-more\">M\u00e1s \u00bb<\/a><div>            <\/div>\n        <\/div>\n    <\/article>\n    <article id=\"post-13476\" class=\"item bm_layout post-13476 post type-post status-publish format-standard has-post-thumbnail hentry category-n-43 tag-desarrollo-y-medio-ambiente tag-inundaciones tag-marcela-b-colombo tag-tucuman\">\n\t\t<div class=\"bm-blog-post-image entry-post-image\">\n\t\t\t<div class=\"bm-post-image clearfix bm-hover-effect bm-hover-effect-blur\">\n\t\t\t\t<img loading=\"lazy\" decoding=\"async\" width=\"640\" height=\"430\" src=\"https:\/\/www.economicas.uba.ar\/extension\/vocesenelfenix\/wp-content\/uploads\/4320-Colombo.jpg\" class=\"attachment-large size-large wp-post-image\" alt=\"\" srcset=\"https:\/\/www.economicas.uba.ar\/extension\/vocesenelfenix\/wp-content\/uploads\/4320-Colombo.jpg 1080w, https:\/\/www.economicas.uba.ar\/extension\/vocesenelfenix\/wp-content\/uploads\/4320-Colombo-300x201.jpg 300w, https:\/\/www.economicas.uba.ar\/extension\/vocesenelfenix\/wp-content\/uploads\/4320-Colombo-768x516.jpg 768w\" sizes=\"(max-width: 640px) 100vw, 640px\" \/>\t\t\t<\/div>\n\t\t<\/div>\n        <div class=\"bm-blog-post-content bm_content_box\">\n            <h4 class=\"entry-post-title bm_title\"><a href=\"https:\/\/www.economicas.uba.ar\/extension\/vocesenelfenix\/relatos-de-una-tragedia-anunciada\/\" rel=\"bookmark\">Relatos de una tragedia anunciada<\/a><\/h4>            <div class=\"bm-blog-post-meta entry-post-meta bm_meta\">\n                            <\/div>\n            <div class=\"entry-post-content bm_content\">\n                | Por Marcela B. Colombo | A inicios de este a\u00f1o, la provincia de Tucum\u00e1n se vio afectada por importantes inundaciones. Esto se debi\u00f3, en gran medida, a la falta <div><a href=\"https:\/\/www.economicas.uba.ar\/extension\/vocesenelfenix\/relatos-de-una-tragedia-anunciada\/\" rel=\"bookmark\" class=\"bm-read-more entry-read-more\">M\u00e1s \u00bb<\/a><div>            <\/div>\n        <\/div>\n    <\/article>\n    <article id=\"post-13482\" class=\"item bm_layout post-13482 post type-post status-publish format-standard has-post-thumbnail hentry category-n-43 tag-desarrollo-y-medio-ambiente tag-educacion-ambiental tag-eloisa-trellez-solis tag-participacion tag-planificacion\">\n\t\t<div class=\"bm-blog-post-image entry-post-image\">\n\t\t\t<div class=\"bm-post-image clearfix bm-hover-effect bm-hover-effect-blur\">\n\t\t\t\t<img loading=\"lazy\" decoding=\"async\" width=\"640\" height=\"329\" src=\"https:\/\/www.economicas.uba.ar\/extension\/vocesenelfenix\/wp-content\/uploads\/4321-Trellez.jpg\" class=\"attachment-large size-large wp-post-image\" alt=\"\" srcset=\"https:\/\/www.economicas.uba.ar\/extension\/vocesenelfenix\/wp-content\/uploads\/4321-Trellez.jpg 1080w, https:\/\/www.economicas.uba.ar\/extension\/vocesenelfenix\/wp-content\/uploads\/4321-Trellez-300x154.jpg 300w, https:\/\/www.economicas.uba.ar\/extension\/vocesenelfenix\/wp-content\/uploads\/4321-Trellez-768x395.jpg 768w\" sizes=\"(max-width: 640px) 100vw, 640px\" \/>\t\t\t<\/div>\n\t\t<\/div>\n        <div class=\"bm-blog-post-content bm_content_box\">\n            <h4 class=\"entry-post-title bm_title\"><a href=\"https:\/\/www.economicas.uba.ar\/extension\/vocesenelfenix\/educacion-ambiental-comunitaria-participacion-y-planificacion-prospectiva\/\" rel=\"bookmark\">Educaci\u00f3n ambiental comunitaria, participaci\u00f3n y planificaci\u00f3n prospectiva<\/a><\/h4>            <div class=\"bm-blog-post-meta entry-post-meta bm_meta\">\n                            <\/div>\n            <div class=\"entry-post-content bm_content\">\n                | Por Elo\u00edsa Tr\u00e9llez Sol\u00eds | Para lograr la construcci\u00f3n de futuros sustentables es sumamente necesaria la participaci\u00f3n de las poblaciones locales, quienes pueden aportar sus propias realidades y visiones, <div><a href=\"https:\/\/www.economicas.uba.ar\/extension\/vocesenelfenix\/educacion-ambiental-comunitaria-participacion-y-planificacion-prospectiva\/\" rel=\"bookmark\" class=\"bm-read-more entry-read-more\">M\u00e1s \u00bb<\/a><div>            <\/div>\n        <\/div>\n    <\/article>\n    <article id=\"post-13488\" class=\"item bm_layout post-13488 post type-post status-publish format-standard has-post-thumbnail hentry category-n-43 tag-ciencia tag-desarrollo-y-medio-ambiente tag-gloria-baigorrotegui tag-movimientos-sociales\">\n\t\t<div class=\"bm-blog-post-image entry-post-image\">\n\t\t\t<div class=\"bm-post-image clearfix bm-hover-effect bm-hover-effect-blur\">\n\t\t\t\t<img loading=\"lazy\" decoding=\"async\" width=\"640\" height=\"445\" src=\"https:\/\/www.economicas.uba.ar\/extension\/vocesenelfenix\/wp-content\/uploads\/4322-Baigorrotegui.jpg\" class=\"attachment-large size-large wp-post-image\" alt=\"\" srcset=\"https:\/\/www.economicas.uba.ar\/extension\/vocesenelfenix\/wp-content\/uploads\/4322-Baigorrotegui.jpg 1080w, https:\/\/www.economicas.uba.ar\/extension\/vocesenelfenix\/wp-content\/uploads\/4322-Baigorrotegui-300x209.jpg 300w, https:\/\/www.economicas.uba.ar\/extension\/vocesenelfenix\/wp-content\/uploads\/4322-Baigorrotegui-768x534.jpg 768w\" sizes=\"(max-width: 640px) 100vw, 640px\" \/>\t\t\t<\/div>\n\t\t<\/div>\n        <div class=\"bm-blog-post-content bm_content_box\">\n            <h4 class=\"entry-post-title bm_title\"><a href=\"https:\/\/www.economicas.uba.ar\/extension\/vocesenelfenix\/el-inasible-futuro-de-nuestros-dias-localidad-medioambiente-y-experticia\/\" rel=\"bookmark\">El inasible futuro de nuestros d\u00edas. Localidad, medioambiente y experticia<\/a><\/h4>            <div class=\"bm-blog-post-meta entry-post-meta bm_meta\">\n                            <\/div>\n            <div class=\"entry-post-content bm_content\">\n                | Por Gloria Baigorrotegui | Las luchas de los movimientos sociales vinculadas a cuestiones ambientales siguen siendo de las m\u00e1s din\u00e1micas en nuestra regi\u00f3n. Con el correr del tiempo y <div><a href=\"https:\/\/www.economicas.uba.ar\/extension\/vocesenelfenix\/el-inasible-futuro-de-nuestros-dias-localidad-medioambiente-y-experticia\/\" rel=\"bookmark\" class=\"bm-read-more entry-read-more\">M\u00e1s \u00bb<\/a><div>            <\/div>\n        <\/div>\n    <\/article>\n\t\t\t\t<\/div><\/div>\n\t\t\t\t\t\t\t\t<\/div>\n\t\t\t\t<\/div>\n\t\t\t\t\t<\/div>\n\t\t<\/div>\n\t\t\t\t\t<\/div>\n\t\t<\/section>\n\t\t\t\t<section class=\"elementor-section elementor-top-section elementor-element elementor-element-eafce08 elementor-section-boxed elementor-section-height-default elementor-section-height-default\" data-id=\"eafce08\" data-element_type=\"section\" data-e-type=\"section\" data-settings=\"{&quot;background_background&quot;:&quot;classic&quot;}\">\n\t\t\t\t\t\t<div class=\"elementor-container elementor-column-gap-default\">\n\t\t\t\t\t<div class=\"elementor-column elementor-col-100 elementor-top-column elementor-element elementor-element-16f4b6b\" data-id=\"16f4b6b\" data-element_type=\"column\" data-e-type=\"column\">\n\t\t\t<div class=\"elementor-widget-wrap elementor-element-populated\">\n\t\t\t\t\t\t<div class=\"elementor-element elementor-element-d14c125 elementor-widget elementor-widget-text-editor\" data-id=\"d14c125\" data-element_type=\"widget\" data-e-type=\"widget\" data-widget_type=\"text-editor.default\">\n\t\t\t\t<div class=\"elementor-widget-container\">\n\t\t\t\t\t\t\t\t\t<iframe width=\"560\" height=\"315\" src=\"https:\/\/www.youtube.com\/embed\/videoseries?list=PLeYdj9X0_ljmoUwGXGZjw74WTA8FNTlak\" title=\"YouTube video player\" frameborder=\"0\" allow=\"accelerometer; autoplay; clipboard-write; encrypted-media; gyroscope; picture-in-picture\" allowfullscreen><\/iframe>\t\t\t\t\t\t\t\t<\/div>\n\t\t\t\t<\/div>\n\t\t\t\t\t<\/div>\n\t\t<\/div>\n\t\t\t\t\t<\/div>\n\t\t<\/section>\n\t\t\t\t<\/div>\n\t\t","protected":false},"excerpt":{"rendered":"<p>N\u00daMERO 43 VOCES DE LA TIERRA DESARROLLO Y MEDIO AMBIENTE TODA ACTIVIDAD HUMANA GENERA UN IMPACTO EN LA NATURALEZA. CON LA INCORPORACI\u00d3N DE LO AMBIENTAL COMO OBJETO DE DISCUSI\u00d3N ECON\u00d3MICA<\/p>\n","protected":false},"author":5,"featured_media":0,"parent":0,"menu_order":0,"comment_status":"closed","ping_status":"closed","template":"","meta":{"footnotes":""},"class_list":["post-13242","page","type-page","status-publish","hentry"],"_links":{"self":[{"href":"https:\/\/www.economicas.uba.ar\/extension\/vocesenelfenix\/wp-json\/wp\/v2\/pages\/13242","targetHints":{"allow":["GET"]}}],"collection":[{"href":"https:\/\/www.economicas.uba.ar\/extension\/vocesenelfenix\/wp-json\/wp\/v2\/pages"}],"about":[{"href":"https:\/\/www.economicas.uba.ar\/extension\/vocesenelfenix\/wp-json\/wp\/v2\/types\/page"}],"author":[{"embeddable":true,"href":"https:\/\/www.economicas.uba.ar\/extension\/vocesenelfenix\/wp-json\/wp\/v2\/users\/5"}],"replies":[{"embeddable":true,"href":"https:\/\/www.economicas.uba.ar\/extension\/vocesenelfenix\/wp-json\/wp\/v2\/comments?post=13242"}],"version-history":[{"count":7,"href":"https:\/\/www.economicas.uba.ar\/extension\/vocesenelfenix\/wp-json\/wp\/v2\/pages\/13242\/revisions"}],"predecessor-version":[{"id":13256,"href":"https:\/\/www.economicas.uba.ar\/extension\/vocesenelfenix\/wp-json\/wp\/v2\/pages\/13242\/revisions\/13256"}],"wp:attachment":[{"href":"https:\/\/www.economicas.uba.ar\/extension\/vocesenelfenix\/wp-json\/wp\/v2\/media?parent=13242"}],"curies":[{"name":"wp","href":"https:\/\/api.w.org\/{rel}","templated":true}]}}