{"id":14924,"date":"2014-05-01T00:01:00","date_gmt":"2014-05-01T03:01:00","guid":{"rendered":"https:\/\/www.economicas.uba.ar\/extension\/vocesenelfenix\/?page_id=14924"},"modified":"2022-07-28T20:02:42","modified_gmt":"2022-07-28T23:02:42","slug":"numero-34","status":"publish","type":"page","link":"https:\/\/www.economicas.uba.ar\/extension\/vocesenelfenix\/numero-34\/","title":{"rendered":"N\u00famero 34"},"content":{"rendered":"\t\t<div data-elementor-type=\"wp-page\" data-elementor-id=\"14924\" class=\"elementor elementor-14924\" data-elementor-post-type=\"page\">\n\t\t\t\t\t\t<section class=\"elementor-section elementor-top-section elementor-element elementor-element-479d53e elementor-section-boxed elementor-section-height-default elementor-section-height-default\" data-id=\"479d53e\" data-element_type=\"section\" data-e-type=\"section\" data-settings=\"{&quot;background_background&quot;:&quot;classic&quot;}\">\n\t\t\t\t\t\t<div class=\"elementor-container elementor-column-gap-default\">\n\t\t\t\t\t<div class=\"elementor-column elementor-col-33 elementor-top-column elementor-element elementor-element-796014b\" data-id=\"796014b\" data-element_type=\"column\" data-e-type=\"column\">\n\t\t\t<div class=\"elementor-widget-wrap elementor-element-populated\">\n\t\t\t\t\t\t<div class=\"elementor-element elementor-element-53ab8ad elementor-widget elementor-widget-image\" data-id=\"53ab8ad\" data-element_type=\"widget\" data-e-type=\"widget\" data-widget_type=\"image.default\">\n\t\t\t\t<div class=\"elementor-widget-container\">\n\t\t\t\t\t\t\t\t\t\t\t\t\t\t\t\t<a href=\"https:\/\/drive.google.com\/file\/d\/1HSTlE9GLlWxFfo3dUjtYntK25BOZ4Q7D\/view\" target=\"_blank\">\n\t\t\t\t\t\t\t<img fetchpriority=\"high\" decoding=\"async\" width=\"193\" height=\"268\" src=\"https:\/\/www.economicas.uba.ar\/extension\/vocesenelfenix\/wp-content\/uploads\/tapa34.jpg\" class=\"attachment-large size-large wp-image-1902\" alt=\"\" \/>\t\t\t\t\t\t\t\t<\/a>\n\t\t\t\t\t\t\t\t\t\t\t\t\t\t\t<\/div>\n\t\t\t\t<\/div>\n\t\t\t\t\t<\/div>\n\t\t<\/div>\n\t\t\t\t<div class=\"elementor-column elementor-col-66 elementor-top-column elementor-element elementor-element-6654f89\" data-id=\"6654f89\" data-element_type=\"column\" data-e-type=\"column\">\n\t\t\t<div class=\"elementor-widget-wrap elementor-element-populated\">\n\t\t\t\t\t\t<div class=\"elementor-element elementor-element-e9e73fb elementor-widget elementor-widget-text-editor\" data-id=\"e9e73fb\" data-element_type=\"widget\" data-e-type=\"widget\" data-widget_type=\"text-editor.default\">\n\t\t\t\t<div class=\"elementor-widget-container\">\n\t\t\t\t\t\t\t\t\t<h5>N\u00daMERO 34<\/h5><h3>LA VIDA DE LOS OTROS<\/h3><h6>CONTROL SOCIAL<\/h6><p><br \/>UNA DE LAS PRINCIPALES ESTRATEGIAS PARA MANTENER EL CONTROL SOCIAL ES LA INSEGURIDAD. PARA ELLO, EL DELITO SE ASOCIA A LOS SECTORES M\u00c1S VULNERABLES Y SE INVISIBILIZAN LOS DELITOS VINCULADOS A SECTORES PODEROSOS. LA C\u00c1RCEL SE HA CONVERTIDO EN EL ESPACIO DE SEGREGACI\u00d3N SOCIAL POR EXCELENCIA. A CONTINUACI\u00d3N, UN AN\u00c1LISIS EXHAUSTIVO DE LOS MECANISMOS DEL CONTROL SOCIAL.<\/p>\t\t\t\t\t\t\t\t<\/div>\n\t\t\t\t<\/div>\n\t\t\t\t<div class=\"elementor-element elementor-element-0e33b30 elementor-widget elementor-widget-button\" data-id=\"0e33b30\" data-element_type=\"widget\" data-e-type=\"widget\" data-widget_type=\"button.default\">\n\t\t\t\t<div class=\"elementor-widget-container\">\n\t\t\t\t\t\t\t\t\t<div class=\"elementor-button-wrapper\">\n\t\t\t\t\t<a class=\"elementor-button elementor-button-link elementor-size-xs\" href=\"https:\/\/drive.google.com\/file\/d\/1HSTlE9GLlWxFfo3dUjtYntK25BOZ4Q7D\/view\" target=\"_blank\">\n\t\t\t\t\t\t<span class=\"elementor-button-content-wrapper\">\n\t\t\t\t\t\t\t\t\t<span class=\"elementor-button-text\">Descarg\u00e1 el PDF<\/span>\n\t\t\t\t\t<\/span>\n\t\t\t\t\t<\/a>\n\t\t\t\t<\/div>\n\t\t\t\t\t\t\t\t<\/div>\n\t\t\t\t<\/div>\n\t\t\t\t\t<\/div>\n\t\t<\/div>\n\t\t\t\t\t<\/div>\n\t\t<\/section>\n\t\t\t\t<section class=\"elementor-section elementor-top-section elementor-element elementor-element-9629d3a elementor-section-boxed elementor-section-height-default elementor-section-height-default\" data-id=\"9629d3a\" data-element_type=\"section\" data-e-type=\"section\">\n\t\t\t\t\t\t<div class=\"elementor-container elementor-column-gap-default\">\n\t\t\t\t\t<div class=\"elementor-column elementor-col-100 elementor-top-column elementor-element elementor-element-44ebed3\" data-id=\"44ebed3\" data-element_type=\"column\" data-e-type=\"column\">\n\t\t\t<div class=\"elementor-widget-wrap elementor-element-populated\">\n\t\t\t\t\t\t<div class=\"elementor-element elementor-element-418d412 elementor-grid-3 elementor-grid-tablet-2 elementor-grid-mobile-1 elementor-posts--align-left elementor-widget elementor-widget-blogmentor_blog_posts\" data-id=\"418d412\" data-element_type=\"widget\" data-e-type=\"widget\" data-settings=\"{&quot;bm_grid_columns&quot;:&quot;3&quot;,&quot;bm_grid_columns_tablet&quot;:&quot;2&quot;,&quot;bm_grid_columns_mobile&quot;:&quot;1&quot;,&quot;post_card_grid_gap&quot;:{&quot;unit&quot;:&quot;px&quot;,&quot;size&quot;:10,&quot;sizes&quot;:[]},&quot;post_card_row_gap&quot;:{&quot;unit&quot;:&quot;px&quot;,&quot;size&quot;:35,&quot;sizes&quot;:[]}}\" data-widget_type=\"blogmentor_blog_posts.default\">\n\t\t\t\t<div class=\"elementor-widget-container\">\n\t\t\t\t\t\t\t\n\t\t\t\t\t\t\t\t<div class=\"bm-blog-posts-wrapper\" >\n\t\t\t\t\t\t\t<div class=\"bm-blog-posts bm-display-grid elementor-grid elementor-grid-3\" >\n\t\t\t\t    <article id=\"post-14930\" class=\"item bm_layout post-14930 post type-post status-publish format-standard has-post-thumbnail hentry category-n-34 tag-abraham-leonardo-gak tag-control-social tag-dominacion tag-editorial\">\n\t\t<div class=\"bm-blog-post-image entry-post-image\">\n\t\t\t<div class=\"bm-post-image clearfix bm-hover-effect bm-hover-effect-blur\">\n\t\t\t\t<img decoding=\"async\" width=\"640\" height=\"407\" src=\"https:\/\/www.economicas.uba.ar\/extension\/vocesenelfenix\/wp-content\/uploads\/3400-Editorial-e1659049555699.jpg\" class=\"attachment-large size-large wp-post-image\" alt=\"\" \/>\t\t\t<\/div>\n\t\t<\/div>\n        <div class=\"bm-blog-post-content bm_content_box\">\n            <h4 class=\"entry-post-title bm_title\"><a href=\"https:\/\/www.economicas.uba.ar\/extension\/vocesenelfenix\/editorial-control-social-garantia-de-dominacion\/\" rel=\"bookmark\">Editorial: Control social, garant\u00eda de dominaci\u00f3n<\/a><\/h4>            <div class=\"bm-blog-post-meta entry-post-meta bm_meta\">\n                            <\/div>\n            <div class=\"entry-post-content bm_content\">\n                | Por Abraham Leonardo Gak |            <\/div>\n        <\/div>\n    <\/article>\n    <article id=\"post-15034\" class=\"item bm_layout post-15034 post type-post status-publish format-standard has-post-thumbnail hentry category-n-34 tag-control-social tag-desigualdad tag-ilegalidades tag-juan-s-pegoraro tag-ley tag-orden-social tag-poder tag-violencia\">\n\t\t<div class=\"bm-blog-post-image entry-post-image\">\n\t\t\t<div class=\"bm-post-image clearfix bm-hover-effect bm-hover-effect-blur\">\n\t\t\t\t<img decoding=\"async\" width=\"640\" height=\"329\" src=\"https:\/\/www.economicas.uba.ar\/extension\/vocesenelfenix\/wp-content\/uploads\/3401-Pegoraro.jpg\" class=\"attachment-large size-large wp-post-image\" alt=\"\" srcset=\"https:\/\/www.economicas.uba.ar\/extension\/vocesenelfenix\/wp-content\/uploads\/3401-Pegoraro.jpg 1080w, https:\/\/www.economicas.uba.ar\/extension\/vocesenelfenix\/wp-content\/uploads\/3401-Pegoraro-300x154.jpg 300w, https:\/\/www.economicas.uba.ar\/extension\/vocesenelfenix\/wp-content\/uploads\/3401-Pegoraro-768x395.jpg 768w\" sizes=\"(max-width: 640px) 100vw, 640px\" \/>\t\t\t<\/div>\n\t\t<\/div>\n        <div class=\"bm-blog-post-content bm_content_box\">\n            <h4 class=\"entry-post-title bm_title\"><a href=\"https:\/\/www.economicas.uba.ar\/extension\/vocesenelfenix\/el-control-y-el-orden-social-la-funcionalidad-de-la-desigualdad-social-y-de-las-ilegalidades\/\" rel=\"bookmark\">El control y el orden social. La funcionalidad de la desigualdad social y de las ilegalidades<\/a><\/h4>            <div class=\"bm-blog-post-meta entry-post-meta bm_meta\">\n                            <\/div>\n            <div class=\"entry-post-content bm_content\">\n                | Por Juan S. Pegoraro | La funci\u00f3n de la desigualdad social es preservar el orden social vigente. Para ello es fundamental el control social, ejercido tanto a trav\u00e9s de <div><a href=\"https:\/\/www.economicas.uba.ar\/extension\/vocesenelfenix\/el-control-y-el-orden-social-la-funcionalidad-de-la-desigualdad-social-y-de-las-ilegalidades\/\" rel=\"bookmark\" class=\"bm-read-more entry-read-more\">M\u00e1s \u00bb<\/a><div>            <\/div>\n        <\/div>\n    <\/article>\n    <article id=\"post-15045\" class=\"item bm_layout post-15045 post type-post status-publish format-standard has-post-thumbnail hentry category-n-34 tag-control-social tag-dominacion-social tag-jose-g-giavedoni tag-trabajo\">\n\t\t<div class=\"bm-blog-post-image entry-post-image\">\n\t\t\t<div class=\"bm-post-image clearfix bm-hover-effect bm-hover-effect-blur\">\n\t\t\t\t<img loading=\"lazy\" decoding=\"async\" width=\"640\" height=\"430\" src=\"https:\/\/www.economicas.uba.ar\/extension\/vocesenelfenix\/wp-content\/uploads\/3402-Giavedoni.jpg\" class=\"attachment-large size-large wp-post-image\" alt=\"\" srcset=\"https:\/\/www.economicas.uba.ar\/extension\/vocesenelfenix\/wp-content\/uploads\/3402-Giavedoni.jpg 1080w, https:\/\/www.economicas.uba.ar\/extension\/vocesenelfenix\/wp-content\/uploads\/3402-Giavedoni-300x201.jpg 300w, https:\/\/www.economicas.uba.ar\/extension\/vocesenelfenix\/wp-content\/uploads\/3402-Giavedoni-768x516.jpg 768w\" sizes=\"(max-width: 640px) 100vw, 640px\" \/>\t\t\t<\/div>\n\t\t<\/div>\n        <div class=\"bm-blog-post-content bm_content_box\">\n            <h4 class=\"entry-post-title bm_title\"><a href=\"https:\/\/www.economicas.uba.ar\/extension\/vocesenelfenix\/el-sueno-politico-del-capital-transformaciones-en-los-modos-de-gobierno-de-la-fuerza-de-trabajo\/\" rel=\"bookmark\">El sue\u00f1o pol\u00edtico del capital. Transformaciones en los modos de gobierno de la fuerza de trabajo<\/a><\/h4>            <div class=\"bm-blog-post-meta entry-post-meta bm_meta\">\n                            <\/div>\n            <div class=\"entry-post-content bm_content\">\n                | Por Jos\u00e9 G. Giavedoni | Los cambios acontecidos en el mundo del trabajo en las \u00faltimas d\u00e9cadas reflejan nuevas formas pol\u00edticas y de control vinculadas a esta nueva morfolog\u00eda. <div><a href=\"https:\/\/www.economicas.uba.ar\/extension\/vocesenelfenix\/el-sueno-politico-del-capital-transformaciones-en-los-modos-de-gobierno-de-la-fuerza-de-trabajo\/\" rel=\"bookmark\" class=\"bm-read-more entry-read-more\">M\u00e1s \u00bb<\/a><div>            <\/div>\n        <\/div>\n    <\/article>\n    <article id=\"post-15052\" class=\"item bm_layout post-15052 post type-post status-publish format-standard has-post-thumbnail hentry category-n-34 tag-control-social tag-delincuentes tag-locos tag-maximo-sozzo tag-salud-mental\">\n\t\t<div class=\"bm-blog-post-image entry-post-image\">\n\t\t\t<div class=\"bm-post-image clearfix bm-hover-effect bm-hover-effect-blur\">\n\t\t\t\t<img loading=\"lazy\" decoding=\"async\" width=\"640\" height=\"433\" src=\"https:\/\/www.economicas.uba.ar\/extension\/vocesenelfenix\/wp-content\/uploads\/3403-Sozzo.jpg\" class=\"attachment-large size-large wp-post-image\" alt=\"\" srcset=\"https:\/\/www.economicas.uba.ar\/extension\/vocesenelfenix\/wp-content\/uploads\/3403-Sozzo.jpg 1080w, https:\/\/www.economicas.uba.ar\/extension\/vocesenelfenix\/wp-content\/uploads\/3403-Sozzo-300x203.jpg 300w, https:\/\/www.economicas.uba.ar\/extension\/vocesenelfenix\/wp-content\/uploads\/3403-Sozzo-768x519.jpg 768w\" sizes=\"(max-width: 640px) 100vw, 640px\" \/>\t\t\t<\/div>\n\t\t<\/div>\n        <div class=\"bm-blog-post-content bm_content_box\">\n            <h4 class=\"entry-post-title bm_title\"><a href=\"https:\/\/www.economicas.uba.ar\/extension\/vocesenelfenix\/locos-y-delincuentes-una-inercia-despotica-en-el-presente\/\" rel=\"bookmark\">Locos y delincuentes. Una inercia desp\u00f3tica en el presente<\/a><\/h4>            <div class=\"bm-blog-post-meta entry-post-meta bm_meta\">\n                            <\/div>\n            <div class=\"entry-post-content bm_content\">\n                | Por M\u00e1ximo Sozzo | En nuestro pa\u00eds existe un n\u00famero no determinado de ciudadanos privados de su libertad como medida de seguridad curativa. Son personas declaradas irresponsables penalmente, pero <div><a href=\"https:\/\/www.economicas.uba.ar\/extension\/vocesenelfenix\/locos-y-delincuentes-una-inercia-despotica-en-el-presente\/\" rel=\"bookmark\" class=\"bm-read-more entry-read-more\">M\u00e1s \u00bb<\/a><div>            <\/div>\n        <\/div>\n    <\/article>\n    <article id=\"post-15058\" class=\"item bm_layout post-15058 post type-post status-publish format-standard has-post-thumbnail hentry category-n-34 tag-control-social tag-delincuencia tag-desigualdad tag-discurso-hegemonico tag-inseguridad tag-nicolas-dallorso\">\n\t\t<div class=\"bm-blog-post-image entry-post-image\">\n\t\t\t<div class=\"bm-post-image clearfix bm-hover-effect bm-hover-effect-blur\">\n\t\t\t\t<img loading=\"lazy\" decoding=\"async\" width=\"640\" height=\"431\" src=\"https:\/\/www.economicas.uba.ar\/extension\/vocesenelfenix\/wp-content\/uploads\/3404-Dallorso.jpg\" class=\"attachment-large size-large wp-post-image\" alt=\"\" srcset=\"https:\/\/www.economicas.uba.ar\/extension\/vocesenelfenix\/wp-content\/uploads\/3404-Dallorso.jpg 1080w, https:\/\/www.economicas.uba.ar\/extension\/vocesenelfenix\/wp-content\/uploads\/3404-Dallorso-300x202.jpg 300w, https:\/\/www.economicas.uba.ar\/extension\/vocesenelfenix\/wp-content\/uploads\/3404-Dallorso-768x518.jpg 768w\" sizes=\"(max-width: 640px) 100vw, 640px\" \/>\t\t\t<\/div>\n\t\t<\/div>\n        <div class=\"bm-blog-post-content bm_content_box\">\n            <h4 class=\"entry-post-title bm_title\"><a href=\"https:\/\/www.economicas.uba.ar\/extension\/vocesenelfenix\/de-que-se-habla-y-que-se-calla-cuando-se-habla-de-inseguridad\/\" rel=\"bookmark\">\u00bfDe qu\u00e9 se habla y qu\u00e9 se calla cuando se habla de inseguridad?<\/a><\/h4>            <div class=\"bm-blog-post-meta entry-post-meta bm_meta\">\n                            <\/div>\n            <div class=\"entry-post-content bm_content\">\n                | Por Nicol\u00e1s Dallorso | El discurso hegem\u00f3nico sobre la inseguridad en nuestro pa\u00eds vincula directamente a esta con el delito callejero y la pobreza, dejando de lado la delincuencia <div><a href=\"https:\/\/www.economicas.uba.ar\/extension\/vocesenelfenix\/de-que-se-habla-y-que-se-calla-cuando-se-habla-de-inseguridad\/\" rel=\"bookmark\" class=\"bm-read-more entry-read-more\">M\u00e1s \u00bb<\/a><div>            <\/div>\n        <\/div>\n    <\/article>\n    <article id=\"post-15064\" class=\"item bm_layout post-15064 post type-post status-publish format-standard has-post-thumbnail hentry category-n-34 tag-control-social tag-gobierno tag-inseguridad tag-victoria-rangugni\">\n\t\t<div class=\"bm-blog-post-image entry-post-image\">\n\t\t\t<div class=\"bm-post-image clearfix bm-hover-effect bm-hover-effect-blur\">\n\t\t\t\t<img loading=\"lazy\" decoding=\"async\" width=\"640\" height=\"443\" src=\"https:\/\/www.economicas.uba.ar\/extension\/vocesenelfenix\/wp-content\/uploads\/3405-Rangugni.jpg\" class=\"attachment-large size-large wp-post-image\" alt=\"\" srcset=\"https:\/\/www.economicas.uba.ar\/extension\/vocesenelfenix\/wp-content\/uploads\/3405-Rangugni.jpg 1080w, https:\/\/www.economicas.uba.ar\/extension\/vocesenelfenix\/wp-content\/uploads\/3405-Rangugni-300x208.jpg 300w, https:\/\/www.economicas.uba.ar\/extension\/vocesenelfenix\/wp-content\/uploads\/3405-Rangugni-768x532.jpg 768w\" sizes=\"(max-width: 640px) 100vw, 640px\" \/>\t\t\t<\/div>\n\t\t<\/div>\n        <div class=\"bm-blog-post-content bm_content_box\">\n            <h4 class=\"entry-post-title bm_title\"><a href=\"https:\/\/www.economicas.uba.ar\/extension\/vocesenelfenix\/la-redefinicion-de-las-relaciones-de-gobierno-y-el-desbloqueo-del-problema-de-la-in-seguridad-en-la-ultima-decada\/\" rel=\"bookmark\">La redefinici\u00f3n de las relaciones de gobierno y el desbloqueo del problema de la (in) seguridad en la \u00faltima d\u00e9cada<\/a><\/h4>            <div class=\"bm-blog-post-meta entry-post-meta bm_meta\">\n                            <\/div>\n            <div class=\"entry-post-content bm_content\">\n                | Por Victoria Rangugni | En los \u00faltimos a\u00f1os hemos presenciado la disputa entre dos paradigmas distintos para abordar el problema de la inseguridad. Este enfrentamiento se inscribe a su <div><a href=\"https:\/\/www.economicas.uba.ar\/extension\/vocesenelfenix\/la-redefinicion-de-las-relaciones-de-gobierno-y-el-desbloqueo-del-problema-de-la-in-seguridad-en-la-ultima-decada\/\" rel=\"bookmark\" class=\"bm-read-more entry-read-more\">M\u00e1s \u00bb<\/a><div>            <\/div>\n        <\/div>\n    <\/article>\n    <article id=\"post-15070\" class=\"item bm_layout post-15070 post type-post status-publish format-standard has-post-thumbnail hentry category-n-34 tag-control-social tag-delincuencia tag-desigualdad tag-emilio-j-ayos tag-seguridad\">\n\t\t<div class=\"bm-blog-post-image entry-post-image\">\n\t\t\t<div class=\"bm-post-image clearfix bm-hover-effect bm-hover-effect-blur\">\n\t\t\t\t<img loading=\"lazy\" decoding=\"async\" width=\"640\" height=\"430\" src=\"https:\/\/www.economicas.uba.ar\/extension\/vocesenelfenix\/wp-content\/uploads\/3406-Ayos.jpg\" class=\"attachment-large size-large wp-post-image\" alt=\"\" srcset=\"https:\/\/www.economicas.uba.ar\/extension\/vocesenelfenix\/wp-content\/uploads\/3406-Ayos.jpg 1080w, https:\/\/www.economicas.uba.ar\/extension\/vocesenelfenix\/wp-content\/uploads\/3406-Ayos-300x202.jpg 300w, https:\/\/www.economicas.uba.ar\/extension\/vocesenelfenix\/wp-content\/uploads\/3406-Ayos-768x516.jpg 768w\" sizes=\"(max-width: 640px) 100vw, 640px\" \/>\t\t\t<\/div>\n\t\t<\/div>\n        <div class=\"bm-blog-post-content bm_content_box\">\n            <h4 class=\"entry-post-title bm_title\"><a href=\"https:\/\/www.economicas.uba.ar\/extension\/vocesenelfenix\/cuestion-social-cuestion-criminal-una-mirada-desde-las-politicas\/\" rel=\"bookmark\">Cuesti\u00f3n social, cuesti\u00f3n criminal: una mirada desde la(s) pol\u00edtica(s)<\/a><\/h4>            <div class=\"bm-blog-post-meta entry-post-meta bm_meta\">\n                            <\/div>\n            <div class=\"entry-post-content bm_content\">\n                | Por Emilio J. Ayos | Si bien en los \u00faltimos a\u00f1os el Estado ha venido desarrollado pol\u00edticas desde una perspectiva de la seguridad social y los derechos sociales, se <div><a href=\"https:\/\/www.economicas.uba.ar\/extension\/vocesenelfenix\/cuestion-social-cuestion-criminal-una-mirada-desde-las-politicas\/\" rel=\"bookmark\" class=\"bm-read-more entry-read-more\">M\u00e1s \u00bb<\/a><div>            <\/div>\n        <\/div>\n    <\/article>\n    <article id=\"post-15076\" class=\"item bm_layout post-15076 post type-post status-publish format-standard has-post-thumbnail hentry category-n-34 tag-control-social tag-desigualdad tag-gabriela-seghezzo tag-inseguridad tag-violencias\">\n\t\t<div class=\"bm-blog-post-image entry-post-image\">\n\t\t\t<div class=\"bm-post-image clearfix bm-hover-effect bm-hover-effect-blur\">\n\t\t\t\t<img loading=\"lazy\" decoding=\"async\" width=\"640\" height=\"430\" src=\"https:\/\/www.economicas.uba.ar\/extension\/vocesenelfenix\/wp-content\/uploads\/3407-Seghezzo.jpg\" class=\"attachment-large size-large wp-post-image\" alt=\"\" srcset=\"https:\/\/www.economicas.uba.ar\/extension\/vocesenelfenix\/wp-content\/uploads\/3407-Seghezzo.jpg 1080w, https:\/\/www.economicas.uba.ar\/extension\/vocesenelfenix\/wp-content\/uploads\/3407-Seghezzo-300x202.jpg 300w, https:\/\/www.economicas.uba.ar\/extension\/vocesenelfenix\/wp-content\/uploads\/3407-Seghezzo-768x516.jpg 768w\" sizes=\"(max-width: 640px) 100vw, 640px\" \/>\t\t\t<\/div>\n\t\t<\/div>\n        <div class=\"bm-blog-post-content bm_content_box\">\n            <h4 class=\"entry-post-title bm_title\"><a href=\"https:\/\/www.economicas.uba.ar\/extension\/vocesenelfenix\/verdugos-colectivos-el-miedo-insecuritario-como-operador-politico\/\" rel=\"bookmark\">Verdugos colectivos: el miedo (in)securitario como operador pol\u00edtico<\/a><\/h4>            <div class=\"bm-blog-post-meta entry-post-meta bm_meta\">\n                            <\/div>\n            <div class=\"entry-post-content bm_content\">\n                | Por Gabriela Seghezzo | La inseguridad se instituye como la estrategia de control social por antonomasia. Las violencias sobre los sectores m\u00e1s desfavorecidos no surgen de repente, sino que <div><a href=\"https:\/\/www.economicas.uba.ar\/extension\/vocesenelfenix\/verdugos-colectivos-el-miedo-insecuritario-como-operador-politico\/\" rel=\"bookmark\" class=\"bm-read-more entry-read-more\">M\u00e1s \u00bb<\/a><div>            <\/div>\n        <\/div>\n    <\/article>\n    <article id=\"post-15082\" class=\"item bm_layout post-15082 post type-post status-publish format-standard has-post-thumbnail hentry category-n-34 tag-augusto-montero tag-control-social tag-fuerzas-policiales tag-inseguridad tag-jovenes tag-orden-social tag-violencia-institucional\">\n\t\t<div class=\"bm-blog-post-image entry-post-image\">\n\t\t\t<div class=\"bm-post-image clearfix bm-hover-effect bm-hover-effect-blur\">\n\t\t\t\t<img loading=\"lazy\" decoding=\"async\" width=\"640\" height=\"430\" src=\"https:\/\/www.economicas.uba.ar\/extension\/vocesenelfenix\/wp-content\/uploads\/3408-Montero.jpg\" class=\"attachment-large size-large wp-post-image\" alt=\"\" srcset=\"https:\/\/www.economicas.uba.ar\/extension\/vocesenelfenix\/wp-content\/uploads\/3408-Montero.jpg 1080w, https:\/\/www.economicas.uba.ar\/extension\/vocesenelfenix\/wp-content\/uploads\/3408-Montero-300x202.jpg 300w, https:\/\/www.economicas.uba.ar\/extension\/vocesenelfenix\/wp-content\/uploads\/3408-Montero-768x516.jpg 768w\" sizes=\"(max-width: 640px) 100vw, 640px\" \/>\t\t\t<\/div>\n\t\t<\/div>\n        <div class=\"bm-blog-post-content bm_content_box\">\n            <h4 class=\"entry-post-title bm_title\"><a href=\"https:\/\/www.economicas.uba.ar\/extension\/vocesenelfenix\/policia-y-jovenes-orden-social-inseguridad-y-violencia-institucional\/\" rel=\"bookmark\">Polic\u00eda y j\u00f3venes. Orden social, inseguridad y violencia institucional<\/a><\/h4>            <div class=\"bm-blog-post-meta entry-post-meta bm_meta\">\n                            <\/div>\n            <div class=\"entry-post-content bm_content\">\n                | Por Augusto Montero | En los \u00faltimos a\u00f1os se ha instalado la idea que vincula las acciones delictivas con varones j\u00f3venes y pobres; habilitando y legitimando pr\u00e1cticas policiales violentas <div><a href=\"https:\/\/www.economicas.uba.ar\/extension\/vocesenelfenix\/policia-y-jovenes-orden-social-inseguridad-y-violencia-institucional\/\" rel=\"bookmark\" class=\"bm-read-more entry-read-more\">M\u00e1s \u00bb<\/a><div>            <\/div>\n        <\/div>\n    <\/article>\n    <article id=\"post-15088\" class=\"item bm_layout post-15088 post type-post status-publish format-standard has-post-thumbnail hentry category-n-34 tag-carceles tag-castigo tag-control-social tag-desigualdad tag-mariano-h-gutierrez tag-orden-social\">\n\t\t<div class=\"bm-blog-post-image entry-post-image\">\n\t\t\t<div class=\"bm-post-image clearfix bm-hover-effect bm-hover-effect-blur\">\n\t\t\t\t<img loading=\"lazy\" decoding=\"async\" width=\"640\" height=\"430\" src=\"https:\/\/www.economicas.uba.ar\/extension\/vocesenelfenix\/wp-content\/uploads\/3409-Gutierrez.jpg\" class=\"attachment-large size-large wp-post-image\" alt=\"\" srcset=\"https:\/\/www.economicas.uba.ar\/extension\/vocesenelfenix\/wp-content\/uploads\/3409-Gutierrez.jpg 1080w, https:\/\/www.economicas.uba.ar\/extension\/vocesenelfenix\/wp-content\/uploads\/3409-Gutierrez-300x201.jpg 300w, https:\/\/www.economicas.uba.ar\/extension\/vocesenelfenix\/wp-content\/uploads\/3409-Gutierrez-768x516.jpg 768w\" sizes=\"(max-width: 640px) 100vw, 640px\" \/>\t\t\t<\/div>\n\t\t<\/div>\n        <div class=\"bm-blog-post-content bm_content_box\">\n            <h4 class=\"entry-post-title bm_title\"><a href=\"https:\/\/www.economicas.uba.ar\/extension\/vocesenelfenix\/emociones-y-representaciones-en-la-legitimacion-social-del-castigo\/\" rel=\"bookmark\">Emociones y representaciones en la legitimaci\u00f3n social del castigo<\/a><\/h4>            <div class=\"bm-blog-post-meta entry-post-meta bm_meta\">\n                            <\/div>\n            <div class=\"entry-post-content bm_content\">\n                | Por Mariano H. Guti\u00e9rrez | Las c\u00e1rceles se sostienen por lo que significan en el imaginario colectivo, por lo que representan. Lo penal est\u00e1 all\u00ed para degradar, o para <div><a href=\"https:\/\/www.economicas.uba.ar\/extension\/vocesenelfenix\/emociones-y-representaciones-en-la-legitimacion-social-del-castigo\/\" rel=\"bookmark\" class=\"bm-read-more entry-read-more\">M\u00e1s \u00bb<\/a><div>            <\/div>\n        <\/div>\n    <\/article>\n    <article id=\"post-15094\" class=\"item bm_layout post-15094 post type-post status-publish format-standard has-post-thumbnail hentry category-n-34 tag-carceles tag-control-social tag-delincuencia tag-karina-mouzo tag-mariana-galvani tag-resocializacion tag-segregacion-social\">\n\t\t<div class=\"bm-blog-post-image entry-post-image\">\n\t\t\t<div class=\"bm-post-image clearfix bm-hover-effect bm-hover-effect-blur\">\n\t\t\t\t<img loading=\"lazy\" decoding=\"async\" width=\"640\" height=\"430\" src=\"https:\/\/www.economicas.uba.ar\/extension\/vocesenelfenix\/wp-content\/uploads\/3410-Galvani.jpg\" class=\"attachment-large size-large wp-post-image\" alt=\"\" srcset=\"https:\/\/www.economicas.uba.ar\/extension\/vocesenelfenix\/wp-content\/uploads\/3410-Galvani.jpg 1080w, https:\/\/www.economicas.uba.ar\/extension\/vocesenelfenix\/wp-content\/uploads\/3410-Galvani-300x202.jpg 300w, https:\/\/www.economicas.uba.ar\/extension\/vocesenelfenix\/wp-content\/uploads\/3410-Galvani-768x516.jpg 768w\" sizes=\"(max-width: 640px) 100vw, 640px\" \/>\t\t\t<\/div>\n\t\t<\/div>\n        <div class=\"bm-blog-post-content bm_content_box\">\n            <h4 class=\"entry-post-title bm_title\"><a href=\"https:\/\/www.economicas.uba.ar\/extension\/vocesenelfenix\/la-resocializacion-carcelaria-su-permanencia-y-sus-cambios\/\" rel=\"bookmark\">La \u201cresocializaci\u00f3n\u201d carcelaria. Su permanencia y sus cambios<\/a><\/h4>            <div class=\"bm-blog-post-meta entry-post-meta bm_meta\">\n                            <\/div>\n            <div class=\"entry-post-content bm_content\">\n                | Por Mariana Galvani y Karina Mouzo | A lo largo de su historia, las c\u00e1rceles se han convertido en espacios de segregaci\u00f3n social y reproducci\u00f3n de la delincuencia. Si <div><a href=\"https:\/\/www.economicas.uba.ar\/extension\/vocesenelfenix\/la-resocializacion-carcelaria-su-permanencia-y-sus-cambios\/\" rel=\"bookmark\" class=\"bm-read-more entry-read-more\">M\u00e1s \u00bb<\/a><div>            <\/div>\n        <\/div>\n    <\/article>\n    <article id=\"post-15100\" class=\"item bm_layout post-15100 post type-post status-publish format-standard has-post-thumbnail hentry category-n-34 tag-barbara-i-ohanian tag-carceles tag-control-social tag-crueldad tag-desamparo\">\n\t\t<div class=\"bm-blog-post-image entry-post-image\">\n\t\t\t<div class=\"bm-post-image clearfix bm-hover-effect bm-hover-effect-blur\">\n\t\t\t\t<img loading=\"lazy\" decoding=\"async\" width=\"640\" height=\"430\" src=\"https:\/\/www.economicas.uba.ar\/extension\/vocesenelfenix\/wp-content\/uploads\/3411-Ohanian.jpg\" class=\"attachment-large size-large wp-post-image\" alt=\"\" srcset=\"https:\/\/www.economicas.uba.ar\/extension\/vocesenelfenix\/wp-content\/uploads\/3411-Ohanian.jpg 1080w, https:\/\/www.economicas.uba.ar\/extension\/vocesenelfenix\/wp-content\/uploads\/3411-Ohanian-300x201.jpg 300w, https:\/\/www.economicas.uba.ar\/extension\/vocesenelfenix\/wp-content\/uploads\/3411-Ohanian-768x516.jpg 768w\" sizes=\"(max-width: 640px) 100vw, 640px\" \/>\t\t\t<\/div>\n\t\t<\/div>\n        <div class=\"bm-blog-post-content bm_content_box\">\n            <h4 class=\"entry-post-title bm_title\"><a href=\"https:\/\/www.economicas.uba.ar\/extension\/vocesenelfenix\/sobre-la-crueldad-y-sus-modos-de-persistencia-en-nuestro-presente\/\" rel=\"bookmark\">Sobre la crueldad y sus modos de persistencia en nuestro presente<\/a><\/h4>            <div class=\"bm-blog-post-meta entry-post-meta bm_meta\">\n                            <\/div>\n            <div class=\"entry-post-content bm_content\">\n                | Por B\u00e1rbara I. Ohanian | Las condiciones materiales en las que sucede la vida en las c\u00e1rceles es la del abandono absoluto. No se trata de un descuido azaroso <div><a href=\"https:\/\/www.economicas.uba.ar\/extension\/vocesenelfenix\/sobre-la-crueldad-y-sus-modos-de-persistencia-en-nuestro-presente\/\" rel=\"bookmark\" class=\"bm-read-more entry-read-more\">M\u00e1s \u00bb<\/a><div>            <\/div>\n        <\/div>\n    <\/article>\n    <article id=\"post-15106\" class=\"item bm_layout post-15106 post type-post status-publish format-standard has-post-thumbnail hentry category-n-34 tag-alina-l-rios tag-ciudad-de-buenos-aires tag-control-social tag-inseguridad tag-policia-metropolitana\">\n\t\t<div class=\"bm-blog-post-image entry-post-image\">\n\t\t\t<div class=\"bm-post-image clearfix bm-hover-effect bm-hover-effect-blur\">\n\t\t\t\t<img loading=\"lazy\" decoding=\"async\" width=\"640\" height=\"430\" src=\"https:\/\/www.economicas.uba.ar\/extension\/vocesenelfenix\/wp-content\/uploads\/3412-Rios.jpg\" class=\"attachment-large size-large wp-post-image\" alt=\"\" srcset=\"https:\/\/www.economicas.uba.ar\/extension\/vocesenelfenix\/wp-content\/uploads\/3412-Rios.jpg 1080w, https:\/\/www.economicas.uba.ar\/extension\/vocesenelfenix\/wp-content\/uploads\/3412-Rios-300x201.jpg 300w, https:\/\/www.economicas.uba.ar\/extension\/vocesenelfenix\/wp-content\/uploads\/3412-Rios-768x516.jpg 768w\" sizes=\"(max-width: 640px) 100vw, 640px\" \/>\t\t\t<\/div>\n\t\t<\/div>\n        <div class=\"bm-blog-post-content bm_content_box\">\n            <h4 class=\"entry-post-title bm_title\"><a href=\"https:\/\/www.economicas.uba.ar\/extension\/vocesenelfenix\/la-creacion-de-la-policia-metropolitana-trazos-de-una-nueva-gubernamentalidad-en-la-ciudad-de-buenos-aires\/\" rel=\"bookmark\">La creaci\u00f3n de la Polic\u00eda Metropolitana: trazos de una nueva gubernamentalidad en la ciudad de Buenos Aires<\/a><\/h4>            <div class=\"bm-blog-post-meta entry-post-meta bm_meta\">\n                            <\/div>\n            <div class=\"entry-post-content bm_content\">\n                | Por Alina L. R\u00edos | Desde la autonomizaci\u00f3n de la ciudad de Buenos Aires, reiteradamente se han alzado voces que reclamaban la posibilidad para la ciudad de tener una <div><a href=\"https:\/\/www.economicas.uba.ar\/extension\/vocesenelfenix\/la-creacion-de-la-policia-metropolitana-trazos-de-una-nueva-gubernamentalidad-en-la-ciudad-de-buenos-aires\/\" rel=\"bookmark\" class=\"bm-read-more entry-read-more\">M\u00e1s \u00bb<\/a><div>            <\/div>\n        <\/div>\n    <\/article>\n    <article id=\"post-15112\" class=\"item bm_layout post-15112 post type-post status-publish format-standard has-post-thumbnail hentry category-n-34 tag-desigualdad tag-exclusion tag-fuerzas-policiales tag-gustavo-gonzalez tag-violencias\">\n\t\t<div class=\"bm-blog-post-image entry-post-image\">\n\t\t\t<div class=\"bm-post-image clearfix bm-hover-effect bm-hover-effect-blur\">\n\t\t\t\t<img loading=\"lazy\" decoding=\"async\" width=\"640\" height=\"429\" src=\"https:\/\/www.economicas.uba.ar\/extension\/vocesenelfenix\/wp-content\/uploads\/3413-Gonzalez.jpg\" class=\"attachment-large size-large wp-post-image\" alt=\"\" srcset=\"https:\/\/www.economicas.uba.ar\/extension\/vocesenelfenix\/wp-content\/uploads\/3413-Gonzalez.jpg 1080w, https:\/\/www.economicas.uba.ar\/extension\/vocesenelfenix\/wp-content\/uploads\/3413-Gonzalez-300x201.jpg 300w, https:\/\/www.economicas.uba.ar\/extension\/vocesenelfenix\/wp-content\/uploads\/3413-Gonzalez-768x515.jpg 768w\" sizes=\"(max-width: 640px) 100vw, 640px\" \/>\t\t\t<\/div>\n\t\t<\/div>\n        <div class=\"bm-blog-post-content bm_content_box\">\n            <h4 class=\"entry-post-title bm_title\"><a href=\"https:\/\/www.economicas.uba.ar\/extension\/vocesenelfenix\/policia-y-procedimientos-masivos-en-sectores-sociales-y-urbanos-excluidos\/\" rel=\"bookmark\">Polic\u00eda y procedimientos masivos en sectores sociales y urbanos excluidos<\/a><\/h4>            <div class=\"bm-blog-post-meta entry-post-meta bm_meta\">\n                            <\/div>\n            <div class=\"entry-post-content bm_content\">\n                | Por Gustavo Gonz\u00e1lez | Mediante la distribuci\u00f3n y concentraci\u00f3n espacial de recursos y acciones violentas, la polic\u00eda reproduce c\u00edclicamente un orden social desigual. Mientras se hacen visibles ciertos comportamientos <div><a href=\"https:\/\/www.economicas.uba.ar\/extension\/vocesenelfenix\/policia-y-procedimientos-masivos-en-sectores-sociales-y-urbanos-excluidos\/\" rel=\"bookmark\" class=\"bm-read-more entry-read-more\">M\u00e1s \u00bb<\/a><div>            <\/div>\n        <\/div>\n    <\/article>\n    <article id=\"post-15118\" class=\"item bm_layout post-15118 post type-post status-publish format-standard has-post-thumbnail hentry category-n-34 tag-conflictos tag-control-social tag-emilio-e-dellasoppa tag-juegos-olimpicos tag-mundial-2014 tag-pacificacion-policial tag-rio-de-janeiro tag-violencia\">\n\t\t<div class=\"bm-blog-post-image entry-post-image\">\n\t\t\t<div class=\"bm-post-image clearfix bm-hover-effect bm-hover-effect-blur\">\n\t\t\t\t<img loading=\"lazy\" decoding=\"async\" width=\"640\" height=\"430\" src=\"https:\/\/www.economicas.uba.ar\/extension\/vocesenelfenix\/wp-content\/uploads\/3414-Dellasoppa.jpg\" class=\"attachment-large size-large wp-post-image\" alt=\"\" srcset=\"https:\/\/www.economicas.uba.ar\/extension\/vocesenelfenix\/wp-content\/uploads\/3414-Dellasoppa.jpg 1080w, https:\/\/www.economicas.uba.ar\/extension\/vocesenelfenix\/wp-content\/uploads\/3414-Dellasoppa-300x202.jpg 300w, https:\/\/www.economicas.uba.ar\/extension\/vocesenelfenix\/wp-content\/uploads\/3414-Dellasoppa-768x516.jpg 768w\" sizes=\"(max-width: 640px) 100vw, 640px\" \/>\t\t\t<\/div>\n\t\t<\/div>\n        <div class=\"bm-blog-post-content bm_content_box\">\n            <h4 class=\"entry-post-title bm_title\"><a href=\"https:\/\/www.economicas.uba.ar\/extension\/vocesenelfenix\/conflicto-y-pacificacion-policial-en-los-morros-de-rio-de-janeiro\/\" rel=\"bookmark\">Conflicto y pacificaci\u00f3n policial en los morros de R\u00edo de Janeiro<\/a><\/h4>            <div class=\"bm-blog-post-meta entry-post-meta bm_meta\">\n                            <\/div>\n            <div class=\"entry-post-content bm_content\">\n                | Por Emilio E. Dellasoppa | La ciudad afronta un doble desaf\u00edo para los pr\u00f3ximos dos a\u00f1os: Ser una de las sedes del mundial 2014, y organizar los juegos ol\u00edmpicos <div><a href=\"https:\/\/www.economicas.uba.ar\/extension\/vocesenelfenix\/conflicto-y-pacificacion-policial-en-los-morros-de-rio-de-janeiro\/\" rel=\"bookmark\" class=\"bm-read-more entry-read-more\">M\u00e1s \u00bb<\/a><div>            <\/div>\n        <\/div>\n    <\/article>\n\t\t\t\t<\/div><\/div>\n\t\t\t\t\t\t\t\t<\/div>\n\t\t\t\t<\/div>\n\t\t\t\t\t<\/div>\n\t\t<\/div>\n\t\t\t\t\t<\/div>\n\t\t<\/section>\n\t\t\t\t<section class=\"elementor-section elementor-top-section elementor-element elementor-element-6eab4af elementor-section-boxed elementor-section-height-default elementor-section-height-default\" data-id=\"6eab4af\" data-element_type=\"section\" data-e-type=\"section\" data-settings=\"{&quot;background_background&quot;:&quot;classic&quot;}\">\n\t\t\t\t\t\t<div class=\"elementor-container elementor-column-gap-default\">\n\t\t\t\t\t<div class=\"elementor-column elementor-col-25 elementor-top-column elementor-element elementor-element-889add6\" data-id=\"889add6\" data-element_type=\"column\" data-e-type=\"column\">\n\t\t\t<div class=\"elementor-widget-wrap elementor-element-populated\">\n\t\t\t\t\t\t<div class=\"elementor-element elementor-element-9629dee elementor-widget elementor-widget-text-editor\" data-id=\"9629dee\" data-element_type=\"widget\" data-e-type=\"widget\" data-widget_type=\"text-editor.default\">\n\t\t\t\t<div class=\"elementor-widget-container\">\n\t\t\t\t\t\t\t\t\t<iframe width=\"560\" height=\"315\" src=\"https:\/\/www.youtube.com\/embed\/i0dt84LlUKc\" title=\"YouTube video player\" frameborder=\"0\" allow=\"accelerometer; autoplay; clipboard-write; encrypted-media; gyroscope; picture-in-picture\" allowfullscreen><\/iframe>\t\t\t\t\t\t\t\t<\/div>\n\t\t\t\t<\/div>\n\t\t\t\t\t<\/div>\n\t\t<\/div>\n\t\t\t\t<div class=\"elementor-column elementor-col-25 elementor-top-column elementor-element elementor-element-9c66ed0\" data-id=\"9c66ed0\" data-element_type=\"column\" data-e-type=\"column\">\n\t\t\t<div class=\"elementor-widget-wrap elementor-element-populated\">\n\t\t\t\t\t\t<div class=\"elementor-element elementor-element-d3d8c9b elementor-widget elementor-widget-text-editor\" data-id=\"d3d8c9b\" data-element_type=\"widget\" data-e-type=\"widget\" data-widget_type=\"text-editor.default\">\n\t\t\t\t<div class=\"elementor-widget-container\">\n\t\t\t\t\t\t\t\t\t<iframe width=\"560\" height=\"315\" src=\"https:\/\/www.youtube.com\/embed\/TjVv06H3ik0\" title=\"YouTube video player\" frameborder=\"0\" allow=\"accelerometer; autoplay; clipboard-write; encrypted-media; gyroscope; picture-in-picture\" allowfullscreen><\/iframe>\t\t\t\t\t\t\t\t<\/div>\n\t\t\t\t<\/div>\n\t\t\t\t\t<\/div>\n\t\t<\/div>\n\t\t\t\t<div class=\"elementor-column elementor-col-25 elementor-top-column elementor-element elementor-element-8351939\" data-id=\"8351939\" data-element_type=\"column\" data-e-type=\"column\">\n\t\t\t<div class=\"elementor-widget-wrap elementor-element-populated\">\n\t\t\t\t\t\t<div class=\"elementor-element elementor-element-54a4fc0 elementor-widget elementor-widget-text-editor\" data-id=\"54a4fc0\" data-element_type=\"widget\" data-e-type=\"widget\" data-widget_type=\"text-editor.default\">\n\t\t\t\t<div class=\"elementor-widget-container\">\n\t\t\t\t\t\t\t\t\t<iframe width=\"560\" height=\"315\" src=\"https:\/\/www.youtube.com\/embed\/k5jA1yXt6Nc\" title=\"YouTube video player\" frameborder=\"0\" allow=\"accelerometer; autoplay; clipboard-write; encrypted-media; gyroscope; picture-in-picture\" allowfullscreen><\/iframe>\t\t\t\t\t\t\t\t<\/div>\n\t\t\t\t<\/div>\n\t\t\t\t\t<\/div>\n\t\t<\/div>\n\t\t\t\t<div class=\"elementor-column elementor-col-25 elementor-top-column elementor-element elementor-element-89af918\" data-id=\"89af918\" data-element_type=\"column\" data-e-type=\"column\">\n\t\t\t<div class=\"elementor-widget-wrap elementor-element-populated\">\n\t\t\t\t\t\t<div class=\"elementor-element elementor-element-dc8af6a elementor-widget elementor-widget-text-editor\" data-id=\"dc8af6a\" data-element_type=\"widget\" data-e-type=\"widget\" data-widget_type=\"text-editor.default\">\n\t\t\t\t<div class=\"elementor-widget-container\">\n\t\t\t\t\t\t\t\t\t<iframe width=\"560\" height=\"315\" src=\"https:\/\/www.youtube.com\/embed\/vzBtnHQ67c4\" title=\"YouTube video player\" frameborder=\"0\" allow=\"accelerometer; autoplay; clipboard-write; encrypted-media; gyroscope; picture-in-picture\" allowfullscreen><\/iframe>\t\t\t\t\t\t\t\t<\/div>\n\t\t\t\t<\/div>\n\t\t\t\t\t<\/div>\n\t\t<\/div>\n\t\t\t\t\t<\/div>\n\t\t<\/section>\n\t\t\t\t<\/div>\n\t\t","protected":false},"excerpt":{"rendered":"<p>N\u00daMERO 34 LA VIDA DE LOS OTROS CONTROL SOCIAL UNA DE LAS PRINCIPALES ESTRATEGIAS PARA MANTENER EL CONTROL SOCIAL ES LA INSEGURIDAD. PARA ELLO, EL DELITO SE ASOCIA A LOS<\/p>\n","protected":false},"author":5,"featured_media":0,"parent":0,"menu_order":0,"comment_status":"closed","ping_status":"closed","template":"","meta":{"footnotes":""},"class_list":["post-14924","page","type-page","status-publish","hentry"],"_links":{"self":[{"href":"https:\/\/www.economicas.uba.ar\/extension\/vocesenelfenix\/wp-json\/wp\/v2\/pages\/14924","targetHints":{"allow":["GET"]}}],"collection":[{"href":"https:\/\/www.economicas.uba.ar\/extension\/vocesenelfenix\/wp-json\/wp\/v2\/pages"}],"about":[{"href":"https:\/\/www.economicas.uba.ar\/extension\/vocesenelfenix\/wp-json\/wp\/v2\/types\/page"}],"author":[{"embeddable":true,"href":"https:\/\/www.economicas.uba.ar\/extension\/vocesenelfenix\/wp-json\/wp\/v2\/users\/5"}],"replies":[{"embeddable":true,"href":"https:\/\/www.economicas.uba.ar\/extension\/vocesenelfenix\/wp-json\/wp\/v2\/comments?post=14924"}],"version-history":[{"count":7,"href":"https:\/\/www.economicas.uba.ar\/extension\/vocesenelfenix\/wp-json\/wp\/v2\/pages\/14924\/revisions"}],"predecessor-version":[{"id":14938,"href":"https:\/\/www.economicas.uba.ar\/extension\/vocesenelfenix\/wp-json\/wp\/v2\/pages\/14924\/revisions\/14938"}],"wp:attachment":[{"href":"https:\/\/www.economicas.uba.ar\/extension\/vocesenelfenix\/wp-json\/wp\/v2\/media?parent=14924"}],"curies":[{"name":"wp","href":"https:\/\/api.w.org\/{rel}","templated":true}]}}