{"id":15127,"date":"2014-04-01T00:01:00","date_gmt":"2014-04-01T03:01:00","guid":{"rendered":"https:\/\/www.economicas.uba.ar\/extension\/vocesenelfenix\/?page_id=15127"},"modified":"2022-08-16T17:16:56","modified_gmt":"2022-08-16T20:16:56","slug":"numero-33","status":"publish","type":"page","link":"https:\/\/www.economicas.uba.ar\/extension\/vocesenelfenix\/numero-33\/","title":{"rendered":"N\u00famero 33"},"content":{"rendered":"\t\t<div data-elementor-type=\"wp-page\" data-elementor-id=\"15127\" class=\"elementor elementor-15127\" data-elementor-post-type=\"page\">\n\t\t\t\t\t\t<section class=\"elementor-section elementor-top-section elementor-element elementor-element-b3015e2 elementor-section-boxed elementor-section-height-default elementor-section-height-default\" data-id=\"b3015e2\" data-element_type=\"section\" data-e-type=\"section\" data-settings=\"{&quot;background_background&quot;:&quot;classic&quot;}\">\n\t\t\t\t\t\t<div class=\"elementor-container elementor-column-gap-default\">\n\t\t\t\t\t<div class=\"elementor-column elementor-col-33 elementor-top-column elementor-element elementor-element-4f634ab\" data-id=\"4f634ab\" data-element_type=\"column\" data-e-type=\"column\">\n\t\t\t<div class=\"elementor-widget-wrap elementor-element-populated\">\n\t\t\t\t\t\t<div class=\"elementor-element elementor-element-0d7761e elementor-widget elementor-widget-image\" data-id=\"0d7761e\" data-element_type=\"widget\" data-e-type=\"widget\" data-widget_type=\"image.default\">\n\t\t\t\t<div class=\"elementor-widget-container\">\n\t\t\t\t\t\t\t\t\t\t\t\t\t\t\t\t<a href=\"https:\/\/drive.google.com\/file\/d\/1dRXZWaV3fPoJb6NXPnE8GBeJltlNrOF9\/view\" target=\"_blank\">\n\t\t\t\t\t\t\t<img fetchpriority=\"high\" decoding=\"async\" width=\"193\" height=\"268\" src=\"https:\/\/www.economicas.uba.ar\/extension\/vocesenelfenix\/wp-content\/uploads\/tapa33.jpg\" class=\"attachment-large size-large wp-image-1901\" alt=\"\" \/>\t\t\t\t\t\t\t\t<\/a>\n\t\t\t\t\t\t\t\t\t\t\t\t\t\t\t<\/div>\n\t\t\t\t<\/div>\n\t\t\t\t\t<\/div>\n\t\t<\/div>\n\t\t\t\t<div class=\"elementor-column elementor-col-66 elementor-top-column elementor-element elementor-element-608c564\" data-id=\"608c564\" data-element_type=\"column\" data-e-type=\"column\">\n\t\t\t<div class=\"elementor-widget-wrap elementor-element-populated\">\n\t\t\t\t\t\t<div class=\"elementor-element elementor-element-5d560c6 elementor-widget elementor-widget-text-editor\" data-id=\"5d560c6\" data-element_type=\"widget\" data-e-type=\"widget\" data-widget_type=\"text-editor.default\">\n\t\t\t\t<div class=\"elementor-widget-container\">\n\t\t\t\t\t\t\t\t\t<h5>N\u00daMERO 33<\/h5><h3>MENTES PELIGROSAS<\/h3><h6>EDUCACI\u00d3N SUPERIOR<\/h6><p><br \/>EL SISTEMA DE EDUCACI\u00d3N SUPERIOR DEBE DAR RESPUESTAS A UNA SOCIEDAD COMPLEJA. A CONTINUACI\u00d3N UN DETALLADO AN\u00c1LISIS SOBRE SU PRESENTE Y FUTURO.<\/p>\t\t\t\t\t\t\t\t<\/div>\n\t\t\t\t<\/div>\n\t\t\t\t<div class=\"elementor-element elementor-element-c839e3e elementor-widget elementor-widget-button\" data-id=\"c839e3e\" data-element_type=\"widget\" data-e-type=\"widget\" data-widget_type=\"button.default\">\n\t\t\t\t<div class=\"elementor-widget-container\">\n\t\t\t\t\t\t\t\t\t<div class=\"elementor-button-wrapper\">\n\t\t\t\t\t<a class=\"elementor-button elementor-button-link elementor-size-xs\" href=\"https:\/\/drive.google.com\/file\/d\/1dRXZWaV3fPoJb6NXPnE8GBeJltlNrOF9\/view\" target=\"_blank\">\n\t\t\t\t\t\t<span class=\"elementor-button-content-wrapper\">\n\t\t\t\t\t\t\t\t\t<span class=\"elementor-button-text\">Descarg\u00e1 el PDF<\/span>\n\t\t\t\t\t<\/span>\n\t\t\t\t\t<\/a>\n\t\t\t\t<\/div>\n\t\t\t\t\t\t\t\t<\/div>\n\t\t\t\t<\/div>\n\t\t\t\t\t<\/div>\n\t\t<\/div>\n\t\t\t\t\t<\/div>\n\t\t<\/section>\n\t\t\t\t<section class=\"elementor-section elementor-top-section elementor-element elementor-element-9bc24b3 elementor-section-boxed elementor-section-height-default elementor-section-height-default\" data-id=\"9bc24b3\" data-element_type=\"section\" data-e-type=\"section\">\n\t\t\t\t\t\t<div class=\"elementor-container elementor-column-gap-default\">\n\t\t\t\t\t<div class=\"elementor-column elementor-col-100 elementor-top-column elementor-element elementor-element-c9066f3\" data-id=\"c9066f3\" data-element_type=\"column\" data-e-type=\"column\">\n\t\t\t<div class=\"elementor-widget-wrap elementor-element-populated\">\n\t\t\t\t\t\t<div class=\"elementor-element elementor-element-d36af10 elementor-grid-3 elementor-grid-tablet-2 elementor-grid-mobile-1 elementor-posts--align-left elementor-widget elementor-widget-blogmentor_blog_posts\" data-id=\"d36af10\" data-element_type=\"widget\" data-e-type=\"widget\" data-settings=\"{&quot;bm_grid_columns&quot;:&quot;3&quot;,&quot;bm_grid_columns_tablet&quot;:&quot;2&quot;,&quot;bm_grid_columns_mobile&quot;:&quot;1&quot;,&quot;post_card_grid_gap&quot;:{&quot;unit&quot;:&quot;px&quot;,&quot;size&quot;:10,&quot;sizes&quot;:[]},&quot;post_card_row_gap&quot;:{&quot;unit&quot;:&quot;px&quot;,&quot;size&quot;:35,&quot;sizes&quot;:[]}}\" data-widget_type=\"blogmentor_blog_posts.default\">\n\t\t\t\t<div class=\"elementor-widget-container\">\n\t\t\t\t\t\t\t\n\t\t\t\t\t\t\t\t<div class=\"bm-blog-posts-wrapper\" >\n\t\t\t\t\t\t\t<div class=\"bm-blog-posts bm-display-grid elementor-grid elementor-grid-3\" >\n\t\t\t\t    <article id=\"post-15132\" class=\"item bm_layout post-15132 post type-post status-publish format-standard has-post-thumbnail hentry category-n-33 tag-abraham-leonardo-gak tag-editorial tag-educacion-superior tag-universidad-publica\">\n\t\t<div class=\"bm-blog-post-image entry-post-image\">\n\t\t\t<div class=\"bm-post-image clearfix bm-hover-effect bm-hover-effect-blur\">\n\t\t\t\t<img decoding=\"async\" width=\"640\" height=\"396\" src=\"https:\/\/www.economicas.uba.ar\/extension\/vocesenelfenix\/wp-content\/uploads\/3300Editorial.jpg\" class=\"attachment-large size-large wp-post-image\" alt=\"\" srcset=\"https:\/\/www.economicas.uba.ar\/extension\/vocesenelfenix\/wp-content\/uploads\/3300Editorial.jpg 1080w, https:\/\/www.economicas.uba.ar\/extension\/vocesenelfenix\/wp-content\/uploads\/3300Editorial-300x186.jpg 300w, https:\/\/www.economicas.uba.ar\/extension\/vocesenelfenix\/wp-content\/uploads\/3300Editorial-768x475.jpg 768w\" sizes=\"(max-width: 640px) 100vw, 640px\" \/>\t\t\t<\/div>\n\t\t<\/div>\n        <div class=\"bm-blog-post-content bm_content_box\">\n            <h4 class=\"entry-post-title bm_title\"><a href=\"https:\/\/www.economicas.uba.ar\/extension\/vocesenelfenix\/editorial-la-universidad-publica-responsabilidades-y-privilegios\/\" rel=\"bookmark\">Editorial: La universidad p\u00fablica, responsabilidades y privilegios<\/a><\/h4>            <div class=\"bm-blog-post-meta entry-post-meta bm_meta\">\n                            <\/div>\n            <div class=\"entry-post-content bm_content\">\n                | Por Abraham Leonardo Gak |            <\/div>\n        <\/div>\n    <\/article>\n    <article id=\"post-15141\" class=\"item bm_layout post-15141 post type-post status-publish format-standard has-post-thumbnail hentry category-n-33 tag-adriana-puiggros tag-educacion-superior tag-sociedad tag-universidad\">\n\t\t<div class=\"bm-blog-post-image entry-post-image\">\n\t\t\t<div class=\"bm-post-image clearfix bm-hover-effect bm-hover-effect-blur\">\n\t\t\t\t<img decoding=\"async\" width=\"640\" height=\"432\" src=\"https:\/\/www.economicas.uba.ar\/extension\/vocesenelfenix\/wp-content\/uploads\/3301Puiggros.jpg\" class=\"attachment-large size-large wp-post-image\" alt=\"\" srcset=\"https:\/\/www.economicas.uba.ar\/extension\/vocesenelfenix\/wp-content\/uploads\/3301Puiggros.jpg 1080w, https:\/\/www.economicas.uba.ar\/extension\/vocesenelfenix\/wp-content\/uploads\/3301Puiggros-300x203.jpg 300w, https:\/\/www.economicas.uba.ar\/extension\/vocesenelfenix\/wp-content\/uploads\/3301Puiggros-768x518.jpg 768w\" sizes=\"(max-width: 640px) 100vw, 640px\" \/>\t\t\t<\/div>\n\t\t<\/div>\n        <div class=\"bm-blog-post-content bm_content_box\">\n            <h4 class=\"entry-post-title bm_title\"><a href=\"https:\/\/www.economicas.uba.ar\/extension\/vocesenelfenix\/desafios-para-el-futuro-de-la-universidad\/\" rel=\"bookmark\">Desaf\u00edos para el futuro de la universidad<\/a><\/h4>            <div class=\"bm-blog-post-meta entry-post-meta bm_meta\">\n                            <\/div>\n            <div class=\"entry-post-content bm_content\">\n                | Por Adriana Puiggr\u00f3s | Con m\u00e1s de mil a\u00f1os de historia, la universidad sigue atravesando los mismos problemas que ya exist\u00edan en su origen y que dan cuenta de <div><a href=\"https:\/\/www.economicas.uba.ar\/extension\/vocesenelfenix\/desafios-para-el-futuro-de-la-universidad\/\" rel=\"bookmark\" class=\"bm-read-more entry-read-more\">M\u00e1s \u00bb<\/a><div>            <\/div>\n        <\/div>\n    <\/article>\n    <article id=\"post-15147\" class=\"item bm_layout post-15147 post type-post status-publish format-standard has-post-thumbnail hentry category-n-33 tag-ciencia-y-tecnologia tag-educacion-superior tag-investigacion tag-lino-baranao tag-produccion\">\n\t\t<div class=\"bm-blog-post-image entry-post-image\">\n\t\t\t<div class=\"bm-post-image clearfix bm-hover-effect bm-hover-effect-blur\">\n\t\t\t\t<img loading=\"lazy\" decoding=\"async\" width=\"640\" height=\"433\" src=\"https:\/\/www.economicas.uba.ar\/extension\/vocesenelfenix\/wp-content\/uploads\/3302Baranao.jpg\" class=\"attachment-large size-large wp-post-image\" alt=\"\" srcset=\"https:\/\/www.economicas.uba.ar\/extension\/vocesenelfenix\/wp-content\/uploads\/3302Baranao.jpg 1080w, https:\/\/www.economicas.uba.ar\/extension\/vocesenelfenix\/wp-content\/uploads\/3302Baranao-300x203.jpg 300w, https:\/\/www.economicas.uba.ar\/extension\/vocesenelfenix\/wp-content\/uploads\/3302Baranao-768x519.jpg 768w\" sizes=\"(max-width: 640px) 100vw, 640px\" \/>\t\t\t<\/div>\n\t\t<\/div>\n        <div class=\"bm-blog-post-content bm_content_box\">\n            <h4 class=\"entry-post-title bm_title\"><a href=\"https:\/\/www.economicas.uba.ar\/extension\/vocesenelfenix\/un-nuevo-rol-para-la-produccion-del-conocimiento-en-la-argentina\/\" rel=\"bookmark\">Un nuevo rol para la producci\u00f3n del conocimiento en la Argentina<\/a><\/h4>            <div class=\"bm-blog-post-meta entry-post-meta bm_meta\">\n                            <\/div>\n            <div class=\"entry-post-content bm_content\">\n                | Por Lino Bara\u00f1ao | Inmersos en un per\u00edodo sociohist\u00f3rico que exige grandes cambios para poder adecuarse al mundo globalizado, la educaci\u00f3n y la investigaci\u00f3n cumplen un papel fundamental para <div><a href=\"https:\/\/www.economicas.uba.ar\/extension\/vocesenelfenix\/un-nuevo-rol-para-la-produccion-del-conocimiento-en-la-argentina\/\" rel=\"bookmark\" class=\"bm-read-more entry-read-more\">M\u00e1s \u00bb<\/a><div>            <\/div>\n        <\/div>\n    <\/article>\n    <article id=\"post-15153\" class=\"item bm_layout post-15153 post type-post status-publish format-standard has-post-thumbnail hentry category-n-33 tag-educacion-superior tag-especializacion tag-graciela-morgade tag-posgrado\">\n\t\t<div class=\"bm-blog-post-image entry-post-image\">\n\t\t\t<div class=\"bm-post-image clearfix bm-hover-effect bm-hover-effect-blur\">\n\t\t\t\t<img loading=\"lazy\" decoding=\"async\" width=\"640\" height=\"433\" src=\"https:\/\/www.economicas.uba.ar\/extension\/vocesenelfenix\/wp-content\/uploads\/3303Morgade.jpg\" class=\"attachment-large size-large wp-post-image\" alt=\"\" srcset=\"https:\/\/www.economicas.uba.ar\/extension\/vocesenelfenix\/wp-content\/uploads\/3303Morgade.jpg 1080w, https:\/\/www.economicas.uba.ar\/extension\/vocesenelfenix\/wp-content\/uploads\/3303Morgade-300x203.jpg 300w, https:\/\/www.economicas.uba.ar\/extension\/vocesenelfenix\/wp-content\/uploads\/3303Morgade-768x519.jpg 768w\" sizes=\"(max-width: 640px) 100vw, 640px\" \/>\t\t\t<\/div>\n\t\t<\/div>\n        <div class=\"bm-blog-post-content bm_content_box\">\n            <h4 class=\"entry-post-title bm_title\"><a href=\"https:\/\/www.economicas.uba.ar\/extension\/vocesenelfenix\/los-desafios-del-posgrado-un-nivel-cuaternario-que-ha-llegado-para-quedarse\/\" rel=\"bookmark\">Los desaf\u00edos del posgrado. Un nivel \u00bfcuaternario? que ha llegado para quedarse<\/a><\/h4>            <div class=\"bm-blog-post-meta entry-post-meta bm_meta\">\n                            <\/div>\n            <div class=\"entry-post-content bm_content\">\n                | Por Graciela Morgade | En los \u00faltimos 25 a\u00f1os tuvo lugar una explosi\u00f3n en la oferta de posgrados, generando crecientes niveles de especializaci\u00f3n y formaci\u00f3n de nuevos campos. Este <div><a href=\"https:\/\/www.economicas.uba.ar\/extension\/vocesenelfenix\/los-desafios-del-posgrado-un-nivel-cuaternario-que-ha-llegado-para-quedarse\/\" rel=\"bookmark\" class=\"bm-read-more entry-read-more\">M\u00e1s \u00bb<\/a><div>            <\/div>\n        <\/div>\n    <\/article>\n    <article id=\"post-15159\" class=\"item bm_layout post-15159 post type-post status-publish format-standard has-post-thumbnail hentry category-n-33 tag-alberto-kornblihtt tag-educacion-superior tag-entrevista tag-investigacion tag-universidad\">\n\t\t<div class=\"bm-blog-post-image entry-post-image\">\n\t\t\t<div class=\"bm-post-image clearfix bm-hover-effect bm-hover-effect-blur\">\n\t\t\t\t<img loading=\"lazy\" decoding=\"async\" width=\"640\" height=\"437\" src=\"https:\/\/www.economicas.uba.ar\/extension\/vocesenelfenix\/wp-content\/uploads\/3304Kornblihtt.jpg\" class=\"attachment-large size-large wp-post-image\" alt=\"\" srcset=\"https:\/\/www.economicas.uba.ar\/extension\/vocesenelfenix\/wp-content\/uploads\/3304Kornblihtt.jpg 1080w, https:\/\/www.economicas.uba.ar\/extension\/vocesenelfenix\/wp-content\/uploads\/3304Kornblihtt-300x205.jpg 300w, https:\/\/www.economicas.uba.ar\/extension\/vocesenelfenix\/wp-content\/uploads\/3304Kornblihtt-768x524.jpg 768w\" sizes=\"(max-width: 640px) 100vw, 640px\" \/>\t\t\t<\/div>\n\t\t<\/div>\n        <div class=\"bm-blog-post-content bm_content_box\">\n            <h4 class=\"entry-post-title bm_title\"><a href=\"https:\/\/www.economicas.uba.ar\/extension\/vocesenelfenix\/entrevista-al-dr-alberto-kornblihtt-existe-muy-poco-debate-en-la-ensenanza-universitaria\/\" rel=\"bookmark\">Entrevista al Dr. Alberto Kornblihtt \u201cExiste muy poco debate en la ense\u00f1anza universitaria\u201d<\/a><\/h4>            <div class=\"bm-blog-post-meta entry-post-meta bm_meta\">\n                            <\/div>\n            <div class=\"entry-post-content bm_content\">\n                | Por Alberto Kornblihtt | En las p\u00e1ginas que siguen, el entrevistado nos da su visi\u00f3n acerca del rol de la investigaci\u00f3n cient\u00edfica universitaria hoy en d\u00eda, cu\u00e1l es su <div><a href=\"https:\/\/www.economicas.uba.ar\/extension\/vocesenelfenix\/entrevista-al-dr-alberto-kornblihtt-existe-muy-poco-debate-en-la-ensenanza-universitaria\/\" rel=\"bookmark\" class=\"bm-read-more entry-read-more\">M\u00e1s \u00bb<\/a><div>            <\/div>\n        <\/div>\n    <\/article>\n    <article id=\"post-15166\" class=\"item bm_layout post-15166 post type-post status-publish format-standard has-post-thumbnail hentry category-n-33 tag-carlos-j-giordano tag-educacion-superior tag-ley-de-educacion-superior tag-terciarios tag-universidad\">\n\t\t<div class=\"bm-blog-post-image entry-post-image\">\n\t\t\t<div class=\"bm-post-image clearfix bm-hover-effect bm-hover-effect-blur\">\n\t\t\t\t<img loading=\"lazy\" decoding=\"async\" width=\"640\" height=\"431\" src=\"https:\/\/www.economicas.uba.ar\/extension\/vocesenelfenix\/wp-content\/uploads\/3305Giordano.jpg\" class=\"attachment-large size-large wp-post-image\" alt=\"\" srcset=\"https:\/\/www.economicas.uba.ar\/extension\/vocesenelfenix\/wp-content\/uploads\/3305Giordano.jpg 1080w, https:\/\/www.economicas.uba.ar\/extension\/vocesenelfenix\/wp-content\/uploads\/3305Giordano-300x202.jpg 300w, https:\/\/www.economicas.uba.ar\/extension\/vocesenelfenix\/wp-content\/uploads\/3305Giordano-768x517.jpg 768w\" sizes=\"(max-width: 640px) 100vw, 640px\" \/>\t\t\t<\/div>\n\t\t<\/div>\n        <div class=\"bm-blog-post-content bm_content_box\">\n            <h4 class=\"entry-post-title bm_title\"><a href=\"https:\/\/www.economicas.uba.ar\/extension\/vocesenelfenix\/memorias-de-un-olvido\/\" rel=\"bookmark\">Memorias de un olvido<\/a><\/h4>            <div class=\"bm-blog-post-meta entry-post-meta bm_meta\">\n                            <\/div>\n            <div class=\"entry-post-content bm_content\">\n                | Por Carlos J. Giordano | En la comunidad educativa universitaria y terciaria existe el consenso suficiente para la derogaci\u00f3n y\/o modificaci\u00f3n de la Ley de Educaci\u00f3n Superior sancionada durante <div><a href=\"https:\/\/www.economicas.uba.ar\/extension\/vocesenelfenix\/memorias-de-un-olvido\/\" rel=\"bookmark\" class=\"bm-read-more entry-read-more\">M\u00e1s \u00bb<\/a><div>            <\/div>\n        <\/div>\n    <\/article>\n    <article id=\"post-15176\" class=\"item bm_layout post-15176 post type-post status-publish format-standard has-post-thumbnail hentry category-n-33 tag-educacion-superior tag-marcela-mollis tag-mercado tag-neoliberalismo tag-ranking-academico-de-universidades-del-mundo tag-universidad\">\n\t\t<div class=\"bm-blog-post-image entry-post-image\">\n\t\t\t<div class=\"bm-post-image clearfix bm-hover-effect bm-hover-effect-blur\">\n\t\t\t\t<img loading=\"lazy\" decoding=\"async\" width=\"640\" height=\"433\" src=\"https:\/\/www.economicas.uba.ar\/extension\/vocesenelfenix\/wp-content\/uploads\/3306Mollis.jpg\" class=\"attachment-large size-large wp-post-image\" alt=\"\" srcset=\"https:\/\/www.economicas.uba.ar\/extension\/vocesenelfenix\/wp-content\/uploads\/3306Mollis.jpg 1080w, https:\/\/www.economicas.uba.ar\/extension\/vocesenelfenix\/wp-content\/uploads\/3306Mollis-300x203.jpg 300w, https:\/\/www.economicas.uba.ar\/extension\/vocesenelfenix\/wp-content\/uploads\/3306Mollis-768x519.jpg 768w\" sizes=\"(max-width: 640px) 100vw, 640px\" \/>\t\t\t<\/div>\n\t\t<\/div>\n        <div class=\"bm-blog-post-content bm_content_box\">\n            <h4 class=\"entry-post-title bm_title\"><a href=\"https:\/\/www.economicas.uba.ar\/extension\/vocesenelfenix\/de-modas-y-otras-odas-al-mercado-de-la-educacion-superior\/\" rel=\"bookmark\">De modas y otras odas al mercado de la educaci\u00f3n superior<\/a><\/h4>            <div class=\"bm-blog-post-meta entry-post-meta bm_meta\">\n                            <\/div>\n            <div class=\"entry-post-content bm_content\">\n                | Por Marcela Mollis | Las reformas neoliberales desarrolladas en el mundo entero en el \u00faltimo cuarto del siglo XX tuvieron su especificidad en el sistema universitario. A continuaci\u00f3n, un <div><a href=\"https:\/\/www.economicas.uba.ar\/extension\/vocesenelfenix\/de-modas-y-otras-odas-al-mercado-de-la-educacion-superior\/\" rel=\"bookmark\" class=\"bm-read-more entry-read-more\">M\u00e1s \u00bb<\/a><div>            <\/div>\n        <\/div>\n    <\/article>\n    <article id=\"post-15182\" class=\"item bm_layout post-15182 post type-post status-publish format-standard has-post-thumbnail hentry category-n-33 tag-alberto-barbieri tag-educacion-superior tag-universidad tag-universidad-de-buenos-aires\">\n\t\t<div class=\"bm-blog-post-image entry-post-image\">\n\t\t\t<div class=\"bm-post-image clearfix bm-hover-effect bm-hover-effect-blur\">\n\t\t\t\t<img loading=\"lazy\" decoding=\"async\" width=\"640\" height=\"433\" src=\"https:\/\/www.economicas.uba.ar\/extension\/vocesenelfenix\/wp-content\/uploads\/3307Barbieri.jpg\" class=\"attachment-large size-large wp-post-image\" alt=\"\" srcset=\"https:\/\/www.economicas.uba.ar\/extension\/vocesenelfenix\/wp-content\/uploads\/3307Barbieri.jpg 1080w, https:\/\/www.economicas.uba.ar\/extension\/vocesenelfenix\/wp-content\/uploads\/3307Barbieri-300x203.jpg 300w, https:\/\/www.economicas.uba.ar\/extension\/vocesenelfenix\/wp-content\/uploads\/3307Barbieri-768x519.jpg 768w\" sizes=\"(max-width: 640px) 100vw, 640px\" \/>\t\t\t<\/div>\n\t\t<\/div>\n        <div class=\"bm-blog-post-content bm_content_box\">\n            <h4 class=\"entry-post-title bm_title\"><a href=\"https:\/\/www.economicas.uba.ar\/extension\/vocesenelfenix\/un-nuevo-ciclo-en-la-uba\/\" rel=\"bookmark\">Un nuevo ciclo en la UBA<\/a><\/h4>            <div class=\"bm-blog-post-meta entry-post-meta bm_meta\">\n                            <\/div>\n            <div class=\"entry-post-content bm_content\">\n                | Por Alberto Barbieri | Un nuevo ciclo se abre en la UBA. El nuevo rector asume en un escenario complejo, y con el objetivo de avanzar en la inclusi\u00f3n <div><a href=\"https:\/\/www.economicas.uba.ar\/extension\/vocesenelfenix\/un-nuevo-ciclo-en-la-uba\/\" rel=\"bookmark\" class=\"bm-read-more entry-read-more\">M\u00e1s \u00bb<\/a><div>            <\/div>\n        <\/div>\n    <\/article>\n    <article id=\"post-15188\" class=\"item bm_layout post-15188 post type-post status-publish format-standard has-post-thumbnail hentry category-n-33 tag-conurbano tag-educacion-superior tag-ernesto-f-villanueva tag-universidad\">\n\t\t<div class=\"bm-blog-post-image entry-post-image\">\n\t\t\t<div class=\"bm-post-image clearfix bm-hover-effect bm-hover-effect-blur\">\n\t\t\t\t<img loading=\"lazy\" decoding=\"async\" width=\"640\" height=\"431\" src=\"https:\/\/www.economicas.uba.ar\/extension\/vocesenelfenix\/wp-content\/uploads\/3308Villanueva.jpg\" class=\"attachment-large size-large wp-post-image\" alt=\"\" srcset=\"https:\/\/www.economicas.uba.ar\/extension\/vocesenelfenix\/wp-content\/uploads\/3308Villanueva.jpg 1080w, https:\/\/www.economicas.uba.ar\/extension\/vocesenelfenix\/wp-content\/uploads\/3308Villanueva-300x202.jpg 300w, https:\/\/www.economicas.uba.ar\/extension\/vocesenelfenix\/wp-content\/uploads\/3308Villanueva-768x518.jpg 768w\" sizes=\"(max-width: 640px) 100vw, 640px\" \/>\t\t\t<\/div>\n\t\t<\/div>\n        <div class=\"bm-blog-post-content bm_content_box\">\n            <h4 class=\"entry-post-title bm_title\"><a href=\"https:\/\/www.economicas.uba.ar\/extension\/vocesenelfenix\/las-nuevas-universidades-en-el-conurbano-bonaerense\/\" rel=\"bookmark\">Las nuevas universidades en el conurbano bonaerense<\/a><\/h4>            <div class=\"bm-blog-post-meta entry-post-meta bm_meta\">\n                            <\/div>\n            <div class=\"entry-post-content bm_content\">\n                | Por Ernesto F. Villanueva | El gobierno nacional ha creado desde el 2003 nueve universidades nacionales. Cinco de ellas en distritos del conurbano bonaerense en los cuales la oferta <div><a href=\"https:\/\/www.economicas.uba.ar\/extension\/vocesenelfenix\/las-nuevas-universidades-en-el-conurbano-bonaerense\/\" rel=\"bookmark\" class=\"bm-read-more entry-read-more\">M\u00e1s \u00bb<\/a><div>            <\/div>\n        <\/div>\n    <\/article>\n    <article id=\"post-15194\" class=\"item bm_layout post-15194 post type-post status-publish format-standard has-post-thumbnail hentry category-n-33 tag-desarrollo tag-eduardo-n-dvorkin tag-educacion-superior tag-inclusion tag-ingenieros tag-kirchnerismo\">\n\t\t<div class=\"bm-blog-post-image entry-post-image\">\n\t\t\t<div class=\"bm-post-image clearfix bm-hover-effect bm-hover-effect-blur\">\n\t\t\t\t<img loading=\"lazy\" decoding=\"async\" width=\"640\" height=\"431\" src=\"https:\/\/www.economicas.uba.ar\/extension\/vocesenelfenix\/wp-content\/uploads\/3309Dvorkin.jpg\" class=\"attachment-large size-large wp-post-image\" alt=\"\" srcset=\"https:\/\/www.economicas.uba.ar\/extension\/vocesenelfenix\/wp-content\/uploads\/3309Dvorkin.jpg 1080w, https:\/\/www.economicas.uba.ar\/extension\/vocesenelfenix\/wp-content\/uploads\/3309Dvorkin-300x202.jpg 300w, https:\/\/www.economicas.uba.ar\/extension\/vocesenelfenix\/wp-content\/uploads\/3309Dvorkin-768x518.jpg 768w\" sizes=\"(max-width: 640px) 100vw, 640px\" \/>\t\t\t<\/div>\n\t\t<\/div>\n        <div class=\"bm-blog-post-content bm_content_box\">\n            <h4 class=\"entry-post-title bm_title\"><a href=\"https:\/\/www.economicas.uba.ar\/extension\/vocesenelfenix\/la-formacion-de-ingenieros-y-el-modelo-de-desarrollo-kirchnerista\/\" rel=\"bookmark\">La formaci\u00f3n de ingenieros y el modelo de desarrollo kirchnerista<\/a><\/h4>            <div class=\"bm-blog-post-meta entry-post-meta bm_meta\">\n                            <\/div>\n            <div class=\"entry-post-content bm_content\">\n                | Por Eduardo N. Dvorkin | Para lograr la profundizaci\u00f3n del crecimiento inclusivo es necesario evolucionar hacia una producci\u00f3n de alto valor agregado con tecnolog\u00eda nacional. Para esto, la pol\u00edtica <div><a href=\"https:\/\/www.economicas.uba.ar\/extension\/vocesenelfenix\/la-formacion-de-ingenieros-y-el-modelo-de-desarrollo-kirchnerista\/\" rel=\"bookmark\" class=\"bm-read-more entry-read-more\">M\u00e1s \u00bb<\/a><div>            <\/div>\n        <\/div>\n    <\/article>\n    <article id=\"post-15204\" class=\"item bm_layout post-15204 post type-post status-publish format-standard has-post-thumbnail hentry category-n-33 tag-ciencia-y-tecnologia tag-desarrollo tag-educacion-superior tag-juan-carlos-mena tag-universidades-privadas\">\n\t\t<div class=\"bm-blog-post-image entry-post-image\">\n\t\t\t<div class=\"bm-post-image clearfix bm-hover-effect bm-hover-effect-blur\">\n\t\t\t\t<img loading=\"lazy\" decoding=\"async\" width=\"640\" height=\"444\" src=\"https:\/\/www.economicas.uba.ar\/extension\/vocesenelfenix\/wp-content\/uploads\/3310Mena.jpg\" class=\"attachment-large size-large wp-post-image\" alt=\"\" srcset=\"https:\/\/www.economicas.uba.ar\/extension\/vocesenelfenix\/wp-content\/uploads\/3310Mena.jpg 1080w, https:\/\/www.economicas.uba.ar\/extension\/vocesenelfenix\/wp-content\/uploads\/3310Mena-300x208.jpg 300w, https:\/\/www.economicas.uba.ar\/extension\/vocesenelfenix\/wp-content\/uploads\/3310Mena-768x533.jpg 768w\" sizes=\"(max-width: 640px) 100vw, 640px\" \/>\t\t\t<\/div>\n\t\t<\/div>\n        <div class=\"bm-blog-post-content bm_content_box\">\n            <h4 class=\"entry-post-title bm_title\"><a href=\"https:\/\/www.economicas.uba.ar\/extension\/vocesenelfenix\/relacion-entre-las-universidades-privadas-y-el-desarrollo-nacional-su-ubicacion-en-el-sistema-de-educacion-superior\/\" rel=\"bookmark\">Relaci\u00f3n entre las universidades privadas y el desarrollo nacional. Su ubicaci\u00f3n en el sistema de educaci\u00f3n superior<\/a><\/h4>            <div class=\"bm-blog-post-meta entry-post-meta bm_meta\">\n                            <\/div>\n            <div class=\"entry-post-content bm_content\">\n                | Por Juan Carlos Mena | Si bien s\u00f3lo el 20 por ciento de los estudiantes universitarios de nuestro pa\u00eds cursa sus carreras en universidades privadas, la tendencia de los <div><a href=\"https:\/\/www.economicas.uba.ar\/extension\/vocesenelfenix\/relacion-entre-las-universidades-privadas-y-el-desarrollo-nacional-su-ubicacion-en-el-sistema-de-educacion-superior\/\" rel=\"bookmark\" class=\"bm-read-more entry-read-more\">M\u00e1s \u00bb<\/a><div>            <\/div>\n        <\/div>\n    <\/article>\n    <article id=\"post-15210\" class=\"item bm_layout post-15210 post type-post status-publish format-standard has-post-thumbnail hentry category-n-33 tag-aldo-lorusso tag-educacion-superior tag-lidia-rodriguez tag-saberes-tradicionales tag-sectores-populares tag-sistema-educativo\">\n\t\t<div class=\"bm-blog-post-image entry-post-image\">\n\t\t\t<div class=\"bm-post-image clearfix bm-hover-effect bm-hover-effect-blur\">\n\t\t\t\t<img loading=\"lazy\" decoding=\"async\" width=\"640\" height=\"430\" src=\"https:\/\/www.economicas.uba.ar\/extension\/vocesenelfenix\/wp-content\/uploads\/3311Lorusso.jpg\" class=\"attachment-large size-large wp-post-image\" alt=\"\" srcset=\"https:\/\/www.economicas.uba.ar\/extension\/vocesenelfenix\/wp-content\/uploads\/3311Lorusso.jpg 1080w, https:\/\/www.economicas.uba.ar\/extension\/vocesenelfenix\/wp-content\/uploads\/3311Lorusso-300x202.jpg 300w, https:\/\/www.economicas.uba.ar\/extension\/vocesenelfenix\/wp-content\/uploads\/3311Lorusso-768x516.jpg 768w\" sizes=\"(max-width: 640px) 100vw, 640px\" \/>\t\t\t<\/div>\n\t\t<\/div>\n        <div class=\"bm-blog-post-content bm_content_box\">\n            <h4 class=\"entry-post-title bm_title\"><a href=\"https:\/\/www.economicas.uba.ar\/extension\/vocesenelfenix\/la-educacion-superior-y-el-reconocimiento-de-saberes-socialmente-productivos-de-los-sectores-populares\/\" rel=\"bookmark\">La educaci\u00f3n superior y el reconocimiento de saberes socialmente productivos de los sectores populares<\/a><\/h4>            <div class=\"bm-blog-post-meta entry-post-meta bm_meta\">\n                            <\/div>\n            <div class=\"entry-post-content bm_content\">\n                | Por Aldo Lorusso y Lidia Rodr\u00edguez | En los \u00faltimos a\u00f1os el sistema educativo formal ha ido reconociendo e incorporando diversos saberes pr\u00e1cticos de los sectores de la sociedad <div><a href=\"https:\/\/www.economicas.uba.ar\/extension\/vocesenelfenix\/la-educacion-superior-y-el-reconocimiento-de-saberes-socialmente-productivos-de-los-sectores-populares\/\" rel=\"bookmark\" class=\"bm-read-more entry-read-more\">M\u00e1s \u00bb<\/a><div>            <\/div>\n        <\/div>\n    <\/article>\n    <article id=\"post-15216\" class=\"item bm_layout post-15216 post type-post status-publish format-standard has-post-thumbnail hentry category-n-33 tag-cambio-social tag-david-levitan tag-educacion-superior tag-martha-linares tag-universidad\">\n\t\t<div class=\"bm-blog-post-image entry-post-image\">\n\t\t\t<div class=\"bm-post-image clearfix bm-hover-effect bm-hover-effect-blur\">\n\t\t\t\t<img loading=\"lazy\" decoding=\"async\" width=\"640\" height=\"433\" src=\"https:\/\/www.economicas.uba.ar\/extension\/vocesenelfenix\/wp-content\/uploads\/3312Levitan.jpg\" class=\"attachment-large size-large wp-post-image\" alt=\"\" srcset=\"https:\/\/www.economicas.uba.ar\/extension\/vocesenelfenix\/wp-content\/uploads\/3312Levitan.jpg 1080w, https:\/\/www.economicas.uba.ar\/extension\/vocesenelfenix\/wp-content\/uploads\/3312Levitan-300x203.jpg 300w, https:\/\/www.economicas.uba.ar\/extension\/vocesenelfenix\/wp-content\/uploads\/3312Levitan-768x519.jpg 768w\" sizes=\"(max-width: 640px) 100vw, 640px\" \/>\t\t\t<\/div>\n\t\t<\/div>\n        <div class=\"bm-blog-post-content bm_content_box\">\n            <h4 class=\"entry-post-title bm_title\"><a href=\"https:\/\/www.economicas.uba.ar\/extension\/vocesenelfenix\/pensar-la-universidad-para-el-cambio-social\/\" rel=\"bookmark\">Pensar la universidad para el cambio social<\/a><\/h4>            <div class=\"bm-blog-post-meta entry-post-meta bm_meta\">\n                            <\/div>\n            <div class=\"entry-post-content bm_content\">\n                | Por David Levit\u00e1n y Martha Linares | Un recorrido por los distintos modelos de universidad a lo largo de la historia y su funci\u00f3n social, entendiendo a la universidad <div><a href=\"https:\/\/www.economicas.uba.ar\/extension\/vocesenelfenix\/pensar-la-universidad-para-el-cambio-social\/\" rel=\"bookmark\" class=\"bm-read-more entry-read-more\">M\u00e1s \u00bb<\/a><div>            <\/div>\n        <\/div>\n    <\/article>\n    <article id=\"post-15222\" class=\"item bm_layout post-15222 post type-post status-publish format-standard has-post-thumbnail hentry category-n-33 tag-desarrollismo tag-educacion-superior tag-emmanuel-bonforti tag-latinoamerica tag-patria-grande tag-reforma-universitaria tag-universidad\">\n\t\t<div class=\"bm-blog-post-image entry-post-image\">\n\t\t\t<div class=\"bm-post-image clearfix bm-hover-effect bm-hover-effect-blur\">\n\t\t\t\t<img loading=\"lazy\" decoding=\"async\" width=\"640\" height=\"433\" src=\"https:\/\/www.economicas.uba.ar\/extension\/vocesenelfenix\/wp-content\/uploads\/3313Bonforti.jpg\" class=\"attachment-large size-large wp-post-image\" alt=\"\" srcset=\"https:\/\/www.economicas.uba.ar\/extension\/vocesenelfenix\/wp-content\/uploads\/3313Bonforti.jpg 1080w, https:\/\/www.economicas.uba.ar\/extension\/vocesenelfenix\/wp-content\/uploads\/3313Bonforti-300x203.jpg 300w, https:\/\/www.economicas.uba.ar\/extension\/vocesenelfenix\/wp-content\/uploads\/3313Bonforti-768x519.jpg 768w\" sizes=\"(max-width: 640px) 100vw, 640px\" \/>\t\t\t<\/div>\n\t\t<\/div>\n        <div class=\"bm-blog-post-content bm_content_box\">\n            <h4 class=\"entry-post-title bm_title\"><a href=\"https:\/\/www.economicas.uba.ar\/extension\/vocesenelfenix\/la-universidad-en-perspectiva-historica-y-latinoamericana\/\" rel=\"bookmark\">La universidad en perspectiva hist\u00f3rica y latinoamericana<\/a><\/h4>            <div class=\"bm-blog-post-meta entry-post-meta bm_meta\">\n                            <\/div>\n            <div class=\"entry-post-content bm_content\">\n                | Por Emmanuel Bonforti | De la Reforma Universitaria como resurgimiento de la Patria Grande al ocaso desarrollista. Un recorrido hist\u00f3rico por la historia de la universidad, centrado en su <div><a href=\"https:\/\/www.economicas.uba.ar\/extension\/vocesenelfenix\/la-universidad-en-perspectiva-historica-y-latinoamericana\/\" rel=\"bookmark\" class=\"bm-read-more entry-read-more\">M\u00e1s \u00bb<\/a><div>            <\/div>\n        <\/div>\n    <\/article>\n    <article id=\"post-15228\" class=\"item bm_layout post-15228 post type-post status-publish format-standard has-post-thumbnail hentry category-n-33 tag-america-latina tag-educacion-superior tag-integracion-regional tag-javier-hermo tag-mercosur tag-unasur tag-universidad\">\n\t\t<div class=\"bm-blog-post-image entry-post-image\">\n\t\t\t<div class=\"bm-post-image clearfix bm-hover-effect bm-hover-effect-blur\">\n\t\t\t\t<img loading=\"lazy\" decoding=\"async\" width=\"640\" height=\"433\" src=\"https:\/\/www.economicas.uba.ar\/extension\/vocesenelfenix\/wp-content\/uploads\/3314Hermo.jpg\" class=\"attachment-large size-large wp-post-image\" alt=\"\" srcset=\"https:\/\/www.economicas.uba.ar\/extension\/vocesenelfenix\/wp-content\/uploads\/3314Hermo.jpg 1080w, https:\/\/www.economicas.uba.ar\/extension\/vocesenelfenix\/wp-content\/uploads\/3314Hermo-300x203.jpg 300w, https:\/\/www.economicas.uba.ar\/extension\/vocesenelfenix\/wp-content\/uploads\/3314Hermo-768x519.jpg 768w\" sizes=\"(max-width: 640px) 100vw, 640px\" \/>\t\t\t<\/div>\n\t\t<\/div>\n        <div class=\"bm-blog-post-content bm_content_box\">\n            <h4 class=\"entry-post-title bm_title\"><a href=\"https:\/\/www.economicas.uba.ar\/extension\/vocesenelfenix\/perspectivas-de-la-integracion-regional-universitaria-en-america-latina-del-mercosur-a-la-unasur\/\" rel=\"bookmark\">Perspectivas de la integraci\u00f3n regional universitaria en Am\u00e9rica latina: del Mercosur a la Unasur<\/a><\/h4>            <div class=\"bm-blog-post-meta entry-post-meta bm_meta\">\n                            <\/div>\n            <div class=\"entry-post-content bm_content\">\n                | Por Javier Hermo | El Mercosur, desde su constituci\u00f3n, ha tenido importantes avances en materia educativa. Sin embargo, y a pesar de los acuerdos firmados en materia de posgrados, <div><a href=\"https:\/\/www.economicas.uba.ar\/extension\/vocesenelfenix\/perspectivas-de-la-integracion-regional-universitaria-en-america-latina-del-mercosur-a-la-unasur\/\" rel=\"bookmark\" class=\"bm-read-more entry-read-more\">M\u00e1s \u00bb<\/a><div>            <\/div>\n        <\/div>\n    <\/article>\n    <article id=\"post-15234\" class=\"item bm_layout post-15234 post type-post status-publish format-standard has-post-thumbnail hentry category-n-33 tag-educacion-superior tag-formacion-militar tag-sabina-frederic tag-universidad\">\n\t\t<div class=\"bm-blog-post-image entry-post-image\">\n\t\t\t<div class=\"bm-post-image clearfix bm-hover-effect bm-hover-effect-blur\">\n\t\t\t\t<img loading=\"lazy\" decoding=\"async\" width=\"640\" height=\"433\" src=\"https:\/\/www.economicas.uba.ar\/extension\/vocesenelfenix\/wp-content\/uploads\/3315Frederic.jpg\" class=\"attachment-large size-large wp-post-image\" alt=\"\" srcset=\"https:\/\/www.economicas.uba.ar\/extension\/vocesenelfenix\/wp-content\/uploads\/3315Frederic.jpg 1080w, https:\/\/www.economicas.uba.ar\/extension\/vocesenelfenix\/wp-content\/uploads\/3315Frederic-300x203.jpg 300w, https:\/\/www.economicas.uba.ar\/extension\/vocesenelfenix\/wp-content\/uploads\/3315Frederic-768x519.jpg 768w\" sizes=\"(max-width: 640px) 100vw, 640px\" \/>\t\t\t<\/div>\n\t\t<\/div>\n        <div class=\"bm-blog-post-content bm_content_box\">\n            <h4 class=\"entry-post-title bm_title\"><a href=\"https:\/\/www.economicas.uba.ar\/extension\/vocesenelfenix\/educacion-universitaria-y-formacion-militar-caminos-de-conciliacion\/\" rel=\"bookmark\">Educaci\u00f3n universitaria y formaci\u00f3n militar: caminos de conciliaci\u00f3n<\/a><\/h4>            <div class=\"bm-blog-post-meta entry-post-meta bm_meta\">\n                            <\/div>\n            <div class=\"entry-post-content bm_content\">\n                | Por Sabina Frederic | Desde hace casi dos d\u00e9cadas la educaci\u00f3n universitaria fue introducida en la formaci\u00f3n militar argentina. Sin embargo, este proceso se caracteriz\u00f3 por el rechazo rec\u00edproco <div><a href=\"https:\/\/www.economicas.uba.ar\/extension\/vocesenelfenix\/educacion-universitaria-y-formacion-militar-caminos-de-conciliacion\/\" rel=\"bookmark\" class=\"bm-read-more entry-read-more\">M\u00e1s \u00bb<\/a><div>            <\/div>\n        <\/div>\n    <\/article>\n    <article id=\"post-15240\" class=\"item bm_layout post-15240 post type-post status-publish format-standard has-post-thumbnail hentry category-n-33 tag-ariel-zysman tag-educacion-superior tag-escuelas tag-obligatoriedad-escolar tag-universidad\">\n\t\t<div class=\"bm-blog-post-image entry-post-image\">\n\t\t\t<div class=\"bm-post-image clearfix bm-hover-effect bm-hover-effect-blur\">\n\t\t\t\t<img loading=\"lazy\" decoding=\"async\" width=\"640\" height=\"433\" src=\"https:\/\/www.economicas.uba.ar\/extension\/vocesenelfenix\/wp-content\/uploads\/3316Zysman.jpg\" class=\"attachment-large size-large wp-post-image\" alt=\"\" srcset=\"https:\/\/www.economicas.uba.ar\/extension\/vocesenelfenix\/wp-content\/uploads\/3316Zysman.jpg 1080w, https:\/\/www.economicas.uba.ar\/extension\/vocesenelfenix\/wp-content\/uploads\/3316Zysman-300x203.jpg 300w, https:\/\/www.economicas.uba.ar\/extension\/vocesenelfenix\/wp-content\/uploads\/3316Zysman-768x519.jpg 768w\" sizes=\"(max-width: 640px) 100vw, 640px\" \/>\t\t\t<\/div>\n\t\t<\/div>\n        <div class=\"bm-blog-post-content bm_content_box\">\n            <h4 class=\"entry-post-title bm_title\"><a href=\"https:\/\/www.economicas.uba.ar\/extension\/vocesenelfenix\/de-la-escuela-a-la-universidad\/\" rel=\"bookmark\">De la escuela a la universidad<\/a><\/h4>            <div class=\"bm-blog-post-meta entry-post-meta bm_meta\">\n                            <\/div>\n            <div class=\"entry-post-content bm_content\">\n                | Por Ariel Zysman | La obligatoriedad de la educaci\u00f3n secundaria y la masificaci\u00f3n del acceso a la universidad han incrementado la tensi\u00f3n entre las instituciones de ambos niveles. Esto <div><a href=\"https:\/\/www.economicas.uba.ar\/extension\/vocesenelfenix\/de-la-escuela-a-la-universidad\/\" rel=\"bookmark\" class=\"bm-read-more entry-read-more\">M\u00e1s \u00bb<\/a><div>            <\/div>\n        <\/div>\n    <\/article>\n\t\t\t\t<\/div><\/div>\n\t\t\t\t\t\t\t\t<\/div>\n\t\t\t\t<\/div>\n\t\t\t\t\t<\/div>\n\t\t<\/div>\n\t\t\t\t\t<\/div>\n\t\t<\/section>\n\t\t\t\t<section class=\"elementor-section elementor-top-section elementor-element elementor-element-952a639 elementor-section-boxed elementor-section-height-default elementor-section-height-default\" data-id=\"952a639\" data-element_type=\"section\" data-e-type=\"section\" data-settings=\"{&quot;background_background&quot;:&quot;classic&quot;}\">\n\t\t\t\t\t\t<div class=\"elementor-container elementor-column-gap-default\">\n\t\t\t\t\t<div class=\"elementor-column elementor-col-20 elementor-top-column elementor-element elementor-element-3975fa4\" data-id=\"3975fa4\" data-element_type=\"column\" data-e-type=\"column\">\n\t\t\t<div class=\"elementor-widget-wrap elementor-element-populated\">\n\t\t\t\t\t\t<div class=\"elementor-element elementor-element-7354e5b elementor-widget elementor-widget-text-editor\" data-id=\"7354e5b\" data-element_type=\"widget\" data-e-type=\"widget\" data-widget_type=\"text-editor.default\">\n\t\t\t\t<div class=\"elementor-widget-container\">\n\t\t\t\t\t\t\t\t\t<iframe width=\"560\" height=\"315\" src=\"https:\/\/www.youtube.com\/embed\/ZaaaO78IpbY\" title=\"YouTube video player\" frameborder=\"0\" allow=\"accelerometer; autoplay; clipboard-write; encrypted-media; gyroscope; picture-in-picture\" allowfullscreen><\/iframe>\t\t\t\t\t\t\t\t<\/div>\n\t\t\t\t<\/div>\n\t\t\t\t\t<\/div>\n\t\t<\/div>\n\t\t\t\t<div class=\"elementor-column elementor-col-20 elementor-top-column elementor-element elementor-element-351324f\" data-id=\"351324f\" data-element_type=\"column\" data-e-type=\"column\">\n\t\t\t<div class=\"elementor-widget-wrap elementor-element-populated\">\n\t\t\t\t\t\t<div class=\"elementor-element elementor-element-c61b290 elementor-widget elementor-widget-text-editor\" data-id=\"c61b290\" data-element_type=\"widget\" data-e-type=\"widget\" data-widget_type=\"text-editor.default\">\n\t\t\t\t<div class=\"elementor-widget-container\">\n\t\t\t\t\t\t\t\t\t<iframe width=\"560\" height=\"315\" src=\"https:\/\/www.youtube.com\/embed\/8Qh9vfkPP-4\" title=\"YouTube video player\" frameborder=\"0\" allow=\"accelerometer; autoplay; clipboard-write; encrypted-media; gyroscope; picture-in-picture\" allowfullscreen><\/iframe>\t\t\t\t\t\t\t\t<\/div>\n\t\t\t\t<\/div>\n\t\t\t\t\t<\/div>\n\t\t<\/div>\n\t\t\t\t<div class=\"elementor-column elementor-col-20 elementor-top-column elementor-element elementor-element-984616d\" data-id=\"984616d\" data-element_type=\"column\" data-e-type=\"column\">\n\t\t\t<div class=\"elementor-widget-wrap elementor-element-populated\">\n\t\t\t\t\t\t<div class=\"elementor-element elementor-element-723c4c5 elementor-widget elementor-widget-text-editor\" data-id=\"723c4c5\" data-element_type=\"widget\" data-e-type=\"widget\" data-widget_type=\"text-editor.default\">\n\t\t\t\t<div class=\"elementor-widget-container\">\n\t\t\t\t\t\t\t\t\t<iframe width=\"560\" height=\"315\" src=\"https:\/\/www.youtube.com\/embed\/jJJxPin7UiQ\" title=\"YouTube video player\" frameborder=\"0\" allow=\"accelerometer; autoplay; clipboard-write; encrypted-media; gyroscope; picture-in-picture\" allowfullscreen><\/iframe>\t\t\t\t\t\t\t\t<\/div>\n\t\t\t\t<\/div>\n\t\t\t\t\t<\/div>\n\t\t<\/div>\n\t\t\t\t<div class=\"elementor-column elementor-col-20 elementor-top-column elementor-element elementor-element-0d03b3c\" data-id=\"0d03b3c\" data-element_type=\"column\" data-e-type=\"column\">\n\t\t\t<div class=\"elementor-widget-wrap elementor-element-populated\">\n\t\t\t\t\t\t<div class=\"elementor-element elementor-element-6710b43 elementor-widget elementor-widget-text-editor\" data-id=\"6710b43\" data-element_type=\"widget\" data-e-type=\"widget\" data-widget_type=\"text-editor.default\">\n\t\t\t\t<div class=\"elementor-widget-container\">\n\t\t\t\t\t\t\t\t\t<iframe width=\"560\" height=\"315\" src=\"https:\/\/www.youtube.com\/embed\/GWI2Xbu1XWY\" title=\"YouTube video player\" frameborder=\"0\" allow=\"accelerometer; autoplay; clipboard-write; encrypted-media; gyroscope; picture-in-picture\" allowfullscreen><\/iframe>\t\t\t\t\t\t\t\t<\/div>\n\t\t\t\t<\/div>\n\t\t\t\t\t<\/div>\n\t\t<\/div>\n\t\t\t\t<div class=\"elementor-column elementor-col-20 elementor-top-column elementor-element elementor-element-d0bf3e3\" data-id=\"d0bf3e3\" data-element_type=\"column\" data-e-type=\"column\">\n\t\t\t<div class=\"elementor-widget-wrap elementor-element-populated\">\n\t\t\t\t\t\t<div class=\"elementor-element elementor-element-e752c93 elementor-widget elementor-widget-text-editor\" data-id=\"e752c93\" data-element_type=\"widget\" data-e-type=\"widget\" data-widget_type=\"text-editor.default\">\n\t\t\t\t<div class=\"elementor-widget-container\">\n\t\t\t\t\t\t\t\t\t<iframe width=\"560\" height=\"315\" src=\"https:\/\/www.youtube.com\/embed\/W4S3xv06rkw\" title=\"YouTube video player\" frameborder=\"0\" allow=\"accelerometer; autoplay; clipboard-write; encrypted-media; gyroscope; picture-in-picture\" allowfullscreen><\/iframe>\t\t\t\t\t\t\t\t<\/div>\n\t\t\t\t<\/div>\n\t\t\t\t\t<\/div>\n\t\t<\/div>\n\t\t\t\t\t<\/div>\n\t\t<\/section>\n\t\t\t\t<\/div>\n\t\t","protected":false},"excerpt":{"rendered":"<p>N\u00daMERO 33 MENTES PELIGROSAS EDUCACI\u00d3N SUPERIOR EL SISTEMA DE EDUCACI\u00d3N SUPERIOR DEBE DAR RESPUESTAS A UNA SOCIEDAD COMPLEJA. A CONTINUACI\u00d3N UN DETALLADO AN\u00c1LISIS SOBRE SU PRESENTE Y FUTURO. Descarg\u00e1 el<\/p>\n","protected":false},"author":5,"featured_media":0,"parent":0,"menu_order":0,"comment_status":"closed","ping_status":"closed","template":"","meta":{"footnotes":""},"class_list":["post-15127","page","type-page","status-publish","hentry"],"_links":{"self":[{"href":"https:\/\/www.economicas.uba.ar\/extension\/vocesenelfenix\/wp-json\/wp\/v2\/pages\/15127","targetHints":{"allow":["GET"]}}],"collection":[{"href":"https:\/\/www.economicas.uba.ar\/extension\/vocesenelfenix\/wp-json\/wp\/v2\/pages"}],"about":[{"href":"https:\/\/www.economicas.uba.ar\/extension\/vocesenelfenix\/wp-json\/wp\/v2\/types\/page"}],"author":[{"embeddable":true,"href":"https:\/\/www.economicas.uba.ar\/extension\/vocesenelfenix\/wp-json\/wp\/v2\/users\/5"}],"replies":[{"embeddable":true,"href":"https:\/\/www.economicas.uba.ar\/extension\/vocesenelfenix\/wp-json\/wp\/v2\/comments?post=15127"}],"version-history":[{"count":7,"href":"https:\/\/www.economicas.uba.ar\/extension\/vocesenelfenix\/wp-json\/wp\/v2\/pages\/15127\/revisions"}],"predecessor-version":[{"id":15140,"href":"https:\/\/www.economicas.uba.ar\/extension\/vocesenelfenix\/wp-json\/wp\/v2\/pages\/15127\/revisions\/15140"}],"wp:attachment":[{"href":"https:\/\/www.economicas.uba.ar\/extension\/vocesenelfenix\/wp-json\/wp\/v2\/media?parent=15127"}],"curies":[{"name":"wp","href":"https:\/\/api.w.org\/{rel}","templated":true}]}}