{"id":15249,"date":"2014-03-01T00:01:00","date_gmt":"2014-03-01T03:01:00","guid":{"rendered":"https:\/\/www.economicas.uba.ar\/extension\/vocesenelfenix\/?page_id=15249"},"modified":"2022-08-17T13:31:54","modified_gmt":"2022-08-17T16:31:54","slug":"numero-32","status":"publish","type":"page","link":"https:\/\/www.economicas.uba.ar\/extension\/vocesenelfenix\/numero-32\/","title":{"rendered":"N\u00famero 32"},"content":{"rendered":"\t\t<div data-elementor-type=\"wp-page\" data-elementor-id=\"15249\" class=\"elementor elementor-15249\" data-elementor-post-type=\"page\">\n\t\t\t\t\t\t<section class=\"elementor-section elementor-top-section elementor-element elementor-element-996dcb7 elementor-section-boxed elementor-section-height-default elementor-section-height-default\" data-id=\"996dcb7\" data-element_type=\"section\" data-e-type=\"section\" data-settings=\"{&quot;background_background&quot;:&quot;classic&quot;}\">\n\t\t\t\t\t\t<div class=\"elementor-container elementor-column-gap-default\">\n\t\t\t\t\t<div class=\"elementor-column elementor-col-33 elementor-top-column elementor-element elementor-element-b4ad5b5\" data-id=\"b4ad5b5\" data-element_type=\"column\" data-e-type=\"column\">\n\t\t\t<div class=\"elementor-widget-wrap elementor-element-populated\">\n\t\t\t\t\t\t<div class=\"elementor-element elementor-element-da52b7e elementor-widget elementor-widget-image\" data-id=\"da52b7e\" data-element_type=\"widget\" data-e-type=\"widget\" data-widget_type=\"image.default\">\n\t\t\t\t<div class=\"elementor-widget-container\">\n\t\t\t\t\t\t\t\t\t\t\t\t\t\t\t\t<a href=\"https:\/\/drive.google.com\/file\/d\/1tteHshwI4yAMTjbv10VaUZ4NXiyKQ9R2\/view\" target=\"_blank\">\n\t\t\t\t\t\t\t<img fetchpriority=\"high\" decoding=\"async\" width=\"193\" height=\"268\" src=\"https:\/\/www.economicas.uba.ar\/extension\/vocesenelfenix\/wp-content\/uploads\/tapa32.jpg\" class=\"attachment-large size-large wp-image-1900\" alt=\"\" \/>\t\t\t\t\t\t\t\t<\/a>\n\t\t\t\t\t\t\t\t\t\t\t\t\t\t\t<\/div>\n\t\t\t\t<\/div>\n\t\t\t\t\t<\/div>\n\t\t<\/div>\n\t\t\t\t<div class=\"elementor-column elementor-col-66 elementor-top-column elementor-element elementor-element-b292e3b\" data-id=\"b292e3b\" data-element_type=\"column\" data-e-type=\"column\">\n\t\t\t<div class=\"elementor-widget-wrap elementor-element-populated\">\n\t\t\t\t\t\t<div class=\"elementor-element elementor-element-902633f elementor-widget elementor-widget-text-editor\" data-id=\"902633f\" data-element_type=\"widget\" data-e-type=\"widget\" data-widget_type=\"text-editor.default\">\n\t\t\t\t<div class=\"elementor-widget-container\">\n\t\t\t\t\t\t\t\t\t<h5>N\u00daMERO 32<\/h5><h3>MAGNOLIAS DE ACERO<\/h3><h6>G\u00c9NERO<\/h6><p><br \/>LA DISCRIMINACI\u00d3N Y LA INEQUIDAD DE G\u00c9NERO SIGUEN HOY MUY PRESENTES EN LA SOCIEDAD. EN LAS P\u00c1GINAS DE ESTE N\u00daMERO, UN EXTENSO RECORRIDO POR LAS PRINCIPALES LUCHAS, DIFICULTADES, LOGROS Y DEUDAS DE UN COLECTIVO QUE SIGUE PELEANDO POR LA IGUALDAD. \u00bfD\u00d3NDE NOS ENCONTRAMOS? \u00bfHACIA D\u00d3NDE VAMOS? HERRAMIENTAS PARA UN DEBATE URGENTE.<\/p>\t\t\t\t\t\t\t\t<\/div>\n\t\t\t\t<\/div>\n\t\t\t\t<div class=\"elementor-element elementor-element-bc85613 elementor-widget elementor-widget-button\" data-id=\"bc85613\" data-element_type=\"widget\" data-e-type=\"widget\" data-widget_type=\"button.default\">\n\t\t\t\t<div class=\"elementor-widget-container\">\n\t\t\t\t\t\t\t\t\t<div class=\"elementor-button-wrapper\">\n\t\t\t\t\t<a class=\"elementor-button elementor-button-link elementor-size-xs\" href=\"https:\/\/drive.google.com\/file\/d\/1tteHshwI4yAMTjbv10VaUZ4NXiyKQ9R2\/view\" target=\"_blank\">\n\t\t\t\t\t\t<span class=\"elementor-button-content-wrapper\">\n\t\t\t\t\t\t\t\t\t<span class=\"elementor-button-text\">Descarg\u00e1 el PDF<\/span>\n\t\t\t\t\t<\/span>\n\t\t\t\t\t<\/a>\n\t\t\t\t<\/div>\n\t\t\t\t\t\t\t\t<\/div>\n\t\t\t\t<\/div>\n\t\t\t\t\t<\/div>\n\t\t<\/div>\n\t\t\t\t\t<\/div>\n\t\t<\/section>\n\t\t\t\t<section class=\"elementor-section elementor-top-section elementor-element elementor-element-8fe57d8 elementor-section-boxed elementor-section-height-default elementor-section-height-default\" data-id=\"8fe57d8\" data-element_type=\"section\" data-e-type=\"section\">\n\t\t\t\t\t\t<div class=\"elementor-container elementor-column-gap-default\">\n\t\t\t\t\t<div class=\"elementor-column elementor-col-100 elementor-top-column elementor-element elementor-element-9bc769c\" data-id=\"9bc769c\" data-element_type=\"column\" data-e-type=\"column\">\n\t\t\t<div class=\"elementor-widget-wrap elementor-element-populated\">\n\t\t\t\t\t\t<div class=\"elementor-element elementor-element-351f7c4 elementor-grid-3 elementor-grid-tablet-2 elementor-grid-mobile-1 elementor-posts--align-left elementor-widget elementor-widget-blogmentor_blog_posts\" data-id=\"351f7c4\" data-element_type=\"widget\" data-e-type=\"widget\" data-settings=\"{&quot;bm_grid_columns&quot;:&quot;3&quot;,&quot;bm_grid_columns_tablet&quot;:&quot;2&quot;,&quot;bm_grid_columns_mobile&quot;:&quot;1&quot;,&quot;post_card_grid_gap&quot;:{&quot;unit&quot;:&quot;px&quot;,&quot;size&quot;:10,&quot;sizes&quot;:[]},&quot;post_card_row_gap&quot;:{&quot;unit&quot;:&quot;px&quot;,&quot;size&quot;:35,&quot;sizes&quot;:[]}}\" data-widget_type=\"blogmentor_blog_posts.default\">\n\t\t\t\t<div class=\"elementor-widget-container\">\n\t\t\t\t\t\t\t\n\t\t\t\t\t\t\t\t<div class=\"bm-blog-posts-wrapper\" >\n\t\t\t\t\t\t\t<div class=\"bm-blog-posts bm-display-grid elementor-grid elementor-grid-3\" >\n\t\t\t\t    <article id=\"post-15254\" class=\"item bm_layout post-15254 post type-post status-publish format-standard has-post-thumbnail hentry category-n-32 tag-abraham-leonardo-gak tag-diversidad tag-editorial tag-genero\">\n\t\t<div class=\"bm-blog-post-image entry-post-image\">\n\t\t\t<div class=\"bm-post-image clearfix bm-hover-effect bm-hover-effect-blur\">\n\t\t\t\t<img decoding=\"async\" width=\"640\" height=\"455\" src=\"https:\/\/www.economicas.uba.ar\/extension\/vocesenelfenix\/wp-content\/uploads\/3200Editorial.jpg\" class=\"attachment-large size-large wp-post-image\" alt=\"\" srcset=\"https:\/\/www.economicas.uba.ar\/extension\/vocesenelfenix\/wp-content\/uploads\/3200Editorial.jpg 1080w, https:\/\/www.economicas.uba.ar\/extension\/vocesenelfenix\/wp-content\/uploads\/3200Editorial-300x213.jpg 300w, https:\/\/www.economicas.uba.ar\/extension\/vocesenelfenix\/wp-content\/uploads\/3200Editorial-768x546.jpg 768w\" sizes=\"(max-width: 640px) 100vw, 640px\" \/>\t\t\t<\/div>\n\t\t<\/div>\n        <div class=\"bm-blog-post-content bm_content_box\">\n            <h4 class=\"entry-post-title bm_title\"><a href=\"https:\/\/www.economicas.uba.ar\/extension\/vocesenelfenix\/editorial-de-la-desigualdad-a-la-diversidad\/\" rel=\"bookmark\">Editorial: De la desigualdad a la diversidad<\/a><\/h4>            <div class=\"bm-blog-post-meta entry-post-meta bm_meta\">\n                            <\/div>\n            <div class=\"entry-post-content bm_content\">\n                |Por Abraham Leonardo Gak |            <\/div>\n        <\/div>\n    <\/article>\n    <article id=\"post-15266\" class=\"item bm_layout post-15266 post type-post status-publish format-standard has-post-thumbnail hentry category-n-32 tag-argentina tag-dora-barrancos tag-feminismo tag-genero\">\n\t\t<div class=\"bm-blog-post-image entry-post-image\">\n\t\t\t<div class=\"bm-post-image clearfix bm-hover-effect bm-hover-effect-blur\">\n\t\t\t\t<img decoding=\"async\" width=\"640\" height=\"431\" src=\"https:\/\/www.economicas.uba.ar\/extension\/vocesenelfenix\/wp-content\/uploads\/3201Barrancos.jpg\" class=\"attachment-large size-large wp-post-image\" alt=\"\" srcset=\"https:\/\/www.economicas.uba.ar\/extension\/vocesenelfenix\/wp-content\/uploads\/3201Barrancos.jpg 1080w, https:\/\/www.economicas.uba.ar\/extension\/vocesenelfenix\/wp-content\/uploads\/3201Barrancos-300x202.jpg 300w, https:\/\/www.economicas.uba.ar\/extension\/vocesenelfenix\/wp-content\/uploads\/3201Barrancos-768x518.jpg 768w\" sizes=\"(max-width: 640px) 100vw, 640px\" \/>\t\t\t<\/div>\n\t\t<\/div>\n        <div class=\"bm-blog-post-content bm_content_box\">\n            <h4 class=\"entry-post-title bm_title\"><a href=\"https:\/\/www.economicas.uba.ar\/extension\/vocesenelfenix\/los-caminos-del-feminismo-en-la-argentina-historia-y-derivas\/\" rel=\"bookmark\">Los caminos del feminismo en la Argentina: historia y derivas<\/a><\/h4>            <div class=\"bm-blog-post-meta entry-post-meta bm_meta\">\n                            <\/div>\n            <div class=\"entry-post-content bm_content\">\n                | Por Dora Barrancos | La autora propone un recorrido por el devenir del movimiento feminista de nuestro pa\u00eds. Desde sus or\u00edgenes a inicios del siglo XX hasta nuestros d\u00edas, <div><a href=\"https:\/\/www.economicas.uba.ar\/extension\/vocesenelfenix\/los-caminos-del-feminismo-en-la-argentina-historia-y-derivas\/\" rel=\"bookmark\" class=\"bm-read-more entry-read-more\">M\u00e1s \u00bb<\/a><div>            <\/div>\n        <\/div>\n    <\/article>\n    <article id=\"post-15272\" class=\"item bm_layout post-15272 post type-post status-publish format-standard has-post-thumbnail hentry category-n-32 tag-derecho-a-la-igualdad tag-diana-maffia tag-familias-diversas tag-genero tag-identidad tag-ley-de-identidad-de-genero tag-ley-de-matrimonio-igualitario\">\n\t\t<div class=\"bm-blog-post-image entry-post-image\">\n\t\t\t<div class=\"bm-post-image clearfix bm-hover-effect bm-hover-effect-blur\">\n\t\t\t\t<img loading=\"lazy\" decoding=\"async\" width=\"640\" height=\"430\" src=\"https:\/\/www.economicas.uba.ar\/extension\/vocesenelfenix\/wp-content\/uploads\/3202Maffia.jpg\" class=\"attachment-large size-large wp-post-image\" alt=\"\" srcset=\"https:\/\/www.economicas.uba.ar\/extension\/vocesenelfenix\/wp-content\/uploads\/3202Maffia.jpg 1080w, https:\/\/www.economicas.uba.ar\/extension\/vocesenelfenix\/wp-content\/uploads\/3202Maffia-300x202.jpg 300w, https:\/\/www.economicas.uba.ar\/extension\/vocesenelfenix\/wp-content\/uploads\/3202Maffia-768x516.jpg 768w\" sizes=\"(max-width: 640px) 100vw, 640px\" \/>\t\t\t<\/div>\n\t\t<\/div>\n        <div class=\"bm-blog-post-content bm_content_box\">\n            <h4 class=\"entry-post-title bm_title\"><a href=\"https:\/\/www.economicas.uba.ar\/extension\/vocesenelfenix\/generos-identidades-y-familias-diversas-desafios-al-derecho-a-la-igualdad\/\" rel=\"bookmark\">G\u00e9neros, identidades y familias diversas. Desaf\u00edos al derecho a la igualdad<\/a><\/h4>            <div class=\"bm-blog-post-meta entry-post-meta bm_meta\">\n                            <\/div>\n            <div class=\"entry-post-content bm_content\">\n                | Por Diana Maff\u00eda | Las leyes de matrimonio igualitario y de identidad de g\u00e9nero permitieron separar la familia de la heterosexualidad, y al cuerpo sexuado del g\u00e9nero reconocido. Adem\u00e1s, <div><a href=\"https:\/\/www.economicas.uba.ar\/extension\/vocesenelfenix\/generos-identidades-y-familias-diversas-desafios-al-derecho-a-la-igualdad\/\" rel=\"bookmark\" class=\"bm-read-more entry-read-more\">M\u00e1s \u00bb<\/a><div>            <\/div>\n        <\/div>\n    <\/article>\n    <article id=\"post-15278\" class=\"item bm_layout post-15278 post type-post status-publish format-standard has-post-thumbnail hentry category-n-32 tag-discriminacion tag-genero tag-monica-pinto tag-mujeres tag-universidad-de-buenos-aires\">\n\t\t<div class=\"bm-blog-post-image entry-post-image\">\n\t\t\t<div class=\"bm-post-image clearfix bm-hover-effect bm-hover-effect-blur\">\n\t\t\t\t<img loading=\"lazy\" decoding=\"async\" width=\"640\" height=\"432\" src=\"https:\/\/www.economicas.uba.ar\/extension\/vocesenelfenix\/wp-content\/uploads\/3203Pinto.jpg\" class=\"attachment-large size-large wp-post-image\" alt=\"\" srcset=\"https:\/\/www.economicas.uba.ar\/extension\/vocesenelfenix\/wp-content\/uploads\/3203Pinto.jpg 1080w, https:\/\/www.economicas.uba.ar\/extension\/vocesenelfenix\/wp-content\/uploads\/3203Pinto-300x203.jpg 300w, https:\/\/www.economicas.uba.ar\/extension\/vocesenelfenix\/wp-content\/uploads\/3203Pinto-768x518.jpg 768w\" sizes=\"(max-width: 640px) 100vw, 640px\" \/>\t\t\t<\/div>\n\t\t<\/div>\n        <div class=\"bm-blog-post-content bm_content_box\">\n            <h4 class=\"entry-post-title bm_title\"><a href=\"https:\/\/www.economicas.uba.ar\/extension\/vocesenelfenix\/las-mujeres-en-la-uba\/\" rel=\"bookmark\">Las mujeres en la UBA<\/a><\/h4>            <div class=\"bm-blog-post-meta entry-post-meta bm_meta\">\n                            <\/div>\n            <div class=\"entry-post-content bm_content\">\n                | Por M\u00f3nica Pinto | La discriminaci\u00f3n resultante del andamiaje cultural se mantiene hoy en d\u00eda en la universidad. Si bien es cierto que la cantidad de estudiantes y docentes <div><a href=\"https:\/\/www.economicas.uba.ar\/extension\/vocesenelfenix\/las-mujeres-en-la-uba\/\" rel=\"bookmark\" class=\"bm-read-more entry-read-more\">M\u00e1s \u00bb<\/a><div>            <\/div>\n        <\/div>\n    <\/article>\n    <article id=\"post-15284\" class=\"item bm_layout post-15284 post type-post status-publish format-standard has-post-thumbnail hentry category-n-32 tag-derecho-de-las-mujeres tag-eva-peron tag-flavio-rapisardi tag-genero tag-mujeres\">\n\t\t<div class=\"bm-blog-post-image entry-post-image\">\n\t\t\t<div class=\"bm-post-image clearfix bm-hover-effect bm-hover-effect-blur\">\n\t\t\t\t<img loading=\"lazy\" decoding=\"async\" width=\"640\" height=\"433\" src=\"https:\/\/www.economicas.uba.ar\/extension\/vocesenelfenix\/wp-content\/uploads\/3204Rapisardi.jpg\" class=\"attachment-large size-large wp-post-image\" alt=\"\" srcset=\"https:\/\/www.economicas.uba.ar\/extension\/vocesenelfenix\/wp-content\/uploads\/3204Rapisardi.jpg 1080w, https:\/\/www.economicas.uba.ar\/extension\/vocesenelfenix\/wp-content\/uploads\/3204Rapisardi-300x203.jpg 300w, https:\/\/www.economicas.uba.ar\/extension\/vocesenelfenix\/wp-content\/uploads\/3204Rapisardi-768x519.jpg 768w\" sizes=\"(max-width: 640px) 100vw, 640px\" \/>\t\t\t<\/div>\n\t\t<\/div>\n        <div class=\"bm-blog-post-content bm_content_box\">\n            <h4 class=\"entry-post-title bm_title\"><a href=\"https:\/\/www.economicas.uba.ar\/extension\/vocesenelfenix\/articulaciones-politica-e-historia-del-genero-de-lanteri-al-genero-de-evita\/\" rel=\"bookmark\">Articulaciones, pol\u00edtica e historia: del g\u00e9nero de Lanteri al g\u00e9nero de Evita<\/a><\/h4>            <div class=\"bm-blog-post-meta entry-post-meta bm_meta\">\n                            <\/div>\n            <div class=\"entry-post-content bm_content\">\n                | Por Flavio Rapisardi | Un recorrido por el devenir de la lucha de las mujeres durante la primera mitad del siglo XX para conquistar derechos que las igualaran a <div><a href=\"https:\/\/www.economicas.uba.ar\/extension\/vocesenelfenix\/articulaciones-politica-e-historia-del-genero-de-lanteri-al-genero-de-evita\/\" rel=\"bookmark\" class=\"bm-read-more entry-read-more\">M\u00e1s \u00bb<\/a><div>            <\/div>\n        <\/div>\n    <\/article>\n    <article id=\"post-15290\" class=\"item bm_layout post-15290 post type-post status-publish format-standard has-post-thumbnail hentry category-n-32 tag-alejandro-kaufman tag-diversidad tag-genero tag-igualdad\">\n\t\t<div class=\"bm-blog-post-image entry-post-image\">\n\t\t\t<div class=\"bm-post-image clearfix bm-hover-effect bm-hover-effect-blur\">\n\t\t\t\t<img loading=\"lazy\" decoding=\"async\" width=\"640\" height=\"447\" src=\"https:\/\/www.economicas.uba.ar\/extension\/vocesenelfenix\/wp-content\/uploads\/3205Kaufman.jpg\" class=\"attachment-large size-large wp-post-image\" alt=\"\" srcset=\"https:\/\/www.economicas.uba.ar\/extension\/vocesenelfenix\/wp-content\/uploads\/3205Kaufman.jpg 1080w, https:\/\/www.economicas.uba.ar\/extension\/vocesenelfenix\/wp-content\/uploads\/3205Kaufman-300x209.jpg 300w, https:\/\/www.economicas.uba.ar\/extension\/vocesenelfenix\/wp-content\/uploads\/3205Kaufman-768x536.jpg 768w\" sizes=\"(max-width: 640px) 100vw, 640px\" \/>\t\t\t<\/div>\n\t\t<\/div>\n        <div class=\"bm-blog-post-content bm_content_box\">\n            <h4 class=\"entry-post-title bm_title\"><a href=\"https:\/\/www.economicas.uba.ar\/extension\/vocesenelfenix\/animales-sueltos\/\" rel=\"bookmark\">Animales sueltos<\/a><\/h4>            <div class=\"bm-blog-post-meta entry-post-meta bm_meta\">\n                            <\/div>\n            <div class=\"entry-post-content bm_content\">\n                | Por Alejandro Kaufman | Alcanzar un escal\u00f3n legislativo igualitario es un punto de partida desde el cual s\u00f3lo comienza la experiencia colectiva que pone a prueba el cambio realizado. <div><a href=\"https:\/\/www.economicas.uba.ar\/extension\/vocesenelfenix\/animales-sueltos\/\" rel=\"bookmark\" class=\"bm-read-more entry-read-more\">M\u00e1s \u00bb<\/a><div>            <\/div>\n        <\/div>\n    <\/article>\n    <article id=\"post-15299\" class=\"item bm_layout post-15299 post type-post status-publish format-standard has-post-thumbnail hentry category-n-32 tag-aida-kemelmajer-de-carlucci tag-corte-interamericana-de-derechos-humanos tag-discriminacion tag-genero tag-igualdad tag-violencia-contra-las-mujeres\">\n\t\t<div class=\"bm-blog-post-image entry-post-image\">\n\t\t\t<div class=\"bm-post-image clearfix bm-hover-effect bm-hover-effect-blur\">\n\t\t\t\t<img loading=\"lazy\" decoding=\"async\" width=\"640\" height=\"433\" src=\"https:\/\/www.economicas.uba.ar\/extension\/vocesenelfenix\/wp-content\/uploads\/3206Kemelmajer.jpg\" class=\"attachment-large size-large wp-post-image\" alt=\"\" srcset=\"https:\/\/www.economicas.uba.ar\/extension\/vocesenelfenix\/wp-content\/uploads\/3206Kemelmajer.jpg 1080w, https:\/\/www.economicas.uba.ar\/extension\/vocesenelfenix\/wp-content\/uploads\/3206Kemelmajer-300x203.jpg 300w, https:\/\/www.economicas.uba.ar\/extension\/vocesenelfenix\/wp-content\/uploads\/3206Kemelmajer-768x519.jpg 768w\" sizes=\"(max-width: 640px) 100vw, 640px\" \/>\t\t\t<\/div>\n\t\t<\/div>\n        <div class=\"bm-blog-post-content bm_content_box\">\n            <h4 class=\"entry-post-title bm_title\"><a href=\"https:\/\/www.economicas.uba.ar\/extension\/vocesenelfenix\/la-violencia-contra-la-mujer-en-la-jurisprudencia-de-la-corte-interamericana-de-derechos-humanos\/\" rel=\"bookmark\">La violencia contra la mujer en la jurisprudencia de la Corte Interamericana de Derechos Humanos<\/a><\/h4>            <div class=\"bm-blog-post-meta entry-post-meta bm_meta\">\n                            <\/div>\n            <div class=\"entry-post-content bm_content\">\n                | Por A\u00edda Kemelmajer de Carlucci | Los tratados internacionales obligan a los Estados a combatir las pr\u00e1cticas de car\u00e1cter discriminatorio y establecer normas que reconozcan y aseguren la efectiva <div><a href=\"https:\/\/www.economicas.uba.ar\/extension\/vocesenelfenix\/la-violencia-contra-la-mujer-en-la-jurisprudencia-de-la-corte-interamericana-de-derechos-humanos\/\" rel=\"bookmark\" class=\"bm-read-more entry-read-more\">M\u00e1s \u00bb<\/a><div>            <\/div>\n        <\/div>\n    <\/article>\n    <article id=\"post-15306\" class=\"item bm_layout post-15306 post type-post status-publish format-standard has-post-thumbnail hentry category-n-32 tag-derecho-penal tag-discriminacion tag-genero tag-maria-garrigos-de-rebori tag-victimas-y-victimarias\">\n\t\t<div class=\"bm-blog-post-image entry-post-image\">\n\t\t\t<div class=\"bm-post-image clearfix bm-hover-effect bm-hover-effect-blur\">\n\t\t\t\t<img loading=\"lazy\" decoding=\"async\" width=\"640\" height=\"431\" src=\"https:\/\/www.economicas.uba.ar\/extension\/vocesenelfenix\/wp-content\/uploads\/3207Garrigos.jpg\" class=\"attachment-large size-large wp-post-image\" alt=\"\" srcset=\"https:\/\/www.economicas.uba.ar\/extension\/vocesenelfenix\/wp-content\/uploads\/3207Garrigos.jpg 1080w, https:\/\/www.economicas.uba.ar\/extension\/vocesenelfenix\/wp-content\/uploads\/3207Garrigos-300x202.jpg 300w, https:\/\/www.economicas.uba.ar\/extension\/vocesenelfenix\/wp-content\/uploads\/3207Garrigos-768x518.jpg 768w\" sizes=\"(max-width: 640px) 100vw, 640px\" \/>\t\t\t<\/div>\n\t\t<\/div>\n        <div class=\"bm-blog-post-content bm_content_box\">\n            <h4 class=\"entry-post-title bm_title\"><a href=\"https:\/\/www.economicas.uba.ar\/extension\/vocesenelfenix\/el-derecho-penal-victimas-y-victimarias\/\" rel=\"bookmark\">El Derecho penal: v\u00edctimas y victimarias<\/a><\/h4>            <div class=\"bm-blog-post-meta entry-post-meta bm_meta\">\n                            <\/div>\n            <div class=\"entry-post-content bm_content\">\n                | Por Mar\u00eda Garrig\u00f3s de R\u00e9bori | En las \u00faltimas d\u00e9cadas la situaci\u00f3n social y jur\u00eddica de las mujeres demuestra una notable evoluci\u00f3n. Sin embargo, en el derecho penal todav\u00eda <div><a href=\"https:\/\/www.economicas.uba.ar\/extension\/vocesenelfenix\/el-derecho-penal-victimas-y-victimarias\/\" rel=\"bookmark\" class=\"bm-read-more entry-read-more\">M\u00e1s \u00bb<\/a><div>            <\/div>\n        <\/div>\n    <\/article>\n    <article id=\"post-15312\" class=\"item bm_layout post-15312 post type-post status-publish format-standard has-post-thumbnail hentry category-n-32 tag-aborto tag-autonomia tag-derechos-reproductivos tag-genero tag-lily-rosa-flah tag-nelly-minyersky\">\n\t\t<div class=\"bm-blog-post-image entry-post-image\">\n\t\t\t<div class=\"bm-post-image clearfix bm-hover-effect bm-hover-effect-blur\">\n\t\t\t\t<img loading=\"lazy\" decoding=\"async\" width=\"640\" height=\"431\" src=\"https:\/\/www.economicas.uba.ar\/extension\/vocesenelfenix\/wp-content\/uploads\/3208Minyersky.jpg\" class=\"attachment-large size-large wp-post-image\" alt=\"\" srcset=\"https:\/\/www.economicas.uba.ar\/extension\/vocesenelfenix\/wp-content\/uploads\/3208Minyersky.jpg 1080w, https:\/\/www.economicas.uba.ar\/extension\/vocesenelfenix\/wp-content\/uploads\/3208Minyersky-300x202.jpg 300w, https:\/\/www.economicas.uba.ar\/extension\/vocesenelfenix\/wp-content\/uploads\/3208Minyersky-768x518.jpg 768w\" sizes=\"(max-width: 640px) 100vw, 640px\" \/>\t\t\t<\/div>\n\t\t<\/div>\n        <div class=\"bm-blog-post-content bm_content_box\">\n            <h4 class=\"entry-post-title bm_title\"><a href=\"https:\/\/www.economicas.uba.ar\/extension\/vocesenelfenix\/autonomia-y-derechos-reproductivos-de-la-mujer-proceso-gestacional-y-embrion\/\" rel=\"bookmark\">Autonom\u00eda y Derechos reproductivos de la mujer. Proceso gestacional y embri\u00f3n<\/a><\/h4>            <div class=\"bm-blog-post-meta entry-post-meta bm_meta\">\n                            <\/div>\n            <div class=\"entry-post-content bm_content\">\n                | Por Nelly Minyersky y Lily Rosa Flah | El aborto sigue siendo un tema que divide a la sociedad. En las p\u00e1ginas que siguen, las autoras realizan un exhaustivo <div><a href=\"https:\/\/www.economicas.uba.ar\/extension\/vocesenelfenix\/autonomia-y-derechos-reproductivos-de-la-mujer-proceso-gestacional-y-embrion\/\" rel=\"bookmark\" class=\"bm-read-more entry-read-more\">M\u00e1s \u00bb<\/a><div>            <\/div>\n        <\/div>\n    <\/article>\n    <article id=\"post-15318\" class=\"item bm_layout post-15318 post type-post status-publish format-standard has-post-thumbnail hentry category-n-32 tag-femicidio tag-feminicidio tag-genero tag-ley-de-proteccion-integral tag-sandra-fodor tag-violencia-contra-las-mujeres\">\n\t\t<div class=\"bm-blog-post-image entry-post-image\">\n\t\t\t<div class=\"bm-post-image clearfix bm-hover-effect bm-hover-effect-blur\">\n\t\t\t\t<img loading=\"lazy\" decoding=\"async\" width=\"640\" height=\"431\" src=\"https:\/\/www.economicas.uba.ar\/extension\/vocesenelfenix\/wp-content\/uploads\/3209Fodor.jpg\" class=\"attachment-large size-large wp-post-image\" alt=\"\" srcset=\"https:\/\/www.economicas.uba.ar\/extension\/vocesenelfenix\/wp-content\/uploads\/3209Fodor.jpg 1080w, https:\/\/www.economicas.uba.ar\/extension\/vocesenelfenix\/wp-content\/uploads\/3209Fodor-300x202.jpg 300w, https:\/\/www.economicas.uba.ar\/extension\/vocesenelfenix\/wp-content\/uploads\/3209Fodor-768x518.jpg 768w\" sizes=\"(max-width: 640px) 100vw, 640px\" \/>\t\t\t<\/div>\n\t\t<\/div>\n        <div class=\"bm-blog-post-content bm_content_box\">\n            <h4 class=\"entry-post-title bm_title\"><a href=\"https:\/\/www.economicas.uba.ar\/extension\/vocesenelfenix\/femicidio-o-feminicidio\/\" rel=\"bookmark\">\u00bfFemicidio o feminicidio?<\/a><\/h4>            <div class=\"bm-blog-post-meta entry-post-meta bm_meta\">\n                            <\/div>\n            <div class=\"entry-post-content bm_content\">\n                | Por Sandra Fodor | Parte importante de la poblaci\u00f3n mundial es rutinariamente sujeta a tortura, hambre, terrorismo, humillaci\u00f3n, mutilaci\u00f3n, incluso asesinato, simplemente por ser mujeres. Mientras en muchos pa\u00edses <div><a href=\"https:\/\/www.economicas.uba.ar\/extension\/vocesenelfenix\/femicidio-o-feminicidio\/\" rel=\"bookmark\" class=\"bm-read-more entry-read-more\">M\u00e1s \u00bb<\/a><div>            <\/div>\n        <\/div>\n    <\/article>\n    <article id=\"post-15325\" class=\"item bm_layout post-15325 post type-post status-publish format-standard has-post-thumbnail hentry category-n-32 tag-derechos-humanos tag-genero tag-marcela-iellimo tag-trata-de-personas tag-violencia-contra-las-mujeres\">\n\t\t<div class=\"bm-blog-post-image entry-post-image\">\n\t\t\t<div class=\"bm-post-image clearfix bm-hover-effect bm-hover-effect-blur\">\n\t\t\t\t<img loading=\"lazy\" decoding=\"async\" width=\"640\" height=\"431\" src=\"https:\/\/www.economicas.uba.ar\/extension\/vocesenelfenix\/wp-content\/uploads\/3210Iellimo.jpg\" class=\"attachment-large size-large wp-post-image\" alt=\"\" srcset=\"https:\/\/www.economicas.uba.ar\/extension\/vocesenelfenix\/wp-content\/uploads\/3210Iellimo.jpg 1080w, https:\/\/www.economicas.uba.ar\/extension\/vocesenelfenix\/wp-content\/uploads\/3210Iellimo-300x202.jpg 300w, https:\/\/www.economicas.uba.ar\/extension\/vocesenelfenix\/wp-content\/uploads\/3210Iellimo-768x517.jpg 768w\" sizes=\"(max-width: 640px) 100vw, 640px\" \/>\t\t\t<\/div>\n\t\t<\/div>\n        <div class=\"bm-blog-post-content bm_content_box\">\n            <h4 class=\"entry-post-title bm_title\"><a href=\"https:\/\/www.economicas.uba.ar\/extension\/vocesenelfenix\/la-trata-de-personas-un-analisis-desde-la-perspectiva-de-genero-y-los-derechos-humanos\/\" rel=\"bookmark\">La Trata de Personas: un an\u00e1lisis desde la perspectiva de g\u00e9nero y los derechos humanos<\/a><\/h4>            <div class=\"bm-blog-post-meta entry-post-meta bm_meta\">\n                            <\/div>\n            <div class=\"entry-post-content bm_content\">\n                | Por Marcela Iellimo | La trata constituye una de las formas m\u00e1s extremas de la violencia contra las mujeres. Para terminar con esta situaci\u00f3n es fundamental desnaturalizar las relaciones <div><a href=\"https:\/\/www.economicas.uba.ar\/extension\/vocesenelfenix\/la-trata-de-personas-un-analisis-desde-la-perspectiva-de-genero-y-los-derechos-humanos\/\" rel=\"bookmark\" class=\"bm-read-more entry-read-more\">M\u00e1s \u00bb<\/a><div>            <\/div>\n        <\/div>\n    <\/article>\n    <article id=\"post-15332\" class=\"item bm_layout post-15332 post type-post status-publish format-standard has-post-thumbnail hentry category-n-32 tag-genero tag-instituciones tag-nilda-garre tag-seguridad\">\n\t\t<div class=\"bm-blog-post-image entry-post-image\">\n\t\t\t<div class=\"bm-post-image clearfix bm-hover-effect bm-hover-effect-blur\">\n\t\t\t\t<img loading=\"lazy\" decoding=\"async\" width=\"640\" height=\"431\" src=\"https:\/\/www.economicas.uba.ar\/extension\/vocesenelfenix\/wp-content\/uploads\/3211Garre.jpg\" class=\"attachment-large size-large wp-post-image\" alt=\"\" srcset=\"https:\/\/www.economicas.uba.ar\/extension\/vocesenelfenix\/wp-content\/uploads\/3211Garre.jpg 1080w, https:\/\/www.economicas.uba.ar\/extension\/vocesenelfenix\/wp-content\/uploads\/3211Garre-300x202.jpg 300w, https:\/\/www.economicas.uba.ar\/extension\/vocesenelfenix\/wp-content\/uploads\/3211Garre-768x517.jpg 768w\" sizes=\"(max-width: 640px) 100vw, 640px\" \/>\t\t\t<\/div>\n\t\t<\/div>\n        <div class=\"bm-blog-post-content bm_content_box\">\n            <h4 class=\"entry-post-title bm_title\"><a href=\"https:\/\/www.economicas.uba.ar\/extension\/vocesenelfenix\/la-seguridad-ciudadana-en-clave-de-genero\/\" rel=\"bookmark\">La seguridad ciudadana en clave de g\u00e9nero<\/a><\/h4>            <div class=\"bm-blog-post-meta entry-post-meta bm_meta\">\n                            <\/div>\n            <div class=\"entry-post-content bm_content\">\n                | Por Nilda Garr\u00e9 | Las pol\u00edticas de seguridad deben ser pensadas y organizadas a la medida del var\u00f3n y de la mujer, en condiciones de equidad. Sin embargo, hoy <div><a href=\"https:\/\/www.economicas.uba.ar\/extension\/vocesenelfenix\/la-seguridad-ciudadana-en-clave-de-genero\/\" rel=\"bookmark\" class=\"bm-read-more entry-read-more\">M\u00e1s \u00bb<\/a><div>            <\/div>\n        <\/div>\n    <\/article>\n    <article id=\"post-15338\" class=\"item bm_layout post-15338 post type-post status-publish format-standard has-post-thumbnail hentry category-n-32 tag-defensa tag-fuerzas-armadas tag-genero tag-gobierno-civil tag-malena-derdoy tag-politicas-de-genero\">\n\t\t<div class=\"bm-blog-post-image entry-post-image\">\n\t\t\t<div class=\"bm-post-image clearfix bm-hover-effect bm-hover-effect-blur\">\n\t\t\t\t<img loading=\"lazy\" decoding=\"async\" width=\"640\" height=\"473\" src=\"https:\/\/www.economicas.uba.ar\/extension\/vocesenelfenix\/wp-content\/uploads\/3212Derdoy.jpg\" class=\"attachment-large size-large wp-post-image\" alt=\"\" srcset=\"https:\/\/www.economicas.uba.ar\/extension\/vocesenelfenix\/wp-content\/uploads\/3212Derdoy.jpg 1080w, https:\/\/www.economicas.uba.ar\/extension\/vocesenelfenix\/wp-content\/uploads\/3212Derdoy-300x222.jpg 300w, https:\/\/www.economicas.uba.ar\/extension\/vocesenelfenix\/wp-content\/uploads\/3212Derdoy-768x567.jpg 768w\" sizes=\"(max-width: 640px) 100vw, 640px\" \/>\t\t\t<\/div>\n\t\t<\/div>\n        <div class=\"bm-blog-post-content bm_content_box\">\n            <h4 class=\"entry-post-title bm_title\"><a href=\"https:\/\/www.economicas.uba.ar\/extension\/vocesenelfenix\/gobierno-civil-y-politicas-de-genero-en-el-ambito-de-la-defensa-un-analisis-sobre-las-reformas\/\" rel=\"bookmark\">Gobierno Civil y pol\u00edticas de g\u00e9nero en el \u00e1mbito de la Defensa. Un an\u00e1lisis sobre las reformas<\/a><\/h4>            <div class=\"bm-blog-post-meta entry-post-meta bm_meta\">\n                            <\/div>\n            <div class=\"entry-post-content bm_content\">\n                | Por Malena Derdoy | Las mujeres siempre formaron parte de las Fuerzas Armadas, pero su participaci\u00f3n estuvo fuertemente signada por los estereotipos de g\u00e9nero y jer\u00e1rquicamente desvalorizada. En los <div><a href=\"https:\/\/www.economicas.uba.ar\/extension\/vocesenelfenix\/gobierno-civil-y-politicas-de-genero-en-el-ambito-de-la-defensa-un-analisis-sobre-las-reformas\/\" rel=\"bookmark\" class=\"bm-read-more entry-read-more\">M\u00e1s \u00bb<\/a><div>            <\/div>\n        <\/div>\n    <\/article>\n    <article id=\"post-15344\" class=\"item bm_layout post-15344 post type-post status-publish format-standard has-post-thumbnail hentry category-n-32 tag-ciudad-de-buenos-aires tag-derechos-de-las-mujeres tag-desigualdad tag-estereotipos tag-genero tag-maria-elena-naddeo\">\n\t\t<div class=\"bm-blog-post-image entry-post-image\">\n\t\t\t<div class=\"bm-post-image clearfix bm-hover-effect bm-hover-effect-blur\">\n\t\t\t\t<img loading=\"lazy\" decoding=\"async\" width=\"640\" height=\"432\" src=\"https:\/\/www.economicas.uba.ar\/extension\/vocesenelfenix\/wp-content\/uploads\/3213Naddeo.jpg\" class=\"attachment-large size-large wp-post-image\" alt=\"\" srcset=\"https:\/\/www.economicas.uba.ar\/extension\/vocesenelfenix\/wp-content\/uploads\/3213Naddeo.jpg 1080w, https:\/\/www.economicas.uba.ar\/extension\/vocesenelfenix\/wp-content\/uploads\/3213Naddeo-300x203.jpg 300w, https:\/\/www.economicas.uba.ar\/extension\/vocesenelfenix\/wp-content\/uploads\/3213Naddeo-768x518.jpg 768w\" sizes=\"(max-width: 640px) 100vw, 640px\" \/>\t\t\t<\/div>\n\t\t<\/div>\n        <div class=\"bm-blog-post-content bm_content_box\">\n            <h4 class=\"entry-post-title bm_title\"><a href=\"https:\/\/www.economicas.uba.ar\/extension\/vocesenelfenix\/avances-y-retrocesos-de-los-derechos-de-las-mujeres-en-la-ciudad-de-buenos-aires-desde-una-legislacion-pionera-a-una-contradictoria-realidad\/\" rel=\"bookmark\">Avances y retrocesos de los derechos de las mujeres en la Ciudad de Buenos Aires. Desde una legislaci\u00f3n pionera a una contradictoria realidad<\/a><\/h4>            <div class=\"bm-blog-post-meta entry-post-meta bm_meta\">\n                            <\/div>\n            <div class=\"entry-post-content bm_content\">\n                | Por Mar\u00eda Elena Naddeo | En los \u00faltimos a\u00f1os la ciudad retrocedi\u00f3 en la elaboraci\u00f3n de pol\u00edticas con perspectiva de g\u00e9nero. La superaci\u00f3n de la brecha de desigualdad laboral <div><a href=\"https:\/\/www.economicas.uba.ar\/extension\/vocesenelfenix\/avances-y-retrocesos-de-los-derechos-de-las-mujeres-en-la-ciudad-de-buenos-aires-desde-una-legislacion-pionera-a-una-contradictoria-realidad\/\" rel=\"bookmark\" class=\"bm-read-more entry-read-more\">M\u00e1s \u00bb<\/a><div>            <\/div>\n        <\/div>\n    <\/article>\n    <article id=\"post-15350\" class=\"item bm_layout post-15350 post type-post status-publish format-standard has-post-thumbnail hentry category-n-32 tag-construccion-social tag-desigualdad tag-estereotipos tag-genero tag-marisa-graham\">\n\t\t<div class=\"bm-blog-post-image entry-post-image\">\n\t\t\t<div class=\"bm-post-image clearfix bm-hover-effect bm-hover-effect-blur\">\n\t\t\t\t<img loading=\"lazy\" decoding=\"async\" width=\"640\" height=\"433\" src=\"https:\/\/www.economicas.uba.ar\/extension\/vocesenelfenix\/wp-content\/uploads\/3214Graham.jpg\" class=\"attachment-large size-large wp-post-image\" alt=\"\" srcset=\"https:\/\/www.economicas.uba.ar\/extension\/vocesenelfenix\/wp-content\/uploads\/3214Graham.jpg 1080w, https:\/\/www.economicas.uba.ar\/extension\/vocesenelfenix\/wp-content\/uploads\/3214Graham-300x203.jpg 300w, https:\/\/www.economicas.uba.ar\/extension\/vocesenelfenix\/wp-content\/uploads\/3214Graham-768x519.jpg 768w\" sizes=\"(max-width: 640px) 100vw, 640px\" \/>\t\t\t<\/div>\n\t\t<\/div>\n        <div class=\"bm-blog-post-content bm_content_box\">\n            <h4 class=\"entry-post-title bm_title\"><a href=\"https:\/\/www.economicas.uba.ar\/extension\/vocesenelfenix\/la-nina-la-casa-el-genero\/\" rel=\"bookmark\">La ni\u00f1a, la casa, el g\u00e9nero<\/a><\/h4>            <div class=\"bm-blog-post-meta entry-post-meta bm_meta\">\n                            <\/div>\n            <div class=\"entry-post-content bm_content\">\n                | Por Marisa Graham | El g\u00e9nero es una construcci\u00f3n social. Los roles asignados a varones y mujeres comienzan a establecerse aun antes de su nacimiento, y se mantienen durante <div><a href=\"https:\/\/www.economicas.uba.ar\/extension\/vocesenelfenix\/la-nina-la-casa-el-genero\/\" rel=\"bookmark\" class=\"bm-read-more entry-read-more\">M\u00e1s \u00bb<\/a><div>            <\/div>\n        <\/div>\n    <\/article>\n    <article id=\"post-15365\" class=\"item bm_layout post-15365 post type-post status-publish format-standard has-post-thumbnail hentry category-n-32 tag-derechos-de-las-mujeres tag-genero tag-maria-elena-barbagelata tag-objetivos-de-desarrollo-del-milenio\">\n\t\t<div class=\"bm-blog-post-image entry-post-image\">\n\t\t\t<div class=\"bm-post-image clearfix bm-hover-effect bm-hover-effect-blur\">\n\t\t\t\t<img loading=\"lazy\" decoding=\"async\" width=\"640\" height=\"433\" src=\"https:\/\/www.economicas.uba.ar\/extension\/vocesenelfenix\/wp-content\/uploads\/3215Barbagelata.jpg\" class=\"attachment-large size-large wp-post-image\" alt=\"\" srcset=\"https:\/\/www.economicas.uba.ar\/extension\/vocesenelfenix\/wp-content\/uploads\/3215Barbagelata.jpg 1080w, https:\/\/www.economicas.uba.ar\/extension\/vocesenelfenix\/wp-content\/uploads\/3215Barbagelata-300x203.jpg 300w, https:\/\/www.economicas.uba.ar\/extension\/vocesenelfenix\/wp-content\/uploads\/3215Barbagelata-768x519.jpg 768w\" sizes=\"(max-width: 640px) 100vw, 640px\" \/>\t\t\t<\/div>\n\t\t<\/div>\n        <div class=\"bm-blog-post-content bm_content_box\">\n            <h4 class=\"entry-post-title bm_title\"><a href=\"https:\/\/www.economicas.uba.ar\/extension\/vocesenelfenix\/los-objetivos-de-desarrollo-del-milenio-muy-lejos-de-los-derechos-de-las-mujeres\/\" rel=\"bookmark\">Los Objetivos de Desarrollo del Milenio: muy lejos de los derechos de las mujeres<\/a><\/h4>            <div class=\"bm-blog-post-meta entry-post-meta bm_meta\">\n                            <\/div>\n            <div class=\"entry-post-content bm_content\">\n                | Por Mar\u00eda Elena Barbagelata | A un a\u00f1o de la fecha l\u00edmite para lograr los objetivos de desarrollo humano comprometidos, estamos a\u00fan muy lejos de alcanzar la meta propuesta. <div><a href=\"https:\/\/www.economicas.uba.ar\/extension\/vocesenelfenix\/los-objetivos-de-desarrollo-del-milenio-muy-lejos-de-los-derechos-de-las-mujeres\/\" rel=\"bookmark\" class=\"bm-read-more entry-read-more\">M\u00e1s \u00bb<\/a><div>            <\/div>\n        <\/div>\n    <\/article>\n    <article id=\"post-15371\" class=\"item bm_layout post-15371 post type-post status-publish format-standard has-post-thumbnail hentry category-n-32 tag-acceso-a-la-informacion tag-feminismos tag-genero tag-monique-thiteux-altschul tag-redes-de-comunicacion-feminista\">\n\t\t<div class=\"bm-blog-post-image entry-post-image\">\n\t\t\t<div class=\"bm-post-image clearfix bm-hover-effect bm-hover-effect-blur\">\n\t\t\t\t<img loading=\"lazy\" decoding=\"async\" width=\"640\" height=\"433\" src=\"https:\/\/www.economicas.uba.ar\/extension\/vocesenelfenix\/wp-content\/uploads\/3216Thiteux.jpg\" class=\"attachment-large size-large wp-post-image\" alt=\"\" srcset=\"https:\/\/www.economicas.uba.ar\/extension\/vocesenelfenix\/wp-content\/uploads\/3216Thiteux.jpg 1080w, https:\/\/www.economicas.uba.ar\/extension\/vocesenelfenix\/wp-content\/uploads\/3216Thiteux-300x203.jpg 300w, https:\/\/www.economicas.uba.ar\/extension\/vocesenelfenix\/wp-content\/uploads\/3216Thiteux-768x519.jpg 768w\" sizes=\"(max-width: 640px) 100vw, 640px\" \/>\t\t\t<\/div>\n\t\t<\/div>\n        <div class=\"bm-blog-post-content bm_content_box\">\n            <h4 class=\"entry-post-title bm_title\"><a href=\"https:\/\/www.economicas.uba.ar\/extension\/vocesenelfenix\/redes-de-comunicacion-feminista-el-genero-y-el-acceso-a-la-informacion\/\" rel=\"bookmark\">Redes de comunicaci\u00f3n feminista. El g\u00e9nero y el acceso a la informaci\u00f3n<\/a><\/h4>            <div class=\"bm-blog-post-meta entry-post-meta bm_meta\">\n                            <\/div>\n            <div class=\"entry-post-content bm_content\">\n                | Por Monique Thiteux Altschul | El acceso a la informaci\u00f3n p\u00fablica es fundamental para conocer las pol\u00edticas y programas que llevan adelante los tres poderes de la Naci\u00f3n. Con <div><a href=\"https:\/\/www.economicas.uba.ar\/extension\/vocesenelfenix\/redes-de-comunicacion-feminista-el-genero-y-el-acceso-a-la-informacion\/\" rel=\"bookmark\" class=\"bm-read-more entry-read-more\">M\u00e1s \u00bb<\/a><div>            <\/div>\n        <\/div>\n    <\/article>\n    <article id=\"post-15380\" class=\"item bm_layout post-15380 post type-post status-publish format-standard has-post-thumbnail hentry category-n-32 tag-aborto tag-campana-nacional-por-el-derecho-al-aborto-legal tag-democracia tag-elsa-l-schvartzman tag-genero tag-martha-i-rosenberg tag-seguro-y-gratuito\">\n\t\t<div class=\"bm-blog-post-image entry-post-image\">\n\t\t\t<div class=\"bm-post-image clearfix bm-hover-effect bm-hover-effect-blur\">\n\t\t\t\t<img loading=\"lazy\" decoding=\"async\" width=\"640\" height=\"433\" src=\"https:\/\/www.economicas.uba.ar\/extension\/vocesenelfenix\/wp-content\/uploads\/3217Rosenberg.jpg\" class=\"attachment-large size-large wp-post-image\" alt=\"\" srcset=\"https:\/\/www.economicas.uba.ar\/extension\/vocesenelfenix\/wp-content\/uploads\/3217Rosenberg.jpg 1080w, https:\/\/www.economicas.uba.ar\/extension\/vocesenelfenix\/wp-content\/uploads\/3217Rosenberg-300x203.jpg 300w, https:\/\/www.economicas.uba.ar\/extension\/vocesenelfenix\/wp-content\/uploads\/3217Rosenberg-768x519.jpg 768w\" sizes=\"(max-width: 640px) 100vw, 640px\" \/>\t\t\t<\/div>\n\t\t<\/div>\n        <div class=\"bm-blog-post-content bm_content_box\">\n            <h4 class=\"entry-post-title bm_title\"><a href=\"https:\/\/www.economicas.uba.ar\/extension\/vocesenelfenix\/la-campana-nacional-por-el-derecho-al-aborto-legal-seguro-y-gratuito-la-lucha-por-el-derecho-al-aborto-una-deuda-de-la-democracia\/\" rel=\"bookmark\">La Campa\u00f1a Nacional por el Derecho al Aborto Legal, Seguro y Gratuito. La lucha por el derecho al aborto: una deuda de la democracia<\/a><\/h4>            <div class=\"bm-blog-post-meta entry-post-meta bm_meta\">\n                            <\/div>\n            <div class=\"entry-post-content bm_content\">\n                | Por Martha I. Rosenberg y Elsa L. Schvartzman | Desde el a\u00f1o 2005 el trabajo realizado por este colectivo ha dado fuerza y visibilidad al reclamo, y convirti\u00e9ndolo, en <div><a href=\"https:\/\/www.economicas.uba.ar\/extension\/vocesenelfenix\/la-campana-nacional-por-el-derecho-al-aborto-legal-seguro-y-gratuito-la-lucha-por-el-derecho-al-aborto-una-deuda-de-la-democracia\/\" rel=\"bookmark\" class=\"bm-read-more entry-read-more\">M\u00e1s \u00bb<\/a><div>            <\/div>\n        <\/div>\n    <\/article>\n    <article id=\"post-15386\" class=\"item bm_layout post-15386 post type-post status-publish format-standard has-post-thumbnail hentry category-n-32 tag-encuentros-nacionales-de-mujeres tag-feminismos tag-genero tag-nina-brugo-marco\">\n\t\t<div class=\"bm-blog-post-image entry-post-image\">\n\t\t\t<div class=\"bm-post-image clearfix bm-hover-effect bm-hover-effect-blur\">\n\t\t\t\t<img loading=\"lazy\" decoding=\"async\" width=\"640\" height=\"433\" src=\"https:\/\/www.economicas.uba.ar\/extension\/vocesenelfenix\/wp-content\/uploads\/3218Brugo.jpg\" class=\"attachment-large size-large wp-post-image\" alt=\"\" srcset=\"https:\/\/www.economicas.uba.ar\/extension\/vocesenelfenix\/wp-content\/uploads\/3218Brugo.jpg 1080w, https:\/\/www.economicas.uba.ar\/extension\/vocesenelfenix\/wp-content\/uploads\/3218Brugo-300x203.jpg 300w, https:\/\/www.economicas.uba.ar\/extension\/vocesenelfenix\/wp-content\/uploads\/3218Brugo-768x519.jpg 768w\" sizes=\"(max-width: 640px) 100vw, 640px\" \/>\t\t\t<\/div>\n\t\t<\/div>\n        <div class=\"bm-blog-post-content bm_content_box\">\n            <h4 class=\"entry-post-title bm_title\"><a href=\"https:\/\/www.economicas.uba.ar\/extension\/vocesenelfenix\/historia-sobre-los-encuentros-nacionales-de-mujeres\/\" rel=\"bookmark\">Historia sobre los encuentros nacionales de mujeres<\/a><\/h4>            <div class=\"bm-blog-post-meta entry-post-meta bm_meta\">\n                            <\/div>\n            <div class=\"entry-post-content bm_content\">\n                | Por Nina Brugo Marc\u00f3 | Desde mediados de la d\u00e9cada del 1980 se realizan en nuestro pa\u00eds y de forma anual los Encuentros Nacionales de Mujeres. En ellos se <div><a href=\"https:\/\/www.economicas.uba.ar\/extension\/vocesenelfenix\/historia-sobre-los-encuentros-nacionales-de-mujeres\/\" rel=\"bookmark\" class=\"bm-read-more entry-read-more\">M\u00e1s \u00bb<\/a><div>            <\/div>\n        <\/div>\n    <\/article>\n    <article id=\"post-15392\" class=\"item bm_layout post-15392 post type-post status-publish format-standard has-post-thumbnail hentry category-n-32 tag-discriminacion tag-genero tag-inequidad tag-maria-florencia-natale tag-trabajo\">\n\t\t<div class=\"bm-blog-post-image entry-post-image\">\n\t\t\t<div class=\"bm-post-image clearfix bm-hover-effect bm-hover-effect-blur\">\n\t\t\t\t<img loading=\"lazy\" decoding=\"async\" width=\"640\" height=\"433\" src=\"https:\/\/www.economicas.uba.ar\/extension\/vocesenelfenix\/wp-content\/uploads\/3219Natale.jpg\" class=\"attachment-large size-large wp-post-image\" alt=\"\" srcset=\"https:\/\/www.economicas.uba.ar\/extension\/vocesenelfenix\/wp-content\/uploads\/3219Natale.jpg 1080w, https:\/\/www.economicas.uba.ar\/extension\/vocesenelfenix\/wp-content\/uploads\/3219Natale-300x203.jpg 300w, https:\/\/www.economicas.uba.ar\/extension\/vocesenelfenix\/wp-content\/uploads\/3219Natale-768x519.jpg 768w\" sizes=\"(max-width: 640px) 100vw, 640px\" \/>\t\t\t<\/div>\n\t\t<\/div>\n        <div class=\"bm-blog-post-content bm_content_box\">\n            <h4 class=\"entry-post-title bm_title\"><a href=\"https:\/\/www.economicas.uba.ar\/extension\/vocesenelfenix\/el-acuerdo-como-instrumento-fundamental-para-la-lucha-contra-la-inequidad\/\" rel=\"bookmark\">El acuerdo como instrumento fundamental para la lucha contra la inequidad<\/a><\/h4>            <div class=\"bm-blog-post-meta entry-post-meta bm_meta\">\n                            <\/div>\n            <div class=\"entry-post-content bm_content\">\n                | Por Mar\u00eda Florencia Natale | El \u00e1mbito laboral sigue siendo, hoy en d\u00eda, un espacio donde se manifiestan la discriminaci\u00f3n y la inequidad de g\u00e9nero. Para abordar integralmente esta <div><a href=\"https:\/\/www.economicas.uba.ar\/extension\/vocesenelfenix\/el-acuerdo-como-instrumento-fundamental-para-la-lucha-contra-la-inequidad\/\" rel=\"bookmark\" class=\"bm-read-more entry-read-more\">M\u00e1s \u00bb<\/a><div>            <\/div>\n        <\/div>\n    <\/article>\n\t\t\t\t<\/div><\/div>\n\t\t\t\t\t\t\t\t<\/div>\n\t\t\t\t<\/div>\n\t\t\t\t\t<\/div>\n\t\t<\/div>\n\t\t\t\t\t<\/div>\n\t\t<\/section>\n\t\t\t\t<section class=\"elementor-section elementor-top-section elementor-element elementor-element-918c8bb elementor-section-boxed elementor-section-height-default elementor-section-height-default\" data-id=\"918c8bb\" data-element_type=\"section\" data-e-type=\"section\" data-settings=\"{&quot;background_background&quot;:&quot;classic&quot;}\">\n\t\t\t\t\t\t<div class=\"elementor-container elementor-column-gap-default\">\n\t\t\t\t\t<div class=\"elementor-column elementor-col-100 elementor-top-column elementor-element elementor-element-bd40852\" data-id=\"bd40852\" data-element_type=\"column\" data-e-type=\"column\">\n\t\t\t<div class=\"elementor-widget-wrap elementor-element-populated\">\n\t\t\t\t\t\t<div class=\"elementor-element elementor-element-5fca50b elementor-widget elementor-widget-text-editor\" data-id=\"5fca50b\" data-element_type=\"widget\" data-e-type=\"widget\" data-widget_type=\"text-editor.default\">\n\t\t\t\t<div class=\"elementor-widget-container\">\n\t\t\t\t\t\t\t\t\t<iframe width=\"560\" height=\"315\" src=\"https:\/\/www.youtube.com\/embed\/videoseries?list=PLeYdj9X0_ljnFX9wNLvMSi8k4R0jHm3q0\" title=\"YouTube video player\" frameborder=\"0\" allow=\"accelerometer; autoplay; clipboard-write; encrypted-media; gyroscope; picture-in-picture\" allowfullscreen><\/iframe>\t\t\t\t\t\t\t\t<\/div>\n\t\t\t\t<\/div>\n\t\t\t\t\t<\/div>\n\t\t<\/div>\n\t\t\t\t\t<\/div>\n\t\t<\/section>\n\t\t\t\t<\/div>\n\t\t","protected":false},"excerpt":{"rendered":"<p>N\u00daMERO 32 MAGNOLIAS DE ACERO G\u00c9NERO LA DISCRIMINACI\u00d3N Y LA INEQUIDAD DE G\u00c9NERO SIGUEN HOY MUY PRESENTES EN LA SOCIEDAD. EN LAS P\u00c1GINAS DE ESTE N\u00daMERO, UN EXTENSO RECORRIDO POR<\/p>\n","protected":false},"author":5,"featured_media":0,"parent":0,"menu_order":0,"comment_status":"closed","ping_status":"closed","template":"","meta":{"footnotes":""},"class_list":["post-15249","page","type-page","status-publish","hentry"],"_links":{"self":[{"href":"https:\/\/www.economicas.uba.ar\/extension\/vocesenelfenix\/wp-json\/wp\/v2\/pages\/15249","targetHints":{"allow":["GET"]}}],"collection":[{"href":"https:\/\/www.economicas.uba.ar\/extension\/vocesenelfenix\/wp-json\/wp\/v2\/pages"}],"about":[{"href":"https:\/\/www.economicas.uba.ar\/extension\/vocesenelfenix\/wp-json\/wp\/v2\/types\/page"}],"author":[{"embeddable":true,"href":"https:\/\/www.economicas.uba.ar\/extension\/vocesenelfenix\/wp-json\/wp\/v2\/users\/5"}],"replies":[{"embeddable":true,"href":"https:\/\/www.economicas.uba.ar\/extension\/vocesenelfenix\/wp-json\/wp\/v2\/comments?post=15249"}],"version-history":[{"count":10,"href":"https:\/\/www.economicas.uba.ar\/extension\/vocesenelfenix\/wp-json\/wp\/v2\/pages\/15249\/revisions"}],"predecessor-version":[{"id":15265,"href":"https:\/\/www.economicas.uba.ar\/extension\/vocesenelfenix\/wp-json\/wp\/v2\/pages\/15249\/revisions\/15265"}],"wp:attachment":[{"href":"https:\/\/www.economicas.uba.ar\/extension\/vocesenelfenix\/wp-json\/wp\/v2\/media?parent=15249"}],"curies":[{"name":"wp","href":"https:\/\/api.w.org\/{rel}","templated":true}]}}