{"id":15401,"date":"2013-12-01T00:01:00","date_gmt":"2013-12-01T03:01:00","guid":{"rendered":"https:\/\/www.economicas.uba.ar\/extension\/vocesenelfenix\/?page_id=15401"},"modified":"2022-08-18T14:32:51","modified_gmt":"2022-08-18T17:32:51","slug":"numero-31","status":"publish","type":"page","link":"https:\/\/www.economicas.uba.ar\/extension\/vocesenelfenix\/numero-31\/","title":{"rendered":"N\u00famero 31"},"content":{"rendered":"\t\t<div data-elementor-type=\"wp-page\" data-elementor-id=\"15401\" class=\"elementor elementor-15401\" data-elementor-post-type=\"page\">\n\t\t\t\t\t\t<section class=\"elementor-section elementor-top-section elementor-element elementor-element-6042d2c elementor-section-boxed elementor-section-height-default elementor-section-height-default\" data-id=\"6042d2c\" data-element_type=\"section\" data-e-type=\"section\" data-settings=\"{&quot;background_background&quot;:&quot;classic&quot;}\">\n\t\t\t\t\t\t<div class=\"elementor-container elementor-column-gap-default\">\n\t\t\t\t\t<div class=\"elementor-column elementor-col-33 elementor-top-column elementor-element elementor-element-e94871a\" data-id=\"e94871a\" data-element_type=\"column\" data-e-type=\"column\">\n\t\t\t<div class=\"elementor-widget-wrap elementor-element-populated\">\n\t\t\t\t\t\t<div class=\"elementor-element elementor-element-2ae3ef4 elementor-widget elementor-widget-image\" data-id=\"2ae3ef4\" data-element_type=\"widget\" data-e-type=\"widget\" data-widget_type=\"image.default\">\n\t\t\t\t<div class=\"elementor-widget-container\">\n\t\t\t\t\t\t\t\t\t\t\t\t\t\t\t\t<a href=\"https:\/\/drive.google.com\/file\/d\/1y1q7ecShjc3Eil4foPWLygGVGaEW2xg-\/view\" target=\"_blank\">\n\t\t\t\t\t\t\t<img fetchpriority=\"high\" decoding=\"async\" width=\"193\" height=\"268\" src=\"https:\/\/www.economicas.uba.ar\/extension\/vocesenelfenix\/wp-content\/uploads\/tapa31.jpg\" class=\"attachment-large size-large wp-image-1899\" alt=\"\" \/>\t\t\t\t\t\t\t\t<\/a>\n\t\t\t\t\t\t\t\t\t\t\t\t\t\t\t<\/div>\n\t\t\t\t<\/div>\n\t\t\t\t\t<\/div>\n\t\t<\/div>\n\t\t\t\t<div class=\"elementor-column elementor-col-66 elementor-top-column elementor-element elementor-element-3d71f9f\" data-id=\"3d71f9f\" data-element_type=\"column\" data-e-type=\"column\">\n\t\t\t<div class=\"elementor-widget-wrap elementor-element-populated\">\n\t\t\t\t\t\t<div class=\"elementor-element elementor-element-9ae6b31 elementor-widget elementor-widget-text-editor\" data-id=\"9ae6b31\" data-element_type=\"widget\" data-e-type=\"widget\" data-widget_type=\"text-editor.default\">\n\t\t\t\t<div class=\"elementor-widget-container\">\n\t\t\t\t\t\t\t\t\t<h5>N\u00daMERO 31<\/h5><h3>SUE\u00d1OS DE LIBERTAD<\/h3><h6>30 A\u00d1OS DE DEMOCRACIA<\/h6><p><br \/>NUESTRA DEMOCRACIA CUMPLE 30 A\u00d1OS. LOS LOGROS ALCANZADOS EN ESTAS TRES D\u00c9CADAS SON INNEGABLES, SIN EMBARGO, QUEDA MUCHO POR HACER TODAV\u00cdA. EN LAS P\u00c1GINAS QUE SIGUEN, UN REPASO POR NUESTRA HISTORIA RECIENTE, CON SUS AVANCES Y RETROCESOS, PERO CON EL OBJETIVO DE CONSTRUIR UNA SOCIEDAD M\u00c1S JUSTA E INCLUSIVA.<\/p>\t\t\t\t\t\t\t\t<\/div>\n\t\t\t\t<\/div>\n\t\t\t\t<div class=\"elementor-element elementor-element-0c83a55 elementor-widget elementor-widget-button\" data-id=\"0c83a55\" data-element_type=\"widget\" data-e-type=\"widget\" data-widget_type=\"button.default\">\n\t\t\t\t<div class=\"elementor-widget-container\">\n\t\t\t\t\t\t\t\t\t<div class=\"elementor-button-wrapper\">\n\t\t\t\t\t<a class=\"elementor-button elementor-button-link elementor-size-xs\" href=\"https:\/\/drive.google.com\/file\/d\/1y1q7ecShjc3Eil4foPWLygGVGaEW2xg-\/view\" target=\"_blank\">\n\t\t\t\t\t\t<span class=\"elementor-button-content-wrapper\">\n\t\t\t\t\t\t\t\t\t<span class=\"elementor-button-text\">Descarg\u00e1 el PDF<\/span>\n\t\t\t\t\t<\/span>\n\t\t\t\t\t<\/a>\n\t\t\t\t<\/div>\n\t\t\t\t\t\t\t\t<\/div>\n\t\t\t\t<\/div>\n\t\t\t\t\t<\/div>\n\t\t<\/div>\n\t\t\t\t\t<\/div>\n\t\t<\/section>\n\t\t\t\t<section class=\"elementor-section elementor-top-section elementor-element elementor-element-ab42b8d elementor-section-boxed elementor-section-height-default elementor-section-height-default\" data-id=\"ab42b8d\" data-element_type=\"section\" data-e-type=\"section\">\n\t\t\t\t\t\t<div class=\"elementor-container elementor-column-gap-default\">\n\t\t\t\t\t<div class=\"elementor-column elementor-col-100 elementor-top-column elementor-element elementor-element-4c9d465\" data-id=\"4c9d465\" data-element_type=\"column\" data-e-type=\"column\">\n\t\t\t<div class=\"elementor-widget-wrap elementor-element-populated\">\n\t\t\t\t\t\t<div class=\"elementor-element elementor-element-de0b8a7 elementor-grid-3 elementor-grid-tablet-2 elementor-grid-mobile-1 elementor-posts--align-left elementor-widget elementor-widget-blogmentor_blog_posts\" data-id=\"de0b8a7\" data-element_type=\"widget\" data-e-type=\"widget\" data-settings=\"{&quot;bm_grid_columns&quot;:&quot;3&quot;,&quot;bm_grid_columns_tablet&quot;:&quot;2&quot;,&quot;bm_grid_columns_mobile&quot;:&quot;1&quot;,&quot;post_card_grid_gap&quot;:{&quot;unit&quot;:&quot;px&quot;,&quot;size&quot;:10,&quot;sizes&quot;:[]},&quot;post_card_row_gap&quot;:{&quot;unit&quot;:&quot;px&quot;,&quot;size&quot;:35,&quot;sizes&quot;:[]}}\" data-widget_type=\"blogmentor_blog_posts.default\">\n\t\t\t\t<div class=\"elementor-widget-container\">\n\t\t\t\t\t\t\t\n\t\t\t\t\t\t\t\t<div class=\"bm-blog-posts-wrapper\" >\n\t\t\t\t\t\t\t<div class=\"bm-blog-posts bm-display-grid elementor-grid elementor-grid-3\" >\n\t\t\t\t    <article id=\"post-15407\" class=\"item bm_layout post-15407 post type-post status-publish format-standard has-post-thumbnail hentry category-n-31 tag-30-anos-de-democracia tag-abraham-leonardo-gak tag-democracia tag-editorial\">\n\t\t<div class=\"bm-blog-post-image entry-post-image\">\n\t\t\t<div class=\"bm-post-image clearfix bm-hover-effect bm-hover-effect-blur\">\n\t\t\t\t<img decoding=\"async\" width=\"640\" height=\"267\" src=\"https:\/\/www.economicas.uba.ar\/extension\/vocesenelfenix\/wp-content\/uploads\/3100Editorial.jpg\" class=\"attachment-large size-large wp-post-image\" alt=\"\" srcset=\"https:\/\/www.economicas.uba.ar\/extension\/vocesenelfenix\/wp-content\/uploads\/3100Editorial.jpg 1080w, https:\/\/www.economicas.uba.ar\/extension\/vocesenelfenix\/wp-content\/uploads\/3100Editorial-300x125.jpg 300w, https:\/\/www.economicas.uba.ar\/extension\/vocesenelfenix\/wp-content\/uploads\/3100Editorial-768x320.jpg 768w\" sizes=\"(max-width: 640px) 100vw, 640px\" \/>\t\t\t<\/div>\n\t\t<\/div>\n        <div class=\"bm-blog-post-content bm_content_box\">\n            <h4 class=\"entry-post-title bm_title\"><a href=\"https:\/\/www.economicas.uba.ar\/extension\/vocesenelfenix\/editorial-30-anos\/\" rel=\"bookmark\">Editorial: 30 a\u00f1os<\/a><\/h4>            <div class=\"bm-blog-post-meta entry-post-meta bm_meta\">\n                            <\/div>\n            <div class=\"entry-post-content bm_content\">\n                | Por Abraham Leonardo Gak |            <\/div>\n        <\/div>\n    <\/article>\n    <article id=\"post-15416\" class=\"item bm_layout post-15416 post type-post status-publish format-standard has-post-thumbnail hentry category-n-31 tag-30-anos-de-democracia tag-democracia tag-eduardo-rinesi tag-estado tag-libertad tag-utopia\">\n\t\t<div class=\"bm-blog-post-image entry-post-image\">\n\t\t\t<div class=\"bm-post-image clearfix bm-hover-effect bm-hover-effect-blur\">\n\t\t\t\t<img decoding=\"async\" width=\"640\" height=\"431\" src=\"https:\/\/www.economicas.uba.ar\/extension\/vocesenelfenix\/wp-content\/uploads\/3101Rinesi.jpg\" class=\"attachment-large size-large wp-post-image\" alt=\"\" srcset=\"https:\/\/www.economicas.uba.ar\/extension\/vocesenelfenix\/wp-content\/uploads\/3101Rinesi.jpg 1080w, https:\/\/www.economicas.uba.ar\/extension\/vocesenelfenix\/wp-content\/uploads\/3101Rinesi-300x202.jpg 300w, https:\/\/www.economicas.uba.ar\/extension\/vocesenelfenix\/wp-content\/uploads\/3101Rinesi-768x518.jpg 768w\" sizes=\"(max-width: 640px) 100vw, 640px\" \/>\t\t\t<\/div>\n\t\t<\/div>\n        <div class=\"bm-blog-post-content bm_content_box\">\n            <h4 class=\"entry-post-title bm_title\"><a href=\"https:\/\/www.economicas.uba.ar\/extension\/vocesenelfenix\/tres-decadas-de-democracia-1983-2013\/\" rel=\"bookmark\">Tres d\u00e9cadas de democracia (1983-2013)<\/a><\/h4>            <div class=\"bm-blog-post-meta entry-post-meta bm_meta\">\n                            <\/div>\n            <div class=\"entry-post-content bm_content\">\n                | Por Eduardo Rinesi | Un recorrido sobre los distintos sentidos que asumi\u00f3 a lo largo de los \u00faltimos treinta a\u00f1os la palabra \u201cdemocracia\u201d. De la utop\u00eda y la recuperaci\u00f3n <div><a href=\"https:\/\/www.economicas.uba.ar\/extension\/vocesenelfenix\/tres-decadas-de-democracia-1983-2013\/\" rel=\"bookmark\" class=\"bm-read-more entry-read-more\">M\u00e1s \u00bb<\/a><div>            <\/div>\n        <\/div>\n    <\/article>\n    <article id=\"post-15422\" class=\"item bm_layout post-15422 post type-post status-publish format-standard has-post-thumbnail hentry category-n-31 tag-30-anos-de-democracia tag-democracia tag-intelectuales tag-martin-cortes tag-raul-alfonsin\">\n\t\t<div class=\"bm-blog-post-image entry-post-image\">\n\t\t\t<div class=\"bm-post-image clearfix bm-hover-effect bm-hover-effect-blur\">\n\t\t\t\t<img loading=\"lazy\" decoding=\"async\" width=\"640\" height=\"431\" src=\"https:\/\/www.economicas.uba.ar\/extension\/vocesenelfenix\/wp-content\/uploads\/3102Cortes.jpg\" class=\"attachment-large size-large wp-post-image\" alt=\"\" srcset=\"https:\/\/www.economicas.uba.ar\/extension\/vocesenelfenix\/wp-content\/uploads\/3102Cortes.jpg 1080w, https:\/\/www.economicas.uba.ar\/extension\/vocesenelfenix\/wp-content\/uploads\/3102Cortes-300x202.jpg 300w, https:\/\/www.economicas.uba.ar\/extension\/vocesenelfenix\/wp-content\/uploads\/3102Cortes-768x517.jpg 768w\" sizes=\"(max-width: 640px) 100vw, 640px\" \/>\t\t\t<\/div>\n\t\t<\/div>\n        <div class=\"bm-blog-post-content bm_content_box\">\n            <h4 class=\"entry-post-title bm_title\"><a href=\"https:\/\/www.economicas.uba.ar\/extension\/vocesenelfenix\/alfonsin-los-intelectuales-argentinos-y-la-democracia-como-promesa\/\" rel=\"bookmark\">Alfons\u00edn, los intelectuales argentinos y la democracia como promesa<\/a><\/h4>            <div class=\"bm-blog-post-meta entry-post-meta bm_meta\">\n                            <\/div>\n            <div class=\"entry-post-content bm_content\">\n                | Por Mart\u00edn Cort\u00e9s | La propuesta del presidente Alfons\u00edn, de poner el concepto de democracia como centro de una empresa de renovaci\u00f3n de la cultura pol\u00edtica argentina, tuvo evidente <div><a href=\"https:\/\/www.economicas.uba.ar\/extension\/vocesenelfenix\/alfonsin-los-intelectuales-argentinos-y-la-democracia-como-promesa\/\" rel=\"bookmark\" class=\"bm-read-more entry-read-more\">M\u00e1s \u00bb<\/a><div>            <\/div>\n        <\/div>\n    <\/article>\n    <article id=\"post-15428\" class=\"item bm_layout post-15428 post type-post status-publish format-standard has-post-thumbnail hentry category-n-31 tag-30-anos-de-democracia tag-democracia tag-equidad tag-igualdad tag-oscar-r-gonzalez\">\n\t\t<div class=\"bm-blog-post-image entry-post-image\">\n\t\t\t<div class=\"bm-post-image clearfix bm-hover-effect bm-hover-effect-blur\">\n\t\t\t\t<img loading=\"lazy\" decoding=\"async\" width=\"640\" height=\"431\" src=\"https:\/\/www.economicas.uba.ar\/extension\/vocesenelfenix\/wp-content\/uploads\/3103Gonzalez.jpg\" class=\"attachment-large size-large wp-post-image\" alt=\"\" srcset=\"https:\/\/www.economicas.uba.ar\/extension\/vocesenelfenix\/wp-content\/uploads\/3103Gonzalez.jpg 1080w, https:\/\/www.economicas.uba.ar\/extension\/vocesenelfenix\/wp-content\/uploads\/3103Gonzalez-300x202.jpg 300w, https:\/\/www.economicas.uba.ar\/extension\/vocesenelfenix\/wp-content\/uploads\/3103Gonzalez-768x517.jpg 768w\" sizes=\"(max-width: 640px) 100vw, 640px\" \/>\t\t\t<\/div>\n\t\t<\/div>\n        <div class=\"bm-blog-post-content bm_content_box\">\n            <h4 class=\"entry-post-title bm_title\"><a href=\"https:\/\/www.economicas.uba.ar\/extension\/vocesenelfenix\/1983-2013-la-democracia-espacio-de-disputa-entre-el-viejo-orden-y-los-nuevos-tiempos\/\" rel=\"bookmark\">1983-2013. La democracia, espacio de disputa entre el viejo orden y los nuevos tiempos<\/a><\/h4>            <div class=\"bm-blog-post-meta entry-post-meta bm_meta\">\n                            <\/div>\n            <div class=\"entry-post-content bm_content\">\n                | Por Oscar R. Gonz\u00e1lez | Treinta a\u00f1os despu\u00e9s, la democracia que pudimos conseguir sigue estando sometida al acoso de quienes se consideran apartados del goce de privilegios que creyeron <div><a href=\"https:\/\/www.economicas.uba.ar\/extension\/vocesenelfenix\/1983-2013-la-democracia-espacio-de-disputa-entre-el-viejo-orden-y-los-nuevos-tiempos\/\" rel=\"bookmark\" class=\"bm-read-more entry-read-more\">M\u00e1s \u00bb<\/a><div>            <\/div>\n        <\/div>\n    <\/article>\n    <article id=\"post-15434\" class=\"item bm_layout post-15434 post type-post status-publish format-standard has-post-thumbnail hentry category-n-31 tag-30-anos-de-democracia tag-democracia tag-desigualdad tag-hegemonia-neoliberal tag-mabel-thwaites-rey tag-neoliberalismo\">\n\t\t<div class=\"bm-blog-post-image entry-post-image\">\n\t\t\t<div class=\"bm-post-image clearfix bm-hover-effect bm-hover-effect-blur\">\n\t\t\t\t<img loading=\"lazy\" decoding=\"async\" width=\"640\" height=\"432\" src=\"https:\/\/www.economicas.uba.ar\/extension\/vocesenelfenix\/wp-content\/uploads\/3104Thwaites.jpg\" class=\"attachment-large size-large wp-post-image\" alt=\"\" srcset=\"https:\/\/www.economicas.uba.ar\/extension\/vocesenelfenix\/wp-content\/uploads\/3104Thwaites.jpg 1080w, https:\/\/www.economicas.uba.ar\/extension\/vocesenelfenix\/wp-content\/uploads\/3104Thwaites-300x203.jpg 300w, https:\/\/www.economicas.uba.ar\/extension\/vocesenelfenix\/wp-content\/uploads\/3104Thwaites-768x518.jpg 768w\" sizes=\"(max-width: 640px) 100vw, 640px\" \/>\t\t\t<\/div>\n\t\t<\/div>\n        <div class=\"bm-blog-post-content bm_content_box\">\n            <h4 class=\"entry-post-title bm_title\"><a href=\"https:\/\/www.economicas.uba.ar\/extension\/vocesenelfenix\/la-democracia-argentina-bajo-el-largo-ciclo-de-hegemonia-neoliberal-1983-2013\/\" rel=\"bookmark\">La democracia argentina bajo el largo ciclo de hegemon\u00eda neoliberal (1983-2013)<\/a><\/h4>            <div class=\"bm-blog-post-meta entry-post-meta bm_meta\">\n                            <\/div>\n            <div class=\"entry-post-content bm_content\">\n                | Por Mabel Thwaites Rey | Las relaciones de fuerza al interior de los Estados nacionales est\u00e1n fuertemente influenciadas por el contexto internacional. En este marco, la democracia debe tener <div><a href=\"https:\/\/www.economicas.uba.ar\/extension\/vocesenelfenix\/la-democracia-argentina-bajo-el-largo-ciclo-de-hegemonia-neoliberal-1983-2013\/\" rel=\"bookmark\" class=\"bm-read-more entry-read-more\">M\u00e1s \u00bb<\/a><div>            <\/div>\n        <\/div>\n    <\/article>\n    <article id=\"post-15440\" class=\"item bm_layout post-15440 post type-post status-publish format-standard has-post-thumbnail hentry category-n-31 tag-30-anos-de-democracia tag-democracia tag-derechos tag-eduardo-jozami\">\n\t\t<div class=\"bm-blog-post-image entry-post-image\">\n\t\t\t<div class=\"bm-post-image clearfix bm-hover-effect bm-hover-effect-blur\">\n\t\t\t\t<img loading=\"lazy\" decoding=\"async\" width=\"640\" height=\"431\" src=\"https:\/\/www.economicas.uba.ar\/extension\/vocesenelfenix\/wp-content\/uploads\/3105Jozami.jpg\" class=\"attachment-large size-large wp-post-image\" alt=\"\" srcset=\"https:\/\/www.economicas.uba.ar\/extension\/vocesenelfenix\/wp-content\/uploads\/3105Jozami.jpg 1080w, https:\/\/www.economicas.uba.ar\/extension\/vocesenelfenix\/wp-content\/uploads\/3105Jozami-300x202.jpg 300w, https:\/\/www.economicas.uba.ar\/extension\/vocesenelfenix\/wp-content\/uploads\/3105Jozami-768x518.jpg 768w\" sizes=\"(max-width: 640px) 100vw, 640px\" \/>\t\t\t<\/div>\n\t\t<\/div>\n        <div class=\"bm-blog-post-content bm_content_box\">\n            <h4 class=\"entry-post-title bm_title\"><a href=\"https:\/\/www.economicas.uba.ar\/extension\/vocesenelfenix\/democracia-y-ampliacion-de-derechos-individuales-y-colectivos\/\" rel=\"bookmark\">Democracia y ampliaci\u00f3n de derechos individuales y colectivos<\/a><\/h4>            <div class=\"bm-blog-post-meta entry-post-meta bm_meta\">\n                            <\/div>\n            <div class=\"entry-post-content bm_content\">\n                | Por Eduardo Jozami | En los \u00faltimos 10 a\u00f1os se recuperaron muchos derechos individuales y colectivos, lo que indica una mejora sustancial respecto de 1983. Sin embargo, todav\u00eda se <div><a href=\"https:\/\/www.economicas.uba.ar\/extension\/vocesenelfenix\/democracia-y-ampliacion-de-derechos-individuales-y-colectivos\/\" rel=\"bookmark\" class=\"bm-read-more entry-read-more\">M\u00e1s \u00bb<\/a><div>            <\/div>\n        <\/div>\n    <\/article>\n    <article id=\"post-15446\" class=\"item bm_layout post-15446 post type-post status-publish format-standard has-post-thumbnail hentry category-n-31 tag-30-anos-de-democracia tag-alianza tag-democracia tag-fpv tag-frepaso tag-partidos-politicos tag-peronismo tag-radicalismo tag-sergio-morresi\">\n\t\t<div class=\"bm-blog-post-image entry-post-image\">\n\t\t\t<div class=\"bm-post-image clearfix bm-hover-effect bm-hover-effect-blur\">\n\t\t\t\t<img loading=\"lazy\" decoding=\"async\" width=\"640\" height=\"433\" src=\"https:\/\/www.economicas.uba.ar\/extension\/vocesenelfenix\/wp-content\/uploads\/3106Morresi.jpg\" class=\"attachment-large size-large wp-post-image\" alt=\"\" srcset=\"https:\/\/www.economicas.uba.ar\/extension\/vocesenelfenix\/wp-content\/uploads\/3106Morresi.jpg 1080w, https:\/\/www.economicas.uba.ar\/extension\/vocesenelfenix\/wp-content\/uploads\/3106Morresi-300x203.jpg 300w, https:\/\/www.economicas.uba.ar\/extension\/vocesenelfenix\/wp-content\/uploads\/3106Morresi-768x519.jpg 768w\" sizes=\"(max-width: 640px) 100vw, 640px\" \/>\t\t\t<\/div>\n\t\t<\/div>\n        <div class=\"bm-blog-post-content bm_content_box\">\n            <h4 class=\"entry-post-title bm_title\"><a href=\"https:\/\/www.economicas.uba.ar\/extension\/vocesenelfenix\/fragmentos-y-constelaciones-la-crisis-de-los-partidos-y-la-permanencia-de-los-clivajes\/\" rel=\"bookmark\">Fragmentos y constelaciones: la crisis de los partidos y la permanencia de los clivajes<\/a><\/h4>            <div class=\"bm-blog-post-meta entry-post-meta bm_meta\">\n                            <\/div>\n            <div class=\"entry-post-content bm_content\">\n                | Por Sergio Morresi | Desde el fin de la dictadura nuestro pa\u00eds se ha caracterizado por un sistema de partidos fragmentado, alimentado por sucesivos desprendimientos del radicalismo y el <div><a href=\"https:\/\/www.economicas.uba.ar\/extension\/vocesenelfenix\/fragmentos-y-constelaciones-la-crisis-de-los-partidos-y-la-permanencia-de-los-clivajes\/\" rel=\"bookmark\" class=\"bm-read-more entry-read-more\">M\u00e1s \u00bb<\/a><div>            <\/div>\n        <\/div>\n    <\/article>\n    <article id=\"post-15454\" class=\"item bm_layout post-15454 post type-post status-publish format-standard has-post-thumbnail hentry category-n-31 tag-30-anos-de-democracia tag-democracia tag-jacqueline-behrend tag-provincias\">\n\t\t<div class=\"bm-blog-post-image entry-post-image\">\n\t\t\t<div class=\"bm-post-image clearfix bm-hover-effect bm-hover-effect-blur\">\n\t\t\t\t<img loading=\"lazy\" decoding=\"async\" width=\"640\" height=\"313\" src=\"https:\/\/www.economicas.uba.ar\/extension\/vocesenelfenix\/wp-content\/uploads\/3107Behrend.jpg\" class=\"attachment-large size-large wp-post-image\" alt=\"\" srcset=\"https:\/\/www.economicas.uba.ar\/extension\/vocesenelfenix\/wp-content\/uploads\/3107Behrend.jpg 1080w, https:\/\/www.economicas.uba.ar\/extension\/vocesenelfenix\/wp-content\/uploads\/3107Behrend-300x147.jpg 300w, https:\/\/www.economicas.uba.ar\/extension\/vocesenelfenix\/wp-content\/uploads\/3107Behrend-768x375.jpg 768w\" sizes=\"(max-width: 640px) 100vw, 640px\" \/>\t\t\t<\/div>\n\t\t<\/div>\n        <div class=\"bm-blog-post-content bm_content_box\">\n            <h4 class=\"entry-post-title bm_title\"><a href=\"https:\/\/www.economicas.uba.ar\/extension\/vocesenelfenix\/la-democracia-en-las-provincias-un-balance-de-tres-decadas\/\" rel=\"bookmark\">La democracia en las provincias: un balance de tres d\u00e9cadas<\/a><\/h4>            <div class=\"bm-blog-post-meta entry-post-meta bm_meta\">\n                            <\/div>\n            <div class=\"entry-post-content bm_content\">\n                | Por Jacqueline Behrend | La transici\u00f3n a la democracia a nivel nacional no signific\u00f3 necesariamente una democratizaci\u00f3n del poder pol\u00edtico a nivel provincial. A lo largo del pa\u00eds, los <div><a href=\"https:\/\/www.economicas.uba.ar\/extension\/vocesenelfenix\/la-democracia-en-las-provincias-un-balance-de-tres-decadas\/\" rel=\"bookmark\" class=\"bm-read-more entry-read-more\">M\u00e1s \u00bb<\/a><div>            <\/div>\n        <\/div>\n    <\/article>\n    <article id=\"post-15460\" class=\"item bm_layout post-15460 post type-post status-publish format-standard has-post-thumbnail hentry category-n-31 tag-30-anos-de-democracia tag-democracia tag-distribucion tag-federalismo tag-matias-f-bianchi tag-pluralidad\">\n\t\t<div class=\"bm-blog-post-image entry-post-image\">\n\t\t\t<div class=\"bm-post-image clearfix bm-hover-effect bm-hover-effect-blur\">\n\t\t\t\t<img loading=\"lazy\" decoding=\"async\" width=\"640\" height=\"431\" src=\"https:\/\/www.economicas.uba.ar\/extension\/vocesenelfenix\/wp-content\/uploads\/3108Bianchi.jpg\" class=\"attachment-large size-large wp-post-image\" alt=\"\" srcset=\"https:\/\/www.economicas.uba.ar\/extension\/vocesenelfenix\/wp-content\/uploads\/3108Bianchi.jpg 1080w, https:\/\/www.economicas.uba.ar\/extension\/vocesenelfenix\/wp-content\/uploads\/3108Bianchi-300x202.jpg 300w, https:\/\/www.economicas.uba.ar\/extension\/vocesenelfenix\/wp-content\/uploads\/3108Bianchi-768x517.jpg 768w\" sizes=\"(max-width: 640px) 100vw, 640px\" \/>\t\t\t<\/div>\n\t\t<\/div>\n        <div class=\"bm-blog-post-content bm_content_box\">\n            <h4 class=\"entry-post-title bm_title\"><a href=\"https:\/\/www.economicas.uba.ar\/extension\/vocesenelfenix\/un-pais-mal-unido\/\" rel=\"bookmark\">Un pa\u00eds mal unido<\/a><\/h4>            <div class=\"bm-blog-post-meta entry-post-meta bm_meta\">\n                            <\/div>\n            <div class=\"entry-post-content bm_content\">\n                | Por Mat\u00edas F. Bianchi | Hoy, a 30 a\u00f1os de la recuperaci\u00f3n democr\u00e1tica, nuestro federalismo est\u00e1 vivo y es muy fuerte. Sin embargo, siguen sin alcanzarse los objetivos de <div><a href=\"https:\/\/www.economicas.uba.ar\/extension\/vocesenelfenix\/un-pais-mal-unido\/\" rel=\"bookmark\" class=\"bm-read-more entry-read-more\">M\u00e1s \u00bb<\/a><div>            <\/div>\n        <\/div>\n    <\/article>\n    <article id=\"post-15466\" class=\"item bm_layout post-15466 post type-post status-publish format-standard has-post-thumbnail hentry category-n-31 tag-30-anos-de-democracia tag-democracia tag-desarrollo tag-desigualdad tag-inclusion tag-integracion-regional tag-jose-miguel-amiune tag-participacion\">\n\t\t<div class=\"bm-blog-post-image entry-post-image\">\n\t\t\t<div class=\"bm-post-image clearfix bm-hover-effect bm-hover-effect-blur\">\n\t\t\t\t<img loading=\"lazy\" decoding=\"async\" width=\"640\" height=\"433\" src=\"https:\/\/www.economicas.uba.ar\/extension\/vocesenelfenix\/wp-content\/uploads\/3109Amiune.jpg\" class=\"attachment-large size-large wp-post-image\" alt=\"\" srcset=\"https:\/\/www.economicas.uba.ar\/extension\/vocesenelfenix\/wp-content\/uploads\/3109Amiune.jpg 1080w, https:\/\/www.economicas.uba.ar\/extension\/vocesenelfenix\/wp-content\/uploads\/3109Amiune-300x203.jpg 300w, https:\/\/www.economicas.uba.ar\/extension\/vocesenelfenix\/wp-content\/uploads\/3109Amiune-768x519.jpg 768w\" sizes=\"(max-width: 640px) 100vw, 640px\" \/>\t\t\t<\/div>\n\t\t<\/div>\n        <div class=\"bm-blog-post-content bm_content_box\">\n            <h4 class=\"entry-post-title bm_title\"><a href=\"https:\/\/www.economicas.uba.ar\/extension\/vocesenelfenix\/democracia-desarrollo-e-integracion-regional-sudamericana\/\" rel=\"bookmark\">Democracia, desarrollo e integraci\u00f3n regional sudamericana<\/a><\/h4>            <div class=\"bm-blog-post-meta entry-post-meta bm_meta\">\n                            <\/div>\n            <div class=\"entry-post-content bm_content\">\n                | Por Jos\u00e9 Miguel Amiune | En los \u00faltimos 30 a\u00f1os la regi\u00f3n se debati\u00f3 en la polaridad entre lo global y lo nacional. La Unasur viene a romper con <div><a href=\"https:\/\/www.economicas.uba.ar\/extension\/vocesenelfenix\/democracia-desarrollo-e-integracion-regional-sudamericana\/\" rel=\"bookmark\" class=\"bm-read-more entry-read-more\">M\u00e1s \u00bb<\/a><div>            <\/div>\n        <\/div>\n    <\/article>\n    <article id=\"post-15473\" class=\"item bm_layout post-15473 post type-post status-publish format-standard has-post-thumbnail hentry category-n-31 tag-30-anos-de-democracia tag-carlos-raimundi tag-democracia tag-elites tag-politica-exterior\">\n\t\t<div class=\"bm-blog-post-image entry-post-image\">\n\t\t\t<div class=\"bm-post-image clearfix bm-hover-effect bm-hover-effect-blur\">\n\t\t\t\t<img loading=\"lazy\" decoding=\"async\" width=\"640\" height=\"430\" src=\"https:\/\/www.economicas.uba.ar\/extension\/vocesenelfenix\/wp-content\/uploads\/3110Raimundi.jpg\" class=\"attachment-large size-large wp-post-image\" alt=\"\" srcset=\"https:\/\/www.economicas.uba.ar\/extension\/vocesenelfenix\/wp-content\/uploads\/3110Raimundi.jpg 1080w, https:\/\/www.economicas.uba.ar\/extension\/vocesenelfenix\/wp-content\/uploads\/3110Raimundi-300x202.jpg 300w, https:\/\/www.economicas.uba.ar\/extension\/vocesenelfenix\/wp-content\/uploads\/3110Raimundi-768x516.jpg 768w\" sizes=\"(max-width: 640px) 100vw, 640px\" \/>\t\t\t<\/div>\n\t\t<\/div>\n        <div class=\"bm-blog-post-content bm_content_box\">\n            <h4 class=\"entry-post-title bm_title\"><a href=\"https:\/\/www.economicas.uba.ar\/extension\/vocesenelfenix\/treinta-anos-de-politica-exterior-argentina\/\" rel=\"bookmark\">Treinta a\u00f1os de pol\u00edtica exterior argentina<\/a><\/h4>            <div class=\"bm-blog-post-meta entry-post-meta bm_meta\">\n                            <\/div>\n            <div class=\"entry-post-content bm_content\">\n                | Por Carlos Raimundi | La lectura de la pol\u00edtica exterior argentina de estos \u00faltimos treinta a\u00f1os requiere incorporar tres elementos centrales: el papel del Estado, la direccionalidad de las <div><a href=\"https:\/\/www.economicas.uba.ar\/extension\/vocesenelfenix\/treinta-anos-de-politica-exterior-argentina\/\" rel=\"bookmark\" class=\"bm-read-more entry-read-more\">M\u00e1s \u00bb<\/a><div>            <\/div>\n        <\/div>\n    <\/article>\n    <article id=\"post-15479\" class=\"item bm_layout post-15479 post type-post status-publish format-standard has-post-thumbnail hentry category-n-31 tag-30-anos-de-democracia tag-arte tag-cultura tag-democracia tag-mempo-giardinelli tag-politicas-culturales\">\n\t\t<div class=\"bm-blog-post-image entry-post-image\">\n\t\t\t<div class=\"bm-post-image clearfix bm-hover-effect bm-hover-effect-blur\">\n\t\t\t\t<img loading=\"lazy\" decoding=\"async\" width=\"640\" height=\"432\" src=\"https:\/\/www.economicas.uba.ar\/extension\/vocesenelfenix\/wp-content\/uploads\/3111Giardinelli.jpg\" class=\"attachment-large size-large wp-post-image\" alt=\"\" srcset=\"https:\/\/www.economicas.uba.ar\/extension\/vocesenelfenix\/wp-content\/uploads\/3111Giardinelli.jpg 1080w, https:\/\/www.economicas.uba.ar\/extension\/vocesenelfenix\/wp-content\/uploads\/3111Giardinelli-300x203.jpg 300w, https:\/\/www.economicas.uba.ar\/extension\/vocesenelfenix\/wp-content\/uploads\/3111Giardinelli-768x518.jpg 768w\" sizes=\"(max-width: 640px) 100vw, 640px\" \/>\t\t\t<\/div>\n\t\t<\/div>\n        <div class=\"bm-blog-post-content bm_content_box\">\n            <h4 class=\"entry-post-title bm_title\"><a href=\"https:\/\/www.economicas.uba.ar\/extension\/vocesenelfenix\/los-cambios-culturales-en-treinta-anos-de-democracia\/\" rel=\"bookmark\">Los cambios culturales en treinta a\u00f1os de democracia<\/a><\/h4>            <div class=\"bm-blog-post-meta entry-post-meta bm_meta\">\n                            <\/div>\n            <div class=\"entry-post-content bm_content\">\n                | Por Mempo Giardinelli | La cultura es lo que m\u00e1s ha cambiado en este pa\u00eds en los \u00faltimos 30 a\u00f1os. En las mejores expresiones del arte y tambi\u00e9n en <div><a href=\"https:\/\/www.economicas.uba.ar\/extension\/vocesenelfenix\/los-cambios-culturales-en-treinta-anos-de-democracia\/\" rel=\"bookmark\" class=\"bm-read-more entry-read-more\">M\u00e1s \u00bb<\/a><div>            <\/div>\n        <\/div>\n    <\/article>\n    <article id=\"post-15485\" class=\"item bm_layout post-15485 post type-post status-publish format-standard has-post-thumbnail hentry category-n-31 tag-30-anos-de-democracia tag-democracia tag-movimientos-sociales tag-participacion tag-sebastian-pereyra\">\n\t\t<div class=\"bm-blog-post-image entry-post-image\">\n\t\t\t<div class=\"bm-post-image clearfix bm-hover-effect bm-hover-effect-blur\">\n\t\t\t\t<img loading=\"lazy\" decoding=\"async\" width=\"640\" height=\"431\" src=\"https:\/\/www.economicas.uba.ar\/extension\/vocesenelfenix\/wp-content\/uploads\/3112Pereyra.jpg\" class=\"attachment-large size-large wp-post-image\" alt=\"\" srcset=\"https:\/\/www.economicas.uba.ar\/extension\/vocesenelfenix\/wp-content\/uploads\/3112Pereyra.jpg 1080w, https:\/\/www.economicas.uba.ar\/extension\/vocesenelfenix\/wp-content\/uploads\/3112Pereyra-300x202.jpg 300w, https:\/\/www.economicas.uba.ar\/extension\/vocesenelfenix\/wp-content\/uploads\/3112Pereyra-768x518.jpg 768w\" sizes=\"(max-width: 640px) 100vw, 640px\" \/>\t\t\t<\/div>\n\t\t<\/div>\n        <div class=\"bm-blog-post-content bm_content_box\">\n            <h4 class=\"entry-post-title bm_title\"><a href=\"https:\/\/www.economicas.uba.ar\/extension\/vocesenelfenix\/los-movimientos-sociales-y-la-vitalidad-de-la-politica-democratica\/\" rel=\"bookmark\">Los movimientos sociales y la vitalidad de la pol\u00edtica democr\u00e1tica<\/a><\/h4>            <div class=\"bm-blog-post-meta entry-post-meta bm_meta\">\n                            <\/div>\n            <div class=\"entry-post-content bm_content\">\n                | Por Sebasti\u00e1n Pereyra | A partir del cuestionamiento y transformaci\u00f3n de los criterios de representaci\u00f3n tradicional, los movimientos sociales surgieron, crecieron y hasta se integraron al aparato del Estado <div><a href=\"https:\/\/www.economicas.uba.ar\/extension\/vocesenelfenix\/los-movimientos-sociales-y-la-vitalidad-de-la-politica-democratica\/\" rel=\"bookmark\" class=\"bm-read-more entry-read-more\">M\u00e1s \u00bb<\/a><div>            <\/div>\n        <\/div>\n    <\/article>\n    <article id=\"post-15491\" class=\"item bm_layout post-15491 post type-post status-publish format-standard has-post-thumbnail hentry category-n-31 tag-30-anos-de-democracia tag-democracia tag-movilizacion-social tag-nicolas-inigo-carrera tag-sindicatos\">\n\t\t<div class=\"bm-blog-post-image entry-post-image\">\n\t\t\t<div class=\"bm-post-image clearfix bm-hover-effect bm-hover-effect-blur\">\n\t\t\t\t<img loading=\"lazy\" decoding=\"async\" width=\"640\" height=\"430\" src=\"https:\/\/www.economicas.uba.ar\/extension\/vocesenelfenix\/wp-content\/uploads\/3113Carrera.jpg\" class=\"attachment-large size-large wp-post-image\" alt=\"\" srcset=\"https:\/\/www.economicas.uba.ar\/extension\/vocesenelfenix\/wp-content\/uploads\/3113Carrera.jpg 1080w, https:\/\/www.economicas.uba.ar\/extension\/vocesenelfenix\/wp-content\/uploads\/3113Carrera-300x201.jpg 300w, https:\/\/www.economicas.uba.ar\/extension\/vocesenelfenix\/wp-content\/uploads\/3113Carrera-768x516.jpg 768w\" sizes=\"(max-width: 640px) 100vw, 640px\" \/>\t\t\t<\/div>\n\t\t<\/div>\n        <div class=\"bm-blog-post-content bm_content_box\">\n            <h4 class=\"entry-post-title bm_title\"><a href=\"https:\/\/www.economicas.uba.ar\/extension\/vocesenelfenix\/democracia-y-movimiento-sindical-1983-2013\/\" rel=\"bookmark\">Democracia y movimiento sindical 1983-2013<\/a><\/h4>            <div class=\"bm-blog-post-meta entry-post-meta bm_meta\">\n                            <\/div>\n            <div class=\"entry-post-content bm_content\">\n                | Por Nicol\u00e1s I\u00f1igo Carrera | La confrontaci\u00f3n social es el elemento motor de la sociedad. Hist\u00f3ricamente, los sindicatos han tenido la capacidad de articular en la acci\u00f3n los intereses <div><a href=\"https:\/\/www.economicas.uba.ar\/extension\/vocesenelfenix\/democracia-y-movimiento-sindical-1983-2013\/\" rel=\"bookmark\" class=\"bm-read-more entry-read-more\">M\u00e1s \u00bb<\/a><div>            <\/div>\n        <\/div>\n    <\/article>\n    <article id=\"post-15497\" class=\"item bm_layout post-15497 post type-post status-publish format-standard has-post-thumbnail hentry category-n-31 tag-30-anos-de-democracia tag-delito tag-democracia tag-desigualdad tag-gabriel-kessler tag-neoliberalismo\">\n\t\t<div class=\"bm-blog-post-image entry-post-image\">\n\t\t\t<div class=\"bm-post-image clearfix bm-hover-effect bm-hover-effect-blur\">\n\t\t\t\t<img loading=\"lazy\" decoding=\"async\" width=\"640\" height=\"431\" src=\"https:\/\/www.economicas.uba.ar\/extension\/vocesenelfenix\/wp-content\/uploads\/3114Kessler.jpg\" class=\"attachment-large size-large wp-post-image\" alt=\"\" srcset=\"https:\/\/www.economicas.uba.ar\/extension\/vocesenelfenix\/wp-content\/uploads\/3114Kessler.jpg 1080w, https:\/\/www.economicas.uba.ar\/extension\/vocesenelfenix\/wp-content\/uploads\/3114Kessler-300x202.jpg 300w, https:\/\/www.economicas.uba.ar\/extension\/vocesenelfenix\/wp-content\/uploads\/3114Kessler-768x518.jpg 768w\" sizes=\"(max-width: 640px) 100vw, 640px\" \/>\t\t\t<\/div>\n\t\t<\/div>\n        <div class=\"bm-blog-post-content bm_content_box\">\n            <h4 class=\"entry-post-title bm_title\"><a href=\"https:\/\/www.economicas.uba.ar\/extension\/vocesenelfenix\/explicando-el-aumento-del-delito-neoliberalismo-y-despues\/\" rel=\"bookmark\">Explicando el aumento del delito: neoliberalismo y despu\u00e9s<\/a><\/h4>            <div class=\"bm-blog-post-meta entry-post-meta bm_meta\">\n                            <\/div>\n            <div class=\"entry-post-content bm_content\">\n                | Por Gabriel Kessler | Desde la recuperaci\u00f3n de la democracia la cantidad de delitos ha ido en permanente aumento en nuestro pa\u00eds. Si bien este fen\u00f3meno puede asociarse al <div><a href=\"https:\/\/www.economicas.uba.ar\/extension\/vocesenelfenix\/explicando-el-aumento-del-delito-neoliberalismo-y-despues\/\" rel=\"bookmark\" class=\"bm-read-more entry-read-more\">M\u00e1s \u00bb<\/a><div>            <\/div>\n        <\/div>\n    <\/article>\n    <article id=\"post-15503\" class=\"item bm_layout post-15503 post type-post status-publish format-standard has-post-thumbnail hentry category-n-31 tag-19-y-20-de-diciembre-de-2001 tag-30-anos-de-democracia tag-crisis tag-democracia tag-intelectuales tag-miguel-mazzeo tag-politica\">\n\t\t<div class=\"bm-blog-post-image entry-post-image\">\n\t\t\t<div class=\"bm-post-image clearfix bm-hover-effect bm-hover-effect-blur\">\n\t\t\t\t<img loading=\"lazy\" decoding=\"async\" width=\"640\" height=\"431\" src=\"https:\/\/www.economicas.uba.ar\/extension\/vocesenelfenix\/wp-content\/uploads\/3115Mazzeo.jpg\" class=\"attachment-large size-large wp-post-image\" alt=\"\" srcset=\"https:\/\/www.economicas.uba.ar\/extension\/vocesenelfenix\/wp-content\/uploads\/3115Mazzeo.jpg 1080w, https:\/\/www.economicas.uba.ar\/extension\/vocesenelfenix\/wp-content\/uploads\/3115Mazzeo-300x202.jpg 300w, https:\/\/www.economicas.uba.ar\/extension\/vocesenelfenix\/wp-content\/uploads\/3115Mazzeo-768x518.jpg 768w\" sizes=\"(max-width: 640px) 100vw, 640px\" \/>\t\t\t<\/div>\n\t\t<\/div>\n        <div class=\"bm-blog-post-content bm_content_box\">\n            <h4 class=\"entry-post-title bm_title\"><a href=\"https:\/\/www.economicas.uba.ar\/extension\/vocesenelfenix\/la-rebelion-popular-del-19-20-de-diciembre-de-2001-como-acontecimiento-instituyente-de-una-nueva-generacion-politica-e-intelectual\/\" rel=\"bookmark\">La rebeli\u00f3n popular del 19\/20 de diciembre de 2001 como acontecimiento instituyente de una nueva generaci\u00f3n pol\u00edtica e intelectual<\/a><\/h4>            <div class=\"bm-blog-post-meta entry-post-meta bm_meta\">\n                            <\/div>\n            <div class=\"entry-post-content bm_content\">\n                | Por Miguel Mazzeo | El 19 y el 20 de diciembre de 2001 fue punto de partida para la conformaci\u00f3n de una nueva generaci\u00f3n intelectual que discute y se <div><a href=\"https:\/\/www.economicas.uba.ar\/extension\/vocesenelfenix\/la-rebelion-popular-del-19-20-de-diciembre-de-2001-como-acontecimiento-instituyente-de-una-nueva-generacion-politica-e-intelectual\/\" rel=\"bookmark\" class=\"bm-read-more entry-read-more\">M\u00e1s \u00bb<\/a><div>            <\/div>\n        <\/div>\n    <\/article>\n    <article id=\"post-15509\" class=\"item bm_layout post-15509 post type-post status-publish format-standard has-post-thumbnail hentry category-n-31 tag-30-anos-de-democracia tag-defensa tag-democracia tag-fuerzas-armadas tag-jose-luis-garcia\">\n\t\t<div class=\"bm-blog-post-image entry-post-image\">\n\t\t\t<div class=\"bm-post-image clearfix bm-hover-effect bm-hover-effect-blur\">\n\t\t\t\t<img loading=\"lazy\" decoding=\"async\" width=\"640\" height=\"443\" src=\"https:\/\/www.economicas.uba.ar\/extension\/vocesenelfenix\/wp-content\/uploads\/3116Garcia.jpg\" class=\"attachment-large size-large wp-post-image\" alt=\"\" srcset=\"https:\/\/www.economicas.uba.ar\/extension\/vocesenelfenix\/wp-content\/uploads\/3116Garcia.jpg 1080w, https:\/\/www.economicas.uba.ar\/extension\/vocesenelfenix\/wp-content\/uploads\/3116Garcia-300x208.jpg 300w, https:\/\/www.economicas.uba.ar\/extension\/vocesenelfenix\/wp-content\/uploads\/3116Garcia-768x532.jpg 768w\" sizes=\"(max-width: 640px) 100vw, 640px\" \/>\t\t\t<\/div>\n\t\t<\/div>\n        <div class=\"bm-blog-post-content bm_content_box\">\n            <h4 class=\"entry-post-title bm_title\"><a href=\"https:\/\/www.economicas.uba.ar\/extension\/vocesenelfenix\/defensa-nacional-y-fuerzas-armadas-en-los-30-anos-de-democracia\/\" rel=\"bookmark\">Defensa nacional y Fuerzas Armadas en los 30 a\u00f1os de democracia<\/a><\/h4>            <div class=\"bm-blog-post-meta entry-post-meta bm_meta\">\n                            <\/div>\n            <div class=\"entry-post-content bm_content\">\n                | Por Jos\u00e9 Luis Garc\u00eda | En los \u00faltimos 30 a\u00f1os las Fuerzas Armadas de nuestro pa\u00eds han atravesado un proceso de profunda transformaci\u00f3n. Desde la demostraciones de fuerza para <div><a href=\"https:\/\/www.economicas.uba.ar\/extension\/vocesenelfenix\/defensa-nacional-y-fuerzas-armadas-en-los-30-anos-de-democracia\/\" rel=\"bookmark\" class=\"bm-read-more entry-read-more\">M\u00e1s \u00bb<\/a><div>            <\/div>\n        <\/div>\n    <\/article>\n    <article id=\"post-15515\" class=\"item bm_layout post-15515 post type-post status-publish format-standard has-post-thumbnail hentry category-n-31 tag-30-anos-de-democracia tag-catolicismo tag-democracia tag-iglesia tag-religion tag-veronica-gimenez-beliveau\">\n\t\t<div class=\"bm-blog-post-image entry-post-image\">\n\t\t\t<div class=\"bm-post-image clearfix bm-hover-effect bm-hover-effect-blur\">\n\t\t\t\t<img loading=\"lazy\" decoding=\"async\" width=\"640\" height=\"431\" src=\"https:\/\/www.economicas.uba.ar\/extension\/vocesenelfenix\/wp-content\/uploads\/3117Beliveau.jpg\" class=\"attachment-large size-large wp-post-image\" alt=\"\" srcset=\"https:\/\/www.economicas.uba.ar\/extension\/vocesenelfenix\/wp-content\/uploads\/3117Beliveau.jpg 1080w, https:\/\/www.economicas.uba.ar\/extension\/vocesenelfenix\/wp-content\/uploads\/3117Beliveau-300x202.jpg 300w, https:\/\/www.economicas.uba.ar\/extension\/vocesenelfenix\/wp-content\/uploads\/3117Beliveau-768x518.jpg 768w\" sizes=\"(max-width: 640px) 100vw, 640px\" \/>\t\t\t<\/div>\n\t\t<\/div>\n        <div class=\"bm-blog-post-content bm_content_box\">\n            <h4 class=\"entry-post-title bm_title\"><a href=\"https:\/\/www.economicas.uba.ar\/extension\/vocesenelfenix\/catolicismo-iglesia-y-democracia-en-la-argentina-1983-2013\/\" rel=\"bookmark\">Catolicismo, Iglesia y democracia en la Argentina (1983-2013)<\/a><\/h4>            <div class=\"bm-blog-post-meta entry-post-meta bm_meta\">\n                            <\/div>\n            <div class=\"entry-post-content bm_content\">\n                | Por Ver\u00f3nica Gim\u00e9nez B\u00e9liveau | La relaci\u00f3n entre Iglesia y democracia en nuestro pa\u00eds se ha caracterizado por las tensiones. Mientras la Iglesia sostiene que tiene algo para decir <div><a href=\"https:\/\/www.economicas.uba.ar\/extension\/vocesenelfenix\/catolicismo-iglesia-y-democracia-en-la-argentina-1983-2013\/\" rel=\"bookmark\" class=\"bm-read-more entry-read-more\">M\u00e1s \u00bb<\/a><div>            <\/div>\n        <\/div>\n    <\/article>\n    <article id=\"post-15521\" class=\"item bm_layout post-15521 post type-post status-publish format-standard has-post-thumbnail hentry category-n-31 tag-30-anos-de-democracia tag-democracia tag-gustavo-lopez tag-ley-de-servicios-de-comunicacion-audiovisual tag-medios-de-comunicacion\">\n\t\t<div class=\"bm-blog-post-image entry-post-image\">\n\t\t\t<div class=\"bm-post-image clearfix bm-hover-effect bm-hover-effect-blur\">\n\t\t\t\t<img loading=\"lazy\" decoding=\"async\" width=\"640\" height=\"432\" src=\"https:\/\/www.economicas.uba.ar\/extension\/vocesenelfenix\/wp-content\/uploads\/3118Lopez.jpg\" class=\"attachment-large size-large wp-post-image\" alt=\"\" srcset=\"https:\/\/www.economicas.uba.ar\/extension\/vocesenelfenix\/wp-content\/uploads\/3118Lopez.jpg 1080w, https:\/\/www.economicas.uba.ar\/extension\/vocesenelfenix\/wp-content\/uploads\/3118Lopez-300x203.jpg 300w, https:\/\/www.economicas.uba.ar\/extension\/vocesenelfenix\/wp-content\/uploads\/3118Lopez-768x518.jpg 768w\" sizes=\"(max-width: 640px) 100vw, 640px\" \/>\t\t\t<\/div>\n\t\t<\/div>\n        <div class=\"bm-blog-post-content bm_content_box\">\n            <h4 class=\"entry-post-title bm_title\"><a href=\"https:\/\/www.economicas.uba.ar\/extension\/vocesenelfenix\/los-medios-y-30-anos-de-democracia\/\" rel=\"bookmark\">Los medios y 30 a\u00f1os de democracia<\/a><\/h4>            <div class=\"bm-blog-post-meta entry-post-meta bm_meta\">\n                            <\/div>\n            <div class=\"entry-post-content bm_content\">\n                | Por Gustavo L\u00f3pez | La pol\u00edtica de medios de comunicaci\u00f3n es un fiel reflejo de lo que ocurri\u00f3 en el pa\u00eds en los \u00faltimos 30 a\u00f1os. Con la entrada <div><a href=\"https:\/\/www.economicas.uba.ar\/extension\/vocesenelfenix\/los-medios-y-30-anos-de-democracia\/\" rel=\"bookmark\" class=\"bm-read-more entry-read-more\">M\u00e1s \u00bb<\/a><div>            <\/div>\n        <\/div>\n    <\/article>\n    <article id=\"post-15528\" class=\"item bm_layout post-15528 post type-post status-publish format-standard has-post-thumbnail hentry category-n-31 tag-30-anos-de-democracia tag-colectivo-la-tribu tag-democracia tag-medios-comunitarios tag-medios-cooperativos tag-medios-de-comunicacion\">\n\t\t<div class=\"bm-blog-post-image entry-post-image\">\n\t\t\t<div class=\"bm-post-image clearfix bm-hover-effect bm-hover-effect-blur\">\n\t\t\t\t<img loading=\"lazy\" decoding=\"async\" width=\"640\" height=\"428\" src=\"https:\/\/www.economicas.uba.ar\/extension\/vocesenelfenix\/wp-content\/uploads\/3119La-Tribu.jpg\" class=\"attachment-large size-large wp-post-image\" alt=\"\" srcset=\"https:\/\/www.economicas.uba.ar\/extension\/vocesenelfenix\/wp-content\/uploads\/3119La-Tribu.jpg 1080w, https:\/\/www.economicas.uba.ar\/extension\/vocesenelfenix\/wp-content\/uploads\/3119La-Tribu-300x201.jpg 300w, https:\/\/www.economicas.uba.ar\/extension\/vocesenelfenix\/wp-content\/uploads\/3119La-Tribu-768x514.jpg 768w\" sizes=\"(max-width: 640px) 100vw, 640px\" \/>\t\t\t<\/div>\n\t\t<\/div>\n        <div class=\"bm-blog-post-content bm_content_box\">\n            <h4 class=\"entry-post-title bm_title\"><a href=\"https:\/\/www.economicas.uba.ar\/extension\/vocesenelfenix\/y-los-medios-que-un-recorrido-por-simbolos-mediaticos-y-reglamentaciones-que-definen-la-grafica-la-radio-y-la-television-en-la-argentina\/\" rel=\"bookmark\">\u00bfY los medios qu\u00e9? Un recorrido por s\u00edmbolos medi\u00e1ticos y reglamentaciones que definen la gr\u00e1fica, la radio y la televisi\u00f3n en la Argentina<\/a><\/h4>            <div class=\"bm-blog-post-meta entry-post-meta bm_meta\">\n                            <\/div>\n            <div class=\"entry-post-content bm_content\">\n                | Por Colectivo La Tribu | Los cambios en los medios de comunicaci\u00f3n en los \u00faltimos treinta a\u00f1os fueron vertiginosos. Un recorrido \u00e1gil y vertiginoso por los principales hitos pol\u00edticos, <div><a href=\"https:\/\/www.economicas.uba.ar\/extension\/vocesenelfenix\/y-los-medios-que-un-recorrido-por-simbolos-mediaticos-y-reglamentaciones-que-definen-la-grafica-la-radio-y-la-television-en-la-argentina\/\" rel=\"bookmark\" class=\"bm-read-more entry-read-more\">M\u00e1s \u00bb<\/a><div>            <\/div>\n        <\/div>\n    <\/article>\n    <article id=\"post-15534\" class=\"item bm_layout post-15534 post type-post status-publish format-standard has-post-thumbnail hentry category-n-31 tag-30-anos-de-democracia tag-democracia tag-jovenes tag-juan-carlos-volnovich tag-militancia tag-nuevas-tecnologias tag-participacion tag-politica\">\n\t\t<div class=\"bm-blog-post-image entry-post-image\">\n\t\t\t<div class=\"bm-post-image clearfix bm-hover-effect bm-hover-effect-blur\">\n\t\t\t\t<img loading=\"lazy\" decoding=\"async\" width=\"640\" height=\"432\" src=\"https:\/\/www.economicas.uba.ar\/extension\/vocesenelfenix\/wp-content\/uploads\/3120Volnovich.jpg\" class=\"attachment-large size-large wp-post-image\" alt=\"\" srcset=\"https:\/\/www.economicas.uba.ar\/extension\/vocesenelfenix\/wp-content\/uploads\/3120Volnovich.jpg 1080w, https:\/\/www.economicas.uba.ar\/extension\/vocesenelfenix\/wp-content\/uploads\/3120Volnovich-300x203.jpg 300w, https:\/\/www.economicas.uba.ar\/extension\/vocesenelfenix\/wp-content\/uploads\/3120Volnovich-768x518.jpg 768w\" sizes=\"(max-width: 640px) 100vw, 640px\" \/>\t\t\t<\/div>\n\t\t<\/div>\n        <div class=\"bm-blog-post-content bm_content_box\">\n            <h4 class=\"entry-post-title bm_title\"><a href=\"https:\/\/www.economicas.uba.ar\/extension\/vocesenelfenix\/los-jovenes-y-la-politica-durante-la-democracia\/\" rel=\"bookmark\">Los j\u00f3venes y la pol\u00edtica durante la democracia<\/a><\/h4>            <div class=\"bm-blog-post-meta entry-post-meta bm_meta\">\n                            <\/div>\n            <div class=\"entry-post-content bm_content\">\n                | Por Juan Carlos Volnovich | En los \u00faltimos a\u00f1os los j\u00f3venes se est\u00e1n volcando con significativo entusiasmo a la pol\u00edtica. Sin embargo, y en contraste con generaciones anteriores, los <div><a href=\"https:\/\/www.economicas.uba.ar\/extension\/vocesenelfenix\/los-jovenes-y-la-politica-durante-la-democracia\/\" rel=\"bookmark\" class=\"bm-read-more entry-read-more\">M\u00e1s \u00bb<\/a><div>            <\/div>\n        <\/div>\n    <\/article>\n\t\t\t\t<\/div><\/div>\n\t\t\t\t\t\t\t\t<\/div>\n\t\t\t\t<\/div>\n\t\t\t\t\t<\/div>\n\t\t<\/div>\n\t\t\t\t\t<\/div>\n\t\t<\/section>\n\t\t\t\t<section class=\"elementor-section elementor-top-section elementor-element elementor-element-83f5790 elementor-section-boxed elementor-section-height-default elementor-section-height-default\" data-id=\"83f5790\" data-element_type=\"section\" data-e-type=\"section\" data-settings=\"{&quot;background_background&quot;:&quot;classic&quot;}\">\n\t\t\t\t\t\t<div class=\"elementor-container elementor-column-gap-default\">\n\t\t\t\t\t<div class=\"elementor-column elementor-col-100 elementor-top-column elementor-element elementor-element-5beb8dd\" data-id=\"5beb8dd\" data-element_type=\"column\" data-e-type=\"column\">\n\t\t\t<div class=\"elementor-widget-wrap\">\n\t\t\t\t\t\t\t<\/div>\n\t\t<\/div>\n\t\t\t\t\t<\/div>\n\t\t<\/section>\n\t\t\t\t<\/div>\n\t\t","protected":false},"excerpt":{"rendered":"<p>N\u00daMERO 31 SUE\u00d1OS DE LIBERTAD 30 A\u00d1OS DE DEMOCRACIA NUESTRA DEMOCRACIA CUMPLE 30 A\u00d1OS. LOS LOGROS ALCANZADOS EN ESTAS TRES D\u00c9CADAS SON INNEGABLES, SIN EMBARGO, QUEDA MUCHO POR HACER TODAV\u00cdA.<\/p>\n","protected":false},"author":5,"featured_media":0,"parent":0,"menu_order":0,"comment_status":"closed","ping_status":"closed","template":"","meta":{"footnotes":""},"class_list":["post-15401","page","type-page","status-publish","hentry"],"_links":{"self":[{"href":"https:\/\/www.economicas.uba.ar\/extension\/vocesenelfenix\/wp-json\/wp\/v2\/pages\/15401","targetHints":{"allow":["GET"]}}],"collection":[{"href":"https:\/\/www.economicas.uba.ar\/extension\/vocesenelfenix\/wp-json\/wp\/v2\/pages"}],"about":[{"href":"https:\/\/www.economicas.uba.ar\/extension\/vocesenelfenix\/wp-json\/wp\/v2\/types\/page"}],"author":[{"embeddable":true,"href":"https:\/\/www.economicas.uba.ar\/extension\/vocesenelfenix\/wp-json\/wp\/v2\/users\/5"}],"replies":[{"embeddable":true,"href":"https:\/\/www.economicas.uba.ar\/extension\/vocesenelfenix\/wp-json\/wp\/v2\/comments?post=15401"}],"version-history":[{"count":7,"href":"https:\/\/www.economicas.uba.ar\/extension\/vocesenelfenix\/wp-json\/wp\/v2\/pages\/15401\/revisions"}],"predecessor-version":[{"id":15415,"href":"https:\/\/www.economicas.uba.ar\/extension\/vocesenelfenix\/wp-json\/wp\/v2\/pages\/15401\/revisions\/15415"}],"wp:attachment":[{"href":"https:\/\/www.economicas.uba.ar\/extension\/vocesenelfenix\/wp-json\/wp\/v2\/media?parent=15401"}],"curies":[{"name":"wp","href":"https:\/\/api.w.org\/{rel}","templated":true}]}}