{"id":15896,"date":"2013-08-01T00:01:00","date_gmt":"2013-08-01T03:01:00","guid":{"rendered":"https:\/\/www.economicas.uba.ar\/extension\/vocesenelfenix\/?page_id=15896"},"modified":"2022-08-24T14:10:54","modified_gmt":"2022-08-24T17:10:54","slug":"numero-27","status":"publish","type":"page","link":"https:\/\/www.economicas.uba.ar\/extension\/vocesenelfenix\/numero-27\/","title":{"rendered":"N\u00famero 27"},"content":{"rendered":"\t\t<div data-elementor-type=\"wp-page\" data-elementor-id=\"15896\" class=\"elementor elementor-15896\" data-elementor-post-type=\"page\">\n\t\t\t\t\t\t<section class=\"elementor-section elementor-top-section elementor-element elementor-element-105a3a0 elementor-section-boxed elementor-section-height-default elementor-section-height-default\" data-id=\"105a3a0\" data-element_type=\"section\" data-e-type=\"section\" data-settings=\"{&quot;background_background&quot;:&quot;classic&quot;}\">\n\t\t\t\t\t\t<div class=\"elementor-container elementor-column-gap-default\">\n\t\t\t\t\t<div class=\"elementor-column elementor-col-33 elementor-top-column elementor-element elementor-element-5f42535\" data-id=\"5f42535\" data-element_type=\"column\" data-e-type=\"column\">\n\t\t\t<div class=\"elementor-widget-wrap elementor-element-populated\">\n\t\t\t\t\t\t<div class=\"elementor-element elementor-element-2a8428c elementor-widget elementor-widget-image\" data-id=\"2a8428c\" data-element_type=\"widget\" data-e-type=\"widget\" data-widget_type=\"image.default\">\n\t\t\t\t<div class=\"elementor-widget-container\">\n\t\t\t\t\t\t\t\t\t\t\t\t\t\t\t\t<a href=\"https:\/\/drive.google.com\/file\/d\/1TwJdHPDxuxy25RgkUhjGDCZcLvquBFaM\/view\" target=\"_blank\">\n\t\t\t\t\t\t\t<img fetchpriority=\"high\" decoding=\"async\" width=\"193\" height=\"268\" src=\"https:\/\/www.economicas.uba.ar\/extension\/vocesenelfenix\/wp-content\/uploads\/tapa27.jpg\" class=\"attachment-large size-large wp-image-1895\" alt=\"\" \/>\t\t\t\t\t\t\t\t<\/a>\n\t\t\t\t\t\t\t\t\t\t\t\t\t\t\t<\/div>\n\t\t\t\t<\/div>\n\t\t\t\t\t<\/div>\n\t\t<\/div>\n\t\t\t\t<div class=\"elementor-column elementor-col-66 elementor-top-column elementor-element elementor-element-7ecdbc1\" data-id=\"7ecdbc1\" data-element_type=\"column\" data-e-type=\"column\">\n\t\t\t<div class=\"elementor-widget-wrap elementor-element-populated\">\n\t\t\t\t\t\t<div class=\"elementor-element elementor-element-9a72ab9 elementor-widget elementor-widget-text-editor\" data-id=\"9a72ab9\" data-element_type=\"widget\" data-e-type=\"widget\" data-widget_type=\"text-editor.default\">\n\t\t\t\t<div class=\"elementor-widget-container\">\n\t\t\t\t\t\t\t\t\t<h5>N\u00daMERO 27<\/h5><h3>VI\u00d1AS DE IRA<\/h3><h6>ECONOM\u00cdAS REGIONALES<\/h6><p><br \/>LA MEJORA ECON\u00d3MICA INICIADA EN 2003 SE VIO REFLEJADA EN LA RECUPERACI\u00d3N DE LAS ECONOM\u00cdAS REGIONALES. SIN EMBARGO, TRABAJADORES Y POBLACIONES LOCALES NO RESULTARON BENEFICIADOS EN LA MISMA DIMENSI\u00d3N QUE EL CAPITAL CONCENTRADO. UNA MAYOR INTERVENCI\u00d3N DEL ESTADO DEBER\u00cdA REORIENTAR ESTE PROCESO EN POS DE LOGRAR UN DESARROLLO EQUITATIVO PARA TODAS LAS REGIONES.<\/p>\t\t\t\t\t\t\t\t<\/div>\n\t\t\t\t<\/div>\n\t\t\t\t<div class=\"elementor-element elementor-element-c191644 elementor-widget elementor-widget-button\" data-id=\"c191644\" data-element_type=\"widget\" data-e-type=\"widget\" data-widget_type=\"button.default\">\n\t\t\t\t<div class=\"elementor-widget-container\">\n\t\t\t\t\t\t\t\t\t<div class=\"elementor-button-wrapper\">\n\t\t\t\t\t<a class=\"elementor-button elementor-button-link elementor-size-xs\" href=\"https:\/\/drive.google.com\/file\/d\/1TwJdHPDxuxy25RgkUhjGDCZcLvquBFaM\/view\" target=\"_blank\">\n\t\t\t\t\t\t<span class=\"elementor-button-content-wrapper\">\n\t\t\t\t\t\t\t\t\t<span class=\"elementor-button-text\">Descarg\u00e1 el PDF<\/span>\n\t\t\t\t\t<\/span>\n\t\t\t\t\t<\/a>\n\t\t\t\t<\/div>\n\t\t\t\t\t\t\t\t<\/div>\n\t\t\t\t<\/div>\n\t\t\t\t\t<\/div>\n\t\t<\/div>\n\t\t\t\t\t<\/div>\n\t\t<\/section>\n\t\t\t\t<section class=\"elementor-section elementor-top-section elementor-element elementor-element-d7d38d2 elementor-section-boxed elementor-section-height-default elementor-section-height-default\" data-id=\"d7d38d2\" data-element_type=\"section\" data-e-type=\"section\">\n\t\t\t\t\t\t<div class=\"elementor-container elementor-column-gap-default\">\n\t\t\t\t\t<div class=\"elementor-column elementor-col-100 elementor-top-column elementor-element elementor-element-5f1eee1\" data-id=\"5f1eee1\" data-element_type=\"column\" data-e-type=\"column\">\n\t\t\t<div class=\"elementor-widget-wrap elementor-element-populated\">\n\t\t\t\t\t\t<div class=\"elementor-element elementor-element-f3d6e8f elementor-grid-3 elementor-grid-tablet-2 elementor-grid-mobile-1 elementor-posts--align-left elementor-widget elementor-widget-blogmentor_blog_posts\" data-id=\"f3d6e8f\" data-element_type=\"widget\" data-e-type=\"widget\" data-settings=\"{&quot;bm_grid_columns&quot;:&quot;3&quot;,&quot;bm_grid_columns_tablet&quot;:&quot;2&quot;,&quot;bm_grid_columns_mobile&quot;:&quot;1&quot;,&quot;post_card_grid_gap&quot;:{&quot;unit&quot;:&quot;px&quot;,&quot;size&quot;:10,&quot;sizes&quot;:[]},&quot;post_card_row_gap&quot;:{&quot;unit&quot;:&quot;px&quot;,&quot;size&quot;:35,&quot;sizes&quot;:[]}}\" data-widget_type=\"blogmentor_blog_posts.default\">\n\t\t\t\t<div class=\"elementor-widget-container\">\n\t\t\t\t\t\t\t\n\t\t\t\t\t\t\t\t<div class=\"bm-blog-posts-wrapper\" >\n\t\t\t\t\t\t\t<div class=\"bm-blog-posts bm-display-grid elementor-grid elementor-grid-3\" >\n\t\t\t\t    <article id=\"post-15902\" class=\"item bm_layout post-15902 post type-post status-publish format-standard has-post-thumbnail hentry category-n-27 tag-abraham-leonardo-gak tag-economias-regionales tag-editorial\">\n\t\t<div class=\"bm-blog-post-image entry-post-image\">\n\t\t\t<div class=\"bm-post-image clearfix bm-hover-effect bm-hover-effect-blur\">\n\t\t\t\t<img decoding=\"async\" width=\"640\" height=\"439\" src=\"https:\/\/www.economicas.uba.ar\/extension\/vocesenelfenix\/wp-content\/uploads\/2700Editorial.jpg\" class=\"attachment-large size-large wp-post-image\" alt=\"\" srcset=\"https:\/\/www.economicas.uba.ar\/extension\/vocesenelfenix\/wp-content\/uploads\/2700Editorial.jpg 1080w, https:\/\/www.economicas.uba.ar\/extension\/vocesenelfenix\/wp-content\/uploads\/2700Editorial-300x206.jpg 300w, https:\/\/www.economicas.uba.ar\/extension\/vocesenelfenix\/wp-content\/uploads\/2700Editorial-768x527.jpg 768w\" sizes=\"(max-width: 640px) 100vw, 640px\" \/>\t\t\t<\/div>\n\t\t<\/div>\n        <div class=\"bm-blog-post-content bm_content_box\">\n            <h4 class=\"entry-post-title bm_title\"><a href=\"https:\/\/www.economicas.uba.ar\/extension\/vocesenelfenix\/editorial-un-pais-una-nacion-un-territorio\/\" rel=\"bookmark\">Editorial: Un pa\u00eds, una naci\u00f3n, un territorio<\/a><\/h4>            <div class=\"bm-blog-post-meta entry-post-meta bm_meta\">\n                            <\/div>\n            <div class=\"entry-post-content bm_content\">\n                | Por Abraham Leonardo Gak |            <\/div>\n        <\/div>\n    <\/article>\n    <article id=\"post-15911\" class=\"item bm_layout post-15911 post type-post status-publish format-standard has-post-thumbnail hentry category-n-27 tag-ariel-garcia tag-economias-regionales tag-poder tag-politicas-publicas tag-produccion-regional tag-soledad-gonzalez-alvarisqueta tag-trabajadores\">\n\t\t<div class=\"bm-blog-post-image entry-post-image\">\n\t\t\t<div class=\"bm-post-image clearfix bm-hover-effect bm-hover-effect-blur\">\n\t\t\t\t<img decoding=\"async\" width=\"640\" height=\"436\" src=\"https:\/\/www.economicas.uba.ar\/extension\/vocesenelfenix\/wp-content\/uploads\/2701Alvarisqueta.jpg\" class=\"attachment-large size-large wp-post-image\" alt=\"\" srcset=\"https:\/\/www.economicas.uba.ar\/extension\/vocesenelfenix\/wp-content\/uploads\/2701Alvarisqueta.jpg 1080w, https:\/\/www.economicas.uba.ar\/extension\/vocesenelfenix\/wp-content\/uploads\/2701Alvarisqueta-300x204.jpg 300w, https:\/\/www.economicas.uba.ar\/extension\/vocesenelfenix\/wp-content\/uploads\/2701Alvarisqueta-768x523.jpg 768w\" sizes=\"(max-width: 640px) 100vw, 640px\" \/>\t\t\t<\/div>\n\t\t<\/div>\n        <div class=\"bm-blog-post-content bm_content_box\">\n            <h4 class=\"entry-post-title bm_title\"><a href=\"https:\/\/www.economicas.uba.ar\/extension\/vocesenelfenix\/poder-y-espacio-hacia-una-vision-dialectica-de-la-region\/\" rel=\"bookmark\">Poder y espacio: hacia una visi\u00f3n dial\u00e9ctica de la regi\u00f3n<\/a><\/h4>            <div class=\"bm-blog-post-meta entry-post-meta bm_meta\">\n                            <\/div>\n            <div class=\"entry-post-content bm_content\">\n                | Por Soledad Gonz\u00e1lez Alvarisqueta y Ariel Garc\u00eda | La relaci\u00f3n entre pol\u00edticas p\u00fablicas y capital concentrado es un elemento central para entender las din\u00e1micas productivas regionales. Es necesario redefinir <div><a href=\"https:\/\/www.economicas.uba.ar\/extension\/vocesenelfenix\/poder-y-espacio-hacia-una-vision-dialectica-de-la-region\/\" rel=\"bookmark\" class=\"bm-read-more entry-read-more\">M\u00e1s \u00bb<\/a><div>            <\/div>\n        <\/div>\n    <\/article>\n    <article id=\"post-15917\" class=\"item bm_layout post-15917 post type-post status-publish format-standard has-post-thumbnail hentry category-n-27 tag-agustin-mario tag-distribucion-del-ingreso tag-economias-regionales tag-posconvertibilidad tag-regina-vidosa tag-regiones-pampeanas-y-extrapampeanas tag-sector-agropecuario\">\n\t\t<div class=\"bm-blog-post-image entry-post-image\">\n\t\t\t<div class=\"bm-post-image clearfix bm-hover-effect bm-hover-effect-blur\">\n\t\t\t\t<img loading=\"lazy\" decoding=\"async\" width=\"640\" height=\"436\" src=\"https:\/\/www.economicas.uba.ar\/extension\/vocesenelfenix\/wp-content\/uploads\/2702Mario.jpg\" class=\"attachment-large size-large wp-post-image\" alt=\"\" srcset=\"https:\/\/www.economicas.uba.ar\/extension\/vocesenelfenix\/wp-content\/uploads\/2702Mario.jpg 1080w, https:\/\/www.economicas.uba.ar\/extension\/vocesenelfenix\/wp-content\/uploads\/2702Mario-300x204.jpg 300w, https:\/\/www.economicas.uba.ar\/extension\/vocesenelfenix\/wp-content\/uploads\/2702Mario-768x523.jpg 768w\" sizes=\"(max-width: 640px) 100vw, 640px\" \/>\t\t\t<\/div>\n\t\t<\/div>\n        <div class=\"bm-blog-post-content bm_content_box\">\n            <h4 class=\"entry-post-title bm_title\"><a href=\"https:\/\/www.economicas.uba.ar\/extension\/vocesenelfenix\/el-sector-agropecuario-en-la-posconvertibilidad-la-distribucion-del-ingreso-en-regiones-pampeanas-y-extrapampeanas\/\" rel=\"bookmark\">El sector agropecuario en la posconvertibilidad: la distribuci\u00f3n del ingreso en regiones pampeanas y extrapampeanas<\/a><\/h4>            <div class=\"bm-blog-post-meta entry-post-meta bm_meta\">\n                            <\/div>\n            <div class=\"entry-post-content bm_content\">\n                | Por Agust\u00edn Mario y Regina Vidosa | A pesar del crecimiento e internacionalizaci\u00f3n de la producci\u00f3n agraria, y del aumento de la rentabilidad relativa de estos productos, el sector <div><a href=\"https:\/\/www.economicas.uba.ar\/extension\/vocesenelfenix\/el-sector-agropecuario-en-la-posconvertibilidad-la-distribucion-del-ingreso-en-regiones-pampeanas-y-extrapampeanas\/\" rel=\"bookmark\" class=\"bm-read-more entry-read-more\">M\u00e1s \u00bb<\/a><div>            <\/div>\n        <\/div>\n    <\/article>\n    <article id=\"post-15925\" class=\"item bm_layout post-15925 post type-post status-publish format-standard has-post-thumbnail hentry category-n-27 tag-economia tag-economias-regionales tag-jujuy tag-laura-golavensky tag-sociedad\">\n\t\t<div class=\"bm-blog-post-image entry-post-image\">\n\t\t\t<div class=\"bm-post-image clearfix bm-hover-effect bm-hover-effect-blur\">\n\t\t\t\t<img loading=\"lazy\" decoding=\"async\" width=\"640\" height=\"433\" src=\"https:\/\/www.economicas.uba.ar\/extension\/vocesenelfenix\/wp-content\/uploads\/2703Golavensky.jpg\" class=\"attachment-large size-large wp-post-image\" alt=\"\" srcset=\"https:\/\/www.economicas.uba.ar\/extension\/vocesenelfenix\/wp-content\/uploads\/2703Golavensky.jpg 1080w, https:\/\/www.economicas.uba.ar\/extension\/vocesenelfenix\/wp-content\/uploads\/2703Golavensky-300x203.jpg 300w, https:\/\/www.economicas.uba.ar\/extension\/vocesenelfenix\/wp-content\/uploads\/2703Golavensky-768x519.jpg 768w\" sizes=\"(max-width: 640px) 100vw, 640px\" \/>\t\t\t<\/div>\n\t\t<\/div>\n        <div class=\"bm-blog-post-content bm_content_box\">\n            <h4 class=\"entry-post-title bm_title\"><a href=\"https:\/\/www.economicas.uba.ar\/extension\/vocesenelfenix\/jujuy-economia-y-sociedad-en-una-mirada-de-larga-duracion\/\" rel=\"bookmark\">Jujuy: econom\u00eda y sociedad en una mirada de larga duraci\u00f3n<\/a><\/h4>            <div class=\"bm-blog-post-meta entry-post-meta bm_meta\">\n                            <\/div>\n            <div class=\"entry-post-content bm_content\">\n                | Por Laura Golavensky | Un recorrido por la historia productiva de la provincia desde la colonia hasta nuestros d\u00edas, donde el sector terciario es el que m\u00e1s aporta a <div><a href=\"https:\/\/www.economicas.uba.ar\/extension\/vocesenelfenix\/jujuy-economia-y-sociedad-en-una-mirada-de-larga-duracion\/\" rel=\"bookmark\" class=\"bm-read-more entry-read-more\">M\u00e1s \u00bb<\/a><div>            <\/div>\n        <\/div>\n    <\/article>\n    <article id=\"post-15933\" class=\"item bm_layout post-15933 post type-post status-publish format-standard has-post-thumbnail hentry category-n-27 tag-cristian-jara tag-desarrollo tag-desigualdad tag-distribucion-de-la-tierra tag-economias-regionales tag-inequidad tag-raul-paz tag-regiones-extrapampeanas tag-santiago-del-estero\">\n\t\t<div class=\"bm-blog-post-image entry-post-image\">\n\t\t\t<div class=\"bm-post-image clearfix bm-hover-effect bm-hover-effect-blur\">\n\t\t\t\t<img loading=\"lazy\" decoding=\"async\" width=\"640\" height=\"437\" src=\"https:\/\/www.economicas.uba.ar\/extension\/vocesenelfenix\/wp-content\/uploads\/2704Paz.jpg\" class=\"attachment-large size-large wp-post-image\" alt=\"\" srcset=\"https:\/\/www.economicas.uba.ar\/extension\/vocesenelfenix\/wp-content\/uploads\/2704Paz.jpg 1080w, https:\/\/www.economicas.uba.ar\/extension\/vocesenelfenix\/wp-content\/uploads\/2704Paz-300x205.jpg 300w, https:\/\/www.economicas.uba.ar\/extension\/vocesenelfenix\/wp-content\/uploads\/2704Paz-768x524.jpg 768w\" sizes=\"(max-width: 640px) 100vw, 640px\" \/>\t\t\t<\/div>\n\t\t<\/div>\n        <div class=\"bm-blog-post-content bm_content_box\">\n            <h4 class=\"entry-post-title bm_title\"><a href=\"https:\/\/www.economicas.uba.ar\/extension\/vocesenelfenix\/las-nuevas-dinamicas-de-los-antiguos-conflictos-de-tierra-en-regiones-extrapampeanas\/\" rel=\"bookmark\">Las nuevas din\u00e1micas de los antiguos conflictos de tierra en regiones extrapampeanas<\/a><\/h4>            <div class=\"bm-blog-post-meta entry-post-meta bm_meta\">\n                            <\/div>\n            <div class=\"entry-post-content bm_content\">\n                | Por Ra\u00fal Paz y Cristian Jara | Santiago del Estero se caracteriza por las relaciones de desigualdad, inequidad e irregularidad en la distribuci\u00f3n de la tierra que genera fuertes <div><a href=\"https:\/\/www.economicas.uba.ar\/extension\/vocesenelfenix\/las-nuevas-dinamicas-de-los-antiguos-conflictos-de-tierra-en-regiones-extrapampeanas\/\" rel=\"bookmark\" class=\"bm-read-more entry-read-more\">M\u00e1s \u00bb<\/a><div>            <\/div>\n        <\/div>\n    <\/article>\n    <article id=\"post-15940\" class=\"item bm_layout post-15940 post type-post status-publish format-standard has-post-thumbnail hentry category-n-27 tag-desarrollo-regional tag-economia-politica tag-economias-regionales tag-estado tag-hugo-ferullo tag-poder tag-sociedad\">\n\t\t<div class=\"bm-blog-post-image entry-post-image\">\n\t\t\t<div class=\"bm-post-image clearfix bm-hover-effect bm-hover-effect-blur\">\n\t\t\t\t<img loading=\"lazy\" decoding=\"async\" width=\"640\" height=\"436\" src=\"https:\/\/www.economicas.uba.ar\/extension\/vocesenelfenix\/wp-content\/uploads\/2705Ferullo.jpg\" class=\"attachment-large size-large wp-post-image\" alt=\"\" srcset=\"https:\/\/www.economicas.uba.ar\/extension\/vocesenelfenix\/wp-content\/uploads\/2705Ferullo.jpg 1080w, https:\/\/www.economicas.uba.ar\/extension\/vocesenelfenix\/wp-content\/uploads\/2705Ferullo-300x204.jpg 300w, https:\/\/www.economicas.uba.ar\/extension\/vocesenelfenix\/wp-content\/uploads\/2705Ferullo-768x523.jpg 768w\" sizes=\"(max-width: 640px) 100vw, 640px\" \/>\t\t\t<\/div>\n\t\t<\/div>\n        <div class=\"bm-blog-post-content bm_content_box\">\n            <h4 class=\"entry-post-title bm_title\"><a href=\"https:\/\/www.economicas.uba.ar\/extension\/vocesenelfenix\/apuntes-sobre-la-economia-politica-del-sub-desarrollo-regional-argentino\/\" rel=\"bookmark\">Apuntes sobre la econom\u00eda pol\u00edtica del (sub) desarrollo regional argentino<\/a><\/h4>            <div class=\"bm-blog-post-meta entry-post-meta bm_meta\">\n                            <\/div>\n            <div class=\"entry-post-content bm_content\">\n                | Por Hugo Ferullo | Tras d\u00e9cadas de supremac\u00eda del poder econ\u00f3mico en las decisiones pol\u00edticas, la Argentina tuvo, en los \u00faltimos diez a\u00f1os, la posibilidad de reinstaurar el debate <div><a href=\"https:\/\/www.economicas.uba.ar\/extension\/vocesenelfenix\/apuntes-sobre-la-economia-politica-del-sub-desarrollo-regional-argentino\/\" rel=\"bookmark\" class=\"bm-read-more entry-read-more\">M\u00e1s \u00bb<\/a><div>            <\/div>\n        <\/div>\n    <\/article>\n    <article id=\"post-15946\" class=\"item bm_layout post-15946 post type-post status-publish format-standard has-post-thumbnail hentry category-n-27 tag-desigualdad tag-economias-regionales tag-javier-gortari tag-misiones tag-produccion-yerbatera\">\n\t\t<div class=\"bm-blog-post-image entry-post-image\">\n\t\t\t<div class=\"bm-post-image clearfix bm-hover-effect bm-hover-effect-blur\">\n\t\t\t\t<img loading=\"lazy\" decoding=\"async\" width=\"640\" height=\"436\" src=\"https:\/\/www.economicas.uba.ar\/extension\/vocesenelfenix\/wp-content\/uploads\/2706Gortari.jpg\" class=\"attachment-large size-large wp-post-image\" alt=\"\" srcset=\"https:\/\/www.economicas.uba.ar\/extension\/vocesenelfenix\/wp-content\/uploads\/2706Gortari.jpg 1080w, https:\/\/www.economicas.uba.ar\/extension\/vocesenelfenix\/wp-content\/uploads\/2706Gortari-300x204.jpg 300w, https:\/\/www.economicas.uba.ar\/extension\/vocesenelfenix\/wp-content\/uploads\/2706Gortari-768x523.jpg 768w\" sizes=\"(max-width: 640px) 100vw, 640px\" \/>\t\t\t<\/div>\n\t\t<\/div>\n        <div class=\"bm-blog-post-content bm_content_box\">\n            <h4 class=\"entry-post-title bm_title\"><a href=\"https:\/\/www.economicas.uba.ar\/extension\/vocesenelfenix\/concentracion-y-diferenciacion-social-en-la-economia-regional-yerbatera\/\" rel=\"bookmark\">Concentraci\u00f3n y diferenciaci\u00f3n social en la econom\u00eda regional yerbatera<\/a><\/h4>            <div class=\"bm-blog-post-meta entry-post-meta bm_meta\">\n                            <\/div>\n            <div class=\"entry-post-content bm_content\">\n                | Por Javier Gortari | La producci\u00f3n yerbatera es la tercera en importancia econ\u00f3mica en Misiones, despu\u00e9s de la construcci\u00f3n y la industria forestal. Sin embargo, existe una gran diferencia <div><a href=\"https:\/\/www.economicas.uba.ar\/extension\/vocesenelfenix\/concentracion-y-diferenciacion-social-en-la-economia-regional-yerbatera\/\" rel=\"bookmark\" class=\"bm-read-more entry-read-more\">M\u00e1s \u00bb<\/a><div>            <\/div>\n        <\/div>\n    <\/article>\n    <article id=\"post-15956\" class=\"item bm_layout post-15956 post type-post status-publish format-standard has-post-thumbnail hentry category-n-27 tag-agricultura-familiar tag-cristina-valenzuela tag-desarrollo tag-economias-regionales tag-nordeste-argentino\">\n\t\t<div class=\"bm-blog-post-image entry-post-image\">\n\t\t\t<div class=\"bm-post-image clearfix bm-hover-effect bm-hover-effect-blur\">\n\t\t\t\t<img loading=\"lazy\" decoding=\"async\" width=\"640\" height=\"437\" src=\"https:\/\/www.economicas.uba.ar\/extension\/vocesenelfenix\/wp-content\/uploads\/2707Valenzuela.jpg\" class=\"attachment-large size-large wp-post-image\" alt=\"\" srcset=\"https:\/\/www.economicas.uba.ar\/extension\/vocesenelfenix\/wp-content\/uploads\/2707Valenzuela.jpg 1080w, https:\/\/www.economicas.uba.ar\/extension\/vocesenelfenix\/wp-content\/uploads\/2707Valenzuela-300x205.jpg 300w, https:\/\/www.economicas.uba.ar\/extension\/vocesenelfenix\/wp-content\/uploads\/2707Valenzuela-768x524.jpg 768w\" sizes=\"(max-width: 640px) 100vw, 640px\" \/>\t\t\t<\/div>\n\t\t<\/div>\n        <div class=\"bm-blog-post-content bm_content_box\">\n            <h4 class=\"entry-post-title bm_title\"><a href=\"https:\/\/www.economicas.uba.ar\/extension\/vocesenelfenix\/potencialidades-y-desafios-para-el-desarrollo-de-la-agricultura-familiar-en-el-nordeste-argentino\/\" rel=\"bookmark\">Potencialidades y desaf\u00edos para el desarrollo de la agricultura familiar en el Nordeste argentino<\/a><\/h4>            <div class=\"bm-blog-post-meta entry-post-meta bm_meta\">\n                            <\/div>\n            <div class=\"entry-post-content bm_content\">\n                | Por Cristina Valenzuela | La agricultura familiar es un rasgo com\u00fan a las provincias que conforman la regi\u00f3n Nordeste de nuestro pa\u00eds. Representa al mismo tiempo una forma de <div><a href=\"https:\/\/www.economicas.uba.ar\/extension\/vocesenelfenix\/potencialidades-y-desafios-para-el-desarrollo-de-la-agricultura-familiar-en-el-nordeste-argentino\/\" rel=\"bookmark\" class=\"bm-read-more entry-read-more\">M\u00e1s \u00bb<\/a><div>            <\/div>\n        <\/div>\n    <\/article>\n    <article id=\"post-15963\" class=\"item bm_layout post-15963 post type-post status-publish format-standard has-post-thumbnail hentry category-n-27 tag-desigualdad tag-economias-regionales tag-jose-maria-maffeis tag-juan-esteban-waldbillig tag-marcela-lugones tag-politicas-economico-sociales tag-salto-grande tag-soledad-tonello\">\n\t\t<div class=\"bm-blog-post-image entry-post-image\">\n\t\t\t<div class=\"bm-post-image clearfix bm-hover-effect bm-hover-effect-blur\">\n\t\t\t\t<img loading=\"lazy\" decoding=\"async\" width=\"640\" height=\"436\" src=\"https:\/\/www.economicas.uba.ar\/extension\/vocesenelfenix\/wp-content\/uploads\/2708Lugones.jpg\" class=\"attachment-large size-large wp-post-image\" alt=\"\" srcset=\"https:\/\/www.economicas.uba.ar\/extension\/vocesenelfenix\/wp-content\/uploads\/2708Lugones.jpg 1080w, https:\/\/www.economicas.uba.ar\/extension\/vocesenelfenix\/wp-content\/uploads\/2708Lugones-300x204.jpg 300w, https:\/\/www.economicas.uba.ar\/extension\/vocesenelfenix\/wp-content\/uploads\/2708Lugones-768x523.jpg 768w\" sizes=\"(max-width: 640px) 100vw, 640px\" \/>\t\t\t<\/div>\n\t\t<\/div>\n        <div class=\"bm-blog-post-content bm_content_box\">\n            <h4 class=\"entry-post-title bm_title\"><a href=\"https:\/\/www.economicas.uba.ar\/extension\/vocesenelfenix\/politicas-economico-sociales-y-su-impacto-en-las-condiciones-de-vida-de-la-poblacion-en-la-region-de-salto-grande\/\" rel=\"bookmark\">Pol\u00edticas econ\u00f3mico-sociales y su impacto en las condiciones de vida de la poblaci\u00f3n en la regi\u00f3n de Salto Grande<\/a><\/h4>            <div class=\"bm-blog-post-meta entry-post-meta bm_meta\">\n                            <\/div>\n            <div class=\"entry-post-content bm_content\">\n                | Por Marcela Lugones, Jos\u00e9 Mar\u00eda Maffeis, Soledad Tonello y Juan Esteban Waldbillig | La regi\u00f3n de Salto Grande fue cambiando su fisonom\u00eda a lo largo de la historia seg\u00fan <div><a href=\"https:\/\/www.economicas.uba.ar\/extension\/vocesenelfenix\/politicas-economico-sociales-y-su-impacto-en-las-condiciones-de-vida-de-la-poblacion-en-la-region-de-salto-grande\/\" rel=\"bookmark\" class=\"bm-read-more entry-read-more\">M\u00e1s \u00bb<\/a><div>            <\/div>\n        <\/div>\n    <\/article>\n    <article id=\"post-15979\" class=\"item bm_layout post-15979 post type-post status-publish format-standard has-post-thumbnail hentry category-n-27 tag-barbara-altschuler tag-cooperativas tag-economias-regionales tag-empresas-familiares tag-estado tag-mendoza tag-patricia-a-collado tag-vitivinicultura\">\n\t\t<div class=\"bm-blog-post-image entry-post-image\">\n\t\t\t<div class=\"bm-post-image clearfix bm-hover-effect bm-hover-effect-blur\">\n\t\t\t\t<img loading=\"lazy\" decoding=\"async\" width=\"640\" height=\"436\" src=\"https:\/\/www.economicas.uba.ar\/extension\/vocesenelfenix\/wp-content\/uploads\/2709Altschuler.jpg\" class=\"attachment-large size-large wp-post-image\" alt=\"\" srcset=\"https:\/\/www.economicas.uba.ar\/extension\/vocesenelfenix\/wp-content\/uploads\/2709Altschuler.jpg 1080w, https:\/\/www.economicas.uba.ar\/extension\/vocesenelfenix\/wp-content\/uploads\/2709Altschuler-300x204.jpg 300w, https:\/\/www.economicas.uba.ar\/extension\/vocesenelfenix\/wp-content\/uploads\/2709Altschuler-768x523.jpg 768w\" sizes=\"(max-width: 640px) 100vw, 640px\" \/>\t\t\t<\/div>\n\t\t<\/div>\n        <div class=\"bm-blog-post-content bm_content_box\">\n            <h4 class=\"entry-post-title bm_title\"><a href=\"https:\/\/www.economicas.uba.ar\/extension\/vocesenelfenix\/transformaciones-en-la-vitivinicultura-mendocina-en-las-ultimas-decadas-el-doble-filo-de-la-estrategia-cooperativa\/\" rel=\"bookmark\">Transformaciones en la vitivinicultura mendocina en las \u00faltimas d\u00e9cadas: el doble filo de la \u201cestrategia cooperativa\u201d<\/a><\/h4>            <div class=\"bm-blog-post-meta entry-post-meta bm_meta\">\n                            <\/div>\n            <div class=\"entry-post-content bm_content\">\n                | Por B\u00e1rbara Altschuler y Patricia A. Collado | La Argentina se convirti\u00f3 en los \u00faltimos a\u00f1os en el quinto productor mundial de vinos. En el camino, la disputa entre <div><a href=\"https:\/\/www.economicas.uba.ar\/extension\/vocesenelfenix\/transformaciones-en-la-vitivinicultura-mendocina-en-las-ultimas-decadas-el-doble-filo-de-la-estrategia-cooperativa\/\" rel=\"bookmark\" class=\"bm-read-more entry-read-more\">M\u00e1s \u00bb<\/a><div>            <\/div>\n        <\/div>\n    <\/article>\n    <article id=\"post-15985\" class=\"item bm_layout post-15985 post type-post status-publish format-standard has-post-thumbnail hentry category-n-27 tag-desarrollo-regional tag-economias-regionales tag-josefina-vaca tag-marcelo-alos tag-san-juan tag-tecnologia tag-tecnologias-de-informacion-y-comunicacion\">\n\t\t<div class=\"bm-blog-post-image entry-post-image\">\n\t\t\t<div class=\"bm-post-image clearfix bm-hover-effect bm-hover-effect-blur\">\n\t\t\t\t<img loading=\"lazy\" decoding=\"async\" width=\"640\" height=\"437\" src=\"https:\/\/www.economicas.uba.ar\/extension\/vocesenelfenix\/wp-content\/uploads\/2710Alos.jpg\" class=\"attachment-large size-large wp-post-image\" alt=\"\" srcset=\"https:\/\/www.economicas.uba.ar\/extension\/vocesenelfenix\/wp-content\/uploads\/2710Alos.jpg 1080w, https:\/\/www.economicas.uba.ar\/extension\/vocesenelfenix\/wp-content\/uploads\/2710Alos-300x205.jpg 300w, https:\/\/www.economicas.uba.ar\/extension\/vocesenelfenix\/wp-content\/uploads\/2710Alos-768x525.jpg 768w\" sizes=\"(max-width: 640px) 100vw, 640px\" \/>\t\t\t<\/div>\n\t\t<\/div>\n        <div class=\"bm-blog-post-content bm_content_box\">\n            <h4 class=\"entry-post-title bm_title\"><a href=\"https:\/\/www.economicas.uba.ar\/extension\/vocesenelfenix\/tecnologia-y-desarrollo-regional-en-la-provincia-de-san-juan-tecnologias-de-informacion-y-comunicacion-tics-herramientas-para-el-fortalecimiento-de-los-eslabones-mas-debiles-de-la-cadena-productiv\/\" rel=\"bookmark\">Tecnolog\u00eda y desarrollo regional en la provincia de San Juan. Tecnolog\u00edas de Informaci\u00f3n y Comunicaci\u00f3n (TICs), herramientas para el fortalecimiento de los eslabones m\u00e1s d\u00e9biles de la cadena productiva<\/a><\/h4>            <div class=\"bm-blog-post-meta entry-post-meta bm_meta\">\n                            <\/div>\n            <div class=\"entry-post-content bm_content\">\n                | Por Marcelo Al\u00f3s y Josefina Vaca | El desarrollo tecnol\u00f3gico es un elemento fundamental para romper la transmisi\u00f3n intergeneracional de la pobreza y una valiosa herramienta para la inclusi\u00f3n <div><a href=\"https:\/\/www.economicas.uba.ar\/extension\/vocesenelfenix\/tecnologia-y-desarrollo-regional-en-la-provincia-de-san-juan-tecnologias-de-informacion-y-comunicacion-tics-herramientas-para-el-fortalecimiento-de-los-eslabones-mas-debiles-de-la-cadena-productiv\/\" rel=\"bookmark\" class=\"bm-read-more entry-read-more\">M\u00e1s \u00bb<\/a><div>            <\/div>\n        <\/div>\n    <\/article>\n    <article id=\"post-15997\" class=\"item bm_layout post-15997 post type-post status-publish format-standard has-post-thumbnail hentry category-n-27 tag-delia-de-la-torre tag-economias-regionales tag-exclusion tag-integracion tag-margarita-moscheni tag-san-juan tag-vitivinicultura\">\n\t\t<div class=\"bm-blog-post-image entry-post-image\">\n\t\t\t<div class=\"bm-post-image clearfix bm-hover-effect bm-hover-effect-blur\">\n\t\t\t\t<img loading=\"lazy\" decoding=\"async\" width=\"640\" height=\"436\" src=\"https:\/\/www.economicas.uba.ar\/extension\/vocesenelfenix\/wp-content\/uploads\/2711Torre.jpg\" class=\"attachment-large size-large wp-post-image\" alt=\"\" srcset=\"https:\/\/www.economicas.uba.ar\/extension\/vocesenelfenix\/wp-content\/uploads\/2711Torre.jpg 1080w, https:\/\/www.economicas.uba.ar\/extension\/vocesenelfenix\/wp-content\/uploads\/2711Torre-300x204.jpg 300w, https:\/\/www.economicas.uba.ar\/extension\/vocesenelfenix\/wp-content\/uploads\/2711Torre-768x523.jpg 768w\" sizes=\"(max-width: 640px) 100vw, 640px\" \/>\t\t\t<\/div>\n\t\t<\/div>\n        <div class=\"bm-blog-post-content bm_content_box\">\n            <h4 class=\"entry-post-title bm_title\"><a href=\"https:\/\/www.economicas.uba.ar\/extension\/vocesenelfenix\/transformaciones-en-la-vitivinicultura-en-la-provincia-de-san-juan-integracion-o-desintegracion-socioproductiva\/\" rel=\"bookmark\">Transformaciones en la vitivinicultura en la provincia de San Juan. \u00bfIntegraci\u00f3n o desintegraci\u00f3n socioproductiva?<\/a><\/h4>            <div class=\"bm-blog-post-meta entry-post-meta bm_meta\">\n                            <\/div>\n            <div class=\"entry-post-content bm_content\">\n                | Por Delia de la Torre y Margarita Moscheni | Con la globalizaci\u00f3n tuvo lugar la especializaci\u00f3n de producciones altamente demandadas por el mercado externo. El sector vitivin\u00edcola sanjuanino no <div><a href=\"https:\/\/www.economicas.uba.ar\/extension\/vocesenelfenix\/transformaciones-en-la-vitivinicultura-en-la-provincia-de-san-juan-integracion-o-desintegracion-socioproductiva\/\" rel=\"bookmark\" class=\"bm-read-more entry-read-more\">M\u00e1s \u00bb<\/a><div>            <\/div>\n        <\/div>\n    <\/article>\n    <article id=\"post-16003\" class=\"item bm_layout post-16003 post type-post status-publish format-standard has-post-thumbnail hentry category-n-27 tag-alejandro-rofman tag-capitalismo tag-concentracion-de-capital tag-crisis-mundial tag-economias-regionales\">\n\t\t<div class=\"bm-blog-post-image entry-post-image\">\n\t\t\t<div class=\"bm-post-image clearfix bm-hover-effect bm-hover-effect-blur\">\n\t\t\t\t<img loading=\"lazy\" decoding=\"async\" width=\"640\" height=\"437\" src=\"https:\/\/www.economicas.uba.ar\/extension\/vocesenelfenix\/wp-content\/uploads\/2712Rofman.jpg\" class=\"attachment-large size-large wp-post-image\" alt=\"\" srcset=\"https:\/\/www.economicas.uba.ar\/extension\/vocesenelfenix\/wp-content\/uploads\/2712Rofman.jpg 1080w, https:\/\/www.economicas.uba.ar\/extension\/vocesenelfenix\/wp-content\/uploads\/2712Rofman-300x205.jpg 300w, https:\/\/www.economicas.uba.ar\/extension\/vocesenelfenix\/wp-content\/uploads\/2712Rofman-768x525.jpg 768w\" sizes=\"(max-width: 640px) 100vw, 640px\" \/>\t\t\t<\/div>\n\t\t<\/div>\n        <div class=\"bm-blog-post-content bm_content_box\">\n            <h4 class=\"entry-post-title bm_title\"><a href=\"https:\/\/www.economicas.uba.ar\/extension\/vocesenelfenix\/nueva-configuracion-del-espacio-en-la-etapa-de-la-concentracion-capitalista\/\" rel=\"bookmark\">Nueva configuraci\u00f3n del espacio en la etapa de la concentraci\u00f3n capitalista<\/a><\/h4>            <div class=\"bm-blog-post-meta entry-post-meta bm_meta\">\n                            <\/div>\n            <div class=\"entry-post-content bm_content\">\n                | Por Alejandro Rofman | Los cambios acontecidos en el mundo en las \u00faltimas d\u00e9cadas en materia de pol\u00edtica econ\u00f3mica, crisis incluida, dejaron importantes da\u00f1os en el tejido social. La <div><a href=\"https:\/\/www.economicas.uba.ar\/extension\/vocesenelfenix\/nueva-configuracion-del-espacio-en-la-etapa-de-la-concentracion-capitalista\/\" rel=\"bookmark\" class=\"bm-read-more entry-read-more\">M\u00e1s \u00bb<\/a><div>            <\/div>\n        <\/div>\n    <\/article>\n\t\t\t\t<\/div><\/div>\n\t\t\t\t\t\t\t\t<\/div>\n\t\t\t\t<\/div>\n\t\t\t\t\t<\/div>\n\t\t<\/div>\n\t\t\t\t\t<\/div>\n\t\t<\/section>\n\t\t\t\t<section class=\"elementor-section elementor-top-section elementor-element elementor-element-efc3eff elementor-section-boxed elementor-section-height-default elementor-section-height-default\" data-id=\"efc3eff\" data-element_type=\"section\" data-e-type=\"section\" data-settings=\"{&quot;background_background&quot;:&quot;classic&quot;}\">\n\t\t\t\t\t\t<div class=\"elementor-container elementor-column-gap-default\">\n\t\t\t\t\t<div class=\"elementor-column elementor-col-100 elementor-top-column elementor-element elementor-element-1234963\" data-id=\"1234963\" data-element_type=\"column\" data-e-type=\"column\">\n\t\t\t<div class=\"elementor-widget-wrap elementor-element-populated\">\n\t\t\t\t\t\t<div class=\"elementor-element elementor-element-ff7eaa0 elementor-widget elementor-widget-text-editor\" data-id=\"ff7eaa0\" data-element_type=\"widget\" data-e-type=\"widget\" data-widget_type=\"text-editor.default\">\n\t\t\t\t<div class=\"elementor-widget-container\">\n\t\t\t\t\t\t\t\t\t<iframe width=\"560\" height=\"315\" src=\"https:\/\/www.youtube.com\/embed\/2zW6Lhpz7DA\" title=\"YouTube video player\" frameborder=\"0\" allow=\"accelerometer; autoplay; clipboard-write; encrypted-media; gyroscope; picture-in-picture\" allowfullscreen><\/iframe>\t\t\t\t\t\t\t\t<\/div>\n\t\t\t\t<\/div>\n\t\t\t\t\t<\/div>\n\t\t<\/div>\n\t\t\t\t\t<\/div>\n\t\t<\/section>\n\t\t\t\t<\/div>\n\t\t","protected":false},"excerpt":{"rendered":"<p>N\u00daMERO 27 VI\u00d1AS DE IRA ECONOM\u00cdAS REGIONALES LA MEJORA ECON\u00d3MICA INICIADA EN 2003 SE VIO REFLEJADA EN LA RECUPERACI\u00d3N DE LAS ECONOM\u00cdAS REGIONALES. SIN EMBARGO, TRABAJADORES Y POBLACIONES LOCALES NO<\/p>\n","protected":false},"author":5,"featured_media":0,"parent":0,"menu_order":0,"comment_status":"closed","ping_status":"closed","template":"","meta":{"footnotes":""},"class_list":["post-15896","page","type-page","status-publish","hentry"],"_links":{"self":[{"href":"https:\/\/www.economicas.uba.ar\/extension\/vocesenelfenix\/wp-json\/wp\/v2\/pages\/15896","targetHints":{"allow":["GET"]}}],"collection":[{"href":"https:\/\/www.economicas.uba.ar\/extension\/vocesenelfenix\/wp-json\/wp\/v2\/pages"}],"about":[{"href":"https:\/\/www.economicas.uba.ar\/extension\/vocesenelfenix\/wp-json\/wp\/v2\/types\/page"}],"author":[{"embeddable":true,"href":"https:\/\/www.economicas.uba.ar\/extension\/vocesenelfenix\/wp-json\/wp\/v2\/users\/5"}],"replies":[{"embeddable":true,"href":"https:\/\/www.economicas.uba.ar\/extension\/vocesenelfenix\/wp-json\/wp\/v2\/comments?post=15896"}],"version-history":[{"count":7,"href":"https:\/\/www.economicas.uba.ar\/extension\/vocesenelfenix\/wp-json\/wp\/v2\/pages\/15896\/revisions"}],"predecessor-version":[{"id":15910,"href":"https:\/\/www.economicas.uba.ar\/extension\/vocesenelfenix\/wp-json\/wp\/v2\/pages\/15896\/revisions\/15910"}],"wp:attachment":[{"href":"https:\/\/www.economicas.uba.ar\/extension\/vocesenelfenix\/wp-json\/wp\/v2\/media?parent=15896"}],"curies":[{"name":"wp","href":"https:\/\/api.w.org\/{rel}","templated":true}]}}