{"id":17654,"date":"2013-04-01T00:01:00","date_gmt":"2013-04-01T03:01:00","guid":{"rendered":"https:\/\/www.economicas.uba.ar\/extension\/vocesenelfenix\/?page_id=17654"},"modified":"2022-11-23T15:27:55","modified_gmt":"2022-11-23T18:27:55","slug":"numero-23","status":"publish","type":"page","link":"https:\/\/www.economicas.uba.ar\/extension\/vocesenelfenix\/numero-23\/","title":{"rendered":"N\u00famero 23"},"content":{"rendered":"\t\t<div data-elementor-type=\"wp-page\" data-elementor-id=\"17654\" class=\"elementor elementor-17654\" data-elementor-post-type=\"page\">\n\t\t\t\t\t\t<section class=\"elementor-section elementor-top-section elementor-element elementor-element-c7ff1ba elementor-section-boxed elementor-section-height-default elementor-section-height-default\" data-id=\"c7ff1ba\" data-element_type=\"section\" data-e-type=\"section\" data-settings=\"{&quot;background_background&quot;:&quot;classic&quot;}\">\n\t\t\t\t\t\t<div class=\"elementor-container elementor-column-gap-default\">\n\t\t\t\t\t<div class=\"elementor-column elementor-col-33 elementor-top-column elementor-element elementor-element-5b98bec\" data-id=\"5b98bec\" data-element_type=\"column\" data-e-type=\"column\">\n\t\t\t<div class=\"elementor-widget-wrap elementor-element-populated\">\n\t\t\t\t\t\t<div class=\"elementor-element elementor-element-c6df66b elementor-widget elementor-widget-image\" data-id=\"c6df66b\" data-element_type=\"widget\" data-e-type=\"widget\" data-widget_type=\"image.default\">\n\t\t\t\t<div class=\"elementor-widget-container\">\n\t\t\t\t\t\t\t\t\t\t\t\t\t\t\t\t<a href=\"https:\/\/drive.google.com\/file\/d\/1GEk_eVLK5sMqqiIpnIO8Pdi36bqYJFpD\/view\" target=\"_blank\">\n\t\t\t\t\t\t\t<img fetchpriority=\"high\" decoding=\"async\" width=\"193\" height=\"267\" src=\"https:\/\/www.economicas.uba.ar\/extension\/vocesenelfenix\/wp-content\/uploads\/tapa23.jpg\" class=\"attachment-large size-large wp-image-1891\" alt=\"\" \/>\t\t\t\t\t\t\t\t<\/a>\n\t\t\t\t\t\t\t\t\t\t\t\t\t\t\t<\/div>\n\t\t\t\t<\/div>\n\t\t\t\t\t<\/div>\n\t\t<\/div>\n\t\t\t\t<div class=\"elementor-column elementor-col-66 elementor-top-column elementor-element elementor-element-0334af3\" data-id=\"0334af3\" data-element_type=\"column\" data-e-type=\"column\">\n\t\t\t<div class=\"elementor-widget-wrap elementor-element-populated\">\n\t\t\t\t\t\t<div class=\"elementor-element elementor-element-0d20559 elementor-widget elementor-widget-text-editor\" data-id=\"0d20559\" data-element_type=\"widget\" data-e-type=\"widget\" data-widget_type=\"text-editor.default\">\n\t\t\t\t<div class=\"elementor-widget-container\">\n\t\t\t\t\t\t\t\t\t<h5>N\u00daMERO 23<\/h5><h3>NOSOTROS LOS POBRES<\/h3><h6>POBREZA<\/h6><p><br \/>LA POBREZA ES UN TEMA POR DEM\u00c1S COMPLEJO Y CON M\u00daLTIPLES DIMENSIONES. SER POBRE NO SIGNIFICA \u00daNICAMENTE NO CONTAR CON LOS MEDIOS SUFICIENTES PARA SATISFACER LAS NECESIDADES B\u00c1SICAS. ES EL ESTADO QUIEN DEBE GARANTIZAR UN PISO REAL DE IGUALDAD PARA TERMINAR CON LAS INEQUIDADES Y PROTEGER A LOS SECTORES M\u00c1S VULNERABLES DE LA SOCIEDAD. AL GUNOS APORTES PARA LOGRAR ESTE OBJETIVO.<\/p>\t\t\t\t\t\t\t\t<\/div>\n\t\t\t\t<\/div>\n\t\t\t\t<div class=\"elementor-element elementor-element-9487593 elementor-widget elementor-widget-button\" data-id=\"9487593\" data-element_type=\"widget\" data-e-type=\"widget\" data-widget_type=\"button.default\">\n\t\t\t\t<div class=\"elementor-widget-container\">\n\t\t\t\t\t\t\t\t\t<div class=\"elementor-button-wrapper\">\n\t\t\t\t\t<a class=\"elementor-button elementor-button-link elementor-size-xs\" href=\"https:\/\/drive.google.com\/file\/d\/1GEk_eVLK5sMqqiIpnIO8Pdi36bqYJFpD\/view\" target=\"_blank\">\n\t\t\t\t\t\t<span class=\"elementor-button-content-wrapper\">\n\t\t\t\t\t\t\t\t\t<span class=\"elementor-button-text\">Descarg\u00e1 el PDF<\/span>\n\t\t\t\t\t<\/span>\n\t\t\t\t\t<\/a>\n\t\t\t\t<\/div>\n\t\t\t\t\t\t\t\t<\/div>\n\t\t\t\t<\/div>\n\t\t\t\t\t<\/div>\n\t\t<\/div>\n\t\t\t\t\t<\/div>\n\t\t<\/section>\n\t\t\t\t<section class=\"elementor-section elementor-top-section elementor-element elementor-element-a9f000c elementor-section-boxed elementor-section-height-default elementor-section-height-default\" data-id=\"a9f000c\" data-element_type=\"section\" data-e-type=\"section\">\n\t\t\t\t\t\t<div class=\"elementor-container elementor-column-gap-default\">\n\t\t\t\t\t<div class=\"elementor-column elementor-col-100 elementor-top-column elementor-element elementor-element-3ec4fb9\" data-id=\"3ec4fb9\" data-element_type=\"column\" data-e-type=\"column\">\n\t\t\t<div class=\"elementor-widget-wrap elementor-element-populated\">\n\t\t\t\t\t\t<div class=\"elementor-element elementor-element-7611e3c elementor-grid-3 elementor-grid-tablet-2 elementor-grid-mobile-1 elementor-posts--align-left elementor-widget elementor-widget-blogmentor_blog_posts\" data-id=\"7611e3c\" data-element_type=\"widget\" data-e-type=\"widget\" data-settings=\"{&quot;bm_grid_columns&quot;:&quot;3&quot;,&quot;bm_grid_columns_tablet&quot;:&quot;2&quot;,&quot;bm_grid_columns_mobile&quot;:&quot;1&quot;,&quot;post_card_grid_gap&quot;:{&quot;unit&quot;:&quot;px&quot;,&quot;size&quot;:10,&quot;sizes&quot;:[]},&quot;post_card_row_gap&quot;:{&quot;unit&quot;:&quot;px&quot;,&quot;size&quot;:35,&quot;sizes&quot;:[]}}\" data-widget_type=\"blogmentor_blog_posts.default\">\n\t\t\t\t<div class=\"elementor-widget-container\">\n\t\t\t\t\t\t\t\n\t\t\t\t\t\t\t\t<div class=\"bm-blog-posts-wrapper\" >\n\t\t\t\t\t\t\t<div class=\"bm-blog-posts bm-display-grid elementor-grid elementor-grid-3\" >\n\t\t\t\t    <article id=\"post-17660\" class=\"item bm_layout post-17660 post type-post status-publish format-standard has-post-thumbnail hentry category-n-23 tag-abraham-leonardo-gak tag-editorial tag-pobreza\">\n\t\t<div class=\"bm-blog-post-image entry-post-image\">\n\t\t\t<div class=\"bm-post-image clearfix bm-hover-effect bm-hover-effect-blur\">\n\t\t\t\t<img decoding=\"async\" width=\"640\" height=\"434\" src=\"https:\/\/www.economicas.uba.ar\/extension\/vocesenelfenix\/wp-content\/uploads\/2300Editorial.jpg\" class=\"attachment-large size-large wp-post-image\" alt=\"\" srcset=\"https:\/\/www.economicas.uba.ar\/extension\/vocesenelfenix\/wp-content\/uploads\/2300Editorial.jpg 1080w, https:\/\/www.economicas.uba.ar\/extension\/vocesenelfenix\/wp-content\/uploads\/2300Editorial-300x203.jpg 300w, https:\/\/www.economicas.uba.ar\/extension\/vocesenelfenix\/wp-content\/uploads\/2300Editorial-768x521.jpg 768w\" sizes=\"(max-width: 640px) 100vw, 640px\" \/>\t\t\t<\/div>\n\t\t<\/div>\n        <div class=\"bm-blog-post-content bm_content_box\">\n            <h4 class=\"entry-post-title bm_title\"><a href=\"https:\/\/www.economicas.uba.ar\/extension\/vocesenelfenix\/editorial-pobreza-un-tema-del-que-muchos-hablan-y-que-pocos-tratan-de-resolver\/\" rel=\"bookmark\">Editorial: Pobreza, un tema del que muchos hablan y que pocos tratan de resolver<\/a><\/h4>            <div class=\"bm-blog-post-meta entry-post-meta bm_meta\">\n                            <\/div>\n            <div class=\"entry-post-content bm_content\">\n                | Por Abraham Leonardo Gak |            <\/div>\n        <\/div>\n    <\/article>\n    <article id=\"post-17732\" class=\"item bm_layout post-17732 post type-post status-publish format-standard has-post-thumbnail hentry category-n-23 tag-argentina tag-estado tag-jose-luis-moreno tag-pobreza tag-politicas-sociales\">\n\t\t<div class=\"bm-blog-post-image entry-post-image\">\n\t\t\t<div class=\"bm-post-image clearfix bm-hover-effect bm-hover-effect-blur\">\n\t\t\t\t<img decoding=\"async\" width=\"640\" height=\"427\" src=\"https:\/\/www.economicas.uba.ar\/extension\/vocesenelfenix\/wp-content\/uploads\/2301Moreno.jpg\" class=\"attachment-large size-large wp-post-image\" alt=\"\" srcset=\"https:\/\/www.economicas.uba.ar\/extension\/vocesenelfenix\/wp-content\/uploads\/2301Moreno.jpg 1080w, https:\/\/www.economicas.uba.ar\/extension\/vocesenelfenix\/wp-content\/uploads\/2301Moreno-300x200.jpg 300w, https:\/\/www.economicas.uba.ar\/extension\/vocesenelfenix\/wp-content\/uploads\/2301Moreno-768x512.jpg 768w, https:\/\/www.economicas.uba.ar\/extension\/vocesenelfenix\/wp-content\/uploads\/2301Moreno-640x426.jpg 640w\" sizes=\"(max-width: 640px) 100vw, 640px\" \/>\t\t\t<\/div>\n\t\t<\/div>\n        <div class=\"bm-blog-post-content bm_content_box\">\n            <h4 class=\"entry-post-title bm_title\"><a href=\"https:\/\/www.economicas.uba.ar\/extension\/vocesenelfenix\/pobreza-y-politicas-sociales-en-la-argentina-1854-1955\/\" rel=\"bookmark\">Pobreza y pol\u00edticas sociales en la Argentina, 1854-1955<\/a><\/h4>            <div class=\"bm-blog-post-meta entry-post-meta bm_meta\">\n                            <\/div>\n            <div class=\"entry-post-content bm_content\">\n                | Por Jos\u00e9 Luis Moreno | Un recorrido por la historia de las pol\u00edticas sociales en nuestro pa\u00eds, desde las iniciativas de Rivadavia hasta el primer gobierno de Per\u00f3n. El <div><a href=\"https:\/\/www.economicas.uba.ar\/extension\/vocesenelfenix\/pobreza-y-politicas-sociales-en-la-argentina-1854-1955\/\" rel=\"bookmark\" class=\"bm-read-more entry-read-more\">M\u00e1s \u00bb<\/a><div>            <\/div>\n        <\/div>\n    <\/article>\n    <article id=\"post-17738\" class=\"item bm_layout post-17738 post type-post status-publish format-standard has-post-thumbnail hentry category-n-23 tag-ana-grondona tag-condiciones-de-vida-obrera tag-estado tag-marginalidad-social tag-paula-aguilar tag-pobreza tag-politicas-sociales\">\n\t\t<div class=\"bm-blog-post-image entry-post-image\">\n\t\t\t<div class=\"bm-post-image clearfix bm-hover-effect bm-hover-effect-blur\">\n\t\t\t\t<img loading=\"lazy\" decoding=\"async\" width=\"640\" height=\"432\" src=\"https:\/\/www.economicas.uba.ar\/extension\/vocesenelfenix\/wp-content\/uploads\/2302Aguilar.jpg\" class=\"attachment-large size-large wp-post-image\" alt=\"\" srcset=\"https:\/\/www.economicas.uba.ar\/extension\/vocesenelfenix\/wp-content\/uploads\/2302Aguilar.jpg 1080w, https:\/\/www.economicas.uba.ar\/extension\/vocesenelfenix\/wp-content\/uploads\/2302Aguilar-300x203.jpg 300w, https:\/\/www.economicas.uba.ar\/extension\/vocesenelfenix\/wp-content\/uploads\/2302Aguilar-768x518.jpg 768w\" sizes=\"(max-width: 640px) 100vw, 640px\" \/>\t\t\t<\/div>\n\t\t<\/div>\n        <div class=\"bm-blog-post-content bm_content_box\">\n            <h4 class=\"entry-post-title bm_title\"><a href=\"https:\/\/www.economicas.uba.ar\/extension\/vocesenelfenix\/condiciones-de-vida-obrera-y-marginalidad-social-un-estudio-arqueologico-de-los-saberes-expertos-de-la-pobreza\/\" rel=\"bookmark\">Condiciones de vida obrera y marginalidad social. Un estudio arqueol\u00f3gico de los \u201csaberes expertos de la pobreza\u201d<\/a><\/h4>            <div class=\"bm-blog-post-meta entry-post-meta bm_meta\">\n                            <\/div>\n            <div class=\"entry-post-content bm_content\">\n                | Por Paula Aguilar y Ana Grondona | Un recorrido por la historia de las pol\u00edticas sociales en nuestro pa\u00eds, desde las iniciativas de Rivadavia hasta el primer gobierno de <div><a href=\"https:\/\/www.economicas.uba.ar\/extension\/vocesenelfenix\/condiciones-de-vida-obrera-y-marginalidad-social-un-estudio-arqueologico-de-los-saberes-expertos-de-la-pobreza\/\" rel=\"bookmark\" class=\"bm-read-more entry-read-more\">M\u00e1s \u00bb<\/a><div>            <\/div>\n        <\/div>\n    <\/article>\n    <article id=\"post-17744\" class=\"item bm_layout post-17744 post type-post status-publish format-standard has-post-thumbnail hentry category-n-23 tag-argentina tag-claudia-daniel tag-dictadura tag-gabriel-vommaro tag-pobreza\">\n\t\t<div class=\"bm-blog-post-image entry-post-image\">\n\t\t\t<div class=\"bm-post-image clearfix bm-hover-effect bm-hover-effect-blur\">\n\t\t\t\t<img loading=\"lazy\" decoding=\"async\" width=\"640\" height=\"431\" src=\"https:\/\/www.economicas.uba.ar\/extension\/vocesenelfenix\/wp-content\/uploads\/2303Vommaro.jpg\" class=\"attachment-large size-large wp-post-image\" alt=\"\" srcset=\"https:\/\/www.economicas.uba.ar\/extension\/vocesenelfenix\/wp-content\/uploads\/2303Vommaro.jpg 1080w, https:\/\/www.economicas.uba.ar\/extension\/vocesenelfenix\/wp-content\/uploads\/2303Vommaro-300x202.jpg 300w, https:\/\/www.economicas.uba.ar\/extension\/vocesenelfenix\/wp-content\/uploads\/2303Vommaro-768x517.jpg 768w\" sizes=\"(max-width: 640px) 100vw, 640px\" \/>\t\t\t<\/div>\n\t\t<\/div>\n        <div class=\"bm-blog-post-content bm_content_box\">\n            <h4 class=\"entry-post-title bm_title\"><a href=\"https:\/\/www.economicas.uba.ar\/extension\/vocesenelfenix\/cuantos-son-los-pobres-contribuciones-a-la-historia-de-su-definicion-estadistica-en-la-argentina-de-los-anos-ochenta\/\" rel=\"bookmark\">\u00bfCu\u00e1ntos son los pobres? Contribuciones a la historia de su definici\u00f3n estad\u00edstica en la Argentina de los a\u00f1os ochenta<\/a><\/h4>            <div class=\"bm-blog-post-meta entry-post-meta bm_meta\">\n                            <\/div>\n            <div class=\"entry-post-content bm_content\">\n                | Por Gabriel Vommaro y Claudia Daniel | La disputa en torno al concepto de pobreza fue clave para pensar c\u00f3mo reparar los da\u00f1os causados por la dictadura y con <div><a href=\"https:\/\/www.economicas.uba.ar\/extension\/vocesenelfenix\/cuantos-son-los-pobres-contribuciones-a-la-historia-de-su-definicion-estadistica-en-la-argentina-de-los-anos-ochenta\/\" rel=\"bookmark\" class=\"bm-read-more entry-read-more\">M\u00e1s \u00bb<\/a><div>            <\/div>\n        <\/div>\n    <\/article>\n    <article id=\"post-17750\" class=\"item bm_layout post-17750 post type-post status-publish format-standard has-post-thumbnail hentry category-n-23 tag-crecimiento tag-desigualdad tag-distribucion-del-ingreso tag-empleo tag-javier-lindenboim tag-pobreza\">\n\t\t<div class=\"bm-blog-post-image entry-post-image\">\n\t\t\t<div class=\"bm-post-image clearfix bm-hover-effect bm-hover-effect-blur\">\n\t\t\t\t<img loading=\"lazy\" decoding=\"async\" width=\"640\" height=\"398\" src=\"https:\/\/www.economicas.uba.ar\/extension\/vocesenelfenix\/wp-content\/uploads\/2304Lindenboim.jpg\" class=\"attachment-large size-large wp-post-image\" alt=\"\" srcset=\"https:\/\/www.economicas.uba.ar\/extension\/vocesenelfenix\/wp-content\/uploads\/2304Lindenboim.jpg 1080w, https:\/\/www.economicas.uba.ar\/extension\/vocesenelfenix\/wp-content\/uploads\/2304Lindenboim-300x186.jpg 300w, https:\/\/www.economicas.uba.ar\/extension\/vocesenelfenix\/wp-content\/uploads\/2304Lindenboim-768x477.jpg 768w\" sizes=\"(max-width: 640px) 100vw, 640px\" \/>\t\t\t<\/div>\n\t\t<\/div>\n        <div class=\"bm-blog-post-content bm_content_box\">\n            <h4 class=\"entry-post-title bm_title\"><a href=\"https:\/\/www.economicas.uba.ar\/extension\/vocesenelfenix\/el-empleo-y-la-distribucion-del-ingreso-en-debate\/\" rel=\"bookmark\">El empleo y la distribuci\u00f3n del ingreso en debate<\/a><\/h4>            <div class=\"bm-blog-post-meta entry-post-meta bm_meta\">\n                            <\/div>\n            <div class=\"entry-post-content bm_content\">\n                | Por Javier Lindenboim | Tras 10 a\u00f1os de crecimiento sostenido, alrededor del 35% de los trabajadores en relaci\u00f3n de dependencia contin\u00faan desprotegidos, los niveles de desigualdad bajaron escasamente y <div><a href=\"https:\/\/www.economicas.uba.ar\/extension\/vocesenelfenix\/el-empleo-y-la-distribucion-del-ingreso-en-debate\/\" rel=\"bookmark\" class=\"bm-read-more entry-read-more\">M\u00e1s \u00bb<\/a><div>            <\/div>\n        <\/div>\n    <\/article>\n    <article id=\"post-17762\" class=\"item bm_layout post-17762 post type-post status-publish format-standard has-post-thumbnail hentry category-n-23 tag-argentina tag-asignacion-universal-por-hijo tag-claudia-danani tag-condiciones-de-vida tag-pobreza tag-reforma-previsional tag-seguridad-social tag-susana-hintze\">\n\t\t<div class=\"bm-blog-post-image entry-post-image\">\n\t\t\t<div class=\"bm-post-image clearfix bm-hover-effect bm-hover-effect-blur\">\n\t\t\t\t<img loading=\"lazy\" decoding=\"async\" width=\"640\" height=\"432\" src=\"https:\/\/www.economicas.uba.ar\/extension\/vocesenelfenix\/wp-content\/uploads\/2305Danani.jpg\" class=\"attachment-large size-large wp-post-image\" alt=\"\" srcset=\"https:\/\/www.economicas.uba.ar\/extension\/vocesenelfenix\/wp-content\/uploads\/2305Danani.jpg 1080w, https:\/\/www.economicas.uba.ar\/extension\/vocesenelfenix\/wp-content\/uploads\/2305Danani-300x203.jpg 300w, https:\/\/www.economicas.uba.ar\/extension\/vocesenelfenix\/wp-content\/uploads\/2305Danani-768x518.jpg 768w\" sizes=\"(max-width: 640px) 100vw, 640px\" \/>\t\t\t<\/div>\n\t\t<\/div>\n        <div class=\"bm-blog-post-content bm_content_box\">\n            <h4 class=\"entry-post-title bm_title\"><a href=\"https:\/\/www.economicas.uba.ar\/extension\/vocesenelfenix\/seguridad-social-y-condiciones-de-vida-la-proteccion-social-en-la-argentina-entre-2002-y-2012\/\" rel=\"bookmark\">Seguridad social y condiciones de vida la protecci\u00f3n social en la Argentina entre 2002 y 2012<\/a><\/h4>            <div class=\"bm-blog-post-meta entry-post-meta bm_meta\">\n                            <\/div>\n            <div class=\"entry-post-content bm_content\">\n                | Por Claudia Danani y Susana Hintze | Tras el retroceso experimentado en los noventa, la puesta en marcha de la reforma previsional y la Asignaci\u00f3n Universal por Hijo permiti\u00f3 <div><a href=\"https:\/\/www.economicas.uba.ar\/extension\/vocesenelfenix\/seguridad-social-y-condiciones-de-vida-la-proteccion-social-en-la-argentina-entre-2002-y-2012\/\" rel=\"bookmark\" class=\"bm-read-more entry-read-more\">M\u00e1s \u00bb<\/a><div>            <\/div>\n        <\/div>\n    <\/article>\n    <article id=\"post-17770\" class=\"item bm_layout post-17770 post type-post status-publish format-standard has-post-thumbnail hentry category-n-23 tag-argentina tag-emilia-roca tag-exclusion tag-indigencia tag-pobreza tag-proteccion-social\">\n\t\t<div class=\"bm-blog-post-image entry-post-image\">\n\t\t\t<div class=\"bm-post-image clearfix bm-hover-effect bm-hover-effect-blur\">\n\t\t\t\t<img loading=\"lazy\" decoding=\"async\" width=\"640\" height=\"433\" src=\"https:\/\/www.economicas.uba.ar\/extension\/vocesenelfenix\/wp-content\/uploads\/2306Roca.jpg\" class=\"attachment-large size-large wp-post-image\" alt=\"\" srcset=\"https:\/\/www.economicas.uba.ar\/extension\/vocesenelfenix\/wp-content\/uploads\/2306Roca.jpg 1080w, https:\/\/www.economicas.uba.ar\/extension\/vocesenelfenix\/wp-content\/uploads\/2306Roca-300x203.jpg 300w, https:\/\/www.economicas.uba.ar\/extension\/vocesenelfenix\/wp-content\/uploads\/2306Roca-768x519.jpg 768w\" sizes=\"(max-width: 640px) 100vw, 640px\" \/>\t\t\t<\/div>\n\t\t<\/div>\n        <div class=\"bm-blog-post-content bm_content_box\">\n            <h4 class=\"entry-post-title bm_title\"><a href=\"https:\/\/www.economicas.uba.ar\/extension\/vocesenelfenix\/politicas-de-proteccion-social-y-su-impacto-en-la-reduccion-de-la-pobreza-en-la-argentina-2003-2012\/\" rel=\"bookmark\">Pol\u00edticas de protecci\u00f3n social y su impacto en la reducci\u00f3n de la pobreza en la Argentina 2003-2012<\/a><\/h4>            <div class=\"bm-blog-post-meta entry-post-meta bm_meta\">\n                            <\/div>\n            <div class=\"entry-post-content bm_content\">\n                | Por Emilia Roca | Desde 2003 el gobierno nacional viene desarrollando una serie de pol\u00edticas que, tendientes a eliminar la pobreza y la indigencia, permitieron la incorporaci\u00f3n de vastos <div><a href=\"https:\/\/www.economicas.uba.ar\/extension\/vocesenelfenix\/politicas-de-proteccion-social-y-su-impacto-en-la-reduccion-de-la-pobreza-en-la-argentina-2003-2012\/\" rel=\"bookmark\" class=\"bm-read-more entry-read-more\">M\u00e1s \u00bb<\/a><div>            <\/div>\n        <\/div>\n    <\/article>\n    <article id=\"post-17776\" class=\"item bm_layout post-17776 post type-post status-publish format-standard has-post-thumbnail hentry category-n-23 tag-argentina tag-desigualdad tag-hector-palomino tag-informalidad-laboral tag-pobreza\">\n\t\t<div class=\"bm-blog-post-image entry-post-image\">\n\t\t\t<div class=\"bm-post-image clearfix bm-hover-effect bm-hover-effect-blur\">\n\t\t\t\t<img loading=\"lazy\" decoding=\"async\" width=\"640\" height=\"433\" src=\"https:\/\/www.economicas.uba.ar\/extension\/vocesenelfenix\/wp-content\/uploads\/2307Palomino.jpg\" class=\"attachment-large size-large wp-post-image\" alt=\"\" srcset=\"https:\/\/www.economicas.uba.ar\/extension\/vocesenelfenix\/wp-content\/uploads\/2307Palomino.jpg 1080w, https:\/\/www.economicas.uba.ar\/extension\/vocesenelfenix\/wp-content\/uploads\/2307Palomino-300x203.jpg 300w, https:\/\/www.economicas.uba.ar\/extension\/vocesenelfenix\/wp-content\/uploads\/2307Palomino-768x519.jpg 768w\" sizes=\"(max-width: 640px) 100vw, 640px\" \/>\t\t\t<\/div>\n\t\t<\/div>\n        <div class=\"bm-blog-post-content bm_content_box\">\n            <h4 class=\"entry-post-title bm_title\"><a href=\"https:\/\/www.economicas.uba.ar\/extension\/vocesenelfenix\/informalidad-laboral-y-desigualdad-en-la-argentina-hoy\/\" rel=\"bookmark\">Informalidad laboral y desigualdad en la Argentina hoy<\/a><\/h4>            <div class=\"bm-blog-post-meta entry-post-meta bm_meta\">\n                            <\/div>\n            <div class=\"entry-post-content bm_content\">\n                | Por H\u00e9ctor Palomino | A lo largo de la \u00faltima d\u00e9cada la regi\u00f3n, y nuestro pa\u00eds en particular, lograron atenuar las desigualdades de ingreso al mismo tiempo que disminuy\u00f3 <div><a href=\"https:\/\/www.economicas.uba.ar\/extension\/vocesenelfenix\/informalidad-laboral-y-desigualdad-en-la-argentina-hoy\/\" rel=\"bookmark\" class=\"bm-read-more entry-read-more\">M\u00e1s \u00bb<\/a><div>            <\/div>\n        <\/div>\n    <\/article>\n    <article id=\"post-17784\" class=\"item bm_layout post-17784 post type-post status-publish format-standard has-post-thumbnail hentry category-n-23 tag-empleo tag-inclusion-social tag-laura-spagnolo tag-marta-novick tag-pobreza tag-proteccion-social tag-salario tag-soledad-villafane\">\n\t\t<div class=\"bm-blog-post-image entry-post-image\">\n\t\t\t<div class=\"bm-post-image clearfix bm-hover-effect bm-hover-effect-blur\">\n\t\t\t\t<img loading=\"lazy\" decoding=\"async\" width=\"640\" height=\"431\" src=\"https:\/\/www.economicas.uba.ar\/extension\/vocesenelfenix\/wp-content\/uploads\/2308Novick.jpg\" class=\"attachment-large size-large wp-post-image\" alt=\"\" srcset=\"https:\/\/www.economicas.uba.ar\/extension\/vocesenelfenix\/wp-content\/uploads\/2308Novick.jpg 1080w, https:\/\/www.economicas.uba.ar\/extension\/vocesenelfenix\/wp-content\/uploads\/2308Novick-300x202.jpg 300w, https:\/\/www.economicas.uba.ar\/extension\/vocesenelfenix\/wp-content\/uploads\/2308Novick-768x518.jpg 768w\" sizes=\"(max-width: 640px) 100vw, 640px\" \/>\t\t\t<\/div>\n\t\t<\/div>\n        <div class=\"bm-blog-post-content bm_content_box\">\n            <h4 class=\"entry-post-title bm_title\"><a href=\"https:\/\/www.economicas.uba.ar\/extension\/vocesenelfenix\/recuperando-la-inclusion-social-avances-y-cuestiones-pendientes\/\" rel=\"bookmark\">Recuperando la inclusi\u00f3n social. Avances y cuestiones pendientes<\/a><\/h4>            <div class=\"bm-blog-post-meta entry-post-meta bm_meta\">\n                            <\/div>\n            <div class=\"entry-post-content bm_content\">\n                | Por Marta Novick, Laura Spagnolo y Soledad Villafa\u00f1e | Las mejoras en el empleo y los salarios son el principal factor de inclusi\u00f3n social. Sin embargo, queda a\u00fan pendiente <div><a href=\"https:\/\/www.economicas.uba.ar\/extension\/vocesenelfenix\/recuperando-la-inclusion-social-avances-y-cuestiones-pendientes\/\" rel=\"bookmark\" class=\"bm-read-more entry-read-more\">M\u00e1s \u00bb<\/a><div>            <\/div>\n        <\/div>\n    <\/article>\n    <article id=\"post-17794\" class=\"item bm_layout post-17794 post type-post status-publish format-standard has-post-thumbnail hentry category-n-23 tag-adriana-marshall tag-desigualdad-salarial tag-estado tag-inflacion tag-pobreza tag-salario tag-sindicatos\">\n\t\t<div class=\"bm-blog-post-image entry-post-image\">\n\t\t\t<div class=\"bm-post-image clearfix bm-hover-effect bm-hover-effect-blur\">\n\t\t\t\t<img loading=\"lazy\" decoding=\"async\" width=\"640\" height=\"432\" src=\"https:\/\/www.economicas.uba.ar\/extension\/vocesenelfenix\/wp-content\/uploads\/2309Marshall.jpg\" class=\"attachment-large size-large wp-post-image\" alt=\"\" srcset=\"https:\/\/www.economicas.uba.ar\/extension\/vocesenelfenix\/wp-content\/uploads\/2309Marshall.jpg 1080w, https:\/\/www.economicas.uba.ar\/extension\/vocesenelfenix\/wp-content\/uploads\/2309Marshall-300x203.jpg 300w, https:\/\/www.economicas.uba.ar\/extension\/vocesenelfenix\/wp-content\/uploads\/2309Marshall-768x518.jpg 768w\" sizes=\"(max-width: 640px) 100vw, 640px\" \/>\t\t\t<\/div>\n\t\t<\/div>\n        <div class=\"bm-blog-post-content bm_content_box\">\n            <h4 class=\"entry-post-title bm_title\"><a href=\"https:\/\/www.economicas.uba.ar\/extension\/vocesenelfenix\/desigualdad-salarial-en-la-argentina-efectos-de-cambios-economicos-e-institucionales\/\" rel=\"bookmark\">Desigualdad salarial en la Argentina efectos de cambios econ\u00f3micos e institucionales<\/a><\/h4>            <div class=\"bm-blog-post-meta entry-post-meta bm_meta\">\n                            <\/div>\n            <div class=\"entry-post-content bm_content\">\n                | Por Adriana Marshall | La evoluci\u00f3n de los salarios \u2013con claros efectos sobre el grado de desigualdad\u2013 est\u00e1 determinada por varios factores. Entre ellos se destacan la tasa de <div><a href=\"https:\/\/www.economicas.uba.ar\/extension\/vocesenelfenix\/desigualdad-salarial-en-la-argentina-efectos-de-cambios-economicos-e-institucionales\/\" rel=\"bookmark\" class=\"bm-read-more entry-read-more\">M\u00e1s \u00bb<\/a><div>            <\/div>\n        <\/div>\n    <\/article>\n    <article id=\"post-17801\" class=\"item bm_layout post-17801 post type-post status-publish format-standard has-post-thumbnail hentry category-n-23 tag-alberto-minujin-2 tag-ana-capuano tag-educacion tag-pobreza tag-pobreza-infantil tag-proteccion-social tag-salud tag-valeria-llobet\">\n\t\t<div class=\"bm-blog-post-image entry-post-image\">\n\t\t\t<div class=\"bm-post-image clearfix bm-hover-effect bm-hover-effect-blur\">\n\t\t\t\t<img loading=\"lazy\" decoding=\"async\" width=\"640\" height=\"431\" src=\"https:\/\/www.economicas.uba.ar\/extension\/vocesenelfenix\/wp-content\/uploads\/2310Minujin.jpg\" class=\"attachment-large size-large wp-post-image\" alt=\"\" srcset=\"https:\/\/www.economicas.uba.ar\/extension\/vocesenelfenix\/wp-content\/uploads\/2310Minujin.jpg 1080w, https:\/\/www.economicas.uba.ar\/extension\/vocesenelfenix\/wp-content\/uploads\/2310Minujin-300x202.jpg 300w, https:\/\/www.economicas.uba.ar\/extension\/vocesenelfenix\/wp-content\/uploads\/2310Minujin-768x517.jpg 768w\" sizes=\"(max-width: 640px) 100vw, 640px\" \/>\t\t\t<\/div>\n\t\t<\/div>\n        <div class=\"bm-blog-post-content bm_content_box\">\n            <h4 class=\"entry-post-title bm_title\"><a href=\"https:\/\/www.economicas.uba.ar\/extension\/vocesenelfenix\/el-desafio-de-la-pobreza-infantil-hacia-una-reconceptualizacion-y-medicion-multidimensional\/\" rel=\"bookmark\">El desaf\u00edo de la pobreza infantil hacia una reconceptualizaci\u00f3n y medici\u00f3n multidimensional<\/a><\/h4>            <div class=\"bm-blog-post-meta entry-post-meta bm_meta\">\n                            <\/div>\n            <div class=\"entry-post-content bm_content\">\n                | Por Alberto Minujin, Ana Capuano y Valeria Llobet | La pobreza infantil tiene aspectos espec\u00edficos que la caracterizan. La agenda pol\u00edtica debe incluir elementos como la mejora de los <div><a href=\"https:\/\/www.economicas.uba.ar\/extension\/vocesenelfenix\/el-desafio-de-la-pobreza-infantil-hacia-una-reconceptualizacion-y-medicion-multidimensional\/\" rel=\"bookmark\" class=\"bm-read-more entry-read-more\">M\u00e1s \u00bb<\/a><div>            <\/div>\n        <\/div>\n    <\/article>\n    <article id=\"post-17807\" class=\"item bm_layout post-17807 post type-post status-publish format-standard has-post-thumbnail hentry category-n-23 tag-conurbano tag-fuerzas-policiales tag-gabriel-kessler tag-jovenes tag-medios tag-pobreza tag-sabina-dimarco\">\n\t\t<div class=\"bm-blog-post-image entry-post-image\">\n\t\t\t<div class=\"bm-post-image clearfix bm-hover-effect bm-hover-effect-blur\">\n\t\t\t\t<img loading=\"lazy\" decoding=\"async\" width=\"640\" height=\"433\" src=\"https:\/\/www.economicas.uba.ar\/extension\/vocesenelfenix\/wp-content\/uploads\/2311Kessler.jpg\" class=\"attachment-large size-large wp-post-image\" alt=\"\" srcset=\"https:\/\/www.economicas.uba.ar\/extension\/vocesenelfenix\/wp-content\/uploads\/2311Kessler.jpg 1080w, https:\/\/www.economicas.uba.ar\/extension\/vocesenelfenix\/wp-content\/uploads\/2311Kessler-300x203.jpg 300w, https:\/\/www.economicas.uba.ar\/extension\/vocesenelfenix\/wp-content\/uploads\/2311Kessler-768x519.jpg 768w\" sizes=\"(max-width: 640px) 100vw, 640px\" \/>\t\t\t<\/div>\n\t\t<\/div>\n        <div class=\"bm-blog-post-content bm_content_box\">\n            <h4 class=\"entry-post-title bm_title\"><a href=\"https:\/\/www.economicas.uba.ar\/extension\/vocesenelfenix\/hostilizados-sobrecontrolados-y-subprotegidos-la-interaccion-policia-y-jovenes-en-el-conurbano-bonaerense\/\" rel=\"bookmark\">Hostilizados, sobrecontrolados y subprotegidos La interacci\u00f3n polic\u00eda y j\u00f3venes en el conurbano bonaerense<\/a><\/h4>            <div class=\"bm-blog-post-meta entry-post-meta bm_meta\">\n                            <\/div>\n            <div class=\"entry-post-content bm_content\">\n                | Por Gabriel Kessler y Sabina Dimarco | Humillaci\u00f3n, discriminaci\u00f3n y hostigamiento son moneda corriente en la relaci\u00f3n entre polic\u00edas y j\u00f3venes de barriadas populares. La mayor presencia policial en <div><a href=\"https:\/\/www.economicas.uba.ar\/extension\/vocesenelfenix\/hostilizados-sobrecontrolados-y-subprotegidos-la-interaccion-policia-y-jovenes-en-el-conurbano-bonaerense\/\" rel=\"bookmark\" class=\"bm-read-more entry-read-more\">M\u00e1s \u00bb<\/a><div>            <\/div>\n        <\/div>\n    <\/article>\n    <article id=\"post-17813\" class=\"item bm_layout post-17813 post type-post status-publish format-standard has-post-thumbnail hentry category-n-23 tag-camila-arza tag-latinoamerica tag-pobreza tag-politica-previsional tag-proteccion-social\">\n\t\t<div class=\"bm-blog-post-image entry-post-image\">\n\t\t\t<div class=\"bm-post-image clearfix bm-hover-effect bm-hover-effect-blur\">\n\t\t\t\t<img loading=\"lazy\" decoding=\"async\" width=\"640\" height=\"431\" src=\"https:\/\/www.economicas.uba.ar\/extension\/vocesenelfenix\/wp-content\/uploads\/2312Arza.jpg\" class=\"attachment-large size-large wp-post-image\" alt=\"\" srcset=\"https:\/\/www.economicas.uba.ar\/extension\/vocesenelfenix\/wp-content\/uploads\/2312Arza.jpg 1080w, https:\/\/www.economicas.uba.ar\/extension\/vocesenelfenix\/wp-content\/uploads\/2312Arza-300x202.jpg 300w, https:\/\/www.economicas.uba.ar\/extension\/vocesenelfenix\/wp-content\/uploads\/2312Arza-768x517.jpg 768w\" sizes=\"(max-width: 640px) 100vw, 640px\" \/>\t\t\t<\/div>\n\t\t<\/div>\n        <div class=\"bm-blog-post-content bm_content_box\">\n            <h4 class=\"entry-post-title bm_title\"><a href=\"https:\/\/www.economicas.uba.ar\/extension\/vocesenelfenix\/la-politica-previsional-y-la-prevencion-de-la-pobreza-elementos-salientes-de-la-trayectoria-latinoamericana-reciente\/\" rel=\"bookmark\">La pol\u00edtica previsional y la prevenci\u00f3n de la pobreza elementos salientes de la trayectoria latinoamericana reciente<\/a><\/h4>            <div class=\"bm-blog-post-meta entry-post-meta bm_meta\">\n                            <\/div>\n            <div class=\"entry-post-content bm_content\">\n                | Por Camila Arza | La \u00faltima d\u00e9cada incluy\u00f3 avances en las pol\u00edticas previsionales en Am\u00e9rica Latina. Quedan sin embargo grandes desaf\u00edos para garantizar una real universalizaci\u00f3n de la protecci\u00f3n.            <\/div>\n        <\/div>\n    <\/article>\n    <article id=\"post-17823\" class=\"item bm_layout post-17823 post type-post status-publish format-standard has-post-thumbnail hentry category-n-23 tag-bienestar tag-cuidado tag-desigualdad tag-eleonor-faur tag-elizabeth-jelin tag-estado tag-genero tag-pobreza\">\n\t\t<div class=\"bm-blog-post-image entry-post-image\">\n\t\t\t<div class=\"bm-post-image clearfix bm-hover-effect bm-hover-effect-blur\">\n\t\t\t\t<img loading=\"lazy\" decoding=\"async\" width=\"640\" height=\"431\" src=\"https:\/\/www.economicas.uba.ar\/extension\/vocesenelfenix\/wp-content\/uploads\/2313Faur.jpg\" class=\"attachment-large size-large wp-post-image\" alt=\"\" srcset=\"https:\/\/www.economicas.uba.ar\/extension\/vocesenelfenix\/wp-content\/uploads\/2313Faur.jpg 1080w, https:\/\/www.economicas.uba.ar\/extension\/vocesenelfenix\/wp-content\/uploads\/2313Faur-300x202.jpg 300w, https:\/\/www.economicas.uba.ar\/extension\/vocesenelfenix\/wp-content\/uploads\/2313Faur-768x517.jpg 768w\" sizes=\"(max-width: 640px) 100vw, 640px\" \/>\t\t\t<\/div>\n\t\t<\/div>\n        <div class=\"bm-blog-post-content bm_content_box\">\n            <h4 class=\"entry-post-title bm_title\"><a href=\"https:\/\/www.economicas.uba.ar\/extension\/vocesenelfenix\/cuidado-genero-y-bienestar-una-perspectiva-de-la-desigualdad-social\/\" rel=\"bookmark\">Cuidado, g\u00e9nero y bienestar. Una perspectiva de la desigualdad social<\/a><\/h4>            <div class=\"bm-blog-post-meta entry-post-meta bm_meta\">\n                            <\/div>\n            <div class=\"entry-post-content bm_content\">\n                | Por Eleonor Faur y Elizabeth Jelin | La Argentina ha tenido importantes avances en la construcci\u00f3n de la igualdad de g\u00e9nero. Sin embargo, las tareas de cuidado de ni\u00f1os\/as <div><a href=\"https:\/\/www.economicas.uba.ar\/extension\/vocesenelfenix\/cuidado-genero-y-bienestar-una-perspectiva-de-la-desigualdad-social\/\" rel=\"bookmark\" class=\"bm-read-more entry-read-more\">M\u00e1s \u00bb<\/a><div>            <\/div>\n        <\/div>\n    <\/article>\n    <article id=\"post-17829\" class=\"item bm_layout post-17829 post type-post status-publish format-standard has-post-thumbnail hentry category-n-23 tag-carla-zibecchi tag-derechos tag-genero tag-pilar-arcidiacono tag-pobreza tag-politicas-sociales tag-programas-sociales\">\n\t\t<div class=\"bm-blog-post-image entry-post-image\">\n\t\t\t<div class=\"bm-post-image clearfix bm-hover-effect bm-hover-effect-blur\">\n\t\t\t\t<img loading=\"lazy\" decoding=\"async\" width=\"640\" height=\"433\" src=\"https:\/\/www.economicas.uba.ar\/extension\/vocesenelfenix\/wp-content\/uploads\/2314Arcidiacono.jpg\" class=\"attachment-large size-large wp-post-image\" alt=\"\" srcset=\"https:\/\/www.economicas.uba.ar\/extension\/vocesenelfenix\/wp-content\/uploads\/2314Arcidiacono.jpg 1080w, https:\/\/www.economicas.uba.ar\/extension\/vocesenelfenix\/wp-content\/uploads\/2314Arcidiacono-300x203.jpg 300w, https:\/\/www.economicas.uba.ar\/extension\/vocesenelfenix\/wp-content\/uploads\/2314Arcidiacono-768x519.jpg 768w\" sizes=\"(max-width: 640px) 100vw, 640px\" \/>\t\t\t<\/div>\n\t\t<\/div>\n        <div class=\"bm-blog-post-content bm_content_box\">\n            <h4 class=\"entry-post-title bm_title\"><a href=\"https:\/\/www.economicas.uba.ar\/extension\/vocesenelfenix\/nuevas-miradas-a-viejos-problemas-el-protagonismo-del-enfoque-de-derechos-y-el-enfoque-de-genero-en-las-discusiones-sobre-pobreza-y-los-programas-sociales\/\" rel=\"bookmark\">\u00bfNuevas miradas a viejos problemas? El protagonismo del enfoque de derechos y el enfoque de g\u00e9nero en las discusiones sobre pobreza y los programas sociales<\/a><\/h4>            <div class=\"bm-blog-post-meta entry-post-meta bm_meta\">\n                            <\/div>\n            <div class=\"entry-post-content bm_content\">\n                | Por Pilar Arcidi\u00e1cono y Carla Zibecchi | Tras m\u00e1s de veinte a\u00f1os de hegemon\u00eda es hora de terminar con los paradigmas de la d\u00e9cada de los noventa y empezar <div><a href=\"https:\/\/www.economicas.uba.ar\/extension\/vocesenelfenix\/nuevas-miradas-a-viejos-problemas-el-protagonismo-del-enfoque-de-derechos-y-el-enfoque-de-genero-en-las-discusiones-sobre-pobreza-y-los-programas-sociales\/\" rel=\"bookmark\" class=\"bm-read-more entry-read-more\">M\u00e1s \u00bb<\/a><div>            <\/div>\n        <\/div>\n    <\/article>\n    <article id=\"post-17836\" class=\"item bm_layout post-17836 post type-post status-publish format-standard has-post-thumbnail hentry category-n-23 tag-ana-logiudice tag-asistencializacion tag-clara-bressano tag-estado tag-natalia-borghini tag-pobreza tag-politica-social tag-proteccion-social\">\n\t\t<div class=\"bm-blog-post-image entry-post-image\">\n\t\t\t<div class=\"bm-post-image clearfix bm-hover-effect bm-hover-effect-blur\">\n\t\t\t\t<img loading=\"lazy\" decoding=\"async\" width=\"640\" height=\"433\" src=\"https:\/\/www.economicas.uba.ar\/extension\/vocesenelfenix\/wp-content\/uploads\/2315Borghini.jpg\" class=\"attachment-large size-large wp-post-image\" alt=\"\" srcset=\"https:\/\/www.economicas.uba.ar\/extension\/vocesenelfenix\/wp-content\/uploads\/2315Borghini.jpg 1080w, https:\/\/www.economicas.uba.ar\/extension\/vocesenelfenix\/wp-content\/uploads\/2315Borghini-300x203.jpg 300w, https:\/\/www.economicas.uba.ar\/extension\/vocesenelfenix\/wp-content\/uploads\/2315Borghini-768x519.jpg 768w\" sizes=\"(max-width: 640px) 100vw, 640px\" \/>\t\t\t<\/div>\n\t\t<\/div>\n        <div class=\"bm-blog-post-content bm_content_box\">\n            <h4 class=\"entry-post-title bm_title\"><a href=\"https:\/\/www.economicas.uba.ar\/extension\/vocesenelfenix\/la-actualidad-de-la-politica-social-contrarreforma-de-las-politicas-sociales-o-asistencializacion-de-la-proteccion-social\/\" rel=\"bookmark\">La actualidad de la pol\u00edtica social \u00bfcontrarreforma de las pol\u00edticas sociales o asistencializaci\u00f3n de la protecci\u00f3n social?<\/a><\/h4>            <div class=\"bm-blog-post-meta entry-post-meta bm_meta\">\n                            <\/div>\n            <div class=\"entry-post-content bm_content\">\n                | Por Natalia Borghini, Clara Bressano y Ana Logiudice | En los \u00faltimos a\u00f1os el Estado fue asumiendo un mayor protagonismo en la resoluci\u00f3n de la cuesti\u00f3n social. As\u00ed, de <div><a href=\"https:\/\/www.economicas.uba.ar\/extension\/vocesenelfenix\/la-actualidad-de-la-politica-social-contrarreforma-de-las-politicas-sociales-o-asistencializacion-de-la-proteccion-social\/\" rel=\"bookmark\" class=\"bm-read-more entry-read-more\">M\u00e1s \u00bb<\/a><div>            <\/div>\n        <\/div>\n    <\/article>\n    <article id=\"post-17842\" class=\"item bm_layout post-17842 post type-post status-publish format-standard has-post-thumbnail hentry category-n-23 tag-desigualdad tag-diego-sanchez-ancochea tag-juliana-martinez-franzoni tag-latinoamerica tag-mercado tag-pobreza tag-sociedad\">\n\t\t<div class=\"bm-blog-post-image entry-post-image\">\n\t\t\t<div class=\"bm-post-image clearfix bm-hover-effect bm-hover-effect-blur\">\n\t\t\t\t<img loading=\"lazy\" decoding=\"async\" width=\"640\" height=\"432\" src=\"https:\/\/www.economicas.uba.ar\/extension\/vocesenelfenix\/wp-content\/uploads\/2516Franzoni.jpg\" class=\"attachment-large size-large wp-post-image\" alt=\"\" srcset=\"https:\/\/www.economicas.uba.ar\/extension\/vocesenelfenix\/wp-content\/uploads\/2516Franzoni.jpg 1080w, https:\/\/www.economicas.uba.ar\/extension\/vocesenelfenix\/wp-content\/uploads\/2516Franzoni-300x203.jpg 300w, https:\/\/www.economicas.uba.ar\/extension\/vocesenelfenix\/wp-content\/uploads\/2516Franzoni-768x518.jpg 768w\" sizes=\"(max-width: 640px) 100vw, 640px\" \/>\t\t\t<\/div>\n\t\t<\/div>\n        <div class=\"bm-blog-post-content bm_content_box\">\n            <h4 class=\"entry-post-title bm_title\"><a href=\"https:\/\/www.economicas.uba.ar\/extension\/vocesenelfenix\/desigualdad-social-en-america-latina-el-reto-de-la-doble-incorporacion-social-y-de-mercado\/\" rel=\"bookmark\">Desigualdad social en Am\u00e9rica latina el reto de la doble incorporaci\u00f3n, social y de mercado<\/a><\/h4>            <div class=\"bm-blog-post-meta entry-post-meta bm_meta\">\n                            <\/div>\n            <div class=\"entry-post-content bm_content\">\n                | Por Juliana Mart\u00ednez Franzoni y Diego S\u00e1nchez-Ancochea | Para lograr una reducci\u00f3n de la desigualdad sostenida en el tiempo, es indispensable el dise\u00f1o de pol\u00edticas p\u00fablicas capaces de incrementar <div><a href=\"https:\/\/www.economicas.uba.ar\/extension\/vocesenelfenix\/desigualdad-social-en-america-latina-el-reto-de-la-doble-incorporacion-social-y-de-mercado\/\" rel=\"bookmark\" class=\"bm-read-more entry-read-more\">M\u00e1s \u00bb<\/a><div>            <\/div>\n        <\/div>\n    <\/article>\n\t\t\t\t<\/div><\/div>\n\t\t\t\t\t\t\t\t<\/div>\n\t\t\t\t<\/div>\n\t\t\t\t\t<\/div>\n\t\t<\/div>\n\t\t\t\t\t<\/div>\n\t\t<\/section>\n\t\t\t\t<section class=\"elementor-section elementor-top-section elementor-element elementor-element-86e98ee elementor-section-boxed elementor-section-height-default elementor-section-height-default\" data-id=\"86e98ee\" data-element_type=\"section\" data-e-type=\"section\" data-settings=\"{&quot;background_background&quot;:&quot;classic&quot;}\">\n\t\t\t\t\t\t<div class=\"elementor-container elementor-column-gap-default\">\n\t\t\t\t\t<div class=\"elementor-column elementor-col-100 elementor-top-column elementor-element elementor-element-6eb680d\" data-id=\"6eb680d\" data-element_type=\"column\" data-e-type=\"column\">\n\t\t\t<div class=\"elementor-widget-wrap\">\n\t\t\t\t\t\t\t<\/div>\n\t\t<\/div>\n\t\t\t\t\t<\/div>\n\t\t<\/section>\n\t\t\t\t<\/div>\n\t\t","protected":false},"excerpt":{"rendered":"<p>N\u00daMERO 23 NOSOTROS LOS POBRES POBREZA LA POBREZA ES UN TEMA POR DEM\u00c1S COMPLEJO Y CON M\u00daLTIPLES DIMENSIONES. SER POBRE NO SIGNIFICA \u00daNICAMENTE NO CONTAR CON LOS MEDIOS SUFICIENTES PARA<\/p>\n","protected":false},"author":5,"featured_media":0,"parent":0,"menu_order":0,"comment_status":"closed","ping_status":"closed","template":"","meta":{"footnotes":""},"class_list":["post-17654","page","type-page","status-publish","hentry"],"_links":{"self":[{"href":"https:\/\/www.economicas.uba.ar\/extension\/vocesenelfenix\/wp-json\/wp\/v2\/pages\/17654","targetHints":{"allow":["GET"]}}],"collection":[{"href":"https:\/\/www.economicas.uba.ar\/extension\/vocesenelfenix\/wp-json\/wp\/v2\/pages"}],"about":[{"href":"https:\/\/www.economicas.uba.ar\/extension\/vocesenelfenix\/wp-json\/wp\/v2\/types\/page"}],"author":[{"embeddable":true,"href":"https:\/\/www.economicas.uba.ar\/extension\/vocesenelfenix\/wp-json\/wp\/v2\/users\/5"}],"replies":[{"embeddable":true,"href":"https:\/\/www.economicas.uba.ar\/extension\/vocesenelfenix\/wp-json\/wp\/v2\/comments?post=17654"}],"version-history":[{"count":7,"href":"https:\/\/www.economicas.uba.ar\/extension\/vocesenelfenix\/wp-json\/wp\/v2\/pages\/17654\/revisions"}],"predecessor-version":[{"id":17669,"href":"https:\/\/www.economicas.uba.ar\/extension\/vocesenelfenix\/wp-json\/wp\/v2\/pages\/17654\/revisions\/17669"}],"wp:attachment":[{"href":"https:\/\/www.economicas.uba.ar\/extension\/vocesenelfenix\/wp-json\/wp\/v2\/media?parent=17654"}],"curies":[{"name":"wp","href":"https:\/\/api.w.org\/{rel}","templated":true}]}}