{"id":17851,"date":"2013-03-01T00:01:00","date_gmt":"2013-03-01T03:01:00","guid":{"rendered":"https:\/\/www.economicas.uba.ar\/extension\/vocesenelfenix\/?page_id=17851"},"modified":"2022-12-02T15:14:11","modified_gmt":"2022-12-02T18:14:11","slug":"numero-22","status":"publish","type":"page","link":"https:\/\/www.economicas.uba.ar\/extension\/vocesenelfenix\/numero-22\/","title":{"rendered":"N\u00famero 22"},"content":{"rendered":"\t\t<div data-elementor-type=\"wp-page\" data-elementor-id=\"17851\" class=\"elementor elementor-17851\" data-elementor-post-type=\"page\">\n\t\t\t\t\t\t<section class=\"elementor-section elementor-top-section elementor-element elementor-element-74c844b elementor-section-boxed elementor-section-height-default elementor-section-height-default\" data-id=\"74c844b\" data-element_type=\"section\" data-e-type=\"section\" data-settings=\"{&quot;background_background&quot;:&quot;classic&quot;}\">\n\t\t\t\t\t\t<div class=\"elementor-container elementor-column-gap-default\">\n\t\t\t\t\t<div class=\"elementor-column elementor-col-33 elementor-top-column elementor-element elementor-element-cb94e09\" data-id=\"cb94e09\" data-element_type=\"column\" data-e-type=\"column\">\n\t\t\t<div class=\"elementor-widget-wrap elementor-element-populated\">\n\t\t\t\t\t\t<div class=\"elementor-element elementor-element-9683f25 elementor-widget elementor-widget-image\" data-id=\"9683f25\" data-element_type=\"widget\" data-e-type=\"widget\" data-widget_type=\"image.default\">\n\t\t\t\t<div class=\"elementor-widget-container\">\n\t\t\t\t\t\t\t\t\t\t\t\t\t\t\t\t<a href=\"https:\/\/drive.google.com\/file\/d\/1Z7wlGl2VSKmWbNegfBbXZnF0uC77jVbA\/view\" target=\"_blank\">\n\t\t\t\t\t\t\t<img fetchpriority=\"high\" decoding=\"async\" width=\"193\" height=\"268\" src=\"https:\/\/www.economicas.uba.ar\/extension\/vocesenelfenix\/wp-content\/uploads\/tapa22.jpg\" class=\"attachment-large size-large wp-image-1890\" alt=\"\" \/>\t\t\t\t\t\t\t\t<\/a>\n\t\t\t\t\t\t\t\t\t\t\t\t\t\t\t<\/div>\n\t\t\t\t<\/div>\n\t\t\t\t\t<\/div>\n\t\t<\/div>\n\t\t\t\t<div class=\"elementor-column elementor-col-66 elementor-top-column elementor-element elementor-element-dedd010\" data-id=\"dedd010\" data-element_type=\"column\" data-e-type=\"column\">\n\t\t\t<div class=\"elementor-widget-wrap elementor-element-populated\">\n\t\t\t\t\t\t<div class=\"elementor-element elementor-element-24b6d0d elementor-widget elementor-widget-text-editor\" data-id=\"24b6d0d\" data-element_type=\"widget\" data-e-type=\"widget\" data-widget_type=\"text-editor.default\">\n\t\t\t\t<div class=\"elementor-widget-container\">\n\t\t\t\t\t\t\t\t\t<h5>N\u00daMERO 22<\/h5><h3>LA DIGNIDAD DE LOS NADIES<\/h3><h6>POBREZA<\/h6><p><br \/>LA POBREZA ES UN PROBLEMA ESTRUCTURAL EN NUESTRA REGI\u00d3N. LOS \u00daLTIMOS A\u00d1OS MOSTRARON UNA CLARA MEJOR\u00cdA EN LA MAYOR\u00cdA DE LOS PA\u00cdSES LATINOAMERICANOS, PERO LEJOS ESTAMOS TODAV\u00cdA DE ALCANZAR LA SOLUCI\u00d3N. EL ESTADO DEBE SER EL PRINCIPAL PROMOTOR DEL AVANCE Y CAMBIO. A CONTINUACI\u00d3N, UN REPASO POR LA HISTORIA Y ALGUNAS PROPUESTAS PARA EL FUTURO.<\/p>\t\t\t\t\t\t\t\t<\/div>\n\t\t\t\t<\/div>\n\t\t\t\t<div class=\"elementor-element elementor-element-a8acb4a elementor-widget elementor-widget-button\" data-id=\"a8acb4a\" data-element_type=\"widget\" data-e-type=\"widget\" data-widget_type=\"button.default\">\n\t\t\t\t<div class=\"elementor-widget-container\">\n\t\t\t\t\t\t\t\t\t<div class=\"elementor-button-wrapper\">\n\t\t\t\t\t<a class=\"elementor-button elementor-button-link elementor-size-xs\" href=\"https:\/\/drive.google.com\/file\/d\/1Z7wlGl2VSKmWbNegfBbXZnF0uC77jVbA\/view\" target=\"_blank\">\n\t\t\t\t\t\t<span class=\"elementor-button-content-wrapper\">\n\t\t\t\t\t\t\t\t\t<span class=\"elementor-button-text\">Descarg\u00e1 el PDF<\/span>\n\t\t\t\t\t<\/span>\n\t\t\t\t\t<\/a>\n\t\t\t\t<\/div>\n\t\t\t\t\t\t\t\t<\/div>\n\t\t\t\t<\/div>\n\t\t\t\t\t<\/div>\n\t\t<\/div>\n\t\t\t\t\t<\/div>\n\t\t<\/section>\n\t\t\t\t<section class=\"elementor-section elementor-top-section elementor-element elementor-element-a2817ec elementor-section-boxed elementor-section-height-default elementor-section-height-default\" data-id=\"a2817ec\" data-element_type=\"section\" data-e-type=\"section\">\n\t\t\t\t\t\t<div class=\"elementor-container elementor-column-gap-default\">\n\t\t\t\t\t<div class=\"elementor-column elementor-col-100 elementor-top-column elementor-element elementor-element-6c34d74\" data-id=\"6c34d74\" data-element_type=\"column\" data-e-type=\"column\">\n\t\t\t<div class=\"elementor-widget-wrap elementor-element-populated\">\n\t\t\t\t\t\t<div class=\"elementor-element elementor-element-a57000d elementor-grid-3 elementor-grid-tablet-2 elementor-grid-mobile-1 elementor-posts--align-left elementor-widget elementor-widget-blogmentor_blog_posts\" data-id=\"a57000d\" data-element_type=\"widget\" data-e-type=\"widget\" data-settings=\"{&quot;bm_grid_columns&quot;:&quot;3&quot;,&quot;bm_grid_columns_tablet&quot;:&quot;2&quot;,&quot;bm_grid_columns_mobile&quot;:&quot;1&quot;,&quot;post_card_grid_gap&quot;:{&quot;unit&quot;:&quot;px&quot;,&quot;size&quot;:10,&quot;sizes&quot;:[]},&quot;post_card_row_gap&quot;:{&quot;unit&quot;:&quot;px&quot;,&quot;size&quot;:35,&quot;sizes&quot;:[]}}\" data-widget_type=\"blogmentor_blog_posts.default\">\n\t\t\t\t<div class=\"elementor-widget-container\">\n\t\t\t\t\t\t\t\n\t\t\t\t\t\t\t\t<div class=\"bm-blog-posts-wrapper\" >\n\t\t\t\t\t\t\t<div class=\"bm-blog-posts bm-display-grid elementor-grid elementor-grid-3\" >\n\t\t\t\t    <article id=\"post-17862\" class=\"item bm_layout post-17862 post type-post status-publish format-standard has-post-thumbnail hentry category-n-22 tag-alberto-minujin tag-ana-grondona tag-derechos tag-pobreza tag-prefacio\">\n\t\t<div class=\"bm-blog-post-image entry-post-image\">\n\t\t\t<div class=\"bm-post-image clearfix bm-hover-effect bm-hover-effect-blur\">\n\t\t\t\t<img decoding=\"async\" width=\"640\" height=\"427\" src=\"https:\/\/www.economicas.uba.ar\/extension\/vocesenelfenix\/wp-content\/uploads\/2201Minujin.jpg\" class=\"attachment-large size-large wp-post-image\" alt=\"\" srcset=\"https:\/\/www.economicas.uba.ar\/extension\/vocesenelfenix\/wp-content\/uploads\/2201Minujin.jpg 1080w, https:\/\/www.economicas.uba.ar\/extension\/vocesenelfenix\/wp-content\/uploads\/2201Minujin-300x200.jpg 300w, https:\/\/www.economicas.uba.ar\/extension\/vocesenelfenix\/wp-content\/uploads\/2201Minujin-768x512.jpg 768w, https:\/\/www.economicas.uba.ar\/extension\/vocesenelfenix\/wp-content\/uploads\/2201Minujin-640x426.jpg 640w\" sizes=\"(max-width: 640px) 100vw, 640px\" \/>\t\t\t<\/div>\n\t\t<\/div>\n        <div class=\"bm-blog-post-content bm_content_box\">\n            <h4 class=\"entry-post-title bm_title\"><a href=\"https:\/\/www.economicas.uba.ar\/extension\/vocesenelfenix\/prefacio-pobreza-necesidades-y-derechos-definiciones-en-disputa\/\" rel=\"bookmark\">Prefacio: Pobreza, necesidades y derechos definiciones en disputa<\/a><\/h4>            <div class=\"bm-blog-post-meta entry-post-meta bm_meta\">\n                            <\/div>\n            <div class=\"entry-post-content bm_content\">\n                | Por Alberto Minuj\u00edn y Ana Grondona |            <\/div>\n        <\/div>\n    <\/article>\n    <article id=\"post-17937\" class=\"item bm_layout post-17937 post type-post status-publish format-standard has-post-thumbnail hentry category-n-22 tag-empleo tag-estela-grassi tag-pobreza tag-sociedad\">\n\t\t<div class=\"bm-blog-post-image entry-post-image\">\n\t\t\t<div class=\"bm-post-image clearfix bm-hover-effect bm-hover-effect-blur\">\n\t\t\t\t<img decoding=\"async\" width=\"640\" height=\"432\" src=\"https:\/\/www.economicas.uba.ar\/extension\/vocesenelfenix\/wp-content\/uploads\/2202Grassi.jpg\" class=\"attachment-large size-large wp-post-image\" alt=\"\" srcset=\"https:\/\/www.economicas.uba.ar\/extension\/vocesenelfenix\/wp-content\/uploads\/2202Grassi.jpg 1080w, https:\/\/www.economicas.uba.ar\/extension\/vocesenelfenix\/wp-content\/uploads\/2202Grassi-300x203.jpg 300w, https:\/\/www.economicas.uba.ar\/extension\/vocesenelfenix\/wp-content\/uploads\/2202Grassi-768x518.jpg 768w\" sizes=\"(max-width: 640px) 100vw, 640px\" \/>\t\t\t<\/div>\n\t\t<\/div>\n        <div class=\"bm-blog-post-content bm_content_box\">\n            <h4 class=\"entry-post-title bm_title\"><a href=\"https:\/\/www.economicas.uba.ar\/extension\/vocesenelfenix\/la-cuestion-social-y-la-cuestion-de-la-pobreza\/\" rel=\"bookmark\">La cuesti\u00f3n social y la cuesti\u00f3n de la pobreza<\/a><\/h4>            <div class=\"bm-blog-post-meta entry-post-meta bm_meta\">\n                            <\/div>\n            <div class=\"entry-post-content bm_content\">\n                | Por Estela Grassi | Una parte importante de la poblaci\u00f3n del pa\u00eds se mantiene por debajo de los est\u00e1ndares aceptables de vida. Mejorar las regulaciones, condiciones y seguridades vinculadas <div><a href=\"https:\/\/www.economicas.uba.ar\/extension\/vocesenelfenix\/la-cuestion-social-y-la-cuestion-de-la-pobreza\/\" rel=\"bookmark\" class=\"bm-read-more entry-read-more\">M\u00e1s \u00bb<\/a><div>            <\/div>\n        <\/div>\n    <\/article>\n    <article id=\"post-17943\" class=\"item bm_layout post-17943 post type-post status-publish format-standard has-post-thumbnail hentry category-n-22 tag-inclusion tag-laura-golbert tag-pobreza tag-politica-social tag-proteccion-social\">\n\t\t<div class=\"bm-blog-post-image entry-post-image\">\n\t\t\t<div class=\"bm-post-image clearfix bm-hover-effect bm-hover-effect-blur\">\n\t\t\t\t<img loading=\"lazy\" decoding=\"async\" width=\"640\" height=\"431\" src=\"https:\/\/www.economicas.uba.ar\/extension\/vocesenelfenix\/wp-content\/uploads\/2203Golbert.jpg\" class=\"attachment-large size-large wp-post-image\" alt=\"\" srcset=\"https:\/\/www.economicas.uba.ar\/extension\/vocesenelfenix\/wp-content\/uploads\/2203Golbert.jpg 1080w, https:\/\/www.economicas.uba.ar\/extension\/vocesenelfenix\/wp-content\/uploads\/2203Golbert-300x202.jpg 300w, https:\/\/www.economicas.uba.ar\/extension\/vocesenelfenix\/wp-content\/uploads\/2203Golbert-768x518.jpg 768w\" sizes=\"(max-width: 640px) 100vw, 640px\" \/>\t\t\t<\/div>\n\t\t<\/div>\n        <div class=\"bm-blog-post-content bm_content_box\">\n            <h4 class=\"entry-post-title bm_title\"><a href=\"https:\/\/www.economicas.uba.ar\/extension\/vocesenelfenix\/la-compleja-trayectoria-de-las-politicas-sociales-argentinas\/\" rel=\"bookmark\">La compleja trayectoria de las pol\u00edticas sociales argentinas<\/a><\/h4>            <div class=\"bm-blog-post-meta entry-post-meta bm_meta\">\n                            <\/div>\n            <div class=\"entry-post-content bm_content\">\n                | Por Laura Golbert | Una mirada al desarrollo de las pol\u00edticas sociales en nuestro pa\u00eds, desde los or\u00edgenes como naci\u00f3n hasta el inicio del presente siglo. Avances y retrocesos <div><a href=\"https:\/\/www.economicas.uba.ar\/extension\/vocesenelfenix\/la-compleja-trayectoria-de-las-politicas-sociales-argentinas\/\" rel=\"bookmark\" class=\"bm-read-more entry-read-more\">M\u00e1s \u00bb<\/a><div>            <\/div>\n        <\/div>\n    <\/article>\n    <article id=\"post-17949\" class=\"item bm_layout post-17949 post type-post status-publish format-standard has-post-thumbnail hentry category-n-22 tag-conflicto-social tag-desigualdad tag-economia tag-economia-politica tag-gobernabilidad tag-pobreza tag-sonia-alvarez-leguizamon\">\n\t\t<div class=\"bm-blog-post-image entry-post-image\">\n\t\t\t<div class=\"bm-post-image clearfix bm-hover-effect bm-hover-effect-blur\">\n\t\t\t\t<img loading=\"lazy\" decoding=\"async\" width=\"640\" height=\"433\" src=\"https:\/\/www.economicas.uba.ar\/extension\/vocesenelfenix\/wp-content\/uploads\/2204Leguizamon.jpg\" class=\"attachment-large size-large wp-post-image\" alt=\"\" srcset=\"https:\/\/www.economicas.uba.ar\/extension\/vocesenelfenix\/wp-content\/uploads\/2204Leguizamon.jpg 1080w, https:\/\/www.economicas.uba.ar\/extension\/vocesenelfenix\/wp-content\/uploads\/2204Leguizamon-300x203.jpg 300w, https:\/\/www.economicas.uba.ar\/extension\/vocesenelfenix\/wp-content\/uploads\/2204Leguizamon-768x519.jpg 768w\" sizes=\"(max-width: 640px) 100vw, 640px\" \/>\t\t\t<\/div>\n\t\t<\/div>\n        <div class=\"bm-blog-post-content bm_content_box\">\n            <h4 class=\"entry-post-title bm_title\"><a href=\"https:\/\/www.economicas.uba.ar\/extension\/vocesenelfenix\/la-nueva-economia-politica-de-la-pobreza-diagnostico-y-asistencia\/\" rel=\"bookmark\">La nueva econom\u00eda pol\u00edtica de la pobreza: diagn\u00f3stico y asistencia<\/a><\/h4>            <div class=\"bm-blog-post-meta entry-post-meta bm_meta\">\n                            <\/div>\n            <div class=\"entry-post-content bm_content\">\n                | Por Sonia \u00c1lvarez Leguizam\u00f3n | En un mundo cada vez m\u00e1s desigual, polarizado y donde la condici\u00f3n de ciudadan\u00eda se restringe a unos pocos, la respuesta neoliberal es neutralizar <div><a href=\"https:\/\/www.economicas.uba.ar\/extension\/vocesenelfenix\/la-nueva-economia-politica-de-la-pobreza-diagnostico-y-asistencia\/\" rel=\"bookmark\" class=\"bm-read-more entry-read-more\">M\u00e1s \u00bb<\/a><div>            <\/div>\n        <\/div>\n    <\/article>\n    <article id=\"post-17955\" class=\"item bm_layout post-17955 post type-post status-publish format-standard has-post-thumbnail hentry category-n-22 tag-distribucion-del-ingreso tag-luis-beccaria tag-mercado-de-trabajo tag-pobreza tag-roxana-maurizio\">\n\t\t<div class=\"bm-blog-post-image entry-post-image\">\n\t\t\t<div class=\"bm-post-image clearfix bm-hover-effect bm-hover-effect-blur\">\n\t\t\t\t<img loading=\"lazy\" decoding=\"async\" width=\"640\" height=\"431\" src=\"https:\/\/www.economicas.uba.ar\/extension\/vocesenelfenix\/wp-content\/uploads\/2205Beccaria.jpg\" class=\"attachment-large size-large wp-post-image\" alt=\"\" srcset=\"https:\/\/www.economicas.uba.ar\/extension\/vocesenelfenix\/wp-content\/uploads\/2205Beccaria.jpg 1176w, https:\/\/www.economicas.uba.ar\/extension\/vocesenelfenix\/wp-content\/uploads\/2205Beccaria-300x202.jpg 300w, https:\/\/www.economicas.uba.ar\/extension\/vocesenelfenix\/wp-content\/uploads\/2205Beccaria-768x517.jpg 768w\" sizes=\"(max-width: 640px) 100vw, 640px\" \/>\t\t\t<\/div>\n\t\t<\/div>\n        <div class=\"bm-blog-post-content bm_content_box\">\n            <h4 class=\"entry-post-title bm_title\"><a href=\"https:\/\/www.economicas.uba.ar\/extension\/vocesenelfenix\/mercado-de-trabajo-y-la-distribucion-del-ingreso-lo-sucedido-en-los-2000-y-sus-contrastes-con-los-noventa\/\" rel=\"bookmark\">Mercado de trabajo y la distribuci\u00f3n del ingreso. Lo sucedido en los 2000 y sus contrastes con los noventa<\/a><\/h4>            <div class=\"bm-blog-post-meta entry-post-meta bm_meta\">\n                            <\/div>\n            <div class=\"entry-post-content bm_content\">\n                | Por Luis Beccaria y Roxana Maurizio | Los avances logrados durante el primer decenio del presente siglo en materia laboral y social no deben hacer olvidar que la desigualdad <div><a href=\"https:\/\/www.economicas.uba.ar\/extension\/vocesenelfenix\/mercado-de-trabajo-y-la-distribucion-del-ingreso-lo-sucedido-en-los-2000-y-sus-contrastes-con-los-noventa\/\" rel=\"bookmark\" class=\"bm-read-more entry-read-more\">M\u00e1s \u00bb<\/a><div>            <\/div>\n        <\/div>\n    <\/article>\n    <article id=\"post-17962\" class=\"item bm_layout post-17962 post type-post status-publish format-standard has-post-thumbnail hentry category-n-22 tag-estado tag-pobreza tag-politica-social tag-politicas-laborales tag-rosalia-cortes tag-transferencia-de-ingresos\">\n\t\t<div class=\"bm-blog-post-image entry-post-image\">\n\t\t\t<div class=\"bm-post-image clearfix bm-hover-effect bm-hover-effect-blur\">\n\t\t\t\t<img loading=\"lazy\" decoding=\"async\" width=\"640\" height=\"433\" src=\"https:\/\/www.economicas.uba.ar\/extension\/vocesenelfenix\/wp-content\/uploads\/2206Cortes.jpg\" class=\"attachment-large size-large wp-post-image\" alt=\"\" srcset=\"https:\/\/www.economicas.uba.ar\/extension\/vocesenelfenix\/wp-content\/uploads\/2206Cortes.jpg 1080w, https:\/\/www.economicas.uba.ar\/extension\/vocesenelfenix\/wp-content\/uploads\/2206Cortes-300x203.jpg 300w, https:\/\/www.economicas.uba.ar\/extension\/vocesenelfenix\/wp-content\/uploads\/2206Cortes-768x519.jpg 768w\" sizes=\"(max-width: 640px) 100vw, 640px\" \/>\t\t\t<\/div>\n\t\t<\/div>\n        <div class=\"bm-blog-post-content bm_content_box\">\n            <h4 class=\"entry-post-title bm_title\"><a href=\"https:\/\/www.economicas.uba.ar\/extension\/vocesenelfenix\/politicas-laborales-y-transferencia-de-ingresos-estrategias-complementarias\/\" rel=\"bookmark\">Pol\u00edticas Laborales y Transferencia de Ingresos; \u00bfestrategias complementarias?<\/a><\/h4>            <div class=\"bm-blog-post-meta entry-post-meta bm_meta\">\n                            <\/div>\n            <div class=\"entry-post-content bm_content\">\n                | Por Rosal\u00eda Cort\u00e9s | La intervenci\u00f3n del Estado en pol\u00edtica social en los \u00faltimos a\u00f1os mantuvo una naturaleza dual seg\u00fan se destine a los hogares e individuos en situaci\u00f3n <div><a href=\"https:\/\/www.economicas.uba.ar\/extension\/vocesenelfenix\/politicas-laborales-y-transferencia-de-ingresos-estrategias-complementarias\/\" rel=\"bookmark\" class=\"bm-read-more entry-read-more\">M\u00e1s \u00bb<\/a><div>            <\/div>\n        <\/div>\n    <\/article>\n    <article id=\"post-17968\" class=\"item bm_layout post-17968 post type-post status-publish format-standard has-post-thumbnail hentry category-n-22 tag-asignacion-universal-por-hijo tag-distribucion-personal-del-ingreso tag-elsa-cimillo tag-estado tag-gabriel-calvi tag-moratoria-previsional tag-pobreza tag-transferencias-estatales\">\n\t\t<div class=\"bm-blog-post-image entry-post-image\">\n\t\t\t<div class=\"bm-post-image clearfix bm-hover-effect bm-hover-effect-blur\">\n\t\t\t\t<img loading=\"lazy\" decoding=\"async\" width=\"640\" height=\"432\" src=\"https:\/\/www.economicas.uba.ar\/extension\/vocesenelfenix\/wp-content\/uploads\/2207Calvi.jpg\" class=\"attachment-large size-large wp-post-image\" alt=\"\" srcset=\"https:\/\/www.economicas.uba.ar\/extension\/vocesenelfenix\/wp-content\/uploads\/2207Calvi.jpg 1080w, https:\/\/www.economicas.uba.ar\/extension\/vocesenelfenix\/wp-content\/uploads\/2207Calvi-300x203.jpg 300w, https:\/\/www.economicas.uba.ar\/extension\/vocesenelfenix\/wp-content\/uploads\/2207Calvi-768x518.jpg 768w\" sizes=\"(max-width: 640px) 100vw, 640px\" \/>\t\t\t<\/div>\n\t\t<\/div>\n        <div class=\"bm-blog-post-content bm_content_box\">\n            <h4 class=\"entry-post-title bm_title\"><a href=\"https:\/\/www.economicas.uba.ar\/extension\/vocesenelfenix\/transferencias-estatales-y-distribucion-personal-del-ingreso-en-la-argentina-reciente\/\" rel=\"bookmark\">Transferencias estatales y distribuci\u00f3n personal del ingreso en la Argentina reciente<\/a><\/h4>            <div class=\"bm-blog-post-meta entry-post-meta bm_meta\">\n                            <\/div>\n            <div class=\"entry-post-content bm_content\">\n                | Por Gabriel Calvi y Elsa Cimillo | La mejora en los niveles de equidad evidenciada desde 2003 puede explicarse en parte por la aplicaci\u00f3n, por parte del Estado, de <div><a href=\"https:\/\/www.economicas.uba.ar\/extension\/vocesenelfenix\/transferencias-estatales-y-distribucion-personal-del-ingreso-en-la-argentina-reciente\/\" rel=\"bookmark\" class=\"bm-read-more entry-read-more\">M\u00e1s \u00bb<\/a><div>            <\/div>\n        <\/div>\n    <\/article>\n    <article id=\"post-17976\" class=\"item bm_layout post-17976 post type-post status-publish format-standard has-post-thumbnail hentry category-n-22 tag-argentina tag-bernardo-kliksberg tag-brasil tag-desigualdad tag-latinoamerica tag-pobreza tag-uruguay\">\n\t\t<div class=\"bm-blog-post-image entry-post-image\">\n\t\t\t<div class=\"bm-post-image clearfix bm-hover-effect bm-hover-effect-blur\">\n\t\t\t\t<img loading=\"lazy\" decoding=\"async\" width=\"640\" height=\"432\" src=\"https:\/\/www.economicas.uba.ar\/extension\/vocesenelfenix\/wp-content\/uploads\/2208Kliksberg.jpg\" class=\"attachment-large size-large wp-post-image\" alt=\"\" srcset=\"https:\/\/www.economicas.uba.ar\/extension\/vocesenelfenix\/wp-content\/uploads\/2208Kliksberg.jpg 1080w, https:\/\/www.economicas.uba.ar\/extension\/vocesenelfenix\/wp-content\/uploads\/2208Kliksberg-300x203.jpg 300w, https:\/\/www.economicas.uba.ar\/extension\/vocesenelfenix\/wp-content\/uploads\/2208Kliksberg-768x518.jpg 768w\" sizes=\"(max-width: 640px) 100vw, 640px\" \/>\t\t\t<\/div>\n\t\t<\/div>\n        <div class=\"bm-blog-post-content bm_content_box\">\n            <h4 class=\"entry-post-title bm_title\"><a href=\"https:\/\/www.economicas.uba.ar\/extension\/vocesenelfenix\/america-latina-mas-desigualdad-mas-pobreza\/\" rel=\"bookmark\">Am\u00e9rica latina: m\u00e1s desigualdad, m\u00e1s pobreza<\/a><\/h4>            <div class=\"bm-blog-post-meta entry-post-meta bm_meta\">\n                            <\/div>\n            <div class=\"entry-post-content bm_content\">\n                | Por Bernardo Kliksberg | En nuestra regi\u00f3n, la desigualdad se mantiene en \u00e1reas muy sensibles como el acceso a la tierra, a la salud, a la educaci\u00f3n, al financiamiento <div><a href=\"https:\/\/www.economicas.uba.ar\/extension\/vocesenelfenix\/america-latina-mas-desigualdad-mas-pobreza\/\" rel=\"bookmark\" class=\"bm-read-more entry-read-more\">M\u00e1s \u00bb<\/a><div>            <\/div>\n        <\/div>\n    <\/article>\n    <article id=\"post-17982\" class=\"item bm_layout post-17982 post type-post status-publish format-standard has-post-thumbnail hentry category-n-22 tag-desigualdad tag-neoliberalismo tag-neurociencia tag-pobreza tag-salud tag-susana-murillo\">\n\t\t<div class=\"bm-blog-post-image entry-post-image\">\n\t\t\t<div class=\"bm-post-image clearfix bm-hover-effect bm-hover-effect-blur\">\n\t\t\t\t<img loading=\"lazy\" decoding=\"async\" width=\"640\" height=\"432\" src=\"https:\/\/www.economicas.uba.ar\/extension\/vocesenelfenix\/wp-content\/uploads\/2209Murill.jpg\" class=\"attachment-large size-large wp-post-image\" alt=\"\" srcset=\"https:\/\/www.economicas.uba.ar\/extension\/vocesenelfenix\/wp-content\/uploads\/2209Murill.jpg 1080w, https:\/\/www.economicas.uba.ar\/extension\/vocesenelfenix\/wp-content\/uploads\/2209Murill-300x203.jpg 300w, https:\/\/www.economicas.uba.ar\/extension\/vocesenelfenix\/wp-content\/uploads\/2209Murill-768x518.jpg 768w\" sizes=\"(max-width: 640px) 100vw, 640px\" \/>\t\t\t<\/div>\n\t\t<\/div>\n        <div class=\"bm-blog-post-content bm_content_box\">\n            <h4 class=\"entry-post-title bm_title\"><a href=\"https:\/\/www.economicas.uba.ar\/extension\/vocesenelfenix\/la-estrategia-neoliberal-y-el-gobierno-de-la-pobreza-la-intervencion-en-el-padecimiento-psiquico-de-las-poblaciones\/\" rel=\"bookmark\">La estrategia neoliberal y el gobierno de la pobreza. La intervenci\u00f3n en el padecimiento ps\u00edquico de las poblaciones<\/a><\/h4>            <div class=\"bm-blog-post-meta entry-post-meta bm_meta\">\n                            <\/div>\n            <div class=\"entry-post-content bm_content\">\n                | Por Susana Murillo | En el neoliberalismo la ruina o el \u00e9xito no dependen de una estructura social basada en injustas desigualdades sino de la libre decisi\u00f3n individual. En <div><a href=\"https:\/\/www.economicas.uba.ar\/extension\/vocesenelfenix\/la-estrategia-neoliberal-y-el-gobierno-de-la-pobreza-la-intervencion-en-el-padecimiento-psiquico-de-las-poblaciones\/\" rel=\"bookmark\" class=\"bm-read-more entry-read-more\">M\u00e1s \u00bb<\/a><div>            <\/div>\n        <\/div>\n    <\/article>\n    <article id=\"post-17990\" class=\"item bm_layout post-17990 post type-post status-publish format-standard has-post-thumbnail hentry category-n-22 tag-alberto-minujin tag-desigualdad tag-diego-born tag-enrique-delamonica tag-latinoamerica tag-ninez tag-pobreza\">\n\t\t<div class=\"bm-blog-post-image entry-post-image\">\n\t\t\t<div class=\"bm-post-image clearfix bm-hover-effect bm-hover-effect-blur\">\n\t\t\t\t<img loading=\"lazy\" decoding=\"async\" width=\"640\" height=\"431\" src=\"https:\/\/www.economicas.uba.ar\/extension\/vocesenelfenix\/wp-content\/uploads\/2210Born.jpg\" class=\"attachment-large size-large wp-post-image\" alt=\"\" srcset=\"https:\/\/www.economicas.uba.ar\/extension\/vocesenelfenix\/wp-content\/uploads\/2210Born.jpg 1080w, https:\/\/www.economicas.uba.ar\/extension\/vocesenelfenix\/wp-content\/uploads\/2210Born-300x202.jpg 300w, https:\/\/www.economicas.uba.ar\/extension\/vocesenelfenix\/wp-content\/uploads\/2210Born-768x517.jpg 768w\" sizes=\"(max-width: 640px) 100vw, 640px\" \/>\t\t\t<\/div>\n\t\t<\/div>\n        <div class=\"bm-blog-post-content bm_content_box\">\n            <h4 class=\"entry-post-title bm_title\"><a href=\"https:\/\/www.economicas.uba.ar\/extension\/vocesenelfenix\/impacto-de-la-desigualdad-intraurbana-en-la-poblacion-infantil-de-america-latina\/\" rel=\"bookmark\">Impacto de la desigualdad intraurbana en la poblaci\u00f3n infantil de Am\u00e9rica latina<\/a><\/h4>            <div class=\"bm-blog-post-meta entry-post-meta bm_meta\">\n                            <\/div>\n            <div class=\"entry-post-content bm_content\">\n                | Por Diego Born, Enrique Delam\u00f3nica y Alberto Minuj\u00edn | A continuaci\u00f3n, una problem\u00e1tica poco explorada: la relaci\u00f3n entre las condiciones de vida de la poblaci\u00f3n urbana y el cumplimiento <div><a href=\"https:\/\/www.economicas.uba.ar\/extension\/vocesenelfenix\/impacto-de-la-desigualdad-intraurbana-en-la-poblacion-infantil-de-america-latina\/\" rel=\"bookmark\" class=\"bm-read-more entry-read-more\">M\u00e1s \u00bb<\/a><div>            <\/div>\n        <\/div>\n    <\/article>\n    <article id=\"post-18004\" class=\"item bm_layout post-18004 post type-post status-publish format-standard has-post-thumbnail hentry category-n-22 tag-argentina tag-estado tag-ninez tag-pobreza tag-politicas-publicas tag-raul-mercer tag-salud\">\n\t\t<div class=\"bm-blog-post-image entry-post-image\">\n\t\t\t<div class=\"bm-post-image clearfix bm-hover-effect bm-hover-effect-blur\">\n\t\t\t\t<img loading=\"lazy\" decoding=\"async\" width=\"640\" height=\"433\" src=\"https:\/\/www.economicas.uba.ar\/extension\/vocesenelfenix\/wp-content\/uploads\/2211Mercer.jpg\" class=\"attachment-large size-large wp-post-image\" alt=\"\" srcset=\"https:\/\/www.economicas.uba.ar\/extension\/vocesenelfenix\/wp-content\/uploads\/2211Mercer.jpg 1080w, https:\/\/www.economicas.uba.ar\/extension\/vocesenelfenix\/wp-content\/uploads\/2211Mercer-300x203.jpg 300w, https:\/\/www.economicas.uba.ar\/extension\/vocesenelfenix\/wp-content\/uploads\/2211Mercer-768x519.jpg 768w\" sizes=\"(max-width: 640px) 100vw, 640px\" \/>\t\t\t<\/div>\n\t\t<\/div>\n        <div class=\"bm-blog-post-content bm_content_box\">\n            <h4 class=\"entry-post-title bm_title\"><a href=\"https:\/\/www.economicas.uba.ar\/extension\/vocesenelfenix\/salud-y-pobreza-en-la-argentina-dime-como-ha-sido-tu-cuna-y-te-dire-como-seras\/\" rel=\"bookmark\">Salud y pobreza en la Argentina. Dime c\u00f3mo ha sido tu cuna y te dir\u00e9 c\u00f3mo ser\u00e1s\u2026<\/a><\/h4>            <div class=\"bm-blog-post-meta entry-post-meta bm_meta\">\n                            <\/div>\n            <div class=\"entry-post-content bm_content\">\n                | Por Ra\u00fal Mercer | Los ni\u00f1os y ni\u00f1as que viven en la pobreza est\u00e1n impedidos de alcanzar un desarrollo que los convierta en miembros plenos y en pie de <div><a href=\"https:\/\/www.economicas.uba.ar\/extension\/vocesenelfenix\/salud-y-pobreza-en-la-argentina-dime-como-ha-sido-tu-cuna-y-te-dire-como-seras\/\" rel=\"bookmark\" class=\"bm-read-more entry-read-more\">M\u00e1s \u00bb<\/a><div>            <\/div>\n        <\/div>\n    <\/article>\n    <article id=\"post-18016\" class=\"item bm_layout post-18016 post type-post status-publish format-standard has-post-thumbnail hentry category-n-22 tag-asentamientos tag-ciudad-de-buenos-aires tag-maria-carla-rodriguez tag-maria-mercedes-di-virgilio tag-pobreza tag-villas\">\n\t\t<div class=\"bm-blog-post-image entry-post-image\">\n\t\t\t<div class=\"bm-post-image clearfix bm-hover-effect bm-hover-effect-blur\">\n\t\t\t\t<img loading=\"lazy\" decoding=\"async\" width=\"640\" height=\"433\" src=\"https:\/\/www.economicas.uba.ar\/extension\/vocesenelfenix\/wp-content\/uploads\/2212Virgilio.jpg\" class=\"attachment-large size-large wp-post-image\" alt=\"\" srcset=\"https:\/\/www.economicas.uba.ar\/extension\/vocesenelfenix\/wp-content\/uploads\/2212Virgilio.jpg 1080w, https:\/\/www.economicas.uba.ar\/extension\/vocesenelfenix\/wp-content\/uploads\/2212Virgilio-300x203.jpg 300w, https:\/\/www.economicas.uba.ar\/extension\/vocesenelfenix\/wp-content\/uploads\/2212Virgilio-768x519.jpg 768w\" sizes=\"(max-width: 640px) 100vw, 640px\" \/>\t\t\t<\/div>\n\t\t<\/div>\n        <div class=\"bm-blog-post-content bm_content_box\">\n            <h4 class=\"entry-post-title bm_title\"><a href=\"https:\/\/www.economicas.uba.ar\/extension\/vocesenelfenix\/buenos-aires-una-ciudad-sin-techo\/\" rel=\"bookmark\">Buenos Aires, una ciudad sin techo<\/a><\/h4>            <div class=\"bm-blog-post-meta entry-post-meta bm_meta\">\n                            <\/div>\n            <div class=\"entry-post-content bm_content\">\n                | Por Mar\u00eda Mercedes Di Virgilio y Mar\u00eda Carla Rodr\u00edguez | El problema habitacional de la ciudad de Buenos Aires se ha agravado durante las \u00faltimas d\u00e9cadas. El car\u00e1cter excluyente <div><a href=\"https:\/\/www.economicas.uba.ar\/extension\/vocesenelfenix\/buenos-aires-una-ciudad-sin-techo\/\" rel=\"bookmark\" class=\"bm-read-more entry-read-more\">M\u00e1s \u00bb<\/a><div>            <\/div>\n        <\/div>\n    <\/article>\n    <article id=\"post-18024\" class=\"item bm_layout post-18024 post type-post status-publish format-standard has-post-thumbnail hentry category-n-22 tag-asociacion-avanzar tag-capacitacion tag-creditos tag-equidad tag-marta-bekerman tag-microempresas tag-mirta-l-de-palomino tag-pobreza\">\n\t\t<div class=\"bm-blog-post-image entry-post-image\">\n\t\t\t<div class=\"bm-post-image clearfix bm-hover-effect bm-hover-effect-blur\">\n\t\t\t\t<img loading=\"lazy\" decoding=\"async\" width=\"640\" height=\"433\" src=\"https:\/\/www.economicas.uba.ar\/extension\/vocesenelfenix\/wp-content\/uploads\/2213Bekerman.jpg\" class=\"attachment-large size-large wp-post-image\" alt=\"\" srcset=\"https:\/\/www.economicas.uba.ar\/extension\/vocesenelfenix\/wp-content\/uploads\/2213Bekerman.jpg 1080w, https:\/\/www.economicas.uba.ar\/extension\/vocesenelfenix\/wp-content\/uploads\/2213Bekerman-300x203.jpg 300w, https:\/\/www.economicas.uba.ar\/extension\/vocesenelfenix\/wp-content\/uploads\/2213Bekerman-768x519.jpg 768w\" sizes=\"(max-width: 640px) 100vw, 640px\" \/>\t\t\t<\/div>\n\t\t<\/div>\n        <div class=\"bm-blog-post-content bm_content_box\">\n            <h4 class=\"entry-post-title bm_title\"><a href=\"https:\/\/www.economicas.uba.ar\/extension\/vocesenelfenix\/equidad-y-desarrollo-politicas-para-fortalecer-la-situacion-de-las-microempresas-pobres\/\" rel=\"bookmark\">Equidad y desarrollo pol\u00edticas para fortalecer la situaci\u00f3n de las microempresas pobres<\/a><\/h4>            <div class=\"bm-blog-post-meta entry-post-meta bm_meta\">\n                            <\/div>\n            <div class=\"entry-post-content bm_content\">\n                | Por Marta Bekerman y Mirta L. de Palomino | Una de las principales estrategias de reproducci\u00f3n con que cuenta la poblaci\u00f3n de m\u00e1s bajos recursos es el desarrollo de <div><a href=\"https:\/\/www.economicas.uba.ar\/extension\/vocesenelfenix\/equidad-y-desarrollo-politicas-para-fortalecer-la-situacion-de-las-microempresas-pobres\/\" rel=\"bookmark\" class=\"bm-read-more entry-read-more\">M\u00e1s \u00bb<\/a><div>            <\/div>\n        <\/div>\n    <\/article>\n    <article id=\"post-18030\" class=\"item bm_layout post-18030 post type-post status-publish format-standard has-post-thumbnail hentry category-n-22 tag-acumulacion tag-desarrollo-de-la-vida tag-economia-social-y-solidaria tag-jose-luis-coraggio tag-pobreza tag-riqueza\">\n\t\t<div class=\"bm-blog-post-image entry-post-image\">\n\t\t\t<div class=\"bm-post-image clearfix bm-hover-effect bm-hover-effect-blur\">\n\t\t\t\t<img loading=\"lazy\" decoding=\"async\" width=\"640\" height=\"432\" src=\"https:\/\/www.economicas.uba.ar\/extension\/vocesenelfenix\/wp-content\/uploads\/2214Coraggio.jpg\" class=\"attachment-large size-large wp-post-image\" alt=\"\" srcset=\"https:\/\/www.economicas.uba.ar\/extension\/vocesenelfenix\/wp-content\/uploads\/2214Coraggio.jpg 1176w, https:\/\/www.economicas.uba.ar\/extension\/vocesenelfenix\/wp-content\/uploads\/2214Coraggio-300x203.jpg 300w, https:\/\/www.economicas.uba.ar\/extension\/vocesenelfenix\/wp-content\/uploads\/2214Coraggio-768x519.jpg 768w\" sizes=\"(max-width: 640px) 100vw, 640px\" \/>\t\t\t<\/div>\n\t\t<\/div>\n        <div class=\"bm-blog-post-content bm_content_box\">\n            <h4 class=\"entry-post-title bm_title\"><a href=\"https:\/\/www.economicas.uba.ar\/extension\/vocesenelfenix\/la-economia-social-y-solidaria-ante-la-pobreza\/\" rel=\"bookmark\">La econom\u00eda social y solidaria ante la pobreza<\/a><\/h4>            <div class=\"bm-blog-post-meta entry-post-meta bm_meta\">\n                            <\/div>\n            <div class=\"entry-post-content bm_content\">\n                | Por Jos\u00e9 Luis Coraggio | Un recorrido por los principales lineamientos de una matriz de pensamiento que subordina la acumulaci\u00f3n a la reproducci\u00f3n y desarrollo de la vida, y <div><a href=\"https:\/\/www.economicas.uba.ar\/extension\/vocesenelfenix\/la-economia-social-y-solidaria-ante-la-pobreza\/\" rel=\"bookmark\" class=\"bm-read-more entry-read-more\">M\u00e1s \u00bb<\/a><div>            <\/div>\n        <\/div>\n    <\/article>\n\t\t\t\t<\/div><\/div>\n\t\t\t\t\t\t\t\t<\/div>\n\t\t\t\t<\/div>\n\t\t\t\t\t<\/div>\n\t\t<\/div>\n\t\t\t\t\t<\/div>\n\t\t<\/section>\n\t\t\t\t<section class=\"elementor-section elementor-top-section elementor-element elementor-element-a149c7d elementor-section-boxed elementor-section-height-default elementor-section-height-default\" data-id=\"a149c7d\" data-element_type=\"section\" data-e-type=\"section\" data-settings=\"{&quot;background_background&quot;:&quot;classic&quot;}\">\n\t\t\t\t\t\t<div class=\"elementor-container elementor-column-gap-default\">\n\t\t\t\t\t<div class=\"elementor-column elementor-col-100 elementor-top-column elementor-element elementor-element-04282c9\" data-id=\"04282c9\" data-element_type=\"column\" data-e-type=\"column\">\n\t\t\t<div class=\"elementor-widget-wrap\">\n\t\t\t\t\t\t\t<\/div>\n\t\t<\/div>\n\t\t\t\t\t<\/div>\n\t\t<\/section>\n\t\t\t\t<\/div>\n\t\t","protected":false},"excerpt":{"rendered":"<p>N\u00daMERO 22 LA DIGNIDAD DE LOS NADIES POBREZA LA POBREZA ES UN PROBLEMA ESTRUCTURAL EN NUESTRA REGI\u00d3N. LOS \u00daLTIMOS A\u00d1OS MOSTRARON UNA CLARA MEJOR\u00cdA EN LA MAYOR\u00cdA DE LOS PA\u00cdSES<\/p>\n","protected":false},"author":5,"featured_media":0,"parent":0,"menu_order":0,"comment_status":"closed","ping_status":"closed","template":"","meta":{"footnotes":""},"class_list":["post-17851","page","type-page","status-publish","hentry"],"_links":{"self":[{"href":"https:\/\/www.economicas.uba.ar\/extension\/vocesenelfenix\/wp-json\/wp\/v2\/pages\/17851","targetHints":{"allow":["GET"]}}],"collection":[{"href":"https:\/\/www.economicas.uba.ar\/extension\/vocesenelfenix\/wp-json\/wp\/v2\/pages"}],"about":[{"href":"https:\/\/www.economicas.uba.ar\/extension\/vocesenelfenix\/wp-json\/wp\/v2\/types\/page"}],"author":[{"embeddable":true,"href":"https:\/\/www.economicas.uba.ar\/extension\/vocesenelfenix\/wp-json\/wp\/v2\/users\/5"}],"replies":[{"embeddable":true,"href":"https:\/\/www.economicas.uba.ar\/extension\/vocesenelfenix\/wp-json\/wp\/v2\/comments?post=17851"}],"version-history":[{"count":13,"href":"https:\/\/www.economicas.uba.ar\/extension\/vocesenelfenix\/wp-json\/wp\/v2\/pages\/17851\/revisions"}],"predecessor-version":[{"id":17870,"href":"https:\/\/www.economicas.uba.ar\/extension\/vocesenelfenix\/wp-json\/wp\/v2\/pages\/17851\/revisions\/17870"}],"wp:attachment":[{"href":"https:\/\/www.economicas.uba.ar\/extension\/vocesenelfenix\/wp-json\/wp\/v2\/media?parent=17851"}],"curies":[{"name":"wp","href":"https:\/\/api.w.org\/{rel}","templated":true}]}}