{"id":18337,"date":"2012-11-01T00:01:00","date_gmt":"2012-11-01T03:01:00","guid":{"rendered":"https:\/\/www.economicas.uba.ar\/extension\/vocesenelfenix\/?page_id=18337"},"modified":"2022-12-21T14:29:13","modified_gmt":"2022-12-21T17:29:13","slug":"numero-20","status":"publish","type":"page","link":"https:\/\/www.economicas.uba.ar\/extension\/vocesenelfenix\/numero-20\/","title":{"rendered":"N\u00famero 20"},"content":{"rendered":"\t\t<div data-elementor-type=\"wp-page\" data-elementor-id=\"18337\" class=\"elementor elementor-18337\" data-elementor-post-type=\"page\">\n\t\t\t\t\t\t<section class=\"elementor-section elementor-top-section elementor-element elementor-element-581deb0 elementor-section-boxed elementor-section-height-default elementor-section-height-default\" data-id=\"581deb0\" data-element_type=\"section\" data-e-type=\"section\" data-settings=\"{&quot;background_background&quot;:&quot;classic&quot;}\">\n\t\t\t\t\t\t<div class=\"elementor-container elementor-column-gap-default\">\n\t\t\t\t\t<div class=\"elementor-column elementor-col-33 elementor-top-column elementor-element elementor-element-7fda855\" data-id=\"7fda855\" data-element_type=\"column\" data-e-type=\"column\">\n\t\t\t<div class=\"elementor-widget-wrap elementor-element-populated\">\n\t\t\t\t\t\t<div class=\"elementor-element elementor-element-d14203e elementor-widget elementor-widget-image\" data-id=\"d14203e\" data-element_type=\"widget\" data-e-type=\"widget\" data-widget_type=\"image.default\">\n\t\t\t\t<div class=\"elementor-widget-container\">\n\t\t\t\t\t\t\t\t\t\t\t\t\t\t\t\t<a href=\"https:\/\/drive.google.com\/file\/d\/15VAD-roX7hyP-OFcLRUk86Q__oeEs0Qs\/view\" target=\"_blank\">\n\t\t\t\t\t\t\t<img fetchpriority=\"high\" decoding=\"async\" width=\"193\" height=\"268\" src=\"https:\/\/www.economicas.uba.ar\/extension\/vocesenelfenix\/wp-content\/uploads\/tapa20.jpg\" class=\"attachment-large size-large wp-image-1888\" alt=\"\" \/>\t\t\t\t\t\t\t\t<\/a>\n\t\t\t\t\t\t\t\t\t\t\t\t\t\t\t<\/div>\n\t\t\t\t<\/div>\n\t\t\t\t\t<\/div>\n\t\t<\/div>\n\t\t\t\t<div class=\"elementor-column elementor-col-66 elementor-top-column elementor-element elementor-element-5344a5f\" data-id=\"5344a5f\" data-element_type=\"column\" data-e-type=\"column\">\n\t\t\t<div class=\"elementor-widget-wrap elementor-element-populated\">\n\t\t\t\t\t\t<div class=\"elementor-element elementor-element-42fcb98 elementor-widget elementor-widget-text-editor\" data-id=\"42fcb98\" data-element_type=\"widget\" data-e-type=\"widget\" data-widget_type=\"text-editor.default\">\n\t\t\t\t<div class=\"elementor-widget-container\">\n\t\t\t\t\t\t\t\t\t<h5>N\u00daMERO 20<\/h5><h3>LA\u00a0FUENTE DE LA VIDA<\/h3><h6>AGUA<\/h6><p><br \/>EL AGUA ES UN BIEN NATURAL INSUSTITUIBLE PARA EL SOSTENIMIENTO DE LA VIDA HUMANA EN TODAS SUS FACETAS. LA ESCASEZ, SU DEMANDA CRECIENTE, EL CAMBIO CLIM\u00c1TICO, LA SUPERPOBLACI\u00d3N Y LA CONTAMINACI\u00d3N SON LOS PRINCIPALES PROBLEMAS. DE SU SOLUCI\u00d3N DEPENDE LA MEJORA DE LA CALIDAD DE VIDA DE TOD@S Y EL ESTADO ES EL PRINCIPAL RESPONSABLE DE LOGRARLO.<\/p>\t\t\t\t\t\t\t\t<\/div>\n\t\t\t\t<\/div>\n\t\t\t\t<div class=\"elementor-element elementor-element-5126048 elementor-widget elementor-widget-button\" data-id=\"5126048\" data-element_type=\"widget\" data-e-type=\"widget\" data-widget_type=\"button.default\">\n\t\t\t\t<div class=\"elementor-widget-container\">\n\t\t\t\t\t\t\t\t\t<div class=\"elementor-button-wrapper\">\n\t\t\t\t\t<a class=\"elementor-button elementor-button-link elementor-size-xs\" href=\"https:\/\/drive.google.com\/file\/d\/15VAD-roX7hyP-OFcLRUk86Q__oeEs0Qs\/view\" target=\"_blank\">\n\t\t\t\t\t\t<span class=\"elementor-button-content-wrapper\">\n\t\t\t\t\t\t\t\t\t<span class=\"elementor-button-text\">Descarg\u00e1 el PDF<\/span>\n\t\t\t\t\t<\/span>\n\t\t\t\t\t<\/a>\n\t\t\t\t<\/div>\n\t\t\t\t\t\t\t\t<\/div>\n\t\t\t\t<\/div>\n\t\t\t\t\t<\/div>\n\t\t<\/div>\n\t\t\t\t\t<\/div>\n\t\t<\/section>\n\t\t\t\t<section class=\"elementor-section elementor-top-section elementor-element elementor-element-31c8b24 elementor-section-boxed elementor-section-height-default elementor-section-height-default\" data-id=\"31c8b24\" data-element_type=\"section\" data-e-type=\"section\">\n\t\t\t\t\t\t<div class=\"elementor-container elementor-column-gap-default\">\n\t\t\t\t\t<div class=\"elementor-column elementor-col-100 elementor-top-column elementor-element elementor-element-407d2a6\" data-id=\"407d2a6\" data-element_type=\"column\" data-e-type=\"column\">\n\t\t\t<div class=\"elementor-widget-wrap elementor-element-populated\">\n\t\t\t\t\t\t<div class=\"elementor-element elementor-element-eff4a13 elementor-grid-3 elementor-grid-tablet-2 elementor-grid-mobile-1 elementor-posts--align-left elementor-widget elementor-widget-blogmentor_blog_posts\" data-id=\"eff4a13\" data-element_type=\"widget\" data-e-type=\"widget\" data-settings=\"{&quot;bm_grid_columns&quot;:&quot;3&quot;,&quot;bm_grid_columns_tablet&quot;:&quot;2&quot;,&quot;bm_grid_columns_mobile&quot;:&quot;1&quot;,&quot;post_card_grid_gap&quot;:{&quot;unit&quot;:&quot;px&quot;,&quot;size&quot;:10,&quot;sizes&quot;:[]},&quot;post_card_row_gap&quot;:{&quot;unit&quot;:&quot;px&quot;,&quot;size&quot;:35,&quot;sizes&quot;:[]}}\" data-widget_type=\"blogmentor_blog_posts.default\">\n\t\t\t\t<div class=\"elementor-widget-container\">\n\t\t\t\t\t\t\t\n\t\t\t\t\t\t\t\t<div class=\"bm-blog-posts-wrapper\" >\n\t\t\t\t\t\t\t<div class=\"bm-blog-posts bm-display-grid elementor-grid elementor-grid-3\" >\n\t\t\t\t    <article id=\"post-18342\" class=\"item bm_layout post-18342 post type-post status-publish format-standard has-post-thumbnail hentry category-n-20 tag-abraham-leonardo-gak tag-agua tag-desarrollo tag-editorial tag-medio-ambiente\">\n\t\t<div class=\"bm-blog-post-image entry-post-image\">\n\t\t\t<div class=\"bm-post-image clearfix bm-hover-effect bm-hover-effect-blur\">\n\t\t\t\t<img decoding=\"async\" width=\"640\" height=\"431\" src=\"https:\/\/www.economicas.uba.ar\/extension\/vocesenelfenix\/wp-content\/uploads\/2000Gak.jpg\" class=\"attachment-large size-large wp-post-image\" alt=\"\" srcset=\"https:\/\/www.economicas.uba.ar\/extension\/vocesenelfenix\/wp-content\/uploads\/2000Gak.jpg 1080w, https:\/\/www.economicas.uba.ar\/extension\/vocesenelfenix\/wp-content\/uploads\/2000Gak-300x202.jpg 300w, https:\/\/www.economicas.uba.ar\/extension\/vocesenelfenix\/wp-content\/uploads\/2000Gak-768x517.jpg 768w\" sizes=\"(max-width: 640px) 100vw, 640px\" \/>\t\t\t<\/div>\n\t\t<\/div>\n        <div class=\"bm-blog-post-content bm_content_box\">\n            <h4 class=\"entry-post-title bm_title\"><a href=\"https:\/\/www.economicas.uba.ar\/extension\/vocesenelfenix\/editorial-agua-un-bien-estrategico-y-vital-en-pugna\/\" rel=\"bookmark\">Editorial: Agua, un bien estrat\u00e9gico y vital en pugna<\/a><\/h4>            <div class=\"bm-blog-post-meta entry-post-meta bm_meta\">\n                            <\/div>\n            <div class=\"entry-post-content bm_content\">\n                | Por Abraham Leonardo Gak |            <\/div>\n        <\/div>\n    <\/article>\n    <article id=\"post-18351\" class=\"item bm_layout post-18351 post type-post status-publish format-standard has-post-thumbnail hentry category-n-20 tag-agua tag-jorge-pilar tag-planificacion tag-politica tag-recursos-hidricos\">\n\t\t<div class=\"bm-blog-post-image entry-post-image\">\n\t\t\t<div class=\"bm-post-image clearfix bm-hover-effect bm-hover-effect-blur\">\n\t\t\t\t<img decoding=\"async\" width=\"640\" height=\"431\" src=\"https:\/\/www.economicas.uba.ar\/extension\/vocesenelfenix\/wp-content\/uploads\/2001Pilar.jpg\" class=\"attachment-large size-large wp-post-image\" alt=\"\" srcset=\"https:\/\/www.economicas.uba.ar\/extension\/vocesenelfenix\/wp-content\/uploads\/2001Pilar.jpg 1080w, https:\/\/www.economicas.uba.ar\/extension\/vocesenelfenix\/wp-content\/uploads\/2001Pilar-300x202.jpg 300w, https:\/\/www.economicas.uba.ar\/extension\/vocesenelfenix\/wp-content\/uploads\/2001Pilar-768x518.jpg 768w\" sizes=\"(max-width: 640px) 100vw, 640px\" \/>\t\t\t<\/div>\n\t\t<\/div>\n        <div class=\"bm-blog-post-content bm_content_box\">\n            <h4 class=\"entry-post-title bm_title\"><a href=\"https:\/\/www.economicas.uba.ar\/extension\/vocesenelfenix\/gestion-y-gerenciamiento-de-recursos-hidricos-mucho-mas-que-una-cuestion-semantica\/\" rel=\"bookmark\">Gesti\u00f3n y gerenciamiento de recursos h\u00eddricos: mucho m\u00e1s que una cuesti\u00f3n sem\u00e1ntica<\/a><\/h4>            <div class=\"bm-blog-post-meta entry-post-meta bm_meta\">\n                            <\/div>\n            <div class=\"entry-post-content bm_content\">\n                | Por Jorge Pilar | El agua es fuente de vida, por lo tanto, de una buena planificaci\u00f3n de su uso depende la posibilidad de vida digna para la poblaci\u00f3n. <div><a href=\"https:\/\/www.economicas.uba.ar\/extension\/vocesenelfenix\/gestion-y-gerenciamiento-de-recursos-hidricos-mucho-mas-que-una-cuestion-semantica\/\" rel=\"bookmark\" class=\"bm-read-more entry-read-more\">M\u00e1s \u00bb<\/a><div>            <\/div>\n        <\/div>\n    <\/article>\n    <article id=\"post-18360\" class=\"item bm_layout post-18360 post type-post status-publish format-standard has-post-thumbnail hentry category-n-20 tag-agua tag-desarrollo tag-fernando-zarate tag-gestion tag-sostenibilidad\">\n\t\t<div class=\"bm-blog-post-image entry-post-image\">\n\t\t\t<div class=\"bm-post-image clearfix bm-hover-effect bm-hover-effect-blur\">\n\t\t\t\t<img loading=\"lazy\" decoding=\"async\" width=\"640\" height=\"433\" src=\"https:\/\/www.economicas.uba.ar\/extension\/vocesenelfenix\/wp-content\/uploads\/2002Zarate.jpg\" class=\"attachment-large size-large wp-post-image\" alt=\"\" srcset=\"https:\/\/www.economicas.uba.ar\/extension\/vocesenelfenix\/wp-content\/uploads\/2002Zarate.jpg 1080w, https:\/\/www.economicas.uba.ar\/extension\/vocesenelfenix\/wp-content\/uploads\/2002Zarate-300x203.jpg 300w, https:\/\/www.economicas.uba.ar\/extension\/vocesenelfenix\/wp-content\/uploads\/2002Zarate-768x519.jpg 768w\" sizes=\"(max-width: 640px) 100vw, 640px\" \/>\t\t\t<\/div>\n\t\t<\/div>\n        <div class=\"bm-blog-post-content bm_content_box\">\n            <h4 class=\"entry-post-title bm_title\"><a href=\"https:\/\/www.economicas.uba.ar\/extension\/vocesenelfenix\/el-rol-clave-de-la-gestion-del-agua-en-el-desarrollo-nacional\/\" rel=\"bookmark\">El rol clave de la gesti\u00f3n del agua en el desarrollo nacional<\/a><\/h4>            <div class=\"bm-blog-post-meta entry-post-meta bm_meta\">\n                            <\/div>\n            <div class=\"entry-post-content bm_content\">\n                | Por Fernando Z\u00e1rate | El agua debe verse como parte integral del ecosistema, y como un bien social y econ\u00f3mico cuya cantidad y calidad determinan la naturaleza de su <div><a href=\"https:\/\/www.economicas.uba.ar\/extension\/vocesenelfenix\/el-rol-clave-de-la-gestion-del-agua-en-el-desarrollo-nacional\/\" rel=\"bookmark\" class=\"bm-read-more entry-read-more\">M\u00e1s \u00bb<\/a><div>            <\/div>\n        <\/div>\n    <\/article>\n    <article id=\"post-18366\" class=\"item bm_layout post-18366 post type-post status-publish format-standard has-post-thumbnail hentry category-n-20 tag-agua tag-argentina tag-daniel-petri tag-politica-hidrica tag-recursos-naturales tag-rio-negro\">\n\t\t<div class=\"bm-blog-post-image entry-post-image\">\n\t\t\t<div class=\"bm-post-image clearfix bm-hover-effect bm-hover-effect-blur\">\n\t\t\t\t<img loading=\"lazy\" decoding=\"async\" width=\"640\" height=\"431\" src=\"https:\/\/www.economicas.uba.ar\/extension\/vocesenelfenix\/wp-content\/uploads\/2003Petri.jpg\" class=\"attachment-large size-large wp-post-image\" alt=\"\" srcset=\"https:\/\/www.economicas.uba.ar\/extension\/vocesenelfenix\/wp-content\/uploads\/2003Petri.jpg 1080w, https:\/\/www.economicas.uba.ar\/extension\/vocesenelfenix\/wp-content\/uploads\/2003Petri-300x202.jpg 300w, https:\/\/www.economicas.uba.ar\/extension\/vocesenelfenix\/wp-content\/uploads\/2003Petri-768x517.jpg 768w\" sizes=\"(max-width: 640px) 100vw, 640px\" \/>\t\t\t<\/div>\n\t\t<\/div>\n        <div class=\"bm-blog-post-content bm_content_box\">\n            <h4 class=\"entry-post-title bm_title\"><a href=\"https:\/\/www.economicas.uba.ar\/extension\/vocesenelfenix\/la-politica-hidrica-en-la-republica-argentina\/\" rel=\"bookmark\">La pol\u00edtica h\u00eddrica en la Rep\u00fablica Argentina<\/a><\/h4>            <div class=\"bm-blog-post-meta entry-post-meta bm_meta\">\n                            <\/div>\n            <div class=\"entry-post-content bm_content\">\n                | Por Daniel Petri | Los Estados provinciales conservan para s\u00ed la gesti\u00f3n de sus propios recursos naturales, entre los que se destaca el agua. De todos modos, la gesti\u00f3n <div><a href=\"https:\/\/www.economicas.uba.ar\/extension\/vocesenelfenix\/la-politica-hidrica-en-la-republica-argentina\/\" rel=\"bookmark\" class=\"bm-read-more entry-read-more\">M\u00e1s \u00bb<\/a><div>            <\/div>\n        <\/div>\n    <\/article>\n    <article id=\"post-18373\" class=\"item bm_layout post-18373 post type-post status-publish format-standard has-post-thumbnail hentry category-n-20 tag-agua tag-cambio-climatico tag-contaminacion tag-derecho tag-derechos-humanos tag-estado tag-liber-martin\">\n\t\t<div class=\"bm-blog-post-image entry-post-image\">\n\t\t\t<div class=\"bm-post-image clearfix bm-hover-effect bm-hover-effect-blur\">\n\t\t\t\t<img loading=\"lazy\" decoding=\"async\" width=\"640\" height=\"431\" src=\"https:\/\/www.economicas.uba.ar\/extension\/vocesenelfenix\/wp-content\/uploads\/2004Martin.jpg\" class=\"attachment-large size-large wp-post-image\" alt=\"\" srcset=\"https:\/\/www.economicas.uba.ar\/extension\/vocesenelfenix\/wp-content\/uploads\/2004Martin.jpg 1080w, https:\/\/www.economicas.uba.ar\/extension\/vocesenelfenix\/wp-content\/uploads\/2004Martin-300x202.jpg 300w, https:\/\/www.economicas.uba.ar\/extension\/vocesenelfenix\/wp-content\/uploads\/2004Martin-768x518.jpg 768w\" sizes=\"(max-width: 640px) 100vw, 640px\" \/>\t\t\t<\/div>\n\t\t<\/div>\n        <div class=\"bm-blog-post-content bm_content_box\">\n            <h4 class=\"entry-post-title bm_title\"><a href=\"https:\/\/www.economicas.uba.ar\/extension\/vocesenelfenix\/la-transformacion-del-derecho-argentino-de-aguas\/\" rel=\"bookmark\">La transformaci\u00f3n del derecho argentino de aguas<\/a><\/h4>            <div class=\"bm-blog-post-meta entry-post-meta bm_meta\">\n                            <\/div>\n            <div class=\"entry-post-content bm_content\">\n                | Por Liber Martin | Hoy en d\u00eda el derecho al agua es considerado como un derecho humano que el Estado debe asegurar. \u00bfC\u00f3mo impactar\u00e1n las problem\u00e1ticas de la escasez, <div><a href=\"https:\/\/www.economicas.uba.ar\/extension\/vocesenelfenix\/la-transformacion-del-derecho-argentino-de-aguas\/\" rel=\"bookmark\" class=\"bm-read-more entry-read-more\">M\u00e1s \u00bb<\/a><div>            <\/div>\n        <\/div>\n    <\/article>\n    <article id=\"post-18380\" class=\"item bm_layout post-18380 post type-post status-publish format-standard has-post-thumbnail hentry category-n-20 tag-agua tag-argentina tag-cristobal-lozeco tag-mariana-romanatti tag-mario-schreider tag-marta-paris tag-recursos-hidricos tag-universidad-nacional-del-litorial\">\n\t\t<div class=\"bm-blog-post-image entry-post-image\">\n\t\t\t<div class=\"bm-post-image clearfix bm-hover-effect bm-hover-effect-blur\">\n\t\t\t\t<img loading=\"lazy\" decoding=\"async\" width=\"640\" height=\"433\" src=\"https:\/\/www.economicas.uba.ar\/extension\/vocesenelfenix\/wp-content\/uploads\/2005Schreider.jpg\" class=\"attachment-large size-large wp-post-image\" alt=\"\" srcset=\"https:\/\/www.economicas.uba.ar\/extension\/vocesenelfenix\/wp-content\/uploads\/2005Schreider.jpg 1080w, https:\/\/www.economicas.uba.ar\/extension\/vocesenelfenix\/wp-content\/uploads\/2005Schreider-300x203.jpg 300w, https:\/\/www.economicas.uba.ar\/extension\/vocesenelfenix\/wp-content\/uploads\/2005Schreider-768x519.jpg 768w\" sizes=\"(max-width: 640px) 100vw, 640px\" \/>\t\t\t<\/div>\n\t\t<\/div>\n        <div class=\"bm-blog-post-content bm_content_box\">\n            <h4 class=\"entry-post-title bm_title\"><a href=\"https:\/\/www.economicas.uba.ar\/extension\/vocesenelfenix\/desarrollo-de-capacidades-en-recursos-hidricos-en-la-argentina-una-mirada-desde-la-facultad-de-ingenieria-y-ciencias-hidricas-de-la-universidad-nacional-del-litoral\/\" rel=\"bookmark\">Desarrollo de capacidades en recursos h\u00eddricos en la Argentina: Una mirada desde la Facultad de Ingenier\u00eda y Ciencias H\u00eddricas de la Universidad Nacional del Litoral<\/a><\/h4>            <div class=\"bm-blog-post-meta entry-post-meta bm_meta\">\n                            <\/div>\n            <div class=\"entry-post-content bm_content\">\n                | Por Mario Schreider, Crist\u00f3bal Lozeco, Marta Paris y Mariana Romanatti | Los procesos educativos reflejan y retroalimentan la evoluci\u00f3n de los paradigmas de uso y preservaci\u00f3n de los recursos <div><a href=\"https:\/\/www.economicas.uba.ar\/extension\/vocesenelfenix\/desarrollo-de-capacidades-en-recursos-hidricos-en-la-argentina-una-mirada-desde-la-facultad-de-ingenieria-y-ciencias-hidricas-de-la-universidad-nacional-del-litoral\/\" rel=\"bookmark\" class=\"bm-read-more entry-read-more\">M\u00e1s \u00bb<\/a><div>            <\/div>\n        <\/div>\n    <\/article>\n    <article id=\"post-18386\" class=\"item bm_layout post-18386 post type-post status-publish format-standard has-post-thumbnail hentry category-n-20 tag-agua tag-argentina tag-emilio-j-lentini tag-federica-brenner tag-objetivos-de-desarrollo-del-milenio tag-saneamiento\">\n\t\t<div class=\"bm-blog-post-image entry-post-image\">\n\t\t\t<div class=\"bm-post-image clearfix bm-hover-effect bm-hover-effect-blur\">\n\t\t\t\t<img loading=\"lazy\" decoding=\"async\" width=\"640\" height=\"431\" src=\"https:\/\/www.economicas.uba.ar\/extension\/vocesenelfenix\/wp-content\/uploads\/2006Lentini.jpg\" class=\"attachment-large size-large wp-post-image\" alt=\"\" srcset=\"https:\/\/www.economicas.uba.ar\/extension\/vocesenelfenix\/wp-content\/uploads\/2006Lentini.jpg 1080w, https:\/\/www.economicas.uba.ar\/extension\/vocesenelfenix\/wp-content\/uploads\/2006Lentini-300x202.jpg 300w, https:\/\/www.economicas.uba.ar\/extension\/vocesenelfenix\/wp-content\/uploads\/2006Lentini-768x518.jpg 768w\" sizes=\"(max-width: 640px) 100vw, 640px\" \/>\t\t\t<\/div>\n\t\t<\/div>\n        <div class=\"bm-blog-post-content bm_content_box\">\n            <h4 class=\"entry-post-title bm_title\"><a href=\"https:\/\/www.economicas.uba.ar\/extension\/vocesenelfenix\/agua-y-saneamiento-un-objetivo-de-desarrollo-del-milenio-los-avances-en-la-argentina\/\" rel=\"bookmark\">Agua y saneamiento: un Objetivo de Desarrollo del Milenio. Los Avances en la Argentina<\/a><\/h4>            <div class=\"bm-blog-post-meta entry-post-meta bm_meta\">\n                            <\/div>\n            <div class=\"entry-post-content bm_content\">\n                | Por Emilio J. Lentini y Federica Brenner | La cobertura universal de agua, cloaca y tratamiento de aguas residuales no s\u00f3lo es deseable, sino fundamental para mejorar la calidad <div><a href=\"https:\/\/www.economicas.uba.ar\/extension\/vocesenelfenix\/agua-y-saneamiento-un-objetivo-de-desarrollo-del-milenio-los-avances-en-la-argentina\/\" rel=\"bookmark\" class=\"bm-read-more entry-read-more\">M\u00e1s \u00bb<\/a><div>            <\/div>\n        <\/div>\n    <\/article>\n    <article id=\"post-18396\" class=\"item bm_layout post-18396 post type-post status-publish format-standard has-post-thumbnail hentry category-n-20 tag-agua tag-cuenca-matanza-riachuelo tag-inundaciones tag-juan-carlos-bertoni tag-sectores-vulnerables\">\n\t\t<div class=\"bm-blog-post-image entry-post-image\">\n\t\t\t<div class=\"bm-post-image clearfix bm-hover-effect bm-hover-effect-blur\">\n\t\t\t\t<img loading=\"lazy\" decoding=\"async\" width=\"640\" height=\"430\" src=\"https:\/\/www.economicas.uba.ar\/extension\/vocesenelfenix\/wp-content\/uploads\/2007Bertoni.jpg\" class=\"attachment-large size-large wp-post-image\" alt=\"\" srcset=\"https:\/\/www.economicas.uba.ar\/extension\/vocesenelfenix\/wp-content\/uploads\/2007Bertoni.jpg 1080w, https:\/\/www.economicas.uba.ar\/extension\/vocesenelfenix\/wp-content\/uploads\/2007Bertoni-300x201.jpg 300w, https:\/\/www.economicas.uba.ar\/extension\/vocesenelfenix\/wp-content\/uploads\/2007Bertoni-768x516.jpg 768w\" sizes=\"(max-width: 640px) 100vw, 640px\" \/>\t\t\t<\/div>\n\t\t<\/div>\n        <div class=\"bm-blog-post-content bm_content_box\">\n            <h4 class=\"entry-post-title bm_title\"><a href=\"https:\/\/www.economicas.uba.ar\/extension\/vocesenelfenix\/la-problematica-de-las-inundaciones-urbanas-el-caso-de-la-cuenca-matanza-riachuelo\/\" rel=\"bookmark\">La problem\u00e1tica de las inundaciones urbanas: El caso de la cuenca Matanza-Riachuelo<\/a><\/h4>            <div class=\"bm-blog-post-meta entry-post-meta bm_meta\">\n                            <\/div>\n            <div class=\"entry-post-content bm_content\">\n                | Por Juan Carlos Bertoni | La cuenca Matanza-Riachuelo se caracteriza por la degradaci\u00f3n ambiental, la insuficiencia de infraestructura que garantice el suministro de agua y redes de alcantarillado, y <div><a href=\"https:\/\/www.economicas.uba.ar\/extension\/vocesenelfenix\/la-problematica-de-las-inundaciones-urbanas-el-caso-de-la-cuenca-matanza-riachuelo\/\" rel=\"bookmark\" class=\"bm-read-more entry-read-more\">M\u00e1s \u00bb<\/a><div>            <\/div>\n        <\/div>\n    <\/article>\n    <article id=\"post-18405\" class=\"item bm_layout post-18405 post type-post status-publish format-standard has-post-thumbnail hentry category-n-20 tag-agua tag-argentina tag-estado tag-guillermo-v-malinow tag-planificacion tag-recursos-naturales tag-sector-hidroelectrico\">\n\t\t<div class=\"bm-blog-post-image entry-post-image\">\n\t\t\t<div class=\"bm-post-image clearfix bm-hover-effect bm-hover-effect-blur\">\n\t\t\t\t<img loading=\"lazy\" decoding=\"async\" width=\"640\" height=\"431\" src=\"https:\/\/www.economicas.uba.ar\/extension\/vocesenelfenix\/wp-content\/uploads\/2008Malinow.jpg\" class=\"attachment-large size-large wp-post-image\" alt=\"\" srcset=\"https:\/\/www.economicas.uba.ar\/extension\/vocesenelfenix\/wp-content\/uploads\/2008Malinow.jpg 1080w, https:\/\/www.economicas.uba.ar\/extension\/vocesenelfenix\/wp-content\/uploads\/2008Malinow-300x202.jpg 300w, https:\/\/www.economicas.uba.ar\/extension\/vocesenelfenix\/wp-content\/uploads\/2008Malinow-768x518.jpg 768w\" sizes=\"(max-width: 640px) 100vw, 640px\" \/>\t\t\t<\/div>\n\t\t<\/div>\n        <div class=\"bm-blog-post-content bm_content_box\">\n            <h4 class=\"entry-post-title bm_title\"><a href=\"https:\/\/www.economicas.uba.ar\/extension\/vocesenelfenix\/revitalizar-el-sector-hidroelectrico-argentino\/\" rel=\"bookmark\">Revitalizar el sector hidroel\u00e9ctrico argentino<\/a><\/h4>            <div class=\"bm-blog-post-meta entry-post-meta bm_meta\">\n                            <\/div>\n            <div class=\"entry-post-content bm_content\">\n                | Por Guillermo V. Malinow | El agua es un recurso natural insustituible para el sostenimiento de la vida humana en todas sus facetas. El Estado tiene la responsabilidad indelegable <div><a href=\"https:\/\/www.economicas.uba.ar\/extension\/vocesenelfenix\/revitalizar-el-sector-hidroelectrico-argentino\/\" rel=\"bookmark\" class=\"bm-read-more entry-read-more\">M\u00e1s \u00bb<\/a><div>            <\/div>\n        <\/div>\n    <\/article>\n    <article id=\"post-18413\" class=\"item bm_layout post-18413 post type-post status-publish format-standard has-post-thumbnail hentry category-n-20 tag-agua tag-alimentacion tag-energia tag-geopolitica tag-maria-querol tag-salud\">\n\t\t<div class=\"bm-blog-post-image entry-post-image\">\n\t\t\t<div class=\"bm-post-image clearfix bm-hover-effect bm-hover-effect-blur\">\n\t\t\t\t<img loading=\"lazy\" decoding=\"async\" width=\"640\" height=\"432\" src=\"https:\/\/www.economicas.uba.ar\/extension\/vocesenelfenix\/wp-content\/uploads\/2009Querol.jpg\" class=\"attachment-large size-large wp-post-image\" alt=\"\" srcset=\"https:\/\/www.economicas.uba.ar\/extension\/vocesenelfenix\/wp-content\/uploads\/2009Querol.jpg 1080w, https:\/\/www.economicas.uba.ar\/extension\/vocesenelfenix\/wp-content\/uploads\/2009Querol-300x203.jpg 300w, https:\/\/www.economicas.uba.ar\/extension\/vocesenelfenix\/wp-content\/uploads\/2009Querol-768x518.jpg 768w\" sizes=\"(max-width: 640px) 100vw, 640px\" \/>\t\t\t<\/div>\n\t\t<\/div>\n        <div class=\"bm-blog-post-content bm_content_box\">\n            <h4 class=\"entry-post-title bm_title\"><a href=\"https:\/\/www.economicas.uba.ar\/extension\/vocesenelfenix\/la-geopolitica-del-agua\/\" rel=\"bookmark\">La geopol\u00edtica del agua<\/a><\/h4>            <div class=\"bm-blog-post-meta entry-post-meta bm_meta\">\n                            <\/div>\n            <div class=\"entry-post-content bm_content\">\n                | Por Mar\u00eda Querol | El acceso al agua est\u00e1 estrechamente vinculado con los \u00edndices de alimentaci\u00f3n, salud y energ\u00eda. La mayor\u00eda de los r\u00edos, lagos y aguas subterr\u00e1neas existentes <div><a href=\"https:\/\/www.economicas.uba.ar\/extension\/vocesenelfenix\/la-geopolitica-del-agua\/\" rel=\"bookmark\" class=\"bm-read-more entry-read-more\">M\u00e1s \u00bb<\/a><div>            <\/div>\n        <\/div>\n    <\/article>\n    <article id=\"post-18419\" class=\"item bm_layout post-18419 post type-post status-publish format-standard has-post-thumbnail hentry category-n-20 tag-agua tag-conflictos tag-estado tag-victor-pochat\">\n\t\t<div class=\"bm-blog-post-image entry-post-image\">\n\t\t\t<div class=\"bm-post-image clearfix bm-hover-effect bm-hover-effect-blur\">\n\t\t\t\t<img loading=\"lazy\" decoding=\"async\" width=\"640\" height=\"431\" src=\"https:\/\/www.economicas.uba.ar\/extension\/vocesenelfenix\/wp-content\/uploads\/2010Pochat.jpg\" class=\"attachment-large size-large wp-post-image\" alt=\"\" srcset=\"https:\/\/www.economicas.uba.ar\/extension\/vocesenelfenix\/wp-content\/uploads\/2010Pochat.jpg 1080w, https:\/\/www.economicas.uba.ar\/extension\/vocesenelfenix\/wp-content\/uploads\/2010Pochat-300x202.jpg 300w, https:\/\/www.economicas.uba.ar\/extension\/vocesenelfenix\/wp-content\/uploads\/2010Pochat-768x517.jpg 768w\" sizes=\"(max-width: 640px) 100vw, 640px\" \/>\t\t\t<\/div>\n\t\t<\/div>\n        <div class=\"bm-blog-post-content bm_content_box\">\n            <h4 class=\"entry-post-title bm_title\"><a href=\"https:\/\/www.economicas.uba.ar\/extension\/vocesenelfenix\/conflictos-por-el-agua\/\" rel=\"bookmark\">Conflictos por el agua<\/a><\/h4>            <div class=\"bm-blog-post-meta entry-post-meta bm_meta\">\n                            <\/div>\n            <div class=\"entry-post-content bm_content\">\n                | Por V\u00edctor Pochat | La cantidad, calidad y disponibilidad de agua son las principales causas de los conflictos en torno al vital l\u00edquido. Es el Estado quien debe tomar <div><a href=\"https:\/\/www.economicas.uba.ar\/extension\/vocesenelfenix\/conflictos-por-el-agua\/\" rel=\"bookmark\" class=\"bm-read-more entry-read-more\">M\u00e1s \u00bb<\/a><div>            <\/div>\n        <\/div>\n    <\/article>\n    <article id=\"post-18426\" class=\"item bm_layout post-18426 post type-post status-publish format-standard has-post-thumbnail hentry category-n-20 tag-agua tag-biodiversidad tag-cooperacion-transfronteriza tag-cuenca-del-plata tag-jose-luis-genta tag-recursos-hidricos tag-silvia-rafaelli\">\n\t\t<div class=\"bm-blog-post-image entry-post-image\">\n\t\t\t<div class=\"bm-post-image clearfix bm-hover-effect bm-hover-effect-blur\">\n\t\t\t\t<img loading=\"lazy\" decoding=\"async\" width=\"640\" height=\"431\" src=\"https:\/\/www.economicas.uba.ar\/extension\/vocesenelfenix\/wp-content\/uploads\/2011Genta.jpg\" class=\"attachment-large size-large wp-post-image\" alt=\"\" srcset=\"https:\/\/www.economicas.uba.ar\/extension\/vocesenelfenix\/wp-content\/uploads\/2011Genta.jpg 1080w, https:\/\/www.economicas.uba.ar\/extension\/vocesenelfenix\/wp-content\/uploads\/2011Genta-300x202.jpg 300w, https:\/\/www.economicas.uba.ar\/extension\/vocesenelfenix\/wp-content\/uploads\/2011Genta-768x517.jpg 768w\" sizes=\"(max-width: 640px) 100vw, 640px\" \/>\t\t\t<\/div>\n\t\t<\/div>\n        <div class=\"bm-blog-post-content bm_content_box\">\n            <h4 class=\"entry-post-title bm_title\"><a href=\"https:\/\/www.economicas.uba.ar\/extension\/vocesenelfenix\/recursos-hidricos-compartidos-cuenca-del-plata\/\" rel=\"bookmark\">Recursos h\u00eddricos compartidos: Cuenca del Plata<\/a><\/h4>            <div class=\"bm-blog-post-meta entry-post-meta bm_meta\">\n                            <\/div>\n            <div class=\"entry-post-content bm_content\">\n                | Por Jos\u00e9 Luis Genta y Silvia Rafaelli | Es necesario profundizar la cooperaci\u00f3n transfronteriza entre los pa\u00edses que conforman la Cuenca del Plata para la elaboraci\u00f3n de pol\u00edticas que <div><a href=\"https:\/\/www.economicas.uba.ar\/extension\/vocesenelfenix\/recursos-hidricos-compartidos-cuenca-del-plata\/\" rel=\"bookmark\" class=\"bm-read-more entry-read-more\">M\u00e1s \u00bb<\/a><div>            <\/div>\n        <\/div>\n    <\/article>\n    <article id=\"post-18433\" class=\"item bm_layout post-18433 post type-post status-publish format-standard has-post-thumbnail hentry category-n-20 tag-agua tag-argentina tag-bolivia tag-claudio-laboranti tag-cuenca-del-rio-de-la-plata tag-gestion tag-paraguay tag-rio-pilcomayo\">\n\t\t<div class=\"bm-blog-post-image entry-post-image\">\n\t\t\t<div class=\"bm-post-image clearfix bm-hover-effect bm-hover-effect-blur\">\n\t\t\t\t<img loading=\"lazy\" decoding=\"async\" width=\"640\" height=\"428\" src=\"https:\/\/www.economicas.uba.ar\/extension\/vocesenelfenix\/wp-content\/uploads\/2012Laboranti.jpg\" class=\"attachment-large size-large wp-post-image\" alt=\"\" srcset=\"https:\/\/www.economicas.uba.ar\/extension\/vocesenelfenix\/wp-content\/uploads\/2012Laboranti.jpg 1080w, https:\/\/www.economicas.uba.ar\/extension\/vocesenelfenix\/wp-content\/uploads\/2012Laboranti-300x201.jpg 300w, https:\/\/www.economicas.uba.ar\/extension\/vocesenelfenix\/wp-content\/uploads\/2012Laboranti-768x513.jpg 768w\" sizes=\"(max-width: 640px) 100vw, 640px\" \/>\t\t\t<\/div>\n\t\t<\/div>\n        <div class=\"bm-blog-post-content bm_content_box\">\n            <h4 class=\"entry-post-title bm_title\"><a href=\"https:\/\/www.economicas.uba.ar\/extension\/vocesenelfenix\/reflexiones-sobre-la-gestion-del-agua-en-la-cuenca-transfronteriza-del-rio-pilcomayo\/\" rel=\"bookmark\">Reflexiones sobre la gesti\u00f3n del agua en la cuenca transfronteriza del R\u00edo Pilcomayo<\/a><\/h4>            <div class=\"bm-blog-post-meta entry-post-meta bm_meta\">\n                            <\/div>\n            <div class=\"entry-post-content bm_content\">\n                | Por Claudio Laboranti | Es una de las subcuencas mayores de la Cuenca del R\u00edo de la Plata, compartida por las rep\u00fablicas Argentina, del Paraguay y el Estado Plurinacional <div><a href=\"https:\/\/www.economicas.uba.ar\/extension\/vocesenelfenix\/reflexiones-sobre-la-gestion-del-agua-en-la-cuenca-transfronteriza-del-rio-pilcomayo\/\" rel=\"bookmark\" class=\"bm-read-more entry-read-more\">M\u00e1s \u00bb<\/a><div>            <\/div>\n        <\/div>\n    <\/article>\n    <article id=\"post-18440\" class=\"item bm_layout post-18440 post type-post status-publish format-standard has-post-thumbnail hentry category-n-20 tag-agua tag-argentina tag-chile tag-desarrollo tag-j-marcelo-gavino-novillo tag-medio-ambiente tag-recursos-hidricos\">\n\t\t<div class=\"bm-blog-post-image entry-post-image\">\n\t\t\t<div class=\"bm-post-image clearfix bm-hover-effect bm-hover-effect-blur\">\n\t\t\t\t<img loading=\"lazy\" decoding=\"async\" width=\"640\" height=\"431\" src=\"https:\/\/www.economicas.uba.ar\/extension\/vocesenelfenix\/wp-content\/uploads\/2013Novillo.jpg\" class=\"attachment-large size-large wp-post-image\" alt=\"\" srcset=\"https:\/\/www.economicas.uba.ar\/extension\/vocesenelfenix\/wp-content\/uploads\/2013Novillo.jpg 1080w, https:\/\/www.economicas.uba.ar\/extension\/vocesenelfenix\/wp-content\/uploads\/2013Novillo-300x202.jpg 300w, https:\/\/www.economicas.uba.ar\/extension\/vocesenelfenix\/wp-content\/uploads\/2013Novillo-768x518.jpg 768w\" sizes=\"(max-width: 640px) 100vw, 640px\" \/>\t\t\t<\/div>\n\t\t<\/div>\n        <div class=\"bm-blog-post-content bm_content_box\">\n            <h4 class=\"entry-post-title bm_title\"><a href=\"https:\/\/www.economicas.uba.ar\/extension\/vocesenelfenix\/recursos-hidricos-compartidos-entre-la-argentina-y-chile\/\" rel=\"bookmark\">Recursos h\u00eddricos compartidos entre la Argentina y Chile<\/a><\/h4>            <div class=\"bm-blog-post-meta entry-post-meta bm_meta\">\n                            <\/div>\n            <div class=\"entry-post-content bm_content\">\n                | Por J. Marcelo Gavi\u00f1o Novillo | El agua es un elemento central para alcanzar un adecuado nivel de desarrollo. El desaf\u00edo es tener en cuenta no s\u00f3lo su rentabilidad <div><a href=\"https:\/\/www.economicas.uba.ar\/extension\/vocesenelfenix\/recursos-hidricos-compartidos-entre-la-argentina-y-chile\/\" rel=\"bookmark\" class=\"bm-read-more entry-read-more\">M\u00e1s \u00bb<\/a><div>            <\/div>\n        <\/div>\n    <\/article>\n\t\t\t\t<\/div><\/div>\n\t\t\t\t\t\t\t\t<\/div>\n\t\t\t\t<\/div>\n\t\t\t\t\t<\/div>\n\t\t<\/div>\n\t\t\t\t\t<\/div>\n\t\t<\/section>\n\t\t\t\t<section class=\"elementor-section elementor-top-section elementor-element elementor-element-c5a1c40 elementor-section-boxed elementor-section-height-default elementor-section-height-default\" data-id=\"c5a1c40\" data-element_type=\"section\" data-e-type=\"section\" data-settings=\"{&quot;background_background&quot;:&quot;classic&quot;}\">\n\t\t\t\t\t\t<div class=\"elementor-container elementor-column-gap-default\">\n\t\t\t\t\t<div class=\"elementor-column elementor-col-100 elementor-top-column elementor-element elementor-element-e6149c1\" data-id=\"e6149c1\" data-element_type=\"column\" data-e-type=\"column\">\n\t\t\t<div class=\"elementor-widget-wrap\">\n\t\t\t\t\t\t\t<\/div>\n\t\t<\/div>\n\t\t\t\t\t<\/div>\n\t\t<\/section>\n\t\t\t\t<\/div>\n\t\t","protected":false},"excerpt":{"rendered":"<p>N\u00daMERO 20 LA\u00a0FUENTE DE LA VIDA AGUA EL AGUA ES UN BIEN NATURAL INSUSTITUIBLE PARA EL SOSTENIMIENTO DE LA VIDA HUMANA EN TODAS SUS FACETAS. LA ESCASEZ, SU DEMANDA CRECIENTE,<\/p>\n","protected":false},"author":5,"featured_media":0,"parent":0,"menu_order":0,"comment_status":"closed","ping_status":"closed","template":"","meta":{"footnotes":""},"class_list":["post-18337","page","type-page","status-publish","hentry"],"_links":{"self":[{"href":"https:\/\/www.economicas.uba.ar\/extension\/vocesenelfenix\/wp-json\/wp\/v2\/pages\/18337","targetHints":{"allow":["GET"]}}],"collection":[{"href":"https:\/\/www.economicas.uba.ar\/extension\/vocesenelfenix\/wp-json\/wp\/v2\/pages"}],"about":[{"href":"https:\/\/www.economicas.uba.ar\/extension\/vocesenelfenix\/wp-json\/wp\/v2\/types\/page"}],"author":[{"embeddable":true,"href":"https:\/\/www.economicas.uba.ar\/extension\/vocesenelfenix\/wp-json\/wp\/v2\/users\/5"}],"replies":[{"embeddable":true,"href":"https:\/\/www.economicas.uba.ar\/extension\/vocesenelfenix\/wp-json\/wp\/v2\/comments?post=18337"}],"version-history":[{"count":7,"href":"https:\/\/www.economicas.uba.ar\/extension\/vocesenelfenix\/wp-json\/wp\/v2\/pages\/18337\/revisions"}],"predecessor-version":[{"id":18350,"href":"https:\/\/www.economicas.uba.ar\/extension\/vocesenelfenix\/wp-json\/wp\/v2\/pages\/18337\/revisions\/18350"}],"wp:attachment":[{"href":"https:\/\/www.economicas.uba.ar\/extension\/vocesenelfenix\/wp-json\/wp\/v2\/media?parent=18337"}],"curies":[{"name":"wp","href":"https:\/\/api.w.org\/{rel}","templated":true}]}}