{"id":18457,"date":"2012-10-01T00:01:00","date_gmt":"2012-10-01T03:01:00","guid":{"rendered":"https:\/\/www.economicas.uba.ar\/extension\/vocesenelfenix\/?page_id=18457"},"modified":"2022-12-21T16:18:23","modified_gmt":"2022-12-21T19:18:23","slug":"numero-19","status":"publish","type":"page","link":"https:\/\/www.economicas.uba.ar\/extension\/vocesenelfenix\/numero-19\/","title":{"rendered":"N\u00famero 19"},"content":{"rendered":"\t\t<div data-elementor-type=\"wp-page\" data-elementor-id=\"18457\" class=\"elementor elementor-18457\" data-elementor-post-type=\"page\">\n\t\t\t\t\t\t<section class=\"elementor-section elementor-top-section elementor-element elementor-element-365d29d elementor-section-boxed elementor-section-height-default elementor-section-height-default\" data-id=\"365d29d\" data-element_type=\"section\" data-e-type=\"section\" data-settings=\"{&quot;background_background&quot;:&quot;classic&quot;}\">\n\t\t\t\t\t\t<div class=\"elementor-container elementor-column-gap-default\">\n\t\t\t\t\t<div class=\"elementor-column elementor-col-33 elementor-top-column elementor-element elementor-element-9754c98\" data-id=\"9754c98\" data-element_type=\"column\" data-e-type=\"column\">\n\t\t\t<div class=\"elementor-widget-wrap elementor-element-populated\">\n\t\t\t\t\t\t<div class=\"elementor-element elementor-element-0dc9355 elementor-widget elementor-widget-image\" data-id=\"0dc9355\" data-element_type=\"widget\" data-e-type=\"widget\" data-widget_type=\"image.default\">\n\t\t\t\t<div class=\"elementor-widget-container\">\n\t\t\t\t\t\t\t\t\t\t\t\t\t\t\t\t<a href=\"https:\/\/drive.google.com\/file\/d\/106R9G_dtYUgLjxghyziJofNC-pKNdr03\/view\" target=\"_blank\">\n\t\t\t\t\t\t\t<img fetchpriority=\"high\" decoding=\"async\" width=\"193\" height=\"268\" src=\"https:\/\/www.economicas.uba.ar\/extension\/vocesenelfenix\/wp-content\/uploads\/tapa19.jpg\" class=\"attachment-large size-large wp-image-1887\" alt=\"\" \/>\t\t\t\t\t\t\t\t<\/a>\n\t\t\t\t\t\t\t\t\t\t\t\t\t\t\t<\/div>\n\t\t\t\t<\/div>\n\t\t\t\t\t<\/div>\n\t\t<\/div>\n\t\t\t\t<div class=\"elementor-column elementor-col-66 elementor-top-column elementor-element elementor-element-450911b\" data-id=\"450911b\" data-element_type=\"column\" data-e-type=\"column\">\n\t\t\t<div class=\"elementor-widget-wrap elementor-element-populated\">\n\t\t\t\t\t\t<div class=\"elementor-element elementor-element-21d1e2d elementor-widget elementor-widget-text-editor\" data-id=\"21d1e2d\" data-element_type=\"widget\" data-e-type=\"widget\" data-widget_type=\"text-editor.default\">\n\t\t\t\t<div class=\"elementor-widget-container\">\n\t\t\t\t\t\t\t\t\t<h5>N\u00daMERO 19<\/h5><h3>ALGO EN COM\u00daN<\/h3><h6>INTEGRACI\u00d3N REGIONAL<\/h6><p><br \/>LOS PROCESOS DE INTEGRACI\u00d3N REGIONAL NO S\u00d3LO SON NECESARIOS, SINO TAMBI\u00c9N INDISPENSABLES PARA CONSOLIDAR EL CRECIMIENTO, RECUPERAR LA SOBERAN\u00cdA E INDEPENDENCIA Y PROTEGER LOS RECURSOS NATURALES DE LOS INTERESES DE ACTORES EXTRARREGIONALES. PARA POTENCIAR LA INTEGRACI\u00d3N PRODUCTIVA Y AVANZAR EN LA MEJORA DE LAS CONDICIONES DE VIDA DE LA POBLACI\u00d3N, LA UNASUR ES EL CAMINO. \u00a1ALL\u00c1 VAMOS!<\/p>\t\t\t\t\t\t\t\t<\/div>\n\t\t\t\t<\/div>\n\t\t\t\t<div class=\"elementor-element elementor-element-dd9b3d7 elementor-widget elementor-widget-button\" data-id=\"dd9b3d7\" data-element_type=\"widget\" data-e-type=\"widget\" data-widget_type=\"button.default\">\n\t\t\t\t<div class=\"elementor-widget-container\">\n\t\t\t\t\t\t\t\t\t<div class=\"elementor-button-wrapper\">\n\t\t\t\t\t<a class=\"elementor-button elementor-button-link elementor-size-xs\" href=\"https:\/\/drive.google.com\/file\/d\/106R9G_dtYUgLjxghyziJofNC-pKNdr03\/view\" target=\"_blank\">\n\t\t\t\t\t\t<span class=\"elementor-button-content-wrapper\">\n\t\t\t\t\t\t\t\t\t<span class=\"elementor-button-text\">Descarg\u00e1 el PDF<\/span>\n\t\t\t\t\t<\/span>\n\t\t\t\t\t<\/a>\n\t\t\t\t<\/div>\n\t\t\t\t\t\t\t\t<\/div>\n\t\t\t\t<\/div>\n\t\t\t\t\t<\/div>\n\t\t<\/div>\n\t\t\t\t\t<\/div>\n\t\t<\/section>\n\t\t\t\t<section class=\"elementor-section elementor-top-section elementor-element elementor-element-65b86a0 elementor-section-boxed elementor-section-height-default elementor-section-height-default\" data-id=\"65b86a0\" data-element_type=\"section\" data-e-type=\"section\">\n\t\t\t\t\t\t<div class=\"elementor-container elementor-column-gap-default\">\n\t\t\t\t\t<div class=\"elementor-column elementor-col-100 elementor-top-column elementor-element elementor-element-9605829\" data-id=\"9605829\" data-element_type=\"column\" data-e-type=\"column\">\n\t\t\t<div class=\"elementor-widget-wrap elementor-element-populated\">\n\t\t\t\t\t\t<div class=\"elementor-element elementor-element-04bf19e elementor-grid-3 elementor-grid-tablet-2 elementor-grid-mobile-1 elementor-posts--align-left elementor-widget elementor-widget-blogmentor_blog_posts\" data-id=\"04bf19e\" data-element_type=\"widget\" data-e-type=\"widget\" data-settings=\"{&quot;bm_grid_columns&quot;:&quot;3&quot;,&quot;bm_grid_columns_tablet&quot;:&quot;2&quot;,&quot;bm_grid_columns_mobile&quot;:&quot;1&quot;,&quot;post_card_grid_gap&quot;:{&quot;unit&quot;:&quot;px&quot;,&quot;size&quot;:10,&quot;sizes&quot;:[]},&quot;post_card_row_gap&quot;:{&quot;unit&quot;:&quot;px&quot;,&quot;size&quot;:35,&quot;sizes&quot;:[]}}\" data-widget_type=\"blogmentor_blog_posts.default\">\n\t\t\t\t<div class=\"elementor-widget-container\">\n\t\t\t\t\t\t\t\n\t\t\t\t\t\t\t\t<div class=\"bm-blog-posts-wrapper\" >\n\t\t\t\t\t\t\t<div class=\"bm-blog-posts bm-display-grid elementor-grid elementor-grid-3\" >\n\t\t\t\t    <article id=\"post-18465\" class=\"item bm_layout post-18465 post type-post status-publish format-standard has-post-thumbnail hentry category-n-19 tag-abraham-leonardo-gak tag-editorial tag-integracion-regional tag-unasur\">\n\t\t<div class=\"bm-blog-post-image entry-post-image\">\n\t\t\t<div class=\"bm-post-image clearfix bm-hover-effect bm-hover-effect-blur\">\n\t\t\t\t<img decoding=\"async\" width=\"640\" height=\"433\" src=\"https:\/\/www.economicas.uba.ar\/extension\/vocesenelfenix\/wp-content\/uploads\/1900Gak.jpg\" class=\"attachment-large size-large wp-post-image\" alt=\"\" srcset=\"https:\/\/www.economicas.uba.ar\/extension\/vocesenelfenix\/wp-content\/uploads\/1900Gak.jpg 1080w, https:\/\/www.economicas.uba.ar\/extension\/vocesenelfenix\/wp-content\/uploads\/1900Gak-300x203.jpg 300w, https:\/\/www.economicas.uba.ar\/extension\/vocesenelfenix\/wp-content\/uploads\/1900Gak-768x519.jpg 768w\" sizes=\"(max-width: 640px) 100vw, 640px\" \/>\t\t\t<\/div>\n\t\t<\/div>\n        <div class=\"bm-blog-post-content bm_content_box\">\n            <h4 class=\"entry-post-title bm_title\"><a href=\"https:\/\/www.economicas.uba.ar\/extension\/vocesenelfenix\/editorial-una-oportunidad-que-no-debemos-desperdiciar\/\" rel=\"bookmark\">Editorial: Una oportunidad que no debemos desperdiciar<\/a><\/h4>            <div class=\"bm-blog-post-meta entry-post-meta bm_meta\">\n                            <\/div>\n            <div class=\"entry-post-content bm_content\">\n                | Por Abraham Leonardo Gak |            <\/div>\n        <\/div>\n    <\/article>\n    <article id=\"post-18474\" class=\"item bm_layout post-18474 post type-post status-publish format-standard has-post-thumbnail hentry category-n-19 tag-bernardo-kliksberg tag-estado tag-inclusion tag-integracion-regional tag-neoliberalismo tag-unasur\">\n\t\t<div class=\"bm-blog-post-image entry-post-image\">\n\t\t\t<div class=\"bm-post-image clearfix bm-hover-effect bm-hover-effect-blur\">\n\t\t\t\t<img decoding=\"async\" width=\"640\" height=\"431\" src=\"https:\/\/www.economicas.uba.ar\/extension\/vocesenelfenix\/wp-content\/uploads\/1901Kliksberg.jpg\" class=\"attachment-large size-large wp-post-image\" alt=\"\" srcset=\"https:\/\/www.economicas.uba.ar\/extension\/vocesenelfenix\/wp-content\/uploads\/1901Kliksberg.jpg 1080w, https:\/\/www.economicas.uba.ar\/extension\/vocesenelfenix\/wp-content\/uploads\/1901Kliksberg-300x202.jpg 300w, https:\/\/www.economicas.uba.ar\/extension\/vocesenelfenix\/wp-content\/uploads\/1901Kliksberg-768x518.jpg 768w\" sizes=\"(max-width: 640px) 100vw, 640px\" \/>\t\t\t<\/div>\n\t\t<\/div>\n        <div class=\"bm-blog-post-content bm_content_box\">\n            <h4 class=\"entry-post-title bm_title\"><a href=\"https:\/\/www.economicas.uba.ar\/extension\/vocesenelfenix\/reconstruyendo-el-estado-en-la-unasur\/\" rel=\"bookmark\">Reconstruyendo el Estado en la Unasur<\/a><\/h4>            <div class=\"bm-blog-post-meta entry-post-meta bm_meta\">\n                            <\/div>\n            <div class=\"entry-post-content bm_content\">\n                | Por Bernardo Kliksberg | Luego de las pol\u00edticas neoliberales que destruyeron al Estado, el proceso de recuperaci\u00f3n del mismo ha comenzado. Erigir un Estado eficiente, participativo y equitativo es <div><a href=\"https:\/\/www.economicas.uba.ar\/extension\/vocesenelfenix\/reconstruyendo-el-estado-en-la-unasur\/\" rel=\"bookmark\" class=\"bm-read-more entry-read-more\">M\u00e1s \u00bb<\/a><div>            <\/div>\n        <\/div>\n    <\/article>\n    <article id=\"post-18480\" class=\"item bm_layout post-18480 post type-post status-publish format-standard has-post-thumbnail hentry category-n-19 tag-dante-dovena tag-estados tag-independencia tag-integracion-regional tag-soberania tag-unasur\">\n\t\t<div class=\"bm-blog-post-image entry-post-image\">\n\t\t\t<div class=\"bm-post-image clearfix bm-hover-effect bm-hover-effect-blur\">\n\t\t\t\t<img loading=\"lazy\" decoding=\"async\" width=\"640\" height=\"431\" src=\"https:\/\/www.economicas.uba.ar\/extension\/vocesenelfenix\/wp-content\/uploads\/1902Dovena.jpg\" class=\"attachment-large size-large wp-post-image\" alt=\"\" srcset=\"https:\/\/www.economicas.uba.ar\/extension\/vocesenelfenix\/wp-content\/uploads\/1902Dovena.jpg 1080w, https:\/\/www.economicas.uba.ar\/extension\/vocesenelfenix\/wp-content\/uploads\/1902Dovena-300x202.jpg 300w, https:\/\/www.economicas.uba.ar\/extension\/vocesenelfenix\/wp-content\/uploads\/1902Dovena-768x517.jpg 768w\" sizes=\"(max-width: 640px) 100vw, 640px\" \/>\t\t\t<\/div>\n\t\t<\/div>\n        <div class=\"bm-blog-post-content bm_content_box\">\n            <h4 class=\"entry-post-title bm_title\"><a href=\"https:\/\/www.economicas.uba.ar\/extension\/vocesenelfenix\/unasur-unica-via\/\" rel=\"bookmark\">Unasur: \u00fanica v\u00eda<\/a><\/h4>            <div class=\"bm-blog-post-meta entry-post-meta bm_meta\">\n                            <\/div>\n            <div class=\"entry-post-content bm_content\">\n                | Por Dante Dovena | A pesar de tener pocos a\u00f1os desde su constituci\u00f3n, la Unasur prob\u00f3 ser madura y eficaz al momento de intervenir. El desaf\u00edo es fortalecer el <div><a href=\"https:\/\/www.economicas.uba.ar\/extension\/vocesenelfenix\/unasur-unica-via\/\" rel=\"bookmark\" class=\"bm-read-more entry-read-more\">M\u00e1s \u00bb<\/a><div>            <\/div>\n        <\/div>\n    <\/article>\n    <article id=\"post-18486\" class=\"item bm_layout post-18486 post type-post status-publish format-standard has-post-thumbnail hentry category-n-19 tag-america-latina tag-autonomia tag-carlos-raimundi tag-integracion-regional tag-soberania tag-unasur\">\n\t\t<div class=\"bm-blog-post-image entry-post-image\">\n\t\t\t<div class=\"bm-post-image clearfix bm-hover-effect bm-hover-effect-blur\">\n\t\t\t\t<img loading=\"lazy\" decoding=\"async\" width=\"640\" height=\"432\" src=\"https:\/\/www.economicas.uba.ar\/extension\/vocesenelfenix\/wp-content\/uploads\/1903Raimundi.jpg\" class=\"attachment-large size-large wp-post-image\" alt=\"\" srcset=\"https:\/\/www.economicas.uba.ar\/extension\/vocesenelfenix\/wp-content\/uploads\/1903Raimundi.jpg 1080w, https:\/\/www.economicas.uba.ar\/extension\/vocesenelfenix\/wp-content\/uploads\/1903Raimundi-300x203.jpg 300w, https:\/\/www.economicas.uba.ar\/extension\/vocesenelfenix\/wp-content\/uploads\/1903Raimundi-768x518.jpg 768w\" sizes=\"(max-width: 640px) 100vw, 640px\" \/>\t\t\t<\/div>\n\t\t<\/div>\n        <div class=\"bm-blog-post-content bm_content_box\">\n            <h4 class=\"entry-post-title bm_title\"><a href=\"https:\/\/www.economicas.uba.ar\/extension\/vocesenelfenix\/america-latina-en-busca-de-su-autonomia\/\" rel=\"bookmark\">Am\u00e9rica latina en busca de su autonom\u00eda<\/a><\/h4>            <div class=\"bm-blog-post-meta entry-post-meta bm_meta\">\n                            <\/div>\n            <div class=\"entry-post-content bm_content\">\n                | Por Carlos Raimundi | La experiencia de los gobiernos populares en Sudam\u00e9rica da cuenta de c\u00f3mo, en un incipiente escenario internacional multipolar, la intervenci\u00f3n estatal, lejos de perjudicar la <div><a href=\"https:\/\/www.economicas.uba.ar\/extension\/vocesenelfenix\/america-latina-en-busca-de-su-autonomia\/\" rel=\"bookmark\" class=\"bm-read-more entry-read-more\">M\u00e1s \u00bb<\/a><div>            <\/div>\n        <\/div>\n    <\/article>\n    <article id=\"post-18492\" class=\"item bm_layout post-18492 post type-post status-publish format-standard has-post-thumbnail hentry category-n-19 tag-america-del-sur tag-integracion-regional tag-mercosur tag-ruy-carlos-pereira tag-unasur\">\n\t\t<div class=\"bm-blog-post-image entry-post-image\">\n\t\t\t<div class=\"bm-post-image clearfix bm-hover-effect bm-hover-effect-blur\">\n\t\t\t\t<img loading=\"lazy\" decoding=\"async\" width=\"640\" height=\"432\" src=\"https:\/\/www.economicas.uba.ar\/extension\/vocesenelfenix\/wp-content\/uploads\/1904Pereira.jpg\" class=\"attachment-large size-large wp-post-image\" alt=\"\" srcset=\"https:\/\/www.economicas.uba.ar\/extension\/vocesenelfenix\/wp-content\/uploads\/1904Pereira.jpg 1176w, https:\/\/www.economicas.uba.ar\/extension\/vocesenelfenix\/wp-content\/uploads\/1904Pereira-300x203.jpg 300w, https:\/\/www.economicas.uba.ar\/extension\/vocesenelfenix\/wp-content\/uploads\/1904Pereira-768x519.jpg 768w\" sizes=\"(max-width: 640px) 100vw, 640px\" \/>\t\t\t<\/div>\n\t\t<\/div>\n        <div class=\"bm-blog-post-content bm_content_box\">\n            <h4 class=\"entry-post-title bm_title\"><a href=\"https:\/\/www.economicas.uba.ar\/extension\/vocesenelfenix\/el-mercosur-y-la-unasur-en-la-actual-coyuntura\/\" rel=\"bookmark\">El Mercosur y la Unasur en la actual coyuntura<\/a><\/h4>            <div class=\"bm-blog-post-meta entry-post-meta bm_meta\">\n                            <\/div>\n            <div class=\"entry-post-content bm_content\">\n                | Por Ruy Carlos Pereira | Ante un escenario plagado de incertidumbres, cambios y crisis de valores econ\u00f3micos, pol\u00edticos y sociales, los mecanismos de la integraci\u00f3n sudamericana se complementan entre <div><a href=\"https:\/\/www.economicas.uba.ar\/extension\/vocesenelfenix\/el-mercosur-y-la-unasur-en-la-actual-coyuntura\/\" rel=\"bookmark\" class=\"bm-read-more entry-read-more\">M\u00e1s \u00bb<\/a><div>            <\/div>\n        <\/div>\n    <\/article>\n    <article id=\"post-18498\" class=\"item bm_layout post-18498 post type-post status-publish format-standard has-post-thumbnail hentry category-n-19 tag-educacion-superior tag-hugo-andrade tag-inclusion-social tag-integracion-regional tag-joaquin-salzbergi tag-unasur\">\n\t\t<div class=\"bm-blog-post-image entry-post-image\">\n\t\t\t<div class=\"bm-post-image clearfix bm-hover-effect bm-hover-effect-blur\">\n\t\t\t\t<img loading=\"lazy\" decoding=\"async\" width=\"640\" height=\"431\" src=\"https:\/\/www.economicas.uba.ar\/extension\/vocesenelfenix\/wp-content\/uploads\/1905Andrade.jpg\" class=\"attachment-large size-large wp-post-image\" alt=\"\" srcset=\"https:\/\/www.economicas.uba.ar\/extension\/vocesenelfenix\/wp-content\/uploads\/1905Andrade.jpg 1080w, https:\/\/www.economicas.uba.ar\/extension\/vocesenelfenix\/wp-content\/uploads\/1905Andrade-300x202.jpg 300w, https:\/\/www.economicas.uba.ar\/extension\/vocesenelfenix\/wp-content\/uploads\/1905Andrade-768x517.jpg 768w\" sizes=\"(max-width: 640px) 100vw, 640px\" \/>\t\t\t<\/div>\n\t\t<\/div>\n        <div class=\"bm-blog-post-content bm_content_box\">\n            <h4 class=\"entry-post-title bm_title\"><a href=\"https:\/\/www.economicas.uba.ar\/extension\/vocesenelfenix\/la-agenda-de-la-inclusion-social-en-la-educacion-superior\/\" rel=\"bookmark\">La agenda de la inclusi\u00f3n social en la educaci\u00f3n superior<\/a><\/h4>            <div class=\"bm-blog-post-meta entry-post-meta bm_meta\">\n                            <\/div>\n            <div class=\"entry-post-content bm_content\">\n                | Por Hugo Andrade y Joaqu\u00edn Salzbergi | Ante la explosi\u00f3n en la matr\u00edcula de educaci\u00f3n superior de los \u00faltimos veinte a\u00f1os, los pa\u00edses de la regi\u00f3n deben garantizar la <div><a href=\"https:\/\/www.economicas.uba.ar\/extension\/vocesenelfenix\/la-agenda-de-la-inclusion-social-en-la-educacion-superior\/\" rel=\"bookmark\" class=\"bm-read-more entry-read-more\">M\u00e1s \u00bb<\/a><div>            <\/div>\n        <\/div>\n    <\/article>\n    <article id=\"post-18504\" class=\"item bm_layout post-18504 post type-post status-publish format-standard has-post-thumbnail hentry category-n-19 tag-francisco-dos-reis tag-inclusion tag-integracion-regional tag-mipymes tag-produccion-regional tag-unasur\">\n\t\t<div class=\"bm-blog-post-image entry-post-image\">\n\t\t\t<div class=\"bm-post-image clearfix bm-hover-effect bm-hover-effect-blur\">\n\t\t\t\t<img loading=\"lazy\" decoding=\"async\" width=\"640\" height=\"431\" src=\"https:\/\/www.economicas.uba.ar\/extension\/vocesenelfenix\/wp-content\/uploads\/1906Reis.jpg\" class=\"attachment-large size-large wp-post-image\" alt=\"\" srcset=\"https:\/\/www.economicas.uba.ar\/extension\/vocesenelfenix\/wp-content\/uploads\/1906Reis.jpg 1080w, https:\/\/www.economicas.uba.ar\/extension\/vocesenelfenix\/wp-content\/uploads\/1906Reis-300x202.jpg 300w, https:\/\/www.economicas.uba.ar\/extension\/vocesenelfenix\/wp-content\/uploads\/1906Reis-768x517.jpg 768w\" sizes=\"(max-width: 640px) 100vw, 640px\" \/>\t\t\t<\/div>\n\t\t<\/div>\n        <div class=\"bm-blog-post-content bm_content_box\">\n            <h4 class=\"entry-post-title bm_title\"><a href=\"https:\/\/www.economicas.uba.ar\/extension\/vocesenelfenix\/el-rol-de-las-mipymes-en-la-transformacion-productiva-regional\/\" rel=\"bookmark\">El rol de las mipymes en la transformaci\u00f3n productiva regional<\/a><\/h4>            <div class=\"bm-blog-post-meta entry-post-meta bm_meta\">\n                            <\/div>\n            <div class=\"entry-post-content bm_content\">\n                | Por Francisco Dos Reis | Las mipymes crean cerca del 70% de los puestos de trabajo. Sin embargo, no cuentan con la capacidad ni la log\u00edstica necesarias para integrar <div><a href=\"https:\/\/www.economicas.uba.ar\/extension\/vocesenelfenix\/el-rol-de-las-mipymes-en-la-transformacion-productiva-regional\/\" rel=\"bookmark\" class=\"bm-read-more entry-read-more\">M\u00e1s \u00bb<\/a><div>            <\/div>\n        <\/div>\n    <\/article>\n    <article id=\"post-18511\" class=\"item bm_layout post-18511 post type-post status-publish format-standard has-post-thumbnail hentry category-n-19 tag-cta tag-integracion-regional tag-unasur tag-victorio-paulon\">\n\t\t<div class=\"bm-blog-post-image entry-post-image\">\n\t\t\t<div class=\"bm-post-image clearfix bm-hover-effect bm-hover-effect-blur\">\n\t\t\t\t<img loading=\"lazy\" decoding=\"async\" width=\"640\" height=\"511\" src=\"https:\/\/www.economicas.uba.ar\/extension\/vocesenelfenix\/wp-content\/uploads\/1907Paulon3.jpg\" class=\"attachment-large size-large wp-post-image\" alt=\"\" srcset=\"https:\/\/www.economicas.uba.ar\/extension\/vocesenelfenix\/wp-content\/uploads\/1907Paulon3.jpg 1080w, https:\/\/www.economicas.uba.ar\/extension\/vocesenelfenix\/wp-content\/uploads\/1907Paulon3-300x240.jpg 300w, https:\/\/www.economicas.uba.ar\/extension\/vocesenelfenix\/wp-content\/uploads\/1907Paulon3-768x614.jpg 768w\" sizes=\"(max-width: 640px) 100vw, 640px\" \/>\t\t\t<\/div>\n\t\t<\/div>\n        <div class=\"bm-blog-post-content bm_content_box\">\n            <h4 class=\"entry-post-title bm_title\"><a href=\"https:\/\/www.economicas.uba.ar\/extension\/vocesenelfenix\/fortalezas-y-debilidades-de-la-unasur\/\" rel=\"bookmark\">Fortalezas y debilidades de la Unasur<\/a><\/h4>            <div class=\"bm-blog-post-meta entry-post-meta bm_meta\">\n                            <\/div>\n            <div class=\"entry-post-content bm_content\">\n                | Por Victorio Paul\u00f3n | Como Central de los Trabajadores de la Argentina saludamos con alegr\u00eda la iniciativa de los compa\u00f1eros de Plan F\u00e9nix de abordar en su publicaci\u00f3n un <div><a href=\"https:\/\/www.economicas.uba.ar\/extension\/vocesenelfenix\/fortalezas-y-debilidades-de-la-unasur\/\" rel=\"bookmark\" class=\"bm-read-more entry-read-more\">M\u00e1s \u00bb<\/a><div>            <\/div>\n        <\/div>\n    <\/article>\n    <article id=\"post-18517\" class=\"item bm_layout post-18517 post type-post status-publish format-standard has-post-thumbnail hentry category-n-19 tag-alessandra-minnicelli tag-ambiente tag-estado tag-integracion-regional tag-mariana-galli-basualdo tag-planificacion tag-recursos-naturales tag-soberania tag-unasur\">\n\t\t<div class=\"bm-blog-post-image entry-post-image\">\n\t\t\t<div class=\"bm-post-image clearfix bm-hover-effect bm-hover-effect-blur\">\n\t\t\t\t<img loading=\"lazy\" decoding=\"async\" width=\"640\" height=\"431\" src=\"https:\/\/www.economicas.uba.ar\/extension\/vocesenelfenix\/wp-content\/uploads\/1908Minnicell.jpg\" class=\"attachment-large size-large wp-post-image\" alt=\"\" srcset=\"https:\/\/www.economicas.uba.ar\/extension\/vocesenelfenix\/wp-content\/uploads\/1908Minnicell.jpg 1080w, https:\/\/www.economicas.uba.ar\/extension\/vocesenelfenix\/wp-content\/uploads\/1908Minnicell-300x202.jpg 300w, https:\/\/www.economicas.uba.ar\/extension\/vocesenelfenix\/wp-content\/uploads\/1908Minnicell-768x518.jpg 768w\" sizes=\"(max-width: 640px) 100vw, 640px\" \/>\t\t\t<\/div>\n\t\t<\/div>\n        <div class=\"bm-blog-post-content bm_content_box\">\n            <h4 class=\"entry-post-title bm_title\"><a href=\"https:\/\/www.economicas.uba.ar\/extension\/vocesenelfenix\/el-ambiente-y-los-recursos-naturales-su-sostenibilidad-basada-en-la-planificacion-estrategica-soberana-y-socialmente-responsable\/\" rel=\"bookmark\">El ambiente y los recursos naturales: Su sostenibilidad basada en la planificaci\u00f3n estrat\u00e9gica, soberana y socialmente responsable<\/a><\/h4>            <div class=\"bm-blog-post-meta entry-post-meta bm_meta\">\n                            <\/div>\n            <div class=\"entry-post-content bm_content\">\n                | Por Alessandra Minnicelli y Mariana Galli Basualdo | Las sociedades modernas propician h\u00e1bitos de consumo exacerbados que precipitan el deterioro del planeta y sus recursos. Es el Estado el <div><a href=\"https:\/\/www.economicas.uba.ar\/extension\/vocesenelfenix\/el-ambiente-y-los-recursos-naturales-su-sostenibilidad-basada-en-la-planificacion-estrategica-soberana-y-socialmente-responsable\/\" rel=\"bookmark\" class=\"bm-read-more entry-read-more\">M\u00e1s \u00bb<\/a><div>            <\/div>\n        <\/div>\n    <\/article>\n    <article id=\"post-18524\" class=\"item bm_layout post-18524 post type-post status-publish format-standard has-post-thumbnail hentry category-n-19 tag-america-del-sur tag-gerardo-caetano tag-integracion-regional tag-mercosur tag-unasur tag-uruguay\">\n\t\t<div class=\"bm-blog-post-image entry-post-image\">\n\t\t\t<div class=\"bm-post-image clearfix bm-hover-effect bm-hover-effect-blur\">\n\t\t\t\t<img loading=\"lazy\" decoding=\"async\" width=\"640\" height=\"431\" src=\"https:\/\/www.economicas.uba.ar\/extension\/vocesenelfenix\/wp-content\/uploads\/1909Caetano.jpg\" class=\"attachment-large size-large wp-post-image\" alt=\"\" srcset=\"https:\/\/www.economicas.uba.ar\/extension\/vocesenelfenix\/wp-content\/uploads\/1909Caetano.jpg 1080w, https:\/\/www.economicas.uba.ar\/extension\/vocesenelfenix\/wp-content\/uploads\/1909Caetano-300x202.jpg 300w, https:\/\/www.economicas.uba.ar\/extension\/vocesenelfenix\/wp-content\/uploads\/1909Caetano-768x517.jpg 768w\" sizes=\"(max-width: 640px) 100vw, 640px\" \/>\t\t\t<\/div>\n\t\t<\/div>\n        <div class=\"bm-blog-post-content bm_content_box\">\n            <h4 class=\"entry-post-title bm_title\"><a href=\"https:\/\/www.economicas.uba.ar\/extension\/vocesenelfenix\/uruguay-y-la-perspectiva-sudamericana\/\" rel=\"bookmark\">Uruguay y la perspectiva sudamericana<\/a><\/h4>            <div class=\"bm-blog-post-meta entry-post-meta bm_meta\">\n                            <\/div>\n            <div class=\"entry-post-content bm_content\">\n                | Por Gerardo Caetano | A partir de la profundizaci\u00f3n del liderazgo brasile\u00f1o en la regi\u00f3n, y la consolidaci\u00f3n de su papel internacional como pa\u00eds emergente, se abre un escenario <div><a href=\"https:\/\/www.economicas.uba.ar\/extension\/vocesenelfenix\/uruguay-y-la-perspectiva-sudamericana\/\" rel=\"bookmark\" class=\"bm-read-more entry-read-more\">M\u00e1s \u00bb<\/a><div>            <\/div>\n        <\/div>\n    <\/article>\n    <article id=\"post-18530\" class=\"item bm_layout post-18530 post type-post status-publish format-standard has-post-thumbnail hentry category-n-19 tag-america-latina tag-ciudadania tag-gobiernos-locales tag-identidad tag-integracion-regional tag-participacion-popular tag-sebastian-valdomir tag-unasur\">\n\t\t<div class=\"bm-blog-post-image entry-post-image\">\n\t\t\t<div class=\"bm-post-image clearfix bm-hover-effect bm-hover-effect-blur\">\n\t\t\t\t<img loading=\"lazy\" decoding=\"async\" width=\"640\" height=\"431\" src=\"https:\/\/www.economicas.uba.ar\/extension\/vocesenelfenix\/wp-content\/uploads\/1910Valdomir.jpg\" class=\"attachment-large size-large wp-post-image\" alt=\"\" srcset=\"https:\/\/www.economicas.uba.ar\/extension\/vocesenelfenix\/wp-content\/uploads\/1910Valdomir.jpg 1080w, https:\/\/www.economicas.uba.ar\/extension\/vocesenelfenix\/wp-content\/uploads\/1910Valdomir-300x202.jpg 300w, https:\/\/www.economicas.uba.ar\/extension\/vocesenelfenix\/wp-content\/uploads\/1910Valdomir-768x517.jpg 768w\" sizes=\"(max-width: 640px) 100vw, 640px\" \/>\t\t\t<\/div>\n\t\t<\/div>\n        <div class=\"bm-blog-post-content bm_content_box\">\n            <h4 class=\"entry-post-title bm_title\"><a href=\"https:\/\/www.economicas.uba.ar\/extension\/vocesenelfenix\/el-rol-de-los-gobiernos-locales-en-la-profundizacion-de-la-integracion-regional\/\" rel=\"bookmark\">El rol de los gobiernos locales en la profundizaci\u00f3n de la integraci\u00f3n regional<\/a><\/h4>            <div class=\"bm-blog-post-meta entry-post-meta bm_meta\">\n                            <\/div>\n            <div class=\"entry-post-content bm_content\">\n                | Por Sebasti\u00e1n Valdomir | La construcci\u00f3n de la identidad y la ciudadan\u00eda regional es clave para la consolidaci\u00f3n del proceso de integraci\u00f3n. Para esto es necesario deconstruir la idea <div><a href=\"https:\/\/www.economicas.uba.ar\/extension\/vocesenelfenix\/el-rol-de-los-gobiernos-locales-en-la-profundizacion-de-la-integracion-regional\/\" rel=\"bookmark\" class=\"bm-read-more entry-read-more\">M\u00e1s \u00bb<\/a><div>            <\/div>\n        <\/div>\n    <\/article>\n    <article id=\"post-18536\" class=\"item bm_layout post-18536 post type-post status-publish format-standard has-post-thumbnail hentry category-n-19 tag-estado tag-integracion-productiva tag-integracion-regional tag-mariano-luna tag-unasur\">\n\t\t<div class=\"bm-blog-post-image entry-post-image\">\n\t\t\t<div class=\"bm-post-image clearfix bm-hover-effect bm-hover-effect-blur\">\n\t\t\t\t<img loading=\"lazy\" decoding=\"async\" width=\"640\" height=\"431\" src=\"https:\/\/www.economicas.uba.ar\/extension\/vocesenelfenix\/wp-content\/uploads\/1911Luna.jpg\" class=\"attachment-large size-large wp-post-image\" alt=\"\" srcset=\"https:\/\/www.economicas.uba.ar\/extension\/vocesenelfenix\/wp-content\/uploads\/1911Luna.jpg 1080w, https:\/\/www.economicas.uba.ar\/extension\/vocesenelfenix\/wp-content\/uploads\/1911Luna-300x202.jpg 300w, https:\/\/www.economicas.uba.ar\/extension\/vocesenelfenix\/wp-content\/uploads\/1911Luna-768x517.jpg 768w\" sizes=\"(max-width: 640px) 100vw, 640px\" \/>\t\t\t<\/div>\n\t\t<\/div>\n        <div class=\"bm-blog-post-content bm_content_box\">\n            <h4 class=\"entry-post-title bm_title\"><a href=\"https:\/\/www.economicas.uba.ar\/extension\/vocesenelfenix\/la-integracion-productiva-en-la-unasur\/\" rel=\"bookmark\">La integraci\u00f3n productiva en la Unasur<\/a><\/h4>            <div class=\"bm-blog-post-meta entry-post-meta bm_meta\">\n                            <\/div>\n            <div class=\"entry-post-content bm_content\">\n                | Por Mariano Luna | La integraci\u00f3n productiva aumenta la perspectiva de la escala, en su dimensi\u00f3n y en su acceso a nuevos mercados. Las empresas privadas cumplen un rol <div><a href=\"https:\/\/www.economicas.uba.ar\/extension\/vocesenelfenix\/la-integracion-productiva-en-la-unasur\/\" rel=\"bookmark\" class=\"bm-read-more entry-read-more\">M\u00e1s \u00bb<\/a><div>            <\/div>\n        <\/div>\n    <\/article>\n    <article id=\"post-18542\" class=\"item bm_layout post-18542 post type-post status-publish format-standard has-post-thumbnail hentry category-n-19 tag-consejo-asesor-de-estrategia-energetica-secretaria-de-energia-de-la-nacion tag-desarrollo tag-energia tag-independencia tag-integracion-regional tag-unasur\">\n\t\t<div class=\"bm-blog-post-image entry-post-image\">\n\t\t\t<div class=\"bm-post-image clearfix bm-hover-effect bm-hover-effect-blur\">\n\t\t\t\t<img loading=\"lazy\" decoding=\"async\" width=\"640\" height=\"444\" src=\"https:\/\/www.economicas.uba.ar\/extension\/vocesenelfenix\/wp-content\/uploads\/1912Energetica.jpg\" class=\"attachment-large size-large wp-post-image\" alt=\"\" srcset=\"https:\/\/www.economicas.uba.ar\/extension\/vocesenelfenix\/wp-content\/uploads\/1912Energetica.jpg 1080w, https:\/\/www.economicas.uba.ar\/extension\/vocesenelfenix\/wp-content\/uploads\/1912Energetica-300x208.jpg 300w, https:\/\/www.economicas.uba.ar\/extension\/vocesenelfenix\/wp-content\/uploads\/1912Energetica-768x533.jpg 768w\" sizes=\"(max-width: 640px) 100vw, 640px\" \/>\t\t\t<\/div>\n\t\t<\/div>\n        <div class=\"bm-blog-post-content bm_content_box\">\n            <h4 class=\"entry-post-title bm_title\"><a href=\"https:\/\/www.economicas.uba.ar\/extension\/vocesenelfenix\/matriz-energetica-nacional-y-su-vinculacion-con-la-region\/\" rel=\"bookmark\">Matriz energ\u00e9tica nacional y su vinculaci\u00f3n con la regi\u00f3n<\/a><\/h4>            <div class=\"bm-blog-post-meta entry-post-meta bm_meta\">\n                            <\/div>\n            <div class=\"entry-post-content bm_content\">\n                | Por Consejo Asesor de Estrategia Energ\u00e9tica Secretar\u00eda de Energ\u00eda de la Naci\u00f3n | La integraci\u00f3n energ\u00e9tica regional es una prioridad para los pa\u00edses de la Unasur. A partir de <div><a href=\"https:\/\/www.economicas.uba.ar\/extension\/vocesenelfenix\/matriz-energetica-nacional-y-su-vinculacion-con-la-region\/\" rel=\"bookmark\" class=\"bm-read-more entry-read-more\">M\u00e1s \u00bb<\/a><div>            <\/div>\n        <\/div>\n    <\/article>\n    <article id=\"post-18555\" class=\"item bm_layout post-18555 post type-post status-publish format-standard has-post-thumbnail hentry category-n-19 tag-carlos-de-la-vega tag-defensa tag-integracion-regional tag-recursos-naturales tag-unasur\">\n\t\t<div class=\"bm-blog-post-image entry-post-image\">\n\t\t\t<div class=\"bm-post-image clearfix bm-hover-effect bm-hover-effect-blur\">\n\t\t\t\t<img loading=\"lazy\" decoding=\"async\" width=\"640\" height=\"433\" src=\"https:\/\/www.economicas.uba.ar\/extension\/vocesenelfenix\/wp-content\/uploads\/1913Vega.jpg\" class=\"attachment-large size-large wp-post-image\" alt=\"\" srcset=\"https:\/\/www.economicas.uba.ar\/extension\/vocesenelfenix\/wp-content\/uploads\/1913Vega.jpg 1080w, https:\/\/www.economicas.uba.ar\/extension\/vocesenelfenix\/wp-content\/uploads\/1913Vega-300x203.jpg 300w, https:\/\/www.economicas.uba.ar\/extension\/vocesenelfenix\/wp-content\/uploads\/1913Vega-768x519.jpg 768w\" sizes=\"(max-width: 640px) 100vw, 640px\" \/>\t\t\t<\/div>\n\t\t<\/div>\n        <div class=\"bm-blog-post-content bm_content_box\">\n            <h4 class=\"entry-post-title bm_title\"><a href=\"https:\/\/www.economicas.uba.ar\/extension\/vocesenelfenix\/unasur-y-la-defensa-estrategica-regional\/\" rel=\"bookmark\">Unasur y la defensa estrat\u00e9gica regional<\/a><\/h4>            <div class=\"bm-blog-post-meta entry-post-meta bm_meta\">\n                            <\/div>\n            <div class=\"entry-post-content bm_content\">\n                | Por Carlos de la Vega | La competencia por los recursos naturales a escala global y la estrategia que se han dado las mayores potencias mundiales para obtenerlos, es <div><a href=\"https:\/\/www.economicas.uba.ar\/extension\/vocesenelfenix\/unasur-y-la-defensa-estrategica-regional\/\" rel=\"bookmark\" class=\"bm-read-more entry-read-more\">M\u00e1s \u00bb<\/a><div>            <\/div>\n        <\/div>\n    <\/article>\n    <article id=\"post-18576\" class=\"item bm_layout post-18576 post type-post status-publish format-standard has-post-thumbnail hentry category-n-19 tag-comunicacion tag-estado tag-infraestructura tag-integracion-regional tag-luis-e-lichowski tag-produccion tag-transporte tag-unasur\">\n\t\t<div class=\"bm-blog-post-image entry-post-image\">\n\t\t\t<div class=\"bm-post-image clearfix bm-hover-effect bm-hover-effect-blur\">\n\t\t\t\t<img loading=\"lazy\" decoding=\"async\" width=\"640\" height=\"430\" src=\"https:\/\/www.economicas.uba.ar\/extension\/vocesenelfenix\/wp-content\/uploads\/1914Lichowski.jpg\" class=\"attachment-large size-large wp-post-image\" alt=\"\" srcset=\"https:\/\/www.economicas.uba.ar\/extension\/vocesenelfenix\/wp-content\/uploads\/1914Lichowski.jpg 1080w, https:\/\/www.economicas.uba.ar\/extension\/vocesenelfenix\/wp-content\/uploads\/1914Lichowski-300x202.jpg 300w, https:\/\/www.economicas.uba.ar\/extension\/vocesenelfenix\/wp-content\/uploads\/1914Lichowski-768x516.jpg 768w\" sizes=\"(max-width: 640px) 100vw, 640px\" \/>\t\t\t<\/div>\n\t\t<\/div>\n        <div class=\"bm-blog-post-content bm_content_box\">\n            <h4 class=\"entry-post-title bm_title\"><a href=\"https:\/\/www.economicas.uba.ar\/extension\/vocesenelfenix\/logistica-informacion-y-articulacion-al-servicio-de-la-produccion-y-la-integracion\/\" rel=\"bookmark\">Log\u00edstica, informaci\u00f3n y articulaci\u00f3n al servicio de la producci\u00f3n y la integraci\u00f3n<\/a><\/h4>            <div class=\"bm-blog-post-meta entry-post-meta bm_meta\">\n                            <\/div>\n            <div class=\"entry-post-content bm_content\">\n                | Por Luis E. Lichowski | La integraci\u00f3n productiva regional necesita potentes herramientas de comunicaci\u00f3n y transporte que logren vencer las barreras geogr\u00e1ficas. El rol de los Estados es central <div><a href=\"https:\/\/www.economicas.uba.ar\/extension\/vocesenelfenix\/logistica-informacion-y-articulacion-al-servicio-de-la-produccion-y-la-integracion\/\" rel=\"bookmark\" class=\"bm-read-more entry-read-more\">M\u00e1s \u00bb<\/a><div>            <\/div>\n        <\/div>\n    <\/article>\n    <article id=\"post-18582\" class=\"item bm_layout post-18582 post type-post status-publish format-standard has-post-thumbnail hentry category-n-19 tag-integracion-regional tag-miguel-gaya tag-produccion tag-pymes tag-sistemas-de-garantias tag-unasur\">\n\t\t<div class=\"bm-blog-post-image entry-post-image\">\n\t\t\t<div class=\"bm-post-image clearfix bm-hover-effect bm-hover-effect-blur\">\n\t\t\t\t<img loading=\"lazy\" decoding=\"async\" width=\"640\" height=\"431\" src=\"https:\/\/www.economicas.uba.ar\/extension\/vocesenelfenix\/wp-content\/uploads\/1915Gaya.jpg\" class=\"attachment-large size-large wp-post-image\" alt=\"\" srcset=\"https:\/\/www.economicas.uba.ar\/extension\/vocesenelfenix\/wp-content\/uploads\/1915Gaya.jpg 1080w, https:\/\/www.economicas.uba.ar\/extension\/vocesenelfenix\/wp-content\/uploads\/1915Gaya-300x202.jpg 300w, https:\/\/www.economicas.uba.ar\/extension\/vocesenelfenix\/wp-content\/uploads\/1915Gaya-768x517.jpg 768w\" sizes=\"(max-width: 640px) 100vw, 640px\" \/>\t\t\t<\/div>\n\t\t<\/div>\n        <div class=\"bm-blog-post-content bm_content_box\">\n            <h4 class=\"entry-post-title bm_title\"><a href=\"https:\/\/www.economicas.uba.ar\/extension\/vocesenelfenix\/el-rol-de-los-sistemas-de-garantias-en-la-dinamica-productiva-regional\/\" rel=\"bookmark\">El rol de los sistemas de garant\u00edas en la din\u00e1mica productiva regional<\/a><\/h4>            <div class=\"bm-blog-post-meta entry-post-meta bm_meta\">\n                            <\/div>\n            <div class=\"entry-post-content bm_content\">\n                | Por Miguel Gaya | Las pymes tienen un enorme potencial para formar emprendedores, crear empleos de calidad y generar condiciones sociales m\u00e1s equitativas. Sin embargo, las limitaciones de acceso <div><a href=\"https:\/\/www.economicas.uba.ar\/extension\/vocesenelfenix\/el-rol-de-los-sistemas-de-garantias-en-la-dinamica-productiva-regional\/\" rel=\"bookmark\" class=\"bm-read-more entry-read-more\">M\u00e1s \u00bb<\/a><div>            <\/div>\n        <\/div>\n    <\/article>\n    <article id=\"post-18588\" class=\"item bm_layout post-18588 post type-post status-publish format-standard has-post-thumbnail hentry category-n-19 tag-ciudadania tag-derechos tag-garantias tag-integracion-regional tag-jose-carlos-gustavo-de-paula tag-unasur\">\n\t\t<div class=\"bm-blog-post-image entry-post-image\">\n\t\t\t<div class=\"bm-post-image clearfix bm-hover-effect bm-hover-effect-blur\">\n\t\t\t\t<img loading=\"lazy\" decoding=\"async\" width=\"640\" height=\"431\" src=\"https:\/\/www.economicas.uba.ar\/extension\/vocesenelfenix\/wp-content\/uploads\/1916Paula.jpg\" class=\"attachment-large size-large wp-post-image\" alt=\"\" srcset=\"https:\/\/www.economicas.uba.ar\/extension\/vocesenelfenix\/wp-content\/uploads\/1916Paula.jpg 1080w, https:\/\/www.economicas.uba.ar\/extension\/vocesenelfenix\/wp-content\/uploads\/1916Paula-300x202.jpg 300w, https:\/\/www.economicas.uba.ar\/extension\/vocesenelfenix\/wp-content\/uploads\/1916Paula-768x518.jpg 768w\" sizes=\"(max-width: 640px) 100vw, 640px\" \/>\t\t\t<\/div>\n\t\t<\/div>\n        <div class=\"bm-blog-post-content bm_content_box\">\n            <h4 class=\"entry-post-title bm_title\"><a href=\"https:\/\/www.economicas.uba.ar\/extension\/vocesenelfenix\/derechos-y-garantias-ciudadanos-en-la-unasur\/\" rel=\"bookmark\">Derechos y garant\u00edas: ciudadanos en la Unasur<\/a><\/h4>            <div class=\"bm-blog-post-meta entry-post-meta bm_meta\">\n                            <\/div>\n            <div class=\"entry-post-content bm_content\">\n                | Por Jos\u00e9 Carlos Gustavo De Paula | Todo proceso de integraci\u00f3n debe mantener resguardados los derechos de la ciudadan\u00eda. El desaf\u00edo consiste entonces en armar una estructura legal que <div><a href=\"https:\/\/www.economicas.uba.ar\/extension\/vocesenelfenix\/derechos-y-garantias-ciudadanos-en-la-unasur\/\" rel=\"bookmark\" class=\"bm-read-more entry-read-more\">M\u00e1s \u00bb<\/a><div>            <\/div>\n        <\/div>\n    <\/article>\n    <article id=\"post-18594\" class=\"item bm_layout post-18594 post type-post status-publish format-standard has-post-thumbnail hentry category-n-19 tag-hugo-varsky tag-integracion-regional tag-unasur tag-union-sudamericana\">\n\t\t<div class=\"bm-blog-post-image entry-post-image\">\n\t\t\t<div class=\"bm-post-image clearfix bm-hover-effect bm-hover-effect-blur\">\n\t\t\t\t<img loading=\"lazy\" decoding=\"async\" width=\"640\" height=\"430\" src=\"https:\/\/www.economicas.uba.ar\/extension\/vocesenelfenix\/wp-content\/uploads\/1917Varsky.jpg\" class=\"attachment-large size-large wp-post-image\" alt=\"\" srcset=\"https:\/\/www.economicas.uba.ar\/extension\/vocesenelfenix\/wp-content\/uploads\/1917Varsky.jpg 1080w, https:\/\/www.economicas.uba.ar\/extension\/vocesenelfenix\/wp-content\/uploads\/1917Varsky-300x201.jpg 300w, https:\/\/www.economicas.uba.ar\/extension\/vocesenelfenix\/wp-content\/uploads\/1917Varsky-768x516.jpg 768w\" sizes=\"(max-width: 640px) 100vw, 640px\" \/>\t\t\t<\/div>\n\t\t<\/div>\n        <div class=\"bm-blog-post-content bm_content_box\">\n            <h4 class=\"entry-post-title bm_title\"><a href=\"https:\/\/www.economicas.uba.ar\/extension\/vocesenelfenix\/union-sudamericana-nadie-puede-solo\/\" rel=\"bookmark\">Uni\u00f3n sudamericana: nadie puede solo<\/a><\/h4>            <div class=\"bm-blog-post-meta entry-post-meta bm_meta\">\n                            <\/div>\n            <div class=\"entry-post-content bm_content\">\n                | Por Hugo Varsky | Tras largos a\u00f1os de pol\u00edtica de regionalismo abierto, la Unasur intenta avanzar en la consolidaci\u00f3n de la integraci\u00f3n productiva, la asociatividad, y la complementaci\u00f3n. A <div><a href=\"https:\/\/www.economicas.uba.ar\/extension\/vocesenelfenix\/union-sudamericana-nadie-puede-solo\/\" rel=\"bookmark\" class=\"bm-read-more entry-read-more\">M\u00e1s \u00bb<\/a><div>            <\/div>\n        <\/div>\n    <\/article>\n\t\t\t\t<\/div><\/div>\n\t\t\t\t\t\t\t\t<\/div>\n\t\t\t\t<\/div>\n\t\t\t\t\t<\/div>\n\t\t<\/div>\n\t\t\t\t\t<\/div>\n\t\t<\/section>\n\t\t\t\t<section class=\"elementor-section elementor-top-section elementor-element elementor-element-445465a elementor-section-boxed elementor-section-height-default elementor-section-height-default\" data-id=\"445465a\" data-element_type=\"section\" data-e-type=\"section\" data-settings=\"{&quot;background_background&quot;:&quot;classic&quot;}\">\n\t\t\t\t\t\t<div class=\"elementor-container elementor-column-gap-default\">\n\t\t\t\t\t<div class=\"elementor-column elementor-col-100 elementor-top-column elementor-element elementor-element-e459326\" data-id=\"e459326\" data-element_type=\"column\" data-e-type=\"column\">\n\t\t\t<div class=\"elementor-widget-wrap\">\n\t\t\t\t\t\t\t<\/div>\n\t\t<\/div>\n\t\t\t\t\t<\/div>\n\t\t<\/section>\n\t\t\t\t<\/div>\n\t\t","protected":false},"excerpt":{"rendered":"<p>N\u00daMERO 19 ALGO EN COM\u00daN INTEGRACI\u00d3N REGIONAL LOS PROCESOS DE INTEGRACI\u00d3N REGIONAL NO S\u00d3LO SON NECESARIOS, SINO TAMBI\u00c9N INDISPENSABLES PARA CONSOLIDAR EL CRECIMIENTO, RECUPERAR LA SOBERAN\u00cdA E INDEPENDENCIA Y PROTEGER<\/p>\n","protected":false},"author":5,"featured_media":0,"parent":0,"menu_order":0,"comment_status":"closed","ping_status":"closed","template":"","meta":{"footnotes":""},"class_list":["post-18457","page","type-page","status-publish","hentry"],"_links":{"self":[{"href":"https:\/\/www.economicas.uba.ar\/extension\/vocesenelfenix\/wp-json\/wp\/v2\/pages\/18457","targetHints":{"allow":["GET"]}}],"collection":[{"href":"https:\/\/www.economicas.uba.ar\/extension\/vocesenelfenix\/wp-json\/wp\/v2\/pages"}],"about":[{"href":"https:\/\/www.economicas.uba.ar\/extension\/vocesenelfenix\/wp-json\/wp\/v2\/types\/page"}],"author":[{"embeddable":true,"href":"https:\/\/www.economicas.uba.ar\/extension\/vocesenelfenix\/wp-json\/wp\/v2\/users\/5"}],"replies":[{"embeddable":true,"href":"https:\/\/www.economicas.uba.ar\/extension\/vocesenelfenix\/wp-json\/wp\/v2\/comments?post=18457"}],"version-history":[{"count":10,"href":"https:\/\/www.economicas.uba.ar\/extension\/vocesenelfenix\/wp-json\/wp\/v2\/pages\/18457\/revisions"}],"predecessor-version":[{"id":18473,"href":"https:\/\/www.economicas.uba.ar\/extension\/vocesenelfenix\/wp-json\/wp\/v2\/pages\/18457\/revisions\/18473"}],"wp:attachment":[{"href":"https:\/\/www.economicas.uba.ar\/extension\/vocesenelfenix\/wp-json\/wp\/v2\/media?parent=18457"}],"curies":[{"name":"wp","href":"https:\/\/api.w.org\/{rel}","templated":true}]}}