{"id":19050,"date":"2012-05-01T00:01:00","date_gmt":"2012-05-01T03:01:00","guid":{"rendered":"https:\/\/www.economicas.uba.ar\/extension\/vocesenelfenix\/?page_id=19050"},"modified":"2022-12-27T15:49:55","modified_gmt":"2022-12-27T18:49:55","slug":"numero-14","status":"publish","type":"page","link":"https:\/\/www.economicas.uba.ar\/extension\/vocesenelfenix\/numero-14\/","title":{"rendered":"N\u00famero 14"},"content":{"rendered":"\t\t<div data-elementor-type=\"wp-page\" data-elementor-id=\"19050\" class=\"elementor elementor-19050\" data-elementor-post-type=\"page\">\n\t\t\t\t\t\t<section class=\"elementor-section elementor-top-section elementor-element elementor-element-a1a63bb elementor-section-boxed elementor-section-height-default elementor-section-height-default\" data-id=\"a1a63bb\" data-element_type=\"section\" data-e-type=\"section\" data-settings=\"{&quot;background_background&quot;:&quot;classic&quot;}\">\n\t\t\t\t\t\t<div class=\"elementor-container elementor-column-gap-default\">\n\t\t\t\t\t<div class=\"elementor-column elementor-col-33 elementor-top-column elementor-element elementor-element-1fee31f\" data-id=\"1fee31f\" data-element_type=\"column\" data-e-type=\"column\">\n\t\t\t<div class=\"elementor-widget-wrap elementor-element-populated\">\n\t\t\t\t\t\t<div class=\"elementor-element elementor-element-524cf7d elementor-widget elementor-widget-image\" data-id=\"524cf7d\" data-element_type=\"widget\" data-e-type=\"widget\" data-widget_type=\"image.default\">\n\t\t\t\t<div class=\"elementor-widget-container\">\n\t\t\t\t\t\t\t\t\t\t\t\t\t\t\t\t<a href=\"https:\/\/drive.google.com\/file\/d\/14hR2R7jfWsi2Pj6hmWbmuRQE9Olt6nDf\/view\" target=\"_blank\">\n\t\t\t\t\t\t\t<img fetchpriority=\"high\" decoding=\"async\" width=\"193\" height=\"268\" src=\"https:\/\/www.economicas.uba.ar\/extension\/vocesenelfenix\/wp-content\/uploads\/tapa14.jpg\" class=\"attachment-large size-large wp-image-1882\" alt=\"\" \/>\t\t\t\t\t\t\t\t<\/a>\n\t\t\t\t\t\t\t\t\t\t\t\t\t\t\t<\/div>\n\t\t\t\t<\/div>\n\t\t\t\t\t<\/div>\n\t\t<\/div>\n\t\t\t\t<div class=\"elementor-column elementor-col-66 elementor-top-column elementor-element elementor-element-92395fb\" data-id=\"92395fb\" data-element_type=\"column\" data-e-type=\"column\">\n\t\t\t<div class=\"elementor-widget-wrap elementor-element-populated\">\n\t\t\t\t\t\t<div class=\"elementor-element elementor-element-dd8be03 elementor-widget elementor-widget-text-editor\" data-id=\"dd8be03\" data-element_type=\"widget\" data-e-type=\"widget\" data-widget_type=\"text-editor.default\">\n\t\t\t\t<div class=\"elementor-widget-container\">\n\t\t\t\t\t\t\t\t\t<h5>N\u00daMERO 14<\/h5><h3>EL SILENCIO DE LOS INOCENTES<\/h3><h6>REFORMA FISCAL<\/h6><p><br \/>LA REFORMA FISCAL ES UNA DECISI\u00d3N POL\u00cdTICA FUNDAMENTAL PARA LOGRAR LA INTEGRACI\u00d3N DE LAS AMPLIAS MAYOR\u00cdAS SILENCIOSAS Y LA EFECTIVA IGUALDAD DE DERECHOS Y OPORTUNIDADES, AYUDANDO A ELIMINAR LA INJUSTICIA Y LA INEQUIDAD QUE TODAV\u00cdA HOY CARACTERIZA A NUESTRA SOCIEDAD. PROPUESTAS DE CAMBIOS Y MEJORAS EN NUESTRO SISTEMA FISCAL PARA LOGRAR ESTE OBJETIVO.<\/p>\t\t\t\t\t\t\t\t<\/div>\n\t\t\t\t<\/div>\n\t\t\t\t<div class=\"elementor-element elementor-element-acc4e9c elementor-widget elementor-widget-button\" data-id=\"acc4e9c\" data-element_type=\"widget\" data-e-type=\"widget\" data-widget_type=\"button.default\">\n\t\t\t\t<div class=\"elementor-widget-container\">\n\t\t\t\t\t\t\t\t\t<div class=\"elementor-button-wrapper\">\n\t\t\t\t\t<a class=\"elementor-button elementor-button-link elementor-size-xs\" href=\"https:\/\/drive.google.com\/file\/d\/14hR2R7jfWsi2Pj6hmWbmuRQE9Olt6nDf\/view\" target=\"_blank\">\n\t\t\t\t\t\t<span class=\"elementor-button-content-wrapper\">\n\t\t\t\t\t\t\t\t\t<span class=\"elementor-button-text\">Descarg\u00e1 el PDF<\/span>\n\t\t\t\t\t<\/span>\n\t\t\t\t\t<\/a>\n\t\t\t\t<\/div>\n\t\t\t\t\t\t\t\t<\/div>\n\t\t\t\t<\/div>\n\t\t\t\t\t<\/div>\n\t\t<\/div>\n\t\t\t\t\t<\/div>\n\t\t<\/section>\n\t\t\t\t<section class=\"elementor-section elementor-top-section elementor-element elementor-element-d8326bc elementor-section-boxed elementor-section-height-default elementor-section-height-default\" data-id=\"d8326bc\" data-element_type=\"section\" data-e-type=\"section\">\n\t\t\t\t\t\t<div class=\"elementor-container elementor-column-gap-default\">\n\t\t\t\t\t<div class=\"elementor-column elementor-col-100 elementor-top-column elementor-element elementor-element-4f57be0\" data-id=\"4f57be0\" data-element_type=\"column\" data-e-type=\"column\">\n\t\t\t<div class=\"elementor-widget-wrap elementor-element-populated\">\n\t\t\t\t\t\t<div class=\"elementor-element elementor-element-5627dd8 elementor-grid-3 elementor-grid-tablet-2 elementor-grid-mobile-1 elementor-posts--align-left elementor-widget elementor-widget-blogmentor_blog_posts\" data-id=\"5627dd8\" data-element_type=\"widget\" data-e-type=\"widget\" data-settings=\"{&quot;bm_grid_columns&quot;:&quot;3&quot;,&quot;bm_grid_columns_tablet&quot;:&quot;2&quot;,&quot;bm_grid_columns_mobile&quot;:&quot;1&quot;,&quot;post_card_grid_gap&quot;:{&quot;unit&quot;:&quot;px&quot;,&quot;size&quot;:10,&quot;sizes&quot;:[]},&quot;post_card_row_gap&quot;:{&quot;unit&quot;:&quot;px&quot;,&quot;size&quot;:35,&quot;sizes&quot;:[]}}\" data-widget_type=\"blogmentor_blog_posts.default\">\n\t\t\t\t<div class=\"elementor-widget-container\">\n\t\t\t\t\t\t\t\n\t\t\t\t\t\t\t\t<div class=\"bm-blog-posts-wrapper\" >\n\t\t\t\t\t\t\t<div class=\"bm-blog-posts bm-display-grid elementor-grid elementor-grid-3\" >\n\t\t\t\t    <article id=\"post-19055\" class=\"item bm_layout post-19055 post type-post status-publish format-standard has-post-thumbnail hentry category-n-14 tag-argentina tag-editorial tag-jorge-gaggero tag-reforma-fiscal\">\n\t\t<div class=\"bm-blog-post-image entry-post-image\">\n\t\t\t<div class=\"bm-post-image clearfix bm-hover-effect bm-hover-effect-blur\">\n\t\t\t\t<img decoding=\"async\" width=\"640\" height=\"421\" src=\"https:\/\/www.economicas.uba.ar\/extension\/vocesenelfenix\/wp-content\/uploads\/1400Editorial2.jpg\" class=\"attachment-large size-large wp-post-image\" alt=\"\" srcset=\"https:\/\/www.economicas.uba.ar\/extension\/vocesenelfenix\/wp-content\/uploads\/1400Editorial2.jpg 1080w, https:\/\/www.economicas.uba.ar\/extension\/vocesenelfenix\/wp-content\/uploads\/1400Editorial2-300x197.jpg 300w, https:\/\/www.economicas.uba.ar\/extension\/vocesenelfenix\/wp-content\/uploads\/1400Editorial2-768x505.jpg 768w\" sizes=\"(max-width: 640px) 100vw, 640px\" \/>\t\t\t<\/div>\n\t\t<\/div>\n        <div class=\"bm-blog-post-content bm_content_box\">\n            <h4 class=\"entry-post-title bm_title\"><a href=\"https:\/\/www.economicas.uba.ar\/extension\/vocesenelfenix\/editorial-la-reforma-fiscal-necesaria-en-la-argentina\/\" rel=\"bookmark\">Editorial: La reforma fiscal necesaria en la Argentina<\/a><\/h4>            <div class=\"bm-blog-post-meta entry-post-meta bm_meta\">\n                            <\/div>\n            <div class=\"entry-post-content bm_content\">\n                | Por Jorge Gaggero |            <\/div>\n        <\/div>\n    <\/article>\n    <article id=\"post-19065\" class=\"item bm_layout post-19065 post type-post status-publish format-standard has-post-thumbnail hentry category-n-14 tag-desigualdad tag-impuestos tag-integracion tag-jose-nun tag-poder tag-reforma-fiscal tag-sociedad\">\n\t\t<div class=\"bm-blog-post-image entry-post-image\">\n\t\t\t<div class=\"bm-post-image clearfix bm-hover-effect bm-hover-effect-blur\">\n\t\t\t\t<img decoding=\"async\" width=\"640\" height=\"431\" src=\"https:\/\/www.economicas.uba.ar\/extension\/vocesenelfenix\/wp-content\/uploads\/1401Nun.jpg\" class=\"attachment-large size-large wp-post-image\" alt=\"\" srcset=\"https:\/\/www.economicas.uba.ar\/extension\/vocesenelfenix\/wp-content\/uploads\/1401Nun.jpg 1080w, https:\/\/www.economicas.uba.ar\/extension\/vocesenelfenix\/wp-content\/uploads\/1401Nun-300x202.jpg 300w, https:\/\/www.economicas.uba.ar\/extension\/vocesenelfenix\/wp-content\/uploads\/1401Nun-768x517.jpg 768w\" sizes=\"(max-width: 640px) 100vw, 640px\" \/>\t\t\t<\/div>\n\t\t<\/div>\n        <div class=\"bm-blog-post-content bm_content_box\">\n            <h4 class=\"entry-post-title bm_title\"><a href=\"https:\/\/www.economicas.uba.ar\/extension\/vocesenelfenix\/acerca-de-la-desigualdad-y-los-impuestos\/\" rel=\"bookmark\">Acerca de la desigualdad y los impuestos<\/a><\/h4>            <div class=\"bm-blog-post-meta entry-post-meta bm_meta\">\n                            <\/div>\n            <div class=\"entry-post-content bm_content\">\n                | Por Jos\u00e9 Nun | Las desigualdades de origen en materia de educaci\u00f3n, salud, h\u00e1bitat e ingresos son determinantes en las relaciones de poder al interior de una sociedad. Una <div><a href=\"https:\/\/www.economicas.uba.ar\/extension\/vocesenelfenix\/acerca-de-la-desigualdad-y-los-impuestos\/\" rel=\"bookmark\" class=\"bm-read-more entry-read-more\">M\u00e1s \u00bb<\/a><div>            <\/div>\n        <\/div>\n    <\/article>\n    <article id=\"post-19072\" class=\"item bm_layout post-19072 post type-post status-publish format-standard has-post-thumbnail hentry category-n-14 tag-actores-sociales tag-alejandro-grimson tag-alexandre-roig tag-cgt tag-impuestos tag-mesa-de-enlace tag-reforma-fiscal\">\n\t\t<div class=\"bm-blog-post-image entry-post-image\">\n\t\t\t<div class=\"bm-post-image clearfix bm-hover-effect bm-hover-effect-blur\">\n\t\t\t\t<img loading=\"lazy\" decoding=\"async\" width=\"640\" height=\"430\" src=\"https:\/\/www.economicas.uba.ar\/extension\/vocesenelfenix\/wp-content\/uploads\/1402Grimson.jpg\" class=\"attachment-large size-large wp-post-image\" alt=\"\" srcset=\"https:\/\/www.economicas.uba.ar\/extension\/vocesenelfenix\/wp-content\/uploads\/1402Grimson.jpg 1080w, https:\/\/www.economicas.uba.ar\/extension\/vocesenelfenix\/wp-content\/uploads\/1402Grimson-300x201.jpg 300w, https:\/\/www.economicas.uba.ar\/extension\/vocesenelfenix\/wp-content\/uploads\/1402Grimson-768x516.jpg 768w\" sizes=\"(max-width: 640px) 100vw, 640px\" \/>\t\t\t<\/div>\n\t\t<\/div>\n        <div class=\"bm-blog-post-content bm_content_box\">\n            <h4 class=\"entry-post-title bm_title\"><a href=\"https:\/\/www.economicas.uba.ar\/extension\/vocesenelfenix\/los-actores-sociales-y-los-impuestos\/\" rel=\"bookmark\">Los actores sociales y los impuestos<\/a><\/h4>            <div class=\"bm-blog-post-meta entry-post-meta bm_meta\">\n                            <\/div>\n            <div class=\"entry-post-content bm_content\">\n                | Por Alejandro Grimson y Alexandre Roig | Para lograr una reforma fiscal m\u00e1s justa, la misma debe apoyarse en acuerdos sociales y pol\u00edticos que permitan, a trav\u00e9s de una <div><a href=\"https:\/\/www.economicas.uba.ar\/extension\/vocesenelfenix\/los-actores-sociales-y-los-impuestos\/\" rel=\"bookmark\" class=\"bm-read-more entry-read-more\">M\u00e1s \u00bb<\/a><div>            <\/div>\n        <\/div>\n    <\/article>\n    <article id=\"post-19078\" class=\"item bm_layout post-19078 post type-post status-publish format-standard has-post-thumbnail hentry category-n-14 tag-alfredo-iniguez tag-impuestos tag-iva-progresivo tag-reforma-fiscal\">\n\t\t<div class=\"bm-blog-post-image entry-post-image\">\n\t\t\t<div class=\"bm-post-image clearfix bm-hover-effect bm-hover-effect-blur\">\n\t\t\t\t<img loading=\"lazy\" decoding=\"async\" width=\"640\" height=\"430\" src=\"https:\/\/www.economicas.uba.ar\/extension\/vocesenelfenix\/wp-content\/uploads\/1403Iniguez.jpg\" class=\"attachment-large size-large wp-post-image\" alt=\"\" srcset=\"https:\/\/www.economicas.uba.ar\/extension\/vocesenelfenix\/wp-content\/uploads\/1403Iniguez.jpg 1080w, https:\/\/www.economicas.uba.ar\/extension\/vocesenelfenix\/wp-content\/uploads\/1403Iniguez-300x201.jpg 300w, https:\/\/www.economicas.uba.ar\/extension\/vocesenelfenix\/wp-content\/uploads\/1403Iniguez-768x516.jpg 768w\" sizes=\"(max-width: 640px) 100vw, 640px\" \/>\t\t\t<\/div>\n\t\t<\/div>\n        <div class=\"bm-blog-post-content bm_content_box\">\n            <h4 class=\"entry-post-title bm_title\"><a href=\"https:\/\/www.economicas.uba.ar\/extension\/vocesenelfenix\/iva-progresivo-la-mas-maravillosa-musica\/\" rel=\"bookmark\">\u201cIVA progresivo\u201d: \u00bfla m\u00e1s maravillosa m\u00fasica?<\/a><\/h4>            <div class=\"bm-blog-post-meta entry-post-meta bm_meta\">\n                            <\/div>\n            <div class=\"entry-post-content bm_content\">\n                | Por Alfredo I\u00f1iguez | Durante la d\u00e9cada de los \u201990 del siglo pasado, el IVA perdi\u00f3 su origen progresivo para convertirse en un impuesto regresivo. En este texto, se <div><a href=\"https:\/\/www.economicas.uba.ar\/extension\/vocesenelfenix\/iva-progresivo-la-mas-maravillosa-musica\/\" rel=\"bookmark\" class=\"bm-read-more entry-read-more\">M\u00e1s \u00bb<\/a><div>            <\/div>\n        <\/div>\n    <\/article>\n    <article id=\"post-19086\" class=\"item bm_layout post-19086 post type-post status-publish format-standard has-post-thumbnail hentry category-n-14 tag-desigualdad tag-impuesto-a-la-herencia tag-impuestos tag-marcelo-zlotogwiazda tag-reforma-fiscal\">\n\t\t<div class=\"bm-blog-post-image entry-post-image\">\n\t\t\t<div class=\"bm-post-image clearfix bm-hover-effect bm-hover-effect-blur\">\n\t\t\t\t<img loading=\"lazy\" decoding=\"async\" width=\"640\" height=\"432\" src=\"https:\/\/www.economicas.uba.ar\/extension\/vocesenelfenix\/wp-content\/uploads\/1404Zlotogwiazda.jpg\" class=\"attachment-large size-large wp-post-image\" alt=\"\" srcset=\"https:\/\/www.economicas.uba.ar\/extension\/vocesenelfenix\/wp-content\/uploads\/1404Zlotogwiazda.jpg 1080w, https:\/\/www.economicas.uba.ar\/extension\/vocesenelfenix\/wp-content\/uploads\/1404Zlotogwiazda-300x203.jpg 300w, https:\/\/www.economicas.uba.ar\/extension\/vocesenelfenix\/wp-content\/uploads\/1404Zlotogwiazda-768x518.jpg 768w\" sizes=\"(max-width: 640px) 100vw, 640px\" \/>\t\t\t<\/div>\n\t\t<\/div>\n        <div class=\"bm-blog-post-content bm_content_box\">\n            <h4 class=\"entry-post-title bm_title\"><a href=\"https:\/\/www.economicas.uba.ar\/extension\/vocesenelfenix\/impuesto-a-la-herencia-contra-la-desigualdad-de-cuna\/\" rel=\"bookmark\">Impuesto a la herencia: contra la desigualdad de cuna<\/a><\/h4>            <div class=\"bm-blog-post-meta entry-post-meta bm_meta\">\n                            <\/div>\n            <div class=\"entry-post-content bm_content\">\n                | Por Marcelo Zlotogwiazda | La reinstauraci\u00f3n del impuesto a la transmisi\u00f3n gratuita de bienes, derogado por la \u00faltima dictadura militar, es fundamental para lograr una menor desigualdad social y <div><a href=\"https:\/\/www.economicas.uba.ar\/extension\/vocesenelfenix\/impuesto-a-la-herencia-contra-la-desigualdad-de-cuna\/\" rel=\"bookmark\" class=\"bm-read-more entry-read-more\">M\u00e1s \u00bb<\/a><div>            <\/div>\n        <\/div>\n    <\/article>\n    <article id=\"post-19092\" class=\"item bm_layout post-19092 post type-post status-publish format-standard has-post-thumbnail hentry category-n-14 tag-antonio-elio-brailovsky tag-contaminacion tag-estado tag-impuestos-ambientales tag-reforma-fiscal\">\n\t\t<div class=\"bm-blog-post-image entry-post-image\">\n\t\t\t<div class=\"bm-post-image clearfix bm-hover-effect bm-hover-effect-blur\">\n\t\t\t\t<img loading=\"lazy\" decoding=\"async\" width=\"640\" height=\"431\" src=\"https:\/\/www.economicas.uba.ar\/extension\/vocesenelfenix\/wp-content\/uploads\/1405Brailovsky.jpg\" class=\"attachment-large size-large wp-post-image\" alt=\"\" srcset=\"https:\/\/www.economicas.uba.ar\/extension\/vocesenelfenix\/wp-content\/uploads\/1405Brailovsky.jpg 1080w, https:\/\/www.economicas.uba.ar\/extension\/vocesenelfenix\/wp-content\/uploads\/1405Brailovsky-300x202.jpg 300w, https:\/\/www.economicas.uba.ar\/extension\/vocesenelfenix\/wp-content\/uploads\/1405Brailovsky-768x517.jpg 768w\" sizes=\"(max-width: 640px) 100vw, 640px\" \/>\t\t\t<\/div>\n\t\t<\/div>\n        <div class=\"bm-blog-post-content bm_content_box\">\n            <h4 class=\"entry-post-title bm_title\"><a href=\"https:\/\/www.economicas.uba.ar\/extension\/vocesenelfenix\/impuestos-ambientales-pagar-para-contaminar\/\" rel=\"bookmark\">Impuestos Ambientales: \u00bfpagar para contaminar?<\/a><\/h4>            <div class=\"bm-blog-post-meta entry-post-meta bm_meta\">\n                            <\/div>\n            <div class=\"entry-post-content bm_content\">\n                | Por Antonio Elio Brailovsky | Los impuestos por contaminaci\u00f3n y despilfarro se aplican en el mundo desde hace d\u00e9cadas, sin embargo, la situaci\u00f3n ambiental no ha mejorado. El debate <div><a href=\"https:\/\/www.economicas.uba.ar\/extension\/vocesenelfenix\/impuestos-ambientales-pagar-para-contaminar\/\" rel=\"bookmark\" class=\"bm-read-more entry-read-more\">M\u00e1s \u00bb<\/a><div>            <\/div>\n        <\/div>\n    <\/article>\n    <article id=\"post-19099\" class=\"item bm_layout post-19099 post type-post status-publish format-standard has-post-thumbnail hentry category-n-14 tag-argentina tag-crisis-financiera tag-mineria tag-pilar-palmieri tag-reforma-fiscal tag-renta-del-oro\">\n\t\t<div class=\"bm-blog-post-image entry-post-image\">\n\t\t\t<div class=\"bm-post-image clearfix bm-hover-effect bm-hover-effect-blur\">\n\t\t\t\t<img loading=\"lazy\" decoding=\"async\" width=\"640\" height=\"430\" src=\"https:\/\/www.economicas.uba.ar\/extension\/vocesenelfenix\/wp-content\/uploads\/1406Palmieri.jpg\" class=\"attachment-large size-large wp-post-image\" alt=\"\" srcset=\"https:\/\/www.economicas.uba.ar\/extension\/vocesenelfenix\/wp-content\/uploads\/1406Palmieri.jpg 1080w, https:\/\/www.economicas.uba.ar\/extension\/vocesenelfenix\/wp-content\/uploads\/1406Palmieri-300x201.jpg 300w, https:\/\/www.economicas.uba.ar\/extension\/vocesenelfenix\/wp-content\/uploads\/1406Palmieri-768x516.jpg 768w\" sizes=\"(max-width: 640px) 100vw, 640px\" \/>\t\t\t<\/div>\n\t\t<\/div>\n        <div class=\"bm-blog-post-content bm_content_box\">\n            <h4 class=\"entry-post-title bm_title\"><a href=\"https:\/\/www.economicas.uba.ar\/extension\/vocesenelfenix\/fiscalidad-y-mineria-en-la-argentina-el-caso-de-la-renta-del-oro-en-el-marco-de-la-crisis-financiera-internacional\/\" rel=\"bookmark\">Fiscalidad y miner\u00eda en la Argentina: el caso de la renta del oro en el marco de la crisis financiera internacional<\/a><\/h4>            <div class=\"bm-blog-post-meta entry-post-meta bm_meta\">\n                            <\/div>\n            <div class=\"entry-post-content bm_content\">\n                | Por Pilar Palmieri | La megaminer\u00eda en nuestro pa\u00eds cuenta con las facilidades que le otorga un marco regulatorio muy d\u00e9bil. El Estado y las empresas multinacionales se reparten <div><a href=\"https:\/\/www.economicas.uba.ar\/extension\/vocesenelfenix\/fiscalidad-y-mineria-en-la-argentina-el-caso-de-la-renta-del-oro-en-el-marco-de-la-crisis-financiera-internacional\/\" rel=\"bookmark\" class=\"bm-read-more entry-read-more\">M\u00e1s \u00bb<\/a><div>            <\/div>\n        <\/div>\n    <\/article>\n    <article id=\"post-19112\" class=\"item bm_layout post-19112 post type-post status-publish format-standard has-post-thumbnail hentry category-n-14 tag-copua tag-gestion-del-suelo tag-infraestructura tag-reforma-fiscal tag-sector-publico tag-territorio\">\n\t\t<div class=\"bm-blog-post-image entry-post-image\">\n\t\t\t<div class=\"bm-post-image clearfix bm-hover-effect bm-hover-effect-blur\">\n\t\t\t\t<img loading=\"lazy\" decoding=\"async\" width=\"640\" height=\"430\" src=\"https:\/\/www.economicas.uba.ar\/extension\/vocesenelfenix\/wp-content\/uploads\/1407COPUA.jpg\" class=\"attachment-large size-large wp-post-image\" alt=\"\" srcset=\"https:\/\/www.economicas.uba.ar\/extension\/vocesenelfenix\/wp-content\/uploads\/1407COPUA.jpg 1080w, https:\/\/www.economicas.uba.ar\/extension\/vocesenelfenix\/wp-content\/uploads\/1407COPUA-300x202.jpg 300w, https:\/\/www.economicas.uba.ar\/extension\/vocesenelfenix\/wp-content\/uploads\/1407COPUA-768x516.jpg 768w\" sizes=\"(max-width: 640px) 100vw, 640px\" \/>\t\t\t<\/div>\n\t\t<\/div>\n        <div class=\"bm-blog-post-content bm_content_box\">\n            <h4 class=\"entry-post-title bm_title\"><a href=\"https:\/\/www.economicas.uba.ar\/extension\/vocesenelfenix\/instrumentos-economicos-para-la-gestion-del-suelo-conceptos-antecedentes-y-propuestas\/\" rel=\"bookmark\">Instrumentos econ\u00f3micos para la gesti\u00f3n del suelo: Conceptos, antecedentes y propuestas<\/a><\/h4>            <div class=\"bm-blog-post-meta entry-post-meta bm_meta\">\n                            <\/div>\n            <div class=\"entry-post-content bm_content\">\n                | Por COPUA | Las inversiones en infraestructura y las decisiones regulatorias sobre el uso del suelo urbano generan un incremento en el valor de la tierra que es apropiado <div><a href=\"https:\/\/www.economicas.uba.ar\/extension\/vocesenelfenix\/instrumentos-economicos-para-la-gestion-del-suelo-conceptos-antecedentes-y-propuestas\/\" rel=\"bookmark\" class=\"bm-read-more entry-read-more\">M\u00e1s \u00bb<\/a><div>            <\/div>\n        <\/div>\n    <\/article>\n    <article id=\"post-19119\" class=\"item bm_layout post-19119 post type-post status-publish format-standard has-post-thumbnail hentry category-n-14 tag-arnaud-iribarne tag-contribuyente tag-costo-administrativo tag-recaudacion tag-reforma-fiscal\">\n\t\t<div class=\"bm-blog-post-image entry-post-image\">\n\t\t\t<div class=\"bm-post-image clearfix bm-hover-effect bm-hover-effect-blur\">\n\t\t\t\t<img loading=\"lazy\" decoding=\"async\" width=\"640\" height=\"460\" src=\"https:\/\/www.economicas.uba.ar\/extension\/vocesenelfenix\/wp-content\/uploads\/1408Iribarne.jpg\" class=\"attachment-large size-large wp-post-image\" alt=\"\" srcset=\"https:\/\/www.economicas.uba.ar\/extension\/vocesenelfenix\/wp-content\/uploads\/1408Iribarne.jpg 1080w, https:\/\/www.economicas.uba.ar\/extension\/vocesenelfenix\/wp-content\/uploads\/1408Iribarne-300x216.jpg 300w, https:\/\/www.economicas.uba.ar\/extension\/vocesenelfenix\/wp-content\/uploads\/1408Iribarne-768x552.jpg 768w, https:\/\/www.economicas.uba.ar\/extension\/vocesenelfenix\/wp-content\/uploads\/1408Iribarne-183x132.jpg 183w\" sizes=\"(max-width: 640px) 100vw, 640px\" \/>\t\t\t<\/div>\n\t\t<\/div>\n        <div class=\"bm-blog-post-content bm_content_box\">\n            <h4 class=\"entry-post-title bm_title\"><a href=\"https:\/\/www.economicas.uba.ar\/extension\/vocesenelfenix\/hacia-una-reforma-que-tome-en-cuenta-el-punto-de-vista-del-contribuyente\/\" rel=\"bookmark\">Hacia una reforma que tome en cuenta el punto de vista del contribuyente<\/a><\/h4>            <div class=\"bm-blog-post-meta entry-post-meta bm_meta\">\n                            <\/div>\n            <div class=\"entry-post-content bm_content\">\n                | Por Arnaud Iribarne | El contribuyente es un elemento central en cualquier reforma fiscal. Reducir el costo administrativo que acarrea para este el pago de tributos y eliminar la <div><a href=\"https:\/\/www.economicas.uba.ar\/extension\/vocesenelfenix\/hacia-una-reforma-que-tome-en-cuenta-el-punto-de-vista-del-contribuyente\/\" rel=\"bookmark\" class=\"bm-read-more entry-read-more\">M\u00e1s \u00bb<\/a><div>            <\/div>\n        <\/div>\n    <\/article>\n    <article id=\"post-19129\" class=\"item bm_layout post-19129 post type-post status-publish format-standard has-post-thumbnail hentry category-n-14 tag-coparticipacion-federal tag-politica tag-reforma-fiscal\">\n\t\t<div class=\"bm-blog-post-image entry-post-image\">\n\t\t\t<div class=\"bm-post-image clearfix bm-hover-effect bm-hover-effect-blur\">\n\t\t\t\t<img loading=\"lazy\" decoding=\"async\" width=\"640\" height=\"435\" src=\"https:\/\/www.economicas.uba.ar\/extension\/vocesenelfenix\/wp-content\/uploads\/1409Eggers.jpg\" class=\"attachment-large size-large wp-post-image\" alt=\"\" srcset=\"https:\/\/www.economicas.uba.ar\/extension\/vocesenelfenix\/wp-content\/uploads\/1409Eggers.jpg 1080w, https:\/\/www.economicas.uba.ar\/extension\/vocesenelfenix\/wp-content\/uploads\/1409Eggers-300x204.jpg 300w, https:\/\/www.economicas.uba.ar\/extension\/vocesenelfenix\/wp-content\/uploads\/1409Eggers-768x522.jpg 768w\" sizes=\"(max-width: 640px) 100vw, 640px\" \/>\t\t\t<\/div>\n\t\t<\/div>\n        <div class=\"bm-blog-post-content bm_content_box\">\n            <h4 class=\"entry-post-title bm_title\"><a href=\"https:\/\/www.economicas.uba.ar\/extension\/vocesenelfenix\/la-primacia-de-la-politica-distribucion-federal-de-recursos-y-representacion\/\" rel=\"bookmark\">La primac\u00eda de la pol\u00edtica: Distribuci\u00f3n federal de recursos y representaci\u00f3n<\/a><\/h4>            <div class=\"bm-blog-post-meta entry-post-meta bm_meta\">\n                            <\/div>\n            <div class=\"entry-post-content bm_content\">\n                | Por Francisco Eggers | La reforma del sistema de coparticipaci\u00f3n federal sigue siendo una cuenta pendiente. El principal escollo es la sobrerrepresentaci\u00f3n en el Congreso de las provincias que <div><a href=\"https:\/\/www.economicas.uba.ar\/extension\/vocesenelfenix\/la-primacia-de-la-politica-distribucion-federal-de-recursos-y-representacion\/\" rel=\"bookmark\" class=\"bm-read-more entry-read-more\">M\u00e1s \u00bb<\/a><div>            <\/div>\n        <\/div>\n    <\/article>\n    <article id=\"post-19143\" class=\"item bm_layout post-19143 post type-post status-publish format-standard has-post-thumbnail hentry category-n-14 tag-alejandro-otero tag-corporaciones tag-evasion-fiscal tag-federalizacion tag-fuga-de-capitales tag-globalizacion tag-paraisos-fiscales tag-reforma-fiscal\">\n\t\t<div class=\"bm-blog-post-image entry-post-image\">\n\t\t\t<div class=\"bm-post-image clearfix bm-hover-effect bm-hover-effect-blur\">\n\t\t\t\t<img loading=\"lazy\" decoding=\"async\" width=\"640\" height=\"322\" src=\"https:\/\/www.economicas.uba.ar\/extension\/vocesenelfenix\/wp-content\/uploads\/1410Otero.jpg\" class=\"attachment-large size-large wp-post-image\" alt=\"\" srcset=\"https:\/\/www.economicas.uba.ar\/extension\/vocesenelfenix\/wp-content\/uploads\/1410Otero.jpg 1080w, https:\/\/www.economicas.uba.ar\/extension\/vocesenelfenix\/wp-content\/uploads\/1410Otero-300x151.jpg 300w, https:\/\/www.economicas.uba.ar\/extension\/vocesenelfenix\/wp-content\/uploads\/1410Otero-768x387.jpg 768w\" sizes=\"(max-width: 640px) 100vw, 640px\" \/>\t\t\t<\/div>\n\t\t<\/div>\n        <div class=\"bm-blog-post-content bm_content_box\">\n            <h4 class=\"entry-post-title bm_title\"><a href=\"https:\/\/www.economicas.uba.ar\/extension\/vocesenelfenix\/federalizacion-y-globalizacion-desafios-para-la-administracion-tributaria\/\" rel=\"bookmark\">Federalizaci\u00f3n y globalizaci\u00f3n: Desaf\u00edos para la administraci\u00f3n tributaria<\/a><\/h4>            <div class=\"bm-blog-post-meta entry-post-meta bm_meta\">\n                            <\/div>\n            <div class=\"entry-post-content bm_content\">\n                | Por Alejandro Otero | En un mundo con corporaciones cada vez m\u00e1s fuertes y con multiplicaci\u00f3n de para\u00edsos fiscales, es imprescindible fortalecer el sistema tributario nacional para eliminar la <div><a href=\"https:\/\/www.economicas.uba.ar\/extension\/vocesenelfenix\/federalizacion-y-globalizacion-desafios-para-la-administracion-tributaria\/\" rel=\"bookmark\" class=\"bm-read-more entry-read-more\">M\u00e1s \u00bb<\/a><div>            <\/div>\n        <\/div>\n    <\/article>\n    <article id=\"post-19149\" class=\"item bm_layout post-19149 post type-post status-publish format-standard has-post-thumbnail hentry category-n-14 tag-administracion-del-estado tag-argentina tag-estado tag-horacio-rovelli tag-profesionalizacion tag-reforma-fiscal\">\n\t\t<div class=\"bm-blog-post-image entry-post-image\">\n\t\t\t<div class=\"bm-post-image clearfix bm-hover-effect bm-hover-effect-blur\">\n\t\t\t\t<img loading=\"lazy\" decoding=\"async\" width=\"640\" height=\"428\" src=\"https:\/\/www.economicas.uba.ar\/extension\/vocesenelfenix\/wp-content\/uploads\/1411Rovelli.jpg\" class=\"attachment-large size-large wp-post-image\" alt=\"\" srcset=\"https:\/\/www.economicas.uba.ar\/extension\/vocesenelfenix\/wp-content\/uploads\/1411Rovelli.jpg 1080w, https:\/\/www.economicas.uba.ar\/extension\/vocesenelfenix\/wp-content\/uploads\/1411Rovelli-300x201.jpg 300w, https:\/\/www.economicas.uba.ar\/extension\/vocesenelfenix\/wp-content\/uploads\/1411Rovelli-768x514.jpg 768w\" sizes=\"(max-width: 640px) 100vw, 640px\" \/>\t\t\t<\/div>\n\t\t<\/div>\n        <div class=\"bm-blog-post-content bm_content_box\">\n            <h4 class=\"entry-post-title bm_title\"><a href=\"https:\/\/www.economicas.uba.ar\/extension\/vocesenelfenix\/la-reforma-fiscal-en-la-argentina\/\" rel=\"bookmark\">La reforma fiscal en la Argentina<\/a><\/h4>            <div class=\"bm-blog-post-meta entry-post-meta bm_meta\">\n                            <\/div>\n            <div class=\"entry-post-content bm_content\">\n                | Por Horacio Rovelli | El rol del Estado vuelve a ser central para orientar la econom\u00eda en pos de una sociedad cada vez m\u00e1s participativa, m\u00e1s igualitaria y m\u00e1s <div><a href=\"https:\/\/www.economicas.uba.ar\/extension\/vocesenelfenix\/la-reforma-fiscal-en-la-argentina\/\" rel=\"bookmark\" class=\"bm-read-more entry-read-more\">M\u00e1s \u00bb<\/a><div>            <\/div>\n        <\/div>\n    <\/article>\n    <article id=\"post-19162\" class=\"item bm_layout post-19162 post type-post status-publish format-standard has-post-thumbnail hentry category-n-14 tag-orlando-braceli tag-participacion tag-presupuesto tag-reforma-fiscal tag-transparencia\">\n\t\t<div class=\"bm-blog-post-image entry-post-image\">\n\t\t\t<div class=\"bm-post-image clearfix bm-hover-effect bm-hover-effect-blur\">\n\t\t\t\t<img loading=\"lazy\" decoding=\"async\" width=\"640\" height=\"433\" src=\"https:\/\/www.economicas.uba.ar\/extension\/vocesenelfenix\/wp-content\/uploads\/1412Braceli.jpg\" class=\"attachment-large size-large wp-post-image\" alt=\"\" srcset=\"https:\/\/www.economicas.uba.ar\/extension\/vocesenelfenix\/wp-content\/uploads\/1412Braceli.jpg 1080w, https:\/\/www.economicas.uba.ar\/extension\/vocesenelfenix\/wp-content\/uploads\/1412Braceli-300x203.jpg 300w, https:\/\/www.economicas.uba.ar\/extension\/vocesenelfenix\/wp-content\/uploads\/1412Braceli-768x519.jpg 768w\" sizes=\"(max-width: 640px) 100vw, 640px\" \/>\t\t\t<\/div>\n\t\t<\/div>\n        <div class=\"bm-blog-post-content bm_content_box\">\n            <h4 class=\"entry-post-title bm_title\"><a href=\"https:\/\/www.economicas.uba.ar\/extension\/vocesenelfenix\/hacia-una-nueva-concepcion-de-presupuesto-publico-los-nuevos-paradigmas\/\" rel=\"bookmark\">Hacia una nueva concepci\u00f3n de presupuesto p\u00fablico: Los nuevos paradigmas<\/a><\/h4>            <div class=\"bm-blog-post-meta entry-post-meta bm_meta\">\n                            <\/div>\n            <div class=\"entry-post-content bm_content\">\n                | Por Orlando Braceli | La elaboraci\u00f3n del presupuesto es una parte fundamental de cualquier gesti\u00f3n de gobierno. El mismo debe contemplar las necesidades de la gente y los bienes <div><a href=\"https:\/\/www.economicas.uba.ar\/extension\/vocesenelfenix\/hacia-una-nueva-concepcion-de-presupuesto-publico-los-nuevos-paradigmas\/\" rel=\"bookmark\" class=\"bm-read-more entry-read-more\">M\u00e1s \u00bb<\/a><div>            <\/div>\n        <\/div>\n    <\/article>\n    <article id=\"post-19169\" class=\"item bm_layout post-19169 post type-post status-publish format-standard has-post-thumbnail hentry category-n-14 tag-auditoria-general-de-la-nacion tag-control-externo tag-presupuesto tag-reforma-fiscal tag-ruben-rafael-torres tag-santiago-afonso tag-sector-publico\">\n\t\t<div class=\"bm-blog-post-image entry-post-image\">\n\t\t\t<div class=\"bm-post-image clearfix bm-hover-effect bm-hover-effect-blur\">\n\t\t\t\t<img loading=\"lazy\" decoding=\"async\" width=\"640\" height=\"436\" src=\"https:\/\/www.economicas.uba.ar\/extension\/vocesenelfenix\/wp-content\/uploads\/1413Torres.jpg\" class=\"attachment-large size-large wp-post-image\" alt=\"\" srcset=\"https:\/\/www.economicas.uba.ar\/extension\/vocesenelfenix\/wp-content\/uploads\/1413Torres.jpg 1080w, https:\/\/www.economicas.uba.ar\/extension\/vocesenelfenix\/wp-content\/uploads\/1413Torres-300x204.jpg 300w, https:\/\/www.economicas.uba.ar\/extension\/vocesenelfenix\/wp-content\/uploads\/1413Torres-768x523.jpg 768w\" sizes=\"(max-width: 640px) 100vw, 640px\" \/>\t\t\t<\/div>\n\t\t<\/div>\n        <div class=\"bm-blog-post-content bm_content_box\">\n            <h4 class=\"entry-post-title bm_title\"><a href=\"https:\/\/www.economicas.uba.ar\/extension\/vocesenelfenix\/la-reforma-necesaria-en-el-sistema-de-control-externo-del-sector-publico-la-gestion-presupuestaria\/\" rel=\"bookmark\">La reforma necesaria en el sistema de control externo del sector p\u00fablico: La gesti\u00f3n presupuestaria<\/a><\/h4>            <div class=\"bm-blog-post-meta entry-post-meta bm_meta\">\n                            <\/div>\n            <div class=\"entry-post-content bm_content\">\n                | Por Ruben Rafael Torres y Santiago Afonso | La divisi\u00f3n de poderes es un mandato constitucional. Dentro de esta, el control externo que hace la Auditor\u00eda General de la <div><a href=\"https:\/\/www.economicas.uba.ar\/extension\/vocesenelfenix\/la-reforma-necesaria-en-el-sistema-de-control-externo-del-sector-publico-la-gestion-presupuestaria\/\" rel=\"bookmark\" class=\"bm-read-more entry-read-more\">M\u00e1s \u00bb<\/a><div>            <\/div>\n        <\/div>\n    <\/article>\n    <article id=\"post-19176\" class=\"item bm_layout post-19176 post type-post status-publish format-standard has-post-thumbnail hentry category-n-14 tag-centros-financieros tag-evasion tag-jose-a-sbattella tag-lavado-de-activos tag-paraisos-fiscales tag-reforma-fiscal\">\n\t\t<div class=\"bm-blog-post-image entry-post-image\">\n\t\t\t<div class=\"bm-post-image clearfix bm-hover-effect bm-hover-effect-blur\">\n\t\t\t\t<img loading=\"lazy\" decoding=\"async\" width=\"640\" height=\"179\" src=\"https:\/\/www.economicas.uba.ar\/extension\/vocesenelfenix\/wp-content\/uploads\/1414Sbattella.jpg\" class=\"attachment-large size-large wp-post-image\" alt=\"\" srcset=\"https:\/\/www.economicas.uba.ar\/extension\/vocesenelfenix\/wp-content\/uploads\/1414Sbattella.jpg 1080w, https:\/\/www.economicas.uba.ar\/extension\/vocesenelfenix\/wp-content\/uploads\/1414Sbattella-300x84.jpg 300w, https:\/\/www.economicas.uba.ar\/extension\/vocesenelfenix\/wp-content\/uploads\/1414Sbattella-768x215.jpg 768w\" sizes=\"(max-width: 640px) 100vw, 640px\" \/>\t\t\t<\/div>\n\t\t<\/div>\n        <div class=\"bm-blog-post-content bm_content_box\">\n            <h4 class=\"entry-post-title bm_title\"><a href=\"https:\/\/www.economicas.uba.ar\/extension\/vocesenelfenix\/evasion-lavado-y-paraisos-fiscales\/\" rel=\"bookmark\">Evasi\u00f3n, lavado y para\u00edsos fiscales<\/a><\/h4>            <div class=\"bm-blog-post-meta entry-post-meta bm_meta\">\n                            <\/div>\n            <div class=\"entry-post-content bm_content\">\n                | Por Jos\u00e9 A. Sbattella | Los centros financieros anglosajones, NY y Londres, son los m\u00e1s beneficiados, a costa del resto del mundo por la opacidad del sistema de los <div><a href=\"https:\/\/www.economicas.uba.ar\/extension\/vocesenelfenix\/evasion-lavado-y-paraisos-fiscales\/\" rel=\"bookmark\" class=\"bm-read-more entry-read-more\">M\u00e1s \u00bb<\/a><div>            <\/div>\n        <\/div>\n    <\/article>\n    <article id=\"post-19182\" class=\"item bm_layout post-19182 post type-post status-publish format-standard has-post-thumbnail hentry category-n-14 tag-estado tag-evasion-fiscal tag-jose-maria-rinaldi tag-nuevas-tecnologias tag-paraisos-fiscales tag-recaudacion tag-reforma-fiscal tag-tributacion\">\n\t\t<div class=\"bm-blog-post-image entry-post-image\">\n\t\t\t<div class=\"bm-post-image clearfix bm-hover-effect bm-hover-effect-blur\">\n\t\t\t\t<img loading=\"lazy\" decoding=\"async\" width=\"640\" height=\"431\" src=\"https:\/\/www.economicas.uba.ar\/extension\/vocesenelfenix\/wp-content\/uploads\/1415Rinaldi.jpg\" class=\"attachment-large size-large wp-post-image\" alt=\"\" srcset=\"https:\/\/www.economicas.uba.ar\/extension\/vocesenelfenix\/wp-content\/uploads\/1415Rinaldi.jpg 1080w, https:\/\/www.economicas.uba.ar\/extension\/vocesenelfenix\/wp-content\/uploads\/1415Rinaldi-300x202.jpg 300w, https:\/\/www.economicas.uba.ar\/extension\/vocesenelfenix\/wp-content\/uploads\/1415Rinaldi-768x517.jpg 768w\" sizes=\"(max-width: 640px) 100vw, 640px\" \/>\t\t\t<\/div>\n\t\t<\/div>\n        <div class=\"bm-blog-post-content bm_content_box\">\n            <h4 class=\"entry-post-title bm_title\"><a href=\"https:\/\/www.economicas.uba.ar\/extension\/vocesenelfenix\/tributacion-y-nuevas-tecnologias-las-posibilidades-futuras-del-combate-a-la-evasion-todo-lo-solido-se-desvanece-en-el-aire\/\" rel=\"bookmark\">Tributaci\u00f3n y nuevas tecnolog\u00edas, las posibilidades futuras del combate a la evasi\u00f3n: Todo lo s\u00f3lido se desvanece en el aire<\/a><\/h4>            <div class=\"bm-blog-post-meta entry-post-meta bm_meta\">\n                            <\/div>\n            <div class=\"entry-post-content bm_content\">\n                | Por Jos\u00e9 Mar\u00eda Rinaldi | Ante el avance del comercio electr\u00f3nico, las transacciones al interior de las multinacionales y el mayor n\u00famero de para\u00edsos fiscales, las nuevas tecnolog\u00edas de <div><a href=\"https:\/\/www.economicas.uba.ar\/extension\/vocesenelfenix\/tributacion-y-nuevas-tecnologias-las-posibilidades-futuras-del-combate-a-la-evasion-todo-lo-solido-se-desvanece-en-el-aire\/\" rel=\"bookmark\" class=\"bm-read-more entry-read-more\">M\u00e1s \u00bb<\/a><div>            <\/div>\n        <\/div>\n    <\/article>\n    <article id=\"post-19188\" class=\"item bm_layout post-19188 post type-post status-publish format-standard has-post-thumbnail hentry category-n-14 tag-antonio-hugo-figueroa tag-desigualdad tag-doble-tributacion tag-paises-en-desarrollo tag-recaudacion tag-soberania tag-tratados-tributarios\">\n\t\t<div class=\"bm-blog-post-image entry-post-image\">\n\t\t\t<div class=\"bm-post-image clearfix bm-hover-effect bm-hover-effect-blur\">\n\t\t\t\t<img loading=\"lazy\" decoding=\"async\" width=\"640\" height=\"289\" src=\"https:\/\/www.economicas.uba.ar\/extension\/vocesenelfenix\/wp-content\/uploads\/1416Figueroa.jpg\" class=\"attachment-large size-large wp-post-image\" alt=\"\" srcset=\"https:\/\/www.economicas.uba.ar\/extension\/vocesenelfenix\/wp-content\/uploads\/1416Figueroa.jpg 1080w, https:\/\/www.economicas.uba.ar\/extension\/vocesenelfenix\/wp-content\/uploads\/1416Figueroa-300x136.jpg 300w, https:\/\/www.economicas.uba.ar\/extension\/vocesenelfenix\/wp-content\/uploads\/1416Figueroa-768x347.jpg 768w\" sizes=\"(max-width: 640px) 100vw, 640px\" \/>\t\t\t<\/div>\n\t\t<\/div>\n        <div class=\"bm-blog-post-content bm_content_box\">\n            <h4 class=\"entry-post-title bm_title\"><a href=\"https:\/\/www.economicas.uba.ar\/extension\/vocesenelfenix\/tratados-tributarios-para-evitar-la-doble-imposicion-internacional-o-para-transferir-recursos-de-paises-en-desarrollo-a-paises-desarrollados\/\" rel=\"bookmark\">\u00bfTratados tributarios para evitar la doble imposici\u00f3n internacional o para transferir recursos de pa\u00edses en desarrollo a pa\u00edses desarrollados?<\/a><\/h4>            <div class=\"bm-blog-post-meta entry-post-meta bm_meta\">\n                            <\/div>\n            <div class=\"entry-post-content bm_content\">\n                | Por Antonio Hugo Figueroa | Los tratados para evitar la doble tributaci\u00f3n conllevan un sacrificio fiscal para los pa\u00edses en desarrollo y un aumento en la recaudaci\u00f3n de los <div><a href=\"https:\/\/www.economicas.uba.ar\/extension\/vocesenelfenix\/tratados-tributarios-para-evitar-la-doble-imposicion-internacional-o-para-transferir-recursos-de-paises-en-desarrollo-a-paises-desarrollados\/\" rel=\"bookmark\" class=\"bm-read-more entry-read-more\">M\u00e1s \u00bb<\/a><div>            <\/div>\n        <\/div>\n    <\/article>\n    <article id=\"post-19196\" class=\"item bm_layout post-19196 post type-post status-publish format-standard has-post-thumbnail hentry category-n-14 tag-argentina tag-javier-auyero tag-pagina-12 tag-reforma-fiscal\">\n\t\t<div class=\"bm-blog-post-image entry-post-image\">\n\t\t\t<div class=\"bm-post-image clearfix bm-hover-effect bm-hover-effect-blur\">\n\t\t\t\t<img loading=\"lazy\" decoding=\"async\" width=\"640\" height=\"449\" src=\"https:\/\/www.economicas.uba.ar\/extension\/vocesenelfenix\/wp-content\/uploads\/1417Auyero2.jpg\" class=\"attachment-large size-large wp-post-image\" alt=\"\" srcset=\"https:\/\/www.economicas.uba.ar\/extension\/vocesenelfenix\/wp-content\/uploads\/1417Auyero2.jpg 1080w, https:\/\/www.economicas.uba.ar\/extension\/vocesenelfenix\/wp-content\/uploads\/1417Auyero2-300x211.jpg 300w, https:\/\/www.economicas.uba.ar\/extension\/vocesenelfenix\/wp-content\/uploads\/1417Auyero2-768x539.jpg 768w\" sizes=\"(max-width: 640px) 100vw, 640px\" \/>\t\t\t<\/div>\n\t\t<\/div>\n        <div class=\"bm-blog-post-content bm_content_box\">\n            <h4 class=\"entry-post-title bm_title\"><a href=\"https:\/\/www.economicas.uba.ar\/extension\/vocesenelfenix\/cadenas-que-matan\/\" rel=\"bookmark\">Cadenas que matan<\/a><\/h4>            <div class=\"bm-blog-post-meta entry-post-meta bm_meta\">\n                            <\/div>\n            <div class=\"entry-post-content bm_content\">\n                | Por Javier Auyero |            <\/div>\n        <\/div>\n    <\/article>\n\t\t\t\t<\/div><\/div>\n\t\t\t\t\t\t\t\t<\/div>\n\t\t\t\t<\/div>\n\t\t\t\t\t<\/div>\n\t\t<\/div>\n\t\t\t\t\t<\/div>\n\t\t<\/section>\n\t\t\t\t<section class=\"elementor-section elementor-top-section elementor-element elementor-element-fd65104 elementor-section-boxed elementor-section-height-default elementor-section-height-default\" data-id=\"fd65104\" data-element_type=\"section\" data-e-type=\"section\" data-settings=\"{&quot;background_background&quot;:&quot;classic&quot;}\">\n\t\t\t\t\t\t<div class=\"elementor-container elementor-column-gap-default\">\n\t\t\t\t\t<div class=\"elementor-column elementor-col-100 elementor-top-column elementor-element elementor-element-03076ae\" data-id=\"03076ae\" data-element_type=\"column\" data-e-type=\"column\">\n\t\t\t<div class=\"elementor-widget-wrap\">\n\t\t\t\t\t\t\t<\/div>\n\t\t<\/div>\n\t\t\t\t\t<\/div>\n\t\t<\/section>\n\t\t\t\t<\/div>\n\t\t","protected":false},"excerpt":{"rendered":"<p>N\u00daMERO 14 EL SILENCIO DE LOS INOCENTES REFORMA FISCAL LA REFORMA FISCAL ES UNA DECISI\u00d3N POL\u00cdTICA FUNDAMENTAL PARA LOGRAR LA INTEGRACI\u00d3N DE LAS AMPLIAS MAYOR\u00cdAS SILENCIOSAS Y LA EFECTIVA IGUALDAD<\/p>\n","protected":false},"author":5,"featured_media":0,"parent":0,"menu_order":0,"comment_status":"closed","ping_status":"closed","template":"","meta":{"footnotes":""},"class_list":["post-19050","page","type-page","status-publish","hentry"],"_links":{"self":[{"href":"https:\/\/www.economicas.uba.ar\/extension\/vocesenelfenix\/wp-json\/wp\/v2\/pages\/19050","targetHints":{"allow":["GET"]}}],"collection":[{"href":"https:\/\/www.economicas.uba.ar\/extension\/vocesenelfenix\/wp-json\/wp\/v2\/pages"}],"about":[{"href":"https:\/\/www.economicas.uba.ar\/extension\/vocesenelfenix\/wp-json\/wp\/v2\/types\/page"}],"author":[{"embeddable":true,"href":"https:\/\/www.economicas.uba.ar\/extension\/vocesenelfenix\/wp-json\/wp\/v2\/users\/5"}],"replies":[{"embeddable":true,"href":"https:\/\/www.economicas.uba.ar\/extension\/vocesenelfenix\/wp-json\/wp\/v2\/comments?post=19050"}],"version-history":[{"count":7,"href":"https:\/\/www.economicas.uba.ar\/extension\/vocesenelfenix\/wp-json\/wp\/v2\/pages\/19050\/revisions"}],"predecessor-version":[{"id":19064,"href":"https:\/\/www.economicas.uba.ar\/extension\/vocesenelfenix\/wp-json\/wp\/v2\/pages\/19050\/revisions\/19064"}],"wp:attachment":[{"href":"https:\/\/www.economicas.uba.ar\/extension\/vocesenelfenix\/wp-json\/wp\/v2\/media?parent=19050"}],"curies":[{"name":"wp","href":"https:\/\/api.w.org\/{rel}","templated":true}]}}