{"id":19205,"date":"2012-04-01T00:01:00","date_gmt":"2012-04-01T03:01:00","guid":{"rendered":"https:\/\/www.economicas.uba.ar\/extension\/vocesenelfenix\/?page_id=19205"},"modified":"2022-12-29T15:31:05","modified_gmt":"2022-12-29T18:31:05","slug":"numero-13","status":"publish","type":"page","link":"https:\/\/www.economicas.uba.ar\/extension\/vocesenelfenix\/numero-13\/","title":{"rendered":"N\u00famero 13"},"content":{"rendered":"\t\t<div data-elementor-type=\"wp-page\" data-elementor-id=\"19205\" class=\"elementor elementor-19205\" data-elementor-post-type=\"page\">\n\t\t\t\t\t\t<section class=\"elementor-section elementor-top-section elementor-element elementor-element-6a07d9c elementor-section-boxed elementor-section-height-default elementor-section-height-default\" data-id=\"6a07d9c\" data-element_type=\"section\" data-e-type=\"section\" data-settings=\"{&quot;background_background&quot;:&quot;classic&quot;}\">\n\t\t\t\t\t\t<div class=\"elementor-container elementor-column-gap-default\">\n\t\t\t\t\t<div class=\"elementor-column elementor-col-33 elementor-top-column elementor-element elementor-element-7306cf7\" data-id=\"7306cf7\" data-element_type=\"column\" data-e-type=\"column\">\n\t\t\t<div class=\"elementor-widget-wrap elementor-element-populated\">\n\t\t\t\t\t\t<div class=\"elementor-element elementor-element-7177b2d elementor-widget elementor-widget-image\" data-id=\"7177b2d\" data-element_type=\"widget\" data-e-type=\"widget\" data-widget_type=\"image.default\">\n\t\t\t\t<div class=\"elementor-widget-container\">\n\t\t\t\t\t\t\t\t\t\t\t\t\t\t\t\t<a href=\"https:\/\/drive.google.com\/file\/d\/1fy-bQ0eve8y1z8qXUd4k7qNCVn7uv_cW\/view\" target=\"_blank\">\n\t\t\t\t\t\t\t<img fetchpriority=\"high\" decoding=\"async\" width=\"193\" height=\"268\" src=\"https:\/\/www.economicas.uba.ar\/extension\/vocesenelfenix\/wp-content\/uploads\/tapa13.jpg\" class=\"attachment-large size-large wp-image-1881\" alt=\"\" \/>\t\t\t\t\t\t\t\t<\/a>\n\t\t\t\t\t\t\t\t\t\t\t\t\t\t\t<\/div>\n\t\t\t\t<\/div>\n\t\t\t\t\t<\/div>\n\t\t<\/div>\n\t\t\t\t<div class=\"elementor-column elementor-col-66 elementor-top-column elementor-element elementor-element-bbb1af7\" data-id=\"bbb1af7\" data-element_type=\"column\" data-e-type=\"column\">\n\t\t\t<div class=\"elementor-widget-wrap elementor-element-populated\">\n\t\t\t\t\t\t<div class=\"elementor-element elementor-element-18ffcda elementor-widget elementor-widget-text-editor\" data-id=\"18ffcda\" data-element_type=\"widget\" data-e-type=\"widget\" data-widget_type=\"text-editor.default\">\n\t\t\t\t<div class=\"elementor-widget-container\">\n\t\t\t\t\t\t\t\t\t<h5>N\u00daMERO 13<\/h5><h3>\u00bfMISI\u00d3N IMPOSIBLE?<\/h3><h6>REFORMA FISCAL<\/h6><p><br \/>LA REFORMA FISCAL, CADA VEZ M\u00c1S NECESARIA, ES UNA CUENTA PENDIENTE EN NUESTRO PA\u00cdS. ES UN ARMA FUNDAMENTAL PARA COMBATIR LA DESIGUALDAD SOCIAL, CAPAZ DE REDISTRIBUIR LA RIQUEZA A PARTIR DE LOS IMPUESTOS Y EL GASTO P\u00daBLICO. EL ABANICO DE MEDIDAS ES AMPLIO, DESDE LA REFORMA DEL IVA Y GANANCIAS, HASTA UNA NUEVA LEY DE COPARTICIPACI\u00d3N. EL DESAF\u00cdO EST\u00c1 PLANTEADO.<\/p>\t\t\t\t\t\t\t\t<\/div>\n\t\t\t\t<\/div>\n\t\t\t\t<div class=\"elementor-element elementor-element-440031c elementor-widget elementor-widget-button\" data-id=\"440031c\" data-element_type=\"widget\" data-e-type=\"widget\" data-widget_type=\"button.default\">\n\t\t\t\t<div class=\"elementor-widget-container\">\n\t\t\t\t\t\t\t\t\t<div class=\"elementor-button-wrapper\">\n\t\t\t\t\t<a class=\"elementor-button elementor-button-link elementor-size-xs\" href=\"https:\/\/drive.google.com\/file\/d\/1fy-bQ0eve8y1z8qXUd4k7qNCVn7uv_cW\/view\" target=\"_blank\">\n\t\t\t\t\t\t<span class=\"elementor-button-content-wrapper\">\n\t\t\t\t\t\t\t\t\t<span class=\"elementor-button-text\">Descarg\u00e1 el PDF<\/span>\n\t\t\t\t\t<\/span>\n\t\t\t\t\t<\/a>\n\t\t\t\t<\/div>\n\t\t\t\t\t\t\t\t<\/div>\n\t\t\t\t<\/div>\n\t\t\t\t\t<\/div>\n\t\t<\/div>\n\t\t\t\t\t<\/div>\n\t\t<\/section>\n\t\t\t\t<section class=\"elementor-section elementor-top-section elementor-element elementor-element-7702ba1 elementor-section-boxed elementor-section-height-default elementor-section-height-default\" data-id=\"7702ba1\" data-element_type=\"section\" data-e-type=\"section\">\n\t\t\t\t\t\t<div class=\"elementor-container elementor-column-gap-default\">\n\t\t\t\t\t<div class=\"elementor-column elementor-col-100 elementor-top-column elementor-element elementor-element-62306c5\" data-id=\"62306c5\" data-element_type=\"column\" data-e-type=\"column\">\n\t\t\t<div class=\"elementor-widget-wrap elementor-element-populated\">\n\t\t\t\t\t\t<div class=\"elementor-element elementor-element-06a9e62 elementor-grid-3 elementor-grid-tablet-2 elementor-grid-mobile-1 elementor-posts--align-left elementor-widget elementor-widget-blogmentor_blog_posts\" data-id=\"06a9e62\" data-element_type=\"widget\" data-e-type=\"widget\" data-settings=\"{&quot;bm_grid_columns&quot;:&quot;3&quot;,&quot;bm_grid_columns_tablet&quot;:&quot;2&quot;,&quot;bm_grid_columns_mobile&quot;:&quot;1&quot;,&quot;post_card_grid_gap&quot;:{&quot;unit&quot;:&quot;px&quot;,&quot;size&quot;:10,&quot;sizes&quot;:[]},&quot;post_card_row_gap&quot;:{&quot;unit&quot;:&quot;px&quot;,&quot;size&quot;:35,&quot;sizes&quot;:[]}}\" data-widget_type=\"blogmentor_blog_posts.default\">\n\t\t\t\t<div class=\"elementor-widget-container\">\n\t\t\t\t\t\t\t\n\t\t\t\t\t\t\t\t<div class=\"bm-blog-posts-wrapper\" >\n\t\t\t\t\t\t\t<div class=\"bm-blog-posts bm-display-grid elementor-grid elementor-grid-3\" >\n\t\t\t\t    <article id=\"post-19210\" class=\"item bm_layout post-19210 post type-post status-publish format-standard has-post-thumbnail hentry category-n-13 tag-abraham-leonardo-gak tag-editorial tag-reforma-fiscal\">\n\t\t<div class=\"bm-blog-post-image entry-post-image\">\n\t\t\t<div class=\"bm-post-image clearfix bm-hover-effect bm-hover-effect-blur\">\n\t\t\t\t<img decoding=\"async\" width=\"640\" height=\"433\" src=\"https:\/\/www.economicas.uba.ar\/extension\/vocesenelfenix\/wp-content\/uploads\/1300Editorial.jpg\" class=\"attachment-large size-large wp-post-image\" alt=\"\" srcset=\"https:\/\/www.economicas.uba.ar\/extension\/vocesenelfenix\/wp-content\/uploads\/1300Editorial.jpg 1080w, https:\/\/www.economicas.uba.ar\/extension\/vocesenelfenix\/wp-content\/uploads\/1300Editorial-300x203.jpg 300w, https:\/\/www.economicas.uba.ar\/extension\/vocesenelfenix\/wp-content\/uploads\/1300Editorial-768x519.jpg 768w\" sizes=\"(max-width: 640px) 100vw, 640px\" \/>\t\t\t<\/div>\n\t\t<\/div>\n        <div class=\"bm-blog-post-content bm_content_box\">\n            <h4 class=\"entry-post-title bm_title\"><a href=\"https:\/\/www.economicas.uba.ar\/extension\/vocesenelfenix\/editorial-reforma-fiscal-la-mas-deseada-y-la-mas-ausente\/\" rel=\"bookmark\">Editorial: Reforma fiscal, la m\u00e1s deseada y la m\u00e1s ausente<\/a><\/h4>            <div class=\"bm-blog-post-meta entry-post-meta bm_meta\">\n                            <\/div>\n            <div class=\"entry-post-content bm_content\">\n                | Por Abraham Leonardo Gak |            <\/div>\n        <\/div>\n    <\/article>\n    <article id=\"post-19219\" class=\"item bm_layout post-19219 post type-post status-publish format-standard has-post-thumbnail hentry category-n-13 tag-jorge-gaggero tag-marco-historico tag-reforma-fiscal tag-sistemas-impositivos\">\n\t\t<div class=\"bm-blog-post-image entry-post-image\">\n\t\t\t<div class=\"bm-post-image clearfix bm-hover-effect bm-hover-effect-blur\">\n\t\t\t\t<img decoding=\"async\" width=\"640\" height=\"421\" src=\"https:\/\/www.economicas.uba.ar\/extension\/vocesenelfenix\/wp-content\/uploads\/1301Gaggero2.jpg\" class=\"attachment-large size-large wp-post-image\" alt=\"\" srcset=\"https:\/\/www.economicas.uba.ar\/extension\/vocesenelfenix\/wp-content\/uploads\/1301Gaggero2.jpg 1080w, https:\/\/www.economicas.uba.ar\/extension\/vocesenelfenix\/wp-content\/uploads\/1301Gaggero2-300x198.jpg 300w, https:\/\/www.economicas.uba.ar\/extension\/vocesenelfenix\/wp-content\/uploads\/1301Gaggero2-768x506.jpg 768w\" sizes=\"(max-width: 640px) 100vw, 640px\" \/>\t\t\t<\/div>\n\t\t<\/div>\n        <div class=\"bm-blog-post-content bm_content_box\">\n            <h4 class=\"entry-post-title bm_title\"><a href=\"https:\/\/www.economicas.uba.ar\/extension\/vocesenelfenix\/marco-historico-y-propositos-de-esta-empresa\/\" rel=\"bookmark\">Marco hist\u00f3rico (y prop\u00f3sitos de esta empresa)<\/a><\/h4>            <div class=\"bm-blog-post-meta entry-post-meta bm_meta\">\n                            <\/div>\n            <div class=\"entry-post-content bm_content\">\n                | Por Jorge Gaggero | Un recorrido por los 80 a\u00f1os de la fiscalidad moderna en nuestro pa\u00eds. Los distintos sistemas impositivos, las reformas, las presiones pol\u00edticas, las necesidades de <div><a href=\"https:\/\/www.economicas.uba.ar\/extension\/vocesenelfenix\/marco-historico-y-propositos-de-esta-empresa\/\" rel=\"bookmark\" class=\"bm-read-more entry-read-more\">M\u00e1s \u00bb<\/a><div>            <\/div>\n        <\/div>\n    <\/article>\n    <article id=\"post-19227\" class=\"item bm_layout post-19227 post type-post status-publish format-standard has-post-thumbnail hentry category-n-13 tag-america-latina tag-andrea-podesta tag-desigualdad tag-gasto-publico tag-juan-pablo-jimenez tag-politica-fiscal tag-reforma-fiscal\">\n\t\t<div class=\"bm-blog-post-image entry-post-image\">\n\t\t\t<div class=\"bm-post-image clearfix bm-hover-effect bm-hover-effect-blur\">\n\t\t\t\t<img loading=\"lazy\" decoding=\"async\" width=\"640\" height=\"433\" src=\"https:\/\/www.economicas.uba.ar\/extension\/vocesenelfenix\/wp-content\/uploads\/1302Jimenez.jpg\" class=\"attachment-large size-large wp-post-image\" alt=\"\" srcset=\"https:\/\/www.economicas.uba.ar\/extension\/vocesenelfenix\/wp-content\/uploads\/1302Jimenez.jpg 1080w, https:\/\/www.economicas.uba.ar\/extension\/vocesenelfenix\/wp-content\/uploads\/1302Jimenez-300x203.jpg 300w, https:\/\/www.economicas.uba.ar\/extension\/vocesenelfenix\/wp-content\/uploads\/1302Jimenez-768x519.jpg 768w\" sizes=\"(max-width: 640px) 100vw, 640px\" \/>\t\t\t<\/div>\n\t\t<\/div>\n        <div class=\"bm-blog-post-content bm_content_box\">\n            <h4 class=\"entry-post-title bm_title\"><a href=\"https:\/\/www.economicas.uba.ar\/extension\/vocesenelfenix\/la-politica-fiscal-en-america-latina-pasado-reciente-presente-y-futuro\/\" rel=\"bookmark\">La pol\u00edtica fiscal en Am\u00e9rica latina: pasado reciente, presente y futuro<\/a><\/h4>            <div class=\"bm-blog-post-meta entry-post-meta bm_meta\">\n                            <\/div>\n            <div class=\"entry-post-content bm_content\">\n                | Por Juan Pablo Jim\u00e9nez y Andrea Podest\u00e1 | A pesar de las mejoras econ\u00f3micas y sociales del \u00faltimo decenio, Am\u00e9rica latina sigue siendo la regi\u00f3n m\u00e1s desigual del planeta. <div><a href=\"https:\/\/www.economicas.uba.ar\/extension\/vocesenelfenix\/la-politica-fiscal-en-america-latina-pasado-reciente-presente-y-futuro\/\" rel=\"bookmark\" class=\"bm-read-more entry-read-more\">M\u00e1s \u00bb<\/a><div>            <\/div>\n        <\/div>\n    <\/article>\n    <article id=\"post-19240\" class=\"item bm_layout post-19240 post type-post status-publish format-standard has-post-thumbnail hentry category-n-13 tag-argentina tag-desigualdad tag-estado tag-oscar-cetrangolo tag-politicas-publicas tag-reforma-fiscal\">\n\t\t<div class=\"bm-blog-post-image entry-post-image\">\n\t\t\t<div class=\"bm-post-image clearfix bm-hover-effect bm-hover-effect-blur\">\n\t\t\t\t<img loading=\"lazy\" decoding=\"async\" width=\"640\" height=\"434\" src=\"https:\/\/www.economicas.uba.ar\/extension\/vocesenelfenix\/wp-content\/uploads\/1303Cetrangolo.jpg\" class=\"attachment-large size-large wp-post-image\" alt=\"\" srcset=\"https:\/\/www.economicas.uba.ar\/extension\/vocesenelfenix\/wp-content\/uploads\/1303Cetrangolo.jpg 1080w, https:\/\/www.economicas.uba.ar\/extension\/vocesenelfenix\/wp-content\/uploads\/1303Cetrangolo-300x203.jpg 300w, https:\/\/www.economicas.uba.ar\/extension\/vocesenelfenix\/wp-content\/uploads\/1303Cetrangolo-768x521.jpg 768w\" sizes=\"(max-width: 640px) 100vw, 640px\" \/>\t\t\t<\/div>\n\t\t<\/div>\n        <div class=\"bm-blog-post-content bm_content_box\">\n            <h4 class=\"entry-post-title bm_title\"><a href=\"https:\/\/www.economicas.uba.ar\/extension\/vocesenelfenix\/nuevos-y-viejos-desafios-de-las-politicas-publicas-en-la-argentina\/\" rel=\"bookmark\">Nuevos y viejos desaf\u00edos de las pol\u00edticas p\u00fablicas en la Argentina<\/a><\/h4>            <div class=\"bm-blog-post-meta entry-post-meta bm_meta\">\n                            <\/div>\n            <div class=\"entry-post-content bm_content\">\n                | Por Oscar Cetr\u00e1ngolo | El Estado mantiene una limitada capacidad para dar soluci\u00f3n a los problemas estructurales que afectan a la poblaci\u00f3n. Las desigualdades entre provincias se mantienen y <div><a href=\"https:\/\/www.economicas.uba.ar\/extension\/vocesenelfenix\/nuevos-y-viejos-desafios-de-las-politicas-publicas-en-la-argentina\/\" rel=\"bookmark\" class=\"bm-read-more entry-read-more\">M\u00e1s \u00bb<\/a><div>            <\/div>\n        <\/div>\n    <\/article>\n    <article id=\"post-19246\" class=\"item bm_layout post-19246 post type-post status-publish format-standard has-post-thumbnail hentry category-n-13 tag-america-latina tag-argentina tag-dalmiro-moran tag-juan-carlos-gomez-sabaini tag-politicas-tributarias tag-reforma-fiscal tag-region\">\n\t\t<div class=\"bm-blog-post-image entry-post-image\">\n\t\t\t<div class=\"bm-post-image clearfix bm-hover-effect bm-hover-effect-blur\">\n\t\t\t\t<img loading=\"lazy\" decoding=\"async\" width=\"640\" height=\"433\" src=\"https:\/\/www.economicas.uba.ar\/extension\/vocesenelfenix\/wp-content\/uploads\/1304Sabaini1.jpg\" class=\"attachment-large size-large wp-post-image\" alt=\"\" srcset=\"https:\/\/www.economicas.uba.ar\/extension\/vocesenelfenix\/wp-content\/uploads\/1304Sabaini1.jpg 1080w, https:\/\/www.economicas.uba.ar\/extension\/vocesenelfenix\/wp-content\/uploads\/1304Sabaini1-300x203.jpg 300w, https:\/\/www.economicas.uba.ar\/extension\/vocesenelfenix\/wp-content\/uploads\/1304Sabaini1-768x519.jpg 768w\" sizes=\"(max-width: 640px) 100vw, 640px\" \/>\t\t\t<\/div>\n\t\t<\/div>\n        <div class=\"bm-blog-post-content bm_content_box\">\n            <h4 class=\"entry-post-title bm_title\"><a href=\"https:\/\/www.economicas.uba.ar\/extension\/vocesenelfenix\/las-politicas-tributarias-la-argentina-en-el-marco-regional\/\" rel=\"bookmark\">Las pol\u00edticas tributarias: La Argentina en el marco regional<\/a><\/h4>            <div class=\"bm-blog-post-meta entry-post-meta bm_meta\">\n                            <\/div>\n            <div class=\"entry-post-content bm_content\">\n                | Por Juan Carlos G\u00f3mez Saba\u00edni y Dalmiro Mor\u00e1n | El crecimiento econ\u00f3mico de los \u00faltimos a\u00f1os y la reducci\u00f3n y eliminaci\u00f3n de exenciones, deducciones y beneficios tributarios mejoraron sustancialmente <div><a href=\"https:\/\/www.economicas.uba.ar\/extension\/vocesenelfenix\/las-politicas-tributarias-la-argentina-en-el-marco-regional\/\" rel=\"bookmark\" class=\"bm-read-more entry-read-more\">M\u00e1s \u00bb<\/a><div>            <\/div>\n        <\/div>\n    <\/article>\n    <article id=\"post-19254\" class=\"item bm_layout post-19254 post type-post status-publish format-standard has-post-thumbnail hentry category-n-13 tag-crisis tag-desendeudamiento tag-deuda-publica tag-francisco-eggers tag-reforma-fiscal\">\n\t\t<div class=\"bm-blog-post-image entry-post-image\">\n\t\t\t<div class=\"bm-post-image clearfix bm-hover-effect bm-hover-effect-blur\">\n\t\t\t\t<img loading=\"lazy\" decoding=\"async\" width=\"640\" height=\"434\" src=\"https:\/\/www.economicas.uba.ar\/extension\/vocesenelfenix\/wp-content\/uploads\/1305Eggers.jpg\" class=\"attachment-large size-large wp-post-image\" alt=\"\" srcset=\"https:\/\/www.economicas.uba.ar\/extension\/vocesenelfenix\/wp-content\/uploads\/1305Eggers.jpg 1080w, https:\/\/www.economicas.uba.ar\/extension\/vocesenelfenix\/wp-content\/uploads\/1305Eggers-300x204.jpg 300w, https:\/\/www.economicas.uba.ar\/extension\/vocesenelfenix\/wp-content\/uploads\/1305Eggers-768x521.jpg 768w\" sizes=\"(max-width: 640px) 100vw, 640px\" \/>\t\t\t<\/div>\n\t\t<\/div>\n        <div class=\"bm-blog-post-content bm_content_box\">\n            <h4 class=\"entry-post-title bm_title\"><a href=\"https:\/\/www.economicas.uba.ar\/extension\/vocesenelfenix\/deuda-publica-de-la-crisis-al-desendeudamiento\/\" rel=\"bookmark\">Deuda p\u00fablica: de la crisis al desendeudamiento<\/a><\/h4>            <div class=\"bm-blog-post-meta entry-post-meta bm_meta\">\n                            <\/div>\n            <div class=\"entry-post-content bm_content\">\n                | Por Francisco Eggers | La deuda p\u00fablica es una herramienta de doble filo. Puede servir para cubrir los d\u00e9ficits de la demanda privada y la producci\u00f3n, pero tomada irresponsablemente <div><a href=\"https:\/\/www.economicas.uba.ar\/extension\/vocesenelfenix\/deuda-publica-de-la-crisis-al-desendeudamiento\/\" rel=\"bookmark\" class=\"bm-read-more entry-read-more\">M\u00e1s \u00bb<\/a><div>            <\/div>\n        <\/div>\n    <\/article>\n    <article id=\"post-19265\" class=\"item bm_layout post-19265 post type-post status-publish format-standard has-post-thumbnail hentry category-n-13 tag-administracion-tributaria tag-afip tag-control-fiscal tag-globalizacion tag-horacio-castagnola tag-reforma-fiscal\">\n\t\t<div class=\"bm-blog-post-image entry-post-image\">\n\t\t\t<div class=\"bm-post-image clearfix bm-hover-effect bm-hover-effect-blur\">\n\t\t\t\t<img loading=\"lazy\" decoding=\"async\" width=\"640\" height=\"447\" src=\"https:\/\/www.economicas.uba.ar\/extension\/vocesenelfenix\/wp-content\/uploads\/1306Castagnola.jpg\" class=\"attachment-large size-large wp-post-image\" alt=\"\" srcset=\"https:\/\/www.economicas.uba.ar\/extension\/vocesenelfenix\/wp-content\/uploads\/1306Castagnola.jpg 1080w, https:\/\/www.economicas.uba.ar\/extension\/vocesenelfenix\/wp-content\/uploads\/1306Castagnola-300x210.jpg 300w, https:\/\/www.economicas.uba.ar\/extension\/vocesenelfenix\/wp-content\/uploads\/1306Castagnola-768x537.jpg 768w\" sizes=\"(max-width: 640px) 100vw, 640px\" \/>\t\t\t<\/div>\n\t\t<\/div>\n        <div class=\"bm-blog-post-content bm_content_box\">\n            <h4 class=\"entry-post-title bm_title\"><a href=\"https:\/\/www.economicas.uba.ar\/extension\/vocesenelfenix\/la-problematica-de-la-administracion-tributaria-nacional\/\" rel=\"bookmark\">La problem\u00e1tica de la administraci\u00f3n tributaria nacional<\/a><\/h4>            <div class=\"bm-blog-post-meta entry-post-meta bm_meta\">\n                            <\/div>\n            <div class=\"entry-post-content bm_content\">\n                | Por Horacio Castagnola | En los \u00faltimos a\u00f1os la AFIP se convirti\u00f3 en una de las entidades m\u00e1s complejas y estrat\u00e9gicas del pa\u00eds. La globalizaci\u00f3n financiera, las nuevas tecnolog\u00edas <div><a href=\"https:\/\/www.economicas.uba.ar\/extension\/vocesenelfenix\/la-problematica-de-la-administracion-tributaria-nacional\/\" rel=\"bookmark\" class=\"bm-read-more entry-read-more\">M\u00e1s \u00bb<\/a><div>            <\/div>\n        <\/div>\n    <\/article>\n    <article id=\"post-19271\" class=\"item bm_layout post-19271 post type-post status-publish format-standard has-post-thumbnail hentry category-n-13 tag-bicentenario tag-dario-rossignolo tag-equidad tag-estado tag-presupuesto tag-reforma-fiscal\">\n\t\t<div class=\"bm-blog-post-image entry-post-image\">\n\t\t\t<div class=\"bm-post-image clearfix bm-hover-effect bm-hover-effect-blur\">\n\t\t\t\t<img loading=\"lazy\" decoding=\"async\" width=\"640\" height=\"433\" src=\"https:\/\/www.economicas.uba.ar\/extension\/vocesenelfenix\/wp-content\/uploads\/1307Rossignolo.jpg\" class=\"attachment-large size-large wp-post-image\" alt=\"\" srcset=\"https:\/\/www.economicas.uba.ar\/extension\/vocesenelfenix\/wp-content\/uploads\/1307Rossignolo.jpg 1080w, https:\/\/www.economicas.uba.ar\/extension\/vocesenelfenix\/wp-content\/uploads\/1307Rossignolo-300x203.jpg 300w, https:\/\/www.economicas.uba.ar\/extension\/vocesenelfenix\/wp-content\/uploads\/1307Rossignolo-768x519.jpg 768w\" sizes=\"(max-width: 640px) 100vw, 640px\" \/>\t\t\t<\/div>\n\t\t<\/div>\n        <div class=\"bm-blog-post-content bm_content_box\">\n            <h4 class=\"entry-post-title bm_title\"><a href=\"https:\/\/www.economicas.uba.ar\/extension\/vocesenelfenix\/el-impacto-del-presupuesto-sobre-la-equidad-2010-las-principales-reformas-sugeridas-por-la-foto-del-bicentenario\/\" rel=\"bookmark\">El impacto del presupuesto sobre la equidad (2010): las principales reformas sugeridas por la \u201cfoto\u201d del bicentenario<\/a><\/h4>            <div class=\"bm-blog-post-meta entry-post-meta bm_meta\">\n                            <\/div>\n            <div class=\"entry-post-content bm_content\">\n                | Por Dar\u00edo Rossignolo | Es responsabilidad del Estado, a trav\u00e9s de su pol\u00edtica de impuestos y de gastos, revertir la desigualdad social. En nuestro pa\u00eds, el gasto p\u00fablico es <div><a href=\"https:\/\/www.economicas.uba.ar\/extension\/vocesenelfenix\/el-impacto-del-presupuesto-sobre-la-equidad-2010-las-principales-reformas-sugeridas-por-la-foto-del-bicentenario\/\" rel=\"bookmark\" class=\"bm-read-more entry-read-more\">M\u00e1s \u00bb<\/a><div>            <\/div>\n        <\/div>\n    <\/article>\n    <article id=\"post-19277\" class=\"item bm_layout post-19277 post type-post status-publish format-standard has-post-thumbnail hentry category-n-13 tag-control-fiscal tag-evasion-fiscal tag-globalizacion tag-impuestos tag-markus-meinzer tag-reforma-fiscal\">\n\t\t<div class=\"bm-blog-post-image entry-post-image\">\n\t\t\t<div class=\"bm-post-image clearfix bm-hover-effect bm-hover-effect-blur\">\n\t\t\t\t<img loading=\"lazy\" decoding=\"async\" width=\"640\" height=\"487\" src=\"https:\/\/www.economicas.uba.ar\/extension\/vocesenelfenix\/wp-content\/uploads\/1308Meinzer.jpg\" class=\"attachment-large size-large wp-post-image\" alt=\"\" srcset=\"https:\/\/www.economicas.uba.ar\/extension\/vocesenelfenix\/wp-content\/uploads\/1308Meinzer.jpg 1080w, https:\/\/www.economicas.uba.ar\/extension\/vocesenelfenix\/wp-content\/uploads\/1308Meinzer-300x228.jpg 300w, https:\/\/www.economicas.uba.ar\/extension\/vocesenelfenix\/wp-content\/uploads\/1308Meinzer-768x584.jpg 768w\" sizes=\"(max-width: 640px) 100vw, 640px\" \/>\t\t\t<\/div>\n\t\t<\/div>\n        <div class=\"bm-blog-post-content bm_content_box\">\n            <h4 class=\"entry-post-title bm_title\"><a href=\"https:\/\/www.economicas.uba.ar\/extension\/vocesenelfenix\/el-marco-global-pone-serias-restricciones-a-una-fiscalidad-de-progreso\/\" rel=\"bookmark\">El marco global pone serias restricciones a una fiscalidad de progreso<\/a><\/h4>            <div class=\"bm-blog-post-meta entry-post-meta bm_meta\">\n                            <\/div>\n            <div class=\"entry-post-content bm_content\">\n                | Por Markus Meinzer | Los flujos financieros il\u00edcitos, la evasi\u00f3n y elusi\u00f3n fiscal son el principal obst\u00e1culo para lograr un sistema fiscal progresivo. Ante la negativa de los pa\u00edses <div><a href=\"https:\/\/www.economicas.uba.ar\/extension\/vocesenelfenix\/el-marco-global-pone-serias-restricciones-a-una-fiscalidad-de-progreso\/\" rel=\"bookmark\" class=\"bm-read-more entry-read-more\">M\u00e1s \u00bb<\/a><div>            <\/div>\n        <\/div>\n    <\/article>\n    <article id=\"post-19290\" class=\"item bm_layout post-19290 post type-post status-publish format-standard has-post-thumbnail hentry category-n-13 tag-camara-de-diputados tag-consumo tag-empleo tag-inversion tag-juan-enrique-valerdi tag-reforma-fiscal\">\n\t\t<div class=\"bm-blog-post-image entry-post-image\">\n\t\t\t<div class=\"bm-post-image clearfix bm-hover-effect bm-hover-effect-blur\">\n\t\t\t\t<img loading=\"lazy\" decoding=\"async\" width=\"640\" height=\"431\" src=\"https:\/\/www.economicas.uba.ar\/extension\/vocesenelfenix\/wp-content\/uploads\/1309Valerdi.jpg\" class=\"attachment-large size-large wp-post-image\" alt=\"\" srcset=\"https:\/\/www.economicas.uba.ar\/extension\/vocesenelfenix\/wp-content\/uploads\/1309Valerdi.jpg 1080w, https:\/\/www.economicas.uba.ar\/extension\/vocesenelfenix\/wp-content\/uploads\/1309Valerdi-300x202.jpg 300w, https:\/\/www.economicas.uba.ar\/extension\/vocesenelfenix\/wp-content\/uploads\/1309Valerdi-768x518.jpg 768w\" sizes=\"(max-width: 640px) 100vw, 640px\" \/>\t\t\t<\/div>\n\t\t<\/div>\n        <div class=\"bm-blog-post-content bm_content_box\">\n            <h4 class=\"entry-post-title bm_title\"><a href=\"https:\/\/www.economicas.uba.ar\/extension\/vocesenelfenix\/esbozo-de-una-propuesta-de-reforma-tributaria-elaborada-para-la-camara-de-diputados-de-la-nacion-2007\/\" rel=\"bookmark\">Esbozo de una propuesta de reforma tributaria elaborada para la C\u00e1mara de Diputados de la Naci\u00f3n (2007)<\/a><\/h4>            <div class=\"bm-blog-post-meta entry-post-meta bm_meta\">\n                            <\/div>\n            <div class=\"entry-post-content bm_content\">\n                | Por Juan Enrique Valerdi | El autor propone una serie de medidas a tomar, se\u00f1alando tambi\u00e9n las principales dificultades, para lograr un sistema fiscal progresivo y obtener al mismo <div><a href=\"https:\/\/www.economicas.uba.ar\/extension\/vocesenelfenix\/esbozo-de-una-propuesta-de-reforma-tributaria-elaborada-para-la-camara-de-diputados-de-la-nacion-2007\/\" rel=\"bookmark\" class=\"bm-read-more entry-read-more\">M\u00e1s \u00bb<\/a><div>            <\/div>\n        <\/div>\n    <\/article>\n    <article id=\"post-19296\" class=\"item bm_layout post-19296 post type-post status-publish format-standard has-post-thumbnail hentry category-n-13 tag-impuesto-a-las-ganancias tag-impuestos tag-luis-omar-fernandez tag-reforma-fiscal\">\n\t\t<div class=\"bm-blog-post-image entry-post-image\">\n\t\t\t<div class=\"bm-post-image clearfix bm-hover-effect bm-hover-effect-blur\">\n\t\t\t\t<img loading=\"lazy\" decoding=\"async\" width=\"640\" height=\"466\" src=\"https:\/\/www.economicas.uba.ar\/extension\/vocesenelfenix\/wp-content\/uploads\/1310Fernandez.jpg\" class=\"attachment-large size-large wp-post-image\" alt=\"\" srcset=\"https:\/\/www.economicas.uba.ar\/extension\/vocesenelfenix\/wp-content\/uploads\/1310Fernandez.jpg 1080w, https:\/\/www.economicas.uba.ar\/extension\/vocesenelfenix\/wp-content\/uploads\/1310Fernandez-300x218.jpg 300w, https:\/\/www.economicas.uba.ar\/extension\/vocesenelfenix\/wp-content\/uploads\/1310Fernandez-768x559.jpg 768w, https:\/\/www.economicas.uba.ar\/extension\/vocesenelfenix\/wp-content\/uploads\/1310Fernandez-183x132.jpg 183w\" sizes=\"(max-width: 640px) 100vw, 640px\" \/>\t\t\t<\/div>\n\t\t<\/div>\n        <div class=\"bm-blog-post-content bm_content_box\">\n            <h4 class=\"entry-post-title bm_title\"><a href=\"https:\/\/www.economicas.uba.ar\/extension\/vocesenelfenix\/impuesto-a-las-ganancias-algunas-propuestas-de-reforma\/\" rel=\"bookmark\">Impuesto a las ganancias: Algunas propuestas de reforma<\/a><\/h4>            <div class=\"bm-blog-post-meta entry-post-meta bm_meta\">\n                            <\/div>\n            <div class=\"entry-post-content bm_content\">\n                | Por Luis Omar Fern\u00e1ndez | Es el impuesto m\u00e1s apropiado para volver m\u00e1s progresivo el sistema impositivo nacional. Es un factor clave para la redistribuci\u00f3n de la renta. Sin <div><a href=\"https:\/\/www.economicas.uba.ar\/extension\/vocesenelfenix\/impuesto-a-las-ganancias-algunas-propuestas-de-reforma\/\" rel=\"bookmark\" class=\"bm-read-more entry-read-more\">M\u00e1s \u00bb<\/a><div>            <\/div>\n        <\/div>\n    <\/article>\n    <article id=\"post-19302\" class=\"item bm_layout post-19302 post type-post status-publish format-standard has-post-thumbnail hentry category-n-13 tag-campo tag-impuesto-a-las-ganancias tag-impuestos tag-reforma-fiscal tag-retenciones tag-salvador-treber tag-sector-agropecuario\">\n\t\t<div class=\"bm-blog-post-image entry-post-image\">\n\t\t\t<div class=\"bm-post-image clearfix bm-hover-effect bm-hover-effect-blur\">\n\t\t\t\t<img loading=\"lazy\" decoding=\"async\" width=\"640\" height=\"433\" src=\"https:\/\/www.economicas.uba.ar\/extension\/vocesenelfenix\/wp-content\/uploads\/1311Treber.jpg\" class=\"attachment-large size-large wp-post-image\" alt=\"\" srcset=\"https:\/\/www.economicas.uba.ar\/extension\/vocesenelfenix\/wp-content\/uploads\/1311Treber.jpg 1080w, https:\/\/www.economicas.uba.ar\/extension\/vocesenelfenix\/wp-content\/uploads\/1311Treber-300x203.jpg 300w, https:\/\/www.economicas.uba.ar\/extension\/vocesenelfenix\/wp-content\/uploads\/1311Treber-768x520.jpg 768w\" sizes=\"(max-width: 640px) 100vw, 640px\" \/>\t\t\t<\/div>\n\t\t<\/div>\n        <div class=\"bm-blog-post-content bm_content_box\">\n            <h4 class=\"entry-post-title bm_title\"><a href=\"https:\/\/www.economicas.uba.ar\/extension\/vocesenelfenix\/la-imposicion-al-campo-pasado-presente-y-futuro\/\" rel=\"bookmark\">La imposici\u00f3n al \u201ccampo\u201d (pasado, presente y futuro)<\/a><\/h4>            <div class=\"bm-blog-post-meta entry-post-meta bm_meta\">\n                            <\/div>\n            <div class=\"entry-post-content bm_content\">\n                | Por Salvador Treber | Desde hace m\u00e1s de 50 a\u00f1os se discute c\u00f3mo lograr un m\u00e9todo eficaz para el cobro de impuestos al sector agropecuario. Los cambios a lo <div><a href=\"https:\/\/www.economicas.uba.ar\/extension\/vocesenelfenix\/la-imposicion-al-campo-pasado-presente-y-futuro\/\" rel=\"bookmark\" class=\"bm-read-more entry-read-more\">M\u00e1s \u00bb<\/a><div>            <\/div>\n        <\/div>\n    <\/article>\n    <article id=\"post-19310\" class=\"item bm_layout post-19310 post type-post status-publish format-standard has-post-thumbnail hentry category-n-13 tag-equidad tag-fiscalidad tag-reforma-fiscal tag-roberto-kozulj tag-sector-energetico\">\n\t\t<div class=\"bm-blog-post-image entry-post-image\">\n\t\t\t<div class=\"bm-post-image clearfix bm-hover-effect bm-hover-effect-blur\">\n\t\t\t\t<img loading=\"lazy\" decoding=\"async\" width=\"640\" height=\"430\" src=\"https:\/\/www.economicas.uba.ar\/extension\/vocesenelfenix\/wp-content\/uploads\/1312Kozulj.jpg\" class=\"attachment-large size-large wp-post-image\" alt=\"\" srcset=\"https:\/\/www.economicas.uba.ar\/extension\/vocesenelfenix\/wp-content\/uploads\/1312Kozulj.jpg 1080w, https:\/\/www.economicas.uba.ar\/extension\/vocesenelfenix\/wp-content\/uploads\/1312Kozulj-300x201.jpg 300w, https:\/\/www.economicas.uba.ar\/extension\/vocesenelfenix\/wp-content\/uploads\/1312Kozulj-768x516.jpg 768w\" sizes=\"(max-width: 640px) 100vw, 640px\" \/>\t\t\t<\/div>\n\t\t<\/div>\n        <div class=\"bm-blog-post-content bm_content_box\">\n            <h4 class=\"entry-post-title bm_title\"><a href=\"https:\/\/www.economicas.uba.ar\/extension\/vocesenelfenix\/estrategias-para-el-sector-energetico-y-fiscalidad-un-desafio-critico\/\" rel=\"bookmark\">Estrategias para el sector energ\u00e9tico y fiscalidad: un desaf\u00edo cr\u00edtico<\/a><\/h4>            <div class=\"bm-blog-post-meta entry-post-meta bm_meta\">\n                            <\/div>\n            <div class=\"entry-post-content bm_content\">\n                | Por Roberto Kozulj | Desde 2002 el Estado nacional mantuvo estable el precio de la electricidad, el gas y el transporte p\u00fablico. Hoy es necesario adecuar esta pol\u00edtica, seg\u00fan <div><a href=\"https:\/\/www.economicas.uba.ar\/extension\/vocesenelfenix\/estrategias-para-el-sector-energetico-y-fiscalidad-un-desafio-critico\/\" rel=\"bookmark\" class=\"bm-read-more entry-read-more\">M\u00e1s \u00bb<\/a><div>            <\/div>\n        <\/div>\n    <\/article>\n    <article id=\"post-19322\" class=\"item bm_layout post-19322 post type-post status-publish format-standard has-post-thumbnail hentry category-n-13 tag-distribucion-del-ingreso tag-igualdad tag-jorge-remes-lenicov tag-ley-de-coparticipacion-federal tag-reforma-fiscal\">\n\t\t<div class=\"bm-blog-post-image entry-post-image\">\n\t\t\t<div class=\"bm-post-image clearfix bm-hover-effect bm-hover-effect-blur\">\n\t\t\t\t<img loading=\"lazy\" decoding=\"async\" width=\"640\" height=\"449\" src=\"https:\/\/www.economicas.uba.ar\/extension\/vocesenelfenix\/wp-content\/uploads\/1313Lenicov2.jpg\" class=\"attachment-large size-large wp-post-image\" alt=\"\" srcset=\"https:\/\/www.economicas.uba.ar\/extension\/vocesenelfenix\/wp-content\/uploads\/1313Lenicov2.jpg 1080w, https:\/\/www.economicas.uba.ar\/extension\/vocesenelfenix\/wp-content\/uploads\/1313Lenicov2-300x210.jpg 300w, https:\/\/www.economicas.uba.ar\/extension\/vocesenelfenix\/wp-content\/uploads\/1313Lenicov2-768x538.jpg 768w\" sizes=\"(max-width: 640px) 100vw, 640px\" \/>\t\t\t<\/div>\n\t\t<\/div>\n        <div class=\"bm-blog-post-content bm_content_box\">\n            <h4 class=\"entry-post-title bm_title\"><a href=\"https:\/\/www.economicas.uba.ar\/extension\/vocesenelfenix\/por-que-aun-no-tenemos-una-nueva-ley-de-coparticipacion-federal\/\" rel=\"bookmark\">\u00bfPor qu\u00e9 a\u00fan no tenemos una nueva ley de coparticipaci\u00f3n federal?<\/a><\/h4>            <div class=\"bm-blog-post-meta entry-post-meta bm_meta\">\n                            <\/div>\n            <div class=\"entry-post-content bm_content\">\n                | Por Jorge Remes Lenicov | Con m\u00e1s de 15 a\u00f1os de atraso, es ineludible la urgente sanci\u00f3n de una nueva ley nacional de coparticipaci\u00f3n, herramienta fundamental para aumentar la <div><a href=\"https:\/\/www.economicas.uba.ar\/extension\/vocesenelfenix\/por-que-aun-no-tenemos-una-nueva-ley-de-coparticipacion-federal\/\" rel=\"bookmark\" class=\"bm-read-more entry-read-more\">M\u00e1s \u00bb<\/a><div>            <\/div>\n        <\/div>\n    <\/article>\n    <article id=\"post-19328\" class=\"item bm_layout post-19328 post type-post status-publish format-standard has-post-thumbnail hentry category-n-13 tag-angel-jose-sciara-2 tag-coparticipacion-federal-2 tag-federalismo tag-impuestos tag-politicas-fiscales tag-reforma-fiscal tag-santa-fe\">\n\t\t<div class=\"bm-blog-post-image entry-post-image\">\n\t\t\t<div class=\"bm-post-image clearfix bm-hover-effect bm-hover-effect-blur\">\n\t\t\t\t<img loading=\"lazy\" decoding=\"async\" width=\"640\" height=\"316\" src=\"https:\/\/www.economicas.uba.ar\/extension\/vocesenelfenix\/wp-content\/uploads\/1314Sciara.jpg\" class=\"attachment-large size-large wp-post-image\" alt=\"\" srcset=\"https:\/\/www.economicas.uba.ar\/extension\/vocesenelfenix\/wp-content\/uploads\/1314Sciara.jpg 1080w, https:\/\/www.economicas.uba.ar\/extension\/vocesenelfenix\/wp-content\/uploads\/1314Sciara-300x148.jpg 300w, https:\/\/www.economicas.uba.ar\/extension\/vocesenelfenix\/wp-content\/uploads\/1314Sciara-768x380.jpg 768w\" sizes=\"(max-width: 640px) 100vw, 640px\" \/>\t\t\t<\/div>\n\t\t<\/div>\n        <div class=\"bm-blog-post-content bm_content_box\">\n            <h4 class=\"entry-post-title bm_title\"><a href=\"https:\/\/www.economicas.uba.ar\/extension\/vocesenelfenix\/la-cuestion-fiscal-federal-una-vision-nacional-desde-la-provincia-de-santa-fe\/\" rel=\"bookmark\">La cuesti\u00f3n fiscal federal: una visi\u00f3n nacional desde la provincia de Santa Fe<\/a><\/h4>            <div class=\"bm-blog-post-meta entry-post-meta bm_meta\">\n                            <\/div>\n            <div class=\"entry-post-content bm_content\">\n                | Por \u00c1ngel Jos\u00e9 Sciara | Desde su instauraci\u00f3n, el actual sistema de coparticipaci\u00f3n federal fue recortando la capacidad de las provincias para gestionar sus propias pol\u00edticas fiscales. Es necesaria, <div><a href=\"https:\/\/www.economicas.uba.ar\/extension\/vocesenelfenix\/la-cuestion-fiscal-federal-una-vision-nacional-desde-la-provincia-de-santa-fe\/\" rel=\"bookmark\" class=\"bm-read-more entry-read-more\">M\u00e1s \u00bb<\/a><div>            <\/div>\n        <\/div>\n    <\/article>\n    <article id=\"post-19339\" class=\"item bm_layout post-19339 post type-post status-publish format-standard has-post-thumbnail hentry category-n-13 tag-coparticipacion-federal-2 tag-luciano-di-gresia tag-provincia-de-buenos-aires tag-reforma-fiscal\">\n\t\t<div class=\"bm-blog-post-image entry-post-image\">\n\t\t\t<div class=\"bm-post-image clearfix bm-hover-effect bm-hover-effect-blur\">\n\t\t\t\t<img loading=\"lazy\" decoding=\"async\" width=\"640\" height=\"420\" src=\"https:\/\/www.economicas.uba.ar\/extension\/vocesenelfenix\/wp-content\/uploads\/1315Gresia.jpg\" class=\"attachment-large size-large wp-post-image\" alt=\"\" srcset=\"https:\/\/www.economicas.uba.ar\/extension\/vocesenelfenix\/wp-content\/uploads\/1315Gresia.jpg 1080w, https:\/\/www.economicas.uba.ar\/extension\/vocesenelfenix\/wp-content\/uploads\/1315Gresia-300x197.jpg 300w, https:\/\/www.economicas.uba.ar\/extension\/vocesenelfenix\/wp-content\/uploads\/1315Gresia-768x503.jpg 768w\" sizes=\"(max-width: 640px) 100vw, 640px\" \/>\t\t\t<\/div>\n\t\t<\/div>\n        <div class=\"bm-blog-post-content bm_content_box\">\n            <h4 class=\"entry-post-title bm_title\"><a href=\"https:\/\/www.economicas.uba.ar\/extension\/vocesenelfenix\/el-aporte-federal-de-la-provincia-de-buenos-aires\/\" rel=\"bookmark\">El aporte federal de la provincia de Buenos Aires<\/a><\/h4>            <div class=\"bm-blog-post-meta entry-post-meta bm_meta\">\n                            <\/div>\n            <div class=\"entry-post-content bm_content\">\n                | Por Luciano Di Gresia | Teniendo en cuenta la cantidad de poblaci\u00f3n, la provincia de Buenos Aires viene realizando en los \u00faltimos a\u00f1os un creciente aporte federal al resto <div><a href=\"https:\/\/www.economicas.uba.ar\/extension\/vocesenelfenix\/el-aporte-federal-de-la-provincia-de-buenos-aires\/\" rel=\"bookmark\" class=\"bm-read-more entry-read-more\">M\u00e1s \u00bb<\/a><div>            <\/div>\n        <\/div>\n    <\/article>\n\t\t\t\t<\/div><\/div>\n\t\t\t\t\t\t\t\t<\/div>\n\t\t\t\t<\/div>\n\t\t\t\t\t<\/div>\n\t\t<\/div>\n\t\t\t\t\t<\/div>\n\t\t<\/section>\n\t\t\t\t<section class=\"elementor-section elementor-top-section elementor-element elementor-element-3dd9b9b elementor-section-boxed elementor-section-height-default elementor-section-height-default\" data-id=\"3dd9b9b\" data-element_type=\"section\" data-e-type=\"section\" data-settings=\"{&quot;background_background&quot;:&quot;classic&quot;}\">\n\t\t\t\t\t\t<div class=\"elementor-container elementor-column-gap-default\">\n\t\t\t\t\t<div class=\"elementor-column elementor-col-100 elementor-top-column elementor-element elementor-element-c247703\" data-id=\"c247703\" data-element_type=\"column\" data-e-type=\"column\">\n\t\t\t<div class=\"elementor-widget-wrap\">\n\t\t\t\t\t\t\t<\/div>\n\t\t<\/div>\n\t\t\t\t\t<\/div>\n\t\t<\/section>\n\t\t\t\t<\/div>\n\t\t","protected":false},"excerpt":{"rendered":"<p>N\u00daMERO 13 \u00bfMISI\u00d3N IMPOSIBLE? REFORMA FISCAL LA REFORMA FISCAL, CADA VEZ M\u00c1S NECESARIA, ES UNA CUENTA PENDIENTE EN NUESTRO PA\u00cdS. ES UN ARMA FUNDAMENTAL PARA COMBATIR LA DESIGUALDAD SOCIAL, CAPAZ<\/p>\n","protected":false},"author":5,"featured_media":0,"parent":0,"menu_order":0,"comment_status":"closed","ping_status":"closed","template":"","meta":{"footnotes":""},"class_list":["post-19205","page","type-page","status-publish","hentry"],"_links":{"self":[{"href":"https:\/\/www.economicas.uba.ar\/extension\/vocesenelfenix\/wp-json\/wp\/v2\/pages\/19205","targetHints":{"allow":["GET"]}}],"collection":[{"href":"https:\/\/www.economicas.uba.ar\/extension\/vocesenelfenix\/wp-json\/wp\/v2\/pages"}],"about":[{"href":"https:\/\/www.economicas.uba.ar\/extension\/vocesenelfenix\/wp-json\/wp\/v2\/types\/page"}],"author":[{"embeddable":true,"href":"https:\/\/www.economicas.uba.ar\/extension\/vocesenelfenix\/wp-json\/wp\/v2\/users\/5"}],"replies":[{"embeddable":true,"href":"https:\/\/www.economicas.uba.ar\/extension\/vocesenelfenix\/wp-json\/wp\/v2\/comments?post=19205"}],"version-history":[{"count":7,"href":"https:\/\/www.economicas.uba.ar\/extension\/vocesenelfenix\/wp-json\/wp\/v2\/pages\/19205\/revisions"}],"predecessor-version":[{"id":19218,"href":"https:\/\/www.economicas.uba.ar\/extension\/vocesenelfenix\/wp-json\/wp\/v2\/pages\/19205\/revisions\/19218"}],"wp:attachment":[{"href":"https:\/\/www.economicas.uba.ar\/extension\/vocesenelfenix\/wp-json\/wp\/v2\/media?parent=19205"}],"curies":[{"name":"wp","href":"https:\/\/api.w.org\/{rel}","templated":true}]}}