{"id":19668,"date":"2011-10-01T00:01:00","date_gmt":"2011-10-01T03:01:00","guid":{"rendered":"https:\/\/www.economicas.uba.ar\/extension\/vocesenelfenix\/?page_id=19668"},"modified":"2023-02-03T11:31:44","modified_gmt":"2023-02-03T14:31:44","slug":"numero-10","status":"publish","type":"page","link":"https:\/\/www.economicas.uba.ar\/extension\/vocesenelfenix\/numero-10\/","title":{"rendered":"N\u00famero 10"},"content":{"rendered":"\t\t<div data-elementor-type=\"wp-page\" data-elementor-id=\"19668\" class=\"elementor elementor-19668\" data-elementor-post-type=\"page\">\n\t\t\t\t\t\t<section class=\"elementor-section elementor-top-section elementor-element elementor-element-0576df2 elementor-section-boxed elementor-section-height-default elementor-section-height-default\" data-id=\"0576df2\" data-element_type=\"section\" data-e-type=\"section\" data-settings=\"{&quot;background_background&quot;:&quot;classic&quot;}\">\n\t\t\t\t\t\t<div class=\"elementor-container elementor-column-gap-default\">\n\t\t\t\t\t<div class=\"elementor-column elementor-col-33 elementor-top-column elementor-element elementor-element-c305dc4\" data-id=\"c305dc4\" data-element_type=\"column\" data-e-type=\"column\">\n\t\t\t<div class=\"elementor-widget-wrap elementor-element-populated\">\n\t\t\t\t\t\t<div class=\"elementor-element elementor-element-248cb1c elementor-widget elementor-widget-image\" data-id=\"248cb1c\" data-element_type=\"widget\" data-e-type=\"widget\" data-widget_type=\"image.default\">\n\t\t\t\t<div class=\"elementor-widget-container\">\n\t\t\t\t\t\t\t\t\t\t\t\t\t\t\t\t<a href=\"https:\/\/drive.google.com\/file\/d\/1jv9F8IlQwQLvqGxb31Wfv0obszozWcUo\/view\" target=\"_blank\">\n\t\t\t\t\t\t\t<img fetchpriority=\"high\" decoding=\"async\" width=\"193\" height=\"268\" src=\"https:\/\/www.economicas.uba.ar\/extension\/vocesenelfenix\/wp-content\/uploads\/tapa10.jpg\" class=\"attachment-large size-large wp-image-1878\" alt=\"\" \/>\t\t\t\t\t\t\t\t<\/a>\n\t\t\t\t\t\t\t\t\t\t\t\t\t\t\t<\/div>\n\t\t\t\t<\/div>\n\t\t\t\t\t<\/div>\n\t\t<\/div>\n\t\t\t\t<div class=\"elementor-column elementor-col-66 elementor-top-column elementor-element elementor-element-d1f0cc6\" data-id=\"d1f0cc6\" data-element_type=\"column\" data-e-type=\"column\">\n\t\t\t<div class=\"elementor-widget-wrap elementor-element-populated\">\n\t\t\t\t\t\t<div class=\"elementor-element elementor-element-0e3655f elementor-widget elementor-widget-text-editor\" data-id=\"0e3655f\" data-element_type=\"widget\" data-e-type=\"widget\" data-widget_type=\"text-editor.default\">\n\t\t\t\t<div class=\"elementor-widget-container\">\n\t\t\t\t\t\t\t\t\t<h5>N\u00daMERO 10<\/h5><h3>ULTIM\u00c1TUM A LA TIERRA<\/h3><h6>ENERG\u00cdA<\/h6><p><br \/>LAS RESERVAS DE HIDROCARBUROS A NIVEL MUNDIAL TIENEN UN HORIZONTE DE AGOTAMIENTO. LA CONTAMINACI\u00d3N Y LOS GASES DE EFECTO INVERNADERO VUELVEN CADA VEZ M\u00c1S DIF\u00cdCIL LA SUPERVIVENCIA DEL PLANETA. ES URGENTE UN CAMBIO EN LAS PAUTAS DE PRODUCCI\u00d3N Y CONSUMO, Y LA UTILIZACI\u00d3N DE ENERG\u00cdAS LIMPIAS PARA LOGRAR LA SOSTENIBILIDAD AMBIENTAL.<\/p>\t\t\t\t\t\t\t\t<\/div>\n\t\t\t\t<\/div>\n\t\t\t\t<div class=\"elementor-element elementor-element-92e2629 elementor-widget elementor-widget-button\" data-id=\"92e2629\" data-element_type=\"widget\" data-e-type=\"widget\" data-widget_type=\"button.default\">\n\t\t\t\t<div class=\"elementor-widget-container\">\n\t\t\t\t\t\t\t\t\t<div class=\"elementor-button-wrapper\">\n\t\t\t\t\t<a class=\"elementor-button elementor-button-link elementor-size-xs\" href=\"https:\/\/drive.google.com\/file\/d\/1jv9F8IlQwQLvqGxb31Wfv0obszozWcUo\/view\" target=\"_blank\">\n\t\t\t\t\t\t<span class=\"elementor-button-content-wrapper\">\n\t\t\t\t\t\t\t\t\t<span class=\"elementor-button-text\">Descarg\u00e1 el PDF<\/span>\n\t\t\t\t\t<\/span>\n\t\t\t\t\t<\/a>\n\t\t\t\t<\/div>\n\t\t\t\t\t\t\t\t<\/div>\n\t\t\t\t<\/div>\n\t\t\t\t\t<\/div>\n\t\t<\/div>\n\t\t\t\t\t<\/div>\n\t\t<\/section>\n\t\t\t\t<section class=\"elementor-section elementor-top-section elementor-element elementor-element-8566e4c elementor-section-boxed elementor-section-height-default elementor-section-height-default\" data-id=\"8566e4c\" data-element_type=\"section\" data-e-type=\"section\">\n\t\t\t\t\t\t<div class=\"elementor-container elementor-column-gap-default\">\n\t\t\t\t\t<div class=\"elementor-column elementor-col-100 elementor-top-column elementor-element elementor-element-d7a6684\" data-id=\"d7a6684\" data-element_type=\"column\" data-e-type=\"column\">\n\t\t\t<div class=\"elementor-widget-wrap elementor-element-populated\">\n\t\t\t\t\t\t<div class=\"elementor-element elementor-element-4af75e3 elementor-grid-3 elementor-grid-tablet-2 elementor-grid-mobile-1 elementor-posts--align-left elementor-widget elementor-widget-blogmentor_blog_posts\" data-id=\"4af75e3\" data-element_type=\"widget\" data-e-type=\"widget\" data-settings=\"{&quot;bm_grid_columns&quot;:&quot;3&quot;,&quot;bm_grid_columns_tablet&quot;:&quot;2&quot;,&quot;bm_grid_columns_mobile&quot;:&quot;1&quot;,&quot;post_card_grid_gap&quot;:{&quot;unit&quot;:&quot;px&quot;,&quot;size&quot;:10,&quot;sizes&quot;:[]},&quot;post_card_row_gap&quot;:{&quot;unit&quot;:&quot;px&quot;,&quot;size&quot;:35,&quot;sizes&quot;:[]}}\" data-widget_type=\"blogmentor_blog_posts.default\">\n\t\t\t\t<div class=\"elementor-widget-container\">\n\t\t\t\t\t\t\t\n\t\t\t\t\t\t\t\t<div class=\"bm-blog-posts-wrapper\" >\n\t\t\t\t\t\t\t<div class=\"bm-blog-posts bm-display-grid elementor-grid elementor-grid-3\" >\n\t\t\t\t    <article id=\"post-19673\" class=\"item bm_layout post-19673 post type-post status-publish format-standard has-post-thumbnail hentry category-n-10 tag-abraham-leonardo-gak tag-desarrollo tag-editorial tag-energia\">\n\t\t<div class=\"bm-blog-post-image entry-post-image\">\n\t\t\t<div class=\"bm-post-image clearfix bm-hover-effect bm-hover-effect-blur\">\n\t\t\t\t<img decoding=\"async\" width=\"640\" height=\"257\" src=\"https:\/\/www.economicas.uba.ar\/extension\/vocesenelfenix\/wp-content\/uploads\/1000Editorial.jpg\" class=\"attachment-large size-large wp-post-image\" alt=\"\" srcset=\"https:\/\/www.economicas.uba.ar\/extension\/vocesenelfenix\/wp-content\/uploads\/1000Editorial.jpg 1080w, https:\/\/www.economicas.uba.ar\/extension\/vocesenelfenix\/wp-content\/uploads\/1000Editorial-300x121.jpg 300w, https:\/\/www.economicas.uba.ar\/extension\/vocesenelfenix\/wp-content\/uploads\/1000Editorial-768x309.jpg 768w\" sizes=\"(max-width: 640px) 100vw, 640px\" \/>\t\t\t<\/div>\n\t\t<\/div>\n        <div class=\"bm-blog-post-content bm_content_box\">\n            <h4 class=\"entry-post-title bm_title\"><a href=\"https:\/\/www.economicas.uba.ar\/extension\/vocesenelfenix\/editorial-energia-un-insumo-para-el-desarrollo\/\" rel=\"bookmark\">Editorial: Energ\u00eda, un insumo para el desarrollo<\/a><\/h4>            <div class=\"bm-blog-post-meta entry-post-meta bm_meta\">\n                            <\/div>\n            <div class=\"entry-post-content bm_content\">\n                | Por Abraham Leonardo Gak |            <\/div>\n        <\/div>\n    <\/article>\n    <article id=\"post-19682\" class=\"item bm_layout post-19682 post type-post status-publish format-standard has-post-thumbnail hentry category-n-10 tag-desarrollo tag-energia tag-estado tag-esteban-serrani tag-ignacio-sabbatella tag-privatizaciones tag-produccion tag-ypf\">\n\t\t<div class=\"bm-blog-post-image entry-post-image\">\n\t\t\t<div class=\"bm-post-image clearfix bm-hover-effect bm-hover-effect-blur\">\n\t\t\t\t<img decoding=\"async\" width=\"640\" height=\"431\" src=\"https:\/\/www.economicas.uba.ar\/extension\/vocesenelfenix\/wp-content\/uploads\/1001Sabbatella.jpg\" class=\"attachment-large size-large wp-post-image\" alt=\"\" srcset=\"https:\/\/www.economicas.uba.ar\/extension\/vocesenelfenix\/wp-content\/uploads\/1001Sabbatella.jpg 1080w, https:\/\/www.economicas.uba.ar\/extension\/vocesenelfenix\/wp-content\/uploads\/1001Sabbatella-300x202.jpg 300w, https:\/\/www.economicas.uba.ar\/extension\/vocesenelfenix\/wp-content\/uploads\/1001Sabbatella-768x518.jpg 768w\" sizes=\"(max-width: 640px) 100vw, 640px\" \/>\t\t\t<\/div>\n\t\t<\/div>\n        <div class=\"bm-blog-post-content bm_content_box\">\n            <h4 class=\"entry-post-title bm_title\"><a href=\"https:\/\/www.economicas.uba.ar\/extension\/vocesenelfenix\/a-20-anos-de-la-privatizacion-de-ypf-balance-y-perspectivas\/\" rel=\"bookmark\">A 20 a\u00f1os de la privatizaci\u00f3n de YPF: Balance y perspectivas<\/a><\/h4>            <div class=\"bm-blog-post-meta entry-post-meta bm_meta\">\n                            <\/div>\n            <div class=\"entry-post-content bm_content\">\n                | Por Ignacio Sabbatella y Esteban Serrani | El estancamiento de la producci\u00f3n y de los stocks de reservas desde la privatizaci\u00f3n de YPF pone en riesgo no s\u00f3lo el <div><a href=\"https:\/\/www.economicas.uba.ar\/extension\/vocesenelfenix\/a-20-anos-de-la-privatizacion-de-ypf-balance-y-perspectivas\/\" rel=\"bookmark\" class=\"bm-read-more entry-read-more\">M\u00e1s \u00bb<\/a><div>            <\/div>\n        <\/div>\n    <\/article>\n    <article id=\"post-19696\" class=\"item bm_layout post-19696 post type-post status-publish format-standard has-post-thumbnail hentry category-n-10 tag-desarrollo tag-energia tag-extraccion-de-hidrocarburos tag-fuentes-alternativas tag-mariano-a-barrera tag-reservas\">\n\t\t<div class=\"bm-blog-post-image entry-post-image\">\n\t\t\t<div class=\"bm-post-image clearfix bm-hover-effect bm-hover-effect-blur\">\n\t\t\t\t<img loading=\"lazy\" decoding=\"async\" width=\"640\" height=\"433\" src=\"https:\/\/www.economicas.uba.ar\/extension\/vocesenelfenix\/wp-content\/uploads\/1002Barrera.jpg\" class=\"attachment-large size-large wp-post-image\" alt=\"\" srcset=\"https:\/\/www.economicas.uba.ar\/extension\/vocesenelfenix\/wp-content\/uploads\/1002Barrera.jpg 1080w, https:\/\/www.economicas.uba.ar\/extension\/vocesenelfenix\/wp-content\/uploads\/1002Barrera-300x203.jpg 300w, https:\/\/www.economicas.uba.ar\/extension\/vocesenelfenix\/wp-content\/uploads\/1002Barrera-768x520.jpg 768w\" sizes=\"(max-width: 640px) 100vw, 640px\" \/>\t\t\t<\/div>\n\t\t<\/div>\n        <div class=\"bm-blog-post-content bm_content_box\">\n            <h4 class=\"entry-post-title bm_title\"><a href=\"https:\/\/www.economicas.uba.ar\/extension\/vocesenelfenix\/la-diversificacion-de-la-matriz-energetica-un-debate-pendiente\/\" rel=\"bookmark\">La diversificaci\u00f3n de la matriz energ\u00e9tica: un debate pendiente<\/a><\/h4>            <div class=\"bm-blog-post-meta entry-post-meta bm_meta\">\n                            <\/div>\n            <div class=\"entry-post-content bm_content\">\n                | Por Mariano A. Barrera | En un contexto de ca\u00edda de las reservas y del nivel de extracci\u00f3n de hidrocarburos es esencial invertir en el desarrollo y construcci\u00f3n de <div><a href=\"https:\/\/www.economicas.uba.ar\/extension\/vocesenelfenix\/la-diversificacion-de-la-matriz-energetica-un-debate-pendiente\/\" rel=\"bookmark\" class=\"bm-read-more entry-read-more\">M\u00e1s \u00bb<\/a><div>            <\/div>\n        <\/div>\n    <\/article>\n    <article id=\"post-19703\" class=\"item bm_layout post-19703 post type-post status-publish format-standard has-post-thumbnail hentry category-n-10 tag-combustibles-liquidos tag-energia tag-estado tag-fernanda-sacks tag-gasoil tag-nafta tag-politica-energetica\">\n\t\t<div class=\"bm-blog-post-image entry-post-image\">\n\t\t\t<div class=\"bm-post-image clearfix bm-hover-effect bm-hover-effect-blur\">\n\t\t\t\t<img loading=\"lazy\" decoding=\"async\" width=\"640\" height=\"433\" src=\"https:\/\/www.economicas.uba.ar\/extension\/vocesenelfenix\/wp-content\/uploads\/1003Sacks.jpg\" class=\"attachment-large size-large wp-post-image\" alt=\"\" srcset=\"https:\/\/www.economicas.uba.ar\/extension\/vocesenelfenix\/wp-content\/uploads\/1003Sacks.jpg 1080w, https:\/\/www.economicas.uba.ar\/extension\/vocesenelfenix\/wp-content\/uploads\/1003Sacks-300x203.jpg 300w, https:\/\/www.economicas.uba.ar\/extension\/vocesenelfenix\/wp-content\/uploads\/1003Sacks-768x519.jpg 768w\" sizes=\"(max-width: 640px) 100vw, 640px\" \/>\t\t\t<\/div>\n\t\t<\/div>\n        <div class=\"bm-blog-post-content bm_content_box\">\n            <h4 class=\"entry-post-title bm_title\"><a href=\"https:\/\/www.economicas.uba.ar\/extension\/vocesenelfenix\/combustibles-liquidos-en-la-argentina-situacion-del-mercado-de-naftas-y-gasoil\/\" rel=\"bookmark\">Combustibles l\u00edquidos en la argentina: situaci\u00f3n del mercado de naftas y gasoil<\/a><\/h4>            <div class=\"bm-blog-post-meta entry-post-meta bm_meta\">\n                            <\/div>\n            <div class=\"entry-post-content bm_content\">\n                | Por Fernanda Sacks | El consumo de combustibles crece sostenidamente desde 2003 pero las pol\u00edticas en materia energ\u00e9tica de los \u00faltimos a\u00f1os s\u00f3lo han sido coyunturales. Es indispensable recuperar <div><a href=\"https:\/\/www.economicas.uba.ar\/extension\/vocesenelfenix\/combustibles-liquidos-en-la-argentina-situacion-del-mercado-de-naftas-y-gasoil\/\" rel=\"bookmark\" class=\"bm-read-more entry-read-more\">M\u00e1s \u00bb<\/a><div>            <\/div>\n        <\/div>\n    <\/article>\n    <article id=\"post-19716\" class=\"item bm_layout post-19716 post type-post status-publish format-standard has-post-thumbnail hentry category-n-10 tag-ariel-carignano tag-dependencia-externa tag-energia tag-gas-no-convencional tag-hidrocarburos-no-convencionales tag-tecnologia\">\n\t\t<div class=\"bm-blog-post-image entry-post-image\">\n\t\t\t<div class=\"bm-post-image clearfix bm-hover-effect bm-hover-effect-blur\">\n\t\t\t\t<img loading=\"lazy\" decoding=\"async\" width=\"640\" height=\"457\" src=\"https:\/\/www.economicas.uba.ar\/extension\/vocesenelfenix\/wp-content\/uploads\/1004Carignano.jpg\" class=\"attachment-large size-large wp-post-image\" alt=\"\" srcset=\"https:\/\/www.economicas.uba.ar\/extension\/vocesenelfenix\/wp-content\/uploads\/1004Carignano.jpg 1080w, https:\/\/www.economicas.uba.ar\/extension\/vocesenelfenix\/wp-content\/uploads\/1004Carignano-300x214.jpg 300w, https:\/\/www.economicas.uba.ar\/extension\/vocesenelfenix\/wp-content\/uploads\/1004Carignano-768x549.jpg 768w, https:\/\/www.economicas.uba.ar\/extension\/vocesenelfenix\/wp-content\/uploads\/1004Carignano-183x132.jpg 183w\" sizes=\"(max-width: 640px) 100vw, 640px\" \/>\t\t\t<\/div>\n\t\t<\/div>\n        <div class=\"bm-blog-post-content bm_content_box\">\n            <h4 class=\"entry-post-title bm_title\"><a href=\"https:\/\/www.economicas.uba.ar\/extension\/vocesenelfenix\/que-es-el-gas-no-convencional-aspectos-tecnicos-basicos-y-desarrollo-en-la-argentina\/\" rel=\"bookmark\">\u00bfQu\u00e9 es el gas no convencional? Aspectos t\u00e9cnicos b\u00e1sicos y desarrollo en la Argentina<\/a><\/h4>            <div class=\"bm-blog-post-meta entry-post-meta bm_meta\">\n                            <\/div>\n            <div class=\"entry-post-content bm_content\">\n                | Por Ariel Carignano | La exploraci\u00f3n de hidrocarburos no convencionales se encuentra todav\u00eda en una etapa inicial. Es necesario incorporar la tecnolog\u00eda que permita reducir los costos, volviendo viable <div><a href=\"https:\/\/www.economicas.uba.ar\/extension\/vocesenelfenix\/que-es-el-gas-no-convencional-aspectos-tecnicos-basicos-y-desarrollo-en-la-argentina\/\" rel=\"bookmark\" class=\"bm-read-more entry-read-more\">M\u00e1s \u00bb<\/a><div>            <\/div>\n        <\/div>\n    <\/article>\n    <article id=\"post-19722\" class=\"item bm_layout post-19722 post type-post status-publish format-standard has-post-thumbnail hentry category-n-10 tag-energia tag-hidrocarburos-no-convencionales tag-mariana-matranga tag-martin-gutman tag-reservas\">\n\t\t<div class=\"bm-blog-post-image entry-post-image\">\n\t\t\t<div class=\"bm-post-image clearfix bm-hover-effect bm-hover-effect-blur\">\n\t\t\t\t<img loading=\"lazy\" decoding=\"async\" width=\"640\" height=\"433\" src=\"https:\/\/www.economicas.uba.ar\/extension\/vocesenelfenix\/wp-content\/uploads\/1005Matranga.jpg\" class=\"attachment-large size-large wp-post-image\" alt=\"\" srcset=\"https:\/\/www.economicas.uba.ar\/extension\/vocesenelfenix\/wp-content\/uploads\/1005Matranga.jpg 1080w, https:\/\/www.economicas.uba.ar\/extension\/vocesenelfenix\/wp-content\/uploads\/1005Matranga-300x203.jpg 300w, https:\/\/www.economicas.uba.ar\/extension\/vocesenelfenix\/wp-content\/uploads\/1005Matranga-768x520.jpg 768w\" sizes=\"(max-width: 640px) 100vw, 640px\" \/>\t\t\t<\/div>\n\t\t<\/div>\n        <div class=\"bm-blog-post-content bm_content_box\">\n            <h4 class=\"entry-post-title bm_title\"><a href=\"https:\/\/www.economicas.uba.ar\/extension\/vocesenelfenix\/gas-y-petroleo-no-convencional-perspectivas-y-desafios-para-su-desarrollo-en-la-argentina\/\" rel=\"bookmark\">Gas y petr\u00f3leo no convencional: perspectivas y desaf\u00edos para su desarrollo en la Argentina<\/a><\/h4>            <div class=\"bm-blog-post-meta entry-post-meta bm_meta\">\n                            <\/div>\n            <div class=\"entry-post-content bm_content\">\n                | Por Mariana Matranga y Mart\u00edn Gutman | Los hidrocarburos no convencionales aparecen como una soluci\u00f3n al agotamiento de las reservas. El estudio de casos pioneros y condiciones locales muestra <div><a href=\"https:\/\/www.economicas.uba.ar\/extension\/vocesenelfenix\/gas-y-petroleo-no-convencional-perspectivas-y-desafios-para-su-desarrollo-en-la-argentina\/\" rel=\"bookmark\" class=\"bm-read-more entry-read-more\">M\u00e1s \u00bb<\/a><div>            <\/div>\n        <\/div>\n    <\/article>\n    <article id=\"post-19732\" class=\"item bm_layout post-19732 post type-post status-publish format-standard has-post-thumbnail hentry category-n-10 tag-energia tag-maria-del-carmen-rubio tag-rio-negro tag-uso-racional-de-la-energia-electrica-uree\">\n\t\t<div class=\"bm-blog-post-image entry-post-image\">\n\t\t\t<div class=\"bm-post-image clearfix bm-hover-effect bm-hover-effect-blur\">\n\t\t\t\t<img loading=\"lazy\" decoding=\"async\" width=\"640\" height=\"469\" src=\"https:\/\/www.economicas.uba.ar\/extension\/vocesenelfenix\/wp-content\/uploads\/1006Rubio.jpg\" class=\"attachment-large size-large wp-post-image\" alt=\"\" srcset=\"https:\/\/www.economicas.uba.ar\/extension\/vocesenelfenix\/wp-content\/uploads\/1006Rubio.jpg 1080w, https:\/\/www.economicas.uba.ar\/extension\/vocesenelfenix\/wp-content\/uploads\/1006Rubio-300x220.jpg 300w, https:\/\/www.economicas.uba.ar\/extension\/vocesenelfenix\/wp-content\/uploads\/1006Rubio-768x563.jpg 768w\" sizes=\"(max-width: 640px) 100vw, 640px\" \/>\t\t\t<\/div>\n\t\t<\/div>\n        <div class=\"bm-blog-post-content bm_content_box\">\n            <h4 class=\"entry-post-title bm_title\"><a href=\"https:\/\/www.economicas.uba.ar\/extension\/vocesenelfenix\/uree-campana-de-uso-racional-de-la-energia-electrica-implementada-en-la-provincia-de-rio-negro\/\" rel=\"bookmark\">UREE: Campa\u00f1a de Uso Racional de la Energ\u00eda El\u00e9ctrica implementada en la provincia de R\u00edo Negro<\/a><\/h4>            <div class=\"bm-blog-post-meta entry-post-meta bm_meta\">\n                            <\/div>\n            <div class=\"entry-post-content bm_content\">\n                | Por Mar\u00eda del Carmen Rubio | La experiencia de R\u00edo Negro muestra c\u00f3mo a trav\u00e9s de la informaci\u00f3n y capacitaci\u00f3n de los ciudadanos se puede llegar a un uso <div><a href=\"https:\/\/www.economicas.uba.ar\/extension\/vocesenelfenix\/uree-campana-de-uso-racional-de-la-energia-electrica-implementada-en-la-provincia-de-rio-negro\/\" rel=\"bookmark\" class=\"bm-read-more entry-read-more\">M\u00e1s \u00bb<\/a><div>            <\/div>\n        <\/div>\n    <\/article>\n    <article id=\"post-19738\" class=\"item bm_layout post-19738 post type-post status-publish format-standard has-post-thumbnail hentry category-n-10 tag-aerogeneradores tag-distrito-industrial tag-energia tag-joaquin-rodriguez tag-patagonia tag-patricia-i-laria tag-sergio-r-cabezas tag-veronica-rama\">\n\t\t<div class=\"bm-blog-post-image entry-post-image\">\n\t\t\t<div class=\"bm-post-image clearfix bm-hover-effect bm-hover-effect-blur\">\n\t\t\t\t<img loading=\"lazy\" decoding=\"async\" width=\"640\" height=\"479\" src=\"https:\/\/www.economicas.uba.ar\/extension\/vocesenelfenix\/wp-content\/uploads\/1007Cabezas.jpg\" class=\"attachment-large size-large wp-post-image\" alt=\"\" srcset=\"https:\/\/www.economicas.uba.ar\/extension\/vocesenelfenix\/wp-content\/uploads\/1007Cabezas.jpg 1080w, https:\/\/www.economicas.uba.ar\/extension\/vocesenelfenix\/wp-content\/uploads\/1007Cabezas-300x225.jpg 300w, https:\/\/www.economicas.uba.ar\/extension\/vocesenelfenix\/wp-content\/uploads\/1007Cabezas-768x575.jpg 768w\" sizes=\"(max-width: 640px) 100vw, 640px\" \/>\t\t\t<\/div>\n\t\t<\/div>\n        <div class=\"bm-blog-post-content bm_content_box\">\n            <h4 class=\"entry-post-title bm_title\"><a href=\"https:\/\/www.economicas.uba.ar\/extension\/vocesenelfenix\/aerogeneradores-un-posible-distrito-industrial-en-el-norte-de-la-patagonia\/\" rel=\"bookmark\">Aerogeneradores: un posible distrito industrial en el norte de la Patagonia<\/a><\/h4>            <div class=\"bm-blog-post-meta entry-post-meta bm_meta\">\n                            <\/div>\n            <div class=\"entry-post-content bm_content\">\n                | Por Sergio R. Cabezas, Patricia I. Laria, Ver\u00f3nica Rama y Joaqu\u00edn Rodr\u00edguez | La instalaci\u00f3n de parques e\u00f3licos abre la posibilidad de generar espacios donde confluyan energ\u00eda, conocimiento e <div><a href=\"https:\/\/www.economicas.uba.ar\/extension\/vocesenelfenix\/aerogeneradores-un-posible-distrito-industrial-en-el-norte-de-la-patagonia\/\" rel=\"bookmark\" class=\"bm-read-more entry-read-more\">M\u00e1s \u00bb<\/a><div>            <\/div>\n        <\/div>\n    <\/article>\n    <article id=\"post-19744\" class=\"item bm_layout post-19744 post type-post status-publish format-standard has-post-thumbnail hentry category-n-10 tag-alejandro-a-palavecino tag-carlos-v-m-labriola tag-central-electrica-escuela tag-energia tag-fuentes-de-energia-renovables tag-universidad-nacional-de-comahue\">\n\t\t<div class=\"bm-blog-post-image entry-post-image\">\n\t\t\t<div class=\"bm-post-image clearfix bm-hover-effect bm-hover-effect-blur\">\n\t\t\t\t<img loading=\"lazy\" decoding=\"async\" width=\"640\" height=\"434\" src=\"https:\/\/www.economicas.uba.ar\/extension\/vocesenelfenix\/wp-content\/uploads\/1008Palavecino.jpg\" class=\"attachment-large size-large wp-post-image\" alt=\"\" srcset=\"https:\/\/www.economicas.uba.ar\/extension\/vocesenelfenix\/wp-content\/uploads\/1008Palavecino.jpg 1080w, https:\/\/www.economicas.uba.ar\/extension\/vocesenelfenix\/wp-content\/uploads\/1008Palavecino-300x203.jpg 300w, https:\/\/www.economicas.uba.ar\/extension\/vocesenelfenix\/wp-content\/uploads\/1008Palavecino-768x521.jpg 768w\" sizes=\"(max-width: 640px) 100vw, 640px\" \/>\t\t\t<\/div>\n\t\t<\/div>\n        <div class=\"bm-blog-post-content bm_content_box\">\n            <h4 class=\"entry-post-title bm_title\"><a href=\"https:\/\/www.economicas.uba.ar\/extension\/vocesenelfenix\/central-electrica-escuela-en-la-universidad-nacional-del-comahue-generacion-de-energia-electrica-a-partir-de-fuentes-de-energia-renovables-reduccion-de-emisiones-y-mejora-en-la-formacion-de-profesio\/\" rel=\"bookmark\">Central El\u00e9ctrica Escuela en la Universidad Nacional del Comahue: Generaci\u00f3n de energ\u00eda el\u00e9ctrica a partir de fuentes de energ\u00eda renovables, reducci\u00f3n de emisiones y mejora en la formaci\u00f3n de profesionales y t\u00e9cnicos<\/a><\/h4>            <div class=\"bm-blog-post-meta entry-post-meta bm_meta\">\n                            <\/div>\n            <div class=\"entry-post-content bm_content\">\n                | Por Alejandro A. Palavecino y Carlos V. M. Labriola | El proyecto encarna una apuesta doble, avanzar en el uso de energ\u00edas renovables para un desarrollo sustentable y la <div><a href=\"https:\/\/www.economicas.uba.ar\/extension\/vocesenelfenix\/central-electrica-escuela-en-la-universidad-nacional-del-comahue-generacion-de-energia-electrica-a-partir-de-fuentes-de-energia-renovables-reduccion-de-emisiones-y-mejora-en-la-formacion-de-profesio\/\" rel=\"bookmark\" class=\"bm-read-more entry-read-more\">M\u00e1s \u00bb<\/a><div>            <\/div>\n        <\/div>\n    <\/article>\n    <article id=\"post-19757\" class=\"item bm_layout post-19757 post type-post status-publish format-standard has-post-thumbnail hentry category-n-10 tag-ambiente tag-angela-ines-cadena tag-energia tag-monica-espinosa tag-ricardo-delgado tag-tecnologia\">\n\t\t<div class=\"bm-blog-post-image entry-post-image\">\n\t\t\t<div class=\"bm-post-image clearfix bm-hover-effect bm-hover-effect-blur\">\n\t\t\t\t<img loading=\"lazy\" decoding=\"async\" width=\"640\" height=\"417\" src=\"https:\/\/www.economicas.uba.ar\/extension\/vocesenelfenix\/wp-content\/uploads\/1009Cadena.jpg\" class=\"attachment-large size-large wp-post-image\" alt=\"\" srcset=\"https:\/\/www.economicas.uba.ar\/extension\/vocesenelfenix\/wp-content\/uploads\/1009Cadena.jpg 1080w, https:\/\/www.economicas.uba.ar\/extension\/vocesenelfenix\/wp-content\/uploads\/1009Cadena-300x196.jpg 300w, https:\/\/www.economicas.uba.ar\/extension\/vocesenelfenix\/wp-content\/uploads\/1009Cadena-768x501.jpg 768w\" sizes=\"(max-width: 640px) 100vw, 640px\" \/>\t\t\t<\/div>\n\t\t<\/div>\n        <div class=\"bm-blog-post-content bm_content_box\">\n            <h4 class=\"entry-post-title bm_title\"><a href=\"https:\/\/www.economicas.uba.ar\/extension\/vocesenelfenix\/prospectiva-tecnologica-en-que-y-como-puede-afectar-la-demanda-mundial-de-energia\/\" rel=\"bookmark\">Prospectiva tecnol\u00f3gica: \u00bfen qu\u00e9 y c\u00f3mo puede afectar la demanda mundial de energ\u00eda?<\/a><\/h4>            <div class=\"bm-blog-post-meta entry-post-meta bm_meta\">\n                            <\/div>\n            <div class=\"entry-post-content bm_content\">\n                | Por \u00c1ngela In\u00e9s Cadena, Ricardo Delgado y M\u00f3nica Espinosa | A lo largo de la historia la energ\u00eda y la tecnolog\u00eda han ido de la mano. \u00bfQu\u00e9 desarrollos son <div><a href=\"https:\/\/www.economicas.uba.ar\/extension\/vocesenelfenix\/prospectiva-tecnologica-en-que-y-como-puede-afectar-la-demanda-mundial-de-energia\/\" rel=\"bookmark\" class=\"bm-read-more entry-read-more\">M\u00e1s \u00bb<\/a><div>            <\/div>\n        <\/div>\n    <\/article>\n    <article id=\"post-19767\" class=\"item bm_layout post-19767 post type-post status-publish format-standard has-post-thumbnail hentry category-n-10 tag-alfonso-jose-mateo-ruiz tag-costos-de-capital tag-energia tag-generacion-electrica tag-industria\">\n\t\t<div class=\"bm-blog-post-image entry-post-image\">\n\t\t\t<div class=\"bm-post-image clearfix bm-hover-effect bm-hover-effect-blur\">\n\t\t\t\t<img loading=\"lazy\" decoding=\"async\" width=\"640\" height=\"463\" src=\"https:\/\/www.economicas.uba.ar\/extension\/vocesenelfenix\/wp-content\/uploads\/1010Ruiz2.jpg\" class=\"attachment-large size-large wp-post-image\" alt=\"\" srcset=\"https:\/\/www.economicas.uba.ar\/extension\/vocesenelfenix\/wp-content\/uploads\/1010Ruiz2.jpg 1080w, https:\/\/www.economicas.uba.ar\/extension\/vocesenelfenix\/wp-content\/uploads\/1010Ruiz2-300x217.jpg 300w, https:\/\/www.economicas.uba.ar\/extension\/vocesenelfenix\/wp-content\/uploads\/1010Ruiz2-768x555.jpg 768w, https:\/\/www.economicas.uba.ar\/extension\/vocesenelfenix\/wp-content\/uploads\/1010Ruiz2-183x132.jpg 183w\" sizes=\"(max-width: 640px) 100vw, 640px\" \/>\t\t\t<\/div>\n\t\t<\/div>\n        <div class=\"bm-blog-post-content bm_content_box\">\n            <h4 class=\"entry-post-title bm_title\"><a href=\"https:\/\/www.economicas.uba.ar\/extension\/vocesenelfenix\/el-costo-de-capital-en-la-industria-de-la-generacion-electrica\/\" rel=\"bookmark\">El costo de capital en la industria de la generaci\u00f3n el\u00e9ctrica<\/a><\/h4>            <div class=\"bm-blog-post-meta entry-post-meta bm_meta\">\n                            <\/div>\n            <div class=\"entry-post-content bm_content\">\n                | Por Alfonso Jos\u00e9 Mateo Ruiz | El costo de capital es s\u00f3lo uno de los componentes del costo de generaci\u00f3n el\u00e9ctrica. \u00bfC\u00f3mo se calcula? \u00bfQu\u00e9 elementos toma en cuenta? <div><a href=\"https:\/\/www.economicas.uba.ar\/extension\/vocesenelfenix\/el-costo-de-capital-en-la-industria-de-la-generacion-electrica\/\" rel=\"bookmark\" class=\"bm-read-more entry-read-more\">M\u00e1s \u00bb<\/a><div>            <\/div>\n        <\/div>\n    <\/article>\n    <article id=\"post-19780\" class=\"item bm_layout post-19780 post type-post status-publish format-standard has-post-thumbnail hentry category-n-10 tag-america-latina tag-costos-de-capital tag-energia tag-generacion-de-energia tag-mercados tag-sergio-botero-botero\">\n\t\t<div class=\"bm-blog-post-image entry-post-image\">\n\t\t\t<div class=\"bm-post-image clearfix bm-hover-effect bm-hover-effect-blur\">\n\t\t\t\t<img loading=\"lazy\" decoding=\"async\" width=\"640\" height=\"433\" src=\"https:\/\/www.economicas.uba.ar\/extension\/vocesenelfenix\/wp-content\/uploads\/1011Botero.jpg\" class=\"attachment-large size-large wp-post-image\" alt=\"\" srcset=\"https:\/\/www.economicas.uba.ar\/extension\/vocesenelfenix\/wp-content\/uploads\/1011Botero.jpg 1080w, https:\/\/www.economicas.uba.ar\/extension\/vocesenelfenix\/wp-content\/uploads\/1011Botero-300x203.jpg 300w, https:\/\/www.economicas.uba.ar\/extension\/vocesenelfenix\/wp-content\/uploads\/1011Botero-768x520.jpg 768w\" sizes=\"(max-width: 640px) 100vw, 640px\" \/>\t\t\t<\/div>\n\t\t<\/div>\n        <div class=\"bm-blog-post-content bm_content_box\">\n            <h4 class=\"entry-post-title bm_title\"><a href=\"https:\/\/www.economicas.uba.ar\/extension\/vocesenelfenix\/analisis-de-los-costos-de-capital-o-inversion-en-la-generacion-de-energia-y-su-impacto-en-los-mercados-electricos-de-america-latina\/\" rel=\"bookmark\">An\u00e1lisis de los costos de capital (o inversi\u00f3n) en la generaci\u00f3n de energ\u00eda y su impacto en los mercados el\u00e9ctricos de Am\u00e9rica latina<\/a><\/h4>            <div class=\"bm-blog-post-meta entry-post-meta bm_meta\">\n                            <\/div>\n            <div class=\"entry-post-content bm_content\">\n                | Por Sergio Botero Botero | Tras la desregulaci\u00f3n de los a\u00f1os \u201990 en Am\u00e9rica latina, los mercados de generaci\u00f3n el\u00e9ctrica tendieron a la concentraci\u00f3n. El rol del Estado como <div><a href=\"https:\/\/www.economicas.uba.ar\/extension\/vocesenelfenix\/analisis-de-los-costos-de-capital-o-inversion-en-la-generacion-de-energia-y-su-impacto-en-los-mercados-electricos-de-america-latina\/\" rel=\"bookmark\" class=\"bm-read-more entry-read-more\">M\u00e1s \u00bb<\/a><div>            <\/div>\n        <\/div>\n    <\/article>\n    <article id=\"post-19793\" class=\"item bm_layout post-19793 post type-post status-publish format-standard has-post-thumbnail hentry category-n-10 tag-brasil tag-desarrollo-sustentable tag-energia tag-energia-sustentable tag-industria tag-jodival-mauricio-da-costa\">\n\t\t<div class=\"bm-blog-post-image entry-post-image\">\n\t\t\t<div class=\"bm-post-image clearfix bm-hover-effect bm-hover-effect-blur\">\n\t\t\t\t<img loading=\"lazy\" decoding=\"async\" width=\"640\" height=\"479\" src=\"https:\/\/www.economicas.uba.ar\/extension\/vocesenelfenix\/wp-content\/uploads\/1012da-Costa.jpg\" class=\"attachment-large size-large wp-post-image\" alt=\"\" srcset=\"https:\/\/www.economicas.uba.ar\/extension\/vocesenelfenix\/wp-content\/uploads\/1012da-Costa.jpg 1080w, https:\/\/www.economicas.uba.ar\/extension\/vocesenelfenix\/wp-content\/uploads\/1012da-Costa-300x224.jpg 300w, https:\/\/www.economicas.uba.ar\/extension\/vocesenelfenix\/wp-content\/uploads\/1012da-Costa-768x575.jpg 768w\" sizes=\"(max-width: 640px) 100vw, 640px\" \/>\t\t\t<\/div>\n\t\t<\/div>\n        <div class=\"bm-blog-post-content bm_content_box\">\n            <h4 class=\"entry-post-title bm_title\"><a href=\"https:\/\/www.economicas.uba.ar\/extension\/vocesenelfenix\/de-que-energia-sustentable-estan-hablando-eucalipto-y-produccion-de-carbon-vegetal-en-carajas-amazonia-brasil\/\" rel=\"bookmark\">\u00bfDe qu\u00e9 energ\u00eda sustentable est\u00e1n hablando? Eucalipto y producci\u00f3n de carb\u00f3n vegetal en Caraj\u00e1s, Amazonia, Brasil<\/a><\/h4>            <div class=\"bm-blog-post-meta entry-post-meta bm_meta\">\n                            <\/div>\n            <div class=\"entry-post-content bm_content\">\n                | Por Jodival Mauricio da Costa | La industria es uno de los principales sectores demandantes de energ\u00eda. La atenci\u00f3n a esta demanda puede tener diversos impactos en el medio <div><a href=\"https:\/\/www.economicas.uba.ar\/extension\/vocesenelfenix\/de-que-energia-sustentable-estan-hablando-eucalipto-y-produccion-de-carbon-vegetal-en-carajas-amazonia-brasil\/\" rel=\"bookmark\" class=\"bm-read-more entry-read-more\">M\u00e1s \u00bb<\/a><div>            <\/div>\n        <\/div>\n    <\/article>\n    <article id=\"post-19799\" class=\"item bm_layout post-19799 post type-post status-publish format-standard has-post-thumbnail hentry category-n-10 tag-america-latina tag-cambio-climatico tag-desarrollo tag-energia tag-leonidas-osvaldo-girardin-2 tag-paises-desarrollados tag-paises-en-desarrollo\">\n\t\t<div class=\"bm-blog-post-image entry-post-image\">\n\t\t\t<div class=\"bm-post-image clearfix bm-hover-effect bm-hover-effect-blur\">\n\t\t\t\t<img loading=\"lazy\" decoding=\"async\" width=\"640\" height=\"433\" src=\"https:\/\/www.economicas.uba.ar\/extension\/vocesenelfenix\/wp-content\/uploads\/1013Girardin.jpg\" class=\"attachment-large size-large wp-post-image\" alt=\"\" srcset=\"https:\/\/www.economicas.uba.ar\/extension\/vocesenelfenix\/wp-content\/uploads\/1013Girardin.jpg 1080w, https:\/\/www.economicas.uba.ar\/extension\/vocesenelfenix\/wp-content\/uploads\/1013Girardin-300x203.jpg 300w, https:\/\/www.economicas.uba.ar\/extension\/vocesenelfenix\/wp-content\/uploads\/1013Girardin-768x520.jpg 768w\" sizes=\"(max-width: 640px) 100vw, 640px\" \/>\t\t\t<\/div>\n\t\t<\/div>\n        <div class=\"bm-blog-post-content bm_content_box\">\n            <h4 class=\"entry-post-title bm_title\"><a href=\"https:\/\/www.economicas.uba.ar\/extension\/vocesenelfenix\/el-mecanismo-para-un-desarrollo-limpio-en-america-latina\/\" rel=\"bookmark\">El mecanismo para un desarrollo limpio en Am\u00e9rica latina<\/a><\/h4>            <div class=\"bm-blog-post-meta entry-post-meta bm_meta\">\n                            <\/div>\n            <div class=\"entry-post-content bm_content\">\n                | Por Leonidas Osvaldo Girardin | El cambio clim\u00e1tico es una realidad contundente que afecta de manera diferencial a los pa\u00edses desarrollados y a los en desarrollo. Es urgente encontrar <div><a href=\"https:\/\/www.economicas.uba.ar\/extension\/vocesenelfenix\/el-mecanismo-para-un-desarrollo-limpio-en-america-latina\/\" rel=\"bookmark\" class=\"bm-read-more entry-read-more\">M\u00e1s \u00bb<\/a><div>            <\/div>\n        <\/div>\n    <\/article>\n    <article id=\"post-19805\" class=\"item bm_layout post-19805 post type-post status-publish format-standard has-post-thumbnail hentry category-n-10 tag-bonos-de-carbono tag-carlos-a-guerrero-fajardo tag-colombia tag-contaminacion tag-eficiencia-energetica tag-energia tag-fabio-e-sierra-vargas\">\n\t\t<div class=\"bm-blog-post-image entry-post-image\">\n\t\t\t<div class=\"bm-post-image clearfix bm-hover-effect bm-hover-effect-blur\">\n\t\t\t\t<img loading=\"lazy\" decoding=\"async\" width=\"640\" height=\"329\" src=\"https:\/\/www.economicas.uba.ar\/extension\/vocesenelfenix\/wp-content\/uploads\/1014Vargas.jpg\" class=\"attachment-large size-large wp-post-image\" alt=\"\" srcset=\"https:\/\/www.economicas.uba.ar\/extension\/vocesenelfenix\/wp-content\/uploads\/1014Vargas.jpg 1080w, https:\/\/www.economicas.uba.ar\/extension\/vocesenelfenix\/wp-content\/uploads\/1014Vargas-300x154.jpg 300w, https:\/\/www.economicas.uba.ar\/extension\/vocesenelfenix\/wp-content\/uploads\/1014Vargas-768x395.jpg 768w\" sizes=\"(max-width: 640px) 100vw, 640px\" \/>\t\t\t<\/div>\n\t\t<\/div>\n        <div class=\"bm-blog-post-content bm_content_box\">\n            <h4 class=\"entry-post-title bm_title\"><a href=\"https:\/\/www.economicas.uba.ar\/extension\/vocesenelfenix\/bonos-de-carbono-y-programa-de-eficiencia-energetica-en-colombia\/\" rel=\"bookmark\">Bonos de carbono y programa de eficiencia energ\u00e9tica en Colombia<\/a><\/h4>            <div class=\"bm-blog-post-meta entry-post-meta bm_meta\">\n                            <\/div>\n            <div class=\"entry-post-content bm_content\">\n                | Por Fabio E. Sierra Vargas y Carlos A. Guerrero Fajardo | Ante los elevados niveles de contaminaci\u00f3n por el uso de combustibles f\u00f3siles, Colombia desarroll\u00f3 un programa de uso <div><a href=\"https:\/\/www.economicas.uba.ar\/extension\/vocesenelfenix\/bonos-de-carbono-y-programa-de-eficiencia-energetica-en-colombia\/\" rel=\"bookmark\" class=\"bm-read-more entry-read-more\">M\u00e1s \u00bb<\/a><div>            <\/div>\n        <\/div>\n    <\/article>\n    <article id=\"post-19825\" class=\"item bm_layout post-19825 post type-post status-publish format-standard has-post-thumbnail hentry category-n-10 tag-carlos-garibotti tag-ciudades tag-energia tag-inclusion-social tag-sostenibilidad tag-uso-energetico-eficiente\">\n\t\t<div class=\"bm-blog-post-image entry-post-image\">\n\t\t\t<div class=\"bm-post-image clearfix bm-hover-effect bm-hover-effect-blur\">\n\t\t\t\t<img loading=\"lazy\" decoding=\"async\" width=\"640\" height=\"430\" src=\"https:\/\/www.economicas.uba.ar\/extension\/vocesenelfenix\/wp-content\/uploads\/1015Garibotti.jpg\" class=\"attachment-large size-large wp-post-image\" alt=\"\" srcset=\"https:\/\/www.economicas.uba.ar\/extension\/vocesenelfenix\/wp-content\/uploads\/1015Garibotti.jpg 1080w, https:\/\/www.economicas.uba.ar\/extension\/vocesenelfenix\/wp-content\/uploads\/1015Garibotti-300x201.jpg 300w, https:\/\/www.economicas.uba.ar\/extension\/vocesenelfenix\/wp-content\/uploads\/1015Garibotti-768x516.jpg 768w\" sizes=\"(max-width: 640px) 100vw, 640px\" \/>\t\t\t<\/div>\n\t\t<\/div>\n        <div class=\"bm-blog-post-content bm_content_box\">\n            <h4 class=\"entry-post-title bm_title\"><a href=\"https:\/\/www.economicas.uba.ar\/extension\/vocesenelfenix\/sostenibilidad-y-energia-en-ambientes-urbanos\/\" rel=\"bookmark\">Sostenibilidad y energ\u00eda en ambientes urbanos<\/a><\/h4>            <div class=\"bm-blog-post-meta entry-post-meta bm_meta\">\n                            <\/div>\n            <div class=\"entry-post-content bm_content\">\n                | Por Carlos Garibotti | M\u00e1s de la mitad de la poblaci\u00f3n mundial vive en ciudades, y dos tercios de la energ\u00eda que se produce se consumen en ellas. \u00bfQu\u00e9 <div><a href=\"https:\/\/www.economicas.uba.ar\/extension\/vocesenelfenix\/sostenibilidad-y-energia-en-ambientes-urbanos\/\" rel=\"bookmark\" class=\"bm-read-more entry-read-more\">M\u00e1s \u00bb<\/a><div>            <\/div>\n        <\/div>\n    <\/article>\n    <article id=\"post-19832\" class=\"item bm_layout post-19832 post type-post status-publish format-standard has-post-thumbnail hentry category-n-10 tag-america-latina tag-energia tag-estado tag-medio-ambiente tag-pobreza tag-roberto-kozulj\">\n\t\t<div class=\"bm-blog-post-image entry-post-image\">\n\t\t\t<div class=\"bm-post-image clearfix bm-hover-effect bm-hover-effect-blur\">\n\t\t\t\t<img loading=\"lazy\" decoding=\"async\" width=\"640\" height=\"432\" src=\"https:\/\/www.economicas.uba.ar\/extension\/vocesenelfenix\/wp-content\/uploads\/1016Kozulj.jpg\" class=\"attachment-large size-large wp-post-image\" alt=\"\" srcset=\"https:\/\/www.economicas.uba.ar\/extension\/vocesenelfenix\/wp-content\/uploads\/1016Kozulj.jpg 1142w, https:\/\/www.economicas.uba.ar\/extension\/vocesenelfenix\/wp-content\/uploads\/1016Kozulj-300x202.jpg 300w, https:\/\/www.economicas.uba.ar\/extension\/vocesenelfenix\/wp-content\/uploads\/1016Kozulj-768x518.jpg 768w\" sizes=\"(max-width: 640px) 100vw, 640px\" \/>\t\t\t<\/div>\n\t\t<\/div>\n        <div class=\"bm-blog-post-content bm_content_box\">\n            <h4 class=\"entry-post-title bm_title\"><a href=\"https:\/\/www.economicas.uba.ar\/extension\/vocesenelfenix\/energia-y-pobreza-un-analisis-de-nexos-complejos\/\" rel=\"bookmark\">Energ\u00eda y pobreza: un an\u00e1lisis de nexos complejos<\/a><\/h4>            <div class=\"bm-blog-post-meta entry-post-meta bm_meta\">\n                            <\/div>\n            <div class=\"entry-post-content bm_content\">\n                | Por Roberto Kozulj | Hoy nadie discute la relaci\u00f3n entre energ\u00eda, pobreza y medio ambiente. En Am\u00e9rica latina es indispensable incluir de modo expl\u00edcito esta problem\u00e1tica en la planificaci\u00f3n <div><a href=\"https:\/\/www.economicas.uba.ar\/extension\/vocesenelfenix\/energia-y-pobreza-un-analisis-de-nexos-complejos\/\" rel=\"bookmark\" class=\"bm-read-more entry-read-more\">M\u00e1s \u00bb<\/a><div>            <\/div>\n        <\/div>\n    <\/article>\n\t\t\t\t<\/div><\/div>\n\t\t\t\t\t\t\t\t<\/div>\n\t\t\t\t<\/div>\n\t\t\t\t\t<\/div>\n\t\t<\/div>\n\t\t\t\t\t<\/div>\n\t\t<\/section>\n\t\t\t\t<section class=\"elementor-section elementor-top-section elementor-element elementor-element-45879df elementor-section-boxed elementor-section-height-default elementor-section-height-default\" data-id=\"45879df\" data-element_type=\"section\" data-e-type=\"section\" data-settings=\"{&quot;background_background&quot;:&quot;classic&quot;}\">\n\t\t\t\t\t\t<div class=\"elementor-container elementor-column-gap-default\">\n\t\t\t\t\t<div class=\"elementor-column elementor-col-100 elementor-top-column elementor-element elementor-element-62cb55a\" data-id=\"62cb55a\" data-element_type=\"column\" data-e-type=\"column\">\n\t\t\t<div class=\"elementor-widget-wrap\">\n\t\t\t\t\t\t\t<\/div>\n\t\t<\/div>\n\t\t\t\t\t<\/div>\n\t\t<\/section>\n\t\t\t\t<\/div>\n\t\t","protected":false},"excerpt":{"rendered":"<p>N\u00daMERO 10 ULTIM\u00c1TUM A LA TIERRA ENERG\u00cdA LAS RESERVAS DE HIDROCARBUROS A NIVEL MUNDIAL TIENEN UN HORIZONTE DE AGOTAMIENTO. LA CONTAMINACI\u00d3N Y LOS GASES DE EFECTO INVERNADERO VUELVEN CADA VEZ<\/p>\n","protected":false},"author":5,"featured_media":0,"parent":0,"menu_order":0,"comment_status":"closed","ping_status":"closed","template":"","meta":{"footnotes":""},"class_list":["post-19668","page","type-page","status-publish","hentry"],"_links":{"self":[{"href":"https:\/\/www.economicas.uba.ar\/extension\/vocesenelfenix\/wp-json\/wp\/v2\/pages\/19668","targetHints":{"allow":["GET"]}}],"collection":[{"href":"https:\/\/www.economicas.uba.ar\/extension\/vocesenelfenix\/wp-json\/wp\/v2\/pages"}],"about":[{"href":"https:\/\/www.economicas.uba.ar\/extension\/vocesenelfenix\/wp-json\/wp\/v2\/types\/page"}],"author":[{"embeddable":true,"href":"https:\/\/www.economicas.uba.ar\/extension\/vocesenelfenix\/wp-json\/wp\/v2\/users\/5"}],"replies":[{"embeddable":true,"href":"https:\/\/www.economicas.uba.ar\/extension\/vocesenelfenix\/wp-json\/wp\/v2\/comments?post=19668"}],"version-history":[{"count":7,"href":"https:\/\/www.economicas.uba.ar\/extension\/vocesenelfenix\/wp-json\/wp\/v2\/pages\/19668\/revisions"}],"predecessor-version":[{"id":19681,"href":"https:\/\/www.economicas.uba.ar\/extension\/vocesenelfenix\/wp-json\/wp\/v2\/pages\/19668\/revisions\/19681"}],"wp:attachment":[{"href":"https:\/\/www.economicas.uba.ar\/extension\/vocesenelfenix\/wp-json\/wp\/v2\/media?parent=19668"}],"curies":[{"name":"wp","href":"https:\/\/api.w.org\/{rel}","templated":true}]}}