{"id":20000,"date":"2011-08-01T00:01:00","date_gmt":"2011-08-01T03:01:00","guid":{"rendered":"https:\/\/www.economicas.uba.ar\/extension\/vocesenelfenix\/?page_id=20000"},"modified":"2023-02-07T10:50:13","modified_gmt":"2023-02-07T13:50:13","slug":"numero-8","status":"publish","type":"page","link":"https:\/\/www.economicas.uba.ar\/extension\/vocesenelfenix\/numero-8\/","title":{"rendered":"N\u00famero 8"},"content":{"rendered":"\t\t<div data-elementor-type=\"wp-page\" data-elementor-id=\"20000\" class=\"elementor elementor-20000\" data-elementor-post-type=\"page\">\n\t\t\t\t\t\t<section class=\"elementor-section elementor-top-section elementor-element elementor-element-874763b elementor-section-boxed elementor-section-height-default elementor-section-height-default\" data-id=\"874763b\" data-element_type=\"section\" data-e-type=\"section\" data-settings=\"{&quot;background_background&quot;:&quot;classic&quot;}\">\n\t\t\t\t\t\t<div class=\"elementor-container elementor-column-gap-default\">\n\t\t\t\t\t<div class=\"elementor-column elementor-col-33 elementor-top-column elementor-element elementor-element-7664bae\" data-id=\"7664bae\" data-element_type=\"column\" data-e-type=\"column\">\n\t\t\t<div class=\"elementor-widget-wrap elementor-element-populated\">\n\t\t\t\t\t\t<div class=\"elementor-element elementor-element-ae0d88b elementor-widget elementor-widget-image\" data-id=\"ae0d88b\" data-element_type=\"widget\" data-e-type=\"widget\" data-widget_type=\"image.default\">\n\t\t\t\t<div class=\"elementor-widget-container\">\n\t\t\t\t\t\t\t\t\t\t\t\t\t\t\t\t<a href=\"https:\/\/drive.google.com\/file\/d\/1OZCUI5tD92XxE0X7Ei2pXniGCI3jaome\/view\" target=\"_blank\">\n\t\t\t\t\t\t\t<img fetchpriority=\"high\" decoding=\"async\" width=\"193\" height=\"268\" src=\"https:\/\/www.economicas.uba.ar\/extension\/vocesenelfenix\/wp-content\/uploads\/tapa08.jpg\" class=\"attachment-large size-large wp-image-1876\" alt=\"\" \/>\t\t\t\t\t\t\t\t<\/a>\n\t\t\t\t\t\t\t\t\t\t\t\t\t\t\t<\/div>\n\t\t\t\t<\/div>\n\t\t\t\t\t<\/div>\n\t\t<\/div>\n\t\t\t\t<div class=\"elementor-column elementor-col-66 elementor-top-column elementor-element elementor-element-2e24b1e\" data-id=\"2e24b1e\" data-element_type=\"column\" data-e-type=\"column\">\n\t\t\t<div class=\"elementor-widget-wrap elementor-element-populated\">\n\t\t\t\t\t\t<div class=\"elementor-element elementor-element-e2563ac elementor-widget elementor-widget-text-editor\" data-id=\"e2563ac\" data-element_type=\"widget\" data-e-type=\"widget\" data-widget_type=\"text-editor.default\">\n\t\t\t\t<div class=\"elementor-widget-container\">\n\t\t\t\t\t\t\t\t\t<h5>N\u00daMERO 8<\/h5><h3>D\u00cdA DE LA INDEPENDENCIA<\/h3><h6>CIENCIA Y TECNOLOG\u00cdA<\/h6><p><br \/>LOS AVANCES EN CIENCIA Y TECNOLOG\u00cdA APLICADOS A LA SOLUCI\u00d3N DE PROBLEMAS CONCRETOS DE LA POBLACI\u00d3N SON UNA HERRAMIENTA FUNDAMENTAL PARA INCLUIR A LOS SECTORES MARGINADOS Y SENTAR LAS BASES DE UN DESARROLLO AUT\u00d3NOMO PARA EL PA\u00cdS Y LA REGI\u00d3N.<\/p>\t\t\t\t\t\t\t\t<\/div>\n\t\t\t\t<\/div>\n\t\t\t\t<div class=\"elementor-element elementor-element-d24e4c3 elementor-widget elementor-widget-button\" data-id=\"d24e4c3\" data-element_type=\"widget\" data-e-type=\"widget\" data-widget_type=\"button.default\">\n\t\t\t\t<div class=\"elementor-widget-container\">\n\t\t\t\t\t\t\t\t\t<div class=\"elementor-button-wrapper\">\n\t\t\t\t\t<a class=\"elementor-button elementor-button-link elementor-size-xs\" href=\"https:\/\/drive.google.com\/file\/d\/1OZCUI5tD92XxE0X7Ei2pXniGCI3jaome\/view\" target=\"_blank\">\n\t\t\t\t\t\t<span class=\"elementor-button-content-wrapper\">\n\t\t\t\t\t\t\t\t\t<span class=\"elementor-button-text\">Descarg\u00e1 el PDF<\/span>\n\t\t\t\t\t<\/span>\n\t\t\t\t\t<\/a>\n\t\t\t\t<\/div>\n\t\t\t\t\t\t\t\t<\/div>\n\t\t\t\t<\/div>\n\t\t\t\t\t<\/div>\n\t\t<\/div>\n\t\t\t\t\t<\/div>\n\t\t<\/section>\n\t\t\t\t<section class=\"elementor-section elementor-top-section elementor-element elementor-element-9ea5ed2 elementor-section-boxed elementor-section-height-default elementor-section-height-default\" data-id=\"9ea5ed2\" data-element_type=\"section\" data-e-type=\"section\">\n\t\t\t\t\t\t<div class=\"elementor-container elementor-column-gap-default\">\n\t\t\t\t\t<div class=\"elementor-column elementor-col-100 elementor-top-column elementor-element elementor-element-b25315e\" data-id=\"b25315e\" data-element_type=\"column\" data-e-type=\"column\">\n\t\t\t<div class=\"elementor-widget-wrap elementor-element-populated\">\n\t\t\t\t\t\t<div class=\"elementor-element elementor-element-1b84d66 elementor-grid-3 elementor-grid-tablet-2 elementor-grid-mobile-1 elementor-posts--align-left elementor-widget elementor-widget-blogmentor_blog_posts\" data-id=\"1b84d66\" data-element_type=\"widget\" data-e-type=\"widget\" data-settings=\"{&quot;bm_grid_columns&quot;:&quot;3&quot;,&quot;bm_grid_columns_tablet&quot;:&quot;2&quot;,&quot;bm_grid_columns_mobile&quot;:&quot;1&quot;,&quot;post_card_grid_gap&quot;:{&quot;unit&quot;:&quot;px&quot;,&quot;size&quot;:10,&quot;sizes&quot;:[]},&quot;post_card_row_gap&quot;:{&quot;unit&quot;:&quot;px&quot;,&quot;size&quot;:35,&quot;sizes&quot;:[]}}\" data-widget_type=\"blogmentor_blog_posts.default\">\n\t\t\t\t<div class=\"elementor-widget-container\">\n\t\t\t\t\t\t\t\n\t\t\t\t\t\t\t\t<div class=\"bm-blog-posts-wrapper\" >\n\t\t\t\t\t\t\t<div class=\"bm-blog-posts bm-display-grid elementor-grid elementor-grid-3\" >\n\t\t\t\t    <article id=\"post-20048\" class=\"item bm_layout post-20048 post type-post status-publish format-standard has-post-thumbnail hentry category-n-8 tag-abraham-leonardo-gak tag-argentina tag-ciencia-y-tecnologia tag-editorial\">\n\t\t<div class=\"bm-blog-post-image entry-post-image\">\n\t\t\t<div class=\"bm-post-image clearfix bm-hover-effect bm-hover-effect-blur\">\n\t\t\t\t<img decoding=\"async\" width=\"640\" height=\"438\" src=\"https:\/\/www.economicas.uba.ar\/extension\/vocesenelfenix\/wp-content\/uploads\/0800-Editorial.jpg\" class=\"attachment-large size-large wp-post-image\" alt=\"\" srcset=\"https:\/\/www.economicas.uba.ar\/extension\/vocesenelfenix\/wp-content\/uploads\/0800-Editorial.jpg 1080w, https:\/\/www.economicas.uba.ar\/extension\/vocesenelfenix\/wp-content\/uploads\/0800-Editorial-300x205.jpg 300w, https:\/\/www.economicas.uba.ar\/extension\/vocesenelfenix\/wp-content\/uploads\/0800-Editorial-768x526.jpg 768w\" sizes=\"(max-width: 640px) 100vw, 640px\" \/>\t\t\t<\/div>\n\t\t<\/div>\n        <div class=\"bm-blog-post-content bm_content_box\">\n            <h4 class=\"entry-post-title bm_title\"><a href=\"https:\/\/www.economicas.uba.ar\/extension\/vocesenelfenix\/editorial-un-futuro-para-la-argentina\/\" rel=\"bookmark\">Editorial: Un futuro para la Argentina<\/a><\/h4>            <div class=\"bm-blog-post-meta entry-post-meta bm_meta\">\n                            <\/div>\n            <div class=\"entry-post-content bm_content\">\n                | Por Abraham Leonardo Gak |            <\/div>\n        <\/div>\n    <\/article>\n    <article id=\"post-20057\" class=\"item bm_layout post-20057 post type-post status-publish format-standard has-post-thumbnail hentry category-n-8 tag-ciencia-y-tecnologia tag-criterios-de-evaluacion tag-cts tag-democratizacion-del-conocimiento tag-pensamiento-latinoamericano tag-sara-rietti\">\n\t\t<div class=\"bm-blog-post-image entry-post-image\">\n\t\t\t<div class=\"bm-post-image clearfix bm-hover-effect bm-hover-effect-blur\">\n\t\t\t\t<img decoding=\"async\" width=\"640\" height=\"433\" src=\"https:\/\/www.economicas.uba.ar\/extension\/vocesenelfenix\/wp-content\/uploads\/0801Rietti.jpg\" class=\"attachment-large size-large wp-post-image\" alt=\"\" srcset=\"https:\/\/www.economicas.uba.ar\/extension\/vocesenelfenix\/wp-content\/uploads\/0801Rietti.jpg 1080w, https:\/\/www.economicas.uba.ar\/extension\/vocesenelfenix\/wp-content\/uploads\/0801Rietti-300x203.jpg 300w, https:\/\/www.economicas.uba.ar\/extension\/vocesenelfenix\/wp-content\/uploads\/0801Rietti-768x519.jpg 768w\" sizes=\"(max-width: 640px) 100vw, 640px\" \/>\t\t\t<\/div>\n\t\t<\/div>\n        <div class=\"bm-blog-post-content bm_content_box\">\n            <h4 class=\"entry-post-title bm_title\"><a href=\"https:\/\/www.economicas.uba.ar\/extension\/vocesenelfenix\/vigencia-del-pensamiento-latinoamericano-en-el-campo-cts-la-produccion-cientifica-tecnologica-y-los-criterios-para-su-evaluacion\/\" rel=\"bookmark\">Vigencia del pensamiento latinoamericano en el campo CTS: La producci\u00f3n cient\u00edfica-tecnol\u00f3gica y los criterios para su evaluaci\u00f3n<\/a><\/h4>            <div class=\"bm-blog-post-meta entry-post-meta bm_meta\">\n                            <\/div>\n            <div class=\"entry-post-content bm_content\">\n                | Por Sara Rietti | Para poder hablar de la democratizaci\u00f3n del conocimiento, el saber cient\u00edfico tiene que integrarse a la sociedad que lo rodea. Es hora de retomar lo <div><a href=\"https:\/\/www.economicas.uba.ar\/extension\/vocesenelfenix\/vigencia-del-pensamiento-latinoamericano-en-el-campo-cts-la-produccion-cientifica-tecnologica-y-los-criterios-para-su-evaluacion\/\" rel=\"bookmark\" class=\"bm-read-more entry-read-more\">M\u00e1s \u00bb<\/a><div>            <\/div>\n        <\/div>\n    <\/article>\n    <article id=\"post-20063\" class=\"item bm_layout post-20063 post type-post status-publish format-standard has-post-thumbnail hentry category-n-8 tag-alicia-massarini tag-cambio-social tag-ciencia-y-tecnologia tag-cts tag-democratizacion-del-conocimiento tag-escuelas-medias tag-universidad\">\n\t\t<div class=\"bm-blog-post-image entry-post-image\">\n\t\t\t<div class=\"bm-post-image clearfix bm-hover-effect bm-hover-effect-blur\">\n\t\t\t\t<img loading=\"lazy\" decoding=\"async\" width=\"640\" height=\"445\" src=\"https:\/\/www.economicas.uba.ar\/extension\/vocesenelfenix\/wp-content\/uploads\/0802Massarini.jpg\" class=\"attachment-large size-large wp-post-image\" alt=\"\" srcset=\"https:\/\/www.economicas.uba.ar\/extension\/vocesenelfenix\/wp-content\/uploads\/0802Massarini.jpg 1080w, https:\/\/www.economicas.uba.ar\/extension\/vocesenelfenix\/wp-content\/uploads\/0802Massarini-300x209.jpg 300w, https:\/\/www.economicas.uba.ar\/extension\/vocesenelfenix\/wp-content\/uploads\/0802Massarini-768x534.jpg 768w\" sizes=\"(max-width: 640px) 100vw, 640px\" \/>\t\t\t<\/div>\n\t\t<\/div>\n        <div class=\"bm-blog-post-content bm_content_box\">\n            <h4 class=\"entry-post-title bm_title\"><a href=\"https:\/\/www.economicas.uba.ar\/extension\/vocesenelfenix\/el-enfoque-cts-para-la-ensenanza-de-las-ciencias-una-clave-para-la-democratizacion-del-conocimiento-cientifico-y-tecnologico\/\" rel=\"bookmark\">El enfoque CTS para la ense\u00f1anza de las ciencias: una clave para la democratizaci\u00f3n del conocimiento cient\u00edfico y tecnol\u00f3gico<\/a><\/h4>            <div class=\"bm-blog-post-meta entry-post-meta bm_meta\">\n                            <\/div>\n            <div class=\"entry-post-content bm_content\">\n                | Por Alicia Massarini | La universidad y las escuelas medias tienen un rol fundamental en el acceso de la sociedad al conocimiento cient\u00edfico-tecnol\u00f3gico, uno de los principales factores facilitadores <div><a href=\"https:\/\/www.economicas.uba.ar\/extension\/vocesenelfenix\/el-enfoque-cts-para-la-ensenanza-de-las-ciencias-una-clave-para-la-democratizacion-del-conocimiento-cientifico-y-tecnologico\/\" rel=\"bookmark\" class=\"bm-read-more entry-read-more\">M\u00e1s \u00bb<\/a><div>            <\/div>\n        <\/div>\n    <\/article>\n    <article id=\"post-20069\" class=\"item bm_layout post-20069 post type-post status-publish format-standard has-post-thumbnail hentry category-n-8 tag-cambio-social tag-ciencia-y-tecnologia tag-desarrollo tag-diego-hurtado tag-escuelas-medias tag-pensamiento-latinoamericano tag-universidad\">\n\t\t<div class=\"bm-blog-post-image entry-post-image\">\n\t\t\t<div class=\"bm-post-image clearfix bm-hover-effect bm-hover-effect-blur\">\n\t\t\t\t<img loading=\"lazy\" decoding=\"async\" width=\"640\" height=\"357\" src=\"https:\/\/www.economicas.uba.ar\/extension\/vocesenelfenix\/wp-content\/uploads\/0803Hurtado.jpg\" class=\"attachment-large size-large wp-post-image\" alt=\"\" srcset=\"https:\/\/www.economicas.uba.ar\/extension\/vocesenelfenix\/wp-content\/uploads\/0803Hurtado.jpg 1080w, https:\/\/www.economicas.uba.ar\/extension\/vocesenelfenix\/wp-content\/uploads\/0803Hurtado-300x168.jpg 300w, https:\/\/www.economicas.uba.ar\/extension\/vocesenelfenix\/wp-content\/uploads\/0803Hurtado-768x429.jpg 768w\" sizes=\"(max-width: 640px) 100vw, 640px\" \/>\t\t\t<\/div>\n\t\t<\/div>\n        <div class=\"bm-blog-post-content bm_content_box\">\n            <h4 class=\"entry-post-title bm_title\"><a href=\"https:\/\/www.economicas.uba.ar\/extension\/vocesenelfenix\/surgimiento-alienacion-y-retorno-el-pensamiento-latinoamericano-en-ciencia-tecnologia-y-desarrollo\/\" rel=\"bookmark\">Surgimiento, alienaci\u00f3n y retorno: el pensamiento latinoamericano en ciencia, tecnolog\u00eda y desarrollo<\/a><\/h4>            <div class=\"bm-blog-post-meta entry-post-meta bm_meta\">\n                            <\/div>\n            <div class=\"entry-post-content bm_content\">\n                | Por Diego Hurtado | El conocimiento cient\u00edfico-tecnol\u00f3gico constituye uno de los principales factores del cambio social. Para avanzar en este terreno es necesario que el conjunto de la sociedad <div><a href=\"https:\/\/www.economicas.uba.ar\/extension\/vocesenelfenix\/surgimiento-alienacion-y-retorno-el-pensamiento-latinoamericano-en-ciencia-tecnologia-y-desarrollo\/\" rel=\"bookmark\" class=\"bm-read-more entry-read-more\">M\u00e1s \u00bb<\/a><div>            <\/div>\n        <\/div>\n    <\/article>\n    <article id=\"post-20075\" class=\"item bm_layout post-20075 post type-post status-publish format-standard has-post-thumbnail hentry category-n-8 tag-brasil tag-ciencia-y-tecnologia tag-empresarios tag-pobreza tag-politica-de-ciencia-y-tecnologia tag-renato-dagnino\">\n\t\t<div class=\"bm-blog-post-image entry-post-image\">\n\t\t\t<div class=\"bm-post-image clearfix bm-hover-effect bm-hover-effect-blur\">\n\t\t\t\t<img loading=\"lazy\" decoding=\"async\" width=\"640\" height=\"390\" src=\"https:\/\/www.economicas.uba.ar\/extension\/vocesenelfenix\/wp-content\/uploads\/0804Dagnino.jpg\" class=\"attachment-large size-large wp-post-image\" alt=\"\" srcset=\"https:\/\/www.economicas.uba.ar\/extension\/vocesenelfenix\/wp-content\/uploads\/0804Dagnino.jpg 1579w, https:\/\/www.economicas.uba.ar\/extension\/vocesenelfenix\/wp-content\/uploads\/0804Dagnino-300x183.jpg 300w, https:\/\/www.economicas.uba.ar\/extension\/vocesenelfenix\/wp-content\/uploads\/0804Dagnino-768x468.jpg 768w, https:\/\/www.economicas.uba.ar\/extension\/vocesenelfenix\/wp-content\/uploads\/0804Dagnino-1536x936.jpg 1536w\" sizes=\"(max-width: 640px) 100vw, 640px\" \/>\t\t\t<\/div>\n\t\t<\/div>\n        <div class=\"bm-blog-post-content bm_content_box\">\n            <h4 class=\"entry-post-title bm_title\"><a href=\"https:\/\/www.economicas.uba.ar\/extension\/vocesenelfenix\/para-una-nueva-politica-de-ciencia-y-tecnologia-contribuciones-de-la-experiencia-brasilena\/\" rel=\"bookmark\">Para una nueva pol\u00edtica de ciencia y tecnolog\u00eda: contribuciones de la experiencia brasile\u00f1a<\/a><\/h4>            <div class=\"bm-blog-post-meta entry-post-meta bm_meta\">\n                            <\/div>\n            <div class=\"entry-post-content bm_content\">\n                | Por Renato Dagnino | Durante d\u00e9cadas, los empresarios brasile\u00f1os privilegiaron la importaci\u00f3n de tecnolog\u00eda y la adquisici\u00f3n de maquinaria a la I+D. Es tiempo de aprovechar nuestro potencial tecnocient\u00edfico <div><a href=\"https:\/\/www.economicas.uba.ar\/extension\/vocesenelfenix\/para-una-nueva-politica-de-ciencia-y-tecnologia-contribuciones-de-la-experiencia-brasilena\/\" rel=\"bookmark\" class=\"bm-read-more entry-read-more\">M\u00e1s \u00bb<\/a><div>            <\/div>\n        <\/div>\n    <\/article>\n    <article id=\"post-20082\" class=\"item bm_layout post-20082 post type-post status-publish format-standard has-post-thumbnail hentry category-n-8 tag-ariel-langer tag-ciencia-y-tecnologia tag-economia tag-independencia tag-produccion tag-universidad\">\n\t\t<div class=\"bm-blog-post-image entry-post-image\">\n\t\t\t<div class=\"bm-post-image clearfix bm-hover-effect bm-hover-effect-blur\">\n\t\t\t\t<img loading=\"lazy\" decoding=\"async\" width=\"640\" height=\"433\" src=\"https:\/\/www.economicas.uba.ar\/extension\/vocesenelfenix\/wp-content\/uploads\/0805Langer.jpg\" class=\"attachment-large size-large wp-post-image\" alt=\"\" srcset=\"https:\/\/www.economicas.uba.ar\/extension\/vocesenelfenix\/wp-content\/uploads\/0805Langer.jpg 1080w, https:\/\/www.economicas.uba.ar\/extension\/vocesenelfenix\/wp-content\/uploads\/0805Langer-300x203.jpg 300w, https:\/\/www.economicas.uba.ar\/extension\/vocesenelfenix\/wp-content\/uploads\/0805Langer-768x520.jpg 768w\" sizes=\"(max-width: 640px) 100vw, 640px\" \/>\t\t\t<\/div>\n\t\t<\/div>\n        <div class=\"bm-blog-post-content bm_content_box\">\n            <h4 class=\"entry-post-title bm_title\"><a href=\"https:\/\/www.economicas.uba.ar\/extension\/vocesenelfenix\/ciencia-universidad-y-economia-breves-comentarios-sobre-algunas-teorias-y-enfoques-recientes\/\" rel=\"bookmark\">Ciencia, Universidad y Econom\u00eda: Breves comentarios sobre algunas teor\u00edas y enfoques recientes<\/a><\/h4>            <div class=\"bm-blog-post-meta entry-post-meta bm_meta\">\n                            <\/div>\n            <div class=\"entry-post-content bm_content\">\n                | Por Ariel Langer | La educaci\u00f3n, la ciencia y la tecnolog\u00eda forman parte del coraz\u00f3n del sistema de producci\u00f3n global. Es hora de lograr un pensamiento cient\u00edfico creativo, original <div><a href=\"https:\/\/www.economicas.uba.ar\/extension\/vocesenelfenix\/ciencia-universidad-y-economia-breves-comentarios-sobre-algunas-teorias-y-enfoques-recientes\/\" rel=\"bookmark\" class=\"bm-read-more entry-read-more\">M\u00e1s \u00bb<\/a><div>            <\/div>\n        <\/div>\n    <\/article>\n    <article id=\"post-20088\" class=\"item bm_layout post-20088 post type-post status-publish format-standard has-post-thumbnail hentry category-n-8 tag-autonomia tag-ciencia-y-tecnologia tag-desarrollo-tecnologico tag-eduardo-n-dvorkin tag-estado\">\n\t\t<div class=\"bm-blog-post-image entry-post-image\">\n\t\t\t<div class=\"bm-post-image clearfix bm-hover-effect bm-hover-effect-blur\">\n\t\t\t\t<img loading=\"lazy\" decoding=\"async\" width=\"640\" height=\"433\" src=\"https:\/\/www.economicas.uba.ar\/extension\/vocesenelfenix\/wp-content\/uploads\/0806Dvorkin.jpg\" class=\"attachment-large size-large wp-post-image\" alt=\"\" srcset=\"https:\/\/www.economicas.uba.ar\/extension\/vocesenelfenix\/wp-content\/uploads\/0806Dvorkin.jpg 1080w, https:\/\/www.economicas.uba.ar\/extension\/vocesenelfenix\/wp-content\/uploads\/0806Dvorkin-300x203.jpg 300w, https:\/\/www.economicas.uba.ar\/extension\/vocesenelfenix\/wp-content\/uploads\/0806Dvorkin-768x519.jpg 768w\" sizes=\"(max-width: 640px) 100vw, 640px\" \/>\t\t\t<\/div>\n\t\t<\/div>\n        <div class=\"bm-blog-post-content bm_content_box\">\n            <h4 class=\"entry-post-title bm_title\"><a href=\"https:\/\/www.economicas.uba.ar\/extension\/vocesenelfenix\/el-estado-motor-del-desarrollo-tecnologico\/\" rel=\"bookmark\">El Estado: motor del desarrollo tecnol\u00f3gico<\/a><\/h4>            <div class=\"bm-blog-post-meta entry-post-meta bm_meta\">\n                            <\/div>\n            <div class=\"entry-post-content bm_content\">\n                | Por Eduardo N. Dvorkin | S\u00f3lo un Estado fuerte, con capacidad de utilizar su poder de compra, podr\u00e1 volver a vincular el \u00e1rea de ciencia con las dem\u00e1s \u00e1reas <div><a href=\"https:\/\/www.economicas.uba.ar\/extension\/vocesenelfenix\/el-estado-motor-del-desarrollo-tecnologico\/\" rel=\"bookmark\" class=\"bm-read-more entry-read-more\">M\u00e1s \u00bb<\/a><div>            <\/div>\n        <\/div>\n    <\/article>\n    <article id=\"post-20105\" class=\"item bm_layout post-20105 post type-post status-publish format-standard has-post-thumbnail hentry category-n-8 tag-ciencia-y-tecnologia tag-enrique-m-martinez tag-integracion tag-inti tag-trabajo-productivo\">\n\t\t<div class=\"bm-blog-post-image entry-post-image\">\n\t\t\t<div class=\"bm-post-image clearfix bm-hover-effect bm-hover-effect-blur\">\n\t\t\t\t<img loading=\"lazy\" decoding=\"async\" width=\"640\" height=\"433\" src=\"https:\/\/www.economicas.uba.ar\/extension\/vocesenelfenix\/wp-content\/uploads\/0807Martinez.jpg\" class=\"attachment-large size-large wp-post-image\" alt=\"\" srcset=\"https:\/\/www.economicas.uba.ar\/extension\/vocesenelfenix\/wp-content\/uploads\/0807Martinez.jpg 1080w, https:\/\/www.economicas.uba.ar\/extension\/vocesenelfenix\/wp-content\/uploads\/0807Martinez-300x203.jpg 300w, https:\/\/www.economicas.uba.ar\/extension\/vocesenelfenix\/wp-content\/uploads\/0807Martinez-768x519.jpg 768w\" sizes=\"(max-width: 640px) 100vw, 640px\" \/>\t\t\t<\/div>\n\t\t<\/div>\n        <div class=\"bm-blog-post-content bm_content_box\">\n            <h4 class=\"entry-post-title bm_title\"><a href=\"https:\/\/www.economicas.uba.ar\/extension\/vocesenelfenix\/la-extension-tecnologica-del-inti\/\" rel=\"bookmark\">La extensi\u00f3n tecnol\u00f3gica del INTI<\/a><\/h4>            <div class=\"bm-blog-post-meta entry-post-meta bm_meta\">\n                            <\/div>\n            <div class=\"entry-post-content bm_content\">\n                | Por Enrique M. Mart\u00ednez | La tecnolog\u00eda puede y debe servir para dar respuesta a los problemas estructurales de la sociedad. Desde el INTI se trabaja para eso, buscando <div><a href=\"https:\/\/www.economicas.uba.ar\/extension\/vocesenelfenix\/la-extension-tecnologica-del-inti\/\" rel=\"bookmark\" class=\"bm-read-more entry-read-more\">M\u00e1s \u00bb<\/a><div>            <\/div>\n        <\/div>\n    <\/article>\n    <article id=\"post-20111\" class=\"item bm_layout post-20111 post type-post status-publish format-standard has-post-thumbnail hentry category-n-8 tag-bruno-capra tag-ciencia-y-tecnologia tag-desarrollo tag-estado tag-poder-de-compra\">\n\t\t<div class=\"bm-blog-post-image entry-post-image\">\n\t\t\t<div class=\"bm-post-image clearfix bm-hover-effect bm-hover-effect-blur\">\n\t\t\t\t<img loading=\"lazy\" decoding=\"async\" width=\"640\" height=\"459\" src=\"https:\/\/www.economicas.uba.ar\/extension\/vocesenelfenix\/wp-content\/uploads\/0808Capra.jpg\" class=\"attachment-large size-large wp-post-image\" alt=\"\" srcset=\"https:\/\/www.economicas.uba.ar\/extension\/vocesenelfenix\/wp-content\/uploads\/0808Capra.jpg 1080w, https:\/\/www.economicas.uba.ar\/extension\/vocesenelfenix\/wp-content\/uploads\/0808Capra-300x215.jpg 300w, https:\/\/www.economicas.uba.ar\/extension\/vocesenelfenix\/wp-content\/uploads\/0808Capra-768x550.jpg 768w, https:\/\/www.economicas.uba.ar\/extension\/vocesenelfenix\/wp-content\/uploads\/0808Capra-183x132.jpg 183w\" sizes=\"(max-width: 640px) 100vw, 640px\" \/>\t\t\t<\/div>\n\t\t<\/div>\n        <div class=\"bm-blog-post-content bm_content_box\">\n            <h4 class=\"entry-post-title bm_title\"><a href=\"https:\/\/www.economicas.uba.ar\/extension\/vocesenelfenix\/poder-de-compra-del-estado\/\" rel=\"bookmark\">Poder de compra del Estado<\/a><\/h4>            <div class=\"bm-blog-post-meta entry-post-meta bm_meta\">\n                            <\/div>\n            <div class=\"entry-post-content bm_content\">\n                | Por Bruno Capra | El poder de compra del Estado es un importante motor del desarrollo econ\u00f3mico y social argentino. Los aspectos a tener en cuenta para lograr un <div><a href=\"https:\/\/www.economicas.uba.ar\/extension\/vocesenelfenix\/poder-de-compra-del-estado\/\" rel=\"bookmark\" class=\"bm-read-more entry-read-more\">M\u00e1s \u00bb<\/a><div>            <\/div>\n        <\/div>\n    <\/article>\n    <article id=\"post-20117\" class=\"item bm_layout post-20117 post type-post status-publish format-standard has-post-thumbnail hentry category-n-8 tag-andres-e-carrasco tag-argentina tag-ciencia-y-tecnologia tag-naturaleza tag-principio-precautorio\">\n\t\t<div class=\"bm-blog-post-image entry-post-image\">\n\t\t\t<div class=\"bm-post-image clearfix bm-hover-effect bm-hover-effect-blur\">\n\t\t\t\t<img loading=\"lazy\" decoding=\"async\" width=\"640\" height=\"433\" src=\"https:\/\/www.economicas.uba.ar\/extension\/vocesenelfenix\/wp-content\/uploads\/0809Carrasco.jpg\" class=\"attachment-large size-large wp-post-image\" alt=\"\" srcset=\"https:\/\/www.economicas.uba.ar\/extension\/vocesenelfenix\/wp-content\/uploads\/0809Carrasco.jpg 1080w, https:\/\/www.economicas.uba.ar\/extension\/vocesenelfenix\/wp-content\/uploads\/0809Carrasco-300x203.jpg 300w, https:\/\/www.economicas.uba.ar\/extension\/vocesenelfenix\/wp-content\/uploads\/0809Carrasco-768x519.jpg 768w\" sizes=\"(max-width: 640px) 100vw, 640px\" \/>\t\t\t<\/div>\n\t\t<\/div>\n        <div class=\"bm-blog-post-content bm_content_box\">\n            <h4 class=\"entry-post-title bm_title\"><a href=\"https:\/\/www.economicas.uba.ar\/extension\/vocesenelfenix\/el-principio-precautorio-en-la-ciencia-argentina\/\" rel=\"bookmark\">El principio precautorio en la ciencia argentina<\/a><\/h4>            <div class=\"bm-blog-post-meta entry-post-meta bm_meta\">\n                            <\/div>\n            <div class=\"entry-post-content bm_content\">\n                | Por Andr\u00e9s E. Carrasco | La discusi\u00f3n sobre el principio precautorio refleja la preocupaci\u00f3n por los efectos del uso de los avances tecnol\u00f3gicos sobre la naturaleza. Ni el sistema <div><a href=\"https:\/\/www.economicas.uba.ar\/extension\/vocesenelfenix\/el-principio-precautorio-en-la-ciencia-argentina\/\" rel=\"bookmark\" class=\"bm-read-more entry-read-more\">M\u00e1s \u00bb<\/a><div>            <\/div>\n        <\/div>\n    <\/article>\n    <article id=\"post-20123\" class=\"item bm_layout post-20123 post type-post status-publish format-standard has-post-thumbnail hentry category-n-8 tag-acumulacion tag-capitalismo tag-ciencia-y-tecnologia tag-danos tag-mario-albornoz tag-riesgo\">\n\t\t<div class=\"bm-blog-post-image entry-post-image\">\n\t\t\t<div class=\"bm-post-image clearfix bm-hover-effect bm-hover-effect-blur\">\n\t\t\t\t<img loading=\"lazy\" decoding=\"async\" width=\"640\" height=\"433\" src=\"https:\/\/www.economicas.uba.ar\/extension\/vocesenelfenix\/wp-content\/uploads\/0810Albornoz.jpg\" class=\"attachment-large size-large wp-post-image\" alt=\"\" srcset=\"https:\/\/www.economicas.uba.ar\/extension\/vocesenelfenix\/wp-content\/uploads\/0810Albornoz.jpg 1080w, https:\/\/www.economicas.uba.ar\/extension\/vocesenelfenix\/wp-content\/uploads\/0810Albornoz-300x203.jpg 300w, https:\/\/www.economicas.uba.ar\/extension\/vocesenelfenix\/wp-content\/uploads\/0810Albornoz-768x519.jpg 768w\" sizes=\"(max-width: 640px) 100vw, 640px\" \/>\t\t\t<\/div>\n\t\t<\/div>\n        <div class=\"bm-blog-post-content bm_content_box\">\n            <h4 class=\"entry-post-title bm_title\"><a href=\"https:\/\/www.economicas.uba.ar\/extension\/vocesenelfenix\/acerca-del-concepto-de-riesgo-en-ciencia-y-tecnologia\/\" rel=\"bookmark\">Acerca del concepto de riesgo en ciencia y tecnolog\u00eda<\/a><\/h4>            <div class=\"bm-blog-post-meta entry-post-meta bm_meta\">\n                            <\/div>\n            <div class=\"entry-post-content bm_content\">\n                | Por Mario Albornoz | Los avances en ciencia y tecnolog\u00eda van acompa\u00f1ados de nuevas formas de riesgo capaces de generar da\u00f1os incontrolables para nuestras sociedades. La l\u00f3gica de acumulaci\u00f3n <div><a href=\"https:\/\/www.economicas.uba.ar\/extension\/vocesenelfenix\/acerca-del-concepto-de-riesgo-en-ciencia-y-tecnologia\/\" rel=\"bookmark\" class=\"bm-read-more entry-read-more\">M\u00e1s \u00bb<\/a><div>            <\/div>\n        <\/div>\n    <\/article>\n    <article id=\"post-20129\" class=\"item bm_layout post-20129 post type-post status-publish format-standard has-post-thumbnail hentry category-n-8 tag-aplicacion-de-conocimientos tag-ciencia-y-tecnologia tag-etica tag-participacion-colectiva tag-produccion-de-conocimiento tag-silvia-rivera tag-transferencia-de-conocimientos\">\n\t\t<div class=\"bm-blog-post-image entry-post-image\">\n\t\t\t<div class=\"bm-post-image clearfix bm-hover-effect bm-hover-effect-blur\">\n\t\t\t\t<img loading=\"lazy\" decoding=\"async\" width=\"640\" height=\"363\" src=\"https:\/\/www.economicas.uba.ar\/extension\/vocesenelfenix\/wp-content\/uploads\/0811Rivera.jpg\" class=\"attachment-large size-large wp-post-image\" alt=\"\" srcset=\"https:\/\/www.economicas.uba.ar\/extension\/vocesenelfenix\/wp-content\/uploads\/0811Rivera.jpg 1080w, https:\/\/www.economicas.uba.ar\/extension\/vocesenelfenix\/wp-content\/uploads\/0811Rivera-300x170.jpg 300w, https:\/\/www.economicas.uba.ar\/extension\/vocesenelfenix\/wp-content\/uploads\/0811Rivera-768x436.jpg 768w\" sizes=\"(max-width: 640px) 100vw, 640px\" \/>\t\t\t<\/div>\n\t\t<\/div>\n        <div class=\"bm-blog-post-content bm_content_box\">\n            <h4 class=\"entry-post-title bm_title\"><a href=\"https:\/\/www.economicas.uba.ar\/extension\/vocesenelfenix\/ciencia-tecnologia-y-etica\/\" rel=\"bookmark\">Ciencia, tecnolog\u00eda y \u00e9tica<\/a><\/h4>            <div class=\"bm-blog-post-meta entry-post-meta bm_meta\">\n                            <\/div>\n            <div class=\"entry-post-content bm_content\">\n                | Por Silvia Rivera | La construcci\u00f3n de un modelo alternativo de producci\u00f3n, transmisi\u00f3n y aplicaci\u00f3n del conocimiento necesita de la participaci\u00f3n colectiva para definir qu\u00e9 nuevos valores \u00e9ticos guiar\u00e1n <div><a href=\"https:\/\/www.economicas.uba.ar\/extension\/vocesenelfenix\/ciencia-tecnologia-y-etica\/\" rel=\"bookmark\" class=\"bm-read-more entry-read-more\">M\u00e1s \u00bb<\/a><div>            <\/div>\n        <\/div>\n    <\/article>\n    <article id=\"post-20135\" class=\"item bm_layout post-20135 post type-post status-publish format-standard has-post-thumbnail hentry category-n-8 tag-alejandra-roca tag-antropologia tag-ciencia-y-tecnologia\">\n\t\t<div class=\"bm-blog-post-image entry-post-image\">\n\t\t\t<div class=\"bm-post-image clearfix bm-hover-effect bm-hover-effect-blur\">\n\t\t\t\t<img loading=\"lazy\" decoding=\"async\" width=\"640\" height=\"461\" src=\"https:\/\/www.economicas.uba.ar\/extension\/vocesenelfenix\/wp-content\/uploads\/0812Roca.jpg\" class=\"attachment-large size-large wp-post-image\" alt=\"\" srcset=\"https:\/\/www.economicas.uba.ar\/extension\/vocesenelfenix\/wp-content\/uploads\/0812Roca.jpg 1080w, https:\/\/www.economicas.uba.ar\/extension\/vocesenelfenix\/wp-content\/uploads\/0812Roca-300x216.jpg 300w, https:\/\/www.economicas.uba.ar\/extension\/vocesenelfenix\/wp-content\/uploads\/0812Roca-768x553.jpg 768w, https:\/\/www.economicas.uba.ar\/extension\/vocesenelfenix\/wp-content\/uploads\/0812Roca-183x132.jpg 183w\" sizes=\"(max-width: 640px) 100vw, 640px\" \/>\t\t\t<\/div>\n\t\t<\/div>\n        <div class=\"bm-blog-post-content bm_content_box\">\n            <h4 class=\"entry-post-title bm_title\"><a href=\"https:\/\/www.economicas.uba.ar\/extension\/vocesenelfenix\/la-supersticion-moderna-ciencia-y-tecnologia-en-la-mirada-antropologica\/\" rel=\"bookmark\">La superstici\u00f3n moderna: Ciencia y tecnolog\u00eda en la mirada antropol\u00f3gica<\/a><\/h4>            <div class=\"bm-blog-post-meta entry-post-meta bm_meta\">\n                            <\/div>\n            <div class=\"entry-post-content bm_content\">\n                | Por Alejandra Roca | La tecnolog\u00eda no puede pensarse como una esfera aislada e independiente de la sociedad. Los avances en la materia dan cuenta de complejos procesos de <div><a href=\"https:\/\/www.economicas.uba.ar\/extension\/vocesenelfenix\/la-supersticion-moderna-ciencia-y-tecnologia-en-la-mirada-antropologica\/\" rel=\"bookmark\" class=\"bm-read-more entry-read-more\">M\u00e1s \u00bb<\/a><div>            <\/div>\n        <\/div>\n    <\/article>\n    <article id=\"post-20141\" class=\"item bm_layout post-20141 post type-post status-publish format-standard has-post-thumbnail hentry category-n-8 tag-ciencia-y-tecnologia tag-desarrollo tag-inclusion-social tag-innovacion tag-modelo-productivo tag-ruth-ladenheim\">\n\t\t<div class=\"bm-blog-post-image entry-post-image\">\n\t\t\t<div class=\"bm-post-image clearfix bm-hover-effect bm-hover-effect-blur\">\n\t\t\t\t<img loading=\"lazy\" decoding=\"async\" width=\"640\" height=\"433\" src=\"https:\/\/www.economicas.uba.ar\/extension\/vocesenelfenix\/wp-content\/uploads\/0813Ladenheim.jpg\" class=\"attachment-large size-large wp-post-image\" alt=\"\" srcset=\"https:\/\/www.economicas.uba.ar\/extension\/vocesenelfenix\/wp-content\/uploads\/0813Ladenheim.jpg 1080w, https:\/\/www.economicas.uba.ar\/extension\/vocesenelfenix\/wp-content\/uploads\/0813Ladenheim-300x203.jpg 300w, https:\/\/www.economicas.uba.ar\/extension\/vocesenelfenix\/wp-content\/uploads\/0813Ladenheim-768x519.jpg 768w\" sizes=\"(max-width: 640px) 100vw, 640px\" \/>\t\t\t<\/div>\n\t\t<\/div>\n        <div class=\"bm-blog-post-content bm_content_box\">\n            <h4 class=\"entry-post-title bm_title\"><a href=\"https:\/\/www.economicas.uba.ar\/extension\/vocesenelfenix\/politicas-de-ciencia-tecnologia-e-innovacion-para-el-desarrollo-con-inclusion-social\/\" rel=\"bookmark\">Pol\u00edticas de ciencia, tecnolog\u00eda e innovaci\u00f3n para el desarrollo con inclusi\u00f3n social<\/a><\/h4>            <div class=\"bm-blog-post-meta entry-post-meta bm_meta\">\n                            <\/div>\n            <div class=\"entry-post-content bm_content\">\n                | Por Ruth Ladenheim | Tras a\u00f1os de ser relegadas, la ciencia y la tecnolog\u00eda est\u00e1n nuevamente en el centro del modelo productivo. El desaf\u00edo es lograr un desarrollo con <div><a href=\"https:\/\/www.economicas.uba.ar\/extension\/vocesenelfenix\/politicas-de-ciencia-tecnologia-e-innovacion-para-el-desarrollo-con-inclusion-social\/\" rel=\"bookmark\" class=\"bm-read-more entry-read-more\">M\u00e1s \u00bb<\/a><div>            <\/div>\n        <\/div>\n    <\/article>\n    <article id=\"post-20148\" class=\"item bm_layout post-20148 post type-post status-publish format-standard has-post-thumbnail hentry category-n-8 tag-autonomia tag-ciencia-y-tecnologia tag-consensos tag-desarrollo tag-estado tag-martin-a-isturiz\">\n\t\t<div class=\"bm-blog-post-image entry-post-image\">\n\t\t\t<div class=\"bm-post-image clearfix bm-hover-effect bm-hover-effect-blur\">\n\t\t\t\t<img loading=\"lazy\" decoding=\"async\" width=\"640\" height=\"432\" src=\"https:\/\/www.economicas.uba.ar\/extension\/vocesenelfenix\/wp-content\/uploads\/0814Isturiz.jpg\" class=\"attachment-large size-large wp-post-image\" alt=\"\" srcset=\"https:\/\/www.economicas.uba.ar\/extension\/vocesenelfenix\/wp-content\/uploads\/0814Isturiz.jpg 1080w, https:\/\/www.economicas.uba.ar\/extension\/vocesenelfenix\/wp-content\/uploads\/0814Isturiz-300x203.jpg 300w, https:\/\/www.economicas.uba.ar\/extension\/vocesenelfenix\/wp-content\/uploads\/0814Isturiz-768x518.jpg 768w\" sizes=\"(max-width: 640px) 100vw, 640px\" \/>\t\t\t<\/div>\n\t\t<\/div>\n        <div class=\"bm-blog-post-content bm_content_box\">\n            <h4 class=\"entry-post-title bm_title\"><a href=\"https:\/\/www.economicas.uba.ar\/extension\/vocesenelfenix\/la-necesidad-de-una-politica-de-estado-para-un-desarrollo-cientifico-tecnologico-autonomo\/\" rel=\"bookmark\">La necesidad de una pol\u00edtica de Estado para un desarrollo cient\u00edfico-tecnol\u00f3gico aut\u00f3nomo<\/a><\/h4>            <div class=\"bm-blog-post-meta entry-post-meta bm_meta\">\n                            <\/div>\n            <div class=\"entry-post-content bm_content\">\n                | Por Mart\u00edn A. Isturiz | Es preciso lograr un amplio consenso pol\u00edtico y social que posibilite la elaboraci\u00f3n de pol\u00edticas de Estado en el campo de la ciencia y <div><a href=\"https:\/\/www.economicas.uba.ar\/extension\/vocesenelfenix\/la-necesidad-de-una-politica-de-estado-para-un-desarrollo-cientifico-tecnologico-autonomo\/\" rel=\"bookmark\" class=\"bm-read-more entry-read-more\">M\u00e1s \u00bb<\/a><div>            <\/div>\n        <\/div>\n    <\/article>\n    <article id=\"post-20154\" class=\"item bm_layout post-20154 post type-post status-publish format-standard has-post-thumbnail hentry category-n-8 tag-ciencia-y-tecnologia tag-desarrollo-industrial tag-impacto-ecologico tag-independencia tag-integracion-regional tag-sistema-sociotecnico tag-tomas-buch\">\n\t\t<div class=\"bm-blog-post-image entry-post-image\">\n\t\t\t<div class=\"bm-post-image clearfix bm-hover-effect bm-hover-effect-blur\">\n\t\t\t\t<img loading=\"lazy\" decoding=\"async\" width=\"640\" height=\"437\" src=\"https:\/\/www.economicas.uba.ar\/extension\/vocesenelfenix\/wp-content\/uploads\/0815Buch.jpg\" class=\"attachment-large size-large wp-post-image\" alt=\"\" srcset=\"https:\/\/www.economicas.uba.ar\/extension\/vocesenelfenix\/wp-content\/uploads\/0815Buch.jpg 1080w, https:\/\/www.economicas.uba.ar\/extension\/vocesenelfenix\/wp-content\/uploads\/0815Buch-300x205.jpg 300w, https:\/\/www.economicas.uba.ar\/extension\/vocesenelfenix\/wp-content\/uploads\/0815Buch-768x524.jpg 768w\" sizes=\"(max-width: 640px) 100vw, 640px\" \/>\t\t\t<\/div>\n\t\t<\/div>\n        <div class=\"bm-blog-post-content bm_content_box\">\n            <h4 class=\"entry-post-title bm_title\"><a href=\"https:\/\/www.economicas.uba.ar\/extension\/vocesenelfenix\/el-sistema-sociotecnico-argentino\/\" rel=\"bookmark\">El sistema sociot\u00e9cnico argentino<\/a><\/h4>            <div class=\"bm-blog-post-meta entry-post-meta bm_meta\">\n                            <\/div>\n            <div class=\"entry-post-content bm_content\">\n                | Por Tom\u00e1s Buch | El discurso oficial defiende la independencia tecnol\u00f3gica como pilar del modelo de desarrollo; sin embargo, los principales elementos que componen el modelo tienen un impacto <div><a href=\"https:\/\/www.economicas.uba.ar\/extension\/vocesenelfenix\/el-sistema-sociotecnico-argentino\/\" rel=\"bookmark\" class=\"bm-read-more entry-read-more\">M\u00e1s \u00bb<\/a><div>            <\/div>\n        <\/div>\n    <\/article>\n    <article id=\"post-20160\" class=\"item bm_layout post-20160 post type-post status-publish format-standard has-post-thumbnail hentry category-n-8 tag-ciencia-y-tecnologia tag-desarrollo-global-insostenible tag-economia-ecologica tag-nuevas-tecnologias tag-walter-alberto-pengue\">\n\t\t<div class=\"bm-blog-post-image entry-post-image\">\n\t\t\t<div class=\"bm-post-image clearfix bm-hover-effect bm-hover-effect-blur\">\n\t\t\t\t<img loading=\"lazy\" decoding=\"async\" width=\"640\" height=\"447\" src=\"https:\/\/www.economicas.uba.ar\/extension\/vocesenelfenix\/wp-content\/uploads\/0816Pengue2.jpg\" class=\"attachment-large size-large wp-post-image\" alt=\"\" srcset=\"https:\/\/www.economicas.uba.ar\/extension\/vocesenelfenix\/wp-content\/uploads\/0816Pengue2.jpg 1080w, https:\/\/www.economicas.uba.ar\/extension\/vocesenelfenix\/wp-content\/uploads\/0816Pengue2-300x210.jpg 300w, https:\/\/www.economicas.uba.ar\/extension\/vocesenelfenix\/wp-content\/uploads\/0816Pengue2-768x537.jpg 768w\" sizes=\"(max-width: 640px) 100vw, 640px\" \/>\t\t\t<\/div>\n\t\t<\/div>\n        <div class=\"bm-blog-post-content bm_content_box\">\n            <h4 class=\"entry-post-title bm_title\"><a href=\"https:\/\/www.economicas.uba.ar\/extension\/vocesenelfenix\/la-ciencia-y-la-tecnologia-en-el-marco-de-la-economia-ecologica\/\" rel=\"bookmark\">La ciencia y la tecnolog\u00eda en el marco de la econom\u00eda ecol\u00f3gica<\/a><\/h4>            <div class=\"bm-blog-post-meta entry-post-meta bm_meta\">\n                            <\/div>\n            <div class=\"entry-post-content bm_content\">\n                | Por Walter Alberto Pengue | El actual modelo de desarrollo global es ambientalmente insostenible. La econom\u00eda ecol\u00f3gica instala a la naturaleza y sus interacciones con la sociedad en el <div><a href=\"https:\/\/www.economicas.uba.ar\/extension\/vocesenelfenix\/la-ciencia-y-la-tecnologia-en-el-marco-de-la-economia-ecologica\/\" rel=\"bookmark\" class=\"bm-read-more entry-read-more\">M\u00e1s \u00bb<\/a><div>            <\/div>\n        <\/div>\n    <\/article>\n    <article id=\"post-20169\" class=\"item bm_layout post-20169 post type-post status-publish format-standard has-post-thumbnail hentry category-n-8 tag-ciencia-y-tecnologia tag-estado tag-juan-carlos-gottifredi tag-progreso-social tag-universidades-publicas\">\n\t\t<div class=\"bm-blog-post-image entry-post-image\">\n\t\t\t<div class=\"bm-post-image clearfix bm-hover-effect bm-hover-effect-blur\">\n\t\t\t\t<img loading=\"lazy\" decoding=\"async\" width=\"640\" height=\"433\" src=\"https:\/\/www.economicas.uba.ar\/extension\/vocesenelfenix\/wp-content\/uploads\/0817Gottifredi.jpg\" class=\"attachment-large size-large wp-post-image\" alt=\"\" srcset=\"https:\/\/www.economicas.uba.ar\/extension\/vocesenelfenix\/wp-content\/uploads\/0817Gottifredi.jpg 1080w, https:\/\/www.economicas.uba.ar\/extension\/vocesenelfenix\/wp-content\/uploads\/0817Gottifredi-300x203.jpg 300w, https:\/\/www.economicas.uba.ar\/extension\/vocesenelfenix\/wp-content\/uploads\/0817Gottifredi-768x519.jpg 768w\" sizes=\"(max-width: 640px) 100vw, 640px\" \/>\t\t\t<\/div>\n\t\t<\/div>\n        <div class=\"bm-blog-post-content bm_content_box\">\n            <h4 class=\"entry-post-title bm_title\"><a href=\"https:\/\/www.economicas.uba.ar\/extension\/vocesenelfenix\/ciencia-tecnologia-y-progreso-social\/\" rel=\"bookmark\">Ciencia, tecnolog\u00eda y progreso social<\/a><\/h4>            <div class=\"bm-blog-post-meta entry-post-meta bm_meta\">\n                            <\/div>\n            <div class=\"entry-post-content bm_content\">\n                | Por Juan Carlos Gottifredi | Los problemas sociales, econ\u00f3micos y ambientales demandan una respuesta urgente. El Estado debe brindar una soluci\u00f3n a partir de las investigaciones desarrolladas con los <div><a href=\"https:\/\/www.economicas.uba.ar\/extension\/vocesenelfenix\/ciencia-tecnologia-y-progreso-social\/\" rel=\"bookmark\" class=\"bm-read-more entry-read-more\">M\u00e1s \u00bb<\/a><div>            <\/div>\n        <\/div>\n    <\/article>\n\t\t\t\t<\/div><\/div>\n\t\t\t\t\t\t\t\t<\/div>\n\t\t\t\t<\/div>\n\t\t\t\t\t<\/div>\n\t\t<\/div>\n\t\t\t\t\t<\/div>\n\t\t<\/section>\n\t\t\t\t<section class=\"elementor-section elementor-top-section elementor-element elementor-element-c47e835 elementor-section-boxed elementor-section-height-default elementor-section-height-default\" data-id=\"c47e835\" data-element_type=\"section\" data-e-type=\"section\" data-settings=\"{&quot;background_background&quot;:&quot;classic&quot;}\">\n\t\t\t\t\t\t<div class=\"elementor-container elementor-column-gap-default\">\n\t\t\t\t\t<div class=\"elementor-column elementor-col-100 elementor-top-column elementor-element elementor-element-b6e1880\" data-id=\"b6e1880\" data-element_type=\"column\" data-e-type=\"column\" data-settings=\"{&quot;background_background&quot;:&quot;classic&quot;}\">\n\t\t\t<div class=\"elementor-widget-wrap elementor-element-populated\">\n\t\t\t\t\t\t<div class=\"elementor-element elementor-element-2e4afcb elementor-widget elementor-widget-text-editor\" data-id=\"2e4afcb\" data-element_type=\"widget\" data-e-type=\"widget\" data-widget_type=\"text-editor.default\">\n\t\t\t\t<div class=\"elementor-widget-container\">\n\t\t\t\t\t\t\t\t\t<h5 style=\"text-align: left;\">REPORTAJES:<\/h5><p>Para este nuevo n\u00famero de nuestra revista buscamos mostrar a trav\u00e9s de las entrevistas distintos momentos de la relaci\u00f3n entre los investigadores y la ciencia.<\/p><p>De esta manera, fuimos hasta una Escuela T\u00e9cnica de la Ciudad de Buenos Aires, en la cual un grupo de estudiantes gan\u00f3 el 2\u00ba premio en la Feria Internacional de Ciencias de Los Angeles (Estados Unidos) con un proyecto para potabilizar agua en zonas de alta contaminaci\u00f3n. Luego, estuvimos con un profesor de la Facultad de Ciencias Exactas y Naturales de la UBA, director del Laboratorio de Neurociencia Integrativa de esa facultad, quien nos cont\u00f3 acerca de las distintas investigaciones que llevan adelante vinculadas al cerebro humano. Por \u00faltimo, dialogamos con Vicente Barros, doctor en Meteorolog\u00eda, Profesor Em\u00e9rito de la UBA y especialista en Cambio Clim\u00e1tico, quien nos relata su percepci\u00f3n sobre este fen\u00f3meno y coment\u00f3 las alternativas futuras.<\/p><p>Esperamos puedan disfrutar de los informes, y nos volveremos a encontrar en el pr\u00f3ximo n\u00famero de la revista con m\u00e1s reportajes audiovisuales.<\/p>\t\t\t\t\t\t\t\t<\/div>\n\t\t\t\t<\/div>\n\t\t\t\t\t<\/div>\n\t\t<\/div>\n\t\t\t\t\t<\/div>\n\t\t<\/section>\n\t\t\t\t<section class=\"elementor-section elementor-top-section elementor-element elementor-element-d1179ed elementor-section-boxed elementor-section-height-default elementor-section-height-default\" data-id=\"d1179ed\" data-element_type=\"section\" data-e-type=\"section\" data-settings=\"{&quot;background_background&quot;:&quot;classic&quot;}\">\n\t\t\t\t\t\t<div class=\"elementor-container elementor-column-gap-default\">\n\t\t\t\t\t<div class=\"elementor-column elementor-col-33 elementor-top-column elementor-element elementor-element-d65882a\" data-id=\"d65882a\" data-element_type=\"column\" data-e-type=\"column\" data-settings=\"{&quot;background_background&quot;:&quot;classic&quot;}\">\n\t\t\t<div class=\"elementor-widget-wrap elementor-element-populated\">\n\t\t\t\t\t\t<div class=\"elementor-element elementor-element-2b4d726 elementor-widget elementor-widget-text-editor\" data-id=\"2b4d726\" data-element_type=\"widget\" data-e-type=\"widget\" data-widget_type=\"text-editor.default\">\n\t\t\t\t<div class=\"elementor-widget-container\">\n\t\t\t\t\t\t\t\t\t<h5><iframe title=\"YouTube video player\" src=\"https:\/\/www.youtube.com\/embed\/-64SBMlYSf8\" width=\"560\" height=\"150\" frameborder=\"0\" allowfullscreen=\"allowfullscreen\"><\/iframe><br \/>David Varlotta, Ruth Maurente, Daniel Frij\u00f3n<\/h5><p><strong>Escuela T\u00e9cnica N\u00ba 12 \u201cLibertador General Jos\u00e9 de San Mart\u00edn\u201d<\/strong><\/p><p>En el marco del taller y club de ciencias de la escuela, un grupo de estudiantes desarrolla un proyecto de destilador de agua utilizando energ\u00eda solar.<\/p><p>Este proyecto fue pensado para ser aplicado en el norte de nuestro pa\u00eds, en la provincia de Jujuy, donde la tierra y el agua se encuentran contaminadas como consecuencia de la actividad minera a cielo abierto. La experiencia gan\u00f3 el 2\u00ba premio en la Feria Internacional de Ciencias de Los Angeles (Estados Unidos).<\/p><p>La l\u00f3gica del taller y club de ciencias es que los proyectos tengan un fin solidario, y que sean desarrollados por grupos interdisciplinarios dentro de la escuela, relacionando las tres especialidades que all\u00ed dictan.<\/p><p>A partir del premio ganado, se abre un nuevo escenario que incluye el compromiso del gobierno nacional para financiar la construcci\u00f3n de los equipos y su instalaci\u00f3n en Jujuy.<\/p><p>Esta experiencia nos muestra entonces c\u00f3mo la ciencia puede ser utilizada con fines solidarios y como herramienta para la integraci\u00f3n social.<\/p>\t\t\t\t\t\t\t\t<\/div>\n\t\t\t\t<\/div>\n\t\t\t\t\t<\/div>\n\t\t<\/div>\n\t\t\t\t<div class=\"elementor-column elementor-col-33 elementor-top-column elementor-element elementor-element-fcabec0\" data-id=\"fcabec0\" data-element_type=\"column\" data-e-type=\"column\" data-settings=\"{&quot;background_background&quot;:&quot;classic&quot;}\">\n\t\t\t<div class=\"elementor-widget-wrap elementor-element-populated\">\n\t\t\t\t\t\t<div class=\"elementor-element elementor-element-fbfee85 elementor-widget elementor-widget-text-editor\" data-id=\"fbfee85\" data-element_type=\"widget\" data-e-type=\"widget\" data-widget_type=\"text-editor.default\">\n\t\t\t\t<div class=\"elementor-widget-container\">\n\t\t\t\t\t\t\t\t\t<h5><iframe title=\"YouTube video player\" src=\"https:\/\/www.youtube.com\/embed\/HZZetJ5-4jk\" width=\"560\" height=\"150\" frameborder=\"0\" allowfullscreen=\"allowfullscreen\"><\/iframe><br \/>Vicente Barros\u00a0<\/h5><p><strong>Profesor Em\u00e9rito \u2013 FCEN\/UBA. CIMA \u2013 Centro de Investigaciones del Mar y la Atm\u00f3sfera<\/strong><\/p><p>El doctor Barros es licenciado y doctor en Ciencias Meteorol\u00f3gicas. Es, adem\u00e1s, vicepresidente del Grupo II del IPCC, que es el Panel Intergubernamental sobre Cambio Clim\u00e1tico. Este es, hoy, su m\u00e1ximo objeto de estudio.<\/p><p>En la entrevista, el Dr. Barros nos cuenta que cambio clim\u00e1tico hubo en todas las \u00e9pocas, pero que actualmente es un concepto que se utiliza para definir el proceso de calentamiento global que se produce por la concentraci\u00f3n de los gases de efecto invernadero, en gran parte debido a la acci\u00f3n humana. Tambi\u00e9n nos habl\u00f3 de los distintos niveles de escepticismo que rodean a la tem\u00e1tica, y nos brind\u00f3 su parecer para el futuro, donde posiblemente el problema se resuelva en la segunda mitad del siglo a partir del reemplazo del petr\u00f3leo por energ\u00edas alternativas.<\/p><p>Finalmente, el Dr. Barros nos habla respecto del importante rol que tiene la universidad en la formaci\u00f3n de cient\u00edficos, de la vinculaci\u00f3n entre el sector cient\u00edfico y los intereses y necesidades de los pa\u00edses y de la relaci\u00f3n entre la creatividad y la innovaci\u00f3n de una sociedad con la educaci\u00f3n que all\u00ed se brinda.<\/p><p>Deja planteada de esta manera la importancia de lograr capacidades t\u00e9cnicas y profesionales como factor indispensable para cualquier sociedad que se proponga como objetivo lograr el desarrollo sustentable.<\/p>\t\t\t\t\t\t\t\t<\/div>\n\t\t\t\t<\/div>\n\t\t\t\t\t<\/div>\n\t\t<\/div>\n\t\t\t\t<div class=\"elementor-column elementor-col-33 elementor-top-column elementor-element elementor-element-5a4c96b\" data-id=\"5a4c96b\" data-element_type=\"column\" data-e-type=\"column\" data-settings=\"{&quot;background_background&quot;:&quot;classic&quot;}\">\n\t\t\t<div class=\"elementor-widget-wrap elementor-element-populated\">\n\t\t\t\t\t\t<div class=\"elementor-element elementor-element-2f5cfb1 elementor-widget elementor-widget-text-editor\" data-id=\"2f5cfb1\" data-element_type=\"widget\" data-e-type=\"widget\" data-widget_type=\"text-editor.default\">\n\t\t\t\t<div class=\"elementor-widget-container\">\n\t\t\t\t\t\t\t\t\t<h5><iframe title=\"YouTube video player\" src=\"https:\/\/www.youtube.com\/embed\/Yyw7hcIkjDE\" width=\"560\" height=\"150\" frameborder=\"0\" allowfullscreen=\"allowfullscreen\"><\/iframe><br \/>Mariano Sigman\u00a0<\/h5><p><strong>Director del Laboratorio de Neurociencia Integrativa. Depto. de F\u00edsica FCEN \u2013 UBA<\/strong><\/p><p>El pensamiento humano es algo que nos interesa a todos. Es una forma de entendernos a nosotros mismos. Este pensamiento tiene reglas, se forma, se desarrolla y se organiza de determinada manera. Este es el tema que investiga Mariano Sigman, doctor en Neurociencia; una ciencia at\u00edpica en la Argentina, un campo de investigaci\u00f3n incipiente, que trabaja, entre otras cuestiones, sobre la percepci\u00f3n, la toma de decisiones, la conciencia, y las reglas que organizan cada una de estas \u00e1reas.<\/p><p>Inmerso en su rol docente, Mariano nos cuenta que su intenci\u00f3n es ense\u00f1ar a razonar, a pensar, como m\u00e9todo de crear conocimiento, tratar de ense\u00f1ar no el producto de la ciencia sino el camino de la ciencia.<\/p><p>Entender como pensamos, entender lo natural o no de algunos pensamientos, que hay cuestiones que son f\u00e1ciles y dif\u00edciles para todo el mundo, entender que hay operaciones que el cerebro maneja con gran facilidad, que puede articular, que puede hacer malabares, nos puede ayudar a reformular algunos aspectos de la educaci\u00f3n para que esta sea mucho m\u00e1s efectiva, mucho m\u00e1s potente y mucho m\u00e1s interesante. All\u00ed puede estar uno de los principales aportes de la Neurociencia.<\/p>\t\t\t\t\t\t\t\t<\/div>\n\t\t\t\t<\/div>\n\t\t\t\t\t<\/div>\n\t\t<\/div>\n\t\t\t\t\t<\/div>\n\t\t<\/section>\n\t\t\t\t<\/div>\n\t\t","protected":false},"excerpt":{"rendered":"<p>N\u00daMERO 8 D\u00cdA DE LA INDEPENDENCIA CIENCIA Y TECNOLOG\u00cdA LOS AVANCES EN CIENCIA Y TECNOLOG\u00cdA APLICADOS A LA SOLUCI\u00d3N DE PROBLEMAS CONCRETOS DE LA POBLACI\u00d3N SON UNA HERRAMIENTA FUNDAMENTAL PARA<\/p>\n","protected":false},"author":5,"featured_media":0,"parent":0,"menu_order":0,"comment_status":"closed","ping_status":"closed","template":"","meta":{"footnotes":""},"class_list":["post-20000","page","type-page","status-publish","hentry"],"_links":{"self":[{"href":"https:\/\/www.economicas.uba.ar\/extension\/vocesenelfenix\/wp-json\/wp\/v2\/pages\/20000","targetHints":{"allow":["GET"]}}],"collection":[{"href":"https:\/\/www.economicas.uba.ar\/extension\/vocesenelfenix\/wp-json\/wp\/v2\/pages"}],"about":[{"href":"https:\/\/www.economicas.uba.ar\/extension\/vocesenelfenix\/wp-json\/wp\/v2\/types\/page"}],"author":[{"embeddable":true,"href":"https:\/\/www.economicas.uba.ar\/extension\/vocesenelfenix\/wp-json\/wp\/v2\/users\/5"}],"replies":[{"embeddable":true,"href":"https:\/\/www.economicas.uba.ar\/extension\/vocesenelfenix\/wp-json\/wp\/v2\/comments?post=20000"}],"version-history":[{"count":49,"href":"https:\/\/www.economicas.uba.ar\/extension\/vocesenelfenix\/wp-json\/wp\/v2\/pages\/20000\/revisions"}],"predecessor-version":[{"id":20056,"href":"https:\/\/www.economicas.uba.ar\/extension\/vocesenelfenix\/wp-json\/wp\/v2\/pages\/20000\/revisions\/20056"}],"wp:attachment":[{"href":"https:\/\/www.economicas.uba.ar\/extension\/vocesenelfenix\/wp-json\/wp\/v2\/media?parent=20000"}],"curies":[{"name":"wp","href":"https:\/\/api.w.org\/{rel}","templated":true}]}}