{"id":20178,"date":"2011-07-01T00:01:00","date_gmt":"2011-07-01T03:01:00","guid":{"rendered":"https:\/\/www.economicas.uba.ar\/extension\/vocesenelfenix\/?page_id=20178"},"modified":"2023-02-07T15:12:09","modified_gmt":"2023-02-07T18:12:09","slug":"numero-7","status":"publish","type":"page","link":"https:\/\/www.economicas.uba.ar\/extension\/vocesenelfenix\/numero-7\/","title":{"rendered":"N\u00famero 7"},"content":{"rendered":"\t\t<div data-elementor-type=\"wp-page\" data-elementor-id=\"20178\" class=\"elementor elementor-20178\" data-elementor-post-type=\"page\">\n\t\t\t\t\t\t<section class=\"elementor-section elementor-top-section elementor-element elementor-element-980e669 elementor-section-boxed elementor-section-height-default elementor-section-height-default\" data-id=\"980e669\" data-element_type=\"section\" data-e-type=\"section\" data-settings=\"{&quot;background_background&quot;:&quot;classic&quot;}\">\n\t\t\t\t\t\t<div class=\"elementor-container elementor-column-gap-default\">\n\t\t\t\t\t<div class=\"elementor-column elementor-col-33 elementor-top-column elementor-element elementor-element-5e14e3f\" data-id=\"5e14e3f\" data-element_type=\"column\" data-e-type=\"column\">\n\t\t\t<div class=\"elementor-widget-wrap elementor-element-populated\">\n\t\t\t\t\t\t<div class=\"elementor-element elementor-element-7159276 elementor-widget elementor-widget-image\" data-id=\"7159276\" data-element_type=\"widget\" data-e-type=\"widget\" data-widget_type=\"image.default\">\n\t\t\t\t<div class=\"elementor-widget-container\">\n\t\t\t\t\t\t\t\t\t\t\t\t\t\t\t\t<a href=\"https:\/\/drive.google.com\/file\/d\/1hJo_805LmLk664sW99S8CV4ziNdATssG\/view\" target=\"_blank\">\n\t\t\t\t\t\t\t<img fetchpriority=\"high\" decoding=\"async\" width=\"193\" height=\"268\" src=\"https:\/\/www.economicas.uba.ar\/extension\/vocesenelfenix\/wp-content\/uploads\/tapa07.jpg\" class=\"attachment-large size-large wp-image-1875\" alt=\"\" \/>\t\t\t\t\t\t\t\t<\/a>\n\t\t\t\t\t\t\t\t\t\t\t\t\t\t\t<\/div>\n\t\t\t\t<\/div>\n\t\t\t\t\t<\/div>\n\t\t<\/div>\n\t\t\t\t<div class=\"elementor-column elementor-col-66 elementor-top-column elementor-element elementor-element-d44a47f\" data-id=\"d44a47f\" data-element_type=\"column\" data-e-type=\"column\">\n\t\t\t<div class=\"elementor-widget-wrap elementor-element-populated\">\n\t\t\t\t\t\t<div class=\"elementor-element elementor-element-aded661 elementor-widget elementor-widget-text-editor\" data-id=\"aded661\" data-element_type=\"widget\" data-e-type=\"widget\" data-widget_type=\"text-editor.default\">\n\t\t\t\t<div class=\"elementor-widget-container\">\n\t\t\t\t\t\t\t\t\t<h5>N\u00daMERO 7<\/h5><h3>EN ESTADO CR\u00cdTICO<\/h3><h6>SALUD<\/h6><p><br \/>LA SALUD COLECTIVA EN TENSI\u00d3N. \u00bf\u00c1MBITO DE LUCRO O ESPACIO DE REALIZACI\u00d3N DE DERECHOS? EL ACCESO A LA NUTRICI\u00d3N, LA EDUCACI\u00d3N, LA VIVIENDA, EL TRABAJO Y EL SANEAMIENTO AMBIENTAL SON FUNDAMENTALES PARA LOGRAR UNA ATENCI\u00d3N INTEGRAL DE LA SALUD.<\/p>\t\t\t\t\t\t\t\t<\/div>\n\t\t\t\t<\/div>\n\t\t\t\t<div class=\"elementor-element elementor-element-06c436f elementor-widget elementor-widget-button\" data-id=\"06c436f\" data-element_type=\"widget\" data-e-type=\"widget\" data-widget_type=\"button.default\">\n\t\t\t\t<div class=\"elementor-widget-container\">\n\t\t\t\t\t\t\t\t\t<div class=\"elementor-button-wrapper\">\n\t\t\t\t\t<a class=\"elementor-button elementor-button-link elementor-size-xs\" href=\"https:\/\/drive.google.com\/file\/d\/1hJo_805LmLk664sW99S8CV4ziNdATssG\/view\" target=\"_blank\">\n\t\t\t\t\t\t<span class=\"elementor-button-content-wrapper\">\n\t\t\t\t\t\t\t\t\t<span class=\"elementor-button-text\">Descarg\u00e1 el PDF<\/span>\n\t\t\t\t\t<\/span>\n\t\t\t\t\t<\/a>\n\t\t\t\t<\/div>\n\t\t\t\t\t\t\t\t<\/div>\n\t\t\t\t<\/div>\n\t\t\t\t\t<\/div>\n\t\t<\/div>\n\t\t\t\t\t<\/div>\n\t\t<\/section>\n\t\t\t\t<section class=\"elementor-section elementor-top-section elementor-element elementor-element-dc10861 elementor-section-boxed elementor-section-height-default elementor-section-height-default\" data-id=\"dc10861\" data-element_type=\"section\" data-e-type=\"section\">\n\t\t\t\t\t\t<div class=\"elementor-container elementor-column-gap-default\">\n\t\t\t\t\t<div class=\"elementor-column elementor-col-100 elementor-top-column elementor-element elementor-element-8978450\" data-id=\"8978450\" data-element_type=\"column\" data-e-type=\"column\">\n\t\t\t<div class=\"elementor-widget-wrap elementor-element-populated\">\n\t\t\t\t\t\t<div class=\"elementor-element elementor-element-a778dde elementor-grid-3 elementor-grid-tablet-2 elementor-grid-mobile-1 elementor-posts--align-left elementor-widget elementor-widget-blogmentor_blog_posts\" data-id=\"a778dde\" data-element_type=\"widget\" data-e-type=\"widget\" data-settings=\"{&quot;bm_grid_columns&quot;:&quot;3&quot;,&quot;bm_grid_columns_tablet&quot;:&quot;2&quot;,&quot;bm_grid_columns_mobile&quot;:&quot;1&quot;,&quot;post_card_grid_gap&quot;:{&quot;unit&quot;:&quot;px&quot;,&quot;size&quot;:10,&quot;sizes&quot;:[]},&quot;post_card_row_gap&quot;:{&quot;unit&quot;:&quot;px&quot;,&quot;size&quot;:35,&quot;sizes&quot;:[]}}\" data-widget_type=\"blogmentor_blog_posts.default\">\n\t\t\t\t<div class=\"elementor-widget-container\">\n\t\t\t\t\t\t\t\n\t\t\t\t\t\t\t\t<div class=\"bm-blog-posts-wrapper\" >\n\t\t\t\t\t\t\t<div class=\"bm-blog-posts bm-display-grid elementor-grid elementor-grid-3\" >\n\t\t\t\t    <article id=\"post-20186\" class=\"item bm_layout post-20186 post type-post status-publish format-standard has-post-thumbnail hentry category-n-7 tag-abraham-leonardo-gak tag-editorial tag-salud tag-salud-colectiva\">\n\t\t<div class=\"bm-blog-post-image entry-post-image\">\n\t\t\t<div class=\"bm-post-image clearfix bm-hover-effect bm-hover-effect-blur\">\n\t\t\t\t<img decoding=\"async\" width=\"640\" height=\"371\" src=\"https:\/\/www.economicas.uba.ar\/extension\/vocesenelfenix\/wp-content\/uploads\/0700Editorial.jpg\" class=\"attachment-large size-large wp-post-image\" alt=\"\" srcset=\"https:\/\/www.economicas.uba.ar\/extension\/vocesenelfenix\/wp-content\/uploads\/0700Editorial.jpg 1080w, https:\/\/www.economicas.uba.ar\/extension\/vocesenelfenix\/wp-content\/uploads\/0700Editorial-300x174.jpg 300w, https:\/\/www.economicas.uba.ar\/extension\/vocesenelfenix\/wp-content\/uploads\/0700Editorial-768x445.jpg 768w\" sizes=\"(max-width: 640px) 100vw, 640px\" \/>\t\t\t<\/div>\n\t\t<\/div>\n        <div class=\"bm-blog-post-content bm_content_box\">\n            <h4 class=\"entry-post-title bm_title\"><a href=\"https:\/\/www.economicas.uba.ar\/extension\/vocesenelfenix\/editorial-un-bien-publico-insustituible-la-salud-colectiva\/\" rel=\"bookmark\">Editorial: Un bien p\u00fablico insustituible: la salud colectiva<\/a><\/h4>            <div class=\"bm-blog-post-meta entry-post-meta bm_meta\">\n                            <\/div>\n            <div class=\"entry-post-content bm_content\">\n                | Por Abraham Leonardo Gak |            <\/div>\n        <\/div>\n    <\/article>\n    <article id=\"post-20195\" class=\"item bm_layout post-20195 post type-post status-publish format-standard has-post-thumbnail hentry category-n-7 tag-capitalismo tag-jose-carlos-escudero tag-salud tag-salud-colectiva\">\n\t\t<div class=\"bm-blog-post-image entry-post-image\">\n\t\t\t<div class=\"bm-post-image clearfix bm-hover-effect bm-hover-effect-blur\">\n\t\t\t\t<img decoding=\"async\" width=\"640\" height=\"432\" src=\"https:\/\/www.economicas.uba.ar\/extension\/vocesenelfenix\/wp-content\/uploads\/0701Escudero.jpg\" class=\"attachment-large size-large wp-post-image\" alt=\"\" srcset=\"https:\/\/www.economicas.uba.ar\/extension\/vocesenelfenix\/wp-content\/uploads\/0701Escudero.jpg 1080w, https:\/\/www.economicas.uba.ar\/extension\/vocesenelfenix\/wp-content\/uploads\/0701Escudero-300x203.jpg 300w, https:\/\/www.economicas.uba.ar\/extension\/vocesenelfenix\/wp-content\/uploads\/0701Escudero-768x518.jpg 768w\" sizes=\"(max-width: 640px) 100vw, 640px\" \/>\t\t\t<\/div>\n\t\t<\/div>\n        <div class=\"bm-blog-post-content bm_content_box\">\n            <h4 class=\"entry-post-title bm_title\"><a href=\"https:\/\/www.economicas.uba.ar\/extension\/vocesenelfenix\/sobre-la-salud-colectiva\/\" rel=\"bookmark\">Sobre la salud colectiva<\/a><\/h4>            <div class=\"bm-blog-post-meta entry-post-meta bm_meta\">\n                            <\/div>\n            <div class=\"entry-post-content bm_content\">\n                | Por Jos\u00e9 Carlos Escudero | A lo largo de la historia de la humanidad el avance del capitalismo atent\u00f3 contra el desarrollo exitoso de la salud colectiva. \u00bfQu\u00e9 es <div><a href=\"https:\/\/www.economicas.uba.ar\/extension\/vocesenelfenix\/sobre-la-salud-colectiva\/\" rel=\"bookmark\" class=\"bm-read-more entry-read-more\">M\u00e1s \u00bb<\/a><div>            <\/div>\n        <\/div>\n    <\/article>\n    <article id=\"post-20202\" class=\"item bm_layout post-20202 post type-post status-publish format-standard has-post-thumbnail hentry category-n-7 tag-eficiencia tag-lucro tag-salud tag-salud-colectiva tag-sanidad tag-vicenc-navarro\">\n\t\t<div class=\"bm-blog-post-image entry-post-image\">\n\t\t\t<div class=\"bm-post-image clearfix bm-hover-effect bm-hover-effect-blur\">\n\t\t\t\t<img loading=\"lazy\" decoding=\"async\" width=\"640\" height=\"423\" src=\"https:\/\/www.economicas.uba.ar\/extension\/vocesenelfenix\/wp-content\/uploads\/0702Navarro.jpg\" class=\"attachment-large size-large wp-post-image\" alt=\"\" srcset=\"https:\/\/www.economicas.uba.ar\/extension\/vocesenelfenix\/wp-content\/uploads\/0702Navarro.jpg 1080w, https:\/\/www.economicas.uba.ar\/extension\/vocesenelfenix\/wp-content\/uploads\/0702Navarro-300x198.jpg 300w, https:\/\/www.economicas.uba.ar\/extension\/vocesenelfenix\/wp-content\/uploads\/0702Navarro-768x508.jpg 768w\" sizes=\"(max-width: 640px) 100vw, 640px\" \/>\t\t\t<\/div>\n\t\t<\/div>\n        <div class=\"bm-blog-post-content bm_content_box\">\n            <h4 class=\"entry-post-title bm_title\"><a href=\"https:\/\/www.economicas.uba.ar\/extension\/vocesenelfenix\/afan-de-lucro-y-sanidad\/\" rel=\"bookmark\">Af\u00e1n de Lucro y Sanidad<\/a><\/h4>            <div class=\"bm-blog-post-meta entry-post-meta bm_meta\">\n                            <\/div>\n            <div class=\"entry-post-content bm_content\">\n                | Por Vicen\u00e7 Navarro | La b\u00fasqueda del beneficio econ\u00f3mico en la gesti\u00f3n de servicios sanitarios genera que las instituciones con fines de lucro tengan menor eficiencia y mayor mortalidad <div><a href=\"https:\/\/www.economicas.uba.ar\/extension\/vocesenelfenix\/afan-de-lucro-y-sanidad\/\" rel=\"bookmark\" class=\"bm-read-more entry-read-more\">M\u00e1s \u00bb<\/a><div>            <\/div>\n        <\/div>\n    <\/article>\n    <article id=\"post-20208\" class=\"item bm_layout post-20208 post type-post status-publish format-standard has-post-thumbnail hentry category-n-7 tag-america-latina tag-asa-cristina-laurell tag-gobiernos-progresistas tag-organismos-financieros-internacionales tag-salud tag-salud-colectiva\">\n\t\t<div class=\"bm-blog-post-image entry-post-image\">\n\t\t\t<div class=\"bm-post-image clearfix bm-hover-effect bm-hover-effect-blur\">\n\t\t\t\t<img loading=\"lazy\" decoding=\"async\" width=\"640\" height=\"417\" src=\"https:\/\/www.economicas.uba.ar\/extension\/vocesenelfenix\/wp-content\/uploads\/0703Laurell.jpg\" class=\"attachment-large size-large wp-post-image\" alt=\"\" srcset=\"https:\/\/www.economicas.uba.ar\/extension\/vocesenelfenix\/wp-content\/uploads\/0703Laurell.jpg 1080w, https:\/\/www.economicas.uba.ar\/extension\/vocesenelfenix\/wp-content\/uploads\/0703Laurell-300x196.jpg 300w, https:\/\/www.economicas.uba.ar\/extension\/vocesenelfenix\/wp-content\/uploads\/0703Laurell-768x501.jpg 768w\" sizes=\"(max-width: 640px) 100vw, 640px\" \/>\t\t\t<\/div>\n\t\t<\/div>\n        <div class=\"bm-blog-post-content bm_content_box\">\n            <h4 class=\"entry-post-title bm_title\"><a href=\"https:\/\/www.economicas.uba.ar\/extension\/vocesenelfenix\/los-proyectos-de-salud-en-america-latina-dos-visiones-dos-practicas\/\" rel=\"bookmark\">Los Proyectos de Salud en Am\u00e9rica Latina:  Dos visiones, dos pr\u00e1cticas<\/a><\/h4>            <div class=\"bm-blog-post-meta entry-post-meta bm_meta\">\n                            <\/div>\n            <div class=\"entry-post-content bm_content\">\n                | Por Asa Cristina Laurell | La tensi\u00f3n entre las ideas de salud como \u00e1mbito de lucro y realizaci\u00f3n de derechos refleja las diferencias entre el enfoque de los organismos <div><a href=\"https:\/\/www.economicas.uba.ar\/extension\/vocesenelfenix\/los-proyectos-de-salud-en-america-latina-dos-visiones-dos-practicas\/\" rel=\"bookmark\" class=\"bm-read-more entry-read-more\">M\u00e1s \u00bb<\/a><div>            <\/div>\n        <\/div>\n    <\/article>\n    <article id=\"post-20215\" class=\"item bm_layout post-20215 post type-post status-publish format-standard has-post-thumbnail hentry category-n-7 tag-argentina tag-creditos tag-integracion-regional tag-mario-rovere tag-mercados tag-organismos-internacionales tag-salud\">\n\t\t<div class=\"bm-blog-post-image entry-post-image\">\n\t\t\t<div class=\"bm-post-image clearfix bm-hover-effect bm-hover-effect-blur\">\n\t\t\t\t<img loading=\"lazy\" decoding=\"async\" width=\"640\" height=\"425\" src=\"https:\/\/www.economicas.uba.ar\/extension\/vocesenelfenix\/wp-content\/uploads\/0704Rovere.jpg\" class=\"attachment-large size-large wp-post-image\" alt=\"\" srcset=\"https:\/\/www.economicas.uba.ar\/extension\/vocesenelfenix\/wp-content\/uploads\/0704Rovere.jpg 1080w, https:\/\/www.economicas.uba.ar\/extension\/vocesenelfenix\/wp-content\/uploads\/0704Rovere-300x199.jpg 300w, https:\/\/www.economicas.uba.ar\/extension\/vocesenelfenix\/wp-content\/uploads\/0704Rovere-768x511.jpg 768w, https:\/\/www.economicas.uba.ar\/extension\/vocesenelfenix\/wp-content\/uploads\/0704Rovere-640x426.jpg 640w\" sizes=\"(max-width: 640px) 100vw, 640px\" \/>\t\t\t<\/div>\n\t\t<\/div>\n        <div class=\"bm-blog-post-content bm_content_box\">\n            <h4 class=\"entry-post-title bm_title\"><a href=\"https:\/\/www.economicas.uba.ar\/extension\/vocesenelfenix\/organismos-internacionales-de-salud-y-la-argentina\/\" rel=\"bookmark\">Organismos Internacionales de Salud y la Argentina<\/a><\/h4>            <div class=\"bm-blog-post-meta entry-post-meta bm_meta\">\n                            <\/div>\n            <div class=\"entry-post-content bm_content\">\n                | Por Mario Rovere | Fortalecer los bloques regionales es el camino para romper la estructura dise\u00f1ada por los organismos internacionales de cr\u00e9dito que buscan favorecer a los mercados de <div><a href=\"https:\/\/www.economicas.uba.ar\/extension\/vocesenelfenix\/organismos-internacionales-de-salud-y-la-argentina\/\" rel=\"bookmark\" class=\"bm-read-more entry-read-more\">M\u00e1s \u00bb<\/a><div>            <\/div>\n        <\/div>\n    <\/article>\n    <article id=\"post-20221\" class=\"item bm_layout post-20221 post type-post status-publish format-standard has-post-thumbnail hentry category-n-7 tag-diego-armus tag-salud tag-salud-colectiva tag-salud-publica\">\n\t\t<div class=\"bm-blog-post-image entry-post-image\">\n\t\t\t<div class=\"bm-post-image clearfix bm-hover-effect bm-hover-effect-blur\">\n\t\t\t\t<img loading=\"lazy\" decoding=\"async\" width=\"640\" height=\"442\" src=\"https:\/\/www.economicas.uba.ar\/extension\/vocesenelfenix\/wp-content\/uploads\/0705Armus.jpg\" class=\"attachment-large size-large wp-post-image\" alt=\"\" srcset=\"https:\/\/www.economicas.uba.ar\/extension\/vocesenelfenix\/wp-content\/uploads\/0705Armus.jpg 1080w, https:\/\/www.economicas.uba.ar\/extension\/vocesenelfenix\/wp-content\/uploads\/0705Armus-300x207.jpg 300w, https:\/\/www.economicas.uba.ar\/extension\/vocesenelfenix\/wp-content\/uploads\/0705Armus-768x530.jpg 768w\" sizes=\"(max-width: 640px) 100vw, 640px\" \/>\t\t\t<\/div>\n\t\t<\/div>\n        <div class=\"bm-blog-post-content bm_content_box\">\n            <h4 class=\"entry-post-title bm_title\"><a href=\"https:\/\/www.economicas.uba.ar\/extension\/vocesenelfenix\/de-la-salud-publica-a-la-salud-colectiva\/\" rel=\"bookmark\">De la salud p\u00fablica a la salud colectiva<\/a><\/h4>            <div class=\"bm-blog-post-meta entry-post-meta bm_meta\">\n                            <\/div>\n            <div class=\"entry-post-content bm_content\">\n                | Por Diego Armus | El proceso de constituci\u00f3n de la salud p\u00fablica y los cambios introducidos en ella desde los tiempos de la colonia hasta la actualidad. La noci\u00f3n <div><a href=\"https:\/\/www.economicas.uba.ar\/extension\/vocesenelfenix\/de-la-salud-publica-a-la-salud-colectiva\/\" rel=\"bookmark\" class=\"bm-read-more entry-read-more\">M\u00e1s \u00bb<\/a><div>            <\/div>\n        <\/div>\n    <\/article>\n    <article id=\"post-20227\" class=\"item bm_layout post-20227 post type-post status-publish format-standard has-post-thumbnail hentry category-n-7 tag-argentina tag-epidemiologia tag-neoliberalismo tag-politicas-de-salud tag-politicas-socioeconomicas tag-salud tag-susan-lopez\">\n\t\t<div class=\"bm-blog-post-image entry-post-image\">\n\t\t\t<div class=\"bm-post-image clearfix bm-hover-effect bm-hover-effect-blur\">\n\t\t\t\t<img loading=\"lazy\" decoding=\"async\" width=\"640\" height=\"422\" src=\"https:\/\/www.economicas.uba.ar\/extension\/vocesenelfenix\/wp-content\/uploads\/0706Lopez.jpg\" class=\"attachment-large size-large wp-post-image\" alt=\"\" srcset=\"https:\/\/www.economicas.uba.ar\/extension\/vocesenelfenix\/wp-content\/uploads\/0706Lopez.jpg 1080w, https:\/\/www.economicas.uba.ar\/extension\/vocesenelfenix\/wp-content\/uploads\/0706Lopez-300x198.jpg 300w, https:\/\/www.economicas.uba.ar\/extension\/vocesenelfenix\/wp-content\/uploads\/0706Lopez-768x506.jpg 768w\" sizes=\"(max-width: 640px) 100vw, 640px\" \/>\t\t\t<\/div>\n\t\t<\/div>\n        <div class=\"bm-blog-post-content bm_content_box\">\n            <h4 class=\"entry-post-title bm_title\"><a href=\"https:\/\/www.economicas.uba.ar\/extension\/vocesenelfenix\/perfil-epidemiologico-de-la-argentina-las-prioridades-de-las-politicas-socioeconomicas-y-de-salud-anteriores-a-2003\/\" rel=\"bookmark\">Perfil epidemiol\u00f3gico de la Argentina: Las prioridades de las pol\u00edticas socioecon\u00f3micas y de salud anteriores a 2003<\/a><\/h4>            <div class=\"bm-blog-post-meta entry-post-meta bm_meta\">\n                            <\/div>\n            <div class=\"entry-post-content bm_content\">\n                | Por Susan L\u00f3pez | El modelo neoliberal impuesto en la d\u00e9cada de los \u00b490 contin\u00faa vigente en el \u00e1rea de salud. A\u00fan hoy se mantienen las pol\u00edticas cortoplacistas y <div><a href=\"https:\/\/www.economicas.uba.ar\/extension\/vocesenelfenix\/perfil-epidemiologico-de-la-argentina-las-prioridades-de-las-politicas-socioeconomicas-y-de-salud-anteriores-a-2003\/\" rel=\"bookmark\" class=\"bm-read-more entry-read-more\">M\u00e1s \u00bb<\/a><div>            <\/div>\n        <\/div>\n    <\/article>\n    <article id=\"post-20240\" class=\"item bm_layout post-20240 post type-post status-publish format-standard has-post-thumbnail hentry category-n-7 tag-argentina tag-dictadura-militar tag-ley-de-salud-mental tag-salud tag-salud-mental tag-vicente-galli\">\n\t\t<div class=\"bm-blog-post-image entry-post-image\">\n\t\t\t<div class=\"bm-post-image clearfix bm-hover-effect bm-hover-effect-blur\">\n\t\t\t\t<img loading=\"lazy\" decoding=\"async\" width=\"640\" height=\"433\" src=\"https:\/\/www.economicas.uba.ar\/extension\/vocesenelfenix\/wp-content\/uploads\/0707Galli.jpg\" class=\"attachment-large size-large wp-post-image\" alt=\"\" srcset=\"https:\/\/www.economicas.uba.ar\/extension\/vocesenelfenix\/wp-content\/uploads\/0707Galli.jpg 1080w, https:\/\/www.economicas.uba.ar\/extension\/vocesenelfenix\/wp-content\/uploads\/0707Galli-300x203.jpg 300w, https:\/\/www.economicas.uba.ar\/extension\/vocesenelfenix\/wp-content\/uploads\/0707Galli-768x520.jpg 768w\" sizes=\"(max-width: 640px) 100vw, 640px\" \/>\t\t\t<\/div>\n\t\t<\/div>\n        <div class=\"bm-blog-post-content bm_content_box\">\n            <h4 class=\"entry-post-title bm_title\"><a href=\"https:\/\/www.economicas.uba.ar\/extension\/vocesenelfenix\/problematicas-de-salud-mental-en-la-argentina\/\" rel=\"bookmark\">Problem\u00e1ticas de Salud Mental en la Argentina<\/a><\/h4>            <div class=\"bm-blog-post-meta entry-post-meta bm_meta\">\n                            <\/div>\n            <div class=\"entry-post-content bm_content\">\n                | Por Vicente Galli | La \u00faltima dictadura militar y el desguace del estado en la d\u00e9cada de 1990 dejaron una enorme brecha entre lo que hay que hacer y <div><a href=\"https:\/\/www.economicas.uba.ar\/extension\/vocesenelfenix\/problematicas-de-salud-mental-en-la-argentina\/\" rel=\"bookmark\" class=\"bm-read-more entry-read-more\">M\u00e1s \u00bb<\/a><div>            <\/div>\n        <\/div>\n    <\/article>\n    <article id=\"post-20246\" class=\"item bm_layout post-20246 post type-post status-publish format-standard has-post-thumbnail hentry category-n-7 tag-alimentacion tag-distribucion-del-ingreso tag-estado tag-patricia-aguirre tag-salud\">\n\t\t<div class=\"bm-blog-post-image entry-post-image\">\n\t\t\t<div class=\"bm-post-image clearfix bm-hover-effect bm-hover-effect-blur\">\n\t\t\t\t<img loading=\"lazy\" decoding=\"async\" width=\"640\" height=\"422\" src=\"https:\/\/www.economicas.uba.ar\/extension\/vocesenelfenix\/wp-content\/uploads\/0708Aguirre.jpg\" class=\"attachment-large size-large wp-post-image\" alt=\"\" srcset=\"https:\/\/www.economicas.uba.ar\/extension\/vocesenelfenix\/wp-content\/uploads\/0708Aguirre.jpg 1080w, https:\/\/www.economicas.uba.ar\/extension\/vocesenelfenix\/wp-content\/uploads\/0708Aguirre-300x198.jpg 300w, https:\/\/www.economicas.uba.ar\/extension\/vocesenelfenix\/wp-content\/uploads\/0708Aguirre-768x506.jpg 768w\" sizes=\"(max-width: 640px) 100vw, 640px\" \/>\t\t\t<\/div>\n\t\t<\/div>\n        <div class=\"bm-blog-post-content bm_content_box\">\n            <h4 class=\"entry-post-title bm_title\"><a href=\"https:\/\/www.economicas.uba.ar\/extension\/vocesenelfenix\/consecuencias-del-ajuste-en-la-alimentacion\/\" rel=\"bookmark\">Consecuencias del ajuste en la alimentaci\u00f3n<\/a><\/h4>            <div class=\"bm-blog-post-meta entry-post-meta bm_meta\">\n                            <\/div>\n            <div class=\"entry-post-content bm_content\">\n                | Por Patricia Aguirre | El impacto de la polarizaci\u00f3n de los ingresos a partir de la convertibilidad en el tipo de alimentaci\u00f3n de la poblaci\u00f3n. El cambio en los <div><a href=\"https:\/\/www.economicas.uba.ar\/extension\/vocesenelfenix\/consecuencias-del-ajuste-en-la-alimentacion\/\" rel=\"bookmark\" class=\"bm-read-more entry-read-more\">M\u00e1s \u00bb<\/a><div>            <\/div>\n        <\/div>\n    <\/article>\n    <article id=\"post-20253\" class=\"item bm_layout post-20253 post type-post status-publish format-standard has-post-thumbnail hentry category-n-7 tag-daniel-maceira tag-estrategia-sanitaria tag-salud tag-sistemas-de-salud\">\n\t\t<div class=\"bm-blog-post-image entry-post-image\">\n\t\t\t<div class=\"bm-post-image clearfix bm-hover-effect bm-hover-effect-blur\">\n\t\t\t\t<img loading=\"lazy\" decoding=\"async\" width=\"640\" height=\"420\" src=\"https:\/\/www.economicas.uba.ar\/extension\/vocesenelfenix\/wp-content\/uploads\/0709Maceira.jpg\" class=\"attachment-large size-large wp-post-image\" alt=\"\" srcset=\"https:\/\/www.economicas.uba.ar\/extension\/vocesenelfenix\/wp-content\/uploads\/0709Maceira.jpg 1080w, https:\/\/www.economicas.uba.ar\/extension\/vocesenelfenix\/wp-content\/uploads\/0709Maceira-300x197.jpg 300w, https:\/\/www.economicas.uba.ar\/extension\/vocesenelfenix\/wp-content\/uploads\/0709Maceira-768x503.jpg 768w\" sizes=\"(max-width: 640px) 100vw, 640px\" \/>\t\t\t<\/div>\n\t\t<\/div>\n        <div class=\"bm-blog-post-content bm_content_box\">\n            <h4 class=\"entry-post-title bm_title\"><a href=\"https:\/\/www.economicas.uba.ar\/extension\/vocesenelfenix\/desafios-del-sistema-de-salud-argentino\/\" rel=\"bookmark\">Desaf\u00edos del sistema de salud argentino<\/a><\/h4>            <div class=\"bm-blog-post-meta entry-post-meta bm_meta\">\n                            <\/div>\n            <div class=\"entry-post-content bm_content\">\n                | Por Daniel Maceira | Nuestro pa\u00eds cuenta hoy con un sistema segmentado de Salud que dificulta la elaboraci\u00f3n de una estrategia sanitaria de alcance nacional. \u00bfQu\u00e9 cambios deber\u00edan hacerse <div><a href=\"https:\/\/www.economicas.uba.ar\/extension\/vocesenelfenix\/desafios-del-sistema-de-salud-argentino\/\" rel=\"bookmark\" class=\"bm-read-more entry-read-more\">M\u00e1s \u00bb<\/a><div>            <\/div>\n        <\/div>\n    <\/article>\n    <article id=\"post-20265\" class=\"item bm_layout post-20265 post type-post status-publish format-standard has-post-thumbnail hentry category-n-7 tag-argentina tag-estado tag-francisco-leone tag-obras-sociales tag-salud\">\n\t\t<div class=\"bm-blog-post-image entry-post-image\">\n\t\t\t<div class=\"bm-post-image clearfix bm-hover-effect bm-hover-effect-blur\">\n\t\t\t\t<img loading=\"lazy\" decoding=\"async\" width=\"640\" height=\"433\" src=\"https:\/\/www.economicas.uba.ar\/extension\/vocesenelfenix\/wp-content\/uploads\/0710Leone.jpg\" class=\"attachment-large size-large wp-post-image\" alt=\"\" srcset=\"https:\/\/www.economicas.uba.ar\/extension\/vocesenelfenix\/wp-content\/uploads\/0710Leone.jpg 1080w, https:\/\/www.economicas.uba.ar\/extension\/vocesenelfenix\/wp-content\/uploads\/0710Leone-300x203.jpg 300w, https:\/\/www.economicas.uba.ar\/extension\/vocesenelfenix\/wp-content\/uploads\/0710Leone-768x520.jpg 768w\" sizes=\"(max-width: 640px) 100vw, 640px\" \/>\t\t\t<\/div>\n\t\t<\/div>\n        <div class=\"bm-blog-post-content bm_content_box\">\n            <h4 class=\"entry-post-title bm_title\"><a href=\"https:\/\/www.economicas.uba.ar\/extension\/vocesenelfenix\/obras-sociales-en-la-argentina-un-sintetico-relato-historico\/\" rel=\"bookmark\">Obras sociales en la Argentina: Un sint\u00e9tico relato hist\u00f3rico<\/a><\/h4>            <div class=\"bm-blog-post-meta entry-post-meta bm_meta\">\n                            <\/div>\n            <div class=\"entry-post-content bm_content\">\n                | Por Francisco Leone | Un recorrido por la historia de las obras sociales, desde su creaci\u00f3n hasta nuestros d\u00edas. Las reformas introducidas por los gobiernos militares y durante la <div><a href=\"https:\/\/www.economicas.uba.ar\/extension\/vocesenelfenix\/obras-sociales-en-la-argentina-un-sintetico-relato-historico\/\" rel=\"bookmark\" class=\"bm-read-more entry-read-more\">M\u00e1s \u00bb<\/a><div>            <\/div>\n        <\/div>\n    <\/article>\n    <article id=\"post-20271\" class=\"item bm_layout post-20271 post type-post status-publish format-standard has-post-thumbnail hentry category-n-7 tag-derecho-a-la-salud tag-infancia tag-organismos-internacionales tag-salud tag-virginia-lopez-casariego\">\n\t\t<div class=\"bm-blog-post-image entry-post-image\">\n\t\t\t<div class=\"bm-post-image clearfix bm-hover-effect bm-hover-effect-blur\">\n\t\t\t\t<img loading=\"lazy\" decoding=\"async\" width=\"640\" height=\"469\" src=\"https:\/\/www.economicas.uba.ar\/extension\/vocesenelfenix\/wp-content\/uploads\/0711Casariego.jpg\" class=\"attachment-large size-large wp-post-image\" alt=\"\" srcset=\"https:\/\/www.economicas.uba.ar\/extension\/vocesenelfenix\/wp-content\/uploads\/0711Casariego.jpg 1080w, https:\/\/www.economicas.uba.ar\/extension\/vocesenelfenix\/wp-content\/uploads\/0711Casariego-300x220.jpg 300w, https:\/\/www.economicas.uba.ar\/extension\/vocesenelfenix\/wp-content\/uploads\/0711Casariego-768x562.jpg 768w\" sizes=\"(max-width: 640px) 100vw, 640px\" \/>\t\t\t<\/div>\n\t\t<\/div>\n        <div class=\"bm-blog-post-content bm_content_box\">\n            <h4 class=\"entry-post-title bm_title\"><a href=\"https:\/\/www.economicas.uba.ar\/extension\/vocesenelfenix\/infancia-y-derecho-a-la-salud\/\" rel=\"bookmark\">Infancia y Derecho a la Salud<\/a><\/h4>            <div class=\"bm-blog-post-meta entry-post-meta bm_meta\">\n                            <\/div>\n            <div class=\"entry-post-content bm_content\">\n                | Por Virginia L\u00f3pez Casariego | Las pol\u00edticas impulsadas por los organismos internacionales de cr\u00e9dito impiden la ampliaci\u00f3n de derechos pol\u00edticos, civiles y sociales. Cumplir con los derechos de ni\u00f1os, <div><a href=\"https:\/\/www.economicas.uba.ar\/extension\/vocesenelfenix\/infancia-y-derecho-a-la-salud\/\" rel=\"bookmark\" class=\"bm-read-more entry-read-more\">M\u00e1s \u00bb<\/a><div>            <\/div>\n        <\/div>\n    <\/article>\n    <article id=\"post-20278\" class=\"item bm_layout post-20278 post type-post status-publish format-standard has-post-thumbnail hentry category-n-7 tag-adultos-mayores tag-nelida-redondo tag-personas-mayores-dependientes tag-salud tag-sistema-sociosanitario-argentino\">\n\t\t<div class=\"bm-blog-post-image entry-post-image\">\n\t\t\t<div class=\"bm-post-image clearfix bm-hover-effect bm-hover-effect-blur\">\n\t\t\t\t<img loading=\"lazy\" decoding=\"async\" width=\"640\" height=\"449\" src=\"https:\/\/www.economicas.uba.ar\/extension\/vocesenelfenix\/wp-content\/uploads\/0712Redondo.jpg\" class=\"attachment-large size-large wp-post-image\" alt=\"\" srcset=\"https:\/\/www.economicas.uba.ar\/extension\/vocesenelfenix\/wp-content\/uploads\/0712Redondo.jpg 1080w, https:\/\/www.economicas.uba.ar\/extension\/vocesenelfenix\/wp-content\/uploads\/0712Redondo-300x211.jpg 300w, https:\/\/www.economicas.uba.ar\/extension\/vocesenelfenix\/wp-content\/uploads\/0712Redondo-768x539.jpg 768w\" sizes=\"(max-width: 640px) 100vw, 640px\" \/>\t\t\t<\/div>\n\t\t<\/div>\n        <div class=\"bm-blog-post-content bm_content_box\">\n            <h4 class=\"entry-post-title bm_title\"><a href=\"https:\/\/www.economicas.uba.ar\/extension\/vocesenelfenix\/los-servicios-integrales-para-las-personas-mayores-dependientes-un-desafio-para-el-sistema-sociosanitario-argentino\/\" rel=\"bookmark\">Los servicios integrales para las personas mayores dependientes: Un desaf\u00edo para el sistema sociosanitario argentino<\/a><\/h4>            <div class=\"bm-blog-post-meta entry-post-meta bm_meta\">\n                            <\/div>\n            <div class=\"entry-post-content bm_content\">\n                | Por N\u00e9lida Redondo | Los costos de la dependencia y el bienestar de las personas mayores son un tema candente para los sistemas sociosanitarios, para las familias, y para <div><a href=\"https:\/\/www.economicas.uba.ar\/extension\/vocesenelfenix\/los-servicios-integrales-para-las-personas-mayores-dependientes-un-desafio-para-el-sistema-sociosanitario-argentino\/\" rel=\"bookmark\" class=\"bm-read-more entry-read-more\">M\u00e1s \u00bb<\/a><div>            <\/div>\n        <\/div>\n    <\/article>\n    <article id=\"post-20284\" class=\"item bm_layout post-20284 post type-post status-publish format-standard has-post-thumbnail hentry category-n-7 tag-derechos-humanos tag-genetica tag-prevencion-de-enfermedades tag-promocion-de-la-salud tag-salud tag-victor-b-penchaszadeh\">\n\t\t<div class=\"bm-blog-post-image entry-post-image\">\n\t\t\t<div class=\"bm-post-image clearfix bm-hover-effect bm-hover-effect-blur\">\n\t\t\t\t<img loading=\"lazy\" decoding=\"async\" width=\"640\" height=\"419\" src=\"https:\/\/www.economicas.uba.ar\/extension\/vocesenelfenix\/wp-content\/uploads\/0713Penchaszadeh.jpg\" class=\"attachment-large size-large wp-post-image\" alt=\"\" srcset=\"https:\/\/www.economicas.uba.ar\/extension\/vocesenelfenix\/wp-content\/uploads\/0713Penchaszadeh.jpg 1080w, https:\/\/www.economicas.uba.ar\/extension\/vocesenelfenix\/wp-content\/uploads\/0713Penchaszadeh-300x196.jpg 300w, https:\/\/www.economicas.uba.ar\/extension\/vocesenelfenix\/wp-content\/uploads\/0713Penchaszadeh-768x503.jpg 768w\" sizes=\"(max-width: 640px) 100vw, 640px\" \/>\t\t\t<\/div>\n\t\t<\/div>\n        <div class=\"bm-blog-post-content bm_content_box\">\n            <h4 class=\"entry-post-title bm_title\"><a href=\"https:\/\/www.economicas.uba.ar\/extension\/vocesenelfenix\/genetica-salud-y-derechos-humanos\/\" rel=\"bookmark\">Gen\u00e9tica, salud y derechos humanos<\/a><\/h4>            <div class=\"bm-blog-post-meta entry-post-meta bm_meta\">\n                            <\/div>\n            <div class=\"entry-post-content bm_content\">\n                | Por V\u00edctor B. Penchaszadeh | Los conocimientos en el \u00e1rea de la gen\u00e9tica tienen hoy dos \u00e1mbitos principales de aplicaci\u00f3n en nuestro pa\u00eds, la promoci\u00f3n de la salud y <div><a href=\"https:\/\/www.economicas.uba.ar\/extension\/vocesenelfenix\/genetica-salud-y-derechos-humanos\/\" rel=\"bookmark\" class=\"bm-read-more entry-read-more\">M\u00e1s \u00bb<\/a><div>            <\/div>\n        <\/div>\n    <\/article>\n    <article id=\"post-20290\" class=\"item bm_layout post-20290 post type-post status-publish format-standard has-post-thumbnail hentry category-n-7 tag-alejandro-davila tag-participacion-politica tag-participacion-popular tag-salud tag-salud-bucal tag-salud-colectiva\">\n\t\t<div class=\"bm-blog-post-image entry-post-image\">\n\t\t\t<div class=\"bm-post-image clearfix bm-hover-effect bm-hover-effect-blur\">\n\t\t\t\t<img loading=\"lazy\" decoding=\"async\" width=\"640\" height=\"460\" src=\"https:\/\/www.economicas.uba.ar\/extension\/vocesenelfenix\/wp-content\/uploads\/0714Davila.jpg\" class=\"attachment-large size-large wp-post-image\" alt=\"\" srcset=\"https:\/\/www.economicas.uba.ar\/extension\/vocesenelfenix\/wp-content\/uploads\/0714Davila.jpg 1080w, https:\/\/www.economicas.uba.ar\/extension\/vocesenelfenix\/wp-content\/uploads\/0714Davila-300x216.jpg 300w, https:\/\/www.economicas.uba.ar\/extension\/vocesenelfenix\/wp-content\/uploads\/0714Davila-768x552.jpg 768w, https:\/\/www.economicas.uba.ar\/extension\/vocesenelfenix\/wp-content\/uploads\/0714Davila-183x132.jpg 183w\" sizes=\"(max-width: 640px) 100vw, 640px\" \/>\t\t\t<\/div>\n\t\t<\/div>\n        <div class=\"bm-blog-post-content bm_content_box\">\n            <h4 class=\"entry-post-title bm_title\"><a href=\"https:\/\/www.economicas.uba.ar\/extension\/vocesenelfenix\/la-salud-bucal-parte-de-la-salud-colectiva-la-participacion-popular-y-la-politica-como-determinante-de-cambios\/\" rel=\"bookmark\">La salud bucal parte de la salud colectiva: La participaci\u00f3n popular y la pol\u00edtica como determinante de cambios<\/a><\/h4>            <div class=\"bm-blog-post-meta entry-post-meta bm_meta\">\n                            <\/div>\n            <div class=\"entry-post-content bm_content\">\n                | Por Alejandro D\u00e1vila | S\u00f3lo a partir de la capacidad del pueblo para organizarse e intervenir en la planificaci\u00f3n, ejecuci\u00f3n y control de las acciones, se podr\u00e1 pensar en <div><a href=\"https:\/\/www.economicas.uba.ar\/extension\/vocesenelfenix\/la-salud-bucal-parte-de-la-salud-colectiva-la-participacion-popular-y-la-politica-como-determinante-de-cambios\/\" rel=\"bookmark\" class=\"bm-read-more entry-read-more\">M\u00e1s \u00bb<\/a><div>            <\/div>\n        <\/div>\n    <\/article>\n    <article id=\"post-20296\" class=\"item bm_layout post-20296 post type-post status-publish format-standard has-post-thumbnail hentry category-n-7 tag-democracia tag-laura-saiz tag-ley-de-servicios-de-comunicacion-audiovisual tag-marcos-a-ordonez tag-medios-de-comunicacion tag-salud\">\n\t\t<div class=\"bm-blog-post-image entry-post-image\">\n\t\t\t<div class=\"bm-post-image clearfix bm-hover-effect bm-hover-effect-blur\">\n\t\t\t\t<img loading=\"lazy\" decoding=\"async\" width=\"640\" height=\"401\" src=\"https:\/\/www.economicas.uba.ar\/extension\/vocesenelfenix\/wp-content\/uploads\/0715Ordonez.jpg\" class=\"attachment-large size-large wp-post-image\" alt=\"\" srcset=\"https:\/\/www.economicas.uba.ar\/extension\/vocesenelfenix\/wp-content\/uploads\/0715Ordonez.jpg 1080w, https:\/\/www.economicas.uba.ar\/extension\/vocesenelfenix\/wp-content\/uploads\/0715Ordonez-300x188.jpg 300w, https:\/\/www.economicas.uba.ar\/extension\/vocesenelfenix\/wp-content\/uploads\/0715Ordonez-768x481.jpg 768w\" sizes=\"(max-width: 640px) 100vw, 640px\" \/>\t\t\t<\/div>\n\t\t<\/div>\n        <div class=\"bm-blog-post-content bm_content_box\">\n            <h4 class=\"entry-post-title bm_title\"><a href=\"https:\/\/www.economicas.uba.ar\/extension\/vocesenelfenix\/medios-de-comunicacion-y-salud-construir-una-democracia-saludable\/\" rel=\"bookmark\">Medios de comunicaci\u00f3n y salud: Construir una democracia saludable<\/a><\/h4>            <div class=\"bm-blog-post-meta entry-post-meta bm_meta\">\n                            <\/div>\n            <div class=\"entry-post-content bm_content\">\n                | Por Marcos A. Ord\u00f3\u00f1ez y Laura Saiz | La influencia de los medios masivos de comunicaci\u00f3n en la vida cotidiana permite que a trav\u00e9s de ellos se impongan medicamentos, <div><a href=\"https:\/\/www.economicas.uba.ar\/extension\/vocesenelfenix\/medios-de-comunicacion-y-salud-construir-una-democracia-saludable\/\" rel=\"bookmark\" class=\"bm-read-more entry-read-more\">M\u00e1s \u00bb<\/a><div>            <\/div>\n        <\/div>\n    <\/article>\n    <article id=\"post-20302\" class=\"item bm_layout post-20302 post type-post status-publish format-standard has-post-thumbnail hentry category-n-7 tag-estado tag-horacio-barri tag-medicamentos tag-regulacion-estatal tag-remedio tag-salud\">\n\t\t<div class=\"bm-blog-post-image entry-post-image\">\n\t\t\t<div class=\"bm-post-image clearfix bm-hover-effect bm-hover-effect-blur\">\n\t\t\t\t<img loading=\"lazy\" decoding=\"async\" width=\"640\" height=\"436\" src=\"https:\/\/www.economicas.uba.ar\/extension\/vocesenelfenix\/wp-content\/uploads\/0716Barri.jpg\" class=\"attachment-large size-large wp-post-image\" alt=\"\" srcset=\"https:\/\/www.economicas.uba.ar\/extension\/vocesenelfenix\/wp-content\/uploads\/0716Barri.jpg 1080w, https:\/\/www.economicas.uba.ar\/extension\/vocesenelfenix\/wp-content\/uploads\/0716Barri-300x204.jpg 300w, https:\/\/www.economicas.uba.ar\/extension\/vocesenelfenix\/wp-content\/uploads\/0716Barri-768x523.jpg 768w\" sizes=\"(max-width: 640px) 100vw, 640px\" \/>\t\t\t<\/div>\n\t\t<\/div>\n        <div class=\"bm-blog-post-content bm_content_box\">\n            <h4 class=\"entry-post-title bm_title\"><a href=\"https:\/\/www.economicas.uba.ar\/extension\/vocesenelfenix\/reflexiones-en-torno-a-una-politica-racional-de-medicamentos\/\" rel=\"bookmark\">Reflexiones en torno a una pol\u00edtica racional de medicamentos<\/a><\/h4>            <div class=\"bm-blog-post-meta entry-post-meta bm_meta\">\n                            <\/div>\n            <div class=\"entry-post-content bm_content\">\n                | Por Horacio Barri | La diferencia entre remedio y medicamento, una clasificaci\u00f3n de estos \u00faltimos, su uso racional y la indelegable presencia del Estado como regulador.            <\/div>\n        <\/div>\n    <\/article>\n    <article id=\"post-20308\" class=\"item bm_layout post-20308 post type-post status-publish format-standard has-post-thumbnail hentry category-n-7 tag-argentina tag-martin-a-isturiz tag-medicamentos tag-produccion-estatal-de-medicamentos tag-salud\">\n\t\t<div class=\"bm-blog-post-image entry-post-image\">\n\t\t\t<div class=\"bm-post-image clearfix bm-hover-effect bm-hover-effect-blur\">\n\t\t\t\t<img loading=\"lazy\" decoding=\"async\" width=\"640\" height=\"433\" src=\"https:\/\/www.economicas.uba.ar\/extension\/vocesenelfenix\/wp-content\/uploads\/0717Isturiz.jpg\" class=\"attachment-large size-large wp-post-image\" alt=\"\" srcset=\"https:\/\/www.economicas.uba.ar\/extension\/vocesenelfenix\/wp-content\/uploads\/0717Isturiz.jpg 1080w, https:\/\/www.economicas.uba.ar\/extension\/vocesenelfenix\/wp-content\/uploads\/0717Isturiz-300x203.jpg 300w, https:\/\/www.economicas.uba.ar\/extension\/vocesenelfenix\/wp-content\/uploads\/0717Isturiz-768x520.jpg 768w\" sizes=\"(max-width: 640px) 100vw, 640px\" \/>\t\t\t<\/div>\n\t\t<\/div>\n        <div class=\"bm-blog-post-content bm_content_box\">\n            <h4 class=\"entry-post-title bm_title\"><a href=\"https:\/\/www.economicas.uba.ar\/extension\/vocesenelfenix\/la-produccion-estatal-de-medicamentos-en-la-argentina\/\" rel=\"bookmark\">La producci\u00f3n estatal de medicamentos en la Argentina<\/a><\/h4>            <div class=\"bm-blog-post-meta entry-post-meta bm_meta\">\n                            <\/div>\n            <div class=\"entry-post-content bm_content\">\n                | Por Mart\u00edn A. Isturiz | La producci\u00f3n p\u00fablica de medicamentos es un \u00e1rea estrat\u00e9gica de la salud. C\u00f3mo fue su desarrollo en nuestro pa\u00eds, en qu\u00e9 situaci\u00f3n se encuentra <div><a href=\"https:\/\/www.economicas.uba.ar\/extension\/vocesenelfenix\/la-produccion-estatal-de-medicamentos-en-la-argentina\/\" rel=\"bookmark\" class=\"bm-read-more entry-read-more\">M\u00e1s \u00bb<\/a><div>            <\/div>\n        <\/div>\n    <\/article>\n    <article id=\"post-20314\" class=\"item bm_layout post-20314 post type-post status-publish format-standard has-post-thumbnail hentry category-n-7 tag-argentina tag-brasil tag-cuba tag-formacion tag-formacion-profesional tag-monica-c-abramzon tag-recursos-humanos tag-salud\">\n\t\t<div class=\"bm-blog-post-image entry-post-image\">\n\t\t\t<div class=\"bm-post-image clearfix bm-hover-effect bm-hover-effect-blur\">\n\t\t\t\t<img loading=\"lazy\" decoding=\"async\" width=\"640\" height=\"321\" src=\"https:\/\/www.economicas.uba.ar\/extension\/vocesenelfenix\/wp-content\/uploads\/0718Abramzon.jpg\" class=\"attachment-large size-large wp-post-image\" alt=\"\" srcset=\"https:\/\/www.economicas.uba.ar\/extension\/vocesenelfenix\/wp-content\/uploads\/0718Abramzon.jpg 1080w, https:\/\/www.economicas.uba.ar\/extension\/vocesenelfenix\/wp-content\/uploads\/0718Abramzon-300x150.jpg 300w, https:\/\/www.economicas.uba.ar\/extension\/vocesenelfenix\/wp-content\/uploads\/0718Abramzon-768x385.jpg 768w\" sizes=\"(max-width: 640px) 100vw, 640px\" \/>\t\t\t<\/div>\n\t\t<\/div>\n        <div class=\"bm-blog-post-content bm_content_box\">\n            <h4 class=\"entry-post-title bm_title\"><a href=\"https:\/\/www.economicas.uba.ar\/extension\/vocesenelfenix\/acerca-de-la-formacion-de-recursos-humanos-en-salud\/\" rel=\"bookmark\">Acerca de la formaci\u00f3n de recursos humanos en salud<\/a><\/h4>            <div class=\"bm-blog-post-meta entry-post-meta bm_meta\">\n                            <\/div>\n            <div class=\"entry-post-content bm_content\">\n                | Por M\u00f3nica C. Abramz\u00f3n | La necesidad de cambio y actualizaci\u00f3n en los procesos de formaci\u00f3n de los profesionales en Salud. Las experiencias de Brasil y Cuba, y la <div><a href=\"https:\/\/www.economicas.uba.ar\/extension\/vocesenelfenix\/acerca-de-la-formacion-de-recursos-humanos-en-salud\/\" rel=\"bookmark\" class=\"bm-read-more entry-read-more\">M\u00e1s \u00bb<\/a><div>            <\/div>\n        <\/div>\n    <\/article>\n\t\t\t\t<\/div><\/div>\n\t\t\t\t\t\t\t\t<\/div>\n\t\t\t\t<\/div>\n\t\t\t\t\t<\/div>\n\t\t<\/div>\n\t\t\t\t\t<\/div>\n\t\t<\/section>\n\t\t\t\t<section class=\"elementor-section elementor-top-section elementor-element elementor-element-6b4997d elementor-section-boxed elementor-section-height-default elementor-section-height-default\" data-id=\"6b4997d\" data-element_type=\"section\" data-e-type=\"section\" data-settings=\"{&quot;background_background&quot;:&quot;classic&quot;}\">\n\t\t\t\t\t\t<div class=\"elementor-container elementor-column-gap-default\">\n\t\t\t\t\t<div class=\"elementor-column elementor-col-100 elementor-top-column elementor-element elementor-element-84cfc19\" data-id=\"84cfc19\" data-element_type=\"column\" data-e-type=\"column\" data-settings=\"{&quot;background_background&quot;:&quot;classic&quot;}\">\n\t\t\t<div class=\"elementor-widget-wrap elementor-element-populated\">\n\t\t\t\t\t\t<div class=\"elementor-element elementor-element-b6a0cab elementor-widget elementor-widget-text-editor\" data-id=\"b6a0cab\" data-element_type=\"widget\" data-e-type=\"widget\" data-widget_type=\"text-editor.default\">\n\t\t\t\t<div class=\"elementor-widget-container\">\n\t\t\t\t\t\t\t\t\t<h5 style=\"text-align: left;\">REPORTAJES:<\/h5><p>En esta nueva edici\u00f3n de Voces en el F\u00e9nix dedicada al tema de la salud, realizamos una serie de reportajes audiovisuales de experiencias que, si bien tienen como com\u00fan denominador el tema de la Salud Colectiva, son bastante distintas entre s\u00ed. Por un lado, entrevistamos a tres j\u00f3venes que forman parte de Cooperanza, un colectivo que trabaja con internos del Hospital Borda y que se define en la b\u00fasqueda de una alternativa a la manicomializaci\u00f3n.<\/p><p>El segundo reportaje es a una m\u00e9dica pediatra neonat\u00f3loga que es la jefa del Servicio de Neonatolog\u00eda del Hospital Paroissien de La Matanza, quien nos cuenta las vicisitudes de su trabajo cotidiano en el hospital provincial m\u00e1s grande de Buenos Aires.<\/p><p>Por \u00faltimo, una entrevista a un estudiante de la carrera de Medicina de la UBA que, junto con un grupo de m\u00e9dicos y bioqu\u00edmicos comprometidos con su disciplina, dan vida a un Centro Comunitario de Promoci\u00f3n de la Salud en uno de los barrios m\u00e1s pobres del sur de la ciudad de Buenos Aires.<\/p><p>Esperamos puedan disfrutar de estos reportajes, y nos volvemos a encontrar en la pr\u00f3xima edici\u00f3n de Voces en el F\u00e9nix.<\/p>\t\t\t\t\t\t\t\t<\/div>\n\t\t\t\t<\/div>\n\t\t\t\t\t<\/div>\n\t\t<\/div>\n\t\t\t\t\t<\/div>\n\t\t<\/section>\n\t\t\t\t<section class=\"elementor-section elementor-top-section elementor-element elementor-element-8e642c5 elementor-section-boxed elementor-section-height-default elementor-section-height-default\" data-id=\"8e642c5\" data-element_type=\"section\" data-e-type=\"section\" data-settings=\"{&quot;background_background&quot;:&quot;classic&quot;}\">\n\t\t\t\t\t\t<div class=\"elementor-container elementor-column-gap-default\">\n\t\t\t\t\t<div class=\"elementor-column elementor-col-33 elementor-top-column elementor-element elementor-element-2b4f116\" data-id=\"2b4f116\" data-element_type=\"column\" data-e-type=\"column\" data-settings=\"{&quot;background_background&quot;:&quot;classic&quot;}\">\n\t\t\t<div class=\"elementor-widget-wrap elementor-element-populated\">\n\t\t\t\t\t\t<div class=\"elementor-element elementor-element-3f95a33 elementor-widget elementor-widget-text-editor\" data-id=\"3f95a33\" data-element_type=\"widget\" data-e-type=\"widget\" data-widget_type=\"text-editor.default\">\n\t\t\t\t<div class=\"elementor-widget-container\">\n\t\t\t\t\t\t\t\t\t<h5><iframe title=\"YouTube video player\" src=\"https:\/\/www.youtube.com\/embed\/7653VjSTyyg\" width=\"560\" height=\"150\" frameborder=\"0\" allowfullscreen=\"allowfullscreen\"><\/iframe><br \/>Cooperanza\u00a0<\/h5><p><strong>Hospital Jos\u00e9 T. Borda<\/strong><\/p><p>Desde hace 25 a\u00f1os Cooperanza, un colectivo social autogestivo, viene trabajando sin reconocimiento oficial por parte de las autoridades del Hospital J.T. Borda con los internos cronificados de la instituci\u00f3n.<\/p><p>Estos j\u00f3venes, que se re\u00fanen todos los s\u00e1bados, conforman un espacio de intervenci\u00f3n que cuestiona e intenta romper la relaci\u00f3n existente y naturalizada entre pobreza y locura, reparando la vincularidad de personas que est\u00e1n internadas desde hace 30 o 40 a\u00f1os, y que llegaron a este presente, en muchos casos, a causa de procesos judiciales o por el solo hecho de encontrarse en situaci\u00f3n de calle.<\/p><p>Adem\u00e1s, procuran transformar la l\u00f3gica de exclusi\u00f3n y estigmatizaci\u00f3n de la locura que propone el sistema de encierro, en una propuesta creativa e inclusiva.<\/p><p>En esta entrevista, tres integrantes del colectivo nos cuentan c\u00f3mo a partir de herramientas art\u00edsticas y l\u00fadicas generan nuevas formas de expresi\u00f3n en los internos que permiten establecer nuevos v\u00ednculos.<\/p><p>Cooperanza es una alternativa al modelo manicomial (que propone encierro y marginalidad como respuesta a los padeceres ps\u00edquicos) que parte de la concepci\u00f3n de que la salud mental es s\u00f3lo una parte de la salud, y que el objetivo es integrar una salud colectiva, porque la \u00fanica manera de curarnos es con el otro.<\/p>\t\t\t\t\t\t\t\t<\/div>\n\t\t\t\t<\/div>\n\t\t\t\t\t<\/div>\n\t\t<\/div>\n\t\t\t\t<div class=\"elementor-column elementor-col-33 elementor-top-column elementor-element elementor-element-f4b255c\" data-id=\"f4b255c\" data-element_type=\"column\" data-e-type=\"column\" data-settings=\"{&quot;background_background&quot;:&quot;classic&quot;}\">\n\t\t\t<div class=\"elementor-widget-wrap elementor-element-populated\">\n\t\t\t\t\t\t<div class=\"elementor-element elementor-element-e2296e5 elementor-widget elementor-widget-text-editor\" data-id=\"e2296e5\" data-element_type=\"widget\" data-e-type=\"widget\" data-widget_type=\"text-editor.default\">\n\t\t\t\t<div class=\"elementor-widget-container\">\n\t\t\t\t\t\t\t\t\t<h5><iframe title=\"YouTube video player\" src=\"https:\/\/www.youtube.com\/embed\/OrxF_eaNR60\" width=\"560\" height=\"150\" frameborder=\"0\" allowfullscreen=\"allowfullscreen\"><\/iframe><br \/>Alcira Escandar<\/h5><p><strong>Hospital Diego Paroissien &#8211; La Matanza\u00a0<\/strong><\/p><p>El Hospital Diego Paroissien de La Matanza es el hospital provincial m\u00e1s grande de la provincia de Buenos Aires. Es un hospital general, es decir, contiene todas las especialidades para tratar a las personas desde su nacimiento hasta la vejez. En \u00e9l se atiende mayoritariamente una poblaci\u00f3n sin cobertura m\u00e9dica, proveniente de los sectores medios pobres y pobres del conurbano bonaerense.<\/p><p>Hasta all\u00ed fuimos y entrevistamos a la doctora Alcira Escandar, jefa del Servicio de Neonatolog\u00eda del hospital, con quien dialogamos acerca de su trabajo y de los impactos de la implementaci\u00f3n de pol\u00edticas estatales, principalmente la asignaci\u00f3n universal por hijo, que permite reconstruir el h\u00e1bito de ir al hospital y hacer controles a los chicos, y la asignaci\u00f3n a la mujer a partir del tercer mes de embarazo, que facilita la detecci\u00f3n temprana de problemas en la gestaci\u00f3n.<\/p><p>Tras recorrer las instalaciones y ver el funcionamiento cotidiano, nos fuimos con la fuerte impresi\u00f3n de que los pacientes son los verdaderos due\u00f1os de los hospitales, y que ante la enfermedad, los profesionales de la salud en su conjunto tienen que estar a su disposici\u00f3n.<\/p>\t\t\t\t\t\t\t\t<\/div>\n\t\t\t\t<\/div>\n\t\t\t\t\t<\/div>\n\t\t<\/div>\n\t\t\t\t<div class=\"elementor-column elementor-col-33 elementor-top-column elementor-element elementor-element-0655b42\" data-id=\"0655b42\" data-element_type=\"column\" data-e-type=\"column\" data-settings=\"{&quot;background_background&quot;:&quot;classic&quot;}\">\n\t\t\t<div class=\"elementor-widget-wrap elementor-element-populated\">\n\t\t\t\t\t\t<div class=\"elementor-element elementor-element-eff9741 elementor-widget elementor-widget-text-editor\" data-id=\"eff9741\" data-element_type=\"widget\" data-e-type=\"widget\" data-widget_type=\"text-editor.default\">\n\t\t\t\t<div class=\"elementor-widget-container\">\n\t\t\t\t\t\t\t\t\t<h5><iframe title=\"YouTube video player\" src=\"https:\/\/www.youtube.com\/embed\/uYME0PEmQQA\" width=\"560\" height=\"150\" frameborder=\"0\" allowfullscreen=\"allowfullscreen\"><\/iframe><br \/>Jos\u00e9 Gazpio<\/h5><p><strong>Centro comunitario de promoci\u00f3n de la salud &#8211; Barrio Rivadavia\u00a0<\/strong><\/p><p>En el sur de la ciudad de Buenos Aires nos encontramos con una experiencia innovadora. En el Barrio Rivadavia, pegado a la Villa 1-11-14, funciona un Centro Comunitario de Promoci\u00f3n de la Salud que abre sus puertas los s\u00e1bados de 10 a 14. All\u00ed, m\u00e9dicos, bioqu\u00edmicos, estudiantes de medicina y vecinos trabajan de manera conjunta para construir una pr\u00e1ctica de salud colectiva.<\/p><p>Rompiendo con la l\u00f3gica de las instituciones de salud que esperan que la gente se acerque, los integrantes de este centro comunitario salen al barrio con una mirada integral de la salud que implica mejorar las condiciones de vida, contando para ello con agua potable, cloacas, trabajo digno, e incorporando como elemento central pr\u00e1cticas culturales diversas y alternativas.<\/p><p>De esta manera se construye d\u00eda a d\u00eda un centro que intenta resolver las problemas de atenci\u00f3n primaria y ser, al mismo tiempo, una puerta de acceso al sistema de salud, dejando de lado la idea mercantilista de que la atenci\u00f3n primaria es s\u00f3lo para los pobres o para abaratar costos, y haciendo hincapi\u00e9 en que el principal problema de la atenci\u00f3n en salud no es monetario sino ideol\u00f3gico, es decir, definir al servicio de qui\u00e9n est\u00e1 el sistema de salud.<\/p>\t\t\t\t\t\t\t\t<\/div>\n\t\t\t\t<\/div>\n\t\t\t\t\t<\/div>\n\t\t<\/div>\n\t\t\t\t\t<\/div>\n\t\t<\/section>\n\t\t\t\t<\/div>\n\t\t","protected":false},"excerpt":{"rendered":"<p>N\u00daMERO 7 EN ESTADO CR\u00cdTICO SALUD LA SALUD COLECTIVA EN TENSI\u00d3N. \u00bf\u00c1MBITO DE LUCRO O ESPACIO DE REALIZACI\u00d3N DE DERECHOS? EL ACCESO A LA NUTRICI\u00d3N, LA EDUCACI\u00d3N, LA VIVIENDA, EL<\/p>\n","protected":false},"author":5,"featured_media":0,"parent":0,"menu_order":0,"comment_status":"closed","ping_status":"closed","template":"","meta":{"footnotes":""},"class_list":["post-20178","page","type-page","status-publish","hentry"],"_links":{"self":[{"href":"https:\/\/www.economicas.uba.ar\/extension\/vocesenelfenix\/wp-json\/wp\/v2\/pages\/20178","targetHints":{"allow":["GET"]}}],"collection":[{"href":"https:\/\/www.economicas.uba.ar\/extension\/vocesenelfenix\/wp-json\/wp\/v2\/pages"}],"about":[{"href":"https:\/\/www.economicas.uba.ar\/extension\/vocesenelfenix\/wp-json\/wp\/v2\/types\/page"}],"author":[{"embeddable":true,"href":"https:\/\/www.economicas.uba.ar\/extension\/vocesenelfenix\/wp-json\/wp\/v2\/users\/5"}],"replies":[{"embeddable":true,"href":"https:\/\/www.economicas.uba.ar\/extension\/vocesenelfenix\/wp-json\/wp\/v2\/comments?post=20178"}],"version-history":[{"count":10,"href":"https:\/\/www.economicas.uba.ar\/extension\/vocesenelfenix\/wp-json\/wp\/v2\/pages\/20178\/revisions"}],"predecessor-version":[{"id":20194,"href":"https:\/\/www.economicas.uba.ar\/extension\/vocesenelfenix\/wp-json\/wp\/v2\/pages\/20178\/revisions\/20194"}],"wp:attachment":[{"href":"https:\/\/www.economicas.uba.ar\/extension\/vocesenelfenix\/wp-json\/wp\/v2\/media?parent=20178"}],"curies":[{"name":"wp","href":"https:\/\/api.w.org\/{rel}","templated":true}]}}