{"id":20323,"date":"2011-06-01T00:01:00","date_gmt":"2011-06-01T03:01:00","guid":{"rendered":"https:\/\/www.economicas.uba.ar\/extension\/vocesenelfenix\/?page_id=20323"},"modified":"2023-02-08T17:38:21","modified_gmt":"2023-02-08T20:38:21","slug":"numero-6","status":"publish","type":"page","link":"https:\/\/www.economicas.uba.ar\/extension\/vocesenelfenix\/numero-6\/","title":{"rendered":"N\u00famero 6"},"content":{"rendered":"\t\t<div data-elementor-type=\"wp-page\" data-elementor-id=\"20323\" class=\"elementor elementor-20323\" data-elementor-post-type=\"page\">\n\t\t\t\t\t\t<section class=\"elementor-section elementor-top-section elementor-element elementor-element-56a0f33 elementor-section-boxed elementor-section-height-default elementor-section-height-default\" data-id=\"56a0f33\" data-element_type=\"section\" data-e-type=\"section\" data-settings=\"{&quot;background_background&quot;:&quot;classic&quot;}\">\n\t\t\t\t\t\t<div class=\"elementor-container elementor-column-gap-default\">\n\t\t\t\t\t<div class=\"elementor-column elementor-col-33 elementor-top-column elementor-element elementor-element-293dc8a\" data-id=\"293dc8a\" data-element_type=\"column\" data-e-type=\"column\">\n\t\t\t<div class=\"elementor-widget-wrap elementor-element-populated\">\n\t\t\t\t\t\t<div class=\"elementor-element elementor-element-c21ffd7 elementor-widget elementor-widget-image\" data-id=\"c21ffd7\" data-element_type=\"widget\" data-e-type=\"widget\" data-widget_type=\"image.default\">\n\t\t\t\t<div class=\"elementor-widget-container\">\n\t\t\t\t\t\t\t\t\t\t\t\t\t\t\t\t<a href=\"https:\/\/drive.google.com\/file\/d\/1W4WVHoqMnLqG5DhV6vMobp5UchryD7Q8\/view\" target=\"_blank\">\n\t\t\t\t\t\t\t<img fetchpriority=\"high\" decoding=\"async\" width=\"193\" height=\"273\" src=\"https:\/\/www.economicas.uba.ar\/extension\/vocesenelfenix\/wp-content\/uploads\/tapa06.jpg\" class=\"attachment-large size-large wp-image-1874\" alt=\"\" \/>\t\t\t\t\t\t\t\t<\/a>\n\t\t\t\t\t\t\t\t\t\t\t\t\t\t\t<\/div>\n\t\t\t\t<\/div>\n\t\t\t\t\t<\/div>\n\t\t<\/div>\n\t\t\t\t<div class=\"elementor-column elementor-col-66 elementor-top-column elementor-element elementor-element-aa1a488\" data-id=\"aa1a488\" data-element_type=\"column\" data-e-type=\"column\">\n\t\t\t<div class=\"elementor-widget-wrap elementor-element-populated\">\n\t\t\t\t\t\t<div class=\"elementor-element elementor-element-c1f60d5 elementor-widget elementor-widget-text-editor\" data-id=\"c1f60d5\" data-element_type=\"widget\" data-e-type=\"widget\" data-widget_type=\"text-editor.default\">\n\t\t\t\t<div class=\"elementor-widget-container\">\n\t\t\t\t\t\t\t\t\t<h5>N\u00daMERO 6<\/h5><h3>\u00bfLA CLASE OBRERA VA AL PARA\u00cdSO?<\/h3><h6>EMPLEO<\/h6><p><br \/>EN LOS \u00daLTIMOS 10 A\u00d1OS EL MUNDO DEL TRABAJO REGISTR\u00d3 IMPORTANTES TRANSFORMACIONES, DESDE REFORMAS EN EL MARCO LEGAL HASTA LOS CAMBIOS EN MATERIA DE SEGURIDAD SOCIAL. ES TIEMPO DE HACER UN BALANCE.<\/p>\t\t\t\t\t\t\t\t<\/div>\n\t\t\t\t<\/div>\n\t\t\t\t<div class=\"elementor-element elementor-element-740bb03 elementor-widget elementor-widget-button\" data-id=\"740bb03\" data-element_type=\"widget\" data-e-type=\"widget\" data-widget_type=\"button.default\">\n\t\t\t\t<div class=\"elementor-widget-container\">\n\t\t\t\t\t\t\t\t\t<div class=\"elementor-button-wrapper\">\n\t\t\t\t\t<a class=\"elementor-button elementor-button-link elementor-size-xs\" href=\"https:\/\/drive.google.com\/file\/d\/1W4WVHoqMnLqG5DhV6vMobp5UchryD7Q8\/view\" target=\"_blank\">\n\t\t\t\t\t\t<span class=\"elementor-button-content-wrapper\">\n\t\t\t\t\t\t\t\t\t<span class=\"elementor-button-text\">Descarg\u00e1 el PDF<\/span>\n\t\t\t\t\t<\/span>\n\t\t\t\t\t<\/a>\n\t\t\t\t<\/div>\n\t\t\t\t\t\t\t\t<\/div>\n\t\t\t\t<\/div>\n\t\t\t\t\t<\/div>\n\t\t<\/div>\n\t\t\t\t\t<\/div>\n\t\t<\/section>\n\t\t\t\t<section class=\"elementor-section elementor-top-section elementor-element elementor-element-a135ac1 elementor-section-boxed elementor-section-height-default elementor-section-height-default\" data-id=\"a135ac1\" data-element_type=\"section\" data-e-type=\"section\">\n\t\t\t\t\t\t<div class=\"elementor-container elementor-column-gap-default\">\n\t\t\t\t\t<div class=\"elementor-column elementor-col-100 elementor-top-column elementor-element elementor-element-da439d4\" data-id=\"da439d4\" data-element_type=\"column\" data-e-type=\"column\">\n\t\t\t<div class=\"elementor-widget-wrap elementor-element-populated\">\n\t\t\t\t\t\t<div class=\"elementor-element elementor-element-1cce4cc elementor-grid-3 elementor-grid-tablet-2 elementor-grid-mobile-1 elementor-posts--align-left elementor-widget elementor-widget-blogmentor_blog_posts\" data-id=\"1cce4cc\" data-element_type=\"widget\" data-e-type=\"widget\" data-settings=\"{&quot;bm_grid_columns&quot;:&quot;3&quot;,&quot;bm_grid_columns_tablet&quot;:&quot;2&quot;,&quot;bm_grid_columns_mobile&quot;:&quot;1&quot;,&quot;post_card_grid_gap&quot;:{&quot;unit&quot;:&quot;px&quot;,&quot;size&quot;:10,&quot;sizes&quot;:[]},&quot;post_card_row_gap&quot;:{&quot;unit&quot;:&quot;px&quot;,&quot;size&quot;:35,&quot;sizes&quot;:[]}}\" data-widget_type=\"blogmentor_blog_posts.default\">\n\t\t\t\t<div class=\"elementor-widget-container\">\n\t\t\t\t\t\t\t\n\t\t\t\t\t\t\t\t<div class=\"bm-blog-posts-wrapper\" >\n\t\t\t\t\t\t\t<div class=\"bm-blog-posts bm-display-grid elementor-grid elementor-grid-3\" >\n\t\t\t\t    <article id=\"post-20331\" class=\"item bm_layout post-20331 post type-post status-publish format-standard has-post-thumbnail hentry category-n-6 tag-abraham-leonardo-gak tag-derechos tag-editorial tag-empleo tag-trabajo\">\n\t\t<div class=\"bm-blog-post-image entry-post-image\">\n\t\t\t<div class=\"bm-post-image clearfix bm-hover-effect bm-hover-effect-blur\">\n\t\t\t\t<img decoding=\"async\" width=\"640\" height=\"452\" src=\"https:\/\/www.economicas.uba.ar\/extension\/vocesenelfenix\/wp-content\/uploads\/0600Editorial.jpg\" class=\"attachment-large size-large wp-post-image\" alt=\"\" srcset=\"https:\/\/www.economicas.uba.ar\/extension\/vocesenelfenix\/wp-content\/uploads\/0600Editorial.jpg 1080w, https:\/\/www.economicas.uba.ar\/extension\/vocesenelfenix\/wp-content\/uploads\/0600Editorial-300x212.jpg 300w, https:\/\/www.economicas.uba.ar\/extension\/vocesenelfenix\/wp-content\/uploads\/0600Editorial-768x542.jpg 768w\" sizes=\"(max-width: 640px) 100vw, 640px\" \/>\t\t\t<\/div>\n\t\t<\/div>\n        <div class=\"bm-blog-post-content bm_content_box\">\n            <h4 class=\"entry-post-title bm_title\"><a href=\"https:\/\/www.economicas.uba.ar\/extension\/vocesenelfenix\/editorial-la-superacion-de-derechos-perdidos\/\" rel=\"bookmark\">Editorial: La superaci\u00f3n de derechos perdidos<\/a><\/h4>            <div class=\"bm-blog-post-meta entry-post-meta bm_meta\">\n                            <\/div>\n            <div class=\"entry-post-content bm_content\">\n                | Por Abraham Leonardo Gak |            <\/div>\n        <\/div>\n    <\/article>\n    <article id=\"post-20340\" class=\"item bm_layout post-20340 post type-post status-publish format-standard has-post-thumbnail hentry category-n-6 tag-convertibilidad tag-derechos tag-empleo tag-hector-pedro-recalde tag-posconvertibilidad tag-reforma-laboral tag-trabajadores tag-trabajo\">\n\t\t<div class=\"bm-blog-post-image entry-post-image\">\n\t\t\t<div class=\"bm-post-image clearfix bm-hover-effect bm-hover-effect-blur\">\n\t\t\t\t<img decoding=\"async\" width=\"640\" height=\"437\" src=\"https:\/\/www.economicas.uba.ar\/extension\/vocesenelfenix\/wp-content\/uploads\/0601Recalde.jpg\" class=\"attachment-large size-large wp-post-image\" alt=\"\" srcset=\"https:\/\/www.economicas.uba.ar\/extension\/vocesenelfenix\/wp-content\/uploads\/0601Recalde.jpg 1080w, https:\/\/www.economicas.uba.ar\/extension\/vocesenelfenix\/wp-content\/uploads\/0601Recalde-300x205.jpg 300w, https:\/\/www.economicas.uba.ar\/extension\/vocesenelfenix\/wp-content\/uploads\/0601Recalde-768x525.jpg 768w\" sizes=\"(max-width: 640px) 100vw, 640px\" \/>\t\t\t<\/div>\n\t\t<\/div>\n        <div class=\"bm-blog-post-content bm_content_box\">\n            <h4 class=\"entry-post-title bm_title\"><a href=\"https:\/\/www.economicas.uba.ar\/extension\/vocesenelfenix\/reformas-laborales-durante-la-convertibilidad-y-la-posconvertibilidad\/\" rel=\"bookmark\">Reformas laborales durante la convertibilidad y la posconvertibilidad<\/a><\/h4>            <div class=\"bm-blog-post-meta entry-post-meta bm_meta\">\n                            <\/div>\n            <div class=\"entry-post-content bm_content\">\n                | Por H\u00e9ctor Pedro Recalde | Un repaso por las principales normativas laborales dictadas durante la convertibilidad y la posconvertibilidad. Los derechos colectivos y los derechos individuales de los\/as trabajadores\/as <div><a href=\"https:\/\/www.economicas.uba.ar\/extension\/vocesenelfenix\/reformas-laborales-durante-la-convertibilidad-y-la-posconvertibilidad\/\" rel=\"bookmark\" class=\"bm-read-more entry-read-more\">M\u00e1s \u00bb<\/a><div>            <\/div>\n        <\/div>\n    <\/article>\n    <article id=\"post-20346\" class=\"item bm_layout post-20346 post type-post status-publish format-standard has-post-thumbnail hentry category-n-6 tag-empleo tag-estado tag-eugenio-hugo-biafore tag-flexibilidad-laboral tag-sistema-de-produccion tag-trabajo\">\n\t\t<div class=\"bm-blog-post-image entry-post-image\">\n\t\t\t<div class=\"bm-post-image clearfix bm-hover-effect bm-hover-effect-blur\">\n\t\t\t\t<img loading=\"lazy\" decoding=\"async\" width=\"640\" height=\"442\" src=\"https:\/\/www.economicas.uba.ar\/extension\/vocesenelfenix\/wp-content\/uploads\/0602Biafore.jpg\" class=\"attachment-large size-large wp-post-image\" alt=\"\" srcset=\"https:\/\/www.economicas.uba.ar\/extension\/vocesenelfenix\/wp-content\/uploads\/0602Biafore.jpg 1080w, https:\/\/www.economicas.uba.ar\/extension\/vocesenelfenix\/wp-content\/uploads\/0602Biafore-300x207.jpg 300w, https:\/\/www.economicas.uba.ar\/extension\/vocesenelfenix\/wp-content\/uploads\/0602Biafore-768x530.jpg 768w\" sizes=\"(max-width: 640px) 100vw, 640px\" \/>\t\t\t<\/div>\n\t\t<\/div>\n        <div class=\"bm-blog-post-content bm_content_box\">\n            <h4 class=\"entry-post-title bm_title\"><a href=\"https:\/\/www.economicas.uba.ar\/extension\/vocesenelfenix\/reflexiones-sobre-la-flexibilidad-laboral\/\" rel=\"bookmark\">Reflexiones sobre la flexibilidad laboral<\/a><\/h4>            <div class=\"bm-blog-post-meta entry-post-meta bm_meta\">\n                            <\/div>\n            <div class=\"entry-post-content bm_content\">\n                | Por Eugenio Hugo Biafore | Una comparaci\u00f3n de los elementos caracter\u00edsticos de los modelos de acumulaci\u00f3n fordista y neoliberal. El rol del Estado en cada uno de ellos y <div><a href=\"https:\/\/www.economicas.uba.ar\/extension\/vocesenelfenix\/reflexiones-sobre-la-flexibilidad-laboral\/\" rel=\"bookmark\" class=\"bm-read-more entry-read-more\">M\u00e1s \u00bb<\/a><div>            <\/div>\n        <\/div>\n    <\/article>\n    <article id=\"post-20352\" class=\"item bm_layout post-20352 post type-post status-publish format-standard has-post-thumbnail hentry category-n-6 tag-argentina tag-cooperativas-de-trabajo tag-empleo tag-mirta-vuotto tag-trabajo\">\n\t\t<div class=\"bm-blog-post-image entry-post-image\">\n\t\t\t<div class=\"bm-post-image clearfix bm-hover-effect bm-hover-effect-blur\">\n\t\t\t\t<img loading=\"lazy\" decoding=\"async\" width=\"640\" height=\"443\" src=\"https:\/\/www.economicas.uba.ar\/extension\/vocesenelfenix\/wp-content\/uploads\/0603Vuotto.jpg\" class=\"attachment-large size-large wp-post-image\" alt=\"\" srcset=\"https:\/\/www.economicas.uba.ar\/extension\/vocesenelfenix\/wp-content\/uploads\/0603Vuotto.jpg 1080w, https:\/\/www.economicas.uba.ar\/extension\/vocesenelfenix\/wp-content\/uploads\/0603Vuotto-300x208.jpg 300w, https:\/\/www.economicas.uba.ar\/extension\/vocesenelfenix\/wp-content\/uploads\/0603Vuotto-768x531.jpg 768w\" sizes=\"(max-width: 640px) 100vw, 640px\" \/>\t\t\t<\/div>\n\t\t<\/div>\n        <div class=\"bm-blog-post-content bm_content_box\">\n            <h4 class=\"entry-post-title bm_title\"><a href=\"https:\/\/www.economicas.uba.ar\/extension\/vocesenelfenix\/acerca-del-cooperativismo-de-trabajo-en-la-argentina\/\" rel=\"bookmark\">Acerca del cooperativismo de trabajo en la Argentina<\/a><\/h4>            <div class=\"bm-blog-post-meta entry-post-meta bm_meta\">\n                            <\/div>\n            <div class=\"entry-post-content bm_content\">\n                | Por Mirta Vuotto | Un recorrido a trav\u00e9s de la historia del cooperativismo, desde sus or\u00edgenes en Francia a mediados del siglo XIX, hasta su desarrollo en nuestro pa\u00eds <div><a href=\"https:\/\/www.economicas.uba.ar\/extension\/vocesenelfenix\/acerca-del-cooperativismo-de-trabajo-en-la-argentina\/\" rel=\"bookmark\" class=\"bm-read-more entry-read-more\">M\u00e1s \u00bb<\/a><div>            <\/div>\n        <\/div>\n    <\/article>\n    <article id=\"post-20359\" class=\"item bm_layout post-20359 post type-post status-publish format-standard has-post-thumbnail hentry category-n-6 tag-conflictividad-laboral tag-empleo tag-hector-palomino tag-participacion-en-los-ingresos tag-salario tag-sindicatos tag-trabajo\">\n\t\t<div class=\"bm-blog-post-image entry-post-image\">\n\t\t\t<div class=\"bm-post-image clearfix bm-hover-effect bm-hover-effect-blur\">\n\t\t\t\t<img loading=\"lazy\" decoding=\"async\" width=\"640\" height=\"441\" src=\"https:\/\/www.economicas.uba.ar\/extension\/vocesenelfenix\/wp-content\/uploads\/0604Palomino.jpg\" class=\"attachment-large size-large wp-post-image\" alt=\"\" srcset=\"https:\/\/www.economicas.uba.ar\/extension\/vocesenelfenix\/wp-content\/uploads\/0604Palomino.jpg 1080w, https:\/\/www.economicas.uba.ar\/extension\/vocesenelfenix\/wp-content\/uploads\/0604Palomino-300x207.jpg 300w, https:\/\/www.economicas.uba.ar\/extension\/vocesenelfenix\/wp-content\/uploads\/0604Palomino-768x529.jpg 768w\" sizes=\"(max-width: 640px) 100vw, 640px\" \/>\t\t\t<\/div>\n\t\t<\/div>\n        <div class=\"bm-blog-post-content bm_content_box\">\n            <h4 class=\"entry-post-title bm_title\"><a href=\"https:\/\/www.economicas.uba.ar\/extension\/vocesenelfenix\/la-renovada-presencia-de-los-sindicatos-en-la-argentina-contemporanea\/\" rel=\"bookmark\">La renovada presencia de los sindicatos en la Argentina contempor\u00e1nea<\/a><\/h4>            <div class=\"bm-blog-post-meta entry-post-meta bm_meta\">\n                            <\/div>\n            <div class=\"entry-post-content bm_content\">\n                | Por H\u00e9ctor Palomino | El proceso de fortalecimiento de los sindicatos desde 2003 hasta la actualidad. La nueva centralidad de la conflictividad laboral y el incremento de la participaci\u00f3n <div><a href=\"https:\/\/www.economicas.uba.ar\/extension\/vocesenelfenix\/la-renovada-presencia-de-los-sindicatos-en-la-argentina-contemporanea\/\" rel=\"bookmark\" class=\"bm-read-more entry-read-more\">M\u00e1s \u00bb<\/a><div>            <\/div>\n        <\/div>\n    <\/article>\n    <article id=\"post-20367\" class=\"item bm_layout post-20367 post type-post status-publish format-standard has-post-thumbnail hentry category-n-6 tag-cecilia-senen-gonzalez tag-consejo-nacional-del-empleo tag-dialogo tag-empleo tag-estado tag-negociacion-colectiva tag-relaciones-laborales tag-salario tag-trabajo\">\n\t\t<div class=\"bm-blog-post-image entry-post-image\">\n\t\t\t<div class=\"bm-post-image clearfix bm-hover-effect bm-hover-effect-blur\">\n\t\t\t\t<img loading=\"lazy\" decoding=\"async\" width=\"640\" height=\"442\" src=\"https:\/\/www.economicas.uba.ar\/extension\/vocesenelfenix\/wp-content\/uploads\/0605Senen.jpg\" class=\"attachment-large size-large wp-post-image\" alt=\"\" srcset=\"https:\/\/www.economicas.uba.ar\/extension\/vocesenelfenix\/wp-content\/uploads\/0605Senen.jpg 1080w, https:\/\/www.economicas.uba.ar\/extension\/vocesenelfenix\/wp-content\/uploads\/0605Senen-300x207.jpg 300w, https:\/\/www.economicas.uba.ar\/extension\/vocesenelfenix\/wp-content\/uploads\/0605Senen-768x530.jpg 768w\" sizes=\"(max-width: 640px) 100vw, 640px\" \/>\t\t\t<\/div>\n\t\t<\/div>\n        <div class=\"bm-blog-post-content bm_content_box\">\n            <h4 class=\"entry-post-title bm_title\"><a href=\"https:\/\/www.economicas.uba.ar\/extension\/vocesenelfenix\/las-relaciones-laborales-en-la-argentina-actual-dialogo-social-y-negociacion-colectiva\/\" rel=\"bookmark\">Las relaciones laborales en la Argentina actual: di\u00e1logo social y negociaci\u00f3n colectiva<\/a><\/h4>            <div class=\"bm-blog-post-meta entry-post-meta bm_meta\">\n                            <\/div>\n            <div class=\"entry-post-content bm_content\">\n                | Por Cecilia Sen\u00e9n Gonz\u00e1lez | La vuelta del Estado como protagonismo de la regulaci\u00f3n laboral. El rol del Consejo Nacional del Empleo, la Productividad y el Salario, y el <div><a href=\"https:\/\/www.economicas.uba.ar\/extension\/vocesenelfenix\/las-relaciones-laborales-en-la-argentina-actual-dialogo-social-y-negociacion-colectiva\/\" rel=\"bookmark\" class=\"bm-read-more entry-read-more\">M\u00e1s \u00bb<\/a><div>            <\/div>\n        <\/div>\n    <\/article>\n    <article id=\"post-20373\" class=\"item bm_layout post-20373 post type-post status-publish format-standard has-post-thumbnail hentry category-n-6 tag-educacion tag-empleo tag-formacion-profesional tag-marta-panaia tag-trabajo\">\n\t\t<div class=\"bm-blog-post-image entry-post-image\">\n\t\t\t<div class=\"bm-post-image clearfix bm-hover-effect bm-hover-effect-blur\">\n\t\t\t\t<img loading=\"lazy\" decoding=\"async\" width=\"640\" height=\"441\" src=\"https:\/\/www.economicas.uba.ar\/extension\/vocesenelfenix\/wp-content\/uploads\/0606Panaia.jpg\" class=\"attachment-large size-large wp-post-image\" alt=\"\" srcset=\"https:\/\/www.economicas.uba.ar\/extension\/vocesenelfenix\/wp-content\/uploads\/0606Panaia.jpg 1080w, https:\/\/www.economicas.uba.ar\/extension\/vocesenelfenix\/wp-content\/uploads\/0606Panaia-300x207.jpg 300w, https:\/\/www.economicas.uba.ar\/extension\/vocesenelfenix\/wp-content\/uploads\/0606Panaia-768x529.jpg 768w\" sizes=\"(max-width: 640px) 100vw, 640px\" \/>\t\t\t<\/div>\n\t\t<\/div>\n        <div class=\"bm-blog-post-content bm_content_box\">\n            <h4 class=\"entry-post-title bm_title\"><a href=\"https:\/\/www.economicas.uba.ar\/extension\/vocesenelfenix\/educacion-y-trabajo-calificaciones-y-formacion-profesional\/\" rel=\"bookmark\">Educaci\u00f3n y trabajo: calificaciones y formaci\u00f3n profesional<\/a><\/h4>            <div class=\"bm-blog-post-meta entry-post-meta bm_meta\">\n                            <\/div>\n            <div class=\"entry-post-content bm_content\">\n                | Por Marta Panaia | La descentralizaci\u00f3n educativa y presupuestaria y la modificaci\u00f3n de los planes de estudio quebraron la relaci\u00f3n formaci\u00f3n-empleo. La necesidad urgente de construir un puente que <div><a href=\"https:\/\/www.economicas.uba.ar\/extension\/vocesenelfenix\/educacion-y-trabajo-calificaciones-y-formacion-profesional\/\" rel=\"bookmark\" class=\"bm-read-more entry-read-more\">M\u00e1s \u00bb<\/a><div>            <\/div>\n        <\/div>\n    <\/article>\n    <article id=\"post-20379\" class=\"item bm_layout post-20379 post type-post status-publish format-standard has-post-thumbnail hentry category-n-6 tag-brecha-salarial tag-discriminacion tag-dora-barrancos tag-empleo tag-mercado-laboral tag-mujeres tag-techo-de-cristal tag-trabajo\">\n\t\t<div class=\"bm-blog-post-image entry-post-image\">\n\t\t\t<div class=\"bm-post-image clearfix bm-hover-effect bm-hover-effect-blur\">\n\t\t\t\t<img loading=\"lazy\" decoding=\"async\" width=\"640\" height=\"442\" src=\"https:\/\/www.economicas.uba.ar\/extension\/vocesenelfenix\/wp-content\/uploads\/0607Barrancos.jpg\" class=\"attachment-large size-large wp-post-image\" alt=\"\" srcset=\"https:\/\/www.economicas.uba.ar\/extension\/vocesenelfenix\/wp-content\/uploads\/0607Barrancos.jpg 1080w, https:\/\/www.economicas.uba.ar\/extension\/vocesenelfenix\/wp-content\/uploads\/0607Barrancos-300x207.jpg 300w, https:\/\/www.economicas.uba.ar\/extension\/vocesenelfenix\/wp-content\/uploads\/0607Barrancos-768x530.jpg 768w\" sizes=\"(max-width: 640px) 100vw, 640px\" \/>\t\t\t<\/div>\n\t\t<\/div>\n        <div class=\"bm-blog-post-content bm_content_box\">\n            <h4 class=\"entry-post-title bm_title\"><a href=\"https:\/\/www.economicas.uba.ar\/extension\/vocesenelfenix\/el-mercado-sexista\/\" rel=\"bookmark\">El mercado sexista<\/a><\/h4>            <div class=\"bm-blog-post-meta entry-post-meta bm_meta\">\n                            <\/div>\n            <div class=\"entry-post-content bm_content\">\n                | Por Dora Barrancos | El mercado laboral parece abogar de modo contrario a la participaci\u00f3n femenina, bas\u00e1ndose en argumentos falaces como debilidad de car\u00e1cter, poca capacidad de decisi\u00f3n propia <div><a href=\"https:\/\/www.economicas.uba.ar\/extension\/vocesenelfenix\/el-mercado-sexista\/\" rel=\"bookmark\" class=\"bm-read-more entry-read-more\">M\u00e1s \u00bb<\/a><div>            <\/div>\n        <\/div>\n    <\/article>\n    <article id=\"post-20386\" class=\"item bm_layout post-20386 post type-post status-publish format-standard has-post-thumbnail hentry category-n-6 tag-crisis-internacional tag-empleo tag-fabio-bertranou tag-oit tag-trabajo tag-trabajo-decente\">\n\t\t<div class=\"bm-blog-post-image entry-post-image\">\n\t\t\t<div class=\"bm-post-image clearfix bm-hover-effect bm-hover-effect-blur\">\n\t\t\t\t<img loading=\"lazy\" decoding=\"async\" width=\"640\" height=\"460\" src=\"https:\/\/www.economicas.uba.ar\/extension\/vocesenelfenix\/wp-content\/uploads\/0608Bertranou.jpg\" class=\"attachment-large size-large wp-post-image\" alt=\"\" srcset=\"https:\/\/www.economicas.uba.ar\/extension\/vocesenelfenix\/wp-content\/uploads\/0608Bertranou.jpg 1080w, https:\/\/www.economicas.uba.ar\/extension\/vocesenelfenix\/wp-content\/uploads\/0608Bertranou-300x216.jpg 300w, https:\/\/www.economicas.uba.ar\/extension\/vocesenelfenix\/wp-content\/uploads\/0608Bertranou-768x553.jpg 768w, https:\/\/www.economicas.uba.ar\/extension\/vocesenelfenix\/wp-content\/uploads\/0608Bertranou-183x132.jpg 183w\" sizes=\"(max-width: 640px) 100vw, 640px\" \/>\t\t\t<\/div>\n\t\t<\/div>\n        <div class=\"bm-blog-post-content bm_content_box\">\n            <h4 class=\"entry-post-title bm_title\"><a href=\"https:\/\/www.economicas.uba.ar\/extension\/vocesenelfenix\/el-trabajo-decente-la-concepcion-de-la-oit-y-su-adopcion-en-la-argentina\/\" rel=\"bookmark\">El trabajo decente: la concepci\u00f3n de la OIT y su adopci\u00f3n en la Argentina<\/a><\/h4>            <div class=\"bm-blog-post-meta entry-post-meta bm_meta\">\n                            <\/div>\n            <div class=\"entry-post-content bm_content\">\n                | Por Fabio Bertranou | La institucionalizaci\u00f3n por parte del gobierno y las organizaciones de empleadores y de trabajadores. La importancia de la agenda de trabajo decente para enfrentar la <div><a href=\"https:\/\/www.economicas.uba.ar\/extension\/vocesenelfenix\/el-trabajo-decente-la-concepcion-de-la-oit-y-su-adopcion-en-la-argentina\/\" rel=\"bookmark\" class=\"bm-read-more entry-read-more\">M\u00e1s \u00bb<\/a><div>            <\/div>\n        <\/div>\n    <\/article>\n    <article id=\"post-20393\" class=\"item bm_layout post-20393 post type-post status-publish format-standard has-post-thumbnail hentry category-n-6 tag-capitalismo tag-empleo tag-luciana-ghiotto tag-rodrigo-f-pascual tag-trabajo-decente tag-trabajo-digno\">\n\t\t<div class=\"bm-blog-post-image entry-post-image\">\n\t\t\t<div class=\"bm-post-image clearfix bm-hover-effect bm-hover-effect-blur\">\n\t\t\t\t<img loading=\"lazy\" decoding=\"async\" width=\"640\" height=\"425\" src=\"https:\/\/www.economicas.uba.ar\/extension\/vocesenelfenix\/wp-content\/uploads\/0609Ghiotto.jpg\" class=\"attachment-large size-large wp-post-image\" alt=\"\" srcset=\"https:\/\/www.economicas.uba.ar\/extension\/vocesenelfenix\/wp-content\/uploads\/0609Ghiotto.jpg 1080w, https:\/\/www.economicas.uba.ar\/extension\/vocesenelfenix\/wp-content\/uploads\/0609Ghiotto-300x199.jpg 300w, https:\/\/www.economicas.uba.ar\/extension\/vocesenelfenix\/wp-content\/uploads\/0609Ghiotto-768x510.jpg 768w, https:\/\/www.economicas.uba.ar\/extension\/vocesenelfenix\/wp-content\/uploads\/0609Ghiotto-640x426.jpg 640w\" sizes=\"(max-width: 640px) 100vw, 640px\" \/>\t\t\t<\/div>\n\t\t<\/div>\n        <div class=\"bm-blog-post-content bm_content_box\">\n            <h4 class=\"entry-post-title bm_title\"><a href=\"https:\/\/www.economicas.uba.ar\/extension\/vocesenelfenix\/trabajo-decente-versus-trabajo-digno-acerca-de-una-nueva-concepcion-del-trabajo\/\" rel=\"bookmark\">Trabajo decente versus trabajo digno: Acerca de una nueva concepci\u00f3n del trabajo<\/a><\/h4>            <div class=\"bm-blog-post-meta entry-post-meta bm_meta\">\n                            <\/div>\n            <div class=\"entry-post-content bm_content\">\n                | Por Luciana Ghiotto y Rodrigo F. Pascual | Un abordaje a las nociones de trabajo decente y trabajo digno de manera comparada. Las implicancias de ambos conceptos en el <div><a href=\"https:\/\/www.economicas.uba.ar\/extension\/vocesenelfenix\/trabajo-decente-versus-trabajo-digno-acerca-de-una-nueva-concepcion-del-trabajo\/\" rel=\"bookmark\" class=\"bm-read-more entry-read-more\">M\u00e1s \u00bb<\/a><div>            <\/div>\n        <\/div>\n    <\/article>\n    <article id=\"post-20399\" class=\"item bm_layout post-20399 post type-post status-publish format-standard has-post-thumbnail hentry category-n-6 tag-asignacion-universal-por-hijo tag-demian-panigo tag-derechos-universales tag-empleo tag-florencia-medici-2 tag-jubilacion tag-nicolas-dvoskin tag-posconvertibilidad tag-privilegio tag-seguridad-social tag-trabajo\">\n\t\t<div class=\"bm-blog-post-image entry-post-image\">\n\t\t\t<div class=\"bm-post-image clearfix bm-hover-effect bm-hover-effect-blur\">\n\t\t\t\t<img loading=\"lazy\" decoding=\"async\" width=\"640\" height=\"428\" src=\"https:\/\/www.economicas.uba.ar\/extension\/vocesenelfenix\/wp-content\/uploads\/0610Panigo.jpg\" class=\"attachment-large size-large wp-post-image\" alt=\"\" srcset=\"https:\/\/www.economicas.uba.ar\/extension\/vocesenelfenix\/wp-content\/uploads\/0610Panigo.jpg 1080w, https:\/\/www.economicas.uba.ar\/extension\/vocesenelfenix\/wp-content\/uploads\/0610Panigo-300x201.jpg 300w, https:\/\/www.economicas.uba.ar\/extension\/vocesenelfenix\/wp-content\/uploads\/0610Panigo-768x514.jpg 768w\" sizes=\"(max-width: 640px) 100vw, 640px\" \/>\t\t\t<\/div>\n\t\t<\/div>\n        <div class=\"bm-blog-post-content bm_content_box\">\n            <h4 class=\"entry-post-title bm_title\"><a href=\"https:\/\/www.economicas.uba.ar\/extension\/vocesenelfenix\/la-seguridad-social-en-la-posconvertibilidad-de-privilegios-a-derechos-universales\/\" rel=\"bookmark\">La seguridad social en la posconvertibilidad: de privilegios a derechos universales<\/a><\/h4>            <div class=\"bm-blog-post-meta entry-post-meta bm_meta\">\n                            <\/div>\n            <div class=\"entry-post-content bm_content\">\n                | Por Demian Panigo, Nicol\u00e1s Dvoskin y Florencia Medici | La mejora en la calidad de vida de los sectores m\u00e1s vulnerables a partir de la eliminaci\u00f3n del r\u00e9gimen de <div><a href=\"https:\/\/www.economicas.uba.ar\/extension\/vocesenelfenix\/la-seguridad-social-en-la-posconvertibilidad-de-privilegios-a-derechos-universales\/\" rel=\"bookmark\" class=\"bm-read-more entry-read-more\">M\u00e1s \u00bb<\/a><div>            <\/div>\n        <\/div>\n    <\/article>\n    <article id=\"post-20406\" class=\"item bm_layout post-20406 post type-post status-publish format-standard has-post-thumbnail hentry category-n-6 tag-alejandra-beccaria tag-claudia-danani tag-derechos tag-empleo tag-moratoria-previsional tag-proteccion-social tag-seguridad-social tag-trabajo\">\n\t\t<div class=\"bm-blog-post-image entry-post-image\">\n\t\t\t<div class=\"bm-post-image clearfix bm-hover-effect bm-hover-effect-blur\">\n\t\t\t\t<img loading=\"lazy\" decoding=\"async\" width=\"640\" height=\"328\" src=\"https:\/\/www.economicas.uba.ar\/extension\/vocesenelfenix\/wp-content\/uploads\/0611Danani.jpg\" class=\"attachment-large size-large wp-post-image\" alt=\"\" srcset=\"https:\/\/www.economicas.uba.ar\/extension\/vocesenelfenix\/wp-content\/uploads\/0611Danani.jpg 1080w, https:\/\/www.economicas.uba.ar\/extension\/vocesenelfenix\/wp-content\/uploads\/0611Danani-300x154.jpg 300w, https:\/\/www.economicas.uba.ar\/extension\/vocesenelfenix\/wp-content\/uploads\/0611Danani-768x394.jpg 768w\" sizes=\"(max-width: 640px) 100vw, 640px\" \/>\t\t\t<\/div>\n\t\t<\/div>\n        <div class=\"bm-blog-post-content bm_content_box\">\n            <h4 class=\"entry-post-title bm_title\"><a href=\"https:\/\/www.economicas.uba.ar\/extension\/vocesenelfenix\/seguridad-social-marchas-y-contramarchas-en-la-proteccion-la-seguridad-y-el-reconocimiento-de-derechos-2002-2011\/\" rel=\"bookmark\">Seguridad Social: marchas y contramarchas en la protecci\u00f3n, la seguridad y el reconocimiento de derechos, 2002-2011<\/a><\/h4>            <div class=\"bm-blog-post-meta entry-post-meta bm_meta\">\n                            <\/div>\n            <div class=\"entry-post-content bm_content\">\n                | Por Claudia Danani y Alejandra Beccaria | Los cambios en la Seguridad Social durante la convertibilidad y la posconvertibilidad. Los avances logrados en la \u00faltima d\u00e9cada y lo que <div><a href=\"https:\/\/www.economicas.uba.ar\/extension\/vocesenelfenix\/seguridad-social-marchas-y-contramarchas-en-la-proteccion-la-seguridad-y-el-reconocimiento-de-derechos-2002-2011\/\" rel=\"bookmark\" class=\"bm-read-more entry-read-more\">M\u00e1s \u00bb<\/a><div>            <\/div>\n        <\/div>\n    <\/article>\n    <article id=\"post-20413\" class=\"item bm_layout post-20413 post type-post status-publish format-standard has-post-thumbnail hentry category-n-6 tag-empleo tag-julio-cesar-neffa-2 tag-politicas-de-empleo tag-trabajo\">\n\t\t<div class=\"bm-blog-post-image entry-post-image\">\n\t\t\t<div class=\"bm-post-image clearfix bm-hover-effect bm-hover-effect-blur\">\n\t\t\t\t<img loading=\"lazy\" decoding=\"async\" width=\"640\" height=\"441\" src=\"https:\/\/www.economicas.uba.ar\/extension\/vocesenelfenix\/wp-content\/uploads\/0612Neffa.jpg\" class=\"attachment-large size-large wp-post-image\" alt=\"\" srcset=\"https:\/\/www.economicas.uba.ar\/extension\/vocesenelfenix\/wp-content\/uploads\/0612Neffa.jpg 1080w, https:\/\/www.economicas.uba.ar\/extension\/vocesenelfenix\/wp-content\/uploads\/0612Neffa-300x207.jpg 300w, https:\/\/www.economicas.uba.ar\/extension\/vocesenelfenix\/wp-content\/uploads\/0612Neffa-768x529.jpg 768w\" sizes=\"(max-width: 640px) 100vw, 640px\" \/>\t\t\t<\/div>\n\t\t<\/div>\n        <div class=\"bm-blog-post-content bm_content_box\">\n            <h4 class=\"entry-post-title bm_title\"><a href=\"https:\/\/www.economicas.uba.ar\/extension\/vocesenelfenix\/politicas-de-empleo-una-vision-sintetica-de-largo-plazo-1989-2011\/\" rel=\"bookmark\">Pol\u00edticas de empleo: una visi\u00f3n sint\u00e9tica de largo plazo (1989-2011)<\/a><\/h4>            <div class=\"bm-blog-post-meta entry-post-meta bm_meta\">\n                            <\/div>\n            <div class=\"entry-post-content bm_content\">\n                | Por Julio Cesar Neffa | Partiendo de una definici\u00f3n y categorizaci\u00f3n de pol\u00edticas de empleo, se analizan los cambios acontecidos en ellas durante la \u00faltima d\u00e9cada del siglo XX <div><a href=\"https:\/\/www.economicas.uba.ar\/extension\/vocesenelfenix\/politicas-de-empleo-una-vision-sintetica-de-largo-plazo-1989-2011\/\" rel=\"bookmark\" class=\"bm-read-more entry-read-more\">M\u00e1s \u00bb<\/a><div>            <\/div>\n        <\/div>\n    <\/article>\n    <article id=\"post-20423\" class=\"item bm_layout post-20423 post type-post status-publish format-standard has-post-thumbnail hentry category-n-6 tag-anahi-aizpuru tag-derechos tag-empleo tag-observatorio-de-trabajo-infantil-y-adolescente tag-politicas-publicas tag-trabajo tag-trabajo-infantil tag-virginia-tedeschi\">\n\t\t<div class=\"bm-blog-post-image entry-post-image\">\n\t\t\t<div class=\"bm-post-image clearfix bm-hover-effect bm-hover-effect-blur\">\n\t\t\t\t<img loading=\"lazy\" decoding=\"async\" width=\"640\" height=\"443\" src=\"https:\/\/www.economicas.uba.ar\/extension\/vocesenelfenix\/wp-content\/uploads\/0613Aizpuru.jpg\" class=\"attachment-large size-large wp-post-image\" alt=\"\" srcset=\"https:\/\/www.economicas.uba.ar\/extension\/vocesenelfenix\/wp-content\/uploads\/0613Aizpuru.jpg 1080w, https:\/\/www.economicas.uba.ar\/extension\/vocesenelfenix\/wp-content\/uploads\/0613Aizpuru-300x208.jpg 300w, https:\/\/www.economicas.uba.ar\/extension\/vocesenelfenix\/wp-content\/uploads\/0613Aizpuru-768x532.jpg 768w\" sizes=\"(max-width: 640px) 100vw, 640px\" \/>\t\t\t<\/div>\n\t\t<\/div>\n        <div class=\"bm-blog-post-content bm_content_box\">\n            <h4 class=\"entry-post-title bm_title\"><a href=\"https:\/\/www.economicas.uba.ar\/extension\/vocesenelfenix\/echar-luz-sobre-el-trabajo-infantil-la-experiencia-del-observatorio-de-trabajo-infantil-y-adolescente\/\" rel=\"bookmark\">Echar luz sobre el trabajo infantil: La experiencia del Observatorio De Trabajo Infantil y Adolescente<\/a><\/h4>            <div class=\"bm-blog-post-meta entry-post-meta bm_meta\">\n                            <\/div>\n            <div class=\"entry-post-content bm_content\">\n                | Por Anah\u00ed Aizpuru y Virginia Tedeschi | El trabajo infantil constituye una de las formas m\u00e1s extendidas de vulneraci\u00f3n de derechos de ni\u00f1os, ni\u00f1as y adolescentes. La generaci\u00f3n y <div><a href=\"https:\/\/www.economicas.uba.ar\/extension\/vocesenelfenix\/echar-luz-sobre-el-trabajo-infantil-la-experiencia-del-observatorio-de-trabajo-infantil-y-adolescente\/\" rel=\"bookmark\" class=\"bm-read-more entry-read-more\">M\u00e1s \u00bb<\/a><div>            <\/div>\n        <\/div>\n    <\/article>\n\t\t\t\t<\/div><\/div>\n\t\t\t\t\t\t\t\t<\/div>\n\t\t\t\t<\/div>\n\t\t\t\t\t<\/div>\n\t\t<\/div>\n\t\t\t\t\t<\/div>\n\t\t<\/section>\n\t\t\t\t<section class=\"elementor-section elementor-top-section elementor-element elementor-element-668a091 elementor-section-boxed elementor-section-height-default elementor-section-height-default\" data-id=\"668a091\" data-element_type=\"section\" data-e-type=\"section\" data-settings=\"{&quot;background_background&quot;:&quot;classic&quot;}\">\n\t\t\t\t\t\t<div class=\"elementor-container elementor-column-gap-default\">\n\t\t\t\t\t<div class=\"elementor-column elementor-col-100 elementor-top-column elementor-element elementor-element-1f24d91\" data-id=\"1f24d91\" data-element_type=\"column\" data-e-type=\"column\" data-settings=\"{&quot;background_background&quot;:&quot;classic&quot;}\">\n\t\t\t<div class=\"elementor-widget-wrap elementor-element-populated\">\n\t\t\t\t\t\t<div class=\"elementor-element elementor-element-06f6aaf elementor-widget elementor-widget-text-editor\" data-id=\"06f6aaf\" data-element_type=\"widget\" data-e-type=\"widget\" data-widget_type=\"text-editor.default\">\n\t\t\t\t<div class=\"elementor-widget-container\">\n\t\t\t\t\t\t\t\t\t<h5 style=\"text-align: left;\">REPORTAJES:<\/h5><p>A partir de la presente edici\u00f3n, nuestra revista incorpora un nuevo formato de reportajes. Cada nuevo n\u00famero ir\u00e1 acompa\u00f1ado, en nuestra p\u00e1gina web, de una serie de tres entrevistas que abordan, a trav\u00e9s del lenguaje audiovisual, las experiencias de distintos actores sociales vinculados a la tem\u00e1tica central del volumen.<\/p><p>En esta oportunidad, y trat\u00e1ndose del mundo del trabajo, encontrar\u00e1n reportajes a un trabajador del subterr\u00e1neo de Buenos Aires, al presidente de la cooperativa que gestiona un frigor\u00edfico recuperado por sus trabajadores (Torgel\u00f3n 58), y a dos recuperadoras urbanas del Movimiento de Trabajadores Excluidos (MTE), quienes adem\u00e1s se encuentran vinculados por dos elementos que los distinguen de la mayor\u00eda de los trabajadores: el reconocimiento de haber llegado al lugar que hoy ocupan como resultado de un proceso de lucha colectiva, y la visi\u00f3n optimista de su trabajo en cuanto al rol que este tiene en su constituci\u00f3n como sujetos.<\/p><p>Esperamos que puedan disfrutarlos y que esta nueva experiencia enriquezca las visiones que sobre la realidad cotidiana intentamos construir en forma conjunta.<\/p>\t\t\t\t\t\t\t\t<\/div>\n\t\t\t\t<\/div>\n\t\t\t\t\t<\/div>\n\t\t<\/div>\n\t\t\t\t\t<\/div>\n\t\t<\/section>\n\t\t\t\t<section class=\"elementor-section elementor-top-section elementor-element elementor-element-834d932 elementor-section-boxed elementor-section-height-default elementor-section-height-default\" data-id=\"834d932\" data-element_type=\"section\" data-e-type=\"section\" data-settings=\"{&quot;background_background&quot;:&quot;classic&quot;}\">\n\t\t\t\t\t\t<div class=\"elementor-container elementor-column-gap-default\">\n\t\t\t\t\t<div class=\"elementor-column elementor-col-33 elementor-top-column elementor-element elementor-element-8d51d03\" data-id=\"8d51d03\" data-element_type=\"column\" data-e-type=\"column\" data-settings=\"{&quot;background_background&quot;:&quot;classic&quot;}\">\n\t\t\t<div class=\"elementor-widget-wrap elementor-element-populated\">\n\t\t\t\t\t\t<div class=\"elementor-element elementor-element-4c84088 elementor-widget elementor-widget-text-editor\" data-id=\"4c84088\" data-element_type=\"widget\" data-e-type=\"widget\" data-widget_type=\"text-editor.default\">\n\t\t\t\t<div class=\"elementor-widget-container\">\n\t\t\t\t\t\t\t\t\t<h5><iframe title=\"YouTube video player\" src=\"https:\/\/www.youtube.com\/embed\/dNgWKcuIPzY\" width=\"560\" height=\"150\" frameborder=\"0\" allowfullscreen=\"allowfullscreen\"><\/iframe><br \/>Any Alfonso y D\u00e9bora Alfonso\u00a0<\/h5><p><strong>Recuperadoras urbanas. Movimiento de Trabajadores Excluidos.<\/strong><\/p><p>El reportaje nos muestra un d\u00eda en la vida de dos recuperadoras urbanas, t\u00e9rmino que reemplaza a la palabra cartonera\/o a partir de un acuerdo firmado con el Gobierno de la Ciudad de Buenos Aires y que regula su actividad.<\/p><p>Cuestiones muy sensibles como la eliminaci\u00f3n del trabajo infantil, el reconocimiento de los vecinos, la solidaridad entre las trabajadoras y trabajadores, la posibilidad de contar con un jard\u00edn maternal y las ganas de seguir estudiando y creciendo, sumadas a la posibilidad de contar con una obra social y aportes jubilatorios, son algunas de las mejoras experimentadas en lo cotidiano que hacen a la percepci\u00f3n de tener, por primera vez, un \u201ctrabajo\u201d.<\/p><p>Estos avances, imposibles de lograr sin la fuerza que da la organizaci\u00f3n, son narrados sobre las im\u00e1genes del recorrido que realizan diariamente por la ciudad dos trabajadoras que buscan, en lo que otros tiran, su medio de vida, y para quienes \u201cquerer aprender es querer crecer\u201d, teniendo presente adem\u00e1s que con el trabajo se aprende.<\/p>\t\t\t\t\t\t\t\t<\/div>\n\t\t\t\t<\/div>\n\t\t\t\t\t<\/div>\n\t\t<\/div>\n\t\t\t\t<div class=\"elementor-column elementor-col-33 elementor-top-column elementor-element elementor-element-69a7635\" data-id=\"69a7635\" data-element_type=\"column\" data-e-type=\"column\" data-settings=\"{&quot;background_background&quot;:&quot;classic&quot;}\">\n\t\t\t<div class=\"elementor-widget-wrap elementor-element-populated\">\n\t\t\t\t\t\t<div class=\"elementor-element elementor-element-ae1d951 elementor-widget elementor-widget-text-editor\" data-id=\"ae1d951\" data-element_type=\"widget\" data-e-type=\"widget\" data-widget_type=\"text-editor.default\">\n\t\t\t\t<div class=\"elementor-widget-container\">\n\t\t\t\t\t\t\t\t\t<h5><iframe title=\"YouTube video player\" src=\"https:\/\/www.youtube.com\/embed\/iRftUJVxqHA\" width=\"560\" height=\"150\" frameborder=\"0\" allowfullscreen=\"allowfullscreen\"><\/iframe><br \/>Walter Bassus<\/h5><p><strong>Conductor, Metrov\u00edas (SUBTE)<\/strong><\/p><p>Con el tel\u00f3n de fondo de un recorrido por las entra\u00f1as de la ciudad, este reportaje a un conductor de una formaci\u00f3n del subterr\u00e1neo de Buenos Aires es tambi\u00e9n un recorrido por los \u00faltimos 25 a\u00f1os de historia de un servicio p\u00fablico fundamental para la poblaci\u00f3n.<\/p><p>El proceso de privatizaci\u00f3n del subte, que es en parte el reflejo de la historia del pa\u00eds durante la \u00faltima d\u00e9cada del siglo pasado, el colapso de los medios de transporte a partir de la concentraci\u00f3n demogr\u00e1fica, las condiciones laborales y las mejoras en las mismas logradas a partir de la organizaci\u00f3n de los trabajadores, son algunos de los temas tratados en esta entrevista que nos muestra la vida de un trabajador como cualquier otro, pero para quien el mayor aprendizaje fue ser representante de sus compa\u00f1eros y contribuir, desde ah\u00ed, a ser part\u00edcipe de su destino.<\/p>\t\t\t\t\t\t\t\t<\/div>\n\t\t\t\t<\/div>\n\t\t\t\t\t<\/div>\n\t\t<\/div>\n\t\t\t\t<div class=\"elementor-column elementor-col-33 elementor-top-column elementor-element elementor-element-eeccfc5\" data-id=\"eeccfc5\" data-element_type=\"column\" data-e-type=\"column\" data-settings=\"{&quot;background_background&quot;:&quot;classic&quot;}\">\n\t\t\t<div class=\"elementor-widget-wrap elementor-element-populated\">\n\t\t\t\t\t\t<div class=\"elementor-element elementor-element-2b8956d elementor-widget elementor-widget-text-editor\" data-id=\"2b8956d\" data-element_type=\"widget\" data-e-type=\"widget\" data-widget_type=\"text-editor.default\">\n\t\t\t\t<div class=\"elementor-widget-container\">\n\t\t\t\t\t\t\t\t\t<h5><iframe title=\"YouTube video player\" src=\"https:\/\/www.youtube.com\/embed\/Nv-my6mnPmg\" width=\"560\" height=\"150\" frameborder=\"0\" allowfullscreen=\"allowfullscreen\"><\/iframe><br \/>Luis Figueroa\u00a0<\/h5><p><strong>Presidente de la Cooperativa de Trabajo Frigor\u00edfico Torgel\u00f3n 58 Ltda.<\/strong><\/p><p>Al menos dos relatos se superponen en este reportaje. Mientras las im\u00e1genes muestran un proceso completo de elaboraci\u00f3n, desde el ingreso de la materia prima hasta la obtenci\u00f3n del producto final, pasando por todas las etapas intermedias, el entrevistado narra la historia de su vida ligada a una empresa vaciada por sus due\u00f1os originales.<\/p><p>El relato de las distintas tareas que le toc\u00f3 cumplir desde su ingreso hasta este presente que lo encuentra con funciones de administraci\u00f3n y representaci\u00f3n de la cooperativa, se entremezcla con los problemas que fue generando en los trabajadores la necesidad de organizarse para hacerse cargo de la empresa.<\/p><p>As\u00ed, una quiebra no es vista como el final, sino como el principio de algo nuevo, el inicio de un camino de aprendizaje y crecimiento personal, que nos lleva hasta un presente de trabajo y un futuro de esperanza en el cual los trabajadores sienten el orgullo de ser los due\u00f1os de su propio destino.<\/p>\t\t\t\t\t\t\t\t<\/div>\n\t\t\t\t<\/div>\n\t\t\t\t\t<\/div>\n\t\t<\/div>\n\t\t\t\t\t<\/div>\n\t\t<\/section>\n\t\t\t\t<\/div>\n\t\t","protected":false},"excerpt":{"rendered":"<p>N\u00daMERO 6 \u00bfLA CLASE OBRERA VA AL PARA\u00cdSO? EMPLEO EN LOS \u00daLTIMOS 10 A\u00d1OS EL MUNDO DEL TRABAJO REGISTR\u00d3 IMPORTANTES TRANSFORMACIONES, DESDE REFORMAS EN EL MARCO LEGAL HASTA LOS CAMBIOS<\/p>\n","protected":false},"author":5,"featured_media":0,"parent":0,"menu_order":0,"comment_status":"closed","ping_status":"closed","template":"","meta":{"footnotes":""},"class_list":["post-20323","page","type-page","status-publish","hentry"],"_links":{"self":[{"href":"https:\/\/www.economicas.uba.ar\/extension\/vocesenelfenix\/wp-json\/wp\/v2\/pages\/20323","targetHints":{"allow":["GET"]}}],"collection":[{"href":"https:\/\/www.economicas.uba.ar\/extension\/vocesenelfenix\/wp-json\/wp\/v2\/pages"}],"about":[{"href":"https:\/\/www.economicas.uba.ar\/extension\/vocesenelfenix\/wp-json\/wp\/v2\/types\/page"}],"author":[{"embeddable":true,"href":"https:\/\/www.economicas.uba.ar\/extension\/vocesenelfenix\/wp-json\/wp\/v2\/users\/5"}],"replies":[{"embeddable":true,"href":"https:\/\/www.economicas.uba.ar\/extension\/vocesenelfenix\/wp-json\/wp\/v2\/comments?post=20323"}],"version-history":[{"count":10,"href":"https:\/\/www.economicas.uba.ar\/extension\/vocesenelfenix\/wp-json\/wp\/v2\/pages\/20323\/revisions"}],"predecessor-version":[{"id":20339,"href":"https:\/\/www.economicas.uba.ar\/extension\/vocesenelfenix\/wp-json\/wp\/v2\/pages\/20323\/revisions\/20339"}],"wp:attachment":[{"href":"https:\/\/www.economicas.uba.ar\/extension\/vocesenelfenix\/wp-json\/wp\/v2\/media?parent=20323"}],"curies":[{"name":"wp","href":"https:\/\/api.w.org\/{rel}","templated":true}]}}