{"id":20437,"date":"2011-04-01T00:01:00","date_gmt":"2011-04-01T03:01:00","guid":{"rendered":"https:\/\/www.economicas.uba.ar\/extension\/vocesenelfenix\/?page_id=20437"},"modified":"2023-02-09T14:43:35","modified_gmt":"2023-02-09T17:43:35","slug":"numero-5","status":"publish","type":"page","link":"https:\/\/www.economicas.uba.ar\/extension\/vocesenelfenix\/numero-5\/","title":{"rendered":"N\u00famero 5"},"content":{"rendered":"\t\t<div data-elementor-type=\"wp-page\" data-elementor-id=\"20437\" class=\"elementor elementor-20437\" data-elementor-post-type=\"page\">\n\t\t\t\t\t\t<section class=\"elementor-section elementor-top-section elementor-element elementor-element-481b29f elementor-section-boxed elementor-section-height-default elementor-section-height-default\" data-id=\"481b29f\" data-element_type=\"section\" data-e-type=\"section\" data-settings=\"{&quot;background_background&quot;:&quot;classic&quot;}\">\n\t\t\t\t\t\t<div class=\"elementor-container elementor-column-gap-default\">\n\t\t\t\t\t<div class=\"elementor-column elementor-col-33 elementor-top-column elementor-element elementor-element-928ee4f\" data-id=\"928ee4f\" data-element_type=\"column\" data-e-type=\"column\">\n\t\t\t<div class=\"elementor-widget-wrap elementor-element-populated\">\n\t\t\t\t\t\t<div class=\"elementor-element elementor-element-b87858c elementor-widget elementor-widget-image\" data-id=\"b87858c\" data-element_type=\"widget\" data-e-type=\"widget\" data-widget_type=\"image.default\">\n\t\t\t\t<div class=\"elementor-widget-container\">\n\t\t\t\t\t\t\t\t\t\t\t\t\t\t\t\t<a href=\"https:\/\/drive.google.com\/file\/d\/13qlEeHhyDKvhP3WvdRxvYBIyzzCDkB9h\/view\" target=\"_blank\">\n\t\t\t\t\t\t\t<img fetchpriority=\"high\" decoding=\"async\" width=\"193\" height=\"273\" src=\"https:\/\/www.economicas.uba.ar\/extension\/vocesenelfenix\/wp-content\/uploads\/tapa05.jpg\" class=\"attachment-large size-large wp-image-1873\" alt=\"\" \/>\t\t\t\t\t\t\t\t<\/a>\n\t\t\t\t\t\t\t\t\t\t\t\t\t\t\t<\/div>\n\t\t\t\t<\/div>\n\t\t\t\t\t<\/div>\n\t\t<\/div>\n\t\t\t\t<div class=\"elementor-column elementor-col-66 elementor-top-column elementor-element elementor-element-c37635d\" data-id=\"c37635d\" data-element_type=\"column\" data-e-type=\"column\">\n\t\t\t<div class=\"elementor-widget-wrap elementor-element-populated\">\n\t\t\t\t\t\t<div class=\"elementor-element elementor-element-59ad1a4 elementor-widget elementor-widget-text-editor\" data-id=\"59ad1a4\" data-element_type=\"widget\" data-e-type=\"widget\" data-widget_type=\"text-editor.default\">\n\t\t\t\t<div class=\"elementor-widget-container\">\n\t\t\t\t\t\t\t\t\t<h5>N\u00daMERO 5<\/h5><h3>TIERRA Y LIBERTAD<\/h3><h6>H\u00c1BITAT Y VIVIENDA<\/h6><p><br \/>PESE AL CRECIMIENTO ECON\u00d3MICO Y A LAS POL\u00cdTICAS INCLUSIVAS QUE EL ESTADO VIENE APLICANDO SOSTENIDAMENTE DESDE 2003, LA CONSTRUCCI\u00d3N DE VIVIENDAS PARA FAMILIAS SIN TECHO SIGUE SIENDO UNA ASIGNATURA PENDIENTE PARA LOGRAR UNA SOCIEDAD EQUITATIVA.<\/p>\t\t\t\t\t\t\t\t<\/div>\n\t\t\t\t<\/div>\n\t\t\t\t<div class=\"elementor-element elementor-element-d796ac9 elementor-widget elementor-widget-button\" data-id=\"d796ac9\" data-element_type=\"widget\" data-e-type=\"widget\" data-widget_type=\"button.default\">\n\t\t\t\t<div class=\"elementor-widget-container\">\n\t\t\t\t\t\t\t\t\t<div class=\"elementor-button-wrapper\">\n\t\t\t\t\t<a class=\"elementor-button elementor-button-link elementor-size-xs\" href=\"https:\/\/drive.google.com\/file\/d\/13qlEeHhyDKvhP3WvdRxvYBIyzzCDkB9h\/view\" target=\"_blank\">\n\t\t\t\t\t\t<span class=\"elementor-button-content-wrapper\">\n\t\t\t\t\t\t\t\t\t<span class=\"elementor-button-text\">Descarg\u00e1 el PDF<\/span>\n\t\t\t\t\t<\/span>\n\t\t\t\t\t<\/a>\n\t\t\t\t<\/div>\n\t\t\t\t\t\t\t\t<\/div>\n\t\t\t\t<\/div>\n\t\t\t\t\t<\/div>\n\t\t<\/div>\n\t\t\t\t\t<\/div>\n\t\t<\/section>\n\t\t\t\t<section class=\"elementor-section elementor-top-section elementor-element elementor-element-5531811 elementor-section-boxed elementor-section-height-default elementor-section-height-default\" data-id=\"5531811\" data-element_type=\"section\" data-e-type=\"section\">\n\t\t\t\t\t\t<div class=\"elementor-container elementor-column-gap-default\">\n\t\t\t\t\t<div class=\"elementor-column elementor-col-100 elementor-top-column elementor-element elementor-element-a3292df\" data-id=\"a3292df\" data-element_type=\"column\" data-e-type=\"column\">\n\t\t\t<div class=\"elementor-widget-wrap elementor-element-populated\">\n\t\t\t\t\t\t<div class=\"elementor-element elementor-element-6017812 elementor-grid-3 elementor-grid-tablet-2 elementor-grid-mobile-1 elementor-posts--align-left elementor-widget elementor-widget-blogmentor_blog_posts\" data-id=\"6017812\" data-element_type=\"widget\" data-e-type=\"widget\" data-settings=\"{&quot;bm_grid_columns&quot;:&quot;3&quot;,&quot;bm_grid_columns_tablet&quot;:&quot;2&quot;,&quot;bm_grid_columns_mobile&quot;:&quot;1&quot;,&quot;post_card_grid_gap&quot;:{&quot;unit&quot;:&quot;px&quot;,&quot;size&quot;:10,&quot;sizes&quot;:[]},&quot;post_card_row_gap&quot;:{&quot;unit&quot;:&quot;px&quot;,&quot;size&quot;:35,&quot;sizes&quot;:[]}}\" data-widget_type=\"blogmentor_blog_posts.default\">\n\t\t\t\t<div class=\"elementor-widget-container\">\n\t\t\t\t\t\t\t\n\t\t\t\t\t\t\t\t<div class=\"bm-blog-posts-wrapper\" >\n\t\t\t\t\t\t\t<div class=\"bm-blog-posts bm-display-grid elementor-grid elementor-grid-3\" >\n\t\t\t\t    <article id=\"post-20446\" class=\"item bm_layout post-20446 post type-post status-publish format-standard has-post-thumbnail hentry category-n-5 tag-abraham-leonardo-gak tag-editorial tag-estado tag-habitat-y-vivienda\">\n\t\t<div class=\"bm-blog-post-image entry-post-image\">\n\t\t\t<div class=\"bm-post-image clearfix bm-hover-effect bm-hover-effect-blur\">\n\t\t\t\t<img decoding=\"async\" width=\"640\" height=\"425\" src=\"https:\/\/www.economicas.uba.ar\/extension\/vocesenelfenix\/wp-content\/uploads\/0500Editorial.jpg\" class=\"attachment-large size-large wp-post-image\" alt=\"\" srcset=\"https:\/\/www.economicas.uba.ar\/extension\/vocesenelfenix\/wp-content\/uploads\/0500Editorial.jpg 1080w, https:\/\/www.economicas.uba.ar\/extension\/vocesenelfenix\/wp-content\/uploads\/0500Editorial-300x199.jpg 300w, https:\/\/www.economicas.uba.ar\/extension\/vocesenelfenix\/wp-content\/uploads\/0500Editorial-768x510.jpg 768w, https:\/\/www.economicas.uba.ar\/extension\/vocesenelfenix\/wp-content\/uploads\/0500Editorial-640x426.jpg 640w\" sizes=\"(max-width: 640px) 100vw, 640px\" \/>\t\t\t<\/div>\n\t\t<\/div>\n        <div class=\"bm-blog-post-content bm_content_box\">\n            <h4 class=\"entry-post-title bm_title\"><a href=\"https:\/\/www.economicas.uba.ar\/extension\/vocesenelfenix\/editorial-un-techo-que-nos-cubra-a-todos\/\" rel=\"bookmark\">Editorial: Un techo que nos cubra a todos<\/a><\/h4>            <div class=\"bm-blog-post-meta entry-post-meta bm_meta\">\n                            <\/div>\n            <div class=\"entry-post-content bm_content\">\n                | Por Abraham Leonardo Gak |            <\/div>\n        <\/div>\n    <\/article>\n    <article id=\"post-20456\" class=\"item bm_layout post-20456 post type-post status-publish format-standard has-post-thumbnail hentry category-n-5 tag-andrea-catenazzi tag-autourbanizacion tag-ciudad tag-exclusion tag-habitat-y-vivienda tag-mercado-inmobiliario tag-planificacion-urbana tag-regulacion-estatal\">\n\t\t<div class=\"bm-blog-post-image entry-post-image\">\n\t\t\t<div class=\"bm-post-image clearfix bm-hover-effect bm-hover-effect-blur\">\n\t\t\t\t<img decoding=\"async\" width=\"640\" height=\"428\" src=\"https:\/\/www.economicas.uba.ar\/extension\/vocesenelfenix\/wp-content\/uploads\/0501Catenazzi.jpg\" class=\"attachment-large size-large wp-post-image\" alt=\"\" srcset=\"https:\/\/www.economicas.uba.ar\/extension\/vocesenelfenix\/wp-content\/uploads\/0501Catenazzi.jpg 1080w, https:\/\/www.economicas.uba.ar\/extension\/vocesenelfenix\/wp-content\/uploads\/0501Catenazzi-300x201.jpg 300w, https:\/\/www.economicas.uba.ar\/extension\/vocesenelfenix\/wp-content\/uploads\/0501Catenazzi-768x513.jpg 768w\" sizes=\"(max-width: 640px) 100vw, 640px\" \/>\t\t\t<\/div>\n\t\t<\/div>\n        <div class=\"bm-blog-post-content bm_content_box\">\n            <h4 class=\"entry-post-title bm_title\"><a href=\"https:\/\/www.economicas.uba.ar\/extension\/vocesenelfenix\/una-ciudad-para-todos-la-planificacion-urbana-en-cuestion\/\" rel=\"bookmark\">Una ciudad para todos: La planificaci\u00f3n urbana en cuesti\u00f3n<\/a><\/h4>            <div class=\"bm-blog-post-meta entry-post-meta bm_meta\">\n                            <\/div>\n            <div class=\"entry-post-content bm_content\">\n                | Por Andrea Catenazzi | Las estrategias de autourbanizaci\u00f3n informal parecieran estar al margen de las experiencias en planificaci\u00f3n. El funcionamiento del mercado inmobiliario y la casi nula regulaci\u00f3n estatal <div><a href=\"https:\/\/www.economicas.uba.ar\/extension\/vocesenelfenix\/una-ciudad-para-todos-la-planificacion-urbana-en-cuestion\/\" rel=\"bookmark\" class=\"bm-read-more entry-read-more\">M\u00e1s \u00bb<\/a><div>            <\/div>\n        <\/div>\n    <\/article>\n    <article id=\"post-20463\" class=\"item bm_layout post-20463 post type-post status-publish format-standard has-post-thumbnail hentry category-n-5 tag-estado tag-habitat-y-vivienda tag-impacto-socioeconomico tag-inclusion-social tag-inversion-publica tag-politicas-urbanas-y-habitacionales tag-silvia-bossini-pithod tag-tomas-bontempo\">\n\t\t<div class=\"bm-blog-post-image entry-post-image\">\n\t\t\t<div class=\"bm-post-image clearfix bm-hover-effect bm-hover-effect-blur\">\n\t\t\t\t<img loading=\"lazy\" decoding=\"async\" width=\"640\" height=\"429\" src=\"https:\/\/www.economicas.uba.ar\/extension\/vocesenelfenix\/wp-content\/uploads\/0502Bontempo.jpg\" class=\"attachment-large size-large wp-post-image\" alt=\"\" srcset=\"https:\/\/www.economicas.uba.ar\/extension\/vocesenelfenix\/wp-content\/uploads\/0502Bontempo.jpg 1080w, https:\/\/www.economicas.uba.ar\/extension\/vocesenelfenix\/wp-content\/uploads\/0502Bontempo-300x201.jpg 300w, https:\/\/www.economicas.uba.ar\/extension\/vocesenelfenix\/wp-content\/uploads\/0502Bontempo-768x515.jpg 768w\" sizes=\"(max-width: 640px) 100vw, 640px\" \/>\t\t\t<\/div>\n\t\t<\/div>\n        <div class=\"bm-blog-post-content bm_content_box\">\n            <h4 class=\"entry-post-title bm_title\"><a href=\"https:\/\/www.economicas.uba.ar\/extension\/vocesenelfenix\/el-impacto-socioeconomico-de-las-politicas-urbanas-y-habitacionales-rol-del-estado-inversion-publica-e-inclusion-social\/\" rel=\"bookmark\">El impacto socioecon\u00f3mico de las pol\u00edticas urbanas y habitacionales: Rol del Estado, inversi\u00f3n p\u00fablica e inclusi\u00f3n social<\/a><\/h4>            <div class=\"bm-blog-post-meta entry-post-meta bm_meta\">\n                            <\/div>\n            <div class=\"entry-post-content bm_content\">\n                | Por Tom\u00e1s Bontempo y Silvia Bossini Pithod | El crecimiento de la inversi\u00f3n p\u00fablica favorece el desarrollo de las econom\u00edas regionales, estimulando la creaci\u00f3n de empleo, alentando notablemente el <div><a href=\"https:\/\/www.economicas.uba.ar\/extension\/vocesenelfenix\/el-impacto-socioeconomico-de-las-politicas-urbanas-y-habitacionales-rol-del-estado-inversion-publica-e-inclusion-social\/\" rel=\"bookmark\" class=\"bm-read-more entry-read-more\">M\u00e1s \u00bb<\/a><div>            <\/div>\n        <\/div>\n    <\/article>\n    <article id=\"post-20475\" class=\"item bm_layout post-20475 post type-post status-publish format-standard has-post-thumbnail hentry category-n-5 tag-derechos-humanos tag-habitat-y-vivienda tag-planificacion tag-politicas-de-habitat tag-sebastian-tedeschi tag-territorio\">\n\t\t<div class=\"bm-blog-post-image entry-post-image\">\n\t\t\t<div class=\"bm-post-image clearfix bm-hover-effect bm-hover-effect-blur\">\n\t\t\t\t<img loading=\"lazy\" decoding=\"async\" width=\"640\" height=\"433\" src=\"https:\/\/www.economicas.uba.ar\/extension\/vocesenelfenix\/wp-content\/uploads\/0503Tedeschi.jpg\" class=\"attachment-large size-large wp-post-image\" alt=\"\" srcset=\"https:\/\/www.economicas.uba.ar\/extension\/vocesenelfenix\/wp-content\/uploads\/0503Tedeschi.jpg 1080w, https:\/\/www.economicas.uba.ar\/extension\/vocesenelfenix\/wp-content\/uploads\/0503Tedeschi-300x203.jpg 300w, https:\/\/www.economicas.uba.ar\/extension\/vocesenelfenix\/wp-content\/uploads\/0503Tedeschi-768x519.jpg 768w\" sizes=\"(max-width: 640px) 100vw, 640px\" \/>\t\t\t<\/div>\n\t\t<\/div>\n        <div class=\"bm-blog-post-content bm_content_box\">\n            <h4 class=\"entry-post-title bm_title\"><a href=\"https:\/\/www.economicas.uba.ar\/extension\/vocesenelfenix\/problematicas-estructurales-cuatro-claves-en-politicas-de-habitat-desde-la-perspectiva-de-los-derechos-humanos\/\" rel=\"bookmark\">Problem\u00e1ticas estructurales: Cuatro claves en pol\u00edticas de h\u00e1bitat desde la perspectiva de los Derechos Humanos<\/a><\/h4>            <div class=\"bm-blog-post-meta entry-post-meta bm_meta\">\n                            <\/div>\n            <div class=\"entry-post-content bm_content\">\n                | Por Sebasti\u00e1n Tedeschi | La planificaci\u00f3n del desarrollo y la gesti\u00f3n democr\u00e1tica del territorio, el pluralismo jur\u00eddico en el reconocimiento de los barrios informales, los l\u00edmites al derecho a <div><a href=\"https:\/\/www.economicas.uba.ar\/extension\/vocesenelfenix\/problematicas-estructurales-cuatro-claves-en-politicas-de-habitat-desde-la-perspectiva-de-los-derechos-humanos\/\" rel=\"bookmark\" class=\"bm-read-more entry-read-more\">M\u00e1s \u00bb<\/a><div>            <\/div>\n        <\/div>\n    <\/article>\n    <article id=\"post-20481\" class=\"item bm_layout post-20481 post type-post status-publish format-standard has-post-thumbnail hentry category-n-5 tag-deficit-habitacional tag-estado tag-habitat-y-vivienda tag-inclusion tag-maria-laura-rey\">\n\t\t<div class=\"bm-blog-post-image entry-post-image\">\n\t\t\t<div class=\"bm-post-image clearfix bm-hover-effect bm-hover-effect-blur\">\n\t\t\t\t<img loading=\"lazy\" decoding=\"async\" width=\"640\" height=\"433\" src=\"https:\/\/www.economicas.uba.ar\/extension\/vocesenelfenix\/wp-content\/uploads\/0504Rey.jpg\" class=\"attachment-large size-large wp-post-image\" alt=\"\" srcset=\"https:\/\/www.economicas.uba.ar\/extension\/vocesenelfenix\/wp-content\/uploads\/0504Rey.jpg 1080w, https:\/\/www.economicas.uba.ar\/extension\/vocesenelfenix\/wp-content\/uploads\/0504Rey-300x203.jpg 300w, https:\/\/www.economicas.uba.ar\/extension\/vocesenelfenix\/wp-content\/uploads\/0504Rey-768x519.jpg 768w\" sizes=\"(max-width: 640px) 100vw, 640px\" \/>\t\t\t<\/div>\n\t\t<\/div>\n        <div class=\"bm-blog-post-content bm_content_box\">\n            <h4 class=\"entry-post-title bm_title\"><a href=\"https:\/\/www.economicas.uba.ar\/extension\/vocesenelfenix\/breve-resena-historica-hacia-una-politica-de-inclusion\/\" rel=\"bookmark\">Breve rese\u00f1a hist\u00f3rica: Hacia una pol\u00edtica de inclusi\u00f3n<\/a><\/h4>            <div class=\"bm-blog-post-meta entry-post-meta bm_meta\">\n                            <\/div>\n            <div class=\"entry-post-content bm_content\">\n                | Por Mar\u00eda Laura Rey | Desde 2003, las premisas fundamentales son paliar el d\u00e9ficit habitacional y generar mano de obra. Por primera vez y a instancias de una eficaz <div><a href=\"https:\/\/www.economicas.uba.ar\/extension\/vocesenelfenix\/breve-resena-historica-hacia-una-politica-de-inclusion\/\" rel=\"bookmark\" class=\"bm-read-more entry-read-more\">M\u00e1s \u00bb<\/a><div>            <\/div>\n        <\/div>\n    <\/article>\n    <article id=\"post-20491\" class=\"item bm_layout post-20491 post type-post status-publish format-standard has-post-thumbnail hentry category-n-5 tag-ciudad tag-habitat-y-vivienda tag-indoamericano tag-maria-cristina-cravino tag-mercado-inmobiliario tag-villas\">\n\t\t<div class=\"bm-blog-post-image entry-post-image\">\n\t\t\t<div class=\"bm-post-image clearfix bm-hover-effect bm-hover-effect-blur\">\n\t\t\t\t<img loading=\"lazy\" decoding=\"async\" width=\"640\" height=\"427\" src=\"https:\/\/www.economicas.uba.ar\/extension\/vocesenelfenix\/wp-content\/uploads\/0505Cravino.jpg\" class=\"attachment-large size-large wp-post-image\" alt=\"\" srcset=\"https:\/\/www.economicas.uba.ar\/extension\/vocesenelfenix\/wp-content\/uploads\/0505Cravino.jpg 1080w, https:\/\/www.economicas.uba.ar\/extension\/vocesenelfenix\/wp-content\/uploads\/0505Cravino-300x200.jpg 300w, https:\/\/www.economicas.uba.ar\/extension\/vocesenelfenix\/wp-content\/uploads\/0505Cravino-768x512.jpg 768w, https:\/\/www.economicas.uba.ar\/extension\/vocesenelfenix\/wp-content\/uploads\/0505Cravino-640x426.jpg 640w\" sizes=\"(max-width: 640px) 100vw, 640px\" \/>\t\t\t<\/div>\n\t\t<\/div>\n        <div class=\"bm-blog-post-content bm_content_box\">\n            <h4 class=\"entry-post-title bm_title\"><a href=\"https:\/\/www.economicas.uba.ar\/extension\/vocesenelfenix\/la-necesidad-de-tener-una-ciudad-mas-justa-el-ciclo-de-las-villas-y-el-mercado-inmobiliario-informal\/\" rel=\"bookmark\">La necesidad de tener una ciudad m\u00e1s justa: El ciclo de las villas y el mercado inmobiliario informal<\/a><\/h4>            <div class=\"bm-blog-post-meta entry-post-meta bm_meta\">\n                            <\/div>\n            <div class=\"entry-post-content bm_content\">\n                | Por Mar\u00eda Cristina Cravino | La toma del Indoamericano expuso una problem\u00e1tica que somete a muchos habitantes de Buenos Aires: la saturaci\u00f3n de estos barrios humildes, donde los alquileres <div><a href=\"https:\/\/www.economicas.uba.ar\/extension\/vocesenelfenix\/la-necesidad-de-tener-una-ciudad-mas-justa-el-ciclo-de-las-villas-y-el-mercado-inmobiliario-informal\/\" rel=\"bookmark\" class=\"bm-read-more entry-read-more\">M\u00e1s \u00bb<\/a><div>            <\/div>\n        <\/div>\n    <\/article>\n    <article id=\"post-20497\" class=\"item bm_layout post-20497 post type-post status-publish format-standard has-post-thumbnail hentry category-n-5 tag-cristina-cataldo tag-desarrollo-sustentable tag-estado tag-habitat-y-vivienda tag-maria-teresa-heras tag-nora-prudkin tag-programa-mejoramiento-de-barrios\">\n\t\t<div class=\"bm-blog-post-image entry-post-image\">\n\t\t\t<div class=\"bm-post-image clearfix bm-hover-effect bm-hover-effect-blur\">\n\t\t\t\t<img loading=\"lazy\" decoding=\"async\" width=\"640\" height=\"426\" src=\"https:\/\/www.economicas.uba.ar\/extension\/vocesenelfenix\/wp-content\/uploads\/0506Prudkin.jpg\" class=\"attachment-large size-large wp-post-image\" alt=\"\" srcset=\"https:\/\/www.economicas.uba.ar\/extension\/vocesenelfenix\/wp-content\/uploads\/0506Prudkin.jpg 1080w, https:\/\/www.economicas.uba.ar\/extension\/vocesenelfenix\/wp-content\/uploads\/0506Prudkin-300x200.jpg 300w, https:\/\/www.economicas.uba.ar\/extension\/vocesenelfenix\/wp-content\/uploads\/0506Prudkin-768x511.jpg 768w, https:\/\/www.economicas.uba.ar\/extension\/vocesenelfenix\/wp-content\/uploads\/0506Prudkin-640x426.jpg 640w\" sizes=\"(max-width: 640px) 100vw, 640px\" \/>\t\t\t<\/div>\n\t\t<\/div>\n        <div class=\"bm-blog-post-content bm_content_box\">\n            <h4 class=\"entry-post-title bm_title\"><a href=\"https:\/\/www.economicas.uba.ar\/extension\/vocesenelfenix\/el-programa-mejoramiento-de-barrios-un-enfoque-desde-el-estado-para-el-desarrollo-sustentable\/\" rel=\"bookmark\">El Programa Mejoramiento de Barrios: Un enfoque desde el Estado para el desarrollo sustentable<\/a><\/h4>            <div class=\"bm-blog-post-meta entry-post-meta bm_meta\">\n                            <\/div>\n            <div class=\"entry-post-content bm_content\">\n                | Por Nora Prudkin, Cristina Cataldo y Mar\u00eda Teresa Heras | La meta es mejorar las condiciones de la poblaci\u00f3n asentada en territorios con carencia de infraestructura urbana, con problemas <div><a href=\"https:\/\/www.economicas.uba.ar\/extension\/vocesenelfenix\/el-programa-mejoramiento-de-barrios-un-enfoque-desde-el-estado-para-el-desarrollo-sustentable\/\" rel=\"bookmark\" class=\"bm-read-more entry-read-more\">M\u00e1s \u00bb<\/a><div>            <\/div>\n        <\/div>\n    <\/article>\n    <article id=\"post-20503\" class=\"item bm_layout post-20503 post type-post status-publish format-standard has-post-thumbnail hentry category-n-5 tag-habitat-y-vivienda tag-inclusion tag-javier-fernandez-castro tag-planificacion-urbana\">\n\t\t<div class=\"bm-blog-post-image entry-post-image\">\n\t\t\t<div class=\"bm-post-image clearfix bm-hover-effect bm-hover-effect-blur\">\n\t\t\t\t<img loading=\"lazy\" decoding=\"async\" width=\"640\" height=\"425\" src=\"https:\/\/www.economicas.uba.ar\/extension\/vocesenelfenix\/wp-content\/uploads\/0507Castro.jpg\" class=\"attachment-large size-large wp-post-image\" alt=\"\" srcset=\"https:\/\/www.economicas.uba.ar\/extension\/vocesenelfenix\/wp-content\/uploads\/0507Castro.jpg 1080w, https:\/\/www.economicas.uba.ar\/extension\/vocesenelfenix\/wp-content\/uploads\/0507Castro-300x199.jpg 300w, https:\/\/www.economicas.uba.ar\/extension\/vocesenelfenix\/wp-content\/uploads\/0507Castro-768x511.jpg 768w, https:\/\/www.economicas.uba.ar\/extension\/vocesenelfenix\/wp-content\/uploads\/0507Castro-640x426.jpg 640w\" sizes=\"(max-width: 640px) 100vw, 640px\" \/>\t\t\t<\/div>\n\t\t<\/div>\n        <div class=\"bm-blog-post-content bm_content_box\">\n            <h4 class=\"entry-post-title bm_title\"><a href=\"https:\/\/www.economicas.uba.ar\/extension\/vocesenelfenix\/acerca-de-los-como-posibilidades-y-limites-del-proyecto-urbano-como-herramienta-de-inclusion-socioespacial\/\" rel=\"bookmark\">Acerca de los c\u00f3mo: Posibilidades y l\u00edmites del proyecto urbano como herramienta de inclusi\u00f3n socioespacial<\/a><\/h4>            <div class=\"bm-blog-post-meta entry-post-meta bm_meta\">\n                            <\/div>\n            <div class=\"entry-post-content bm_content\">\n                | Por Javier Fern\u00e1ndez Castro | La deuda de la arquitectura y el urbanismo con la inclusi\u00f3n social comienza a revertirse, en el camino de dar respuestas ante la ausencia <div><a href=\"https:\/\/www.economicas.uba.ar\/extension\/vocesenelfenix\/acerca-de-los-como-posibilidades-y-limites-del-proyecto-urbano-como-herramienta-de-inclusion-socioespacial\/\" rel=\"bookmark\" class=\"bm-read-more entry-read-more\">M\u00e1s \u00bb<\/a><div>            <\/div>\n        <\/div>\n    <\/article>\n    <article id=\"post-20509\" class=\"item bm_layout post-20509 post type-post status-publish format-standard has-post-thumbnail hentry category-n-5 tag-ciudades tag-desarrollo-equitativo tag-desastre-ecologico tag-florencia-almansi tag-habitat-y-vivienda tag-inclusion tag-planificacion-urbana\">\n\t\t<div class=\"bm-blog-post-image entry-post-image\">\n\t\t\t<div class=\"bm-post-image clearfix bm-hover-effect bm-hover-effect-blur\">\n\t\t\t\t<img loading=\"lazy\" decoding=\"async\" width=\"640\" height=\"435\" src=\"https:\/\/www.economicas.uba.ar\/extension\/vocesenelfenix\/wp-content\/uploads\/0508Almansib.jpg\" class=\"attachment-large size-large wp-post-image\" alt=\"\" srcset=\"https:\/\/www.economicas.uba.ar\/extension\/vocesenelfenix\/wp-content\/uploads\/0508Almansib.jpg 1080w, https:\/\/www.economicas.uba.ar\/extension\/vocesenelfenix\/wp-content\/uploads\/0508Almansib-300x204.jpg 300w, https:\/\/www.economicas.uba.ar\/extension\/vocesenelfenix\/wp-content\/uploads\/0508Almansib-768x522.jpg 768w\" sizes=\"(max-width: 640px) 100vw, 640px\" \/>\t\t\t<\/div>\n\t\t<\/div>\n        <div class=\"bm-blog-post-content bm_content_box\">\n            <h4 class=\"entry-post-title bm_title\"><a href=\"https:\/\/www.economicas.uba.ar\/extension\/vocesenelfenix\/parametros-elitistas-la-vulnerabilidad-ambiental-y-la-normativa-urbana\/\" rel=\"bookmark\">Par\u00e1metros elitistas: La vulnerabilidad ambiental y la normativa urbana<\/a><\/h4>            <div class=\"bm-blog-post-meta entry-post-meta bm_meta\">\n                            <\/div>\n            <div class=\"entry-post-content bm_content\">\n                | Por Florencia Almansi | La visi\u00f3n economicista y reduccionista de la planificaci\u00f3n urbana debe ajustarse a las reales necesidades que demanda el desarrollo equitativo de las ciudades. Los desastres <div><a href=\"https:\/\/www.economicas.uba.ar\/extension\/vocesenelfenix\/parametros-elitistas-la-vulnerabilidad-ambiental-y-la-normativa-urbana\/\" rel=\"bookmark\" class=\"bm-read-more entry-read-more\">M\u00e1s \u00bb<\/a><div>            <\/div>\n        <\/div>\n    <\/article>\n    <article id=\"post-20518\" class=\"item bm_layout post-20518 post type-post status-publish format-standard has-post-thumbnail hentry category-n-5 tag-daniel-galizzi tag-habitat-informal tag-habitat-y-vivienda tag-politicas-de-habitat tag-politicas-publicas tag-vivienda-digna\">\n\t\t<div class=\"bm-blog-post-image entry-post-image\">\n\t\t\t<div class=\"bm-post-image clearfix bm-hover-effect bm-hover-effect-blur\">\n\t\t\t\t<img loading=\"lazy\" decoding=\"async\" width=\"640\" height=\"433\" src=\"https:\/\/www.economicas.uba.ar\/extension\/vocesenelfenix\/wp-content\/uploads\/0509Galizzi.jpg\" class=\"attachment-large size-large wp-post-image\" alt=\"\" srcset=\"https:\/\/www.economicas.uba.ar\/extension\/vocesenelfenix\/wp-content\/uploads\/0509Galizzi.jpg 1080w, https:\/\/www.economicas.uba.ar\/extension\/vocesenelfenix\/wp-content\/uploads\/0509Galizzi-300x203.jpg 300w, https:\/\/www.economicas.uba.ar\/extension\/vocesenelfenix\/wp-content\/uploads\/0509Galizzi-768x519.jpg 768w\" sizes=\"(max-width: 640px) 100vw, 640px\" \/>\t\t\t<\/div>\n\t\t<\/div>\n        <div class=\"bm-blog-post-content bm_content_box\">\n            <h4 class=\"entry-post-title bm_title\"><a href=\"https:\/\/www.economicas.uba.ar\/extension\/vocesenelfenix\/una-perspectiva-mas-amplia-las-politicas-de-habitat-informal-y-capacidades-de-generacion-de-nuevas-reglas-de-juego\/\" rel=\"bookmark\">Una perspectiva m\u00e1s amplia: Las pol\u00edticas de h\u00e1bitat informal y capacidades de generaci\u00f3n de nuevas reglas de juego<\/a><\/h4>            <div class=\"bm-blog-post-meta entry-post-meta bm_meta\">\n                            <\/div>\n            <div class=\"entry-post-content bm_content\">\n                | Por Daniel Galizzi | Para satisfacer la demanda de una vivienda digna para toda la poblaci\u00f3n hay que tener en cuenta variables como los ingresos, el mercado inmobiliario, las <div><a href=\"https:\/\/www.economicas.uba.ar\/extension\/vocesenelfenix\/una-perspectiva-mas-amplia-las-politicas-de-habitat-informal-y-capacidades-de-generacion-de-nuevas-reglas-de-juego\/\" rel=\"bookmark\" class=\"bm-read-more entry-read-more\">M\u00e1s \u00bb<\/a><div>            <\/div>\n        <\/div>\n    <\/article>\n    <article id=\"post-20524\" class=\"item bm_layout post-20524 post type-post status-publish format-standard has-post-thumbnail hentry category-n-5 tag-andrea-castano tag-habitat-y-vivienda tag-jose-rocha tag-justicia-social tag-proyecto-popular tag-territorio tag-tierras\">\n\t\t<div class=\"bm-blog-post-image entry-post-image\">\n\t\t\t<div class=\"bm-post-image clearfix bm-hover-effect bm-hover-effect-blur\">\n\t\t\t\t<img loading=\"lazy\" decoding=\"async\" width=\"640\" height=\"425\" src=\"https:\/\/www.economicas.uba.ar\/extension\/vocesenelfenix\/wp-content\/uploads\/0510Castano.jpg\" class=\"attachment-large size-large wp-post-image\" alt=\"\" srcset=\"https:\/\/www.economicas.uba.ar\/extension\/vocesenelfenix\/wp-content\/uploads\/0510Castano.jpg 1080w, https:\/\/www.economicas.uba.ar\/extension\/vocesenelfenix\/wp-content\/uploads\/0510Castano-300x199.jpg 300w, https:\/\/www.economicas.uba.ar\/extension\/vocesenelfenix\/wp-content\/uploads\/0510Castano-768x511.jpg 768w, https:\/\/www.economicas.uba.ar\/extension\/vocesenelfenix\/wp-content\/uploads\/0510Castano-640x426.jpg 640w\" sizes=\"(max-width: 640px) 100vw, 640px\" \/>\t\t\t<\/div>\n\t\t<\/div>\n        <div class=\"bm-blog-post-content bm_content_box\">\n            <h4 class=\"entry-post-title bm_title\"><a href=\"https:\/\/www.economicas.uba.ar\/extension\/vocesenelfenix\/un-tiempo-nuevo-la-lucha-por-la-tierra-en-el-proyecto-popular\/\" rel=\"bookmark\">Un tiempo nuevo: La lucha por la tierra en el proyecto popular<\/a><\/h4>            <div class=\"bm-blog-post-meta entry-post-meta bm_meta\">\n                            <\/div>\n            <div class=\"entry-post-content bm_content\">\n                | Por Andrea Casta\u00f1o y Jos\u00e9 Rocha | No ser\u00e1 una lucha f\u00e1cil, pero como parte de la profundizaci\u00f3n de la justicia social, la distribuci\u00f3n de la tierra ser\u00e1 puesta <div><a href=\"https:\/\/www.economicas.uba.ar\/extension\/vocesenelfenix\/un-tiempo-nuevo-la-lucha-por-la-tierra-en-el-proyecto-popular\/\" rel=\"bookmark\" class=\"bm-read-more entry-read-more\">M\u00e1s \u00bb<\/a><div>            <\/div>\n        <\/div>\n    <\/article>\n    <article id=\"post-20530\" class=\"item bm_layout post-20530 post type-post status-publish format-standard has-post-thumbnail hentry category-n-5 tag-crisis-habitacional tag-habitat-y-vivienda tag-maria-carla-rodriguez tag-movimiento-de-ocupantes-e-inquilinos tag-nestor-jeifetz tag-organizaciones-sociales tag-produccion-autogestionaria-del-habitat\">\n\t\t<div class=\"bm-blog-post-image entry-post-image\">\n\t\t\t<div class=\"bm-post-image clearfix bm-hover-effect bm-hover-effect-blur\">\n\t\t\t\t<img loading=\"lazy\" decoding=\"async\" width=\"640\" height=\"328\" src=\"https:\/\/www.economicas.uba.ar\/extension\/vocesenelfenix\/wp-content\/uploads\/0511Jeifetzb.jpg\" class=\"attachment-large size-large wp-post-image\" alt=\"\" srcset=\"https:\/\/www.economicas.uba.ar\/extension\/vocesenelfenix\/wp-content\/uploads\/0511Jeifetzb.jpg 1080w, https:\/\/www.economicas.uba.ar\/extension\/vocesenelfenix\/wp-content\/uploads\/0511Jeifetzb-300x154.jpg 300w, https:\/\/www.economicas.uba.ar\/extension\/vocesenelfenix\/wp-content\/uploads\/0511Jeifetzb-768x394.jpg 768w\" sizes=\"(max-width: 640px) 100vw, 640px\" \/>\t\t\t<\/div>\n\t\t<\/div>\n        <div class=\"bm-blog-post-content bm_content_box\">\n            <h4 class=\"entry-post-title bm_title\"><a href=\"https:\/\/www.economicas.uba.ar\/extension\/vocesenelfenix\/el-movimiento-de-ocupantes-e-inquilinos-produccion-autogestionaria-del-habitat\/\" rel=\"bookmark\">El Movimiento de Ocupantes e Inquilinos: Producci\u00f3n autogestionaria del h\u00e1bitat<\/a><\/h4>            <div class=\"bm-blog-post-meta entry-post-meta bm_meta\">\n                            <\/div>\n            <div class=\"entry-post-content bm_content\">\n                | Por N\u00e9stor Jeifetz y Mar\u00eda Carla Rodr\u00edguez | Las organizaciones sociales aportan salidas concretas a la crisis habitacional, como lo vienen haciendo desde el MOI. Bas\u00e1ndose en la autogesti\u00f3n, <div><a href=\"https:\/\/www.economicas.uba.ar\/extension\/vocesenelfenix\/el-movimiento-de-ocupantes-e-inquilinos-produccion-autogestionaria-del-habitat\/\" rel=\"bookmark\" class=\"bm-read-more entry-read-more\">M\u00e1s \u00bb<\/a><div>            <\/div>\n        <\/div>\n    <\/article>\n    <article id=\"post-20536\" class=\"item bm_layout post-20536 post type-post status-publish format-standard has-post-thumbnail hentry category-n-5 tag-entrevista tag-griselda-salguerio tag-habitat-y-vivienda tag-indoamericano tag-viviana-garcia tag-voces-de-los-movimientos-sociales\">\n\t\t<div class=\"bm-blog-post-image entry-post-image\">\n\t\t\t<div class=\"bm-post-image clearfix bm-hover-effect bm-hover-effect-blur\">\n\t\t\t\t<img loading=\"lazy\" decoding=\"async\" width=\"640\" height=\"386\" src=\"https:\/\/www.economicas.uba.ar\/extension\/vocesenelfenix\/wp-content\/uploads\/0512Sociales.jpg\" class=\"attachment-large size-large wp-post-image\" alt=\"\" srcset=\"https:\/\/www.economicas.uba.ar\/extension\/vocesenelfenix\/wp-content\/uploads\/0512Sociales.jpg 1080w, https:\/\/www.economicas.uba.ar\/extension\/vocesenelfenix\/wp-content\/uploads\/0512Sociales-300x181.jpg 300w, https:\/\/www.economicas.uba.ar\/extension\/vocesenelfenix\/wp-content\/uploads\/0512Sociales-768x464.jpg 768w\" sizes=\"(max-width: 640px) 100vw, 640px\" \/>\t\t\t<\/div>\n\t\t<\/div>\n        <div class=\"bm-blog-post-content bm_content_box\">\n            <h4 class=\"entry-post-title bm_title\"><a href=\"https:\/\/www.economicas.uba.ar\/extension\/vocesenelfenix\/entrevistas-a-viviana-garcia-y-griselda-salguerio\/\" rel=\"bookmark\">Entrevistas a Viviana Garc\u00eda y Griselda Salguerio: \u201cPareciera que los pobres no tenemos derecho a vivir en la ciudad\u201d<\/a><\/h4>            <div class=\"bm-blog-post-meta entry-post-meta bm_meta\">\n                            <\/div>\n            <div class=\"entry-post-content bm_content\">\n                | Voces de los movimientos sociales |            <\/div>\n        <\/div>\n    <\/article>\n    <article id=\"post-20542\" class=\"item bm_layout post-20542 post type-post status-publish format-standard has-post-thumbnail hentry category-n-5 tag-dialogos-politicos tag-distribucion-de-la-riqueza tag-eduardo-macaluse tag-entrevista tag-habitat-y-vivienda tag-recursos-naturales\">\n\t\t<div class=\"bm-blog-post-image entry-post-image\">\n\t\t\t<div class=\"bm-post-image clearfix bm-hover-effect bm-hover-effect-blur\">\n\t\t\t\t<img loading=\"lazy\" decoding=\"async\" width=\"640\" height=\"389\" src=\"https:\/\/www.economicas.uba.ar\/extension\/vocesenelfenix\/wp-content\/uploads\/0513Macaluse.jpg\" class=\"attachment-large size-large wp-post-image\" alt=\"\" srcset=\"https:\/\/www.economicas.uba.ar\/extension\/vocesenelfenix\/wp-content\/uploads\/0513Macaluse.jpg 1080w, https:\/\/www.economicas.uba.ar\/extension\/vocesenelfenix\/wp-content\/uploads\/0513Macaluse-300x183.jpg 300w, https:\/\/www.economicas.uba.ar\/extension\/vocesenelfenix\/wp-content\/uploads\/0513Macaluse-768x467.jpg 768w\" sizes=\"(max-width: 640px) 100vw, 640px\" \/>\t\t\t<\/div>\n\t\t<\/div>\n        <div class=\"bm-blog-post-content bm_content_box\">\n            <h4 class=\"entry-post-title bm_title\"><a href=\"https:\/\/www.economicas.uba.ar\/extension\/vocesenelfenix\/entrevista-a-eduardo-macaluse-no-queremos-resignarnos\/\" rel=\"bookmark\">Entrevista a Eduardo Macaluse: \u201cNo queremos resignarnos\u201d<\/a><\/h4>            <div class=\"bm-blog-post-meta entry-post-meta bm_meta\">\n                            <\/div>\n            <div class=\"entry-post-content bm_content\">\n                | Di\u00e1logos pol\u00edticos: Buscando consensos |            <\/div>\n        <\/div>\n    <\/article>\n    <article id=\"post-20552\" class=\"item bm_layout post-20552 post type-post status-publish format-standard has-post-thumbnail hentry category-n-5 tag-dialogos-politicos tag-entrevista tag-gustavo-lopez tag-habitat-y-vivienda tag-movimientos-politicos tag-politicas-publicas tag-sociedad\">\n\t\t<div class=\"bm-blog-post-image entry-post-image\">\n\t\t\t<div class=\"bm-post-image clearfix bm-hover-effect bm-hover-effect-blur\">\n\t\t\t\t<img loading=\"lazy\" decoding=\"async\" width=\"640\" height=\"390\" src=\"https:\/\/www.economicas.uba.ar\/extension\/vocesenelfenix\/wp-content\/uploads\/0514Lopez.jpg\" class=\"attachment-large size-large wp-post-image\" alt=\"\" srcset=\"https:\/\/www.economicas.uba.ar\/extension\/vocesenelfenix\/wp-content\/uploads\/0514Lopez.jpg 1080w, https:\/\/www.economicas.uba.ar\/extension\/vocesenelfenix\/wp-content\/uploads\/0514Lopez-300x183.jpg 300w, https:\/\/www.economicas.uba.ar\/extension\/vocesenelfenix\/wp-content\/uploads\/0514Lopez-768x468.jpg 768w\" sizes=\"(max-width: 640px) 100vw, 640px\" \/>\t\t\t<\/div>\n\t\t<\/div>\n        <div class=\"bm-blog-post-content bm_content_box\">\n            <h4 class=\"entry-post-title bm_title\"><a href=\"https:\/\/www.economicas.uba.ar\/extension\/vocesenelfenix\/entrevista-a-gustavo-lopez-la-sociedad-acompana-las-politicas-publicas\/\" rel=\"bookmark\">Entrevista a Gustavo L\u00f3pez: \u201cLa sociedad acompa\u00f1a las pol\u00edticas p\u00fablicas\u201d<\/a><\/h4>            <div class=\"bm-blog-post-meta entry-post-meta bm_meta\">\n                            <\/div>\n            <div class=\"entry-post-content bm_content\">\n                | Di\u00e1logos pol\u00edticos: Buscando consensos |            <\/div>\n        <\/div>\n    <\/article>\n    <article id=\"post-20559\" class=\"item bm_layout post-20559 post type-post status-publish format-standard has-post-thumbnail hentry category-n-5 tag-democracia tag-desigualdad tag-dialogos-politicos tag-entrevista tag-habitat-y-vivienda tag-pobreza tag-roy-cortina\">\n\t\t<div class=\"bm-blog-post-image entry-post-image\">\n\t\t\t<div class=\"bm-post-image clearfix bm-hover-effect bm-hover-effect-blur\">\n\t\t\t\t<img loading=\"lazy\" decoding=\"async\" width=\"640\" height=\"388\" src=\"https:\/\/www.economicas.uba.ar\/extension\/vocesenelfenix\/wp-content\/uploads\/0515Cortina.jpg\" class=\"attachment-large size-large wp-post-image\" alt=\"\" srcset=\"https:\/\/www.economicas.uba.ar\/extension\/vocesenelfenix\/wp-content\/uploads\/0515Cortina.jpg 1080w, https:\/\/www.economicas.uba.ar\/extension\/vocesenelfenix\/wp-content\/uploads\/0515Cortina-300x182.jpg 300w, https:\/\/www.economicas.uba.ar\/extension\/vocesenelfenix\/wp-content\/uploads\/0515Cortina-768x466.jpg 768w\" sizes=\"(max-width: 640px) 100vw, 640px\" \/>\t\t\t<\/div>\n\t\t<\/div>\n        <div class=\"bm-blog-post-content bm_content_box\">\n            <h4 class=\"entry-post-title bm_title\"><a href=\"https:\/\/www.economicas.uba.ar\/extension\/vocesenelfenix\/entrevista-a-roy-cortina-el-gobierno-no-resolvio-el-problema-de-la-pobreza\/\" rel=\"bookmark\">Entrevista a Roy Cortina: \u201cEl Gobierno no resolvi\u00f3 el problema de la pobreza\u201d<\/a><\/h4>            <div class=\"bm-blog-post-meta entry-post-meta bm_meta\">\n                            <\/div>\n            <div class=\"entry-post-content bm_content\">\n                | Di\u00e1logos pol\u00edticos: Buscando consensos |            <\/div>\n        <\/div>\n    <\/article>\n\t\t\t\t<\/div><\/div>\n\t\t\t\t\t\t\t\t<\/div>\n\t\t\t\t<\/div>\n\t\t\t\t\t<\/div>\n\t\t<\/div>\n\t\t\t\t\t<\/div>\n\t\t<\/section>\n\t\t\t\t<section class=\"elementor-section elementor-top-section elementor-element elementor-element-2ec02e3 elementor-section-boxed elementor-section-height-default elementor-section-height-default\" data-id=\"2ec02e3\" data-element_type=\"section\" data-e-type=\"section\" data-settings=\"{&quot;background_background&quot;:&quot;classic&quot;}\">\n\t\t\t\t\t\t<div class=\"elementor-container elementor-column-gap-default\">\n\t\t\t\t\t<div class=\"elementor-column elementor-col-50 elementor-top-column elementor-element elementor-element-431afe7\" data-id=\"431afe7\" data-element_type=\"column\" data-e-type=\"column\" data-settings=\"{&quot;background_background&quot;:&quot;classic&quot;}\">\n\t\t\t<div class=\"elementor-widget-wrap elementor-element-populated\">\n\t\t\t\t\t\t<div class=\"elementor-element elementor-element-b4dfcfb elementor-widget elementor-widget-text-editor\" data-id=\"b4dfcfb\" data-element_type=\"widget\" data-e-type=\"widget\" data-widget_type=\"text-editor.default\">\n\t\t\t\t<div class=\"elementor-widget-container\">\n\t\t\t\t\t\t\t\t\t<h5 style=\"text-align: right;\">VOCES DE LOS MOVIMIENTOS SOCIALES:<br \/>El Parque Indoamericano 4 meses despu\u00e9s<\/h5><h6 style=\"text-align: right;\"><strong><br \/><\/strong>Viviana Garc\u00eda, referente de villa 20.<\/h6>\t\t\t\t\t\t\t\t<\/div>\n\t\t\t\t<\/div>\n\t\t\t\t\t<\/div>\n\t\t<\/div>\n\t\t\t\t<div class=\"elementor-column elementor-col-50 elementor-top-column elementor-element elementor-element-4b61557\" data-id=\"4b61557\" data-element_type=\"column\" data-e-type=\"column\" data-settings=\"{&quot;background_background&quot;:&quot;classic&quot;}\">\n\t\t\t<div class=\"elementor-widget-wrap elementor-element-populated\">\n\t\t\t\t\t\t<div class=\"elementor-element elementor-element-ca45786 elementor-widget elementor-widget-text-editor\" data-id=\"ca45786\" data-element_type=\"widget\" data-e-type=\"widget\" data-widget_type=\"text-editor.default\">\n\t\t\t\t<div class=\"elementor-widget-container\">\n\t\t\t\t\t\t\t\t\t<iframe width=\"560\" height=\"150\" src=\"https:\/\/www.youtube.com\/embed\/e5pRYTS9UqU\" title=\"YouTube video player\" frameborder=\"0\" allow=\"accelerometer; autoplay; clipboard-write; encrypted-media; gyroscope; picture-in-picture; web-share\" allowfullscreen><\/iframe>\t\t\t\t\t\t\t\t<\/div>\n\t\t\t\t<\/div>\n\t\t\t\t\t<\/div>\n\t\t<\/div>\n\t\t\t\t\t<\/div>\n\t\t<\/section>\n\t\t\t\t<section class=\"elementor-section elementor-top-section elementor-element elementor-element-d85fc10 elementor-section-boxed elementor-section-height-default elementor-section-height-default\" data-id=\"d85fc10\" data-element_type=\"section\" data-e-type=\"section\" data-settings=\"{&quot;background_background&quot;:&quot;classic&quot;}\">\n\t\t\t\t\t\t<div class=\"elementor-container elementor-column-gap-default\">\n\t\t\t\t\t<div class=\"elementor-column elementor-col-25 elementor-top-column elementor-element elementor-element-bfa5bde\" data-id=\"bfa5bde\" data-element_type=\"column\" data-e-type=\"column\" data-settings=\"{&quot;background_background&quot;:&quot;classic&quot;}\">\n\t\t\t<div class=\"elementor-widget-wrap elementor-element-populated\">\n\t\t\t\t\t\t<div class=\"elementor-element elementor-element-4a1fba5 elementor-widget elementor-widget-text-editor\" data-id=\"4a1fba5\" data-element_type=\"widget\" data-e-type=\"widget\" data-widget_type=\"text-editor.default\">\n\t\t\t\t<div class=\"elementor-widget-container\">\n\t\t\t\t\t\t\t\t\t<h5>DI\u00c1LOGOS POL\u00cdTICOS \/ BUSCANDO CONSENSOS:<\/h5>\t\t\t\t\t\t\t\t<\/div>\n\t\t\t\t<\/div>\n\t\t\t\t\t<\/div>\n\t\t<\/div>\n\t\t\t\t<div class=\"elementor-column elementor-col-25 elementor-top-column elementor-element elementor-element-4450d56\" data-id=\"4450d56\" data-element_type=\"column\" data-e-type=\"column\" data-settings=\"{&quot;background_background&quot;:&quot;classic&quot;}\">\n\t\t\t<div class=\"elementor-widget-wrap elementor-element-populated\">\n\t\t\t\t\t\t<div class=\"elementor-element elementor-element-3661ec7 elementor-widget elementor-widget-text-editor\" data-id=\"3661ec7\" data-element_type=\"widget\" data-e-type=\"widget\" data-widget_type=\"text-editor.default\">\n\t\t\t\t<div class=\"elementor-widget-container\">\n\t\t\t\t\t\t\t\t\t<h6 style=\"text-align: center;\"><iframe title=\"YouTube video player\" src=\"https:\/\/www.youtube.com\/embed\/TUUJfY-gj9c\" width=\"560\" height=\"150\" frameborder=\"0\" allowfullscreen=\"allowfullscreen\"><\/iframe><br \/>Eduardo Macaluse<\/h6>\t\t\t\t\t\t\t\t<\/div>\n\t\t\t\t<\/div>\n\t\t\t\t\t<\/div>\n\t\t<\/div>\n\t\t\t\t<div class=\"elementor-column elementor-col-25 elementor-top-column elementor-element elementor-element-54f6d04\" data-id=\"54f6d04\" data-element_type=\"column\" data-e-type=\"column\" data-settings=\"{&quot;background_background&quot;:&quot;classic&quot;}\">\n\t\t\t<div class=\"elementor-widget-wrap elementor-element-populated\">\n\t\t\t\t\t\t<div class=\"elementor-element elementor-element-a0309b8 elementor-widget elementor-widget-text-editor\" data-id=\"a0309b8\" data-element_type=\"widget\" data-e-type=\"widget\" data-widget_type=\"text-editor.default\">\n\t\t\t\t<div class=\"elementor-widget-container\">\n\t\t\t\t\t\t\t\t\t<h6 style=\"text-align: center;\"><iframe title=\"YouTube video player\" src=\"https:\/\/www.youtube.com\/embed\/TYrAithR-qk\" width=\"560\" height=\"150\" frameborder=\"0\" allowfullscreen=\"allowfullscreen\"><\/iframe><br \/>Gustavo L\u00f3pez<\/h6>\t\t\t\t\t\t\t\t<\/div>\n\t\t\t\t<\/div>\n\t\t\t\t\t<\/div>\n\t\t<\/div>\n\t\t\t\t<div class=\"elementor-column elementor-col-25 elementor-top-column elementor-element elementor-element-a16904a\" data-id=\"a16904a\" data-element_type=\"column\" data-e-type=\"column\" data-settings=\"{&quot;background_background&quot;:&quot;classic&quot;}\">\n\t\t\t<div class=\"elementor-widget-wrap elementor-element-populated\">\n\t\t\t\t\t\t<div class=\"elementor-element elementor-element-2962365 elementor-widget elementor-widget-text-editor\" data-id=\"2962365\" data-element_type=\"widget\" data-e-type=\"widget\" data-widget_type=\"text-editor.default\">\n\t\t\t\t<div class=\"elementor-widget-container\">\n\t\t\t\t\t\t\t\t\t<h6 style=\"text-align: center;\"><iframe title=\"YouTube video player\" src=\"https:\/\/www.youtube.com\/embed\/52j_n8CChKc\" width=\"560\" height=\"150\" frameborder=\"0\" allowfullscreen=\"allowfullscreen\"><\/iframe><br \/>Roy Cortina<\/h6>\t\t\t\t\t\t\t\t<\/div>\n\t\t\t\t<\/div>\n\t\t\t\t\t<\/div>\n\t\t<\/div>\n\t\t\t\t\t<\/div>\n\t\t<\/section>\n\t\t\t\t<\/div>\n\t\t","protected":false},"excerpt":{"rendered":"<p>N\u00daMERO 5 TIERRA Y LIBERTAD H\u00c1BITAT Y VIVIENDA PESE AL CRECIMIENTO ECON\u00d3MICO Y A LAS POL\u00cdTICAS INCLUSIVAS QUE EL ESTADO VIENE APLICANDO SOSTENIDAMENTE DESDE 2003, LA CONSTRUCCI\u00d3N DE VIVIENDAS PARA<\/p>\n","protected":false},"author":5,"featured_media":0,"parent":0,"menu_order":0,"comment_status":"closed","ping_status":"closed","template":"","meta":{"footnotes":""},"class_list":["post-20437","page","type-page","status-publish","hentry"],"_links":{"self":[{"href":"https:\/\/www.economicas.uba.ar\/extension\/vocesenelfenix\/wp-json\/wp\/v2\/pages\/20437","targetHints":{"allow":["GET"]}}],"collection":[{"href":"https:\/\/www.economicas.uba.ar\/extension\/vocesenelfenix\/wp-json\/wp\/v2\/pages"}],"about":[{"href":"https:\/\/www.economicas.uba.ar\/extension\/vocesenelfenix\/wp-json\/wp\/v2\/types\/page"}],"author":[{"embeddable":true,"href":"https:\/\/www.economicas.uba.ar\/extension\/vocesenelfenix\/wp-json\/wp\/v2\/users\/5"}],"replies":[{"embeddable":true,"href":"https:\/\/www.economicas.uba.ar\/extension\/vocesenelfenix\/wp-json\/wp\/v2\/comments?post=20437"}],"version-history":[{"count":10,"href":"https:\/\/www.economicas.uba.ar\/extension\/vocesenelfenix\/wp-json\/wp\/v2\/pages\/20437\/revisions"}],"predecessor-version":[{"id":20454,"href":"https:\/\/www.economicas.uba.ar\/extension\/vocesenelfenix\/wp-json\/wp\/v2\/pages\/20437\/revisions\/20454"}],"wp:attachment":[{"href":"https:\/\/www.economicas.uba.ar\/extension\/vocesenelfenix\/wp-json\/wp\/v2\/media?parent=20437"}],"curies":[{"name":"wp","href":"https:\/\/api.w.org\/{rel}","templated":true}]}}