{"id":20569,"date":"2010-11-01T00:01:00","date_gmt":"2010-11-01T03:01:00","guid":{"rendered":"https:\/\/www.economicas.uba.ar\/extension\/vocesenelfenix\/?page_id=20569"},"modified":"2023-02-10T12:25:24","modified_gmt":"2023-02-10T15:25:24","slug":"numero-4","status":"publish","type":"page","link":"https:\/\/www.economicas.uba.ar\/extension\/vocesenelfenix\/numero-4\/","title":{"rendered":"N\u00famero 4"},"content":{"rendered":"\t\t<div data-elementor-type=\"wp-page\" data-elementor-id=\"20569\" class=\"elementor elementor-20569\" data-elementor-post-type=\"page\">\n\t\t\t\t\t\t<section class=\"elementor-section elementor-top-section elementor-element elementor-element-875292f elementor-section-boxed elementor-section-height-default elementor-section-height-default\" data-id=\"875292f\" data-element_type=\"section\" data-e-type=\"section\" data-settings=\"{&quot;background_background&quot;:&quot;classic&quot;}\">\n\t\t\t\t\t\t<div class=\"elementor-container elementor-column-gap-default\">\n\t\t\t\t\t<div class=\"elementor-column elementor-col-33 elementor-top-column elementor-element elementor-element-4f72d96\" data-id=\"4f72d96\" data-element_type=\"column\" data-e-type=\"column\">\n\t\t\t<div class=\"elementor-widget-wrap elementor-element-populated\">\n\t\t\t\t\t\t<div class=\"elementor-element elementor-element-5a89d92 elementor-widget elementor-widget-image\" data-id=\"5a89d92\" data-element_type=\"widget\" data-e-type=\"widget\" data-widget_type=\"image.default\">\n\t\t\t\t<div class=\"elementor-widget-container\">\n\t\t\t\t\t\t\t\t\t\t\t\t\t\t\t\t<a href=\"https:\/\/drive.google.com\/file\/d\/1BtpfzsfQ-OXzUsiKHmRYYxxaSh_dopQT\/view\" target=\"_blank\">\n\t\t\t\t\t\t\t<img fetchpriority=\"high\" decoding=\"async\" width=\"193\" height=\"273\" src=\"https:\/\/www.economicas.uba.ar\/extension\/vocesenelfenix\/wp-content\/uploads\/tapa04.jpg\" class=\"attachment-large size-large wp-image-1872\" alt=\"\" \/>\t\t\t\t\t\t\t\t<\/a>\n\t\t\t\t\t\t\t\t\t\t\t\t\t\t\t<\/div>\n\t\t\t\t<\/div>\n\t\t\t\t\t<\/div>\n\t\t<\/div>\n\t\t\t\t<div class=\"elementor-column elementor-col-66 elementor-top-column elementor-element elementor-element-5c239a9\" data-id=\"5c239a9\" data-element_type=\"column\" data-e-type=\"column\">\n\t\t\t<div class=\"elementor-widget-wrap elementor-element-populated\">\n\t\t\t\t\t\t<div class=\"elementor-element elementor-element-0f42e81 elementor-widget elementor-widget-text-editor\" data-id=\"0f42e81\" data-element_type=\"widget\" data-e-type=\"widget\" data-widget_type=\"text-editor.default\">\n\t\t\t\t<div class=\"elementor-widget-container\">\n\t\t\t\t\t\t\t\t\t<h5>N\u00daMERO 4<\/h5><h3>UN LUGAR EN EL MUNDO<\/h3><h6>ARGENTINA Y LAS RELACIONES INTERNACIONALES<\/h6><p><br \/>LA CRISIS AGRIETA LA HEGEMON\u00cdA DE LOS PA\u00cdSES CENTRALES. NUESTRO PA\u00cdS TIENE EL DESAFIO DE CONSOLIDAR LA INTEGRACI\u00d3N LATINOAMERICANA, EN EL CAMINO DE CONSTRUIR UN MUNDO DONDE QUEPAN TODOS LOS MUNDOS.<\/p>\t\t\t\t\t\t\t\t<\/div>\n\t\t\t\t<\/div>\n\t\t\t\t<div class=\"elementor-element elementor-element-446bf22 elementor-widget elementor-widget-button\" data-id=\"446bf22\" data-element_type=\"widget\" data-e-type=\"widget\" data-widget_type=\"button.default\">\n\t\t\t\t<div class=\"elementor-widget-container\">\n\t\t\t\t\t\t\t\t\t<div class=\"elementor-button-wrapper\">\n\t\t\t\t\t<a class=\"elementor-button elementor-button-link elementor-size-xs\" href=\"https:\/\/drive.google.com\/file\/d\/1BtpfzsfQ-OXzUsiKHmRYYxxaSh_dopQT\/view\" target=\"_blank\">\n\t\t\t\t\t\t<span class=\"elementor-button-content-wrapper\">\n\t\t\t\t\t\t\t\t\t<span class=\"elementor-button-text\">Descarg\u00e1 el PDF<\/span>\n\t\t\t\t\t<\/span>\n\t\t\t\t\t<\/a>\n\t\t\t\t<\/div>\n\t\t\t\t\t\t\t\t<\/div>\n\t\t\t\t<\/div>\n\t\t\t\t\t<\/div>\n\t\t<\/div>\n\t\t\t\t\t<\/div>\n\t\t<\/section>\n\t\t\t\t<section class=\"elementor-section elementor-top-section elementor-element elementor-element-51b2dca elementor-section-boxed elementor-section-height-default elementor-section-height-default\" data-id=\"51b2dca\" data-element_type=\"section\" data-e-type=\"section\">\n\t\t\t\t\t\t<div class=\"elementor-container elementor-column-gap-default\">\n\t\t\t\t\t<div class=\"elementor-column elementor-col-100 elementor-top-column elementor-element elementor-element-2146b66\" data-id=\"2146b66\" data-element_type=\"column\" data-e-type=\"column\">\n\t\t\t<div class=\"elementor-widget-wrap elementor-element-populated\">\n\t\t\t\t\t\t<div class=\"elementor-element elementor-element-1df2e4d elementor-grid-3 elementor-grid-tablet-2 elementor-grid-mobile-1 elementor-posts--align-left elementor-widget elementor-widget-blogmentor_blog_posts\" data-id=\"1df2e4d\" data-element_type=\"widget\" data-e-type=\"widget\" data-settings=\"{&quot;bm_grid_columns&quot;:&quot;3&quot;,&quot;bm_grid_columns_tablet&quot;:&quot;2&quot;,&quot;bm_grid_columns_mobile&quot;:&quot;1&quot;,&quot;post_card_grid_gap&quot;:{&quot;unit&quot;:&quot;px&quot;,&quot;size&quot;:10,&quot;sizes&quot;:[]},&quot;post_card_row_gap&quot;:{&quot;unit&quot;:&quot;px&quot;,&quot;size&quot;:35,&quot;sizes&quot;:[]}}\" data-widget_type=\"blogmentor_blog_posts.default\">\n\t\t\t\t<div class=\"elementor-widget-container\">\n\t\t\t\t\t\t\t\n\t\t\t\t\t\t\t\t<div class=\"bm-blog-posts-wrapper\" >\n\t\t\t\t\t\t\t<div class=\"bm-blog-posts bm-display-grid elementor-grid elementor-grid-3\" >\n\t\t\t\t    <article id=\"post-20575\" class=\"item bm_layout post-20575 post type-post status-publish format-standard has-post-thumbnail hentry category-n-4 tag-abraham-leonardo-gak tag-argentina-y-las-relaciones-internacionales tag-editorial\">\n\t\t<div class=\"bm-blog-post-image entry-post-image\">\n\t\t\t<div class=\"bm-post-image clearfix bm-hover-effect bm-hover-effect-blur\">\n\t\t\t\t<img decoding=\"async\" width=\"640\" height=\"433\" src=\"https:\/\/www.economicas.uba.ar\/extension\/vocesenelfenix\/wp-content\/uploads\/0400Editorial.jpg\" class=\"attachment-large size-large wp-post-image\" alt=\"\" srcset=\"https:\/\/www.economicas.uba.ar\/extension\/vocesenelfenix\/wp-content\/uploads\/0400Editorial.jpg 1080w, https:\/\/www.economicas.uba.ar\/extension\/vocesenelfenix\/wp-content\/uploads\/0400Editorial-300x203.jpg 300w, https:\/\/www.economicas.uba.ar\/extension\/vocesenelfenix\/wp-content\/uploads\/0400Editorial-768x519.jpg 768w\" sizes=\"(max-width: 640px) 100vw, 640px\" \/>\t\t\t<\/div>\n\t\t<\/div>\n        <div class=\"bm-blog-post-content bm_content_box\">\n            <h4 class=\"entry-post-title bm_title\"><a href=\"https:\/\/www.economicas.uba.ar\/extension\/vocesenelfenix\/editorial-un-mundo-donde-quepan-todos-los-mundos\/\" rel=\"bookmark\">Editorial: Un mundo donde quepan todos los mundos<\/a><\/h4>            <div class=\"bm-blog-post-meta entry-post-meta bm_meta\">\n                            <\/div>\n            <div class=\"entry-post-content bm_content\">\n                | Por Abraham Leonardo Gak |            <\/div>\n        <\/div>\n    <\/article>\n    <article id=\"post-20585\" class=\"item bm_layout post-20585 post type-post status-publish format-standard has-post-thumbnail hentry category-n-4 tag-america-del-sur tag-argentina-y-las-relaciones-internacionales tag-integracion-financiera-regional tag-integracion-regional tag-roberto-felleti tag-union-de-naciones-suramericanas\">\n\t\t<div class=\"bm-blog-post-image entry-post-image\">\n\t\t\t<div class=\"bm-post-image clearfix bm-hover-effect bm-hover-effect-blur\">\n\t\t\t\t<img decoding=\"async\" width=\"640\" height=\"219\" src=\"https:\/\/www.economicas.uba.ar\/extension\/vocesenelfenix\/wp-content\/uploads\/0401Felleti.jpg\" class=\"attachment-large size-large wp-post-image\" alt=\"\" srcset=\"https:\/\/www.economicas.uba.ar\/extension\/vocesenelfenix\/wp-content\/uploads\/0401Felleti.jpg 1080w, https:\/\/www.economicas.uba.ar\/extension\/vocesenelfenix\/wp-content\/uploads\/0401Felleti-300x103.jpg 300w, https:\/\/www.economicas.uba.ar\/extension\/vocesenelfenix\/wp-content\/uploads\/0401Felleti-768x262.jpg 768w\" sizes=\"(max-width: 640px) 100vw, 640px\" \/>\t\t\t<\/div>\n\t\t<\/div>\n        <div class=\"bm-blog-post-content bm_content_box\">\n            <h4 class=\"entry-post-title bm_title\"><a href=\"https:\/\/www.economicas.uba.ar\/extension\/vocesenelfenix\/las-puertas-que-abre-la-union-de-naciones-suramericanas-integracion-financiera-regional\/\" rel=\"bookmark\">Las puertas que abre la Uni\u00f3n de Naciones Suramericanas: Integraci\u00f3n financiera regional<\/a><\/h4>            <div class=\"bm-blog-post-meta entry-post-meta bm_meta\">\n                            <\/div>\n            <div class=\"entry-post-content bm_content\">\n                | Por Roberto Felleti | El contexto es de posibilidades in\u00e9ditas para los pa\u00edses de Am\u00e9rica del Sur. Para superar los problemas estructurales de la regi\u00f3n hay que consolidar los <div><a href=\"https:\/\/www.economicas.uba.ar\/extension\/vocesenelfenix\/las-puertas-que-abre-la-union-de-naciones-suramericanas-integracion-financiera-regional\/\" rel=\"bookmark\" class=\"bm-read-more entry-read-more\">M\u00e1s \u00bb<\/a><div>            <\/div>\n        <\/div>\n    <\/article>\n    <article id=\"post-20592\" class=\"item bm_layout post-20592 post type-post status-publish format-standard has-post-thumbnail hentry category-n-4 tag-alejandro-vanoli tag-argentina-y-las-relaciones-internacionales tag-autonomia tag-desendeudamiento tag-deuda-externa tag-fmi tag-neoliberalismo tag-paradigma-economico\">\n\t\t<div class=\"bm-blog-post-image entry-post-image\">\n\t\t\t<div class=\"bm-post-image clearfix bm-hover-effect bm-hover-effect-blur\">\n\t\t\t\t<img loading=\"lazy\" decoding=\"async\" width=\"640\" height=\"455\" src=\"https:\/\/www.economicas.uba.ar\/extension\/vocesenelfenix\/wp-content\/uploads\/0402Vanoli.jpg\" class=\"attachment-large size-large wp-post-image\" alt=\"\" srcset=\"https:\/\/www.economicas.uba.ar\/extension\/vocesenelfenix\/wp-content\/uploads\/0402Vanoli.jpg 1080w, https:\/\/www.economicas.uba.ar\/extension\/vocesenelfenix\/wp-content\/uploads\/0402Vanoli-300x213.jpg 300w, https:\/\/www.economicas.uba.ar\/extension\/vocesenelfenix\/wp-content\/uploads\/0402Vanoli-768x546.jpg 768w\" sizes=\"(max-width: 640px) 100vw, 640px\" \/>\t\t\t<\/div>\n\t\t<\/div>\n        <div class=\"bm-blog-post-content bm_content_box\">\n            <h4 class=\"entry-post-title bm_title\"><a href=\"https:\/\/www.economicas.uba.ar\/extension\/vocesenelfenix\/deuda-externa-el-cambio-de-paradigma-economico-post-crisis\/\" rel=\"bookmark\">Deuda externa: El cambio de paradigma econ\u00f3mico post crisis<\/a><\/h4>            <div class=\"bm-blog-post-meta entry-post-meta bm_meta\">\n                            <\/div>\n            <div class=\"entry-post-content bm_content\">\n                | Por Alejandro Vanoli | Del modelo neoliberal y la dependencia externa impuestos por la dictadura, a la recuperaci\u00f3n de la autonom\u00eda y la solvencia v\u00eda desendeudamiento, nuestro pa\u00eds recorre <div><a href=\"https:\/\/www.economicas.uba.ar\/extension\/vocesenelfenix\/deuda-externa-el-cambio-de-paradigma-economico-post-crisis\/\" rel=\"bookmark\" class=\"bm-read-more entry-read-more\">M\u00e1s \u00bb<\/a><div>            <\/div>\n        <\/div>\n    <\/article>\n    <article id=\"post-20602\" class=\"item bm_layout post-20602 post type-post status-publish format-standard has-post-thumbnail hentry category-n-4 tag-argentina-y-las-relaciones-internacionales tag-gustavo-grinspun tag-identidad tag-integracion tag-integracion-regional tag-mercosur\">\n\t\t<div class=\"bm-blog-post-image entry-post-image\">\n\t\t\t<div class=\"bm-post-image clearfix bm-hover-effect bm-hover-effect-blur\">\n\t\t\t\t<img loading=\"lazy\" decoding=\"async\" width=\"640\" height=\"412\" src=\"https:\/\/www.economicas.uba.ar\/extension\/vocesenelfenix\/wp-content\/uploads\/0403Grinspun.jpg\" class=\"attachment-large size-large wp-post-image\" alt=\"\" srcset=\"https:\/\/www.economicas.uba.ar\/extension\/vocesenelfenix\/wp-content\/uploads\/0403Grinspun.jpg 1080w, https:\/\/www.economicas.uba.ar\/extension\/vocesenelfenix\/wp-content\/uploads\/0403Grinspun-300x193.jpg 300w, https:\/\/www.economicas.uba.ar\/extension\/vocesenelfenix\/wp-content\/uploads\/0403Grinspun-768x495.jpg 768w\" sizes=\"(max-width: 640px) 100vw, 640px\" \/>\t\t\t<\/div>\n\t\t<\/div>\n        <div class=\"bm-blog-post-content bm_content_box\">\n            <h4 class=\"entry-post-title bm_title\"><a href=\"https:\/\/www.economicas.uba.ar\/extension\/vocesenelfenix\/algunas-reflexiones-sobre-el-mercosur-herramienta-estrategica-o-institucionalidad-inercial\/\" rel=\"bookmark\">Algunas reflexiones sobre el Mercosur: \u00bfHerramienta estrat\u00e9gica o institucionalidad inercial?<\/a><\/h4>            <div class=\"bm-blog-post-meta entry-post-meta bm_meta\">\n                            <\/div>\n            <div class=\"entry-post-content bm_content\">\n                | Por Gustavo Grinspun | La escasa institucionalidad desarrollada como bloque y la subordinaci\u00f3n de la integraci\u00f3n a la gran reforma econ\u00f3mica y de apertura comercial deben ser superadas por <div><a href=\"https:\/\/www.economicas.uba.ar\/extension\/vocesenelfenix\/algunas-reflexiones-sobre-el-mercosur-herramienta-estrategica-o-institucionalidad-inercial\/\" rel=\"bookmark\" class=\"bm-read-more entry-read-more\">M\u00e1s \u00bb<\/a><div>            <\/div>\n        <\/div>\n    <\/article>\n    <article id=\"post-20608\" class=\"item bm_layout post-20608 post type-post status-publish format-standard has-post-thumbnail hentry category-n-4 tag-alberto-d-cimadamore tag-argentina-y-las-relaciones-internacionales tag-institucionalizacion tag-integracion-regional tag-sudamerica tag-unasur\">\n\t\t<div class=\"bm-blog-post-image entry-post-image\">\n\t\t\t<div class=\"bm-post-image clearfix bm-hover-effect bm-hover-effect-blur\">\n\t\t\t\t<img loading=\"lazy\" decoding=\"async\" width=\"640\" height=\"454\" src=\"https:\/\/www.economicas.uba.ar\/extension\/vocesenelfenix\/wp-content\/uploads\/0404Cimadamore.jpg\" class=\"attachment-large size-large wp-post-image\" alt=\"\" srcset=\"https:\/\/www.economicas.uba.ar\/extension\/vocesenelfenix\/wp-content\/uploads\/0404Cimadamore.jpg 1080w, https:\/\/www.economicas.uba.ar\/extension\/vocesenelfenix\/wp-content\/uploads\/0404Cimadamore-300x213.jpg 300w, https:\/\/www.economicas.uba.ar\/extension\/vocesenelfenix\/wp-content\/uploads\/0404Cimadamore-768x545.jpg 768w\" sizes=\"(max-width: 640px) 100vw, 640px\" \/>\t\t\t<\/div>\n\t\t<\/div>\n        <div class=\"bm-blog-post-content bm_content_box\">\n            <h4 class=\"entry-post-title bm_title\"><a href=\"https:\/\/www.economicas.uba.ar\/extension\/vocesenelfenix\/la-institucionalizacion-necesaria-realidad-y-viabilidad-de-la-integracion-sudamericana\/\" rel=\"bookmark\">La institucionalizaci\u00f3n necesaria: Realidad y viabilidad de la integraci\u00f3n sudamericana<\/a><\/h4>            <div class=\"bm-blog-post-meta entry-post-meta bm_meta\">\n                            <\/div>\n            <div class=\"entry-post-content bm_content\">\n                | Por Alberto D. Cimadamore | Las corrientes principales del pensamiento te\u00f3rico y la evidencia emp\u00edrica nos muestran que con la voluntad pol\u00edtica no alcanza: se precisan instituciones para resolver <div><a href=\"https:\/\/www.economicas.uba.ar\/extension\/vocesenelfenix\/la-institucionalizacion-necesaria-realidad-y-viabilidad-de-la-integracion-sudamericana\/\" rel=\"bookmark\" class=\"bm-read-more entry-read-more\">M\u00e1s \u00bb<\/a><div>            <\/div>\n        <\/div>\n    <\/article>\n    <article id=\"post-20615\" class=\"item bm_layout post-20615 post type-post status-publish format-standard has-post-thumbnail hentry category-n-4 tag-argentina-y-las-relaciones-internacionales tag-distribucion-del-poder tag-economia-internacional tag-estados-unidos tag-jose-miguel-amiune tag-periferia\">\n\t\t<div class=\"bm-blog-post-image entry-post-image\">\n\t\t\t<div class=\"bm-post-image clearfix bm-hover-effect bm-hover-effect-blur\">\n\t\t\t\t<img loading=\"lazy\" decoding=\"async\" width=\"640\" height=\"444\" src=\"https:\/\/www.economicas.uba.ar\/extension\/vocesenelfenix\/wp-content\/uploads\/0405Amiune.jpg\" class=\"attachment-large size-large wp-post-image\" alt=\"\" srcset=\"https:\/\/www.economicas.uba.ar\/extension\/vocesenelfenix\/wp-content\/uploads\/0405Amiune.jpg 1080w, https:\/\/www.economicas.uba.ar\/extension\/vocesenelfenix\/wp-content\/uploads\/0405Amiune-300x208.jpg 300w, https:\/\/www.economicas.uba.ar\/extension\/vocesenelfenix\/wp-content\/uploads\/0405Amiune-768x533.jpg 768w\" sizes=\"(max-width: 640px) 100vw, 640px\" \/>\t\t\t<\/div>\n\t\t<\/div>\n        <div class=\"bm-blog-post-content bm_content_box\">\n            <h4 class=\"entry-post-title bm_title\"><a href=\"https:\/\/www.economicas.uba.ar\/extension\/vocesenelfenix\/economia-internacional-y-distribucion-del-poder-mundial-pensar-desde-la-periferia\/\" rel=\"bookmark\">Econom\u00eda internacional y distribuci\u00f3n del poder mundial: Pensar desde la periferia<\/a><\/h4>            <div class=\"bm-blog-post-meta entry-post-meta bm_meta\">\n                            <\/div>\n            <div class=\"entry-post-content bm_content\">\n                | Por Jos\u00e9 Miguel Amiune | Para Estados Unidos, las relaciones internaciones sirven para administrar el poder mundial. Tenemos que dar un giro epistemol\u00f3gico y ver nuestra realidad con ojos <div><a href=\"https:\/\/www.economicas.uba.ar\/extension\/vocesenelfenix\/economia-internacional-y-distribucion-del-poder-mundial-pensar-desde-la-periferia\/\" rel=\"bookmark\" class=\"bm-read-more entry-read-more\">M\u00e1s \u00bb<\/a><div>            <\/div>\n        <\/div>\n    <\/article>\n    <article id=\"post-20621\" class=\"item bm_layout post-20621 post type-post status-publish format-standard has-post-thumbnail hentry category-n-4 tag-actores-sociales tag-argentina-y-las-relaciones-internacionales tag-carlos-weitz tag-organismos-internacionales tag-reforma-financiera-internacional tag-sistemas-financieros-globalizados\">\n\t\t<div class=\"bm-blog-post-image entry-post-image\">\n\t\t\t<div class=\"bm-post-image clearfix bm-hover-effect bm-hover-effect-blur\">\n\t\t\t\t<img loading=\"lazy\" decoding=\"async\" width=\"640\" height=\"440\" src=\"https:\/\/www.economicas.uba.ar\/extension\/vocesenelfenix\/wp-content\/uploads\/0406Weitz.jpg\" class=\"attachment-large size-large wp-post-image\" alt=\"\" srcset=\"https:\/\/www.economicas.uba.ar\/extension\/vocesenelfenix\/wp-content\/uploads\/0406Weitz.jpg 1080w, https:\/\/www.economicas.uba.ar\/extension\/vocesenelfenix\/wp-content\/uploads\/0406Weitz-300x206.jpg 300w, https:\/\/www.economicas.uba.ar\/extension\/vocesenelfenix\/wp-content\/uploads\/0406Weitz-768x528.jpg 768w\" sizes=\"(max-width: 640px) 100vw, 640px\" \/>\t\t\t<\/div>\n\t\t<\/div>\n        <div class=\"bm-blog-post-content bm_content_box\">\n            <h4 class=\"entry-post-title bm_title\"><a href=\"https:\/\/www.economicas.uba.ar\/extension\/vocesenelfenix\/actores-temas-en-discusion-y-resultados-la-reforma-financiera-internacional\/\" rel=\"bookmark\">Actores, temas en discusi\u00f3n y resultados: La reforma financiera internacional<\/a><\/h4>            <div class=\"bm-blog-post-meta entry-post-meta bm_meta\">\n                            <\/div>\n            <div class=\"entry-post-content bm_content\">\n                | Por Carlos Weitz | La regulaci\u00f3n de las finanzas a nivel mundial requiere redise\u00f1ar los organismos internacionales. El marco regulatorio vigente durante la crisis demostr\u00f3 encontrarse profundamente compartimentado, frente <div><a href=\"https:\/\/www.economicas.uba.ar\/extension\/vocesenelfenix\/actores-temas-en-discusion-y-resultados-la-reforma-financiera-internacional\/\" rel=\"bookmark\" class=\"bm-read-more entry-read-more\">M\u00e1s \u00bb<\/a><div>            <\/div>\n        <\/div>\n    <\/article>\n    <article id=\"post-20627\" class=\"item bm_layout post-20627 post type-post status-publish format-standard has-post-thumbnail hentry category-n-4 tag-argentina-y-las-relaciones-internacionales tag-cooperacion-sur-sur tag-desarrollo tag-monica-hirst tag-paises-de-renta-media tag-pobreza\">\n\t\t<div class=\"bm-blog-post-image entry-post-image\">\n\t\t\t<div class=\"bm-post-image clearfix bm-hover-effect bm-hover-effect-blur\">\n\t\t\t\t<img loading=\"lazy\" decoding=\"async\" width=\"640\" height=\"446\" src=\"https:\/\/www.economicas.uba.ar\/extension\/vocesenelfenix\/wp-content\/uploads\/0407Hirst2.jpg\" class=\"attachment-large size-large wp-post-image\" alt=\"\" srcset=\"https:\/\/www.economicas.uba.ar\/extension\/vocesenelfenix\/wp-content\/uploads\/0407Hirst2.jpg 1080w, https:\/\/www.economicas.uba.ar\/extension\/vocesenelfenix\/wp-content\/uploads\/0407Hirst2-300x209.jpg 300w, https:\/\/www.economicas.uba.ar\/extension\/vocesenelfenix\/wp-content\/uploads\/0407Hirst2-768x535.jpg 768w\" sizes=\"(max-width: 640px) 100vw, 640px\" \/>\t\t\t<\/div>\n\t\t<\/div>\n        <div class=\"bm-blog-post-content bm_content_box\">\n            <h4 class=\"entry-post-title bm_title\"><a href=\"https:\/\/www.economicas.uba.ar\/extension\/vocesenelfenix\/paises-de-renta-media-y-la-cooperacion-sur-sur-entre-lo-conceptual-y-lo-politico\/\" rel=\"bookmark\">Pa\u00edses de renta media y la cooperaci\u00f3n Sur-Sur: Entre lo conceptual y lo pol\u00edtico<\/a><\/h4>            <div class=\"bm-blog-post-meta entry-post-meta bm_meta\">\n                            <\/div>\n            <div class=\"entry-post-content bm_content\">\n                | Por M\u00f3nica Hirst | La cooperaci\u00f3n para promover el desarrollo y combatir la pobreza presenta nuevas configuraciones que favorecen la identificaci\u00f3n y profundizaci\u00f3n de intereses comunes entre los pa\u00edses <div><a href=\"https:\/\/www.economicas.uba.ar\/extension\/vocesenelfenix\/paises-de-renta-media-y-la-cooperacion-sur-sur-entre-lo-conceptual-y-lo-politico\/\" rel=\"bookmark\" class=\"bm-read-more entry-read-more\">M\u00e1s \u00bb<\/a><div>            <\/div>\n        <\/div>\n    <\/article>\n    <article id=\"post-20635\" class=\"item bm_layout post-20635 post type-post status-publish format-standard has-post-thumbnail hentry category-n-4 tag-argentina-y-las-relaciones-internacionales tag-distribucion-del-poder tag-federico-merke tag-hegemonia tag-orden-politico-mundial tag-politica-exterior tag-sociedad\">\n\t\t<div class=\"bm-blog-post-image entry-post-image\">\n\t\t\t<div class=\"bm-post-image clearfix bm-hover-effect bm-hover-effect-blur\">\n\t\t\t\t<img loading=\"lazy\" decoding=\"async\" width=\"640\" height=\"375\" src=\"https:\/\/www.economicas.uba.ar\/extension\/vocesenelfenix\/wp-content\/uploads\/0408Merke.jpg\" class=\"attachment-large size-large wp-post-image\" alt=\"\" srcset=\"https:\/\/www.economicas.uba.ar\/extension\/vocesenelfenix\/wp-content\/uploads\/0408Merke.jpg 1080w, https:\/\/www.economicas.uba.ar\/extension\/vocesenelfenix\/wp-content\/uploads\/0408Merke-300x176.jpg 300w, https:\/\/www.economicas.uba.ar\/extension\/vocesenelfenix\/wp-content\/uploads\/0408Merke-768x449.jpg 768w\" sizes=\"(max-width: 640px) 100vw, 640px\" \/>\t\t\t<\/div>\n\t\t<\/div>\n        <div class=\"bm-blog-post-content bm_content_box\">\n            <h4 class=\"entry-post-title bm_title\"><a href=\"https:\/\/www.economicas.uba.ar\/extension\/vocesenelfenix\/el-orden-cambiante-de-la-sociedad-internacional-las-responsabilidades-de-la-politica-exterior-argentina\/\" rel=\"bookmark\">El orden cambiante de la sociedad internacional: Las responsabilidades de la pol\u00edtica exterior argentina<\/a><\/h4>            <div class=\"bm-blog-post-meta entry-post-meta bm_meta\">\n                            <\/div>\n            <div class=\"entry-post-content bm_content\">\n                | Por Federico Merke | En un orden pol\u00edtico mundial cambiante donde la hegemon\u00eda estadounidense est\u00e1 en cuesti\u00f3n y hay una nueva distribuci\u00f3n del poder, donde el Sur tiene otro <div><a href=\"https:\/\/www.economicas.uba.ar\/extension\/vocesenelfenix\/el-orden-cambiante-de-la-sociedad-internacional-las-responsabilidades-de-la-politica-exterior-argentina\/\" rel=\"bookmark\" class=\"bm-read-more entry-read-more\">M\u00e1s \u00bb<\/a><div>            <\/div>\n        <\/div>\n    <\/article>\n    <article id=\"post-20641\" class=\"item bm_layout post-20641 post type-post status-publish format-standard has-post-thumbnail hentry category-n-4 tag-alimentos tag-argentina-y-las-relaciones-internacionales tag-jorge-iturriza tag-mundo-desigual tag-negociaciones-agricolas tag-paises-desarrollados\">\n\t\t<div class=\"bm-blog-post-image entry-post-image\">\n\t\t\t<div class=\"bm-post-image clearfix bm-hover-effect bm-hover-effect-blur\">\n\t\t\t\t<img loading=\"lazy\" decoding=\"async\" width=\"640\" height=\"462\" src=\"https:\/\/www.economicas.uba.ar\/extension\/vocesenelfenix\/wp-content\/uploads\/0409Iturriza.jpg\" class=\"attachment-large size-large wp-post-image\" alt=\"\" srcset=\"https:\/\/www.economicas.uba.ar\/extension\/vocesenelfenix\/wp-content\/uploads\/0409Iturriza.jpg 1080w, https:\/\/www.economicas.uba.ar\/extension\/vocesenelfenix\/wp-content\/uploads\/0409Iturriza-300x217.jpg 300w, https:\/\/www.economicas.uba.ar\/extension\/vocesenelfenix\/wp-content\/uploads\/0409Iturriza-768x555.jpg 768w, https:\/\/www.economicas.uba.ar\/extension\/vocesenelfenix\/wp-content\/uploads\/0409Iturriza-183x132.jpg 183w\" sizes=\"(max-width: 640px) 100vw, 640px\" \/>\t\t\t<\/div>\n\t\t<\/div>\n        <div class=\"bm-blog-post-content bm_content_box\">\n            <h4 class=\"entry-post-title bm_title\"><a href=\"https:\/\/www.economicas.uba.ar\/extension\/vocesenelfenix\/un-mundo-desigual-la-argentina-y-las-negociaciones-agricolas\/\" rel=\"bookmark\">Un mundo desigual: La Argentina y las negociaciones agr\u00edcolas<\/a><\/h4>            <div class=\"bm-blog-post-meta entry-post-meta bm_meta\">\n                            <\/div>\n            <div class=\"entry-post-content bm_content\">\n                | Por Jorge Iturriza | Aunque los pa\u00edses desarrollados ponen barreras a la comercializaci\u00f3n de alimentos, se puede pasar de la exportaci\u00f3n de commodities a la de alimentos procesados, con <div><a href=\"https:\/\/www.economicas.uba.ar\/extension\/vocesenelfenix\/un-mundo-desigual-la-argentina-y-las-negociaciones-agricolas\/\" rel=\"bookmark\" class=\"bm-read-more entry-read-more\">M\u00e1s \u00bb<\/a><div>            <\/div>\n        <\/div>\n    <\/article>\n    <article id=\"post-20647\" class=\"item bm_layout post-20647 post type-post status-publish format-standard has-post-thumbnail hentry category-n-4 tag-ronda-del-desarrollo tag-argentina-y-las-relaciones-internacionales tag-diana-tussie tag-estados-unidos tag-omc tag-ronda-doha\">\n\t\t<div class=\"bm-blog-post-image entry-post-image\">\n\t\t\t<div class=\"bm-post-image clearfix bm-hover-effect bm-hover-effect-blur\">\n\t\t\t\t<img loading=\"lazy\" decoding=\"async\" width=\"640\" height=\"444\" src=\"https:\/\/www.economicas.uba.ar\/extension\/vocesenelfenix\/wp-content\/uploads\/0410Tussie.jpg\" class=\"attachment-large size-large wp-post-image\" alt=\"\" srcset=\"https:\/\/www.economicas.uba.ar\/extension\/vocesenelfenix\/wp-content\/uploads\/0410Tussie.jpg 1080w, https:\/\/www.economicas.uba.ar\/extension\/vocesenelfenix\/wp-content\/uploads\/0410Tussie-300x208.jpg 300w, https:\/\/www.economicas.uba.ar\/extension\/vocesenelfenix\/wp-content\/uploads\/0410Tussie-768x533.jpg 768w\" sizes=\"(max-width: 640px) 100vw, 640px\" \/>\t\t\t<\/div>\n\t\t<\/div>\n        <div class=\"bm-blog-post-content bm_content_box\">\n            <h4 class=\"entry-post-title bm_title\"><a href=\"https:\/\/www.economicas.uba.ar\/extension\/vocesenelfenix\/la-argentina-frente-a-la-omc-y-la-ronda-doha-la-siesta-de-las-negociaciones\/\" rel=\"bookmark\">La Argentina frente a la OMC y la Ronda Doha: La siesta de las negociaciones<\/a><\/h4>            <div class=\"bm-blog-post-meta entry-post-meta bm_meta\">\n                            <\/div>\n            <div class=\"entry-post-content bm_content\">\n                | Por Diana Tussie | Tras la crisis y sin el liderazgo estadounidense, nadie quiere buscar acuerdos en cuanto a la eliminaci\u00f3n de subsidios agr\u00edcolas. La Ronda Doha se proclam\u00f3 <div><a href=\"https:\/\/www.economicas.uba.ar\/extension\/vocesenelfenix\/la-argentina-frente-a-la-omc-y-la-ronda-doha-la-siesta-de-las-negociaciones\/\" rel=\"bookmark\" class=\"bm-read-more entry-read-more\">M\u00e1s \u00bb<\/a><div>            <\/div>\n        <\/div>\n    <\/article>\n    <article id=\"post-20653\" class=\"item bm_layout post-20653 post type-post status-publish format-standard has-post-thumbnail hentry category-n-4 tag-argentina-y-las-relaciones-internacionales tag-cecilia-fernandez-bugna tag-cooperacion tag-desarrollo tag-empresas-transnacionales tag-fernando-porta tag-inversion-extranjera tag-pobreza\">\n\t\t<div class=\"bm-blog-post-image entry-post-image\">\n\t\t\t<div class=\"bm-post-image clearfix bm-hover-effect bm-hover-effect-blur\">\n\t\t\t\t<img loading=\"lazy\" decoding=\"async\" width=\"640\" height=\"425\" src=\"https:\/\/www.economicas.uba.ar\/extension\/vocesenelfenix\/wp-content\/uploads\/0411Porta.jpg\" class=\"attachment-large size-large wp-post-image\" alt=\"\" srcset=\"https:\/\/www.economicas.uba.ar\/extension\/vocesenelfenix\/wp-content\/uploads\/0411Porta.jpg 1080w, https:\/\/www.economicas.uba.ar\/extension\/vocesenelfenix\/wp-content\/uploads\/0411Porta-300x199.jpg 300w, https:\/\/www.economicas.uba.ar\/extension\/vocesenelfenix\/wp-content\/uploads\/0411Porta-768x510.jpg 768w, https:\/\/www.economicas.uba.ar\/extension\/vocesenelfenix\/wp-content\/uploads\/0411Porta-640x426.jpg 640w\" sizes=\"(max-width: 640px) 100vw, 640px\" \/>\t\t\t<\/div>\n\t\t<\/div>\n        <div class=\"bm-blog-post-content bm_content_box\">\n            <h4 class=\"entry-post-title bm_title\"><a href=\"https:\/\/www.economicas.uba.ar\/extension\/vocesenelfenix\/inversion-extranjera-y-empresas-transnacionales-en-la-economia-argentina-tendencias-estrategias-y-efectos\/\" rel=\"bookmark\">Inversi\u00f3n extranjera y empresas transnacionales en la econom\u00eda argentina: Tendencias, estrategias y efectos<\/a><\/h4>            <div class=\"bm-blog-post-meta entry-post-meta bm_meta\">\n                            <\/div>\n            <div class=\"entry-post-content bm_content\">\n                | Por Fernando Porta y Cecilia Fern\u00e1ndez Bugna | La cooperaci\u00f3n para promover el desarrollo y combatir la pobreza presenta nuevas configuraciones que favorecen la identificaci\u00f3n y profundizaci\u00f3n de intereses <div><a href=\"https:\/\/www.economicas.uba.ar\/extension\/vocesenelfenix\/inversion-extranjera-y-empresas-transnacionales-en-la-economia-argentina-tendencias-estrategias-y-efectos\/\" rel=\"bookmark\" class=\"bm-read-more entry-read-more\">M\u00e1s \u00bb<\/a><div>            <\/div>\n        <\/div>\n    <\/article>\n    <article id=\"post-20661\" class=\"item bm_layout post-20661 post type-post status-publish format-standard has-post-thumbnail hentry category-n-4 tag-argentina-y-las-relaciones-internacionales tag-crisis-global tag-fuga-de-capitales tag-jorge-gaggero tag-paraisos-fiscales tag-sur-norte\">\n\t\t<div class=\"bm-blog-post-image entry-post-image\">\n\t\t\t<div class=\"bm-post-image clearfix bm-hover-effect bm-hover-effect-blur\">\n\t\t\t\t<img loading=\"lazy\" decoding=\"async\" width=\"640\" height=\"455\" src=\"https:\/\/www.economicas.uba.ar\/extension\/vocesenelfenix\/wp-content\/uploads\/0412Gaggero.jpg\" class=\"attachment-large size-large wp-post-image\" alt=\"\" srcset=\"https:\/\/www.economicas.uba.ar\/extension\/vocesenelfenix\/wp-content\/uploads\/0412Gaggero.jpg 1080w, https:\/\/www.economicas.uba.ar\/extension\/vocesenelfenix\/wp-content\/uploads\/0412Gaggero-300x213.jpg 300w, https:\/\/www.economicas.uba.ar\/extension\/vocesenelfenix\/wp-content\/uploads\/0412Gaggero-768x545.jpg 768w\" sizes=\"(max-width: 640px) 100vw, 640px\" \/>\t\t\t<\/div>\n\t\t<\/div>\n        <div class=\"bm-blog-post-content bm_content_box\">\n            <h4 class=\"entry-post-title bm_title\"><a href=\"https:\/\/www.economicas.uba.ar\/extension\/vocesenelfenix\/el-escenario-global-2002-2010-la-fuga-de-capitales\/\" rel=\"bookmark\">El escenario global (2002-2010): La fuga de capitales<\/a><\/h4>            <div class=\"bm-blog-post-meta entry-post-meta bm_meta\">\n                            <\/div>\n            <div class=\"entry-post-content bm_content\">\n                | Por Jorge Gaggero | Los poderes f\u00e1cticos del Norte sacan ventaja de la crisis global. Para los pa\u00edses del Sur, es el peor de los mundos. Para pensar en <div><a href=\"https:\/\/www.economicas.uba.ar\/extension\/vocesenelfenix\/el-escenario-global-2002-2010-la-fuga-de-capitales\/\" rel=\"bookmark\" class=\"bm-read-more entry-read-more\">M\u00e1s \u00bb<\/a><div>            <\/div>\n        <\/div>\n    <\/article>\n    <article id=\"post-20674\" class=\"item bm_layout post-20674 post type-post status-publish format-standard has-post-thumbnail hentry category-n-4 tag-argentina-y-las-relaciones-internacionales tag-boom-exportador tag-carlos-bianco tag-insercion-externa tag-mercado-interno tag-posconvertibilidad tag-precios-relativos\">\n\t\t<div class=\"bm-blog-post-image entry-post-image\">\n\t\t\t<div class=\"bm-post-image clearfix bm-hover-effect bm-hover-effect-blur\">\n\t\t\t\t<img loading=\"lazy\" decoding=\"async\" width=\"640\" height=\"418\" src=\"https:\/\/www.economicas.uba.ar\/extension\/vocesenelfenix\/wp-content\/uploads\/0413Bianco.jpg\" class=\"attachment-large size-large wp-post-image\" alt=\"\" srcset=\"https:\/\/www.economicas.uba.ar\/extension\/vocesenelfenix\/wp-content\/uploads\/0413Bianco.jpg 1080w, https:\/\/www.economicas.uba.ar\/extension\/vocesenelfenix\/wp-content\/uploads\/0413Bianco-300x196.jpg 300w, https:\/\/www.economicas.uba.ar\/extension\/vocesenelfenix\/wp-content\/uploads\/0413Bianco-768x502.jpg 768w\" sizes=\"(max-width: 640px) 100vw, 640px\" \/>\t\t\t<\/div>\n\t\t<\/div>\n        <div class=\"bm-blog-post-content bm_content_box\">\n            <h4 class=\"entry-post-title bm_title\"><a href=\"https:\/\/www.economicas.uba.ar\/extension\/vocesenelfenix\/la-insercion-externa-argentina-en-la-posconvertibilidad-boom-exportador-y-cambios-marginales-en-la-estructura\/\" rel=\"bookmark\">La inserci\u00f3n externa argentina en la posconvertibilidad: Boom exportador y cambios marginales en la estructura<\/a><\/h4>            <div class=\"bm-blog-post-meta entry-post-meta bm_meta\">\n                            <\/div>\n            <div class=\"entry-post-content bm_content\">\n                | Por Carlos Bianco | En la medida en que se sostenga el esquema de precios relativos, el mercado interno conserve su robustez y se articulen pol\u00edticas de transformaci\u00f3n estructural <div><a href=\"https:\/\/www.economicas.uba.ar\/extension\/vocesenelfenix\/la-insercion-externa-argentina-en-la-posconvertibilidad-boom-exportador-y-cambios-marginales-en-la-estructura\/\" rel=\"bookmark\" class=\"bm-read-more entry-read-more\">M\u00e1s \u00bb<\/a><div>            <\/div>\n        <\/div>\n    <\/article>\n    <article id=\"post-20683\" class=\"item bm_layout post-20683 post type-post status-publish format-standard has-post-thumbnail hentry category-n-4 tag-alberto-muller tag-argentina-y-las-relaciones-internacionales tag-desarrollo tag-ferrocarril tag-infraestructura tag-integracion tag-via-maritima\">\n\t\t<div class=\"bm-blog-post-image entry-post-image\">\n\t\t\t<div class=\"bm-post-image clearfix bm-hover-effect bm-hover-effect-blur\">\n\t\t\t\t<img loading=\"lazy\" decoding=\"async\" width=\"640\" height=\"462\" src=\"https:\/\/www.economicas.uba.ar\/extension\/vocesenelfenix\/wp-content\/uploads\/0414Muller.jpg\" class=\"attachment-large size-large wp-post-image\" alt=\"\" srcset=\"https:\/\/www.economicas.uba.ar\/extension\/vocesenelfenix\/wp-content\/uploads\/0414Muller.jpg 1080w, https:\/\/www.economicas.uba.ar\/extension\/vocesenelfenix\/wp-content\/uploads\/0414Muller-300x217.jpg 300w, https:\/\/www.economicas.uba.ar\/extension\/vocesenelfenix\/wp-content\/uploads\/0414Muller-768x555.jpg 768w, https:\/\/www.economicas.uba.ar\/extension\/vocesenelfenix\/wp-content\/uploads\/0414Muller-183x132.jpg 183w\" sizes=\"(max-width: 640px) 100vw, 640px\" \/>\t\t\t<\/div>\n\t\t<\/div>\n        <div class=\"bm-blog-post-content bm_content_box\">\n            <h4 class=\"entry-post-title bm_title\"><a href=\"https:\/\/www.economicas.uba.ar\/extension\/vocesenelfenix\/infraestructura-e-integracion-mas-alla-de-los-mitos\/\" rel=\"bookmark\">Infraestructura e integraci\u00f3n: M\u00e1s all\u00e1 de los mitos<\/a><\/h4>            <div class=\"bm-blog-post-meta entry-post-meta bm_meta\">\n                            <\/div>\n            <div class=\"entry-post-content bm_content\">\n                | Por Alberto M\u00fcller | La v\u00eda mar\u00edtima sigue siendo mucho m\u00e1s barata que promover la conectividad a trav\u00e9s del sistema ferroviario, pese a la creencia de que los trenes, <div><a href=\"https:\/\/www.economicas.uba.ar\/extension\/vocesenelfenix\/infraestructura-e-integracion-mas-alla-de-los-mitos\/\" rel=\"bookmark\" class=\"bm-read-more entry-read-more\">M\u00e1s \u00bb<\/a><div>            <\/div>\n        <\/div>\n    <\/article>\n    <article id=\"post-20689\" class=\"item bm_layout post-20689 post type-post status-publish format-standard has-post-thumbnail hentry category-n-4 tag-argentina-y-las-relaciones-internacionales tag-claudio-lozano tag-dialogos-politicos tag-entrevista tag-participacion-popular tag-recursos-naturales\">\n\t\t<div class=\"bm-blog-post-image entry-post-image\">\n\t\t\t<div class=\"bm-post-image clearfix bm-hover-effect bm-hover-effect-blur\">\n\t\t\t\t<img loading=\"lazy\" decoding=\"async\" width=\"640\" height=\"448\" src=\"https:\/\/www.economicas.uba.ar\/extension\/vocesenelfenix\/wp-content\/uploads\/0415Lozano.jpg\" class=\"attachment-large size-large wp-post-image\" alt=\"\" srcset=\"https:\/\/www.economicas.uba.ar\/extension\/vocesenelfenix\/wp-content\/uploads\/0415Lozano.jpg 1080w, https:\/\/www.economicas.uba.ar\/extension\/vocesenelfenix\/wp-content\/uploads\/0415Lozano-300x210.jpg 300w, https:\/\/www.economicas.uba.ar\/extension\/vocesenelfenix\/wp-content\/uploads\/0415Lozano-768x538.jpg 768w\" sizes=\"(max-width: 640px) 100vw, 640px\" \/>\t\t\t<\/div>\n\t\t<\/div>\n        <div class=\"bm-blog-post-content bm_content_box\">\n            <h4 class=\"entry-post-title bm_title\"><a href=\"https:\/\/www.economicas.uba.ar\/extension\/vocesenelfenix\/entrevista-a-claudio-lozano-abrir-la-puerta-a-la-participacion-popular\/\" rel=\"bookmark\">Entrevista a Claudio Lozano: \u201cAbrir la puerta a la participaci\u00f3n popular\u201d<\/a><\/h4>            <div class=\"bm-blog-post-meta entry-post-meta bm_meta\">\n                            <\/div>\n            <div class=\"entry-post-content bm_content\">\n                | Di\u00e1logos pol\u00edticos: buscando consensos |            <\/div>\n        <\/div>\n    <\/article>\n    <article id=\"post-20699\" class=\"item bm_layout post-20699 post type-post status-publish format-standard has-post-thumbnail hentry category-n-4 tag-antipueblo tag-argentina-y-las-relaciones-internacionales tag-dario-diaz-perez tag-dialogos-politicos tag-entrevista tag-progresismo-kirchnerista\">\n\t\t<div class=\"bm-blog-post-image entry-post-image\">\n\t\t\t<div class=\"bm-post-image clearfix bm-hover-effect bm-hover-effect-blur\">\n\t\t\t\t<img loading=\"lazy\" decoding=\"async\" width=\"640\" height=\"390\" src=\"https:\/\/www.economicas.uba.ar\/extension\/vocesenelfenix\/wp-content\/uploads\/0416Diaz-Perez.jpg\" class=\"attachment-large size-large wp-post-image\" alt=\"\" srcset=\"https:\/\/www.economicas.uba.ar\/extension\/vocesenelfenix\/wp-content\/uploads\/0416Diaz-Perez.jpg 1080w, https:\/\/www.economicas.uba.ar\/extension\/vocesenelfenix\/wp-content\/uploads\/0416Diaz-Perez-300x183.jpg 300w, https:\/\/www.economicas.uba.ar\/extension\/vocesenelfenix\/wp-content\/uploads\/0416Diaz-Perez-768x468.jpg 768w\" sizes=\"(max-width: 640px) 100vw, 640px\" \/>\t\t\t<\/div>\n\t\t<\/div>\n        <div class=\"bm-blog-post-content bm_content_box\">\n            <h4 class=\"entry-post-title bm_title\"><a href=\"https:\/\/www.economicas.uba.ar\/extension\/vocesenelfenix\/entrevista-a-dario-diaz-perez-organizacion-para-avanzar\/\" rel=\"bookmark\">Entrevista a Dar\u00edo D\u00edaz P\u00e9rez: \u201cOrganizaci\u00f3n para avanzar\u201d<\/a><\/h4>            <div class=\"bm-blog-post-meta entry-post-meta bm_meta\">\n                            <\/div>\n            <div class=\"entry-post-content bm_content\">\n                | Di\u00e1logos pol\u00edticos: buscando consensos |            <\/div>\n        <\/div>\n    <\/article>\n    <article id=\"post-20707\" class=\"item bm_layout post-20707 post type-post status-publish format-standard has-post-thumbnail hentry category-n-4 tag-argentina-y-las-relaciones-internacionales tag-democracia tag-desarrollo tag-dialogos-politicos tag-entrevista tag-inclusion tag-insercion tag-ricardo-gil-lavedra\">\n\t\t<div class=\"bm-blog-post-image entry-post-image\">\n\t\t\t<div class=\"bm-post-image clearfix bm-hover-effect bm-hover-effect-blur\">\n\t\t\t\t<img loading=\"lazy\" decoding=\"async\" width=\"640\" height=\"420\" src=\"https:\/\/www.economicas.uba.ar\/extension\/vocesenelfenix\/wp-content\/uploads\/0417Gil-Lavedra.jpg\" class=\"attachment-large size-large wp-post-image\" alt=\"\" srcset=\"https:\/\/www.economicas.uba.ar\/extension\/vocesenelfenix\/wp-content\/uploads\/0417Gil-Lavedra.jpg 1080w, https:\/\/www.economicas.uba.ar\/extension\/vocesenelfenix\/wp-content\/uploads\/0417Gil-Lavedra-300x197.jpg 300w, https:\/\/www.economicas.uba.ar\/extension\/vocesenelfenix\/wp-content\/uploads\/0417Gil-Lavedra-768x504.jpg 768w\" sizes=\"(max-width: 640px) 100vw, 640px\" \/>\t\t\t<\/div>\n\t\t<\/div>\n        <div class=\"bm-blog-post-content bm_content_box\">\n            <h4 class=\"entry-post-title bm_title\"><a href=\"https:\/\/www.economicas.uba.ar\/extension\/vocesenelfenix\/entrevista-a-ricardo-gil-lavedra-consolidar-el-proceso-democratico\/\" rel=\"bookmark\">Entrevista a Ricardo Gil Lavedra: \u201cConsolidar el proceso democr\u00e1tico\u201d<\/a><\/h4>            <div class=\"bm-blog-post-meta entry-post-meta bm_meta\">\n                            <\/div>\n            <div class=\"entry-post-content bm_content\">\n                | Di\u00e1logos pol\u00edticos: buscando consensos |            <\/div>\n        <\/div>\n    <\/article>\n\t\t\t\t<\/div><\/div>\n\t\t\t\t\t\t\t\t<\/div>\n\t\t\t\t<\/div>\n\t\t\t\t\t<\/div>\n\t\t<\/div>\n\t\t\t\t\t<\/div>\n\t\t<\/section>\n\t\t\t\t<section class=\"elementor-section elementor-top-section elementor-element elementor-element-4f432f7 elementor-section-boxed elementor-section-height-default elementor-section-height-default\" data-id=\"4f432f7\" data-element_type=\"section\" data-e-type=\"section\" data-settings=\"{&quot;background_background&quot;:&quot;classic&quot;}\">\n\t\t\t\t\t\t<div class=\"elementor-container elementor-column-gap-default\">\n\t\t\t\t\t<div class=\"elementor-column elementor-col-25 elementor-top-column elementor-element elementor-element-05814a3\" data-id=\"05814a3\" data-element_type=\"column\" data-e-type=\"column\" data-settings=\"{&quot;background_background&quot;:&quot;classic&quot;}\">\n\t\t\t<div class=\"elementor-widget-wrap elementor-element-populated\">\n\t\t\t\t\t\t<div class=\"elementor-element elementor-element-ab068dc elementor-widget elementor-widget-text-editor\" data-id=\"ab068dc\" data-element_type=\"widget\" data-e-type=\"widget\" data-widget_type=\"text-editor.default\">\n\t\t\t\t<div class=\"elementor-widget-container\">\n\t\t\t\t\t\t\t\t\t<h5>DI\u00c1LOGOS POL\u00cdTICOS \/ BUSCANDO CONSENSOS:<\/h5>\t\t\t\t\t\t\t\t<\/div>\n\t\t\t\t<\/div>\n\t\t\t\t\t<\/div>\n\t\t<\/div>\n\t\t\t\t<div class=\"elementor-column elementor-col-25 elementor-top-column elementor-element elementor-element-d1112ef\" data-id=\"d1112ef\" data-element_type=\"column\" data-e-type=\"column\" data-settings=\"{&quot;background_background&quot;:&quot;classic&quot;}\">\n\t\t\t<div class=\"elementor-widget-wrap elementor-element-populated\">\n\t\t\t\t\t\t<div class=\"elementor-element elementor-element-30fc089 elementor-widget elementor-widget-text-editor\" data-id=\"30fc089\" data-element_type=\"widget\" data-e-type=\"widget\" data-widget_type=\"text-editor.default\">\n\t\t\t\t<div class=\"elementor-widget-container\">\n\t\t\t\t\t\t\t\t\t<h6 style=\"text-align: center;\"><iframe title=\"YouTube video player\" src=\"https:\/\/www.youtube.com\/embed\/ppbBxs3hKEk\" width=\"560\" height=\"150\" frameborder=\"0\" allowfullscreen=\"allowfullscreen\"><\/iframe><br \/>Claudio Lozano<\/h6>\t\t\t\t\t\t\t\t<\/div>\n\t\t\t\t<\/div>\n\t\t\t\t\t<\/div>\n\t\t<\/div>\n\t\t\t\t<div class=\"elementor-column elementor-col-25 elementor-top-column elementor-element elementor-element-530f5b6\" data-id=\"530f5b6\" data-element_type=\"column\" data-e-type=\"column\" data-settings=\"{&quot;background_background&quot;:&quot;classic&quot;}\">\n\t\t\t<div class=\"elementor-widget-wrap elementor-element-populated\">\n\t\t\t\t\t\t<div class=\"elementor-element elementor-element-c68b554 elementor-widget elementor-widget-text-editor\" data-id=\"c68b554\" data-element_type=\"widget\" data-e-type=\"widget\" data-widget_type=\"text-editor.default\">\n\t\t\t\t<div class=\"elementor-widget-container\">\n\t\t\t\t\t\t\t\t\t<h6 style=\"text-align: center;\"><iframe title=\"YouTube video player\" src=\"https:\/\/www.youtube.com\/embed\/bBRTfx9XtwI\" width=\"560\" height=\"150\" frameborder=\"0\" allowfullscreen=\"allowfullscreen\"><\/iframe><br \/>Dar\u00edo D\u00edaz P\u00e9rez<\/h6>\t\t\t\t\t\t\t\t<\/div>\n\t\t\t\t<\/div>\n\t\t\t\t\t<\/div>\n\t\t<\/div>\n\t\t\t\t<div class=\"elementor-column elementor-col-25 elementor-top-column elementor-element elementor-element-68f523f\" data-id=\"68f523f\" data-element_type=\"column\" data-e-type=\"column\" data-settings=\"{&quot;background_background&quot;:&quot;classic&quot;}\">\n\t\t\t<div class=\"elementor-widget-wrap elementor-element-populated\">\n\t\t\t\t\t\t<div class=\"elementor-element elementor-element-c44830d elementor-widget elementor-widget-text-editor\" data-id=\"c44830d\" data-element_type=\"widget\" data-e-type=\"widget\" data-widget_type=\"text-editor.default\">\n\t\t\t\t<div class=\"elementor-widget-container\">\n\t\t\t\t\t\t\t\t\t<h6 style=\"text-align: center;\"><iframe title=\"YouTube video player\" src=\"https:\/\/www.youtube.com\/embed\/i55b4NgJefw\" width=\"560\" height=\"150\" frameborder=\"0\" allowfullscreen=\"allowfullscreen\"><\/iframe><br \/>Ricardo Gil Lavedra<\/h6>\t\t\t\t\t\t\t\t<\/div>\n\t\t\t\t<\/div>\n\t\t\t\t\t<\/div>\n\t\t<\/div>\n\t\t\t\t\t<\/div>\n\t\t<\/section>\n\t\t\t\t<\/div>\n\t\t","protected":false},"excerpt":{"rendered":"<p>N\u00daMERO 4 UN LUGAR EN EL MUNDO ARGENTINA Y LAS RELACIONES INTERNACIONALES LA CRISIS AGRIETA LA HEGEMON\u00cdA DE LOS PA\u00cdSES CENTRALES. NUESTRO PA\u00cdS TIENE EL DESAFIO DE CONSOLIDAR LA INTEGRACI\u00d3N<\/p>\n","protected":false},"author":5,"featured_media":0,"parent":0,"menu_order":0,"comment_status":"closed","ping_status":"closed","template":"","meta":{"footnotes":""},"class_list":["post-20569","page","type-page","status-publish","hentry"],"_links":{"self":[{"href":"https:\/\/www.economicas.uba.ar\/extension\/vocesenelfenix\/wp-json\/wp\/v2\/pages\/20569","targetHints":{"allow":["GET"]}}],"collection":[{"href":"https:\/\/www.economicas.uba.ar\/extension\/vocesenelfenix\/wp-json\/wp\/v2\/pages"}],"about":[{"href":"https:\/\/www.economicas.uba.ar\/extension\/vocesenelfenix\/wp-json\/wp\/v2\/types\/page"}],"author":[{"embeddable":true,"href":"https:\/\/www.economicas.uba.ar\/extension\/vocesenelfenix\/wp-json\/wp\/v2\/users\/5"}],"replies":[{"embeddable":true,"href":"https:\/\/www.economicas.uba.ar\/extension\/vocesenelfenix\/wp-json\/wp\/v2\/comments?post=20569"}],"version-history":[{"count":7,"href":"https:\/\/www.economicas.uba.ar\/extension\/vocesenelfenix\/wp-json\/wp\/v2\/pages\/20569\/revisions"}],"predecessor-version":[{"id":20584,"href":"https:\/\/www.economicas.uba.ar\/extension\/vocesenelfenix\/wp-json\/wp\/v2\/pages\/20569\/revisions\/20584"}],"wp:attachment":[{"href":"https:\/\/www.economicas.uba.ar\/extension\/vocesenelfenix\/wp-json\/wp\/v2\/media?parent=20569"}],"curies":[{"name":"wp","href":"https:\/\/api.w.org\/{rel}","templated":true}]}}