{"id":24617,"date":"2023-12-01T00:01:00","date_gmt":"2023-12-01T03:01:00","guid":{"rendered":"https:\/\/www.economicas.uba.ar\/extension\/vocesenelfenix\/?page_id=24617"},"modified":"2024-06-13T15:29:14","modified_gmt":"2024-06-13T18:29:14","slug":"numero-92","status":"publish","type":"page","link":"https:\/\/www.economicas.uba.ar\/extension\/vocesenelfenix\/numero-92\/","title":{"rendered":"N\u00famero 92"},"content":{"rendered":"\t\t<div data-elementor-type=\"wp-page\" data-elementor-id=\"24617\" class=\"elementor elementor-24617\" data-elementor-post-type=\"page\">\n\t\t\t\t\t\t<section class=\"elementor-section elementor-top-section elementor-element elementor-element-292dd41 elementor-section-boxed elementor-section-height-default elementor-section-height-default\" data-id=\"292dd41\" data-element_type=\"section\" data-e-type=\"section\" data-settings=\"{&quot;background_background&quot;:&quot;classic&quot;}\">\n\t\t\t\t\t\t<div class=\"elementor-container elementor-column-gap-default\">\n\t\t\t\t\t<div class=\"elementor-column elementor-col-33 elementor-top-column elementor-element elementor-element-8dab9a7\" data-id=\"8dab9a7\" data-element_type=\"column\" data-e-type=\"column\">\n\t\t\t<div class=\"elementor-widget-wrap elementor-element-populated\">\n\t\t\t\t\t\t<div class=\"elementor-element elementor-element-70c99da elementor-widget elementor-widget-image\" data-id=\"70c99da\" data-element_type=\"widget\" data-e-type=\"widget\" data-widget_type=\"image.default\">\n\t\t\t\t<div class=\"elementor-widget-container\">\n\t\t\t\t\t\t\t\t\t\t\t\t\t\t\t\t<a href=\"https:\/\/drive.google.com\/file\/d\/1NMQEJ97TTKeSD4BUTf-VFEhgIRMtKE8b\/view?usp=sharing\" target=\"_blank\">\n\t\t\t\t\t\t\t<img fetchpriority=\"high\" decoding=\"async\" width=\"200\" height=\"277\" src=\"https:\/\/www.economicas.uba.ar\/extension\/vocesenelfenix\/wp-content\/uploads\/tapa92.jpg\" class=\"attachment-large size-large wp-image-26508\" alt=\"\" \/>\t\t\t\t\t\t\t\t<\/a>\n\t\t\t\t\t\t\t\t\t\t\t\t\t\t\t<\/div>\n\t\t\t\t<\/div>\n\t\t\t\t\t<\/div>\n\t\t<\/div>\n\t\t\t\t<div class=\"elementor-column elementor-col-66 elementor-top-column elementor-element elementor-element-2e9bd9a\" data-id=\"2e9bd9a\" data-element_type=\"column\" data-e-type=\"column\">\n\t\t\t<div class=\"elementor-widget-wrap elementor-element-populated\">\n\t\t\t\t\t\t<div class=\"elementor-element elementor-element-54833a1 elementor-widget elementor-widget-text-editor\" data-id=\"54833a1\" data-element_type=\"widget\" data-e-type=\"widget\" data-widget_type=\"text-editor.default\">\n\t\t\t\t<div class=\"elementor-widget-container\">\n\t\t\t\t\t\t\t\t\t<h5>N\u00daMERO 92<\/h5><h3>LA DOBLE ENCRUCIJADA: <br \/>INSERCI\u00d3N EXTERNA ARGENTINA <br \/>CON EL TSUNAMI LOCAL E INTERNACIONAL<\/h3><div>\u00a0<\/div><div>\u00a0<\/div>\t\t\t\t\t\t\t\t<\/div>\n\t\t\t\t<\/div>\n\t\t\t\t<div class=\"elementor-element elementor-element-1bca22c elementor-widget elementor-widget-button\" data-id=\"1bca22c\" data-element_type=\"widget\" data-e-type=\"widget\" data-widget_type=\"button.default\">\n\t\t\t\t<div class=\"elementor-widget-container\">\n\t\t\t\t\t\t\t\t\t<div class=\"elementor-button-wrapper\">\n\t\t\t\t\t<a class=\"elementor-button elementor-button-link elementor-size-xs\" href=\"https:\/\/drive.google.com\/file\/d\/1NMQEJ97TTKeSD4BUTf-VFEhgIRMtKE8b\/view?usp=sharing\" target=\"_blank\">\n\t\t\t\t\t\t<span class=\"elementor-button-content-wrapper\">\n\t\t\t\t\t\t\t\t\t<span class=\"elementor-button-text\">Descarg\u00e1 el PDF<\/span>\n\t\t\t\t\t<\/span>\n\t\t\t\t\t<\/a>\n\t\t\t\t<\/div>\n\t\t\t\t\t\t\t\t<\/div>\n\t\t\t\t<\/div>\n\t\t\t\t\t<\/div>\n\t\t<\/div>\n\t\t\t\t\t<\/div>\n\t\t<\/section>\n\t\t\t\t<section class=\"elementor-section elementor-top-section elementor-element elementor-element-37e3cba elementor-section-boxed elementor-section-height-default elementor-section-height-default\" data-id=\"37e3cba\" data-element_type=\"section\" data-e-type=\"section\">\n\t\t\t\t\t\t<div class=\"elementor-container elementor-column-gap-default\">\n\t\t\t\t\t<div class=\"elementor-column elementor-col-100 elementor-top-column elementor-element elementor-element-d32cb83\" data-id=\"d32cb83\" data-element_type=\"column\" data-e-type=\"column\">\n\t\t\t<div class=\"elementor-widget-wrap elementor-element-populated\">\n\t\t\t\t\t\t<div class=\"elementor-element elementor-element-bc296ab elementor-grid-2 elementor-grid-tablet-2 elementor-grid-mobile-1 elementor-posts--align-left elementor-widget elementor-widget-blogmentor_blog_posts\" data-id=\"bc296ab\" data-element_type=\"widget\" data-e-type=\"widget\" data-settings=\"{&quot;bm_grid_columns&quot;:&quot;2&quot;,&quot;bm_grid_columns_tablet&quot;:&quot;2&quot;,&quot;bm_grid_columns_mobile&quot;:&quot;1&quot;,&quot;post_card_grid_gap&quot;:{&quot;unit&quot;:&quot;px&quot;,&quot;size&quot;:10,&quot;sizes&quot;:[]},&quot;post_card_row_gap&quot;:{&quot;unit&quot;:&quot;px&quot;,&quot;size&quot;:35,&quot;sizes&quot;:[]}}\" data-widget_type=\"blogmentor_blog_posts.default\">\n\t\t\t\t<div class=\"elementor-widget-container\">\n\t\t\t\t\t\t\t\n\t\t\t\t\t\t\t\t<div class=\"bm-blog-posts-wrapper\" >\n\t\t\t\t\t\t\t<div class=\"bm-blog-posts bm-display-grid elementor-grid elementor-grid-2\" >\n\t\t\t\t    <article id=\"post-26155\" class=\"item bm_layout post-26155 post type-post status-publish format-standard has-post-thumbnail hentry category-n-92-presentacion tag-catedra-abierta-plan-fenix tag-desarrollo tag-desarrollo-con-equidad tag-nuevo-orden-mundial tag-presentacion\">\n\t\t<div class=\"bm-blog-post-image entry-post-image\">\n\t\t\t<div class=\"bm-post-image clearfix bm-hover-effect bm-hover-effect-blur\">\n\t\t\t\t<img decoding=\"async\" width=\"1080\" height=\"720\" src=\"https:\/\/www.economicas.uba.ar\/extension\/vocesenelfenix\/wp-content\/uploads\/9200-Presentacion-CAPF.jpg\" class=\"attachment-2048x2048 size-2048x2048 wp-post-image\" alt=\"\" srcset=\"https:\/\/www.economicas.uba.ar\/extension\/vocesenelfenix\/wp-content\/uploads\/9200-Presentacion-CAPF.jpg 1080w, https:\/\/www.economicas.uba.ar\/extension\/vocesenelfenix\/wp-content\/uploads\/9200-Presentacion-CAPF-300x200.jpg 300w, https:\/\/www.economicas.uba.ar\/extension\/vocesenelfenix\/wp-content\/uploads\/9200-Presentacion-CAPF-768x512.jpg 768w, https:\/\/www.economicas.uba.ar\/extension\/vocesenelfenix\/wp-content\/uploads\/9200-Presentacion-CAPF-640x426.jpg 640w\" sizes=\"(max-width: 1080px) 100vw, 1080px\" \/>\t\t\t<\/div>\n\t\t<\/div>\n        <div class=\"bm-blog-post-content bm_content_box\">\n            <h4 class=\"entry-post-title bm_title\"><a href=\"https:\/\/www.economicas.uba.ar\/extension\/vocesenelfenix\/ante-un-mundo-cambiante-sostener-la-vigencia-del-objetivo-de-desarrollo-con-equidad\/\" rel=\"bookmark\">Ante un mundo cambiante, sostener la vigencia del objetivo de desarrollo con equidad<\/a><\/h4>            <div class=\"bm-blog-post-meta entry-post-meta bm_meta\">\n                            <\/div>\n            <div class=\"entry-post-content bm_content\">\n                | Por C\u00e1tedra Abierta Plan F\u00e9nix |            <\/div>\n        <\/div>\n    <\/article>\n    <article id=\"post-26431\" class=\"item bm_layout post-26431 post type-post status-publish format-standard has-post-thumbnail hentry category-n-92-presentacion tag-diana-tussie tag-hegemonia tag-insercion-externa tag-introduccion tag-nuevo-orden-mundial tag-sur-norte\">\n\t\t<div class=\"bm-blog-post-image entry-post-image\">\n\t\t\t<div class=\"bm-post-image clearfix bm-hover-effect bm-hover-effect-blur\">\n\t\t\t\t<img decoding=\"async\" width=\"1080\" height=\"720\" src=\"https:\/\/www.economicas.uba.ar\/extension\/vocesenelfenix\/wp-content\/uploads\/9200-Intro.jpg\" class=\"attachment-2048x2048 size-2048x2048 wp-post-image\" alt=\"\" srcset=\"https:\/\/www.economicas.uba.ar\/extension\/vocesenelfenix\/wp-content\/uploads\/9200-Intro.jpg 1080w, https:\/\/www.economicas.uba.ar\/extension\/vocesenelfenix\/wp-content\/uploads\/9200-Intro-300x200.jpg 300w, https:\/\/www.economicas.uba.ar\/extension\/vocesenelfenix\/wp-content\/uploads\/9200-Intro-768x512.jpg 768w, https:\/\/www.economicas.uba.ar\/extension\/vocesenelfenix\/wp-content\/uploads\/9200-Intro-640x426.jpg 640w\" sizes=\"(max-width: 1080px) 100vw, 1080px\" \/>\t\t\t<\/div>\n\t\t<\/div>\n        <div class=\"bm-blog-post-content bm_content_box\">\n            <h4 class=\"entry-post-title bm_title\"><a href=\"https:\/\/www.economicas.uba.ar\/extension\/vocesenelfenix\/la-doble-encrucijada-insercion-externa-argentina-con-el-tsunami-local-e-internacional\/\" rel=\"bookmark\">La doble encrucijada: inserci\u00f3n externa argentina con el tsunami local e internacional<\/a><\/h4>            <div class=\"bm-blog-post-meta entry-post-meta bm_meta\">\n                            <\/div>\n            <div class=\"entry-post-content bm_content\">\n                | Por Diana Tussie |            <\/div>\n        <\/div>\n    <\/article>\n\t\t\t\t<\/div><\/div>\n\t\t\t\t\t\t\t\t<\/div>\n\t\t\t\t<\/div>\n\t\t\t\t\t<\/div>\n\t\t<\/div>\n\t\t\t\t\t<\/div>\n\t\t<\/section>\n\t\t\t\t<section class=\"elementor-section elementor-top-section elementor-element elementor-element-9d7b2df elementor-section-boxed elementor-section-height-default elementor-section-height-default\" data-id=\"9d7b2df\" data-element_type=\"section\" data-e-type=\"section\" data-settings=\"{&quot;background_background&quot;:&quot;classic&quot;}\">\n\t\t\t\t\t\t<div class=\"elementor-container elementor-column-gap-default\">\n\t\t\t\t\t<div class=\"elementor-column elementor-col-100 elementor-top-column elementor-element elementor-element-0aa4fc9\" data-id=\"0aa4fc9\" data-element_type=\"column\" data-e-type=\"column\">\n\t\t\t<div class=\"elementor-widget-wrap elementor-element-populated\">\n\t\t\t\t\t\t<div class=\"elementor-element elementor-element-5961239 elementor-grid-3 elementor-grid-tablet-2 elementor-grid-mobile-1 elementor-posts--align-left elementor-widget elementor-widget-blogmentor_blog_posts\" data-id=\"5961239\" data-element_type=\"widget\" data-e-type=\"widget\" data-settings=\"{&quot;bm_grid_columns&quot;:&quot;3&quot;,&quot;bm_grid_columns_tablet&quot;:&quot;2&quot;,&quot;bm_grid_columns_mobile&quot;:&quot;1&quot;,&quot;post_card_grid_gap&quot;:{&quot;unit&quot;:&quot;px&quot;,&quot;size&quot;:10,&quot;sizes&quot;:[]},&quot;post_card_row_gap&quot;:{&quot;unit&quot;:&quot;px&quot;,&quot;size&quot;:35,&quot;sizes&quot;:[]}}\" data-widget_type=\"blogmentor_blog_posts.default\">\n\t\t\t\t<div class=\"elementor-widget-container\">\n\t\t\t\t\t\t\t\n\t\t\t\t\t\t\t\t<div class=\"bm-blog-posts-wrapper\" >\n\t\t\t\t\t\t\t<div class=\"bm-blog-posts bm-display-grid elementor-grid elementor-grid-3\" >\n\t\t\t\t    <article id=\"post-24622\" class=\"item bm_layout post-24622 post type-post status-publish format-standard has-post-thumbnail hentry category-n-92 tag-argentina tag-crisis tag-desglobalizacion tag-economia tag-economias-nacionales tag-nuevo-orden-mundial tag-ricardo-aronskind\">\n\t\t<div class=\"bm-blog-post-image entry-post-image\">\n\t\t\t<div class=\"bm-post-image clearfix bm-hover-effect bm-hover-effect-blur\">\n\t\t\t\t<img loading=\"lazy\" decoding=\"async\" width=\"640\" height=\"427\" src=\"https:\/\/www.economicas.uba.ar\/extension\/vocesenelfenix\/wp-content\/uploads\/9201Aronskind.jpg\" class=\"attachment-large size-large wp-post-image\" alt=\"\" srcset=\"https:\/\/www.economicas.uba.ar\/extension\/vocesenelfenix\/wp-content\/uploads\/9201Aronskind.jpg 1080w, https:\/\/www.economicas.uba.ar\/extension\/vocesenelfenix\/wp-content\/uploads\/9201Aronskind-300x200.jpg 300w, https:\/\/www.economicas.uba.ar\/extension\/vocesenelfenix\/wp-content\/uploads\/9201Aronskind-768x512.jpg 768w, https:\/\/www.economicas.uba.ar\/extension\/vocesenelfenix\/wp-content\/uploads\/9201Aronskind-640x426.jpg 640w\" sizes=\"(max-width: 640px) 100vw, 640px\" \/>\t\t\t<\/div>\n\t\t<\/div>\n        <div class=\"bm-blog-post-content bm_content_box\">\n            <h4 class=\"entry-post-title bm_title\"><a href=\"https:\/\/www.economicas.uba.ar\/extension\/vocesenelfenix\/desglobalizacion-y-estrategia-nacional\/\" rel=\"bookmark\">Desglobalizaci\u00f3n y estrategia nacional<\/a><\/h4>            <div class=\"bm-blog-post-meta entry-post-meta bm_meta\">\n                            <\/div>\n            <div class=\"entry-post-content bm_content\">\n                | Por Ricardo Aronskind | El trabajo parte de la idea de la globalizaci\u00f3n como un marco ordenador en el cual se han desempe\u00f1ado las econom\u00edas nacionales en las \u00faltimas <div><a href=\"https:\/\/www.economicas.uba.ar\/extension\/vocesenelfenix\/desglobalizacion-y-estrategia-nacional\/\" rel=\"bookmark\" class=\"bm-read-more entry-read-more\">M\u00e1s \u00bb<\/a><div>            <\/div>\n        <\/div>\n    <\/article>\n    <article id=\"post-24641\" class=\"item bm_layout post-24641 post type-post status-publish format-standard has-post-thumbnail hentry category-n-92 tag-argentina tag-bernardo-lischinsky tag-deuda tag-financiamiento tag-fmi tag-nuevo-orden-mundial tag-pduii\">\n\t\t<div class=\"bm-blog-post-image entry-post-image\">\n\t\t\t<div class=\"bm-post-image clearfix bm-hover-effect bm-hover-effect-blur\">\n\t\t\t\t<img loading=\"lazy\" decoding=\"async\" width=\"640\" height=\"427\" src=\"https:\/\/www.economicas.uba.ar\/extension\/vocesenelfenix\/wp-content\/uploads\/9202-Lischinsky.jpg\" class=\"attachment-large size-large wp-post-image\" alt=\"\" srcset=\"https:\/\/www.economicas.uba.ar\/extension\/vocesenelfenix\/wp-content\/uploads\/9202-Lischinsky.jpg 1080w, https:\/\/www.economicas.uba.ar\/extension\/vocesenelfenix\/wp-content\/uploads\/9202-Lischinsky-300x200.jpg 300w, https:\/\/www.economicas.uba.ar\/extension\/vocesenelfenix\/wp-content\/uploads\/9202-Lischinsky-768x512.jpg 768w, https:\/\/www.economicas.uba.ar\/extension\/vocesenelfenix\/wp-content\/uploads\/9202-Lischinsky-640x426.jpg 640w\" sizes=\"(max-width: 640px) 100vw, 640px\" \/>\t\t\t<\/div>\n\t\t<\/div>\n        <div class=\"bm-blog-post-content bm_content_box\">\n            <h4 class=\"entry-post-title bm_title\"><a href=\"https:\/\/www.economicas.uba.ar\/extension\/vocesenelfenix\/prestamista-o-acreedor-de-ultima-instancia-a-nivel-internacional-pduii\/\" rel=\"bookmark\">Prestamista o acreedor de \u00faltima instancia a nivel internacional (PdUII)<\/a><\/h4>            <div class=\"bm-blog-post-meta entry-post-meta bm_meta\">\n                            <\/div>\n            <div class=\"entry-post-content bm_content\">\n                | Por Bernardo Lischinsky | El autor analiza el concepto de prestamista o acreedor de \u00faltima instancia internacional (PdUII) y las caracter\u00edsticas que este deber\u00eda tener, y plantea adem\u00e1s alternativas <div><a href=\"https:\/\/www.economicas.uba.ar\/extension\/vocesenelfenix\/prestamista-o-acreedor-de-ultima-instancia-a-nivel-internacional-pduii\/\" rel=\"bookmark\" class=\"bm-read-more entry-read-more\">M\u00e1s \u00bb<\/a><div>            <\/div>\n        <\/div>\n    <\/article>\n    <article id=\"post-24654\" class=\"item bm_layout post-24654 post type-post status-publish format-standard has-post-thumbnail hentry category-n-92 tag-alfredo-calcagno tag-argentina tag-crisis-ecologica-global tag-crisis-economica tag-deuda-publica tag-endeudamiento tag-nuevo-orden-mundial\">\n\t\t<div class=\"bm-blog-post-image entry-post-image\">\n\t\t\t<div class=\"bm-post-image clearfix bm-hover-effect bm-hover-effect-blur\">\n\t\t\t\t<img loading=\"lazy\" decoding=\"async\" width=\"640\" height=\"457\" src=\"https:\/\/www.economicas.uba.ar\/extension\/vocesenelfenix\/wp-content\/uploads\/9203-Calcagno.jpg\" class=\"attachment-large size-large wp-post-image\" alt=\"\" srcset=\"https:\/\/www.economicas.uba.ar\/extension\/vocesenelfenix\/wp-content\/uploads\/9203-Calcagno.jpg 1080w, https:\/\/www.economicas.uba.ar\/extension\/vocesenelfenix\/wp-content\/uploads\/9203-Calcagno-300x214.jpg 300w, https:\/\/www.economicas.uba.ar\/extension\/vocesenelfenix\/wp-content\/uploads\/9203-Calcagno-768x548.jpg 768w, https:\/\/www.economicas.uba.ar\/extension\/vocesenelfenix\/wp-content\/uploads\/9203-Calcagno-183x132.jpg 183w\" sizes=\"(max-width: 640px) 100vw, 640px\" \/>\t\t\t<\/div>\n\t\t<\/div>\n        <div class=\"bm-blog-post-content bm_content_box\">\n            <h4 class=\"entry-post-title bm_title\"><a href=\"https:\/\/www.economicas.uba.ar\/extension\/vocesenelfenix\/notas-sobre-el-endeudamiento-publico-global\/\" rel=\"bookmark\">Notas sobre el endeudamiento p\u00fablico global<\/a><\/h4>            <div class=\"bm-blog-post-meta entry-post-meta bm_meta\">\n                            <\/div>\n            <div class=\"entry-post-content bm_content\">\n                | Por Alfredo Calcagno | El art\u00edculo da cuenta de las caracter\u00edsticas primordiales de las crisis econ\u00f3micas que se han generado en los \u00faltimos a\u00f1os a nivel mundial, y las <div><a href=\"https:\/\/www.economicas.uba.ar\/extension\/vocesenelfenix\/notas-sobre-el-endeudamiento-publico-global\/\" rel=\"bookmark\" class=\"bm-read-more entry-read-more\">M\u00e1s \u00bb<\/a><div>            <\/div>\n        <\/div>\n    <\/article>\n    <article id=\"post-25508\" class=\"item bm_layout post-25508 post type-post status-publish format-standard has-post-thumbnail hentry category-n-92 tag-balanza-de-pagos tag-china tag-desarrollo tag-desequilibrios-externos tag-nuevo-orden-mundial tag-pablo-nemina tag-politica-fiscal\">\n\t\t<div class=\"bm-blog-post-image entry-post-image\">\n\t\t\t<div class=\"bm-post-image clearfix bm-hover-effect bm-hover-effect-blur\">\n\t\t\t\t<img loading=\"lazy\" decoding=\"async\" width=\"640\" height=\"425\" src=\"https:\/\/www.economicas.uba.ar\/extension\/vocesenelfenix\/wp-content\/uploads\/9204-Nemina2.jpg\" class=\"attachment-large size-large wp-post-image\" alt=\"\" srcset=\"https:\/\/www.economicas.uba.ar\/extension\/vocesenelfenix\/wp-content\/uploads\/9204-Nemina2.jpg 1080w, https:\/\/www.economicas.uba.ar\/extension\/vocesenelfenix\/wp-content\/uploads\/9204-Nemina2-300x199.jpg 300w, https:\/\/www.economicas.uba.ar\/extension\/vocesenelfenix\/wp-content\/uploads\/9204-Nemina2-768x511.jpg 768w, https:\/\/www.economicas.uba.ar\/extension\/vocesenelfenix\/wp-content\/uploads\/9204-Nemina2-640x426.jpg 640w\" sizes=\"(max-width: 640px) 100vw, 640px\" \/>\t\t\t<\/div>\n\t\t<\/div>\n        <div class=\"bm-blog-post-content bm_content_box\">\n            <h4 class=\"entry-post-title bm_title\"><a href=\"https:\/\/www.economicas.uba.ar\/extension\/vocesenelfenix\/la-estrategia-financiera-oficial-externa-de-china-una-caracterizacion-de-su-evolucion\/\" rel=\"bookmark\">La estrategia financiera oficial externa de China. Una caracterizaci\u00f3n de su evoluci\u00f3n<\/a><\/h4>            <div class=\"bm-blog-post-meta entry-post-meta bm_meta\">\n                            <\/div>\n            <div class=\"entry-post-content bm_content\">\n                | Por Pablo Nemi\u00f1a | Con el foco en los comienzos del siglo XXI, el trabajo analiza para el caso de China cu\u00e1les han sido las pol\u00edticas de ese pa\u00eds <div><a href=\"https:\/\/www.economicas.uba.ar\/extension\/vocesenelfenix\/la-estrategia-financiera-oficial-externa-de-china-una-caracterizacion-de-su-evolucion\/\" rel=\"bookmark\" class=\"bm-read-more entry-read-more\">M\u00e1s \u00bb<\/a><div>            <\/div>\n        <\/div>\n    <\/article>\n    <article id=\"post-26149\" class=\"item bm_layout post-26149 post type-post status-publish format-standard has-post-thumbnail hentry category-n-92 tag-desintegracion-economica tag-integracion-regional tag-mariana-vazquez tag-mercosur tag-nuevo-orden-mundial\">\n\t\t<div class=\"bm-blog-post-image entry-post-image\">\n\t\t\t<div class=\"bm-post-image clearfix bm-hover-effect bm-hover-effect-blur\">\n\t\t\t\t<img loading=\"lazy\" decoding=\"async\" width=\"640\" height=\"427\" src=\"https:\/\/www.economicas.uba.ar\/extension\/vocesenelfenix\/wp-content\/uploads\/9205-Vazquez.jpg\" class=\"attachment-large size-large wp-post-image\" alt=\"\" srcset=\"https:\/\/www.economicas.uba.ar\/extension\/vocesenelfenix\/wp-content\/uploads\/9205-Vazquez.jpg 1080w, https:\/\/www.economicas.uba.ar\/extension\/vocesenelfenix\/wp-content\/uploads\/9205-Vazquez-300x200.jpg 300w, https:\/\/www.economicas.uba.ar\/extension\/vocesenelfenix\/wp-content\/uploads\/9205-Vazquez-768x512.jpg 768w, https:\/\/www.economicas.uba.ar\/extension\/vocesenelfenix\/wp-content\/uploads\/9205-Vazquez-640x426.jpg 640w\" sizes=\"(max-width: 640px) 100vw, 640px\" \/>\t\t\t<\/div>\n\t\t<\/div>\n        <div class=\"bm-blog-post-content bm_content_box\">\n            <h4 class=\"entry-post-title bm_title\"><a href=\"https:\/\/www.economicas.uba.ar\/extension\/vocesenelfenix\/el-mercosur-del-pendulo-a-la-tension-geopolitica-y-la-desintegracion-economica\/\" rel=\"bookmark\">El Mercosur del p\u00e9ndulo a la tensi\u00f3n geopol\u00edtica y la desintegraci\u00f3n econ\u00f3mica<\/a><\/h4>            <div class=\"bm-blog-post-meta entry-post-meta bm_meta\">\n                            <\/div>\n            <div class=\"entry-post-content bm_content\">\n                | Por Mariana V\u00e1zquez | La autora plantea algunas inc\u00f3gnitas que se presentan en la actualidad en relaci\u00f3n al futuro del Mercado Com\u00fan del Sur, al mismo tiempo que destaca <div><a href=\"https:\/\/www.economicas.uba.ar\/extension\/vocesenelfenix\/el-mercosur-del-pendulo-a-la-tension-geopolitica-y-la-desintegracion-economica\/\" rel=\"bookmark\" class=\"bm-read-more entry-read-more\">M\u00e1s \u00bb<\/a><div>            <\/div>\n        <\/div>\n    <\/article>\n    <article id=\"post-24662\" class=\"item bm_layout post-24662 post type-post status-publish format-standard has-post-thumbnail hentry category-n-92 tag-argentina tag-china tag-economia tag-juliana-gonzalez-jauregui tag-nuevo-orden-mundial tag-relaciones-comerciales\">\n\t\t<div class=\"bm-blog-post-image entry-post-image\">\n\t\t\t<div class=\"bm-post-image clearfix bm-hover-effect bm-hover-effect-blur\">\n\t\t\t\t<img loading=\"lazy\" decoding=\"async\" width=\"640\" height=\"427\" src=\"https:\/\/www.economicas.uba.ar\/extension\/vocesenelfenix\/wp-content\/uploads\/9206-Gonzalez-Jauregui.jpg\" class=\"attachment-large size-large wp-post-image\" alt=\"\" srcset=\"https:\/\/www.economicas.uba.ar\/extension\/vocesenelfenix\/wp-content\/uploads\/9206-Gonzalez-Jauregui.jpg 1080w, https:\/\/www.economicas.uba.ar\/extension\/vocesenelfenix\/wp-content\/uploads\/9206-Gonzalez-Jauregui-300x200.jpg 300w, https:\/\/www.economicas.uba.ar\/extension\/vocesenelfenix\/wp-content\/uploads\/9206-Gonzalez-Jauregui-768x512.jpg 768w, https:\/\/www.economicas.uba.ar\/extension\/vocesenelfenix\/wp-content\/uploads\/9206-Gonzalez-Jauregui-640x426.jpg 640w\" sizes=\"(max-width: 640px) 100vw, 640px\" \/>\t\t\t<\/div>\n\t\t<\/div>\n        <div class=\"bm-blog-post-content bm_content_box\">\n            <h4 class=\"entry-post-title bm_title\"><a href=\"https:\/\/www.economicas.uba.ar\/extension\/vocesenelfenix\/la-argentina-en-un-contexto-global-en-transicion-los-desafios-del-vinculo-economico-con-china\/\" rel=\"bookmark\">La Argentina en un contexto global en transici\u00f3n: los desaf\u00edos del v\u00ednculo econ\u00f3mico con China<\/a><\/h4>            <div class=\"bm-blog-post-meta entry-post-meta bm_meta\">\n                            <\/div>\n            <div class=\"entry-post-content bm_content\">\n                | Por Juliana Gonz\u00e1lez J\u00e1uregui | El trabajo aborda el presente de las relaciones comerciales con China y los posibles escenarios a futuro.            <\/div>\n        <\/div>\n    <\/article>\n    <article id=\"post-25158\" class=\"item bm_layout post-25158 post type-post status-publish format-standard has-post-thumbnail hentry category-n-92 tag-cadenas-de-valor tag-cadenas-globales-de-valor-cgv tag-desarrollo-regional tag-nuevo-orden-mundial tag-ramiro-l-bertoni tag-sudamerica\">\n\t\t<div class=\"bm-blog-post-image entry-post-image\">\n\t\t\t<div class=\"bm-post-image clearfix bm-hover-effect bm-hover-effect-blur\">\n\t\t\t\t<img loading=\"lazy\" decoding=\"async\" width=\"640\" height=\"427\" src=\"https:\/\/www.economicas.uba.ar\/extension\/vocesenelfenix\/wp-content\/uploads\/9207-Bertoni.jpg\" class=\"attachment-large size-large wp-post-image\" alt=\"\" srcset=\"https:\/\/www.economicas.uba.ar\/extension\/vocesenelfenix\/wp-content\/uploads\/9207-Bertoni.jpg 1080w, https:\/\/www.economicas.uba.ar\/extension\/vocesenelfenix\/wp-content\/uploads\/9207-Bertoni-300x200.jpg 300w, https:\/\/www.economicas.uba.ar\/extension\/vocesenelfenix\/wp-content\/uploads\/9207-Bertoni-768x512.jpg 768w, https:\/\/www.economicas.uba.ar\/extension\/vocesenelfenix\/wp-content\/uploads\/9207-Bertoni-640x426.jpg 640w\" sizes=\"(max-width: 640px) 100vw, 640px\" \/>\t\t\t<\/div>\n\t\t<\/div>\n        <div class=\"bm-blog-post-content bm_content_box\">\n            <h4 class=\"entry-post-title bm_title\"><a href=\"https:\/\/www.economicas.uba.ar\/extension\/vocesenelfenix\/cadenas-de-valor-inciertas-o-resilientes-pueden-beneficiar-a-sudamerica\/\" rel=\"bookmark\">Cadenas de Valor: \u00bfinciertas o resilientes? \u00bfPueden beneficiar a Sudam\u00e9rica?<\/a><\/h4>            <div class=\"bm-blog-post-meta entry-post-meta bm_meta\">\n                            <\/div>\n            <div class=\"entry-post-content bm_content\">\n                | Por Ramiro L. Bertoni | El autor realiza un abordaje hist\u00f3rico conceptual de las cadenas globales de valor y se pregunta si su reorganizaci\u00f3n podr\u00eda ser una oportunidad de <div><a href=\"https:\/\/www.economicas.uba.ar\/extension\/vocesenelfenix\/cadenas-de-valor-inciertas-o-resilientes-pueden-beneficiar-a-sudamerica\/\" rel=\"bookmark\" class=\"bm-read-more entry-read-more\">M\u00e1s \u00bb<\/a><div>            <\/div>\n        <\/div>\n    <\/article>\n    <article id=\"post-25097\" class=\"item bm_layout post-25097 post type-post status-publish format-standard has-post-thumbnail hentry category-n-92 tag-anabella-busso tag-estados-unidos tag-nuevo-orden-mundial tag-politica-internacional\">\n\t\t<div class=\"bm-blog-post-image entry-post-image\">\n\t\t\t<div class=\"bm-post-image clearfix bm-hover-effect bm-hover-effect-blur\">\n\t\t\t\t<img loading=\"lazy\" decoding=\"async\" width=\"640\" height=\"427\" src=\"https:\/\/www.economicas.uba.ar\/extension\/vocesenelfenix\/wp-content\/uploads\/9208-Busso.jpg\" class=\"attachment-large size-large wp-post-image\" alt=\"\" srcset=\"https:\/\/www.economicas.uba.ar\/extension\/vocesenelfenix\/wp-content\/uploads\/9208-Busso.jpg 1080w, https:\/\/www.economicas.uba.ar\/extension\/vocesenelfenix\/wp-content\/uploads\/9208-Busso-300x200.jpg 300w, https:\/\/www.economicas.uba.ar\/extension\/vocesenelfenix\/wp-content\/uploads\/9208-Busso-768x512.jpg 768w, https:\/\/www.economicas.uba.ar\/extension\/vocesenelfenix\/wp-content\/uploads\/9208-Busso-640x426.jpg 640w\" sizes=\"(max-width: 640px) 100vw, 640px\" \/>\t\t\t<\/div>\n\t\t<\/div>\n        <div class=\"bm-blog-post-content bm_content_box\">\n            <h4 class=\"entry-post-title bm_title\"><a href=\"https:\/\/www.economicas.uba.ar\/extension\/vocesenelfenix\/orden-internacional-y-declive-de-estados-unidos\/\" rel=\"bookmark\">Orden internacional y declive de Estados Unidos<\/a><\/h4>            <div class=\"bm-blog-post-meta entry-post-meta bm_meta\">\n                            <\/div>\n            <div class=\"entry-post-content bm_content\">\n                | Por Anabella Busso | La autora analiza el caso de los Estados Unidos y su pol\u00edtica internacional en relaci\u00f3n con la posibilidad de generar un nuevo orden internacional.            <\/div>\n        <\/div>\n    <\/article>\n    <article id=\"post-25103\" class=\"item bm_layout post-25103 post type-post status-publish format-standard has-post-thumbnail hentry category-n-92 tag-america-latina tag-argentina tag-daniel-garcia-delgado tag-integracion-regional tag-nuevo-orden-mundial\">\n\t\t<div class=\"bm-blog-post-image entry-post-image\">\n\t\t\t<div class=\"bm-post-image clearfix bm-hover-effect bm-hover-effect-blur\">\n\t\t\t\t<img loading=\"lazy\" decoding=\"async\" width=\"640\" height=\"427\" src=\"https:\/\/www.economicas.uba.ar\/extension\/vocesenelfenix\/wp-content\/uploads\/9209-Garcia-Delgado.jpg\" class=\"attachment-large size-large wp-post-image\" alt=\"\" srcset=\"https:\/\/www.economicas.uba.ar\/extension\/vocesenelfenix\/wp-content\/uploads\/9209-Garcia-Delgado.jpg 1080w, https:\/\/www.economicas.uba.ar\/extension\/vocesenelfenix\/wp-content\/uploads\/9209-Garcia-Delgado-300x200.jpg 300w, https:\/\/www.economicas.uba.ar\/extension\/vocesenelfenix\/wp-content\/uploads\/9209-Garcia-Delgado-768x512.jpg 768w, https:\/\/www.economicas.uba.ar\/extension\/vocesenelfenix\/wp-content\/uploads\/9209-Garcia-Delgado-640x426.jpg 640w\" sizes=\"(max-width: 640px) 100vw, 640px\" \/>\t\t\t<\/div>\n\t\t<\/div>\n        <div class=\"bm-blog-post-content bm_content_box\">\n            <h4 class=\"entry-post-title bm_title\"><a href=\"https:\/\/www.economicas.uba.ar\/extension\/vocesenelfenix\/alternativas-posibles-de-un-nuevo-orden-internacional-donde-estamos-parados-y-a-que-parte-del-mundo-queremos-ir\/\" rel=\"bookmark\">Alternativas posibles de un nuevo orden internacional. \u00bfD\u00f3nde estamos parados y a qu\u00e9 parte del mundo queremos ir?<\/a><\/h4>            <div class=\"bm-blog-post-meta entry-post-meta bm_meta\">\n                            <\/div>\n            <div class=\"entry-post-content bm_content\">\n                | Por Daniel Garc\u00eda Delgado | El art\u00edculo analiza las oportunidades que se le presentan a Am\u00e9rica Latina, en general, y a la Argentina, en particular, en el horizonte de <div><a href=\"https:\/\/www.economicas.uba.ar\/extension\/vocesenelfenix\/alternativas-posibles-de-un-nuevo-orden-internacional-donde-estamos-parados-y-a-que-parte-del-mundo-queremos-ir\/\" rel=\"bookmark\" class=\"bm-read-more entry-read-more\">M\u00e1s \u00bb<\/a><div>            <\/div>\n        <\/div>\n    <\/article>\n    <article id=\"post-25110\" class=\"item bm_layout post-25110 post type-post status-publish format-standard has-post-thumbnail hentry category-n-92 tag-conflictos-armados tag-enfrentamientos-armados tag-guerra tag-jose-fernandez-vega tag-nuevo-orden-mundial\">\n\t\t<div class=\"bm-blog-post-image entry-post-image\">\n\t\t\t<div class=\"bm-post-image clearfix bm-hover-effect bm-hover-effect-blur\">\n\t\t\t\t<img loading=\"lazy\" decoding=\"async\" width=\"640\" height=\"450\" src=\"https:\/\/www.economicas.uba.ar\/extension\/vocesenelfenix\/wp-content\/uploads\/9210-Vega.jpg\" class=\"attachment-large size-large wp-post-image\" alt=\"\" srcset=\"https:\/\/www.economicas.uba.ar\/extension\/vocesenelfenix\/wp-content\/uploads\/9210-Vega.jpg 1080w, https:\/\/www.economicas.uba.ar\/extension\/vocesenelfenix\/wp-content\/uploads\/9210-Vega-300x211.jpg 300w, https:\/\/www.economicas.uba.ar\/extension\/vocesenelfenix\/wp-content\/uploads\/9210-Vega-768x540.jpg 768w\" sizes=\"(max-width: 640px) 100vw, 640px\" \/>\t\t\t<\/div>\n\t\t<\/div>\n        <div class=\"bm-blog-post-content bm_content_box\">\n            <h4 class=\"entry-post-title bm_title\"><a href=\"https:\/\/www.economicas.uba.ar\/extension\/vocesenelfenix\/la-gran-incertidumbre\/\" rel=\"bookmark\">La gran incertidumbre<\/a><\/h4>            <div class=\"bm-blog-post-meta entry-post-meta bm_meta\">\n                            <\/div>\n            <div class=\"entry-post-content bm_content\">\n                | Por Jos\u00e9 Fern\u00e1ndez Vega | El autor describe los principales y recientes enfrentamientos armados que impactan directamente en la escena mundial y sus futuros posibles.            <\/div>\n        <\/div>\n    <\/article>\n    <article id=\"post-25165\" class=\"item bm_layout post-25165 post type-post status-publish format-standard has-post-thumbnail hentry category-n-92 tag-brics tag-estados-unidos tag-medio-oriente tag-nicole-moussa tag-nuevo-orden-mundial\">\n\t\t<div class=\"bm-blog-post-image entry-post-image\">\n\t\t\t<div class=\"bm-post-image clearfix bm-hover-effect bm-hover-effect-blur\">\n\t\t\t\t<img loading=\"lazy\" decoding=\"async\" width=\"640\" height=\"434\" src=\"https:\/\/www.economicas.uba.ar\/extension\/vocesenelfenix\/wp-content\/uploads\/9211-Moussa.jpg\" class=\"attachment-large size-large wp-post-image\" alt=\"\" srcset=\"https:\/\/www.economicas.uba.ar\/extension\/vocesenelfenix\/wp-content\/uploads\/9211-Moussa.jpg 1080w, https:\/\/www.economicas.uba.ar\/extension\/vocesenelfenix\/wp-content\/uploads\/9211-Moussa-300x203.jpg 300w, https:\/\/www.economicas.uba.ar\/extension\/vocesenelfenix\/wp-content\/uploads\/9211-Moussa-768x521.jpg 768w\" sizes=\"(max-width: 640px) 100vw, 640px\" \/>\t\t\t<\/div>\n\t\t<\/div>\n        <div class=\"bm-blog-post-content bm_content_box\">\n            <h4 class=\"entry-post-title bm_title\"><a href=\"https:\/\/www.economicas.uba.ar\/extension\/vocesenelfenix\/los-brics-se-expanden-a-medio-oriente-determinantes-e-implicaciones\/\" rel=\"bookmark\">Los BRICS se expanden a medio oriente: determinantes e implicaciones<\/a><\/h4>            <div class=\"bm-blog-post-meta entry-post-meta bm_meta\">\n                            <\/div>\n            <div class=\"entry-post-content bm_content\">\n                | Por Nicole Moussa | A partir de una exposici\u00f3n sobre las nuevas incorporaciones que tuvieron lugar en el marco de los BRICS y del v\u00ednculo que Estados Unidos ha <div><a href=\"https:\/\/www.economicas.uba.ar\/extension\/vocesenelfenix\/los-brics-se-expanden-a-medio-oriente-determinantes-e-implicaciones\/\" rel=\"bookmark\" class=\"bm-read-more entry-read-more\">M\u00e1s \u00bb<\/a><div>            <\/div>\n        <\/div>\n    <\/article>\n    <article id=\"post-25581\" class=\"item bm_layout post-25581 post type-post status-publish format-standard has-post-thumbnail hentry category-n-92 tag-jose-miguel-amiune tag-multipolarismo tag-nuevo-orden-mundial tag-paises-emergentes tag-relaciones-internacionales tag-sur-global tag-unipolarismo\">\n\t\t<div class=\"bm-blog-post-image entry-post-image\">\n\t\t\t<div class=\"bm-post-image clearfix bm-hover-effect bm-hover-effect-blur\">\n\t\t\t\t<img loading=\"lazy\" decoding=\"async\" width=\"640\" height=\"441\" src=\"https:\/\/www.economicas.uba.ar\/extension\/vocesenelfenix\/wp-content\/uploads\/9212-Amiune.jpg\" class=\"attachment-large size-large wp-post-image\" alt=\"\" srcset=\"https:\/\/www.economicas.uba.ar\/extension\/vocesenelfenix\/wp-content\/uploads\/9212-Amiune.jpg 1080w, https:\/\/www.economicas.uba.ar\/extension\/vocesenelfenix\/wp-content\/uploads\/9212-Amiune-300x207.jpg 300w, https:\/\/www.economicas.uba.ar\/extension\/vocesenelfenix\/wp-content\/uploads\/9212-Amiune-768x529.jpg 768w\" sizes=\"(max-width: 640px) 100vw, 640px\" \/>\t\t\t<\/div>\n\t\t<\/div>\n        <div class=\"bm-blog-post-content bm_content_box\">\n            <h4 class=\"entry-post-title bm_title\"><a href=\"https:\/\/www.economicas.uba.ar\/extension\/vocesenelfenix\/siglo-xxi-las-transformaciones-en-el-sistema-internacional-unipolarismo-o-multipolarismo\/\" rel=\"bookmark\">Siglo XXI: las transformaciones en el sistema internacional. Unipolarismo o multipolarismo<\/a><\/h4>            <div class=\"bm-blog-post-meta entry-post-meta bm_meta\">\n                            <\/div>\n            <div class=\"entry-post-content bm_content\">\n                | Por Jos\u00e9 Miguel Amiune | El art\u00edculo analiza distintos sucesos de la historia reciente que podr\u00edan demostrar la existencia de un cambio de \u00e9poca en lo que se refiere <div><a href=\"https:\/\/www.economicas.uba.ar\/extension\/vocesenelfenix\/siglo-xxi-las-transformaciones-en-el-sistema-internacional-unipolarismo-o-multipolarismo\/\" rel=\"bookmark\" class=\"bm-read-more entry-read-more\">M\u00e1s \u00bb<\/a><div>            <\/div>\n        <\/div>\n    <\/article>\n\t\t\t\t<\/div><\/div>\n\t\t\t\t\t\t\t\t<\/div>\n\t\t\t\t<\/div>\n\t\t\t\t\t<\/div>\n\t\t<\/div>\n\t\t\t\t\t<\/div>\n\t\t<\/section>\n\t\t\t\t<section class=\"elementor-section elementor-top-section elementor-element elementor-element-a0fd3fc elementor-section-boxed elementor-section-height-default elementor-section-height-default\" data-id=\"a0fd3fc\" data-element_type=\"section\" data-e-type=\"section\" data-settings=\"{&quot;background_background&quot;:&quot;classic&quot;}\">\n\t\t\t\t\t\t<div class=\"elementor-container elementor-column-gap-default\">\n\t\t\t\t\t<div class=\"elementor-column elementor-col-100 elementor-top-column elementor-element elementor-element-b785701\" data-id=\"b785701\" data-element_type=\"column\" data-e-type=\"column\">\n\t\t\t<div class=\"elementor-widget-wrap elementor-element-populated\">\n\t\t\t\t\t\t<div class=\"elementor-element elementor-element-566d71f elementor-widget elementor-widget-html\" data-id=\"566d71f\" data-element_type=\"widget\" data-e-type=\"widget\" data-widget_type=\"html.default\">\n\t\t\t\t<div class=\"elementor-widget-container\">\n\t\t\t\t\t<iframe width=\"560\" height=\"315\" src=\"https:\/\/www.youtube.com\/embed\/zpJvKyZaeH4?si=92NSiMHdqii5hrpr&amp;start=78\" title=\"YouTube video player\" frameborder=\"0\" allow=\"accelerometer; autoplay; clipboard-write; encrypted-media; gyroscope; picture-in-picture; web-share\" referrerpolicy=\"strict-origin-when-cross-origin\" allowfullscreen><\/iframe>\t\t\t\t<\/div>\n\t\t\t\t<\/div>\n\t\t\t\t\t<\/div>\n\t\t<\/div>\n\t\t\t\t\t<\/div>\n\t\t<\/section>\n\t\t\t\t<\/div>\n\t\t","protected":false},"excerpt":{"rendered":"<p>N\u00daMERO 92 LA DOBLE ENCRUCIJADA: INSERCI\u00d3N EXTERNA ARGENTINA CON EL TSUNAMI LOCAL E INTERNACIONAL \u00a0\u00a0 Descarg\u00e1 el PDF Ante un mundo cambiante, sostener la vigencia del objetivo de desarrollo con<\/p>\n","protected":false},"author":5,"featured_media":0,"parent":0,"menu_order":0,"comment_status":"closed","ping_status":"closed","template":"","meta":{"footnotes":""},"class_list":["post-24617","page","type-page","status-publish","hentry"],"_links":{"self":[{"href":"https:\/\/www.economicas.uba.ar\/extension\/vocesenelfenix\/wp-json\/wp\/v2\/pages\/24617","targetHints":{"allow":["GET"]}}],"collection":[{"href":"https:\/\/www.economicas.uba.ar\/extension\/vocesenelfenix\/wp-json\/wp\/v2\/pages"}],"about":[{"href":"https:\/\/www.economicas.uba.ar\/extension\/vocesenelfenix\/wp-json\/wp\/v2\/types\/page"}],"author":[{"embeddable":true,"href":"https:\/\/www.economicas.uba.ar\/extension\/vocesenelfenix\/wp-json\/wp\/v2\/users\/5"}],"replies":[{"embeddable":true,"href":"https:\/\/www.economicas.uba.ar\/extension\/vocesenelfenix\/wp-json\/wp\/v2\/comments?post=24617"}],"version-history":[{"count":37,"href":"https:\/\/www.economicas.uba.ar\/extension\/vocesenelfenix\/wp-json\/wp\/v2\/pages\/24617\/revisions"}],"predecessor-version":[{"id":29571,"href":"https:\/\/www.economicas.uba.ar\/extension\/vocesenelfenix\/wp-json\/wp\/v2\/pages\/24617\/revisions\/29571"}],"wp:attachment":[{"href":"https:\/\/www.economicas.uba.ar\/extension\/vocesenelfenix\/wp-json\/wp\/v2\/media?parent=24617"}],"curies":[{"name":"wp","href":"https:\/\/api.w.org\/{rel}","templated":true}]}}