{"id":3406,"date":"2019-11-30T00:26:00","date_gmt":"2019-11-30T03:26:00","guid":{"rendered":"https:\/\/www.economicas.uba.ar\/extension\/vocesenelfenix\/?page_id=3406"},"modified":"2022-07-02T16:41:47","modified_gmt":"2022-07-02T19:41:47","slug":"numero-79","status":"publish","type":"page","link":"https:\/\/www.economicas.uba.ar\/extension\/vocesenelfenix\/numero-79\/","title":{"rendered":"N\u00famero 79"},"content":{"rendered":"\t\t<div data-elementor-type=\"wp-page\" data-elementor-id=\"3406\" class=\"elementor elementor-3406\" data-elementor-post-type=\"page\">\n\t\t\t\t\t\t<section class=\"elementor-section elementor-top-section elementor-element elementor-element-1169dfd elementor-section-boxed elementor-section-height-default elementor-section-height-default\" data-id=\"1169dfd\" data-element_type=\"section\" data-e-type=\"section\" data-settings=\"{&quot;background_background&quot;:&quot;classic&quot;}\">\n\t\t\t\t\t\t<div class=\"elementor-container elementor-column-gap-default\">\n\t\t\t\t\t<div class=\"elementor-column elementor-col-33 elementor-top-column elementor-element elementor-element-0b7ce08\" data-id=\"0b7ce08\" data-element_type=\"column\" data-e-type=\"column\">\n\t\t\t<div class=\"elementor-widget-wrap elementor-element-populated\">\n\t\t\t\t\t\t<div class=\"elementor-element elementor-element-8577df6 elementor-widget elementor-widget-image\" data-id=\"8577df6\" data-element_type=\"widget\" data-e-type=\"widget\" data-widget_type=\"image.default\">\n\t\t\t\t<div class=\"elementor-widget-container\">\n\t\t\t\t\t\t\t\t\t\t\t\t\t\t\t\t<a href=\"https:\/\/drive.google.com\/file\/d\/1QenLRQ5sQ3TNxpFyptV8GmBGVL98iAeL\/view?usp=sharing\" target=\"_blank\">\n\t\t\t\t\t\t\t<img fetchpriority=\"high\" decoding=\"async\" width=\"193\" height=\"268\" src=\"https:\/\/www.economicas.uba.ar\/extension\/vocesenelfenix\/wp-content\/uploads\/tapa79.jpg\" class=\"attachment-large size-large wp-image-1947\" alt=\"\" \/>\t\t\t\t\t\t\t\t<\/a>\n\t\t\t\t\t\t\t\t\t\t\t\t\t\t\t<\/div>\n\t\t\t\t<\/div>\n\t\t\t\t\t<\/div>\n\t\t<\/div>\n\t\t\t\t<div class=\"elementor-column elementor-col-66 elementor-top-column elementor-element elementor-element-3f41064\" data-id=\"3f41064\" data-element_type=\"column\" data-e-type=\"column\">\n\t\t\t<div class=\"elementor-widget-wrap elementor-element-populated\">\n\t\t\t\t\t\t<div class=\"elementor-element elementor-element-4e0aa91 elementor-widget elementor-widget-text-editor\" data-id=\"4e0aa91\" data-element_type=\"widget\" data-e-type=\"widget\" data-widget_type=\"text-editor.default\">\n\t\t\t\t<div class=\"elementor-widget-container\">\n\t\t\t\t\t\t\t\t\t<h5>N\u00daMERO 79<\/h5><h3>HACIA UN NUEVO ACUERDO SOCIAL<\/h3><h6>PACTO SOCIAL<\/h6><p><br \/>EN MEDIO DE UN NUEVO FALLO DE LAS FORMAS NEOLIBERALES DE ESTADO, ESTE LLAMADO AL PACTO SOCIAL DEBE SER CAPAZ DE TRASCENDER LAS ALIANZAS Y ACUERDOS DEFENSIVOS, PLANTEANDO UN PROGRAMA DE FUTURO DE CARA AL DESARROLLO<\/p>\t\t\t\t\t\t\t\t<\/div>\n\t\t\t\t<\/div>\n\t\t\t\t<div class=\"elementor-element elementor-element-be02eb1 elementor-widget elementor-widget-button\" data-id=\"be02eb1\" data-element_type=\"widget\" data-e-type=\"widget\" data-widget_type=\"button.default\">\n\t\t\t\t<div class=\"elementor-widget-container\">\n\t\t\t\t\t\t\t\t\t<div class=\"elementor-button-wrapper\">\n\t\t\t\t\t<a class=\"elementor-button elementor-button-link elementor-size-xs\" href=\"https:\/\/drive.google.com\/file\/d\/1QenLRQ5sQ3TNxpFyptV8GmBGVL98iAeL\/view?usp=sharing\" target=\"_blank\">\n\t\t\t\t\t\t<span class=\"elementor-button-content-wrapper\">\n\t\t\t\t\t\t\t\t\t<span class=\"elementor-button-text\">Descarg\u00e1 el PDF<\/span>\n\t\t\t\t\t<\/span>\n\t\t\t\t\t<\/a>\n\t\t\t\t<\/div>\n\t\t\t\t\t\t\t\t<\/div>\n\t\t\t\t<\/div>\n\t\t\t\t\t<\/div>\n\t\t<\/div>\n\t\t\t\t\t<\/div>\n\t\t<\/section>\n\t\t\t\t<section class=\"elementor-section elementor-top-section elementor-element elementor-element-4b5e15d elementor-section-boxed elementor-section-height-default elementor-section-height-default\" data-id=\"4b5e15d\" data-element_type=\"section\" data-e-type=\"section\">\n\t\t\t\t\t\t<div class=\"elementor-container elementor-column-gap-default\">\n\t\t\t\t\t<div class=\"elementor-column elementor-col-100 elementor-top-column elementor-element elementor-element-795864f\" data-id=\"795864f\" data-element_type=\"column\" data-e-type=\"column\">\n\t\t\t<div class=\"elementor-widget-wrap elementor-element-populated\">\n\t\t\t\t\t\t<div class=\"elementor-element elementor-element-a3062f7 elementor-grid-3 elementor-grid-tablet-2 elementor-grid-mobile-1 elementor-posts--align-left elementor-widget elementor-widget-blogmentor_blog_posts\" data-id=\"a3062f7\" data-element_type=\"widget\" data-e-type=\"widget\" data-settings=\"{&quot;bm_grid_columns&quot;:&quot;3&quot;,&quot;bm_grid_columns_tablet&quot;:&quot;2&quot;,&quot;bm_grid_columns_mobile&quot;:&quot;1&quot;,&quot;post_card_grid_gap&quot;:{&quot;unit&quot;:&quot;px&quot;,&quot;size&quot;:10,&quot;sizes&quot;:[]},&quot;post_card_row_gap&quot;:{&quot;unit&quot;:&quot;px&quot;,&quot;size&quot;:35,&quot;sizes&quot;:[]}}\" data-widget_type=\"blogmentor_blog_posts.default\">\n\t\t\t\t<div class=\"elementor-widget-container\">\n\t\t\t\t\t\t\t\n\t\t\t\t\t\t\t\t<div class=\"bm-blog-posts-wrapper\" >\n\t\t\t\t\t\t\t<div class=\"bm-blog-posts bm-display-grid elementor-grid elementor-grid-3\" >\n\t\t\t\t    <article id=\"post-3415\" class=\"item bm_layout post-3415 post type-post status-publish format-standard has-post-thumbnail hentry category-n-79 tag-acuerdo-social tag-editorial tag-pacto-social tag-sergio-woyecheszen\">\n\t\t<div class=\"bm-blog-post-image entry-post-image\">\n\t\t\t<div class=\"bm-post-image clearfix bm-hover-effect bm-hover-effect-blur\">\n\t\t\t\t<img decoding=\"async\" width=\"640\" height=\"543\" src=\"https:\/\/www.economicas.uba.ar\/extension\/vocesenelfenix\/wp-content\/uploads\/7901-Editorial.jpg\" class=\"attachment-large size-large wp-post-image\" alt=\"\" srcset=\"https:\/\/www.economicas.uba.ar\/extension\/vocesenelfenix\/wp-content\/uploads\/7901-Editorial.jpg 1080w, https:\/\/www.economicas.uba.ar\/extension\/vocesenelfenix\/wp-content\/uploads\/7901-Editorial-300x255.jpg 300w, https:\/\/www.economicas.uba.ar\/extension\/vocesenelfenix\/wp-content\/uploads\/7901-Editorial-768x652.jpg 768w\" sizes=\"(max-width: 640px) 100vw, 640px\" \/>\t\t\t<\/div>\n\t\t<\/div>\n        <div class=\"bm-blog-post-content bm_content_box\">\n            <h4 class=\"entry-post-title bm_title\"><a href=\"https:\/\/www.economicas.uba.ar\/extension\/vocesenelfenix\/editorial-el-nino-que-domo-el-viento\/\" rel=\"bookmark\">Editorial: El ni\u00f1o que dom\u00f3 el viento<\/a><\/h4>            <div class=\"bm-blog-post-meta entry-post-meta bm_meta\">\n                            <\/div>\n            <div class=\"entry-post-content bm_content\">\n                | Por Sergio Woyecheszen |            <\/div>\n        <\/div>\n    <\/article>\n    <article id=\"post-3433\" class=\"item bm_layout post-3433 post type-post status-publish format-standard has-post-thumbnail hentry category-n-79 tag-acuerdo-social tag-frente-de-todos tag-nahuel-sosa tag-pacto-social tag-santiago-cafiero\">\n\t\t<div class=\"bm-blog-post-image entry-post-image\">\n\t\t\t<div class=\"bm-post-image clearfix bm-hover-effect bm-hover-effect-blur\">\n\t\t\t\t<img decoding=\"async\" width=\"640\" height=\"430\" src=\"https:\/\/www.economicas.uba.ar\/extension\/vocesenelfenix\/wp-content\/uploads\/7902-Cafiero.jpg\" class=\"attachment-large size-large wp-post-image\" alt=\"\" srcset=\"https:\/\/www.economicas.uba.ar\/extension\/vocesenelfenix\/wp-content\/uploads\/7902-Cafiero.jpg 1080w, https:\/\/www.economicas.uba.ar\/extension\/vocesenelfenix\/wp-content\/uploads\/7902-Cafiero-300x201.jpg 300w, https:\/\/www.economicas.uba.ar\/extension\/vocesenelfenix\/wp-content\/uploads\/7902-Cafiero-768x516.jpg 768w\" sizes=\"(max-width: 640px) 100vw, 640px\" \/>\t\t\t<\/div>\n\t\t<\/div>\n        <div class=\"bm-blog-post-content bm_content_box\">\n            <h4 class=\"entry-post-title bm_title\"><a href=\"https:\/\/www.economicas.uba.ar\/extension\/vocesenelfenix\/hacia-un-nuevo-acuerdo-social\/\" rel=\"bookmark\">Hacia un nuevo acuerdo social<\/a><\/h4>            <div class=\"bm-blog-post-meta entry-post-meta bm_meta\">\n                            <\/div>\n            <div class=\"entry-post-content bm_content\">\n                | Por Santiago Cafiero y Nahuel Sosa | El acuerdo social, uno de los ejes de la campa\u00f1a del Frente de Todos, no implica llegar a una posici\u00f3n \u00fanica ni <div><a href=\"https:\/\/www.economicas.uba.ar\/extension\/vocesenelfenix\/hacia-un-nuevo-acuerdo-social\/\" rel=\"bookmark\" class=\"bm-read-more entry-read-more\">M\u00e1s \u00bb<\/a><div>            <\/div>\n        <\/div>\n    <\/article>\n    <article id=\"post-3439\" class=\"item bm_layout post-3439 post type-post status-publish format-standard has-post-thumbnail hentry category-n-79 tag-acuerdo-social tag-arsenio-chaparro-zalazar tag-dinamica-del-deseo tag-estructuras-de-poder tag-guillermo-j-burckwardt tag-interrelacion tag-margenes-del-poder tag-nuevos-emergentes-sociales tag-pacto-social tag-subjetividad\">\n\t\t<div class=\"bm-blog-post-image entry-post-image\">\n\t\t\t<div class=\"bm-post-image clearfix bm-hover-effect bm-hover-effect-blur\">\n\t\t\t\t<img loading=\"lazy\" decoding=\"async\" width=\"640\" height=\"402\" src=\"https:\/\/www.economicas.uba.ar\/extension\/vocesenelfenix\/wp-content\/uploads\/7903-Chaparro.jpg\" class=\"attachment-large size-large wp-post-image\" alt=\"\" srcset=\"https:\/\/www.economicas.uba.ar\/extension\/vocesenelfenix\/wp-content\/uploads\/7903-Chaparro.jpg 1080w, https:\/\/www.economicas.uba.ar\/extension\/vocesenelfenix\/wp-content\/uploads\/7903-Chaparro-300x188.jpg 300w, https:\/\/www.economicas.uba.ar\/extension\/vocesenelfenix\/wp-content\/uploads\/7903-Chaparro-768x482.jpg 768w\" sizes=\"(max-width: 640px) 100vw, 640px\" \/>\t\t\t<\/div>\n\t\t<\/div>\n        <div class=\"bm-blog-post-content bm_content_box\">\n            <h4 class=\"entry-post-title bm_title\"><a href=\"https:\/\/www.economicas.uba.ar\/extension\/vocesenelfenix\/los-ciudadanos-en-camino-del-deseo-hacia-un-acuerdo-social\/\" rel=\"bookmark\">Los ciudadanos en camino del deseo hacia un Acuerdo Social<\/a><\/h4>            <div class=\"bm-blog-post-meta entry-post-meta bm_meta\">\n                            <\/div>\n            <div class=\"entry-post-content bm_content\">\n                | Por Arsenio Chaparro Zalazar y Guillermo J. Burckwardt | Presentan en el marco del nuevo pacto social una serie de caracter\u00edsticas de las estructuras que vehiculizan el deseo de <div><a href=\"https:\/\/www.economicas.uba.ar\/extension\/vocesenelfenix\/los-ciudadanos-en-camino-del-deseo-hacia-un-acuerdo-social\/\" rel=\"bookmark\" class=\"bm-read-more entry-read-more\">M\u00e1s \u00bb<\/a><div>            <\/div>\n        <\/div>\n    <\/article>\n    <article id=\"post-3445\" class=\"item bm_layout post-3445 post type-post status-publish format-standard has-post-thumbnail hentry category-n-79 tag-actores-sociales tag-crisis tag-fabian-lavallen-ranea tag-pacto-social tag-politica tag-ramon-prades\">\n\t\t<div class=\"bm-blog-post-image entry-post-image\">\n\t\t\t<div class=\"bm-post-image clearfix bm-hover-effect bm-hover-effect-blur\">\n\t\t\t\t<img loading=\"lazy\" decoding=\"async\" width=\"640\" height=\"390\" src=\"https:\/\/www.economicas.uba.ar\/extension\/vocesenelfenix\/wp-content\/uploads\/7904-Prades.jpg\" class=\"attachment-large size-large wp-post-image\" alt=\"\" srcset=\"https:\/\/www.economicas.uba.ar\/extension\/vocesenelfenix\/wp-content\/uploads\/7904-Prades.jpg 1080w, https:\/\/www.economicas.uba.ar\/extension\/vocesenelfenix\/wp-content\/uploads\/7904-Prades-300x183.jpg 300w, https:\/\/www.economicas.uba.ar\/extension\/vocesenelfenix\/wp-content\/uploads\/7904-Prades-768x468.jpg 768w\" sizes=\"(max-width: 640px) 100vw, 640px\" \/>\t\t\t<\/div>\n\t\t<\/div>\n        <div class=\"bm-blog-post-content bm_content_box\">\n            <h4 class=\"entry-post-title bm_title\"><a href=\"https:\/\/www.economicas.uba.ar\/extension\/vocesenelfenix\/hacia-un-nuevo-pacto-social-la-revalorizacion-de-la-politica-y-el-cuidado-de-la-casa-comun-como-resguardo-ante-la-crisis\/\" rel=\"bookmark\">Hacia un nuevo pacto social: la revalorizaci\u00f3n de la pol\u00edtica y el cuidado de la casa com\u00fan como resguardo ante la crisis<\/a><\/h4>            <div class=\"bm-blog-post-meta entry-post-meta bm_meta\">\n                            <\/div>\n            <div class=\"entry-post-content bm_content\">\n                | Por Ram\u00f3n Prades y Fabi\u00e1n Lavall\u00e9n Ranea | En el marco de este nuevo llamado a un gran acuerdo entre m\u00faltiples actores, analiza c\u00f3mo el mismo podr\u00eda impactar en <div><a href=\"https:\/\/www.economicas.uba.ar\/extension\/vocesenelfenix\/hacia-un-nuevo-pacto-social-la-revalorizacion-de-la-politica-y-el-cuidado-de-la-casa-comun-como-resguardo-ante-la-crisis\/\" rel=\"bookmark\" class=\"bm-read-more entry-read-more\">M\u00e1s \u00bb<\/a><div>            <\/div>\n        <\/div>\n    <\/article>\n    <article id=\"post-3451\" class=\"item bm_layout post-3451 post type-post status-publish format-standard has-post-thumbnail hentry category-n-79 tag-acuerdo-social tag-dialogo tag-europa tag-julio-cesar-neffa tag-pacto-social tag-trabajo\">\n\t\t<div class=\"bm-blog-post-image entry-post-image\">\n\t\t\t<div class=\"bm-post-image clearfix bm-hover-effect bm-hover-effect-blur\">\n\t\t\t\t<img loading=\"lazy\" decoding=\"async\" width=\"640\" height=\"401\" src=\"https:\/\/www.economicas.uba.ar\/extension\/vocesenelfenix\/wp-content\/uploads\/7905-Neffa.jpg\" class=\"attachment-large size-large wp-post-image\" alt=\"\" srcset=\"https:\/\/www.economicas.uba.ar\/extension\/vocesenelfenix\/wp-content\/uploads\/7905-Neffa.jpg 1080w, https:\/\/www.economicas.uba.ar\/extension\/vocesenelfenix\/wp-content\/uploads\/7905-Neffa-300x188.jpg 300w, https:\/\/www.economicas.uba.ar\/extension\/vocesenelfenix\/wp-content\/uploads\/7905-Neffa-768x481.jpg 768w\" sizes=\"(max-width: 640px) 100vw, 640px\" \/>\t\t\t<\/div>\n\t\t<\/div>\n        <div class=\"bm-blog-post-content bm_content_box\">\n            <h4 class=\"entry-post-title bm_title\"><a href=\"https:\/\/www.economicas.uba.ar\/extension\/vocesenelfenix\/pacto-social-acuerdo-social-dialogo-social-la-experiencia-europea\/\" rel=\"bookmark\">Pacto Social, Acuerdo Social, Di\u00e1logo Social: la experiencia europea<\/a><\/h4>            <div class=\"bm-blog-post-meta entry-post-meta bm_meta\">\n                            <\/div>\n            <div class=\"entry-post-content bm_content\">\n                | Por Julio C\u00e9sar Neffa | Ofrece informaci\u00f3n sint\u00e9tica acerca de un tema central en los sistemas de relaciones de trabajo, los \u201cpactos sociales\u201d, tomando como referencia a Europa, que <div><a href=\"https:\/\/www.economicas.uba.ar\/extension\/vocesenelfenix\/pacto-social-acuerdo-social-dialogo-social-la-experiencia-europea\/\" rel=\"bookmark\" class=\"bm-read-more entry-read-more\">M\u00e1s \u00bb<\/a><div>            <\/div>\n        <\/div>\n    <\/article>\n    <article id=\"post-3457\" class=\"item bm_layout post-3457 post type-post status-publish format-standard has-post-thumbnail hentry category-n-79 tag-escuela-revisionista tag-estado-desarrollista tag-nicolas-tereschuk tag-pacto-social tag-planificacion\">\n\t\t<div class=\"bm-blog-post-image entry-post-image\">\n\t\t\t<div class=\"bm-post-image clearfix bm-hover-effect bm-hover-effect-blur\">\n\t\t\t\t<img loading=\"lazy\" decoding=\"async\" width=\"640\" height=\"480\" src=\"https:\/\/www.economicas.uba.ar\/extension\/vocesenelfenix\/wp-content\/uploads\/7906-Tereschuk.jpg\" class=\"attachment-large size-large wp-post-image\" alt=\"\" srcset=\"https:\/\/www.economicas.uba.ar\/extension\/vocesenelfenix\/wp-content\/uploads\/7906-Tereschuk.jpg 1080w, https:\/\/www.economicas.uba.ar\/extension\/vocesenelfenix\/wp-content\/uploads\/7906-Tereschuk-300x225.jpg 300w, https:\/\/www.economicas.uba.ar\/extension\/vocesenelfenix\/wp-content\/uploads\/7906-Tereschuk-768x576.jpg 768w\" sizes=\"(max-width: 640px) 100vw, 640px\" \/>\t\t\t<\/div>\n\t\t<\/div>\n        <div class=\"bm-blog-post-content bm_content_box\">\n            <h4 class=\"entry-post-title bm_title\"><a href=\"https:\/\/www.economicas.uba.ar\/extension\/vocesenelfenix\/organismos-de-planificacion-y-estado-desarrollista-en-la-argentina-1943-1975\/\" rel=\"bookmark\">Organismos de planificaci\u00f3n y Estado desarrollista en la Argentina (1943-1975)<\/a><\/h4>            <div class=\"bm-blog-post-meta entry-post-meta bm_meta\">\n                            <\/div>\n            <div class=\"entry-post-content bm_content\">\n                | Por Nicol\u00e1s Tereschuk | Eval\u00faa las evidencias en torno a la institucionalizaci\u00f3n de la planificaci\u00f3n para el desarrollo en la Argentina en el per\u00edodo 1943-1975, a trav\u00e9s de la <div><a href=\"https:\/\/www.economicas.uba.ar\/extension\/vocesenelfenix\/organismos-de-planificacion-y-estado-desarrollista-en-la-argentina-1943-1975\/\" rel=\"bookmark\" class=\"bm-read-more entry-read-more\">M\u00e1s \u00bb<\/a><div>            <\/div>\n        <\/div>\n    <\/article>\n    <article id=\"post-3463\" class=\"item bm_layout post-3463 post type-post status-publish format-standard has-post-thumbnail hentry category-n-79 tag-acuerdo-social tag-democracias tag-latinoamerica tag-maria-emilia-reiszer tag-pacto-social\">\n\t\t<div class=\"bm-blog-post-image entry-post-image\">\n\t\t\t<div class=\"bm-post-image clearfix bm-hover-effect bm-hover-effect-blur\">\n\t\t\t\t<img loading=\"lazy\" decoding=\"async\" width=\"640\" height=\"430\" src=\"https:\/\/www.economicas.uba.ar\/extension\/vocesenelfenix\/wp-content\/uploads\/7907-Reiszer.jpg\" class=\"attachment-large size-large wp-post-image\" alt=\"\" srcset=\"https:\/\/www.economicas.uba.ar\/extension\/vocesenelfenix\/wp-content\/uploads\/7907-Reiszer.jpg 1080w, https:\/\/www.economicas.uba.ar\/extension\/vocesenelfenix\/wp-content\/uploads\/7907-Reiszer-300x202.jpg 300w, https:\/\/www.economicas.uba.ar\/extension\/vocesenelfenix\/wp-content\/uploads\/7907-Reiszer-768x516.jpg 768w\" sizes=\"(max-width: 640px) 100vw, 640px\" \/>\t\t\t<\/div>\n\t\t<\/div>\n        <div class=\"bm-blog-post-content bm_content_box\">\n            <h4 class=\"entry-post-title bm_title\"><a href=\"https:\/\/www.economicas.uba.ar\/extension\/vocesenelfenix\/las-perspectivas-para-el-futuro-de-la-region-consolidacion-de-las-democracias-para-un-acuerdo-social-sostenible\/\" rel=\"bookmark\">Las perspectivas para el futuro de la regi\u00f3n: consolidaci\u00f3n de las democracias para un acuerdo social sostenible<\/a><\/h4>            <div class=\"bm-blog-post-meta entry-post-meta bm_meta\">\n                            <\/div>\n            <div class=\"entry-post-content bm_content\">\n                | Por Mar\u00eda Emilia Reiszer | Este art\u00edculo busca comprender la necesidad de un acuerdo social de car\u00e1cter regional, que traspase las barreras de los consensos entre referentes pol\u00edticos y <div><a href=\"https:\/\/www.economicas.uba.ar\/extension\/vocesenelfenix\/las-perspectivas-para-el-futuro-de-la-region-consolidacion-de-las-democracias-para-un-acuerdo-social-sostenible\/\" rel=\"bookmark\" class=\"bm-read-more entry-read-more\">M\u00e1s \u00bb<\/a><div>            <\/div>\n        <\/div>\n    <\/article>\n    <article id=\"post-3472\" class=\"item bm_layout post-3472 post type-post status-publish format-standard has-post-thumbnail hentry category-n-79 tag-crecimiento-economico tag-derechos-laborales tag-desarrollo-productivo tag-jazmin-castano tag-justicia-social tag-mercado-laboral tag-pacto-social\">\n\t\t<div class=\"bm-blog-post-image entry-post-image\">\n\t\t\t<div class=\"bm-post-image clearfix bm-hover-effect bm-hover-effect-blur\">\n\t\t\t\t<img loading=\"lazy\" decoding=\"async\" width=\"640\" height=\"430\" src=\"https:\/\/www.economicas.uba.ar\/extension\/vocesenelfenix\/wp-content\/uploads\/7908-Castano-1.jpg\" class=\"attachment-large size-large wp-post-image\" alt=\"\" srcset=\"https:\/\/www.economicas.uba.ar\/extension\/vocesenelfenix\/wp-content\/uploads\/7908-Castano-1.jpg 1080w, https:\/\/www.economicas.uba.ar\/extension\/vocesenelfenix\/wp-content\/uploads\/7908-Castano-1-300x202.jpg 300w, https:\/\/www.economicas.uba.ar\/extension\/vocesenelfenix\/wp-content\/uploads\/7908-Castano-1-768x516.jpg 768w\" sizes=\"(max-width: 640px) 100vw, 640px\" \/>\t\t\t<\/div>\n\t\t<\/div>\n        <div class=\"bm-blog-post-content bm_content_box\">\n            <h4 class=\"entry-post-title bm_title\"><a href=\"https:\/\/www.economicas.uba.ar\/extension\/vocesenelfenix\/hacia-la-construccion-de-consensos-para-un-modelo-de-desarrollo-productivo-con-justicia-social\/\" rel=\"bookmark\">Hacia la construcci\u00f3n de consensos para un modelo de desarrollo productivo con justicia social<\/a><\/h4>            <div class=\"bm-blog-post-meta entry-post-meta bm_meta\">\n                            <\/div>\n            <div class=\"entry-post-content bm_content\">\n                | Por Jazm\u00edn Casta\u00f1o | El art\u00edculo discute las implicancias del cambio de gobierno, en relaci\u00f3n con las perspectivas de crecimiento econ\u00f3mico, la ampliaci\u00f3n del mercado laboral, la garantizaci\u00f3n de <div><a href=\"https:\/\/www.economicas.uba.ar\/extension\/vocesenelfenix\/hacia-la-construccion-de-consensos-para-un-modelo-de-desarrollo-productivo-con-justicia-social\/\" rel=\"bookmark\" class=\"bm-read-more entry-read-more\">M\u00e1s \u00bb<\/a><div>            <\/div>\n        <\/div>\n    <\/article>\n    <article id=\"post-3478\" class=\"item bm_layout post-3478 post type-post status-publish format-standard has-post-thumbnail hentry category-n-79 tag-acuerdo-social tag-pacto-social tag-participacion tag-politicas-macroeconomicas tag-roberto-arias\">\n\t\t<div class=\"bm-blog-post-image entry-post-image\">\n\t\t\t<div class=\"bm-post-image clearfix bm-hover-effect bm-hover-effect-blur\">\n\t\t\t\t<img loading=\"lazy\" decoding=\"async\" width=\"640\" height=\"430\" src=\"https:\/\/www.economicas.uba.ar\/extension\/vocesenelfenix\/wp-content\/uploads\/7909-Arias.jpg\" class=\"attachment-large size-large wp-post-image\" alt=\"\" srcset=\"https:\/\/www.economicas.uba.ar\/extension\/vocesenelfenix\/wp-content\/uploads\/7909-Arias.jpg 1080w, https:\/\/www.economicas.uba.ar\/extension\/vocesenelfenix\/wp-content\/uploads\/7909-Arias-300x201.jpg 300w, https:\/\/www.economicas.uba.ar\/extension\/vocesenelfenix\/wp-content\/uploads\/7909-Arias-768x516.jpg 768w\" sizes=\"(max-width: 640px) 100vw, 640px\" \/>\t\t\t<\/div>\n\t\t<\/div>\n        <div class=\"bm-blog-post-content bm_content_box\">\n            <h4 class=\"entry-post-title bm_title\"><a href=\"https:\/\/www.economicas.uba.ar\/extension\/vocesenelfenix\/el-acuerdo-social-y-la-estabilidad-macroeconomica\/\" rel=\"bookmark\">El acuerdo social y la estabilidad macroecon\u00f3mica<\/a><\/h4>            <div class=\"bm-blog-post-meta entry-post-meta bm_meta\">\n                            <\/div>\n            <div class=\"entry-post-content bm_content\">\n                | Por Roberto Arias | Presenta algunas ideas sobre las pol\u00edticas macroecon\u00f3micas a establecer como parte de una discusi\u00f3n m\u00e1s amplia de un acuerdo social, brindando un aporte a un <div><a href=\"https:\/\/www.economicas.uba.ar\/extension\/vocesenelfenix\/el-acuerdo-social-y-la-estabilidad-macroeconomica\/\" rel=\"bookmark\" class=\"bm-read-more entry-read-more\">M\u00e1s \u00bb<\/a><div>            <\/div>\n        <\/div>\n    <\/article>\n    <article id=\"post-3484\" class=\"item bm_layout post-3484 post type-post status-publish format-standard has-post-thumbnail hentry category-n-79 tag-acuerdo-social tag-desigualdad tag-maria-delfina-rossi tag-pacto-social\">\n\t\t<div class=\"bm-blog-post-image entry-post-image\">\n\t\t\t<div class=\"bm-post-image clearfix bm-hover-effect bm-hover-effect-blur\">\n\t\t\t\t<img loading=\"lazy\" decoding=\"async\" width=\"640\" height=\"429\" src=\"https:\/\/www.economicas.uba.ar\/extension\/vocesenelfenix\/wp-content\/uploads\/7910-Rossi.jpg\" class=\"attachment-large size-large wp-post-image\" alt=\"\" srcset=\"https:\/\/www.economicas.uba.ar\/extension\/vocesenelfenix\/wp-content\/uploads\/7910-Rossi.jpg 1080w, https:\/\/www.economicas.uba.ar\/extension\/vocesenelfenix\/wp-content\/uploads\/7910-Rossi-300x201.jpg 300w, https:\/\/www.economicas.uba.ar\/extension\/vocesenelfenix\/wp-content\/uploads\/7910-Rossi-768x515.jpg 768w\" sizes=\"(max-width: 640px) 100vw, 640px\" \/>\t\t\t<\/div>\n\t\t<\/div>\n        <div class=\"bm-blog-post-content bm_content_box\">\n            <h4 class=\"entry-post-title bm_title\"><a href=\"https:\/\/www.economicas.uba.ar\/extension\/vocesenelfenix\/gobernar-la-desigualdad-los-pactos-sociales-como-herramienta-de-estabilizacion\/\" rel=\"bookmark\">Gobernar la desigualdad: los pactos sociales como herramienta de estabilizaci\u00f3n<\/a><\/h4>            <div class=\"bm-blog-post-meta entry-post-meta bm_meta\">\n                            <\/div>\n            <div class=\"entry-post-content bm_content\">\n                | Por Mar\u00eda Delfina Rossi | Plantea la pregunta de si los pactos sociales logran estabilizar situaciones de conflicto distributivo preservando la democracia. Tomando el caso del Pacto de la <div><a href=\"https:\/\/www.economicas.uba.ar\/extension\/vocesenelfenix\/gobernar-la-desigualdad-los-pactos-sociales-como-herramienta-de-estabilizacion\/\" rel=\"bookmark\" class=\"bm-read-more entry-read-more\">M\u00e1s \u00bb<\/a><div>            <\/div>\n        <\/div>\n    <\/article>\n    <article id=\"post-3490\" class=\"item bm_layout post-3490 post type-post status-publish format-standard has-post-thumbnail hentry category-n-79 tag-acuerdo-social tag-desigualdad tag-economia-popular tag-economia-social tag-martin-navarro tag-pacto-social\">\n\t\t<div class=\"bm-blog-post-image entry-post-image\">\n\t\t\t<div class=\"bm-post-image clearfix bm-hover-effect bm-hover-effect-blur\">\n\t\t\t\t<img loading=\"lazy\" decoding=\"async\" width=\"640\" height=\"434\" src=\"https:\/\/www.economicas.uba.ar\/extension\/vocesenelfenix\/wp-content\/uploads\/7911-Navarro.jpg\" class=\"attachment-large size-large wp-post-image\" alt=\"\" srcset=\"https:\/\/www.economicas.uba.ar\/extension\/vocesenelfenix\/wp-content\/uploads\/7911-Navarro.jpg 1080w, https:\/\/www.economicas.uba.ar\/extension\/vocesenelfenix\/wp-content\/uploads\/7911-Navarro-300x203.jpg 300w, https:\/\/www.economicas.uba.ar\/extension\/vocesenelfenix\/wp-content\/uploads\/7911-Navarro-768x521.jpg 768w\" sizes=\"(max-width: 640px) 100vw, 640px\" \/>\t\t\t<\/div>\n\t\t<\/div>\n        <div class=\"bm-blog-post-content bm_content_box\">\n            <h4 class=\"entry-post-title bm_title\"><a href=\"https:\/\/www.economicas.uba.ar\/extension\/vocesenelfenix\/un-acuerdo-social-que-nos-devuelva-la-dignidad\/\" rel=\"bookmark\">Un acuerdo social que nos devuelva la dignidad<\/a><\/h4>            <div class=\"bm-blog-post-meta entry-post-meta bm_meta\">\n                            <\/div>\n            <div class=\"entry-post-content bm_content\">\n                | Por Mart\u00edn Navarro | Analiza las caracter\u00edsticas de la econom\u00eda popular en la Argentina, las que deben considerarse e incluirse de cara al pacto social en ciernes en nuestro <div><a href=\"https:\/\/www.economicas.uba.ar\/extension\/vocesenelfenix\/un-acuerdo-social-que-nos-devuelva-la-dignidad\/\" rel=\"bookmark\" class=\"bm-read-more entry-read-more\">M\u00e1s \u00bb<\/a><div>            <\/div>\n        <\/div>\n    <\/article>\n    <article id=\"post-3497\" class=\"item bm_layout post-3497 post type-post status-publish format-standard has-post-thumbnail hentry category-n-79 tag-acuerdo-social tag-ecologia tag-nicolas-forlani tag-pacto-social tag-pacto-socioambiental\">\n\t\t<div class=\"bm-blog-post-image entry-post-image\">\n\t\t\t<div class=\"bm-post-image clearfix bm-hover-effect bm-hover-effect-blur\">\n\t\t\t\t<img loading=\"lazy\" decoding=\"async\" width=\"640\" height=\"430\" src=\"https:\/\/www.economicas.uba.ar\/extension\/vocesenelfenix\/wp-content\/uploads\/7912-Forlani.jpg\" class=\"attachment-large size-large wp-post-image\" alt=\"\" srcset=\"https:\/\/www.economicas.uba.ar\/extension\/vocesenelfenix\/wp-content\/uploads\/7912-Forlani.jpg 1080w, https:\/\/www.economicas.uba.ar\/extension\/vocesenelfenix\/wp-content\/uploads\/7912-Forlani-300x201.jpg 300w, https:\/\/www.economicas.uba.ar\/extension\/vocesenelfenix\/wp-content\/uploads\/7912-Forlani-768x516.jpg 768w\" sizes=\"(max-width: 640px) 100vw, 640px\" \/>\t\t\t<\/div>\n\t\t<\/div>\n        <div class=\"bm-blog-post-content bm_content_box\">\n            <h4 class=\"entry-post-title bm_title\"><a href=\"https:\/\/www.economicas.uba.ar\/extension\/vocesenelfenix\/del-contrato-social-al-pacto-socioambiental-la-cuestion-ecologica-en-la-argentina-y-el-mundo-que-se-viene\/\" rel=\"bookmark\">Del contrato social al pacto socioambiental: la cuesti\u00f3n ecol\u00f3gica en la Argentina (y el mundo) que se viene<\/a><\/h4>            <div class=\"bm-blog-post-meta entry-post-meta bm_meta\">\n                            <\/div>\n            <div class=\"entry-post-content bm_content\">\n                | Por Nicol\u00e1s Forlani | Plantea que entre las diversas dimensiones a contemplar en el marco de un nuevo pacto social se encuentra la ecolog\u00eda profunda, la cual debiera ocupar <div><a href=\"https:\/\/www.economicas.uba.ar\/extension\/vocesenelfenix\/del-contrato-social-al-pacto-socioambiental-la-cuestion-ecologica-en-la-argentina-y-el-mundo-que-se-viene\/\" rel=\"bookmark\" class=\"bm-read-more entry-read-more\">M\u00e1s \u00bb<\/a><div>            <\/div>\n        <\/div>\n    <\/article>\n    <article id=\"post-3503\" class=\"item bm_layout post-3503 post type-post status-publish format-standard has-post-thumbnail hentry category-n-79 tag-acuerdo-social tag-alejo-tolosa tag-desigualdad tag-educacion tag-pacto-social tag-politicas-publicas\">\n\t\t<div class=\"bm-blog-post-image entry-post-image\">\n\t\t\t<div class=\"bm-post-image clearfix bm-hover-effect bm-hover-effect-blur\">\n\t\t\t\t<img loading=\"lazy\" decoding=\"async\" width=\"640\" height=\"427\" src=\"https:\/\/www.economicas.uba.ar\/extension\/vocesenelfenix\/wp-content\/uploads\/7913-Tolosa.jpg\" class=\"attachment-large size-large wp-post-image\" alt=\"\" srcset=\"https:\/\/www.economicas.uba.ar\/extension\/vocesenelfenix\/wp-content\/uploads\/7913-Tolosa.jpg 1080w, https:\/\/www.economicas.uba.ar\/extension\/vocesenelfenix\/wp-content\/uploads\/7913-Tolosa-300x200.jpg 300w, https:\/\/www.economicas.uba.ar\/extension\/vocesenelfenix\/wp-content\/uploads\/7913-Tolosa-768x513.jpg 768w, https:\/\/www.economicas.uba.ar\/extension\/vocesenelfenix\/wp-content\/uploads\/7913-Tolosa-640x426.jpg 640w\" sizes=\"(max-width: 640px) 100vw, 640px\" \/>\t\t\t<\/div>\n\t\t<\/div>\n        <div class=\"bm-blog-post-content bm_content_box\">\n            <h4 class=\"entry-post-title bm_title\"><a href=\"https:\/\/www.economicas.uba.ar\/extension\/vocesenelfenix\/hacia-un-acuerdo-social-educativo-reflexiones-en-torno-a-la-construccion-de-una-nueva-argentina-federal-y-democratica\/\" rel=\"bookmark\">Hacia un acuerdo social educativo: reflexiones en torno a la construcci\u00f3n de una nueva Argentina federal y democr\u00e1tica<\/a><\/h4>            <div class=\"bm-blog-post-meta entry-post-meta bm_meta\">\n                            <\/div>\n            <div class=\"entry-post-content bm_content\">\n                | Por Alejo Tolosa | En la b\u00fasqueda de atenuar las brechas de desigualdad, en este art\u00edculo nos proponemos un ejercicio de reflexi\u00f3n sobre los desaf\u00edos que enfrenta la educaci\u00f3n <div><a href=\"https:\/\/www.economicas.uba.ar\/extension\/vocesenelfenix\/hacia-un-acuerdo-social-educativo-reflexiones-en-torno-a-la-construccion-de-una-nueva-argentina-federal-y-democratica\/\" rel=\"bookmark\" class=\"bm-read-more entry-read-more\">M\u00e1s \u00bb<\/a><div>            <\/div>\n        <\/div>\n    <\/article>\n    <article id=\"post-3509\" class=\"item bm_layout post-3509 post type-post status-publish format-standard has-post-thumbnail hentry category-n-79 tag-acuerdo-social tag-pacto-social tag-television-publica tag-television-publica-argentina tag-victor-taricco\">\n\t\t<div class=\"bm-blog-post-image entry-post-image\">\n\t\t\t<div class=\"bm-post-image clearfix bm-hover-effect bm-hover-effect-blur\">\n\t\t\t\t<img loading=\"lazy\" decoding=\"async\" width=\"640\" height=\"430\" src=\"https:\/\/www.economicas.uba.ar\/extension\/vocesenelfenix\/wp-content\/uploads\/7914-Taricco.jpg\" class=\"attachment-large size-large wp-post-image\" alt=\"\" srcset=\"https:\/\/www.economicas.uba.ar\/extension\/vocesenelfenix\/wp-content\/uploads\/7914-Taricco.jpg 1080w, https:\/\/www.economicas.uba.ar\/extension\/vocesenelfenix\/wp-content\/uploads\/7914-Taricco-300x202.jpg 300w, https:\/\/www.economicas.uba.ar\/extension\/vocesenelfenix\/wp-content\/uploads\/7914-Taricco-768x516.jpg 768w\" sizes=\"(max-width: 640px) 100vw, 640px\" \/>\t\t\t<\/div>\n\t\t<\/div>\n        <div class=\"bm-blog-post-content bm_content_box\">\n            <h4 class=\"entry-post-title bm_title\"><a href=\"https:\/\/www.economicas.uba.ar\/extension\/vocesenelfenix\/la-television-publica-argentina-en-la-encrucijada\/\" rel=\"bookmark\">La Televisi\u00f3n P\u00fablica Argentina en la encrucijada<\/a><\/h4>            <div class=\"bm-blog-post-meta entry-post-meta bm_meta\">\n                            <\/div>\n            <div class=\"entry-post-content bm_content\">\n                | Por V\u00edctor Taricco | Analiza algunos de los rasgos de los movimientos pendulares en nuestro pa\u00eds a trav\u00e9s del derrotero de la televisi\u00f3n p\u00fablica.            <\/div>\n        <\/div>\n    <\/article>\n    <article id=\"post-3515\" class=\"item bm_layout post-3515 post type-post status-publish format-standard has-post-thumbnail hentry category-n-79 tag-acuerdo-social tag-feminismo tag-florencia-lucione tag-genero tag-inclusion tag-lesbianas tag-lucia-gutierrez tag-mujeres tag-pacto-social tag-sol-prieto tag-trans tag-travestis\">\n\t\t<div class=\"bm-blog-post-image entry-post-image\">\n\t\t\t<div class=\"bm-post-image clearfix bm-hover-effect bm-hover-effect-blur\">\n\t\t\t\t<img loading=\"lazy\" decoding=\"async\" width=\"640\" height=\"439\" src=\"https:\/\/www.economicas.uba.ar\/extension\/vocesenelfenix\/wp-content\/uploads\/7915-Prieto.jpg\" class=\"attachment-large size-large wp-post-image\" alt=\"\" srcset=\"https:\/\/www.economicas.uba.ar\/extension\/vocesenelfenix\/wp-content\/uploads\/7915-Prieto.jpg 1080w, https:\/\/www.economicas.uba.ar\/extension\/vocesenelfenix\/wp-content\/uploads\/7915-Prieto-300x206.jpg 300w, https:\/\/www.economicas.uba.ar\/extension\/vocesenelfenix\/wp-content\/uploads\/7915-Prieto-768x526.jpg 768w\" sizes=\"(max-width: 640px) 100vw, 640px\" \/>\t\t\t<\/div>\n\t\t<\/div>\n        <div class=\"bm-blog-post-content bm_content_box\">\n            <h4 class=\"entry-post-title bm_title\"><a href=\"https:\/\/www.economicas.uba.ar\/extension\/vocesenelfenix\/un-acuerdo-social-que-incluya-a-mujeres-lesbianas-travestis-y-trans\/\" rel=\"bookmark\">Un acuerdo social que incluya a mujeres, lesbianas, travestis y trans<\/a><\/h4>            <div class=\"bm-blog-post-meta entry-post-meta bm_meta\">\n                            <\/div>\n            <div class=\"entry-post-content bm_content\">\n                | Por Sol Prieto, Luc\u00eda Guti\u00e9rrez y Florencia Lucione | Plantea la necesidad de impulsar el pacto social a partir de una \u00f3ptica feminista que permita reconocer, denunciar y alterar <div><a href=\"https:\/\/www.economicas.uba.ar\/extension\/vocesenelfenix\/un-acuerdo-social-que-incluya-a-mujeres-lesbianas-travestis-y-trans\/\" rel=\"bookmark\" class=\"bm-read-more entry-read-more\">M\u00e1s \u00bb<\/a><div>            <\/div>\n        <\/div>\n    <\/article>\n\t\t\t\t<\/div><\/div>\n\t\t\t\t\t\t\t\t<\/div>\n\t\t\t\t<\/div>\n\t\t\t\t\t<\/div>\n\t\t<\/div>\n\t\t\t\t\t<\/div>\n\t\t<\/section>\n\t\t\t\t<section class=\"elementor-section elementor-top-section elementor-element elementor-element-1243537 elementor-section-boxed elementor-section-height-default elementor-section-height-default\" data-id=\"1243537\" data-element_type=\"section\" data-e-type=\"section\" data-settings=\"{&quot;background_background&quot;:&quot;classic&quot;}\">\n\t\t\t\t\t\t<div class=\"elementor-container elementor-column-gap-default\">\n\t\t\t\t\t<div class=\"elementor-column elementor-col-100 elementor-top-column elementor-element elementor-element-54a1191\" data-id=\"54a1191\" data-element_type=\"column\" data-e-type=\"column\">\n\t\t\t<div class=\"elementor-widget-wrap elementor-element-populated\">\n\t\t\t\t\t\t<div class=\"elementor-element elementor-element-c4b62b6 elementor-widget elementor-widget-text-editor\" data-id=\"c4b62b6\" data-element_type=\"widget\" data-e-type=\"widget\" data-widget_type=\"text-editor.default\">\n\t\t\t\t<div class=\"elementor-widget-container\">\n\t\t\t\t\t\t\t\t\t<iframe width=\"560\" height=\"315\" src=\"https:\/\/www.youtube.com\/embed\/videoseries?list=PLeYdj9X0_ljmBsNHqLTtZAaIFa_WMxCyE\" title=\"YouTube video player\" frameborder=\"0\" allow=\"accelerometer; autoplay; clipboard-write; encrypted-media; gyroscope; picture-in-picture\" allowfullscreen><\/iframe>\t\t\t\t\t\t\t\t<\/div>\n\t\t\t\t<\/div>\n\t\t\t\t\t<\/div>\n\t\t<\/div>\n\t\t\t\t\t<\/div>\n\t\t<\/section>\n\t\t\t\t<\/div>\n\t\t","protected":false},"excerpt":{"rendered":"<p>N\u00daMERO 79 HACIA UN NUEVO ACUERDO SOCIAL PACTO SOCIAL EN MEDIO DE UN NUEVO FALLO DE LAS FORMAS NEOLIBERALES DE ESTADO, ESTE LLAMADO AL PACTO SOCIAL DEBE SER CAPAZ DE<\/p>\n","protected":false},"author":5,"featured_media":0,"parent":0,"menu_order":0,"comment_status":"closed","ping_status":"closed","template":"","meta":{"footnotes":""},"class_list":["post-3406","page","type-page","status-publish","hentry"],"_links":{"self":[{"href":"https:\/\/www.economicas.uba.ar\/extension\/vocesenelfenix\/wp-json\/wp\/v2\/pages\/3406","targetHints":{"allow":["GET"]}}],"collection":[{"href":"https:\/\/www.economicas.uba.ar\/extension\/vocesenelfenix\/wp-json\/wp\/v2\/pages"}],"about":[{"href":"https:\/\/www.economicas.uba.ar\/extension\/vocesenelfenix\/wp-json\/wp\/v2\/types\/page"}],"author":[{"embeddable":true,"href":"https:\/\/www.economicas.uba.ar\/extension\/vocesenelfenix\/wp-json\/wp\/v2\/users\/5"}],"replies":[{"embeddable":true,"href":"https:\/\/www.economicas.uba.ar\/extension\/vocesenelfenix\/wp-json\/wp\/v2\/comments?post=3406"}],"version-history":[{"count":40,"href":"https:\/\/www.economicas.uba.ar\/extension\/vocesenelfenix\/wp-json\/wp\/v2\/pages\/3406\/revisions"}],"predecessor-version":[{"id":12823,"href":"https:\/\/www.economicas.uba.ar\/extension\/vocesenelfenix\/wp-json\/wp\/v2\/pages\/3406\/revisions\/12823"}],"wp:attachment":[{"href":"https:\/\/www.economicas.uba.ar\/extension\/vocesenelfenix\/wp-json\/wp\/v2\/media?parent=3406"}],"curies":[{"name":"wp","href":"https:\/\/api.w.org\/{rel}","templated":true}]}}