{"id":3769,"date":"2019-09-01T00:01:00","date_gmt":"2019-09-01T03:01:00","guid":{"rendered":"https:\/\/www.economicas.uba.ar\/extension\/vocesenelfenix\/?page_id=3769"},"modified":"2022-07-02T16:42:58","modified_gmt":"2022-07-02T19:42:58","slug":"numero-77","status":"publish","type":"page","link":"https:\/\/www.economicas.uba.ar\/extension\/vocesenelfenix\/numero-77\/","title":{"rendered":"N\u00famero 77"},"content":{"rendered":"\t\t<div data-elementor-type=\"wp-page\" data-elementor-id=\"3769\" class=\"elementor elementor-3769\" data-elementor-post-type=\"page\">\n\t\t\t\t\t\t<section class=\"elementor-section elementor-top-section elementor-element elementor-element-84f3c4a elementor-section-boxed elementor-section-height-default elementor-section-height-default\" data-id=\"84f3c4a\" data-element_type=\"section\" data-e-type=\"section\" data-settings=\"{&quot;background_background&quot;:&quot;classic&quot;}\">\n\t\t\t\t\t\t<div class=\"elementor-container elementor-column-gap-default\">\n\t\t\t\t\t<div class=\"elementor-column elementor-col-33 elementor-top-column elementor-element elementor-element-3027d64\" data-id=\"3027d64\" data-element_type=\"column\" data-e-type=\"column\">\n\t\t\t<div class=\"elementor-widget-wrap elementor-element-populated\">\n\t\t\t\t\t\t<div class=\"elementor-element elementor-element-304cf0b elementor-widget elementor-widget-image\" data-id=\"304cf0b\" data-element_type=\"widget\" data-e-type=\"widget\" data-widget_type=\"image.default\">\n\t\t\t\t<div class=\"elementor-widget-container\">\n\t\t\t\t\t\t\t\t\t\t\t\t\t\t\t\t<a href=\"https:\/\/drive.google.com\/file\/d\/1RXqn3oTmurd4CgILFLu_mpGsLZkq79A8\/view?usp=sharing\" target=\"_blank\">\n\t\t\t\t\t\t\t<img fetchpriority=\"high\" decoding=\"async\" width=\"193\" height=\"268\" src=\"https:\/\/www.economicas.uba.ar\/extension\/vocesenelfenix\/wp-content\/uploads\/tapa77.jpg\" class=\"attachment-large size-large wp-image-1945\" alt=\"\" \/>\t\t\t\t\t\t\t\t<\/a>\n\t\t\t\t\t\t\t\t\t\t\t\t\t\t\t<\/div>\n\t\t\t\t<\/div>\n\t\t\t\t\t<\/div>\n\t\t<\/div>\n\t\t\t\t<div class=\"elementor-column elementor-col-66 elementor-top-column elementor-element elementor-element-597d5fd\" data-id=\"597d5fd\" data-element_type=\"column\" data-e-type=\"column\">\n\t\t\t<div class=\"elementor-widget-wrap elementor-element-populated\">\n\t\t\t\t\t\t<div class=\"elementor-element elementor-element-a936f84 elementor-widget elementor-widget-text-editor\" data-id=\"a936f84\" data-element_type=\"widget\" data-e-type=\"widget\" data-widget_type=\"text-editor.default\">\n\t\t\t\t<div class=\"elementor-widget-container\">\n\t\t\t\t\t\t\t\t\t<h5>N\u00daMERO 77<\/h5><h3>ESPERANDO LA CARROZA<\/h3><h6>CONURBANO<br \/><br \/><\/h6><p>PRODUCTO HIST\u00d3RICO DEL DERROTERO DE LOS PROCESOS DE INDUSTRIALIZACI\u00d3N <br \/>Y DESINDUSTRIALIZACI\u00d3N DE NUESTRO PA\u00cdS, EL CONURBANO SINTETIZA LA ARGENTINA QUE EN PARTE SUPIMOS SER, LA QUE SOMOS Y LA QUE PODEMOS SER.<\/p>\t\t\t\t\t\t\t\t<\/div>\n\t\t\t\t<\/div>\n\t\t\t\t<div class=\"elementor-element elementor-element-0503d54 elementor-widget elementor-widget-button\" data-id=\"0503d54\" data-element_type=\"widget\" data-e-type=\"widget\" data-widget_type=\"button.default\">\n\t\t\t\t<div class=\"elementor-widget-container\">\n\t\t\t\t\t\t\t\t\t<div class=\"elementor-button-wrapper\">\n\t\t\t\t\t<a class=\"elementor-button elementor-button-link elementor-size-xs\" href=\"https:\/\/drive.google.com\/file\/d\/1RXqn3oTmurd4CgILFLu_mpGsLZkq79A8\/view?usp=sharing\" target=\"_blank\">\n\t\t\t\t\t\t<span class=\"elementor-button-content-wrapper\">\n\t\t\t\t\t\t\t\t\t<span class=\"elementor-button-text\">Descarg\u00e1 el PDF<\/span>\n\t\t\t\t\t<\/span>\n\t\t\t\t\t<\/a>\n\t\t\t\t<\/div>\n\t\t\t\t\t\t\t\t<\/div>\n\t\t\t\t<\/div>\n\t\t\t\t\t<\/div>\n\t\t<\/div>\n\t\t\t\t\t<\/div>\n\t\t<\/section>\n\t\t\t\t<section class=\"elementor-section elementor-top-section elementor-element elementor-element-94769c8 elementor-section-boxed elementor-section-height-default elementor-section-height-default\" data-id=\"94769c8\" data-element_type=\"section\" data-e-type=\"section\">\n\t\t\t\t\t\t<div class=\"elementor-container elementor-column-gap-default\">\n\t\t\t\t\t<div class=\"elementor-column elementor-col-100 elementor-top-column elementor-element elementor-element-355ef21\" data-id=\"355ef21\" data-element_type=\"column\" data-e-type=\"column\">\n\t\t\t<div class=\"elementor-widget-wrap elementor-element-populated\">\n\t\t\t\t\t\t<div class=\"elementor-element elementor-element-dfd48f1 elementor-grid-3 elementor-grid-tablet-2 elementor-grid-mobile-1 elementor-posts--align-left elementor-widget elementor-widget-blogmentor_blog_posts\" data-id=\"dfd48f1\" data-element_type=\"widget\" data-e-type=\"widget\" data-settings=\"{&quot;bm_grid_columns&quot;:&quot;3&quot;,&quot;bm_grid_columns_tablet&quot;:&quot;2&quot;,&quot;bm_grid_columns_mobile&quot;:&quot;1&quot;,&quot;post_card_grid_gap&quot;:{&quot;unit&quot;:&quot;px&quot;,&quot;size&quot;:10,&quot;sizes&quot;:[]},&quot;post_card_row_gap&quot;:{&quot;unit&quot;:&quot;px&quot;,&quot;size&quot;:35,&quot;sizes&quot;:[]}}\" data-widget_type=\"blogmentor_blog_posts.default\">\n\t\t\t\t<div class=\"elementor-widget-container\">\n\t\t\t\t\t\t\t\n\t\t\t\t\t\t\t\t<div class=\"bm-blog-posts-wrapper\" >\n\t\t\t\t\t\t\t<div class=\"bm-blog-posts bm-display-grid elementor-grid elementor-grid-3\" >\n\t\t\t\t    <article id=\"post-3810\" class=\"item bm_layout post-3810 post type-post status-publish format-standard has-post-thumbnail hentry category-n-77 tag-conurbano tag-editorial tag-sergio-woyecheszen\">\n\t\t<div class=\"bm-blog-post-image entry-post-image\">\n\t\t\t<div class=\"bm-post-image clearfix bm-hover-effect bm-hover-effect-blur\">\n\t\t\t\t<img decoding=\"async\" width=\"640\" height=\"458\" src=\"https:\/\/www.economicas.uba.ar\/extension\/vocesenelfenix\/wp-content\/uploads\/7700-Editorial.jpg\" class=\"attachment-large size-large wp-post-image\" alt=\"\" srcset=\"https:\/\/www.economicas.uba.ar\/extension\/vocesenelfenix\/wp-content\/uploads\/7700-Editorial.jpg 1080w, https:\/\/www.economicas.uba.ar\/extension\/vocesenelfenix\/wp-content\/uploads\/7700-Editorial-300x215.jpg 300w, https:\/\/www.economicas.uba.ar\/extension\/vocesenelfenix\/wp-content\/uploads\/7700-Editorial-768x550.jpg 768w, https:\/\/www.economicas.uba.ar\/extension\/vocesenelfenix\/wp-content\/uploads\/7700-Editorial-183x132.jpg 183w\" sizes=\"(max-width: 640px) 100vw, 640px\" \/>\t\t\t<\/div>\n\t\t<\/div>\n        <div class=\"bm-blog-post-content bm_content_box\">\n            <h4 class=\"entry-post-title bm_title\"><a href=\"https:\/\/www.economicas.uba.ar\/extension\/vocesenelfenix\/editorial-esperando-la-carroza\/\" rel=\"bookmark\">Editorial: Esperando la carroza<\/a><\/h4>            <div class=\"bm-blog-post-meta entry-post-meta bm_meta\">\n                            <\/div>\n            <div class=\"entry-post-content bm_content\">\n                | Por Sergio Woyecheszen |            <\/div>\n        <\/div>\n    <\/article>\n    <article id=\"post-3825\" class=\"item bm_layout post-3825 post type-post status-publish format-standard has-post-thumbnail hentry category-n-77 tag-adriana-clemente tag-bienestar tag-conurbano tag-estado tag-politicas-neoasistenciales\">\n\t\t<div class=\"bm-blog-post-image entry-post-image\">\n\t\t\t<div class=\"bm-post-image clearfix bm-hover-effect bm-hover-effect-blur\">\n\t\t\t\t<img decoding=\"async\" width=\"640\" height=\"415\" src=\"https:\/\/www.economicas.uba.ar\/extension\/vocesenelfenix\/wp-content\/uploads\/7701-Clemente.jpg\" class=\"attachment-large size-large wp-post-image\" alt=\"\" srcset=\"https:\/\/www.economicas.uba.ar\/extension\/vocesenelfenix\/wp-content\/uploads\/7701-Clemente.jpg 1080w, https:\/\/www.economicas.uba.ar\/extension\/vocesenelfenix\/wp-content\/uploads\/7701-Clemente-300x195.jpg 300w, https:\/\/www.economicas.uba.ar\/extension\/vocesenelfenix\/wp-content\/uploads\/7701-Clemente-768x498.jpg 768w\" sizes=\"(max-width: 640px) 100vw, 640px\" \/>\t\t\t<\/div>\n\t\t<\/div>\n        <div class=\"bm-blog-post-content bm_content_box\">\n            <h4 class=\"entry-post-title bm_title\"><a href=\"https:\/\/www.economicas.uba.ar\/extension\/vocesenelfenix\/politicas-neoasistenciales-en-la-pba-la-perdida-del-bienestar\/\" rel=\"bookmark\">Pol\u00edticas neoasistenciales en la PBA. La p\u00e9rdida del bienestar<\/a><\/h4>            <div class=\"bm-blog-post-meta entry-post-meta bm_meta\">\n                            <\/div>\n            <div class=\"entry-post-content bm_content\">\n                | Por Adriana Clemente | El art\u00edculo revisa las implicancias sociales de la reinstalaci\u00f3n del enfoque de los m\u00ednimos sociales, cuya particularidad es proponer pisos \u2013en ocasiones por debajo del <div><a href=\"https:\/\/www.economicas.uba.ar\/extension\/vocesenelfenix\/politicas-neoasistenciales-en-la-pba-la-perdida-del-bienestar\/\" rel=\"bookmark\" class=\"bm-read-more entry-read-more\">M\u00e1s \u00bb<\/a><div>            <\/div>\n        <\/div>\n    <\/article>\n    <article id=\"post-4353\" class=\"item bm_layout post-4353 post type-post status-publish format-standard has-post-thumbnail hentry category-n-77 tag-conurbano tag-gustavo-gamallo tag-politicas-publicas tag-subsidios tag-trabajo tag-vivienda\">\n\t\t<div class=\"bm-blog-post-image entry-post-image\">\n\t\t\t<div class=\"bm-post-image clearfix bm-hover-effect bm-hover-effect-blur\">\n\t\t\t\t<img loading=\"lazy\" decoding=\"async\" width=\"640\" height=\"430\" src=\"https:\/\/www.economicas.uba.ar\/extension\/vocesenelfenix\/wp-content\/uploads\/7702-Gamallo.jpg\" class=\"attachment-large size-large wp-post-image\" alt=\"\" srcset=\"https:\/\/www.economicas.uba.ar\/extension\/vocesenelfenix\/wp-content\/uploads\/7702-Gamallo.jpg 1080w, https:\/\/www.economicas.uba.ar\/extension\/vocesenelfenix\/wp-content\/uploads\/7702-Gamallo-300x202.jpg 300w, https:\/\/www.economicas.uba.ar\/extension\/vocesenelfenix\/wp-content\/uploads\/7702-Gamallo-768x516.jpg 768w\" sizes=\"(max-width: 640px) 100vw, 640px\" \/>\t\t\t<\/div>\n\t\t<\/div>\n        <div class=\"bm-blog-post-content bm_content_box\">\n            <h4 class=\"entry-post-title bm_title\"><a href=\"https:\/\/www.economicas.uba.ar\/extension\/vocesenelfenix\/zama-en-el-conurbano-bonaerense\/\" rel=\"bookmark\">Zama en el conurbano bonaerense<\/a><\/h4>            <div class=\"bm-blog-post-meta entry-post-meta bm_meta\">\n                            <\/div>\n            <div class=\"entry-post-content bm_content\">\n                | Por Gustavo Gamallo | Analiza las caracter\u00edsticas del deterioro material de los hogares en el conurbano a trav\u00e9s del tiempo, planteando la insuficiencia de las pol\u00edticas p\u00fablicas a la <div><a href=\"https:\/\/www.economicas.uba.ar\/extension\/vocesenelfenix\/zama-en-el-conurbano-bonaerense\/\" rel=\"bookmark\" class=\"bm-read-more entry-read-more\">M\u00e1s \u00bb<\/a><div>            <\/div>\n        <\/div>\n    <\/article>\n    <article id=\"post-4360\" class=\"item bm_layout post-4360 post type-post status-publish format-standard has-post-thumbnail hentry category-n-77 tag-conurbano tag-desigualdad tag-emiliana-gisande tag-inclusion-productiva tag-integracion tag-martin-pollera\">\n\t\t<div class=\"bm-blog-post-image entry-post-image\">\n\t\t\t<div class=\"bm-post-image clearfix bm-hover-effect bm-hover-effect-blur\">\n\t\t\t\t<img loading=\"lazy\" decoding=\"async\" width=\"640\" height=\"466\" src=\"https:\/\/www.economicas.uba.ar\/extension\/vocesenelfenix\/wp-content\/uploads\/7703-Gisande.jpg\" class=\"attachment-large size-large wp-post-image\" alt=\"\" srcset=\"https:\/\/www.economicas.uba.ar\/extension\/vocesenelfenix\/wp-content\/uploads\/7703-Gisande.jpg 1020w, https:\/\/www.economicas.uba.ar\/extension\/vocesenelfenix\/wp-content\/uploads\/7703-Gisande-300x219.jpg 300w, https:\/\/www.economicas.uba.ar\/extension\/vocesenelfenix\/wp-content\/uploads\/7703-Gisande-768x559.jpg 768w, https:\/\/www.economicas.uba.ar\/extension\/vocesenelfenix\/wp-content\/uploads\/7703-Gisande-183x132.jpg 183w\" sizes=\"(max-width: 640px) 100vw, 640px\" \/>\t\t\t<\/div>\n\t\t<\/div>\n        <div class=\"bm-blog-post-content bm_content_box\">\n            <h4 class=\"entry-post-title bm_title\"><a href=\"https:\/\/www.economicas.uba.ar\/extension\/vocesenelfenix\/integrar-para-incluir-de-la-integracion-a-la-inclusion-productiva\/\" rel=\"bookmark\">Integrar para incluir. De la integraci\u00f3n a la inclusi\u00f3n productiva<\/a><\/h4>            <div class=\"bm-blog-post-meta entry-post-meta bm_meta\">\n                            <\/div>\n            <div class=\"entry-post-content bm_content\">\n                | Por Emiliana Gisande y Mart\u00edn Pollera | Presentan los desaf\u00edos y oportunidades que el conurbano tiene en materia productiva, en coexistencia con las fuertes heterogeneidades que perduran en materia <div><a href=\"https:\/\/www.economicas.uba.ar\/extension\/vocesenelfenix\/integrar-para-incluir-de-la-integracion-a-la-inclusion-productiva\/\" rel=\"bookmark\" class=\"bm-read-more entry-read-more\">M\u00e1s \u00bb<\/a><div>            <\/div>\n        <\/div>\n    <\/article>\n    <article id=\"post-4390\" class=\"item bm_layout post-4390 post type-post status-publish format-standard has-post-thumbnail hentry category-n-77 tag-cambiemos tag-conurbano tag-desigualdad tag-politica tag-sebastian-mauro\">\n\t\t<div class=\"bm-blog-post-image entry-post-image\">\n\t\t\t<div class=\"bm-post-image clearfix bm-hover-effect bm-hover-effect-blur\">\n\t\t\t\t<img loading=\"lazy\" decoding=\"async\" width=\"640\" height=\"429\" src=\"https:\/\/www.economicas.uba.ar\/extension\/vocesenelfenix\/wp-content\/uploads\/7704-Mauro.jpg\" class=\"attachment-large size-large wp-post-image\" alt=\"\" srcset=\"https:\/\/www.economicas.uba.ar\/extension\/vocesenelfenix\/wp-content\/uploads\/7704-Mauro.jpg 1080w, https:\/\/www.economicas.uba.ar\/extension\/vocesenelfenix\/wp-content\/uploads\/7704-Mauro-300x201.jpg 300w, https:\/\/www.economicas.uba.ar\/extension\/vocesenelfenix\/wp-content\/uploads\/7704-Mauro-768x515.jpg 768w\" sizes=\"(max-width: 640px) 100vw, 640px\" \/>\t\t\t<\/div>\n\t\t<\/div>\n        <div class=\"bm-blog-post-content bm_content_box\">\n            <h4 class=\"entry-post-title bm_title\"><a href=\"https:\/\/www.economicas.uba.ar\/extension\/vocesenelfenix\/las-multiples-escalas-de-la-politica-en-el-conurbano-bonaerense\/\" rel=\"bookmark\">Las m\u00faltiples escalas de la pol\u00edtica en el conurbano bonaerense<\/a><\/h4>            <div class=\"bm-blog-post-meta entry-post-meta bm_meta\">\n                            <\/div>\n            <div class=\"entry-post-content bm_content\">\n                | Por Sebasti\u00e1n Mauro | Analiza las configuraciones pol\u00edticas dentro de un territorio heterog\u00e9neo como es el del conurbano bonaerense, siendo el \u00e1mbito donde el modelo econ\u00f3mico de Cambiemos ha <div><a href=\"https:\/\/www.economicas.uba.ar\/extension\/vocesenelfenix\/las-multiples-escalas-de-la-politica-en-el-conurbano-bonaerense\/\" rel=\"bookmark\" class=\"bm-read-more entry-read-more\">M\u00e1s \u00bb<\/a><div>            <\/div>\n        <\/div>\n    <\/article>\n    <article id=\"post-4399\" class=\"item bm_layout post-4399 post type-post status-publish format-standard has-post-thumbnail hentry category-n-77 tag-actores-sociales tag-adriana-rofman tag-conurbano tag-economia-popular tag-sociedad-civil tag-vivienda\">\n\t\t<div class=\"bm-blog-post-image entry-post-image\">\n\t\t\t<div class=\"bm-post-image clearfix bm-hover-effect bm-hover-effect-blur\">\n\t\t\t\t<img loading=\"lazy\" decoding=\"async\" width=\"640\" height=\"429\" src=\"https:\/\/www.economicas.uba.ar\/extension\/vocesenelfenix\/wp-content\/uploads\/7705-Roffman.jpg\" class=\"attachment-large size-large wp-post-image\" alt=\"\" srcset=\"https:\/\/www.economicas.uba.ar\/extension\/vocesenelfenix\/wp-content\/uploads\/7705-Roffman.jpg 1080w, https:\/\/www.economicas.uba.ar\/extension\/vocesenelfenix\/wp-content\/uploads\/7705-Roffman-300x201.jpg 300w, https:\/\/www.economicas.uba.ar\/extension\/vocesenelfenix\/wp-content\/uploads\/7705-Roffman-768x515.jpg 768w\" sizes=\"(max-width: 640px) 100vw, 640px\" \/>\t\t\t<\/div>\n\t\t<\/div>\n        <div class=\"bm-blog-post-content bm_content_box\">\n            <h4 class=\"entry-post-title bm_title\"><a href=\"https:\/\/www.economicas.uba.ar\/extension\/vocesenelfenix\/la-fortaleza-de-la-sociedad-civil-popular-del-conurbano-bonaerense-una-breve-historia\/\" rel=\"bookmark\">La fortaleza de la sociedad civil popular del conurbano bonaerense: una breve historia<\/a><\/h4>            <div class=\"bm-blog-post-meta entry-post-meta bm_meta\">\n                            <\/div>\n            <div class=\"entry-post-content bm_content\">\n                | Por Adriana Rofman | El art\u00edculo presenta una sint\u00e9tica reconstrucci\u00f3n del recorrido de la participaci\u00f3n de la sociedad civil popular en el conurbano, enfocando en los momentos clave del <div><a href=\"https:\/\/www.economicas.uba.ar\/extension\/vocesenelfenix\/la-fortaleza-de-la-sociedad-civil-popular-del-conurbano-bonaerense-una-breve-historia\/\" rel=\"bookmark\" class=\"bm-read-more entry-read-more\">M\u00e1s \u00bb<\/a><div>            <\/div>\n        <\/div>\n    <\/article>\n    <article id=\"post-4406\" class=\"item bm_layout post-4406 post type-post status-publish format-standard has-post-thumbnail hentry category-n-77 tag-administracion tag-conurbano tag-daniel-cravacuore tag-ideologia tag-politica tag-territorio\">\n\t\t<div class=\"bm-blog-post-image entry-post-image\">\n\t\t\t<div class=\"bm-post-image clearfix bm-hover-effect bm-hover-effect-blur\">\n\t\t\t\t<img loading=\"lazy\" decoding=\"async\" width=\"640\" height=\"429\" src=\"https:\/\/www.economicas.uba.ar\/extension\/vocesenelfenix\/wp-content\/uploads\/7706-Cravacuore.jpg\" class=\"attachment-large size-large wp-post-image\" alt=\"\" srcset=\"https:\/\/www.economicas.uba.ar\/extension\/vocesenelfenix\/wp-content\/uploads\/7706-Cravacuore.jpg 1080w, https:\/\/www.economicas.uba.ar\/extension\/vocesenelfenix\/wp-content\/uploads\/7706-Cravacuore-300x201.jpg 300w, https:\/\/www.economicas.uba.ar\/extension\/vocesenelfenix\/wp-content\/uploads\/7706-Cravacuore-768x515.jpg 768w\" sizes=\"(max-width: 640px) 100vw, 640px\" \/>\t\t\t<\/div>\n\t\t<\/div>\n        <div class=\"bm-blog-post-content bm_content_box\">\n            <h4 class=\"entry-post-title bm_title\"><a href=\"https:\/\/www.economicas.uba.ar\/extension\/vocesenelfenix\/las-dimensiones-municipales-del-conurbano\/\" rel=\"bookmark\">Las dimensiones municipales del conurbano<\/a><\/h4>            <div class=\"bm-blog-post-meta entry-post-meta bm_meta\">\n                            <\/div>\n            <div class=\"entry-post-content bm_content\">\n                | Por Daniel Cravacuore | Caracteriza al conurbano bonaerense a trav\u00e9s de varias dimensiones, incluyendo la territorial, administrativa, fiscal, pol\u00edtica e ideol\u00f3gica.            <\/div>\n        <\/div>\n    <\/article>\n    <article id=\"post-4500\" class=\"item bm_layout post-4500 post type-post status-publish format-standard has-post-thumbnail hentry category-n-77 tag-acumar tag-bienestar tag-conurbano tag-margarita-gutman tag-territorio tag-vanesa-marazzi\">\n\t\t<div class=\"bm-blog-post-image entry-post-image\">\n\t\t\t<div class=\"bm-post-image clearfix bm-hover-effect bm-hover-effect-blur\">\n\t\t\t\t<img loading=\"lazy\" decoding=\"async\" width=\"640\" height=\"429\" src=\"https:\/\/www.economicas.uba.ar\/extension\/vocesenelfenix\/wp-content\/uploads\/7707-Marazzi.jpg\" class=\"attachment-large size-large wp-post-image\" alt=\"\" srcset=\"https:\/\/www.economicas.uba.ar\/extension\/vocesenelfenix\/wp-content\/uploads\/7707-Marazzi.jpg 1080w, https:\/\/www.economicas.uba.ar\/extension\/vocesenelfenix\/wp-content\/uploads\/7707-Marazzi-300x201.jpg 300w, https:\/\/www.economicas.uba.ar\/extension\/vocesenelfenix\/wp-content\/uploads\/7707-Marazzi-768x515.jpg 768w\" sizes=\"(max-width: 640px) 100vw, 640px\" \/>\t\t\t<\/div>\n\t\t<\/div>\n        <div class=\"bm-blog-post-content bm_content_box\">\n            <h4 class=\"entry-post-title bm_title\"><a href=\"https:\/\/www.economicas.uba.ar\/extension\/vocesenelfenix\/la-acumar-en-el-conurbano-bonaerense-una-intervencion-multinivel\/\" rel=\"bookmark\">La ACUMAR en el conurbano bonaerense: una intervenci\u00f3n multinivel<\/a><\/h4>            <div class=\"bm-blog-post-meta entry-post-meta bm_meta\">\n                            <\/div>\n            <div class=\"entry-post-content bm_content\">\n                | Por Margarita Gutman y Vanesa Marazzi | Sintetiza los desaf\u00edos que presenta ACUMAR de cara a la hora de preservar y ampliar sus objetivos en materia de bienestar social, <div><a href=\"https:\/\/www.economicas.uba.ar\/extension\/vocesenelfenix\/la-acumar-en-el-conurbano-bonaerense-una-intervencion-multinivel\/\" rel=\"bookmark\" class=\"bm-read-more entry-read-more\">M\u00e1s \u00bb<\/a><div>            <\/div>\n        <\/div>\n    <\/article>\n    <article id=\"post-4511\" class=\"item bm_layout post-4511 post type-post status-publish format-standard has-post-thumbnail hentry category-n-77 tag-andrea-echevarria tag-conurbano tag-integracion tag-territorio\">\n\t\t<div class=\"bm-blog-post-image entry-post-image\">\n\t\t\t<div class=\"bm-post-image clearfix bm-hover-effect bm-hover-effect-blur\">\n\t\t\t\t<img loading=\"lazy\" decoding=\"async\" width=\"640\" height=\"430\" src=\"https:\/\/www.economicas.uba.ar\/extension\/vocesenelfenix\/wp-content\/uploads\/7708-Echevarria.jpg\" class=\"attachment-large size-large wp-post-image\" alt=\"\" srcset=\"https:\/\/www.economicas.uba.ar\/extension\/vocesenelfenix\/wp-content\/uploads\/7708-Echevarria.jpg 1080w, https:\/\/www.economicas.uba.ar\/extension\/vocesenelfenix\/wp-content\/uploads\/7708-Echevarria-300x201.jpg 300w, https:\/\/www.economicas.uba.ar\/extension\/vocesenelfenix\/wp-content\/uploads\/7708-Echevarria-768x516.jpg 768w\" sizes=\"(max-width: 640px) 100vw, 640px\" \/>\t\t\t<\/div>\n\t\t<\/div>\n        <div class=\"bm-blog-post-content bm_content_box\">\n            <h4 class=\"entry-post-title bm_title\"><a href=\"https:\/\/www.economicas.uba.ar\/extension\/vocesenelfenix\/sectores-populares-y-acceso-al-suelo-urbano-en-el-gran-buenos-aires-dinamicas-conflictos-y-desafios-pendientes\/\" rel=\"bookmark\">Sectores populares y acceso al suelo urbano en el Gran Buenos Aires. Din\u00e1micas, conflictos y desaf\u00edos pendientes<\/a><\/h4>            <div class=\"bm-blog-post-meta entry-post-meta bm_meta\">\n                            <\/div>\n            <div class=\"entry-post-content bm_content\">\n                | Por Andrea Echevarr\u00eda | Analiza los rasgos que en el tiempo ha tenido el acceso de los sectores populares al suelo urbano en el Gran Buenos Aires, as\u00ed como <div><a href=\"https:\/\/www.economicas.uba.ar\/extension\/vocesenelfenix\/sectores-populares-y-acceso-al-suelo-urbano-en-el-gran-buenos-aires-dinamicas-conflictos-y-desafios-pendientes\/\" rel=\"bookmark\" class=\"bm-read-more entry-read-more\">M\u00e1s \u00bb<\/a><div>            <\/div>\n        <\/div>\n    <\/article>\n    <article id=\"post-4521\" class=\"item bm_layout post-4521 post type-post status-publish format-standard has-post-thumbnail hentry category-n-77 tag-conurbano tag-magdalena-chiara tag-salud tag-territorio\">\n\t\t<div class=\"bm-blog-post-image entry-post-image\">\n\t\t\t<div class=\"bm-post-image clearfix bm-hover-effect bm-hover-effect-blur\">\n\t\t\t\t<img loading=\"lazy\" decoding=\"async\" width=\"640\" height=\"466\" src=\"https:\/\/www.economicas.uba.ar\/extension\/vocesenelfenix\/wp-content\/uploads\/7709-Chiara.jpg\" class=\"attachment-large size-large wp-post-image\" alt=\"\" srcset=\"https:\/\/www.economicas.uba.ar\/extension\/vocesenelfenix\/wp-content\/uploads\/7709-Chiara.jpg 1080w, https:\/\/www.economicas.uba.ar\/extension\/vocesenelfenix\/wp-content\/uploads\/7709-Chiara-300x218.jpg 300w, https:\/\/www.economicas.uba.ar\/extension\/vocesenelfenix\/wp-content\/uploads\/7709-Chiara-768x559.jpg 768w, https:\/\/www.economicas.uba.ar\/extension\/vocesenelfenix\/wp-content\/uploads\/7709-Chiara-183x132.jpg 183w\" sizes=\"(max-width: 640px) 100vw, 640px\" \/>\t\t\t<\/div>\n\t\t<\/div>\n        <div class=\"bm-blog-post-content bm_content_box\">\n            <h4 class=\"entry-post-title bm_title\"><a href=\"https:\/\/www.economicas.uba.ar\/extension\/vocesenelfenix\/el-derecho-a-la-salud-bajo-amenaza-problemas-y-desafios-desde-el-conurbano-bonaerense\/\" rel=\"bookmark\">El derecho a la salud bajo amenaza: problemas y desaf\u00edos desde el conurbano bonaerense<\/a><\/h4>            <div class=\"bm-blog-post-meta entry-post-meta bm_meta\">\n                            <\/div>\n            <div class=\"entry-post-content bm_content\">\n                | Por Magdalena Chiara | Plantea los ejes a trav\u00e9s de los cuales concebir al territorio de una forma m\u00e1s integral a la hora de dise\u00f1ar y ejecutar las pol\u00edticas <div><a href=\"https:\/\/www.economicas.uba.ar\/extension\/vocesenelfenix\/el-derecho-a-la-salud-bajo-amenaza-problemas-y-desafios-desde-el-conurbano-bonaerense\/\" rel=\"bookmark\" class=\"bm-read-more entry-read-more\">M\u00e1s \u00bb<\/a><div>            <\/div>\n        <\/div>\n    <\/article>\n    <article id=\"post-4527\" class=\"item bm_layout post-4527 post type-post status-publish format-standard has-post-thumbnail hentry category-n-77 tag-adolescencia tag-conurbano tag-javier-moro tag-ninez tag-politicas-publicas tag-territorio\">\n\t\t<div class=\"bm-blog-post-image entry-post-image\">\n\t\t\t<div class=\"bm-post-image clearfix bm-hover-effect bm-hover-effect-blur\">\n\t\t\t\t<img loading=\"lazy\" decoding=\"async\" width=\"640\" height=\"435\" src=\"https:\/\/www.economicas.uba.ar\/extension\/vocesenelfenix\/wp-content\/uploads\/7710-Moro.jpg\" class=\"attachment-large size-large wp-post-image\" alt=\"\" srcset=\"https:\/\/www.economicas.uba.ar\/extension\/vocesenelfenix\/wp-content\/uploads\/7710-Moro.jpg 1080w, https:\/\/www.economicas.uba.ar\/extension\/vocesenelfenix\/wp-content\/uploads\/7710-Moro-300x204.jpg 300w, https:\/\/www.economicas.uba.ar\/extension\/vocesenelfenix\/wp-content\/uploads\/7710-Moro-768x522.jpg 768w\" sizes=\"(max-width: 640px) 100vw, 640px\" \/>\t\t\t<\/div>\n\t\t<\/div>\n        <div class=\"bm-blog-post-content bm_content_box\">\n            <h4 class=\"entry-post-title bm_title\"><a href=\"https:\/\/www.economicas.uba.ar\/extension\/vocesenelfenix\/vidas-en-las-periferias-una-mirada-sobre-las-politicas-sociales-de-ninez-y-adolescencia-en-el-conurbano-bonaerense\/\" rel=\"bookmark\">Vidas en las periferias: una mirada sobre las pol\u00edticas sociales de ni\u00f1ez y adolescencia en el conurbano bonaerense<\/a><\/h4>            <div class=\"bm-blog-post-meta entry-post-meta bm_meta\">\n                            <\/div>\n            <div class=\"entry-post-content bm_content\">\n                | Por Javier Moro | Presenta un an\u00e1lisis cr\u00edtico sobre las pol\u00edticas de infancia y adolescencia que se han venido desplegando en el conurbano, sobre tres planos que se interrelacionan: <div><a href=\"https:\/\/www.economicas.uba.ar\/extension\/vocesenelfenix\/vidas-en-las-periferias-una-mirada-sobre-las-politicas-sociales-de-ninez-y-adolescencia-en-el-conurbano-bonaerense\/\" rel=\"bookmark\" class=\"bm-read-more entry-read-more\">M\u00e1s \u00bb<\/a><div>            <\/div>\n        <\/div>\n    <\/article>\n    <article id=\"post-4534\" class=\"item bm_layout post-4534 post type-post status-publish format-standard has-post-thumbnail hentry category-n-77 tag-agustina-pan-oyhamburu tag-conurbano tag-mujeres tag-organizacion-colectiva tag-politica\">\n\t\t<div class=\"bm-blog-post-image entry-post-image\">\n\t\t\t<div class=\"bm-post-image clearfix bm-hover-effect bm-hover-effect-blur\">\n\t\t\t\t<img loading=\"lazy\" decoding=\"async\" width=\"640\" height=\"429\" src=\"https:\/\/www.economicas.uba.ar\/extension\/vocesenelfenix\/wp-content\/uploads\/7711-Pan.jpg\" class=\"attachment-large size-large wp-post-image\" alt=\"\" srcset=\"https:\/\/www.economicas.uba.ar\/extension\/vocesenelfenix\/wp-content\/uploads\/7711-Pan.jpg 1080w, https:\/\/www.economicas.uba.ar\/extension\/vocesenelfenix\/wp-content\/uploads\/7711-Pan-300x201.jpg 300w, https:\/\/www.economicas.uba.ar\/extension\/vocesenelfenix\/wp-content\/uploads\/7711-Pan-768x515.jpg 768w\" sizes=\"(max-width: 640px) 100vw, 640px\" \/>\t\t\t<\/div>\n\t\t<\/div>\n        <div class=\"bm-blog-post-content bm_content_box\">\n            <h4 class=\"entry-post-title bm_title\"><a href=\"https:\/\/www.economicas.uba.ar\/extension\/vocesenelfenix\/mujeres-del-conurbano-constructoras-del-tejido-social\/\" rel=\"bookmark\">Mujeres del conurbano, constructoras del tejido social<\/a><\/h4>            <div class=\"bm-blog-post-meta entry-post-meta bm_meta\">\n                            <\/div>\n            <div class=\"entry-post-content bm_content\">\n                | Por Agustina Pan Oyhamburu | Analiza los cambios en el rol que la mujer ha tenido a trav\u00e9s del tiempo en los procesos de organizaci\u00f3n comunitaria, una de las <div><a href=\"https:\/\/www.economicas.uba.ar\/extension\/vocesenelfenix\/mujeres-del-conurbano-constructoras-del-tejido-social\/\" rel=\"bookmark\" class=\"bm-read-more entry-read-more\">M\u00e1s \u00bb<\/a><div>            <\/div>\n        <\/div>\n    <\/article>\n    <article id=\"post-4544\" class=\"item bm_layout post-4544 post type-post status-publish format-standard has-post-thumbnail hentry category-n-77 tag-aurelio-arnoux-narvaja tag-conurbano tag-economia-social-y-solidaria tag-melina-cabral tag-natalia-cabral tag-pablo-stropparo tag-vanesa-rodriguez\">\n\t\t<div class=\"bm-blog-post-image entry-post-image\">\n\t\t\t<div class=\"bm-post-image clearfix bm-hover-effect bm-hover-effect-blur\">\n\t\t\t\t<img loading=\"lazy\" decoding=\"async\" width=\"640\" height=\"430\" src=\"https:\/\/www.economicas.uba.ar\/extension\/vocesenelfenix\/wp-content\/uploads\/7712-Cabral.jpg\" class=\"attachment-large size-large wp-post-image\" alt=\"\" srcset=\"https:\/\/www.economicas.uba.ar\/extension\/vocesenelfenix\/wp-content\/uploads\/7712-Cabral.jpg 1080w, https:\/\/www.economicas.uba.ar\/extension\/vocesenelfenix\/wp-content\/uploads\/7712-Cabral-300x201.jpg 300w, https:\/\/www.economicas.uba.ar\/extension\/vocesenelfenix\/wp-content\/uploads\/7712-Cabral-768x516.jpg 768w\" sizes=\"(max-width: 640px) 100vw, 640px\" \/>\t\t\t<\/div>\n\t\t<\/div>\n        <div class=\"bm-blog-post-content bm_content_box\">\n            <h4 class=\"entry-post-title bm_title\"><a href=\"https:\/\/www.economicas.uba.ar\/extension\/vocesenelfenix\/el-consumo-de-la-economia-social-y-solidaria-en-el-conurbano-bonaerense-batalla-cultural-o-moda-pasajera\/\" rel=\"bookmark\">El consumo de la Econom\u00eda Social y Solidaria en el conurbano bonaerense. \u00bfBatalla cultural o moda pasajera?<\/a><\/h4>            <div class=\"bm-blog-post-meta entry-post-meta bm_meta\">\n                            <\/div>\n            <div class=\"entry-post-content bm_content\">\n                | Por Natalia Cabral, Pablo Stropparo, Aurelio Arnoux Narvaja, Melina Cabral y Vanesa Rodr\u00edguez | Indagan sobre las caracter\u00edsticas del consumo y los consumidores dentro de la Econom\u00eda Social y <div><a href=\"https:\/\/www.economicas.uba.ar\/extension\/vocesenelfenix\/el-consumo-de-la-economia-social-y-solidaria-en-el-conurbano-bonaerense-batalla-cultural-o-moda-pasajera\/\" rel=\"bookmark\" class=\"bm-read-more entry-read-more\">M\u00e1s \u00bb<\/a><div>            <\/div>\n        <\/div>\n    <\/article>\n    <article id=\"post-4550\" class=\"item bm_layout post-4550 post type-post status-publish format-standard has-post-thumbnail hentry category-n-77 tag-conurbano tag-daniel-arroyo tag-economia-social-y-solidaria tag-erika-roffler tag-seguridad-alimentaria tag-territorio tag-vivienda\">\n\t\t<div class=\"bm-blog-post-image entry-post-image\">\n\t\t\t<div class=\"bm-post-image clearfix bm-hover-effect bm-hover-effect-blur\">\n\t\t\t\t<img loading=\"lazy\" decoding=\"async\" width=\"640\" height=\"466\" src=\"https:\/\/www.economicas.uba.ar\/extension\/vocesenelfenix\/wp-content\/uploads\/7713-Roffler-Arroyo.jpg\" class=\"attachment-large size-large wp-post-image\" alt=\"\" srcset=\"https:\/\/www.economicas.uba.ar\/extension\/vocesenelfenix\/wp-content\/uploads\/7713-Roffler-Arroyo.jpg 1080w, https:\/\/www.economicas.uba.ar\/extension\/vocesenelfenix\/wp-content\/uploads\/7713-Roffler-Arroyo-300x218.jpg 300w, https:\/\/www.economicas.uba.ar\/extension\/vocesenelfenix\/wp-content\/uploads\/7713-Roffler-Arroyo-768x559.jpg 768w, https:\/\/www.economicas.uba.ar\/extension\/vocesenelfenix\/wp-content\/uploads\/7713-Roffler-Arroyo-183x132.jpg 183w\" sizes=\"(max-width: 640px) 100vw, 640px\" \/>\t\t\t<\/div>\n\t\t<\/div>\n        <div class=\"bm-blog-post-content bm_content_box\">\n            <h4 class=\"entry-post-title bm_title\"><a href=\"https:\/\/www.economicas.uba.ar\/extension\/vocesenelfenix\/hacia-donde-va-el-conurbano-bonaerense-tensiones-y-desafios-pensar-la-agenda-social-en-el-conurbano-bonaerense\/\" rel=\"bookmark\">Hacia d\u00f3nde va el conurbano bonaerense. Tensiones y desaf\u00edos: pensar la agenda social en el conurbano bonaerense<\/a><\/h4>            <div class=\"bm-blog-post-meta entry-post-meta bm_meta\">\n                            <\/div>\n            <div class=\"entry-post-content bm_content\">\n                | Por Erika Roffler y Daniel Arroyo | Analizan los rasgos principales del conurbano bonaerense para avanzar en la comprensi\u00f3n de las tensiones que conforman su din\u00e1mica y ofrecer tambi\u00e9n <div><a href=\"https:\/\/www.economicas.uba.ar\/extension\/vocesenelfenix\/hacia-donde-va-el-conurbano-bonaerense-tensiones-y-desafios-pensar-la-agenda-social-en-el-conurbano-bonaerense\/\" rel=\"bookmark\" class=\"bm-read-more entry-read-more\">M\u00e1s \u00bb<\/a><div>            <\/div>\n        <\/div>\n    <\/article>\n\t\t\t\t<\/div><\/div>\n\t\t\t\t\t\t\t\t<\/div>\n\t\t\t\t<\/div>\n\t\t\t\t\t<\/div>\n\t\t<\/div>\n\t\t\t\t\t<\/div>\n\t\t<\/section>\n\t\t\t\t<section class=\"elementor-section elementor-top-section elementor-element elementor-element-04d1c79 elementor-section-boxed elementor-section-height-default elementor-section-height-default\" data-id=\"04d1c79\" data-element_type=\"section\" data-e-type=\"section\" data-settings=\"{&quot;background_background&quot;:&quot;classic&quot;}\">\n\t\t\t\t\t\t<div class=\"elementor-container elementor-column-gap-default\">\n\t\t\t\t\t<div class=\"elementor-column elementor-col-100 elementor-top-column elementor-element elementor-element-85f49b7\" data-id=\"85f49b7\" data-element_type=\"column\" data-e-type=\"column\">\n\t\t\t<div class=\"elementor-widget-wrap elementor-element-populated\">\n\t\t\t\t\t\t<div class=\"elementor-element elementor-element-38de3b7 elementor-widget elementor-widget-text-editor\" data-id=\"38de3b7\" data-element_type=\"widget\" data-e-type=\"widget\" data-widget_type=\"text-editor.default\">\n\t\t\t\t<div class=\"elementor-widget-container\">\n\t\t\t\t\t\t\t\t\t<iframe width=\"560\" height=\"315\" src=\"https:\/\/www.youtube.com\/embed\/videoseries?list=PLeYdj9X0_ljkWMhFDnndZode1LmIf6IuC\" title=\"YouTube video player\" frameborder=\"0\" allow=\"accelerometer; autoplay; clipboard-write; encrypted-media; gyroscope; picture-in-picture\" allowfullscreen><\/iframe>\t\t\t\t\t\t\t\t<\/div>\n\t\t\t\t<\/div>\n\t\t\t\t\t<\/div>\n\t\t<\/div>\n\t\t\t\t\t<\/div>\n\t\t<\/section>\n\t\t\t\t<section class=\"elementor-section elementor-top-section elementor-element elementor-element-42017db elementor-section-boxed elementor-section-height-default elementor-section-height-default\" data-id=\"42017db\" data-element_type=\"section\" data-e-type=\"section\">\n\t\t\t\t\t\t<div class=\"elementor-container elementor-column-gap-default\">\n\t\t\t\t\t<div class=\"elementor-column elementor-col-100 elementor-top-column elementor-element elementor-element-9c97362\" data-id=\"9c97362\" data-element_type=\"column\" data-e-type=\"column\">\n\t\t\t<div class=\"elementor-widget-wrap\">\n\t\t\t\t\t\t\t<\/div>\n\t\t<\/div>\n\t\t\t\t\t<\/div>\n\t\t<\/section>\n\t\t\t\t<\/div>\n\t\t","protected":false},"excerpt":{"rendered":"<p>N\u00daMERO 77 ESPERANDO LA CARROZA CONURBANO PRODUCTO HIST\u00d3RICO DEL DERROTERO DE LOS PROCESOS DE INDUSTRIALIZACI\u00d3N Y DESINDUSTRIALIZACI\u00d3N DE NUESTRO PA\u00cdS, EL CONURBANO SINTETIZA LA ARGENTINA QUE EN PARTE SUPIMOS SER,<\/p>\n","protected":false},"author":5,"featured_media":0,"parent":0,"menu_order":0,"comment_status":"closed","ping_status":"closed","template":"","meta":{"footnotes":""},"class_list":["post-3769","page","type-page","status-publish","hentry"],"_links":{"self":[{"href":"https:\/\/www.economicas.uba.ar\/extension\/vocesenelfenix\/wp-json\/wp\/v2\/pages\/3769","targetHints":{"allow":["GET"]}}],"collection":[{"href":"https:\/\/www.economicas.uba.ar\/extension\/vocesenelfenix\/wp-json\/wp\/v2\/pages"}],"about":[{"href":"https:\/\/www.economicas.uba.ar\/extension\/vocesenelfenix\/wp-json\/wp\/v2\/types\/page"}],"author":[{"embeddable":true,"href":"https:\/\/www.economicas.uba.ar\/extension\/vocesenelfenix\/wp-json\/wp\/v2\/users\/5"}],"replies":[{"embeddable":true,"href":"https:\/\/www.economicas.uba.ar\/extension\/vocesenelfenix\/wp-json\/wp\/v2\/comments?post=3769"}],"version-history":[{"count":34,"href":"https:\/\/www.economicas.uba.ar\/extension\/vocesenelfenix\/wp-json\/wp\/v2\/pages\/3769\/revisions"}],"predecessor-version":[{"id":12829,"href":"https:\/\/www.economicas.uba.ar\/extension\/vocesenelfenix\/wp-json\/wp\/v2\/pages\/3769\/revisions\/12829"}],"wp:attachment":[{"href":"https:\/\/www.economicas.uba.ar\/extension\/vocesenelfenix\/wp-json\/wp\/v2\/media?parent=3769"}],"curies":[{"name":"wp","href":"https:\/\/api.w.org\/{rel}","templated":true}]}}