{"id":4878,"date":"2019-07-01T00:01:00","date_gmt":"2019-07-01T03:01:00","guid":{"rendered":"https:\/\/www.economicas.uba.ar\/extension\/vocesenelfenix\/?page_id=4878"},"modified":"2021-09-23T11:43:24","modified_gmt":"2021-09-23T14:43:24","slug":"numero-76","status":"publish","type":"page","link":"https:\/\/www.economicas.uba.ar\/extension\/vocesenelfenix\/numero-76\/","title":{"rendered":"N\u00famero 76"},"content":{"rendered":"\t\t<div data-elementor-type=\"wp-page\" data-elementor-id=\"4878\" class=\"elementor elementor-4878\" data-elementor-post-type=\"page\">\n\t\t\t\t\t\t<section class=\"elementor-section elementor-top-section elementor-element elementor-element-7283001 elementor-section-boxed elementor-section-height-default elementor-section-height-default\" data-id=\"7283001\" data-element_type=\"section\" data-e-type=\"section\" data-settings=\"{&quot;background_background&quot;:&quot;classic&quot;}\">\n\t\t\t\t\t\t<div class=\"elementor-container elementor-column-gap-default\">\n\t\t\t\t\t<div class=\"elementor-column elementor-col-33 elementor-top-column elementor-element elementor-element-9a7d5db\" data-id=\"9a7d5db\" data-element_type=\"column\" data-e-type=\"column\">\n\t\t\t<div class=\"elementor-widget-wrap elementor-element-populated\">\n\t\t\t\t\t\t<div class=\"elementor-element elementor-element-2bf447a elementor-widget elementor-widget-image\" data-id=\"2bf447a\" data-element_type=\"widget\" data-e-type=\"widget\" data-widget_type=\"image.default\">\n\t\t\t\t<div class=\"elementor-widget-container\">\n\t\t\t\t\t\t\t\t\t\t\t\t\t\t\t\t<a href=\"https:\/\/drive.google.com\/file\/d\/1Vfa7ISETB3CEmquUxgzmXjnhrxvk7lTq\/view?usp=sharing\" target=\"_blank\">\n\t\t\t\t\t\t\t<img fetchpriority=\"high\" decoding=\"async\" width=\"193\" height=\"268\" src=\"https:\/\/www.economicas.uba.ar\/extension\/vocesenelfenix\/wp-content\/uploads\/tapa76.jpg\" class=\"attachment-large size-large wp-image-1944\" alt=\"\" \/>\t\t\t\t\t\t\t\t<\/a>\n\t\t\t\t\t\t\t\t\t\t\t\t\t\t\t<\/div>\n\t\t\t\t<\/div>\n\t\t\t\t\t<\/div>\n\t\t<\/div>\n\t\t\t\t<div class=\"elementor-column elementor-col-66 elementor-top-column elementor-element elementor-element-e2f3301\" data-id=\"e2f3301\" data-element_type=\"column\" data-e-type=\"column\">\n\t\t\t<div class=\"elementor-widget-wrap elementor-element-populated\">\n\t\t\t\t\t\t<div class=\"elementor-element elementor-element-d002c11 elementor-widget elementor-widget-text-editor\" data-id=\"d002c11\" data-element_type=\"widget\" data-e-type=\"widget\" data-widget_type=\"text-editor.default\">\n\t\t\t\t<div class=\"elementor-widget-container\">\n\t\t\t\t\t\t\t\t\t<h5>N\u00daMERO 76:<\/h5><h3>ETERNO RESPLANDOR DE UNA MENTE SIN RECUERDOS<\/h3><h6>INDUSTRIA Y DESARROLLO<\/h6><p>DAR RESPUESTA A LOS ENORMES DESAF\u00cdOS QUE TENEMOS EN MATERIA DE CRECIMIENTO ECON\u00d3MICO, DISTRIBUCI\u00d3N DEL INGRESO Y EMPLEO REQUIERE DE UNA NUEVA GENERACI\u00d3N DE POL\u00cdTICA INDUSTRIAL, ESCALONANDO TECNOL\u00d3GICAMENTE LA PRODUCCI\u00d3N.<\/p>\t\t\t\t\t\t\t\t<\/div>\n\t\t\t\t<\/div>\n\t\t\t\t<div class=\"elementor-element elementor-element-486b6a2 elementor-widget elementor-widget-button\" data-id=\"486b6a2\" data-element_type=\"widget\" data-e-type=\"widget\" data-widget_type=\"button.default\">\n\t\t\t\t<div class=\"elementor-widget-container\">\n\t\t\t\t\t\t\t\t\t<div class=\"elementor-button-wrapper\">\n\t\t\t\t\t<a class=\"elementor-button elementor-button-link elementor-size-xs\" href=\"https:\/\/drive.google.com\/file\/d\/1Vfa7ISETB3CEmquUxgzmXjnhrxvk7lTq\/view?usp=sharing\" target=\"_blank\">\n\t\t\t\t\t\t<span class=\"elementor-button-content-wrapper\">\n\t\t\t\t\t\t\t\t\t<span class=\"elementor-button-text\">Descarg\u00e1 el PDF<\/span>\n\t\t\t\t\t<\/span>\n\t\t\t\t\t<\/a>\n\t\t\t\t<\/div>\n\t\t\t\t\t\t\t\t<\/div>\n\t\t\t\t<\/div>\n\t\t\t\t\t<\/div>\n\t\t<\/div>\n\t\t\t\t\t<\/div>\n\t\t<\/section>\n\t\t\t\t<section class=\"elementor-section elementor-top-section elementor-element elementor-element-3bd30c8 elementor-section-boxed elementor-section-height-default elementor-section-height-default\" data-id=\"3bd30c8\" data-element_type=\"section\" data-e-type=\"section\">\n\t\t\t\t\t\t<div class=\"elementor-container elementor-column-gap-default\">\n\t\t\t\t\t<div class=\"elementor-column elementor-col-100 elementor-top-column elementor-element elementor-element-c772763\" data-id=\"c772763\" data-element_type=\"column\" data-e-type=\"column\">\n\t\t\t<div class=\"elementor-widget-wrap elementor-element-populated\">\n\t\t\t\t\t\t<div class=\"elementor-element elementor-element-ddbbc00 elementor-grid-3 elementor-grid-tablet-2 elementor-grid-mobile-1 elementor-posts--align-left elementor-widget elementor-widget-blogmentor_blog_posts\" data-id=\"ddbbc00\" data-element_type=\"widget\" data-e-type=\"widget\" data-settings=\"{&quot;bm_grid_columns&quot;:&quot;3&quot;,&quot;bm_grid_columns_tablet&quot;:&quot;2&quot;,&quot;bm_grid_columns_mobile&quot;:&quot;1&quot;,&quot;post_card_grid_gap&quot;:{&quot;unit&quot;:&quot;px&quot;,&quot;size&quot;:10,&quot;sizes&quot;:[]},&quot;post_card_row_gap&quot;:{&quot;unit&quot;:&quot;px&quot;,&quot;size&quot;:35,&quot;sizes&quot;:[]}}\" data-widget_type=\"blogmentor_blog_posts.default\">\n\t\t\t\t<div class=\"elementor-widget-container\">\n\t\t\t\t\t\t\t\n\t\t\t\t\t\t\t\t<div class=\"bm-blog-posts-wrapper\" >\n\t\t\t\t\t\t\t<div class=\"bm-blog-posts bm-display-grid elementor-grid elementor-grid-3\" >\n\t\t\t\t    <article id=\"post-4884\" class=\"item bm_layout post-4884 post type-post status-publish format-standard has-post-thumbnail hentry category-n-76 tag-abraham-leonardo-gak tag-desarrollo tag-editorial tag-industria\">\n\t\t<div class=\"bm-blog-post-image entry-post-image\">\n\t\t\t<div class=\"bm-post-image clearfix bm-hover-effect bm-hover-effect-blur\">\n\t\t\t\t<img decoding=\"async\" width=\"640\" height=\"511\" src=\"https:\/\/www.economicas.uba.ar\/extension\/vocesenelfenix\/wp-content\/uploads\/7600-Gak.jpg\" class=\"attachment-large size-large wp-post-image\" alt=\"\" srcset=\"https:\/\/www.economicas.uba.ar\/extension\/vocesenelfenix\/wp-content\/uploads\/7600-Gak.jpg 1080w, https:\/\/www.economicas.uba.ar\/extension\/vocesenelfenix\/wp-content\/uploads\/7600-Gak-300x240.jpg 300w, https:\/\/www.economicas.uba.ar\/extension\/vocesenelfenix\/wp-content\/uploads\/7600-Gak-768x614.jpg 768w\" sizes=\"(max-width: 640px) 100vw, 640px\" \/>\t\t\t<\/div>\n\t\t<\/div>\n        <div class=\"bm-blog-post-content bm_content_box\">\n            <h4 class=\"entry-post-title bm_title\"><a href=\"https:\/\/www.economicas.uba.ar\/extension\/vocesenelfenix\/editorial-industria-y-desarrollo\/\" rel=\"bookmark\">Editorial: Industria y desarrollo<\/a><\/h4>            <div class=\"bm-blog-post-meta entry-post-meta bm_meta\">\n                            <\/div>\n            <div class=\"entry-post-content bm_content\">\n                | Por Abraham Leonardo Gak | Despu\u00e9s de haber borrado sus recuerdos Joel y Clementine vuelven a cruzarse en Montauk. Y en ese tren rumbo a Rockville Centre dar\u00edan un <div><a href=\"https:\/\/www.economicas.uba.ar\/extension\/vocesenelfenix\/editorial-industria-y-desarrollo\/\" rel=\"bookmark\" class=\"bm-read-more entry-read-more\">M\u00e1s \u00bb<\/a><div>            <\/div>\n        <\/div>\n    <\/article>\n    <article id=\"post-4894\" class=\"item bm_layout post-4894 post type-post status-publish format-standard has-post-thumbnail hentry category-n-76 tag-desarrollo tag-industria tag-marcelo-rougier tag-planificacion\">\n\t\t<div class=\"bm-blog-post-image entry-post-image\">\n\t\t\t<div class=\"bm-post-image clearfix bm-hover-effect bm-hover-effect-blur\">\n\t\t\t\t<img decoding=\"async\" width=\"640\" height=\"407\" src=\"https:\/\/www.economicas.uba.ar\/extension\/vocesenelfenix\/wp-content\/uploads\/7601-Rougier.jpg\" class=\"attachment-large size-large wp-post-image\" alt=\"\" srcset=\"https:\/\/www.economicas.uba.ar\/extension\/vocesenelfenix\/wp-content\/uploads\/7601-Rougier.jpg 1080w, https:\/\/www.economicas.uba.ar\/extension\/vocesenelfenix\/wp-content\/uploads\/7601-Rougier-300x191.jpg 300w, https:\/\/www.economicas.uba.ar\/extension\/vocesenelfenix\/wp-content\/uploads\/7601-Rougier-768x488.jpg 768w\" sizes=\"(max-width: 640px) 100vw, 640px\" \/>\t\t\t<\/div>\n\t\t<\/div>\n        <div class=\"bm-blog-post-content bm_content_box\">\n            <h4 class=\"entry-post-title bm_title\"><a href=\"https:\/\/www.economicas.uba.ar\/extension\/vocesenelfenix\/presentacion\/\" rel=\"bookmark\">Presentaci\u00f3n<\/a><\/h4>            <div class=\"bm-blog-post-meta entry-post-meta bm_meta\">\n                            <\/div>\n            <div class=\"entry-post-content bm_content\">\n                | Por Marcelo Rougier | Este dossier pretende estimular un debate necesario para la Argentina actual, muchas veces relegado por las urgencias de la coyuntura macroecon\u00f3mica o por la din\u00e1mica <div><a href=\"https:\/\/www.economicas.uba.ar\/extension\/vocesenelfenix\/presentacion\/\" rel=\"bookmark\" class=\"bm-read-more entry-read-more\">M\u00e1s \u00bb<\/a><div>            <\/div>\n        <\/div>\n    <\/article>\n    <article id=\"post-4907\" class=\"item bm_layout post-4907 post type-post status-publish format-standard has-post-thumbnail hentry category-n-76 tag-ciencia-y-tecnologia tag-desarrollo tag-industria tag-matias-kulfas tag-politica-industrial\">\n\t\t<div class=\"bm-blog-post-image entry-post-image\">\n\t\t\t<div class=\"bm-post-image clearfix bm-hover-effect bm-hover-effect-blur\">\n\t\t\t\t<img loading=\"lazy\" decoding=\"async\" width=\"640\" height=\"490\" src=\"https:\/\/www.economicas.uba.ar\/extension\/vocesenelfenix\/wp-content\/uploads\/7602-Kulfas.jpg\" class=\"attachment-large size-large wp-post-image\" alt=\"\" srcset=\"https:\/\/www.economicas.uba.ar\/extension\/vocesenelfenix\/wp-content\/uploads\/7602-Kulfas.jpg 1080w, https:\/\/www.economicas.uba.ar\/extension\/vocesenelfenix\/wp-content\/uploads\/7602-Kulfas-300x230.jpg 300w, https:\/\/www.economicas.uba.ar\/extension\/vocesenelfenix\/wp-content\/uploads\/7602-Kulfas-768x588.jpg 768w\" sizes=\"(max-width: 640px) 100vw, 640px\" \/>\t\t\t<\/div>\n\t\t<\/div>\n        <div class=\"bm-blog-post-content bm_content_box\">\n            <h4 class=\"entry-post-title bm_title\"><a href=\"https:\/\/www.economicas.uba.ar\/extension\/vocesenelfenix\/el-desarrollo-industrial-argentino-en-perspectiva-historica\/\" rel=\"bookmark\">El desarrollo industrial argentino en perspectiva hist\u00f3rica<\/a><\/h4>            <div class=\"bm-blog-post-meta entry-post-meta bm_meta\">\n                            <\/div>\n            <div class=\"entry-post-content bm_content\">\n                | Por Mat\u00edas Kulfas | A trav\u00e9s de cinco etapas que van desde la industrializaci\u00f3n asociada a la fase primaria exportadora hasta uno m\u00e1s abierto y flexible, que comenz\u00f3 a <div><a href=\"https:\/\/www.economicas.uba.ar\/extension\/vocesenelfenix\/el-desarrollo-industrial-argentino-en-perspectiva-historica\/\" rel=\"bookmark\" class=\"bm-read-more entry-read-more\">M\u00e1s \u00bb<\/a><div>            <\/div>\n        <\/div>\n    <\/article>\n    <article id=\"post-4924\" class=\"item bm_layout post-4924 post type-post status-publish format-standard has-post-thumbnail hentry category-n-76 tag-desarrollo tag-exportaciones tag-industria tag-juan-odisio tag-produccion tag-restriccion-externa tag-sustitucion-de-importaciones\">\n\t\t<div class=\"bm-blog-post-image entry-post-image\">\n\t\t\t<div class=\"bm-post-image clearfix bm-hover-effect bm-hover-effect-blur\">\n\t\t\t\t<img loading=\"lazy\" decoding=\"async\" width=\"640\" height=\"529\" src=\"https:\/\/www.economicas.uba.ar\/extension\/vocesenelfenix\/wp-content\/uploads\/7603-Odisio.jpg\" class=\"attachment-large size-large wp-post-image\" alt=\"\" srcset=\"https:\/\/www.economicas.uba.ar\/extension\/vocesenelfenix\/wp-content\/uploads\/7603-Odisio.jpg 1080w, https:\/\/www.economicas.uba.ar\/extension\/vocesenelfenix\/wp-content\/uploads\/7603-Odisio-300x248.jpg 300w, https:\/\/www.economicas.uba.ar\/extension\/vocesenelfenix\/wp-content\/uploads\/7603-Odisio-768x634.jpg 768w\" sizes=\"(max-width: 640px) 100vw, 640px\" \/>\t\t\t<\/div>\n\t\t<\/div>\n        <div class=\"bm-blog-post-content bm_content_box\">\n            <h4 class=\"entry-post-title bm_title\"><a href=\"https:\/\/www.economicas.uba.ar\/extension\/vocesenelfenix\/el-arbol-esta-maduro-no-lo-dejen-pudrir-las-exportaciones-industriales-de-la-sustitucion-de-importaciones\/\" rel=\"bookmark\">\u201cEl \u00e1rbol est\u00e1 maduro, no lo dejen pudrir\u201d. Las exportaciones industriales de la sustituci\u00f3n de importaciones<\/a><\/h4>            <div class=\"bm-blog-post-meta entry-post-meta bm_meta\">\n                            <\/div>\n            <div class=\"entry-post-content bm_content\">\n                | Por Juan Odisio | El art\u00edculo tambi\u00e9n trabaja el tema de la restricci\u00f3n externa, aunque de una forma m\u00e1s hist\u00f3rica, asoci\u00e1ndolo en particular con la evoluci\u00f3n que nuestro pa\u00eds <div><a href=\"https:\/\/www.economicas.uba.ar\/extension\/vocesenelfenix\/el-arbol-esta-maduro-no-lo-dejen-pudrir-las-exportaciones-industriales-de-la-sustitucion-de-importaciones\/\" rel=\"bookmark\" class=\"bm-read-more entry-read-more\">M\u00e1s \u00bb<\/a><div>            <\/div>\n        <\/div>\n    <\/article>\n    <article id=\"post-4937\" class=\"item bm_layout post-4937 post type-post status-publish format-standard has-post-thumbnail hentry category-n-76 tag-desarrollo tag-industria tag-patricia-jerez tag-politica-industrial tag-privatizaciones tag-sector-siderurgico\">\n\t\t<div class=\"bm-blog-post-image entry-post-image\">\n\t\t\t<div class=\"bm-post-image clearfix bm-hover-effect bm-hover-effect-blur\">\n\t\t\t\t<img loading=\"lazy\" decoding=\"async\" width=\"640\" height=\"434\" src=\"https:\/\/www.economicas.uba.ar\/extension\/vocesenelfenix\/wp-content\/uploads\/7604-Jerez.jpg\" class=\"attachment-large size-large wp-post-image\" alt=\"\" srcset=\"https:\/\/www.economicas.uba.ar\/extension\/vocesenelfenix\/wp-content\/uploads\/7604-Jerez.jpg 1080w, https:\/\/www.economicas.uba.ar\/extension\/vocesenelfenix\/wp-content\/uploads\/7604-Jerez-300x203.jpg 300w, https:\/\/www.economicas.uba.ar\/extension\/vocesenelfenix\/wp-content\/uploads\/7604-Jerez-768x521.jpg 768w\" sizes=\"(max-width: 640px) 100vw, 640px\" \/>\t\t\t<\/div>\n\t\t<\/div>\n        <div class=\"bm-blog-post-content bm_content_box\">\n            <h4 class=\"entry-post-title bm_title\"><a href=\"https:\/\/www.economicas.uba.ar\/extension\/vocesenelfenix\/un-recorrido-por-la-historia-del-sector-siderurgico-argentino\/\" rel=\"bookmark\">Un recorrido por la historia del sector sider\u00fargico argentino<\/a><\/h4>            <div class=\"bm-blog-post-meta entry-post-meta bm_meta\">\n                            <\/div>\n            <div class=\"entry-post-content bm_content\">\n                | Por Patricia Jerez | Presenta la historia del sector sider\u00fargico, como actor central en las luces y sombras del proceso de desarrollo en la Argentina, desde el dise\u00f1o e <div><a href=\"https:\/\/www.economicas.uba.ar\/extension\/vocesenelfenix\/un-recorrido-por-la-historia-del-sector-siderurgico-argentino\/\" rel=\"bookmark\" class=\"bm-read-more entry-read-more\">M\u00e1s \u00bb<\/a><div>            <\/div>\n        <\/div>\n    <\/article>\n    <article id=\"post-4943\" class=\"item bm_layout post-4943 post type-post status-publish format-standard has-post-thumbnail hentry category-n-76 tag-desarrollo tag-desindustrializacion tag-german-herrera-bartis tag-industria tag-produccion\">\n\t\t<div class=\"bm-blog-post-image entry-post-image\">\n\t\t\t<div class=\"bm-post-image clearfix bm-hover-effect bm-hover-effect-blur\">\n\t\t\t\t<img loading=\"lazy\" decoding=\"async\" width=\"640\" height=\"421\" src=\"https:\/\/www.economicas.uba.ar\/extension\/vocesenelfenix\/wp-content\/uploads\/7605-Herrera.jpg\" class=\"attachment-large size-large wp-post-image\" alt=\"\" srcset=\"https:\/\/www.economicas.uba.ar\/extension\/vocesenelfenix\/wp-content\/uploads\/7605-Herrera.jpg 1080w, https:\/\/www.economicas.uba.ar\/extension\/vocesenelfenix\/wp-content\/uploads\/7605-Herrera-300x197.jpg 300w, https:\/\/www.economicas.uba.ar\/extension\/vocesenelfenix\/wp-content\/uploads\/7605-Herrera-768x505.jpg 768w\" sizes=\"(max-width: 640px) 100vw, 640px\" \/>\t\t\t<\/div>\n\t\t<\/div>\n        <div class=\"bm-blog-post-content bm_content_box\">\n            <h4 class=\"entry-post-title bm_title\"><a href=\"https:\/\/www.economicas.uba.ar\/extension\/vocesenelfenix\/desindustrializacion-y-despues-repensando-los-dilemas-del-caso-argentino\/\" rel=\"bookmark\">Desindustrializaci\u00f3n y despu\u00e9s. Repensando los dilemas del caso argentino<\/a><\/h4>            <div class=\"bm-blog-post-meta entry-post-meta bm_meta\">\n                            <\/div>\n            <div class=\"entry-post-content bm_content\">\n                | Por Germ\u00e1n Herrera Bartis | Presenta el fen\u00f3meno de la desindustrializaci\u00f3n prematura como uno de los hitos m\u00e1s relevantes de la historia de nuestro pa\u00eds, marcando las diferencias con <div><a href=\"https:\/\/www.economicas.uba.ar\/extension\/vocesenelfenix\/desindustrializacion-y-despues-repensando-los-dilemas-del-caso-argentino\/\" rel=\"bookmark\" class=\"bm-read-more entry-read-more\">M\u00e1s \u00bb<\/a><div>            <\/div>\n        <\/div>\n    <\/article>\n    <article id=\"post-4949\" class=\"item bm_layout post-4949 post type-post status-publish format-standard has-post-thumbnail hentry category-n-76 tag-desarrollo tag-dirigentes-industriales tag-eduardo-galvez tag-empresarios tag-industria\">\n\t\t<div class=\"bm-blog-post-image entry-post-image\">\n\t\t\t<div class=\"bm-post-image clearfix bm-hover-effect bm-hover-effect-blur\">\n\t\t\t\t<img loading=\"lazy\" decoding=\"async\" width=\"640\" height=\"435\" src=\"https:\/\/www.economicas.uba.ar\/extension\/vocesenelfenix\/wp-content\/uploads\/7606-Galvez.jpg\" class=\"attachment-large size-large wp-post-image\" alt=\"\" srcset=\"https:\/\/www.economicas.uba.ar\/extension\/vocesenelfenix\/wp-content\/uploads\/7606-Galvez.jpg 1080w, https:\/\/www.economicas.uba.ar\/extension\/vocesenelfenix\/wp-content\/uploads\/7606-Galvez-300x204.jpg 300w, https:\/\/www.economicas.uba.ar\/extension\/vocesenelfenix\/wp-content\/uploads\/7606-Galvez-768x522.jpg 768w\" sizes=\"(max-width: 640px) 100vw, 640px\" \/>\t\t\t<\/div>\n\t\t<\/div>\n        <div class=\"bm-blog-post-content bm_content_box\">\n            <h4 class=\"entry-post-title bm_title\"><a href=\"https:\/\/www.economicas.uba.ar\/extension\/vocesenelfenix\/la-actuacion-contradictoria-de-los-dirigentes-industriales-en-relacion-al-desarrollo-industrial-en-la-argentina-1988-2001\/\" rel=\"bookmark\">La actuaci\u00f3n contradictoria de los dirigentes industriales en relaci\u00f3n al desarrollo industrial en la Argentina (1988-2001)<\/a><\/h4>            <div class=\"bm-blog-post-meta entry-post-meta bm_meta\">\n                            <\/div>\n            <div class=\"entry-post-content bm_content\">\n                | Por Eduardo G\u00e1lvez | El art\u00edculo bucea un tema escabroso de econom\u00eda pol\u00edtica como es el del rol de los dirigentes empresarios entre el apoyo inicial a las reformas <div><a href=\"https:\/\/www.economicas.uba.ar\/extension\/vocesenelfenix\/la-actuacion-contradictoria-de-los-dirigentes-industriales-en-relacion-al-desarrollo-industrial-en-la-argentina-1988-2001\/\" rel=\"bookmark\" class=\"bm-read-more entry-read-more\">M\u00e1s \u00bb<\/a><div>            <\/div>\n        <\/div>\n    <\/article>\n    <article id=\"post-4956\" class=\"item bm_layout post-4956 post type-post status-publish format-standard has-post-thumbnail hentry category-n-76 tag-anses tag-bcra tag-cambiemos tag-desarrollo tag-financiamiento tag-industria tag-pablo-j-lopez\">\n\t\t<div class=\"bm-blog-post-image entry-post-image\">\n\t\t\t<div class=\"bm-post-image clearfix bm-hover-effect bm-hover-effect-blur\">\n\t\t\t\t<img loading=\"lazy\" decoding=\"async\" width=\"640\" height=\"405\" src=\"https:\/\/www.economicas.uba.ar\/extension\/vocesenelfenix\/wp-content\/uploads\/7607-Lopez.jpg\" class=\"attachment-large size-large wp-post-image\" alt=\"\" srcset=\"https:\/\/www.economicas.uba.ar\/extension\/vocesenelfenix\/wp-content\/uploads\/7607-Lopez.jpg 1080w, https:\/\/www.economicas.uba.ar\/extension\/vocesenelfenix\/wp-content\/uploads\/7607-Lopez-300x190.jpg 300w, https:\/\/www.economicas.uba.ar\/extension\/vocesenelfenix\/wp-content\/uploads\/7607-Lopez-768x486.jpg 768w\" sizes=\"(max-width: 640px) 100vw, 640px\" \/>\t\t\t<\/div>\n\t\t<\/div>\n        <div class=\"bm-blog-post-content bm_content_box\">\n            <h4 class=\"entry-post-title bm_title\"><a href=\"https:\/\/www.economicas.uba.ar\/extension\/vocesenelfenix\/instrumentos-e-instituciones-para-el-financiamiento-del-desarrollo-y-la-industria-avances-y-retrocesos-en-la-argentina-reciente\/\" rel=\"bookmark\">Instrumentos e instituciones para el financiamiento del desarrollo y la industria: avances y retrocesos en la Argentina reciente<\/a><\/h4>            <div class=\"bm-blog-post-meta entry-post-meta bm_meta\">\n                            <\/div>\n            <div class=\"entry-post-content bm_content\">\n                | Por Pablo J. L\u00f3pez | El art\u00edculo trabaja el tema del financiamiento a trav\u00e9s del rol de la banca de desarrollo, entendi\u00e9ndola no solo como instrumento contrac\u00edclico sino tambi\u00e9n <div><a href=\"https:\/\/www.economicas.uba.ar\/extension\/vocesenelfenix\/instrumentos-e-instituciones-para-el-financiamiento-del-desarrollo-y-la-industria-avances-y-retrocesos-en-la-argentina-reciente\/\" rel=\"bookmark\" class=\"bm-read-more entry-read-more\">M\u00e1s \u00bb<\/a><div>            <\/div>\n        <\/div>\n    <\/article>\n    <article id=\"post-4963\" class=\"item bm_layout post-4963 post type-post status-publish format-standard has-post-thumbnail hentry category-n-76 tag-desarrollo tag-industria tag-industria-del-calzado tag-integracion tag-luciana-gil tag-mercosur\">\n\t\t<div class=\"bm-blog-post-image entry-post-image\">\n\t\t\t<div class=\"bm-post-image clearfix bm-hover-effect bm-hover-effect-blur\">\n\t\t\t\t<img loading=\"lazy\" decoding=\"async\" width=\"640\" height=\"494\" src=\"https:\/\/www.economicas.uba.ar\/extension\/vocesenelfenix\/wp-content\/uploads\/7608-Gil.jpg\" class=\"attachment-large size-large wp-post-image\" alt=\"\" srcset=\"https:\/\/www.economicas.uba.ar\/extension\/vocesenelfenix\/wp-content\/uploads\/7608-Gil.jpg 1080w, https:\/\/www.economicas.uba.ar\/extension\/vocesenelfenix\/wp-content\/uploads\/7608-Gil-300x232.jpg 300w, https:\/\/www.economicas.uba.ar\/extension\/vocesenelfenix\/wp-content\/uploads\/7608-Gil-768x593.jpg 768w\" sizes=\"(max-width: 640px) 100vw, 640px\" \/>\t\t\t<\/div>\n\t\t<\/div>\n        <div class=\"bm-blog-post-content bm_content_box\">\n            <h4 class=\"entry-post-title bm_title\"><a href=\"https:\/\/www.economicas.uba.ar\/extension\/vocesenelfenix\/restricciones-no-arancelarias-en-el-mercosur-un-problema-para-la-integracion-y-el-desarrollo\/\" rel=\"bookmark\">Restricciones no arancelarias en el Mercosur: \u00bfun problema para la integraci\u00f3n y el desarrollo?<\/a><\/h4>            <div class=\"bm-blog-post-meta entry-post-meta bm_meta\">\n                            <\/div>\n            <div class=\"entry-post-content bm_content\">\n                | Por Luciana Gil | Analiza los efectos de las restricciones no arancelarias en el Mercosur, particularmente en lo que hace a la evoluci\u00f3n de la industria del calzado. Plantea <div><a href=\"https:\/\/www.economicas.uba.ar\/extension\/vocesenelfenix\/restricciones-no-arancelarias-en-el-mercosur-un-problema-para-la-integracion-y-el-desarrollo\/\" rel=\"bookmark\" class=\"bm-read-more entry-read-more\">M\u00e1s \u00bb<\/a><div>            <\/div>\n        <\/div>\n    <\/article>\n    <article id=\"post-4969\" class=\"item bm_layout post-4969 post type-post status-publish format-standard has-post-thumbnail hentry category-n-76 tag-desarrollo tag-industria tag-pedro-gaite tag-politicas-productivas tag-restriccion-externa\">\n\t\t<div class=\"bm-blog-post-image entry-post-image\">\n\t\t\t<div class=\"bm-post-image clearfix bm-hover-effect bm-hover-effect-blur\">\n\t\t\t\t<img loading=\"lazy\" decoding=\"async\" width=\"640\" height=\"435\" src=\"https:\/\/www.economicas.uba.ar\/extension\/vocesenelfenix\/wp-content\/uploads\/7609-Gaite.jpg\" class=\"attachment-large size-large wp-post-image\" alt=\"\" srcset=\"https:\/\/www.economicas.uba.ar\/extension\/vocesenelfenix\/wp-content\/uploads\/7609-Gaite.jpg 1080w, https:\/\/www.economicas.uba.ar\/extension\/vocesenelfenix\/wp-content\/uploads\/7609-Gaite-300x204.jpg 300w, https:\/\/www.economicas.uba.ar\/extension\/vocesenelfenix\/wp-content\/uploads\/7609-Gaite-768x522.jpg 768w\" sizes=\"(max-width: 640px) 100vw, 640px\" \/>\t\t\t<\/div>\n\t\t<\/div>\n        <div class=\"bm-blog-post-content bm_content_box\">\n            <h4 class=\"entry-post-title bm_title\"><a href=\"https:\/\/www.economicas.uba.ar\/extension\/vocesenelfenix\/la-restriccion-externa-que-hay-de-nuevo-en-el-viejo-problema\/\" rel=\"bookmark\">La restricci\u00f3n externa: \u00bfqu\u00e9 hay de nuevo en el viejo problema?<\/a><\/h4>            <div class=\"bm-blog-post-meta entry-post-meta bm_meta\">\n                            <\/div>\n            <div class=\"entry-post-content bm_content\">\n                | Por Pedro Gaite | Presenta el problema de la restricci\u00f3n externa, tanto desde el punto de vista comercial y productivo como financiero. El art\u00edculo trae a colaci\u00f3n la discusi\u00f3n <div><a href=\"https:\/\/www.economicas.uba.ar\/extension\/vocesenelfenix\/la-restriccion-externa-que-hay-de-nuevo-en-el-viejo-problema\/\" rel=\"bookmark\" class=\"bm-read-more entry-read-more\">M\u00e1s \u00bb<\/a><div>            <\/div>\n        <\/div>\n    <\/article>\n    <article id=\"post-4975\" class=\"item bm_layout post-4975 post type-post status-publish format-standard has-post-thumbnail hentry category-n-76 tag-centro-periferia tag-china tag-desarrollo tag-federico-dulcich tag-industria tag-marta-bekerman tag-pedro-gaite\">\n\t\t<div class=\"bm-blog-post-image entry-post-image\">\n\t\t\t<div class=\"bm-post-image clearfix bm-hover-effect bm-hover-effect-blur\">\n\t\t\t\t<img loading=\"lazy\" decoding=\"async\" width=\"640\" height=\"479\" src=\"https:\/\/www.economicas.uba.ar\/extension\/vocesenelfenix\/wp-content\/uploads\/7610-Bekerman.jpg\" class=\"attachment-large size-large wp-post-image\" alt=\"\" srcset=\"https:\/\/www.economicas.uba.ar\/extension\/vocesenelfenix\/wp-content\/uploads\/7610-Bekerman.jpg 1080w, https:\/\/www.economicas.uba.ar\/extension\/vocesenelfenix\/wp-content\/uploads\/7610-Bekerman-300x225.jpg 300w, https:\/\/www.economicas.uba.ar\/extension\/vocesenelfenix\/wp-content\/uploads\/7610-Bekerman-768x575.jpg 768w\" sizes=\"(max-width: 640px) 100vw, 640px\" \/>\t\t\t<\/div>\n\t\t<\/div>\n        <div class=\"bm-blog-post-content bm_content_box\">\n            <h4 class=\"entry-post-title bm_title\"><a href=\"https:\/\/www.economicas.uba.ar\/extension\/vocesenelfenix\/china-y-la-argentina-socios-estrategicos-o-relacion-centro-periferia-tradicional\/\" rel=\"bookmark\">China y la Argentina: \u00bfsocios estrat\u00e9gicos o relaci\u00f3n centro-periferia tradicional?<\/a><\/h4>            <div class=\"bm-blog-post-meta entry-post-meta bm_meta\">\n                            <\/div>\n            <div class=\"entry-post-content bm_content\">\n                | Por Marta Bekerman, Federico Dulcich y Pedro Gaite | Desentra\u00f1a la relaci\u00f3n comercial asim\u00e9trica (y divergente) entre la Argentina y China, tanto desde un punto de vista productivo como <div><a href=\"https:\/\/www.economicas.uba.ar\/extension\/vocesenelfenix\/china-y-la-argentina-socios-estrategicos-o-relacion-centro-periferia-tradicional\/\" rel=\"bookmark\" class=\"bm-read-more entry-read-more\">M\u00e1s \u00bb<\/a><div>            <\/div>\n        <\/div>\n    <\/article>\n    <article id=\"post-4981\" class=\"item bm_layout post-4981 post type-post status-publish format-standard has-post-thumbnail hentry category-n-76 tag-cambiemos tag-desarrollo tag-gustavo-garcia-zanotti tag-industria tag-lorenzo-cassini tag-martin-schorr\">\n\t\t<div class=\"bm-blog-post-image entry-post-image\">\n\t\t\t<div class=\"bm-post-image clearfix bm-hover-effect bm-hover-effect-blur\">\n\t\t\t\t<img loading=\"lazy\" decoding=\"async\" width=\"640\" height=\"440\" src=\"https:\/\/www.economicas.uba.ar\/extension\/vocesenelfenix\/wp-content\/uploads\/7611-Zanotti.jpg\" class=\"attachment-large size-large wp-post-image\" alt=\"\" srcset=\"https:\/\/www.economicas.uba.ar\/extension\/vocesenelfenix\/wp-content\/uploads\/7611-Zanotti.jpg 1080w, https:\/\/www.economicas.uba.ar\/extension\/vocesenelfenix\/wp-content\/uploads\/7611-Zanotti-300x206.jpg 300w, https:\/\/www.economicas.uba.ar\/extension\/vocesenelfenix\/wp-content\/uploads\/7611-Zanotti-768x528.jpg 768w\" sizes=\"(max-width: 640px) 100vw, 640px\" \/>\t\t\t<\/div>\n\t\t<\/div>\n        <div class=\"bm-blog-post-content bm_content_box\">\n            <h4 class=\"entry-post-title bm_title\"><a href=\"https:\/\/www.economicas.uba.ar\/extension\/vocesenelfenix\/el-poder-economico-bajo-el-gobierno-de-cambiemos\/\" rel=\"bookmark\">El poder econ\u00f3mico bajo el gobierno de Cambiemos<\/a><\/h4>            <div class=\"bm-blog-post-meta entry-post-meta bm_meta\">\n                            <\/div>\n            <div class=\"entry-post-content bm_content\">\n                | Por Gustavo Garc\u00eda Zanotti, Lorenzo Cassini y Mart\u00edn Schorr | Retoma la cuesti\u00f3n de econom\u00eda pol\u00edtica de las relaciones de poder detr\u00e1s de las formas de Estado, particularmente lo <div><a href=\"https:\/\/www.economicas.uba.ar\/extension\/vocesenelfenix\/el-poder-economico-bajo-el-gobierno-de-cambiemos\/\" rel=\"bookmark\" class=\"bm-read-more entry-read-more\">M\u00e1s \u00bb<\/a><div>            <\/div>\n        <\/div>\n    <\/article>\n    <article id=\"post-5009\" class=\"item bm_layout post-5009 post type-post status-publish format-standard has-post-thumbnail hentry category-n-76 tag-desarrollo tag-industria tag-industria-4-0 tag-juan-m-grana tag-politicas-productivas\">\n\t\t<div class=\"bm-blog-post-image entry-post-image\">\n\t\t\t<div class=\"bm-post-image clearfix bm-hover-effect bm-hover-effect-blur\">\n\t\t\t\t<img loading=\"lazy\" decoding=\"async\" width=\"640\" height=\"459\" src=\"https:\/\/www.economicas.uba.ar\/extension\/vocesenelfenix\/wp-content\/uploads\/7612-Grana.jpg\" class=\"attachment-large size-large wp-post-image\" alt=\"\" srcset=\"https:\/\/www.economicas.uba.ar\/extension\/vocesenelfenix\/wp-content\/uploads\/7612-Grana.jpg 1080w, https:\/\/www.economicas.uba.ar\/extension\/vocesenelfenix\/wp-content\/uploads\/7612-Grana-300x215.jpg 300w, https:\/\/www.economicas.uba.ar\/extension\/vocesenelfenix\/wp-content\/uploads\/7612-Grana-768x551.jpg 768w, https:\/\/www.economicas.uba.ar\/extension\/vocesenelfenix\/wp-content\/uploads\/7612-Grana-183x132.jpg 183w\" sizes=\"(max-width: 640px) 100vw, 640px\" \/>\t\t\t<\/div>\n\t\t<\/div>\n        <div class=\"bm-blog-post-content bm_content_box\">\n            <h4 class=\"entry-post-title bm_title\"><a href=\"https:\/\/www.economicas.uba.ar\/extension\/vocesenelfenix\/industria-4-0-reflexiones-sobre-las-perspectivas-de-la-industria-argentina\/\" rel=\"bookmark\">Industria 4.0, reflexiones sobre las perspectivas de la industria argentina<\/a><\/h4>            <div class=\"bm-blog-post-meta entry-post-meta bm_meta\">\n                            <\/div>\n            <div class=\"entry-post-content bm_content\">\n                | Por Juan M. Gra\u00f1a | Plantea las oportunidades y desaf\u00edos que enfrenta la Argentina respecto de los avances en la industria 4.0, en el marco de los cambios que <div><a href=\"https:\/\/www.economicas.uba.ar\/extension\/vocesenelfenix\/industria-4-0-reflexiones-sobre-las-perspectivas-de-la-industria-argentina\/\" rel=\"bookmark\" class=\"bm-read-more entry-read-more\">M\u00e1s \u00bb<\/a><div>            <\/div>\n        <\/div>\n    <\/article>\n    <article id=\"post-5015\" class=\"item bm_layout post-5015 post type-post status-publish format-standard has-post-thumbnail hentry category-n-76 tag-desarrollo tag-equidad-distributiva tag-fernando-porta tag-inclusion tag-industria tag-politica-industrial tag-produccion\">\n\t\t<div class=\"bm-blog-post-image entry-post-image\">\n\t\t\t<div class=\"bm-post-image clearfix bm-hover-effect bm-hover-effect-blur\">\n\t\t\t\t<img loading=\"lazy\" decoding=\"async\" width=\"640\" height=\"465\" src=\"https:\/\/www.economicas.uba.ar\/extension\/vocesenelfenix\/wp-content\/uploads\/7613-Porta.jpg\" class=\"attachment-large size-large wp-post-image\" alt=\"\" srcset=\"https:\/\/www.economicas.uba.ar\/extension\/vocesenelfenix\/wp-content\/uploads\/7613-Porta.jpg 1080w, https:\/\/www.economicas.uba.ar\/extension\/vocesenelfenix\/wp-content\/uploads\/7613-Porta-300x218.jpg 300w, https:\/\/www.economicas.uba.ar\/extension\/vocesenelfenix\/wp-content\/uploads\/7613-Porta-768x558.jpg 768w, https:\/\/www.economicas.uba.ar\/extension\/vocesenelfenix\/wp-content\/uploads\/7613-Porta-183x132.jpg 183w\" sizes=\"(max-width: 640px) 100vw, 640px\" \/>\t\t\t<\/div>\n\t\t<\/div>\n        <div class=\"bm-blog-post-content bm_content_box\">\n            <h4 class=\"entry-post-title bm_title\"><a href=\"https:\/\/www.economicas.uba.ar\/extension\/vocesenelfenix\/equidad-distributiva-y-politica-industrial-algunas-redefiniciones-necesarias\/\" rel=\"bookmark\">Equidad distributiva y pol\u00edtica industrial: algunas redefiniciones necesarias<\/a><\/h4>            <div class=\"bm-blog-post-meta entry-post-meta bm_meta\">\n                            <\/div>\n            <div class=\"entry-post-content bm_content\">\n                | Por Fernando Porta | Aporta un criterio para avanzar en el cambio estructural, proponiendo que el eje para la pol\u00edtica industrial debe descansar en la dimensi\u00f3n mesoecon\u00f3mica. Hist\u00f3ricamente la <div><a href=\"https:\/\/www.economicas.uba.ar\/extension\/vocesenelfenix\/equidad-distributiva-y-politica-industrial-algunas-redefiniciones-necesarias\/\" rel=\"bookmark\" class=\"bm-read-more entry-read-more\">M\u00e1s \u00bb<\/a><div>            <\/div>\n        <\/div>\n    <\/article>\n\t\t\t\t<\/div><\/div>\n\t\t\t\t\t\t\t\t<\/div>\n\t\t\t\t<\/div>\n\t\t\t\t\t<\/div>\n\t\t<\/div>\n\t\t\t\t\t<\/div>\n\t\t<\/section>\n\t\t\t\t<section class=\"elementor-section elementor-top-section elementor-element elementor-element-70defab elementor-section-boxed elementor-section-height-default elementor-section-height-default\" data-id=\"70defab\" data-element_type=\"section\" data-e-type=\"section\" data-settings=\"{&quot;background_background&quot;:&quot;classic&quot;}\">\n\t\t\t\t\t\t<div class=\"elementor-container elementor-column-gap-default\">\n\t\t\t\t\t<div class=\"elementor-column elementor-col-100 elementor-top-column elementor-element elementor-element-a948259\" data-id=\"a948259\" data-element_type=\"column\" data-e-type=\"column\">\n\t\t\t<div class=\"elementor-widget-wrap elementor-element-populated\">\n\t\t\t\t\t\t<div class=\"elementor-element elementor-element-331c9b6 elementor-widget elementor-widget-text-editor\" data-id=\"331c9b6\" data-element_type=\"widget\" data-e-type=\"widget\" data-widget_type=\"text-editor.default\">\n\t\t\t\t<div class=\"elementor-widget-container\">\n\t\t\t\t\t\t\t\t\t<iframe width=\"560\" height=\"315\" src=\"https:\/\/www.youtube.com\/embed\/videoseries?list=PLeYdj9X0_ljlsfonyBXTqN5RwwT7ojxTX\" title=\"YouTube video player\" frameborder=\"0\" allow=\"accelerometer; autoplay; clipboard-write; encrypted-media; gyroscope; picture-in-picture\" allowfullscreen><\/iframe>\t\t\t\t\t\t\t\t<\/div>\n\t\t\t\t<\/div>\n\t\t\t\t\t<\/div>\n\t\t<\/div>\n\t\t\t\t\t<\/div>\n\t\t<\/section>\n\t\t\t\t<\/div>\n\t\t","protected":false},"excerpt":{"rendered":"<p>N\u00daMERO 76: ETERNO RESPLANDOR DE UNA MENTE SIN RECUERDOS INDUSTRIA Y DESARROLLO DAR RESPUESTA A LOS ENORMES DESAF\u00cdOS QUE TENEMOS EN MATERIA DE CRECIMIENTO ECON\u00d3MICO, DISTRIBUCI\u00d3N DEL INGRESO Y EMPLEO<\/p>\n","protected":false},"author":5,"featured_media":0,"parent":0,"menu_order":0,"comment_status":"closed","ping_status":"closed","template":"","meta":{"footnotes":""},"class_list":["post-4878","page","type-page","status-publish","hentry"],"_links":{"self":[{"href":"https:\/\/www.economicas.uba.ar\/extension\/vocesenelfenix\/wp-json\/wp\/v2\/pages\/4878","targetHints":{"allow":["GET"]}}],"collection":[{"href":"https:\/\/www.economicas.uba.ar\/extension\/vocesenelfenix\/wp-json\/wp\/v2\/pages"}],"about":[{"href":"https:\/\/www.economicas.uba.ar\/extension\/vocesenelfenix\/wp-json\/wp\/v2\/types\/page"}],"author":[{"embeddable":true,"href":"https:\/\/www.economicas.uba.ar\/extension\/vocesenelfenix\/wp-json\/wp\/v2\/users\/5"}],"replies":[{"embeddable":true,"href":"https:\/\/www.economicas.uba.ar\/extension\/vocesenelfenix\/wp-json\/wp\/v2\/comments?post=4878"}],"version-history":[{"count":10,"href":"https:\/\/www.economicas.uba.ar\/extension\/vocesenelfenix\/wp-json\/wp\/v2\/pages\/4878\/revisions"}],"predecessor-version":[{"id":4906,"href":"https:\/\/www.economicas.uba.ar\/extension\/vocesenelfenix\/wp-json\/wp\/v2\/pages\/4878\/revisions\/4906"}],"wp:attachment":[{"href":"https:\/\/www.economicas.uba.ar\/extension\/vocesenelfenix\/wp-json\/wp\/v2\/media?parent=4878"}],"curies":[{"name":"wp","href":"https:\/\/api.w.org\/{rel}","templated":true}]}}