{"id":5702,"date":"2018-11-01T00:01:00","date_gmt":"2018-11-01T03:01:00","guid":{"rendered":"https:\/\/www.economicas.uba.ar\/extension\/vocesenelfenix\/?page_id=5702"},"modified":"2021-11-08T12:37:56","modified_gmt":"2021-11-08T15:37:56","slug":"numero-73","status":"publish","type":"page","link":"https:\/\/www.economicas.uba.ar\/extension\/vocesenelfenix\/numero-73\/","title":{"rendered":"N\u00famero 73"},"content":{"rendered":"\t\t<div data-elementor-type=\"wp-page\" data-elementor-id=\"5702\" class=\"elementor elementor-5702\" data-elementor-post-type=\"page\">\n\t\t\t\t\t\t<section class=\"elementor-section elementor-top-section elementor-element elementor-element-6d02c03 elementor-section-boxed elementor-section-height-default elementor-section-height-default\" data-id=\"6d02c03\" data-element_type=\"section\" data-e-type=\"section\" data-settings=\"{&quot;background_background&quot;:&quot;classic&quot;}\">\n\t\t\t\t\t\t<div class=\"elementor-container elementor-column-gap-default\">\n\t\t\t\t\t<div class=\"elementor-column elementor-col-33 elementor-top-column elementor-element elementor-element-487c5db\" data-id=\"487c5db\" data-element_type=\"column\" data-e-type=\"column\">\n\t\t\t<div class=\"elementor-widget-wrap elementor-element-populated\">\n\t\t\t\t\t\t<div class=\"elementor-element elementor-element-808d31f elementor-widget elementor-widget-image\" data-id=\"808d31f\" data-element_type=\"widget\" data-e-type=\"widget\" data-widget_type=\"image.default\">\n\t\t\t\t<div class=\"elementor-widget-container\">\n\t\t\t\t\t\t\t\t\t\t\t\t\t\t\t\t<a href=\"https:\/\/drive.google.com\/file\/d\/1YNOVU2tfykp4T8udQxvVapzsZMqySO1G\/view\" target=\"_blank\">\n\t\t\t\t\t\t\t<img fetchpriority=\"high\" decoding=\"async\" width=\"193\" height=\"268\" src=\"https:\/\/www.economicas.uba.ar\/extension\/vocesenelfenix\/wp-content\/uploads\/tapa73.jpg\" class=\"attachment-large size-large wp-image-1941\" alt=\"\" \/>\t\t\t\t\t\t\t\t<\/a>\n\t\t\t\t\t\t\t\t\t\t\t\t\t\t\t<\/div>\n\t\t\t\t<\/div>\n\t\t\t\t\t<\/div>\n\t\t<\/div>\n\t\t\t\t<div class=\"elementor-column elementor-col-66 elementor-top-column elementor-element elementor-element-31285c2\" data-id=\"31285c2\" data-element_type=\"column\" data-e-type=\"column\">\n\t\t\t<div class=\"elementor-widget-wrap elementor-element-populated\">\n\t\t\t\t\t\t<div class=\"elementor-element elementor-element-9fbc6fe elementor-widget elementor-widget-text-editor\" data-id=\"9fbc6fe\" data-element_type=\"widget\" data-e-type=\"widget\" data-widget_type=\"text-editor.default\">\n\t\t\t\t<div class=\"elementor-widget-container\">\n\t\t\t\t\t\t\t\t\t<h5>N\u00daMERO 73<\/h5><h3>EL C\u00cdRCULO<\/h3><h6>ELITES<\/h6><p><br \/>OCUPAN LUGARES DE PODER ECON\u00d3MICO Y POL\u00cdTICO, <br \/>PERO EST\u00c1N LEJOS DE SER UN GRUPO HOMOG\u00c9NEO. CON SUS CAMBIOS INTERNOS, ADAPTACIONESY TAMBI\u00c9N CON SUS IMPOTENCIAS, LAS ELITES ARGENTINAS LOGRAN MANTENER EL V\u00cdNCULO DE DOMINACI\u00d3N Y, EN MUCHOS CASOS, FUNCIONAN COMO UN OBST\u00c1CULO PARA EL DESARROLLO.<\/p>\t\t\t\t\t\t\t\t<\/div>\n\t\t\t\t<\/div>\n\t\t\t\t<div class=\"elementor-element elementor-element-54cb321 elementor-widget elementor-widget-button\" data-id=\"54cb321\" data-element_type=\"widget\" data-e-type=\"widget\" data-widget_type=\"button.default\">\n\t\t\t\t<div class=\"elementor-widget-container\">\n\t\t\t\t\t\t\t\t\t<div class=\"elementor-button-wrapper\">\n\t\t\t\t\t<a class=\"elementor-button elementor-button-link elementor-size-xs\" href=\"https:\/\/drive.google.com\/file\/d\/1YNOVU2tfykp4T8udQxvVapzsZMqySO1G\/view\" target=\"_blank\">\n\t\t\t\t\t\t<span class=\"elementor-button-content-wrapper\">\n\t\t\t\t\t\t\t\t\t<span class=\"elementor-button-text\">Descarg\u00e1 el PDF<\/span>\n\t\t\t\t\t<\/span>\n\t\t\t\t\t<\/a>\n\t\t\t\t<\/div>\n\t\t\t\t\t\t\t\t<\/div>\n\t\t\t\t<\/div>\n\t\t\t\t\t<\/div>\n\t\t<\/div>\n\t\t\t\t\t<\/div>\n\t\t<\/section>\n\t\t\t\t<section class=\"elementor-section elementor-top-section elementor-element elementor-element-4a540ea elementor-section-boxed elementor-section-height-default elementor-section-height-default\" data-id=\"4a540ea\" data-element_type=\"section\" data-e-type=\"section\">\n\t\t\t\t\t\t<div class=\"elementor-container elementor-column-gap-default\">\n\t\t\t\t\t<div class=\"elementor-column elementor-col-100 elementor-top-column elementor-element elementor-element-1682d94\" data-id=\"1682d94\" data-element_type=\"column\" data-e-type=\"column\">\n\t\t\t<div class=\"elementor-widget-wrap elementor-element-populated\">\n\t\t\t\t\t\t<div class=\"elementor-element elementor-element-5f1bddf elementor-grid-3 elementor-grid-tablet-2 elementor-grid-mobile-1 elementor-posts--align-left elementor-widget elementor-widget-blogmentor_blog_posts\" data-id=\"5f1bddf\" data-element_type=\"widget\" data-e-type=\"widget\" data-settings=\"{&quot;bm_grid_columns&quot;:&quot;3&quot;,&quot;bm_grid_columns_tablet&quot;:&quot;2&quot;,&quot;bm_grid_columns_mobile&quot;:&quot;1&quot;,&quot;post_card_grid_gap&quot;:{&quot;unit&quot;:&quot;px&quot;,&quot;size&quot;:10,&quot;sizes&quot;:[]},&quot;post_card_row_gap&quot;:{&quot;unit&quot;:&quot;px&quot;,&quot;size&quot;:35,&quot;sizes&quot;:[]}}\" data-widget_type=\"blogmentor_blog_posts.default\">\n\t\t\t\t<div class=\"elementor-widget-container\">\n\t\t\t\t\t\t\t\n\t\t\t\t\t\t\t\t<div class=\"bm-blog-posts-wrapper\" >\n\t\t\t\t\t\t\t<div class=\"bm-blog-posts bm-display-grid elementor-grid elementor-grid-3\" >\n\t\t\t\t    <article id=\"post-5708\" class=\"item bm_layout post-5708 post type-post status-publish format-standard has-post-thumbnail hentry category-n-73 tag-abraham-leonardo-gak tag-editorial tag-elites\">\n\t\t<div class=\"bm-blog-post-image entry-post-image\">\n\t\t\t<div class=\"bm-post-image clearfix bm-hover-effect bm-hover-effect-blur\">\n\t\t\t\t<img decoding=\"async\" width=\"640\" height=\"192\" src=\"https:\/\/www.economicas.uba.ar\/extension\/vocesenelfenix\/wp-content\/uploads\/7300-Gak.jpg\" class=\"attachment-large size-large wp-post-image\" alt=\"\" srcset=\"https:\/\/www.economicas.uba.ar\/extension\/vocesenelfenix\/wp-content\/uploads\/7300-Gak.jpg 1080w, https:\/\/www.economicas.uba.ar\/extension\/vocesenelfenix\/wp-content\/uploads\/7300-Gak-300x90.jpg 300w, https:\/\/www.economicas.uba.ar\/extension\/vocesenelfenix\/wp-content\/uploads\/7300-Gak-768x230.jpg 768w\" sizes=\"(max-width: 640px) 100vw, 640px\" \/>\t\t\t<\/div>\n\t\t<\/div>\n        <div class=\"bm-blog-post-content bm_content_box\">\n            <h4 class=\"entry-post-title bm_title\"><a href=\"https:\/\/www.economicas.uba.ar\/extension\/vocesenelfenix\/editorial-los-hilos-de-ariadna\/\" rel=\"bookmark\">Editorial: Los hilos de Ariadna<\/a><\/h4>            <div class=\"bm-blog-post-meta entry-post-meta bm_meta\">\n                            <\/div>\n            <div class=\"entry-post-content bm_content\">\n                | Por Abraham Leonardo Gak |            <\/div>\n        <\/div>\n    <\/article>\n    <article id=\"post-5717\" class=\"item bm_layout post-5717 post type-post status-publish format-standard has-post-thumbnail hentry category-n-73 tag-desigualdad tag-elites tag-mariana-heredia tag-poder\">\n\t\t<div class=\"bm-blog-post-image entry-post-image\">\n\t\t\t<div class=\"bm-post-image clearfix bm-hover-effect bm-hover-effect-blur\">\n\t\t\t\t<img decoding=\"async\" width=\"640\" height=\"432\" src=\"https:\/\/www.economicas.uba.ar\/extension\/vocesenelfenix\/wp-content\/uploads\/7301-Heredia.jpg\" class=\"attachment-large size-large wp-post-image\" alt=\"\" srcset=\"https:\/\/www.economicas.uba.ar\/extension\/vocesenelfenix\/wp-content\/uploads\/7301-Heredia.jpg 1080w, https:\/\/www.economicas.uba.ar\/extension\/vocesenelfenix\/wp-content\/uploads\/7301-Heredia-300x203.jpg 300w, https:\/\/www.economicas.uba.ar\/extension\/vocesenelfenix\/wp-content\/uploads\/7301-Heredia-768x518.jpg 768w\" sizes=\"(max-width: 640px) 100vw, 640px\" \/>\t\t\t<\/div>\n\t\t<\/div>\n        <div class=\"bm-blog-post-content bm_content_box\">\n            <h4 class=\"entry-post-title bm_title\"><a href=\"https:\/\/www.economicas.uba.ar\/extension\/vocesenelfenix\/poderes-e-impotencias-de-las-elites-en-la-argentina\/\" rel=\"bookmark\">Poderes e impotencias de las elites en la Argentina<\/a><\/h4>            <div class=\"bm-blog-post-meta entry-post-meta bm_meta\">\n                            <\/div>\n            <div class=\"entry-post-content bm_content\">\n                | Por Mariana Heredia | Nuestro pa\u00eds, como todos, presenta grupos que ocupan posiciones de privilegio respecto de distintos recursos. Una perspectiva no reduccionista es capaz de incluir los elementos <div><a href=\"https:\/\/www.economicas.uba.ar\/extension\/vocesenelfenix\/poderes-e-impotencias-de-las-elites-en-la-argentina\/\" rel=\"bookmark\" class=\"bm-read-more entry-read-more\">M\u00e1s \u00bb<\/a><div>            <\/div>\n        <\/div>\n    <\/article>\n    <article id=\"post-5723\" class=\"item bm_layout post-5723 post type-post status-publish format-standard has-post-thumbnail hentry category-n-73 tag-burguesia-nacional tag-concentracion-de-capital tag-elites tag-martin-schorr tag-poder\">\n\t\t<div class=\"bm-blog-post-image entry-post-image\">\n\t\t\t<div class=\"bm-post-image clearfix bm-hover-effect bm-hover-effect-blur\">\n\t\t\t\t<img loading=\"lazy\" decoding=\"async\" width=\"640\" height=\"482\" src=\"https:\/\/www.economicas.uba.ar\/extension\/vocesenelfenix\/wp-content\/uploads\/7302-Schorr.jpg\" class=\"attachment-large size-large wp-post-image\" alt=\"\" srcset=\"https:\/\/www.economicas.uba.ar\/extension\/vocesenelfenix\/wp-content\/uploads\/7302-Schorr.jpg 1080w, https:\/\/www.economicas.uba.ar\/extension\/vocesenelfenix\/wp-content\/uploads\/7302-Schorr-300x226.jpg 300w, https:\/\/www.economicas.uba.ar\/extension\/vocesenelfenix\/wp-content\/uploads\/7302-Schorr-768x578.jpg 768w\" sizes=\"(max-width: 640px) 100vw, 640px\" \/>\t\t\t<\/div>\n\t\t<\/div>\n        <div class=\"bm-blog-post-content bm_content_box\">\n            <h4 class=\"entry-post-title bm_title\"><a href=\"https:\/\/www.economicas.uba.ar\/extension\/vocesenelfenix\/el-podio-de-los-negocios-el-poder-economico-como-limite-al-desarrollo-en-la-argentina\/\" rel=\"bookmark\">El podio de los negocios: el poder econ\u00f3mico como l\u00edmite al desarrollo en la Argentina<\/a><\/h4>            <div class=\"bm-blog-post-meta entry-post-meta bm_meta\">\n                            <\/div>\n            <div class=\"entry-post-content bm_content\">\n                | Por Mart\u00edn Schorr | En la econom\u00eda argentina coexisten dos fracciones dominantes: por un lado, el capital concentrado for\u00e1neo, con fuerte poder de incidencia sobre el perfil productivo del <div><a href=\"https:\/\/www.economicas.uba.ar\/extension\/vocesenelfenix\/el-podio-de-los-negocios-el-poder-economico-como-limite-al-desarrollo-en-la-argentina\/\" rel=\"bookmark\" class=\"bm-read-more entry-read-more\">M\u00e1s \u00bb<\/a><div>            <\/div>\n        <\/div>\n    <\/article>\n    <article id=\"post-5734\" class=\"item bm_layout post-5734 post type-post status-publish format-standard has-post-thumbnail hentry category-n-73 tag-andrea-lluch tag-capitalismo tag-elites tag-empresas-familiares\">\n\t\t<div class=\"bm-blog-post-image entry-post-image\">\n\t\t\t<div class=\"bm-post-image clearfix bm-hover-effect bm-hover-effect-blur\">\n\t\t\t\t<img loading=\"lazy\" decoding=\"async\" width=\"640\" height=\"405\" src=\"https:\/\/www.economicas.uba.ar\/extension\/vocesenelfenix\/wp-content\/uploads\/7303-Lluch.jpg\" class=\"attachment-large size-large wp-post-image\" alt=\"\" srcset=\"https:\/\/www.economicas.uba.ar\/extension\/vocesenelfenix\/wp-content\/uploads\/7303-Lluch.jpg 1080w, https:\/\/www.economicas.uba.ar\/extension\/vocesenelfenix\/wp-content\/uploads\/7303-Lluch-300x190.jpg 300w, https:\/\/www.economicas.uba.ar\/extension\/vocesenelfenix\/wp-content\/uploads\/7303-Lluch-768x486.jpg 768w\" sizes=\"(max-width: 640px) 100vw, 640px\" \/>\t\t\t<\/div>\n\t\t<\/div>\n        <div class=\"bm-blog-post-content bm_content_box\">\n            <h4 class=\"entry-post-title bm_title\"><a href=\"https:\/\/www.economicas.uba.ar\/extension\/vocesenelfenix\/la-elite-del-capitalismo-nacional-grandes-empresas-familiares-y-redes-corporativas\/\" rel=\"bookmark\">La elite del capitalismo nacional: grandes empresas familiares y redes corporativas<\/a><\/h4>            <div class=\"bm-blog-post-meta entry-post-meta bm_meta\">\n                            <\/div>\n            <div class=\"entry-post-content bm_content\">\n                | Por Andrea Lluch | Desde las primeras d\u00e9cadas del siglo XX, la c\u00fapula empresarial argentina experiment\u00f3 diversos cambios, con actores que ganaron o perdieron posiciones en funci\u00f3n de su <div><a href=\"https:\/\/www.economicas.uba.ar\/extension\/vocesenelfenix\/la-elite-del-capitalismo-nacional-grandes-empresas-familiares-y-redes-corporativas\/\" rel=\"bookmark\" class=\"bm-read-more entry-read-more\">M\u00e1s \u00bb<\/a><div>            <\/div>\n        <\/div>\n    <\/article>\n    <article id=\"post-5740\" class=\"item bm_layout post-5740 post type-post status-publish format-standard has-post-thumbnail hentry category-n-73 tag-agronegocios tag-carla-gras tag-elite-agraria tag-elites tag-empresarios tag-oligarquia-terrateniente tag-valeria-hernandez\">\n\t\t<div class=\"bm-blog-post-image entry-post-image\">\n\t\t\t<div class=\"bm-post-image clearfix bm-hover-effect bm-hover-effect-blur\">\n\t\t\t\t<img loading=\"lazy\" decoding=\"async\" width=\"640\" height=\"432\" src=\"https:\/\/www.economicas.uba.ar\/extension\/vocesenelfenix\/wp-content\/uploads\/7304-Gras.jpg\" class=\"attachment-large size-large wp-post-image\" alt=\"\" srcset=\"https:\/\/www.economicas.uba.ar\/extension\/vocesenelfenix\/wp-content\/uploads\/7304-Gras.jpg 1080w, https:\/\/www.economicas.uba.ar\/extension\/vocesenelfenix\/wp-content\/uploads\/7304-Gras-300x203.jpg 300w, https:\/\/www.economicas.uba.ar\/extension\/vocesenelfenix\/wp-content\/uploads\/7304-Gras-768x518.jpg 768w\" sizes=\"(max-width: 640px) 100vw, 640px\" \/>\t\t\t<\/div>\n\t\t<\/div>\n        <div class=\"bm-blog-post-content bm_content_box\">\n            <h4 class=\"entry-post-title bm_title\"><a href=\"https:\/\/www.economicas.uba.ar\/extension\/vocesenelfenix\/los-encantadores-de-la-pampa-transformaciones-de-la-elite-agraria-en-la-argentina-moderna\/\" rel=\"bookmark\">Los encantadores de la pampa. Transformaciones de la elite agraria en la Argentina moderna<\/a><\/h4>            <div class=\"bm-blog-post-meta entry-post-meta bm_meta\">\n                            <\/div>\n            <div class=\"entry-post-content bm_content\">\n                | Por Carla Gras y Valeria Hern\u00e1ndez | De la mano de un paradigma distinto, este sector logr\u00f3 reconvertirse para mantener y consolidar su posici\u00f3n de dominaci\u00f3n. De \u201coligarqu\u00eda terrateniente\u201d <div><a href=\"https:\/\/www.economicas.uba.ar\/extension\/vocesenelfenix\/los-encantadores-de-la-pampa-transformaciones-de-la-elite-agraria-en-la-argentina-moderna\/\" rel=\"bookmark\" class=\"bm-read-more entry-read-more\">M\u00e1s \u00bb<\/a><div>            <\/div>\n        <\/div>\n    <\/article>\n    <article id=\"post-5747\" class=\"item bm_layout post-5747 post type-post status-publish format-standard has-post-thumbnail hentry category-n-73 tag-capitalismo tag-ceo tag-elites tag-empresarios tag-florencia-luci tag-managers\">\n\t\t<div class=\"bm-blog-post-image entry-post-image\">\n\t\t\t<div class=\"bm-post-image clearfix bm-hover-effect bm-hover-effect-blur\">\n\t\t\t\t<img loading=\"lazy\" decoding=\"async\" width=\"640\" height=\"435\" src=\"https:\/\/www.economicas.uba.ar\/extension\/vocesenelfenix\/wp-content\/uploads\/7305-Luci.jpg\" class=\"attachment-large size-large wp-post-image\" alt=\"\" srcset=\"https:\/\/www.economicas.uba.ar\/extension\/vocesenelfenix\/wp-content\/uploads\/7305-Luci.jpg 1080w, https:\/\/www.economicas.uba.ar\/extension\/vocesenelfenix\/wp-content\/uploads\/7305-Luci-300x204.jpg 300w, https:\/\/www.economicas.uba.ar\/extension\/vocesenelfenix\/wp-content\/uploads\/7305-Luci-768x522.jpg 768w\" sizes=\"(max-width: 640px) 100vw, 640px\" \/>\t\t\t<\/div>\n\t\t<\/div>\n        <div class=\"bm-blog-post-content bm_content_box\">\n            <h4 class=\"entry-post-title bm_title\"><a href=\"https:\/\/www.economicas.uba.ar\/extension\/vocesenelfenix\/entre-los-empleados-y-la-patronal-que-significa-ser-un-ceo\/\" rel=\"bookmark\">Entre los empleados y la patronal: \u00bfqu\u00e9 significa ser un CEO?<\/a><\/h4>            <div class=\"bm-blog-post-meta entry-post-meta bm_meta\">\n                            <\/div>\n            <div class=\"entry-post-content bm_content\">\n                | Por Florencia Luci | Con un pie en las coyunturas locales y otro en las din\u00e1micas del gran capital global, los managers cumplen un rol distintivo en tiempos del <div><a href=\"https:\/\/www.economicas.uba.ar\/extension\/vocesenelfenix\/entre-los-empleados-y-la-patronal-que-significa-ser-un-ceo\/\" rel=\"bookmark\" class=\"bm-read-more entry-read-more\">M\u00e1s \u00bb<\/a><div>            <\/div>\n        <\/div>\n    <\/article>\n    <article id=\"post-5756\" class=\"item bm_layout post-5756 post type-post status-publish format-standard has-post-thumbnail hentry category-n-73 tag-alejandro-gaggero tag-centros-financieros tag-elites tag-guaridas-fiscales\">\n\t\t<div class=\"bm-blog-post-image entry-post-image\">\n\t\t\t<div class=\"bm-post-image clearfix bm-hover-effect bm-hover-effect-blur\">\n\t\t\t\t<img loading=\"lazy\" decoding=\"async\" width=\"640\" height=\"399\" src=\"https:\/\/www.economicas.uba.ar\/extension\/vocesenelfenix\/wp-content\/uploads\/7306-Gaggero.jpg\" class=\"attachment-large size-large wp-post-image\" alt=\"\" srcset=\"https:\/\/www.economicas.uba.ar\/extension\/vocesenelfenix\/wp-content\/uploads\/7306-Gaggero.jpg 1080w, https:\/\/www.economicas.uba.ar\/extension\/vocesenelfenix\/wp-content\/uploads\/7306-Gaggero-300x187.jpg 300w, https:\/\/www.economicas.uba.ar\/extension\/vocesenelfenix\/wp-content\/uploads\/7306-Gaggero-768x479.jpg 768w\" sizes=\"(max-width: 640px) 100vw, 640px\" \/>\t\t\t<\/div>\n\t\t<\/div>\n        <div class=\"bm-blog-post-content bm_content_box\">\n            <h4 class=\"entry-post-title bm_title\"><a href=\"https:\/\/www.economicas.uba.ar\/extension\/vocesenelfenix\/la-elite-de-la-liquidez-crisis-macroeconomicas-reconversion-empresarial-y-el-patrimonio-externo-de-los-ricos-argentinos\/\" rel=\"bookmark\">La elite de la liquidez: crisis macroecon\u00f3micas, reconversi\u00f3n empresarial y el patrimonio externo de los ricos argentinos<\/a><\/h4>            <div class=\"bm-blog-post-meta entry-post-meta bm_meta\">\n                            <\/div>\n            <div class=\"entry-post-content bm_content\">\n                | Por Alejandro Gaggero | Un aspecto derivado de los procesos de extranjerizaci\u00f3n de la econom\u00eda argentina son las fortunas obtenidas a partir de la venta de grandes empresas nacionales. <div><a href=\"https:\/\/www.economicas.uba.ar\/extension\/vocesenelfenix\/la-elite-de-la-liquidez-crisis-macroeconomicas-reconversion-empresarial-y-el-patrimonio-externo-de-los-ricos-argentinos\/\" rel=\"bookmark\" class=\"bm-read-more entry-read-more\">M\u00e1s \u00bb<\/a><div>            <\/div>\n        <\/div>\n    <\/article>\n    <article id=\"post-5762\" class=\"item bm_layout post-5762 post type-post status-publish format-standard has-post-thumbnail hentry category-n-73 tag-elites tag-mariana-gene tag-poder\">\n\t\t<div class=\"bm-blog-post-image entry-post-image\">\n\t\t\t<div class=\"bm-post-image clearfix bm-hover-effect bm-hover-effect-blur\">\n\t\t\t\t<img loading=\"lazy\" decoding=\"async\" width=\"640\" height=\"406\" src=\"https:\/\/www.economicas.uba.ar\/extension\/vocesenelfenix\/wp-content\/uploads\/7307-Gene.jpg\" class=\"attachment-large size-large wp-post-image\" alt=\"\" srcset=\"https:\/\/www.economicas.uba.ar\/extension\/vocesenelfenix\/wp-content\/uploads\/7307-Gene.jpg 1080w, https:\/\/www.economicas.uba.ar\/extension\/vocesenelfenix\/wp-content\/uploads\/7307-Gene-300x190.jpg 300w, https:\/\/www.economicas.uba.ar\/extension\/vocesenelfenix\/wp-content\/uploads\/7307-Gene-768x487.jpg 768w\" sizes=\"(max-width: 640px) 100vw, 640px\" \/>\t\t\t<\/div>\n\t\t<\/div>\n        <div class=\"bm-blog-post-content bm_content_box\">\n            <h4 class=\"entry-post-title bm_title\"><a href=\"https:\/\/www.economicas.uba.ar\/extension\/vocesenelfenix\/sobre-el-oficio-del-poder\/\" rel=\"bookmark\">Sobre el oficio del poder<\/a><\/h4>            <div class=\"bm-blog-post-meta entry-post-meta bm_meta\">\n                            <\/div>\n            <div class=\"entry-post-content bm_content\">\n                | Por Mariana Gen\u00e9 | Experiencia, redes de contactos, relaci\u00f3n con grupos de inter\u00e9s, llegada al l\u00edder, conocimientos t\u00e9cnicos y popularidad son algunos de los recursos que definen la tarea <div><a href=\"https:\/\/www.economicas.uba.ar\/extension\/vocesenelfenix\/sobre-el-oficio-del-poder\/\" rel=\"bookmark\" class=\"bm-read-more entry-read-more\">M\u00e1s \u00bb<\/a><div>            <\/div>\n        <\/div>\n    <\/article>\n    <article id=\"post-5768\" class=\"item bm_layout post-5768 post type-post status-publish format-standard has-post-thumbnail hentry category-n-73 tag-crisis-economica tag-democracias tag-ejercito tag-elites tag-maximo-badaro\">\n\t\t<div class=\"bm-blog-post-image entry-post-image\">\n\t\t\t<div class=\"bm-post-image clearfix bm-hover-effect bm-hover-effect-blur\">\n\t\t\t\t<img loading=\"lazy\" decoding=\"async\" width=\"640\" height=\"416\" src=\"https:\/\/www.economicas.uba.ar\/extension\/vocesenelfenix\/wp-content\/uploads\/7308-Badaro.jpg\" class=\"attachment-large size-large wp-post-image\" alt=\"\" srcset=\"https:\/\/www.economicas.uba.ar\/extension\/vocesenelfenix\/wp-content\/uploads\/7308-Badaro.jpg 1080w, https:\/\/www.economicas.uba.ar\/extension\/vocesenelfenix\/wp-content\/uploads\/7308-Badaro-300x195.jpg 300w, https:\/\/www.economicas.uba.ar\/extension\/vocesenelfenix\/wp-content\/uploads\/7308-Badaro-768x499.jpg 768w\" sizes=\"(max-width: 640px) 100vw, 640px\" \/>\t\t\t<\/div>\n\t\t<\/div>\n        <div class=\"bm-blog-post-content bm_content_box\">\n            <h4 class=\"entry-post-title bm_title\"><a href=\"https:\/\/www.economicas.uba.ar\/extension\/vocesenelfenix\/el-ejercito-argentino-actual-una-elite-sin-poder\/\" rel=\"bookmark\">El Ej\u00e9rcito Argentino actual: una elite sin poder<\/a><\/h4>            <div class=\"bm-blog-post-meta entry-post-meta bm_meta\">\n                            <\/div>\n            <div class=\"entry-post-content bm_content\">\n                | Por M\u00e1ximo Badar\u00f3 | Desde el retorno de la democracia y con el fracaso de la \u00faltima insurrecci\u00f3n en 1990, esta fuerza perdi\u00f3 la preeminencia pol\u00edtica que la hab\u00eda <div><a href=\"https:\/\/www.economicas.uba.ar\/extension\/vocesenelfenix\/el-ejercito-argentino-actual-una-elite-sin-poder\/\" rel=\"bookmark\" class=\"bm-read-more entry-read-more\">M\u00e1s \u00bb<\/a><div>            <\/div>\n        <\/div>\n    <\/article>\n    <article id=\"post-5774\" class=\"item bm_layout post-5774 post type-post status-publish format-standard has-post-thumbnail hentry category-n-73 tag-aborto tag-desigualdad tag-elites tag-pamela-sosa tag-senado\">\n\t\t<div class=\"bm-blog-post-image entry-post-image\">\n\t\t\t<div class=\"bm-post-image clearfix bm-hover-effect bm-hover-effect-blur\">\n\t\t\t\t<img loading=\"lazy\" decoding=\"async\" width=\"640\" height=\"431\" src=\"https:\/\/www.economicas.uba.ar\/extension\/vocesenelfenix\/wp-content\/uploads\/7309-Sosa.jpg\" class=\"attachment-large size-large wp-post-image\" alt=\"\" srcset=\"https:\/\/www.economicas.uba.ar\/extension\/vocesenelfenix\/wp-content\/uploads\/7309-Sosa.jpg 1080w, https:\/\/www.economicas.uba.ar\/extension\/vocesenelfenix\/wp-content\/uploads\/7309-Sosa-300x202.jpg 300w, https:\/\/www.economicas.uba.ar\/extension\/vocesenelfenix\/wp-content\/uploads\/7309-Sosa-768x517.jpg 768w\" sizes=\"(max-width: 640px) 100vw, 640px\" \/>\t\t\t<\/div>\n\t\t<\/div>\n        <div class=\"bm-blog-post-content bm_content_box\">\n            <h4 class=\"entry-post-title bm_title\"><a href=\"https:\/\/www.economicas.uba.ar\/extension\/vocesenelfenix\/la-votacion-de-la-ley-del-aborto-en-el-senado-las-elites-provinciales-y-la-fragmentacion-del-poder-politico-en-la-argentina\/\" rel=\"bookmark\">La votaci\u00f3n de la ley del aborto en el Senado: las elites provinciales y la fragmentaci\u00f3n del poder pol\u00edtico en la Argentina<\/a><\/h4>            <div class=\"bm-blog-post-meta entry-post-meta bm_meta\">\n                            <\/div>\n            <div class=\"entry-post-content bm_content\">\n                | Por Pamela Sosa | Un an\u00e1lisis en detalle evidencia las limitaciones de las miradas que enfatizan la dicotom\u00eda entre centro moderno vs. periferia tradicional. El resultado del debate se\u00f1ala <div><a href=\"https:\/\/www.economicas.uba.ar\/extension\/vocesenelfenix\/la-votacion-de-la-ley-del-aborto-en-el-senado-las-elites-provinciales-y-la-fragmentacion-del-poder-politico-en-la-argentina\/\" rel=\"bookmark\" class=\"bm-read-more entry-read-more\">M\u00e1s \u00bb<\/a><div>            <\/div>\n        <\/div>\n    <\/article>\n    <article id=\"post-5781\" class=\"item bm_layout post-5781 post type-post status-publish format-standard has-post-thumbnail hentry category-n-73 tag-alejandro-dulitzky tag-elites tag-empresarios tag-fragmentacion tag-gremios tag-marina-dossi\">\n\t\t<div class=\"bm-blog-post-image entry-post-image\">\n\t\t\t<div class=\"bm-post-image clearfix bm-hover-effect bm-hover-effect-blur\">\n\t\t\t\t<img loading=\"lazy\" decoding=\"async\" width=\"640\" height=\"432\" src=\"https:\/\/www.economicas.uba.ar\/extension\/vocesenelfenix\/wp-content\/uploads\/7310-Dossi.jpg\" class=\"attachment-large size-large wp-post-image\" alt=\"\" srcset=\"https:\/\/www.economicas.uba.ar\/extension\/vocesenelfenix\/wp-content\/uploads\/7310-Dossi.jpg 1080w, https:\/\/www.economicas.uba.ar\/extension\/vocesenelfenix\/wp-content\/uploads\/7310-Dossi-300x203.jpg 300w, https:\/\/www.economicas.uba.ar\/extension\/vocesenelfenix\/wp-content\/uploads\/7310-Dossi-768x518.jpg 768w\" sizes=\"(max-width: 640px) 100vw, 640px\" \/>\t\t\t<\/div>\n\t\t<\/div>\n        <div class=\"bm-blog-post-content bm_content_box\">\n            <h4 class=\"entry-post-title bm_title\"><a href=\"https:\/\/www.economicas.uba.ar\/extension\/vocesenelfenix\/la-representacion-gremial-del-empresariado-en-la-argentina\/\" rel=\"bookmark\">La representaci\u00f3n gremial del empresariado en la Argentina<\/a><\/h4>            <div class=\"bm-blog-post-meta entry-post-meta bm_meta\">\n                            <\/div>\n            <div class=\"entry-post-content bm_content\">\n                | Por Marina Dossi y Alejandro Dulitzky | En un contexto local caracterizado por la fragmentaci\u00f3n, la capacidad que tienen las c\u00e1maras binacionales de comercio y las asociaciones sectoriales de <div><a href=\"https:\/\/www.economicas.uba.ar\/extension\/vocesenelfenix\/la-representacion-gremial-del-empresariado-en-la-argentina\/\" rel=\"bookmark\" class=\"bm-read-more entry-read-more\">M\u00e1s \u00bb<\/a><div>            <\/div>\n        <\/div>\n    <\/article>\n    <article id=\"post-5787\" class=\"item bm_layout post-5787 post type-post status-publish format-standard has-post-thumbnail hentry category-n-73 tag-acreedores tag-elites tag-fmi tag-intereses tag-pablo-nemina\">\n\t\t<div class=\"bm-blog-post-image entry-post-image\">\n\t\t\t<div class=\"bm-post-image clearfix bm-hover-effect bm-hover-effect-blur\">\n\t\t\t\t<img loading=\"lazy\" decoding=\"async\" width=\"640\" height=\"431\" src=\"https:\/\/www.economicas.uba.ar\/extension\/vocesenelfenix\/wp-content\/uploads\/7311-Nemina.jpg\" class=\"attachment-large size-large wp-post-image\" alt=\"\" srcset=\"https:\/\/www.economicas.uba.ar\/extension\/vocesenelfenix\/wp-content\/uploads\/7311-Nemina.jpg 1080w, https:\/\/www.economicas.uba.ar\/extension\/vocesenelfenix\/wp-content\/uploads\/7311-Nemina-300x202.jpg 300w, https:\/\/www.economicas.uba.ar\/extension\/vocesenelfenix\/wp-content\/uploads\/7311-Nemina-768x518.jpg 768w\" sizes=\"(max-width: 640px) 100vw, 640px\" \/>\t\t\t<\/div>\n\t\t<\/div>\n        <div class=\"bm-blog-post-content bm_content_box\">\n            <h4 class=\"entry-post-title bm_title\"><a href=\"https:\/\/www.economicas.uba.ar\/extension\/vocesenelfenix\/ni-marioneta-ni-experto-independiente-a-quien-responde-el-fmi\/\" rel=\"bookmark\">Ni marioneta ni experto independiente. \u00bfA qui\u00e9n responde el FMI?<\/a><\/h4>            <div class=\"bm-blog-post-meta entry-post-meta bm_meta\">\n                            <\/div>\n            <div class=\"entry-post-content bm_content\">\n                | Por Pablo Nemi\u00f1a | Al contrario de las visiones simplistas que lo conciben solo como un ejecutor de la voluntad de las potencias o bien como una instituci\u00f3n imparcial, <div><a href=\"https:\/\/www.economicas.uba.ar\/extension\/vocesenelfenix\/ni-marioneta-ni-experto-independiente-a-quien-responde-el-fmi\/\" rel=\"bookmark\" class=\"bm-read-more entry-read-more\">M\u00e1s \u00bb<\/a><div>            <\/div>\n        <\/div>\n    <\/article>\n    <article id=\"post-5793\" class=\"item bm_layout post-5793 post type-post status-publish format-standard has-post-thumbnail hentry category-n-73 tag-ana-castellani tag-ceo tag-elites tag-julia-gentile tag-mauricio-macri tag-paula-canelo\">\n\t\t<div class=\"bm-blog-post-image entry-post-image\">\n\t\t\t<div class=\"bm-post-image clearfix bm-hover-effect bm-hover-effect-blur\">\n\t\t\t\t<img loading=\"lazy\" decoding=\"async\" width=\"640\" height=\"405\" src=\"https:\/\/www.economicas.uba.ar\/extension\/vocesenelfenix\/wp-content\/uploads\/7312-Canelo.jpg\" class=\"attachment-large size-large wp-post-image\" alt=\"\" srcset=\"https:\/\/www.economicas.uba.ar\/extension\/vocesenelfenix\/wp-content\/uploads\/7312-Canelo.jpg 1080w, https:\/\/www.economicas.uba.ar\/extension\/vocesenelfenix\/wp-content\/uploads\/7312-Canelo-300x190.jpg 300w, https:\/\/www.economicas.uba.ar\/extension\/vocesenelfenix\/wp-content\/uploads\/7312-Canelo-768x486.jpg 768w\" sizes=\"(max-width: 640px) 100vw, 640px\" \/>\t\t\t<\/div>\n\t\t<\/div>\n        <div class=\"bm-blog-post-content bm_content_box\">\n            <h4 class=\"entry-post-title bm_title\"><a href=\"https:\/\/www.economicas.uba.ar\/extension\/vocesenelfenix\/el-gobierno-de-los-ceos-equivalencia-entre-elites-economicas-y-politicas-en-el-gabinete-de-mauricio-macri-2015-2018\/\" rel=\"bookmark\">El gobierno de los CEOs. Equivalencia entre elites econ\u00f3micas y pol\u00edticas en el gabinete de Mauricio Macri (2015-2018)<\/a><\/h4>            <div class=\"bm-blog-post-meta entry-post-meta bm_meta\">\n                            <\/div>\n            <div class=\"entry-post-content bm_content\">\n                | Por Paula Canelo, Ana Castellani y Julia Gentile | La llegada al poder de Cambiemos implic\u00f3 la presencia de una inusual proporci\u00f3n de altos ejecutivos de empresas privadas a <div><a href=\"https:\/\/www.economicas.uba.ar\/extension\/vocesenelfenix\/el-gobierno-de-los-ceos-equivalencia-entre-elites-economicas-y-politicas-en-el-gabinete-de-mauricio-macri-2015-2018\/\" rel=\"bookmark\" class=\"bm-read-more entry-read-more\">M\u00e1s \u00bb<\/a><div>            <\/div>\n        <\/div>\n    <\/article>\n    <article id=\"post-5806\" class=\"item bm_layout post-5806 post type-post status-publish format-standard has-post-thumbnail hentry category-n-73 tag-accion-colectiva tag-corrupcion tag-elites tag-guillermo-jorge\">\n\t\t<div class=\"bm-blog-post-image entry-post-image\">\n\t\t\t<div class=\"bm-post-image clearfix bm-hover-effect bm-hover-effect-blur\">\n\t\t\t\t<img loading=\"lazy\" decoding=\"async\" width=\"640\" height=\"432\" src=\"https:\/\/www.economicas.uba.ar\/extension\/vocesenelfenix\/wp-content\/uploads\/7313-Jorge.jpg\" class=\"attachment-large size-large wp-post-image\" alt=\"\" srcset=\"https:\/\/www.economicas.uba.ar\/extension\/vocesenelfenix\/wp-content\/uploads\/7313-Jorge.jpg 1080w, https:\/\/www.economicas.uba.ar\/extension\/vocesenelfenix\/wp-content\/uploads\/7313-Jorge-300x203.jpg 300w, https:\/\/www.economicas.uba.ar\/extension\/vocesenelfenix\/wp-content\/uploads\/7313-Jorge-768x518.jpg 768w\" sizes=\"(max-width: 640px) 100vw, 640px\" \/>\t\t\t<\/div>\n\t\t<\/div>\n        <div class=\"bm-blog-post-content bm_content_box\">\n            <h4 class=\"entry-post-title bm_title\"><a href=\"https:\/\/www.economicas.uba.ar\/extension\/vocesenelfenix\/estrategias-para-reducir-la-corrupcion-empresaria\/\" rel=\"bookmark\">Estrategias para reducir la corrupci\u00f3n empresaria<\/a><\/h4>            <div class=\"bm-blog-post-meta entry-post-meta bm_meta\">\n                            <\/div>\n            <div class=\"entry-post-content bm_content\">\n                | Por Guillermo Jorge | La introducci\u00f3n de nuevas leyes puede ayudar a combatir esta pr\u00e1ctica, que trasciende fronteras e involucra tanto a actores locales como multinacionales, a trav\u00e9s de <div><a href=\"https:\/\/www.economicas.uba.ar\/extension\/vocesenelfenix\/estrategias-para-reducir-la-corrupcion-empresaria\/\" rel=\"bookmark\" class=\"bm-read-more entry-read-more\">M\u00e1s \u00bb<\/a><div>            <\/div>\n        <\/div>\n    <\/article>\n    <article id=\"post-5812\" class=\"item bm_layout post-5812 post type-post status-publish format-standard has-post-thumbnail hentry category-n-73 tag-clases-altas tag-elites tag-la-nacion-revista tag-leandro-basanta-crespo tag-liberalismo-conservador tag-liberalismo-hedonista\">\n\t\t<div class=\"bm-blog-post-image entry-post-image\">\n\t\t\t<div class=\"bm-post-image clearfix bm-hover-effect bm-hover-effect-blur\">\n\t\t\t\t<img loading=\"lazy\" decoding=\"async\" width=\"640\" height=\"416\" src=\"https:\/\/www.economicas.uba.ar\/extension\/vocesenelfenix\/wp-content\/uploads\/7314-Basanta.jpg\" class=\"attachment-large size-large wp-post-image\" alt=\"\" srcset=\"https:\/\/www.economicas.uba.ar\/extension\/vocesenelfenix\/wp-content\/uploads\/7314-Basanta.jpg 1080w, https:\/\/www.economicas.uba.ar\/extension\/vocesenelfenix\/wp-content\/uploads\/7314-Basanta-300x195.jpg 300w, https:\/\/www.economicas.uba.ar\/extension\/vocesenelfenix\/wp-content\/uploads\/7314-Basanta-768x499.jpg 768w\" sizes=\"(max-width: 640px) 100vw, 640px\" \/>\t\t\t<\/div>\n\t\t<\/div>\n        <div class=\"bm-blog-post-content bm_content_box\">\n            <h4 class=\"entry-post-title bm_title\"><a href=\"https:\/\/www.economicas.uba.ar\/extension\/vocesenelfenix\/los-gustos-de-las-clases-altas-a-traves-de-las-paginas-de-la-nacion-revista-1969-2014\/\" rel=\"bookmark\">Los gustos de las clases altas a trav\u00e9s de las p\u00e1ginas de \u201cLa Naci\u00f3n Revista\u201d (1969-2014)<\/a><\/h4>            <div class=\"bm-blog-post-meta entry-post-meta bm_meta\">\n                            <\/div>\n            <div class=\"entry-post-content bm_content\">\n                | Por Leandro Basanta Crespo | Como parte del diario centenario, este suplemento viabiliza un conjunto de ideas, aspiraciones, modelos y sentimientos que proponen modos de ser y pertenecer orientados <div><a href=\"https:\/\/www.economicas.uba.ar\/extension\/vocesenelfenix\/los-gustos-de-las-clases-altas-a-traves-de-las-paginas-de-la-nacion-revista-1969-2014\/\" rel=\"bookmark\" class=\"bm-read-more entry-read-more\">M\u00e1s \u00bb<\/a><div>            <\/div>\n        <\/div>\n    <\/article>\n    <article id=\"post-5822\" class=\"item bm_layout post-5822 post type-post status-publish format-standard has-post-thumbnail hentry category-n-73 tag-clases-altas tag-educacion tag-elites tag-victoria-gessaghi\">\n\t\t<div class=\"bm-blog-post-image entry-post-image\">\n\t\t\t<div class=\"bm-post-image clearfix bm-hover-effect bm-hover-effect-blur\">\n\t\t\t\t<img loading=\"lazy\" decoding=\"async\" width=\"640\" height=\"331\" src=\"https:\/\/www.economicas.uba.ar\/extension\/vocesenelfenix\/wp-content\/uploads\/7315-Gessaghi.jpg\" class=\"attachment-large size-large wp-post-image\" alt=\"\" srcset=\"https:\/\/www.economicas.uba.ar\/extension\/vocesenelfenix\/wp-content\/uploads\/7315-Gessaghi.jpg 1080w, https:\/\/www.economicas.uba.ar\/extension\/vocesenelfenix\/wp-content\/uploads\/7315-Gessaghi-300x155.jpg 300w, https:\/\/www.economicas.uba.ar\/extension\/vocesenelfenix\/wp-content\/uploads\/7315-Gessaghi-768x398.jpg 768w\" sizes=\"(max-width: 640px) 100vw, 640px\" \/>\t\t\t<\/div>\n\t\t<\/div>\n        <div class=\"bm-blog-post-content bm_content_box\">\n            <h4 class=\"entry-post-title bm_title\"><a href=\"https:\/\/www.economicas.uba.ar\/extension\/vocesenelfenix\/entre-la-tradicion-y-el-mercado-la-oferta-educativa-para-las-clases-altas\/\" rel=\"bookmark\">Entre la tradici\u00f3n y el mercado: la oferta educativa para las clases altas<\/a><\/h4>            <div class=\"bm-blog-post-meta entry-post-meta bm_meta\">\n                            <\/div>\n            <div class=\"entry-post-content bm_content\">\n                | Por Victoria Gessaghi | La selecci\u00f3n de escuelas y colegios constituye un elemento de reproducci\u00f3n de las elites. Hoy la elecci\u00f3n se dirime entre una instituci\u00f3n \u201ctradicional\u201d y otra <div><a href=\"https:\/\/www.economicas.uba.ar\/extension\/vocesenelfenix\/entre-la-tradicion-y-el-mercado-la-oferta-educativa-para-las-clases-altas\/\" rel=\"bookmark\" class=\"bm-read-more entry-read-more\">M\u00e1s \u00bb<\/a><div>            <\/div>\n        <\/div>\n    <\/article>\n\t\t\t\t<\/div><\/div>\n\t\t\t\t\t\t\t\t<\/div>\n\t\t\t\t<\/div>\n\t\t\t\t\t<\/div>\n\t\t<\/div>\n\t\t\t\t\t<\/div>\n\t\t<\/section>\n\t\t\t\t<section class=\"elementor-section elementor-top-section elementor-element elementor-element-4c34d61 elementor-section-boxed elementor-section-height-default elementor-section-height-default\" data-id=\"4c34d61\" data-element_type=\"section\" data-e-type=\"section\" data-settings=\"{&quot;background_background&quot;:&quot;classic&quot;}\">\n\t\t\t\t\t\t<div class=\"elementor-container elementor-column-gap-default\">\n\t\t\t\t\t<div class=\"elementor-column elementor-col-100 elementor-top-column elementor-element elementor-element-bddebd4\" data-id=\"bddebd4\" data-element_type=\"column\" data-e-type=\"column\">\n\t\t\t<div class=\"elementor-widget-wrap elementor-element-populated\">\n\t\t\t\t\t\t<div class=\"elementor-element elementor-element-384b7c1 elementor-widget elementor-widget-text-editor\" data-id=\"384b7c1\" data-element_type=\"widget\" data-e-type=\"widget\" data-widget_type=\"text-editor.default\">\n\t\t\t\t<div class=\"elementor-widget-container\">\n\t\t\t\t\t\t\t\t\t<iframe width=\"560\" height=\"315\" src=\"https:\/\/www.youtube.com\/embed\/videoseries?list=PLeYdj9X0_ljkY0-XOSNuU4sW5iIohLTcU\" title=\"YouTube video player\" frameborder=\"0\" allow=\"accelerometer; autoplay; clipboard-write; encrypted-media; gyroscope; picture-in-picture\" allowfullscreen><\/iframe>\t\t\t\t\t\t\t\t<\/div>\n\t\t\t\t<\/div>\n\t\t\t\t\t<\/div>\n\t\t<\/div>\n\t\t\t\t\t<\/div>\n\t\t<\/section>\n\t\t\t\t<\/div>\n\t\t","protected":false},"excerpt":{"rendered":"<p>N\u00daMERO 73 EL C\u00cdRCULO ELITES OCUPAN LUGARES DE PODER ECON\u00d3MICO Y POL\u00cdTICO, PERO EST\u00c1N LEJOS DE SER UN GRUPO HOMOG\u00c9NEO. CON SUS CAMBIOS INTERNOS, ADAPTACIONESY TAMBI\u00c9N CON SUS IMPOTENCIAS, LAS<\/p>\n","protected":false},"author":5,"featured_media":0,"parent":0,"menu_order":0,"comment_status":"closed","ping_status":"closed","template":"","meta":{"footnotes":""},"class_list":["post-5702","page","type-page","status-publish","hentry"],"_links":{"self":[{"href":"https:\/\/www.economicas.uba.ar\/extension\/vocesenelfenix\/wp-json\/wp\/v2\/pages\/5702","targetHints":{"allow":["GET"]}}],"collection":[{"href":"https:\/\/www.economicas.uba.ar\/extension\/vocesenelfenix\/wp-json\/wp\/v2\/pages"}],"about":[{"href":"https:\/\/www.economicas.uba.ar\/extension\/vocesenelfenix\/wp-json\/wp\/v2\/types\/page"}],"author":[{"embeddable":true,"href":"https:\/\/www.economicas.uba.ar\/extension\/vocesenelfenix\/wp-json\/wp\/v2\/users\/5"}],"replies":[{"embeddable":true,"href":"https:\/\/www.economicas.uba.ar\/extension\/vocesenelfenix\/wp-json\/wp\/v2\/comments?post=5702"}],"version-history":[{"count":10,"href":"https:\/\/www.economicas.uba.ar\/extension\/vocesenelfenix\/wp-json\/wp\/v2\/pages\/5702\/revisions"}],"predecessor-version":[{"id":5750,"href":"https:\/\/www.economicas.uba.ar\/extension\/vocesenelfenix\/wp-json\/wp\/v2\/pages\/5702\/revisions\/5750"}],"wp:attachment":[{"href":"https:\/\/www.economicas.uba.ar\/extension\/vocesenelfenix\/wp-json\/wp\/v2\/media?parent=5702"}],"curies":[{"name":"wp","href":"https:\/\/api.w.org\/{rel}","templated":true}]}}