{"id":5839,"date":"2018-10-01T00:01:00","date_gmt":"2018-10-01T03:01:00","guid":{"rendered":"https:\/\/www.economicas.uba.ar\/extension\/vocesenelfenix\/?page_id=5839"},"modified":"2021-11-09T10:23:20","modified_gmt":"2021-11-09T13:23:20","slug":"numero-72","status":"publish","type":"page","link":"https:\/\/www.economicas.uba.ar\/extension\/vocesenelfenix\/numero-72\/","title":{"rendered":"N\u00famero 72"},"content":{"rendered":"\t\t<div data-elementor-type=\"wp-page\" data-elementor-id=\"5839\" class=\"elementor elementor-5839\" data-elementor-post-type=\"page\">\n\t\t\t\t\t\t<section class=\"elementor-section elementor-top-section elementor-element elementor-element-bdf4f0e elementor-section-boxed elementor-section-height-default elementor-section-height-default\" data-id=\"bdf4f0e\" data-element_type=\"section\" data-e-type=\"section\" data-settings=\"{&quot;background_background&quot;:&quot;classic&quot;}\">\n\t\t\t\t\t\t<div class=\"elementor-container elementor-column-gap-default\">\n\t\t\t\t\t<div class=\"elementor-column elementor-col-33 elementor-top-column elementor-element elementor-element-24059a7\" data-id=\"24059a7\" data-element_type=\"column\" data-e-type=\"column\">\n\t\t\t<div class=\"elementor-widget-wrap elementor-element-populated\">\n\t\t\t\t\t\t<div class=\"elementor-element elementor-element-8970d9c elementor-widget elementor-widget-image\" data-id=\"8970d9c\" data-element_type=\"widget\" data-e-type=\"widget\" data-widget_type=\"image.default\">\n\t\t\t\t<div class=\"elementor-widget-container\">\n\t\t\t\t\t\t\t\t\t\t\t\t\t\t\t\t<a href=\"https:\/\/drive.google.com\/file\/d\/1uCxcvO99XvC_JyaRZDBmp0ZlmVcQoYZG\/view\" target=\"_blank\">\n\t\t\t\t\t\t\t<img fetchpriority=\"high\" decoding=\"async\" width=\"193\" height=\"268\" src=\"https:\/\/www.economicas.uba.ar\/extension\/vocesenelfenix\/wp-content\/uploads\/tapa72.jpg\" class=\"attachment-large size-large wp-image-1940\" alt=\"\" \/>\t\t\t\t\t\t\t\t<\/a>\n\t\t\t\t\t\t\t\t\t\t\t\t\t\t\t<\/div>\n\t\t\t\t<\/div>\n\t\t\t\t\t<\/div>\n\t\t<\/div>\n\t\t\t\t<div class=\"elementor-column elementor-col-66 elementor-top-column elementor-element elementor-element-4b8599a\" data-id=\"4b8599a\" data-element_type=\"column\" data-e-type=\"column\">\n\t\t\t<div class=\"elementor-widget-wrap elementor-element-populated\">\n\t\t\t\t\t\t<div class=\"elementor-element elementor-element-b698301 elementor-widget elementor-widget-text-editor\" data-id=\"b698301\" data-element_type=\"widget\" data-e-type=\"widget\" data-widget_type=\"text-editor.default\">\n\t\t\t\t<div class=\"elementor-widget-container\">\n\t\t\t\t\t\t\t\t\t<h5>N\u00daMERO 72<\/h5><h3>TAN LEJOS, TAN CERCA. LA REEMERGENCIA IND\u00cdGENA EN LA ARGENTINA<\/h3><h6>PUEBLOS ORIGINARIOS<\/h6><p><br \/>FRENTE A LA VIOLENCIA ESTATAL Y SOCIAL, LOS PUEBLOS ORIGINARIOS ENSAYAN DIVERSOS CAMINOS PARA DEFENDER SU DERECHO COLECTIVO A LA TIERRA, Y A LA DIFERENCIA \u00c9TNICA Y CULTURAL EN UN PLANO DE IGUALDAD.<\/p>\t\t\t\t\t\t\t\t<\/div>\n\t\t\t\t<\/div>\n\t\t\t\t<div class=\"elementor-element elementor-element-f057e8c elementor-widget elementor-widget-button\" data-id=\"f057e8c\" data-element_type=\"widget\" data-e-type=\"widget\" data-widget_type=\"button.default\">\n\t\t\t\t<div class=\"elementor-widget-container\">\n\t\t\t\t\t\t\t\t\t<div class=\"elementor-button-wrapper\">\n\t\t\t\t\t<a class=\"elementor-button elementor-button-link elementor-size-xs\" href=\"https:\/\/drive.google.com\/file\/d\/1uCxcvO99XvC_JyaRZDBmp0ZlmVcQoYZG\/view\" target=\"_blank\">\n\t\t\t\t\t\t<span class=\"elementor-button-content-wrapper\">\n\t\t\t\t\t\t\t\t\t<span class=\"elementor-button-text\">Descarg\u00e1 el PDF<\/span>\n\t\t\t\t\t<\/span>\n\t\t\t\t\t<\/a>\n\t\t\t\t<\/div>\n\t\t\t\t\t\t\t\t<\/div>\n\t\t\t\t<\/div>\n\t\t\t\t\t<\/div>\n\t\t<\/div>\n\t\t\t\t\t<\/div>\n\t\t<\/section>\n\t\t\t\t<section class=\"elementor-section elementor-top-section elementor-element elementor-element-dbfe0bc elementor-section-boxed elementor-section-height-default elementor-section-height-default\" data-id=\"dbfe0bc\" data-element_type=\"section\" data-e-type=\"section\">\n\t\t\t\t\t\t<div class=\"elementor-container elementor-column-gap-default\">\n\t\t\t\t\t<div class=\"elementor-column elementor-col-100 elementor-top-column elementor-element elementor-element-48a67e4\" data-id=\"48a67e4\" data-element_type=\"column\" data-e-type=\"column\">\n\t\t\t<div class=\"elementor-widget-wrap elementor-element-populated\">\n\t\t\t\t\t\t<div class=\"elementor-element elementor-element-202fe00 elementor-grid-3 elementor-grid-tablet-2 elementor-grid-mobile-1 elementor-posts--align-left elementor-widget elementor-widget-blogmentor_blog_posts\" data-id=\"202fe00\" data-element_type=\"widget\" data-e-type=\"widget\" data-settings=\"{&quot;bm_grid_columns&quot;:&quot;3&quot;,&quot;bm_grid_columns_tablet&quot;:&quot;2&quot;,&quot;bm_grid_columns_mobile&quot;:&quot;1&quot;,&quot;post_card_grid_gap&quot;:{&quot;unit&quot;:&quot;px&quot;,&quot;size&quot;:10,&quot;sizes&quot;:[]},&quot;post_card_row_gap&quot;:{&quot;unit&quot;:&quot;px&quot;,&quot;size&quot;:35,&quot;sizes&quot;:[]}}\" data-widget_type=\"blogmentor_blog_posts.default\">\n\t\t\t\t<div class=\"elementor-widget-container\">\n\t\t\t\t\t\t\t\n\t\t\t\t\t\t\t\t<div class=\"bm-blog-posts-wrapper\" >\n\t\t\t\t\t\t\t<div class=\"bm-blog-posts bm-display-grid elementor-grid elementor-grid-3\" >\n\t\t\t\t    <article id=\"post-5848\" class=\"item bm_layout post-5848 post type-post status-publish format-standard has-post-thumbnail hentry category-n-72 tag-abraham-leonardo-gak tag-editorial tag-pueblos-indigenas tag-pueblos-originarios\">\n\t\t<div class=\"bm-blog-post-image entry-post-image\">\n\t\t\t<div class=\"bm-post-image clearfix bm-hover-effect bm-hover-effect-blur\">\n\t\t\t\t<img decoding=\"async\" width=\"640\" height=\"492\" src=\"https:\/\/www.economicas.uba.ar\/extension\/vocesenelfenix\/wp-content\/uploads\/7200-Gak.jpg\" class=\"attachment-large size-large wp-post-image\" alt=\"\" srcset=\"https:\/\/www.economicas.uba.ar\/extension\/vocesenelfenix\/wp-content\/uploads\/7200-Gak.jpg 1080w, https:\/\/www.economicas.uba.ar\/extension\/vocesenelfenix\/wp-content\/uploads\/7200-Gak-300x231.jpg 300w, https:\/\/www.economicas.uba.ar\/extension\/vocesenelfenix\/wp-content\/uploads\/7200-Gak-768x591.jpg 768w\" sizes=\"(max-width: 640px) 100vw, 640px\" \/>\t\t\t<\/div>\n\t\t<\/div>\n        <div class=\"bm-blog-post-content bm_content_box\">\n            <h4 class=\"entry-post-title bm_title\"><a href=\"https:\/\/www.economicas.uba.ar\/extension\/vocesenelfenix\/pueblos-originarios-derechos-sociales-cultura-y-territorio\/\" rel=\"bookmark\">Editorial: Pueblos originarios. Derechos sociales, cultura y territorio<\/a><\/h4>            <div class=\"bm-blog-post-meta entry-post-meta bm_meta\">\n                            <\/div>\n            <div class=\"entry-post-content bm_content\">\n                | Por Abraham Leonardo Gak |            <\/div>\n        <\/div>\n    <\/article>\n    <article id=\"post-5857\" class=\"item bm_layout post-5857 post type-post status-publish format-standard has-post-thumbnail hentry category-n-72 tag-axel-lazzari tag-pueblos-indigenas tag-pueblos-originarios tag-violencia-estatal\">\n\t\t<div class=\"bm-blog-post-image entry-post-image\">\n\t\t\t<div class=\"bm-post-image clearfix bm-hover-effect bm-hover-effect-blur\">\n\t\t\t\t<img decoding=\"async\" width=\"640\" height=\"431\" src=\"https:\/\/www.economicas.uba.ar\/extension\/vocesenelfenix\/wp-content\/uploads\/7201-Lazzari1.jpg\" class=\"attachment-large size-large wp-post-image\" alt=\"\" srcset=\"https:\/\/www.economicas.uba.ar\/extension\/vocesenelfenix\/wp-content\/uploads\/7201-Lazzari1.jpg 1080w, https:\/\/www.economicas.uba.ar\/extension\/vocesenelfenix\/wp-content\/uploads\/7201-Lazzari1-300x202.jpg 300w, https:\/\/www.economicas.uba.ar\/extension\/vocesenelfenix\/wp-content\/uploads\/7201-Lazzari1-768x517.jpg 768w\" sizes=\"(max-width: 640px) 100vw, 640px\" \/>\t\t\t<\/div>\n\t\t<\/div>\n        <div class=\"bm-blog-post-content bm_content_box\">\n            <h4 class=\"entry-post-title bm_title\"><a href=\"https:\/\/www.economicas.uba.ar\/extension\/vocesenelfenix\/presentacion-variaciones-sobre-la-politicidad-de-lo-indigena-en-la-nueva-coyuntura\/\" rel=\"bookmark\">Presentaci\u00f3n: variaciones sobre la politicidad de lo ind\u00edgena en la nueva coyuntura<\/a><\/h4>            <div class=\"bm-blog-post-meta entry-post-meta bm_meta\">\n                            <\/div>\n            <div class=\"entry-post-content bm_content\">\n                | Por Axel Lazzari | En un marco de recrudecimiento de la violencia estatal-nacional y de regresividad en cuanto a derechos y ciudadan\u00eda, proponemos aqu\u00ed una serie de reflexiones acerca <div><a href=\"https:\/\/www.economicas.uba.ar\/extension\/vocesenelfenix\/presentacion-variaciones-sobre-la-politicidad-de-lo-indigena-en-la-nueva-coyuntura\/\" rel=\"bookmark\" class=\"bm-read-more entry-read-more\">M\u00e1s \u00bb<\/a><div>            <\/div>\n        <\/div>\n    <\/article>\n    <article id=\"post-5863\" class=\"item bm_layout post-5863 post type-post status-publish format-standard has-post-thumbnail hentry category-n-72 tag-axel-lazzari tag-cultura tag-derechos tag-pueblos-indigenas tag-pueblos-originarios tag-violencia-estatal\">\n\t\t<div class=\"bm-blog-post-image entry-post-image\">\n\t\t\t<div class=\"bm-post-image clearfix bm-hover-effect bm-hover-effect-blur\">\n\t\t\t\t<img loading=\"lazy\" decoding=\"async\" width=\"640\" height=\"534\" src=\"https:\/\/www.economicas.uba.ar\/extension\/vocesenelfenix\/wp-content\/uploads\/7202-Lazzari2.jpg\" class=\"attachment-large size-large wp-post-image\" alt=\"\" srcset=\"https:\/\/www.economicas.uba.ar\/extension\/vocesenelfenix\/wp-content\/uploads\/7202-Lazzari2.jpg 1080w, https:\/\/www.economicas.uba.ar\/extension\/vocesenelfenix\/wp-content\/uploads\/7202-Lazzari2-300x250.jpg 300w, https:\/\/www.economicas.uba.ar\/extension\/vocesenelfenix\/wp-content\/uploads\/7202-Lazzari2-768x641.jpg 768w\" sizes=\"(max-width: 640px) 100vw, 640px\" \/>\t\t\t<\/div>\n\t\t<\/div>\n        <div class=\"bm-blog-post-content bm_content_box\">\n            <h4 class=\"entry-post-title bm_title\"><a href=\"https:\/\/www.economicas.uba.ar\/extension\/vocesenelfenix\/la-reemergencia-indigena-en-la-argentina-coordenadas-y-horizontes\/\" rel=\"bookmark\">La reemergencia ind\u00edgena en la Argentina: coordenadas y horizontes<\/a><\/h4>            <div class=\"bm-blog-post-meta entry-post-meta bm_meta\">\n                            <\/div>\n            <div class=\"entry-post-content bm_content\">\n                | Por Axel Lazzari | Partiendo desde la tradicional concepci\u00f3n de \u201clo indio\u201d como parte subordinada y asimilable en el pueblo, este nuevo fen\u00f3meno pol\u00edtico y cultural busca concebir \u201clo <div><a href=\"https:\/\/www.economicas.uba.ar\/extension\/vocesenelfenix\/la-reemergencia-indigena-en-la-argentina-coordenadas-y-horizontes\/\" rel=\"bookmark\" class=\"bm-read-more entry-read-more\">M\u00e1s \u00bb<\/a><div>            <\/div>\n        <\/div>\n    <\/article>\n    <article id=\"post-5871\" class=\"item bm_layout post-5871 post type-post status-publish format-standard has-post-thumbnail hentry category-n-72 tag-andrea-villagran tag-cecilia-castellanos tag-diaguitas tag-lorena-rodriguez tag-maria-victoria-sabio-collado tag-paula-lanusse tag-pueblos-indigenas tag-pueblos-originarios tag-valles-calchaquies\">\n\t\t<div class=\"bm-blog-post-image entry-post-image\">\n\t\t\t<div class=\"bm-post-image clearfix bm-hover-effect bm-hover-effect-blur\">\n\t\t\t\t<img loading=\"lazy\" decoding=\"async\" width=\"640\" height=\"479\" src=\"https:\/\/www.economicas.uba.ar\/extension\/vocesenelfenix\/wp-content\/uploads\/7203-Castellanos2.jpg\" class=\"attachment-large size-large wp-post-image\" alt=\"\" srcset=\"https:\/\/www.economicas.uba.ar\/extension\/vocesenelfenix\/wp-content\/uploads\/7203-Castellanos2.jpg 1080w, https:\/\/www.economicas.uba.ar\/extension\/vocesenelfenix\/wp-content\/uploads\/7203-Castellanos2-300x225.jpg 300w, https:\/\/www.economicas.uba.ar\/extension\/vocesenelfenix\/wp-content\/uploads\/7203-Castellanos2-768x575.jpg 768w\" sizes=\"(max-width: 640px) 100vw, 640px\" \/>\t\t\t<\/div>\n\t\t<\/div>\n        <div class=\"bm-blog-post-content bm_content_box\">\n            <h4 class=\"entry-post-title bm_title\"><a href=\"https:\/\/www.economicas.uba.ar\/extension\/vocesenelfenix\/los-valles-calchaquies-y-los-diaguitas-procesos-historicos-desigualdades-y-disputas-identitarias\/\" rel=\"bookmark\">Los Valles Calchaqu\u00edes y los diaguitas: procesos hist\u00f3ricos, desigualdades y disputas identitarias<\/a><\/h4>            <div class=\"bm-blog-post-meta entry-post-meta bm_meta\">\n                            <\/div>\n            <div class=\"entry-post-content bm_content\">\n                | Por Cecilia Castellanos, Paula Lanusse, Lorena Rodr\u00edguez, Mar\u00eda Victoria Sabio Collado y Andrea Villagr\u00e1n | Recientemente, desde un medio nacional masivo se acus\u00f3 de impostura a los colectivos protagonistas <div><a href=\"https:\/\/www.economicas.uba.ar\/extension\/vocesenelfenix\/los-valles-calchaquies-y-los-diaguitas-procesos-historicos-desigualdades-y-disputas-identitarias\/\" rel=\"bookmark\" class=\"bm-read-more entry-read-more\">M\u00e1s \u00bb<\/a><div>            <\/div>\n        <\/div>\n    <\/article>\n    <article id=\"post-5878\" class=\"item bm_layout post-5878 post type-post status-publish format-standard has-post-thumbnail hentry category-n-72 tag-comunidad-comechingona-pueblo-de-la-toma tag-debora-ferreyra tag-marianela-stagnaro tag-pueblos-indigenas tag-pueblos-originarios\">\n\t\t<div class=\"bm-blog-post-image entry-post-image\">\n\t\t\t<div class=\"bm-post-image clearfix bm-hover-effect bm-hover-effect-blur\">\n\t\t\t\t<img loading=\"lazy\" decoding=\"async\" width=\"640\" height=\"435\" src=\"https:\/\/www.economicas.uba.ar\/extension\/vocesenelfenix\/wp-content\/uploads\/7204-Ferreyra2.jpg\" class=\"attachment-large size-large wp-post-image\" alt=\"\" srcset=\"https:\/\/www.economicas.uba.ar\/extension\/vocesenelfenix\/wp-content\/uploads\/7204-Ferreyra2.jpg 1080w, https:\/\/www.economicas.uba.ar\/extension\/vocesenelfenix\/wp-content\/uploads\/7204-Ferreyra2-300x204.jpg 300w, https:\/\/www.economicas.uba.ar\/extension\/vocesenelfenix\/wp-content\/uploads\/7204-Ferreyra2-768x522.jpg 768w\" sizes=\"(max-width: 640px) 100vw, 640px\" \/>\t\t\t<\/div>\n\t\t<\/div>\n        <div class=\"bm-blog-post-content bm_content_box\">\n            <h4 class=\"entry-post-title bm_title\"><a href=\"https:\/\/www.economicas.uba.ar\/extension\/vocesenelfenix\/un-reclamo-indigena-en-la-ciudad-de-cordoba-la-casona-camichingona-de-la-toma\/\" rel=\"bookmark\">Un reclamo ind\u00edgena en la ciudad de C\u00f3rdoba: la casona camichingona de La Toma<\/a><\/h4>            <div class=\"bm-blog-post-meta entry-post-meta bm_meta\">\n                            <\/div>\n            <div class=\"entry-post-content bm_content\">\n                | Por D\u00e9bora Ferreyra y Marianela Stagnaro | El conflicto en torno a un pedido de restituci\u00f3n territorial en el actual Barrio Alberdi evidencia algunas de las dificultades que enfrentan <div><a href=\"https:\/\/www.economicas.uba.ar\/extension\/vocesenelfenix\/un-reclamo-indigena-en-la-ciudad-de-cordoba-la-casona-camichingona-de-la-toma\/\" rel=\"bookmark\" class=\"bm-read-more entry-read-more\">M\u00e1s \u00bb<\/a><div>            <\/div>\n        <\/div>\n    <\/article>\n    <article id=\"post-5884\" class=\"item bm_layout post-5884 post type-post status-publish format-standard has-post-thumbnail hentry category-n-72 tag-carolina-crespo tag-pueblos-indigenas tag-pueblos-originarios tag-violencias\">\n\t\t<div class=\"bm-blog-post-image entry-post-image\">\n\t\t\t<div class=\"bm-post-image clearfix bm-hover-effect bm-hover-effect-blur\">\n\t\t\t\t<img loading=\"lazy\" decoding=\"async\" width=\"640\" height=\"462\" src=\"https:\/\/www.economicas.uba.ar\/extension\/vocesenelfenix\/wp-content\/uploads\/7205-Crespo2.jpg\" class=\"attachment-large size-large wp-post-image\" alt=\"\" srcset=\"https:\/\/www.economicas.uba.ar\/extension\/vocesenelfenix\/wp-content\/uploads\/7205-Crespo2.jpg 1080w, https:\/\/www.economicas.uba.ar\/extension\/vocesenelfenix\/wp-content\/uploads\/7205-Crespo2-300x217.jpg 300w, https:\/\/www.economicas.uba.ar\/extension\/vocesenelfenix\/wp-content\/uploads\/7205-Crespo2-768x555.jpg 768w, https:\/\/www.economicas.uba.ar\/extension\/vocesenelfenix\/wp-content\/uploads\/7205-Crespo2-183x132.jpg 183w\" sizes=\"(max-width: 640px) 100vw, 640px\" \/>\t\t\t<\/div>\n\t\t<\/div>\n        <div class=\"bm-blog-post-content bm_content_box\">\n            <h4 class=\"entry-post-title bm_title\"><a href=\"https:\/\/www.economicas.uba.ar\/extension\/vocesenelfenix\/estamos-vivos-patrimonio-fragmentaciones-y-heridas-abiertas\/\" rel=\"bookmark\">\u201cEstamos vivos\u201d. Patrimonio, fragmentaciones y heridas abiertas<\/a><\/h4>            <div class=\"bm-blog-post-meta entry-post-meta bm_meta\">\n                            <\/div>\n            <div class=\"entry-post-content bm_content\">\n                | Por Carolina Crespo | El reclamo pol\u00edtico de los pueblos originarios no se limita a la restituci\u00f3n. Tambi\u00e9n denuncia el ejercicio de violencia f\u00edsica, moral y epist\u00e9mica que signific\u00f3 <div><a href=\"https:\/\/www.economicas.uba.ar\/extension\/vocesenelfenix\/estamos-vivos-patrimonio-fragmentaciones-y-heridas-abiertas\/\" rel=\"bookmark\" class=\"bm-read-more entry-read-more\">M\u00e1s \u00bb<\/a><div>            <\/div>\n        <\/div>\n    <\/article>\n    <article id=\"post-5890\" class=\"item bm_layout post-5890 post type-post status-publish format-standard has-post-thumbnail hentry category-n-72 tag-fundacion-napalpi tag-malvinas tag-pedro-munaretto tag-pueblos-indigenas tag-pueblos-originarios tag-qom\">\n\t\t<div class=\"bm-blog-post-image entry-post-image\">\n\t\t\t<div class=\"bm-post-image clearfix bm-hover-effect bm-hover-effect-blur\">\n\t\t\t\t<img loading=\"lazy\" decoding=\"async\" width=\"640\" height=\"403\" src=\"https:\/\/www.economicas.uba.ar\/extension\/vocesenelfenix\/wp-content\/uploads\/7206-Munaretto2.jpg\" class=\"attachment-large size-large wp-post-image\" alt=\"\" srcset=\"https:\/\/www.economicas.uba.ar\/extension\/vocesenelfenix\/wp-content\/uploads\/7206-Munaretto2.jpg 1080w, https:\/\/www.economicas.uba.ar\/extension\/vocesenelfenix\/wp-content\/uploads\/7206-Munaretto2-300x189.jpg 300w, https:\/\/www.economicas.uba.ar\/extension\/vocesenelfenix\/wp-content\/uploads\/7206-Munaretto2-768x484.jpg 768w\" sizes=\"(max-width: 640px) 100vw, 640px\" \/>\t\t\t<\/div>\n\t\t<\/div>\n        <div class=\"bm-blog-post-content bm_content_box\">\n            <h4 class=\"entry-post-title bm_title\"><a href=\"https:\/\/www.economicas.uba.ar\/extension\/vocesenelfenix\/malvinas-indigenas-entrevista-a-juan-chico-de-la-fundacion-napalpi-sobre-el-trabajo-de-visibilizacion-de-los-qom-durante-la-guerra-de-1982\/\" rel=\"bookmark\">Malvinas ind\u00edgenas. Entrevista a Juan Chico, de la Fundaci\u00f3n Napalp\u00ed, sobre el trabajo de visibilizaci\u00f3n de los qom durante la guerra de 1982<\/a><\/h4>            <div class=\"bm-blog-post-meta entry-post-meta bm_meta\">\n                            <\/div>\n            <div class=\"entry-post-content bm_content\">\n                | Por Pedro Munaretto | El historiador y militante qom aporta una voz novedosa, que resignifica y ampl\u00eda la mirada sobre el conflicto b\u00e9lico del Atl\u00e1ntico Sur, para incluir la <div><a href=\"https:\/\/www.economicas.uba.ar\/extension\/vocesenelfenix\/malvinas-indigenas-entrevista-a-juan-chico-de-la-fundacion-napalpi-sobre-el-trabajo-de-visibilizacion-de-los-qom-durante-la-guerra-de-1982\/\" rel=\"bookmark\" class=\"bm-read-more entry-read-more\">M\u00e1s \u00bb<\/a><div>            <\/div>\n        <\/div>\n    <\/article>\n    <article id=\"post-5897\" class=\"item bm_layout post-5897 post type-post status-publish format-standard has-post-thumbnail hentry category-n-72 tag-carlos-masotta tag-cultura tag-dominio-colonial tag-pueblos-indigenas tag-pueblos-originarios\">\n\t\t<div class=\"bm-blog-post-image entry-post-image\">\n\t\t\t<div class=\"bm-post-image clearfix bm-hover-effect bm-hover-effect-blur\">\n\t\t\t\t<img loading=\"lazy\" decoding=\"async\" width=\"640\" height=\"432\" src=\"https:\/\/www.economicas.uba.ar\/extension\/vocesenelfenix\/wp-content\/uploads\/7207-Masotta2.jpg\" class=\"attachment-large size-large wp-post-image\" alt=\"\" srcset=\"https:\/\/www.economicas.uba.ar\/extension\/vocesenelfenix\/wp-content\/uploads\/7207-Masotta2.jpg 1080w, https:\/\/www.economicas.uba.ar\/extension\/vocesenelfenix\/wp-content\/uploads\/7207-Masotta2-300x203.jpg 300w, https:\/\/www.economicas.uba.ar\/extension\/vocesenelfenix\/wp-content\/uploads\/7207-Masotta2-768x518.jpg 768w\" sizes=\"(max-width: 640px) 100vw, 640px\" \/>\t\t\t<\/div>\n\t\t<\/div>\n        <div class=\"bm-blog-post-content bm_content_box\">\n            <h4 class=\"entry-post-title bm_title\"><a href=\"https:\/\/www.economicas.uba.ar\/extension\/vocesenelfenix\/represion-imagenes-y-silencios\/\" rel=\"bookmark\">Represi\u00f3n, im\u00e1genes y silencios<\/a><\/h4>            <div class=\"bm-blog-post-meta entry-post-meta bm_meta\">\n                            <\/div>\n            <div class=\"entry-post-content bm_content\">\n                | Por Carlos Masotta | El \u201celogio negativo\u201d es una t\u00e1ctica de dominio colonial que crea una imagen ex\u00f3tica del grupo oprimido para ensalzarla y, en esa misma operaci\u00f3n, declararla <div><a href=\"https:\/\/www.economicas.uba.ar\/extension\/vocesenelfenix\/represion-imagenes-y-silencios\/\" rel=\"bookmark\" class=\"bm-read-more entry-read-more\">M\u00e1s \u00bb<\/a><div>            <\/div>\n        <\/div>\n    <\/article>\n    <article id=\"post-5903\" class=\"item bm_layout post-5903 post type-post status-publish format-standard has-post-thumbnail hentry category-n-72 tag-ceferino tag-celina-san-martin tag-pueblos-indigenas tag-pueblos-originarios tag-violencias\">\n\t\t<div class=\"bm-blog-post-image entry-post-image\">\n\t\t\t<div class=\"bm-post-image clearfix bm-hover-effect bm-hover-effect-blur\">\n\t\t\t\t<img loading=\"lazy\" decoding=\"async\" width=\"640\" height=\"480\" src=\"https:\/\/www.economicas.uba.ar\/extension\/vocesenelfenix\/wp-content\/uploads\/7208-San-Martin2.jpg\" class=\"attachment-large size-large wp-post-image\" alt=\"\" srcset=\"https:\/\/www.economicas.uba.ar\/extension\/vocesenelfenix\/wp-content\/uploads\/7208-San-Martin2.jpg 1080w, https:\/\/www.economicas.uba.ar\/extension\/vocesenelfenix\/wp-content\/uploads\/7208-San-Martin2-300x225.jpg 300w, https:\/\/www.economicas.uba.ar\/extension\/vocesenelfenix\/wp-content\/uploads\/7208-San-Martin2-768x576.jpg 768w\" sizes=\"(max-width: 640px) 100vw, 640px\" \/>\t\t\t<\/div>\n\t\t<\/div>\n        <div class=\"bm-blog-post-content bm_content_box\">\n            <h4 class=\"entry-post-title bm_title\"><a href=\"https:\/\/www.economicas.uba.ar\/extension\/vocesenelfenix\/ceferino-el-sustituto\/\" rel=\"bookmark\">Ceferino, el sustituto<\/a><\/h4>            <div class=\"bm-blog-post-meta entry-post-meta bm_meta\">\n                            <\/div>\n            <div class=\"entry-post-content bm_content\">\n                | Por Celina San Mart\u00edn | A partir de la figura del santo, la autora se pregunta por lo que qued\u00f3 \u201cafuera\u201d, invisibilizado tras una imagen construida sobre operaciones de <div><a href=\"https:\/\/www.economicas.uba.ar\/extension\/vocesenelfenix\/ceferino-el-sustituto\/\" rel=\"bookmark\" class=\"bm-read-more entry-read-more\">M\u00e1s \u00bb<\/a><div>            <\/div>\n        <\/div>\n    <\/article>\n    <article id=\"post-5945\" class=\"item bm_layout post-5945 post type-post status-publish format-standard has-post-thumbnail hentry category-n-72 tag-extractivismo tag-inclusion tag-mercedes-biocca tag-pueblos-indigenas tag-pueblos-originarios tag-qom\">\n\t\t<div class=\"bm-blog-post-image entry-post-image\">\n\t\t\t<div class=\"bm-post-image clearfix bm-hover-effect bm-hover-effect-blur\">\n\t\t\t\t<img loading=\"lazy\" decoding=\"async\" width=\"640\" height=\"367\" src=\"https:\/\/www.economicas.uba.ar\/extension\/vocesenelfenix\/wp-content\/uploads\/7209-Biocca2.jpg\" class=\"attachment-large size-large wp-post-image\" alt=\"\" srcset=\"https:\/\/www.economicas.uba.ar\/extension\/vocesenelfenix\/wp-content\/uploads\/7209-Biocca2.jpg 1080w, https:\/\/www.economicas.uba.ar\/extension\/vocesenelfenix\/wp-content\/uploads\/7209-Biocca2-300x172.jpg 300w, https:\/\/www.economicas.uba.ar\/extension\/vocesenelfenix\/wp-content\/uploads\/7209-Biocca2-768x440.jpg 768w\" sizes=\"(max-width: 640px) 100vw, 640px\" \/>\t\t\t<\/div>\n\t\t<\/div>\n        <div class=\"bm-blog-post-content bm_content_box\">\n            <h4 class=\"entry-post-title bm_title\"><a href=\"https:\/\/www.economicas.uba.ar\/extension\/vocesenelfenix\/entre-la-inclusion-y-la-exclusion-experiencias-en-una-comunidad-rural-qom-durante-la-argentina-posneoliberal\/\" rel=\"bookmark\">Entre la inclusi\u00f3n y la exclusi\u00f3n. Experiencias en una comunidad rural qom durante la Argentina posneoliberal<\/a><\/h4>            <div class=\"bm-blog-post-meta entry-post-meta bm_meta\">\n                            <\/div>\n            <div class=\"entry-post-content bm_content\">\n                | Por Mercedes Biocca | Durante el kirchnerismo, la orientaci\u00f3n hacia una mayor inclusi\u00f3n de los pueblos originarios coincidi\u00f3 con la consolidaci\u00f3n del modelo extractivista ligado al avance del agronegocio. <div><a href=\"https:\/\/www.economicas.uba.ar\/extension\/vocesenelfenix\/entre-la-inclusion-y-la-exclusion-experiencias-en-una-comunidad-rural-qom-durante-la-argentina-posneoliberal\/\" rel=\"bookmark\" class=\"bm-read-more entry-read-more\">M\u00e1s \u00bb<\/a><div>            <\/div>\n        <\/div>\n    <\/article>\n    <article id=\"post-5959\" class=\"item bm_layout post-5959 post type-post status-publish format-standard has-post-thumbnail hentry category-n-72 tag-eduardo-soria tag-guaranies tag-natalia-castelnuovo-biraben tag-politicas-de-desarrollo tag-pueblos-indigenas tag-pueblos-originarios\">\n\t\t<div class=\"bm-blog-post-image entry-post-image\">\n\t\t\t<div class=\"bm-post-image clearfix bm-hover-effect bm-hover-effect-blur\">\n\t\t\t\t<img loading=\"lazy\" decoding=\"async\" width=\"640\" height=\"503\" src=\"https:\/\/www.economicas.uba.ar\/extension\/vocesenelfenix\/wp-content\/uploads\/7210-Castelnuovo2.jpg\" class=\"attachment-large size-large wp-post-image\" alt=\"\" srcset=\"https:\/\/www.economicas.uba.ar\/extension\/vocesenelfenix\/wp-content\/uploads\/7210-Castelnuovo2.jpg 1080w, https:\/\/www.economicas.uba.ar\/extension\/vocesenelfenix\/wp-content\/uploads\/7210-Castelnuovo2-300x236.jpg 300w, https:\/\/www.economicas.uba.ar\/extension\/vocesenelfenix\/wp-content\/uploads\/7210-Castelnuovo2-768x603.jpg 768w\" sizes=\"(max-width: 640px) 100vw, 640px\" \/>\t\t\t<\/div>\n\t\t<\/div>\n        <div class=\"bm-blog-post-content bm_content_box\">\n            <h4 class=\"entry-post-title bm_title\"><a href=\"https:\/\/www.economicas.uba.ar\/extension\/vocesenelfenix\/una-mirada-sobre-la-relacion-entre-las-politicas-de-desarrollo-y-los-pueblos-indigenas-en-el-norte-argentino\/\" rel=\"bookmark\">Una mirada sobre la relaci\u00f3n entre las pol\u00edticas de desarrollo y los pueblos ind\u00edgenas en el norte argentino<\/a><\/h4>            <div class=\"bm-blog-post-meta entry-post-meta bm_meta\">\n                            <\/div>\n            <div class=\"entry-post-content bm_content\">\n                | Por Natalia Castelnuovo Biraben y Eduardo Soria | A contramano de las miradas que las consideran objeto de caridad, diversas comunidades guaran\u00edes de Salta y Jujuy se implicaron en <div><a href=\"https:\/\/www.economicas.uba.ar\/extension\/vocesenelfenix\/una-mirada-sobre-la-relacion-entre-las-politicas-de-desarrollo-y-los-pueblos-indigenas-en-el-norte-argentino\/\" rel=\"bookmark\" class=\"bm-read-more entry-read-more\">M\u00e1s \u00bb<\/a><div>            <\/div>\n        <\/div>\n    <\/article>\n    <article id=\"post-5965\" class=\"item bm_layout post-5965 post type-post status-publish format-standard has-post-thumbnail hentry category-n-72 tag-ana-margarita-ramos tag-estigmatizacion tag-mapuche tag-pueblos-indigenas tag-pueblos-originarios tag-violencias\">\n\t\t<div class=\"bm-blog-post-image entry-post-image\">\n\t\t\t<div class=\"bm-post-image clearfix bm-hover-effect bm-hover-effect-blur\">\n\t\t\t\t<img loading=\"lazy\" decoding=\"async\" width=\"640\" height=\"418\" src=\"https:\/\/www.economicas.uba.ar\/extension\/vocesenelfenix\/wp-content\/uploads\/7211-Ramos.jpg\" class=\"attachment-large size-large wp-post-image\" alt=\"\" srcset=\"https:\/\/www.economicas.uba.ar\/extension\/vocesenelfenix\/wp-content\/uploads\/7211-Ramos.jpg 1080w, https:\/\/www.economicas.uba.ar\/extension\/vocesenelfenix\/wp-content\/uploads\/7211-Ramos-300x196.jpg 300w, https:\/\/www.economicas.uba.ar\/extension\/vocesenelfenix\/wp-content\/uploads\/7211-Ramos-768x501.jpg 768w\" sizes=\"(max-width: 640px) 100vw, 640px\" \/>\t\t\t<\/div>\n\t\t<\/div>\n        <div class=\"bm-blog-post-content bm_content_box\">\n            <h4 class=\"entry-post-title bm_title\"><a href=\"https:\/\/www.economicas.uba.ar\/extension\/vocesenelfenix\/contrapuntos-mapuche-del-ejercicio-politico\/\" rel=\"bookmark\">Contrapuntos mapuche del ejercicio pol\u00edtico<\/a><\/h4>            <div class=\"bm-blog-post-meta entry-post-meta bm_meta\">\n                            <\/div>\n            <div class=\"entry-post-content bm_content\">\n                | Por Ana Margarita Ramos | Desde la cosmovisi\u00f3n mapuche, la recuperaci\u00f3n de tierras ancestrales es una pr\u00e1ctica leg\u00edtima, que cuestiona consensos naturalizados en la visi\u00f3n occidental. Al responderles con <div><a href=\"https:\/\/www.economicas.uba.ar\/extension\/vocesenelfenix\/contrapuntos-mapuche-del-ejercicio-politico\/\" rel=\"bookmark\" class=\"bm-read-more entry-read-more\">M\u00e1s \u00bb<\/a><div>            <\/div>\n        <\/div>\n    <\/article>\n    <article id=\"post-5972\" class=\"item bm_layout post-5972 post type-post status-publish format-standard has-post-thumbnail hentry category-n-72 tag-cesar-ceriani-cernadas tag-practicas-religiosas tag-pueblos-indigenas tag-pueblos-originarios tag-resistencia\">\n\t\t<div class=\"bm-blog-post-image entry-post-image\">\n\t\t\t<div class=\"bm-post-image clearfix bm-hover-effect bm-hover-effect-blur\">\n\t\t\t\t<img loading=\"lazy\" decoding=\"async\" width=\"640\" height=\"432\" src=\"https:\/\/www.economicas.uba.ar\/extension\/vocesenelfenix\/wp-content\/uploads\/7212-Ceriani2.jpg\" class=\"attachment-large size-large wp-post-image\" alt=\"\" srcset=\"https:\/\/www.economicas.uba.ar\/extension\/vocesenelfenix\/wp-content\/uploads\/7212-Ceriani2.jpg 1080w, https:\/\/www.economicas.uba.ar\/extension\/vocesenelfenix\/wp-content\/uploads\/7212-Ceriani2-300x203.jpg 300w, https:\/\/www.economicas.uba.ar\/extension\/vocesenelfenix\/wp-content\/uploads\/7212-Ceriani2-768x518.jpg 768w\" sizes=\"(max-width: 640px) 100vw, 640px\" \/>\t\t\t<\/div>\n\t\t<\/div>\n        <div class=\"bm-blog-post-content bm_content_box\">\n            <h4 class=\"entry-post-title bm_title\"><a href=\"https:\/\/www.economicas.uba.ar\/extension\/vocesenelfenix\/espiritualidad-ancestralidad-y-territorio-tramas-de-las-religiosidades-indigenas\/\" rel=\"bookmark\">Espiritualidad, ancestralidad y territorio: tramas de las religiosidades ind\u00edgenas<\/a><\/h4>            <div class=\"bm-blog-post-meta entry-post-meta bm_meta\">\n                            <\/div>\n            <div class=\"entry-post-content bm_content\">\n                | Por C\u00e9sar Ceriani Cernadas | Un panorama de las creencias y pr\u00e1cticas religiosas de los pueblos originarios de nuestro pa\u00eds desaf\u00eda los enfoques simplistas y los reduccionismos. Presencia misionera, <div><a href=\"https:\/\/www.economicas.uba.ar\/extension\/vocesenelfenix\/espiritualidad-ancestralidad-y-territorio-tramas-de-las-religiosidades-indigenas\/\" rel=\"bookmark\" class=\"bm-read-more entry-read-more\">M\u00e1s \u00bb<\/a><div>            <\/div>\n        <\/div>\n    <\/article>\n    <article id=\"post-5978\" class=\"item bm_layout post-5978 post type-post status-publish format-standard has-post-thumbnail hentry category-n-72 tag-ava-guarani tag-derechos tag-pia-leavy tag-pueblos-indigenas tag-pueblos-originarios tag-salud\">\n\t\t<div class=\"bm-blog-post-image entry-post-image\">\n\t\t\t<div class=\"bm-post-image clearfix bm-hover-effect bm-hover-effect-blur\">\n\t\t\t\t<img loading=\"lazy\" decoding=\"async\" width=\"640\" height=\"425\" src=\"https:\/\/www.economicas.uba.ar\/extension\/vocesenelfenix\/wp-content\/uploads\/7213-Leavy2.jpg\" class=\"attachment-large size-large wp-post-image\" alt=\"\" srcset=\"https:\/\/www.economicas.uba.ar\/extension\/vocesenelfenix\/wp-content\/uploads\/7213-Leavy2.jpg 1080w, https:\/\/www.economicas.uba.ar\/extension\/vocesenelfenix\/wp-content\/uploads\/7213-Leavy2-300x199.jpg 300w, https:\/\/www.economicas.uba.ar\/extension\/vocesenelfenix\/wp-content\/uploads\/7213-Leavy2-768x511.jpg 768w, https:\/\/www.economicas.uba.ar\/extension\/vocesenelfenix\/wp-content\/uploads\/7213-Leavy2-640x426.jpg 640w\" sizes=\"(max-width: 640px) 100vw, 640px\" \/>\t\t\t<\/div>\n\t\t<\/div>\n        <div class=\"bm-blog-post-content bm_content_box\">\n            <h4 class=\"entry-post-title bm_title\"><a href=\"https:\/\/www.economicas.uba.ar\/extension\/vocesenelfenix\/la-lucha-por-la-tierra-es-tambien-una-lucha-por-la-salud-experiencias-ava-guarani-en-oran-salta\/\" rel=\"bookmark\">\u201cLa lucha por la tierra es tambi\u00e9n una lucha por la salud\u201d: experiencias ava-guaran\u00ed en Or\u00e1n, Salta<\/a><\/h4>            <div class=\"bm-blog-post-meta entry-post-meta bm_meta\">\n                            <\/div>\n            <div class=\"entry-post-content bm_content\">\n                | Por P\u00eda Leavy | Las vulneraciones de los derechos territoriales afectan las condiciones sanitarias de las comunidades ind\u00edgenas. El desencuentro entre diversas perspectivas y un sentido com\u00fan cargado de <div><a href=\"https:\/\/www.economicas.uba.ar\/extension\/vocesenelfenix\/la-lucha-por-la-tierra-es-tambien-una-lucha-por-la-salud-experiencias-ava-guarani-en-oran-salta\/\" rel=\"bookmark\" class=\"bm-read-more entry-read-more\">M\u00e1s \u00bb<\/a><div>            <\/div>\n        <\/div>\n    <\/article>\n    <article id=\"post-5988\" class=\"item bm_layout post-5988 post type-post status-publish format-standard has-post-thumbnail hentry category-n-72 tag-justicia tag-morita-carrasco tag-pueblos-indigenas tag-pueblos-originarios tag-violencia\">\n\t\t<div class=\"bm-blog-post-image entry-post-image\">\n\t\t\t<div class=\"bm-post-image clearfix bm-hover-effect bm-hover-effect-blur\">\n\t\t\t\t<img loading=\"lazy\" decoding=\"async\" width=\"640\" height=\"435\" src=\"https:\/\/www.economicas.uba.ar\/extension\/vocesenelfenix\/wp-content\/uploads\/7214-Carrasco.jpg\" class=\"attachment-large size-large wp-post-image\" alt=\"\" srcset=\"https:\/\/www.economicas.uba.ar\/extension\/vocesenelfenix\/wp-content\/uploads\/7214-Carrasco.jpg 1080w, https:\/\/www.economicas.uba.ar\/extension\/vocesenelfenix\/wp-content\/uploads\/7214-Carrasco-300x204.jpg 300w, https:\/\/www.economicas.uba.ar\/extension\/vocesenelfenix\/wp-content\/uploads\/7214-Carrasco-768x522.jpg 768w\" sizes=\"(max-width: 640px) 100vw, 640px\" \/>\t\t\t<\/div>\n\t\t<\/div>\n        <div class=\"bm-blog-post-content bm_content_box\">\n            <h4 class=\"entry-post-title bm_title\"><a href=\"https:\/\/www.economicas.uba.ar\/extension\/vocesenelfenix\/justicia-para-indigenas-cuando-el-dolor-de-los-otros-no-es-dolor\/\" rel=\"bookmark\">Justicia para ind\u00edgenas: cuando el dolor de los otros no es dolor<\/a><\/h4>            <div class=\"bm-blog-post-meta entry-post-meta bm_meta\">\n                            <\/div>\n            <div class=\"entry-post-content bm_content\">\n                | Por Morita Carrasco | El asesinato de un ni\u00f1o mbya-guaran\u00ed en una aldea del Chaco pone de relieve las dificultades que padece la comunidad en el acceso a la <div><a href=\"https:\/\/www.economicas.uba.ar\/extension\/vocesenelfenix\/justicia-para-indigenas-cuando-el-dolor-de-los-otros-no-es-dolor\/\" rel=\"bookmark\" class=\"bm-read-more entry-read-more\">M\u00e1s \u00bb<\/a><div>            <\/div>\n        <\/div>\n    <\/article>\n    <article id=\"post-5994\" class=\"item bm_layout post-5994 post type-post status-publish format-standard has-post-thumbnail hentry category-n-72 tag-anabella-veronica-denuncio tag-derechos-colectivos tag-mujeres tag-pueblos-indigenas tag-pueblos-originarios tag-qom tag-violencias-de-genero\">\n\t\t<div class=\"bm-blog-post-image entry-post-image\">\n\t\t\t<div class=\"bm-post-image clearfix bm-hover-effect bm-hover-effect-blur\">\n\t\t\t\t<img loading=\"lazy\" decoding=\"async\" width=\"640\" height=\"178\" src=\"https:\/\/www.economicas.uba.ar\/extension\/vocesenelfenix\/wp-content\/uploads\/7215-Denuncio2.jpg\" class=\"attachment-large size-large wp-post-image\" alt=\"\" srcset=\"https:\/\/www.economicas.uba.ar\/extension\/vocesenelfenix\/wp-content\/uploads\/7215-Denuncio2.jpg 1080w, https:\/\/www.economicas.uba.ar\/extension\/vocesenelfenix\/wp-content\/uploads\/7215-Denuncio2-300x83.jpg 300w, https:\/\/www.economicas.uba.ar\/extension\/vocesenelfenix\/wp-content\/uploads\/7215-Denuncio2-768x213.jpg 768w\" sizes=\"(max-width: 640px) 100vw, 640px\" \/>\t\t\t<\/div>\n\t\t<\/div>\n        <div class=\"bm-blog-post-content bm_content_box\">\n            <h4 class=\"entry-post-title bm_title\"><a href=\"https:\/\/www.economicas.uba.ar\/extension\/vocesenelfenix\/mujeres-indigenas-desafiando-violencias-de-genero-desde-adentro-y-desde-afuera\/\" rel=\"bookmark\">Mujeres ind\u00edgenas: desafiando violencias de g\u00e9nero \u201cdesde adentro\u201d y \u201cdesde afuera\u201d<\/a><\/h4>            <div class=\"bm-blog-post-meta entry-post-meta bm_meta\">\n                            <\/div>\n            <div class=\"entry-post-content bm_content\">\n                | Por Anabella Ver\u00f3nica Denuncio | A medida que se organizaban para la defensa de los derechos colectivos de sus pueblos a la diferencia \u00e9tnica y cultural, un grupo de <div><a href=\"https:\/\/www.economicas.uba.ar\/extension\/vocesenelfenix\/mujeres-indigenas-desafiando-violencias-de-genero-desde-adentro-y-desde-afuera\/\" rel=\"bookmark\" class=\"bm-read-more entry-read-more\">M\u00e1s \u00bb<\/a><div>            <\/div>\n        <\/div>\n    <\/article>\n    <article id=\"post-6001\" class=\"item bm_layout post-6001 post type-post status-publish format-standard has-post-thumbnail hentry category-n-72 tag-educacion tag-jovenes tag-pueblos-indigenas tag-pueblos-originarios tag-silvia-hirsch tag-trabajo\">\n\t\t<div class=\"bm-blog-post-image entry-post-image\">\n\t\t\t<div class=\"bm-post-image clearfix bm-hover-effect bm-hover-effect-blur\">\n\t\t\t\t<img loading=\"lazy\" decoding=\"async\" width=\"640\" height=\"452\" src=\"https:\/\/www.economicas.uba.ar\/extension\/vocesenelfenix\/wp-content\/uploads\/7216-Hirsch2.jpg\" class=\"attachment-large size-large wp-post-image\" alt=\"\" srcset=\"https:\/\/www.economicas.uba.ar\/extension\/vocesenelfenix\/wp-content\/uploads\/7216-Hirsch2.jpg 1080w, https:\/\/www.economicas.uba.ar\/extension\/vocesenelfenix\/wp-content\/uploads\/7216-Hirsch2-300x212.jpg 300w, https:\/\/www.economicas.uba.ar\/extension\/vocesenelfenix\/wp-content\/uploads\/7216-Hirsch2-768x542.jpg 768w\" sizes=\"(max-width: 640px) 100vw, 640px\" \/>\t\t\t<\/div>\n\t\t<\/div>\n        <div class=\"bm-blog-post-content bm_content_box\">\n            <h4 class=\"entry-post-title bm_title\"><a href=\"https:\/\/www.economicas.uba.ar\/extension\/vocesenelfenix\/jovenes-indigenas-y-profesionalizacion-nuevos-avances-en-las-trayectorias-educativas-y-de-insercion-laboral\/\" rel=\"bookmark\">J\u00f3venes ind\u00edgenas y profesionalizaci\u00f3n. Nuevos avances en las trayectorias educativas y de inserci\u00f3n laboral<\/a><\/h4>            <div class=\"bm-blog-post-meta entry-post-meta bm_meta\">\n                            <\/div>\n            <div class=\"entry-post-content bm_content\">\n                | Por Silvia Hirsch | La educaci\u00f3n intercultural biling\u00fce en las escuelas, mayor presencia en la escuela secundaria, el ingreso de mujeres ind\u00edgenas a la formaci\u00f3n docente y un deseo <div><a href=\"https:\/\/www.economicas.uba.ar\/extension\/vocesenelfenix\/jovenes-indigenas-y-profesionalizacion-nuevos-avances-en-las-trayectorias-educativas-y-de-insercion-laboral\/\" rel=\"bookmark\" class=\"bm-read-more entry-read-more\">M\u00e1s \u00bb<\/a><div>            <\/div>\n        <\/div>\n    <\/article>\n    <article id=\"post-6007\" class=\"item bm_layout post-6007 post type-post status-publish format-standard has-post-thumbnail hentry category-n-72 tag-adriana-serrudo tag-ley-de-educacion-nacional tag-politicas-educativas tag-pueblos-indigenas tag-pueblos-originarios\">\n\t\t<div class=\"bm-blog-post-image entry-post-image\">\n\t\t\t<div class=\"bm-post-image clearfix bm-hover-effect bm-hover-effect-blur\">\n\t\t\t\t<img loading=\"lazy\" decoding=\"async\" width=\"640\" height=\"406\" src=\"https:\/\/www.economicas.uba.ar\/extension\/vocesenelfenix\/wp-content\/uploads\/7217-Serrudo.jpg\" class=\"attachment-large size-large wp-post-image\" alt=\"\" srcset=\"https:\/\/www.economicas.uba.ar\/extension\/vocesenelfenix\/wp-content\/uploads\/7217-Serrudo.jpg 1080w, https:\/\/www.economicas.uba.ar\/extension\/vocesenelfenix\/wp-content\/uploads\/7217-Serrudo-300x190.jpg 300w, https:\/\/www.economicas.uba.ar\/extension\/vocesenelfenix\/wp-content\/uploads\/7217-Serrudo-768x487.jpg 768w\" sizes=\"(max-width: 640px) 100vw, 640px\" \/>\t\t\t<\/div>\n\t\t<\/div>\n        <div class=\"bm-blog-post-content bm_content_box\">\n            <h4 class=\"entry-post-title bm_title\"><a href=\"https:\/\/www.economicas.uba.ar\/extension\/vocesenelfenix\/pueblos-indigenas-y-politicas-educativas-articulaciones-y-debates-en-la-administracion-estatal\/\" rel=\"bookmark\">Pueblos ind\u00edgenas y pol\u00edticas educativas: articulaciones y debates en la administraci\u00f3n estatal<\/a><\/h4>            <div class=\"bm-blog-post-meta entry-post-meta bm_meta\">\n                            <\/div>\n            <div class=\"entry-post-content bm_content\">\n                | Por Adriana Serrudo | La Ley de Educaci\u00f3n Nacional (LEN) de 2006 jerarquiz\u00f3 la educaci\u00f3n intercultural biling\u00fce (EIB), que hasta entonces era un programa, como una de las ocho <div><a href=\"https:\/\/www.economicas.uba.ar\/extension\/vocesenelfenix\/pueblos-indigenas-y-politicas-educativas-articulaciones-y-debates-en-la-administracion-estatal\/\" rel=\"bookmark\" class=\"bm-read-more entry-read-more\">M\u00e1s \u00bb<\/a><div>            <\/div>\n        <\/div>\n    <\/article>\n    <article id=\"post-6019\" class=\"item bm_layout post-6019 post type-post status-publish format-standard has-post-thumbnail hentry category-n-72 tag-constitucion-de-1994 tag-dario-rodriguez-duch tag-ley-de-propiedad-comunitaria-indigena tag-pueblos-indigenas tag-pueblos-originarios\">\n\t\t<div class=\"bm-blog-post-image entry-post-image\">\n\t\t\t<div class=\"bm-post-image clearfix bm-hover-effect bm-hover-effect-blur\">\n\t\t\t\t<img loading=\"lazy\" decoding=\"async\" width=\"640\" height=\"273\" src=\"https:\/\/www.economicas.uba.ar\/extension\/vocesenelfenix\/wp-content\/uploads\/7218-Rodriguez.jpg\" class=\"attachment-large size-large wp-post-image\" alt=\"\" srcset=\"https:\/\/www.economicas.uba.ar\/extension\/vocesenelfenix\/wp-content\/uploads\/7218-Rodriguez.jpg 1080w, https:\/\/www.economicas.uba.ar\/extension\/vocesenelfenix\/wp-content\/uploads\/7218-Rodriguez-300x128.jpg 300w, https:\/\/www.economicas.uba.ar\/extension\/vocesenelfenix\/wp-content\/uploads\/7218-Rodriguez-768x327.jpg 768w\" sizes=\"(max-width: 640px) 100vw, 640px\" \/>\t\t\t<\/div>\n\t\t<\/div>\n        <div class=\"bm-blog-post-content bm_content_box\">\n            <h4 class=\"entry-post-title bm_title\"><a href=\"https:\/\/www.economicas.uba.ar\/extension\/vocesenelfenix\/el-proceso-de-consulta-para-el-tratamiento-del-proyecto-de-ley-de-propiedad-comunitaria-indigena-en-el-congreso-de-la-nacion\/\" rel=\"bookmark\">El proceso de consulta para el tratamiento del proyecto de ley de Propiedad Comunitaria Ind\u00edgena en el Congreso de la Naci\u00f3n<\/a><\/h4>            <div class=\"bm-blog-post-meta entry-post-meta bm_meta\">\n                            <\/div>\n            <div class=\"entry-post-content bm_content\">\n                | Por Dar\u00edo Rodr\u00edguez Duch | Si bien la Constituci\u00f3n de 1994 establece que el Estado debe regular esta forma de propiedad, la falta de avances en la materia agudiza <div><a href=\"https:\/\/www.economicas.uba.ar\/extension\/vocesenelfenix\/el-proceso-de-consulta-para-el-tratamiento-del-proyecto-de-ley-de-propiedad-comunitaria-indigena-en-el-congreso-de-la-nacion\/\" rel=\"bookmark\" class=\"bm-read-more entry-read-more\">M\u00e1s \u00bb<\/a><div>            <\/div>\n        <\/div>\n    <\/article>\n    <article id=\"post-6025\" class=\"item bm_layout post-6025 post type-post status-publish format-standard has-post-thumbnail hentry category-n-72 tag-constitucion-nacional tag-derecho-internacional tag-pueblos-indigenas tag-pueblos-originarios\">\n\t\t<div class=\"bm-blog-post-image entry-post-image\">\n\t\t\t<div class=\"bm-post-image clearfix bm-hover-effect bm-hover-effect-blur\">\n\t\t\t\t<img loading=\"lazy\" decoding=\"async\" width=\"640\" height=\"302\" src=\"https:\/\/www.economicas.uba.ar\/extension\/vocesenelfenix\/wp-content\/uploads\/7219-Anexo1.jpg\" class=\"attachment-large size-large wp-post-image\" alt=\"\" srcset=\"https:\/\/www.economicas.uba.ar\/extension\/vocesenelfenix\/wp-content\/uploads\/7219-Anexo1.jpg 1080w, https:\/\/www.economicas.uba.ar\/extension\/vocesenelfenix\/wp-content\/uploads\/7219-Anexo1-300x142.jpg 300w, https:\/\/www.economicas.uba.ar\/extension\/vocesenelfenix\/wp-content\/uploads\/7219-Anexo1-768x363.jpg 768w\" sizes=\"(max-width: 640px) 100vw, 640px\" \/>\t\t\t<\/div>\n\t\t<\/div>\n        <div class=\"bm-blog-post-content bm_content_box\">\n            <h4 class=\"entry-post-title bm_title\"><a href=\"https:\/\/www.economicas.uba.ar\/extension\/vocesenelfenix\/anexo-1-pueblos-indigenas-en-la-constitucion-nacional-y-en-el-derecho-internacional\/\" rel=\"bookmark\">Anexo 1. Pueblos ind\u00edgenas en la Constituci\u00f3n Nacional y en el Derecho Internacional<\/a><\/h4>            <div class=\"bm-blog-post-meta entry-post-meta bm_meta\">\n                            <\/div>\n            <div class=\"entry-post-content bm_content\">\n                Los nuevos derechos ind\u00edgenas combinan el derecho a igualarse en lo civil, social y pol\u00edtico con el de diferenciarse en lo \u00e9tnico y en lo cultural con respecto al resto <div><a href=\"https:\/\/www.economicas.uba.ar\/extension\/vocesenelfenix\/anexo-1-pueblos-indigenas-en-la-constitucion-nacional-y-en-el-derecho-internacional\/\" rel=\"bookmark\" class=\"bm-read-more entry-read-more\">M\u00e1s \u00bb<\/a><div>            <\/div>\n        <\/div>\n    <\/article>\n    <article id=\"post-6035\" class=\"item bm_layout post-6035 post type-post status-publish format-standard has-post-thumbnail hentry category-n-72 tag-censo-2010 tag-pueblos-indigenas tag-pueblos-originarios\">\n\t\t<div class=\"bm-blog-post-image entry-post-image\">\n\t\t\t<div class=\"bm-post-image clearfix bm-hover-effect bm-hover-effect-blur\">\n\t\t\t\t<img loading=\"lazy\" decoding=\"async\" width=\"640\" height=\"302\" src=\"https:\/\/www.economicas.uba.ar\/extension\/vocesenelfenix\/wp-content\/uploads\/7220-Anexo2.jpg\" class=\"attachment-large size-large wp-post-image\" alt=\"\" srcset=\"https:\/\/www.economicas.uba.ar\/extension\/vocesenelfenix\/wp-content\/uploads\/7220-Anexo2.jpg 1080w, https:\/\/www.economicas.uba.ar\/extension\/vocesenelfenix\/wp-content\/uploads\/7220-Anexo2-300x142.jpg 300w, https:\/\/www.economicas.uba.ar\/extension\/vocesenelfenix\/wp-content\/uploads\/7220-Anexo2-768x363.jpg 768w\" sizes=\"(max-width: 640px) 100vw, 640px\" \/>\t\t\t<\/div>\n\t\t<\/div>\n        <div class=\"bm-blog-post-content bm_content_box\">\n            <h4 class=\"entry-post-title bm_title\"><a href=\"https:\/\/www.economicas.uba.ar\/extension\/vocesenelfenix\/anexo-2-pueblos-indigenas-segun-el-censo-2010\/\" rel=\"bookmark\">Anexo 2. Pueblos ind\u00edgenas seg\u00fan el Censo 2010<\/a><\/h4>            <div class=\"bm-blog-post-meta entry-post-meta bm_meta\">\n                            <\/div>\n            <div class=\"entry-post-content bm_content\">\n                De acuerdo con este registro y seg\u00fan el criterio de autoidentificaci\u00f3n, la presencia de ind\u00edgenas dentro de la poblaci\u00f3n argentina llega casi a un mill\u00f3n de personas.            <\/div>\n        <\/div>\n    <\/article>\n\t\t\t\t<\/div><\/div>\n\t\t\t\t\t\t\t\t<\/div>\n\t\t\t\t<\/div>\n\t\t\t\t\t<\/div>\n\t\t<\/div>\n\t\t\t\t\t<\/div>\n\t\t<\/section>\n\t\t\t\t<section class=\"elementor-section elementor-top-section elementor-element elementor-element-93dccaf elementor-section-boxed elementor-section-height-default elementor-section-height-default\" data-id=\"93dccaf\" data-element_type=\"section\" data-e-type=\"section\" data-settings=\"{&quot;background_background&quot;:&quot;classic&quot;}\">\n\t\t\t\t\t\t<div class=\"elementor-container elementor-column-gap-default\">\n\t\t\t\t\t<div class=\"elementor-column elementor-col-100 elementor-top-column elementor-element elementor-element-d804323\" data-id=\"d804323\" data-element_type=\"column\" data-e-type=\"column\">\n\t\t\t<div class=\"elementor-widget-wrap elementor-element-populated\">\n\t\t\t\t\t\t<div class=\"elementor-element elementor-element-2563b91 elementor-widget elementor-widget-text-editor\" data-id=\"2563b91\" data-element_type=\"widget\" data-e-type=\"widget\" data-widget_type=\"text-editor.default\">\n\t\t\t\t<div class=\"elementor-widget-container\">\n\t\t\t\t\t\t\t\t\t<iframe width=\"560\" height=\"315\" src=\"https:\/\/www.youtube.com\/embed\/videoseries?list=PLeYdj9X0_ljlkrj1hoikhhDP8X2H6-Btn\" title=\"YouTube video player\" frameborder=\"0\" allow=\"accelerometer; autoplay; clipboard-write; encrypted-media; gyroscope; picture-in-picture\" allowfullscreen><\/iframe>\t\t\t\t\t\t\t\t<\/div>\n\t\t\t\t<\/div>\n\t\t\t\t\t<\/div>\n\t\t<\/div>\n\t\t\t\t\t<\/div>\n\t\t<\/section>\n\t\t\t\t<\/div>\n\t\t","protected":false},"excerpt":{"rendered":"<p>N\u00daMERO 72 TAN LEJOS, TAN CERCA. LA REEMERGENCIA IND\u00cdGENA EN LA ARGENTINA PUEBLOS ORIGINARIOS FRENTE A LA VIOLENCIA ESTATAL Y SOCIAL, LOS PUEBLOS ORIGINARIOS ENSAYAN DIVERSOS CAMINOS PARA DEFENDER SU<\/p>\n","protected":false},"author":5,"featured_media":0,"parent":0,"menu_order":0,"comment_status":"closed","ping_status":"closed","template":"","meta":{"footnotes":""},"class_list":["post-5839","page","type-page","status-publish","hentry"],"_links":{"self":[{"href":"https:\/\/www.economicas.uba.ar\/extension\/vocesenelfenix\/wp-json\/wp\/v2\/pages\/5839","targetHints":{"allow":["GET"]}}],"collection":[{"href":"https:\/\/www.economicas.uba.ar\/extension\/vocesenelfenix\/wp-json\/wp\/v2\/pages"}],"about":[{"href":"https:\/\/www.economicas.uba.ar\/extension\/vocesenelfenix\/wp-json\/wp\/v2\/types\/page"}],"author":[{"embeddable":true,"href":"https:\/\/www.economicas.uba.ar\/extension\/vocesenelfenix\/wp-json\/wp\/v2\/users\/5"}],"replies":[{"embeddable":true,"href":"https:\/\/www.economicas.uba.ar\/extension\/vocesenelfenix\/wp-json\/wp\/v2\/comments?post=5839"}],"version-history":[{"count":10,"href":"https:\/\/www.economicas.uba.ar\/extension\/vocesenelfenix\/wp-json\/wp\/v2\/pages\/5839\/revisions"}],"predecessor-version":[{"id":5856,"href":"https:\/\/www.economicas.uba.ar\/extension\/vocesenelfenix\/wp-json\/wp\/v2\/pages\/5839\/revisions\/5856"}],"wp:attachment":[{"href":"https:\/\/www.economicas.uba.ar\/extension\/vocesenelfenix\/wp-json\/wp\/v2\/media?parent=5839"}],"curies":[{"name":"wp","href":"https:\/\/api.w.org\/{rel}","templated":true}]}}