{"id":6155,"date":"2018-09-01T00:01:00","date_gmt":"2018-09-01T03:01:00","guid":{"rendered":"https:\/\/www.economicas.uba.ar\/extension\/vocesenelfenix\/?page_id=6155"},"modified":"2021-11-15T16:00:00","modified_gmt":"2021-11-15T19:00:00","slug":"numero-71","status":"publish","type":"page","link":"https:\/\/www.economicas.uba.ar\/extension\/vocesenelfenix\/numero-71\/","title":{"rendered":"N\u00famero 71"},"content":{"rendered":"\t\t<div data-elementor-type=\"wp-page\" data-elementor-id=\"6155\" class=\"elementor elementor-6155\" data-elementor-post-type=\"page\">\n\t\t\t\t\t\t<section class=\"elementor-section elementor-top-section elementor-element elementor-element-7d3a6fa elementor-section-boxed elementor-section-height-default elementor-section-height-default\" data-id=\"7d3a6fa\" data-element_type=\"section\" data-e-type=\"section\" data-settings=\"{&quot;background_background&quot;:&quot;classic&quot;}\">\n\t\t\t\t\t\t<div class=\"elementor-container elementor-column-gap-default\">\n\t\t\t\t\t<div class=\"elementor-column elementor-col-33 elementor-top-column elementor-element elementor-element-c652922\" data-id=\"c652922\" data-element_type=\"column\" data-e-type=\"column\">\n\t\t\t<div class=\"elementor-widget-wrap elementor-element-populated\">\n\t\t\t\t\t\t<div class=\"elementor-element elementor-element-6daeb57 elementor-widget elementor-widget-image\" data-id=\"6daeb57\" data-element_type=\"widget\" data-e-type=\"widget\" data-widget_type=\"image.default\">\n\t\t\t\t<div class=\"elementor-widget-container\">\n\t\t\t\t\t\t\t\t\t\t\t\t\t\t\t\t<a href=\"https:\/\/drive.google.com\/file\/d\/1WXRs2WfRnWt8u146BMXry5zA7Q8sqxd8\/view\" target=\"_blank\">\n\t\t\t\t\t\t\t<img fetchpriority=\"high\" decoding=\"async\" width=\"193\" height=\"268\" src=\"https:\/\/www.economicas.uba.ar\/extension\/vocesenelfenix\/wp-content\/uploads\/tapa71.jpg\" class=\"attachment-large size-large wp-image-1939\" alt=\"\" \/>\t\t\t\t\t\t\t\t<\/a>\n\t\t\t\t\t\t\t\t\t\t\t\t\t\t\t<\/div>\n\t\t\t\t<\/div>\n\t\t\t\t\t<\/div>\n\t\t<\/div>\n\t\t\t\t<div class=\"elementor-column elementor-col-66 elementor-top-column elementor-element elementor-element-ef1f0ea\" data-id=\"ef1f0ea\" data-element_type=\"column\" data-e-type=\"column\">\n\t\t\t<div class=\"elementor-widget-wrap elementor-element-populated\">\n\t\t\t\t\t\t<div class=\"elementor-element elementor-element-0ef74d8 elementor-widget elementor-widget-text-editor\" data-id=\"0ef74d8\" data-element_type=\"widget\" data-e-type=\"widget\" data-widget_type=\"text-editor.default\">\n\t\t\t\t<div class=\"elementor-widget-container\">\n\t\t\t\t\t\t\t\t\t<h5>N\u00daMERO 71<\/h5><h3>EXTRA\u00d1OS EN EL PARA\u00cdSO<\/h3><h6>EL DERECHO A LA CIUDAD<\/h6><p><br \/>BUENOS AIRES ES UN TERRITORIO DE CONTRASTES: DE UN LADO, LA PRODUCCI\u00d3N MERCANTIL INMOBILIARIA. DEL OTRO, LAS DIFICULTADES PERSISTENTES EN EL ACCESO A LA VIVIENDA DIGNA Y A UNA VERDADERA INTEGRACI\u00d3N URBANA.<\/p>\t\t\t\t\t\t\t\t<\/div>\n\t\t\t\t<\/div>\n\t\t\t\t<div class=\"elementor-element elementor-element-8acf610 elementor-widget elementor-widget-button\" data-id=\"8acf610\" data-element_type=\"widget\" data-e-type=\"widget\" data-widget_type=\"button.default\">\n\t\t\t\t<div class=\"elementor-widget-container\">\n\t\t\t\t\t\t\t\t\t<div class=\"elementor-button-wrapper\">\n\t\t\t\t\t<a class=\"elementor-button elementor-button-link elementor-size-xs\" href=\"https:\/\/drive.google.com\/file\/d\/1WXRs2WfRnWt8u146BMXry5zA7Q8sqxd8\/view\" target=\"_blank\">\n\t\t\t\t\t\t<span class=\"elementor-button-content-wrapper\">\n\t\t\t\t\t\t\t\t\t<span class=\"elementor-button-text\">Descarg\u00e1 el PDF<\/span>\n\t\t\t\t\t<\/span>\n\t\t\t\t\t<\/a>\n\t\t\t\t<\/div>\n\t\t\t\t\t\t\t\t<\/div>\n\t\t\t\t<\/div>\n\t\t\t\t\t<\/div>\n\t\t<\/div>\n\t\t\t\t\t<\/div>\n\t\t<\/section>\n\t\t\t\t<section class=\"elementor-section elementor-top-section elementor-element elementor-element-3acd722 elementor-section-boxed elementor-section-height-default elementor-section-height-default\" data-id=\"3acd722\" data-element_type=\"section\" data-e-type=\"section\">\n\t\t\t\t\t\t<div class=\"elementor-container elementor-column-gap-default\">\n\t\t\t\t\t<div class=\"elementor-column elementor-col-100 elementor-top-column elementor-element elementor-element-8554b6a\" data-id=\"8554b6a\" data-element_type=\"column\" data-e-type=\"column\">\n\t\t\t<div class=\"elementor-widget-wrap elementor-element-populated\">\n\t\t\t\t\t\t<div class=\"elementor-element elementor-element-be70f66 elementor-grid-3 elementor-grid-tablet-2 elementor-grid-mobile-1 elementor-posts--align-left elementor-widget elementor-widget-blogmentor_blog_posts\" data-id=\"be70f66\" data-element_type=\"widget\" data-e-type=\"widget\" data-settings=\"{&quot;bm_grid_columns&quot;:&quot;3&quot;,&quot;bm_grid_columns_tablet&quot;:&quot;2&quot;,&quot;bm_grid_columns_mobile&quot;:&quot;1&quot;,&quot;post_card_grid_gap&quot;:{&quot;unit&quot;:&quot;px&quot;,&quot;size&quot;:10,&quot;sizes&quot;:[]},&quot;post_card_row_gap&quot;:{&quot;unit&quot;:&quot;px&quot;,&quot;size&quot;:35,&quot;sizes&quot;:[]}}\" data-widget_type=\"blogmentor_blog_posts.default\">\n\t\t\t\t<div class=\"elementor-widget-container\">\n\t\t\t\t\t\t\t\n\t\t\t\t\t\t\t\t<div class=\"bm-blog-posts-wrapper\" >\n\t\t\t\t\t\t\t<div class=\"bm-blog-posts bm-display-grid elementor-grid elementor-grid-3\" >\n\t\t\t\t    <article id=\"post-6166\" class=\"item bm_layout post-6166 post type-post status-publish format-standard has-post-thumbnail hentry category-n-71 tag-abraham-leonardo-gak tag-ciudad tag-ciudades tag-editorial\">\n\t\t<div class=\"bm-blog-post-image entry-post-image\">\n\t\t\t<div class=\"bm-post-image clearfix bm-hover-effect bm-hover-effect-blur\">\n\t\t\t\t<img decoding=\"async\" width=\"640\" height=\"505\" src=\"https:\/\/www.economicas.uba.ar\/extension\/vocesenelfenix\/wp-content\/uploads\/7100-Gak.jpg\" class=\"attachment-large size-large wp-post-image\" alt=\"\" srcset=\"https:\/\/www.economicas.uba.ar\/extension\/vocesenelfenix\/wp-content\/uploads\/7100-Gak.jpg 1080w, https:\/\/www.economicas.uba.ar\/extension\/vocesenelfenix\/wp-content\/uploads\/7100-Gak-300x237.jpg 300w, https:\/\/www.economicas.uba.ar\/extension\/vocesenelfenix\/wp-content\/uploads\/7100-Gak-768x607.jpg 768w\" sizes=\"(max-width: 640px) 100vw, 640px\" \/>\t\t\t<\/div>\n\t\t<\/div>\n        <div class=\"bm-blog-post-content bm_content_box\">\n            <h4 class=\"entry-post-title bm_title\"><a href=\"https:\/\/www.economicas.uba.ar\/extension\/vocesenelfenix\/editorial-la-ciudad-de-los-otros\/\" rel=\"bookmark\">Editorial: La ciudad de los otros<\/a><\/h4>            <div class=\"bm-blog-post-meta entry-post-meta bm_meta\">\n                            <\/div>\n            <div class=\"entry-post-content bm_content\">\n                | Por Abraham Leonardo Gak |            <\/div>\n        <\/div>\n    <\/article>\n    <article id=\"post-6176\" class=\"item bm_layout post-6176 post type-post status-publish format-standard has-post-thumbnail hentry category-n-71 tag-ciudad tag-ciudades tag-derecho-a-la-ciudad tag-espacio-urbano tag-oscar-oszlak\">\n\t\t<div class=\"bm-blog-post-image entry-post-image\">\n\t\t\t<div class=\"bm-post-image clearfix bm-hover-effect bm-hover-effect-blur\">\n\t\t\t\t<img decoding=\"async\" width=\"640\" height=\"433\" src=\"https:\/\/www.economicas.uba.ar\/extension\/vocesenelfenix\/wp-content\/uploads\/7101-Oszlak.jpg\" class=\"attachment-large size-large wp-post-image\" alt=\"\" srcset=\"https:\/\/www.economicas.uba.ar\/extension\/vocesenelfenix\/wp-content\/uploads\/7101-Oszlak.jpg 1080w, https:\/\/www.economicas.uba.ar\/extension\/vocesenelfenix\/wp-content\/uploads\/7101-Oszlak-300x203.jpg 300w, https:\/\/www.economicas.uba.ar\/extension\/vocesenelfenix\/wp-content\/uploads\/7101-Oszlak-768x520.jpg 768w\" sizes=\"(max-width: 640px) 100vw, 640px\" \/>\t\t\t<\/div>\n\t\t<\/div>\n        <div class=\"bm-blog-post-content bm_content_box\">\n            <h4 class=\"entry-post-title bm_title\"><a href=\"https:\/\/www.economicas.uba.ar\/extension\/vocesenelfenix\/derecho-a-la-ciudad-y-derecho-al-espacio-urbano\/\" rel=\"bookmark\">Derecho a la ciudad y derecho al espacio urbano<\/a><\/h4>            <div class=\"bm-blog-post-meta entry-post-meta bm_meta\">\n                            <\/div>\n            <div class=\"entry-post-content bm_content\">\n                | Por Oscar Oszlak | Una categor\u00eda de an\u00e1lisis desarrollada por el autor brinda herramientas para entender en su complejidad recientes procesos urbanos protagonizados por los sectores populares en la <div><a href=\"https:\/\/www.economicas.uba.ar\/extension\/vocesenelfenix\/derecho-a-la-ciudad-y-derecho-al-espacio-urbano\/\" rel=\"bookmark\" class=\"bm-read-more entry-read-more\">M\u00e1s \u00bb<\/a><div>            <\/div>\n        <\/div>\n    <\/article>\n    <article id=\"post-6185\" class=\"item bm_layout post-6185 post type-post status-publish format-standard has-post-thumbnail hentry category-n-71 tag-buenos-aires tag-ciudad tag-ciudades tag-desigualdad tag-gabriela-mera tag-mariana-marcos\">\n\t\t<div class=\"bm-blog-post-image entry-post-image\">\n\t\t\t<div class=\"bm-post-image clearfix bm-hover-effect bm-hover-effect-blur\">\n\t\t\t\t<img loading=\"lazy\" decoding=\"async\" width=\"640\" height=\"430\" src=\"https:\/\/www.economicas.uba.ar\/extension\/vocesenelfenix\/wp-content\/uploads\/7102-Marcos.jpg\" class=\"attachment-large size-large wp-post-image\" alt=\"\" srcset=\"https:\/\/www.economicas.uba.ar\/extension\/vocesenelfenix\/wp-content\/uploads\/7102-Marcos.jpg 1080w, https:\/\/www.economicas.uba.ar\/extension\/vocesenelfenix\/wp-content\/uploads\/7102-Marcos-300x202.jpg 300w, https:\/\/www.economicas.uba.ar\/extension\/vocesenelfenix\/wp-content\/uploads\/7102-Marcos-768x516.jpg 768w\" sizes=\"(max-width: 640px) 100vw, 640px\" \/>\t\t\t<\/div>\n\t\t<\/div>\n        <div class=\"bm-blog-post-content bm_content_box\">\n            <h4 class=\"entry-post-title bm_title\"><a href=\"https:\/\/www.economicas.uba.ar\/extension\/vocesenelfenix\/la-dimension-territorial-de-las-desigualdades-sociodemograficas-en-buenos-aires\/\" rel=\"bookmark\">La dimensi\u00f3n territorial de las desigualdades sociodemogr\u00e1ficas en Buenos Aires<\/a><\/h4>            <div class=\"bm-blog-post-meta entry-post-meta bm_meta\">\n                            <\/div>\n            <div class=\"entry-post-content bm_content\">\n                | Por Mariana Marcos y Gabriela Mera | A los contrastes hist\u00f3ricos norte\/sur y centro\/periferia se suman hoy nuevas diferenciaciones, que condicionan el acceso pleno e inclusivo a la ciudad <div><a href=\"https:\/\/www.economicas.uba.ar\/extension\/vocesenelfenix\/la-dimension-territorial-de-las-desigualdades-sociodemograficas-en-buenos-aires\/\" rel=\"bookmark\" class=\"bm-read-more entry-read-more\">M\u00e1s \u00bb<\/a><div>            <\/div>\n        <\/div>\n    <\/article>\n    <article id=\"post-6200\" class=\"item bm_layout post-6200 post type-post status-publish format-standard has-post-thumbnail hentry category-n-71 tag-asentamientos tag-buenos-aires tag-ciudad tag-ciudades tag-crecimiento-urbano tag-pablo-ciccolella tag-villas\">\n\t\t<div class=\"bm-blog-post-image entry-post-image\">\n\t\t\t<div class=\"bm-post-image clearfix bm-hover-effect bm-hover-effect-blur\">\n\t\t\t\t<img loading=\"lazy\" decoding=\"async\" width=\"640\" height=\"506\" src=\"https:\/\/www.economicas.uba.ar\/extension\/vocesenelfenix\/wp-content\/uploads\/7103-Ciccolella.jpg\" class=\"attachment-large size-large wp-post-image\" alt=\"\" srcset=\"https:\/\/www.economicas.uba.ar\/extension\/vocesenelfenix\/wp-content\/uploads\/7103-Ciccolella.jpg 1080w, https:\/\/www.economicas.uba.ar\/extension\/vocesenelfenix\/wp-content\/uploads\/7103-Ciccolella-300x237.jpg 300w, https:\/\/www.economicas.uba.ar\/extension\/vocesenelfenix\/wp-content\/uploads\/7103-Ciccolella-768x607.jpg 768w\" sizes=\"(max-width: 640px) 100vw, 640px\" \/>\t\t\t<\/div>\n\t\t<\/div>\n        <div class=\"bm-blog-post-content bm_content_box\">\n            <h4 class=\"entry-post-title bm_title\"><a href=\"https:\/\/www.economicas.uba.ar\/extension\/vocesenelfenix\/en-un-mismo-lodo-complejidad-y-diversidad-del-suburbio-metropolitano-contemporaneo-en-buenos-aires\/\" rel=\"bookmark\">En un mismo lodo: complejidad y diversidad del suburbio metropolitano contempor\u00e1neo en Buenos Aires<\/a><\/h4>            <div class=\"bm-blog-post-meta entry-post-meta bm_meta\">\n                            <\/div>\n            <div class=\"entry-post-content bm_content\">\n                | Por Pablo Ciccolella | Un an\u00e1lisis de lo ocurrido en los \u00faltimos 25 a\u00f1os evidencia la multiplicidad de formas que asume el crecimiento urbano. Los modelos orientados a sectores <div><a href=\"https:\/\/www.economicas.uba.ar\/extension\/vocesenelfenix\/en-un-mismo-lodo-complejidad-y-diversidad-del-suburbio-metropolitano-contemporaneo-en-buenos-aires\/\" rel=\"bookmark\" class=\"bm-read-more entry-read-more\">M\u00e1s \u00bb<\/a><div>            <\/div>\n        <\/div>\n    <\/article>\n    <article id=\"post-6207\" class=\"item bm_layout post-6207 post type-post status-publish format-standard has-post-thumbnail hentry category-n-71 tag-buenos-aires tag-caba tag-ciudad tag-ciudades tag-jorge-carpio tag-rentas\">\n\t\t<div class=\"bm-blog-post-image entry-post-image\">\n\t\t\t<div class=\"bm-post-image clearfix bm-hover-effect bm-hover-effect-blur\">\n\t\t\t\t<img loading=\"lazy\" decoding=\"async\" width=\"640\" height=\"432\" src=\"https:\/\/www.economicas.uba.ar\/extension\/vocesenelfenix\/wp-content\/uploads\/7104-Carpio.jpg\" class=\"attachment-large size-large wp-post-image\" alt=\"\" srcset=\"https:\/\/www.economicas.uba.ar\/extension\/vocesenelfenix\/wp-content\/uploads\/7104-Carpio.jpg 1080w, https:\/\/www.economicas.uba.ar\/extension\/vocesenelfenix\/wp-content\/uploads\/7104-Carpio-300x203.jpg 300w, https:\/\/www.economicas.uba.ar\/extension\/vocesenelfenix\/wp-content\/uploads\/7104-Carpio-768x518.jpg 768w\" sizes=\"(max-width: 640px) 100vw, 640px\" \/>\t\t\t<\/div>\n\t\t<\/div>\n        <div class=\"bm-blog-post-content bm_content_box\">\n            <h4 class=\"entry-post-title bm_title\"><a href=\"https:\/\/www.economicas.uba.ar\/extension\/vocesenelfenix\/la-ciudad-autonoma-de-buenos-aires-un-rompecabezas-para-seguir-armando\/\" rel=\"bookmark\">La Ciudad Aut\u00f3noma de Buenos Aires: un rompecabezas para seguir armando<\/a><\/h4>            <div class=\"bm-blog-post-meta entry-post-meta bm_meta\">\n                            <\/div>\n            <div class=\"entry-post-content bm_content\">\n                | Por Jorge Carpio | La capital argentina cuenta con una de las rentas per c\u00e1pita m\u00e1s altas de la regi\u00f3n sudamericana y variables demogr\u00e1ficas similares a las de ciudades <div><a href=\"https:\/\/www.economicas.uba.ar\/extension\/vocesenelfenix\/la-ciudad-autonoma-de-buenos-aires-un-rompecabezas-para-seguir-armando\/\" rel=\"bookmark\" class=\"bm-read-more entry-read-more\">M\u00e1s \u00bb<\/a><div>            <\/div>\n        <\/div>\n    <\/article>\n    <article id=\"post-6216\" class=\"item bm_layout post-6216 post type-post status-publish format-standard has-post-thumbnail hentry category-n-71 tag-caba tag-ciudad tag-ciudades tag-eduardo-lepore tag-laura-golbert tag-urbanizacion tag-villas\">\n\t\t<div class=\"bm-blog-post-image entry-post-image\">\n\t\t\t<div class=\"bm-post-image clearfix bm-hover-effect bm-hover-effect-blur\">\n\t\t\t\t<img loading=\"lazy\" decoding=\"async\" width=\"640\" height=\"462\" src=\"https:\/\/www.economicas.uba.ar\/extension\/vocesenelfenix\/wp-content\/uploads\/7105-Golbert.jpg\" class=\"attachment-large size-large wp-post-image\" alt=\"\" srcset=\"https:\/\/www.economicas.uba.ar\/extension\/vocesenelfenix\/wp-content\/uploads\/7105-Golbert.jpg 1219w, https:\/\/www.economicas.uba.ar\/extension\/vocesenelfenix\/wp-content\/uploads\/7105-Golbert-300x217.jpg 300w, https:\/\/www.economicas.uba.ar\/extension\/vocesenelfenix\/wp-content\/uploads\/7105-Golbert-768x554.jpg 768w, https:\/\/www.economicas.uba.ar\/extension\/vocesenelfenix\/wp-content\/uploads\/7105-Golbert-183x132.jpg 183w\" sizes=\"(max-width: 640px) 100vw, 640px\" \/>\t\t\t<\/div>\n\t\t<\/div>\n        <div class=\"bm-blog-post-content bm_content_box\">\n            <h4 class=\"entry-post-title bm_title\"><a href=\"https:\/\/www.economicas.uba.ar\/extension\/vocesenelfenix\/pasado-y-presente-de-la-poblacion-villera-en-la-ciudad-de-buenos-aires\/\" rel=\"bookmark\">Pasado y presente de la poblaci\u00f3n villera en la ciudad de Buenos Aires<\/a><\/h4>            <div class=\"bm-blog-post-meta entry-post-meta bm_meta\">\n                            <\/div>\n            <div class=\"entry-post-content bm_content\">\n                | Por Laura Golbert y Eduardo Lepore | Desde su surgimiento en la primera mitad del siglo pasado, esta forma precaria de urbanizaci\u00f3n fue objeto de debates acad\u00e9micos. Indagamos aqu\u00ed <div><a href=\"https:\/\/www.economicas.uba.ar\/extension\/vocesenelfenix\/pasado-y-presente-de-la-poblacion-villera-en-la-ciudad-de-buenos-aires\/\" rel=\"bookmark\" class=\"bm-read-more entry-read-more\">M\u00e1s \u00bb<\/a><div>            <\/div>\n        <\/div>\n    <\/article>\n    <article id=\"post-6231\" class=\"item bm_layout post-6231 post type-post status-publish format-standard has-post-thumbnail hentry category-n-71 tag-barrios-populares tag-ciudad tag-ciudades tag-estado tag-gabriel-vommaro tag-politica tag-villas\">\n\t\t<div class=\"bm-blog-post-image entry-post-image\">\n\t\t\t<div class=\"bm-post-image clearfix bm-hover-effect bm-hover-effect-blur\">\n\t\t\t\t<img loading=\"lazy\" decoding=\"async\" width=\"640\" height=\"427\" src=\"https:\/\/www.economicas.uba.ar\/extension\/vocesenelfenix\/wp-content\/uploads\/7106-Vommaro.jpg\" class=\"attachment-large size-large wp-post-image\" alt=\"\" srcset=\"https:\/\/www.economicas.uba.ar\/extension\/vocesenelfenix\/wp-content\/uploads\/7106-Vommaro.jpg 1080w, https:\/\/www.economicas.uba.ar\/extension\/vocesenelfenix\/wp-content\/uploads\/7106-Vommaro-300x200.jpg 300w, https:\/\/www.economicas.uba.ar\/extension\/vocesenelfenix\/wp-content\/uploads\/7106-Vommaro-768x513.jpg 768w, https:\/\/www.economicas.uba.ar\/extension\/vocesenelfenix\/wp-content\/uploads\/7106-Vommaro-640x426.jpg 640w\" sizes=\"(max-width: 640px) 100vw, 640px\" \/>\t\t\t<\/div>\n\t\t<\/div>\n        <div class=\"bm-blog-post-content bm_content_box\">\n            <h4 class=\"entry-post-title bm_title\"><a href=\"https:\/\/www.economicas.uba.ar\/extension\/vocesenelfenix\/las-villas-como-espacios-politico-estatales\/\" rel=\"bookmark\">Las villas como espacios pol\u00edtico-estatales<\/a><\/h4>            <div class=\"bm-blog-post-meta entry-post-meta bm_meta\">\n                            <\/div>\n            <div class=\"entry-post-content bm_content\">\n                | Por Gabriel Vommaro | Ubicado a la vera del Riachuelo, El Encanto desaf\u00eda los estereotipos acerca de la actividad pol\u00edtica en los barrios populares. La presencia del Estado, precaria <div><a href=\"https:\/\/www.economicas.uba.ar\/extension\/vocesenelfenix\/las-villas-como-espacios-politico-estatales\/\" rel=\"bookmark\" class=\"bm-read-more entry-read-more\">M\u00e1s \u00bb<\/a><div>            <\/div>\n        <\/div>\n    <\/article>\n    <article id=\"post-6240\" class=\"item bm_layout post-6240 post type-post status-publish format-standard has-post-thumbnail hentry category-n-71 tag-caba tag-ciudad tag-ciudades tag-julieta-magno tag-reurbanizacion tag-villas\">\n\t\t<div class=\"bm-blog-post-image entry-post-image\">\n\t\t\t<div class=\"bm-post-image clearfix bm-hover-effect bm-hover-effect-blur\">\n\t\t\t\t<img loading=\"lazy\" decoding=\"async\" width=\"640\" height=\"432\" src=\"https:\/\/www.economicas.uba.ar\/extension\/vocesenelfenix\/wp-content\/uploads\/7107-Magno.jpg\" class=\"attachment-large size-large wp-post-image\" alt=\"\" srcset=\"https:\/\/www.economicas.uba.ar\/extension\/vocesenelfenix\/wp-content\/uploads\/7107-Magno.jpg 1080w, https:\/\/www.economicas.uba.ar\/extension\/vocesenelfenix\/wp-content\/uploads\/7107-Magno-300x203.jpg 300w, https:\/\/www.economicas.uba.ar\/extension\/vocesenelfenix\/wp-content\/uploads\/7107-Magno-768x518.jpg 768w\" sizes=\"(max-width: 640px) 100vw, 640px\" \/>\t\t\t<\/div>\n\t\t<\/div>\n        <div class=\"bm-blog-post-content bm_content_box\">\n            <h4 class=\"entry-post-title bm_title\"><a href=\"https:\/\/www.economicas.uba.ar\/extension\/vocesenelfenix\/la-regularizacion-dominial-de-las-villas-de-emergencia-en-la-ciudad\/\" rel=\"bookmark\">La regularizaci\u00f3n dominial de las villas de emergencia en la ciudad<\/a><\/h4>            <div class=\"bm-blog-post-meta entry-post-meta bm_meta\">\n                            <\/div>\n            <div class=\"entry-post-content bm_content\">\n                | Por Julieta Magno | En el marco de las recientes iniciativas de reurbanizaci\u00f3n de villas, la entrega del t\u00edtulo de propiedad es un primer aspecto clave para garantizar el <div><a href=\"https:\/\/www.economicas.uba.ar\/extension\/vocesenelfenix\/la-regularizacion-dominial-de-las-villas-de-emergencia-en-la-ciudad\/\" rel=\"bookmark\" class=\"bm-read-more entry-read-more\">M\u00e1s \u00bb<\/a><div>            <\/div>\n        <\/div>\n    <\/article>\n    <article id=\"post-6250\" class=\"item bm_layout post-6250 post type-post status-publish format-standard has-post-thumbnail hentry category-n-71 tag-caba tag-ciudad tag-ciudades tag-reurbanizacion tag-romina-barrios tag-villas\">\n\t\t<div class=\"bm-blog-post-image entry-post-image\">\n\t\t\t<div class=\"bm-post-image clearfix bm-hover-effect bm-hover-effect-blur\">\n\t\t\t\t<img loading=\"lazy\" decoding=\"async\" width=\"640\" height=\"451\" src=\"https:\/\/www.economicas.uba.ar\/extension\/vocesenelfenix\/wp-content\/uploads\/7108-Barrios.jpg\" class=\"attachment-large size-large wp-post-image\" alt=\"\" srcset=\"https:\/\/www.economicas.uba.ar\/extension\/vocesenelfenix\/wp-content\/uploads\/7108-Barrios.jpg 1080w, https:\/\/www.economicas.uba.ar\/extension\/vocesenelfenix\/wp-content\/uploads\/7108-Barrios-300x211.jpg 300w, https:\/\/www.economicas.uba.ar\/extension\/vocesenelfenix\/wp-content\/uploads\/7108-Barrios-768x541.jpg 768w\" sizes=\"(max-width: 640px) 100vw, 640px\" \/>\t\t\t<\/div>\n\t\t<\/div>\n        <div class=\"bm-blog-post-content bm_content_box\">\n            <h4 class=\"entry-post-title bm_title\"><a href=\"https:\/\/www.economicas.uba.ar\/extension\/vocesenelfenix\/la-lucha-de-los-pobres-por-permanecer-en-la-ciudad-apuntes-sobre-los-procesos-recientes-de-reurbanizacion-en-la-ciudad-de-buenos-aires\/\" rel=\"bookmark\">La lucha de los pobres por permanecer en la ciudad: apuntes sobre los procesos recientes de reurbanizaci\u00f3n en la ciudad de Buenos Aires<\/a><\/h4>            <div class=\"bm-blog-post-meta entry-post-meta bm_meta\">\n                            <\/div>\n            <div class=\"entry-post-content bm_content\">\n                | Por Romina Barrios | Frente al anunciado impulso oficial a los planes de reurbanizaci\u00f3n de villas, es necesario comprobar que estas iniciativas generen un progreso real y efectivo en <div><a href=\"https:\/\/www.economicas.uba.ar\/extension\/vocesenelfenix\/la-lucha-de-los-pobres-por-permanecer-en-la-ciudad-apuntes-sobre-los-procesos-recientes-de-reurbanizacion-en-la-ciudad-de-buenos-aires\/\" rel=\"bookmark\" class=\"bm-read-more entry-read-more\">M\u00e1s \u00bb<\/a><div>            <\/div>\n        <\/div>\n    <\/article>\n    <article id=\"post-6256\" class=\"item bm_layout post-6256 post type-post status-publish format-standard has-post-thumbnail hentry category-n-71 tag-caba tag-ciudad tag-ciudades tag-integracion tag-maria-cristina-cravino tag-urbanizacion tag-villas\">\n\t\t<div class=\"bm-blog-post-image entry-post-image\">\n\t\t\t<div class=\"bm-post-image clearfix bm-hover-effect bm-hover-effect-blur\">\n\t\t\t\t<img loading=\"lazy\" decoding=\"async\" width=\"640\" height=\"431\" src=\"https:\/\/www.economicas.uba.ar\/extension\/vocesenelfenix\/wp-content\/uploads\/7109-Cravino.jpg\" class=\"attachment-large size-large wp-post-image\" alt=\"\" srcset=\"https:\/\/www.economicas.uba.ar\/extension\/vocesenelfenix\/wp-content\/uploads\/7109-Cravino.jpg 1080w, https:\/\/www.economicas.uba.ar\/extension\/vocesenelfenix\/wp-content\/uploads\/7109-Cravino-300x202.jpg 300w, https:\/\/www.economicas.uba.ar\/extension\/vocesenelfenix\/wp-content\/uploads\/7109-Cravino-768x517.jpg 768w\" sizes=\"(max-width: 640px) 100vw, 640px\" \/>\t\t\t<\/div>\n\t\t<\/div>\n        <div class=\"bm-blog-post-content bm_content_box\">\n            <h4 class=\"entry-post-title bm_title\"><a href=\"https:\/\/www.economicas.uba.ar\/extension\/vocesenelfenix\/urbanismo-social-en-los-procesos-de-urbanizacion-de-villas-de-la-ciudad-de-buenos-aires-2015-2018-deconstruyendo-los-discursos-y-practicas\/\" rel=\"bookmark\">Urbanismo social en los procesos de urbanizaci\u00f3n de villas de la ciudad de Buenos Aires (2015-2018): deconstruyendo los discursos y pr\u00e1cticas<\/a><\/h4>            <div class=\"bm-blog-post-meta entry-post-meta bm_meta\">\n                            <\/div>\n            <div class=\"entry-post-content bm_content\">\n                | Por Mar\u00eda Cristina Cravino | Las iniciativas impulsadas bajo la gesti\u00f3n de Horacio Rodr\u00edguez Larreta est\u00e1n en sinton\u00eda con el actual modelo neoliberal de intervenci\u00f3n estatal sobre la cuesti\u00f3n <div><a href=\"https:\/\/www.economicas.uba.ar\/extension\/vocesenelfenix\/urbanismo-social-en-los-procesos-de-urbanizacion-de-villas-de-la-ciudad-de-buenos-aires-2015-2018-deconstruyendo-los-discursos-y-practicas\/\" rel=\"bookmark\" class=\"bm-read-more entry-read-more\">M\u00e1s \u00bb<\/a><div>            <\/div>\n        <\/div>\n    <\/article>\n    <article id=\"post-6262\" class=\"item bm_layout post-6262 post type-post status-publish format-standard has-post-thumbnail hentry category-n-71 tag-boom-inmobiliario tag-caba tag-ciudad tag-ciudades tag-coghlan tag-gabriel-h-alvarez tag-territorio\">\n\t\t<div class=\"bm-blog-post-image entry-post-image\">\n\t\t\t<div class=\"bm-post-image clearfix bm-hover-effect bm-hover-effect-blur\">\n\t\t\t\t<img loading=\"lazy\" decoding=\"async\" width=\"640\" height=\"431\" src=\"https:\/\/www.economicas.uba.ar\/extension\/vocesenelfenix\/wp-content\/uploads\/7110-Alvarez.jpg\" class=\"attachment-large size-large wp-post-image\" alt=\"\" srcset=\"https:\/\/www.economicas.uba.ar\/extension\/vocesenelfenix\/wp-content\/uploads\/7110-Alvarez.jpg 1080w, https:\/\/www.economicas.uba.ar\/extension\/vocesenelfenix\/wp-content\/uploads\/7110-Alvarez-300x202.jpg 300w, https:\/\/www.economicas.uba.ar\/extension\/vocesenelfenix\/wp-content\/uploads\/7110-Alvarez-768x517.jpg 768w\" sizes=\"(max-width: 640px) 100vw, 640px\" \/>\t\t\t<\/div>\n\t\t<\/div>\n        <div class=\"bm-blog-post-content bm_content_box\">\n            <h4 class=\"entry-post-title bm_title\"><a href=\"https:\/\/www.economicas.uba.ar\/extension\/vocesenelfenix\/el-barrio-de-coghlan-reivindicaciones-locacionales-de-territorio-y-cambios-sociourbanos-al-norte-de-la-ciudad-de-buenos-aires\/\" rel=\"bookmark\">El barrio de Coghlan: reivindicaciones locacionales de territorio y cambios sociourbanos al norte de la ciudad de Buenos Aires<\/a><\/h4>            <div class=\"bm-blog-post-meta entry-post-meta bm_meta\">\n                            <\/div>\n            <div class=\"entry-post-content bm_content\">\n                | Por Gabriel H. \u00c1lvarez | Con el boom inmobiliario de principios de siglo y la renovaci\u00f3n especulativa del mercado de viviendas, la zona experimenta una transformaci\u00f3n de su paisaje <div><a href=\"https:\/\/www.economicas.uba.ar\/extension\/vocesenelfenix\/el-barrio-de-coghlan-reivindicaciones-locacionales-de-territorio-y-cambios-sociourbanos-al-norte-de-la-ciudad-de-buenos-aires\/\" rel=\"bookmark\" class=\"bm-read-more entry-read-more\">M\u00e1s \u00bb<\/a><div>            <\/div>\n        <\/div>\n    <\/article>\n    <article id=\"post-6295\" class=\"item bm_layout post-6295 post type-post status-publish format-standard has-post-thumbnail hentry category-n-71 tag-beatriz-cuenya tag-caba tag-ciudad tag-ciudades tag-crisis-habitacional tag-derecho-a-la-ciudad tag-maria-de-la-paz-toscani\">\n\t\t<div class=\"bm-blog-post-image entry-post-image\">\n\t\t\t<div class=\"bm-post-image clearfix bm-hover-effect bm-hover-effect-blur\">\n\t\t\t\t<img loading=\"lazy\" decoding=\"async\" width=\"640\" height=\"470\" src=\"https:\/\/www.economicas.uba.ar\/extension\/vocesenelfenix\/wp-content\/uploads\/7111-Cuenya.jpg\" class=\"attachment-large size-large wp-post-image\" alt=\"\" srcset=\"https:\/\/www.economicas.uba.ar\/extension\/vocesenelfenix\/wp-content\/uploads\/7111-Cuenya.jpg 1080w, https:\/\/www.economicas.uba.ar\/extension\/vocesenelfenix\/wp-content\/uploads\/7111-Cuenya-300x220.jpg 300w, https:\/\/www.economicas.uba.ar\/extension\/vocesenelfenix\/wp-content\/uploads\/7111-Cuenya-768x564.jpg 768w\" sizes=\"(max-width: 640px) 100vw, 640px\" \/>\t\t\t<\/div>\n\t\t<\/div>\n        <div class=\"bm-blog-post-content bm_content_box\">\n            <h4 class=\"entry-post-title bm_title\"><a href=\"https:\/\/www.economicas.uba.ar\/extension\/vocesenelfenix\/hoteles-pension-en-la-ciudad-de-buenos-aires-o-el-alto-costo-del-derecho-a-la-ciudad-para-los-hogares-desfavorecidos\/\" rel=\"bookmark\">Hoteles-pensi\u00f3n en la ciudad de Buenos Aires o el alto costo del derecho a la ciudad para los hogares desfavorecidos<\/a><\/h4>            <div class=\"bm-blog-post-meta entry-post-meta bm_meta\">\n                            <\/div>\n            <div class=\"entry-post-content bm_content\">\n                | Por Beatriz Cuenya y Mar\u00eda de la Paz Toscani | Esta forma de alojamiento popular naci\u00f3 en los a\u00f1os cincuenta y persiste en el actual contexto de crisis habitacional. <div><a href=\"https:\/\/www.economicas.uba.ar\/extension\/vocesenelfenix\/hoteles-pension-en-la-ciudad-de-buenos-aires-o-el-alto-costo-del-derecho-a-la-ciudad-para-los-hogares-desfavorecidos\/\" rel=\"bookmark\" class=\"bm-read-more entry-read-more\">M\u00e1s \u00bb<\/a><div>            <\/div>\n        <\/div>\n    <\/article>\n    <article id=\"post-6301\" class=\"item bm_layout post-6301 post type-post status-publish format-standard has-post-thumbnail hentry category-n-71 tag-camila-monzon tag-chaco tag-ciudad tag-ciudades tag-crisis-habitacional tag-derecho-a-la-ciudad tag-mariana-heredia tag-regulacion-dominial\">\n\t\t<div class=\"bm-blog-post-image entry-post-image\">\n\t\t\t<div class=\"bm-post-image clearfix bm-hover-effect bm-hover-effect-blur\">\n\t\t\t\t<img loading=\"lazy\" decoding=\"async\" width=\"640\" height=\"436\" src=\"https:\/\/www.economicas.uba.ar\/extension\/vocesenelfenix\/wp-content\/uploads\/7112-Heredia.jpg\" class=\"attachment-large size-large wp-post-image\" alt=\"\" srcset=\"https:\/\/www.economicas.uba.ar\/extension\/vocesenelfenix\/wp-content\/uploads\/7112-Heredia.jpg 1080w, https:\/\/www.economicas.uba.ar\/extension\/vocesenelfenix\/wp-content\/uploads\/7112-Heredia-300x204.jpg 300w, https:\/\/www.economicas.uba.ar\/extension\/vocesenelfenix\/wp-content\/uploads\/7112-Heredia-768x523.jpg 768w\" sizes=\"(max-width: 640px) 100vw, 640px\" \/>\t\t\t<\/div>\n\t\t<\/div>\n        <div class=\"bm-blog-post-content bm_content_box\">\n            <h4 class=\"entry-post-title bm_title\"><a href=\"https:\/\/www.economicas.uba.ar\/extension\/vocesenelfenix\/el-derecho-de-los-pobres-a-la-ciudad-en-el-chaco-presiones-demograficas-deficit-habitacional-y-regularizacion-dominial\/\" rel=\"bookmark\">El derecho de los pobres a la ciudad en el Chaco: Presiones demogr\u00e1ficas, d\u00e9ficit habitacional y regularizaci\u00f3n dominial<\/a><\/h4>            <div class=\"bm-blog-post-meta entry-post-meta bm_meta\">\n                            <\/div>\n            <div class=\"entry-post-content bm_content\">\n                | Por Mariana Heredia y Camila Monz\u00f3n | Aunque ciertos datos oficiales muestran mejoras en t\u00e9rminos cuantitativos, metodolog\u00edas m\u00e1s precisas evidencian que, pese a la intervenci\u00f3n estatal, persisten e incluso <div><a href=\"https:\/\/www.economicas.uba.ar\/extension\/vocesenelfenix\/el-derecho-de-los-pobres-a-la-ciudad-en-el-chaco-presiones-demograficas-deficit-habitacional-y-regularizacion-dominial\/\" rel=\"bookmark\" class=\"bm-read-more entry-read-more\">M\u00e1s \u00bb<\/a><div>            <\/div>\n        <\/div>\n    <\/article>\n    <article id=\"post-6312\" class=\"item bm_layout post-6312 post type-post status-publish format-standard has-post-thumbnail hentry category-n-71 tag-ciudad tag-ciudades tag-crisis-habitacional tag-derecho-a-la-ciudad tag-maria-carla-rodriguez tag-maria-mercedes-di-virgilio\">\n\t\t<div class=\"bm-blog-post-image entry-post-image\">\n\t\t\t<div class=\"bm-post-image clearfix bm-hover-effect bm-hover-effect-blur\">\n\t\t\t\t<img loading=\"lazy\" decoding=\"async\" width=\"640\" height=\"440\" src=\"https:\/\/www.economicas.uba.ar\/extension\/vocesenelfenix\/wp-content\/uploads\/7113-Di-virgilio.jpg\" class=\"attachment-large size-large wp-post-image\" alt=\"\" srcset=\"https:\/\/www.economicas.uba.ar\/extension\/vocesenelfenix\/wp-content\/uploads\/7113-Di-virgilio.jpg 1080w, https:\/\/www.economicas.uba.ar\/extension\/vocesenelfenix\/wp-content\/uploads\/7113-Di-virgilio-300x206.jpg 300w, https:\/\/www.economicas.uba.ar\/extension\/vocesenelfenix\/wp-content\/uploads\/7113-Di-virgilio-768x528.jpg 768w\" sizes=\"(max-width: 640px) 100vw, 640px\" \/>\t\t\t<\/div>\n\t\t<\/div>\n        <div class=\"bm-blog-post-content bm_content_box\">\n            <h4 class=\"entry-post-title bm_title\"><a href=\"https:\/\/www.economicas.uba.ar\/extension\/vocesenelfenix\/los-limites-del-derecho-a-la-ciudad-las-encrucijadas-del-deficit-habitacional-en-la-argentina\/\" rel=\"bookmark\">Los l\u00edmites del derecho a la ciudad: las encrucijadas del d\u00e9ficit habitacional en la Argentina<\/a><\/h4>            <div class=\"bm-blog-post-meta entry-post-meta bm_meta\">\n                            <\/div>\n            <div class=\"entry-post-content bm_content\">\n                | Por Mar\u00eda Mercedes Di Virgilio y Mar\u00eda Carla Rodr\u00edguez | El acceso a una vivienda de calidad constituye un factor crucial a la hora de analizar las condiciones de <div><a href=\"https:\/\/www.economicas.uba.ar\/extension\/vocesenelfenix\/los-limites-del-derecho-a-la-ciudad-las-encrucijadas-del-deficit-habitacional-en-la-argentina\/\" rel=\"bookmark\" class=\"bm-read-more entry-read-more\">M\u00e1s \u00bb<\/a><div>            <\/div>\n        <\/div>\n    <\/article>\n    <article id=\"post-6328\" class=\"item bm_layout post-6328 post type-post status-publish format-standard has-post-thumbnail hentry category-n-71 tag-buenos-aires tag-ciudad tag-ciudades tag-desigualdad tag-iliana-mignaqui tag-vivienda\">\n\t\t<div class=\"bm-blog-post-image entry-post-image\">\n\t\t\t<div class=\"bm-post-image clearfix bm-hover-effect bm-hover-effect-blur\">\n\t\t\t\t<img loading=\"lazy\" decoding=\"async\" width=\"640\" height=\"431\" src=\"https:\/\/www.economicas.uba.ar\/extension\/vocesenelfenix\/wp-content\/uploads\/7114-Mignaqui.jpg\" class=\"attachment-large size-large wp-post-image\" alt=\"\" srcset=\"https:\/\/www.economicas.uba.ar\/extension\/vocesenelfenix\/wp-content\/uploads\/7114-Mignaqui.jpg 1080w, https:\/\/www.economicas.uba.ar\/extension\/vocesenelfenix\/wp-content\/uploads\/7114-Mignaqui-300x202.jpg 300w, https:\/\/www.economicas.uba.ar\/extension\/vocesenelfenix\/wp-content\/uploads\/7114-Mignaqui-768x517.jpg 768w\" sizes=\"(max-width: 640px) 100vw, 640px\" \/>\t\t\t<\/div>\n\t\t<\/div>\n        <div class=\"bm-blog-post-content bm_content_box\">\n            <h4 class=\"entry-post-title bm_title\"><a href=\"https:\/\/www.economicas.uba.ar\/extension\/vocesenelfenix\/buenos-aires-en-venta\/\" rel=\"bookmark\">Buenos Aires en venta<\/a><\/h4>            <div class=\"bm-blog-post-meta entry-post-meta bm_meta\">\n                            <\/div>\n            <div class=\"entry-post-content bm_content\">\n                | Por Iliana Mignaqui | Si bien la pobreza y la desigualdad no son un fen\u00f3meno reciente, en las \u00faltimas d\u00e9cadas se acent\u00fao la brecha entre los sectores m\u00e1s ricos <div><a href=\"https:\/\/www.economicas.uba.ar\/extension\/vocesenelfenix\/buenos-aires-en-venta\/\" rel=\"bookmark\" class=\"bm-read-more entry-read-more\">M\u00e1s \u00bb<\/a><div>            <\/div>\n        <\/div>\n    <\/article>\n    <article id=\"post-6337\" class=\"item bm_layout post-6337 post type-post status-publish format-standard has-post-thumbnail hentry category-n-71 tag-ciudad tag-ciudades tag-derecho-a-la-ciudad tag-mercantilizacion tag-pedro-pirez tag-urbanizacion\">\n\t\t<div class=\"bm-blog-post-image entry-post-image\">\n\t\t\t<div class=\"bm-post-image clearfix bm-hover-effect bm-hover-effect-blur\">\n\t\t\t\t<img loading=\"lazy\" decoding=\"async\" width=\"640\" height=\"432\" src=\"https:\/\/www.economicas.uba.ar\/extension\/vocesenelfenix\/wp-content\/uploads\/7115-Pirez.jpg\" class=\"attachment-large size-large wp-post-image\" alt=\"\" srcset=\"https:\/\/www.economicas.uba.ar\/extension\/vocesenelfenix\/wp-content\/uploads\/7115-Pirez.jpg 1080w, https:\/\/www.economicas.uba.ar\/extension\/vocesenelfenix\/wp-content\/uploads\/7115-Pirez-300x203.jpg 300w, https:\/\/www.economicas.uba.ar\/extension\/vocesenelfenix\/wp-content\/uploads\/7115-Pirez-768x518.jpg 768w\" sizes=\"(max-width: 640px) 100vw, 640px\" \/>\t\t\t<\/div>\n\t\t<\/div>\n        <div class=\"bm-blog-post-content bm_content_box\">\n            <h4 class=\"entry-post-title bm_title\"><a href=\"https:\/\/www.economicas.uba.ar\/extension\/vocesenelfenix\/el-derecho-a-la-ciudad-y-la-mercantilizacion-de-la-urbanizacion\/\" rel=\"bookmark\">El derecho a la ciudad y la mercantilizaci\u00f3n de la urbanizaci\u00f3n<\/a><\/h4>            <div class=\"bm-blog-post-meta entry-post-meta bm_meta\">\n                            <\/div>\n            <div class=\"entry-post-content bm_content\">\n                | Por Pedro P\u00edrez | La producci\u00f3n mercantil de la ciudad excluye a muchos del goce de la vida urbana. La autoproducci\u00f3n de viviendas aparece como un efecto \u2013insuficiente\u2013 de <div><a href=\"https:\/\/www.economicas.uba.ar\/extension\/vocesenelfenix\/el-derecho-a-la-ciudad-y-la-mercantilizacion-de-la-urbanizacion\/\" rel=\"bookmark\" class=\"bm-read-more entry-read-more\">M\u00e1s \u00bb<\/a><div>            <\/div>\n        <\/div>\n    <\/article>\n    <article id=\"post-6344\" class=\"item bm_layout post-6344 post type-post status-publish format-standard has-post-thumbnail hentry category-n-71 tag-ana-paula-di-giovambattista tag-boom-inmobiliario tag-caba tag-ciudad tag-ciudades tag-credito-inmobiliario tag-luis-baer tag-vivienda\">\n\t\t<div class=\"bm-blog-post-image entry-post-image\">\n\t\t\t<div class=\"bm-post-image clearfix bm-hover-effect bm-hover-effect-blur\">\n\t\t\t\t<img loading=\"lazy\" decoding=\"async\" width=\"640\" height=\"460\" src=\"https:\/\/www.economicas.uba.ar\/extension\/vocesenelfenix\/wp-content\/uploads\/7116-Baer.jpg\" class=\"attachment-large size-large wp-post-image\" alt=\"\" srcset=\"https:\/\/www.economicas.uba.ar\/extension\/vocesenelfenix\/wp-content\/uploads\/7116-Baer.jpg 1080w, https:\/\/www.economicas.uba.ar\/extension\/vocesenelfenix\/wp-content\/uploads\/7116-Baer-300x216.jpg 300w, https:\/\/www.economicas.uba.ar\/extension\/vocesenelfenix\/wp-content\/uploads\/7116-Baer-768x553.jpg 768w, https:\/\/www.economicas.uba.ar\/extension\/vocesenelfenix\/wp-content\/uploads\/7116-Baer-183x132.jpg 183w\" sizes=\"(max-width: 640px) 100vw, 640px\" \/>\t\t\t<\/div>\n\t\t<\/div>\n        <div class=\"bm-blog-post-content bm_content_box\">\n            <h4 class=\"entry-post-title bm_title\"><a href=\"https:\/\/www.economicas.uba.ar\/extension\/vocesenelfenix\/nuevas-condiciones-de-acceso-residencial-en-la-ciudad-de-buenos-aires-el-impacto-del-credito-y-la-macroeconomia-en-el-mercado-de-compraventa-y-alquiler-de-vivienda-formal\/\" rel=\"bookmark\">Nuevas condiciones de acceso residencial en la ciudad de Buenos Aires: el impacto del cr\u00e9dito y la macroeconom\u00eda en el mercado de compraventa y alquiler de vivienda formal<\/a><\/h4>            <div class=\"bm-blog-post-meta entry-post-meta bm_meta\">\n                            <\/div>\n            <div class=\"entry-post-content bm_content\">\n                | Por Luis Baer y Ana Paula Di Giovambattista | El optimismo inicial que apuntaba a un \u201cboom inmobiliario\u201d con los cr\u00e9ditos UVA se ve contrastado por una realidad cada <div><a href=\"https:\/\/www.economicas.uba.ar\/extension\/vocesenelfenix\/nuevas-condiciones-de-acceso-residencial-en-la-ciudad-de-buenos-aires-el-impacto-del-credito-y-la-macroeconomia-en-el-mercado-de-compraventa-y-alquiler-de-vivienda-formal\/\" rel=\"bookmark\" class=\"bm-read-more entry-read-more\">M\u00e1s \u00bb<\/a><div>            <\/div>\n        <\/div>\n    <\/article>\n    <article id=\"post-6354\" class=\"item bm_layout post-6354 post type-post status-publish format-standard has-post-thumbnail hentry category-n-71 tag-alfredo-e-lattes tag-ciudad tag-ciudades tag-derechos tag-movilidad tag-pobreza\">\n\t\t<div class=\"bm-blog-post-image entry-post-image\">\n\t\t\t<div class=\"bm-post-image clearfix bm-hover-effect bm-hover-effect-blur\">\n\t\t\t\t<img loading=\"lazy\" decoding=\"async\" width=\"640\" height=\"418\" src=\"https:\/\/www.economicas.uba.ar\/extension\/vocesenelfenix\/wp-content\/uploads\/7117-Lattes2.jpg\" class=\"attachment-large size-large wp-post-image\" alt=\"\" srcset=\"https:\/\/www.economicas.uba.ar\/extension\/vocesenelfenix\/wp-content\/uploads\/7117-Lattes2.jpg 1080w, https:\/\/www.economicas.uba.ar\/extension\/vocesenelfenix\/wp-content\/uploads\/7117-Lattes2-300x196.jpg 300w, https:\/\/www.economicas.uba.ar\/extension\/vocesenelfenix\/wp-content\/uploads\/7117-Lattes2-768x501.jpg 768w\" sizes=\"(max-width: 640px) 100vw, 640px\" \/>\t\t\t<\/div>\n\t\t<\/div>\n        <div class=\"bm-blog-post-content bm_content_box\">\n            <h4 class=\"entry-post-title bm_title\"><a href=\"https:\/\/www.economicas.uba.ar\/extension\/vocesenelfenix\/ciudad-movilidad-y-derechos\/\" rel=\"bookmark\">Ciudad, movilidad y derechos<\/a><\/h4>            <div class=\"bm-blog-post-meta entry-post-meta bm_meta\">\n                            <\/div>\n            <div class=\"entry-post-content bm_content\">\n                | Por Alfredo E. Lattes | Para acercarnos a la problem\u00e1tica propuesta para este n\u00famero de Voces, que interpretamos como una invitaci\u00f3n a reflexionar sobre la tr\u00edada \u201cderechos, pobres y <div><a href=\"https:\/\/www.economicas.uba.ar\/extension\/vocesenelfenix\/ciudad-movilidad-y-derechos\/\" rel=\"bookmark\" class=\"bm-read-more entry-read-more\">M\u00e1s \u00bb<\/a><div>            <\/div>\n        <\/div>\n    <\/article>\n    <article id=\"post-6369\" class=\"item bm_layout post-6369 post type-post status-publish format-standard has-post-thumbnail hentry category-n-71 tag-andres-borthagaray tag-buenos-aires tag-ciudad tag-ciudades tag-derechos tag-movilidad\">\n\t\t<div class=\"bm-blog-post-image entry-post-image\">\n\t\t\t<div class=\"bm-post-image clearfix bm-hover-effect bm-hover-effect-blur\">\n\t\t\t\t<img loading=\"lazy\" decoding=\"async\" width=\"640\" height=\"500\" src=\"https:\/\/www.economicas.uba.ar\/extension\/vocesenelfenix\/wp-content\/uploads\/7118-Borthagaray.jpg\" class=\"attachment-large size-large wp-post-image\" alt=\"\" srcset=\"https:\/\/www.economicas.uba.ar\/extension\/vocesenelfenix\/wp-content\/uploads\/7118-Borthagaray.jpg 1080w, https:\/\/www.economicas.uba.ar\/extension\/vocesenelfenix\/wp-content\/uploads\/7118-Borthagaray-300x234.jpg 300w, https:\/\/www.economicas.uba.ar\/extension\/vocesenelfenix\/wp-content\/uploads\/7118-Borthagaray-768x600.jpg 768w\" sizes=\"(max-width: 640px) 100vw, 640px\" \/>\t\t\t<\/div>\n\t\t<\/div>\n        <div class=\"bm-blog-post-content bm_content_box\">\n            <h4 class=\"entry-post-title bm_title\"><a href=\"https:\/\/www.economicas.uba.ar\/extension\/vocesenelfenix\/sobre-la-asignacion-de-recursos-de-inversion-a-la-movilidad-metropolitana-y-sus-beneficiarios\/\" rel=\"bookmark\">Sobre la asignaci\u00f3n de recursos de inversi\u00f3n a la movilidad metropolitana y sus beneficiarios<\/a><\/h4>            <div class=\"bm-blog-post-meta entry-post-meta bm_meta\">\n                            <\/div>\n            <div class=\"entry-post-content bm_content\">\n                | Por Andr\u00e9s Borthagaray | La posibilidad de desplazarse es un derecho b\u00e1sico del mundo moderno, que a su vez permite el acceso a otros derechos. Sin embargo, persisten dificultades <div><a href=\"https:\/\/www.economicas.uba.ar\/extension\/vocesenelfenix\/sobre-la-asignacion-de-recursos-de-inversion-a-la-movilidad-metropolitana-y-sus-beneficiarios\/\" rel=\"bookmark\" class=\"bm-read-more entry-read-more\">M\u00e1s \u00bb<\/a><div>            <\/div>\n        <\/div>\n    <\/article>\n\t\t\t\t<\/div><\/div>\n\t\t\t\t\t\t\t\t<\/div>\n\t\t\t\t<\/div>\n\t\t\t\t\t<\/div>\n\t\t<\/div>\n\t\t\t\t\t<\/div>\n\t\t<\/section>\n\t\t\t\t<section class=\"elementor-section elementor-top-section elementor-element elementor-element-6e5a8da elementor-section-boxed elementor-section-height-default elementor-section-height-default\" data-id=\"6e5a8da\" data-element_type=\"section\" data-e-type=\"section\" data-settings=\"{&quot;background_background&quot;:&quot;classic&quot;}\">\n\t\t\t\t\t\t<div class=\"elementor-container elementor-column-gap-default\">\n\t\t\t\t\t<div class=\"elementor-column elementor-col-100 elementor-top-column elementor-element elementor-element-b9df8ea\" data-id=\"b9df8ea\" data-element_type=\"column\" data-e-type=\"column\">\n\t\t\t<div class=\"elementor-widget-wrap elementor-element-populated\">\n\t\t\t\t\t\t<div class=\"elementor-element elementor-element-c6db746 elementor-widget elementor-widget-text-editor\" data-id=\"c6db746\" data-element_type=\"widget\" data-e-type=\"widget\" data-widget_type=\"text-editor.default\">\n\t\t\t\t<div class=\"elementor-widget-container\">\n\t\t\t\t\t\t\t\t\t<iframe width=\"560\" height=\"315\" src=\"https:\/\/www.youtube.com\/embed\/videoseries?list=PLeYdj9X0_ljljyFCjaYcwo2MWPGUhTgNW\" title=\"YouTube video player\" frameborder=\"0\" allow=\"accelerometer; autoplay; clipboard-write; encrypted-media; gyroscope; picture-in-picture\" allowfullscreen><\/iframe>\t\t\t\t\t\t\t\t<\/div>\n\t\t\t\t<\/div>\n\t\t\t\t\t<\/div>\n\t\t<\/div>\n\t\t\t\t\t<\/div>\n\t\t<\/section>\n\t\t\t\t<\/div>\n\t\t","protected":false},"excerpt":{"rendered":"<p>N\u00daMERO 71 EXTRA\u00d1OS EN EL PARA\u00cdSO EL DERECHO A LA CIUDAD BUENOS AIRES ES UN TERRITORIO DE CONTRASTES: DE UN LADO, LA PRODUCCI\u00d3N MERCANTIL INMOBILIARIA. DEL OTRO, LAS DIFICULTADES PERSISTENTES<\/p>\n","protected":false},"author":5,"featured_media":0,"parent":0,"menu_order":0,"comment_status":"closed","ping_status":"closed","template":"","meta":{"footnotes":""},"class_list":["post-6155","page","type-page","status-publish","hentry"],"_links":{"self":[{"href":"https:\/\/www.economicas.uba.ar\/extension\/vocesenelfenix\/wp-json\/wp\/v2\/pages\/6155","targetHints":{"allow":["GET"]}}],"collection":[{"href":"https:\/\/www.economicas.uba.ar\/extension\/vocesenelfenix\/wp-json\/wp\/v2\/pages"}],"about":[{"href":"https:\/\/www.economicas.uba.ar\/extension\/vocesenelfenix\/wp-json\/wp\/v2\/types\/page"}],"author":[{"embeddable":true,"href":"https:\/\/www.economicas.uba.ar\/extension\/vocesenelfenix\/wp-json\/wp\/v2\/users\/5"}],"replies":[{"embeddable":true,"href":"https:\/\/www.economicas.uba.ar\/extension\/vocesenelfenix\/wp-json\/wp\/v2\/comments?post=6155"}],"version-history":[{"count":13,"href":"https:\/\/www.economicas.uba.ar\/extension\/vocesenelfenix\/wp-json\/wp\/v2\/pages\/6155\/revisions"}],"predecessor-version":[{"id":6249,"href":"https:\/\/www.economicas.uba.ar\/extension\/vocesenelfenix\/wp-json\/wp\/v2\/pages\/6155\/revisions\/6249"}],"wp:attachment":[{"href":"https:\/\/www.economicas.uba.ar\/extension\/vocesenelfenix\/wp-json\/wp\/v2\/media?parent=6155"}],"curies":[{"name":"wp","href":"https:\/\/api.w.org\/{rel}","templated":true}]}}