{"id":6851,"date":"2018-05-01T00:01:00","date_gmt":"2018-05-01T03:01:00","guid":{"rendered":"https:\/\/www.economicas.uba.ar\/extension\/vocesenelfenix\/?page_id=6851"},"modified":"2021-12-29T09:48:00","modified_gmt":"2021-12-29T12:48:00","slug":"numero-68","status":"publish","type":"page","link":"https:\/\/www.economicas.uba.ar\/extension\/vocesenelfenix\/numero-68\/","title":{"rendered":"N\u00famero 68"},"content":{"rendered":"\t\t<div data-elementor-type=\"wp-page\" data-elementor-id=\"6851\" class=\"elementor elementor-6851\" data-elementor-post-type=\"page\">\n\t\t\t\t\t\t<section class=\"elementor-section elementor-top-section elementor-element elementor-element-71ab567 elementor-section-boxed elementor-section-height-default elementor-section-height-default\" data-id=\"71ab567\" data-element_type=\"section\" data-e-type=\"section\" data-settings=\"{&quot;background_background&quot;:&quot;classic&quot;}\">\n\t\t\t\t\t\t<div class=\"elementor-container elementor-column-gap-default\">\n\t\t\t\t\t<div class=\"elementor-column elementor-col-33 elementor-top-column elementor-element elementor-element-7da2d31\" data-id=\"7da2d31\" data-element_type=\"column\" data-e-type=\"column\">\n\t\t\t<div class=\"elementor-widget-wrap elementor-element-populated\">\n\t\t\t\t\t\t<div class=\"elementor-element elementor-element-a5e176a elementor-widget elementor-widget-image\" data-id=\"a5e176a\" data-element_type=\"widget\" data-e-type=\"widget\" data-widget_type=\"image.default\">\n\t\t\t\t<div class=\"elementor-widget-container\">\n\t\t\t\t\t\t\t\t\t\t\t\t\t\t\t\t<a href=\"https:\/\/drive.google.com\/file\/d\/1-UfWPpm6jejEEAbX7fM2gf9yETukdnd_\/view\" target=\"_blank\">\n\t\t\t\t\t\t\t<img fetchpriority=\"high\" decoding=\"async\" width=\"193\" height=\"268\" src=\"https:\/\/www.economicas.uba.ar\/extension\/vocesenelfenix\/wp-content\/uploads\/tapa68.jpg\" class=\"attachment-large size-large wp-image-1936\" alt=\"\" \/>\t\t\t\t\t\t\t\t<\/a>\n\t\t\t\t\t\t\t\t\t\t\t\t\t\t\t<\/div>\n\t\t\t\t<\/div>\n\t\t\t\t\t<\/div>\n\t\t<\/div>\n\t\t\t\t<div class=\"elementor-column elementor-col-66 elementor-top-column elementor-element elementor-element-984df72\" data-id=\"984df72\" data-element_type=\"column\" data-e-type=\"column\">\n\t\t\t<div class=\"elementor-widget-wrap elementor-element-populated\">\n\t\t\t\t\t\t<div class=\"elementor-element elementor-element-bf57d17 elementor-widget elementor-widget-text-editor\" data-id=\"bf57d17\" data-element_type=\"widget\" data-e-type=\"widget\" data-widget_type=\"text-editor.default\">\n\t\t\t\t<div class=\"elementor-widget-container\">\n\t\t\t\t\t\t\t\t\t<h5>N\u00daMERO 68<\/h5><h3>BAJO AMENAZA<\/h3><h6>DERECHOS HUMANOS<\/h6><p><br \/>LA ARGENTINA TIENE UNA S\u00d3LIDA TRADICI\u00d3N EN MATERIA DE LUCHAS Y PR\u00c1CTICAS INSTITUCIONALES VINCULADAS CON LOS DERECHOS HUMANOS. EL CONTEXTO ACTUAL NOS PLANTEA EL RETO DE DEFENDER LO CONQUISTADO Y, AL MISMO TIEMPO, AMPLIAR LA AGENDA EN FAVOR DE UNA MAYOR EQUIDAD.<\/p>\t\t\t\t\t\t\t\t<\/div>\n\t\t\t\t<\/div>\n\t\t\t\t<div class=\"elementor-element elementor-element-ac414d9 elementor-widget elementor-widget-button\" data-id=\"ac414d9\" data-element_type=\"widget\" data-e-type=\"widget\" data-widget_type=\"button.default\">\n\t\t\t\t<div class=\"elementor-widget-container\">\n\t\t\t\t\t\t\t\t\t<div class=\"elementor-button-wrapper\">\n\t\t\t\t\t<a class=\"elementor-button elementor-button-link elementor-size-xs\" href=\"https:\/\/drive.google.com\/file\/d\/1-UfWPpm6jejEEAbX7fM2gf9yETukdnd_\/view\" target=\"_blank\">\n\t\t\t\t\t\t<span class=\"elementor-button-content-wrapper\">\n\t\t\t\t\t\t\t\t\t<span class=\"elementor-button-text\">Descarg\u00e1 el PDF<\/span>\n\t\t\t\t\t<\/span>\n\t\t\t\t\t<\/a>\n\t\t\t\t<\/div>\n\t\t\t\t\t\t\t\t<\/div>\n\t\t\t\t<\/div>\n\t\t\t\t\t<\/div>\n\t\t<\/div>\n\t\t\t\t\t<\/div>\n\t\t<\/section>\n\t\t\t\t<section class=\"elementor-section elementor-top-section elementor-element elementor-element-45df074 elementor-section-boxed elementor-section-height-default elementor-section-height-default\" data-id=\"45df074\" data-element_type=\"section\" data-e-type=\"section\">\n\t\t\t\t\t\t<div class=\"elementor-container elementor-column-gap-default\">\n\t\t\t\t\t<div class=\"elementor-column elementor-col-100 elementor-top-column elementor-element elementor-element-13cd779\" data-id=\"13cd779\" data-element_type=\"column\" data-e-type=\"column\">\n\t\t\t<div class=\"elementor-widget-wrap elementor-element-populated\">\n\t\t\t\t\t\t<div class=\"elementor-element elementor-element-441bee5 elementor-grid-3 elementor-grid-tablet-2 elementor-grid-mobile-1 elementor-posts--align-left elementor-widget elementor-widget-blogmentor_blog_posts\" data-id=\"441bee5\" data-element_type=\"widget\" data-e-type=\"widget\" data-settings=\"{&quot;bm_grid_columns&quot;:&quot;3&quot;,&quot;bm_grid_columns_tablet&quot;:&quot;2&quot;,&quot;bm_grid_columns_mobile&quot;:&quot;1&quot;,&quot;post_card_grid_gap&quot;:{&quot;unit&quot;:&quot;px&quot;,&quot;size&quot;:10,&quot;sizes&quot;:[]},&quot;post_card_row_gap&quot;:{&quot;unit&quot;:&quot;px&quot;,&quot;size&quot;:35,&quot;sizes&quot;:[]}}\" data-widget_type=\"blogmentor_blog_posts.default\">\n\t\t\t\t<div class=\"elementor-widget-container\">\n\t\t\t\t\t\t\t\n\t\t\t\t\t\t\t\t<div class=\"bm-blog-posts-wrapper\" >\n\t\t\t\t\t\t\t<div class=\"bm-blog-posts bm-display-grid elementor-grid elementor-grid-3\" >\n\t\t\t\t    <article id=\"post-6861\" class=\"item bm_layout post-6861 post type-post status-publish format-standard has-post-thumbnail hentry category-n-68 tag-abraham-leonardo-gak tag-derechos-humanos tag-editorial\">\n\t\t<div class=\"bm-blog-post-image entry-post-image\">\n\t\t\t<div class=\"bm-post-image clearfix bm-hover-effect bm-hover-effect-blur\">\n\t\t\t\t<img decoding=\"async\" width=\"640\" height=\"495\" src=\"https:\/\/www.economicas.uba.ar\/extension\/vocesenelfenix\/wp-content\/uploads\/6800-Gak.jpg\" class=\"attachment-large size-large wp-post-image\" alt=\"\" srcset=\"https:\/\/www.economicas.uba.ar\/extension\/vocesenelfenix\/wp-content\/uploads\/6800-Gak.jpg 1080w, https:\/\/www.economicas.uba.ar\/extension\/vocesenelfenix\/wp-content\/uploads\/6800-Gak-300x232.jpg 300w, https:\/\/www.economicas.uba.ar\/extension\/vocesenelfenix\/wp-content\/uploads\/6800-Gak-768x594.jpg 768w\" sizes=\"(max-width: 640px) 100vw, 640px\" \/>\t\t\t<\/div>\n\t\t<\/div>\n        <div class=\"bm-blog-post-content bm_content_box\">\n            <h4 class=\"entry-post-title bm_title\"><a href=\"https:\/\/www.economicas.uba.ar\/extension\/vocesenelfenix\/avances-y-retrocesos-en-derechos-humanos\/\" rel=\"bookmark\">Avances y retrocesos en derechos humanos<\/a><\/h4>            <div class=\"bm-blog-post-meta entry-post-meta bm_meta\">\n                            <\/div>\n            <div class=\"entry-post-content bm_content\">\n                | Por Abraham Leonardo Gak |            <\/div>\n        <\/div>\n    <\/article>\n    <article id=\"post-6873\" class=\"item bm_layout post-6873 post type-post status-publish format-standard has-post-thumbnail hentry category-n-68 tag-derechos-humanos tag-gaston-chillier tag-marcela-perelman tag-movimientos-sociales tag-violencia-institucional\">\n\t\t<div class=\"bm-blog-post-image entry-post-image\">\n\t\t\t<div class=\"bm-post-image clearfix bm-hover-effect bm-hover-effect-blur\">\n\t\t\t\t<img decoding=\"async\" width=\"640\" height=\"441\" src=\"https:\/\/www.economicas.uba.ar\/extension\/vocesenelfenix\/wp-content\/uploads\/6801-Chillier.jpg\" class=\"attachment-large size-large wp-post-image\" alt=\"\" srcset=\"https:\/\/www.economicas.uba.ar\/extension\/vocesenelfenix\/wp-content\/uploads\/6801-Chillier.jpg 1080w, https:\/\/www.economicas.uba.ar\/extension\/vocesenelfenix\/wp-content\/uploads\/6801-Chillier-300x207.jpg 300w, https:\/\/www.economicas.uba.ar\/extension\/vocesenelfenix\/wp-content\/uploads\/6801-Chillier-768x530.jpg 768w\" sizes=\"(max-width: 640px) 100vw, 640px\" \/>\t\t\t<\/div>\n\t\t<\/div>\n        <div class=\"bm-blog-post-content bm_content_box\">\n            <h4 class=\"entry-post-title bm_title\"><a href=\"https:\/\/www.economicas.uba.ar\/extension\/vocesenelfenix\/entre-la-historia-y-la-novedad-un-activismo-que-evoluciona-en-un-escenario-adverso\/\" rel=\"bookmark\">Entre la historia y la novedad: un activismo que evoluciona en un escenario adverso<\/a><\/h4>            <div class=\"bm-blog-post-meta entry-post-meta bm_meta\">\n                            <\/div>\n            <div class=\"entry-post-content bm_content\">\n                | Por Gast\u00f3n Chillier y Marcela Perelman | Un an\u00e1lisis de la agenda hist\u00f3rica del movimiento de derechos humanos, los efectos de la violencia institucional, los cruces con los movimientos <div><a href=\"https:\/\/www.economicas.uba.ar\/extension\/vocesenelfenix\/entre-la-historia-y-la-novedad-un-activismo-que-evoluciona-en-un-escenario-adverso\/\" rel=\"bookmark\" class=\"bm-read-more entry-read-more\">M\u00e1s \u00bb<\/a><div>            <\/div>\n        <\/div>\n    <\/article>\n    <article id=\"post-6879\" class=\"item bm_layout post-6879 post type-post status-publish format-standard has-post-thumbnail hentry category-n-68 tag-cambiemos tag-derechos-humanos tag-movimientos-sociales tag-veronica-torras\">\n\t\t<div class=\"bm-blog-post-image entry-post-image\">\n\t\t\t<div class=\"bm-post-image clearfix bm-hover-effect bm-hover-effect-blur\">\n\t\t\t\t<img loading=\"lazy\" decoding=\"async\" width=\"640\" height=\"435\" src=\"https:\/\/www.economicas.uba.ar\/extension\/vocesenelfenix\/wp-content\/uploads\/6802-Torras.jpg\" class=\"attachment-large size-large wp-post-image\" alt=\"\" srcset=\"https:\/\/www.economicas.uba.ar\/extension\/vocesenelfenix\/wp-content\/uploads\/6802-Torras.jpg 1080w, https:\/\/www.economicas.uba.ar\/extension\/vocesenelfenix\/wp-content\/uploads\/6802-Torras-300x204.jpg 300w, https:\/\/www.economicas.uba.ar\/extension\/vocesenelfenix\/wp-content\/uploads\/6802-Torras-768x522.jpg 768w\" sizes=\"(max-width: 640px) 100vw, 640px\" \/>\t\t\t<\/div>\n\t\t<\/div>\n        <div class=\"bm-blog-post-content bm_content_box\">\n            <h4 class=\"entry-post-title bm_title\"><a href=\"https:\/\/www.economicas.uba.ar\/extension\/vocesenelfenix\/pro-derechos-humanos-apuntes-sobre-un-cambio-de-paradigma\/\" rel=\"bookmark\">Pro-Derechos Humanos. Apuntes sobre un cambio de paradigma<\/a><\/h4>            <div class=\"bm-blog-post-meta entry-post-meta bm_meta\">\n                            <\/div>\n            <div class=\"entry-post-content bm_content\">\n                | Por Ver\u00f3nica Torras | Al igual que otras expresiones de la derecha pol\u00edtica en el mundo, el principal partido de Cambiemos se propuso construir una ret\u00f3rica propia de derechos <div><a href=\"https:\/\/www.economicas.uba.ar\/extension\/vocesenelfenix\/pro-derechos-humanos-apuntes-sobre-un-cambio-de-paradigma\/\" rel=\"bookmark\" class=\"bm-read-more entry-read-more\">M\u00e1s \u00bb<\/a><div>            <\/div>\n        <\/div>\n    <\/article>\n    <article id=\"post-6885\" class=\"item bm_layout post-6885 post type-post status-publish format-standard has-post-thumbnail hentry category-n-68 tag-cambiemos tag-derechos-humanos tag-martin-rodriguez tag-sentido-comun\">\n\t\t<div class=\"bm-blog-post-image entry-post-image\">\n\t\t\t<div class=\"bm-post-image clearfix bm-hover-effect bm-hover-effect-blur\">\n\t\t\t\t<img loading=\"lazy\" decoding=\"async\" width=\"640\" height=\"402\" src=\"https:\/\/www.economicas.uba.ar\/extension\/vocesenelfenix\/wp-content\/uploads\/6803-Rodriguez.jpg\" class=\"attachment-large size-large wp-post-image\" alt=\"\" srcset=\"https:\/\/www.economicas.uba.ar\/extension\/vocesenelfenix\/wp-content\/uploads\/6803-Rodriguez.jpg 1080w, https:\/\/www.economicas.uba.ar\/extension\/vocesenelfenix\/wp-content\/uploads\/6803-Rodriguez-300x188.jpg 300w, https:\/\/www.economicas.uba.ar\/extension\/vocesenelfenix\/wp-content\/uploads\/6803-Rodriguez-768x482.jpg 768w\" sizes=\"(max-width: 640px) 100vw, 640px\" \/>\t\t\t<\/div>\n\t\t<\/div>\n        <div class=\"bm-blog-post-content bm_content_box\">\n            <h4 class=\"entry-post-title bm_title\"><a href=\"https:\/\/www.economicas.uba.ar\/extension\/vocesenelfenix\/sacarse-la-historia-de-encima\/\" rel=\"bookmark\">Sacarse la Historia de encima<\/a><\/h4>            <div class=\"bm-blog-post-meta entry-post-meta bm_meta\">\n                            <\/div>\n            <div class=\"entry-post-content bm_content\">\n                | Por Mart\u00edn Rodr\u00edguez | El desprecio al pasado y la incapacidad para estar a la altura del debate hist\u00f3rico caracterizan el discurso de Cambiemos con respecto a las pol\u00edticas <div><a href=\"https:\/\/www.economicas.uba.ar\/extension\/vocesenelfenix\/sacarse-la-historia-de-encima\/\" rel=\"bookmark\" class=\"bm-read-more entry-read-more\">M\u00e1s \u00bb<\/a><div>            <\/div>\n        <\/div>\n    <\/article>\n    <article id=\"post-6891\" class=\"item bm_layout post-6891 post type-post status-publish format-standard has-post-thumbnail hentry category-n-68 tag-apartheid tag-celina-flores tag-derechos-humanos tag-marisa-pineau tag-sudafrica\">\n\t\t<div class=\"bm-blog-post-image entry-post-image\">\n\t\t\t<div class=\"bm-post-image clearfix bm-hover-effect bm-hover-effect-blur\">\n\t\t\t\t<img loading=\"lazy\" decoding=\"async\" width=\"640\" height=\"488\" src=\"https:\/\/www.economicas.uba.ar\/extension\/vocesenelfenix\/wp-content\/uploads\/6804-Pineau.jpg\" class=\"attachment-large size-large wp-post-image\" alt=\"\" srcset=\"https:\/\/www.economicas.uba.ar\/extension\/vocesenelfenix\/wp-content\/uploads\/6804-Pineau.jpg 1080w, https:\/\/www.economicas.uba.ar\/extension\/vocesenelfenix\/wp-content\/uploads\/6804-Pineau-300x229.jpg 300w, https:\/\/www.economicas.uba.ar\/extension\/vocesenelfenix\/wp-content\/uploads\/6804-Pineau-768x585.jpg 768w\" sizes=\"(max-width: 640px) 100vw, 640px\" \/>\t\t\t<\/div>\n\t\t<\/div>\n        <div class=\"bm-blog-post-content bm_content_box\">\n            <h4 class=\"entry-post-title bm_title\"><a href=\"https:\/\/www.economicas.uba.ar\/extension\/vocesenelfenix\/el-caso-sudafricano-desde-la-optica-argentina-usos-y-mitos\/\" rel=\"bookmark\">El caso sudafricano desde la \u00f3ptica argentina: usos y mitos<\/a><\/h4>            <div class=\"bm-blog-post-meta entry-post-meta bm_meta\">\n                            <\/div>\n            <div class=\"entry-post-content bm_content\">\n                | Por Marisa Pineau y Celina Flores | El fin del apartheid plante\u00f3 el problema de la convivencia entre v\u00edctimas y victimarios, y su resoluci\u00f3n se vincul\u00f3 estrechamente con el <div><a href=\"https:\/\/www.economicas.uba.ar\/extension\/vocesenelfenix\/el-caso-sudafricano-desde-la-optica-argentina-usos-y-mitos\/\" rel=\"bookmark\" class=\"bm-read-more entry-read-more\">M\u00e1s \u00bb<\/a><div>            <\/div>\n        <\/div>\n    <\/article>\n    <article id=\"post-6897\" class=\"item bm_layout post-6897 post type-post status-publish format-standard has-post-thumbnail hentry category-n-68 tag-derechos-humanos tag-elizabeth-jelin tag-juicios-de-lesa-humanidad tag-ludmila-da-silva-catela tag-violencia-estatal\">\n\t\t<div class=\"bm-blog-post-image entry-post-image\">\n\t\t\t<div class=\"bm-post-image clearfix bm-hover-effect bm-hover-effect-blur\">\n\t\t\t\t<img loading=\"lazy\" decoding=\"async\" width=\"640\" height=\"430\" src=\"https:\/\/www.economicas.uba.ar\/extension\/vocesenelfenix\/wp-content\/uploads\/6805-Da-silva.jpg\" class=\"attachment-large size-large wp-post-image\" alt=\"\" srcset=\"https:\/\/www.economicas.uba.ar\/extension\/vocesenelfenix\/wp-content\/uploads\/6805-Da-silva.jpg 1080w, https:\/\/www.economicas.uba.ar\/extension\/vocesenelfenix\/wp-content\/uploads\/6805-Da-silva-300x202.jpg 300w, https:\/\/www.economicas.uba.ar\/extension\/vocesenelfenix\/wp-content\/uploads\/6805-Da-silva-768x516.jpg 768w\" sizes=\"(max-width: 640px) 100vw, 640px\" \/>\t\t\t<\/div>\n\t\t<\/div>\n        <div class=\"bm-blog-post-content bm_content_box\">\n            <h4 class=\"entry-post-title bm_title\"><a href=\"https:\/\/www.economicas.uba.ar\/extension\/vocesenelfenix\/juicios-de-lesa-humanidad-verdad-y-sociedad\/\" rel=\"bookmark\">Juicios de lesa humanidad, verdad y sociedad<\/a><\/h4>            <div class=\"bm-blog-post-meta entry-post-meta bm_meta\">\n                            <\/div>\n            <div class=\"entry-post-content bm_content\">\n                | Por Ludmila da Silva Catela y Elizabeth Jelin | Adem\u00e1s de generar condenas y prisiones, las acciones jur\u00eddicas conformaron una poderosa herramienta para producir representaciones e im\u00e1genes del ejercicio <div><a href=\"https:\/\/www.economicas.uba.ar\/extension\/vocesenelfenix\/juicios-de-lesa-humanidad-verdad-y-sociedad\/\" rel=\"bookmark\" class=\"bm-read-more entry-read-more\">M\u00e1s \u00bb<\/a><div>            <\/div>\n        <\/div>\n    <\/article>\n    <article id=\"post-6908\" class=\"item bm_layout post-6908 post type-post status-publish format-standard has-post-thumbnail hentry category-n-68 tag-derechos-humanos tag-desaparecidos tag-dictadura-militar tag-natalia-federman tag-violencia-institucional\">\n\t\t<div class=\"bm-blog-post-image entry-post-image\">\n\t\t\t<div class=\"bm-post-image clearfix bm-hover-effect bm-hover-effect-blur\">\n\t\t\t\t<img loading=\"lazy\" decoding=\"async\" width=\"640\" height=\"306\" src=\"https:\/\/www.economicas.uba.ar\/extension\/vocesenelfenix\/wp-content\/uploads\/6806-Federman.jpg\" class=\"attachment-large size-large wp-post-image\" alt=\"\" srcset=\"https:\/\/www.economicas.uba.ar\/extension\/vocesenelfenix\/wp-content\/uploads\/6806-Federman.jpg 1080w, https:\/\/www.economicas.uba.ar\/extension\/vocesenelfenix\/wp-content\/uploads\/6806-Federman-300x144.jpg 300w, https:\/\/www.economicas.uba.ar\/extension\/vocesenelfenix\/wp-content\/uploads\/6806-Federman-768x368.jpg 768w\" sizes=\"(max-width: 640px) 100vw, 640px\" \/>\t\t\t<\/div>\n\t\t<\/div>\n        <div class=\"bm-blog-post-content bm_content_box\">\n            <h4 class=\"entry-post-title bm_title\"><a href=\"https:\/\/www.economicas.uba.ar\/extension\/vocesenelfenix\/desapariciones-la-negacion-del-derecho-a-la-propia-muerte\/\" rel=\"bookmark\">Desapariciones: la negaci\u00f3n del derecho a la propia muerte<\/a><\/h4>            <div class=\"bm-blog-post-meta entry-post-meta bm_meta\">\n                            <\/div>\n            <div class=\"entry-post-content bm_content\">\n                | Por Natalia Federman | Aunque en nuestro pa\u00eds se encuentra inevitablemente asociada a la \u00faltima dictadura militar, la desaparici\u00f3n forzada de personas no es un fen\u00f3meno privativo de los <div><a href=\"https:\/\/www.economicas.uba.ar\/extension\/vocesenelfenix\/desapariciones-la-negacion-del-derecho-a-la-propia-muerte\/\" rel=\"bookmark\" class=\"bm-read-more entry-read-more\">M\u00e1s \u00bb<\/a><div>            <\/div>\n        <\/div>\n    <\/article>\n    <article id=\"post-6914\" class=\"item bm_layout post-6914 post type-post status-publish format-standard has-post-thumbnail hentry category-n-68 tag-ana-paula-mendes-de-miranda tag-derechos-humanos tag-dominio-armado tag-jacqueline-de-oliveira-muniz tag-poder-territorial tag-rio-de-janeiro\">\n\t\t<div class=\"bm-blog-post-image entry-post-image\">\n\t\t\t<div class=\"bm-post-image clearfix bm-hover-effect bm-hover-effect-blur\">\n\t\t\t\t<img loading=\"lazy\" decoding=\"async\" width=\"640\" height=\"389\" src=\"https:\/\/www.economicas.uba.ar\/extension\/vocesenelfenix\/wp-content\/uploads\/6807-Mendes.jpg\" class=\"attachment-large size-large wp-post-image\" alt=\"\" srcset=\"https:\/\/www.economicas.uba.ar\/extension\/vocesenelfenix\/wp-content\/uploads\/6807-Mendes.jpg 1080w, https:\/\/www.economicas.uba.ar\/extension\/vocesenelfenix\/wp-content\/uploads\/6807-Mendes-300x183.jpg 300w, https:\/\/www.economicas.uba.ar\/extension\/vocesenelfenix\/wp-content\/uploads\/6807-Mendes-768x467.jpg 768w\" sizes=\"(max-width: 640px) 100vw, 640px\" \/>\t\t\t<\/div>\n\t\t<\/div>\n        <div class=\"bm-blog-post-content bm_content_box\">\n            <h4 class=\"entry-post-title bm_title\"><a href=\"https:\/\/www.economicas.uba.ar\/extension\/vocesenelfenix\/dominio-armado-el-poder-territorial-de-las-facciones-los-comandos-y-las-milicias-en-rio-de-janeiro\/\" rel=\"bookmark\">Dominio armado: el poder territorial de las facciones, los comandos y las milicias en R\u00edo de Janeiro<\/a><\/h4>            <div class=\"bm-blog-post-meta entry-post-meta bm_meta\">\n                            <\/div>\n            <div class=\"entry-post-content bm_content\">\n                | Por Ana Paula Mendes de Miranda y Jacqueline de Oliveira Muniz | El concepto es profundizado por las autoras para definir las diversas redes criminales que ejercen el control <div><a href=\"https:\/\/www.economicas.uba.ar\/extension\/vocesenelfenix\/dominio-armado-el-poder-territorial-de-las-facciones-los-comandos-y-las-milicias-en-rio-de-janeiro\/\" rel=\"bookmark\" class=\"bm-read-more entry-read-more\">M\u00e1s \u00bb<\/a><div>            <\/div>\n        <\/div>\n    <\/article>\n    <article id=\"post-6920\" class=\"item bm_layout post-6920 post type-post status-publish format-standard has-post-thumbnail hentry category-n-68 tag-derechos-humanos tag-discursos-represivos tag-estado-de-policia tag-maria-victoria-pita tag-practicas-represivas\">\n\t\t<div class=\"bm-blog-post-image entry-post-image\">\n\t\t\t<div class=\"bm-post-image clearfix bm-hover-effect bm-hover-effect-blur\">\n\t\t\t\t<img loading=\"lazy\" decoding=\"async\" width=\"640\" height=\"421\" src=\"https:\/\/www.economicas.uba.ar\/extension\/vocesenelfenix\/wp-content\/uploads\/6808-Pita.jpg\" class=\"attachment-large size-large wp-post-image\" alt=\"\" srcset=\"https:\/\/www.economicas.uba.ar\/extension\/vocesenelfenix\/wp-content\/uploads\/6808-Pita.jpg 1080w, https:\/\/www.economicas.uba.ar\/extension\/vocesenelfenix\/wp-content\/uploads\/6808-Pita-300x197.jpg 300w, https:\/\/www.economicas.uba.ar\/extension\/vocesenelfenix\/wp-content\/uploads\/6808-Pita-768x505.jpg 768w\" sizes=\"(max-width: 640px) 100vw, 640px\" \/>\t\t\t<\/div>\n\t\t<\/div>\n        <div class=\"bm-blog-post-content bm_content_box\">\n            <h4 class=\"entry-post-title bm_title\"><a href=\"https:\/\/www.economicas.uba.ar\/extension\/vocesenelfenix\/estado-de-policia-nuevos-usos-de-viejas-herramientas\/\" rel=\"bookmark\">Estado de Polic\u00eda: nuevos usos de viejas herramientas<\/a><\/h4>            <div class=\"bm-blog-post-meta entry-post-meta bm_meta\">\n                            <\/div>\n            <div class=\"entry-post-content bm_content\">\n                | Por Mar\u00eda Victoria Pita | Frente al actual retroceso en materia de derechos humanos, se impone la necesidad de una perspectiva que reconozca las matrices hist\u00f3ricas y las tradiciones <div><a href=\"https:\/\/www.economicas.uba.ar\/extension\/vocesenelfenix\/estado-de-policia-nuevos-usos-de-viejas-herramientas\/\" rel=\"bookmark\" class=\"bm-read-more entry-read-more\">M\u00e1s \u00bb<\/a><div>            <\/div>\n        <\/div>\n    <\/article>\n    <article id=\"post-6926\" class=\"item bm_layout post-6926 post type-post status-publish format-standard has-post-thumbnail hentry category-n-68 tag-cambiemos tag-derechos-humanos tag-movimientos-sociales tag-paula-abal-medina tag-sindicatos tag-sujetos-politicos\">\n\t\t<div class=\"bm-blog-post-image entry-post-image\">\n\t\t\t<div class=\"bm-post-image clearfix bm-hover-effect bm-hover-effect-blur\">\n\t\t\t\t<img loading=\"lazy\" decoding=\"async\" width=\"640\" height=\"444\" src=\"https:\/\/www.economicas.uba.ar\/extension\/vocesenelfenix\/wp-content\/uploads\/6809-Abal.jpg\" class=\"attachment-large size-large wp-post-image\" alt=\"\" srcset=\"https:\/\/www.economicas.uba.ar\/extension\/vocesenelfenix\/wp-content\/uploads\/6809-Abal.jpg 1080w, https:\/\/www.economicas.uba.ar\/extension\/vocesenelfenix\/wp-content\/uploads\/6809-Abal-300x208.jpg 300w, https:\/\/www.economicas.uba.ar\/extension\/vocesenelfenix\/wp-content\/uploads\/6809-Abal-768x533.jpg 768w\" sizes=\"(max-width: 640px) 100vw, 640px\" \/>\t\t\t<\/div>\n\t\t<\/div>\n        <div class=\"bm-blog-post-content bm_content_box\">\n            <h4 class=\"entry-post-title bm_title\"><a href=\"https:\/\/www.economicas.uba.ar\/extension\/vocesenelfenix\/volver-al-lugar-de-donde-vinimos-nuevos-sujetos-politicos-dentro-del-campo-popular\/\" rel=\"bookmark\">Volver al lugar de donde vinimos. Nuevos sujetos pol\u00edticos dentro del campo popular<\/a><\/h4>            <div class=\"bm-blog-post-meta entry-post-meta bm_meta\">\n                            <\/div>\n            <div class=\"entry-post-content bm_content\">\n                | Por Paula Abal Medina | Lo ocurrido en estos dos \u00faltimos a\u00f1os muestra que la mira del gobierno de Cambiemos est\u00e1 puesta en los trabajadores y trabajadoras, con el <div><a href=\"https:\/\/www.economicas.uba.ar\/extension\/vocesenelfenix\/volver-al-lugar-de-donde-vinimos-nuevos-sujetos-politicos-dentro-del-campo-popular\/\" rel=\"bookmark\" class=\"bm-read-more entry-read-more\">M\u00e1s \u00bb<\/a><div>            <\/div>\n        <\/div>\n    <\/article>\n    <article id=\"post-6932\" class=\"item bm_layout post-6932 post type-post status-publish format-standard has-post-thumbnail hentry category-n-68 tag-actores-sociales tag-ana-natalucci tag-derechos-humanos tag-sindicatos\">\n\t\t<div class=\"bm-blog-post-image entry-post-image\">\n\t\t\t<div class=\"bm-post-image clearfix bm-hover-effect bm-hover-effect-blur\">\n\t\t\t\t<img loading=\"lazy\" decoding=\"async\" width=\"640\" height=\"434\" src=\"https:\/\/www.economicas.uba.ar\/extension\/vocesenelfenix\/wp-content\/uploads\/6810-Natalucci.jpg\" class=\"attachment-large size-large wp-post-image\" alt=\"\" srcset=\"https:\/\/www.economicas.uba.ar\/extension\/vocesenelfenix\/wp-content\/uploads\/6810-Natalucci.jpg 1080w, https:\/\/www.economicas.uba.ar\/extension\/vocesenelfenix\/wp-content\/uploads\/6810-Natalucci-300x203.jpg 300w, https:\/\/www.economicas.uba.ar\/extension\/vocesenelfenix\/wp-content\/uploads\/6810-Natalucci-768x521.jpg 768w\" sizes=\"(max-width: 640px) 100vw, 640px\" \/>\t\t\t<\/div>\n\t\t<\/div>\n        <div class=\"bm-blog-post-content bm_content_box\">\n            <h4 class=\"entry-post-title bm_title\"><a href=\"https:\/\/www.economicas.uba.ar\/extension\/vocesenelfenix\/sindicalismo-y-derechos-humanos-actores-agendas-y-estrategias\/\" rel=\"bookmark\">Sindicalismo y derechos humanos: actores, agendas y estrategias<\/a><\/h4>            <div class=\"bm-blog-post-meta entry-post-meta bm_meta\">\n                            <\/div>\n            <div class=\"entry-post-content bm_content\">\n                | Por Ana Natalucci | Hasta mediados de los \u201990, las organizaciones del mundo gremial y las del movimiento de derechos humanos tomaron v\u00edas paralelas. Con el surgimiento de una <div><a href=\"https:\/\/www.economicas.uba.ar\/extension\/vocesenelfenix\/sindicalismo-y-derechos-humanos-actores-agendas-y-estrategias\/\" rel=\"bookmark\" class=\"bm-read-more entry-read-more\">M\u00e1s \u00bb<\/a><div>            <\/div>\n        <\/div>\n    <\/article>\n    <article id=\"post-6938\" class=\"item bm_layout post-6938 post type-post status-publish format-standard has-post-thumbnail hentry category-n-68 tag-democratizacion tag-derechos tag-derechos-humanos tag-organizaciones-populares tag-represion tag-virginia-manzano\">\n\t\t<div class=\"bm-blog-post-image entry-post-image\">\n\t\t\t<div class=\"bm-post-image clearfix bm-hover-effect bm-hover-effect-blur\">\n\t\t\t\t<img loading=\"lazy\" decoding=\"async\" width=\"640\" height=\"393\" src=\"https:\/\/www.economicas.uba.ar\/extension\/vocesenelfenix\/wp-content\/uploads\/6811-Manzano.jpg\" class=\"attachment-large size-large wp-post-image\" alt=\"\" srcset=\"https:\/\/www.economicas.uba.ar\/extension\/vocesenelfenix\/wp-content\/uploads\/6811-Manzano.jpg 1080w, https:\/\/www.economicas.uba.ar\/extension\/vocesenelfenix\/wp-content\/uploads\/6811-Manzano-300x184.jpg 300w, https:\/\/www.economicas.uba.ar\/extension\/vocesenelfenix\/wp-content\/uploads\/6811-Manzano-768x472.jpg 768w\" sizes=\"(max-width: 640px) 100vw, 640px\" \/>\t\t\t<\/div>\n\t\t<\/div>\n        <div class=\"bm-blog-post-content bm_content_box\">\n            <h4 class=\"entry-post-title bm_title\"><a href=\"https:\/\/www.economicas.uba.ar\/extension\/vocesenelfenix\/organizaciones-populares-en-la-argentina-derechos-democratizacion-social-y-represion\/\" rel=\"bookmark\">Organizaciones populares en la Argentina: derechos, democratizaci\u00f3n social y represi\u00f3n<\/a><\/h4>            <div class=\"bm-blog-post-meta entry-post-meta bm_meta\">\n                            <\/div>\n            <div class=\"entry-post-content bm_content\">\n                | Por Virginia Manzano | Nacidos a partir de las ocupaciones de tierras y la movilizaci\u00f3n en la d\u00e9cada de los \u201980, estos movimientos se han centrado en la reivindicaci\u00f3n <div><a href=\"https:\/\/www.economicas.uba.ar\/extension\/vocesenelfenix\/organizaciones-populares-en-la-argentina-derechos-democratizacion-social-y-represion\/\" rel=\"bookmark\" class=\"bm-read-more entry-read-more\">M\u00e1s \u00bb<\/a><div>            <\/div>\n        <\/div>\n    <\/article>\n    <article id=\"post-6944\" class=\"item bm_layout post-6944 post type-post status-publish format-standard has-post-thumbnail hentry category-n-68 tag-ana-ramos tag-derecho-indigena tag-derechos-humanos tag-pueblos-indigenas tag-racismo tag-represion\">\n\t\t<div class=\"bm-blog-post-image entry-post-image\">\n\t\t\t<div class=\"bm-post-image clearfix bm-hover-effect bm-hover-effect-blur\">\n\t\t\t\t<img loading=\"lazy\" decoding=\"async\" width=\"640\" height=\"455\" src=\"https:\/\/www.economicas.uba.ar\/extension\/vocesenelfenix\/wp-content\/uploads\/6812-Ramos.jpg\" class=\"attachment-large size-large wp-post-image\" alt=\"\" srcset=\"https:\/\/www.economicas.uba.ar\/extension\/vocesenelfenix\/wp-content\/uploads\/6812-Ramos.jpg 1080w, https:\/\/www.economicas.uba.ar\/extension\/vocesenelfenix\/wp-content\/uploads\/6812-Ramos-300x213.jpg 300w, https:\/\/www.economicas.uba.ar\/extension\/vocesenelfenix\/wp-content\/uploads\/6812-Ramos-768x545.jpg 768w\" sizes=\"(max-width: 640px) 100vw, 640px\" \/>\t\t\t<\/div>\n\t\t<\/div>\n        <div class=\"bm-blog-post-content bm_content_box\">\n            <h4 class=\"entry-post-title bm_title\"><a href=\"https:\/\/www.economicas.uba.ar\/extension\/vocesenelfenix\/cuando-el-indigena-es-un-problema-el-problema-es-el-racismo-el-derecho-indigena-en-contextos-de-represion\/\" rel=\"bookmark\">Cuando el ind\u00edgena es un \u201cproblema\u201d, el problema es el racismo. El derecho ind\u00edgena en contextos de represi\u00f3n<\/a><\/h4>            <div class=\"bm-blog-post-meta entry-post-meta bm_meta\">\n                            <\/div>\n            <div class=\"entry-post-content bm_content\">\n                | Por Ana Ramos | En los \u00faltimos 30 a\u00f1os ha habido numerosos avances en materia de derecho relativo a los pueblos originarios. \u00bfPor qu\u00e9 hoy no estamos celebrando el <div><a href=\"https:\/\/www.economicas.uba.ar\/extension\/vocesenelfenix\/cuando-el-indigena-es-un-problema-el-problema-es-el-racismo-el-derecho-indigena-en-contextos-de-represion\/\" rel=\"bookmark\" class=\"bm-read-more entry-read-more\">M\u00e1s \u00bb<\/a><div>            <\/div>\n        <\/div>\n    <\/article>\n    <article id=\"post-6950\" class=\"item bm_layout post-6950 post type-post status-publish format-standard has-post-thumbnail hentry category-n-68 tag-derechos-humanos tag-justicia tag-paula-litvachky tag-poder-judicial-federal tag-servicios-de-inteligencia\">\n\t\t<div class=\"bm-blog-post-image entry-post-image\">\n\t\t\t<div class=\"bm-post-image clearfix bm-hover-effect bm-hover-effect-blur\">\n\t\t\t\t<img loading=\"lazy\" decoding=\"async\" width=\"640\" height=\"529\" src=\"https:\/\/www.economicas.uba.ar\/extension\/vocesenelfenix\/wp-content\/uploads\/6813-Litvachky.jpg\" class=\"attachment-large size-large wp-post-image\" alt=\"\" srcset=\"https:\/\/www.economicas.uba.ar\/extension\/vocesenelfenix\/wp-content\/uploads\/6813-Litvachky.jpg 1080w, https:\/\/www.economicas.uba.ar\/extension\/vocesenelfenix\/wp-content\/uploads\/6813-Litvachky-300x248.jpg 300w, https:\/\/www.economicas.uba.ar\/extension\/vocesenelfenix\/wp-content\/uploads\/6813-Litvachky-768x634.jpg 768w\" sizes=\"(max-width: 640px) 100vw, 640px\" \/>\t\t\t<\/div>\n\t\t<\/div>\n        <div class=\"bm-blog-post-content bm_content_box\">\n            <h4 class=\"entry-post-title bm_title\"><a href=\"https:\/\/www.economicas.uba.ar\/extension\/vocesenelfenix\/leales-a-quien-sobre-como-las-relaciones-con-los-servicios-de-inteligencia-estan-haciendo-mas-opaca-la-justicia\/\" rel=\"bookmark\">\u00bfLeales a qui\u00e9n? Sobre c\u00f3mo las relaciones con los servicios de inteligencia est\u00e1n haciendo m\u00e1s opaca la Justicia<\/a><\/h4>            <div class=\"bm-blog-post-meta entry-post-meta bm_meta\">\n                            <\/div>\n            <div class=\"entry-post-content bm_content\">\n                | Por Paula Litvachky | En la Argentina, el poder judicial federal y la estructura de inteligencia se encuentran imbricados por una red de v\u00ednculos y compromisos, con una agenda <div><a href=\"https:\/\/www.economicas.uba.ar\/extension\/vocesenelfenix\/leales-a-quien-sobre-como-las-relaciones-con-los-servicios-de-inteligencia-estan-haciendo-mas-opaca-la-justicia\/\" rel=\"bookmark\" class=\"bm-read-more entry-read-more\">M\u00e1s \u00bb<\/a><div>            <\/div>\n        <\/div>\n    <\/article>\n    <article id=\"post-6956\" class=\"item bm_layout post-6956 post type-post status-publish format-standard has-post-thumbnail hentry category-n-68 tag-agenda-anticorrupcion tag-democracia tag-derechos-humanos tag-maria-soledad-gattoni tag-sebastian-pereyra\">\n\t\t<div class=\"bm-blog-post-image entry-post-image\">\n\t\t\t<div class=\"bm-post-image clearfix bm-hover-effect bm-hover-effect-blur\">\n\t\t\t\t<img loading=\"lazy\" decoding=\"async\" width=\"640\" height=\"404\" src=\"https:\/\/www.economicas.uba.ar\/extension\/vocesenelfenix\/wp-content\/uploads\/6814-Pereyra.jpg\" class=\"attachment-large size-large wp-post-image\" alt=\"\" srcset=\"https:\/\/www.economicas.uba.ar\/extension\/vocesenelfenix\/wp-content\/uploads\/6814-Pereyra.jpg 1080w, https:\/\/www.economicas.uba.ar\/extension\/vocesenelfenix\/wp-content\/uploads\/6814-Pereyra-300x189.jpg 300w, https:\/\/www.economicas.uba.ar\/extension\/vocesenelfenix\/wp-content\/uploads\/6814-Pereyra-768x485.jpg 768w\" sizes=\"(max-width: 640px) 100vw, 640px\" \/>\t\t\t<\/div>\n\t\t<\/div>\n        <div class=\"bm-blog-post-content bm_content_box\">\n            <h4 class=\"entry-post-title bm_title\"><a href=\"https:\/\/www.economicas.uba.ar\/extension\/vocesenelfenix\/una-agenda-anticorrupcion-para-la-democracia\/\" rel=\"bookmark\">Una agenda anticorrupci\u00f3n para la democracia<\/a><\/h4>            <div class=\"bm-blog-post-meta entry-post-meta bm_meta\">\n                            <\/div>\n            <div class=\"entry-post-content bm_content\">\n                | Por Sebasti\u00e1n Pereyra y Mar\u00eda Soledad Gattoni | Vinculada en sus or\u00edgenes al debate sobre los derechos humanos, esta iniciativa fue descuidada durante el kirchnerismo y retomada por el <div><a href=\"https:\/\/www.economicas.uba.ar\/extension\/vocesenelfenix\/una-agenda-anticorrupcion-para-la-democracia\/\" rel=\"bookmark\" class=\"bm-read-more entry-read-more\">M\u00e1s \u00bb<\/a><div>            <\/div>\n        <\/div>\n    <\/article>\n    <article id=\"post-6963\" class=\"item bm_layout post-6963 post type-post status-publish format-standard has-post-thumbnail hentry category-n-68 tag-crisis-economica tag-derechos-humanos tag-juan-pablo-bohoslavsky tag-politicas-de-ajuste tag-reformas-economicas\">\n\t\t<div class=\"bm-blog-post-image entry-post-image\">\n\t\t\t<div class=\"bm-post-image clearfix bm-hover-effect bm-hover-effect-blur\">\n\t\t\t\t<img loading=\"lazy\" decoding=\"async\" width=\"640\" height=\"436\" src=\"https:\/\/www.economicas.uba.ar\/extension\/vocesenelfenix\/wp-content\/uploads\/6815-Bohoslavsky.jpg\" class=\"attachment-large size-large wp-post-image\" alt=\"\" srcset=\"https:\/\/www.economicas.uba.ar\/extension\/vocesenelfenix\/wp-content\/uploads\/6815-Bohoslavsky.jpg 1080w, https:\/\/www.economicas.uba.ar\/extension\/vocesenelfenix\/wp-content\/uploads\/6815-Bohoslavsky-300x204.jpg 300w, https:\/\/www.economicas.uba.ar\/extension\/vocesenelfenix\/wp-content\/uploads\/6815-Bohoslavsky-768x523.jpg 768w\" sizes=\"(max-width: 640px) 100vw, 640px\" \/>\t\t\t<\/div>\n\t\t<\/div>\n        <div class=\"bm-blog-post-content bm_content_box\">\n            <h4 class=\"entry-post-title bm_title\"><a href=\"https:\/\/www.economicas.uba.ar\/extension\/vocesenelfenix\/principios-rectores-para-evaluar-los-efectos-de-las-reformas-economicas-sobre-los-derechos-humanos-si\/\" rel=\"bookmark\">\u00bfPrincipios rectores para evaluar los efectos de las reformas econ\u00f3micas sobre los derechos humanos? S\u00ed<\/a><\/h4>            <div class=\"bm-blog-post-meta entry-post-meta bm_meta\">\n                            <\/div>\n            <div class=\"entry-post-content bm_content\">\n                | Por Juan Pablo Bohoslavsky | Tanto los Estados como las instituciones financieras internacionales tienen la obligaci\u00f3n de evaluar las consecuencias de las reformas econ\u00f3micas sobre los derechos humanos. El <div><a href=\"https:\/\/www.economicas.uba.ar\/extension\/vocesenelfenix\/principios-rectores-para-evaluar-los-efectos-de-las-reformas-economicas-sobre-los-derechos-humanos-si\/\" rel=\"bookmark\" class=\"bm-read-more entry-read-more\">M\u00e1s \u00bb<\/a><div>            <\/div>\n        <\/div>\n    <\/article>\n    <article id=\"post-6969\" class=\"item bm_layout post-6969 post type-post status-publish format-standard has-post-thumbnail hentry category-n-68 tag-censura tag-concentracion-de-medios tag-derechos-humanos tag-libertad-de-expresion tag-martin-becerra\">\n\t\t<div class=\"bm-blog-post-image entry-post-image\">\n\t\t\t<div class=\"bm-post-image clearfix bm-hover-effect bm-hover-effect-blur\">\n\t\t\t\t<img loading=\"lazy\" decoding=\"async\" width=\"640\" height=\"414\" src=\"https:\/\/www.economicas.uba.ar\/extension\/vocesenelfenix\/wp-content\/uploads\/6816-Becerra.jpg\" class=\"attachment-large size-large wp-post-image\" alt=\"\" srcset=\"https:\/\/www.economicas.uba.ar\/extension\/vocesenelfenix\/wp-content\/uploads\/6816-Becerra.jpg 1080w, https:\/\/www.economicas.uba.ar\/extension\/vocesenelfenix\/wp-content\/uploads\/6816-Becerra-300x194.jpg 300w, https:\/\/www.economicas.uba.ar\/extension\/vocesenelfenix\/wp-content\/uploads\/6816-Becerra-768x496.jpg 768w\" sizes=\"(max-width: 640px) 100vw, 640px\" \/>\t\t\t<\/div>\n\t\t<\/div>\n        <div class=\"bm-blog-post-content bm_content_box\">\n            <h4 class=\"entry-post-title bm_title\"><a href=\"https:\/\/www.economicas.uba.ar\/extension\/vocesenelfenix\/concentracion-y-libertad-de-expresion-variaciones-sobre-la-censura-sutil\/\" rel=\"bookmark\">Concentraci\u00f3n y libertad de expresi\u00f3n: variaciones sobre la censura sutil<\/a><\/h4>            <div class=\"bm-blog-post-meta entry-post-meta bm_meta\">\n                            <\/div>\n            <div class=\"entry-post-content bm_content\">\n                | Por Mart\u00edn Becerra | Adem\u00e1s de censura previa, persecuciones y otras limitaciones evidentes, Am\u00e9rica latina suma una nueva capa de restricciones que obstruyen esta libertad, concebida como un derecho <div><a href=\"https:\/\/www.economicas.uba.ar\/extension\/vocesenelfenix\/concentracion-y-libertad-de-expresion-variaciones-sobre-la-censura-sutil\/\" rel=\"bookmark\" class=\"bm-read-more entry-read-more\">M\u00e1s \u00bb<\/a><div>            <\/div>\n        <\/div>\n    <\/article>\n    <article id=\"post-6975\" class=\"item bm_layout post-6975 post type-post status-publish format-standard has-post-thumbnail hentry category-n-68 tag-aborto tag-derechos-humanos tag-gines-gonzalez-garcia tag-legalizacion-del-aborto\">\n\t\t<div class=\"bm-blog-post-image entry-post-image\">\n\t\t\t<div class=\"bm-post-image clearfix bm-hover-effect bm-hover-effect-blur\">\n\t\t\t\t<img loading=\"lazy\" decoding=\"async\" width=\"640\" height=\"435\" src=\"https:\/\/www.economicas.uba.ar\/extension\/vocesenelfenix\/wp-content\/uploads\/6817-Entrevista.jpg\" class=\"attachment-large size-large wp-post-image\" alt=\"\" srcset=\"https:\/\/www.economicas.uba.ar\/extension\/vocesenelfenix\/wp-content\/uploads\/6817-Entrevista.jpg 1080w, https:\/\/www.economicas.uba.ar\/extension\/vocesenelfenix\/wp-content\/uploads\/6817-Entrevista-300x204.jpg 300w, https:\/\/www.economicas.uba.ar\/extension\/vocesenelfenix\/wp-content\/uploads\/6817-Entrevista-768x522.jpg 768w\" sizes=\"(max-width: 640px) 100vw, 640px\" \/>\t\t\t<\/div>\n\t\t<\/div>\n        <div class=\"bm-blog-post-content bm_content_box\">\n            <h4 class=\"entry-post-title bm_title\"><a href=\"https:\/\/www.economicas.uba.ar\/extension\/vocesenelfenix\/gines-gonzalez-garcia-la-legalizacion-del-aborto-es-inexorable-porque-es-parte-de-la-evolucion-entrevista\/\" rel=\"bookmark\">Gin\u00e9s Gonz\u00e1lez Garc\u00eda: \u201cLa legalizaci\u00f3n del aborto es inexorable porque es parte de la evoluci\u00f3n\u201d (entrevista)<\/a><\/h4>            <div class=\"bm-blog-post-meta entry-post-meta bm_meta\">\n                            <\/div>\n            <div class=\"entry-post-content bm_content\">\n                | Por CELS (Marcela Perelman) y Voces en el F\u00e9nix (Abraham Gak, Paola Severino y Mar\u00eda Sol Porta) | En la experiencia del exfuncionario, el poder de la Iglesia Cat\u00f3lica <div><a href=\"https:\/\/www.economicas.uba.ar\/extension\/vocesenelfenix\/gines-gonzalez-garcia-la-legalizacion-del-aborto-es-inexorable-porque-es-parte-de-la-evolucion-entrevista\/\" rel=\"bookmark\" class=\"bm-read-more entry-read-more\">M\u00e1s \u00bb<\/a><div>            <\/div>\n        <\/div>\n    <\/article>\n\t\t\t\t<\/div><\/div>\n\t\t\t\t\t\t\t\t<\/div>\n\t\t\t\t<\/div>\n\t\t\t\t\t<\/div>\n\t\t<\/div>\n\t\t\t\t\t<\/div>\n\t\t<\/section>\n\t\t\t\t<section class=\"elementor-section elementor-top-section elementor-element elementor-element-a57c39e elementor-section-boxed elementor-section-height-default elementor-section-height-default\" data-id=\"a57c39e\" data-element_type=\"section\" data-e-type=\"section\" data-settings=\"{&quot;background_background&quot;:&quot;classic&quot;}\">\n\t\t\t\t\t\t<div class=\"elementor-container elementor-column-gap-default\">\n\t\t\t\t\t<div class=\"elementor-column elementor-col-100 elementor-top-column elementor-element elementor-element-560d1bc\" data-id=\"560d1bc\" data-element_type=\"column\" data-e-type=\"column\">\n\t\t\t<div class=\"elementor-widget-wrap elementor-element-populated\">\n\t\t\t\t\t\t<div class=\"elementor-element elementor-element-b4d6aec elementor-widget elementor-widget-text-editor\" data-id=\"b4d6aec\" data-element_type=\"widget\" data-e-type=\"widget\" data-widget_type=\"text-editor.default\">\n\t\t\t\t<div class=\"elementor-widget-container\">\n\t\t\t\t\t\t\t\t\t<iframe width=\"560\" height=\"315\" src=\"https:\/\/www.youtube.com\/embed\/videoseries?list=PLeYdj9X0_ljmJHjUIj-FEsBgdYk2Su4KN\" title=\"YouTube video player\" frameborder=\"0\" allow=\"accelerometer; autoplay; clipboard-write; encrypted-media; gyroscope; picture-in-picture\" allowfullscreen><\/iframe>\t\t\t\t\t\t\t\t<\/div>\n\t\t\t\t<\/div>\n\t\t\t\t\t<\/div>\n\t\t<\/div>\n\t\t\t\t\t<\/div>\n\t\t<\/section>\n\t\t\t\t<\/div>\n\t\t","protected":false},"excerpt":{"rendered":"<p>N\u00daMERO 68 BAJO AMENAZA DERECHOS HUMANOS LA ARGENTINA TIENE UNA S\u00d3LIDA TRADICI\u00d3N EN MATERIA DE LUCHAS Y PR\u00c1CTICAS INSTITUCIONALES VINCULADAS CON LOS DERECHOS HUMANOS. EL CONTEXTO ACTUAL NOS PLANTEA EL<\/p>\n","protected":false},"author":5,"featured_media":0,"parent":0,"menu_order":0,"comment_status":"closed","ping_status":"closed","template":"","meta":{"footnotes":""},"class_list":["post-6851","page","type-page","status-publish","hentry"],"_links":{"self":[{"href":"https:\/\/www.economicas.uba.ar\/extension\/vocesenelfenix\/wp-json\/wp\/v2\/pages\/6851","targetHints":{"allow":["GET"]}}],"collection":[{"href":"https:\/\/www.economicas.uba.ar\/extension\/vocesenelfenix\/wp-json\/wp\/v2\/pages"}],"about":[{"href":"https:\/\/www.economicas.uba.ar\/extension\/vocesenelfenix\/wp-json\/wp\/v2\/types\/page"}],"author":[{"embeddable":true,"href":"https:\/\/www.economicas.uba.ar\/extension\/vocesenelfenix\/wp-json\/wp\/v2\/users\/5"}],"replies":[{"embeddable":true,"href":"https:\/\/www.economicas.uba.ar\/extension\/vocesenelfenix\/wp-json\/wp\/v2\/comments?post=6851"}],"version-history":[{"count":10,"href":"https:\/\/www.economicas.uba.ar\/extension\/vocesenelfenix\/wp-json\/wp\/v2\/pages\/6851\/revisions"}],"predecessor-version":[{"id":6869,"href":"https:\/\/www.economicas.uba.ar\/extension\/vocesenelfenix\/wp-json\/wp\/v2\/pages\/6851\/revisions\/6869"}],"wp:attachment":[{"href":"https:\/\/www.economicas.uba.ar\/extension\/vocesenelfenix\/wp-json\/wp\/v2\/media?parent=6851"}],"curies":[{"name":"wp","href":"https:\/\/api.w.org\/{rel}","templated":true}]}}