{"id":6994,"date":"2018-03-01T00:01:00","date_gmt":"2018-03-01T03:01:00","guid":{"rendered":"https:\/\/www.economicas.uba.ar\/extension\/vocesenelfenix\/?page_id=6994"},"modified":"2022-02-08T11:15:12","modified_gmt":"2022-02-08T14:15:12","slug":"numero-67","status":"publish","type":"page","link":"https:\/\/www.economicas.uba.ar\/extension\/vocesenelfenix\/numero-67\/","title":{"rendered":"N\u00famero 67"},"content":{"rendered":"\t\t<div data-elementor-type=\"wp-page\" data-elementor-id=\"6994\" class=\"elementor elementor-6994\" data-elementor-post-type=\"page\">\n\t\t\t\t\t\t<section class=\"elementor-section elementor-top-section elementor-element elementor-element-00dc38e elementor-section-boxed elementor-section-height-default elementor-section-height-default\" data-id=\"00dc38e\" data-element_type=\"section\" data-e-type=\"section\" data-settings=\"{&quot;background_background&quot;:&quot;classic&quot;}\">\n\t\t\t\t\t\t<div class=\"elementor-container elementor-column-gap-default\">\n\t\t\t\t\t<div class=\"elementor-column elementor-col-33 elementor-top-column elementor-element elementor-element-2ce5f14\" data-id=\"2ce5f14\" data-element_type=\"column\" data-e-type=\"column\">\n\t\t\t<div class=\"elementor-widget-wrap elementor-element-populated\">\n\t\t\t\t\t\t<div class=\"elementor-element elementor-element-a0c5173 elementor-widget elementor-widget-image\" data-id=\"a0c5173\" data-element_type=\"widget\" data-e-type=\"widget\" data-widget_type=\"image.default\">\n\t\t\t\t<div class=\"elementor-widget-container\">\n\t\t\t\t\t\t\t\t\t\t\t\t\t\t\t\t<a href=\"https:\/\/drive.google.com\/file\/d\/1UK4Ij-V6WOJzbvDiSs1Pf048i6b88ouW\/view\" target=\"_blank\">\n\t\t\t\t\t\t\t<img fetchpriority=\"high\" decoding=\"async\" width=\"193\" height=\"268\" src=\"https:\/\/www.economicas.uba.ar\/extension\/vocesenelfenix\/wp-content\/uploads\/tapa67.jpg\" class=\"attachment-large size-large wp-image-1935\" alt=\"\" \/>\t\t\t\t\t\t\t\t<\/a>\n\t\t\t\t\t\t\t\t\t\t\t\t\t\t\t<\/div>\n\t\t\t\t<\/div>\n\t\t\t\t\t<\/div>\n\t\t<\/div>\n\t\t\t\t<div class=\"elementor-column elementor-col-66 elementor-top-column elementor-element elementor-element-dc7cffe\" data-id=\"dc7cffe\" data-element_type=\"column\" data-e-type=\"column\">\n\t\t\t<div class=\"elementor-widget-wrap elementor-element-populated\">\n\t\t\t\t\t\t<div class=\"elementor-element elementor-element-58b7561 elementor-widget elementor-widget-text-editor\" data-id=\"58b7561\" data-element_type=\"widget\" data-e-type=\"widget\" data-widget_type=\"text-editor.default\">\n\t\t\t\t<div class=\"elementor-widget-container\">\n\t\t\t\t\t\t\t\t\t<h5>N\u00daMERO 67<\/h5><h3>UN LUGAR BAJO EL SOL<\/h3><h6>RELACIONES INTERNACIONALES<\/h6><p><br \/>EL CONTEXTO INTERNACIONAL TIENDE A LA REAFIRMACI\u00d3N DE LAS ASIMETR\u00cdAS. LA ARGENTINA ENFRENTA EL DESAF\u00cdO DE ASUMIR UNA POL\u00cdTICA EXTERIOR SOBERANA DE ACUERDO CON SUS OBJETIVOS DE CRECIMIENTO ECON\u00d3MICO, EQUIDAD SOCIAL Y DESARROLLO HUMANO<\/p>\t\t\t\t\t\t\t\t<\/div>\n\t\t\t\t<\/div>\n\t\t\t\t<div class=\"elementor-element elementor-element-a7f47cd elementor-widget elementor-widget-button\" data-id=\"a7f47cd\" data-element_type=\"widget\" data-e-type=\"widget\" data-widget_type=\"button.default\">\n\t\t\t\t<div class=\"elementor-widget-container\">\n\t\t\t\t\t\t\t\t\t<div class=\"elementor-button-wrapper\">\n\t\t\t\t\t<a class=\"elementor-button elementor-button-link elementor-size-xs\" href=\"https:\/\/drive.google.com\/file\/d\/1UK4Ij-V6WOJzbvDiSs1Pf048i6b88ouW\/view\" target=\"_blank\">\n\t\t\t\t\t\t<span class=\"elementor-button-content-wrapper\">\n\t\t\t\t\t\t\t\t\t<span class=\"elementor-button-text\">Descarg\u00e1 el PDF<\/span>\n\t\t\t\t\t<\/span>\n\t\t\t\t\t<\/a>\n\t\t\t\t<\/div>\n\t\t\t\t\t\t\t\t<\/div>\n\t\t\t\t<\/div>\n\t\t\t\t\t<\/div>\n\t\t<\/div>\n\t\t\t\t\t<\/div>\n\t\t<\/section>\n\t\t\t\t<section class=\"elementor-section elementor-top-section elementor-element elementor-element-d72ecc4 elementor-section-boxed elementor-section-height-default elementor-section-height-default\" data-id=\"d72ecc4\" data-element_type=\"section\" data-e-type=\"section\">\n\t\t\t\t\t\t<div class=\"elementor-container elementor-column-gap-default\">\n\t\t\t\t\t<div class=\"elementor-column elementor-col-100 elementor-top-column elementor-element elementor-element-d0a339b\" data-id=\"d0a339b\" data-element_type=\"column\" data-e-type=\"column\">\n\t\t\t<div class=\"elementor-widget-wrap elementor-element-populated\">\n\t\t\t\t\t\t<div class=\"elementor-element elementor-element-5263c1d elementor-grid-3 elementor-grid-tablet-2 elementor-grid-mobile-1 elementor-posts--align-left elementor-widget elementor-widget-blogmentor_blog_posts\" data-id=\"5263c1d\" data-element_type=\"widget\" data-e-type=\"widget\" data-settings=\"{&quot;bm_grid_columns&quot;:&quot;3&quot;,&quot;bm_grid_columns_tablet&quot;:&quot;2&quot;,&quot;bm_grid_columns_mobile&quot;:&quot;1&quot;,&quot;post_card_grid_gap&quot;:{&quot;unit&quot;:&quot;px&quot;,&quot;size&quot;:10,&quot;sizes&quot;:[]},&quot;post_card_row_gap&quot;:{&quot;unit&quot;:&quot;px&quot;,&quot;size&quot;:35,&quot;sizes&quot;:[]}}\" data-widget_type=\"blogmentor_blog_posts.default\">\n\t\t\t\t<div class=\"elementor-widget-container\">\n\t\t\t\t\t\t\t\n\t\t\t\t\t\t\t\t<div class=\"bm-blog-posts-wrapper\" >\n\t\t\t\t\t\t\t<div class=\"bm-blog-posts bm-display-grid elementor-grid elementor-grid-3\" >\n\t\t\t\t    <article id=\"post-7013\" class=\"item bm_layout post-7013 post type-post status-publish format-standard has-post-thumbnail hentry category-n-67 tag-abraham-leonardo-gak tag-desarrollo tag-editorial tag-politica-exterior tag-relaciones-internacionales tag-soberania\">\n\t\t<div class=\"bm-blog-post-image entry-post-image\">\n\t\t\t<div class=\"bm-post-image clearfix bm-hover-effect bm-hover-effect-blur\">\n\t\t\t\t<img decoding=\"async\" width=\"640\" height=\"472\" src=\"https:\/\/www.economicas.uba.ar\/extension\/vocesenelfenix\/wp-content\/uploads\/6700-Gak.jpg\" class=\"attachment-large size-large wp-post-image\" alt=\"\" srcset=\"https:\/\/www.economicas.uba.ar\/extension\/vocesenelfenix\/wp-content\/uploads\/6700-Gak.jpg 1080w, https:\/\/www.economicas.uba.ar\/extension\/vocesenelfenix\/wp-content\/uploads\/6700-Gak-300x221.jpg 300w, https:\/\/www.economicas.uba.ar\/extension\/vocesenelfenix\/wp-content\/uploads\/6700-Gak-768x566.jpg 768w\" sizes=\"(max-width: 640px) 100vw, 640px\" \/>\t\t\t<\/div>\n\t\t<\/div>\n        <div class=\"bm-blog-post-content bm_content_box\">\n            <h4 class=\"entry-post-title bm_title\"><a href=\"https:\/\/www.economicas.uba.ar\/extension\/vocesenelfenix\/politica-exterior-soberania-y-desarrollo\/\" rel=\"bookmark\">Pol\u00edtica exterior, soberan\u00eda y desarrollo<\/a><\/h4>            <div class=\"bm-blog-post-meta entry-post-meta bm_meta\">\n                            <\/div>\n            <div class=\"entry-post-content bm_content\">\n                | Por Abraham Leonardo Gak |            <\/div>\n        <\/div>\n    <\/article>\n    <article id=\"post-7022\" class=\"item bm_layout post-7022 post type-post status-publish format-standard has-post-thumbnail hentry category-n-67 tag-desindustrializacion tag-deuda-externa tag-libre-comercio tag-mario-rapoport tag-politica-internacional tag-relaciones-internacionales\">\n\t\t<div class=\"bm-blog-post-image entry-post-image\">\n\t\t\t<div class=\"bm-post-image clearfix bm-hover-effect bm-hover-effect-blur\">\n\t\t\t\t<img decoding=\"async\" width=\"640\" height=\"485\" src=\"https:\/\/www.economicas.uba.ar\/extension\/vocesenelfenix\/wp-content\/uploads\/6701-Rapoport.jpg\" class=\"attachment-large size-large wp-post-image\" alt=\"\" srcset=\"https:\/\/www.economicas.uba.ar\/extension\/vocesenelfenix\/wp-content\/uploads\/6701-Rapoport.jpg 1080w, https:\/\/www.economicas.uba.ar\/extension\/vocesenelfenix\/wp-content\/uploads\/6701-Rapoport-300x228.jpg 300w, https:\/\/www.economicas.uba.ar\/extension\/vocesenelfenix\/wp-content\/uploads\/6701-Rapoport-768x582.jpg 768w\" sizes=\"(max-width: 640px) 100vw, 640px\" \/>\t\t\t<\/div>\n\t\t<\/div>\n        <div class=\"bm-blog-post-content bm_content_box\">\n            <h4 class=\"entry-post-title bm_title\"><a href=\"https:\/\/www.economicas.uba.ar\/extension\/vocesenelfenix\/sobre-el-libre-comercio-y-las-politicas-de-apertura-del-sector-externo\/\" rel=\"bookmark\">Sobre el libre comercio y las pol\u00edticas de apertura del sector externo<\/a><\/h4>            <div class=\"bm-blog-post-meta entry-post-meta bm_meta\">\n                            <\/div>\n            <div class=\"entry-post-content bm_content\">\n                | Por Mario Rapoport | En uno de los aspectos de la pol\u00edtica internacional m\u00e1s sensibles, el econ\u00f3mico, el gobierno argentino ha optado por volver a medidas de apertura irrestricta <div><a href=\"https:\/\/www.economicas.uba.ar\/extension\/vocesenelfenix\/sobre-el-libre-comercio-y-las-politicas-de-apertura-del-sector-externo\/\" rel=\"bookmark\" class=\"bm-read-more entry-read-more\">M\u00e1s \u00bb<\/a><div>            <\/div>\n        <\/div>\n    <\/article>\n    <article id=\"post-7029\" class=\"item bm_layout post-7029 post type-post status-publish format-standard has-post-thumbnail hentry category-n-67 tag-cambiemos tag-maria-cecilia-miguez tag-politica-exterior tag-relaciones-internacionales\">\n\t\t<div class=\"bm-blog-post-image entry-post-image\">\n\t\t\t<div class=\"bm-post-image clearfix bm-hover-effect bm-hover-effect-blur\">\n\t\t\t\t<img loading=\"lazy\" decoding=\"async\" width=\"640\" height=\"433\" src=\"https:\/\/www.economicas.uba.ar\/extension\/vocesenelfenix\/wp-content\/uploads\/6702-Miguez.jpg\" class=\"attachment-large size-large wp-post-image\" alt=\"\" srcset=\"https:\/\/www.economicas.uba.ar\/extension\/vocesenelfenix\/wp-content\/uploads\/6702-Miguez.jpg 1080w, https:\/\/www.economicas.uba.ar\/extension\/vocesenelfenix\/wp-content\/uploads\/6702-Miguez-300x203.jpg 300w, https:\/\/www.economicas.uba.ar\/extension\/vocesenelfenix\/wp-content\/uploads\/6702-Miguez-768x520.jpg 768w\" sizes=\"(max-width: 640px) 100vw, 640px\" \/>\t\t\t<\/div>\n\t\t<\/div>\n        <div class=\"bm-blog-post-content bm_content_box\">\n            <h4 class=\"entry-post-title bm_title\"><a href=\"https:\/\/www.economicas.uba.ar\/extension\/vocesenelfenix\/las-bases-de-la-politica-exterior-del-gobierno-de-la-alianza-cambiemos\/\" rel=\"bookmark\">Las bases de la pol\u00edtica exterior del gobierno de la alianza Cambiemos<\/a><\/h4>            <div class=\"bm-blog-post-meta entry-post-meta bm_meta\">\n                            <\/div>\n            <div class=\"entry-post-content bm_content\">\n                | Por Mar\u00eda Cecilia M\u00edguez | Bajo una ret\u00f3rica que propone \u201creinsertar\u201d a la Argentina en el mundo, las medidas efectivamente aplicadas apuntan a reeditar la tradicional posici\u00f3n del pa\u00eds <div><a href=\"https:\/\/www.economicas.uba.ar\/extension\/vocesenelfenix\/las-bases-de-la-politica-exterior-del-gobierno-de-la-alianza-cambiemos\/\" rel=\"bookmark\" class=\"bm-read-more entry-read-more\">M\u00e1s \u00bb<\/a><div>            <\/div>\n        <\/div>\n    <\/article>\n    <article id=\"post-7041\" class=\"item bm_layout post-7041 post type-post status-publish format-standard has-post-thumbnail hentry category-n-67 tag-barack-obama tag-donald-trump tag-leandro-morgenfeld tag-mauricio-macri tag-relaciones-internacionales\">\n\t\t<div class=\"bm-blog-post-image entry-post-image\">\n\t\t\t<div class=\"bm-post-image clearfix bm-hover-effect bm-hover-effect-blur\">\n\t\t\t\t<img loading=\"lazy\" decoding=\"async\" width=\"640\" height=\"469\" src=\"https:\/\/www.economicas.uba.ar\/extension\/vocesenelfenix\/wp-content\/uploads\/6703-Morgenfeld.jpg\" class=\"attachment-large size-large wp-post-image\" alt=\"\" srcset=\"https:\/\/www.economicas.uba.ar\/extension\/vocesenelfenix\/wp-content\/uploads\/6703-Morgenfeld.jpg 1080w, https:\/\/www.economicas.uba.ar\/extension\/vocesenelfenix\/wp-content\/uploads\/6703-Morgenfeld-300x220.jpg 300w, https:\/\/www.economicas.uba.ar\/extension\/vocesenelfenix\/wp-content\/uploads\/6703-Morgenfeld-768x562.jpg 768w\" sizes=\"(max-width: 640px) 100vw, 640px\" \/>\t\t\t<\/div>\n\t\t<\/div>\n        <div class=\"bm-blog-post-content bm_content_box\">\n            <h4 class=\"entry-post-title bm_title\"><a href=\"https:\/\/www.economicas.uba.ar\/extension\/vocesenelfenix\/macri-con-obama-y-trump-persisten-las-dificultades-bilaterales\/\" rel=\"bookmark\">Macri, con Obama y Trump: persisten las dificultades bilaterales<\/a><\/h4>            <div class=\"bm-blog-post-meta entry-post-meta bm_meta\">\n                            <\/div>\n            <div class=\"entry-post-content bm_content\">\n                | Por Leandro Morgenfeld | En sus primeros dos a\u00f1os, el gobierno argentino sobreactu\u00f3 el alineamiento con Washington \u2013retomando la senda que supo transitar Carlos Menem en los noventa\u2013 y <div><a href=\"https:\/\/www.economicas.uba.ar\/extension\/vocesenelfenix\/macri-con-obama-y-trump-persisten-las-dificultades-bilaterales\/\" rel=\"bookmark\" class=\"bm-read-more entry-read-more\">M\u00e1s \u00bb<\/a><div>            <\/div>\n        <\/div>\n    <\/article>\n    <article id=\"post-7047\" class=\"item bm_layout post-7047 post type-post status-publish format-standard has-post-thumbnail hentry category-n-67 tag-cecilia-nahon tag-economia tag-g-20 tag-latinoamerica tag-relaciones-internacionales\">\n\t\t<div class=\"bm-blog-post-image entry-post-image\">\n\t\t\t<div class=\"bm-post-image clearfix bm-hover-effect bm-hover-effect-blur\">\n\t\t\t\t<img loading=\"lazy\" decoding=\"async\" width=\"640\" height=\"394\" src=\"https:\/\/www.economicas.uba.ar\/extension\/vocesenelfenix\/wp-content\/uploads\/6704-Nahon.jpg\" class=\"attachment-large size-large wp-post-image\" alt=\"\" srcset=\"https:\/\/www.economicas.uba.ar\/extension\/vocesenelfenix\/wp-content\/uploads\/6704-Nahon.jpg 1080w, https:\/\/www.economicas.uba.ar\/extension\/vocesenelfenix\/wp-content\/uploads\/6704-Nahon-300x185.jpg 300w, https:\/\/www.economicas.uba.ar\/extension\/vocesenelfenix\/wp-content\/uploads\/6704-Nahon-768x473.jpg 768w\" sizes=\"(max-width: 640px) 100vw, 640px\" \/>\t\t\t<\/div>\n\t\t<\/div>\n        <div class=\"bm-blog-post-content bm_content_box\">\n            <h4 class=\"entry-post-title bm_title\"><a href=\"https:\/\/www.economicas.uba.ar\/extension\/vocesenelfenix\/america-latina-en-el-g-20-continuidades-y-rupturas-de-la-agenda-regional-2008-2018\/\" rel=\"bookmark\">Am\u00e9rica latina en el G-20: continuidades y rupturas de la agenda regional (2008-2018)<\/a><\/h4>            <div class=\"bm-blog-post-meta entry-post-meta bm_meta\">\n                            <\/div>\n            <div class=\"entry-post-content bm_content\">\n                | Por Cecilia Nah\u00f3n | Presente desde 1999 como foro informal de coordinaci\u00f3n financiera en el nivel ministerial, el grupo se consolid\u00f3 como un encuentro con rango presidencial a partir <div><a href=\"https:\/\/www.economicas.uba.ar\/extension\/vocesenelfenix\/america-latina-en-el-g-20-continuidades-y-rupturas-de-la-agenda-regional-2008-2018\/\" rel=\"bookmark\" class=\"bm-read-more entry-read-more\">M\u00e1s \u00bb<\/a><div>            <\/div>\n        <\/div>\n    <\/article>\n    <article id=\"post-7054\" class=\"item bm_layout post-7054 post type-post status-publish format-standard has-post-thumbnail hentry category-n-67 tag-alca tag-enrique-j-m-manson tag-politica-exterior tag-relaciones-internacionales tag-unasur\">\n\t\t<div class=\"bm-blog-post-image entry-post-image\">\n\t\t\t<div class=\"bm-post-image clearfix bm-hover-effect bm-hover-effect-blur\">\n\t\t\t\t<img loading=\"lazy\" decoding=\"async\" width=\"640\" height=\"432\" src=\"https:\/\/www.economicas.uba.ar\/extension\/vocesenelfenix\/wp-content\/uploads\/6705-Manson.jpg\" class=\"attachment-large size-large wp-post-image\" alt=\"\" srcset=\"https:\/\/www.economicas.uba.ar\/extension\/vocesenelfenix\/wp-content\/uploads\/6705-Manson.jpg 1080w, https:\/\/www.economicas.uba.ar\/extension\/vocesenelfenix\/wp-content\/uploads\/6705-Manson-300x203.jpg 300w, https:\/\/www.economicas.uba.ar\/extension\/vocesenelfenix\/wp-content\/uploads\/6705-Manson-768x518.jpg 768w\" sizes=\"(max-width: 640px) 100vw, 640px\" \/>\t\t\t<\/div>\n\t\t<\/div>\n        <div class=\"bm-blog-post-content bm_content_box\">\n            <h4 class=\"entry-post-title bm_title\"><a href=\"https:\/\/www.economicas.uba.ar\/extension\/vocesenelfenix\/politicas-exteriores-alternativas\/\" rel=\"bookmark\">Pol\u00edticas exteriores alternativas<\/a><\/h4>            <div class=\"bm-blog-post-meta entry-post-meta bm_meta\">\n                            <\/div>\n            <div class=\"entry-post-content bm_content\">\n                | Por Enrique J. M. Manson | A lo largo de la historia argentina, las iniciativas de pol\u00edtica exterior siguieron diversas orientaciones, en buena medida a tono con los proyectos <div><a href=\"https:\/\/www.economicas.uba.ar\/extension\/vocesenelfenix\/politicas-exteriores-alternativas\/\" rel=\"bookmark\" class=\"bm-read-more entry-read-more\">M\u00e1s \u00bb<\/a><div>            <\/div>\n        <\/div>\n    <\/article>\n    <article id=\"post-7060\" class=\"item bm_layout post-7060 post type-post status-publish format-standard has-post-thumbnail hentry category-n-67 tag-carlos-escude tag-centro-periferia tag-politica-exterior tag-relaciones-internacionales\">\n\t\t<div class=\"bm-blog-post-image entry-post-image\">\n\t\t\t<div class=\"bm-post-image clearfix bm-hover-effect bm-hover-effect-blur\">\n\t\t\t\t<img loading=\"lazy\" decoding=\"async\" width=\"640\" height=\"435\" src=\"https:\/\/www.economicas.uba.ar\/extension\/vocesenelfenix\/wp-content\/uploads\/6706-Escude.jpg\" class=\"attachment-large size-large wp-post-image\" alt=\"\" srcset=\"https:\/\/www.economicas.uba.ar\/extension\/vocesenelfenix\/wp-content\/uploads\/6706-Escude.jpg 1080w, https:\/\/www.economicas.uba.ar\/extension\/vocesenelfenix\/wp-content\/uploads\/6706-Escude-300x204.jpg 300w, https:\/\/www.economicas.uba.ar\/extension\/vocesenelfenix\/wp-content\/uploads\/6706-Escude-768x522.jpg 768w\" sizes=\"(max-width: 640px) 100vw, 640px\" \/>\t\t\t<\/div>\n\t\t<\/div>\n        <div class=\"bm-blog-post-content bm_content_box\">\n            <h4 class=\"entry-post-title bm_title\"><a href=\"https:\/\/www.economicas.uba.ar\/extension\/vocesenelfenix\/realismo-social-una-politica-exterior-al-servicio-del-pueblo\/\" rel=\"bookmark\">Realismo social: una pol\u00edtica exterior al servicio del pueblo<\/a><\/h4>            <div class=\"bm-blog-post-meta entry-post-meta bm_meta\">\n                            <\/div>\n            <div class=\"entry-post-content bm_content\">\n                | Por Carlos Escud\u00e9 | En un orden interestatal intr\u00ednsecamente jer\u00e1rquico, se hace necesario evitar las confrontaciones que no tienen r\u00e9dito tangible, lo que no excluye discrepancias con los centros <div><a href=\"https:\/\/www.economicas.uba.ar\/extension\/vocesenelfenix\/realismo-social-una-politica-exterior-al-servicio-del-pueblo\/\" rel=\"bookmark\" class=\"bm-read-more entry-read-more\">M\u00e1s \u00bb<\/a><div>            <\/div>\n        <\/div>\n    <\/article>\n    <article id=\"post-7066\" class=\"item bm_layout post-7066 post type-post status-publish format-standard has-post-thumbnail hentry category-n-67 tag-alejandro-simonoff tag-centro-periferia tag-politica-exterior tag-relaciones-internacionales\">\n\t\t<div class=\"bm-blog-post-image entry-post-image\">\n\t\t\t<div class=\"bm-post-image clearfix bm-hover-effect bm-hover-effect-blur\">\n\t\t\t\t<img loading=\"lazy\" decoding=\"async\" width=\"640\" height=\"421\" src=\"https:\/\/www.economicas.uba.ar\/extension\/vocesenelfenix\/wp-content\/uploads\/6707-Simonoff.jpg\" class=\"attachment-large size-large wp-post-image\" alt=\"\" srcset=\"https:\/\/www.economicas.uba.ar\/extension\/vocesenelfenix\/wp-content\/uploads\/6707-Simonoff.jpg 1080w, https:\/\/www.economicas.uba.ar\/extension\/vocesenelfenix\/wp-content\/uploads\/6707-Simonoff-300x197.jpg 300w, https:\/\/www.economicas.uba.ar\/extension\/vocesenelfenix\/wp-content\/uploads\/6707-Simonoff-768x505.jpg 768w\" sizes=\"(max-width: 640px) 100vw, 640px\" \/>\t\t\t<\/div>\n\t\t<\/div>\n        <div class=\"bm-blog-post-content bm_content_box\">\n            <h4 class=\"entry-post-title bm_title\"><a href=\"https:\/\/www.economicas.uba.ar\/extension\/vocesenelfenix\/las-corrientes-de-pensamiento-predominantes-de-la-politica-externa-argentina\/\" rel=\"bookmark\">Las corrientes de pensamiento predominantes de la pol\u00edtica externa argentina<\/a><\/h4>            <div class=\"bm-blog-post-meta entry-post-meta bm_meta\">\n                            <\/div>\n            <div class=\"entry-post-content bm_content\">\n                | Por Alejandro Simonoff | A lo largo de la rica historia de este campo disciplinar, es posible observar c\u00f3mo diversas conceptualizaciones resultan centrales para comprender la variedad de interpretaciones <div><a href=\"https:\/\/www.economicas.uba.ar\/extension\/vocesenelfenix\/las-corrientes-de-pensamiento-predominantes-de-la-politica-externa-argentina\/\" rel=\"bookmark\" class=\"bm-read-more entry-read-more\">M\u00e1s \u00bb<\/a><div>            <\/div>\n        <\/div>\n    <\/article>\n    <article id=\"post-7072\" class=\"item bm_layout post-7072 post type-post status-publish format-standard has-post-thumbnail hentry category-n-67 tag-agustin-crivelli tag-balanza-comercial tag-cambiemos tag-comercio-exterior tag-exportaciones tag-relaciones-internacionales\">\n\t\t<div class=\"bm-blog-post-image entry-post-image\">\n\t\t\t<div class=\"bm-post-image clearfix bm-hover-effect bm-hover-effect-blur\">\n\t\t\t\t<img loading=\"lazy\" decoding=\"async\" width=\"640\" height=\"431\" src=\"https:\/\/www.economicas.uba.ar\/extension\/vocesenelfenix\/wp-content\/uploads\/6708-Crivelli.jpg\" class=\"attachment-large size-large wp-post-image\" alt=\"\" srcset=\"https:\/\/www.economicas.uba.ar\/extension\/vocesenelfenix\/wp-content\/uploads\/6708-Crivelli.jpg 1080w, https:\/\/www.economicas.uba.ar\/extension\/vocesenelfenix\/wp-content\/uploads\/6708-Crivelli-300x202.jpg 300w, https:\/\/www.economicas.uba.ar\/extension\/vocesenelfenix\/wp-content\/uploads\/6708-Crivelli-768x517.jpg 768w\" sizes=\"(max-width: 640px) 100vw, 640px\" \/>\t\t\t<\/div>\n\t\t<\/div>\n        <div class=\"bm-blog-post-content bm_content_box\">\n            <h4 class=\"entry-post-title bm_title\"><a href=\"https:\/\/www.economicas.uba.ar\/extension\/vocesenelfenix\/el-actual-comercio-exterior-argentino-desadministrado\/\" rel=\"bookmark\">El actual comercio exterior argentino (des)administrado<\/a><\/h4>            <div class=\"bm-blog-post-meta entry-post-meta bm_meta\">\n                            <\/div>\n            <div class=\"entry-post-content bm_content\">\n                | Por Agust\u00edn Crivelli | Embarcado nuevamente en un modelo de orientaci\u00f3n primario exportadora, nuestro pa\u00eds experimenta ya las consecuencias negativas de este proceso: ca\u00edda de las exportaciones en un <div><a href=\"https:\/\/www.economicas.uba.ar\/extension\/vocesenelfenix\/el-actual-comercio-exterior-argentino-desadministrado\/\" rel=\"bookmark\" class=\"bm-read-more entry-read-more\">M\u00e1s \u00bb<\/a><div>            <\/div>\n        <\/div>\n    <\/article>\n    <article id=\"post-7083\" class=\"item bm_layout post-7083 post type-post status-publish format-standard has-post-thumbnail hentry category-n-67 tag-julio-c-gambina tag-liberalizacion-economica tag-mauricio-macri tag-omc tag-organizacion-mundial-de-comercio tag-relaciones-internacionales\">\n\t\t<div class=\"bm-blog-post-image entry-post-image\">\n\t\t\t<div class=\"bm-post-image clearfix bm-hover-effect bm-hover-effect-blur\">\n\t\t\t\t<img loading=\"lazy\" decoding=\"async\" width=\"640\" height=\"403\" src=\"https:\/\/www.economicas.uba.ar\/extension\/vocesenelfenix\/wp-content\/uploads\/6709-Gambina.jpg\" class=\"attachment-large size-large wp-post-image\" alt=\"\" srcset=\"https:\/\/www.economicas.uba.ar\/extension\/vocesenelfenix\/wp-content\/uploads\/6709-Gambina.jpg 1080w, https:\/\/www.economicas.uba.ar\/extension\/vocesenelfenix\/wp-content\/uploads\/6709-Gambina-300x189.jpg 300w, https:\/\/www.economicas.uba.ar\/extension\/vocesenelfenix\/wp-content\/uploads\/6709-Gambina-768x484.jpg 768w\" sizes=\"(max-width: 640px) 100vw, 640px\" \/>\t\t\t<\/div>\n\t\t<\/div>\n        <div class=\"bm-blog-post-content bm_content_box\">\n            <h4 class=\"entry-post-title bm_title\"><a href=\"https:\/\/www.economicas.uba.ar\/extension\/vocesenelfenix\/la-posicion-argentina-frente-a-la-omc\/\" rel=\"bookmark\">La posici\u00f3n argentina frente a la OMC<\/a><\/h4>            <div class=\"bm-blog-post-meta entry-post-meta bm_meta\">\n                            <\/div>\n            <div class=\"entry-post-content bm_content\">\n                | Por Julio C. Gambina | Desde la asunci\u00f3n de Mauricio Macri, comenz\u00f3 a procesarse la normalizaci\u00f3n de las relaciones con los organismos internacionales, por caso, la Organizaci\u00f3n Mundial de <div><a href=\"https:\/\/www.economicas.uba.ar\/extension\/vocesenelfenix\/la-posicion-argentina-frente-a-la-omc\/\" rel=\"bookmark\" class=\"bm-read-more entry-read-more\">M\u00e1s \u00bb<\/a><div>            <\/div>\n        <\/div>\n    <\/article>\n    <article id=\"post-7089\" class=\"item bm_layout post-7089 post type-post status-publish format-standard has-post-thumbnail hentry category-n-67 tag-fuga-de-capitales tag-guaridas-fiscales tag-jorge-gaggero tag-juan-valerdi tag-relaciones-internacionales\">\n\t\t<div class=\"bm-blog-post-image entry-post-image\">\n\t\t\t<div class=\"bm-post-image clearfix bm-hover-effect bm-hover-effect-blur\">\n\t\t\t\t<img loading=\"lazy\" decoding=\"async\" width=\"640\" height=\"529\" src=\"https:\/\/www.economicas.uba.ar\/extension\/vocesenelfenix\/wp-content\/uploads\/6710-Gaggero.jpg\" class=\"attachment-large size-large wp-post-image\" alt=\"\" srcset=\"https:\/\/www.economicas.uba.ar\/extension\/vocesenelfenix\/wp-content\/uploads\/6710-Gaggero.jpg 1080w, https:\/\/www.economicas.uba.ar\/extension\/vocesenelfenix\/wp-content\/uploads\/6710-Gaggero-300x248.jpg 300w, https:\/\/www.economicas.uba.ar\/extension\/vocesenelfenix\/wp-content\/uploads\/6710-Gaggero-768x635.jpg 768w\" sizes=\"(max-width: 640px) 100vw, 640px\" \/>\t\t\t<\/div>\n\t\t<\/div>\n        <div class=\"bm-blog-post-content bm_content_box\">\n            <h4 class=\"entry-post-title bm_title\"><a href=\"https:\/\/www.economicas.uba.ar\/extension\/vocesenelfenix\/la-argentina-y-las-guaridas-fiscales\/\" rel=\"bookmark\">La Argentina y las \u201cguaridas fiscales\u201d<\/a><\/h4>            <div class=\"bm-blog-post-meta entry-post-meta bm_meta\">\n                            <\/div>\n            <div class=\"entry-post-content bm_content\">\n                | Por Jorge Gaggero y Juan Valerdi | Cinco actores protagonizan hoy el mundo offshore: las \u201cguaridas fiscales\u201d (piadosamente llamadas \u201cpara\u00edsos\u201d por los medios masivos); la banca global; las restantes <div><a href=\"https:\/\/www.economicas.uba.ar\/extension\/vocesenelfenix\/la-argentina-y-las-guaridas-fiscales\/\" rel=\"bookmark\" class=\"bm-read-more entry-read-more\">M\u00e1s \u00bb<\/a><div>            <\/div>\n        <\/div>\n    <\/article>\n    <article id=\"post-7095\" class=\"item bm_layout post-7095 post type-post status-publish format-standard has-post-thumbnail hentry category-n-67 tag-china tag-comercio-exterior tag-julio-sevares tag-latinoamerica tag-relaciones-internacionales\">\n\t\t<div class=\"bm-blog-post-image entry-post-image\">\n\t\t\t<div class=\"bm-post-image clearfix bm-hover-effect bm-hover-effect-blur\">\n\t\t\t\t<img loading=\"lazy\" decoding=\"async\" width=\"640\" height=\"418\" src=\"https:\/\/www.economicas.uba.ar\/extension\/vocesenelfenix\/wp-content\/uploads\/6711-Sevares.jpg\" class=\"attachment-large size-large wp-post-image\" alt=\"\" srcset=\"https:\/\/www.economicas.uba.ar\/extension\/vocesenelfenix\/wp-content\/uploads\/6711-Sevares.jpg 1080w, https:\/\/www.economicas.uba.ar\/extension\/vocesenelfenix\/wp-content\/uploads\/6711-Sevares-300x196.jpg 300w, https:\/\/www.economicas.uba.ar\/extension\/vocesenelfenix\/wp-content\/uploads\/6711-Sevares-768x501.jpg 768w\" sizes=\"(max-width: 640px) 100vw, 640px\" \/>\t\t\t<\/div>\n\t\t<\/div>\n        <div class=\"bm-blog-post-content bm_content_box\">\n            <h4 class=\"entry-post-title bm_title\"><a href=\"https:\/\/www.economicas.uba.ar\/extension\/vocesenelfenix\/relaciones-alc-china-oportunidades-y-desafios\/\" rel=\"bookmark\">Relaciones ALC-China, oportunidades y desaf\u00edos<\/a><\/h4>            <div class=\"bm-blog-post-meta entry-post-meta bm_meta\">\n                            <\/div>\n            <div class=\"entry-post-content bm_content\">\n                | Por Julio Sevares | En un contexto de crecimiento del v\u00ednculo comercial y financiero con el gigante asi\u00e1tico, Am\u00e9rica latina en general, y la Argentina en particular, enfrentan diversos <div><a href=\"https:\/\/www.economicas.uba.ar\/extension\/vocesenelfenix\/relaciones-alc-china-oportunidades-y-desafios\/\" rel=\"bookmark\" class=\"bm-read-more entry-read-more\">M\u00e1s \u00bb<\/a><div>            <\/div>\n        <\/div>\n    <\/article>\n    <article id=\"post-7107\" class=\"item bm_layout post-7107 post type-post status-publish format-standard has-post-thumbnail hentry category-n-67 tag-asimetrias tag-cambiemos tag-china tag-eduardo-daniel-oviedo tag-relaciones-internacionales\">\n\t\t<div class=\"bm-blog-post-image entry-post-image\">\n\t\t\t<div class=\"bm-post-image clearfix bm-hover-effect bm-hover-effect-blur\">\n\t\t\t\t<img loading=\"lazy\" decoding=\"async\" width=\"640\" height=\"450\" src=\"https:\/\/www.economicas.uba.ar\/extension\/vocesenelfenix\/wp-content\/uploads\/6712-Oviedo.jpg\" class=\"attachment-large size-large wp-post-image\" alt=\"\" srcset=\"https:\/\/www.economicas.uba.ar\/extension\/vocesenelfenix\/wp-content\/uploads\/6712-Oviedo.jpg 1080w, https:\/\/www.economicas.uba.ar\/extension\/vocesenelfenix\/wp-content\/uploads\/6712-Oviedo-300x211.jpg 300w, https:\/\/www.economicas.uba.ar\/extension\/vocesenelfenix\/wp-content\/uploads\/6712-Oviedo-768x540.jpg 768w\" sizes=\"(max-width: 640px) 100vw, 640px\" \/>\t\t\t<\/div>\n\t\t<\/div>\n        <div class=\"bm-blog-post-content bm_content_box\">\n            <h4 class=\"entry-post-title bm_title\"><a href=\"https:\/\/www.economicas.uba.ar\/extension\/vocesenelfenix\/las-relaciones-argentino-chinas-a-dos-anos-de-la-alternancia-politica\/\" rel=\"bookmark\">Las relaciones argentino-chinas a dos a\u00f1os de la alternancia pol\u00edtica<\/a><\/h4>            <div class=\"bm-blog-post-meta entry-post-meta bm_meta\">\n                            <\/div>\n            <div class=\"entry-post-content bm_content\">\n                | Por Eduardo Daniel Oviedo | Tras un primer momento de tensi\u00f3n producto de la renegociaci\u00f3n de los acuerdos por parte del gobierno de Cambiemos, los v\u00ednculos con el gigante <div><a href=\"https:\/\/www.economicas.uba.ar\/extension\/vocesenelfenix\/las-relaciones-argentino-chinas-a-dos-anos-de-la-alternancia-politica\/\" rel=\"bookmark\" class=\"bm-read-more entry-read-more\">M\u00e1s \u00bb<\/a><div>            <\/div>\n        <\/div>\n    <\/article>\n    <article id=\"post-7114\" class=\"item bm_layout post-7114 post type-post status-publish format-standard has-post-thumbnail hentry category-n-67 tag-edmundo-anibal-heredia tag-integracion-regional tag-latinoamerica tag-politica-exterior tag-relaciones-internacionales\">\n\t\t<div class=\"bm-blog-post-image entry-post-image\">\n\t\t\t<div class=\"bm-post-image clearfix bm-hover-effect bm-hover-effect-blur\">\n\t\t\t\t<img loading=\"lazy\" decoding=\"async\" width=\"640\" height=\"459\" src=\"https:\/\/www.economicas.uba.ar\/extension\/vocesenelfenix\/wp-content\/uploads\/6713-Heredia.jpg\" class=\"attachment-large size-large wp-post-image\" alt=\"\" srcset=\"https:\/\/www.economicas.uba.ar\/extension\/vocesenelfenix\/wp-content\/uploads\/6713-Heredia.jpg 1080w, https:\/\/www.economicas.uba.ar\/extension\/vocesenelfenix\/wp-content\/uploads\/6713-Heredia-300x215.jpg 300w, https:\/\/www.economicas.uba.ar\/extension\/vocesenelfenix\/wp-content\/uploads\/6713-Heredia-768x551.jpg 768w, https:\/\/www.economicas.uba.ar\/extension\/vocesenelfenix\/wp-content\/uploads\/6713-Heredia-183x132.jpg 183w\" sizes=\"(max-width: 640px) 100vw, 640px\" \/>\t\t\t<\/div>\n\t\t<\/div>\n        <div class=\"bm-blog-post-content bm_content_box\">\n            <h4 class=\"entry-post-title bm_title\"><a href=\"https:\/\/www.economicas.uba.ar\/extension\/vocesenelfenix\/regionalizacion-y-relaciones-trans-nacionales\/\" rel=\"bookmark\">Regionalizaci\u00f3n y relaciones trans-nacionales<\/a><\/h4>            <div class=\"bm-blog-post-meta entry-post-meta bm_meta\">\n                            <\/div>\n            <div class=\"entry-post-content bm_content\">\n                | Por Edmundo An\u00edbal Heredia | A diferencia de la historiograf\u00eda nacionalista, los historiadores de los v\u00ednculos trans-nacionales ponen su mirada en las regiones, como espacios geogr\u00e1ficos que se identifican <div><a href=\"https:\/\/www.economicas.uba.ar\/extension\/vocesenelfenix\/regionalizacion-y-relaciones-trans-nacionales\/\" rel=\"bookmark\" class=\"bm-read-more entry-read-more\">M\u00e1s \u00bb<\/a><div>            <\/div>\n        <\/div>\n    <\/article>\n    <article id=\"post-7129\" class=\"item bm_layout post-7129 post type-post status-publish format-standard has-post-thumbnail hentry category-n-67 tag-brasil tag-economia tag-eduardo-madrid tag-mauricio-macri tag-politica-exterior tag-relaciones-internacionales\">\n\t\t<div class=\"bm-blog-post-image entry-post-image\">\n\t\t\t<div class=\"bm-post-image clearfix bm-hover-effect bm-hover-effect-blur\">\n\t\t\t\t<img loading=\"lazy\" decoding=\"async\" width=\"640\" height=\"439\" src=\"https:\/\/www.economicas.uba.ar\/extension\/vocesenelfenix\/wp-content\/uploads\/6714-Madrid.jpg\" class=\"attachment-large size-large wp-post-image\" alt=\"\" srcset=\"https:\/\/www.economicas.uba.ar\/extension\/vocesenelfenix\/wp-content\/uploads\/6714-Madrid.jpg 1080w, https:\/\/www.economicas.uba.ar\/extension\/vocesenelfenix\/wp-content\/uploads\/6714-Madrid-300x206.jpg 300w, https:\/\/www.economicas.uba.ar\/extension\/vocesenelfenix\/wp-content\/uploads\/6714-Madrid-768x527.jpg 768w\" sizes=\"(max-width: 640px) 100vw, 640px\" \/>\t\t\t<\/div>\n\t\t<\/div>\n        <div class=\"bm-blog-post-content bm_content_box\">\n            <h4 class=\"entry-post-title bm_title\"><a href=\"https:\/\/www.economicas.uba.ar\/extension\/vocesenelfenix\/el-nuevo-papel-de-brasil-en-la-politica-exterior-argentina-y-viceversa\/\" rel=\"bookmark\">El nuevo papel de Brasil en la pol\u00edtica exterior argentina y viceversa<\/a><\/h4>            <div class=\"bm-blog-post-meta entry-post-meta bm_meta\">\n                            <\/div>\n            <div class=\"entry-post-content bm_content\">\n                | Por Eduardo Madrid | Los v\u00ednculos con el pa\u00eds vecino dependen en buena medida de la relaci\u00f3n que cada uno de ellos adopta frente a las potencias de cada <div><a href=\"https:\/\/www.economicas.uba.ar\/extension\/vocesenelfenix\/el-nuevo-papel-de-brasil-en-la-politica-exterior-argentina-y-viceversa\/\" rel=\"bookmark\" class=\"bm-read-more entry-read-more\">M\u00e1s \u00bb<\/a><div>            <\/div>\n        <\/div>\n    <\/article>\n    <article id=\"post-7136\" class=\"item bm_layout post-7136 post type-post status-publish format-standard has-post-thumbnail hentry category-n-67 tag-chile tag-integracion-regional tag-jorge-gonzalorena-doll tag-latinoamerica tag-relaciones-internacionales\">\n\t\t<div class=\"bm-blog-post-image entry-post-image\">\n\t\t\t<div class=\"bm-post-image clearfix bm-hover-effect bm-hover-effect-blur\">\n\t\t\t\t<img loading=\"lazy\" decoding=\"async\" width=\"640\" height=\"430\" src=\"https:\/\/www.economicas.uba.ar\/extension\/vocesenelfenix\/wp-content\/uploads\/6715-Gonzalorena.jpg\" class=\"attachment-large size-large wp-post-image\" alt=\"\" srcset=\"https:\/\/www.economicas.uba.ar\/extension\/vocesenelfenix\/wp-content\/uploads\/6715-Gonzalorena.jpg 1080w, https:\/\/www.economicas.uba.ar\/extension\/vocesenelfenix\/wp-content\/uploads\/6715-Gonzalorena-300x201.jpg 300w, https:\/\/www.economicas.uba.ar\/extension\/vocesenelfenix\/wp-content\/uploads\/6715-Gonzalorena-768x516.jpg 768w\" sizes=\"(max-width: 640px) 100vw, 640px\" \/>\t\t\t<\/div>\n\t\t<\/div>\n        <div class=\"bm-blog-post-content bm_content_box\">\n            <h4 class=\"entry-post-title bm_title\"><a href=\"https:\/\/www.economicas.uba.ar\/extension\/vocesenelfenix\/las-relaciones-entre-argentina-y-chile\/\" rel=\"bookmark\">Las relaciones entre Argentina y Chile<\/a><\/h4>            <div class=\"bm-blog-post-meta entry-post-meta bm_meta\">\n                            <\/div>\n            <div class=\"entry-post-content bm_content\">\n                | Por Jorge Gonzalorena D\u00f6ll | Salvo per\u00edodos ocasionales de distensi\u00f3n, el v\u00ednculo se caracteriza por el distanciamiento, cuando no por la rivalidad manifiesta. Entre las limitantes para una mayor <div><a href=\"https:\/\/www.economicas.uba.ar\/extension\/vocesenelfenix\/las-relaciones-entre-argentina-y-chile\/\" rel=\"bookmark\" class=\"bm-read-more entry-read-more\">M\u00e1s \u00bb<\/a><div>            <\/div>\n        <\/div>\n    <\/article>\n    <article id=\"post-7142\" class=\"item bm_layout post-7142 post type-post status-publish format-standard has-post-thumbnail hentry category-n-67 tag-cia tag-golpe-de-estado tag-guatemala tag-latinoamerica tag-relaciones-internacionales tag-ricardo-vicente\">\n\t\t<div class=\"bm-blog-post-image entry-post-image\">\n\t\t\t<div class=\"bm-post-image clearfix bm-hover-effect bm-hover-effect-blur\">\n\t\t\t\t<img loading=\"lazy\" decoding=\"async\" width=\"640\" height=\"313\" src=\"https:\/\/www.economicas.uba.ar\/extension\/vocesenelfenix\/wp-content\/uploads\/6716-Vicente.jpg\" class=\"attachment-large size-large wp-post-image\" alt=\"\" srcset=\"https:\/\/www.economicas.uba.ar\/extension\/vocesenelfenix\/wp-content\/uploads\/6716-Vicente.jpg 1080w, https:\/\/www.economicas.uba.ar\/extension\/vocesenelfenix\/wp-content\/uploads\/6716-Vicente-300x147.jpg 300w, https:\/\/www.economicas.uba.ar\/extension\/vocesenelfenix\/wp-content\/uploads\/6716-Vicente-768x375.jpg 768w\" sizes=\"(max-width: 640px) 100vw, 640px\" \/>\t\t\t<\/div>\n\t\t<\/div>\n        <div class=\"bm-blog-post-content bm_content_box\">\n            <h4 class=\"entry-post-title bm_title\"><a href=\"https:\/\/www.economicas.uba.ar\/extension\/vocesenelfenix\/guatemala-el-primer-golpe-de-la-cia-en-america-latina\/\" rel=\"bookmark\">Guatemala: el primer golpe de la CIA en Am\u00e9rica latina<\/a><\/h4>            <div class=\"bm-blog-post-meta entry-post-meta bm_meta\">\n                            <\/div>\n            <div class=\"entry-post-content bm_content\">\n                | Por Ricardo Vicente | La conjura que derroc\u00f3 a Jacobo \u00c1rbenz inaugur\u00f3 la saga de intervenciones golpistas de la central de inteligencia norteamericana en el continente. Bajo la excusa <div><a href=\"https:\/\/www.economicas.uba.ar\/extension\/vocesenelfenix\/guatemala-el-primer-golpe-de-la-cia-en-america-latina\/\" rel=\"bookmark\" class=\"bm-read-more entry-read-more\">M\u00e1s \u00bb<\/a><div>            <\/div>\n        <\/div>\n    <\/article>\n    <article id=\"post-7149\" class=\"item bm_layout post-7149 post type-post status-publish format-standard has-post-thumbnail hentry category-n-67 tag-federico-pinedo tag-malvinas tag-relaciones-internacionales tag-soberania\">\n\t\t<div class=\"bm-blog-post-image entry-post-image\">\n\t\t\t<div class=\"bm-post-image clearfix bm-hover-effect bm-hover-effect-blur\">\n\t\t\t\t<img loading=\"lazy\" decoding=\"async\" width=\"640\" height=\"403\" src=\"https:\/\/www.economicas.uba.ar\/extension\/vocesenelfenix\/wp-content\/uploads\/6717-Pinedo.jpg\" class=\"attachment-large size-large wp-post-image\" alt=\"\" srcset=\"https:\/\/www.economicas.uba.ar\/extension\/vocesenelfenix\/wp-content\/uploads\/6717-Pinedo.jpg 1080w, https:\/\/www.economicas.uba.ar\/extension\/vocesenelfenix\/wp-content\/uploads\/6717-Pinedo-300x189.jpg 300w, https:\/\/www.economicas.uba.ar\/extension\/vocesenelfenix\/wp-content\/uploads\/6717-Pinedo-768x484.jpg 768w\" sizes=\"(max-width: 640px) 100vw, 640px\" \/>\t\t\t<\/div>\n\t\t<\/div>\n        <div class=\"bm-blog-post-content bm_content_box\">\n            <h4 class=\"entry-post-title bm_title\"><a href=\"https:\/\/www.economicas.uba.ar\/extension\/vocesenelfenix\/malvinas\/\" rel=\"bookmark\">Malvinas<\/a><\/h4>            <div class=\"bm-blog-post-meta entry-post-meta bm_meta\">\n                            <\/div>\n            <div class=\"entry-post-content bm_content\">\n                | Por Federico Pinedo | El reclamo argentino por la soberan\u00eda del archipi\u00e9lago debe ir acompa\u00f1ado de una disposici\u00f3n al di\u00e1logo, sin resignar por ello las justas pretensiones del pa\u00eds. <div><a href=\"https:\/\/www.economicas.uba.ar\/extension\/vocesenelfenix\/malvinas\/\" rel=\"bookmark\" class=\"bm-read-more entry-read-more\">M\u00e1s \u00bb<\/a><div>            <\/div>\n        <\/div>\n    <\/article>\n    <article id=\"post-7156\" class=\"item bm_layout post-7156 post type-post status-publish format-standard has-post-thumbnail hentry category-n-67 tag-antartida tag-miryam-colacrai tag-relaciones-internacionales tag-tratado-antartico\">\n\t\t<div class=\"bm-blog-post-image entry-post-image\">\n\t\t\t<div class=\"bm-post-image clearfix bm-hover-effect bm-hover-effect-blur\">\n\t\t\t\t<img loading=\"lazy\" decoding=\"async\" width=\"640\" height=\"431\" src=\"https:\/\/www.economicas.uba.ar\/extension\/vocesenelfenix\/wp-content\/uploads\/6718-Colacrai.jpg\" class=\"attachment-large size-large wp-post-image\" alt=\"\" srcset=\"https:\/\/www.economicas.uba.ar\/extension\/vocesenelfenix\/wp-content\/uploads\/6718-Colacrai.jpg 1080w, https:\/\/www.economicas.uba.ar\/extension\/vocesenelfenix\/wp-content\/uploads\/6718-Colacrai-300x202.jpg 300w, https:\/\/www.economicas.uba.ar\/extension\/vocesenelfenix\/wp-content\/uploads\/6718-Colacrai-768x517.jpg 768w\" sizes=\"(max-width: 640px) 100vw, 640px\" \/>\t\t\t<\/div>\n\t\t<\/div>\n        <div class=\"bm-blog-post-content bm_content_box\">\n            <h4 class=\"entry-post-title bm_title\"><a href=\"https:\/\/www.economicas.uba.ar\/extension\/vocesenelfenix\/la-argentina-y-sus-intereses-antarticos-proyecciones-de-su-accionar-en-un-contexto-complejo\/\" rel=\"bookmark\">La Argentina y sus intereses ant\u00e1rticos. Proyecciones de su accionar en un contexto complejo<\/a><\/h4>            <div class=\"bm-blog-post-meta entry-post-meta bm_meta\">\n                            <\/div>\n            <div class=\"entry-post-content bm_content\">\n                | Por Miryam Colacrai | La Argentina tiene una larga, prol\u00edfica y continua actividad ant\u00e1rtica que puede rastrearse desde los albores de la nacionalidad, all\u00e1 por las primeras d\u00e9cadas del <div><a href=\"https:\/\/www.economicas.uba.ar\/extension\/vocesenelfenix\/la-argentina-y-sus-intereses-antarticos-proyecciones-de-su-accionar-en-un-contexto-complejo\/\" rel=\"bookmark\" class=\"bm-read-more entry-read-more\">M\u00e1s \u00bb<\/a><div>            <\/div>\n        <\/div>\n    <\/article>\n    <article id=\"post-7162\" class=\"item bm_layout post-7162 post type-post status-publish format-standard has-post-thumbnail hentry category-n-67 tag-africa tag-brasil tag-gladys-lechini tag-impulso-multilateral tag-politica-exterior tag-relaciones-internacionales\">\n\t\t<div class=\"bm-blog-post-image entry-post-image\">\n\t\t\t<div class=\"bm-post-image clearfix bm-hover-effect bm-hover-effect-blur\">\n\t\t\t\t<img loading=\"lazy\" decoding=\"async\" width=\"640\" height=\"473\" src=\"https:\/\/www.economicas.uba.ar\/extension\/vocesenelfenix\/wp-content\/uploads\/6719-Lechini.jpg\" class=\"attachment-large size-large wp-post-image\" alt=\"\" srcset=\"https:\/\/www.economicas.uba.ar\/extension\/vocesenelfenix\/wp-content\/uploads\/6719-Lechini.jpg 1080w, https:\/\/www.economicas.uba.ar\/extension\/vocesenelfenix\/wp-content\/uploads\/6719-Lechini-300x222.jpg 300w, https:\/\/www.economicas.uba.ar\/extension\/vocesenelfenix\/wp-content\/uploads\/6719-Lechini-768x567.jpg 768w\" sizes=\"(max-width: 640px) 100vw, 640px\" \/>\t\t\t<\/div>\n\t\t<\/div>\n        <div class=\"bm-blog-post-content bm_content_box\">\n            <h4 class=\"entry-post-title bm_title\"><a href=\"https:\/\/www.economicas.uba.ar\/extension\/vocesenelfenix\/voces-argentinas-en-africa-al-ritmo-de-los-impulsos\/\" rel=\"bookmark\">Voces argentinas en \u00c1frica, al ritmo de los impulsos<\/a><\/h4>            <div class=\"bm-blog-post-meta entry-post-meta bm_meta\">\n                            <\/div>\n            <div class=\"entry-post-content bm_content\">\n                | Por Gladys Lechini | El bajo perfil, un car\u00e1cter secundario en las agendas e iniciativas espor\u00e1dicas sin continuidad caracterizan la pol\u00edtica exterior local con respecto a los pa\u00edses africanos. <div><a href=\"https:\/\/www.economicas.uba.ar\/extension\/vocesenelfenix\/voces-argentinas-en-africa-al-ritmo-de-los-impulsos\/\" rel=\"bookmark\" class=\"bm-read-more entry-read-more\">M\u00e1s \u00bb<\/a><div>            <\/div>\n        <\/div>\n    <\/article>\n    <article id=\"post-7168\" class=\"item bm_layout post-7168 post type-post status-publish format-standard has-post-thumbnail hentry category-n-67 tag-federico-bernal tag-hidrocarburos tag-mauricio-macri tag-relaciones-internacionales tag-sector-energetico tag-ypf\">\n\t\t<div class=\"bm-blog-post-image entry-post-image\">\n\t\t\t<div class=\"bm-post-image clearfix bm-hover-effect bm-hover-effect-blur\">\n\t\t\t\t<img loading=\"lazy\" decoding=\"async\" width=\"640\" height=\"431\" src=\"https:\/\/www.economicas.uba.ar\/extension\/vocesenelfenix\/wp-content\/uploads\/6720-Bernal.jpg\" class=\"attachment-large size-large wp-post-image\" alt=\"\" srcset=\"https:\/\/www.economicas.uba.ar\/extension\/vocesenelfenix\/wp-content\/uploads\/6720-Bernal.jpg 1080w, https:\/\/www.economicas.uba.ar\/extension\/vocesenelfenix\/wp-content\/uploads\/6720-Bernal-300x202.jpg 300w, https:\/\/www.economicas.uba.ar\/extension\/vocesenelfenix\/wp-content\/uploads\/6720-Bernal-768x517.jpg 768w\" sizes=\"(max-width: 640px) 100vw, 640px\" \/>\t\t\t<\/div>\n\t\t<\/div>\n        <div class=\"bm-blog-post-content bm_content_box\">\n            <h4 class=\"entry-post-title bm_title\"><a href=\"https:\/\/www.economicas.uba.ar\/extension\/vocesenelfenix\/hidrocarburos-resumen-y-balance-2015-2017\/\" rel=\"bookmark\">Hidrocarburos. Resumen y balance 2015-2017<\/a><\/h4>            <div class=\"bm-blog-post-meta entry-post-meta bm_meta\">\n                            <\/div>\n            <div class=\"entry-post-content bm_content\">\n                | Por Federico Bernal | El desempe\u00f1o del sector energ\u00e9tico en estos dos a\u00f1os de gobierno de Mauricio Macri acumula elementos negativos: a la ca\u00edda de la producci\u00f3n se suman <div><a href=\"https:\/\/www.economicas.uba.ar\/extension\/vocesenelfenix\/hidrocarburos-resumen-y-balance-2015-2017\/\" rel=\"bookmark\" class=\"bm-read-more entry-read-more\">M\u00e1s \u00bb<\/a><div>            <\/div>\n        <\/div>\n    <\/article>\n    <article id=\"post-7174\" class=\"item bm_layout post-7174 post type-post status-publish format-standard has-post-thumbnail hentry category-n-67 tag-acuerdo-de-libre-comercio tag-andres-musacchio tag-libre-comercio tag-mercosur tag-relaciones-internacionales tag-union-europea\">\n\t\t<div class=\"bm-blog-post-image entry-post-image\">\n\t\t\t<div class=\"bm-post-image clearfix bm-hover-effect bm-hover-effect-blur\">\n\t\t\t\t<img loading=\"lazy\" decoding=\"async\" width=\"640\" height=\"480\" src=\"https:\/\/www.economicas.uba.ar\/extension\/vocesenelfenix\/wp-content\/uploads\/6721-Musacchio.jpg\" class=\"attachment-large size-large wp-post-image\" alt=\"\" srcset=\"https:\/\/www.economicas.uba.ar\/extension\/vocesenelfenix\/wp-content\/uploads\/6721-Musacchio.jpg 1080w, https:\/\/www.economicas.uba.ar\/extension\/vocesenelfenix\/wp-content\/uploads\/6721-Musacchio-300x225.jpg 300w, https:\/\/www.economicas.uba.ar\/extension\/vocesenelfenix\/wp-content\/uploads\/6721-Musacchio-768x576.jpg 768w\" sizes=\"(max-width: 640px) 100vw, 640px\" \/>\t\t\t<\/div>\n\t\t<\/div>\n        <div class=\"bm-blog-post-content bm_content_box\">\n            <h4 class=\"entry-post-title bm_title\"><a href=\"https:\/\/www.economicas.uba.ar\/extension\/vocesenelfenix\/el-mercosur-en-la-mesa-de-saldos-las-negociaciones-en-pos-de-un-acuerdo-de-libre-comercio-con-la-union-europea\/\" rel=\"bookmark\">El Mercosur en la mesa de saldos: las negociaciones en pos de un acuerdo de libre comercio con la Uni\u00f3n Europea<\/a><\/h4>            <div class=\"bm-blog-post-meta entry-post-meta bm_meta\">\n                            <\/div>\n            <div class=\"entry-post-content bm_content\">\n                | Por Andr\u00e9s Musacchio | Con el actual giro neoliberal en sus dos mayores socios \u2013Argentina y Brasil\u2013, la regi\u00f3n encara futuros acuerdos desde una posici\u00f3n que profundizar\u00eda las desventajas. <div><a href=\"https:\/\/www.economicas.uba.ar\/extension\/vocesenelfenix\/el-mercosur-en-la-mesa-de-saldos-las-negociaciones-en-pos-de-un-acuerdo-de-libre-comercio-con-la-union-europea\/\" rel=\"bookmark\" class=\"bm-read-more entry-read-more\">M\u00e1s \u00bb<\/a><div>            <\/div>\n        <\/div>\n    <\/article>\n    <article id=\"post-7180\" class=\"item bm_layout post-7180 post type-post status-publish format-standard has-post-thumbnail hentry category-n-67 tag-crisis-economica tag-deficit-comercial tag-noemi-brenta tag-relaciones-internacionales tag-reservas tag-sector-externo\">\n\t\t<div class=\"bm-blog-post-image entry-post-image\">\n\t\t\t<div class=\"bm-post-image clearfix bm-hover-effect bm-hover-effect-blur\">\n\t\t\t\t<img loading=\"lazy\" decoding=\"async\" width=\"640\" height=\"431\" src=\"https:\/\/www.economicas.uba.ar\/extension\/vocesenelfenix\/wp-content\/uploads\/6722-Brenta.jpg\" class=\"attachment-large size-large wp-post-image\" alt=\"\" srcset=\"https:\/\/www.economicas.uba.ar\/extension\/vocesenelfenix\/wp-content\/uploads\/6722-Brenta.jpg 1080w, https:\/\/www.economicas.uba.ar\/extension\/vocesenelfenix\/wp-content\/uploads\/6722-Brenta-300x202.jpg 300w, https:\/\/www.economicas.uba.ar\/extension\/vocesenelfenix\/wp-content\/uploads\/6722-Brenta-768x517.jpg 768w\" sizes=\"(max-width: 640px) 100vw, 640px\" \/>\t\t\t<\/div>\n\t\t<\/div>\n        <div class=\"bm-blog-post-content bm_content_box\">\n            <h4 class=\"entry-post-title bm_title\"><a href=\"https:\/\/www.economicas.uba.ar\/extension\/vocesenelfenix\/argentina-la-remora-del-sector-externo\/\" rel=\"bookmark\">Argentina, la r\u00e9mora del sector externo<\/a><\/h4>            <div class=\"bm-blog-post-meta entry-post-meta bm_meta\">\n                            <\/div>\n            <div class=\"entry-post-content bm_content\">\n                | Por Noem\u00ed Brenta | Bajo las distintas etapas de su historia, todas las crisis econ\u00f3micas del pa\u00eds se originaron en la esfera externa. En la actualidad, una serie de <div><a href=\"https:\/\/www.economicas.uba.ar\/extension\/vocesenelfenix\/argentina-la-remora-del-sector-externo\/\" rel=\"bookmark\" class=\"bm-read-more entry-read-more\">M\u00e1s \u00bb<\/a><div>            <\/div>\n        <\/div>\n    <\/article>\n\t\t\t\t<\/div><\/div>\n\t\t\t\t\t\t\t\t<\/div>\n\t\t\t\t<\/div>\n\t\t\t\t\t<\/div>\n\t\t<\/div>\n\t\t\t\t\t<\/div>\n\t\t<\/section>\n\t\t\t\t<section class=\"elementor-section elementor-top-section elementor-element elementor-element-5a3366b elementor-section-boxed elementor-section-height-default elementor-section-height-default\" data-id=\"5a3366b\" data-element_type=\"section\" data-e-type=\"section\" data-settings=\"{&quot;background_background&quot;:&quot;classic&quot;}\">\n\t\t\t\t\t\t<div class=\"elementor-container elementor-column-gap-default\">\n\t\t\t\t\t<div class=\"elementor-column elementor-col-100 elementor-top-column elementor-element elementor-element-110b7d3\" data-id=\"110b7d3\" data-element_type=\"column\" data-e-type=\"column\">\n\t\t\t<div class=\"elementor-widget-wrap elementor-element-populated\">\n\t\t\t\t\t\t<div class=\"elementor-element elementor-element-fa82e36 elementor-widget elementor-widget-text-editor\" data-id=\"fa82e36\" data-element_type=\"widget\" data-e-type=\"widget\" data-widget_type=\"text-editor.default\">\n\t\t\t\t<div class=\"elementor-widget-container\">\n\t\t\t\t\t\t\t\t\t<iframe width=\"560\" height=\"315\" src=\"https:\/\/www.youtube.com\/embed\/videoseries?list=PLeYdj9X0_ljlciQO47N9vQXk6pD-KaoGH\" title=\"YouTube video player\" frameborder=\"0\" allow=\"accelerometer; autoplay; clipboard-write; encrypted-media; gyroscope; picture-in-picture\" allowfullscreen><\/iframe>\t\t\t\t\t\t\t\t<\/div>\n\t\t\t\t<\/div>\n\t\t\t\t\t<\/div>\n\t\t<\/div>\n\t\t\t\t\t<\/div>\n\t\t<\/section>\n\t\t\t\t<\/div>\n\t\t","protected":false},"excerpt":{"rendered":"<p>N\u00daMERO 67 UN LUGAR BAJO EL SOL RELACIONES INTERNACIONALES EL CONTEXTO INTERNACIONAL TIENDE A LA REAFIRMACI\u00d3N DE LAS ASIMETR\u00cdAS. LA ARGENTINA ENFRENTA EL DESAF\u00cdO DE ASUMIR UNA POL\u00cdTICA EXTERIOR SOBERANA<\/p>\n","protected":false},"author":5,"featured_media":0,"parent":0,"menu_order":0,"comment_status":"closed","ping_status":"closed","template":"","meta":{"footnotes":""},"class_list":["post-6994","page","type-page","status-publish","hentry"],"_links":{"self":[{"href":"https:\/\/www.economicas.uba.ar\/extension\/vocesenelfenix\/wp-json\/wp\/v2\/pages\/6994","targetHints":{"allow":["GET"]}}],"collection":[{"href":"https:\/\/www.economicas.uba.ar\/extension\/vocesenelfenix\/wp-json\/wp\/v2\/pages"}],"about":[{"href":"https:\/\/www.economicas.uba.ar\/extension\/vocesenelfenix\/wp-json\/wp\/v2\/types\/page"}],"author":[{"embeddable":true,"href":"https:\/\/www.economicas.uba.ar\/extension\/vocesenelfenix\/wp-json\/wp\/v2\/users\/5"}],"replies":[{"embeddable":true,"href":"https:\/\/www.economicas.uba.ar\/extension\/vocesenelfenix\/wp-json\/wp\/v2\/comments?post=6994"}],"version-history":[{"count":19,"href":"https:\/\/www.economicas.uba.ar\/extension\/vocesenelfenix\/wp-json\/wp\/v2\/pages\/6994\/revisions"}],"predecessor-version":[{"id":7021,"href":"https:\/\/www.economicas.uba.ar\/extension\/vocesenelfenix\/wp-json\/wp\/v2\/pages\/6994\/revisions\/7021"}],"wp:attachment":[{"href":"https:\/\/www.economicas.uba.ar\/extension\/vocesenelfenix\/wp-json\/wp\/v2\/media?parent=6994"}],"curies":[{"name":"wp","href":"https:\/\/api.w.org\/{rel}","templated":true}]}}