{"id":7424,"date":"2017-09-01T00:01:00","date_gmt":"2017-09-01T03:01:00","guid":{"rendered":"https:\/\/www.economicas.uba.ar\/extension\/vocesenelfenix\/?page_id=7424"},"modified":"2022-02-17T10:07:31","modified_gmt":"2022-02-17T13:07:31","slug":"numero-65","status":"publish","type":"page","link":"https:\/\/www.economicas.uba.ar\/extension\/vocesenelfenix\/numero-65\/","title":{"rendered":"N\u00famero 65"},"content":{"rendered":"\t\t<div data-elementor-type=\"wp-page\" data-elementor-id=\"7424\" class=\"elementor elementor-7424\" data-elementor-post-type=\"page\">\n\t\t\t\t\t\t<section class=\"elementor-section elementor-top-section elementor-element elementor-element-b17bdb1 elementor-section-boxed elementor-section-height-default elementor-section-height-default\" data-id=\"b17bdb1\" data-element_type=\"section\" data-e-type=\"section\" data-settings=\"{&quot;background_background&quot;:&quot;classic&quot;}\">\n\t\t\t\t\t\t<div class=\"elementor-container elementor-column-gap-default\">\n\t\t\t\t\t<div class=\"elementor-column elementor-col-33 elementor-top-column elementor-element elementor-element-4659c07\" data-id=\"4659c07\" data-element_type=\"column\" data-e-type=\"column\">\n\t\t\t<div class=\"elementor-widget-wrap elementor-element-populated\">\n\t\t\t\t\t\t<div class=\"elementor-element elementor-element-9875788 elementor-widget elementor-widget-image\" data-id=\"9875788\" data-element_type=\"widget\" data-e-type=\"widget\" data-widget_type=\"image.default\">\n\t\t\t\t<div class=\"elementor-widget-container\">\n\t\t\t\t\t\t\t\t\t\t\t\t\t\t\t\t<a href=\"https:\/\/drive.google.com\/file\/d\/100l-ueB49acZ-FndFVp-IW9gYrrjn3w4\/view\" target=\"_blank\">\n\t\t\t\t\t\t\t<img fetchpriority=\"high\" decoding=\"async\" width=\"193\" height=\"268\" src=\"https:\/\/www.economicas.uba.ar\/extension\/vocesenelfenix\/wp-content\/uploads\/tapa65.jpg\" class=\"attachment-large size-large wp-image-1933\" alt=\"\" \/>\t\t\t\t\t\t\t\t<\/a>\n\t\t\t\t\t\t\t\t\t\t\t\t\t\t\t<\/div>\n\t\t\t\t<\/div>\n\t\t\t\t\t<\/div>\n\t\t<\/div>\n\t\t\t\t<div class=\"elementor-column elementor-col-66 elementor-top-column elementor-element elementor-element-0e1b13f\" data-id=\"0e1b13f\" data-element_type=\"column\" data-e-type=\"column\">\n\t\t\t<div class=\"elementor-widget-wrap elementor-element-populated\">\n\t\t\t\t\t\t<div class=\"elementor-element elementor-element-6ef6907 elementor-widget elementor-widget-text-editor\" data-id=\"6ef6907\" data-element_type=\"widget\" data-e-type=\"widget\" data-widget_type=\"text-editor.default\">\n\t\t\t\t<div class=\"elementor-widget-container\">\n\t\t\t\t\t\t\t\t\t<h5>N\u00daMERO 65<\/h5><h3>BUSCO MI DESTINO<\/h3><h6>UNIVERSIDAD<\/h6><p><br \/>NUESTRO SISTEMA UNIVERSITARIO ARGENTINO CULTIVA UNA TRADICI\u00d3N BASADA EN LOS PRINCIPIOS DE GRATUIDAD, COGOBIERNO, LIBRE ACCESO Y AUTONOM\u00cdA Y TIENE COMO OBJETIVOS LA ENSE\u00d1ANZA, LA INVESTIGACI\u00d3N Y LA EXTENSI\u00d3N. HOY SE IMPONE EL DESAF\u00cdO DE PROFUNDIZAR Y AMPLIAR NUESTRO TRABAJO CON UN OBJETIVO CENTRAL: GARANTIZAR LA EDUCACI\u00d3N SUPERIOR DE CALIDAD COMO UN DERECHO DE LAS PERSONAS Y DE LOS PUEBLOS.<\/p>\t\t\t\t\t\t\t\t<\/div>\n\t\t\t\t<\/div>\n\t\t\t\t<div class=\"elementor-element elementor-element-73a232c elementor-widget elementor-widget-button\" data-id=\"73a232c\" data-element_type=\"widget\" data-e-type=\"widget\" data-widget_type=\"button.default\">\n\t\t\t\t<div class=\"elementor-widget-container\">\n\t\t\t\t\t\t\t\t\t<div class=\"elementor-button-wrapper\">\n\t\t\t\t\t<a class=\"elementor-button elementor-button-link elementor-size-xs\" href=\"https:\/\/drive.google.com\/file\/d\/100l-ueB49acZ-FndFVp-IW9gYrrjn3w4\/view\" target=\"_blank\">\n\t\t\t\t\t\t<span class=\"elementor-button-content-wrapper\">\n\t\t\t\t\t\t\t\t\t<span class=\"elementor-button-text\">Descarg\u00e1 el PDF<\/span>\n\t\t\t\t\t<\/span>\n\t\t\t\t\t<\/a>\n\t\t\t\t<\/div>\n\t\t\t\t\t\t\t\t<\/div>\n\t\t\t\t<\/div>\n\t\t\t\t\t<\/div>\n\t\t<\/div>\n\t\t\t\t\t<\/div>\n\t\t<\/section>\n\t\t\t\t<section class=\"elementor-section elementor-top-section elementor-element elementor-element-7b55686 elementor-section-boxed elementor-section-height-default elementor-section-height-default\" data-id=\"7b55686\" data-element_type=\"section\" data-e-type=\"section\">\n\t\t\t\t\t\t<div class=\"elementor-container elementor-column-gap-default\">\n\t\t\t\t\t<div class=\"elementor-column elementor-col-100 elementor-top-column elementor-element elementor-element-ce7834b\" data-id=\"ce7834b\" data-element_type=\"column\" data-e-type=\"column\">\n\t\t\t<div class=\"elementor-widget-wrap elementor-element-populated\">\n\t\t\t\t\t\t<div class=\"elementor-element elementor-element-91e0ed8 elementor-grid-3 elementor-grid-tablet-2 elementor-grid-mobile-1 elementor-posts--align-left elementor-widget elementor-widget-blogmentor_blog_posts\" data-id=\"91e0ed8\" data-element_type=\"widget\" data-e-type=\"widget\" data-settings=\"{&quot;bm_grid_columns&quot;:&quot;3&quot;,&quot;bm_grid_columns_tablet&quot;:&quot;2&quot;,&quot;bm_grid_columns_mobile&quot;:&quot;1&quot;,&quot;post_card_grid_gap&quot;:{&quot;unit&quot;:&quot;px&quot;,&quot;size&quot;:10,&quot;sizes&quot;:[]},&quot;post_card_row_gap&quot;:{&quot;unit&quot;:&quot;px&quot;,&quot;size&quot;:35,&quot;sizes&quot;:[]}}\" data-widget_type=\"blogmentor_blog_posts.default\">\n\t\t\t\t<div class=\"elementor-widget-container\">\n\t\t\t\t\t\t\t\n\t\t\t\t\t\t\t\t<div class=\"bm-blog-posts-wrapper\" >\n\t\t\t\t\t\t\t<div class=\"bm-blog-posts bm-display-grid elementor-grid elementor-grid-3\" >\n\t\t\t\t    <article id=\"post-7441\" class=\"item bm_layout post-7441 post type-post status-publish format-standard has-post-thumbnail hentry category-n-65 tag-abraham-leonardo-gak tag-editorial tag-educacion tag-educacion-superior tag-universidad\">\n\t\t<div class=\"bm-blog-post-image entry-post-image\">\n\t\t\t<div class=\"bm-post-image clearfix bm-hover-effect bm-hover-effect-blur\">\n\t\t\t\t<img decoding=\"async\" width=\"640\" height=\"338\" src=\"https:\/\/www.economicas.uba.ar\/extension\/vocesenelfenix\/wp-content\/uploads\/6500-Gak.jpg\" class=\"attachment-large size-large wp-post-image\" alt=\"\" srcset=\"https:\/\/www.economicas.uba.ar\/extension\/vocesenelfenix\/wp-content\/uploads\/6500-Gak.jpg 1080w, https:\/\/www.economicas.uba.ar\/extension\/vocesenelfenix\/wp-content\/uploads\/6500-Gak-300x158.jpg 300w, https:\/\/www.economicas.uba.ar\/extension\/vocesenelfenix\/wp-content\/uploads\/6500-Gak-768x405.jpg 768w\" sizes=\"(max-width: 640px) 100vw, 640px\" \/>\t\t\t<\/div>\n\t\t<\/div>\n        <div class=\"bm-blog-post-content bm_content_box\">\n            <h4 class=\"entry-post-title bm_title\"><a href=\"https:\/\/www.economicas.uba.ar\/extension\/vocesenelfenix\/editorial-el-hoy-y-el-manana-de-las-universidades-nacionales\/\" rel=\"bookmark\">Editorial: El hoy y el ma\u00f1ana de las universidades nacionales<\/a><\/h4>            <div class=\"bm-blog-post-meta entry-post-meta bm_meta\">\n                            <\/div>\n            <div class=\"entry-post-content bm_content\">\n                | Por Abraham Leonardo Gak |            <\/div>\n        <\/div>\n    <\/article>\n    <article id=\"post-7450\" class=\"item bm_layout post-7450 post type-post status-publish format-standard has-post-thumbnail hentry category-n-65 tag-educacion tag-educacion-superior tag-manifiesto-de-la-federacion-universitaria-de-cordoba tag-manifiesto-liminar tag-reforma-de-1918 tag-universidad\">\n\t\t<div class=\"bm-blog-post-image entry-post-image\">\n\t\t\t<div class=\"bm-post-image clearfix bm-hover-effect bm-hover-effect-blur\">\n\t\t\t\t<img decoding=\"async\" width=\"640\" height=\"480\" src=\"https:\/\/www.economicas.uba.ar\/extension\/vocesenelfenix\/wp-content\/uploads\/6500Manifiesto.jpg\" class=\"attachment-large size-large wp-post-image\" alt=\"\" srcset=\"https:\/\/www.economicas.uba.ar\/extension\/vocesenelfenix\/wp-content\/uploads\/6500Manifiesto.jpg 1080w, https:\/\/www.economicas.uba.ar\/extension\/vocesenelfenix\/wp-content\/uploads\/6500Manifiesto-300x225.jpg 300w, https:\/\/www.economicas.uba.ar\/extension\/vocesenelfenix\/wp-content\/uploads\/6500Manifiesto-768x576.jpg 768w\" sizes=\"(max-width: 640px) 100vw, 640px\" \/>\t\t\t<\/div>\n\t\t<\/div>\n        <div class=\"bm-blog-post-content bm_content_box\">\n            <h4 class=\"entry-post-title bm_title\"><a href=\"https:\/\/www.economicas.uba.ar\/extension\/vocesenelfenix\/la-juventud-argentina-de-cordoba-a-los-hombres-libres-de-sud-america\/\" rel=\"bookmark\">La juventud argentina de C\u00f3rdoba a los hombres libres de Sud Am\u00e9rica<\/a><\/h4>            <div class=\"bm-blog-post-meta entry-post-meta bm_meta\">\n                            <\/div>\n            <div class=\"entry-post-content bm_content\">\n                | Por Enrique F. Barros, Horacio Vald\u00e9s, Ismael C. Bordabehere, presidente. Gurmensindo Sayago, Alfredo Castellanos, Luis M. M\u00e9ndez, Jorge L. Bazante, Ceferino Garz\u00f3n Maceda, Julio Molina, Carlos Su\u00e1rez Pinto, Emilio <div><a href=\"https:\/\/www.economicas.uba.ar\/extension\/vocesenelfenix\/la-juventud-argentina-de-cordoba-a-los-hombres-libres-de-sud-america\/\" rel=\"bookmark\" class=\"bm-read-more entry-read-more\">M\u00e1s \u00bb<\/a><div>            <\/div>\n        <\/div>\n    <\/article>\n    <article id=\"post-7542\" class=\"item bm_layout post-7542 post type-post status-publish format-standard has-post-thumbnail hentry category-n-65 tag-democratizacion tag-eduardo-rinesi tag-educacion tag-educacion-superior tag-universidad\">\n\t\t<div class=\"bm-blog-post-image entry-post-image\">\n\t\t\t<div class=\"bm-post-image clearfix bm-hover-effect bm-hover-effect-blur\">\n\t\t\t\t<img loading=\"lazy\" decoding=\"async\" width=\"640\" height=\"431\" src=\"https:\/\/www.economicas.uba.ar\/extension\/vocesenelfenix\/wp-content\/uploads\/6501-Rinesi.jpg\" class=\"attachment-large size-large wp-post-image\" alt=\"\" srcset=\"https:\/\/www.economicas.uba.ar\/extension\/vocesenelfenix\/wp-content\/uploads\/6501-Rinesi.jpg 1080w, https:\/\/www.economicas.uba.ar\/extension\/vocesenelfenix\/wp-content\/uploads\/6501-Rinesi-300x202.jpg 300w, https:\/\/www.economicas.uba.ar\/extension\/vocesenelfenix\/wp-content\/uploads\/6501-Rinesi-768x517.jpg 768w\" sizes=\"(max-width: 640px) 100vw, 640px\" \/>\t\t\t<\/div>\n\t\t<\/div>\n        <div class=\"bm-blog-post-content bm_content_box\">\n            <h4 class=\"entry-post-title bm_title\"><a href=\"https:\/\/www.economicas.uba.ar\/extension\/vocesenelfenix\/la-cuestion-universitaria-hoy-aportes-para-una-conversacion-colectiva\/\" rel=\"bookmark\">La \u201ccuesti\u00f3n universitaria\u201d hoy: aportes para una conversaci\u00f3n colectiva<\/a><\/h4>            <div class=\"bm-blog-post-meta entry-post-meta bm_meta\">\n                            <\/div>\n            <div class=\"entry-post-content bm_content\">\n                | Por Eduardo Rinesi | A casi cien a\u00f1os de su enunciaci\u00f3n, los principios y valores de la Reforma del \u201918 son tanto irrenunciables cuanto insuficientes. A partir de los <div><a href=\"https:\/\/www.economicas.uba.ar\/extension\/vocesenelfenix\/la-cuestion-universitaria-hoy-aportes-para-una-conversacion-colectiva\/\" rel=\"bookmark\" class=\"bm-read-more entry-read-more\">M\u00e1s \u00bb<\/a><div>            <\/div>\n        <\/div>\n    <\/article>\n    <article id=\"post-7548\" class=\"item bm_layout post-7548 post type-post status-publish format-standard has-post-thumbnail hentry category-n-65 tag-educacion tag-educacion-superior tag-pablo-buchbinder tag-universidad\">\n\t\t<div class=\"bm-blog-post-image entry-post-image\">\n\t\t\t<div class=\"bm-post-image clearfix bm-hover-effect bm-hover-effect-blur\">\n\t\t\t\t<img loading=\"lazy\" decoding=\"async\" width=\"640\" height=\"348\" src=\"https:\/\/www.economicas.uba.ar\/extension\/vocesenelfenix\/wp-content\/uploads\/6502-Buchbinder.jpg\" class=\"attachment-large size-large wp-post-image\" alt=\"\" srcset=\"https:\/\/www.economicas.uba.ar\/extension\/vocesenelfenix\/wp-content\/uploads\/6502-Buchbinder.jpg 1080w, https:\/\/www.economicas.uba.ar\/extension\/vocesenelfenix\/wp-content\/uploads\/6502-Buchbinder-300x163.jpg 300w, https:\/\/www.economicas.uba.ar\/extension\/vocesenelfenix\/wp-content\/uploads\/6502-Buchbinder-768x417.jpg 768w\" sizes=\"(max-width: 640px) 100vw, 640px\" \/>\t\t\t<\/div>\n\t\t<\/div>\n        <div class=\"bm-blog-post-content bm_content_box\">\n            <h4 class=\"entry-post-title bm_title\"><a href=\"https:\/\/www.economicas.uba.ar\/extension\/vocesenelfenix\/las-universidades-en-la-argentina-una-brevisima-historia\/\" rel=\"bookmark\">Las universidades en la Argentina: una brev\u00edsima historia<\/a><\/h4>            <div class=\"bm-blog-post-meta entry-post-meta bm_meta\">\n                            <\/div>\n            <div class=\"entry-post-content bm_content\">\n                | Por Pablo Buchbinder | Con los antecedentes de la fundaci\u00f3n de una casa altos estudios en C\u00f3rdoba en el siglo XVII y la creaci\u00f3n de la Universidad de Buenos <div><a href=\"https:\/\/www.economicas.uba.ar\/extension\/vocesenelfenix\/las-universidades-en-la-argentina-una-brevisima-historia\/\" rel=\"bookmark\" class=\"bm-read-more entry-read-more\">M\u00e1s \u00bb<\/a><div>            <\/div>\n        <\/div>\n    <\/article>\n    <article id=\"post-7554\" class=\"item bm_layout post-7554 post type-post status-publish format-standard has-post-thumbnail hentry category-n-65 tag-educacion tag-educacion-superior tag-reforma-de-1918 tag-roberto-follari tag-universidad\">\n\t\t<div class=\"bm-blog-post-image entry-post-image\">\n\t\t\t<div class=\"bm-post-image clearfix bm-hover-effect bm-hover-effect-blur\">\n\t\t\t\t<img loading=\"lazy\" decoding=\"async\" width=\"640\" height=\"429\" src=\"https:\/\/www.economicas.uba.ar\/extension\/vocesenelfenix\/wp-content\/uploads\/6503-Follari.jpg\" class=\"attachment-large size-large wp-post-image\" alt=\"\" srcset=\"https:\/\/www.economicas.uba.ar\/extension\/vocesenelfenix\/wp-content\/uploads\/6503-Follari.jpg 1080w, https:\/\/www.economicas.uba.ar\/extension\/vocesenelfenix\/wp-content\/uploads\/6503-Follari-300x201.jpg 300w, https:\/\/www.economicas.uba.ar\/extension\/vocesenelfenix\/wp-content\/uploads\/6503-Follari-768x515.jpg 768w\" sizes=\"(max-width: 640px) 100vw, 640px\" \/>\t\t\t<\/div>\n\t\t<\/div>\n        <div class=\"bm-blog-post-content bm_content_box\">\n            <h4 class=\"entry-post-title bm_title\"><a href=\"https:\/\/www.economicas.uba.ar\/extension\/vocesenelfenix\/la-reforma-de-1918-lo-vigente-y-lo-obsoleto\/\" rel=\"bookmark\">La Reforma de 1918: lo vigente y lo obsoleto<\/a><\/h4>            <div class=\"bm-blog-post-meta entry-post-meta bm_meta\">\n                            <\/div>\n            <div class=\"entry-post-content bm_content\">\n                | Por Roberto Follari | En esta \u00e9poca de agudizaci\u00f3n de las pol\u00edticas represivas, sigue muy vigente la exigencia de los principios reformistas: autonom\u00eda universitaria, autogobierno, libertad de c\u00e1tedra y <div><a href=\"https:\/\/www.economicas.uba.ar\/extension\/vocesenelfenix\/la-reforma-de-1918-lo-vigente-y-lo-obsoleto\/\" rel=\"bookmark\" class=\"bm-read-more entry-read-more\">M\u00e1s \u00bb<\/a><div>            <\/div>\n        <\/div>\n    <\/article>\n    <article id=\"post-7560\" class=\"item bm_layout post-7560 post type-post status-publish format-standard has-post-thumbnail hentry category-n-65 tag-abraham-leonardo-gak tag-educacion tag-educacion-superior tag-manifiesto-liminar tag-reforma-de-1918 tag-universidad\">\n\t\t<div class=\"bm-blog-post-image entry-post-image\">\n\t\t\t<div class=\"bm-post-image clearfix bm-hover-effect bm-hover-effect-blur\">\n\t\t\t\t<img loading=\"lazy\" decoding=\"async\" width=\"640\" height=\"593\" src=\"https:\/\/www.economicas.uba.ar\/extension\/vocesenelfenix\/wp-content\/uploads\/6504-Gak.jpg\" class=\"attachment-large size-large wp-post-image\" alt=\"\" srcset=\"https:\/\/www.economicas.uba.ar\/extension\/vocesenelfenix\/wp-content\/uploads\/6504-Gak.jpg 1080w, https:\/\/www.economicas.uba.ar\/extension\/vocesenelfenix\/wp-content\/uploads\/6504-Gak-300x278.jpg 300w, https:\/\/www.economicas.uba.ar\/extension\/vocesenelfenix\/wp-content\/uploads\/6504-Gak-768x712.jpg 768w\" sizes=\"(max-width: 640px) 100vw, 640px\" \/>\t\t\t<\/div>\n\t\t<\/div>\n        <div class=\"bm-blog-post-content bm_content_box\">\n            <h4 class=\"entry-post-title bm_title\"><a href=\"https:\/\/www.economicas.uba.ar\/extension\/vocesenelfenix\/ayer-y-hoy-la-reforma-universitaria\/\" rel=\"bookmark\">Ayer y hoy, la reforma universitaria<\/a><\/h4>            <div class=\"bm-blog-post-meta entry-post-meta bm_meta\">\n                            <\/div>\n            <div class=\"entry-post-content bm_content\">\n                | Por Abraham Leonardo Gak | El movimiento estudiantil iniciado en C\u00f3rdoba dej\u00f3 una huella indeleble no solo en la vida acad\u00e9mica del pa\u00eds, sino tambi\u00e9n de la regi\u00f3n. Hoy <div><a href=\"https:\/\/www.economicas.uba.ar\/extension\/vocesenelfenix\/ayer-y-hoy-la-reforma-universitaria\/\" rel=\"bookmark\" class=\"bm-read-more entry-read-more\">M\u00e1s \u00bb<\/a><div>            <\/div>\n        <\/div>\n    <\/article>\n    <article id=\"post-7566\" class=\"item bm_layout post-7566 post type-post status-publish format-standard has-post-thumbnail hentry category-n-65 tag-derecho-a-la-educacion tag-educacion tag-educacion-superior tag-silvia-maria-paredes tag-universidad\">\n\t\t<div class=\"bm-blog-post-image entry-post-image\">\n\t\t\t<div class=\"bm-post-image clearfix bm-hover-effect bm-hover-effect-blur\">\n\t\t\t\t<img loading=\"lazy\" decoding=\"async\" width=\"640\" height=\"402\" src=\"https:\/\/www.economicas.uba.ar\/extension\/vocesenelfenix\/wp-content\/uploads\/6505-Paredes.jpg\" class=\"attachment-large size-large wp-post-image\" alt=\"\" srcset=\"https:\/\/www.economicas.uba.ar\/extension\/vocesenelfenix\/wp-content\/uploads\/6505-Paredes.jpg 1080w, https:\/\/www.economicas.uba.ar\/extension\/vocesenelfenix\/wp-content\/uploads\/6505-Paredes-300x189.jpg 300w, https:\/\/www.economicas.uba.ar\/extension\/vocesenelfenix\/wp-content\/uploads\/6505-Paredes-768x483.jpg 768w\" sizes=\"(max-width: 640px) 100vw, 640px\" \/>\t\t\t<\/div>\n\t\t<\/div>\n        <div class=\"bm-blog-post-content bm_content_box\">\n            <h4 class=\"entry-post-title bm_title\"><a href=\"https:\/\/www.economicas.uba.ar\/extension\/vocesenelfenix\/expansion-y-transformacion-del-sistema-universitario-en-la-argentina-desde-la-recuperacion-de-la-democracia-hasta-el-ano-2015\/\" rel=\"bookmark\">Expansi\u00f3n y transformaci\u00f3n del sistema universitario en la Argentina desde la recuperaci\u00f3n de la democracia hasta el a\u00f1o 2015<\/a><\/h4>            <div class=\"bm-blog-post-meta entry-post-meta bm_meta\">\n                            <\/div>\n            <div class=\"entry-post-content bm_content\">\n                | Por Silvia Mar\u00eda Paredes | Desde 1983 se duplic\u00f3 la cantidad de universidades p\u00fablicas y se cuadruplic\u00f3 la poblaci\u00f3n estudiantil. Este crecimiento se produjo por oleadas que respondieron a <div><a href=\"https:\/\/www.economicas.uba.ar\/extension\/vocesenelfenix\/expansion-y-transformacion-del-sistema-universitario-en-la-argentina-desde-la-recuperacion-de-la-democracia-hasta-el-ano-2015\/\" rel=\"bookmark\" class=\"bm-read-more entry-read-more\">M\u00e1s \u00bb<\/a><div>            <\/div>\n        <\/div>\n    <\/article>\n    <article id=\"post-7572\" class=\"item bm_layout post-7572 post type-post status-publish format-standard has-post-thumbnail hentry category-n-65 tag-anabella-lucardi tag-educacion tag-educacion-superior tag-politicas-educativas tag-universidad\">\n\t\t<div class=\"bm-blog-post-image entry-post-image\">\n\t\t\t<div class=\"bm-post-image clearfix bm-hover-effect bm-hover-effect-blur\">\n\t\t\t\t<img loading=\"lazy\" decoding=\"async\" width=\"640\" height=\"442\" src=\"https:\/\/www.economicas.uba.ar\/extension\/vocesenelfenix\/wp-content\/uploads\/6506-Lucardi.jpg\" class=\"attachment-large size-large wp-post-image\" alt=\"\" srcset=\"https:\/\/www.economicas.uba.ar\/extension\/vocesenelfenix\/wp-content\/uploads\/6506-Lucardi.jpg 1080w, https:\/\/www.economicas.uba.ar\/extension\/vocesenelfenix\/wp-content\/uploads\/6506-Lucardi-300x207.jpg 300w, https:\/\/www.economicas.uba.ar\/extension\/vocesenelfenix\/wp-content\/uploads\/6506-Lucardi-768x530.jpg 768w\" sizes=\"(max-width: 640px) 100vw, 640px\" \/>\t\t\t<\/div>\n\t\t<\/div>\n        <div class=\"bm-blog-post-content bm_content_box\">\n            <h4 class=\"entry-post-title bm_title\"><a href=\"https:\/\/www.economicas.uba.ar\/extension\/vocesenelfenix\/universidad-y-politicas-publicas-un-balance-sobre-iniciativas-y-programas-para-la-educacion-universitaria-durante-las-ultimas-decadas\/\" rel=\"bookmark\">Universidad y pol\u00edticas p\u00fablicas: un balance sobre iniciativas y programas para la educaci\u00f3n universitaria durante las \u00faltimas d\u00e9cadas<\/a><\/h4>            <div class=\"bm-blog-post-meta entry-post-meta bm_meta\">\n                            <\/div>\n            <div class=\"entry-post-content bm_content\">\n                | Por Anabella Lucardi | A partir de 2003 se produjo un cambio de sentido en la formulaci\u00f3n de pol\u00edticas hacia la universidad, en relaci\u00f3n con la orientaci\u00f3n predominante durante <div><a href=\"https:\/\/www.economicas.uba.ar\/extension\/vocesenelfenix\/universidad-y-politicas-publicas-un-balance-sobre-iniciativas-y-programas-para-la-educacion-universitaria-durante-las-ultimas-decadas\/\" rel=\"bookmark\" class=\"bm-read-more entry-read-more\">M\u00e1s \u00bb<\/a><div>            <\/div>\n        <\/div>\n    <\/article>\n    <article id=\"post-7578\" class=\"item bm_layout post-7578 post type-post status-publish format-standard has-post-thumbnail hentry category-n-65 tag-carlos-perez-rasetti tag-educacion tag-educacion-superior tag-ley-de-educacion-superior tag-secretaria-de-politicas-universitarias tag-universidad\">\n\t\t<div class=\"bm-blog-post-image entry-post-image\">\n\t\t\t<div class=\"bm-post-image clearfix bm-hover-effect bm-hover-effect-blur\">\n\t\t\t\t<img loading=\"lazy\" decoding=\"async\" width=\"640\" height=\"417\" src=\"https:\/\/www.economicas.uba.ar\/extension\/vocesenelfenix\/wp-content\/uploads\/6507-Perez.jpg\" class=\"attachment-large size-large wp-post-image\" alt=\"\" srcset=\"https:\/\/www.economicas.uba.ar\/extension\/vocesenelfenix\/wp-content\/uploads\/6507-Perez.jpg 1080w, https:\/\/www.economicas.uba.ar\/extension\/vocesenelfenix\/wp-content\/uploads\/6507-Perez-300x195.jpg 300w, https:\/\/www.economicas.uba.ar\/extension\/vocesenelfenix\/wp-content\/uploads\/6507-Perez-768x500.jpg 768w\" sizes=\"(max-width: 640px) 100vw, 640px\" \/>\t\t\t<\/div>\n\t\t<\/div>\n        <div class=\"bm-blog-post-content bm_content_box\">\n            <h4 class=\"entry-post-title bm_title\"><a href=\"https:\/\/www.economicas.uba.ar\/extension\/vocesenelfenix\/la-coordinacion-del-sistema-universitario\/\" rel=\"bookmark\">La coordinaci\u00f3n del sistema universitario<\/a><\/h4>            <div class=\"bm-blog-post-meta entry-post-meta bm_meta\">\n                            <\/div>\n            <div class=\"entry-post-content bm_content\">\n                | Por Carlos P\u00e9rez Rasetti | La creaci\u00f3n de la Secretar\u00eda de Pol\u00edticas Universitarias (SPU), en 1993, y la sanci\u00f3n de la Ley de Educaci\u00f3n Superior, en 1995, marcaron las <div><a href=\"https:\/\/www.economicas.uba.ar\/extension\/vocesenelfenix\/la-coordinacion-del-sistema-universitario\/\" rel=\"bookmark\" class=\"bm-read-more entry-read-more\">M\u00e1s \u00bb<\/a><div>            <\/div>\n        <\/div>\n    <\/article>\n    <article id=\"post-7584\" class=\"item bm_layout post-7584 post type-post status-publish format-standard has-post-thumbnail hentry category-n-65 tag-adriana-chiroleu tag-educacion tag-educacion-superior tag-kirchnerismo tag-universidad\">\n\t\t<div class=\"bm-blog-post-image entry-post-image\">\n\t\t\t<div class=\"bm-post-image clearfix bm-hover-effect bm-hover-effect-blur\">\n\t\t\t\t<img loading=\"lazy\" decoding=\"async\" width=\"640\" height=\"429\" src=\"https:\/\/www.economicas.uba.ar\/extension\/vocesenelfenix\/wp-content\/uploads\/6508-Chiroleu.jpg\" class=\"attachment-large size-large wp-post-image\" alt=\"\" srcset=\"https:\/\/www.economicas.uba.ar\/extension\/vocesenelfenix\/wp-content\/uploads\/6508-Chiroleu.jpg 1080w, https:\/\/www.economicas.uba.ar\/extension\/vocesenelfenix\/wp-content\/uploads\/6508-Chiroleu-300x201.jpg 300w, https:\/\/www.economicas.uba.ar\/extension\/vocesenelfenix\/wp-content\/uploads\/6508-Chiroleu-768x515.jpg 768w\" sizes=\"(max-width: 640px) 100vw, 640px\" \/>\t\t\t<\/div>\n\t\t<\/div>\n        <div class=\"bm-blog-post-content bm_content_box\">\n            <h4 class=\"entry-post-title bm_title\"><a href=\"https:\/\/www.economicas.uba.ar\/extension\/vocesenelfenix\/la-universidad-en-los-gobiernos-kirchner-la-expansion-de-oportunidades-y-sus-matices\/\" rel=\"bookmark\">La universidad en los gobiernos Kirchner: la expansi\u00f3n de oportunidades y sus matices<\/a><\/h4>            <div class=\"bm-blog-post-meta entry-post-meta bm_meta\">\n                            <\/div>\n            <div class=\"entry-post-content bm_content\">\n                | Por Adriana Chiroleu | En los doce a\u00f1os de kirchnerismo se registr\u00f3 un mayor apoyo financiero e institucional a las universidades nacionales, como tambi\u00e9n una ampliaci\u00f3n de las oportunidades <div><a href=\"https:\/\/www.economicas.uba.ar\/extension\/vocesenelfenix\/la-universidad-en-los-gobiernos-kirchner-la-expansion-de-oportunidades-y-sus-matices\/\" rel=\"bookmark\" class=\"bm-read-more entry-read-more\">M\u00e1s \u00bb<\/a><div>            <\/div>\n        <\/div>\n    <\/article>\n    <article id=\"post-7598\" class=\"item bm_layout post-7598 post type-post status-publish format-standard has-post-thumbnail hentry category-n-65 tag-adriana-puiggros tag-educacion tag-educacion-superior tag-ley-de-educacion-superior tag-universidad\">\n\t\t<div class=\"bm-blog-post-image entry-post-image\">\n\t\t\t<div class=\"bm-post-image clearfix bm-hover-effect bm-hover-effect-blur\">\n\t\t\t\t<img loading=\"lazy\" decoding=\"async\" width=\"640\" height=\"430\" src=\"https:\/\/www.economicas.uba.ar\/extension\/vocesenelfenix\/wp-content\/uploads\/6509-Puiggros.jpg\" class=\"attachment-large size-large wp-post-image\" alt=\"\" srcset=\"https:\/\/www.economicas.uba.ar\/extension\/vocesenelfenix\/wp-content\/uploads\/6509-Puiggros.jpg 1080w, https:\/\/www.economicas.uba.ar\/extension\/vocesenelfenix\/wp-content\/uploads\/6509-Puiggros-300x202.jpg 300w, https:\/\/www.economicas.uba.ar\/extension\/vocesenelfenix\/wp-content\/uploads\/6509-Puiggros-768x516.jpg 768w\" sizes=\"(max-width: 640px) 100vw, 640px\" \/>\t\t\t<\/div>\n\t\t<\/div>\n        <div class=\"bm-blog-post-content bm_content_box\">\n            <h4 class=\"entry-post-title bm_title\"><a href=\"https:\/\/www.economicas.uba.ar\/extension\/vocesenelfenix\/avatares-de-la-legislacion-universitaria\/\" rel=\"bookmark\">Avatares de la legislaci\u00f3n universitaria<\/a><\/h4>            <div class=\"bm-blog-post-meta entry-post-meta bm_meta\">\n                            <\/div>\n            <div class=\"entry-post-content bm_content\">\n                | Por Adriana Puiggr\u00f3s | A partir de sus or\u00edgenes en la Constituci\u00f3n de 1853, la Ley Avellaneda de 1885 y subsiguientes normas, el marco legislativo argentino manifiesta inconvenientes que <div><a href=\"https:\/\/www.economicas.uba.ar\/extension\/vocesenelfenix\/avatares-de-la-legislacion-universitaria\/\" rel=\"bookmark\" class=\"bm-read-more entry-read-more\">M\u00e1s \u00bb<\/a><div>            <\/div>\n        <\/div>\n    <\/article>\n    <article id=\"post-7604\" class=\"item bm_layout post-7604 post type-post status-publish format-standard has-post-thumbnail hentry category-n-65 tag-cin tag-educacion tag-educacion-superior tag-gustavo-eduardo-lugones tag-universidad\">\n\t\t<div class=\"bm-blog-post-image entry-post-image\">\n\t\t\t<div class=\"bm-post-image clearfix bm-hover-effect bm-hover-effect-blur\">\n\t\t\t\t<img loading=\"lazy\" decoding=\"async\" width=\"640\" height=\"417\" src=\"https:\/\/www.economicas.uba.ar\/extension\/vocesenelfenix\/wp-content\/uploads\/6510-Lugones.jpg\" class=\"attachment-large size-large wp-post-image\" alt=\"\" srcset=\"https:\/\/www.economicas.uba.ar\/extension\/vocesenelfenix\/wp-content\/uploads\/6510-Lugones.jpg 1080w, https:\/\/www.economicas.uba.ar\/extension\/vocesenelfenix\/wp-content\/uploads\/6510-Lugones-300x195.jpg 300w, https:\/\/www.economicas.uba.ar\/extension\/vocesenelfenix\/wp-content\/uploads\/6510-Lugones-768x500.jpg 768w\" sizes=\"(max-width: 640px) 100vw, 640px\" \/>\t\t\t<\/div>\n\t\t<\/div>\n        <div class=\"bm-blog-post-content bm_content_box\">\n            <h4 class=\"entry-post-title bm_title\"><a href=\"https:\/\/www.economicas.uba.ar\/extension\/vocesenelfenix\/la-coordinacion-del-sistema-universitario-publico-el-cin\/\" rel=\"bookmark\">La coordinaci\u00f3n del sistema universitario p\u00fablico: el CIN<\/a><\/h4>            <div class=\"bm-blog-post-meta entry-post-meta bm_meta\">\n                            <\/div>\n            <div class=\"entry-post-content bm_content\">\n                | por Gustavo Eduardo Lugones | Se propone aqu\u00ed una reflexi\u00f3n sobre la conveniencia y la necesidad de lograr avances en materia de planificaci\u00f3n y articulaci\u00f3n de nuestro sistema de <div><a href=\"https:\/\/www.economicas.uba.ar\/extension\/vocesenelfenix\/la-coordinacion-del-sistema-universitario-publico-el-cin\/\" rel=\"bookmark\" class=\"bm-read-more entry-read-more\">M\u00e1s \u00bb<\/a><div>            <\/div>\n        <\/div>\n    <\/article>\n    <article id=\"post-7614\" class=\"item bm_layout post-7614 post type-post status-publish format-standard has-post-thumbnail hentry category-n-65 tag-daniela-perrotta tag-educacion tag-educacion-superior tag-mercantilizacion tag-universidad\">\n\t\t<div class=\"bm-blog-post-image entry-post-image\">\n\t\t\t<div class=\"bm-post-image clearfix bm-hover-effect bm-hover-effect-blur\">\n\t\t\t\t<img loading=\"lazy\" decoding=\"async\" width=\"640\" height=\"324\" src=\"https:\/\/www.economicas.uba.ar\/extension\/vocesenelfenix\/wp-content\/uploads\/6511-Perrotta.jpg\" class=\"attachment-large size-large wp-post-image\" alt=\"\" srcset=\"https:\/\/www.economicas.uba.ar\/extension\/vocesenelfenix\/wp-content\/uploads\/6511-Perrotta.jpg 1080w, https:\/\/www.economicas.uba.ar\/extension\/vocesenelfenix\/wp-content\/uploads\/6511-Perrotta-300x152.jpg 300w, https:\/\/www.economicas.uba.ar\/extension\/vocesenelfenix\/wp-content\/uploads\/6511-Perrotta-768x388.jpg 768w\" sizes=\"(max-width: 640px) 100vw, 640px\" \/>\t\t\t<\/div>\n\t\t<\/div>\n        <div class=\"bm-blog-post-content bm_content_box\">\n            <h4 class=\"entry-post-title bm_title\"><a href=\"https:\/\/www.economicas.uba.ar\/extension\/vocesenelfenix\/internacionalizacion-y-corporaciones\/\" rel=\"bookmark\">Internacionalizaci\u00f3n y corporaciones<\/a><\/h4>            <div class=\"bm-blog-post-meta entry-post-meta bm_meta\">\n                            <\/div>\n            <div class=\"entry-post-content bm_content\">\n                | Por Daniela Perrotta | En el contexto actual, la internacionalizaci\u00f3n de la educaci\u00f3n superior es inherente a la transnacionalizaci\u00f3n y la financiarizaci\u00f3n de la econom\u00eda, tanto como a la <div><a href=\"https:\/\/www.economicas.uba.ar\/extension\/vocesenelfenix\/internacionalizacion-y-corporaciones\/\" rel=\"bookmark\" class=\"bm-read-more entry-read-more\">M\u00e1s \u00bb<\/a><div>            <\/div>\n        <\/div>\n    <\/article>\n    <article id=\"post-7620\" class=\"item bm_layout post-7620 post type-post status-publish format-standard has-post-thumbnail hentry category-n-65 tag-cambiemos tag-cin tag-educacion tag-educacion-superior tag-horacio-rovelli tag-martin-mangas tag-universidad\">\n\t\t<div class=\"bm-blog-post-image entry-post-image\">\n\t\t\t<div class=\"bm-post-image clearfix bm-hover-effect bm-hover-effect-blur\">\n\t\t\t\t<img loading=\"lazy\" decoding=\"async\" width=\"640\" height=\"479\" src=\"https:\/\/www.economicas.uba.ar\/extension\/vocesenelfenix\/wp-content\/uploads\/6512-Mangas.jpg\" class=\"attachment-large size-large wp-post-image\" alt=\"\" srcset=\"https:\/\/www.economicas.uba.ar\/extension\/vocesenelfenix\/wp-content\/uploads\/6512-Mangas.jpg 1080w, https:\/\/www.economicas.uba.ar\/extension\/vocesenelfenix\/wp-content\/uploads\/6512-Mangas-300x225.jpg 300w, https:\/\/www.economicas.uba.ar\/extension\/vocesenelfenix\/wp-content\/uploads\/6512-Mangas-768x575.jpg 768w\" sizes=\"(max-width: 640px) 100vw, 640px\" \/>\t\t\t<\/div>\n\t\t<\/div>\n        <div class=\"bm-blog-post-content bm_content_box\">\n            <h4 class=\"entry-post-title bm_title\"><a href=\"https:\/\/www.economicas.uba.ar\/extension\/vocesenelfenix\/el-financiamiento-de-las-universidades-nacionales-evolucion-impacto-distributivo-y-ampliacion-democratica\/\" rel=\"bookmark\">El financiamiento de las universidades nacionales: evoluci\u00f3n, impacto distributivo y ampliaci\u00f3n democr\u00e1tica<\/a><\/h4>            <div class=\"bm-blog-post-meta entry-post-meta bm_meta\">\n                            <\/div>\n            <div class=\"entry-post-content bm_content\">\n                | Por Mart\u00edn Mangas y Horacio Rovelli | El sistema universitario p\u00fablico creci\u00f3 desde la recuperaci\u00f3n democr\u00e1tica, tanto en tama\u00f1o como en recursos. En cuanto a su impacto en la <div><a href=\"https:\/\/www.economicas.uba.ar\/extension\/vocesenelfenix\/el-financiamiento-de-las-universidades-nacionales-evolucion-impacto-distributivo-y-ampliacion-democratica\/\" rel=\"bookmark\" class=\"bm-read-more entry-read-more\">M\u00e1s \u00bb<\/a><div>            <\/div>\n        <\/div>\n    <\/article>\n    <article id=\"post-7629\" class=\"item bm_layout post-7629 post type-post status-publish format-standard has-post-thumbnail hentry category-n-65 tag-educacion tag-educacion-superior tag-norberto-fernandez-lamarra tag-universidad\">\n\t\t<div class=\"bm-blog-post-image entry-post-image\">\n\t\t\t<div class=\"bm-post-image clearfix bm-hover-effect bm-hover-effect-blur\">\n\t\t\t\t<img loading=\"lazy\" decoding=\"async\" width=\"640\" height=\"464\" src=\"https:\/\/www.economicas.uba.ar\/extension\/vocesenelfenix\/wp-content\/uploads\/6513-Fernandez.jpg\" class=\"attachment-large size-large wp-post-image\" alt=\"\" srcset=\"https:\/\/www.economicas.uba.ar\/extension\/vocesenelfenix\/wp-content\/uploads\/6513-Fernandez.jpg 1080w, https:\/\/www.economicas.uba.ar\/extension\/vocesenelfenix\/wp-content\/uploads\/6513-Fernandez-300x218.jpg 300w, https:\/\/www.economicas.uba.ar\/extension\/vocesenelfenix\/wp-content\/uploads\/6513-Fernandez-768x557.jpg 768w, https:\/\/www.economicas.uba.ar\/extension\/vocesenelfenix\/wp-content\/uploads\/6513-Fernandez-183x132.jpg 183w\" sizes=\"(max-width: 640px) 100vw, 640px\" \/>\t\t\t<\/div>\n\t\t<\/div>\n        <div class=\"bm-blog-post-content bm_content_box\">\n            <h4 class=\"entry-post-title bm_title\"><a href=\"https:\/\/www.economicas.uba.ar\/extension\/vocesenelfenix\/repensando-la-calidad-de-la-educacion-superior-el-contexto-las-definiciones-y-los-desafios-pendientes\/\" rel=\"bookmark\">Repensando la calidad de la educaci\u00f3n superior: el contexto, las definiciones y los desaf\u00edos pendientes<\/a><\/h4>            <div class=\"bm-blog-post-meta entry-post-meta bm_meta\">\n                            <\/div>\n            <div class=\"entry-post-content bm_content\">\n                | Por Norberto Fern\u00e1ndez Lamarra | Durante los a\u00f1os \u201990 se consolid\u00f3 en la mayor\u00eda de los pa\u00edses latinoamericanos una legislaci\u00f3n orientada a la evaluaci\u00f3n de la calidad en este <div><a href=\"https:\/\/www.economicas.uba.ar\/extension\/vocesenelfenix\/repensando-la-calidad-de-la-educacion-superior-el-contexto-las-definiciones-y-los-desafios-pendientes\/\" rel=\"bookmark\" class=\"bm-read-more entry-read-more\">M\u00e1s \u00bb<\/a><div>            <\/div>\n        <\/div>\n    <\/article>\n    <article id=\"post-7635\" class=\"item bm_layout post-7635 post type-post status-publish format-standard has-post-thumbnail hentry category-n-65 tag-democratizacion tag-educacion tag-educacion-superior tag-jesica-rojas tag-universidad\">\n\t\t<div class=\"bm-blog-post-image entry-post-image\">\n\t\t\t<div class=\"bm-post-image clearfix bm-hover-effect bm-hover-effect-blur\">\n\t\t\t\t<img loading=\"lazy\" decoding=\"async\" width=\"640\" height=\"431\" src=\"https:\/\/www.economicas.uba.ar\/extension\/vocesenelfenix\/wp-content\/uploads\/6514-Rojas.jpg\" class=\"attachment-large size-large wp-post-image\" alt=\"\" srcset=\"https:\/\/www.economicas.uba.ar\/extension\/vocesenelfenix\/wp-content\/uploads\/6514-Rojas.jpg 1080w, https:\/\/www.economicas.uba.ar\/extension\/vocesenelfenix\/wp-content\/uploads\/6514-Rojas-300x202.jpg 300w, https:\/\/www.economicas.uba.ar\/extension\/vocesenelfenix\/wp-content\/uploads\/6514-Rojas-768x517.jpg 768w\" sizes=\"(max-width: 640px) 100vw, 640px\" \/>\t\t\t<\/div>\n\t\t<\/div>\n        <div class=\"bm-blog-post-content bm_content_box\">\n            <h4 class=\"entry-post-title bm_title\"><a href=\"https:\/\/www.economicas.uba.ar\/extension\/vocesenelfenix\/los-sentidos-de-la-democratizacion-de-la-universidad\/\" rel=\"bookmark\">Los sentidos de la democratizaci\u00f3n de la universidad<\/a><\/h4>            <div class=\"bm-blog-post-meta entry-post-meta bm_meta\">\n                            <\/div>\n            <div class=\"entry-post-content bm_content\">\n                | Por Jesica Rojas | Desde los principios reformistas de 1918 y el establecimiento de la gratuidad universitaria en 1949, la democratizaci\u00f3n de la vida universitaria argentina fue un objetivo <div><a href=\"https:\/\/www.economicas.uba.ar\/extension\/vocesenelfenix\/los-sentidos-de-la-democratizacion-de-la-universidad\/\" rel=\"bookmark\" class=\"bm-read-more entry-read-more\">M\u00e1s \u00bb<\/a><div>            <\/div>\n        <\/div>\n    <\/article>\n    <article id=\"post-7641\" class=\"item bm_layout post-7641 post type-post status-publish format-standard has-post-thumbnail hentry category-n-65 tag-derecho-a-la-educacion tag-educacion tag-educacion-superior tag-sebastian-torres tag-universidad\">\n\t\t<div class=\"bm-blog-post-image entry-post-image\">\n\t\t\t<div class=\"bm-post-image clearfix bm-hover-effect bm-hover-effect-blur\">\n\t\t\t\t<img loading=\"lazy\" decoding=\"async\" width=\"640\" height=\"431\" src=\"https:\/\/www.economicas.uba.ar\/extension\/vocesenelfenix\/wp-content\/uploads\/6515-Torres.jpg\" class=\"attachment-large size-large wp-post-image\" alt=\"\" srcset=\"https:\/\/www.economicas.uba.ar\/extension\/vocesenelfenix\/wp-content\/uploads\/6515-Torres.jpg 1080w, https:\/\/www.economicas.uba.ar\/extension\/vocesenelfenix\/wp-content\/uploads\/6515-Torres-300x202.jpg 300w, https:\/\/www.economicas.uba.ar\/extension\/vocesenelfenix\/wp-content\/uploads\/6515-Torres-768x517.jpg 768w\" sizes=\"(max-width: 640px) 100vw, 640px\" \/>\t\t\t<\/div>\n\t\t<\/div>\n        <div class=\"bm-blog-post-content bm_content_box\">\n            <h4 class=\"entry-post-title bm_title\"><a href=\"https:\/\/www.economicas.uba.ar\/extension\/vocesenelfenix\/el-derecho-de-universidad-como-proyecto\/\" rel=\"bookmark\">El Derecho de Universidad como proyecto<\/a><\/h4>            <div class=\"bm-blog-post-meta entry-post-meta bm_meta\">\n                            <\/div>\n            <div class=\"entry-post-content bm_content\">\n                | Por Sebasti\u00e1n Torres | En tiempos en que se tiende a pensar a la educaci\u00f3n superior bajo criterios de eficiencia y al conocimiento como un capital sujeto a intereses <div><a href=\"https:\/\/www.economicas.uba.ar\/extension\/vocesenelfenix\/el-derecho-de-universidad-como-proyecto\/\" rel=\"bookmark\" class=\"bm-read-more entry-read-more\">M\u00e1s \u00bb<\/a><div>            <\/div>\n        <\/div>\n    <\/article>\n\t\t\t\t<\/div><\/div>\n\t\t\t\t\t\t\t\t<\/div>\n\t\t\t\t<\/div>\n\t\t\t\t\t<\/div>\n\t\t<\/div>\n\t\t\t\t\t<\/div>\n\t\t<\/section>\n\t\t\t\t<section class=\"elementor-section elementor-top-section elementor-element elementor-element-79af2d7 elementor-section-boxed elementor-section-height-default elementor-section-height-default\" data-id=\"79af2d7\" data-element_type=\"section\" data-e-type=\"section\" data-settings=\"{&quot;background_background&quot;:&quot;classic&quot;}\">\n\t\t\t\t\t\t<div class=\"elementor-container elementor-column-gap-default\">\n\t\t\t\t\t<div class=\"elementor-column elementor-col-20 elementor-top-column elementor-element elementor-element-80d4328\" data-id=\"80d4328\" data-element_type=\"column\" data-e-type=\"column\">\n\t\t\t<div class=\"elementor-widget-wrap elementor-element-populated\">\n\t\t\t\t\t\t<div class=\"elementor-element elementor-element-7cc6543 elementor-widget elementor-widget-text-editor\" data-id=\"7cc6543\" data-element_type=\"widget\" data-e-type=\"widget\" data-widget_type=\"text-editor.default\">\n\t\t\t\t<div class=\"elementor-widget-container\">\n\t\t\t\t\t\t\t\t\t<iframe title=\"YouTube video player\" src=\"https:\/\/www.youtube.com\/embed\/ihQRWGPWSdU\" width=\"560\" height=\"315\" frameborder=\"0\" allowfullscreen=\"allowfullscreen\"><\/iframe>\t\t\t\t\t\t\t\t<\/div>\n\t\t\t\t<\/div>\n\t\t\t\t\t<\/div>\n\t\t<\/div>\n\t\t\t\t<div class=\"elementor-column elementor-col-20 elementor-top-column elementor-element elementor-element-447f3f0\" data-id=\"447f3f0\" data-element_type=\"column\" data-e-type=\"column\">\n\t\t\t<div class=\"elementor-widget-wrap elementor-element-populated\">\n\t\t\t\t\t\t<div class=\"elementor-element elementor-element-3171e35 elementor-widget elementor-widget-text-editor\" data-id=\"3171e35\" data-element_type=\"widget\" data-e-type=\"widget\" data-widget_type=\"text-editor.default\">\n\t\t\t\t<div class=\"elementor-widget-container\">\n\t\t\t\t\t\t\t\t\t<iframe title=\"YouTube video player\" src=\"https:\/\/www.youtube.com\/embed\/beddsTNxM_4\" width=\"560\" height=\"315\" frameborder=\"0\" allowfullscreen=\"allowfullscreen\"><\/iframe>\n\t\t\t\t\t\t\t\t<\/div>\n\t\t\t\t<\/div>\n\t\t\t\t\t<\/div>\n\t\t<\/div>\n\t\t\t\t<div class=\"elementor-column elementor-col-20 elementor-top-column elementor-element elementor-element-b243136\" data-id=\"b243136\" data-element_type=\"column\" data-e-type=\"column\">\n\t\t\t<div class=\"elementor-widget-wrap elementor-element-populated\">\n\t\t\t\t\t\t<div class=\"elementor-element elementor-element-5e83145 elementor-widget elementor-widget-text-editor\" data-id=\"5e83145\" data-element_type=\"widget\" data-e-type=\"widget\" data-widget_type=\"text-editor.default\">\n\t\t\t\t<div class=\"elementor-widget-container\">\n\t\t\t\t\t\t\t\t\t<iframe title=\"YouTube video player\" src=\"https:\/\/www.youtube.com\/embed\/ZRyjbCv9vEc\" width=\"560\" height=\"315\" frameborder=\"0\" allowfullscreen=\"allowfullscreen\"><\/iframe>\n\t\t\t\t\t\t\t\t<\/div>\n\t\t\t\t<\/div>\n\t\t\t\t\t<\/div>\n\t\t<\/div>\n\t\t\t\t<div class=\"elementor-column elementor-col-20 elementor-top-column elementor-element elementor-element-0c1f70a\" data-id=\"0c1f70a\" data-element_type=\"column\" data-e-type=\"column\">\n\t\t\t<div class=\"elementor-widget-wrap elementor-element-populated\">\n\t\t\t\t\t\t<div class=\"elementor-element elementor-element-c087f7c elementor-widget elementor-widget-text-editor\" data-id=\"c087f7c\" data-element_type=\"widget\" data-e-type=\"widget\" data-widget_type=\"text-editor.default\">\n\t\t\t\t<div class=\"elementor-widget-container\">\n\t\t\t\t\t\t\t\t\t<iframe title=\"YouTube video player\" src=\"https:\/\/www.youtube.com\/embed\/hem2lD_O9p4\" width=\"560\" height=\"315\" frameborder=\"0\" allowfullscreen=\"allowfullscreen\"><\/iframe>\n\t\t\t\t\t\t\t\t<\/div>\n\t\t\t\t<\/div>\n\t\t\t\t\t<\/div>\n\t\t<\/div>\n\t\t\t\t<div class=\"elementor-column elementor-col-20 elementor-top-column elementor-element elementor-element-64fcb9e\" data-id=\"64fcb9e\" data-element_type=\"column\" data-e-type=\"column\">\n\t\t\t<div class=\"elementor-widget-wrap elementor-element-populated\">\n\t\t\t\t\t\t<div class=\"elementor-element elementor-element-779f1f6 elementor-widget elementor-widget-text-editor\" data-id=\"779f1f6\" data-element_type=\"widget\" data-e-type=\"widget\" data-widget_type=\"text-editor.default\">\n\t\t\t\t<div class=\"elementor-widget-container\">\n\t\t\t\t\t\t\t\t\t<iframe title=\"YouTube video player\" src=\"https:\/\/www.youtube.com\/embed\/SmZVZY8FxlU\" width=\"560\" height=\"315\" frameborder=\"0\" allowfullscreen=\"allowfullscreen\"><\/iframe>\t\t\t\t\t\t\t\t<\/div>\n\t\t\t\t<\/div>\n\t\t\t\t\t<\/div>\n\t\t<\/div>\n\t\t\t\t\t<\/div>\n\t\t<\/section>\n\t\t\t\t<\/div>\n\t\t","protected":false},"excerpt":{"rendered":"<p>N\u00daMERO 65 BUSCO MI DESTINO UNIVERSIDAD NUESTRO SISTEMA UNIVERSITARIO ARGENTINO CULTIVA UNA TRADICI\u00d3N BASADA EN LOS PRINCIPIOS DE GRATUIDAD, COGOBIERNO, LIBRE ACCESO Y AUTONOM\u00cdA Y TIENE COMO OBJETIVOS LA ENSE\u00d1ANZA,<\/p>\n","protected":false},"author":5,"featured_media":0,"parent":0,"menu_order":0,"comment_status":"closed","ping_status":"closed","template":"","meta":{"footnotes":""},"class_list":["post-7424","page","type-page","status-publish","hentry"],"_links":{"self":[{"href":"https:\/\/www.economicas.uba.ar\/extension\/vocesenelfenix\/wp-json\/wp\/v2\/pages\/7424","targetHints":{"allow":["GET"]}}],"collection":[{"href":"https:\/\/www.economicas.uba.ar\/extension\/vocesenelfenix\/wp-json\/wp\/v2\/pages"}],"about":[{"href":"https:\/\/www.economicas.uba.ar\/extension\/vocesenelfenix\/wp-json\/wp\/v2\/types\/page"}],"author":[{"embeddable":true,"href":"https:\/\/www.economicas.uba.ar\/extension\/vocesenelfenix\/wp-json\/wp\/v2\/users\/5"}],"replies":[{"embeddable":true,"href":"https:\/\/www.economicas.uba.ar\/extension\/vocesenelfenix\/wp-json\/wp\/v2\/comments?post=7424"}],"version-history":[{"count":22,"href":"https:\/\/www.economicas.uba.ar\/extension\/vocesenelfenix\/wp-json\/wp\/v2\/pages\/7424\/revisions"}],"predecessor-version":[{"id":7541,"href":"https:\/\/www.economicas.uba.ar\/extension\/vocesenelfenix\/wp-json\/wp\/v2\/pages\/7424\/revisions\/7541"}],"wp:attachment":[{"href":"https:\/\/www.economicas.uba.ar\/extension\/vocesenelfenix\/wp-json\/wp\/v2\/media?parent=7424"}],"curies":[{"name":"wp","href":"https:\/\/api.w.org\/{rel}","templated":true}]}}