{"id":7888,"date":"2017-08-01T00:01:00","date_gmt":"2017-08-01T03:01:00","guid":{"rendered":"https:\/\/www.economicas.uba.ar\/extension\/vocesenelfenix\/?page_id=7888"},"modified":"2022-02-21T18:56:25","modified_gmt":"2022-02-21T21:56:25","slug":"numero-64","status":"publish","type":"page","link":"https:\/\/www.economicas.uba.ar\/extension\/vocesenelfenix\/numero-64\/","title":{"rendered":"N\u00famero 64"},"content":{"rendered":"\t\t<div data-elementor-type=\"wp-page\" data-elementor-id=\"7888\" class=\"elementor elementor-7888\" data-elementor-post-type=\"page\">\n\t\t\t\t\t\t<section class=\"elementor-section elementor-top-section elementor-element elementor-element-bd065e1 elementor-section-boxed elementor-section-height-default elementor-section-height-default\" data-id=\"bd065e1\" data-element_type=\"section\" data-e-type=\"section\" data-settings=\"{&quot;background_background&quot;:&quot;classic&quot;}\">\n\t\t\t\t\t\t<div class=\"elementor-container elementor-column-gap-default\">\n\t\t\t\t\t<div class=\"elementor-column elementor-col-33 elementor-top-column elementor-element elementor-element-0757d30\" data-id=\"0757d30\" data-element_type=\"column\" data-e-type=\"column\">\n\t\t\t<div class=\"elementor-widget-wrap elementor-element-populated\">\n\t\t\t\t\t\t<div class=\"elementor-element elementor-element-c1674c8 elementor-widget elementor-widget-image\" data-id=\"c1674c8\" data-element_type=\"widget\" data-e-type=\"widget\" data-widget_type=\"image.default\">\n\t\t\t\t<div class=\"elementor-widget-container\">\n\t\t\t\t\t\t\t\t\t\t\t\t\t\t\t\t<a href=\"https:\/\/drive.google.com\/file\/d\/1ho2C8NzFa-SR6zLYJiRPtD5XDXf8rWaH\/view\" target=\"_blank\">\n\t\t\t\t\t\t\t<img fetchpriority=\"high\" decoding=\"async\" width=\"193\" height=\"268\" src=\"https:\/\/www.economicas.uba.ar\/extension\/vocesenelfenix\/wp-content\/uploads\/tapa64.jpg\" class=\"attachment-large size-large wp-image-1932\" alt=\"\" \/>\t\t\t\t\t\t\t\t<\/a>\n\t\t\t\t\t\t\t\t\t\t\t\t\t\t\t<\/div>\n\t\t\t\t<\/div>\n\t\t\t\t\t<\/div>\n\t\t<\/div>\n\t\t\t\t<div class=\"elementor-column elementor-col-66 elementor-top-column elementor-element elementor-element-f62a7c9\" data-id=\"f62a7c9\" data-element_type=\"column\" data-e-type=\"column\">\n\t\t\t<div class=\"elementor-widget-wrap elementor-element-populated\">\n\t\t\t\t\t\t<div class=\"elementor-element elementor-element-485596b elementor-widget elementor-widget-text-editor\" data-id=\"485596b\" data-element_type=\"widget\" data-e-type=\"widget\" data-widget_type=\"text-editor.default\">\n\t\t\t\t<div class=\"elementor-widget-container\">\n\t\t\t\t\t\t\t\t\t<h5>N\u00daMERO 64<\/h5><h3>LA TORMENTA PERFECTA<\/h3><h6>DEUDA EXTERNA<\/h6><p><br \/>EL ENDEUDAMIENTO ACELERADO ES UNO DE LOS S\u00cdNTOMAS DE LA VUELTA AL MODELO QUE PONE EN EL CENTRO LA VALORIZACI\u00d3N FINANCIERA. LA FUGA DE CAPITALES Y LA ESPECULACI\u00d3N RECUPERAN EL LUGAR CLAVE QUE SUPIERON TENER EN DIVERSOS MOMENTOS DE LA HISTORIA ARGENTINA. EN ESTE ESCENARIO, EL MARGEN PARA UNA VERDADERA POL\u00cdTICA DE DESARROLLO CON EQUIDAD SE REDUCE SENSIBLEMENTE A LOS DESIGNIOS DEL CAPITAL FINANCIERO.<\/p>\t\t\t\t\t\t\t\t<\/div>\n\t\t\t\t<\/div>\n\t\t\t\t<div class=\"elementor-element elementor-element-c568f47 elementor-widget elementor-widget-button\" data-id=\"c568f47\" data-element_type=\"widget\" data-e-type=\"widget\" data-widget_type=\"button.default\">\n\t\t\t\t<div class=\"elementor-widget-container\">\n\t\t\t\t\t\t\t\t\t<div class=\"elementor-button-wrapper\">\n\t\t\t\t\t<a class=\"elementor-button elementor-button-link elementor-size-xs\" href=\"https:\/\/drive.google.com\/file\/d\/1ho2C8NzFa-SR6zLYJiRPtD5XDXf8rWaH\/view\" target=\"_blank\">\n\t\t\t\t\t\t<span class=\"elementor-button-content-wrapper\">\n\t\t\t\t\t\t\t\t\t<span class=\"elementor-button-text\">Descarg\u00e1 el PDF<\/span>\n\t\t\t\t\t<\/span>\n\t\t\t\t\t<\/a>\n\t\t\t\t<\/div>\n\t\t\t\t\t\t\t\t<\/div>\n\t\t\t\t<\/div>\n\t\t\t\t\t<\/div>\n\t\t<\/div>\n\t\t\t\t\t<\/div>\n\t\t<\/section>\n\t\t\t\t<section class=\"elementor-section elementor-top-section elementor-element elementor-element-7755490 elementor-section-boxed elementor-section-height-default elementor-section-height-default\" data-id=\"7755490\" data-element_type=\"section\" data-e-type=\"section\">\n\t\t\t\t\t\t<div class=\"elementor-container elementor-column-gap-default\">\n\t\t\t\t\t<div class=\"elementor-column elementor-col-100 elementor-top-column elementor-element elementor-element-0c5c631\" data-id=\"0c5c631\" data-element_type=\"column\" data-e-type=\"column\">\n\t\t\t<div class=\"elementor-widget-wrap elementor-element-populated\">\n\t\t\t\t\t\t<div class=\"elementor-element elementor-element-241295b elementor-grid-3 elementor-grid-tablet-2 elementor-grid-mobile-1 elementor-posts--align-left elementor-widget elementor-widget-blogmentor_blog_posts\" data-id=\"241295b\" data-element_type=\"widget\" data-e-type=\"widget\" data-settings=\"{&quot;bm_grid_columns&quot;:&quot;3&quot;,&quot;bm_grid_columns_tablet&quot;:&quot;2&quot;,&quot;bm_grid_columns_mobile&quot;:&quot;1&quot;,&quot;post_card_grid_gap&quot;:{&quot;unit&quot;:&quot;px&quot;,&quot;size&quot;:10,&quot;sizes&quot;:[]},&quot;post_card_row_gap&quot;:{&quot;unit&quot;:&quot;px&quot;,&quot;size&quot;:35,&quot;sizes&quot;:[]}}\" data-widget_type=\"blogmentor_blog_posts.default\">\n\t\t\t\t<div class=\"elementor-widget-container\">\n\t\t\t\t\t\t\t\n\t\t\t\t\t\t\t\t<div class=\"bm-blog-posts-wrapper\" >\n\t\t\t\t\t\t\t<div class=\"bm-blog-posts bm-display-grid elementor-grid elementor-grid-3\" >\n\t\t\t\t    <article id=\"post-7895\" class=\"item bm_layout post-7895 post type-post status-publish format-standard has-post-thumbnail hentry category-n-64 tag-abraham-leonardo-gak tag-deuda-externa tag-editorial\">\n\t\t<div class=\"bm-blog-post-image entry-post-image\">\n\t\t\t<div class=\"bm-post-image clearfix bm-hover-effect bm-hover-effect-blur\">\n\t\t\t\t<img decoding=\"async\" width=\"640\" height=\"449\" src=\"https:\/\/www.economicas.uba.ar\/extension\/vocesenelfenix\/wp-content\/uploads\/6400-Gak.jpg\" class=\"attachment-large size-large wp-post-image\" alt=\"\" srcset=\"https:\/\/www.economicas.uba.ar\/extension\/vocesenelfenix\/wp-content\/uploads\/6400-Gak.jpg 1080w, https:\/\/www.economicas.uba.ar\/extension\/vocesenelfenix\/wp-content\/uploads\/6400-Gak-300x210.jpg 300w, https:\/\/www.economicas.uba.ar\/extension\/vocesenelfenix\/wp-content\/uploads\/6400-Gak-768x538.jpg 768w\" sizes=\"(max-width: 640px) 100vw, 640px\" \/>\t\t\t<\/div>\n\t\t<\/div>\n        <div class=\"bm-blog-post-content bm_content_box\">\n            <h4 class=\"entry-post-title bm_title\"><a href=\"https:\/\/www.economicas.uba.ar\/extension\/vocesenelfenix\/editorial-deuda-externa-la-enfermedad-cronica-de-los-paises-dependientes\/\" rel=\"bookmark\">Editorial: Deuda externa, la enfermedad cr\u00f3nica de los pa\u00edses dependientes<\/a><\/h4>            <div class=\"bm-blog-post-meta entry-post-meta bm_meta\">\n                            <\/div>\n            <div class=\"entry-post-content bm_content\">\n                | Por Abraham Leonardo Gak |            <\/div>\n        <\/div>\n    <\/article>\n    <article id=\"post-7905\" class=\"item bm_layout post-7905 post type-post status-publish format-standard has-post-thumbnail hentry category-n-64 tag-alfredo-f-calcagno tag-crisis-economica tag-deuda-externa tag-endeudamiento\">\n\t\t<div class=\"bm-blog-post-image entry-post-image\">\n\t\t\t<div class=\"bm-post-image clearfix bm-hover-effect bm-hover-effect-blur\">\n\t\t\t\t<img decoding=\"async\" width=\"640\" height=\"430\" src=\"https:\/\/www.economicas.uba.ar\/extension\/vocesenelfenix\/wp-content\/uploads\/6401-Calcagno.jpg\" class=\"attachment-large size-large wp-post-image\" alt=\"\" srcset=\"https:\/\/www.economicas.uba.ar\/extension\/vocesenelfenix\/wp-content\/uploads\/6401-Calcagno.jpg 1080w, https:\/\/www.economicas.uba.ar\/extension\/vocesenelfenix\/wp-content\/uploads\/6401-Calcagno-300x201.jpg 300w, https:\/\/www.economicas.uba.ar\/extension\/vocesenelfenix\/wp-content\/uploads\/6401-Calcagno-768x516.jpg 768w\" sizes=\"(max-width: 640px) 100vw, 640px\" \/>\t\t\t<\/div>\n\t\t<\/div>\n        <div class=\"bm-blog-post-content bm_content_box\">\n            <h4 class=\"entry-post-title bm_title\"><a href=\"https:\/\/www.economicas.uba.ar\/extension\/vocesenelfenix\/que-es-y-que-no-es-la-deuda-externa\/\" rel=\"bookmark\">\u00bfQu\u00e9 es y qu\u00e9 no es la deuda externa?<\/a><\/h4>            <div class=\"bm-blog-post-meta entry-post-meta bm_meta\">\n                            <\/div>\n            <div class=\"entry-post-content bm_content\">\n                | Por Alfredo F. Calcagno | El endeudamiento externo es una forma de obtener divisas, fundamentales para superar una limitante hist\u00f3rica de los procesos de desarrollo econ\u00f3mico. Pero a la <div><a href=\"https:\/\/www.economicas.uba.ar\/extension\/vocesenelfenix\/que-es-y-que-no-es-la-deuda-externa\/\" rel=\"bookmark\" class=\"bm-read-more entry-read-more\">M\u00e1s \u00bb<\/a><div>            <\/div>\n        <\/div>\n    <\/article>\n    <article id=\"post-7913\" class=\"item bm_layout post-7913 post type-post status-publish format-standard has-post-thumbnail hentry category-n-64 tag-cambiemos tag-deuda-externa tag-eduardo-basualdo tag-endeudamiento tag-mauricio-macri tag-pablo-manzanelli\">\n\t\t<div class=\"bm-blog-post-image entry-post-image\">\n\t\t\t<div class=\"bm-post-image clearfix bm-hover-effect bm-hover-effect-blur\">\n\t\t\t\t<img loading=\"lazy\" decoding=\"async\" width=\"640\" height=\"505\" src=\"https:\/\/www.economicas.uba.ar\/extension\/vocesenelfenix\/wp-content\/uploads\/6402-Basualdo.jpg\" class=\"attachment-large size-large wp-post-image\" alt=\"\" srcset=\"https:\/\/www.economicas.uba.ar\/extension\/vocesenelfenix\/wp-content\/uploads\/6402-Basualdo.jpg 1080w, https:\/\/www.economicas.uba.ar\/extension\/vocesenelfenix\/wp-content\/uploads\/6402-Basualdo-300x237.jpg 300w, https:\/\/www.economicas.uba.ar\/extension\/vocesenelfenix\/wp-content\/uploads\/6402-Basualdo-768x607.jpg 768w\" sizes=\"(max-width: 640px) 100vw, 640px\" \/>\t\t\t<\/div>\n\t\t<\/div>\n        <div class=\"bm-blog-post-content bm_content_box\">\n            <h4 class=\"entry-post-title bm_title\"><a href=\"https:\/\/www.economicas.uba.ar\/extension\/vocesenelfenix\/la-deuda-externa-de-macri-en-perspectiva-historica\/\" rel=\"bookmark\">La deuda externa de Macri en perspectiva hist\u00f3rica<\/a><\/h4>            <div class=\"bm-blog-post-meta entry-post-meta bm_meta\">\n                            <\/div>\n            <div class=\"entry-post-content bm_content\">\n                | Por Eduardo Basualdo y Pablo Manzanelli | Durante los \u00faltimos 40 a\u00f1os, el endeudamiento externo ocup\u00f3 un lugar central en el comportamiento macroecon\u00f3mico del pa\u00eds. En la gesti\u00f3n de <div><a href=\"https:\/\/www.economicas.uba.ar\/extension\/vocesenelfenix\/la-deuda-externa-de-macri-en-perspectiva-historica\/\" rel=\"bookmark\" class=\"bm-read-more entry-read-more\">M\u00e1s \u00bb<\/a><div>            <\/div>\n        <\/div>\n    <\/article>\n    <article id=\"post-7923\" class=\"item bm_layout post-7923 post type-post status-publish format-standard has-post-thumbnail hentry category-n-64 tag-andres-wainer tag-deuda-externa tag-kirchnerismo tag-renegociacion-de-deuda\">\n\t\t<div class=\"bm-blog-post-image entry-post-image\">\n\t\t\t<div class=\"bm-post-image clearfix bm-hover-effect bm-hover-effect-blur\">\n\t\t\t\t<img loading=\"lazy\" decoding=\"async\" width=\"640\" height=\"401\" src=\"https:\/\/www.economicas.uba.ar\/extension\/vocesenelfenix\/wp-content\/uploads\/6403-Wainer.jpg\" class=\"attachment-large size-large wp-post-image\" alt=\"\" srcset=\"https:\/\/www.economicas.uba.ar\/extension\/vocesenelfenix\/wp-content\/uploads\/6403-Wainer.jpg 1080w, https:\/\/www.economicas.uba.ar\/extension\/vocesenelfenix\/wp-content\/uploads\/6403-Wainer-300x188.jpg 300w, https:\/\/www.economicas.uba.ar\/extension\/vocesenelfenix\/wp-content\/uploads\/6403-Wainer-768x481.jpg 768w\" sizes=\"(max-width: 640px) 100vw, 640px\" \/>\t\t\t<\/div>\n\t\t<\/div>\n        <div class=\"bm-blog-post-content bm_content_box\">\n            <h4 class=\"entry-post-title bm_title\"><a href=\"https:\/\/www.economicas.uba.ar\/extension\/vocesenelfenix\/la-renegociacion-de-la-deuda-durante-el-kirchnerismo\/\" rel=\"bookmark\">La renegociaci\u00f3n de la deuda durante el kirchnerismo<\/a><\/h4>            <div class=\"bm-blog-post-meta entry-post-meta bm_meta\">\n                            <\/div>\n            <div class=\"entry-post-content bm_content\">\n                | Por Andr\u00e9s Wainer | La compleja y problem\u00e1tica renegociaci\u00f3n de la deuda p\u00fablica argentina implic\u00f3 dos canjes, en 2005 y en 2010. Para entenderla, es imprescindible analizar la trama <div><a href=\"https:\/\/www.economicas.uba.ar\/extension\/vocesenelfenix\/la-renegociacion-de-la-deuda-durante-el-kirchnerismo\/\" rel=\"bookmark\" class=\"bm-read-more entry-read-more\">M\u00e1s \u00bb<\/a><div>            <\/div>\n        <\/div>\n    <\/article>\n    <article id=\"post-7933\" class=\"item bm_layout post-7933 post type-post status-publish format-standard has-post-thumbnail hentry category-n-64 tag-blindaje tag-deuda-externa tag-mariano-a-barrera tag-megacanje tag-prestamos-garantizados\">\n\t\t<div class=\"bm-blog-post-image entry-post-image\">\n\t\t\t<div class=\"bm-post-image clearfix bm-hover-effect bm-hover-effect-blur\">\n\t\t\t\t<img loading=\"lazy\" decoding=\"async\" width=\"640\" height=\"417\" src=\"https:\/\/www.economicas.uba.ar\/extension\/vocesenelfenix\/wp-content\/uploads\/6404-Barrera.jpg\" class=\"attachment-large size-large wp-post-image\" alt=\"\" srcset=\"https:\/\/www.economicas.uba.ar\/extension\/vocesenelfenix\/wp-content\/uploads\/6404-Barrera.jpg 1080w, https:\/\/www.economicas.uba.ar\/extension\/vocesenelfenix\/wp-content\/uploads\/6404-Barrera-300x196.jpg 300w, https:\/\/www.economicas.uba.ar\/extension\/vocesenelfenix\/wp-content\/uploads\/6404-Barrera-768x501.jpg 768w\" sizes=\"(max-width: 640px) 100vw, 640px\" \/>\t\t\t<\/div>\n\t\t<\/div>\n        <div class=\"bm-blog-post-content bm_content_box\">\n            <h4 class=\"entry-post-title bm_title\"><a href=\"https:\/\/www.economicas.uba.ar\/extension\/vocesenelfenix\/el-ultimo-intento-de-salvar-la-valorizacion-financiera-el-blindaje-el-megacanje-y-los-prestamos-garantizados\/\" rel=\"bookmark\">El \u00faltimo intento de salvar la valorizaci\u00f3n financiera: el \u201cblindaje\u201d, el \u201cmegacanje\u201d y los \u201cpr\u00e9stamos garantizados\u201d<\/a><\/h4>            <div class=\"bm-blog-post-meta entry-post-meta bm_meta\">\n                            <\/div>\n            <div class=\"entry-post-content bm_content\">\n                | Por Mariano A. Barrera | Gracias a estas tres operatorias de deuda externa, los grandes capitales pudieron resguardar sus activos en el exterior antes del colapso inminente de la <div><a href=\"https:\/\/www.economicas.uba.ar\/extension\/vocesenelfenix\/el-ultimo-intento-de-salvar-la-valorizacion-financiera-el-blindaje-el-megacanje-y-los-prestamos-garantizados\/\" rel=\"bookmark\" class=\"bm-read-more entry-read-more\">M\u00e1s \u00bb<\/a><div>            <\/div>\n        <\/div>\n    <\/article>\n    <article id=\"post-7940\" class=\"item bm_layout post-7940 post type-post status-publish format-standard has-post-thumbnail hentry category-n-64 tag-convertibilidad tag-crisis-economica tag-deuda-externa tag-fuga-de-capitales tag-matias-kulfas\">\n\t\t<div class=\"bm-blog-post-image entry-post-image\">\n\t\t\t<div class=\"bm-post-image clearfix bm-hover-effect bm-hover-effect-blur\">\n\t\t\t\t<img loading=\"lazy\" decoding=\"async\" width=\"640\" height=\"428\" src=\"https:\/\/www.economicas.uba.ar\/extension\/vocesenelfenix\/wp-content\/uploads\/6405-Kulfas.jpg\" class=\"attachment-large size-large wp-post-image\" alt=\"\" srcset=\"https:\/\/www.economicas.uba.ar\/extension\/vocesenelfenix\/wp-content\/uploads\/6405-Kulfas.jpg 1080w, https:\/\/www.economicas.uba.ar\/extension\/vocesenelfenix\/wp-content\/uploads\/6405-Kulfas-300x201.jpg 300w, https:\/\/www.economicas.uba.ar\/extension\/vocesenelfenix\/wp-content\/uploads\/6405-Kulfas-768x513.jpg 768w\" sizes=\"(max-width: 640px) 100vw, 640px\" \/>\t\t\t<\/div>\n\t\t<\/div>\n        <div class=\"bm-blog-post-content bm_content_box\">\n            <h4 class=\"entry-post-title bm_title\"><a href=\"https:\/\/www.economicas.uba.ar\/extension\/vocesenelfenix\/la-fuga-de-capitales-en-la-crisis-de-la-convertibilidad\/\" rel=\"bookmark\">La fuga de capitales en la crisis de la Convertibilidad<\/a><\/h4>            <div class=\"bm-blog-post-meta entry-post-meta bm_meta\">\n                            <\/div>\n            <div class=\"entry-post-content bm_content\">\n                | Por Mat\u00edas Kulfas | Bajo la apariencia de un escenario \u201cestable\u201d, el programa emprendido por Domingo Cavallo en la d\u00e9cada de los \u201990 padec\u00eda inconsistencias que se evidenciaron una <div><a href=\"https:\/\/www.economicas.uba.ar\/extension\/vocesenelfenix\/la-fuga-de-capitales-en-la-crisis-de-la-convertibilidad\/\" rel=\"bookmark\" class=\"bm-read-more entry-read-more\">M\u00e1s \u00bb<\/a><div>            <\/div>\n        <\/div>\n    <\/article>\n    <article id=\"post-7950\" class=\"item bm_layout post-7950 post type-post status-publish format-standard has-post-thumbnail hentry category-n-64 tag-crisis tag-crisis-economica tag-deuda-externa tag-endeudamiento tag-mario-damill\">\n\t\t<div class=\"bm-blog-post-image entry-post-image\">\n\t\t\t<div class=\"bm-post-image clearfix bm-hover-effect bm-hover-effect-blur\">\n\t\t\t\t<img loading=\"lazy\" decoding=\"async\" width=\"640\" height=\"442\" src=\"https:\/\/www.economicas.uba.ar\/extension\/vocesenelfenix\/wp-content\/uploads\/6406-Damill.jpg\" class=\"attachment-large size-large wp-post-image\" alt=\"\" srcset=\"https:\/\/www.economicas.uba.ar\/extension\/vocesenelfenix\/wp-content\/uploads\/6406-Damill.jpg 1080w, https:\/\/www.economicas.uba.ar\/extension\/vocesenelfenix\/wp-content\/uploads\/6406-Damill-300x207.jpg 300w, https:\/\/www.economicas.uba.ar\/extension\/vocesenelfenix\/wp-content\/uploads\/6406-Damill-768x530.jpg 768w\" sizes=\"(max-width: 640px) 100vw, 640px\" \/>\t\t\t<\/div>\n\t\t<\/div>\n        <div class=\"bm-blog-post-content bm_content_box\">\n            <h4 class=\"entry-post-title bm_title\"><a href=\"https:\/\/www.economicas.uba.ar\/extension\/vocesenelfenix\/la-deuda-externa-en-los-anos-noventa-apreciacion-cambiaria-fragilidad-financiera-y-crisis\/\" rel=\"bookmark\">La deuda externa en los a\u00f1os noventa: apreciaci\u00f3n cambiaria, fragilidad financiera y crisis<\/a><\/h4>            <div class=\"bm-blog-post-meta entry-post-meta bm_meta\">\n                            <\/div>\n            <div class=\"entry-post-content bm_content\">\n                | Por Mario Damill | Al calor de los cambios en el contexto internacional, la \u00faltima d\u00e9cada del siglo XX fue un per\u00edodo de apertura financiera y endeudamiento acelerado en <div><a href=\"https:\/\/www.economicas.uba.ar\/extension\/vocesenelfenix\/la-deuda-externa-en-los-anos-noventa-apreciacion-cambiaria-fragilidad-financiera-y-crisis\/\" rel=\"bookmark\" class=\"bm-read-more entry-read-more\">M\u00e1s \u00bb<\/a><div>            <\/div>\n        <\/div>\n    <\/article>\n    <article id=\"post-7959\" class=\"item bm_layout post-7959 post type-post status-publish format-standard has-post-thumbnail hentry category-n-64 tag-cambiemos tag-carlos-pafundo tag-deuda-externa tag-fuga-de-capitales tag-guillermo-wierzba tag-liberalizacion-economica\">\n\t\t<div class=\"bm-blog-post-image entry-post-image\">\n\t\t\t<div class=\"bm-post-image clearfix bm-hover-effect bm-hover-effect-blur\">\n\t\t\t\t<img loading=\"lazy\" decoding=\"async\" width=\"640\" height=\"431\" src=\"https:\/\/www.economicas.uba.ar\/extension\/vocesenelfenix\/wp-content\/uploads\/6407-Wierzba.jpg\" class=\"attachment-large size-large wp-post-image\" alt=\"\" srcset=\"https:\/\/www.economicas.uba.ar\/extension\/vocesenelfenix\/wp-content\/uploads\/6407-Wierzba.jpg 1080w, https:\/\/www.economicas.uba.ar\/extension\/vocesenelfenix\/wp-content\/uploads\/6407-Wierzba-300x202.jpg 300w, https:\/\/www.economicas.uba.ar\/extension\/vocesenelfenix\/wp-content\/uploads\/6407-Wierzba-768x518.jpg 768w\" sizes=\"(max-width: 640px) 100vw, 640px\" \/>\t\t\t<\/div>\n\t\t<\/div>\n        <div class=\"bm-blog-post-content bm_content_box\">\n            <h4 class=\"entry-post-title bm_title\"><a href=\"https:\/\/www.economicas.uba.ar\/extension\/vocesenelfenix\/liberalizacion-apertura-deuda-y-fuga\/\" rel=\"bookmark\">Liberalizaci\u00f3n, apertura, deuda y fuga<\/a><\/h4>            <div class=\"bm-blog-post-meta entry-post-meta bm_meta\">\n                            <\/div>\n            <div class=\"entry-post-content bm_content\">\n                | Por Guillermo Wierzba y Carlos Pafundo | Desde 1976, con la instauraci\u00f3n del patr\u00f3n de acumulaci\u00f3n basado en la valorizaci\u00f3n financiera, tanto la deuda externa como la fuga de <div><a href=\"https:\/\/www.economicas.uba.ar\/extension\/vocesenelfenix\/liberalizacion-apertura-deuda-y-fuga\/\" rel=\"bookmark\" class=\"bm-read-more entry-read-more\">M\u00e1s \u00bb<\/a><div>            <\/div>\n        <\/div>\n    <\/article>\n    <article id=\"post-7983\" class=\"item bm_layout post-7983 post type-post status-publish format-standard has-post-thumbnail hentry category-n-64 tag-desregulacion-cambiaria tag-deuda-externa tag-fuga-de-capitales tag-nicolas-hernan-zeolla tag-politica-monetaria\">\n\t\t<div class=\"bm-blog-post-image entry-post-image\">\n\t\t\t<div class=\"bm-post-image clearfix bm-hover-effect bm-hover-effect-blur\">\n\t\t\t\t<img loading=\"lazy\" decoding=\"async\" width=\"640\" height=\"401\" src=\"https:\/\/www.economicas.uba.ar\/extension\/vocesenelfenix\/wp-content\/uploads\/6408-Zeolla.jpg\" class=\"attachment-large size-large wp-post-image\" alt=\"\" srcset=\"https:\/\/www.economicas.uba.ar\/extension\/vocesenelfenix\/wp-content\/uploads\/6408-Zeolla.jpg 1080w, https:\/\/www.economicas.uba.ar\/extension\/vocesenelfenix\/wp-content\/uploads\/6408-Zeolla-300x188.jpg 300w, https:\/\/www.economicas.uba.ar\/extension\/vocesenelfenix\/wp-content\/uploads\/6408-Zeolla-768x481.jpg 768w\" sizes=\"(max-width: 640px) 100vw, 640px\" \/>\t\t\t<\/div>\n\t\t<\/div>\n        <div class=\"bm-blog-post-content bm_content_box\">\n            <h4 class=\"entry-post-title bm_title\"><a href=\"https:\/\/www.economicas.uba.ar\/extension\/vocesenelfenix\/nuevas-vulnerabilidades-de-la-politica-monetaria-argentina-tras-la-desregulacion-cambiaria\/\" rel=\"bookmark\">Nuevas vulnerabilidades de la pol\u00edtica monetaria argentina tras la desregulaci\u00f3n cambiaria<\/a><\/h4>            <div class=\"bm-blog-post-meta entry-post-meta bm_meta\">\n                            <\/div>\n            <div class=\"entry-post-content bm_content\">\n                | Por Nicol\u00e1s Hern\u00e1n Zeolla | La pol\u00edtica de altas tasa de inter\u00e9s y la toma de deuda fueron dos medidas clave para contener la demanda de d\u00f3lares luego de <div><a href=\"https:\/\/www.economicas.uba.ar\/extension\/vocesenelfenix\/nuevas-vulnerabilidades-de-la-politica-monetaria-argentina-tras-la-desregulacion-cambiaria\/\" rel=\"bookmark\" class=\"bm-read-more entry-read-more\">M\u00e1s \u00bb<\/a><div>            <\/div>\n        <\/div>\n    <\/article>\n    <article id=\"post-7999\" class=\"item bm_layout post-7999 post type-post status-publish format-standard has-post-thumbnail hentry category-n-64 tag-bancos-internacionales tag-deuda-externa tag-evasion-fiscal tag-fuga-de-capitales tag-hsbc tag-jorge-gaggero tag-magdalena-rua-2\">\n\t\t<div class=\"bm-blog-post-image entry-post-image\">\n\t\t\t<div class=\"bm-post-image clearfix bm-hover-effect bm-hover-effect-blur\">\n\t\t\t\t<img loading=\"lazy\" decoding=\"async\" width=\"640\" height=\"449\" src=\"https:\/\/www.economicas.uba.ar\/extension\/vocesenelfenix\/wp-content\/uploads\/6409-Gaggero.jpg\" class=\"attachment-large size-large wp-post-image\" alt=\"\" srcset=\"https:\/\/www.economicas.uba.ar\/extension\/vocesenelfenix\/wp-content\/uploads\/6409-Gaggero.jpg 1080w, https:\/\/www.economicas.uba.ar\/extension\/vocesenelfenix\/wp-content\/uploads\/6409-Gaggero-300x210.jpg 300w, https:\/\/www.economicas.uba.ar\/extension\/vocesenelfenix\/wp-content\/uploads\/6409-Gaggero-768x538.jpg 768w\" sizes=\"(max-width: 640px) 100vw, 640px\" \/>\t\t\t<\/div>\n\t\t<\/div>\n        <div class=\"bm-blog-post-content bm_content_box\">\n            <h4 class=\"entry-post-title bm_title\"><a href=\"https:\/\/www.economicas.uba.ar\/extension\/vocesenelfenix\/la-opacidad-de-los-bancos-internacionales-la-fuga-de-capitales-y-el-caso-hsbc\/\" rel=\"bookmark\">La opacidad de los bancos internacionales: la fuga de capitales y el caso HSBC<\/a><\/h4>            <div class=\"bm-blog-post-meta entry-post-meta bm_meta\">\n                            <\/div>\n            <div class=\"entry-post-content bm_content\">\n                | Por Jorge Gaggero y Magdalena Rua | El drenaje de ahorro dom\u00e9stico hacia el exterior por parte de los actores con altos patrimonios resulta impensable sin el rol fundamental <div><a href=\"https:\/\/www.economicas.uba.ar\/extension\/vocesenelfenix\/la-opacidad-de-los-bancos-internacionales-la-fuga-de-capitales-y-el-caso-hsbc\/\" rel=\"bookmark\" class=\"bm-read-more entry-read-more\">M\u00e1s \u00bb<\/a><div>            <\/div>\n        <\/div>\n    <\/article>\n    <article id=\"post-8006\" class=\"item bm_layout post-8006 post type-post status-publish format-standard has-post-thumbnail hentry category-n-64 tag-deuda-externa tag-financiamiento-internacional tag-fmi tag-mercados-globales tag-noemi-brenta tag-stand-by\">\n\t\t<div class=\"bm-blog-post-image entry-post-image\">\n\t\t\t<div class=\"bm-post-image clearfix bm-hover-effect bm-hover-effect-blur\">\n\t\t\t\t<img loading=\"lazy\" decoding=\"async\" width=\"640\" height=\"430\" src=\"https:\/\/www.economicas.uba.ar\/extension\/vocesenelfenix\/wp-content\/uploads\/6410-Brenta.jpg\" class=\"attachment-large size-large wp-post-image\" alt=\"\" srcset=\"https:\/\/www.economicas.uba.ar\/extension\/vocesenelfenix\/wp-content\/uploads\/6410-Brenta.jpg 1080w, https:\/\/www.economicas.uba.ar\/extension\/vocesenelfenix\/wp-content\/uploads\/6410-Brenta-300x202.jpg 300w, https:\/\/www.economicas.uba.ar\/extension\/vocesenelfenix\/wp-content\/uploads\/6410-Brenta-768x516.jpg 768w\" sizes=\"(max-width: 640px) 100vw, 640px\" \/>\t\t\t<\/div>\n\t\t<\/div>\n        <div class=\"bm-blog-post-content bm_content_box\">\n            <h4 class=\"entry-post-title bm_title\"><a href=\"https:\/\/www.economicas.uba.ar\/extension\/vocesenelfenix\/el-rol-del-fmi-en-la-deuda-externa-argentina\/\" rel=\"bookmark\">El rol del FMI en la deuda externa argentina<\/a><\/h4>            <div class=\"bm-blog-post-meta entry-post-meta bm_meta\">\n                            <\/div>\n            <div class=\"entry-post-content bm_content\">\n                | Por Noem\u00ed Brenta | Contar con el visto bueno del organismo ayuda a las naciones a obtener financiamiento internacional en los mercados globales. A cambio, los Estados endeudados deben <div><a href=\"https:\/\/www.economicas.uba.ar\/extension\/vocesenelfenix\/el-rol-del-fmi-en-la-deuda-externa-argentina\/\" rel=\"bookmark\" class=\"bm-read-more entry-read-more\">M\u00e1s \u00bb<\/a><div>            <\/div>\n        <\/div>\n    <\/article>\n    <article id=\"post-8013\" class=\"item bm_layout post-8013 post type-post status-publish format-standard has-post-thumbnail hentry category-n-64 tag-crisis tag-deuda-externa tag-economia tag-endeudamiento tag-juan-santarcangelo tag-latinoamerica tag-liberalizacion-economica\">\n\t\t<div class=\"bm-blog-post-image entry-post-image\">\n\t\t\t<div class=\"bm-post-image clearfix bm-hover-effect bm-hover-effect-blur\">\n\t\t\t\t<img loading=\"lazy\" decoding=\"async\" width=\"640\" height=\"430\" src=\"https:\/\/www.economicas.uba.ar\/extension\/vocesenelfenix\/wp-content\/uploads\/6411-Santarcangelo.jpg\" class=\"attachment-large size-large wp-post-image\" alt=\"\" srcset=\"https:\/\/www.economicas.uba.ar\/extension\/vocesenelfenix\/wp-content\/uploads\/6411-Santarcangelo.jpg 1080w, https:\/\/www.economicas.uba.ar\/extension\/vocesenelfenix\/wp-content\/uploads\/6411-Santarcangelo-300x202.jpg 300w, https:\/\/www.economicas.uba.ar\/extension\/vocesenelfenix\/wp-content\/uploads\/6411-Santarcangelo-768x516.jpg 768w\" sizes=\"(max-width: 640px) 100vw, 640px\" \/>\t\t\t<\/div>\n\t\t<\/div>\n        <div class=\"bm-blog-post-content bm_content_box\">\n            <h4 class=\"entry-post-title bm_title\"><a href=\"https:\/\/www.economicas.uba.ar\/extension\/vocesenelfenix\/las-transformaciones-de-la-economia-mundial-y-el-endeudamiento-de-america-latina\/\" rel=\"bookmark\">Las transformaciones de la econom\u00eda mundial y el endeudamiento de Am\u00e9rica latina<\/a><\/h4>            <div class=\"bm-blog-post-meta entry-post-meta bm_meta\">\n                            <\/div>\n            <div class=\"entry-post-content bm_content\">\n                | Por Juan Santarc\u00e1ngelo | A principios de los a\u00f1os \u201970 entraron en crisis las pautas econ\u00f3micas internacionales fijadas en Bretton Woods en 1944. Desde entonces, con la liberalizaci\u00f3n financiera <div><a href=\"https:\/\/www.economicas.uba.ar\/extension\/vocesenelfenix\/las-transformaciones-de-la-economia-mundial-y-el-endeudamiento-de-america-latina\/\" rel=\"bookmark\" class=\"bm-read-more entry-read-more\">M\u00e1s \u00bb<\/a><div>            <\/div>\n        <\/div>\n    <\/article>\n    <article id=\"post-8019\" class=\"item bm_layout post-8019 post type-post status-publish format-standard has-post-thumbnail hentry category-n-64 tag-crisis tag-deuda-externa tag-endeudamiento tag-fondos-buitre tag-litigios tag-martin-guzman\">\n\t\t<div class=\"bm-blog-post-image entry-post-image\">\n\t\t\t<div class=\"bm-post-image clearfix bm-hover-effect bm-hover-effect-blur\">\n\t\t\t\t<img loading=\"lazy\" decoding=\"async\" width=\"640\" height=\"400\" src=\"https:\/\/www.economicas.uba.ar\/extension\/vocesenelfenix\/wp-content\/uploads\/6412-Guzman.jpg\" class=\"attachment-large size-large wp-post-image\" alt=\"\" srcset=\"https:\/\/www.economicas.uba.ar\/extension\/vocesenelfenix\/wp-content\/uploads\/6412-Guzman.jpg 1080w, https:\/\/www.economicas.uba.ar\/extension\/vocesenelfenix\/wp-content\/uploads\/6412-Guzman-300x188.jpg 300w, https:\/\/www.economicas.uba.ar\/extension\/vocesenelfenix\/wp-content\/uploads\/6412-Guzman-768x480.jpg 768w\" sizes=\"(max-width: 640px) 100vw, 640px\" \/>\t\t\t<\/div>\n\t\t<\/div>\n        <div class=\"bm-blog-post-content bm_content_box\">\n            <h4 class=\"entry-post-title bm_title\"><a href=\"https:\/\/www.economicas.uba.ar\/extension\/vocesenelfenix\/decisiones-de-endeudamiento-soberano-en-presencia-de-un-no-sistema-para-resolver-crisis-de-deuda-lecciones-para-la-argentina\/\" rel=\"bookmark\">Decisiones de endeudamiento soberano en presencia de un no-sistema para resolver crisis de deuda: lecciones para la Argentina<\/a><\/h4>            <div class=\"bm-blog-post-meta entry-post-meta bm_meta\">\n                            <\/div>\n            <div class=\"entry-post-content bm_content\">\n                | Por Mart\u00edn Guzm\u00e1n | El reciente litigio con los holdouts muestra hasta qu\u00e9 punto afecta la decisi\u00f3n de tomar deuda bajo ciertos t\u00e9rminos, marcos legales, y con distintos tipos <div><a href=\"https:\/\/www.economicas.uba.ar\/extension\/vocesenelfenix\/decisiones-de-endeudamiento-soberano-en-presencia-de-un-no-sistema-para-resolver-crisis-de-deuda-lecciones-para-la-argentina\/\" rel=\"bookmark\" class=\"bm-read-more entry-read-more\">M\u00e1s \u00bb<\/a><div>            <\/div>\n        <\/div>\n    <\/article>\n    <article id=\"post-8025\" class=\"item bm_layout post-8025 post type-post status-publish format-standard has-post-thumbnail hentry category-n-64 tag-deuda-externa tag-dictadura-civico-militar tag-endeudamiento tag-juan-santarcangelo tag-reforma-financiera tag-sistema-financiero\">\n\t\t<div class=\"bm-blog-post-image entry-post-image\">\n\t\t\t<div class=\"bm-post-image clearfix bm-hover-effect bm-hover-effect-blur\">\n\t\t\t\t<img loading=\"lazy\" decoding=\"async\" width=\"640\" height=\"402\" src=\"https:\/\/www.economicas.uba.ar\/extension\/vocesenelfenix\/wp-content\/uploads\/6413-Santarcangelo.jpg\" class=\"attachment-large size-large wp-post-image\" alt=\"\" srcset=\"https:\/\/www.economicas.uba.ar\/extension\/vocesenelfenix\/wp-content\/uploads\/6413-Santarcangelo.jpg 1080w, https:\/\/www.economicas.uba.ar\/extension\/vocesenelfenix\/wp-content\/uploads\/6413-Santarcangelo-300x188.jpg 300w, https:\/\/www.economicas.uba.ar\/extension\/vocesenelfenix\/wp-content\/uploads\/6413-Santarcangelo-768x482.jpg 768w\" sizes=\"(max-width: 640px) 100vw, 640px\" \/>\t\t\t<\/div>\n\t\t<\/div>\n        <div class=\"bm-blog-post-content bm_content_box\">\n            <h4 class=\"entry-post-title bm_title\"><a href=\"https:\/\/www.economicas.uba.ar\/extension\/vocesenelfenix\/la-reforma-financiera-de-1977-como-pilar-del-endeudamiento-externo\/\" rel=\"bookmark\">La reforma financiera de 1977 como pilar del endeudamiento externo<\/a><\/h4>            <div class=\"bm-blog-post-meta entry-post-meta bm_meta\">\n                            <\/div>\n            <div class=\"entry-post-content bm_content\">\n                | Por Juan Santarc\u00e1ngelo | La restructuraci\u00f3n del sistema financiero fue un componente central de la profunda transformaci\u00f3n de la econom\u00eda argentina emprendida por la \u00faltima dictadura c\u00edvico militar. Hoy, <div><a href=\"https:\/\/www.economicas.uba.ar\/extension\/vocesenelfenix\/la-reforma-financiera-de-1977-como-pilar-del-endeudamiento-externo\/\" rel=\"bookmark\" class=\"bm-read-more entry-read-more\">M\u00e1s \u00bb<\/a><div>            <\/div>\n        <\/div>\n    <\/article>\n    <article id=\"post-8035\" class=\"item bm_layout post-8035 post type-post status-publish format-standard has-post-thumbnail hentry category-n-64 tag-comercio-internacional tag-deuda-externa tag-endeudamiento tag-juan-manuel-padin tag-organizacion-mundial-de-comercio tag-paises-perifericos\">\n\t\t<div class=\"bm-blog-post-image entry-post-image\">\n\t\t\t<div class=\"bm-post-image clearfix bm-hover-effect bm-hover-effect-blur\">\n\t\t\t\t<img loading=\"lazy\" decoding=\"async\" width=\"640\" height=\"469\" src=\"https:\/\/www.economicas.uba.ar\/extension\/vocesenelfenix\/wp-content\/uploads\/6414-Padin.jpg\" class=\"attachment-large size-large wp-post-image\" alt=\"\" srcset=\"https:\/\/www.economicas.uba.ar\/extension\/vocesenelfenix\/wp-content\/uploads\/6414-Padin.jpg 1080w, https:\/\/www.economicas.uba.ar\/extension\/vocesenelfenix\/wp-content\/uploads\/6414-Padin-300x220.jpg 300w, https:\/\/www.economicas.uba.ar\/extension\/vocesenelfenix\/wp-content\/uploads\/6414-Padin-768x563.jpg 768w\" sizes=\"(max-width: 640px) 100vw, 640px\" \/>\t\t\t<\/div>\n\t\t<\/div>\n        <div class=\"bm-blog-post-content bm_content_box\">\n            <h4 class=\"entry-post-title bm_title\"><a href=\"https:\/\/www.economicas.uba.ar\/extension\/vocesenelfenix\/comercio-internacional-y-deuda-externa-el-rol-de-la-organizacion-mundial-de-comercio-ante-el-endeudamiento-de-los-paises-perifericos\/\" rel=\"bookmark\">Comercio internacional y deuda externa. El rol de la Organizaci\u00f3n Mundial de Comercio ante el endeudamiento de los pa\u00edses perif\u00e9ricos<\/a><\/h4>            <div class=\"bm-blog-post-meta entry-post-meta bm_meta\">\n                            <\/div>\n            <div class=\"entry-post-content bm_content\">\n                | Por Juan Manuel Padin | La instituci\u00f3n creada en 1995 ofrece pocas alternativas para ayudar a los pa\u00edses en desarrollo a incrementar y diversificar sus exportaciones, mejorar su acceso <div><a href=\"https:\/\/www.economicas.uba.ar\/extension\/vocesenelfenix\/comercio-internacional-y-deuda-externa-el-rol-de-la-organizacion-mundial-de-comercio-ante-el-endeudamiento-de-los-paises-perifericos\/\" rel=\"bookmark\" class=\"bm-read-more entry-read-more\">M\u00e1s \u00bb<\/a><div>            <\/div>\n        <\/div>\n    <\/article>\n    <article id=\"post-8041\" class=\"item bm_layout post-8041 post type-post status-publish format-standard has-post-thumbnail hentry category-n-64 tag-buenos-aires tag-deuda-externa tag-emprestito-baring-brothers tag-norberto-galasso\">\n\t\t<div class=\"bm-blog-post-image entry-post-image\">\n\t\t\t<div class=\"bm-post-image clearfix bm-hover-effect bm-hover-effect-blur\">\n\t\t\t\t<img loading=\"lazy\" decoding=\"async\" width=\"640\" height=\"524\" src=\"https:\/\/www.economicas.uba.ar\/extension\/vocesenelfenix\/wp-content\/uploads\/6415-Galasso.jpg\" class=\"attachment-large size-large wp-post-image\" alt=\"\" srcset=\"https:\/\/www.economicas.uba.ar\/extension\/vocesenelfenix\/wp-content\/uploads\/6415-Galasso.jpg 1080w, https:\/\/www.economicas.uba.ar\/extension\/vocesenelfenix\/wp-content\/uploads\/6415-Galasso-300x246.jpg 300w, https:\/\/www.economicas.uba.ar\/extension\/vocesenelfenix\/wp-content\/uploads\/6415-Galasso-768x629.jpg 768w\" sizes=\"(max-width: 640px) 100vw, 640px\" \/>\t\t\t<\/div>\n\t\t<\/div>\n        <div class=\"bm-blog-post-content bm_content_box\">\n            <h4 class=\"entry-post-title bm_title\"><a href=\"https:\/\/www.economicas.uba.ar\/extension\/vocesenelfenix\/el-emprestito-baring-brothers\/\" rel=\"bookmark\">El empr\u00e9stito Baring Brothers<\/a><\/h4>            <div class=\"bm-blog-post-meta entry-post-meta bm_meta\">\n                            <\/div>\n            <div class=\"entry-post-content bm_content\">\n                | Por Norberto Galasso | El primer endeudamiento externo, tomado en 1824 por la provincia de Buenos Aires con la banca inglesa, muestra varios de los aspectos negativos que caracterizar\u00edan <div><a href=\"https:\/\/www.economicas.uba.ar\/extension\/vocesenelfenix\/el-emprestito-baring-brothers\/\" rel=\"bookmark\" class=\"bm-read-more entry-read-more\">M\u00e1s \u00bb<\/a><div>            <\/div>\n        <\/div>\n    <\/article>\n\t\t\t\t<\/div><\/div>\n\t\t\t\t\t\t\t\t<\/div>\n\t\t\t\t<\/div>\n\t\t\t\t\t<\/div>\n\t\t<\/div>\n\t\t\t\t\t<\/div>\n\t\t<\/section>\n\t\t\t\t<section class=\"elementor-section elementor-top-section elementor-element elementor-element-aa84f7a elementor-section-boxed elementor-section-height-default elementor-section-height-default\" data-id=\"aa84f7a\" data-element_type=\"section\" data-e-type=\"section\" data-settings=\"{&quot;background_background&quot;:&quot;classic&quot;}\">\n\t\t\t\t\t\t<div class=\"elementor-container elementor-column-gap-default\">\n\t\t\t\t\t<div class=\"elementor-column elementor-col-100 elementor-top-column elementor-element elementor-element-dfccd0f\" data-id=\"dfccd0f\" data-element_type=\"column\" data-e-type=\"column\">\n\t\t\t<div class=\"elementor-widget-wrap elementor-element-populated\">\n\t\t\t\t\t\t<div class=\"elementor-element elementor-element-d42dd8d elementor-widget elementor-widget-text-editor\" data-id=\"d42dd8d\" data-element_type=\"widget\" data-e-type=\"widget\" data-widget_type=\"text-editor.default\">\n\t\t\t\t<div class=\"elementor-widget-container\">\n\t\t\t\t\t\t\t\t\t<iframe width=\"560\" height=\"315\" src=\"https:\/\/www.youtube.com\/embed\/videoseries?list=PLeYdj9X0_ljmTBttY3v52ZDr0DlHRoe9h\" title=\"YouTube video player\" frameborder=\"0\" allow=\"accelerometer; autoplay; clipboard-write; encrypted-media; gyroscope; picture-in-picture\" allowfullscreen><\/iframe>\t\t\t\t\t\t\t\t<\/div>\n\t\t\t\t<\/div>\n\t\t\t\t\t<\/div>\n\t\t<\/div>\n\t\t\t\t\t<\/div>\n\t\t<\/section>\n\t\t\t\t<\/div>\n\t\t","protected":false},"excerpt":{"rendered":"<p>N\u00daMERO 64 LA TORMENTA PERFECTA DEUDA EXTERNA EL ENDEUDAMIENTO ACELERADO ES UNO DE LOS S\u00cdNTOMAS DE LA VUELTA AL MODELO QUE PONE EN EL CENTRO LA VALORIZACI\u00d3N FINANCIERA. LA FUGA<\/p>\n","protected":false},"author":5,"featured_media":0,"parent":0,"menu_order":0,"comment_status":"closed","ping_status":"closed","template":"","meta":{"footnotes":""},"class_list":["post-7888","page","type-page","status-publish","hentry"],"_links":{"self":[{"href":"https:\/\/www.economicas.uba.ar\/extension\/vocesenelfenix\/wp-json\/wp\/v2\/pages\/7888","targetHints":{"allow":["GET"]}}],"collection":[{"href":"https:\/\/www.economicas.uba.ar\/extension\/vocesenelfenix\/wp-json\/wp\/v2\/pages"}],"about":[{"href":"https:\/\/www.economicas.uba.ar\/extension\/vocesenelfenix\/wp-json\/wp\/v2\/types\/page"}],"author":[{"embeddable":true,"href":"https:\/\/www.economicas.uba.ar\/extension\/vocesenelfenix\/wp-json\/wp\/v2\/users\/5"}],"replies":[{"embeddable":true,"href":"https:\/\/www.economicas.uba.ar\/extension\/vocesenelfenix\/wp-json\/wp\/v2\/comments?post=7888"}],"version-history":[{"count":10,"href":"https:\/\/www.economicas.uba.ar\/extension\/vocesenelfenix\/wp-json\/wp\/v2\/pages\/7888\/revisions"}],"predecessor-version":[{"id":7998,"href":"https:\/\/www.economicas.uba.ar\/extension\/vocesenelfenix\/wp-json\/wp\/v2\/pages\/7888\/revisions\/7998"}],"wp:attachment":[{"href":"https:\/\/www.economicas.uba.ar\/extension\/vocesenelfenix\/wp-json\/wp\/v2\/media?parent=7888"}],"curies":[{"name":"wp","href":"https:\/\/api.w.org\/{rel}","templated":true}]}}