{"id":8050,"date":"2017-07-01T00:01:00","date_gmt":"2017-07-01T03:01:00","guid":{"rendered":"https:\/\/www.economicas.uba.ar\/extension\/vocesenelfenix\/?page_id=8050"},"modified":"2022-02-22T13:14:55","modified_gmt":"2022-02-22T16:14:55","slug":"numero-63","status":"publish","type":"page","link":"https:\/\/www.economicas.uba.ar\/extension\/vocesenelfenix\/numero-63\/","title":{"rendered":"N\u00famero 63"},"content":{"rendered":"\t\t<div data-elementor-type=\"wp-page\" data-elementor-id=\"8050\" class=\"elementor elementor-8050\" data-elementor-post-type=\"page\">\n\t\t\t\t\t\t<section class=\"elementor-section elementor-top-section elementor-element elementor-element-36eb448 elementor-section-boxed elementor-section-height-default elementor-section-height-default\" data-id=\"36eb448\" data-element_type=\"section\" data-e-type=\"section\" data-settings=\"{&quot;background_background&quot;:&quot;classic&quot;}\">\n\t\t\t\t\t\t<div class=\"elementor-container elementor-column-gap-default\">\n\t\t\t\t\t<div class=\"elementor-column elementor-col-33 elementor-top-column elementor-element elementor-element-bb15a2a\" data-id=\"bb15a2a\" data-element_type=\"column\" data-e-type=\"column\">\n\t\t\t<div class=\"elementor-widget-wrap elementor-element-populated\">\n\t\t\t\t\t\t<div class=\"elementor-element elementor-element-553bf55 elementor-widget elementor-widget-image\" data-id=\"553bf55\" data-element_type=\"widget\" data-e-type=\"widget\" data-widget_type=\"image.default\">\n\t\t\t\t<div class=\"elementor-widget-container\">\n\t\t\t\t\t\t\t\t\t\t\t\t\t\t\t\t<a href=\"https:\/\/drive.google.com\/file\/d\/14f8x1cxZhXEHEvWDTwhadDAizMvk0in8\/view\" target=\"_blank\">\n\t\t\t\t\t\t\t<img fetchpriority=\"high\" decoding=\"async\" width=\"193\" height=\"268\" src=\"https:\/\/www.economicas.uba.ar\/extension\/vocesenelfenix\/wp-content\/uploads\/tapa63.jpg\" class=\"attachment-large size-large wp-image-1931\" alt=\"\" \/>\t\t\t\t\t\t\t\t<\/a>\n\t\t\t\t\t\t\t\t\t\t\t\t\t\t\t<\/div>\n\t\t\t\t<\/div>\n\t\t\t\t\t<\/div>\n\t\t<\/div>\n\t\t\t\t<div class=\"elementor-column elementor-col-66 elementor-top-column elementor-element elementor-element-0f514f0\" data-id=\"0f514f0\" data-element_type=\"column\" data-e-type=\"column\">\n\t\t\t<div class=\"elementor-widget-wrap elementor-element-populated\">\n\t\t\t\t\t\t<div class=\"elementor-element elementor-element-a2047d8 elementor-widget elementor-widget-text-editor\" data-id=\"a2047d8\" data-element_type=\"widget\" data-e-type=\"widget\" data-widget_type=\"text-editor.default\">\n\t\t\t\t<div class=\"elementor-widget-container\">\n\t\t\t\t\t\t\t\t\t<h5>N\u00daMERO 63<\/h5><h3>SIN LUGAR PARA LOS D\u00c9BILES<\/h3><h6>REFORMA JUDICIAL<\/h6><p><br \/>EL SISTEMA JUDICIAL ARGENTINO SIGUE SIENDO CONCENTRADO, ELITISTA, POR MOMENTOS AN\u00c1RQUICO Y MUY VINCULADO A LOS PODERES F\u00c1CTICOS. URGE LOGRAR UNA REFORMA QUE MEJORE SU EFICIENCIA Y, AL MISMO TIEMPO, AVANCE EN POS DE LA DEMOCRATIZACI\u00d3N, LA PARTICIPACI\u00d3N CIUDADANA Y LA VERDADERA IGUALDAD ANTE LA LEY.<\/p>\t\t\t\t\t\t\t\t<\/div>\n\t\t\t\t<\/div>\n\t\t\t\t<div class=\"elementor-element elementor-element-23c69ae elementor-widget elementor-widget-button\" data-id=\"23c69ae\" data-element_type=\"widget\" data-e-type=\"widget\" data-widget_type=\"button.default\">\n\t\t\t\t<div class=\"elementor-widget-container\">\n\t\t\t\t\t\t\t\t\t<div class=\"elementor-button-wrapper\">\n\t\t\t\t\t<a class=\"elementor-button elementor-button-link elementor-size-xs\" href=\"https:\/\/drive.google.com\/file\/d\/14f8x1cxZhXEHEvWDTwhadDAizMvk0in8\/view\" target=\"_blank\">\n\t\t\t\t\t\t<span class=\"elementor-button-content-wrapper\">\n\t\t\t\t\t\t\t\t\t<span class=\"elementor-button-text\">Descarg\u00e1 el PDF<\/span>\n\t\t\t\t\t<\/span>\n\t\t\t\t\t<\/a>\n\t\t\t\t<\/div>\n\t\t\t\t\t\t\t\t<\/div>\n\t\t\t\t<\/div>\n\t\t\t\t\t<\/div>\n\t\t<\/div>\n\t\t\t\t\t<\/div>\n\t\t<\/section>\n\t\t\t\t<section class=\"elementor-section elementor-top-section elementor-element elementor-element-77af2d8 elementor-section-boxed elementor-section-height-default elementor-section-height-default\" data-id=\"77af2d8\" data-element_type=\"section\" data-e-type=\"section\">\n\t\t\t\t\t\t<div class=\"elementor-container elementor-column-gap-default\">\n\t\t\t\t\t<div class=\"elementor-column elementor-col-100 elementor-top-column elementor-element elementor-element-2555b6b\" data-id=\"2555b6b\" data-element_type=\"column\" data-e-type=\"column\">\n\t\t\t<div class=\"elementor-widget-wrap elementor-element-populated\">\n\t\t\t\t\t\t<div class=\"elementor-element elementor-element-76a01fb elementor-grid-3 elementor-grid-tablet-2 elementor-grid-mobile-1 elementor-posts--align-left elementor-widget elementor-widget-blogmentor_blog_posts\" data-id=\"76a01fb\" data-element_type=\"widget\" data-e-type=\"widget\" data-settings=\"{&quot;bm_grid_columns&quot;:&quot;3&quot;,&quot;bm_grid_columns_tablet&quot;:&quot;2&quot;,&quot;bm_grid_columns_mobile&quot;:&quot;1&quot;,&quot;post_card_grid_gap&quot;:{&quot;unit&quot;:&quot;px&quot;,&quot;size&quot;:10,&quot;sizes&quot;:[]},&quot;post_card_row_gap&quot;:{&quot;unit&quot;:&quot;px&quot;,&quot;size&quot;:35,&quot;sizes&quot;:[]}}\" data-widget_type=\"blogmentor_blog_posts.default\">\n\t\t\t\t<div class=\"elementor-widget-container\">\n\t\t\t\t\t\t\t\n\t\t\t\t\t\t\t\t<div class=\"bm-blog-posts-wrapper\" >\n\t\t\t\t\t\t\t<div class=\"bm-blog-posts bm-display-grid elementor-grid elementor-grid-3\" >\n\t\t\t\t    <article id=\"post-8056\" class=\"item bm_layout post-8056 post type-post status-publish format-standard has-post-thumbnail hentry category-n-63 tag-abraham-leonardo-gak tag-editorial tag-reforma-judicial\">\n\t\t<div class=\"bm-blog-post-image entry-post-image\">\n\t\t\t<div class=\"bm-post-image clearfix bm-hover-effect bm-hover-effect-blur\">\n\t\t\t\t<img decoding=\"async\" width=\"640\" height=\"427\" src=\"https:\/\/www.economicas.uba.ar\/extension\/vocesenelfenix\/wp-content\/uploads\/6300-Gak.jpg\" class=\"attachment-large size-large wp-post-image\" alt=\"\" srcset=\"https:\/\/www.economicas.uba.ar\/extension\/vocesenelfenix\/wp-content\/uploads\/6300-Gak.jpg 1080w, https:\/\/www.economicas.uba.ar\/extension\/vocesenelfenix\/wp-content\/uploads\/6300-Gak-300x200.jpg 300w, https:\/\/www.economicas.uba.ar\/extension\/vocesenelfenix\/wp-content\/uploads\/6300-Gak-768x512.jpg 768w, https:\/\/www.economicas.uba.ar\/extension\/vocesenelfenix\/wp-content\/uploads\/6300-Gak-640x426.jpg 640w\" sizes=\"(max-width: 640px) 100vw, 640px\" \/>\t\t\t<\/div>\n\t\t<\/div>\n        <div class=\"bm-blog-post-content bm_content_box\">\n            <h4 class=\"entry-post-title bm_title\"><a href=\"https:\/\/www.economicas.uba.ar\/extension\/vocesenelfenix\/editorial-un-poder-judicial-que-pide-a-gritos-cambios\/\" rel=\"bookmark\">Editorial: Un poder judicial que pide a gritos cambios<\/a><\/h4>            <div class=\"bm-blog-post-meta entry-post-meta bm_meta\">\n                            <\/div>\n            <div class=\"entry-post-content bm_content\">\n                | Por Abraham Leonardo Gak |            <\/div>\n        <\/div>\n    <\/article>\n    <article id=\"post-8780\" class=\"item bm_layout post-8780 post type-post status-publish format-standard has-post-thumbnail hentry category-n-63 tag-concentracion-de-poder tag-corte-suprema tag-e-raul-zaffaroni tag-inseguridad-juridica tag-reforma-judicial\">\n\t\t<div class=\"bm-blog-post-image entry-post-image\">\n\t\t\t<div class=\"bm-post-image clearfix bm-hover-effect bm-hover-effect-blur\">\n\t\t\t\t<img decoding=\"async\" width=\"640\" height=\"444\" src=\"https:\/\/www.economicas.uba.ar\/extension\/vocesenelfenix\/wp-content\/uploads\/6301-Zaffaroni.jpg\" class=\"attachment-large size-large wp-post-image\" alt=\"\" srcset=\"https:\/\/www.economicas.uba.ar\/extension\/vocesenelfenix\/wp-content\/uploads\/6301-Zaffaroni.jpg 1080w, https:\/\/www.economicas.uba.ar\/extension\/vocesenelfenix\/wp-content\/uploads\/6301-Zaffaroni-300x208.jpg 300w, https:\/\/www.economicas.uba.ar\/extension\/vocesenelfenix\/wp-content\/uploads\/6301-Zaffaroni-768x533.jpg 768w\" sizes=\"(max-width: 640px) 100vw, 640px\" \/>\t\t\t<\/div>\n\t\t<\/div>\n        <div class=\"bm-blog-post-content bm_content_box\">\n            <h4 class=\"entry-post-title bm_title\"><a href=\"https:\/\/www.economicas.uba.ar\/extension\/vocesenelfenix\/inseguridad-juridica-por-anarquia-jurisprudencial\/\" rel=\"bookmark\">Inseguridad jur\u00eddica por anarqu\u00eda jurisprudencial<\/a><\/h4>            <div class=\"bm-blog-post-meta entry-post-meta bm_meta\">\n                            <\/div>\n            <div class=\"entry-post-content bm_content\">\n                | Por E. Ra\u00fal Zaffaroni | Al no haber un tribunal de casaci\u00f3n nacional que unifique criterios jurisprudenciales en todo el pa\u00eds, los distintos jueces pueden resolver sobre un mismo <div><a href=\"https:\/\/www.economicas.uba.ar\/extension\/vocesenelfenix\/inseguridad-juridica-por-anarquia-jurisprudencial\/\" rel=\"bookmark\" class=\"bm-read-more entry-read-more\">M\u00e1s \u00bb<\/a><div>            <\/div>\n        <\/div>\n    <\/article>\n    <article id=\"post-8787\" class=\"item bm_layout post-8787 post type-post status-publish format-standard has-post-thumbnail hentry category-n-63 tag-democracia tag-julio-b-j-maier tag-poder-judicial tag-reforma-judicial\">\n\t\t<div class=\"bm-blog-post-image entry-post-image\">\n\t\t\t<div class=\"bm-post-image clearfix bm-hover-effect bm-hover-effect-blur\">\n\t\t\t\t<img loading=\"lazy\" decoding=\"async\" width=\"640\" height=\"446\" src=\"https:\/\/www.economicas.uba.ar\/extension\/vocesenelfenix\/wp-content\/uploads\/6302-Maier.jpg\" class=\"attachment-large size-large wp-post-image\" alt=\"\" srcset=\"https:\/\/www.economicas.uba.ar\/extension\/vocesenelfenix\/wp-content\/uploads\/6302-Maier.jpg 1080w, https:\/\/www.economicas.uba.ar\/extension\/vocesenelfenix\/wp-content\/uploads\/6302-Maier-300x209.jpg 300w, https:\/\/www.economicas.uba.ar\/extension\/vocesenelfenix\/wp-content\/uploads\/6302-Maier-768x535.jpg 768w\" sizes=\"(max-width: 640px) 100vw, 640px\" \/>\t\t\t<\/div>\n\t\t<\/div>\n        <div class=\"bm-blog-post-content bm_content_box\">\n            <h4 class=\"entry-post-title bm_title\"><a href=\"https:\/\/www.economicas.uba.ar\/extension\/vocesenelfenix\/poder-judicial-y-democracia\/\" rel=\"bookmark\">Poder Judicial y democracia<\/a><\/h4>            <div class=\"bm-blog-post-meta entry-post-meta bm_meta\">\n                            <\/div>\n            <div class=\"entry-post-content bm_content\">\n                | Por Julio B.J. Maier | Frente a la destrucci\u00f3n institucional perpetrada por el actual gobierno \u2013por caso, el uso de los decretos ejecutivos para designar jueces o derogar leyes; <div><a href=\"https:\/\/www.economicas.uba.ar\/extension\/vocesenelfenix\/poder-judicial-y-democracia\/\" rel=\"bookmark\" class=\"bm-read-more entry-read-more\">M\u00e1s \u00bb<\/a><div>            <\/div>\n        <\/div>\n    <\/article>\n    <article id=\"post-8793\" class=\"item bm_layout post-8793 post type-post status-publish format-standard has-post-thumbnail hentry category-n-63 tag-beinusz-szmukler tag-consejo-de-la-magistratura tag-democratizacion tag-justicia tag-poder-judicial tag-reforma-judicial\">\n\t\t<div class=\"bm-blog-post-image entry-post-image\">\n\t\t\t<div class=\"bm-post-image clearfix bm-hover-effect bm-hover-effect-blur\">\n\t\t\t\t<img loading=\"lazy\" decoding=\"async\" width=\"640\" height=\"439\" src=\"https:\/\/www.economicas.uba.ar\/extension\/vocesenelfenix\/wp-content\/uploads\/6303-Szmukler.jpg\" class=\"attachment-large size-large wp-post-image\" alt=\"\" srcset=\"https:\/\/www.economicas.uba.ar\/extension\/vocesenelfenix\/wp-content\/uploads\/6303-Szmukler.jpg 1080w, https:\/\/www.economicas.uba.ar\/extension\/vocesenelfenix\/wp-content\/uploads\/6303-Szmukler-300x206.jpg 300w, https:\/\/www.economicas.uba.ar\/extension\/vocesenelfenix\/wp-content\/uploads\/6303-Szmukler-768x526.jpg 768w\" sizes=\"(max-width: 640px) 100vw, 640px\" \/>\t\t\t<\/div>\n\t\t<\/div>\n        <div class=\"bm-blog-post-content bm_content_box\">\n            <h4 class=\"entry-post-title bm_title\"><a href=\"https:\/\/www.economicas.uba.ar\/extension\/vocesenelfenix\/la-justicia-y-el-consejo-de-la-magistratura\/\" rel=\"bookmark\">La Justicia y el Consejo de la Magistratura<\/a><\/h4>            <div class=\"bm-blog-post-meta entry-post-meta bm_meta\">\n                            <\/div>\n            <div class=\"entry-post-content bm_content\">\n                | Por Beinusz Szmukler | La creaci\u00f3n del organismo, a partir de lo establecido en la reforma constitucional de 1994, represent\u00f3 un intento de avanzar en la democratizaci\u00f3n del Poder <div><a href=\"https:\/\/www.economicas.uba.ar\/extension\/vocesenelfenix\/la-justicia-y-el-consejo-de-la-magistratura\/\" rel=\"bookmark\" class=\"bm-read-more entry-read-more\">M\u00e1s \u00bb<\/a><div>            <\/div>\n        <\/div>\n    <\/article>\n    <article id=\"post-8799\" class=\"item bm_layout post-8799 post type-post status-publish format-standard has-post-thumbnail hentry category-n-63 tag-javier-augusto-de-luca tag-justicia tag-justicia-penal tag-reforma-judicial\">\n\t\t<div class=\"bm-blog-post-image entry-post-image\">\n\t\t\t<div class=\"bm-post-image clearfix bm-hover-effect bm-hover-effect-blur\">\n\t\t\t\t<img loading=\"lazy\" decoding=\"async\" width=\"640\" height=\"440\" src=\"https:\/\/www.economicas.uba.ar\/extension\/vocesenelfenix\/wp-content\/uploads\/6304-De-Luca.jpg\" class=\"attachment-large size-large wp-post-image\" alt=\"\" srcset=\"https:\/\/www.economicas.uba.ar\/extension\/vocesenelfenix\/wp-content\/uploads\/6304-De-Luca.jpg 1080w, https:\/\/www.economicas.uba.ar\/extension\/vocesenelfenix\/wp-content\/uploads\/6304-De-Luca-300x206.jpg 300w, https:\/\/www.economicas.uba.ar\/extension\/vocesenelfenix\/wp-content\/uploads\/6304-De-Luca-768x528.jpg 768w\" sizes=\"(max-width: 640px) 100vw, 640px\" \/>\t\t\t<\/div>\n\t\t<\/div>\n        <div class=\"bm-blog-post-content bm_content_box\">\n            <h4 class=\"entry-post-title bm_title\"><a href=\"https:\/\/www.economicas.uba.ar\/extension\/vocesenelfenix\/la-reforma-de-la-justicia-justicia-penal\/\" rel=\"bookmark\">La reforma de la Justicia. Justicia penal<\/a><\/h4>            <div class=\"bm-blog-post-meta entry-post-meta bm_meta\">\n                            <\/div>\n            <div class=\"entry-post-content bm_content\">\n                | Por Javier Augusto De Luca | El sistema todav\u00eda necesita de nuevas instituciones y mecanismos que contribuyan a optimizar su actividad. Selecci\u00f3n de sus integrantes, capacitaci\u00f3n, cambios en la <div><a href=\"https:\/\/www.economicas.uba.ar\/extension\/vocesenelfenix\/la-reforma-de-la-justicia-justicia-penal\/\" rel=\"bookmark\" class=\"bm-read-more entry-read-more\">M\u00e1s \u00bb<\/a><div>            <\/div>\n        <\/div>\n    <\/article>\n    <article id=\"post-8806\" class=\"item bm_layout post-8806 post type-post status-publish format-standard has-post-thumbnail hentry category-n-63 tag-corte-suprema tag-derecho-constitucional tag-estado tag-raul-gustavo-ferreyra tag-reforma-judicial\">\n\t\t<div class=\"bm-blog-post-image entry-post-image\">\n\t\t\t<div class=\"bm-post-image clearfix bm-hover-effect bm-hover-effect-blur\">\n\t\t\t\t<img loading=\"lazy\" decoding=\"async\" width=\"640\" height=\"444\" src=\"https:\/\/www.economicas.uba.ar\/extension\/vocesenelfenix\/wp-content\/uploads\/6305-Ferreyra.jpg\" class=\"attachment-large size-large wp-post-image\" alt=\"\" srcset=\"https:\/\/www.economicas.uba.ar\/extension\/vocesenelfenix\/wp-content\/uploads\/6305-Ferreyra.jpg 1080w, https:\/\/www.economicas.uba.ar\/extension\/vocesenelfenix\/wp-content\/uploads\/6305-Ferreyra-300x208.jpg 300w, https:\/\/www.economicas.uba.ar\/extension\/vocesenelfenix\/wp-content\/uploads\/6305-Ferreyra-768x533.jpg 768w\" sizes=\"(max-width: 640px) 100vw, 640px\" \/>\t\t\t<\/div>\n\t\t<\/div>\n        <div class=\"bm-blog-post-content bm_content_box\">\n            <h4 class=\"entry-post-title bm_title\"><a href=\"https:\/\/www.economicas.uba.ar\/extension\/vocesenelfenix\/notas-sobre-la-creacion-y-realizacion-del-derecho-constitucional-en-la-argentina\/\" rel=\"bookmark\">Notas sobre la creaci\u00f3n y realizaci\u00f3n del derecho constitucional en la Argentina<\/a><\/h4>            <div class=\"bm-blog-post-meta entry-post-meta bm_meta\">\n                            <\/div>\n            <div class=\"entry-post-content bm_content\">\n                | Por Ra\u00fal Gustavo Ferreyra | La mayor\u00eda de los Estados cuentan con una Constituci\u00f3n que establece su orden jur\u00eddico. Pero en muchos casos se da una disparidad entre el <div><a href=\"https:\/\/www.economicas.uba.ar\/extension\/vocesenelfenix\/notas-sobre-la-creacion-y-realizacion-del-derecho-constitucional-en-la-argentina\/\" rel=\"bookmark\" class=\"bm-read-more entry-read-more\">M\u00e1s \u00bb<\/a><div>            <\/div>\n        <\/div>\n    <\/article>\n    <article id=\"post-8812\" class=\"item bm_layout post-8812 post type-post status-publish format-standard has-post-thumbnail hentry category-n-63 tag-caso-fontevecchia tag-constitucion-nacional tag-corte-interamericana-de-derechos-humanos tag-corte-suprema tag-derecho-publico tag-derechos-humanos tag-reforma-judicial tag-victor-abramovich\">\n\t\t<div class=\"bm-blog-post-image entry-post-image\">\n\t\t\t<div class=\"bm-post-image clearfix bm-hover-effect bm-hover-effect-blur\">\n\t\t\t\t<img loading=\"lazy\" decoding=\"async\" width=\"640\" height=\"460\" src=\"https:\/\/www.economicas.uba.ar\/extension\/vocesenelfenix\/wp-content\/uploads\/6306-Abramovich.jpg\" class=\"attachment-large size-large wp-post-image\" alt=\"\" srcset=\"https:\/\/www.economicas.uba.ar\/extension\/vocesenelfenix\/wp-content\/uploads\/6306-Abramovich.jpg 1080w, https:\/\/www.economicas.uba.ar\/extension\/vocesenelfenix\/wp-content\/uploads\/6306-Abramovich-300x216.jpg 300w, https:\/\/www.economicas.uba.ar\/extension\/vocesenelfenix\/wp-content\/uploads\/6306-Abramovich-768x552.jpg 768w, https:\/\/www.economicas.uba.ar\/extension\/vocesenelfenix\/wp-content\/uploads\/6306-Abramovich-183x132.jpg 183w\" sizes=\"(max-width: 640px) 100vw, 640px\" \/>\t\t\t<\/div>\n\t\t<\/div>\n        <div class=\"bm-blog-post-content bm_content_box\">\n            <h4 class=\"entry-post-title bm_title\"><a href=\"https:\/\/www.economicas.uba.ar\/extension\/vocesenelfenix\/comentarios-sobre-fontevecchia-la-autoridad-de-las-sentencias-de-la-corte-interamericana-y-los-principios-de-derecho-publico-argentino\/\" rel=\"bookmark\">Comentarios sobre \u201cFontevecchia\u201d, la autoridad de las sentencias de la Corte Interamericana y los principios de derecho p\u00fablico argentino<\/a><\/h4>            <div class=\"bm-blog-post-meta entry-post-meta bm_meta\">\n                            <\/div>\n            <div class=\"entry-post-content bm_content\">\n                | Por V\u00edctor Abramovich | A partir de esta decisi\u00f3n de la Corte Suprema de Justicia de la Naci\u00f3n \u2013que consider\u00f3 que el tribunal interamericano se hab\u00eda excedido en su <div><a href=\"https:\/\/www.economicas.uba.ar\/extension\/vocesenelfenix\/comentarios-sobre-fontevecchia-la-autoridad-de-las-sentencias-de-la-corte-interamericana-y-los-principios-de-derecho-publico-argentino\/\" rel=\"bookmark\" class=\"bm-read-more entry-read-more\">M\u00e1s \u00bb<\/a><div>            <\/div>\n        <\/div>\n    <\/article>\n    <article id=\"post-8819\" class=\"item bm_layout post-8819 post type-post status-publish format-standard has-post-thumbnail hentry category-n-63 tag-alejandro-alagia tag-estigmatizacion tag-genocidio-por-goteo tag-latinoamerica tag-muerte-violenta tag-narcotrafico tag-reforma-judicial tag-violencia\">\n\t\t<div class=\"bm-blog-post-image entry-post-image\">\n\t\t\t<div class=\"bm-post-image clearfix bm-hover-effect bm-hover-effect-blur\">\n\t\t\t\t<img loading=\"lazy\" decoding=\"async\" width=\"640\" height=\"440\" src=\"https:\/\/www.economicas.uba.ar\/extension\/vocesenelfenix\/wp-content\/uploads\/6307-Alagia.jpg\" class=\"attachment-large size-large wp-post-image\" alt=\"\" srcset=\"https:\/\/www.economicas.uba.ar\/extension\/vocesenelfenix\/wp-content\/uploads\/6307-Alagia.jpg 1080w, https:\/\/www.economicas.uba.ar\/extension\/vocesenelfenix\/wp-content\/uploads\/6307-Alagia-300x206.jpg 300w, https:\/\/www.economicas.uba.ar\/extension\/vocesenelfenix\/wp-content\/uploads\/6307-Alagia-768x528.jpg 768w\" sizes=\"(max-width: 640px) 100vw, 640px\" \/>\t\t\t<\/div>\n\t\t<\/div>\n        <div class=\"bm-blog-post-content bm_content_box\">\n            <h4 class=\"entry-post-title bm_title\"><a href=\"https:\/\/www.economicas.uba.ar\/extension\/vocesenelfenix\/efecto-anarquia-de-la-solucion-punitiva-la-muerte-violenta-en-el-genocidio-por-goteo-en-america-latina\/\" rel=\"bookmark\">Efecto anarqu\u00eda de la soluci\u00f3n punitiva: la muerte violenta en el genocidio por goteo en Am\u00e9rica latina<\/a><\/h4>            <div class=\"bm-blog-post-meta entry-post-meta bm_meta\">\n                            <\/div>\n            <div class=\"entry-post-content bm_content\">\n                | Por Alejandro Alagia | La respuesta punitiva al narcotr\u00e1fico muestra resultados aparentemente eficaces, pero en realidad es causa del aumento de la violencia y de una crisis humanitaria global. <div><a href=\"https:\/\/www.economicas.uba.ar\/extension\/vocesenelfenix\/efecto-anarquia-de-la-solucion-punitiva-la-muerte-violenta-en-el-genocidio-por-goteo-en-america-latina\/\" rel=\"bookmark\" class=\"bm-read-more entry-read-more\">M\u00e1s \u00bb<\/a><div>            <\/div>\n        <\/div>\n    <\/article>\n    <article id=\"post-8831\" class=\"item bm_layout post-8831 post type-post status-publish format-standard has-post-thumbnail hentry category-n-63 tag-daniela-lopez-testa tag-derecho tag-deuda-publica tag-manuel-gonzalo-casas tag-mercados-globales tag-reforma-judicial\">\n\t\t<div class=\"bm-blog-post-image entry-post-image\">\n\t\t\t<div class=\"bm-post-image clearfix bm-hover-effect bm-hover-effect-blur\">\n\t\t\t\t<img loading=\"lazy\" decoding=\"async\" width=\"640\" height=\"430\" src=\"https:\/\/www.economicas.uba.ar\/extension\/vocesenelfenix\/wp-content\/uploads\/6308-Casas.jpg\" class=\"attachment-large size-large wp-post-image\" alt=\"\" srcset=\"https:\/\/www.economicas.uba.ar\/extension\/vocesenelfenix\/wp-content\/uploads\/6308-Casas.jpg 1080w, https:\/\/www.economicas.uba.ar\/extension\/vocesenelfenix\/wp-content\/uploads\/6308-Casas-300x202.jpg 300w, https:\/\/www.economicas.uba.ar\/extension\/vocesenelfenix\/wp-content\/uploads\/6308-Casas-768x516.jpg 768w\" sizes=\"(max-width: 640px) 100vw, 640px\" \/>\t\t\t<\/div>\n\t\t<\/div>\n        <div class=\"bm-blog-post-content bm_content_box\">\n            <h4 class=\"entry-post-title bm_title\"><a href=\"https:\/\/www.economicas.uba.ar\/extension\/vocesenelfenix\/emision-de-deuda-publica-el-derecho-esta-en-venta\/\" rel=\"bookmark\">Emisi\u00f3n de deuda p\u00fablica: el derecho est\u00e1 en venta<\/a><\/h4>            <div class=\"bm-blog-post-meta entry-post-meta bm_meta\">\n                            <\/div>\n            <div class=\"entry-post-content bm_content\">\n                | Por Manuel Gonzalo Casas y Daniela L\u00f3pez Testa | Con la mundializaci\u00f3n econ\u00f3mica y el desmantelamiento de las fronteras comerciales, los capitales transnacionales buscan legislaciones que les prometan mayores <div><a href=\"https:\/\/www.economicas.uba.ar\/extension\/vocesenelfenix\/emision-de-deuda-publica-el-derecho-esta-en-venta\/\" rel=\"bookmark\" class=\"bm-read-more entry-read-more\">M\u00e1s \u00bb<\/a><div>            <\/div>\n        <\/div>\n    <\/article>\n    <article id=\"post-8839\" class=\"item bm_layout post-8839 post type-post status-publish format-standard has-post-thumbnail hentry category-n-63 tag-aristides-corti tag-coparticipacion-federal-2 tag-distribucion tag-reforma-judicial tag-sistema-impositivo\">\n\t\t<div class=\"bm-blog-post-image entry-post-image\">\n\t\t\t<div class=\"bm-post-image clearfix bm-hover-effect bm-hover-effect-blur\">\n\t\t\t\t<img loading=\"lazy\" decoding=\"async\" width=\"640\" height=\"470\" src=\"https:\/\/www.economicas.uba.ar\/extension\/vocesenelfenix\/wp-content\/uploads\/6309-Corti.jpg\" class=\"attachment-large size-large wp-post-image\" alt=\"\" srcset=\"https:\/\/www.economicas.uba.ar\/extension\/vocesenelfenix\/wp-content\/uploads\/6309-Corti.jpg 1080w, https:\/\/www.economicas.uba.ar\/extension\/vocesenelfenix\/wp-content\/uploads\/6309-Corti-300x220.jpg 300w, https:\/\/www.economicas.uba.ar\/extension\/vocesenelfenix\/wp-content\/uploads\/6309-Corti-768x564.jpg 768w\" sizes=\"(max-width: 640px) 100vw, 640px\" \/>\t\t\t<\/div>\n\t\t<\/div>\n        <div class=\"bm-blog-post-content bm_content_box\">\n            <h4 class=\"entry-post-title bm_title\"><a href=\"https:\/\/www.economicas.uba.ar\/extension\/vocesenelfenix\/materia-tributaria-distribucion-coparticipacion-federal-otros-mecanismos-posibles\/\" rel=\"bookmark\">Materia tributaria. Distribuci\u00f3n. Coparticipaci\u00f3n Federal. Otros mecanismos posibles<\/a><\/h4>            <div class=\"bm-blog-post-meta entry-post-meta bm_meta\">\n                            <\/div>\n            <div class=\"entry-post-content bm_content\">\n                | Por Ar\u00edstides Corti | La reformulaci\u00f3n regresiva que el actual gobierno hizo del sistema impositivo no solo tiene consecuencias directas para los sectores populares, sino tambi\u00e9n indirectas, toda vez <div><a href=\"https:\/\/www.economicas.uba.ar\/extension\/vocesenelfenix\/materia-tributaria-distribucion-coparticipacion-federal-otros-mecanismos-posibles\/\" rel=\"bookmark\" class=\"bm-read-more entry-read-more\">M\u00e1s \u00bb<\/a><div>            <\/div>\n        <\/div>\n    <\/article>\n    <article id=\"post-8845\" class=\"item bm_layout post-8845 post type-post status-publish format-standard has-post-thumbnail hentry category-n-63 tag-acuerdo-popular-y-democratico tag-consejo-de-la-magistratura tag-corte-suprema tag-jose-massoni tag-poder-judicial tag-reforma-constitucional tag-reforma-judicial\">\n\t\t<div class=\"bm-blog-post-image entry-post-image\">\n\t\t\t<div class=\"bm-post-image clearfix bm-hover-effect bm-hover-effect-blur\">\n\t\t\t\t<img loading=\"lazy\" decoding=\"async\" width=\"640\" height=\"516\" src=\"https:\/\/www.economicas.uba.ar\/extension\/vocesenelfenix\/wp-content\/uploads\/6310-Massoni.jpg\" class=\"attachment-large size-large wp-post-image\" alt=\"\" srcset=\"https:\/\/www.economicas.uba.ar\/extension\/vocesenelfenix\/wp-content\/uploads\/6310-Massoni.jpg 1080w, https:\/\/www.economicas.uba.ar\/extension\/vocesenelfenix\/wp-content\/uploads\/6310-Massoni-300x242.jpg 300w, https:\/\/www.economicas.uba.ar\/extension\/vocesenelfenix\/wp-content\/uploads\/6310-Massoni-768x619.jpg 768w\" sizes=\"(max-width: 640px) 100vw, 640px\" \/>\t\t\t<\/div>\n\t\t<\/div>\n        <div class=\"bm-blog-post-content bm_content_box\">\n            <h4 class=\"entry-post-title bm_title\"><a href=\"https:\/\/www.economicas.uba.ar\/extension\/vocesenelfenix\/reclutamiento-y-entrenamiento-de-magistrados-y-funcionarios-judiciales\/\" rel=\"bookmark\">Reclutamiento y entrenamiento de magistrados y funcionarios judiciales<\/a><\/h4>            <div class=\"bm-blog-post-meta entry-post-meta bm_meta\">\n                            <\/div>\n            <div class=\"entry-post-content bm_content\">\n                | Por Jos\u00e9 Massoni | Desde su creaci\u00f3n, el Poder Judicial nacional es corporativo y funcional a los poderes f\u00e1cticos. Salvo excepciones, sus miembros provienen de las elites conservadoras y <div><a href=\"https:\/\/www.economicas.uba.ar\/extension\/vocesenelfenix\/reclutamiento-y-entrenamiento-de-magistrados-y-funcionarios-judiciales\/\" rel=\"bookmark\" class=\"bm-read-more entry-read-more\">M\u00e1s \u00bb<\/a><div>            <\/div>\n        <\/div>\n    <\/article>\n    <article id=\"post-8853\" class=\"item bm_layout post-8853 post type-post status-publish format-standard has-post-thumbnail hentry category-n-63 tag-familia-tipo tag-alimentos tag-derecho-de-familia tag-filiacion tag-nuevo-codigo-civil-y-comercial tag-patricia-fabiana-martin tag-reforma-judicial tag-responsabilidad-parental\">\n\t\t<div class=\"bm-blog-post-image entry-post-image\">\n\t\t\t<div class=\"bm-post-image clearfix bm-hover-effect bm-hover-effect-blur\">\n\t\t\t\t<img loading=\"lazy\" decoding=\"async\" width=\"640\" height=\"289\" src=\"https:\/\/www.economicas.uba.ar\/extension\/vocesenelfenix\/wp-content\/uploads\/6311-Martin.jpg\" class=\"attachment-large size-large wp-post-image\" alt=\"\" srcset=\"https:\/\/www.economicas.uba.ar\/extension\/vocesenelfenix\/wp-content\/uploads\/6311-Martin.jpg 1080w, https:\/\/www.economicas.uba.ar\/extension\/vocesenelfenix\/wp-content\/uploads\/6311-Martin-300x135.jpg 300w, https:\/\/www.economicas.uba.ar\/extension\/vocesenelfenix\/wp-content\/uploads\/6311-Martin-768x346.jpg 768w\" sizes=\"(max-width: 640px) 100vw, 640px\" \/>\t\t\t<\/div>\n\t\t<\/div>\n        <div class=\"bm-blog-post-content bm_content_box\">\n            <h4 class=\"entry-post-title bm_title\"><a href=\"https:\/\/www.economicas.uba.ar\/extension\/vocesenelfenix\/justicia-familiar-la-reforma-en-el-derecho-argentino\/\" rel=\"bookmark\">Justicia familiar: la reforma en el derecho argentino<\/a><\/h4>            <div class=\"bm-blog-post-meta entry-post-meta bm_meta\">\n                            <\/div>\n            <div class=\"entry-post-content bm_content\">\n                | Por Patricia Fabiana Martin | A trav\u00e9s del nuevo C\u00f3digo Civil y Comercial de la Naci\u00f3n, aprobado por la ley 26.994, la legislaci\u00f3n argentina reconoce las nuevas realidades socioafectivas <div><a href=\"https:\/\/www.economicas.uba.ar\/extension\/vocesenelfenix\/justicia-familiar-la-reforma-en-el-derecho-argentino\/\" rel=\"bookmark\" class=\"bm-read-more entry-read-more\">M\u00e1s \u00bb<\/a><div>            <\/div>\n        <\/div>\n    <\/article>\n    <article id=\"post-8859\" class=\"item bm_layout post-8859 post type-post status-publish format-standard has-post-thumbnail hentry category-n-63 tag-brasil tag-justicia-laboral tag-reforma-judicial tag-roberto-de-f-caldas\">\n\t\t<div class=\"bm-blog-post-image entry-post-image\">\n\t\t\t<div class=\"bm-post-image clearfix bm-hover-effect bm-hover-effect-blur\">\n\t\t\t\t<img loading=\"lazy\" decoding=\"async\" width=\"640\" height=\"434\" src=\"https:\/\/www.economicas.uba.ar\/extension\/vocesenelfenix\/wp-content\/uploads\/6312-Caldas.jpg\" class=\"attachment-large size-large wp-post-image\" alt=\"\" srcset=\"https:\/\/www.economicas.uba.ar\/extension\/vocesenelfenix\/wp-content\/uploads\/6312-Caldas.jpg 1080w, https:\/\/www.economicas.uba.ar\/extension\/vocesenelfenix\/wp-content\/uploads\/6312-Caldas-300x204.jpg 300w, https:\/\/www.economicas.uba.ar\/extension\/vocesenelfenix\/wp-content\/uploads\/6312-Caldas-768x521.jpg 768w\" sizes=\"(max-width: 640px) 100vw, 640px\" \/>\t\t\t<\/div>\n\t\t<\/div>\n        <div class=\"bm-blog-post-content bm_content_box\">\n            <h4 class=\"entry-post-title bm_title\"><a href=\"https:\/\/www.economicas.uba.ar\/extension\/vocesenelfenix\/que-puede-aprender-la-argentina-de-la-experiencia-de-la-justicia-laboral-federalizada-de-brasil\/\" rel=\"bookmark\">\u00bfQu\u00e9 puede aprender la Argentina de la experiencia de la justicia laboral federalizada de Brasil?<\/a><\/h4>            <div class=\"bm-blog-post-meta entry-post-meta bm_meta\">\n                            <\/div>\n            <div class=\"entry-post-content bm_content\">\n                | Por Roberto de F. Caldas | En el pa\u00eds vecino, este \u00e1mbito fue concebido para garantizar los derechos de los m\u00e1s desfavorecidos en todo el territorio y protegerlos de <div><a href=\"https:\/\/www.economicas.uba.ar\/extension\/vocesenelfenix\/que-puede-aprender-la-argentina-de-la-experiencia-de-la-justicia-laboral-federalizada-de-brasil\/\" rel=\"bookmark\" class=\"bm-read-more entry-read-more\">M\u00e1s \u00bb<\/a><div>            <\/div>\n        <\/div>\n    <\/article>\n\t\t\t\t<\/div><\/div>\n\t\t\t\t\t\t\t\t<\/div>\n\t\t\t\t<\/div>\n\t\t\t\t\t<\/div>\n\t\t<\/div>\n\t\t\t\t\t<\/div>\n\t\t<\/section>\n\t\t\t\t<section class=\"elementor-section elementor-top-section elementor-element elementor-element-213124e elementor-section-boxed elementor-section-height-default elementor-section-height-default\" data-id=\"213124e\" data-element_type=\"section\" data-e-type=\"section\" data-settings=\"{&quot;background_background&quot;:&quot;classic&quot;}\">\n\t\t\t\t\t\t<div class=\"elementor-container elementor-column-gap-default\">\n\t\t\t\t\t<div class=\"elementor-column elementor-col-100 elementor-top-column elementor-element elementor-element-dbef53b\" data-id=\"dbef53b\" data-element_type=\"column\" data-e-type=\"column\">\n\t\t\t<div class=\"elementor-widget-wrap elementor-element-populated\">\n\t\t\t\t\t\t<div class=\"elementor-element elementor-element-35ee4c7 elementor-widget elementor-widget-text-editor\" data-id=\"35ee4c7\" data-element_type=\"widget\" data-e-type=\"widget\" data-widget_type=\"text-editor.default\">\n\t\t\t\t<div class=\"elementor-widget-container\">\n\t\t\t\t\t\t\t\t\t<iframe width=\"560\" height=\"315\" src=\"https:\/\/www.youtube.com\/embed\/videoseries?list=PLeYdj9X0_ljkbUrr1HzJgDNgstlZ-zFnI\" title=\"YouTube video player\" frameborder=\"0\" allow=\"accelerometer; autoplay; clipboard-write; encrypted-media; gyroscope; picture-in-picture\" allowfullscreen><\/iframe>\t\t\t\t\t\t\t\t<\/div>\n\t\t\t\t<\/div>\n\t\t\t\t\t<\/div>\n\t\t<\/div>\n\t\t\t\t\t<\/div>\n\t\t<\/section>\n\t\t\t\t<\/div>\n\t\t","protected":false},"excerpt":{"rendered":"<p>N\u00daMERO 63 SIN LUGAR PARA LOS D\u00c9BILES REFORMA JUDICIAL EL SISTEMA JUDICIAL ARGENTINO SIGUE SIENDO CONCENTRADO, ELITISTA, POR MOMENTOS AN\u00c1RQUICO Y MUY VINCULADO A LOS PODERES F\u00c1CTICOS. URGE LOGRAR UNA<\/p>\n","protected":false},"author":5,"featured_media":0,"parent":0,"menu_order":0,"comment_status":"closed","ping_status":"closed","template":"","meta":{"footnotes":""},"class_list":["post-8050","page","type-page","status-publish","hentry"],"_links":{"self":[{"href":"https:\/\/www.economicas.uba.ar\/extension\/vocesenelfenix\/wp-json\/wp\/v2\/pages\/8050","targetHints":{"allow":["GET"]}}],"collection":[{"href":"https:\/\/www.economicas.uba.ar\/extension\/vocesenelfenix\/wp-json\/wp\/v2\/pages"}],"about":[{"href":"https:\/\/www.economicas.uba.ar\/extension\/vocesenelfenix\/wp-json\/wp\/v2\/types\/page"}],"author":[{"embeddable":true,"href":"https:\/\/www.economicas.uba.ar\/extension\/vocesenelfenix\/wp-json\/wp\/v2\/users\/5"}],"replies":[{"embeddable":true,"href":"https:\/\/www.economicas.uba.ar\/extension\/vocesenelfenix\/wp-json\/wp\/v2\/comments?post=8050"}],"version-history":[{"count":7,"href":"https:\/\/www.economicas.uba.ar\/extension\/vocesenelfenix\/wp-json\/wp\/v2\/pages\/8050\/revisions"}],"predecessor-version":[{"id":8064,"href":"https:\/\/www.economicas.uba.ar\/extension\/vocesenelfenix\/wp-json\/wp\/v2\/pages\/8050\/revisions\/8064"}],"wp:attachment":[{"href":"https:\/\/www.economicas.uba.ar\/extension\/vocesenelfenix\/wp-json\/wp\/v2\/media?parent=8050"}],"curies":[{"name":"wp","href":"https:\/\/api.w.org\/{rel}","templated":true}]}}