{"id":9582,"date":"2017-04-01T00:01:00","date_gmt":"2017-04-01T03:01:00","guid":{"rendered":"https:\/\/www.economicas.uba.ar\/extension\/vocesenelfenix\/?page_id=9582"},"modified":"2022-03-09T15:34:54","modified_gmt":"2022-03-09T18:34:54","slug":"numero-60","status":"publish","type":"page","link":"https:\/\/www.economicas.uba.ar\/extension\/vocesenelfenix\/numero-60\/","title":{"rendered":"N\u00famero 60"},"content":{"rendered":"\t\t<div data-elementor-type=\"wp-page\" data-elementor-id=\"9582\" class=\"elementor elementor-9582\" data-elementor-post-type=\"page\">\n\t\t\t\t\t\t<section class=\"elementor-section elementor-top-section elementor-element elementor-element-789b80e elementor-section-boxed elementor-section-height-default elementor-section-height-default\" data-id=\"789b80e\" data-element_type=\"section\" data-e-type=\"section\" data-settings=\"{&quot;background_background&quot;:&quot;classic&quot;}\">\n\t\t\t\t\t\t<div class=\"elementor-container elementor-column-gap-default\">\n\t\t\t\t\t<div class=\"elementor-column elementor-col-33 elementor-top-column elementor-element elementor-element-efe851b\" data-id=\"efe851b\" data-element_type=\"column\" data-e-type=\"column\">\n\t\t\t<div class=\"elementor-widget-wrap elementor-element-populated\">\n\t\t\t\t\t\t<div class=\"elementor-element elementor-element-676029e elementor-widget elementor-widget-image\" data-id=\"676029e\" data-element_type=\"widget\" data-e-type=\"widget\" data-widget_type=\"image.default\">\n\t\t\t\t<div class=\"elementor-widget-container\">\n\t\t\t\t\t\t\t\t\t\t\t\t\t\t\t\t<a href=\"https:\/\/drive.google.com\/file\/d\/1bvv1k1OZlbm26Q2fyGI6i41jMq2xJ5I9\/view\" target=\"_blank\">\n\t\t\t\t\t\t\t<img fetchpriority=\"high\" decoding=\"async\" width=\"193\" height=\"267\" src=\"https:\/\/www.economicas.uba.ar\/extension\/vocesenelfenix\/wp-content\/uploads\/tapa60.jpg\" class=\"attachment-large size-large wp-image-1928\" alt=\"\" \/>\t\t\t\t\t\t\t\t<\/a>\n\t\t\t\t\t\t\t\t\t\t\t\t\t\t\t<\/div>\n\t\t\t\t<\/div>\n\t\t\t\t\t<\/div>\n\t\t<\/div>\n\t\t\t\t<div class=\"elementor-column elementor-col-66 elementor-top-column elementor-element elementor-element-6f0067c\" data-id=\"6f0067c\" data-element_type=\"column\" data-e-type=\"column\">\n\t\t\t<div class=\"elementor-widget-wrap elementor-element-populated\">\n\t\t\t\t\t\t<div class=\"elementor-element elementor-element-93a96f3 elementor-widget elementor-widget-text-editor\" data-id=\"93a96f3\" data-element_type=\"widget\" data-e-type=\"widget\" data-widget_type=\"text-editor.default\">\n\t\t\t\t<div class=\"elementor-widget-container\">\n\t\t\t\t\t\t\t\t\t<h5>N\u00daMERO 60<\/h5><h3>LAS VENAS VAC\u00cdAS DE AM\u00c9RICA LATINA<\/h3><h6>EXTRACTIVISMO<\/h6><p><br \/>INSERTO EN LOS CIRCUITOS INTERNACIONALES DE EXTRACTIVISMO A PARTIR DE UNA POSICI\u00d3N SUBALTERNA, NUESTRO CONTINENTE EXPERIMENTA LOS SINSABORES DE UN TIPO DE EXPLOTACI\u00d3N ECON\u00d3MICA QUE, EN MUCHOS CASOS, AFECTA EL BIENESTAR DE SU POBLACI\u00d3N Y PROFUNDIZA LAS DESIGUALDADES. EL GRAN DESAF\u00cdO ES CONSTRUIR MODELOS ALTERNATIVOS DE DESARROLLO.<\/p>\t\t\t\t\t\t\t\t<\/div>\n\t\t\t\t<\/div>\n\t\t\t\t<div class=\"elementor-element elementor-element-2eb307a elementor-widget elementor-widget-button\" data-id=\"2eb307a\" data-element_type=\"widget\" data-e-type=\"widget\" data-widget_type=\"button.default\">\n\t\t\t\t<div class=\"elementor-widget-container\">\n\t\t\t\t\t\t\t\t\t<div class=\"elementor-button-wrapper\">\n\t\t\t\t\t<a class=\"elementor-button elementor-button-link elementor-size-xs\" href=\"https:\/\/drive.google.com\/file\/d\/1bvv1k1OZlbm26Q2fyGI6i41jMq2xJ5I9\/view\" target=\"_blank\">\n\t\t\t\t\t\t<span class=\"elementor-button-content-wrapper\">\n\t\t\t\t\t\t\t\t\t<span class=\"elementor-button-text\">Descarg\u00e1 el PDF<\/span>\n\t\t\t\t\t<\/span>\n\t\t\t\t\t<\/a>\n\t\t\t\t<\/div>\n\t\t\t\t\t\t\t\t<\/div>\n\t\t\t\t<\/div>\n\t\t\t\t\t<\/div>\n\t\t<\/div>\n\t\t\t\t\t<\/div>\n\t\t<\/section>\n\t\t\t\t<section class=\"elementor-section elementor-top-section elementor-element elementor-element-cc003d0 elementor-section-boxed elementor-section-height-default elementor-section-height-default\" data-id=\"cc003d0\" data-element_type=\"section\" data-e-type=\"section\">\n\t\t\t\t\t\t<div class=\"elementor-container elementor-column-gap-default\">\n\t\t\t\t\t<div class=\"elementor-column elementor-col-100 elementor-top-column elementor-element elementor-element-a80ea60\" data-id=\"a80ea60\" data-element_type=\"column\" data-e-type=\"column\">\n\t\t\t<div class=\"elementor-widget-wrap elementor-element-populated\">\n\t\t\t\t\t\t<div class=\"elementor-element elementor-element-fe62253 elementor-grid-3 elementor-grid-tablet-2 elementor-grid-mobile-1 elementor-posts--align-left elementor-widget elementor-widget-blogmentor_blog_posts\" data-id=\"fe62253\" data-element_type=\"widget\" data-e-type=\"widget\" data-settings=\"{&quot;bm_grid_columns&quot;:&quot;3&quot;,&quot;bm_grid_columns_tablet&quot;:&quot;2&quot;,&quot;bm_grid_columns_mobile&quot;:&quot;1&quot;,&quot;post_card_grid_gap&quot;:{&quot;unit&quot;:&quot;px&quot;,&quot;size&quot;:10,&quot;sizes&quot;:[]},&quot;post_card_row_gap&quot;:{&quot;unit&quot;:&quot;px&quot;,&quot;size&quot;:35,&quot;sizes&quot;:[]}}\" data-widget_type=\"blogmentor_blog_posts.default\">\n\t\t\t\t<div class=\"elementor-widget-container\">\n\t\t\t\t\t\t\t\n\t\t\t\t\t\t\t\t<div class=\"bm-blog-posts-wrapper\" >\n\t\t\t\t\t\t\t<div class=\"bm-blog-posts bm-display-grid elementor-grid elementor-grid-3\" >\n\t\t\t\t    <article id=\"post-9588\" class=\"item bm_layout post-9588 post type-post status-publish format-standard has-post-thumbnail hentry category-n-60 tag-abraham-leonardo-gak tag-editorial tag-extractivismo tag-medio-ambiente\">\n\t\t<div class=\"bm-blog-post-image entry-post-image\">\n\t\t\t<div class=\"bm-post-image clearfix bm-hover-effect bm-hover-effect-blur\">\n\t\t\t\t<img decoding=\"async\" width=\"640\" height=\"478\" src=\"https:\/\/www.economicas.uba.ar\/extension\/vocesenelfenix\/wp-content\/uploads\/6000-Gak.jpg\" class=\"attachment-large size-large wp-post-image\" alt=\"\" srcset=\"https:\/\/www.economicas.uba.ar\/extension\/vocesenelfenix\/wp-content\/uploads\/6000-Gak.jpg 1080w, https:\/\/www.economicas.uba.ar\/extension\/vocesenelfenix\/wp-content\/uploads\/6000-Gak-300x224.jpg 300w, https:\/\/www.economicas.uba.ar\/extension\/vocesenelfenix\/wp-content\/uploads\/6000-Gak-768x573.jpg 768w\" sizes=\"(max-width: 640px) 100vw, 640px\" \/>\t\t\t<\/div>\n\t\t<\/div>\n        <div class=\"bm-blog-post-content bm_content_box\">\n            <h4 class=\"entry-post-title bm_title\"><a href=\"https:\/\/www.economicas.uba.ar\/extension\/vocesenelfenix\/editorial-respeto-a-la-naturaleza-condicion-para-sobrevivir\/\" rel=\"bookmark\">Editorial: Respeto a la naturaleza, condici\u00f3n para sobrevivir<\/a><\/h4>            <div class=\"bm-blog-post-meta entry-post-meta bm_meta\">\n                            <\/div>\n            <div class=\"entry-post-content bm_content\">\n                | Por Abraham Leonardo Gak |            <\/div>\n        <\/div>\n    <\/article>\n    <article id=\"post-9603\" class=\"item bm_layout post-9603 post type-post status-publish format-standard has-post-thumbnail hentry category-n-60 tag-comunidad tag-extractivismo tag-gabriela-merlinsky tag-justicia-ambiental tag-latinoamerica tag-medio-ambiente tag-organizacion-colectiva\">\n\t\t<div class=\"bm-blog-post-image entry-post-image\">\n\t\t\t<div class=\"bm-post-image clearfix bm-hover-effect bm-hover-effect-blur\">\n\t\t\t\t<img decoding=\"async\" width=\"640\" height=\"290\" src=\"https:\/\/www.economicas.uba.ar\/extension\/vocesenelfenix\/wp-content\/uploads\/6001-Merlinsky.jpg\" class=\"attachment-large size-large wp-post-image\" alt=\"\" srcset=\"https:\/\/www.economicas.uba.ar\/extension\/vocesenelfenix\/wp-content\/uploads\/6001-Merlinsky.jpg 1080w, https:\/\/www.economicas.uba.ar\/extension\/vocesenelfenix\/wp-content\/uploads\/6001-Merlinsky-300x136.jpg 300w, https:\/\/www.economicas.uba.ar\/extension\/vocesenelfenix\/wp-content\/uploads\/6001-Merlinsky-768x348.jpg 768w\" sizes=\"(max-width: 640px) 100vw, 640px\" \/>\t\t\t<\/div>\n\t\t<\/div>\n        <div class=\"bm-blog-post-content bm_content_box\">\n            <h4 class=\"entry-post-title bm_title\"><a href=\"https:\/\/www.economicas.uba.ar\/extension\/vocesenelfenix\/los-movimientos-de-justicia-ambiental-la-defensa-de-lo-comun-frente-al-avance-del-extractivismo\/\" rel=\"bookmark\">Los movimientos de justicia ambiental. La defensa de lo com\u00fan frente al avance del extractivismo<\/a><\/h4>            <div class=\"bm-blog-post-meta entry-post-meta bm_meta\">\n                            <\/div>\n            <div class=\"entry-post-content bm_content\">\n                | Por Gabriela Merlinsky | Los peligros ambientales que enfrenta hoy Am\u00e9rica latina son inseparables de la desigualdad social y el rol subordinado que ocupan nuestras econom\u00edas en el mundo. <div><a href=\"https:\/\/www.economicas.uba.ar\/extension\/vocesenelfenix\/los-movimientos-de-justicia-ambiental-la-defensa-de-lo-comun-frente-al-avance-del-extractivismo\/\" rel=\"bookmark\" class=\"bm-read-more entry-read-more\">M\u00e1s \u00bb<\/a><div>            <\/div>\n        <\/div>\n    <\/article>\n    <article id=\"post-9611\" class=\"item bm_layout post-9611 post type-post status-publish format-standard has-post-thumbnail hentry category-n-60 tag-amauta tag-ecologia-politica tag-extractivismo tag-hector-alimonda tag-latinoamerica\">\n\t\t<div class=\"bm-blog-post-image entry-post-image\">\n\t\t\t<div class=\"bm-post-image clearfix bm-hover-effect bm-hover-effect-blur\">\n\t\t\t\t<img loading=\"lazy\" decoding=\"async\" width=\"640\" height=\"420\" src=\"https:\/\/www.economicas.uba.ar\/extension\/vocesenelfenix\/wp-content\/uploads\/6002-Alimonda.jpg\" class=\"attachment-large size-large wp-post-image\" alt=\"\" srcset=\"https:\/\/www.economicas.uba.ar\/extension\/vocesenelfenix\/wp-content\/uploads\/6002-Alimonda.jpg 1080w, https:\/\/www.economicas.uba.ar\/extension\/vocesenelfenix\/wp-content\/uploads\/6002-Alimonda-300x197.jpg 300w, https:\/\/www.economicas.uba.ar\/extension\/vocesenelfenix\/wp-content\/uploads\/6002-Alimonda-768x503.jpg 768w\" sizes=\"(max-width: 640px) 100vw, 640px\" \/>\t\t\t<\/div>\n\t\t<\/div>\n        <div class=\"bm-blog-post-content bm_content_box\">\n            <h4 class=\"entry-post-title bm_title\"><a href=\"https:\/\/www.economicas.uba.ar\/extension\/vocesenelfenix\/una-ecologia-politica-en-amauta-notas-para-una-arqueologia-del-ecologismo-socialista-latinoamericano\/\" rel=\"bookmark\">\u00bfUna ecolog\u00eda pol\u00edtica en \u201cAmauta\u201d? Notas para una arqueolog\u00eda del ecologismo socialista latinoamericano<\/a><\/h4>            <div class=\"bm-blog-post-meta entry-post-meta bm_meta\">\n                            <\/div>\n            <div class=\"entry-post-content bm_content\">\n                | Por H\u00e9ctor Alimonda | Reproducimos una versi\u00f3n reducida de las reflexiones de H\u00e9ctor Alimonda en torno a la revista \u201cAmauta\u201d, fundada en 1926 por Jos\u00e9 Carlos Mari\u00e1tegui. El texto <div><a href=\"https:\/\/www.economicas.uba.ar\/extension\/vocesenelfenix\/una-ecologia-politica-en-amauta-notas-para-una-arqueologia-del-ecologismo-socialista-latinoamericano\/\" rel=\"bookmark\" class=\"bm-read-more entry-read-more\">M\u00e1s \u00bb<\/a><div>            <\/div>\n        <\/div>\n    <\/article>\n    <article id=\"post-9620\" class=\"item bm_layout post-9620 post type-post status-publish format-standard has-post-thumbnail hentry category-n-60 tag-enrique-viale tag-extractivismo tag-maristella-svampa tag-megamineria tag-neoextractivismo\">\n\t\t<div class=\"bm-blog-post-image entry-post-image\">\n\t\t\t<div class=\"bm-post-image clearfix bm-hover-effect bm-hover-effect-blur\">\n\t\t\t\t<img loading=\"lazy\" decoding=\"async\" width=\"640\" height=\"306\" src=\"https:\/\/www.economicas.uba.ar\/extension\/vocesenelfenix\/wp-content\/uploads\/6003-Svampa.jpg\" class=\"attachment-large size-large wp-post-image\" alt=\"\" srcset=\"https:\/\/www.economicas.uba.ar\/extension\/vocesenelfenix\/wp-content\/uploads\/6003-Svampa.jpg 1080w, https:\/\/www.economicas.uba.ar\/extension\/vocesenelfenix\/wp-content\/uploads\/6003-Svampa-300x143.jpg 300w, https:\/\/www.economicas.uba.ar\/extension\/vocesenelfenix\/wp-content\/uploads\/6003-Svampa-768x367.jpg 768w\" sizes=\"(max-width: 640px) 100vw, 640px\" \/>\t\t\t<\/div>\n\t\t<\/div>\n        <div class=\"bm-blog-post-content bm_content_box\">\n            <h4 class=\"entry-post-title bm_title\"><a href=\"https:\/\/www.economicas.uba.ar\/extension\/vocesenelfenix\/continuidad-y-radicalizacion-del-neoextractivismo-en-la-argentina\/\" rel=\"bookmark\">Continuidad y radicalizaci\u00f3n del neoextractivismo en la Argentina<\/a><\/h4>            <div class=\"bm-blog-post-meta entry-post-meta bm_meta\">\n                            <\/div>\n            <div class=\"entry-post-content bm_content\">\n                | Por Maristella Svampa y Enrique Viale | Desde 2000 en adelante, esta modalidad se consolid\u00f3, de la mano de los altos precios internacionales de los commodities e independientemente de <div><a href=\"https:\/\/www.economicas.uba.ar\/extension\/vocesenelfenix\/continuidad-y-radicalizacion-del-neoextractivismo-en-la-argentina\/\" rel=\"bookmark\" class=\"bm-read-more entry-read-more\">M\u00e1s \u00bb<\/a><div>            <\/div>\n        <\/div>\n    <\/article>\n    <article id=\"post-9626\" class=\"item bm_layout post-9626 post type-post status-publish format-standard has-post-thumbnail hentry category-n-60 tag-capitalismo tag-cerro-rico tag-extractivismo tag-horacio-machado-araoz tag-potosi\">\n\t\t<div class=\"bm-blog-post-image entry-post-image\">\n\t\t\t<div class=\"bm-post-image clearfix bm-hover-effect bm-hover-effect-blur\">\n\t\t\t\t<img loading=\"lazy\" decoding=\"async\" width=\"640\" height=\"418\" src=\"https:\/\/www.economicas.uba.ar\/extension\/vocesenelfenix\/wp-content\/uploads\/6004-Machado.jpg\" class=\"attachment-large size-large wp-post-image\" alt=\"\" srcset=\"https:\/\/www.economicas.uba.ar\/extension\/vocesenelfenix\/wp-content\/uploads\/6004-Machado.jpg 1080w, https:\/\/www.economicas.uba.ar\/extension\/vocesenelfenix\/wp-content\/uploads\/6004-Machado-300x196.jpg 300w, https:\/\/www.economicas.uba.ar\/extension\/vocesenelfenix\/wp-content\/uploads\/6004-Machado-768x502.jpg 768w\" sizes=\"(max-width: 640px) 100vw, 640px\" \/>\t\t\t<\/div>\n\t\t<\/div>\n        <div class=\"bm-blog-post-content bm_content_box\">\n            <h4 class=\"entry-post-title bm_title\"><a href=\"https:\/\/www.economicas.uba.ar\/extension\/vocesenelfenix\/potosi-y-los-origenes-del-extractivismo\/\" rel=\"bookmark\">Potos\u00ed y los or\u00edgenes del extractivismo<\/a><\/h4>            <div class=\"bm-blog-post-meta entry-post-meta bm_meta\">\n                            <\/div>\n            <div class=\"entry-post-content bm_content\">\n                | Por Horacio Machado Ar\u00e1oz | A partir del hallazgo del Cerro Rico a mediados del siglo XVI, durante la conquista de Am\u00e9rica por Espa\u00f1a, no solo se organiz\u00f3 un <div><a href=\"https:\/\/www.economicas.uba.ar\/extension\/vocesenelfenix\/potosi-y-los-origenes-del-extractivismo\/\" rel=\"bookmark\" class=\"bm-read-more entry-read-more\">M\u00e1s \u00bb<\/a><div>            <\/div>\n        <\/div>\n    <\/article>\n    <article id=\"post-9645\" class=\"item bm_layout post-9645 post type-post status-publish format-standard has-post-thumbnail hentry category-n-60 tag-decrecimiento tag-extractivismo tag-mariana-walter tag-marta-conde tag-medio-ambiente\">\n\t\t<div class=\"bm-blog-post-image entry-post-image\">\n\t\t\t<div class=\"bm-post-image clearfix bm-hover-effect bm-hover-effect-blur\">\n\t\t\t\t<img loading=\"lazy\" decoding=\"async\" width=\"640\" height=\"532\" src=\"https:\/\/www.economicas.uba.ar\/extension\/vocesenelfenix\/wp-content\/uploads\/6005-Walter.jpg\" class=\"attachment-large size-large wp-post-image\" alt=\"\" srcset=\"https:\/\/www.economicas.uba.ar\/extension\/vocesenelfenix\/wp-content\/uploads\/6005-Walter.jpg 1080w, https:\/\/www.economicas.uba.ar\/extension\/vocesenelfenix\/wp-content\/uploads\/6005-Walter-300x249.jpg 300w, https:\/\/www.economicas.uba.ar\/extension\/vocesenelfenix\/wp-content\/uploads\/6005-Walter-768x639.jpg 768w\" sizes=\"(max-width: 640px) 100vw, 640px\" \/>\t\t\t<\/div>\n\t\t<\/div>\n        <div class=\"bm-blog-post-content bm_content_box\">\n            <h4 class=\"entry-post-title bm_title\"><a href=\"https:\/\/www.economicas.uba.ar\/extension\/vocesenelfenix\/extractivismo-y-debates-sobre-decrecimiento-y-otras-formas-de-pensar-el-mundo\/\" rel=\"bookmark\">Extractivismo, y debates sobre decrecimiento y otras formas de pensar el mundo<\/a><\/h4>            <div class=\"bm-blog-post-meta entry-post-meta bm_meta\">\n                            <\/div>\n            <div class=\"entry-post-content bm_content\">\n                | Por Mariana Walter y Marta Conde | Tanto en las econom\u00edas extractivas del Sur como en las econom\u00edas de consumo del Norte, el debate apunta a la inviabilidad ambiental <div><a href=\"https:\/\/www.economicas.uba.ar\/extension\/vocesenelfenix\/extractivismo-y-debates-sobre-decrecimiento-y-otras-formas-de-pensar-el-mundo\/\" rel=\"bookmark\" class=\"bm-read-more entry-read-more\">M\u00e1s \u00bb<\/a><div>            <\/div>\n        <\/div>\n    <\/article>\n    <article id=\"post-9652\" class=\"item bm_layout post-9652 post type-post status-publish format-standard has-post-thumbnail hentry category-n-60 tag-desarrollo tag-extractivismo tag-gerardo-damonte tag-megamineria tag-peru\">\n\t\t<div class=\"bm-blog-post-image entry-post-image\">\n\t\t\t<div class=\"bm-post-image clearfix bm-hover-effect bm-hover-effect-blur\">\n\t\t\t\t<img loading=\"lazy\" decoding=\"async\" width=\"640\" height=\"418\" src=\"https:\/\/www.economicas.uba.ar\/extension\/vocesenelfenix\/wp-content\/uploads\/6006-Damonte.jpg\" class=\"attachment-large size-large wp-post-image\" alt=\"\" srcset=\"https:\/\/www.economicas.uba.ar\/extension\/vocesenelfenix\/wp-content\/uploads\/6006-Damonte.jpg 1080w, https:\/\/www.economicas.uba.ar\/extension\/vocesenelfenix\/wp-content\/uploads\/6006-Damonte-300x196.jpg 300w, https:\/\/www.economicas.uba.ar\/extension\/vocesenelfenix\/wp-content\/uploads\/6006-Damonte-768x501.jpg 768w\" sizes=\"(max-width: 640px) 100vw, 640px\" \/>\t\t\t<\/div>\n\t\t<\/div>\n        <div class=\"bm-blog-post-content bm_content_box\">\n            <h4 class=\"entry-post-title bm_title\"><a href=\"https:\/\/www.economicas.uba.ar\/extension\/vocesenelfenix\/modelo-extractivo-y-conflictos-en-el-peru\/\" rel=\"bookmark\">Modelo extractivo y conflictos en el Per\u00fa<\/a><\/h4>            <div class=\"bm-blog-post-meta entry-post-meta bm_meta\">\n                            <\/div>\n            <div class=\"entry-post-content bm_content\">\n                | Por Gerardo Damonte | Con excepci\u00f3n de algunos casos emblem\u00e1ticos, las m\u00faltiples disputas asociadas a los desarrollos de megaminer\u00eda no son cabalmente conocidas por la sociedad peruana. Hasta el <div><a href=\"https:\/\/www.economicas.uba.ar\/extension\/vocesenelfenix\/modelo-extractivo-y-conflictos-en-el-peru\/\" rel=\"bookmark\" class=\"bm-read-more entry-read-more\">M\u00e1s \u00bb<\/a><div>            <\/div>\n        <\/div>\n    <\/article>\n    <article id=\"post-9659\" class=\"item bm_layout post-9659 post type-post status-publish format-standard has-post-thumbnail hentry category-n-60 tag-cultivos-transgenicos tag-extractivismo tag-glifosato tag-soja tag-walter-a-pengue\">\n\t\t<div class=\"bm-blog-post-image entry-post-image\">\n\t\t\t<div class=\"bm-post-image clearfix bm-hover-effect bm-hover-effect-blur\">\n\t\t\t\t<img loading=\"lazy\" decoding=\"async\" width=\"640\" height=\"496\" src=\"https:\/\/www.economicas.uba.ar\/extension\/vocesenelfenix\/wp-content\/uploads\/6007-Pengue.jpg\" class=\"attachment-large size-large wp-post-image\" alt=\"\" srcset=\"https:\/\/www.economicas.uba.ar\/extension\/vocesenelfenix\/wp-content\/uploads\/6007-Pengue.jpg 1080w, https:\/\/www.economicas.uba.ar\/extension\/vocesenelfenix\/wp-content\/uploads\/6007-Pengue-300x233.jpg 300w, https:\/\/www.economicas.uba.ar\/extension\/vocesenelfenix\/wp-content\/uploads\/6007-Pengue-768x595.jpg 768w\" sizes=\"(max-width: 640px) 100vw, 640px\" \/>\t\t\t<\/div>\n\t\t<\/div>\n        <div class=\"bm-blog-post-content bm_content_box\">\n            <h4 class=\"entry-post-title bm_title\"><a href=\"https:\/\/www.economicas.uba.ar\/extension\/vocesenelfenix\/cultivos-transgenicos-la-verdadera-historia-veinte-anos-despues-de-la-liberacion-de-soja-en-la-argentina\/\" rel=\"bookmark\">Cultivos transg\u00e9nicos: La verdadera historia. Veinte a\u00f1os despu\u00e9s de la liberaci\u00f3n de soja en la Argentina<\/a><\/h4>            <div class=\"bm-blog-post-meta entry-post-meta bm_meta\">\n                            <\/div>\n            <div class=\"entry-post-content bm_content\">\n                | Por Walter A. Pengue | Entre 1996 y 2001, los agricultores argentinos adoptaron el paquete tecnol\u00f3gico que incluye la soja transg\u00e9nica RR, el glifosato como herbicida, y la siembra <div><a href=\"https:\/\/www.economicas.uba.ar\/extension\/vocesenelfenix\/cultivos-transgenicos-la-verdadera-historia-veinte-anos-despues-de-la-liberacion-de-soja-en-la-argentina\/\" rel=\"bookmark\" class=\"bm-read-more entry-read-more\">M\u00e1s \u00bb<\/a><div>            <\/div>\n        <\/div>\n    <\/article>\n    <article id=\"post-9678\" class=\"item bm_layout post-9678 post type-post status-publish format-standard has-post-thumbnail hentry category-n-60 tag-extractivismo tag-gian-carlo-delgado-ramos tag-medio-ambiente tag-mexico tag-territorio\">\n\t\t<div class=\"bm-blog-post-image entry-post-image\">\n\t\t\t<div class=\"bm-post-image clearfix bm-hover-effect bm-hover-effect-blur\">\n\t\t\t\t<img loading=\"lazy\" decoding=\"async\" width=\"640\" height=\"256\" src=\"https:\/\/www.economicas.uba.ar\/extension\/vocesenelfenix\/wp-content\/uploads\/6008-Delgado.jpg\" class=\"attachment-large size-large wp-post-image\" alt=\"\" srcset=\"https:\/\/www.economicas.uba.ar\/extension\/vocesenelfenix\/wp-content\/uploads\/6008-Delgado.jpg 1080w, https:\/\/www.economicas.uba.ar\/extension\/vocesenelfenix\/wp-content\/uploads\/6008-Delgado-300x120.jpg 300w, https:\/\/www.economicas.uba.ar\/extension\/vocesenelfenix\/wp-content\/uploads\/6008-Delgado-768x307.jpg 768w\" sizes=\"(max-width: 640px) 100vw, 640px\" \/>\t\t\t<\/div>\n\t\t<\/div>\n        <div class=\"bm-blog-post-content bm_content_box\">\n            <h4 class=\"entry-post-title bm_title\"><a href=\"https:\/\/www.economicas.uba.ar\/extension\/vocesenelfenix\/del-extractivismo-minero-en-mexico-la-defensa-del-territorio-y-las-alternativas\/\" rel=\"bookmark\">Del extractivismo minero en M\u00e9xico, la defensa del territorio y las alternativas<\/a><\/h4>            <div class=\"bm-blog-post-meta entry-post-meta bm_meta\">\n                            <\/div>\n            <div class=\"entry-post-content bm_content\">\n                | Por Gian Carlo Delgado Ramos | Los \u00faltimos a\u00f1os evidenciaron un corrimiento de la frontera extractiva, en especial en los pa\u00edses emergentes. Como naci\u00f3n hist\u00f3ricamente minera, M\u00e9xico enfrenta riesgos <div><a href=\"https:\/\/www.economicas.uba.ar\/extension\/vocesenelfenix\/del-extractivismo-minero-en-mexico-la-defensa-del-territorio-y-las-alternativas\/\" rel=\"bookmark\" class=\"bm-read-more entry-read-more\">M\u00e1s \u00bb<\/a><div>            <\/div>\n        <\/div>\n    <\/article>\n    <article id=\"post-9688\" class=\"item bm_layout post-9688 post type-post status-publish format-standard has-post-thumbnail hentry category-n-60 tag-catalina-toro-perez tag-colombia tag-comunidades tag-extractivismo tag-mujeres tag-peru tag-resistencia tag-territorio\">\n\t\t<div class=\"bm-blog-post-image entry-post-image\">\n\t\t\t<div class=\"bm-post-image clearfix bm-hover-effect bm-hover-effect-blur\">\n\t\t\t\t<img loading=\"lazy\" decoding=\"async\" width=\"640\" height=\"407\" src=\"https:\/\/www.economicas.uba.ar\/extension\/vocesenelfenix\/wp-content\/uploads\/6009-Toro-Perez.jpg\" class=\"attachment-large size-large wp-post-image\" alt=\"\" srcset=\"https:\/\/www.economicas.uba.ar\/extension\/vocesenelfenix\/wp-content\/uploads\/6009-Toro-Perez.jpg 1080w, https:\/\/www.economicas.uba.ar\/extension\/vocesenelfenix\/wp-content\/uploads\/6009-Toro-Perez-300x191.jpg 300w, https:\/\/www.economicas.uba.ar\/extension\/vocesenelfenix\/wp-content\/uploads\/6009-Toro-Perez-768x488.jpg 768w\" sizes=\"(max-width: 640px) 100vw, 640px\" \/>\t\t\t<\/div>\n\t\t<\/div>\n        <div class=\"bm-blog-post-content bm_content_box\">\n            <h4 class=\"entry-post-title bm_title\"><a href=\"https:\/\/www.economicas.uba.ar\/extension\/vocesenelfenix\/consulta-popular-en-cajamarca-tolima-la-fiesta-de-las-arracachas-contra-anglo-gold-ashanti\/\" rel=\"bookmark\">Consulta popular en Cajamarca, Tolima: la fiesta de las Arracachas contra Anglo-Gold Ashanti<\/a><\/h4>            <div class=\"bm-blog-post-meta entry-post-meta bm_meta\">\n                            <\/div>\n            <div class=\"entry-post-content bm_content\">\n                | Por Catalina Toro P\u00e9rez | En Colombia, varias comunidades se pronunciaron contra el establecimiento de proyectos de miner\u00eda y explotaci\u00f3n petrol\u00edfera en sus tierras. Desde sectores del Estado y <div><a href=\"https:\/\/www.economicas.uba.ar\/extension\/vocesenelfenix\/consulta-popular-en-cajamarca-tolima-la-fiesta-de-las-arracachas-contra-anglo-gold-ashanti\/\" rel=\"bookmark\" class=\"bm-read-more entry-read-more\">M\u00e1s \u00bb<\/a><div>            <\/div>\n        <\/div>\n    <\/article>\n    <article id=\"post-9694\" class=\"item bm_layout post-9694 post type-post status-publish format-standard has-post-thumbnail hentry category-n-60 tag-bosques tag-deforestacion tag-extractivismo tag-lorenzo-langbehn tag-mariana-schmidt tag-modelo-agroexportador\">\n\t\t<div class=\"bm-blog-post-image entry-post-image\">\n\t\t\t<div class=\"bm-post-image clearfix bm-hover-effect bm-hover-effect-blur\">\n\t\t\t\t<img loading=\"lazy\" decoding=\"async\" width=\"640\" height=\"433\" src=\"https:\/\/www.economicas.uba.ar\/extension\/vocesenelfenix\/wp-content\/uploads\/6010-Langbehn.jpg\" class=\"attachment-large size-large wp-post-image\" alt=\"\" srcset=\"https:\/\/www.economicas.uba.ar\/extension\/vocesenelfenix\/wp-content\/uploads\/6010-Langbehn.jpg 1080w, https:\/\/www.economicas.uba.ar\/extension\/vocesenelfenix\/wp-content\/uploads\/6010-Langbehn-300x203.jpg 300w, https:\/\/www.economicas.uba.ar\/extension\/vocesenelfenix\/wp-content\/uploads\/6010-Langbehn-768x519.jpg 768w\" sizes=\"(max-width: 640px) 100vw, 640px\" \/>\t\t\t<\/div>\n\t\t<\/div>\n        <div class=\"bm-blog-post-content bm_content_box\">\n            <h4 class=\"entry-post-title bm_title\"><a href=\"https:\/\/www.economicas.uba.ar\/extension\/vocesenelfenix\/bosques-y-extractivismo-en-la-argentina\/\" rel=\"bookmark\">Bosques y extractivismo en la Argentina<\/a><\/h4>            <div class=\"bm-blog-post-meta entry-post-meta bm_meta\">\n                            <\/div>\n            <div class=\"entry-post-content bm_content\">\n                | Por Lorenzo Langbehn y Mariana Schmidt | La expansi\u00f3n de la frontera agr\u00edcola y ganadera implic\u00f3 la deforestaci\u00f3n de vegetaci\u00f3n nativa en varias provincias del norte argentino, afectando a <div><a href=\"https:\/\/www.economicas.uba.ar\/extension\/vocesenelfenix\/bosques-y-extractivismo-en-la-argentina\/\" rel=\"bookmark\" class=\"bm-read-more entry-read-more\">M\u00e1s \u00bb<\/a><div>            <\/div>\n        <\/div>\n    <\/article>\n    <article id=\"post-9701\" class=\"item bm_layout post-9701 post type-post status-publish format-standard has-post-thumbnail hentry category-n-60 tag-astrid-ulloa tag-cambio-climatico tag-etnia tag-extractivismo tag-feminismos tag-feminismos-territoriales tag-genero tag-territorio\">\n\t\t<div class=\"bm-blog-post-image entry-post-image\">\n\t\t\t<div class=\"bm-post-image clearfix bm-hover-effect bm-hover-effect-blur\">\n\t\t\t\t<img loading=\"lazy\" decoding=\"async\" width=\"640\" height=\"434\" src=\"https:\/\/www.economicas.uba.ar\/extension\/vocesenelfenix\/wp-content\/uploads\/6011-Ulloa.jpg\" class=\"attachment-large size-large wp-post-image\" alt=\"\" srcset=\"https:\/\/www.economicas.uba.ar\/extension\/vocesenelfenix\/wp-content\/uploads\/6011-Ulloa.jpg 1080w, https:\/\/www.economicas.uba.ar\/extension\/vocesenelfenix\/wp-content\/uploads\/6011-Ulloa-300x204.jpg 300w, https:\/\/www.economicas.uba.ar\/extension\/vocesenelfenix\/wp-content\/uploads\/6011-Ulloa-768x521.jpg 768w\" sizes=\"(max-width: 640px) 100vw, 640px\" \/>\t\t\t<\/div>\n\t\t<\/div>\n        <div class=\"bm-blog-post-content bm_content_box\">\n            <h4 class=\"entry-post-title bm_title\"><a href=\"https:\/\/www.economicas.uba.ar\/extension\/vocesenelfenix\/extractivismos-y-desigualdades-de-genero\/\" rel=\"bookmark\">Extractivismos y desigualdades de g\u00e9nero<\/a><\/h4>            <div class=\"bm-blog-post-meta entry-post-meta bm_meta\">\n                            <\/div>\n            <div class=\"entry-post-content bm_content\">\n                | Por Astrid Ulloa | Las transformaciones naturales y sociales producidas por los extractivismos tienen efectos diferenciados de acuerdo con el g\u00e9nero, la etnia y la territorialidad. Procesos tales como <div><a href=\"https:\/\/www.economicas.uba.ar\/extension\/vocesenelfenix\/extractivismos-y-desigualdades-de-genero\/\" rel=\"bookmark\" class=\"bm-read-more entry-read-more\">M\u00e1s \u00bb<\/a><div>            <\/div>\n        <\/div>\n    <\/article>\n    <article id=\"post-9707\" class=\"item bm_layout post-9707 post type-post status-publish format-standard has-post-thumbnail hentry category-n-60 tag-canal-de-panama tag-concentracion-de-poder tag-desigualdad tag-deterioro-ecologico tag-extractivismo tag-guillermo-castro-h tag-panama\">\n\t\t<div class=\"bm-blog-post-image entry-post-image\">\n\t\t\t<div class=\"bm-post-image clearfix bm-hover-effect bm-hover-effect-blur\">\n\t\t\t\t<img loading=\"lazy\" decoding=\"async\" width=\"640\" height=\"431\" src=\"https:\/\/www.economicas.uba.ar\/extension\/vocesenelfenix\/wp-content\/uploads\/6012-Castro.jpg\" class=\"attachment-large size-large wp-post-image\" alt=\"\" srcset=\"https:\/\/www.economicas.uba.ar\/extension\/vocesenelfenix\/wp-content\/uploads\/6012-Castro.jpg 1080w, https:\/\/www.economicas.uba.ar\/extension\/vocesenelfenix\/wp-content\/uploads\/6012-Castro-300x202.jpg 300w, https:\/\/www.economicas.uba.ar\/extension\/vocesenelfenix\/wp-content\/uploads\/6012-Castro-768x518.jpg 768w\" sizes=\"(max-width: 640px) 100vw, 640px\" \/>\t\t\t<\/div>\n\t\t<\/div>\n        <div class=\"bm-blog-post-content bm_content_box\">\n            <h4 class=\"entry-post-title bm_title\"><a href=\"https:\/\/www.economicas.uba.ar\/extension\/vocesenelfenix\/panama-en-transicion\/\" rel=\"bookmark\">Panam\u00e1 en transici\u00f3n<\/a><\/h4>            <div class=\"bm-blog-post-meta entry-post-meta bm_meta\">\n                            <\/div>\n            <div class=\"entry-post-content bm_content\">\n                | Por Guillermo Castro H. | Por su excepcional condici\u00f3n de istmo entre dos oc\u00e9anos, el pa\u00eds ha visto organizadas su econom\u00eda y su sociedad de acuerdo con lo que <div><a href=\"https:\/\/www.economicas.uba.ar\/extension\/vocesenelfenix\/panama-en-transicion\/\" rel=\"bookmark\" class=\"bm-read-more entry-read-more\">M\u00e1s \u00bb<\/a><div>            <\/div>\n        <\/div>\n    <\/article>\n    <article id=\"post-9716\" class=\"item bm_layout post-9716 post type-post status-publish format-standard has-post-thumbnail hentry category-n-60 tag-agricultura tag-carlos-reboratti tag-extractivismo tag-mineria tag-neoextractivismo tag-soja\">\n\t\t<div class=\"bm-blog-post-image entry-post-image\">\n\t\t\t<div class=\"bm-post-image clearfix bm-hover-effect bm-hover-effect-blur\">\n\t\t\t\t<img loading=\"lazy\" decoding=\"async\" width=\"640\" height=\"503\" src=\"https:\/\/www.economicas.uba.ar\/extension\/vocesenelfenix\/wp-content\/uploads\/6013-Reboratti.jpg\" class=\"attachment-large size-large wp-post-image\" alt=\"\" srcset=\"https:\/\/www.economicas.uba.ar\/extension\/vocesenelfenix\/wp-content\/uploads\/6013-Reboratti.jpg 1080w, https:\/\/www.economicas.uba.ar\/extension\/vocesenelfenix\/wp-content\/uploads\/6013-Reboratti-300x236.jpg 300w, https:\/\/www.economicas.uba.ar\/extension\/vocesenelfenix\/wp-content\/uploads\/6013-Reboratti-768x604.jpg 768w\" sizes=\"(max-width: 640px) 100vw, 640px\" \/>\t\t\t<\/div>\n\t\t<\/div>\n        <div class=\"bm-blog-post-content bm_content_box\">\n            <h4 class=\"entry-post-title bm_title\"><a href=\"https:\/\/www.economicas.uba.ar\/extension\/vocesenelfenix\/agricultura-y-extractivismo\/\" rel=\"bookmark\">Agricultura y extractivismo<\/a><\/h4>            <div class=\"bm-blog-post-meta entry-post-meta bm_meta\">\n                            <\/div>\n            <div class=\"entry-post-content bm_content\">\n                | Por Carlos Reboratti | Una breve comparaci\u00f3n general entre la producci\u00f3n sojera en la Argentina y la miner\u00eda a gran escala muestra el inconveniente de subsumirlas bajo una misma <div><a href=\"https:\/\/www.economicas.uba.ar\/extension\/vocesenelfenix\/agricultura-y-extractivismo\/\" rel=\"bookmark\" class=\"bm-read-more entry-read-more\">M\u00e1s \u00bb<\/a><div>            <\/div>\n        <\/div>\n    <\/article>\n    <article id=\"post-9722\" class=\"item bm_layout post-9722 post type-post status-publish format-standard has-post-thumbnail hentry category-n-60 tag-chile tag-extractivismo tag-medio-ambiente tag-modelo-agroexportador tag-organizaciones-autoconvocadas tag-paola-bolados tag-salud tag-territorio\">\n\t\t<div class=\"bm-blog-post-image entry-post-image\">\n\t\t\t<div class=\"bm-post-image clearfix bm-hover-effect bm-hover-effect-blur\">\n\t\t\t\t<img loading=\"lazy\" decoding=\"async\" width=\"640\" height=\"472\" src=\"https:\/\/www.economicas.uba.ar\/extension\/vocesenelfenix\/wp-content\/uploads\/6014-Bolados.jpg\" class=\"attachment-large size-large wp-post-image\" alt=\"\" srcset=\"https:\/\/www.economicas.uba.ar\/extension\/vocesenelfenix\/wp-content\/uploads\/6014-Bolados.jpg 1080w, https:\/\/www.economicas.uba.ar\/extension\/vocesenelfenix\/wp-content\/uploads\/6014-Bolados-300x221.jpg 300w, https:\/\/www.economicas.uba.ar\/extension\/vocesenelfenix\/wp-content\/uploads\/6014-Bolados-768x566.jpg 768w\" sizes=\"(max-width: 640px) 100vw, 640px\" \/>\t\t\t<\/div>\n\t\t<\/div>\n        <div class=\"bm-blog-post-content bm_content_box\">\n            <h4 class=\"entry-post-title bm_title\"><a href=\"https:\/\/www.economicas.uba.ar\/extension\/vocesenelfenix\/los-agobios-del-extractivismo-minero-y-agroexportador-en-chile\/\" rel=\"bookmark\">Los agobios del extractivismo minero y agroexportador en Chile<\/a><\/h4>            <div class=\"bm-blog-post-meta entry-post-meta bm_meta\">\n                            <\/div>\n            <div class=\"entry-post-content bm_content\">\n                | Por Paola Bolados | El sistema impuesto en las \u00faltimas cuatro d\u00e9cadas configura el centro de los conflictos socioambientales\/territoriales actuales. La privatizaci\u00f3n de las aguas y el mercado creado <div><a href=\"https:\/\/www.economicas.uba.ar\/extension\/vocesenelfenix\/los-agobios-del-extractivismo-minero-y-agroexportador-en-chile\/\" rel=\"bookmark\" class=\"bm-read-more entry-read-more\">M\u00e1s \u00bb<\/a><div>            <\/div>\n        <\/div>\n    <\/article>\n    <article id=\"post-9729\" class=\"item bm_layout post-9729 post type-post status-publish format-standard has-post-thumbnail hentry category-n-60 tag-extractivismo tag-marian-sola-alvarez tag-megamineria tag-organizaciones-autoconvocadas tag-organizaciones-populares\">\n\t\t<div class=\"bm-blog-post-image entry-post-image\">\n\t\t\t<div class=\"bm-post-image clearfix bm-hover-effect bm-hover-effect-blur\">\n\t\t\t\t<img loading=\"lazy\" decoding=\"async\" width=\"640\" height=\"399\" src=\"https:\/\/www.economicas.uba.ar\/extension\/vocesenelfenix\/wp-content\/uploads\/6015-Sola.jpg\" class=\"attachment-large size-large wp-post-image\" alt=\"\" srcset=\"https:\/\/www.economicas.uba.ar\/extension\/vocesenelfenix\/wp-content\/uploads\/6015-Sola.jpg 1080w, https:\/\/www.economicas.uba.ar\/extension\/vocesenelfenix\/wp-content\/uploads\/6015-Sola-300x187.jpg 300w, https:\/\/www.economicas.uba.ar\/extension\/vocesenelfenix\/wp-content\/uploads\/6015-Sola-768x479.jpg 768w\" sizes=\"(max-width: 640px) 100vw, 640px\" \/>\t\t\t<\/div>\n\t\t<\/div>\n        <div class=\"bm-blog-post-content bm_content_box\">\n            <h4 class=\"entry-post-title bm_title\"><a href=\"https:\/\/www.economicas.uba.ar\/extension\/vocesenelfenix\/entre-derrames-conflictos-y-promesas-incumplidas-dos-decadas-de-mineria-a-gran-escala-en-la-argentina\/\" rel=\"bookmark\">Entre derrames, conflictos y promesas incumplidas: dos d\u00e9cadas de miner\u00eda a gran escala en la Argentina<\/a><\/h4>            <div class=\"bm-blog-post-meta entry-post-meta bm_meta\">\n                            <\/div>\n            <div class=\"entry-post-content bm_content\">\n                | Por Marian Sola \u00c1lvarez | En las \u00faltimas dos d\u00e9cadas, el sector minero \u2013concentrado en desarrollos a gran escala y vinculado a capitales transnacionales\u2013 fue el segundo en mayor <div><a href=\"https:\/\/www.economicas.uba.ar\/extension\/vocesenelfenix\/entre-derrames-conflictos-y-promesas-incumplidas-dos-decadas-de-mineria-a-gran-escala-en-la-argentina\/\" rel=\"bookmark\" class=\"bm-read-more entry-read-more\">M\u00e1s \u00bb<\/a><div>            <\/div>\n        <\/div>\n    <\/article>\n    <article id=\"post-9736\" class=\"item bm_layout post-9736 post type-post status-publish format-standard has-post-thumbnail hentry category-n-60 tag-brasil tag-catastrofe-ambiental tag-desastre-ecologico tag-extractivismo tag-hector-alimonda tag-medio-ambiente\">\n\t\t<div class=\"bm-blog-post-image entry-post-image\">\n\t\t\t<div class=\"bm-post-image clearfix bm-hover-effect bm-hover-effect-blur\">\n\t\t\t\t<img loading=\"lazy\" decoding=\"async\" width=\"640\" height=\"434\" src=\"https:\/\/www.economicas.uba.ar\/extension\/vocesenelfenix\/wp-content\/uploads\/6016-Alimonda.jpg\" class=\"attachment-large size-large wp-post-image\" alt=\"\" srcset=\"https:\/\/www.economicas.uba.ar\/extension\/vocesenelfenix\/wp-content\/uploads\/6016-Alimonda.jpg 1080w, https:\/\/www.economicas.uba.ar\/extension\/vocesenelfenix\/wp-content\/uploads\/6016-Alimonda-300x203.jpg 300w, https:\/\/www.economicas.uba.ar\/extension\/vocesenelfenix\/wp-content\/uploads\/6016-Alimonda-768x521.jpg 768w\" sizes=\"(max-width: 640px) 100vw, 640px\" \/>\t\t\t<\/div>\n\t\t<\/div>\n        <div class=\"bm-blog-post-content bm_content_box\">\n            <h4 class=\"entry-post-title bm_title\"><a href=\"https:\/\/www.economicas.uba.ar\/extension\/vocesenelfenix\/brasil-extractivismo-y-la-catastrofe-ambiental-del-rio-doce\/\" rel=\"bookmark\">Brasil, extractivismo y la cat\u00e1strofe ambiental del r\u00edo Doce<\/a><\/h4>            <div class=\"bm-blog-post-meta entry-post-meta bm_meta\">\n                            <\/div>\n            <div class=\"entry-post-content bm_content\">\n                | Por H\u00e9ctor Alimonda | A fines de 2015, una avalancha de residuos t\u00f3xicos de miner\u00eda destruy\u00f3 la cuenca de este curso de agua en Minas Gerais. Toda la vida <div><a href=\"https:\/\/www.economicas.uba.ar\/extension\/vocesenelfenix\/brasil-extractivismo-y-la-catastrofe-ambiental-del-rio-doce\/\" rel=\"bookmark\" class=\"bm-read-more entry-read-more\">M\u00e1s \u00bb<\/a><div>            <\/div>\n        <\/div>\n    <\/article>\n\t\t\t\t<\/div><\/div>\n\t\t\t\t\t\t\t\t<\/div>\n\t\t\t\t<\/div>\n\t\t\t\t\t<\/div>\n\t\t<\/div>\n\t\t\t\t\t<\/div>\n\t\t<\/section>\n\t\t\t\t<section class=\"elementor-section elementor-top-section elementor-element elementor-element-eb159bc elementor-section-boxed elementor-section-height-default elementor-section-height-default\" data-id=\"eb159bc\" data-element_type=\"section\" data-e-type=\"section\" data-settings=\"{&quot;background_background&quot;:&quot;classic&quot;}\">\n\t\t\t\t\t\t<div class=\"elementor-container elementor-column-gap-default\">\n\t\t\t\t\t<div class=\"elementor-column elementor-col-100 elementor-top-column elementor-element elementor-element-16d2821\" data-id=\"16d2821\" data-element_type=\"column\" data-e-type=\"column\">\n\t\t\t<div class=\"elementor-widget-wrap elementor-element-populated\">\n\t\t\t\t\t\t<div class=\"elementor-element elementor-element-64c4573 elementor-widget elementor-widget-text-editor\" data-id=\"64c4573\" data-element_type=\"widget\" data-e-type=\"widget\" data-widget_type=\"text-editor.default\">\n\t\t\t\t<div class=\"elementor-widget-container\">\n\t\t\t\t\t\t\t\t\t<iframe width=\"560\" height=\"315\" src=\"https:\/\/www.youtube.com\/embed\/videoseries?list=PLeYdj9X0_ljnB7OijT-ma_GkwOc-J3g4t\" title=\"YouTube video player\" frameborder=\"0\" allow=\"accelerometer; autoplay; clipboard-write; encrypted-media; gyroscope; picture-in-picture\" allowfullscreen><\/iframe>\t\t\t\t\t\t\t\t<\/div>\n\t\t\t\t<\/div>\n\t\t\t\t\t<\/div>\n\t\t<\/div>\n\t\t\t\t\t<\/div>\n\t\t<\/section>\n\t\t\t\t<\/div>\n\t\t","protected":false},"excerpt":{"rendered":"<p>N\u00daMERO 60 LAS VENAS VAC\u00cdAS DE AM\u00c9RICA LATINA EXTRACTIVISMO INSERTO EN LOS CIRCUITOS INTERNACIONALES DE EXTRACTIVISMO A PARTIR DE UNA POSICI\u00d3N SUBALTERNA, NUESTRO CONTINENTE EXPERIMENTA LOS SINSABORES DE UN TIPO<\/p>\n","protected":false},"author":5,"featured_media":0,"parent":0,"menu_order":0,"comment_status":"closed","ping_status":"closed","template":"","meta":{"footnotes":""},"class_list":["post-9582","page","type-page","status-publish","hentry"],"_links":{"self":[{"href":"https:\/\/www.economicas.uba.ar\/extension\/vocesenelfenix\/wp-json\/wp\/v2\/pages\/9582","targetHints":{"allow":["GET"]}}],"collection":[{"href":"https:\/\/www.economicas.uba.ar\/extension\/vocesenelfenix\/wp-json\/wp\/v2\/pages"}],"about":[{"href":"https:\/\/www.economicas.uba.ar\/extension\/vocesenelfenix\/wp-json\/wp\/v2\/types\/page"}],"author":[{"embeddable":true,"href":"https:\/\/www.economicas.uba.ar\/extension\/vocesenelfenix\/wp-json\/wp\/v2\/users\/5"}],"replies":[{"embeddable":true,"href":"https:\/\/www.economicas.uba.ar\/extension\/vocesenelfenix\/wp-json\/wp\/v2\/comments?post=9582"}],"version-history":[{"count":14,"href":"https:\/\/www.economicas.uba.ar\/extension\/vocesenelfenix\/wp-json\/wp\/v2\/pages\/9582\/revisions"}],"predecessor-version":[{"id":9614,"href":"https:\/\/www.economicas.uba.ar\/extension\/vocesenelfenix\/wp-json\/wp\/v2\/pages\/9582\/revisions\/9614"}],"wp:attachment":[{"href":"https:\/\/www.economicas.uba.ar\/extension\/vocesenelfenix\/wp-json\/wp\/v2\/media?parent=9582"}],"curies":[{"name":"wp","href":"https:\/\/api.w.org\/{rel}","templated":true}]}}