{"id":9745,"date":"2017-03-01T00:01:00","date_gmt":"2017-03-01T03:01:00","guid":{"rendered":"https:\/\/www.economicas.uba.ar\/extension\/vocesenelfenix\/?page_id=9745"},"modified":"2022-03-11T14:48:27","modified_gmt":"2022-03-11T17:48:27","slug":"numero-59","status":"publish","type":"page","link":"https:\/\/www.economicas.uba.ar\/extension\/vocesenelfenix\/numero-59\/","title":{"rendered":"N\u00famero 59"},"content":{"rendered":"\t\t<div data-elementor-type=\"wp-page\" data-elementor-id=\"9745\" class=\"elementor elementor-9745\" data-elementor-post-type=\"page\">\n\t\t\t\t\t\t<section class=\"elementor-section elementor-top-section elementor-element elementor-element-1ca5a8d elementor-section-boxed elementor-section-height-default elementor-section-height-default\" data-id=\"1ca5a8d\" data-element_type=\"section\" data-e-type=\"section\" data-settings=\"{&quot;background_background&quot;:&quot;classic&quot;}\">\n\t\t\t\t\t\t<div class=\"elementor-container elementor-column-gap-default\">\n\t\t\t\t\t<div class=\"elementor-column elementor-col-33 elementor-top-column elementor-element elementor-element-8ce841b\" data-id=\"8ce841b\" data-element_type=\"column\" data-e-type=\"column\">\n\t\t\t<div class=\"elementor-widget-wrap elementor-element-populated\">\n\t\t\t\t\t\t<div class=\"elementor-element elementor-element-ab66407 elementor-widget elementor-widget-image\" data-id=\"ab66407\" data-element_type=\"widget\" data-e-type=\"widget\" data-widget_type=\"image.default\">\n\t\t\t\t<div class=\"elementor-widget-container\">\n\t\t\t\t\t\t\t\t\t\t\t\t\t\t\t\t<a href=\"https:\/\/drive.google.com\/file\/d\/1dgHdVXFkBy_ucuXkwLl-_RVDnM8XZ0qv\/view\" target=\"_blank\">\n\t\t\t\t\t\t\t<img fetchpriority=\"high\" decoding=\"async\" width=\"193\" height=\"267\" src=\"https:\/\/www.economicas.uba.ar\/extension\/vocesenelfenix\/wp-content\/uploads\/tapa59.jpg\" class=\"attachment-large size-large wp-image-1927\" alt=\"\" \/>\t\t\t\t\t\t\t\t<\/a>\n\t\t\t\t\t\t\t\t\t\t\t\t\t\t\t<\/div>\n\t\t\t\t<\/div>\n\t\t\t\t\t<\/div>\n\t\t<\/div>\n\t\t\t\t<div class=\"elementor-column elementor-col-66 elementor-top-column elementor-element elementor-element-3453c42\" data-id=\"3453c42\" data-element_type=\"column\" data-e-type=\"column\">\n\t\t\t<div class=\"elementor-widget-wrap elementor-element-populated\">\n\t\t\t\t\t\t<div class=\"elementor-element elementor-element-758ff5d elementor-widget elementor-widget-text-editor\" data-id=\"758ff5d\" data-element_type=\"widget\" data-e-type=\"widget\" data-widget_type=\"text-editor.default\">\n\t\t\t\t<div class=\"elementor-widget-container\">\n\t\t\t\t\t\t\t\t\t<h5>N\u00daMERO 59<\/h5><h3>LOS OJOS SIN ROSTRO<\/h3><h6>LA RESPONSABILIZACI\u00d3N EN LA GESTI\u00d3N P\u00daBLICA<\/h6><p><br \/>LA RENDICI\u00d3N DE CUENTAS DE LOS GOBERNANTES CONSTITUYE UNA DE LAS GRANDES CUESTIONES PENDIENTES DE NUESTRAS DEMOCRACIAS. UN IMPERATIVO DE ESTOS TIEMPOS ES PERFECCIONAR LOS MECANISMOS DE AUDITOR\u00cdA Y RESPONSABILIZACI\u00d3N EN LOS DIVERSOS ASPECTOS Y NIVELES DEL FUNCIONAMIENTO OFICIAL. MAYOR EFICACIA Y EFICIENCIA, MENOS CORRUPCI\u00d3N, M\u00c1S TRANSPARENCIA, MAYOR EFECTIVIDAD DE LAS POL\u00cdTICAS Y UNA CRECIENTE PARTICIPACI\u00d3N DE LA CIUDADAN\u00cdA SON ALGUNAS DE LAS VENTAJAS QUE SE DERIVAN DE LA INSTITUCIONALIZACI\u00d3N DEL CONTROL SOBRE LAS ACCIONES DEL ESTADO.<\/p>\t\t\t\t\t\t\t\t<\/div>\n\t\t\t\t<\/div>\n\t\t\t\t<div class=\"elementor-element elementor-element-a0a287c elementor-widget elementor-widget-button\" data-id=\"a0a287c\" data-element_type=\"widget\" data-e-type=\"widget\" data-widget_type=\"button.default\">\n\t\t\t\t<div class=\"elementor-widget-container\">\n\t\t\t\t\t\t\t\t\t<div class=\"elementor-button-wrapper\">\n\t\t\t\t\t<a class=\"elementor-button elementor-button-link elementor-size-xs\" href=\"https:\/\/drive.google.com\/file\/d\/1dgHdVXFkBy_ucuXkwLl-_RVDnM8XZ0qv\/view\" target=\"_blank\">\n\t\t\t\t\t\t<span class=\"elementor-button-content-wrapper\">\n\t\t\t\t\t\t\t\t\t<span class=\"elementor-button-text\">Descarg\u00e1 el PDF<\/span>\n\t\t\t\t\t<\/span>\n\t\t\t\t\t<\/a>\n\t\t\t\t<\/div>\n\t\t\t\t\t\t\t\t<\/div>\n\t\t\t\t<\/div>\n\t\t\t\t\t<\/div>\n\t\t<\/div>\n\t\t\t\t\t<\/div>\n\t\t<\/section>\n\t\t\t\t<section class=\"elementor-section elementor-top-section elementor-element elementor-element-67abc2e elementor-section-boxed elementor-section-height-default elementor-section-height-default\" data-id=\"67abc2e\" data-element_type=\"section\" data-e-type=\"section\">\n\t\t\t\t\t\t<div class=\"elementor-container elementor-column-gap-default\">\n\t\t\t\t\t<div class=\"elementor-column elementor-col-100 elementor-top-column elementor-element elementor-element-7347334\" data-id=\"7347334\" data-element_type=\"column\" data-e-type=\"column\">\n\t\t\t<div class=\"elementor-widget-wrap elementor-element-populated\">\n\t\t\t\t\t\t<div class=\"elementor-element elementor-element-f72439c elementor-grid-3 elementor-grid-tablet-2 elementor-grid-mobile-1 elementor-posts--align-left elementor-widget elementor-widget-blogmentor_blog_posts\" data-id=\"f72439c\" data-element_type=\"widget\" data-e-type=\"widget\" data-settings=\"{&quot;bm_grid_columns&quot;:&quot;3&quot;,&quot;bm_grid_columns_tablet&quot;:&quot;2&quot;,&quot;bm_grid_columns_mobile&quot;:&quot;1&quot;,&quot;post_card_grid_gap&quot;:{&quot;unit&quot;:&quot;px&quot;,&quot;size&quot;:10,&quot;sizes&quot;:[]},&quot;post_card_row_gap&quot;:{&quot;unit&quot;:&quot;px&quot;,&quot;size&quot;:35,&quot;sizes&quot;:[]}}\" data-widget_type=\"blogmentor_blog_posts.default\">\n\t\t\t\t<div class=\"elementor-widget-container\">\n\t\t\t\t\t\t\t\n\t\t\t\t\t\t\t\t<div class=\"bm-blog-posts-wrapper\" >\n\t\t\t\t\t\t\t<div class=\"bm-blog-posts bm-display-grid elementor-grid elementor-grid-3\" >\n\t\t\t\t    <article id=\"post-9751\" class=\"item bm_layout post-9751 post type-post status-publish format-standard has-post-thumbnail hentry category-n-59 tag-abraham-leonardo-gak tag-democracia tag-editorial tag-estado tag-instituciones tag-responsabilizacion-en-la-gestion-publica\">\n\t\t<div class=\"bm-blog-post-image entry-post-image\">\n\t\t\t<div class=\"bm-post-image clearfix bm-hover-effect bm-hover-effect-blur\">\n\t\t\t\t<img decoding=\"async\" width=\"640\" height=\"450\" src=\"https:\/\/www.economicas.uba.ar\/extension\/vocesenelfenix\/wp-content\/uploads\/5900-Gak.jpg\" class=\"attachment-large size-large wp-post-image\" alt=\"\" srcset=\"https:\/\/www.economicas.uba.ar\/extension\/vocesenelfenix\/wp-content\/uploads\/5900-Gak.jpg 1080w, https:\/\/www.economicas.uba.ar\/extension\/vocesenelfenix\/wp-content\/uploads\/5900-Gak-300x211.jpg 300w, https:\/\/www.economicas.uba.ar\/extension\/vocesenelfenix\/wp-content\/uploads\/5900-Gak-768x540.jpg 768w\" sizes=\"(max-width: 640px) 100vw, 640px\" \/>\t\t\t<\/div>\n\t\t<\/div>\n        <div class=\"bm-blog-post-content bm_content_box\">\n            <h4 class=\"entry-post-title bm_title\"><a href=\"https:\/\/www.economicas.uba.ar\/extension\/vocesenelfenix\/editorial-la-inoperancia-de-un-sistema-que-no-garantiza-plena-democracia\/\" rel=\"bookmark\">Editorial: La inoperancia de un sistema que no garantiza plena democracia<\/a><\/h4>            <div class=\"bm-blog-post-meta entry-post-meta bm_meta\">\n                            <\/div>\n            <div class=\"entry-post-content bm_content\">\n                | Por Abraham Leonardo Gak |            <\/div>\n        <\/div>\n    <\/article>\n    <article id=\"post-9760\" class=\"item bm_layout post-9760 post type-post status-publish format-standard has-post-thumbnail hentry category-n-59 tag-control-estatal tag-gestion-estatal tag-juan-manuel-abal-medina tag-politicas-publicas tag-responsabilizacion-en-la-gestion-publica\">\n\t\t<div class=\"bm-blog-post-image entry-post-image\">\n\t\t\t<div class=\"bm-post-image clearfix bm-hover-effect bm-hover-effect-blur\">\n\t\t\t\t<img decoding=\"async\" width=\"640\" height=\"488\" src=\"https:\/\/www.economicas.uba.ar\/extension\/vocesenelfenix\/wp-content\/uploads\/5901-Abal.jpg\" class=\"attachment-large size-large wp-post-image\" alt=\"\" srcset=\"https:\/\/www.economicas.uba.ar\/extension\/vocesenelfenix\/wp-content\/uploads\/5901-Abal.jpg 1080w, https:\/\/www.economicas.uba.ar\/extension\/vocesenelfenix\/wp-content\/uploads\/5901-Abal-300x229.jpg 300w, https:\/\/www.economicas.uba.ar\/extension\/vocesenelfenix\/wp-content\/uploads\/5901-Abal-768x586.jpg 768w\" sizes=\"(max-width: 640px) 100vw, 640px\" \/>\t\t\t<\/div>\n\t\t<\/div>\n        <div class=\"bm-blog-post-content bm_content_box\">\n            <h4 class=\"entry-post-title bm_title\"><a href=\"https:\/\/www.economicas.uba.ar\/extension\/vocesenelfenix\/los-mecanismos-institucionales-de-control-estatal-exitos-y-fracasos\/\" rel=\"bookmark\">Los mecanismos institucionales de control estatal: \u00e9xitos y fracasos<\/a><\/h4>            <div class=\"bm-blog-post-meta entry-post-meta bm_meta\">\n                            <\/div>\n            <div class=\"entry-post-content bm_content\">\n                | Por Juan Manuel Abal Medina | La evaluaci\u00f3n de las pol\u00edticas p\u00fablicas a trav\u00e9s de agencias interactuantes posibilita un monitoreo de la gesti\u00f3n estatal sobre la marcha, con las <div><a href=\"https:\/\/www.economicas.uba.ar\/extension\/vocesenelfenix\/los-mecanismos-institucionales-de-control-estatal-exitos-y-fracasos\/\" rel=\"bookmark\" class=\"bm-read-more entry-read-more\">M\u00e1s \u00bb<\/a><div>            <\/div>\n        <\/div>\n    <\/article>\n    <article id=\"post-9766\" class=\"item bm_layout post-9766 post type-post status-publish format-standard has-post-thumbnail hentry category-n-59 tag-carlos-r-constenla tag-defensoria-del-pueblo tag-derechos tag-politicas-publicas tag-responsabilizacion-en-la-gestion-publica\">\n\t\t<div class=\"bm-blog-post-image entry-post-image\">\n\t\t\t<div class=\"bm-post-image clearfix bm-hover-effect bm-hover-effect-blur\">\n\t\t\t\t<img loading=\"lazy\" decoding=\"async\" width=\"640\" height=\"479\" src=\"https:\/\/www.economicas.uba.ar\/extension\/vocesenelfenix\/wp-content\/uploads\/5902-Constenla.jpg\" class=\"attachment-large size-large wp-post-image\" alt=\"\" srcset=\"https:\/\/www.economicas.uba.ar\/extension\/vocesenelfenix\/wp-content\/uploads\/5902-Constenla.jpg 1080w, https:\/\/www.economicas.uba.ar\/extension\/vocesenelfenix\/wp-content\/uploads\/5902-Constenla-300x224.jpg 300w, https:\/\/www.economicas.uba.ar\/extension\/vocesenelfenix\/wp-content\/uploads\/5902-Constenla-768x575.jpg 768w\" sizes=\"(max-width: 640px) 100vw, 640px\" \/>\t\t\t<\/div>\n\t\t<\/div>\n        <div class=\"bm-blog-post-content bm_content_box\">\n            <h4 class=\"entry-post-title bm_title\"><a href=\"https:\/\/www.economicas.uba.ar\/extension\/vocesenelfenix\/las-instituciones-de-defensoria-del-pueblo-pasado-presente-y-futuro\/\" rel=\"bookmark\">Las instituciones de defensor\u00eda del pueblo. Pasado, presente y futuro<\/a><\/h4>            <div class=\"bm-blog-post-meta entry-post-meta bm_meta\">\n                            <\/div>\n            <div class=\"entry-post-content bm_content\">\n                | Por Carlos R. Constenla | Las defensor\u00edas surgieron a fines del siglo XX con el objeto de paliar algunas de las inconsistencias del sistema institucional en cuanto a la <div><a href=\"https:\/\/www.economicas.uba.ar\/extension\/vocesenelfenix\/las-instituciones-de-defensoria-del-pueblo-pasado-presente-y-futuro\/\" rel=\"bookmark\" class=\"bm-read-more entry-read-more\">M\u00e1s \u00bb<\/a><div>            <\/div>\n        <\/div>\n    <\/article>\n    <article id=\"post-9773\" class=\"item bm_layout post-9773 post type-post status-publish format-standard has-post-thumbnail hentry category-n-59 tag-auditoria-general-de-la-nacion tag-corrupcion tag-ley-de-administracion-financiera tag-responsabilizacion-en-la-gestion-publica tag-sebastian-gil tag-sindicatura-general-de-la-nacion\">\n\t\t<div class=\"bm-blog-post-image entry-post-image\">\n\t\t\t<div class=\"bm-post-image clearfix bm-hover-effect bm-hover-effect-blur\">\n\t\t\t\t<img loading=\"lazy\" decoding=\"async\" width=\"640\" height=\"459\" src=\"https:\/\/www.economicas.uba.ar\/extension\/vocesenelfenix\/wp-content\/uploads\/5903-Gil.jpg\" class=\"attachment-large size-large wp-post-image\" alt=\"\" srcset=\"https:\/\/www.economicas.uba.ar\/extension\/vocesenelfenix\/wp-content\/uploads\/5903-Gil.jpg 1080w, https:\/\/www.economicas.uba.ar\/extension\/vocesenelfenix\/wp-content\/uploads\/5903-Gil-300x215.jpg 300w, https:\/\/www.economicas.uba.ar\/extension\/vocesenelfenix\/wp-content\/uploads\/5903-Gil-768x550.jpg 768w, https:\/\/www.economicas.uba.ar\/extension\/vocesenelfenix\/wp-content\/uploads\/5903-Gil-183x132.jpg 183w\" sizes=\"(max-width: 640px) 100vw, 640px\" \/>\t\t\t<\/div>\n\t\t<\/div>\n        <div class=\"bm-blog-post-content bm_content_box\">\n            <h4 class=\"entry-post-title bm_title\"><a href=\"https:\/\/www.economicas.uba.ar\/extension\/vocesenelfenix\/los-mecanismos-de-control-de-la-corrupcion-una-aproximacion-al-caso-de-los-organos-rectores-del-control-interno-y-externo\/\" rel=\"bookmark\">Los mecanismos de control de la corrupci\u00f3n: una aproximaci\u00f3n al caso de los \u00f3rganos rectores del control interno y externo<\/a><\/h4>            <div class=\"bm-blog-post-meta entry-post-meta bm_meta\">\n                            <\/div>\n            <div class=\"entry-post-content bm_content\">\n                | Por Sebasti\u00e1n Gil | A partir de la Ley de Administraci\u00f3n Financiera de 1992, el sistema de control argentino est\u00e1 regido por dos grandes organismos: la Sindicatura General de <div><a href=\"https:\/\/www.economicas.uba.ar\/extension\/vocesenelfenix\/los-mecanismos-de-control-de-la-corrupcion-una-aproximacion-al-caso-de-los-organos-rectores-del-control-interno-y-externo\/\" rel=\"bookmark\" class=\"bm-read-more entry-read-more\">M\u00e1s \u00bb<\/a><div>            <\/div>\n        <\/div>\n    <\/article>\n    <article id=\"post-9779\" class=\"item bm_layout post-9779 post type-post status-publish format-standard has-post-thumbnail hentry category-n-59 tag-agenda-anticorrupcion tag-corrupcion tag-gobernanza-moderna tag-nora-gorrochategui tag-responsabilizacion-en-la-gestion-publica\">\n\t\t<div class=\"bm-blog-post-image entry-post-image\">\n\t\t\t<div class=\"bm-post-image clearfix bm-hover-effect bm-hover-effect-blur\">\n\t\t\t\t<img loading=\"lazy\" decoding=\"async\" width=\"640\" height=\"295\" src=\"https:\/\/www.economicas.uba.ar\/extension\/vocesenelfenix\/wp-content\/uploads\/5904-Gorrochategui.jpg\" class=\"attachment-large size-large wp-post-image\" alt=\"\" srcset=\"https:\/\/www.economicas.uba.ar\/extension\/vocesenelfenix\/wp-content\/uploads\/5904-Gorrochategui.jpg 1080w, https:\/\/www.economicas.uba.ar\/extension\/vocesenelfenix\/wp-content\/uploads\/5904-Gorrochategui-300x138.jpg 300w, https:\/\/www.economicas.uba.ar\/extension\/vocesenelfenix\/wp-content\/uploads\/5904-Gorrochategui-768x353.jpg 768w\" sizes=\"(max-width: 640px) 100vw, 640px\" \/>\t\t\t<\/div>\n\t\t<\/div>\n        <div class=\"bm-blog-post-content bm_content_box\">\n            <h4 class=\"entry-post-title bm_title\"><a href=\"https:\/\/www.economicas.uba.ar\/extension\/vocesenelfenix\/inventario-de-mecanismos-preventivos-de-control-de-la-corrupcion\/\" rel=\"bookmark\">Inventario de mecanismos preventivos de control de la corrupci\u00f3n<\/a><\/h4>            <div class=\"bm-blog-post-meta entry-post-meta bm_meta\">\n                            <\/div>\n            <div class=\"entry-post-content bm_content\">\n                | Por Nora Gorrochategui | La agenda internacional se hace eco de la creciente conciencia sobre los problemas que la corrupci\u00f3n presenta para el desarrollo sostenible de los pa\u00edses. Esto <div><a href=\"https:\/\/www.economicas.uba.ar\/extension\/vocesenelfenix\/inventario-de-mecanismos-preventivos-de-control-de-la-corrupcion\/\" rel=\"bookmark\" class=\"bm-read-more entry-read-more\">M\u00e1s \u00bb<\/a><div>            <\/div>\n        <\/div>\n    <\/article>\n    <article id=\"post-9785\" class=\"item bm_layout post-9785 post type-post status-publish format-standard has-post-thumbnail hentry category-n-59 tag-controles-juridicos tag-enrique-i-groisman tag-plan-de-modernizacion-del-estado tag-responsabilizacion-en-la-gestion-publica\">\n\t\t<div class=\"bm-blog-post-image entry-post-image\">\n\t\t\t<div class=\"bm-post-image clearfix bm-hover-effect bm-hover-effect-blur\">\n\t\t\t\t<img loading=\"lazy\" decoding=\"async\" width=\"640\" height=\"461\" src=\"https:\/\/www.economicas.uba.ar\/extension\/vocesenelfenix\/wp-content\/uploads\/5905-Groisman.jpg\" class=\"attachment-large size-large wp-post-image\" alt=\"\" srcset=\"https:\/\/www.economicas.uba.ar\/extension\/vocesenelfenix\/wp-content\/uploads\/5905-Groisman.jpg 1080w, https:\/\/www.economicas.uba.ar\/extension\/vocesenelfenix\/wp-content\/uploads\/5905-Groisman-300x216.jpg 300w, https:\/\/www.economicas.uba.ar\/extension\/vocesenelfenix\/wp-content\/uploads\/5905-Groisman-768x553.jpg 768w, https:\/\/www.economicas.uba.ar\/extension\/vocesenelfenix\/wp-content\/uploads\/5905-Groisman-183x132.jpg 183w\" sizes=\"(max-width: 640px) 100vw, 640px\" \/>\t\t\t<\/div>\n\t\t<\/div>\n        <div class=\"bm-blog-post-content bm_content_box\">\n            <h4 class=\"entry-post-title bm_title\"><a href=\"https:\/\/www.economicas.uba.ar\/extension\/vocesenelfenix\/controles-juridicos-vs-reglas-tecnicas-una-erronea-oposicion\/\" rel=\"bookmark\">Controles jur\u00eddicos vs. reglas t\u00e9cnicas: una err\u00f3nea oposici\u00f3n<\/a><\/h4>            <div class=\"bm-blog-post-meta entry-post-meta bm_meta\">\n                            <\/div>\n            <div class=\"entry-post-content bm_content\">\n                | Por Enrique I. Groisman | La contraposici\u00f3n entre el modelo racional-burocr\u00e1tico y el gerencial puede ser objetada, toda vez que las normas jur\u00eddicas constituyen un requisito indispensable en el <div><a href=\"https:\/\/www.economicas.uba.ar\/extension\/vocesenelfenix\/controles-juridicos-vs-reglas-tecnicas-una-erronea-oposicion\/\" rel=\"bookmark\" class=\"bm-read-more entry-read-more\">M\u00e1s \u00bb<\/a><div>            <\/div>\n        <\/div>\n    <\/article>\n    <article id=\"post-9791\" class=\"item bm_layout post-9791 post type-post status-publish format-standard has-post-thumbnail hentry category-n-59 tag-acceso-a-la-informacion tag-corrupcion tag-ester-kaufman tag-gobierno-abierto tag-ley-de-acceso-a-la-informacion tag-portal-de-datos-publicos tag-responsabilizacion-en-la-gestion-publica\">\n\t\t<div class=\"bm-blog-post-image entry-post-image\">\n\t\t\t<div class=\"bm-post-image clearfix bm-hover-effect bm-hover-effect-blur\">\n\t\t\t\t<img loading=\"lazy\" decoding=\"async\" width=\"640\" height=\"434\" src=\"https:\/\/www.economicas.uba.ar\/extension\/vocesenelfenix\/wp-content\/uploads\/5906-Kaufman.jpg\" class=\"attachment-large size-large wp-post-image\" alt=\"\" srcset=\"https:\/\/www.economicas.uba.ar\/extension\/vocesenelfenix\/wp-content\/uploads\/5906-Kaufman.jpg 1080w, https:\/\/www.economicas.uba.ar\/extension\/vocesenelfenix\/wp-content\/uploads\/5906-Kaufman-300x203.jpg 300w, https:\/\/www.economicas.uba.ar\/extension\/vocesenelfenix\/wp-content\/uploads\/5906-Kaufman-768x521.jpg 768w\" sizes=\"(max-width: 640px) 100vw, 640px\" \/>\t\t\t<\/div>\n\t\t<\/div>\n        <div class=\"bm-blog-post-content bm_content_box\">\n            <h4 class=\"entry-post-title bm_title\"><a href=\"https:\/\/www.economicas.uba.ar\/extension\/vocesenelfenix\/acceso-a-la-informacion-datos-abiertos-y-lucha-contra-la-corrupcion-conexiones-sugeridas-en-el-discurso-oficial\/\" rel=\"bookmark\">Acceso a la informaci\u00f3n, datos abiertos y lucha contra la corrupci\u00f3n: conexiones sugeridas en el discurso oficial<\/a><\/h4>            <div class=\"bm-blog-post-meta entry-post-meta bm_meta\">\n                            <\/div>\n            <div class=\"entry-post-content bm_content\">\n                | Por Ester Kaufman | Medidas recientes, como la aprobaci\u00f3n de la Ley de Acceso a la Informaci\u00f3n o la creaci\u00f3n del Portal de Datos P\u00fablicos, representan un avance en <div><a href=\"https:\/\/www.economicas.uba.ar\/extension\/vocesenelfenix\/acceso-a-la-informacion-datos-abiertos-y-lucha-contra-la-corrupcion-conexiones-sugeridas-en-el-discurso-oficial\/\" rel=\"bookmark\" class=\"bm-read-more entry-read-more\">M\u00e1s \u00bb<\/a><div>            <\/div>\n        <\/div>\n    <\/article>\n    <article id=\"post-9797\" class=\"item bm_layout post-9797 post type-post status-publish format-standard has-post-thumbnail hentry category-n-59 tag-auditoria-general-de-la-nacion tag-control-estatal tag-oscar-lamberto tag-responsabilizacion-en-la-gestion-publica\">\n\t\t<div class=\"bm-blog-post-image entry-post-image\">\n\t\t\t<div class=\"bm-post-image clearfix bm-hover-effect bm-hover-effect-blur\">\n\t\t\t\t<img loading=\"lazy\" decoding=\"async\" width=\"640\" height=\"432\" src=\"https:\/\/www.economicas.uba.ar\/extension\/vocesenelfenix\/wp-content\/uploads\/5907-Lamberto.jpg\" class=\"attachment-large size-large wp-post-image\" alt=\"\" srcset=\"https:\/\/www.economicas.uba.ar\/extension\/vocesenelfenix\/wp-content\/uploads\/5907-Lamberto.jpg 1080w, https:\/\/www.economicas.uba.ar\/extension\/vocesenelfenix\/wp-content\/uploads\/5907-Lamberto-300x203.jpg 300w, https:\/\/www.economicas.uba.ar\/extension\/vocesenelfenix\/wp-content\/uploads\/5907-Lamberto-768x518.jpg 768w\" sizes=\"(max-width: 640px) 100vw, 640px\" \/>\t\t\t<\/div>\n\t\t<\/div>\n        <div class=\"bm-blog-post-content bm_content_box\">\n            <h4 class=\"entry-post-title bm_title\"><a href=\"https:\/\/www.economicas.uba.ar\/extension\/vocesenelfenix\/la-auditoria-general-de-la-nacion-breve-historia-y-desafios-a-futuro\/\" rel=\"bookmark\">La Auditor\u00eda General de la Naci\u00f3n: breve historia y desaf\u00edos a futuro<\/a><\/h4>            <div class=\"bm-blog-post-meta entry-post-meta bm_meta\">\n                            <\/div>\n            <div class=\"entry-post-content bm_content\">\n                | Por Oscar Lamberto | En 2017 se cumplen 25 a\u00f1os de la instauraci\u00f3n de la AGN como organismo aut\u00f3nomo de asistencia t\u00e9cnica al Congreso nacional. Su aparici\u00f3n marc\u00f3 un <div><a href=\"https:\/\/www.economicas.uba.ar\/extension\/vocesenelfenix\/la-auditoria-general-de-la-nacion-breve-historia-y-desafios-a-futuro\/\" rel=\"bookmark\" class=\"bm-read-more entry-read-more\">M\u00e1s \u00bb<\/a><div>            <\/div>\n        <\/div>\n    <\/article>\n    <article id=\"post-9803\" class=\"item bm_layout post-9803 post type-post status-publish format-standard has-post-thumbnail hentry category-n-59 tag-control-de-legalidad tag-control-por-resultados tag-emilia-raquel-lerner tag-estado tag-responsabilizacion-en-la-gestion-publica\">\n\t\t<div class=\"bm-blog-post-image entry-post-image\">\n\t\t\t<div class=\"bm-post-image clearfix bm-hover-effect bm-hover-effect-blur\">\n\t\t\t\t<img loading=\"lazy\" decoding=\"async\" width=\"640\" height=\"430\" src=\"https:\/\/www.economicas.uba.ar\/extension\/vocesenelfenix\/wp-content\/uploads\/5908-Lerner.jpg\" class=\"attachment-large size-large wp-post-image\" alt=\"\" srcset=\"https:\/\/www.economicas.uba.ar\/extension\/vocesenelfenix\/wp-content\/uploads\/5908-Lerner.jpg 1080w, https:\/\/www.economicas.uba.ar\/extension\/vocesenelfenix\/wp-content\/uploads\/5908-Lerner-300x202.jpg 300w, https:\/\/www.economicas.uba.ar\/extension\/vocesenelfenix\/wp-content\/uploads\/5908-Lerner-768x516.jpg 768w\" sizes=\"(max-width: 640px) 100vw, 640px\" \/>\t\t\t<\/div>\n\t\t<\/div>\n        <div class=\"bm-blog-post-content bm_content_box\">\n            <h4 class=\"entry-post-title bm_title\"><a href=\"https:\/\/www.economicas.uba.ar\/extension\/vocesenelfenix\/del-control-de-legalidad-al-control-por-resultados\/\" rel=\"bookmark\">Del control de legalidad al control por resultados<\/a><\/h4>            <div class=\"bm-blog-post-meta entry-post-meta bm_meta\">\n                            <\/div>\n            <div class=\"entry-post-content bm_content\">\n                | Por Emilia Raquel Lerner | La revisi\u00f3n sistem\u00e1tica de la gesti\u00f3n debe abarcar todo el sector p\u00fablico en forma continuada, con un alcance transversal e interdisciplinario, seg\u00fan principios de <div><a href=\"https:\/\/www.economicas.uba.ar\/extension\/vocesenelfenix\/del-control-de-legalidad-al-control-por-resultados\/\" rel=\"bookmark\" class=\"bm-read-more entry-read-more\">M\u00e1s \u00bb<\/a><div>            <\/div>\n        <\/div>\n    <\/article>\n    <article id=\"post-9809\" class=\"item bm_layout post-9809 post type-post status-publish format-standard has-post-thumbnail hentry category-n-59 tag-andrea-lopez tag-audiencia-publica tag-control-ciudadano tag-participacion-ciudadana tag-responsabilizacion-en-la-gestion-publica\">\n\t\t<div class=\"bm-blog-post-image entry-post-image\">\n\t\t\t<div class=\"bm-post-image clearfix bm-hover-effect bm-hover-effect-blur\">\n\t\t\t\t<img loading=\"lazy\" decoding=\"async\" width=\"640\" height=\"432\" src=\"https:\/\/www.economicas.uba.ar\/extension\/vocesenelfenix\/wp-content\/uploads\/5909-Lopez.jpg\" class=\"attachment-large size-large wp-post-image\" alt=\"\" srcset=\"https:\/\/www.economicas.uba.ar\/extension\/vocesenelfenix\/wp-content\/uploads\/5909-Lopez.jpg 1080w, https:\/\/www.economicas.uba.ar\/extension\/vocesenelfenix\/wp-content\/uploads\/5909-Lopez-300x203.jpg 300w, https:\/\/www.economicas.uba.ar\/extension\/vocesenelfenix\/wp-content\/uploads\/5909-Lopez-768x518.jpg 768w\" sizes=\"(max-width: 640px) 100vw, 640px\" \/>\t\t\t<\/div>\n\t\t<\/div>\n        <div class=\"bm-blog-post-content bm_content_box\">\n            <h4 class=\"entry-post-title bm_title\"><a href=\"https:\/\/www.economicas.uba.ar\/extension\/vocesenelfenix\/el-mecanismo-de-audiencia-publica-como-herramienta-participativa-cuando-el-futuro-repite-el-pasado\/\" rel=\"bookmark\">El mecanismo de audiencia p\u00fablica como herramienta participativa: cuando el futuro repite el pasado<\/a><\/h4>            <div class=\"bm-blog-post-meta entry-post-meta bm_meta\">\n                            <\/div>\n            <div class=\"entry-post-content bm_content\">\n                | Por Andrea L\u00f3pez | Las audiencias p\u00fablicas tienen por objetivo dar un lugar a las opiniones de los distintos actores sociales afectados por las pol\u00edticas estatales vinculadas a los <div><a href=\"https:\/\/www.economicas.uba.ar\/extension\/vocesenelfenix\/el-mecanismo-de-audiencia-publica-como-herramienta-participativa-cuando-el-futuro-repite-el-pasado\/\" rel=\"bookmark\" class=\"bm-read-more entry-read-more\">M\u00e1s \u00bb<\/a><div>            <\/div>\n        <\/div>\n    <\/article>\n    <article id=\"post-9815\" class=\"item bm_layout post-9815 post type-post status-publish format-standard has-post-thumbnail hentry category-n-59 tag-control-de-gestion tag-democracia tag-gobierno-abierto tag-oscar-oszlak tag-rendicion-de-cuentas tag-responsabilizacion-en-la-gestion-publica\">\n\t\t<div class=\"bm-blog-post-image entry-post-image\">\n\t\t\t<div class=\"bm-post-image clearfix bm-hover-effect bm-hover-effect-blur\">\n\t\t\t\t<img loading=\"lazy\" decoding=\"async\" width=\"640\" height=\"437\" src=\"https:\/\/www.economicas.uba.ar\/extension\/vocesenelfenix\/wp-content\/uploads\/5910-Oszlak.jpg\" class=\"attachment-large size-large wp-post-image\" alt=\"\" srcset=\"https:\/\/www.economicas.uba.ar\/extension\/vocesenelfenix\/wp-content\/uploads\/5910-Oszlak.jpg 1080w, https:\/\/www.economicas.uba.ar\/extension\/vocesenelfenix\/wp-content\/uploads\/5910-Oszlak-300x205.jpg 300w, https:\/\/www.economicas.uba.ar\/extension\/vocesenelfenix\/wp-content\/uploads\/5910-Oszlak-768x524.jpg 768w\" sizes=\"(max-width: 640px) 100vw, 640px\" \/>\t\t\t<\/div>\n\t\t<\/div>\n        <div class=\"bm-blog-post-content bm_content_box\">\n            <h4 class=\"entry-post-title bm_title\"><a href=\"https:\/\/www.economicas.uba.ar\/extension\/vocesenelfenix\/control-de-gestion-responsabilizacion-y-democracia\/\" rel=\"bookmark\">Control de gesti\u00f3n, responsabilizaci\u00f3n y democracia<\/a><\/h4>            <div class=\"bm-blog-post-meta entry-post-meta bm_meta\">\n                            <\/div>\n            <div class=\"entry-post-content bm_content\">\n                | Por Oscar Oszlak | De una buena gesti\u00f3n p\u00fablica depende en gran medida la suerte de una sociedad. De all\u00ed la importancia de la rendici\u00f3n de cuentas, que s\u00f3lo <div><a href=\"https:\/\/www.economicas.uba.ar\/extension\/vocesenelfenix\/control-de-gestion-responsabilizacion-y-democracia\/\" rel=\"bookmark\" class=\"bm-read-more entry-read-more\">M\u00e1s \u00bb<\/a><div>            <\/div>\n        <\/div>\n    <\/article>\n    <article id=\"post-9822\" class=\"item bm_layout post-9822 post type-post status-publish format-standard has-post-thumbnail hentry category-n-59 tag-alejandro-otero tag-control-ciudadano tag-control-fiscal tag-evasion-fiscal tag-neoliberalismo tag-responsabilizacion-en-la-gestion-publica\">\n\t\t<div class=\"bm-blog-post-image entry-post-image\">\n\t\t\t<div class=\"bm-post-image clearfix bm-hover-effect bm-hover-effect-blur\">\n\t\t\t\t<img loading=\"lazy\" decoding=\"async\" width=\"640\" height=\"441\" src=\"https:\/\/www.economicas.uba.ar\/extension\/vocesenelfenix\/wp-content\/uploads\/5911-Otero.jpg\" class=\"attachment-large size-large wp-post-image\" alt=\"\" srcset=\"https:\/\/www.economicas.uba.ar\/extension\/vocesenelfenix\/wp-content\/uploads\/5911-Otero.jpg 1080w, https:\/\/www.economicas.uba.ar\/extension\/vocesenelfenix\/wp-content\/uploads\/5911-Otero-300x207.jpg 300w, https:\/\/www.economicas.uba.ar\/extension\/vocesenelfenix\/wp-content\/uploads\/5911-Otero-768x529.jpg 768w\" sizes=\"(max-width: 640px) 100vw, 640px\" \/>\t\t\t<\/div>\n\t\t<\/div>\n        <div class=\"bm-blog-post-content bm_content_box\">\n            <h4 class=\"entry-post-title bm_title\"><a href=\"https:\/\/www.economicas.uba.ar\/extension\/vocesenelfenix\/hacia-nuevas-formas-de-control-fiscal-y-ciudadano\/\" rel=\"bookmark\">Hacia nuevas formas de control fiscal y ciudadano<\/a><\/h4>            <div class=\"bm-blog-post-meta entry-post-meta bm_meta\">\n                            <\/div>\n            <div class=\"entry-post-content bm_content\">\n                | Por Alejandro Otero | Ante al desaf\u00edo que el neoliberalismo y algunos de sus productos emblem\u00e1ticos \u2013como los \u201cpara\u00edsos fiscales\u201d\u2013 representan para el financiamiento de los Estados, es necesario <div><a href=\"https:\/\/www.economicas.uba.ar\/extension\/vocesenelfenix\/hacia-nuevas-formas-de-control-fiscal-y-ciudadano\/\" rel=\"bookmark\" class=\"bm-read-more entry-read-more\">M\u00e1s \u00bb<\/a><div>            <\/div>\n        <\/div>\n    <\/article>\n    <article id=\"post-9828\" class=\"item bm_layout post-9828 post type-post status-publish format-standard has-post-thumbnail hentry category-n-59 tag-agenda-2030 tag-desarrollo-sostenible tag-gobierno-abierto tag-marta-oyhanarte tag-onu tag-responsabilizacion-en-la-gestion-publica\">\n\t\t<div class=\"bm-blog-post-image entry-post-image\">\n\t\t\t<div class=\"bm-post-image clearfix bm-hover-effect bm-hover-effect-blur\">\n\t\t\t\t<img loading=\"lazy\" decoding=\"async\" width=\"640\" height=\"434\" src=\"https:\/\/www.economicas.uba.ar\/extension\/vocesenelfenix\/wp-content\/uploads\/5912-Oyhanarte.jpg\" class=\"attachment-large size-large wp-post-image\" alt=\"\" srcset=\"https:\/\/www.economicas.uba.ar\/extension\/vocesenelfenix\/wp-content\/uploads\/5912-Oyhanarte.jpg 1080w, https:\/\/www.economicas.uba.ar\/extension\/vocesenelfenix\/wp-content\/uploads\/5912-Oyhanarte-300x203.jpg 300w, https:\/\/www.economicas.uba.ar\/extension\/vocesenelfenix\/wp-content\/uploads\/5912-Oyhanarte-768x521.jpg 768w\" sizes=\"(max-width: 640px) 100vw, 640px\" \/>\t\t\t<\/div>\n\t\t<\/div>\n        <div class=\"bm-blog-post-content bm_content_box\">\n            <h4 class=\"entry-post-title bm_title\"><a href=\"https:\/\/www.economicas.uba.ar\/extension\/vocesenelfenix\/estado-abierto-para-maximizar-el-control\/\" rel=\"bookmark\">Estado Abierto para maximizar el control<\/a><\/h4>            <div class=\"bm-blog-post-meta entry-post-meta bm_meta\">\n                            <\/div>\n            <div class=\"entry-post-content bm_content\">\n                | Por Marta Oyhanarte | El fortalecimiento institucional es uno de los objetivos clave de la Agenda 2030 de la ONU para el Desarrollo Sostenible, aprobada a fines de 2015. <div><a href=\"https:\/\/www.economicas.uba.ar\/extension\/vocesenelfenix\/estado-abierto-para-maximizar-el-control\/\" rel=\"bookmark\" class=\"bm-read-more entry-read-more\">M\u00e1s \u00bb<\/a><div>            <\/div>\n        <\/div>\n    <\/article>\n    <article id=\"post-9834\" class=\"item bm_layout post-9834 post type-post status-publish format-standard has-post-thumbnail hentry category-n-59 tag-control-estatal tag-derechos tag-mario-rejtman-farah tag-responsabilizacion-en-la-gestion-publica\">\n\t\t<div class=\"bm-blog-post-image entry-post-image\">\n\t\t\t<div class=\"bm-post-image clearfix bm-hover-effect bm-hover-effect-blur\">\n\t\t\t\t<img loading=\"lazy\" decoding=\"async\" width=\"640\" height=\"418\" src=\"https:\/\/www.economicas.uba.ar\/extension\/vocesenelfenix\/wp-content\/uploads\/5913-Rejtman.jpg\" class=\"attachment-large size-large wp-post-image\" alt=\"\" srcset=\"https:\/\/www.economicas.uba.ar\/extension\/vocesenelfenix\/wp-content\/uploads\/5913-Rejtman.jpg 1080w, https:\/\/www.economicas.uba.ar\/extension\/vocesenelfenix\/wp-content\/uploads\/5913-Rejtman-300x196.jpg 300w, https:\/\/www.economicas.uba.ar\/extension\/vocesenelfenix\/wp-content\/uploads\/5913-Rejtman-768x501.jpg 768w\" sizes=\"(max-width: 640px) 100vw, 640px\" \/>\t\t\t<\/div>\n\t\t<\/div>\n        <div class=\"bm-blog-post-content bm_content_box\">\n            <h4 class=\"entry-post-title bm_title\"><a href=\"https:\/\/www.economicas.uba.ar\/extension\/vocesenelfenix\/el-derecho-social-al-control-publico\/\" rel=\"bookmark\">El derecho social al control p\u00fablico<\/a><\/h4>            <div class=\"bm-blog-post-meta entry-post-meta bm_meta\">\n                            <\/div>\n            <div class=\"entry-post-content bm_content\">\n                | Por Mario Rejtman Farah | La supervisi\u00f3n del accionar estatal es una prerrogativa de toda comunidad y de sus miembros. Sin embargo, pese a los esfuerzos por avanzar en <div><a href=\"https:\/\/www.economicas.uba.ar\/extension\/vocesenelfenix\/el-derecho-social-al-control-publico\/\" rel=\"bookmark\" class=\"bm-read-more entry-read-more\">M\u00e1s \u00bb<\/a><div>            <\/div>\n        <\/div>\n    <\/article>\n    <article id=\"post-9840\" class=\"item bm_layout post-9840 post type-post status-publish format-standard has-post-thumbnail hentry category-n-59 tag-jose-sbattella tag-lavado-de-activos tag-responsabilizacion-en-la-gestion-publica tag-unidad-de-informacion-financiera\">\n\t\t<div class=\"bm-blog-post-image entry-post-image\">\n\t\t\t<div class=\"bm-post-image clearfix bm-hover-effect bm-hover-effect-blur\">\n\t\t\t\t<img loading=\"lazy\" decoding=\"async\" width=\"640\" height=\"443\" src=\"https:\/\/www.economicas.uba.ar\/extension\/vocesenelfenix\/wp-content\/uploads\/5914-Sbattella.jpg\" class=\"attachment-large size-large wp-post-image\" alt=\"\" srcset=\"https:\/\/www.economicas.uba.ar\/extension\/vocesenelfenix\/wp-content\/uploads\/5914-Sbattella.jpg 1080w, https:\/\/www.economicas.uba.ar\/extension\/vocesenelfenix\/wp-content\/uploads\/5914-Sbattella-300x208.jpg 300w, https:\/\/www.economicas.uba.ar\/extension\/vocesenelfenix\/wp-content\/uploads\/5914-Sbattella-768x531.jpg 768w\" sizes=\"(max-width: 640px) 100vw, 640px\" \/>\t\t\t<\/div>\n\t\t<\/div>\n        <div class=\"bm-blog-post-content bm_content_box\">\n            <h4 class=\"entry-post-title bm_title\"><a href=\"https:\/\/www.economicas.uba.ar\/extension\/vocesenelfenix\/creacion-del-sistema-de-contralor-del-lavado-de-activos-en-la-argentina\/\" rel=\"bookmark\">Creaci\u00f3n del sistema de contralor del lavado de activos en la Argentina<\/a><\/h4>            <div class=\"bm-blog-post-meta entry-post-meta bm_meta\">\n                            <\/div>\n            <div class=\"entry-post-content bm_content\">\n                | Por Jos\u00e9 Sbattella | Con la p\u00e9rdida de capacidad reguladora por parte los Estados, los capitales no registrados o provenientes de il\u00edcitos ganaron poder, aprovechando los circuitos transnacionales del <div><a href=\"https:\/\/www.economicas.uba.ar\/extension\/vocesenelfenix\/creacion-del-sistema-de-contralor-del-lavado-de-activos-en-la-argentina\/\" rel=\"bookmark\" class=\"bm-read-more entry-read-more\">M\u00e1s \u00bb<\/a><div>            <\/div>\n        <\/div>\n    <\/article>\n    <article id=\"post-9849\" class=\"item bm_layout post-9849 post type-post status-publish format-standard has-post-thumbnail hentry category-n-59 tag-auditoria-general-de-la-nacion tag-constitucion-de-1994 tag-control-estatal tag-guillermo-schweinheim tag-ley-24-156 tag-responsabilizacion-en-la-gestion-publica\">\n\t\t<div class=\"bm-blog-post-image entry-post-image\">\n\t\t\t<div class=\"bm-post-image clearfix bm-hover-effect bm-hover-effect-blur\">\n\t\t\t\t<img loading=\"lazy\" decoding=\"async\" width=\"640\" height=\"428\" src=\"https:\/\/www.economicas.uba.ar\/extension\/vocesenelfenix\/wp-content\/uploads\/5915-Schweinheim.jpg\" class=\"attachment-large size-large wp-post-image\" alt=\"\" srcset=\"https:\/\/www.economicas.uba.ar\/extension\/vocesenelfenix\/wp-content\/uploads\/5915-Schweinheim.jpg 1080w, https:\/\/www.economicas.uba.ar\/extension\/vocesenelfenix\/wp-content\/uploads\/5915-Schweinheim-300x201.jpg 300w, https:\/\/www.economicas.uba.ar\/extension\/vocesenelfenix\/wp-content\/uploads\/5915-Schweinheim-768x513.jpg 768w\" sizes=\"(max-width: 640px) 100vw, 640px\" \/>\t\t\t<\/div>\n\t\t<\/div>\n        <div class=\"bm-blog-post-content bm_content_box\">\n            <h4 class=\"entry-post-title bm_title\"><a href=\"https:\/\/www.economicas.uba.ar\/extension\/vocesenelfenix\/los-mecanismos-institucionales-de-control-estatal-balance-del-caso-argentino\/\" rel=\"bookmark\">Los mecanismos institucionales de control estatal: balance del caso argentino<\/a><\/h4>            <div class=\"bm-blog-post-meta entry-post-meta bm_meta\">\n                            <\/div>\n            <div class=\"entry-post-content bm_content\">\n                | Por Guillermo Schweinheim | El devenir de los sistemas de control desde la ley 24.156 y la Constituci\u00f3n de 1994 ha sido irregular. En relaci\u00f3n con el control interno, <div><a href=\"https:\/\/www.economicas.uba.ar\/extension\/vocesenelfenix\/los-mecanismos-institucionales-de-control-estatal-balance-del-caso-argentino\/\" rel=\"bookmark\" class=\"bm-read-more entry-read-more\">M\u00e1s \u00bb<\/a><div>            <\/div>\n        <\/div>\n    <\/article>\n    <article id=\"post-9855\" class=\"item bm_layout post-9855 post type-post status-publish format-standard has-post-thumbnail hentry category-n-59 tag-carlos-m-vilas tag-empresas-estatales tag-empresas-privadas tag-privatizaciones tag-responsabilizacion-en-la-gestion-publica\">\n\t\t<div class=\"bm-blog-post-image entry-post-image\">\n\t\t\t<div class=\"bm-post-image clearfix bm-hover-effect bm-hover-effect-blur\">\n\t\t\t\t<img loading=\"lazy\" decoding=\"async\" width=\"640\" height=\"431\" src=\"https:\/\/www.economicas.uba.ar\/extension\/vocesenelfenix\/wp-content\/uploads\/5916-Vilas.jpg\" class=\"attachment-large size-large wp-post-image\" alt=\"\" srcset=\"https:\/\/www.economicas.uba.ar\/extension\/vocesenelfenix\/wp-content\/uploads\/5916-Vilas.jpg 1080w, https:\/\/www.economicas.uba.ar\/extension\/vocesenelfenix\/wp-content\/uploads\/5916-Vilas-300x202.jpg 300w, https:\/\/www.economicas.uba.ar\/extension\/vocesenelfenix\/wp-content\/uploads\/5916-Vilas-768x517.jpg 768w\" sizes=\"(max-width: 640px) 100vw, 640px\" \/>\t\t\t<\/div>\n\t\t<\/div>\n        <div class=\"bm-blog-post-content bm_content_box\">\n            <h4 class=\"entry-post-title bm_title\"><a href=\"https:\/\/www.economicas.uba.ar\/extension\/vocesenelfenix\/la-regulacion-estatal-de-las-empresas-publicas-privatizadas\/\" rel=\"bookmark\">La regulaci\u00f3n estatal de las empresas p\u00fablicas privatizadas<\/a><\/h4>            <div class=\"bm-blog-post-meta entry-post-meta bm_meta\">\n                            <\/div>\n            <div class=\"entry-post-content bm_content\">\n                | Por Carlos M. Vilas | La venta de empresas estatales durante los a\u00f1os \u201990 fue, entre otras cosas, una manera de obtener divisas para sostener el esquema de convertibilidad <div><a href=\"https:\/\/www.economicas.uba.ar\/extension\/vocesenelfenix\/la-regulacion-estatal-de-las-empresas-publicas-privatizadas\/\" rel=\"bookmark\" class=\"bm-read-more entry-read-more\">M\u00e1s \u00bb<\/a><div>            <\/div>\n        <\/div>\n    <\/article>\n\t\t\t\t<\/div><\/div>\n\t\t\t\t\t\t\t\t<\/div>\n\t\t\t\t<\/div>\n\t\t\t\t\t<\/div>\n\t\t<\/div>\n\t\t\t\t\t<\/div>\n\t\t<\/section>\n\t\t\t\t<section class=\"elementor-section elementor-top-section elementor-element elementor-element-56b1afd elementor-section-boxed elementor-section-height-default elementor-section-height-default\" data-id=\"56b1afd\" data-element_type=\"section\" data-e-type=\"section\" data-settings=\"{&quot;background_background&quot;:&quot;classic&quot;}\">\n\t\t\t\t\t\t<div class=\"elementor-container elementor-column-gap-default\">\n\t\t\t\t\t<div class=\"elementor-column elementor-col-100 elementor-top-column elementor-element elementor-element-8258ab3\" data-id=\"8258ab3\" data-element_type=\"column\" data-e-type=\"column\">\n\t\t\t<div class=\"elementor-widget-wrap elementor-element-populated\">\n\t\t\t\t\t\t<div class=\"elementor-element elementor-element-fa9bd65 elementor-widget elementor-widget-text-editor\" data-id=\"fa9bd65\" data-element_type=\"widget\" data-e-type=\"widget\" data-widget_type=\"text-editor.default\">\n\t\t\t\t<div class=\"elementor-widget-container\">\n\t\t\t\t\t\t\t\t\t<iframe width=\"560\" height=\"315\" src=\"https:\/\/www.youtube.com\/embed\/videoseries?list=PLeYdj9X0_ljm9VB-FtLXo8dvjK3ERQLX7\" title=\"YouTube video player\" frameborder=\"0\" allow=\"accelerometer; autoplay; clipboard-write; encrypted-media; gyroscope; picture-in-picture\" allowfullscreen><\/iframe>\t\t\t\t\t\t\t\t<\/div>\n\t\t\t\t<\/div>\n\t\t\t\t\t<\/div>\n\t\t<\/div>\n\t\t\t\t\t<\/div>\n\t\t<\/section>\n\t\t\t\t<\/div>\n\t\t","protected":false},"excerpt":{"rendered":"<p>N\u00daMERO 59 LOS OJOS SIN ROSTRO LA RESPONSABILIZACI\u00d3N EN LA GESTI\u00d3N P\u00daBLICA LA RENDICI\u00d3N DE CUENTAS DE LOS GOBERNANTES CONSTITUYE UNA DE LAS GRANDES CUESTIONES PENDIENTES DE NUESTRAS DEMOCRACIAS. UN<\/p>\n","protected":false},"author":5,"featured_media":0,"parent":0,"menu_order":0,"comment_status":"closed","ping_status":"closed","template":"","meta":{"footnotes":""},"class_list":["post-9745","page","type-page","status-publish","hentry"],"_links":{"self":[{"href":"https:\/\/www.economicas.uba.ar\/extension\/vocesenelfenix\/wp-json\/wp\/v2\/pages\/9745","targetHints":{"allow":["GET"]}}],"collection":[{"href":"https:\/\/www.economicas.uba.ar\/extension\/vocesenelfenix\/wp-json\/wp\/v2\/pages"}],"about":[{"href":"https:\/\/www.economicas.uba.ar\/extension\/vocesenelfenix\/wp-json\/wp\/v2\/types\/page"}],"author":[{"embeddable":true,"href":"https:\/\/www.economicas.uba.ar\/extension\/vocesenelfenix\/wp-json\/wp\/v2\/users\/5"}],"replies":[{"embeddable":true,"href":"https:\/\/www.economicas.uba.ar\/extension\/vocesenelfenix\/wp-json\/wp\/v2\/comments?post=9745"}],"version-history":[{"count":7,"href":"https:\/\/www.economicas.uba.ar\/extension\/vocesenelfenix\/wp-json\/wp\/v2\/pages\/9745\/revisions"}],"predecessor-version":[{"id":9759,"href":"https:\/\/www.economicas.uba.ar\/extension\/vocesenelfenix\/wp-json\/wp\/v2\/pages\/9745\/revisions\/9759"}],"wp:attachment":[{"href":"https:\/\/www.economicas.uba.ar\/extension\/vocesenelfenix\/wp-json\/wp\/v2\/media?parent=9745"}],"curies":[{"name":"wp","href":"https:\/\/api.w.org\/{rel}","templated":true}]}}