{"id":9865,"date":"2016-09-01T00:01:00","date_gmt":"2016-09-01T03:01:00","guid":{"rendered":"https:\/\/www.economicas.uba.ar\/extension\/vocesenelfenix\/?page_id=9865"},"modified":"2022-03-14T19:15:12","modified_gmt":"2022-03-14T22:15:12","slug":"numero-58","status":"publish","type":"page","link":"https:\/\/www.economicas.uba.ar\/extension\/vocesenelfenix\/numero-58\/","title":{"rendered":"N\u00famero 58"},"content":{"rendered":"\t\t<div data-elementor-type=\"wp-page\" data-elementor-id=\"9865\" class=\"elementor elementor-9865\" data-elementor-post-type=\"page\">\n\t\t\t\t\t\t<section class=\"elementor-section elementor-top-section elementor-element elementor-element-36fc5fb elementor-section-boxed elementor-section-height-default elementor-section-height-default\" data-id=\"36fc5fb\" data-element_type=\"section\" data-e-type=\"section\" data-settings=\"{&quot;background_background&quot;:&quot;classic&quot;}\">\n\t\t\t\t\t\t<div class=\"elementor-container elementor-column-gap-default\">\n\t\t\t\t\t<div class=\"elementor-column elementor-col-33 elementor-top-column elementor-element elementor-element-4cb3356\" data-id=\"4cb3356\" data-element_type=\"column\" data-e-type=\"column\">\n\t\t\t<div class=\"elementor-widget-wrap elementor-element-populated\">\n\t\t\t\t\t\t<div class=\"elementor-element elementor-element-6d8f602 elementor-widget elementor-widget-image\" data-id=\"6d8f602\" data-element_type=\"widget\" data-e-type=\"widget\" data-widget_type=\"image.default\">\n\t\t\t\t<div class=\"elementor-widget-container\">\n\t\t\t\t\t\t\t\t\t\t\t\t\t\t\t\t<a href=\"https:\/\/drive.google.com\/file\/d\/1AO9gaAYmq4bY2qjSxDk6C3xOdpgxmhQy\/view\" target=\"_blank\">\n\t\t\t\t\t\t\t<img fetchpriority=\"high\" decoding=\"async\" width=\"193\" height=\"267\" src=\"https:\/\/www.economicas.uba.ar\/extension\/vocesenelfenix\/wp-content\/uploads\/tapa58.jpg\" class=\"attachment-large size-large wp-image-1926\" alt=\"\" \/>\t\t\t\t\t\t\t\t<\/a>\n\t\t\t\t\t\t\t\t\t\t\t\t\t\t\t<\/div>\n\t\t\t\t<\/div>\n\t\t\t\t<div class=\"elementor-element elementor-element-7676653 elementor-align-center elementor-widget elementor-widget-button\" data-id=\"7676653\" data-element_type=\"widget\" data-e-type=\"widget\" data-widget_type=\"button.default\">\n\t\t\t\t<div class=\"elementor-widget-container\">\n\t\t\t\t\t\t\t\t\t<div class=\"elementor-button-wrapper\">\n\t\t\t\t\t<a class=\"elementor-button elementor-button-link elementor-size-xs\" href=\"https:\/\/drive.google.com\/file\/d\/1AO9gaAYmq4bY2qjSxDk6C3xOdpgxmhQy\/view\" target=\"_blank\">\n\t\t\t\t\t\t<span class=\"elementor-button-content-wrapper\">\n\t\t\t\t\t\t\t\t\t<span class=\"elementor-button-text\">Descarg\u00e1 el PDF<\/span>\n\t\t\t\t\t<\/span>\n\t\t\t\t\t<\/a>\n\t\t\t\t<\/div>\n\t\t\t\t\t\t\t\t<\/div>\n\t\t\t\t<\/div>\n\t\t\t\t\t<\/div>\n\t\t<\/div>\n\t\t\t\t<div class=\"elementor-column elementor-col-66 elementor-top-column elementor-element elementor-element-52e8dae\" data-id=\"52e8dae\" data-element_type=\"column\" data-e-type=\"column\">\n\t\t\t<div class=\"elementor-widget-wrap elementor-element-populated\">\n\t\t\t\t\t\t<div class=\"elementor-element elementor-element-b92dcd0 elementor-widget elementor-widget-text-editor\" data-id=\"b92dcd0\" data-element_type=\"widget\" data-e-type=\"widget\" data-widget_type=\"text-editor.default\">\n\t\t\t\t<div class=\"elementor-widget-container\">\n\t\t\t\t\t\t\t\t\t<h5>N\u00daMERO 58<\/h5><h3>PELOTA DE TRAPO<\/h3><h6>DEPORTE Y SOCIEDAD<\/h6><p><br \/>COMO EN TODAS LAS ESFERAS DE LA VIDA EN SOCIEDAD, LA PR\u00c1CTICA DEPORTIVA NOS PRESENTA IMPORTANTES CONTRADICCIONES. VALORES COMO COMPA\u00d1ERISMO, SACRIFICIO, ESFUERZO Y RESPETO A LAS REGLAS ESTABLECIDAS SE CONTRAPONEN CON LA VIOLENCIA, EL MACHISMO, LA XENOFOBIA, LA DESIGUALDAD Y LA DISCRIMINACI\u00d3N. EN TIEMPOS EN QUE SE INVISIBILIZA EL ROL DE LO COLECTIVO Y SE EXACERBA EL INDIVIDUALISMO, ES TAREA DE TODOS VOLVER A TEJER UNA RED SOCIAL QUE NOS INCLUYA Y CONTENGA, Y VUELVA A PONER AL DEPORTE EN EL LUGAR DE ARTICULADOR DE VALORES DE INCLUSI\u00d3N Y DESARROLLO INTEGRAL DE LAS PERSONAS.<\/p>\t\t\t\t\t\t\t\t<\/div>\n\t\t\t\t<\/div>\n\t\t\t\t\t<\/div>\n\t\t<\/div>\n\t\t\t\t\t<\/div>\n\t\t<\/section>\n\t\t\t\t<section class=\"elementor-section elementor-top-section elementor-element elementor-element-9031e1e elementor-section-boxed elementor-section-height-default elementor-section-height-default\" data-id=\"9031e1e\" data-element_type=\"section\" data-e-type=\"section\">\n\t\t\t\t\t\t<div class=\"elementor-container elementor-column-gap-default\">\n\t\t\t\t\t<div class=\"elementor-column elementor-col-100 elementor-top-column elementor-element elementor-element-7275c3e\" data-id=\"7275c3e\" data-element_type=\"column\" data-e-type=\"column\">\n\t\t\t<div class=\"elementor-widget-wrap elementor-element-populated\">\n\t\t\t\t\t\t<div class=\"elementor-element elementor-element-7eb2f33 elementor-grid-3 elementor-grid-tablet-2 elementor-grid-mobile-1 elementor-posts--align-left elementor-widget elementor-widget-blogmentor_blog_posts\" data-id=\"7eb2f33\" data-element_type=\"widget\" data-e-type=\"widget\" data-settings=\"{&quot;bm_grid_columns&quot;:&quot;3&quot;,&quot;bm_grid_columns_tablet&quot;:&quot;2&quot;,&quot;bm_grid_columns_mobile&quot;:&quot;1&quot;,&quot;post_card_grid_gap&quot;:{&quot;unit&quot;:&quot;px&quot;,&quot;size&quot;:10,&quot;sizes&quot;:[]},&quot;post_card_row_gap&quot;:{&quot;unit&quot;:&quot;px&quot;,&quot;size&quot;:35,&quot;sizes&quot;:[]}}\" data-widget_type=\"blogmentor_blog_posts.default\">\n\t\t\t\t<div class=\"elementor-widget-container\">\n\t\t\t\t\t\t\t\n\t\t\t\t\t\t\t\t<div class=\"bm-blog-posts-wrapper\" >\n\t\t\t\t\t\t\t<div class=\"bm-blog-posts bm-display-grid elementor-grid elementor-grid-3\" >\n\t\t\t\t    <article id=\"post-9872\" class=\"item bm_layout post-9872 post type-post status-publish format-standard has-post-thumbnail hentry category-n-58 tag-deporte-y-sociedad tag-editorial tag-martin-fernandez-nandin\">\n\t\t<div class=\"bm-blog-post-image entry-post-image\">\n\t\t\t<div class=\"bm-post-image clearfix bm-hover-effect bm-hover-effect-blur\">\n\t\t\t\t<img decoding=\"async\" width=\"640\" height=\"460\" src=\"https:\/\/www.economicas.uba.ar\/extension\/vocesenelfenix\/wp-content\/uploads\/5801-Fernandez-edit.jpg\" class=\"attachment-large size-large wp-post-image\" alt=\"\" srcset=\"https:\/\/www.economicas.uba.ar\/extension\/vocesenelfenix\/wp-content\/uploads\/5801-Fernandez-edit.jpg 1080w, https:\/\/www.economicas.uba.ar\/extension\/vocesenelfenix\/wp-content\/uploads\/5801-Fernandez-edit-300x216.jpg 300w, https:\/\/www.economicas.uba.ar\/extension\/vocesenelfenix\/wp-content\/uploads\/5801-Fernandez-edit-768x552.jpg 768w, https:\/\/www.economicas.uba.ar\/extension\/vocesenelfenix\/wp-content\/uploads\/5801-Fernandez-edit-183x132.jpg 183w\" sizes=\"(max-width: 640px) 100vw, 640px\" \/>\t\t\t<\/div>\n\t\t<\/div>\n        <div class=\"bm-blog-post-content bm_content_box\">\n            <h4 class=\"entry-post-title bm_title\"><a href=\"https:\/\/www.economicas.uba.ar\/extension\/vocesenelfenix\/editorial-sigue-rodando\/\" rel=\"bookmark\">Editorial: Sigue rodando<\/a><\/h4>            <div class=\"bm-blog-post-meta entry-post-meta bm_meta\">\n                            <\/div>\n            <div class=\"entry-post-content bm_content\">\n                | Por Mart\u00edn Fern\u00e1ndez Nand\u00edn |            <\/div>\n        <\/div>\n    <\/article>\n    <article id=\"post-9881\" class=\"item bm_layout post-9881 post type-post status-publish format-standard has-post-thumbnail hentry category-n-58 tag-carolina-duek tag-deporte-y-sociedad tag-emocion tag-juegos-olimpicos tag-televisacion tag-television\">\n\t\t<div class=\"bm-blog-post-image entry-post-image\">\n\t\t\t<div class=\"bm-post-image clearfix bm-hover-effect bm-hover-effect-blur\">\n\t\t\t\t<img decoding=\"async\" width=\"640\" height=\"422\" src=\"https:\/\/www.economicas.uba.ar\/extension\/vocesenelfenix\/wp-content\/uploads\/5802-Duek.jpg\" class=\"attachment-large size-large wp-post-image\" alt=\"\" srcset=\"https:\/\/www.economicas.uba.ar\/extension\/vocesenelfenix\/wp-content\/uploads\/5802-Duek.jpg 1080w, https:\/\/www.economicas.uba.ar\/extension\/vocesenelfenix\/wp-content\/uploads\/5802-Duek-300x198.jpg 300w, https:\/\/www.economicas.uba.ar\/extension\/vocesenelfenix\/wp-content\/uploads\/5802-Duek-768x506.jpg 768w\" sizes=\"(max-width: 640px) 100vw, 640px\" \/>\t\t\t<\/div>\n\t\t<\/div>\n        <div class=\"bm-blog-post-content bm_content_box\">\n            <h4 class=\"entry-post-title bm_title\"><a href=\"https:\/\/www.economicas.uba.ar\/extension\/vocesenelfenix\/deporte-emocion-y-television-un-trio-infalible\/\" rel=\"bookmark\">Deporte, emoci\u00f3n y televisi\u00f3n: un tr\u00edo infalible<\/a><\/h4>            <div class=\"bm-blog-post-meta entry-post-meta bm_meta\">\n                            <\/div>\n            <div class=\"entry-post-content bm_content\">\n                | Por Carolina Duek | Los Juegos Ol\u00edmpicos son un megaevento global, televisivo y deportivo. El terreno perfecto para el despliegue de la emoci\u00f3n vinculada al deporte. En ellos se <div><a href=\"https:\/\/www.economicas.uba.ar\/extension\/vocesenelfenix\/deporte-emocion-y-television-un-trio-infalible\/\" rel=\"bookmark\" class=\"bm-read-more entry-read-more\">M\u00e1s \u00bb<\/a><div>            <\/div>\n        <\/div>\n    <\/article>\n    <article id=\"post-9887\" class=\"item bm_layout post-9887 post type-post status-publish format-standard has-post-thumbnail hentry category-n-58 tag-deporte-y-sociedad tag-futbol tag-javier-szlifman tag-medios-de-comunicacion tag-violencia\">\n\t\t<div class=\"bm-blog-post-image entry-post-image\">\n\t\t\t<div class=\"bm-post-image clearfix bm-hover-effect bm-hover-effect-blur\">\n\t\t\t\t<img loading=\"lazy\" decoding=\"async\" width=\"640\" height=\"417\" src=\"https:\/\/www.economicas.uba.ar\/extension\/vocesenelfenix\/wp-content\/uploads\/5803-Szlifman.jpg\" class=\"attachment-large size-large wp-post-image\" alt=\"\" srcset=\"https:\/\/www.economicas.uba.ar\/extension\/vocesenelfenix\/wp-content\/uploads\/5803-Szlifman.jpg 1080w, https:\/\/www.economicas.uba.ar\/extension\/vocesenelfenix\/wp-content\/uploads\/5803-Szlifman-300x196.jpg 300w, https:\/\/www.economicas.uba.ar\/extension\/vocesenelfenix\/wp-content\/uploads\/5803-Szlifman-768x501.jpg 768w\" sizes=\"(max-width: 640px) 100vw, 640px\" \/>\t\t\t<\/div>\n\t\t<\/div>\n        <div class=\"bm-blog-post-content bm_content_box\">\n            <h4 class=\"entry-post-title bm_title\"><a href=\"https:\/\/www.economicas.uba.ar\/extension\/vocesenelfenix\/futbol-violencia-y-medios-de-comunicacion\/\" rel=\"bookmark\">F\u00fatbol, violencia y medios de comunicaci\u00f3n<\/a><\/h4>            <div class=\"bm-blog-post-meta entry-post-meta bm_meta\">\n                            <\/div>\n            <div class=\"entry-post-content bm_content\">\n                | Por Javier Szlifman | En el f\u00fatbol argentino actual la violencia es un capital simb\u00f3lico, que se aplica y ejecuta mediante un c\u00e1lculo de costos y beneficios. Ante estos <div><a href=\"https:\/\/www.economicas.uba.ar\/extension\/vocesenelfenix\/futbol-violencia-y-medios-de-comunicacion\/\" rel=\"bookmark\" class=\"bm-read-more entry-read-more\">M\u00e1s \u00bb<\/a><div>            <\/div>\n        <\/div>\n    <\/article>\n    <article id=\"post-9901\" class=\"item bm_layout post-9901 post type-post status-publish format-standard has-post-thumbnail hentry category-n-58 tag-deporte-y-sociedad tag-discriminacion tag-genero tag-pablo-ariel-scharagrodsky\">\n\t\t<div class=\"bm-blog-post-image entry-post-image\">\n\t\t\t<div class=\"bm-post-image clearfix bm-hover-effect bm-hover-effect-blur\">\n\t\t\t\t<img loading=\"lazy\" decoding=\"async\" width=\"640\" height=\"498\" src=\"https:\/\/www.economicas.uba.ar\/extension\/vocesenelfenix\/wp-content\/uploads\/5804-Scharagrodosky.jpg\" class=\"attachment-large size-large wp-post-image\" alt=\"\" srcset=\"https:\/\/www.economicas.uba.ar\/extension\/vocesenelfenix\/wp-content\/uploads\/5804-Scharagrodosky.jpg 1080w, https:\/\/www.economicas.uba.ar\/extension\/vocesenelfenix\/wp-content\/uploads\/5804-Scharagrodosky-300x233.jpg 300w, https:\/\/www.economicas.uba.ar\/extension\/vocesenelfenix\/wp-content\/uploads\/5804-Scharagrodosky-768x597.jpg 768w\" sizes=\"(max-width: 640px) 100vw, 640px\" \/>\t\t\t<\/div>\n\t\t<\/div>\n        <div class=\"bm-blog-post-content bm_content_box\">\n            <h4 class=\"entry-post-title bm_title\"><a href=\"https:\/\/www.economicas.uba.ar\/extension\/vocesenelfenix\/en-los-deportes-queda-mucho-genero-por-cortar\/\" rel=\"bookmark\">En los deportes queda mucho \u201cg\u00e9nero\u201d por cortar<\/a><\/h4>            <div class=\"bm-blog-post-meta entry-post-meta bm_meta\">\n                            <\/div>\n            <div class=\"entry-post-content bm_content\">\n                | Por Pablo Ariel Scharagrodsky | Hist\u00f3ricamente la pr\u00e1ctica deportiva estuvo relacionada con una cierta forma de representar la diferencia sexual y corporal, suprimiendo la multiplicidad de sexualidades y econom\u00edas <div><a href=\"https:\/\/www.economicas.uba.ar\/extension\/vocesenelfenix\/en-los-deportes-queda-mucho-genero-por-cortar\/\" rel=\"bookmark\" class=\"bm-read-more entry-read-more\">M\u00e1s \u00bb<\/a><div>            <\/div>\n        <\/div>\n    <\/article>\n    <article id=\"post-9918\" class=\"item bm_layout post-9918 post type-post status-publish format-standard has-post-thumbnail hentry category-n-58 tag-alejo-levoratti tag-deporte-y-sociedad tag-estado tag-inclusion tag-politica tag-politicas-publicas\">\n\t\t<div class=\"bm-blog-post-image entry-post-image\">\n\t\t\t<div class=\"bm-post-image clearfix bm-hover-effect bm-hover-effect-blur\">\n\t\t\t\t<img loading=\"lazy\" decoding=\"async\" width=\"640\" height=\"434\" src=\"https:\/\/www.economicas.uba.ar\/extension\/vocesenelfenix\/wp-content\/uploads\/5805-Levoratti.jpg\" class=\"attachment-large size-large wp-post-image\" alt=\"\" srcset=\"https:\/\/www.economicas.uba.ar\/extension\/vocesenelfenix\/wp-content\/uploads\/5805-Levoratti.jpg 1080w, https:\/\/www.economicas.uba.ar\/extension\/vocesenelfenix\/wp-content\/uploads\/5805-Levoratti-300x203.jpg 300w, https:\/\/www.economicas.uba.ar\/extension\/vocesenelfenix\/wp-content\/uploads\/5805-Levoratti-768x521.jpg 768w\" sizes=\"(max-width: 640px) 100vw, 640px\" \/>\t\t\t<\/div>\n\t\t<\/div>\n        <div class=\"bm-blog-post-content bm_content_box\">\n            <h4 class=\"entry-post-title bm_title\"><a href=\"https:\/\/www.economicas.uba.ar\/extension\/vocesenelfenix\/deporte-inclusion-y-politica-interrogantes-sobre-una-relacion-compleja\/\" rel=\"bookmark\">Deporte, inclusi\u00f3n y pol\u00edtica: interrogantes sobre una relaci\u00f3n compleja<\/a><\/h4>            <div class=\"bm-blog-post-meta entry-post-meta bm_meta\">\n                            <\/div>\n            <div class=\"entry-post-content bm_content\">\n                | Por Alejo Levoratti | La vinculaci\u00f3n entre deporte e inclusi\u00f3n es una relaci\u00f3n hist\u00f3ricamente situada. A cada momento hist\u00f3rico-pol\u00edtico le corresponde una lectura y su consecuente cristalizaci\u00f3n en pol\u00edticas <div><a href=\"https:\/\/www.economicas.uba.ar\/extension\/vocesenelfenix\/deporte-inclusion-y-politica-interrogantes-sobre-una-relacion-compleja\/\" rel=\"bookmark\" class=\"bm-read-more entry-read-more\">M\u00e1s \u00bb<\/a><div>            <\/div>\n        <\/div>\n    <\/article>\n    <article id=\"post-9924\" class=\"item bm_layout post-9924 post type-post status-publish format-standard has-post-thumbnail hentry category-n-58 tag-ciudades tag-deporte-y-sociedad tag-desigualdad tag-emmanuel-ferretty tag-espacio-publico\">\n\t\t<div class=\"bm-blog-post-image entry-post-image\">\n\t\t\t<div class=\"bm-post-image clearfix bm-hover-effect bm-hover-effect-blur\">\n\t\t\t\t<img loading=\"lazy\" decoding=\"async\" width=\"640\" height=\"265\" src=\"https:\/\/www.economicas.uba.ar\/extension\/vocesenelfenix\/wp-content\/uploads\/5806-Ferretty.jpg\" class=\"attachment-large size-large wp-post-image\" alt=\"\" srcset=\"https:\/\/www.economicas.uba.ar\/extension\/vocesenelfenix\/wp-content\/uploads\/5806-Ferretty.jpg 1080w, https:\/\/www.economicas.uba.ar\/extension\/vocesenelfenix\/wp-content\/uploads\/5806-Ferretty-300x124.jpg 300w, https:\/\/www.economicas.uba.ar\/extension\/vocesenelfenix\/wp-content\/uploads\/5806-Ferretty-768x318.jpg 768w\" sizes=\"(max-width: 640px) 100vw, 640px\" \/>\t\t\t<\/div>\n\t\t<\/div>\n        <div class=\"bm-blog-post-content bm_content_box\">\n            <h4 class=\"entry-post-title bm_title\"><a href=\"https:\/\/www.economicas.uba.ar\/extension\/vocesenelfenix\/ciudades-maravillosas-gajos-astillas-y-pinchaduras-para-cuestionarnos-desde-el-deporte\/\" rel=\"bookmark\">\u00bfCiudades maravillosas? Gajos, astillas y pinchaduras para cuestionarnos desde el deporte<\/a><\/h4>            <div class=\"bm-blog-post-meta entry-post-meta bm_meta\">\n                            <\/div>\n            <div class=\"entry-post-content bm_content\">\n                | Por Emmanuel Ferretty | Hoy en d\u00eda es impensable una ciudad que no cuente con espacios destinados a la pr\u00e1ctica deportiva. La utilizaci\u00f3n del espacio p\u00fablico con estos fines <div><a href=\"https:\/\/www.economicas.uba.ar\/extension\/vocesenelfenix\/ciudades-maravillosas-gajos-astillas-y-pinchaduras-para-cuestionarnos-desde-el-deporte\/\" rel=\"bookmark\" class=\"bm-read-more entry-read-more\">M\u00e1s \u00bb<\/a><div>            <\/div>\n        <\/div>\n    <\/article>\n    <article id=\"post-9930\" class=\"item bm_layout post-9930 post type-post status-publish format-standard has-post-thumbnail hentry category-n-58 tag-clases-sociales tag-deporte-y-sociedad tag-desigualdad tag-rodolfo-iuliano\">\n\t\t<div class=\"bm-blog-post-image entry-post-image\">\n\t\t\t<div class=\"bm-post-image clearfix bm-hover-effect bm-hover-effect-blur\">\n\t\t\t\t<img loading=\"lazy\" decoding=\"async\" width=\"640\" height=\"277\" src=\"https:\/\/www.economicas.uba.ar\/extension\/vocesenelfenix\/wp-content\/uploads\/5807-Iuliano.jpg\" class=\"attachment-large size-large wp-post-image\" alt=\"\" srcset=\"https:\/\/www.economicas.uba.ar\/extension\/vocesenelfenix\/wp-content\/uploads\/5807-Iuliano.jpg 1080w, https:\/\/www.economicas.uba.ar\/extension\/vocesenelfenix\/wp-content\/uploads\/5807-Iuliano-300x130.jpg 300w, https:\/\/www.economicas.uba.ar\/extension\/vocesenelfenix\/wp-content\/uploads\/5807-Iuliano-768x332.jpg 768w\" sizes=\"(max-width: 640px) 100vw, 640px\" \/>\t\t\t<\/div>\n\t\t<\/div>\n        <div class=\"bm-blog-post-content bm_content_box\">\n            <h4 class=\"entry-post-title bm_title\"><a href=\"https:\/\/www.economicas.uba.ar\/extension\/vocesenelfenix\/deporte-y-clase-social\/\" rel=\"bookmark\">Deporte y clase social<\/a><\/h4>            <div class=\"bm-blog-post-meta entry-post-meta bm_meta\">\n                            <\/div>\n            <div class=\"entry-post-content bm_content\">\n                | Por Rodolfo Iuliano | Hoy en d\u00eda los mundos deportivos tienen un papel central en la conformaci\u00f3n de las sociedades y las subjetividades contempor\u00e1neas. Si nos paramos desde la <div><a href=\"https:\/\/www.economicas.uba.ar\/extension\/vocesenelfenix\/deporte-y-clase-social\/\" rel=\"bookmark\" class=\"bm-read-more entry-read-more\">M\u00e1s \u00bb<\/a><div>            <\/div>\n        <\/div>\n    <\/article>\n    <article id=\"post-9936\" class=\"item bm_layout post-9936 post type-post status-publish format-standard has-post-thumbnail hentry category-n-58 tag-alejandro-damian-rodriguez tag-deporte-y-sociedad tag-individuacion tag-neoliberalismo\">\n\t\t<div class=\"bm-blog-post-image entry-post-image\">\n\t\t\t<div class=\"bm-post-image clearfix bm-hover-effect bm-hover-effect-blur\">\n\t\t\t\t<img loading=\"lazy\" decoding=\"async\" width=\"640\" height=\"416\" src=\"https:\/\/www.economicas.uba.ar\/extension\/vocesenelfenix\/wp-content\/uploads\/5808-Rodriguez.jpg\" class=\"attachment-large size-large wp-post-image\" alt=\"\" srcset=\"https:\/\/www.economicas.uba.ar\/extension\/vocesenelfenix\/wp-content\/uploads\/5808-Rodriguez.jpg 1080w, https:\/\/www.economicas.uba.ar\/extension\/vocesenelfenix\/wp-content\/uploads\/5808-Rodriguez-300x195.jpg 300w, https:\/\/www.economicas.uba.ar\/extension\/vocesenelfenix\/wp-content\/uploads\/5808-Rodriguez-768x499.jpg 768w\" sizes=\"(max-width: 640px) 100vw, 640px\" \/>\t\t\t<\/div>\n\t\t<\/div>\n        <div class=\"bm-blog-post-content bm_content_box\">\n            <h4 class=\"entry-post-title bm_title\"><a href=\"https:\/\/www.economicas.uba.ar\/extension\/vocesenelfenix\/el-gimnasio-el-crossfit-y-el-running-aportan-pistas-para-pensar-un-nuevo-modo-de-individuacion\/\" rel=\"bookmark\">El gimnasio, el crossfit y el running aportan pistas para pensar un nuevo modo de individuaci\u00f3n<\/a><\/h4>            <div class=\"bm-blog-post-meta entry-post-meta bm_meta\">\n                            <\/div>\n            <div class=\"entry-post-content bm_content\">\n                | Por Alejandro Dami\u00e1n Rodr\u00edguez | En los \u00faltimos a\u00f1os nos encontramos ante la aparici\u00f3n y masificaci\u00f3n de una serie de rutinas y t\u00e9cnicas corporales que poco tienen que ver <div><a href=\"https:\/\/www.economicas.uba.ar\/extension\/vocesenelfenix\/el-gimnasio-el-crossfit-y-el-running-aportan-pistas-para-pensar-un-nuevo-modo-de-individuacion\/\" rel=\"bookmark\" class=\"bm-read-more entry-read-more\">M\u00e1s \u00bb<\/a><div>            <\/div>\n        <\/div>\n    <\/article>\n    <article id=\"post-9942\" class=\"item bm_layout post-9942 post type-post status-publish format-standard has-post-thumbnail hentry category-n-58 tag-deporte-amateur tag-deporte-y-sociedad tag-individualismo tag-julia-hang tag-liberalismo\">\n\t\t<div class=\"bm-blog-post-image entry-post-image\">\n\t\t\t<div class=\"bm-post-image clearfix bm-hover-effect bm-hover-effect-blur\">\n\t\t\t\t<img loading=\"lazy\" decoding=\"async\" width=\"640\" height=\"432\" src=\"https:\/\/www.economicas.uba.ar\/extension\/vocesenelfenix\/wp-content\/uploads\/5809-Hang.jpg\" class=\"attachment-large size-large wp-post-image\" alt=\"\" srcset=\"https:\/\/www.economicas.uba.ar\/extension\/vocesenelfenix\/wp-content\/uploads\/5809-Hang.jpg 1080w, https:\/\/www.economicas.uba.ar\/extension\/vocesenelfenix\/wp-content\/uploads\/5809-Hang-300x203.jpg 300w, https:\/\/www.economicas.uba.ar\/extension\/vocesenelfenix\/wp-content\/uploads\/5809-Hang-768x518.jpg 768w\" sizes=\"(max-width: 640px) 100vw, 640px\" \/>\t\t\t<\/div>\n\t\t<\/div>\n        <div class=\"bm-blog-post-content bm_content_box\">\n            <h4 class=\"entry-post-title bm_title\"><a href=\"https:\/\/www.economicas.uba.ar\/extension\/vocesenelfenix\/sacrificio-y-deporte-amateur-una-mirada-socio-antropologica-a-partir-de-un-estudio-con-un-grupo-de-nadadores-adultos\/\" rel=\"bookmark\">Sacrificio y deporte amateur. Una mirada socio-antropol\u00f3gica a partir de un estudio con un grupo de nadadores adultos<\/a><\/h4>            <div class=\"bm-blog-post-meta entry-post-meta bm_meta\">\n                            <\/div>\n            <div class=\"entry-post-content bm_content\">\n                | Por Julia Hang | El sacrificio vinculado al deporte, ya sea en su dimensi\u00f3n econ\u00f3mica como en su dimensi\u00f3n corporal, termina convirti\u00e9ndose en una caracter\u00edstica identitaria que determinar\u00e1 el <div><a href=\"https:\/\/www.economicas.uba.ar\/extension\/vocesenelfenix\/sacrificio-y-deporte-amateur-una-mirada-socio-antropologica-a-partir-de-un-estudio-con-un-grupo-de-nadadores-adultos\/\" rel=\"bookmark\" class=\"bm-read-more entry-read-more\">M\u00e1s \u00bb<\/a><div>            <\/div>\n        <\/div>\n    <\/article>\n    <article id=\"post-9948\" class=\"item bm_layout post-9948 post type-post status-publish format-standard has-post-thumbnail hentry category-n-58 tag-deporte-y-sociedad tag-juan-branz tag-machos tag-masculinidad tag-privilegio tag-rugby\">\n\t\t<div class=\"bm-blog-post-image entry-post-image\">\n\t\t\t<div class=\"bm-post-image clearfix bm-hover-effect bm-hover-effect-blur\">\n\t\t\t\t<img loading=\"lazy\" decoding=\"async\" width=\"640\" height=\"432\" src=\"https:\/\/www.economicas.uba.ar\/extension\/vocesenelfenix\/wp-content\/uploads\/5810-Branz.jpg\" class=\"attachment-large size-large wp-post-image\" alt=\"\" srcset=\"https:\/\/www.economicas.uba.ar\/extension\/vocesenelfenix\/wp-content\/uploads\/5810-Branz.jpg 1080w, https:\/\/www.economicas.uba.ar\/extension\/vocesenelfenix\/wp-content\/uploads\/5810-Branz-300x203.jpg 300w, https:\/\/www.economicas.uba.ar\/extension\/vocesenelfenix\/wp-content\/uploads\/5810-Branz-768x518.jpg 768w\" sizes=\"(max-width: 640px) 100vw, 640px\" \/>\t\t\t<\/div>\n\t\t<\/div>\n        <div class=\"bm-blog-post-content bm_content_box\">\n            <h4 class=\"entry-post-title bm_title\"><a href=\"https:\/\/www.economicas.uba.ar\/extension\/vocesenelfenix\/deportistas-machos-y-argentinos\/\" rel=\"bookmark\">Deportistas, <i>machos<\/i> y argentinos<\/a><\/h4>            <div class=\"bm-blog-post-meta entry-post-meta bm_meta\">\n                            <\/div>\n            <div class=\"entry-post-content bm_content\">\n                | Por Juan Branz | El deporte en general, y el rugby en particular, es un espacio moldeado por y para hombres. Ser hombre es ser fuerte, vigoroso, proveedor, corajudo, <div><a href=\"https:\/\/www.economicas.uba.ar\/extension\/vocesenelfenix\/deportistas-machos-y-argentinos\/\" rel=\"bookmark\" class=\"bm-read-more entry-read-more\">M\u00e1s \u00bb<\/a><div>            <\/div>\n        <\/div>\n    <\/article>\n    <article id=\"post-9954\" class=\"item bm_layout post-9954 post type-post status-publish format-standard has-post-thumbnail hentry category-n-58 tag-deporte-y-sociedad tag-hinchas-militantes tag-identidad tag-politica tag-river-plate tag-rodrigo-daskal\">\n\t\t<div class=\"bm-blog-post-image entry-post-image\">\n\t\t\t<div class=\"bm-post-image clearfix bm-hover-effect bm-hover-effect-blur\">\n\t\t\t\t<img loading=\"lazy\" decoding=\"async\" width=\"640\" height=\"432\" src=\"https:\/\/www.economicas.uba.ar\/extension\/vocesenelfenix\/wp-content\/uploads\/5811-Daskal.jpg\" class=\"attachment-large size-large wp-post-image\" alt=\"\" srcset=\"https:\/\/www.economicas.uba.ar\/extension\/vocesenelfenix\/wp-content\/uploads\/5811-Daskal.jpg 1080w, https:\/\/www.economicas.uba.ar\/extension\/vocesenelfenix\/wp-content\/uploads\/5811-Daskal-300x203.jpg 300w, https:\/\/www.economicas.uba.ar\/extension\/vocesenelfenix\/wp-content\/uploads\/5811-Daskal-768x518.jpg 768w\" sizes=\"(max-width: 640px) 100vw, 640px\" \/>\t\t\t<\/div>\n\t\t<\/div>\n        <div class=\"bm-blog-post-content bm_content_box\">\n            <h4 class=\"entry-post-title bm_title\"><a href=\"https:\/\/www.economicas.uba.ar\/extension\/vocesenelfenix\/hinchas-militantes-futbol-pasion-y-politica-en-el-club-atletico-river-plate\/\" rel=\"bookmark\">Hinchas militantes: f\u00fatbol, pasi\u00f3n y pol\u00edtica en el Club Atl\u00e9tico River Plate<\/a><\/h4>            <div class=\"bm-blog-post-meta entry-post-meta bm_meta\">\n                            <\/div>\n            <div class=\"entry-post-content bm_content\">\n                | Por Rodrigo Daskal | Al agruparse, los hinchas de un equipo constituyen un campo identitario. En ese espacio dialogan y discuten sobre la manera en que se ver\u00e1n a <div><a href=\"https:\/\/www.economicas.uba.ar\/extension\/vocesenelfenix\/hinchas-militantes-futbol-pasion-y-politica-en-el-club-atletico-river-plate\/\" rel=\"bookmark\" class=\"bm-read-more entry-read-more\">M\u00e1s \u00bb<\/a><div>            <\/div>\n        <\/div>\n    <\/article>\n    <article id=\"post-9961\" class=\"item bm_layout post-9961 post type-post status-publish format-standard has-post-thumbnail hentry category-n-58 tag-deporte-y-sociedad tag-diego-murzi tag-federico-czesli tag-futbol tag-profesionalismo\">\n\t\t<div class=\"bm-blog-post-image entry-post-image\">\n\t\t\t<div class=\"bm-post-image clearfix bm-hover-effect bm-hover-effect-blur\">\n\t\t\t\t<img loading=\"lazy\" decoding=\"async\" width=\"640\" height=\"428\" src=\"https:\/\/www.economicas.uba.ar\/extension\/vocesenelfenix\/wp-content\/uploads\/5812-Czesli.jpg\" class=\"attachment-large size-large wp-post-image\" alt=\"\" srcset=\"https:\/\/www.economicas.uba.ar\/extension\/vocesenelfenix\/wp-content\/uploads\/5812-Czesli.jpg 1080w, https:\/\/www.economicas.uba.ar\/extension\/vocesenelfenix\/wp-content\/uploads\/5812-Czesli-300x201.jpg 300w, https:\/\/www.economicas.uba.ar\/extension\/vocesenelfenix\/wp-content\/uploads\/5812-Czesli-768x513.jpg 768w\" sizes=\"(max-width: 640px) 100vw, 640px\" \/>\t\t\t<\/div>\n\t\t<\/div>\n        <div class=\"bm-blog-post-content bm_content_box\">\n            <h4 class=\"entry-post-title bm_title\"><a href=\"https:\/\/www.economicas.uba.ar\/extension\/vocesenelfenix\/promesas-de-crack-consideraciones-sobre-el-proceso-de-formacion-de-futbolistas-profesionales\/\" rel=\"bookmark\">\u201cPromesas de crack\u201d. Consideraciones sobre el proceso de formaci\u00f3n de futbolistas profesionales<\/a><\/h4>            <div class=\"bm-blog-post-meta entry-post-meta bm_meta\">\n                            <\/div>\n            <div class=\"entry-post-content bm_content\">\n                | Por Federico Czesli y Diego Murzi | Al momento de pensar el proceso de conformaci\u00f3n de un futbolista intervienen m\u00faltiples variables entre las que se destacan la influencia de <div><a href=\"https:\/\/www.economicas.uba.ar\/extension\/vocesenelfenix\/promesas-de-crack-consideraciones-sobre-el-proceso-de-formacion-de-futbolistas-profesionales\/\" rel=\"bookmark\" class=\"bm-read-more entry-read-more\">M\u00e1s \u00bb<\/a><div>            <\/div>\n        <\/div>\n    <\/article>\n    <article id=\"post-9969\" class=\"item bm_layout post-9969 post type-post status-publish format-standard has-post-thumbnail hentry category-n-58 tag-boxeo tag-deporte-y-sociedad tag-mujeres tag-veronica-moreira\">\n\t\t<div class=\"bm-blog-post-image entry-post-image\">\n\t\t\t<div class=\"bm-post-image clearfix bm-hover-effect bm-hover-effect-blur\">\n\t\t\t\t<img loading=\"lazy\" decoding=\"async\" width=\"640\" height=\"430\" src=\"https:\/\/www.economicas.uba.ar\/extension\/vocesenelfenix\/wp-content\/uploads\/5813-Moreira.jpg\" class=\"attachment-large size-large wp-post-image\" alt=\"\" srcset=\"https:\/\/www.economicas.uba.ar\/extension\/vocesenelfenix\/wp-content\/uploads\/5813-Moreira.jpg 1080w, https:\/\/www.economicas.uba.ar\/extension\/vocesenelfenix\/wp-content\/uploads\/5813-Moreira-300x202.jpg 300w, https:\/\/www.economicas.uba.ar\/extension\/vocesenelfenix\/wp-content\/uploads\/5813-Moreira-768x516.jpg 768w\" sizes=\"(max-width: 640px) 100vw, 640px\" \/>\t\t\t<\/div>\n\t\t<\/div>\n        <div class=\"bm-blog-post-content bm_content_box\">\n            <h4 class=\"entry-post-title bm_title\"><a href=\"https:\/\/www.economicas.uba.ar\/extension\/vocesenelfenix\/los-sentidos-del-boxeo\/\" rel=\"bookmark\">Los sentidos del boxeo<\/a><\/h4>            <div class=\"bm-blog-post-meta entry-post-meta bm_meta\">\n                            <\/div>\n            <div class=\"entry-post-content bm_content\">\n                | Por Ver\u00f3nica Moreira | El boxeo es una disciplina con una extensa trayectoria en nuestro pa\u00eds. Esto puede verse reflejado en la cantidad de medallas ol\u00edmpicas aportadas por este <div><a href=\"https:\/\/www.economicas.uba.ar\/extension\/vocesenelfenix\/los-sentidos-del-boxeo\/\" rel=\"bookmark\" class=\"bm-read-more entry-read-more\">M\u00e1s \u00bb<\/a><div>            <\/div>\n        <\/div>\n    <\/article>\n    <article id=\"post-9976\" class=\"item bm_layout post-9976 post type-post status-publish format-standard has-post-thumbnail hentry category-n-58 tag-consumo tag-deporte-y-sociedad tag-marcas tag-nemesia-hijos tag-running\">\n\t\t<div class=\"bm-blog-post-image entry-post-image\">\n\t\t\t<div class=\"bm-post-image clearfix bm-hover-effect bm-hover-effect-blur\">\n\t\t\t\t<img loading=\"lazy\" decoding=\"async\" width=\"640\" height=\"417\" src=\"https:\/\/www.economicas.uba.ar\/extension\/vocesenelfenix\/wp-content\/uploads\/5814-Hijos.jpg\" class=\"attachment-large size-large wp-post-image\" alt=\"\" srcset=\"https:\/\/www.economicas.uba.ar\/extension\/vocesenelfenix\/wp-content\/uploads\/5814-Hijos.jpg 1080w, https:\/\/www.economicas.uba.ar\/extension\/vocesenelfenix\/wp-content\/uploads\/5814-Hijos-300x196.jpg 300w, https:\/\/www.economicas.uba.ar\/extension\/vocesenelfenix\/wp-content\/uploads\/5814-Hijos-768x501.jpg 768w\" sizes=\"(max-width: 640px) 100vw, 640px\" \/>\t\t\t<\/div>\n\t\t<\/div>\n        <div class=\"bm-blog-post-content bm_content_box\">\n            <h4 class=\"entry-post-title bm_title\"><a href=\"https:\/\/www.economicas.uba.ar\/extension\/vocesenelfenix\/gente-que-corre-runners-y-fanatizados-un-analisis-etnografico-sobre-la-permeabilidad-del-mercado-en-un-running-team\/\" rel=\"bookmark\">Gente que corre, runners y fanatizados: un an\u00e1lisis etnogr\u00e1fico sobre la permeabilidad del mercado en un <i>running team<\/i><\/a><\/h4>            <div class=\"bm-blog-post-meta entry-post-meta bm_meta\">\n                            <\/div>\n            <div class=\"entry-post-content bm_content\">\n                | Por Nemesia Hij\u00f3s | A partir de la masificaci\u00f3n de la pr\u00e1ctica del running, las marcas no solo han desarrollado productos para el corredor, sino que tambi\u00e9n han generado <div><a href=\"https:\/\/www.economicas.uba.ar\/extension\/vocesenelfenix\/gente-que-corre-runners-y-fanatizados-un-analisis-etnografico-sobre-la-permeabilidad-del-mercado-en-un-running-team\/\" rel=\"bookmark\" class=\"bm-read-more entry-read-more\">M\u00e1s \u00bb<\/a><div>            <\/div>\n        <\/div>\n    <\/article>\n    <article id=\"post-9982\" class=\"item bm_layout post-9982 post type-post status-publish format-standard has-post-thumbnail hentry category-n-58 tag-deporte-y-sociedad tag-futbol tag-nicolas-cabrera tag-violencia\">\n\t\t<div class=\"bm-blog-post-image entry-post-image\">\n\t\t\t<div class=\"bm-post-image clearfix bm-hover-effect bm-hover-effect-blur\">\n\t\t\t\t<img loading=\"lazy\" decoding=\"async\" width=\"640\" height=\"431\" src=\"https:\/\/www.economicas.uba.ar\/extension\/vocesenelfenix\/wp-content\/uploads\/5815-Cabrera.jpg\" class=\"attachment-large size-large wp-post-image\" alt=\"\" srcset=\"https:\/\/www.economicas.uba.ar\/extension\/vocesenelfenix\/wp-content\/uploads\/5815-Cabrera.jpg 1080w, https:\/\/www.economicas.uba.ar\/extension\/vocesenelfenix\/wp-content\/uploads\/5815-Cabrera-300x202.jpg 300w, https:\/\/www.economicas.uba.ar\/extension\/vocesenelfenix\/wp-content\/uploads\/5815-Cabrera-768x518.jpg 768w\" sizes=\"(max-width: 640px) 100vw, 640px\" \/>\t\t\t<\/div>\n\t\t<\/div>\n        <div class=\"bm-blog-post-content bm_content_box\">\n            <h4 class=\"entry-post-title bm_title\"><a href=\"https:\/\/www.economicas.uba.ar\/extension\/vocesenelfenix\/gramsci-bebote-y-bullrich-la-papa-que-calienta-y-no-quema\/\" rel=\"bookmark\">Gramsci, Bebote y Bullrich. La papa que calienta y no quema<\/a><\/h4>            <div class=\"bm-blog-post-meta entry-post-meta bm_meta\">\n                            <\/div>\n            <div class=\"entry-post-content bm_content\">\n                | Por Nicol\u00e1s Cabrera | El f\u00fatbol tiene una densidad simb\u00f3lica inabarcable. Muchas personas ponen cosas por dem\u00e1s significativas en torno a un club, una pelota, una camiseta, una tribuna <div><a href=\"https:\/\/www.economicas.uba.ar\/extension\/vocesenelfenix\/gramsci-bebote-y-bullrich-la-papa-que-calienta-y-no-quema\/\" rel=\"bookmark\" class=\"bm-read-more entry-read-more\">M\u00e1s \u00bb<\/a><div>            <\/div>\n        <\/div>\n    <\/article>\n    <article id=\"post-9989\" class=\"item bm_layout post-9989 post type-post status-publish format-standard has-post-thumbnail hentry category-n-58 tag-deporte-y-sociedad tag-jose-garriga-zucal tag-marcos-buccellato tag-violencia\">\n\t\t<div class=\"bm-blog-post-image entry-post-image\">\n\t\t\t<div class=\"bm-post-image clearfix bm-hover-effect bm-hover-effect-blur\">\n\t\t\t\t<img loading=\"lazy\" decoding=\"async\" width=\"640\" height=\"432\" src=\"https:\/\/www.economicas.uba.ar\/extension\/vocesenelfenix\/wp-content\/uploads\/5816-Buccellato.jpg\" class=\"attachment-large size-large wp-post-image\" alt=\"\" srcset=\"https:\/\/www.economicas.uba.ar\/extension\/vocesenelfenix\/wp-content\/uploads\/5816-Buccellato.jpg 1080w, https:\/\/www.economicas.uba.ar\/extension\/vocesenelfenix\/wp-content\/uploads\/5816-Buccellato-300x203.jpg 300w, https:\/\/www.economicas.uba.ar\/extension\/vocesenelfenix\/wp-content\/uploads\/5816-Buccellato-768x518.jpg 768w\" sizes=\"(max-width: 640px) 100vw, 640px\" \/>\t\t\t<\/div>\n\t\t<\/div>\n        <div class=\"bm-blog-post-content bm_content_box\">\n            <h4 class=\"entry-post-title bm_title\"><a href=\"https:\/\/www.economicas.uba.ar\/extension\/vocesenelfenix\/el-club-de-la-pelea-reflexiones-sobre-la-regulacion-de-la-violencia\/\" rel=\"bookmark\">\u201cEl club de la pelea\u201d. Reflexiones sobre la regulaci\u00f3n de la violencia<\/a><\/h4>            <div class=\"bm-blog-post-meta entry-post-meta bm_meta\">\n                            <\/div>\n            <div class=\"entry-post-content bm_content\">\n                | Por Marcos Buccellato y Jos\u00e9 Garriga Zucal | La violencia tiene sentidos y significados socialmente instituidos, y en la mayor\u00eda de los casos se utiliza para comunicar variados aspectos <div><a href=\"https:\/\/www.economicas.uba.ar\/extension\/vocesenelfenix\/el-club-de-la-pelea-reflexiones-sobre-la-regulacion-de-la-violencia\/\" rel=\"bookmark\" class=\"bm-read-more entry-read-more\">M\u00e1s \u00bb<\/a><div>            <\/div>\n        <\/div>\n    <\/article>\n\t\t\t\t<\/div><\/div>\n\t\t\t\t\t\t\t\t<\/div>\n\t\t\t\t<\/div>\n\t\t\t\t\t<\/div>\n\t\t<\/div>\n\t\t\t\t\t<\/div>\n\t\t<\/section>\n\t\t\t\t<section class=\"elementor-section elementor-top-section elementor-element elementor-element-2b9339a elementor-section-boxed elementor-section-height-default elementor-section-height-default\" data-id=\"2b9339a\" data-element_type=\"section\" data-e-type=\"section\" data-settings=\"{&quot;background_background&quot;:&quot;classic&quot;}\">\n\t\t\t\t\t\t<div class=\"elementor-container elementor-column-gap-default\">\n\t\t\t\t\t<div class=\"elementor-column elementor-col-100 elementor-top-column elementor-element elementor-element-76117fb\" data-id=\"76117fb\" data-element_type=\"column\" data-e-type=\"column\">\n\t\t\t<div class=\"elementor-widget-wrap elementor-element-populated\">\n\t\t\t\t\t\t<div class=\"elementor-element elementor-element-657d527 elementor-widget elementor-widget-text-editor\" data-id=\"657d527\" data-element_type=\"widget\" data-e-type=\"widget\" data-widget_type=\"text-editor.default\">\n\t\t\t\t<div class=\"elementor-widget-container\">\n\t\t\t\t\t\t\t\t\t<iframe width=\"560\" height=\"315\" src=\"https:\/\/www.youtube.com\/embed\/videoseries?list=PLeYdj9X0_ljm_Kucy1pu2lOB66RaYd5r-\" title=\"YouTube video player\" frameborder=\"0\" allow=\"accelerometer; autoplay; clipboard-write; encrypted-media; gyroscope; picture-in-picture\" allowfullscreen><\/iframe>\t\t\t\t\t\t\t\t<\/div>\n\t\t\t\t<\/div>\n\t\t\t\t\t<\/div>\n\t\t<\/div>\n\t\t\t\t\t<\/div>\n\t\t<\/section>\n\t\t\t\t<\/div>\n\t\t","protected":false},"excerpt":{"rendered":"<p>Descarg\u00e1 el PDF N\u00daMERO 58 PELOTA DE TRAPO DEPORTE Y SOCIEDAD COMO EN TODAS LAS ESFERAS DE LA VIDA EN SOCIEDAD, LA PR\u00c1CTICA DEPORTIVA NOS PRESENTA IMPORTANTES CONTRADICCIONES. VALORES COMO<\/p>\n","protected":false},"author":5,"featured_media":0,"parent":0,"menu_order":0,"comment_status":"closed","ping_status":"closed","template":"","meta":{"footnotes":""},"class_list":["post-9865","page","type-page","status-publish","hentry"],"_links":{"self":[{"href":"https:\/\/www.economicas.uba.ar\/extension\/vocesenelfenix\/wp-json\/wp\/v2\/pages\/9865","targetHints":{"allow":["GET"]}}],"collection":[{"href":"https:\/\/www.economicas.uba.ar\/extension\/vocesenelfenix\/wp-json\/wp\/v2\/pages"}],"about":[{"href":"https:\/\/www.economicas.uba.ar\/extension\/vocesenelfenix\/wp-json\/wp\/v2\/types\/page"}],"author":[{"embeddable":true,"href":"https:\/\/www.economicas.uba.ar\/extension\/vocesenelfenix\/wp-json\/wp\/v2\/users\/5"}],"replies":[{"embeddable":true,"href":"https:\/\/www.economicas.uba.ar\/extension\/vocesenelfenix\/wp-json\/wp\/v2\/comments?post=9865"}],"version-history":[{"count":16,"href":"https:\/\/www.economicas.uba.ar\/extension\/vocesenelfenix\/wp-json\/wp\/v2\/pages\/9865\/revisions"}],"predecessor-version":[{"id":9917,"href":"https:\/\/www.economicas.uba.ar\/extension\/vocesenelfenix\/wp-json\/wp\/v2\/pages\/9865\/revisions\/9917"}],"wp:attachment":[{"href":"https:\/\/www.economicas.uba.ar\/extension\/vocesenelfenix\/wp-json\/wp\/v2\/media?parent=9865"}],"curies":[{"name":"wp","href":"https:\/\/api.w.org\/{rel}","templated":true}]}}