{"id":9999,"date":"2016-08-01T00:01:00","date_gmt":"2016-08-01T03:01:00","guid":{"rendered":"https:\/\/www.economicas.uba.ar\/extension\/vocesenelfenix\/?page_id=9999"},"modified":"2022-03-15T14:35:26","modified_gmt":"2022-03-15T17:35:26","slug":"numero-57","status":"publish","type":"page","link":"https:\/\/www.economicas.uba.ar\/extension\/vocesenelfenix\/numero-57\/","title":{"rendered":"N\u00famero 57"},"content":{"rendered":"\t\t<div data-elementor-type=\"wp-page\" data-elementor-id=\"9999\" class=\"elementor elementor-9999\" data-elementor-post-type=\"page\">\n\t\t\t\t\t\t<section class=\"elementor-section elementor-top-section elementor-element elementor-element-bf3eb2f elementor-section-boxed elementor-section-height-default elementor-section-height-default\" data-id=\"bf3eb2f\" data-element_type=\"section\" data-e-type=\"section\" data-settings=\"{&quot;background_background&quot;:&quot;classic&quot;}\">\n\t\t\t\t\t\t<div class=\"elementor-container elementor-column-gap-default\">\n\t\t\t\t\t<div class=\"elementor-column elementor-col-33 elementor-top-column elementor-element elementor-element-a4bc468\" data-id=\"a4bc468\" data-element_type=\"column\" data-e-type=\"column\">\n\t\t\t<div class=\"elementor-widget-wrap elementor-element-populated\">\n\t\t\t\t\t\t<div class=\"elementor-element elementor-element-da81b58 elementor-widget elementor-widget-image\" data-id=\"da81b58\" data-element_type=\"widget\" data-e-type=\"widget\" data-widget_type=\"image.default\">\n\t\t\t\t<div class=\"elementor-widget-container\">\n\t\t\t\t\t\t\t\t\t\t\t\t\t\t\t\t<a href=\"https:\/\/drive.google.com\/file\/d\/1YEeq3Jo-0HVjrs2mI9kTRdbAgR2Mdp6o\/view\" target=\"_blank\">\n\t\t\t\t\t\t\t<img fetchpriority=\"high\" decoding=\"async\" width=\"193\" height=\"267\" src=\"https:\/\/www.economicas.uba.ar\/extension\/vocesenelfenix\/wp-content\/uploads\/tapa57.jpg\" class=\"attachment-large size-large wp-image-1925\" alt=\"\" \/>\t\t\t\t\t\t\t\t<\/a>\n\t\t\t\t\t\t\t\t\t\t\t\t\t\t\t<\/div>\n\t\t\t\t<\/div>\n\t\t\t\t\t<\/div>\n\t\t<\/div>\n\t\t\t\t<div class=\"elementor-column elementor-col-66 elementor-top-column elementor-element elementor-element-4a0ed86\" data-id=\"4a0ed86\" data-element_type=\"column\" data-e-type=\"column\">\n\t\t\t<div class=\"elementor-widget-wrap elementor-element-populated\">\n\t\t\t\t\t\t<div class=\"elementor-element elementor-element-0ba8c93 elementor-widget elementor-widget-text-editor\" data-id=\"0ba8c93\" data-element_type=\"widget\" data-e-type=\"widget\" data-widget_type=\"text-editor.default\">\n\t\t\t\t<div class=\"elementor-widget-container\">\n\t\t\t\t\t\t\t\t\t<h5>N\u00daMERO 57<\/h5><h3>\u00c1FRICA M\u00cdA<\/h3><h6>\u00c1FRICA<\/h6><p><br \/>LAS IM\u00c1GENES M\u00c1S FRECUENTES QUE NOS LLEGAN DE \u00c1FRICA SE VINCULAN A CONFLICTOS ARMADOS. PERO \u00c1FRICA ES MUCHO M\u00c1S QUE ESO, ES UN CONTINENTE LLENO DE DIVERSIDAD CULTURAL, DE ETNIAS Y RELIGIONES QUE CONVIVEN CON LA MODERNIDAD Y LA TRADICI\u00d3N. TAMBI\u00c9N ES LA REGI\u00d3N CON LA TASA DE CRECIMIENTO M\u00c1S ALTA DEL MUNDO, AUNQUE ESTE CRECIMIENTO NO SE REFLEJA EN UN PROCESO DE DESARROLLO. EN ESTE N\u00daMERO, UN RECORRIDO QUE NOS PERMITE DERRIBAR EL MITO Y ACERCARNOS A SU COMPLEJA REALIDAD.<\/p>\t\t\t\t\t\t\t\t<\/div>\n\t\t\t\t<\/div>\n\t\t\t\t<div class=\"elementor-element elementor-element-8d4bb39 elementor-widget elementor-widget-button\" data-id=\"8d4bb39\" data-element_type=\"widget\" data-e-type=\"widget\" data-widget_type=\"button.default\">\n\t\t\t\t<div class=\"elementor-widget-container\">\n\t\t\t\t\t\t\t\t\t<div class=\"elementor-button-wrapper\">\n\t\t\t\t\t<a class=\"elementor-button elementor-button-link elementor-size-xs\" href=\"https:\/\/drive.google.com\/file\/d\/1YEeq3Jo-0HVjrs2mI9kTRdbAgR2Mdp6o\/view\" target=\"_blank\">\n\t\t\t\t\t\t<span class=\"elementor-button-content-wrapper\">\n\t\t\t\t\t\t\t\t\t<span class=\"elementor-button-text\">Descarg\u00e1 el PDF<\/span>\n\t\t\t\t\t<\/span>\n\t\t\t\t\t<\/a>\n\t\t\t\t<\/div>\n\t\t\t\t\t\t\t\t<\/div>\n\t\t\t\t<\/div>\n\t\t\t\t\t<\/div>\n\t\t<\/div>\n\t\t\t\t\t<\/div>\n\t\t<\/section>\n\t\t\t\t<section class=\"elementor-section elementor-top-section elementor-element elementor-element-f3b049b elementor-section-boxed elementor-section-height-default elementor-section-height-default\" data-id=\"f3b049b\" data-element_type=\"section\" data-e-type=\"section\">\n\t\t\t\t\t\t<div class=\"elementor-container elementor-column-gap-default\">\n\t\t\t\t\t<div class=\"elementor-column elementor-col-100 elementor-top-column elementor-element elementor-element-a435c5e\" data-id=\"a435c5e\" data-element_type=\"column\" data-e-type=\"column\">\n\t\t\t<div class=\"elementor-widget-wrap elementor-element-populated\">\n\t\t\t\t\t\t<div class=\"elementor-element elementor-element-7b59b85 elementor-grid-3 elementor-grid-tablet-2 elementor-grid-mobile-1 elementor-posts--align-left elementor-widget elementor-widget-blogmentor_blog_posts\" data-id=\"7b59b85\" data-element_type=\"widget\" data-e-type=\"widget\" data-settings=\"{&quot;bm_grid_columns&quot;:&quot;3&quot;,&quot;bm_grid_columns_tablet&quot;:&quot;2&quot;,&quot;bm_grid_columns_mobile&quot;:&quot;1&quot;,&quot;post_card_grid_gap&quot;:{&quot;unit&quot;:&quot;px&quot;,&quot;size&quot;:10,&quot;sizes&quot;:[]},&quot;post_card_row_gap&quot;:{&quot;unit&quot;:&quot;px&quot;,&quot;size&quot;:35,&quot;sizes&quot;:[]}}\" data-widget_type=\"blogmentor_blog_posts.default\">\n\t\t\t\t<div class=\"elementor-widget-container\">\n\t\t\t\t\t\t\t\n\t\t\t\t\t\t\t\t<div class=\"bm-blog-posts-wrapper\" >\n\t\t\t\t\t\t\t<div class=\"bm-blog-posts bm-display-grid elementor-grid elementor-grid-3\" >\n\t\t\t\t    <article id=\"post-10011\" class=\"item bm_layout post-10011 post type-post status-publish format-standard has-post-thumbnail hentry category-n-57 tag-abraham-leonardo-gak tag-africa tag-editorial tag-martin-fernandez-nandin\">\n\t\t<div class=\"bm-blog-post-image entry-post-image\">\n\t\t\t<div class=\"bm-post-image clearfix bm-hover-effect bm-hover-effect-blur\">\n\t\t\t\t<img decoding=\"async\" width=\"640\" height=\"485\" src=\"https:\/\/www.economicas.uba.ar\/extension\/vocesenelfenix\/wp-content\/uploads\/5701-Fernandez-edit.jpg\" class=\"attachment-large size-large wp-post-image\" alt=\"\" srcset=\"https:\/\/www.economicas.uba.ar\/extension\/vocesenelfenix\/wp-content\/uploads\/5701-Fernandez-edit.jpg 1080w, https:\/\/www.economicas.uba.ar\/extension\/vocesenelfenix\/wp-content\/uploads\/5701-Fernandez-edit-300x227.jpg 300w, https:\/\/www.economicas.uba.ar\/extension\/vocesenelfenix\/wp-content\/uploads\/5701-Fernandez-edit-768x582.jpg 768w\" sizes=\"(max-width: 640px) 100vw, 640px\" \/>\t\t\t<\/div>\n\t\t<\/div>\n        <div class=\"bm-blog-post-content bm_content_box\">\n            <h4 class=\"entry-post-title bm_title\"><a href=\"https:\/\/www.economicas.uba.ar\/extension\/vocesenelfenix\/editorial-diamante-de-sangre\/\" rel=\"bookmark\">Editorial: Diamante de sangre<\/a><\/h4>            <div class=\"bm-blog-post-meta entry-post-meta bm_meta\">\n                            <\/div>\n            <div class=\"entry-post-content bm_content\">\n                | Por Mart\u00edn Fern\u00e1ndez Nand\u00edn |            <\/div>\n        <\/div>\n    <\/article>\n    <article id=\"post-10117\" class=\"item bm_layout post-10117 post type-post status-publish format-standard has-post-thumbnail hentry category-n-57 tag-africa tag-carla-morasso tag-gladys-lechini tag-presentacion\">\n\t\t<div class=\"bm-blog-post-image entry-post-image\">\n\t\t\t<div class=\"bm-post-image clearfix bm-hover-effect bm-hover-effect-blur\">\n\t\t\t\t<img decoding=\"async\" width=\"640\" height=\"445\" src=\"https:\/\/www.economicas.uba.ar\/extension\/vocesenelfenix\/wp-content\/uploads\/5702-Lechini-Morasso.jpg\" class=\"attachment-large size-large wp-post-image\" alt=\"\" srcset=\"https:\/\/www.economicas.uba.ar\/extension\/vocesenelfenix\/wp-content\/uploads\/5702-Lechini-Morasso.jpg 1080w, https:\/\/www.economicas.uba.ar\/extension\/vocesenelfenix\/wp-content\/uploads\/5702-Lechini-Morasso-300x209.jpg 300w, https:\/\/www.economicas.uba.ar\/extension\/vocesenelfenix\/wp-content\/uploads\/5702-Lechini-Morasso-768x534.jpg 768w\" sizes=\"(max-width: 640px) 100vw, 640px\" \/>\t\t\t<\/div>\n\t\t<\/div>\n        <div class=\"bm-blog-post-content bm_content_box\">\n            <h4 class=\"entry-post-title bm_title\"><a href=\"https:\/\/www.economicas.uba.ar\/extension\/vocesenelfenix\/africa-mia\/\" rel=\"bookmark\">\u00c1frica m\u00eda<\/a><\/h4>            <div class=\"bm-blog-post-meta entry-post-meta bm_meta\">\n                            <\/div>\n            <div class=\"entry-post-content bm_content\">\n                | Por Gladys Lechini y Carla Morasso | A continuaci\u00f3n, un recorrido por los art\u00edculos que forman parte de este n\u00famero de Voces que nos ayudar\u00e1n a esclarecer el lugar <div><a href=\"https:\/\/www.economicas.uba.ar\/extension\/vocesenelfenix\/africa-mia\/\" rel=\"bookmark\" class=\"bm-read-more entry-read-more\">M\u00e1s \u00bb<\/a><div>            <\/div>\n        <\/div>\n    <\/article>\n    <article id=\"post-10123\" class=\"item bm_layout post-10123 post type-post status-publish format-standard has-post-thumbnail hentry category-n-57 tag-africa tag-cooperacion-sur-sur tag-gladys-lechini tag-politica-exterior\">\n\t\t<div class=\"bm-blog-post-image entry-post-image\">\n\t\t\t<div class=\"bm-post-image clearfix bm-hover-effect bm-hover-effect-blur\">\n\t\t\t\t<img loading=\"lazy\" decoding=\"async\" width=\"640\" height=\"348\" src=\"https:\/\/www.economicas.uba.ar\/extension\/vocesenelfenix\/wp-content\/uploads\/5703-Lechini.jpg\" class=\"attachment-large size-large wp-post-image\" alt=\"\" srcset=\"https:\/\/www.economicas.uba.ar\/extension\/vocesenelfenix\/wp-content\/uploads\/5703-Lechini.jpg 1080w, https:\/\/www.economicas.uba.ar\/extension\/vocesenelfenix\/wp-content\/uploads\/5703-Lechini-300x163.jpg 300w, https:\/\/www.economicas.uba.ar\/extension\/vocesenelfenix\/wp-content\/uploads\/5703-Lechini-768x417.jpg 768w\" sizes=\"(max-width: 640px) 100vw, 640px\" \/>\t\t\t<\/div>\n\t\t<\/div>\n        <div class=\"bm-blog-post-content bm_content_box\">\n            <h4 class=\"entry-post-title bm_title\"><a href=\"https:\/\/www.economicas.uba.ar\/extension\/vocesenelfenix\/la-argentina-y-los-impulsos-africanos\/\" rel=\"bookmark\">La Argentina y los impulsos africanos<\/a><\/h4>            <div class=\"bm-blog-post-meta entry-post-meta bm_meta\">\n                            <\/div>\n            <div class=\"entry-post-content bm_content\">\n                | Por Gladys Lechini | A lo largo de la historia nuestro pa\u00eds ha tenido una pol\u00edtica exterior ambivalente respecto de los pa\u00edses africanos. Al tratarse de un continente tan <div><a href=\"https:\/\/www.economicas.uba.ar\/extension\/vocesenelfenix\/la-argentina-y-los-impulsos-africanos\/\" rel=\"bookmark\" class=\"bm-read-more entry-read-more\">M\u00e1s \u00bb<\/a><div>            <\/div>\n        <\/div>\n    <\/article>\n    <article id=\"post-10136\" class=\"item bm_layout post-10136 post type-post status-publish format-standard has-post-thumbnail hentry category-n-57 tag-africa tag-derecho tag-exclusion tag-marta-m-maffia tag-migrantes tag-orlando-gabriel-morales tag-territorio\">\n\t\t<div class=\"bm-blog-post-image entry-post-image\">\n\t\t\t<div class=\"bm-post-image clearfix bm-hover-effect bm-hover-effect-blur\">\n\t\t\t\t<img loading=\"lazy\" decoding=\"async\" width=\"640\" height=\"433\" src=\"https:\/\/www.economicas.uba.ar\/extension\/vocesenelfenix\/wp-content\/uploads\/5704-Maffia.jpg\" class=\"attachment-large size-large wp-post-image\" alt=\"\" srcset=\"https:\/\/www.economicas.uba.ar\/extension\/vocesenelfenix\/wp-content\/uploads\/5704-Maffia.jpg 1080w, https:\/\/www.economicas.uba.ar\/extension\/vocesenelfenix\/wp-content\/uploads\/5704-Maffia-300x203.jpg 300w, https:\/\/www.economicas.uba.ar\/extension\/vocesenelfenix\/wp-content\/uploads\/5704-Maffia-768x520.jpg 768w\" sizes=\"(max-width: 640px) 100vw, 640px\" \/>\t\t\t<\/div>\n\t\t<\/div>\n        <div class=\"bm-blog-post-content bm_content_box\">\n            <h4 class=\"entry-post-title bm_title\"><a href=\"https:\/\/www.economicas.uba.ar\/extension\/vocesenelfenix\/africa-y-los-migrantes-africanos-en-el-imaginario-y-el-territorio-argentino\/\" rel=\"bookmark\">\u00c1frica y los migrantes africanos en el imaginario y el territorio argentino<\/a><\/h4>            <div class=\"bm-blog-post-meta entry-post-meta bm_meta\">\n                            <\/div>\n            <div class=\"entry-post-content bm_content\">\n                | Por Orlando Gabriel Morales y Marta M. Maffia | Nuestro pa\u00eds registr\u00f3 en los \u00faltimos a\u00f1os un notable incremento de migrantes originarios de pa\u00edses africanos, pero su integraci\u00f3n a <div><a href=\"https:\/\/www.economicas.uba.ar\/extension\/vocesenelfenix\/africa-y-los-migrantes-africanos-en-el-imaginario-y-el-territorio-argentino\/\" rel=\"bookmark\" class=\"bm-read-more entry-read-more\">M\u00e1s \u00bb<\/a><div>            <\/div>\n        <\/div>\n    <\/article>\n    <article id=\"post-10142\" class=\"item bm_layout post-10142 post type-post status-publish format-standard has-post-thumbnail hentry category-n-57 tag-africa tag-elites tag-jose-flavio-sombra-saraiva tag-renovacion\">\n\t\t<div class=\"bm-blog-post-image entry-post-image\">\n\t\t\t<div class=\"bm-post-image clearfix bm-hover-effect bm-hover-effect-blur\">\n\t\t\t\t<img loading=\"lazy\" decoding=\"async\" width=\"640\" height=\"430\" src=\"https:\/\/www.economicas.uba.ar\/extension\/vocesenelfenix\/wp-content\/uploads\/5705-Flavio.jpg\" class=\"attachment-large size-large wp-post-image\" alt=\"\" srcset=\"https:\/\/www.economicas.uba.ar\/extension\/vocesenelfenix\/wp-content\/uploads\/5705-Flavio.jpg 1080w, https:\/\/www.economicas.uba.ar\/extension\/vocesenelfenix\/wp-content\/uploads\/5705-Flavio-300x201.jpg 300w, https:\/\/www.economicas.uba.ar\/extension\/vocesenelfenix\/wp-content\/uploads\/5705-Flavio-768x516.jpg 768w\" sizes=\"(max-width: 640px) 100vw, 640px\" \/>\t\t\t<\/div>\n\t\t<\/div>\n        <div class=\"bm-blog-post-content bm_content_box\">\n            <h4 class=\"entry-post-title bm_title\"><a href=\"https:\/\/www.economicas.uba.ar\/extension\/vocesenelfenix\/un-africa-renovada\/\" rel=\"bookmark\">Un \u00c1frica renovada<\/a><\/h4>            <div class=\"bm-blog-post-meta entry-post-meta bm_meta\">\n                            <\/div>\n            <div class=\"entry-post-content bm_content\">\n                | Por Jos\u00e9 Fl\u00e1vio Sombra Saraiva | El renacimiento africano es el movimiento de reformulaci\u00f3n de los estereotipos acerca de la vida en \u00c1frica. Su centro es el rechazo al <div><a href=\"https:\/\/www.economicas.uba.ar\/extension\/vocesenelfenix\/un-africa-renovada\/\" rel=\"bookmark\" class=\"bm-read-more entry-read-more\">M\u00e1s \u00bb<\/a><div>            <\/div>\n        <\/div>\n    <\/article>\n    <article id=\"post-10148\" class=\"item bm_layout post-10148 post type-post status-publish format-standard has-post-thumbnail hentry category-n-57 tag-africa tag-crecimiento tag-desarrollo tag-desigualdad tag-integracion-regional tag-mbuyi-kabunda-badi\">\n\t\t<div class=\"bm-blog-post-image entry-post-image\">\n\t\t\t<div class=\"bm-post-image clearfix bm-hover-effect bm-hover-effect-blur\">\n\t\t\t\t<img loading=\"lazy\" decoding=\"async\" width=\"640\" height=\"432\" src=\"https:\/\/www.economicas.uba.ar\/extension\/vocesenelfenix\/wp-content\/uploads\/5706-Kabunda2.jpg\" class=\"attachment-large size-large wp-post-image\" alt=\"\" srcset=\"https:\/\/www.economicas.uba.ar\/extension\/vocesenelfenix\/wp-content\/uploads\/5706-Kabunda2.jpg 1080w, https:\/\/www.economicas.uba.ar\/extension\/vocesenelfenix\/wp-content\/uploads\/5706-Kabunda2-300x203.jpg 300w, https:\/\/www.economicas.uba.ar\/extension\/vocesenelfenix\/wp-content\/uploads\/5706-Kabunda2-768x518.jpg 768w\" sizes=\"(max-width: 640px) 100vw, 640px\" \/>\t\t\t<\/div>\n\t\t<\/div>\n        <div class=\"bm-blog-post-content bm_content_box\">\n            <h4 class=\"entry-post-title bm_title\"><a href=\"https:\/\/www.economicas.uba.ar\/extension\/vocesenelfenix\/africa-crecimiento-sin-desarrollo\/\" rel=\"bookmark\">\u00c1frica: crecimiento sin desarrollo<\/a><\/h4>            <div class=\"bm-blog-post-meta entry-post-meta bm_meta\">\n                            <\/div>\n            <div class=\"entry-post-content bm_content\">\n                | Por Mbuyi Kabunda Badi | Seg\u00fan datos del FMI, \u00c1frica es hoy la regi\u00f3n con la tasa de crecimiento m\u00e1s alta del mundo. Sin embargo, este crecimiento no se <div><a href=\"https:\/\/www.economicas.uba.ar\/extension\/vocesenelfenix\/africa-crecimiento-sin-desarrollo\/\" rel=\"bookmark\" class=\"bm-read-more entry-read-more\">M\u00e1s \u00bb<\/a><div>            <\/div>\n        <\/div>\n    <\/article>\n    <article id=\"post-10154\" class=\"item bm_layout post-10154 post type-post status-publish format-standard has-post-thumbnail hentry category-n-57 tag-africa tag-democracias tag-desarrollo tag-instituciones tag-lyal-white tag-valentina-nardi\">\n\t\t<div class=\"bm-blog-post-image entry-post-image\">\n\t\t\t<div class=\"bm-post-image clearfix bm-hover-effect bm-hover-effect-blur\">\n\t\t\t\t<img loading=\"lazy\" decoding=\"async\" width=\"640\" height=\"459\" src=\"https:\/\/www.economicas.uba.ar\/extension\/vocesenelfenix\/wp-content\/uploads\/5707-White.jpg\" class=\"attachment-large size-large wp-post-image\" alt=\"\" srcset=\"https:\/\/www.economicas.uba.ar\/extension\/vocesenelfenix\/wp-content\/uploads\/5707-White.jpg 1080w, https:\/\/www.economicas.uba.ar\/extension\/vocesenelfenix\/wp-content\/uploads\/5707-White-300x215.jpg 300w, https:\/\/www.economicas.uba.ar\/extension\/vocesenelfenix\/wp-content\/uploads\/5707-White-768x551.jpg 768w, https:\/\/www.economicas.uba.ar\/extension\/vocesenelfenix\/wp-content\/uploads\/5707-White-183x132.jpg 183w\" sizes=\"(max-width: 640px) 100vw, 640px\" \/>\t\t\t<\/div>\n\t\t<\/div>\n        <div class=\"bm-blog-post-content bm_content_box\">\n            <h4 class=\"entry-post-title bm_title\"><a href=\"https:\/\/www.economicas.uba.ar\/extension\/vocesenelfenix\/africa-remontando-o-en-descenso-reforzar-las-instituciones-para-impulsar-un-cambio-gradual\/\" rel=\"bookmark\">\u00c1frica: \u00bfremontando o en descenso? Reforzar las instituciones para impulsar un cambio gradual<\/a><\/h4>            <div class=\"bm-blog-post-meta entry-post-meta bm_meta\">\n                            <\/div>\n            <div class=\"entry-post-content bm_content\">\n                | Por Lyal White y Valentina Nardi | En los \u00faltimos a\u00f1os el continente africano es visto, cada vez m\u00e1s, como un destino donde invertir y obtener reales ganancias. Sin <div><a href=\"https:\/\/www.economicas.uba.ar\/extension\/vocesenelfenix\/africa-remontando-o-en-descenso-reforzar-las-instituciones-para-impulsar-un-cambio-gradual\/\" rel=\"bookmark\" class=\"bm-read-more entry-read-more\">M\u00e1s \u00bb<\/a><div>            <\/div>\n        <\/div>\n    <\/article>\n    <article id=\"post-10161\" class=\"item bm_layout post-10161 post type-post status-publish format-standard has-post-thumbnail hentry category-n-57 tag-africa tag-fragmentacion tag-frank-mattheis tag-integracion-regional\">\n\t\t<div class=\"bm-blog-post-image entry-post-image\">\n\t\t\t<div class=\"bm-post-image clearfix bm-hover-effect bm-hover-effect-blur\">\n\t\t\t\t<img loading=\"lazy\" decoding=\"async\" width=\"640\" height=\"430\" src=\"https:\/\/www.economicas.uba.ar\/extension\/vocesenelfenix\/wp-content\/uploads\/5708-Mattheis.jpg\" class=\"attachment-large size-large wp-post-image\" alt=\"\" srcset=\"https:\/\/www.economicas.uba.ar\/extension\/vocesenelfenix\/wp-content\/uploads\/5708-Mattheis.jpg 1080w, https:\/\/www.economicas.uba.ar\/extension\/vocesenelfenix\/wp-content\/uploads\/5708-Mattheis-300x202.jpg 300w, https:\/\/www.economicas.uba.ar\/extension\/vocesenelfenix\/wp-content\/uploads\/5708-Mattheis-768x516.jpg 768w\" sizes=\"(max-width: 640px) 100vw, 640px\" \/>\t\t\t<\/div>\n\t\t<\/div>\n        <div class=\"bm-blog-post-content bm_content_box\">\n            <h4 class=\"entry-post-title bm_title\"><a href=\"https:\/\/www.economicas.uba.ar\/extension\/vocesenelfenix\/integracion-y-regionalismos-africanos\/\" rel=\"bookmark\">Integraci\u00f3n y regionalismos africanos<\/a><\/h4>            <div class=\"bm-blog-post-meta entry-post-meta bm_meta\">\n                            <\/div>\n            <div class=\"entry-post-content bm_content\">\n                | Por Frank Mattheis | Si bien \u00c1frica puede f\u00e1cilmente definirse como continente, su divisi\u00f3n interna es m\u00e1s compleja. Esto hace que el regionalismo se caracterice por una fragmentaci\u00f3n de <div><a href=\"https:\/\/www.economicas.uba.ar\/extension\/vocesenelfenix\/integracion-y-regionalismos-africanos\/\" rel=\"bookmark\" class=\"bm-read-more entry-read-more\">M\u00e1s \u00bb<\/a><div>            <\/div>\n        <\/div>\n    <\/article>\n    <article id=\"post-10167\" class=\"item bm_layout post-10167 post type-post status-publish format-standard has-post-thumbnail hentry category-n-57 tag-africa tag-egipto tag-islam-politico tag-primavera-arabe tag-ruben-paredes-rodriguez\">\n\t\t<div class=\"bm-blog-post-image entry-post-image\">\n\t\t\t<div class=\"bm-post-image clearfix bm-hover-effect bm-hover-effect-blur\">\n\t\t\t\t<img loading=\"lazy\" decoding=\"async\" width=\"640\" height=\"431\" src=\"https:\/\/www.economicas.uba.ar\/extension\/vocesenelfenix\/wp-content\/uploads\/5709-Paredes.jpg\" class=\"attachment-large size-large wp-post-image\" alt=\"\" srcset=\"https:\/\/www.economicas.uba.ar\/extension\/vocesenelfenix\/wp-content\/uploads\/5709-Paredes.jpg 1080w, https:\/\/www.economicas.uba.ar\/extension\/vocesenelfenix\/wp-content\/uploads\/5709-Paredes-300x202.jpg 300w, https:\/\/www.economicas.uba.ar\/extension\/vocesenelfenix\/wp-content\/uploads\/5709-Paredes-768x517.jpg 768w\" sizes=\"(max-width: 640px) 100vw, 640px\" \/>\t\t\t<\/div>\n\t\t<\/div>\n        <div class=\"bm-blog-post-content bm_content_box\">\n            <h4 class=\"entry-post-title bm_title\"><a href=\"https:\/\/www.economicas.uba.ar\/extension\/vocesenelfenix\/egipto-auge-y-caida-del-islam-politico\/\" rel=\"bookmark\">Egipto: \u00bfauge y ca\u00edda del Islam pol\u00edtico?<\/a><\/h4>            <div class=\"bm-blog-post-meta entry-post-meta bm_meta\">\n                            <\/div>\n            <div class=\"entry-post-content bm_content\">\n                | Por Rub\u00e9n Paredes Rodr\u00edguez | La Primavera \u00c1rabe demostr\u00f3 en Egipto c\u00f3mo en las sociedades en las cuales el Islam pol\u00edtico se encuentra arraigado, cuando se produce una apertura <div><a href=\"https:\/\/www.economicas.uba.ar\/extension\/vocesenelfenix\/egipto-auge-y-caida-del-islam-politico\/\" rel=\"bookmark\" class=\"bm-read-more entry-read-more\">M\u00e1s \u00bb<\/a><div>            <\/div>\n        <\/div>\n    <\/article>\n    <article id=\"post-10173\" class=\"item bm_layout post-10173 post type-post status-publish format-standard has-post-thumbnail hentry category-n-57 tag-africa tag-gadafi tag-libia tag-noemi-s-rabbia tag-occidente\">\n\t\t<div class=\"bm-blog-post-image entry-post-image\">\n\t\t\t<div class=\"bm-post-image clearfix bm-hover-effect bm-hover-effect-blur\">\n\t\t\t\t<img loading=\"lazy\" decoding=\"async\" width=\"640\" height=\"430\" src=\"https:\/\/www.economicas.uba.ar\/extension\/vocesenelfenix\/wp-content\/uploads\/5710-Rabbia.jpg\" class=\"attachment-large size-large wp-post-image\" alt=\"\" srcset=\"https:\/\/www.economicas.uba.ar\/extension\/vocesenelfenix\/wp-content\/uploads\/5710-Rabbia.jpg 1080w, https:\/\/www.economicas.uba.ar\/extension\/vocesenelfenix\/wp-content\/uploads\/5710-Rabbia-300x201.jpg 300w, https:\/\/www.economicas.uba.ar\/extension\/vocesenelfenix\/wp-content\/uploads\/5710-Rabbia-768x516.jpg 768w\" sizes=\"(max-width: 640px) 100vw, 640px\" \/>\t\t\t<\/div>\n\t\t<\/div>\n        <div class=\"bm-blog-post-content bm_content_box\">\n            <h4 class=\"entry-post-title bm_title\"><a href=\"https:\/\/www.economicas.uba.ar\/extension\/vocesenelfenix\/libia-el-estado-fallido-que-occidente-ayudo-a-construir\/\" rel=\"bookmark\">Libia: el Estado fallido que Occidente ayud\u00f3 a construir<\/a><\/h4>            <div class=\"bm-blog-post-meta entry-post-meta bm_meta\">\n                            <\/div>\n            <div class=\"entry-post-content bm_content\">\n                | Por Noem\u00ed S. Rabbia | Desde la ca\u00edda del r\u00e9gimen de Gadafi, Libia parece haber quedado detenida en el tiempo. Jaqueada por las disputas de poder entre actores locales <div><a href=\"https:\/\/www.economicas.uba.ar\/extension\/vocesenelfenix\/libia-el-estado-fallido-que-occidente-ayudo-a-construir\/\" rel=\"bookmark\" class=\"bm-read-more entry-read-more\">M\u00e1s \u00bb<\/a><div>            <\/div>\n        <\/div>\n    <\/article>\n    <article id=\"post-10180\" class=\"item bm_layout post-10180 post type-post status-publish format-standard has-post-thumbnail hentry category-n-57 tag-africa tag-juan-jose-vagni tag-marruecos tag-mohamed-vi tag-primavera-arabe\">\n\t\t<div class=\"bm-blog-post-image entry-post-image\">\n\t\t\t<div class=\"bm-post-image clearfix bm-hover-effect bm-hover-effect-blur\">\n\t\t\t\t<img loading=\"lazy\" decoding=\"async\" width=\"640\" height=\"424\" src=\"https:\/\/www.economicas.uba.ar\/extension\/vocesenelfenix\/wp-content\/uploads\/5711-Vagni.jpg\" class=\"attachment-large size-large wp-post-image\" alt=\"\" srcset=\"https:\/\/www.economicas.uba.ar\/extension\/vocesenelfenix\/wp-content\/uploads\/5711-Vagni.jpg 1080w, https:\/\/www.economicas.uba.ar\/extension\/vocesenelfenix\/wp-content\/uploads\/5711-Vagni-300x199.jpg 300w, https:\/\/www.economicas.uba.ar\/extension\/vocesenelfenix\/wp-content\/uploads\/5711-Vagni-768x508.jpg 768w\" sizes=\"(max-width: 640px) 100vw, 640px\" \/>\t\t\t<\/div>\n\t\t<\/div>\n        <div class=\"bm-blog-post-content bm_content_box\">\n            <h4 class=\"entry-post-title bm_title\"><a href=\"https:\/\/www.economicas.uba.ar\/extension\/vocesenelfenix\/marruecos-reajustes-internos-y-externos-ante-un-contexto-regional-conflictivo\/\" rel=\"bookmark\">Marruecos, reajustes internos y externos ante un contexto regional conflictivo<\/a><\/h4>            <div class=\"bm-blog-post-meta entry-post-meta bm_meta\">\n                            <\/div>\n            <div class=\"entry-post-content bm_content\">\n                | Por Juan Jos\u00e9 Vagni | Durante la primera d\u00e9cada del presente siglo Marruecos experiment\u00f3, bajo el reinado de Mohamed VI, una serie de reformas que despertaron las esperanzas de <div><a href=\"https:\/\/www.economicas.uba.ar\/extension\/vocesenelfenix\/marruecos-reajustes-internos-y-externos-ante-un-contexto-regional-conflictivo\/\" rel=\"bookmark\" class=\"bm-read-more entry-read-more\">M\u00e1s \u00bb<\/a><div>            <\/div>\n        <\/div>\n    <\/article>\n    <article id=\"post-10186\" class=\"item bm_layout post-10186 post type-post status-publish format-standard has-post-thumbnail hentry category-n-57 tag-africa tag-autodeterminacion tag-desconolizacion tag-luz-marina-mateo tag-sahara-occidental tag-soberania\">\n\t\t<div class=\"bm-blog-post-image entry-post-image\">\n\t\t\t<div class=\"bm-post-image clearfix bm-hover-effect bm-hover-effect-blur\">\n\t\t\t\t<img loading=\"lazy\" decoding=\"async\" width=\"640\" height=\"430\" src=\"https:\/\/www.economicas.uba.ar\/extension\/vocesenelfenix\/wp-content\/uploads\/5712-Mateo.jpg\" class=\"attachment-large size-large wp-post-image\" alt=\"\" srcset=\"https:\/\/www.economicas.uba.ar\/extension\/vocesenelfenix\/wp-content\/uploads\/5712-Mateo.jpg 1080w, https:\/\/www.economicas.uba.ar\/extension\/vocesenelfenix\/wp-content\/uploads\/5712-Mateo-300x202.jpg 300w, https:\/\/www.economicas.uba.ar\/extension\/vocesenelfenix\/wp-content\/uploads\/5712-Mateo-768x516.jpg 768w\" sizes=\"(max-width: 640px) 100vw, 640px\" \/>\t\t\t<\/div>\n\t\t<\/div>\n        <div class=\"bm-blog-post-content bm_content_box\">\n            <h4 class=\"entry-post-title bm_title\"><a href=\"https:\/\/www.economicas.uba.ar\/extension\/vocesenelfenix\/sahara-occidental-la-descolonizacion-pendiente-y-la-lucha-por-la-autodeterminacion\/\" rel=\"bookmark\">Sahara Occidental, la descolonizaci\u00f3n pendiente y la lucha por la autodeterminaci\u00f3n<\/a><\/h4>            <div class=\"bm-blog-post-meta entry-post-meta bm_meta\">\n                            <\/div>\n            <div class=\"entry-post-content bm_content\">\n                | Por Luz Marina Mateo | Desde 1963 Sahara Occidental pelea por constituirse en un Estado soberano. Mientras Marruecos mantiene el control del territorio en base al uso de la <div><a href=\"https:\/\/www.economicas.uba.ar\/extension\/vocesenelfenix\/sahara-occidental-la-descolonizacion-pendiente-y-la-lucha-por-la-autodeterminacion\/\" rel=\"bookmark\" class=\"bm-read-more entry-read-more\">M\u00e1s \u00bb<\/a><div>            <\/div>\n        <\/div>\n    <\/article>\n    <article id=\"post-10193\" class=\"item bm_layout post-10193 post type-post status-publish format-standard has-post-thumbnail hentry category-n-57 tag-africa tag-agustina-marchetti tag-angola tag-crecimiento-economico tag-crisis tag-guerrra tag-petroleo tag-politicas-publicas\">\n\t\t<div class=\"bm-blog-post-image entry-post-image\">\n\t\t\t<div class=\"bm-post-image clearfix bm-hover-effect bm-hover-effect-blur\">\n\t\t\t\t<img loading=\"lazy\" decoding=\"async\" width=\"640\" height=\"431\" src=\"https:\/\/www.economicas.uba.ar\/extension\/vocesenelfenix\/wp-content\/uploads\/5713-Marchetti.jpg\" class=\"attachment-large size-large wp-post-image\" alt=\"\" srcset=\"https:\/\/www.economicas.uba.ar\/extension\/vocesenelfenix\/wp-content\/uploads\/5713-Marchetti.jpg 1080w, https:\/\/www.economicas.uba.ar\/extension\/vocesenelfenix\/wp-content\/uploads\/5713-Marchetti-300x202.jpg 300w, https:\/\/www.economicas.uba.ar\/extension\/vocesenelfenix\/wp-content\/uploads\/5713-Marchetti-768x518.jpg 768w\" sizes=\"(max-width: 640px) 100vw, 640px\" \/>\t\t\t<\/div>\n\t\t<\/div>\n        <div class=\"bm-blog-post-content bm_content_box\">\n            <h4 class=\"entry-post-title bm_title\"><a href=\"https:\/\/www.economicas.uba.ar\/extension\/vocesenelfenix\/angola-resurgiendo-de-las-cenizas-de-la-guerra\/\" rel=\"bookmark\">Angola: \u00bfresurgiendo de las cenizas de la guerra?<\/a><\/h4>            <div class=\"bm-blog-post-meta entry-post-meta bm_meta\">\n                            <\/div>\n            <div class=\"entry-post-content bm_content\">\n                | Por Agustina Marchetti | Tras 27 a\u00f1os de conflicto armado, el pa\u00eds se encontraba devastado. El camino de la reconstrucci\u00f3n nacional se vio favorecido por un crecimiento econ\u00f3mico acelerado <div><a href=\"https:\/\/www.economicas.uba.ar\/extension\/vocesenelfenix\/angola-resurgiendo-de-las-cenizas-de-la-guerra\/\" rel=\"bookmark\" class=\"bm-read-more entry-read-more\">M\u00e1s \u00bb<\/a><div>            <\/div>\n        <\/div>\n    <\/article>\n    <article id=\"post-10199\" class=\"item bm_layout post-10199 post type-post status-publish format-standard has-post-thumbnail hentry category-n-57 tag-carla-morasso tag-desarrollo-humano tag-elites tag-inclusion-social tag-inestabilidad tag-mozambique tag-nigeria\">\n\t\t<div class=\"bm-blog-post-image entry-post-image\">\n\t\t\t<div class=\"bm-post-image clearfix bm-hover-effect bm-hover-effect-blur\">\n\t\t\t\t<img loading=\"lazy\" decoding=\"async\" width=\"640\" height=\"430\" src=\"https:\/\/www.economicas.uba.ar\/extension\/vocesenelfenix\/wp-content\/uploads\/5714-Morasso.jpg\" class=\"attachment-large size-large wp-post-image\" alt=\"\" srcset=\"https:\/\/www.economicas.uba.ar\/extension\/vocesenelfenix\/wp-content\/uploads\/5714-Morasso.jpg 1080w, https:\/\/www.economicas.uba.ar\/extension\/vocesenelfenix\/wp-content\/uploads\/5714-Morasso-300x202.jpg 300w, https:\/\/www.economicas.uba.ar\/extension\/vocesenelfenix\/wp-content\/uploads\/5714-Morasso-768x516.jpg 768w\" sizes=\"(max-width: 640px) 100vw, 640px\" \/>\t\t\t<\/div>\n\t\t<\/div>\n        <div class=\"bm-blog-post-content bm_content_box\">\n            <h4 class=\"entry-post-title bm_title\"><a href=\"https:\/\/www.economicas.uba.ar\/extension\/vocesenelfenix\/nigeria-y-mozambique-desafios-emergentes\/\" rel=\"bookmark\">Nigeria y Mozambique: desaf\u00edos emergentes<\/a><\/h4>            <div class=\"bm-blog-post-meta entry-post-meta bm_meta\">\n                            <\/div>\n            <div class=\"entry-post-content bm_content\">\n                | Por Carla Morasso | En lo que va del siglo XXI ambos pa\u00edses han atra\u00eddo las miradas extranjeras por sus performances econ\u00f3micas, recibiendo importantes montos de inversi\u00f3n extranjera directa. <div><a href=\"https:\/\/www.economicas.uba.ar\/extension\/vocesenelfenix\/nigeria-y-mozambique-desafios-emergentes\/\" rel=\"bookmark\" class=\"bm-read-more entry-read-more\">M\u00e1s \u00bb<\/a><div>            <\/div>\n        <\/div>\n    <\/article>\n    <article id=\"post-10205\" class=\"item bm_layout post-10205 post type-post status-publish format-standard has-post-thumbnail hentry category-n-57 tag-africa tag-brasil tag-economia-emergente tag-elites tag-jonuel-goncalves tag-sudafrica\">\n\t\t<div class=\"bm-blog-post-image entry-post-image\">\n\t\t\t<div class=\"bm-post-image clearfix bm-hover-effect bm-hover-effect-blur\">\n\t\t\t\t<img loading=\"lazy\" decoding=\"async\" width=\"640\" height=\"433\" src=\"https:\/\/www.economicas.uba.ar\/extension\/vocesenelfenix\/wp-content\/uploads\/5715-Goncalves.jpg\" class=\"attachment-large size-large wp-post-image\" alt=\"\" srcset=\"https:\/\/www.economicas.uba.ar\/extension\/vocesenelfenix\/wp-content\/uploads\/5715-Goncalves.jpg 1080w, https:\/\/www.economicas.uba.ar\/extension\/vocesenelfenix\/wp-content\/uploads\/5715-Goncalves-300x203.jpg 300w, https:\/\/www.economicas.uba.ar\/extension\/vocesenelfenix\/wp-content\/uploads\/5715-Goncalves-768x519.jpg 768w\" sizes=\"(max-width: 640px) 100vw, 640px\" \/>\t\t\t<\/div>\n\t\t<\/div>\n        <div class=\"bm-blog-post-content bm_content_box\">\n            <h4 class=\"entry-post-title bm_title\"><a href=\"https:\/\/www.economicas.uba.ar\/extension\/vocesenelfenix\/de-economia-emergente-a-la-emergencia-de-la-economia-los-casos-de-sudafrica-y-brasil\/\" rel=\"bookmark\">De econom\u00eda emergente a la emergencia de la econom\u00eda: los casos de Sud\u00e1frica y Brasil<\/a><\/h4>            <div class=\"bm-blog-post-meta entry-post-meta bm_meta\">\n                            <\/div>\n            <div class=\"entry-post-content bm_content\">\n                | Por Jonuel Gon\u00e7alves | Sud\u00e1frica y Brasil tienen muchas similitudes en su historia como Estados, dos coyunturas y dos historias con fuertes semejanzas y una historia econ\u00f3mica marcada por <div><a href=\"https:\/\/www.economicas.uba.ar\/extension\/vocesenelfenix\/de-economia-emergente-a-la-emergencia-de-la-economia-los-casos-de-sudafrica-y-brasil\/\" rel=\"bookmark\" class=\"bm-read-more entry-read-more\">M\u00e1s \u00bb<\/a><div>            <\/div>\n        <\/div>\n    <\/article>\n    <article id=\"post-10212\" class=\"item bm_layout post-10212 post type-post status-publish format-standard has-post-thumbnail hentry category-n-57 tag-africa tag-africa-subsahariana tag-conflictos-armados tag-diego-buffa tag-posguerra-fria\">\n\t\t<div class=\"bm-blog-post-image entry-post-image\">\n\t\t\t<div class=\"bm-post-image clearfix bm-hover-effect bm-hover-effect-blur\">\n\t\t\t\t<img loading=\"lazy\" decoding=\"async\" width=\"640\" height=\"457\" src=\"https:\/\/www.economicas.uba.ar\/extension\/vocesenelfenix\/wp-content\/uploads\/5716-Buffa2.jpg\" class=\"attachment-large size-large wp-post-image\" alt=\"\" srcset=\"https:\/\/www.economicas.uba.ar\/extension\/vocesenelfenix\/wp-content\/uploads\/5716-Buffa2.jpg 1080w, https:\/\/www.economicas.uba.ar\/extension\/vocesenelfenix\/wp-content\/uploads\/5716-Buffa2-300x214.jpg 300w, https:\/\/www.economicas.uba.ar\/extension\/vocesenelfenix\/wp-content\/uploads\/5716-Buffa2-768x548.jpg 768w, https:\/\/www.economicas.uba.ar\/extension\/vocesenelfenix\/wp-content\/uploads\/5716-Buffa2-183x132.jpg 183w\" sizes=\"(max-width: 640px) 100vw, 640px\" \/>\t\t\t<\/div>\n\t\t<\/div>\n        <div class=\"bm-blog-post-content bm_content_box\">\n            <h4 class=\"entry-post-title bm_title\"><a href=\"https:\/\/www.economicas.uba.ar\/extension\/vocesenelfenix\/la-necesidad-de-abandonar-la-mascara-de-la-simplificacion-representaciones-y-dinamicas-de-los-conflictos-subsaharianos-de-posguerra-fria\/\" rel=\"bookmark\">La necesidad de abandonar la m\u00e1scara de la simplificaci\u00f3n. Representaciones y din\u00e1micas de los conflictos subsaharianos de Posguerra Fr\u00eda<\/a><\/h4>            <div class=\"bm-blog-post-meta entry-post-meta bm_meta\">\n                            <\/div>\n            <div class=\"entry-post-content bm_content\">\n                | Por Diego Buffa | Las im\u00e1genes m\u00e1s frecuentes que nos llegan del \u00c1frica Subsahariana se vinculan a conflictos armados y sus consecuentes secuelas de muerte, hambrunas y campos de <div><a href=\"https:\/\/www.economicas.uba.ar\/extension\/vocesenelfenix\/la-necesidad-de-abandonar-la-mascara-de-la-simplificacion-representaciones-y-dinamicas-de-los-conflictos-subsaharianos-de-posguerra-fria\/\" rel=\"bookmark\" class=\"bm-read-more entry-read-more\">M\u00e1s \u00bb<\/a><div>            <\/div>\n        <\/div>\n    <\/article>\n    <article id=\"post-10218\" class=\"item bm_layout post-10218 post type-post status-publish format-standard has-post-thumbnail hentry category-n-57 tag-africa tag-cambio-climatico tag-grupo-africano-de-negociadores tag-maria-del-pilar-bueno\">\n\t\t<div class=\"bm-blog-post-image entry-post-image\">\n\t\t\t<div class=\"bm-post-image clearfix bm-hover-effect bm-hover-effect-blur\">\n\t\t\t\t<img loading=\"lazy\" decoding=\"async\" width=\"640\" height=\"423\" src=\"https:\/\/www.economicas.uba.ar\/extension\/vocesenelfenix\/wp-content\/uploads\/5717-Bueno.jpg\" class=\"attachment-large size-large wp-post-image\" alt=\"\" srcset=\"https:\/\/www.economicas.uba.ar\/extension\/vocesenelfenix\/wp-content\/uploads\/5717-Bueno.jpg 1080w, https:\/\/www.economicas.uba.ar\/extension\/vocesenelfenix\/wp-content\/uploads\/5717-Bueno-300x198.jpg 300w, https:\/\/www.economicas.uba.ar\/extension\/vocesenelfenix\/wp-content\/uploads\/5717-Bueno-768x508.jpg 768w\" sizes=\"(max-width: 640px) 100vw, 640px\" \/>\t\t\t<\/div>\n\t\t<\/div>\n        <div class=\"bm-blog-post-content bm_content_box\">\n            <h4 class=\"entry-post-title bm_title\"><a href=\"https:\/\/www.economicas.uba.ar\/extension\/vocesenelfenix\/el-grupo-africano-en-las-negociaciones-multilaterales-climaticas-recientes-2009-2016\/\" rel=\"bookmark\">El grupo africano en las negociaciones multilaterales clim\u00e1ticas recientes (2009-2016)<\/a><\/h4>            <div class=\"bm-blog-post-meta entry-post-meta bm_meta\">\n                            <\/div>\n            <div class=\"entry-post-content bm_content\">\n                | Por Mar\u00eda del Pilar Bueno | La conformaci\u00f3n del Grupo Africano de Negociadores ha permitido a \u00c1frica mejorar y fortalecer sus posiciones en la negociaci\u00f3n clim\u00e1tica multilateral, dejando de <div><a href=\"https:\/\/www.economicas.uba.ar\/extension\/vocesenelfenix\/el-grupo-africano-en-las-negociaciones-multilaterales-climaticas-recientes-2009-2016\/\" rel=\"bookmark\" class=\"bm-read-more entry-read-more\">M\u00e1s \u00bb<\/a><div>            <\/div>\n        <\/div>\n    <\/article>\n    <article id=\"post-10224\" class=\"item bm_layout post-10224 post type-post status-publish format-standard has-post-thumbnail hentry category-n-57 tag-activismo tag-africa tag-desarrollo tag-desigualdad tag-maria-jose-becerra tag-mujeres\">\n\t\t<div class=\"bm-blog-post-image entry-post-image\">\n\t\t\t<div class=\"bm-post-image clearfix bm-hover-effect bm-hover-effect-blur\">\n\t\t\t\t<img loading=\"lazy\" decoding=\"async\" width=\"640\" height=\"432\" src=\"https:\/\/www.economicas.uba.ar\/extension\/vocesenelfenix\/wp-content\/uploads\/5718-Becerra.jpg\" class=\"attachment-large size-large wp-post-image\" alt=\"\" srcset=\"https:\/\/www.economicas.uba.ar\/extension\/vocesenelfenix\/wp-content\/uploads\/5718-Becerra.jpg 1080w, https:\/\/www.economicas.uba.ar\/extension\/vocesenelfenix\/wp-content\/uploads\/5718-Becerra-300x203.jpg 300w, https:\/\/www.economicas.uba.ar\/extension\/vocesenelfenix\/wp-content\/uploads\/5718-Becerra-768x518.jpg 768w\" sizes=\"(max-width: 640px) 100vw, 640px\" \/>\t\t\t<\/div>\n\t\t<\/div>\n        <div class=\"bm-blog-post-content bm_content_box\">\n            <h4 class=\"entry-post-title bm_title\"><a href=\"https:\/\/www.economicas.uba.ar\/extension\/vocesenelfenix\/la-situacion-de-la-mujer-en-africa-entre-el-activismo-y-la-desigualdad\/\" rel=\"bookmark\">La situaci\u00f3n de la mujer en \u00c1frica: entre el activismo y la desigualdad<\/a><\/h4>            <div class=\"bm-blog-post-meta entry-post-meta bm_meta\">\n                            <\/div>\n            <div class=\"entry-post-content bm_content\">\n                | Por Mar\u00eda Jos\u00e9 Becerra | Si bien hoy la mujer es vista en \u00c1frica como un motor privilegiado para alcanzar el desarrollo econ\u00f3mico, promover la igualdad social y pol\u00edtica <div><a href=\"https:\/\/www.economicas.uba.ar\/extension\/vocesenelfenix\/la-situacion-de-la-mujer-en-africa-entre-el-activismo-y-la-desigualdad\/\" rel=\"bookmark\" class=\"bm-read-more entry-read-more\">M\u00e1s \u00bb<\/a><div>            <\/div>\n        <\/div>\n    <\/article>\n    <article id=\"post-10239\" class=\"item bm_layout post-10239 post type-post status-publish format-standard has-post-thumbnail hentry category-n-57 tag-africa tag-angola tag-construccion-de-paz tag-derechos-humanos tag-desigualdad tag-genero tag-maguemati-wabgou tag-mujeres tag-politica\">\n\t\t<div class=\"bm-blog-post-image entry-post-image\">\n\t\t\t<div class=\"bm-post-image clearfix bm-hover-effect bm-hover-effect-blur\">\n\t\t\t\t<img loading=\"lazy\" decoding=\"async\" width=\"640\" height=\"432\" src=\"https:\/\/www.economicas.uba.ar\/extension\/vocesenelfenix\/wp-content\/uploads\/5719-Wabgou.jpg\" class=\"attachment-large size-large wp-post-image\" alt=\"\" srcset=\"https:\/\/www.economicas.uba.ar\/extension\/vocesenelfenix\/wp-content\/uploads\/5719-Wabgou.jpg 1080w, https:\/\/www.economicas.uba.ar\/extension\/vocesenelfenix\/wp-content\/uploads\/5719-Wabgou-300x203.jpg 300w, https:\/\/www.economicas.uba.ar\/extension\/vocesenelfenix\/wp-content\/uploads\/5719-Wabgou-768x518.jpg 768w\" sizes=\"(max-width: 640px) 100vw, 640px\" \/>\t\t\t<\/div>\n\t\t<\/div>\n        <div class=\"bm-blog-post-content bm_content_box\">\n            <h4 class=\"entry-post-title bm_title\"><a href=\"https:\/\/www.economicas.uba.ar\/extension\/vocesenelfenix\/mujeres-angolenas-y-construccion-de-paz\/\" rel=\"bookmark\">Mujeres angole\u00f1as y construcci\u00f3n de paz<\/a><\/h4>            <div class=\"bm-blog-post-meta entry-post-meta bm_meta\">\n                            <\/div>\n            <div class=\"entry-post-content bm_content\">\n                | Por Maguemati Wabgou | Tras a\u00f1os de guerras fratricidas y abusos generalizados contra los derechos humanos, las mujeres angole\u00f1as se han convertido en un actor clave en los procesos <div><a href=\"https:\/\/www.economicas.uba.ar\/extension\/vocesenelfenix\/mujeres-angolenas-y-construccion-de-paz\/\" rel=\"bookmark\" class=\"bm-read-more entry-read-more\">M\u00e1s \u00bb<\/a><div>            <\/div>\n        <\/div>\n    <\/article>\n    <article id=\"post-10248\" class=\"item bm_layout post-10248 post type-post status-publish format-standard has-post-thumbnail hentry category-n-57 tag-africa tag-cine tag-cooperacion-sur-sur tag-pablo-cesar\">\n\t\t<div class=\"bm-blog-post-image entry-post-image\">\n\t\t\t<div class=\"bm-post-image clearfix bm-hover-effect bm-hover-effect-blur\">\n\t\t\t\t<img loading=\"lazy\" decoding=\"async\" width=\"640\" height=\"430\" src=\"https:\/\/www.economicas.uba.ar\/extension\/vocesenelfenix\/wp-content\/uploads\/5720-Cesar.jpg\" class=\"attachment-large size-large wp-post-image\" alt=\"\" srcset=\"https:\/\/www.economicas.uba.ar\/extension\/vocesenelfenix\/wp-content\/uploads\/5720-Cesar.jpg 1080w, https:\/\/www.economicas.uba.ar\/extension\/vocesenelfenix\/wp-content\/uploads\/5720-Cesar-300x201.jpg 300w, https:\/\/www.economicas.uba.ar\/extension\/vocesenelfenix\/wp-content\/uploads\/5720-Cesar-768x516.jpg 768w\" sizes=\"(max-width: 640px) 100vw, 640px\" \/>\t\t\t<\/div>\n\t\t<\/div>\n        <div class=\"bm-blog-post-content bm_content_box\">\n            <h4 class=\"entry-post-title bm_title\"><a href=\"https:\/\/www.economicas.uba.ar\/extension\/vocesenelfenix\/el-cine-en-africa-la-importancia-de-la-cooperacion-sur-sur\/\" rel=\"bookmark\">El cine en \u00c1frica. La importancia de la cooperaci\u00f3n Sur-Sur<\/a><\/h4>            <div class=\"bm-blog-post-meta entry-post-meta bm_meta\">\n                            <\/div>\n            <div class=\"entry-post-content bm_content\">\n                | Por Pablo C\u00e9sar | El cine en \u00c1frica data de los a\u00f1os cincuenta, pero como en el resto del mundo, la digitalizaci\u00f3n tambi\u00e9n produjo una democratizaci\u00f3n, permitiendo que muchos <div><a href=\"https:\/\/www.economicas.uba.ar\/extension\/vocesenelfenix\/el-cine-en-africa-la-importancia-de-la-cooperacion-sur-sur\/\" rel=\"bookmark\" class=\"bm-read-more entry-read-more\">M\u00e1s \u00bb<\/a><div>            <\/div>\n        <\/div>\n    <\/article>\n    <article id=\"post-10254\" class=\"item bm_layout post-10254 post type-post status-publish format-standard has-post-thumbnail hentry category-n-57 tag-africa tag-centro-internacional-para-la-promocion-de-los-derechos-humanos-cipdh tag-cooperacion-sur-sur tag-inclusion tag-pierre-sane\">\n\t\t<div class=\"bm-blog-post-image entry-post-image\">\n\t\t\t<div class=\"bm-post-image clearfix bm-hover-effect bm-hover-effect-blur\">\n\t\t\t\t<img loading=\"lazy\" decoding=\"async\" width=\"640\" height=\"356\" src=\"https:\/\/www.economicas.uba.ar\/extension\/vocesenelfenix\/wp-content\/uploads\/5721-CIPHD.jpg\" class=\"attachment-large size-large wp-post-image\" alt=\"\" srcset=\"https:\/\/www.economicas.uba.ar\/extension\/vocesenelfenix\/wp-content\/uploads\/5721-CIPHD.jpg 1080w, https:\/\/www.economicas.uba.ar\/extension\/vocesenelfenix\/wp-content\/uploads\/5721-CIPHD-300x167.jpg 300w, https:\/\/www.economicas.uba.ar\/extension\/vocesenelfenix\/wp-content\/uploads\/5721-CIPHD-768x427.jpg 768w\" sizes=\"(max-width: 640px) 100vw, 640px\" \/>\t\t\t<\/div>\n\t\t<\/div>\n        <div class=\"bm-blog-post-content bm_content_box\">\n            <h4 class=\"entry-post-title bm_title\"><a href=\"https:\/\/www.economicas.uba.ar\/extension\/vocesenelfenix\/por-una-cooperacion-sur-sur-enriquecedora-e-inclusiva\/\" rel=\"bookmark\">Por una cooperaci\u00f3n Sur-Sur enriquecedora e inclusiva<\/a><\/h4>            <div class=\"bm-blog-post-meta entry-post-meta bm_meta\">\n                            <\/div>\n            <div class=\"entry-post-content bm_content\">\n                | Por CIPDH y Pierre San\u00e9 | Como respuesta al proceso de globalizaci\u00f3n que condujo a una l\u00f3gica proteccionista en los pa\u00edses centrales, con efectos altamente negativos para nuestros pueblos, <div><a href=\"https:\/\/www.economicas.uba.ar\/extension\/vocesenelfenix\/por-una-cooperacion-sur-sur-enriquecedora-e-inclusiva\/\" rel=\"bookmark\" class=\"bm-read-more entry-read-more\">M\u00e1s \u00bb<\/a><div>            <\/div>\n        <\/div>\n    <\/article>\n\t\t\t\t<\/div><\/div>\n\t\t\t\t\t\t\t\t<\/div>\n\t\t\t\t<\/div>\n\t\t\t\t\t<\/div>\n\t\t<\/div>\n\t\t\t\t\t<\/div>\n\t\t<\/section>\n\t\t\t\t<section class=\"elementor-section elementor-top-section elementor-element elementor-element-96fe94f elementor-section-boxed elementor-section-height-default elementor-section-height-default\" data-id=\"96fe94f\" data-element_type=\"section\" data-e-type=\"section\" data-settings=\"{&quot;background_background&quot;:&quot;classic&quot;}\">\n\t\t\t\t\t\t<div class=\"elementor-container elementor-column-gap-default\">\n\t\t\t\t\t<div class=\"elementor-column elementor-col-100 elementor-top-column elementor-element elementor-element-79caf8f\" data-id=\"79caf8f\" data-element_type=\"column\" data-e-type=\"column\">\n\t\t\t<div class=\"elementor-widget-wrap elementor-element-populated\">\n\t\t\t\t\t\t<div class=\"elementor-element elementor-element-b44092b elementor-widget elementor-widget-text-editor\" data-id=\"b44092b\" data-element_type=\"widget\" data-e-type=\"widget\" data-widget_type=\"text-editor.default\">\n\t\t\t\t<div class=\"elementor-widget-container\">\n\t\t\t\t\t\t\t\t\t<iframe width=\"560\" height=\"315\" src=\"https:\/\/www.youtube.com\/embed\/videoseries?list=PLeYdj9X0_ljmy2RINAEbsIOoCpDYJYjXp\" title=\"YouTube video player\" frameborder=\"0\" allow=\"accelerometer; autoplay; clipboard-write; encrypted-media; gyroscope; picture-in-picture\" allowfullscreen><\/iframe>\t\t\t\t\t\t\t\t<\/div>\n\t\t\t\t<\/div>\n\t\t\t\t\t<\/div>\n\t\t<\/div>\n\t\t\t\t\t<\/div>\n\t\t<\/section>\n\t\t\t\t<\/div>\n\t\t","protected":false},"excerpt":{"rendered":"<p>N\u00daMERO 57 \u00c1FRICA M\u00cdA \u00c1FRICA LAS IM\u00c1GENES M\u00c1S FRECUENTES QUE NOS LLEGAN DE \u00c1FRICA SE VINCULAN A CONFLICTOS ARMADOS. PERO \u00c1FRICA ES MUCHO M\u00c1S QUE ESO, ES UN CONTINENTE LLENO<\/p>\n","protected":false},"author":5,"featured_media":0,"parent":0,"menu_order":0,"comment_status":"closed","ping_status":"closed","template":"","meta":{"footnotes":""},"class_list":["post-9999","page","type-page","status-publish","hentry"],"_links":{"self":[{"href":"https:\/\/www.economicas.uba.ar\/extension\/vocesenelfenix\/wp-json\/wp\/v2\/pages\/9999","targetHints":{"allow":["GET"]}}],"collection":[{"href":"https:\/\/www.economicas.uba.ar\/extension\/vocesenelfenix\/wp-json\/wp\/v2\/pages"}],"about":[{"href":"https:\/\/www.economicas.uba.ar\/extension\/vocesenelfenix\/wp-json\/wp\/v2\/types\/page"}],"author":[{"embeddable":true,"href":"https:\/\/www.economicas.uba.ar\/extension\/vocesenelfenix\/wp-json\/wp\/v2\/users\/5"}],"replies":[{"embeddable":true,"href":"https:\/\/www.economicas.uba.ar\/extension\/vocesenelfenix\/wp-json\/wp\/v2\/comments?post=9999"}],"version-history":[{"count":13,"href":"https:\/\/www.economicas.uba.ar\/extension\/vocesenelfenix\/wp-json\/wp\/v2\/pages\/9999\/revisions"}],"predecessor-version":[{"id":10020,"href":"https:\/\/www.economicas.uba.ar\/extension\/vocesenelfenix\/wp-json\/wp\/v2\/pages\/9999\/revisions\/10020"}],"wp:attachment":[{"href":"https:\/\/www.economicas.uba.ar\/extension\/vocesenelfenix\/wp-json\/wp\/v2\/media?parent=9999"}],"curies":[{"name":"wp","href":"https:\/\/api.w.org\/{rel}","templated":true}]}}