{"id":1429,"date":"2023-07-26T15:07:59","date_gmt":"2023-07-26T18:07:59","guid":{"rendered":"https:\/\/www.economicas.uba.ar\/investigacion\/?page_id=1429"},"modified":"2026-03-05T13:25:08","modified_gmt":"2026-03-05T16:25:08","slug":"cenes","status":"publish","type":"page","link":"https:\/\/www.economicas.uba.ar\/investigacion\/institutos-y-centros\/cenes\/","title":{"rendered":"CENES"},"content":{"rendered":"\t\t<div data-elementor-type=\"wp-page\" data-elementor-id=\"1429\" class=\"elementor elementor-1429\" data-elementor-post-type=\"page\">\n\t\t\t\t<div class=\"elementor-element elementor-element-785d0a7c e-flex e-con-boxed e-con e-parent\" data-id=\"785d0a7c\" data-element_type=\"container\" data-e-type=\"container\">\n\t\t\t\t\t<div class=\"e-con-inner\">\n\t\t\t\t<div class=\"elementor-element elementor-element-7804597d elementor-widget elementor-widget-eael-adv-accordion\" data-id=\"7804597d\" data-element_type=\"widget\" data-e-type=\"widget\" data-widget_type=\"eael-adv-accordion.default\">\n\t\t\t\t<div class=\"elementor-widget-container\">\n\t\t\t\t\t            <div class=\"eael-adv-accordion\" id=\"eael-adv-accordion-7804597d\" data-scroll-on-click=\"no\" data-scroll-speed=\"300\" data-accordion-id=\"7804597d\" data-accordion-type=\"accordion\" data-toogle-speed=\"300\">\n            <div class=\"eael-accordion-list\">\n\t\t\t\t\t<div id=\"inicio\" class=\"elementor-tab-title eael-accordion-header active-default\" tabindex=\"0\" data-tab=\"1\" aria-controls=\"elementor-tab-content-2011\"><span class=\"eael-accordion-tab-title\">Inicio<\/span><span class=\"eael-advanced-accordion-icon-closed\"><i aria-hidden=\"true\" class=\"fa-accordion-icon fas fa-chevron-down\"><\/i><\/span><span class=\"eael-advanced-accordion-icon-opened\"><\/span><\/div><div id=\"elementor-tab-content-2011\" class=\"eael-accordion-content clearfix active-default\" data-tab=\"1\" aria-labelledby=\"inicio\"><p>El Centro de Estudios de la Estructura Econ\u00f3mica (CENES) desarrolla sus actividades en el \u00e1mbito del Instituto de Investigaciones Econ\u00f3micas de la Facultad de Ciencias Econ\u00f3micas de la UBA. Su objetivo es contribuir a la transformaci\u00f3n econ\u00f3mica y social de la econom\u00eda argentina a trav\u00e9s de investigaciones, seminarios, proyectos sociales, actividades docentes, publicaciones y proyectos de asistencia t\u00e9cnica.<\/p><div>Los temas centrales de investigaci\u00f3n son los de pol\u00edtica industrial y comercial, reconversi\u00f3n industrial tanto a nivel nacional como en el marco del MERCOSUR, inserci\u00f3n internacional de la econom\u00eda argentina y estrategias productivas para sectores carenciados.<\/div><\/div>\n\t\t\t\t\t<\/div><div class=\"eael-accordion-list\">\n\t\t\t\t\t<div id=\"integrantes\" class=\"elementor-tab-title eael-accordion-header\" tabindex=\"0\" data-tab=\"2\" aria-controls=\"elementor-tab-content-2012\"><span class=\"eael-accordion-tab-title\">Integrantes<\/span><span class=\"eael-advanced-accordion-icon-closed\"><i aria-hidden=\"true\" class=\"fa-accordion-icon fas fa-chevron-down\"><\/i><\/span><span class=\"eael-advanced-accordion-icon-opened\"><\/span><\/div><div id=\"elementor-tab-content-2012\" class=\"eael-accordion-content clearfix\" data-tab=\"2\" aria-labelledby=\"integrantes\"><h6>Directora<\/h6><p>Marta BEKERMAN<\/p><h6>Investigadores<\/h6><ul><li>Dami\u00e1n Paikin<\/li><li>Federico Dulcich<\/li><li>Marcelo Wi\u00f1azky<\/li><li>Pedro Gaite\u00a0<\/li><li>Ignacio E. Carballo<\/li><li>Mart\u00edn Grandes<\/li><\/ul><h6>Becarios<\/h6><ul><li>Nicol\u00e1s Moncaut<\/li><li>Nicole Maspi<\/li><li>Luc\u00eda R. Madelaire<\/li><\/ul><p>Becarios Anteriores: Luciana Rol\u00f3n (2011-2011) Camila Bar\u00f3n (2010-2010) Gonzalo Dalmasso (2008-2010) Nicol\u00e1s Monti Hughes (2008-2009) Haroldo Montagu (2006-2007) Silvina Hoffman (2005-2006) Florencia Iglesias (2004-2005) Diego Cerdeiro (Desde 2004-2005) Carlos Mera (2004-2005) Diego Ubfal (2003 \u2013 2004) Sabina Ozomek (2002-2004) Hern\u00e1n Filkelstein (2000-2002) Ignacio Monz\u00f3n (2000-2002) Gervasio Guareschi (1999-2001) Nicol\u00e1s Depetris Chauvin (1998-1999) Gast\u00f3n Grimblatt (1997-2000) Mar\u00eda Luisa Streb (1990-1995) Ramiro Bertoni (1991-1993).<\/p><h6>Secretaria<\/h6><p>Marta Rasso<\/p><\/div>\n\t\t\t\t\t<\/div><div class=\"eael-accordion-list\">\n\t\t\t\t\t<div id=\"publicaciones-del-centro\" class=\"elementor-tab-title eael-accordion-header\" tabindex=\"0\" data-tab=\"3\" aria-controls=\"elementor-tab-content-2013\"><span class=\"eael-accordion-tab-title\">Publicaciones del centro<\/span><span class=\"eael-advanced-accordion-icon-closed\"><i aria-hidden=\"true\" class=\"fa-accordion-icon fas fa-chevron-down\"><\/i><\/span><span class=\"eael-advanced-accordion-icon-opened\"><\/span><\/div><div id=\"elementor-tab-content-2013\" class=\"eael-accordion-content clearfix\" data-tab=\"3\" aria-labelledby=\"publicaciones-del-centro\"><ul><li><a href=\"https:\/\/www.economicas.uba.ar\/investigacion\/institutos-y-centros\/cenes\/documentos-de-trabajo\/\" target=\"_blank\" rel=\"noopener\">DOCUMENTOS DE TRABAJO<\/a><\/li><li><a href=\"https:\/\/www.economicas.uba.ar\/investigacion\/institutos-y-centros\/cenes\/otros-trabajos\/\" target=\"_blank\" rel=\"noopener\">PUBLICACIONES DE INVESTIGADORES DEL CENTRO<\/a><\/li><li><a href=\"https:\/\/www.economicas.uba.ar\/investigacion\/wp-content\/uploads\/Newsletter-CENES-2020-2021-6.pdf\">NEWSLETTER CENES 2020-2021 (6)<\/a><\/li><\/ul><\/div>\n\t\t\t\t\t<\/div><div class=\"eael-accordion-list\">\n\t\t\t\t\t<div id=\"proyectos-de-investigacin\" class=\"elementor-tab-title eael-accordion-header\" tabindex=\"0\" data-tab=\"4\" aria-controls=\"elementor-tab-content-2014\"><span class=\"eael-accordion-tab-title\">Proyectos de investigaci\u00f3n<\/span><span class=\"eael-advanced-accordion-icon-closed\"><i aria-hidden=\"true\" class=\"fa-accordion-icon fas fa-chevron-down\"><\/i><\/span><span class=\"eael-advanced-accordion-icon-opened\"><\/span><\/div><div id=\"elementor-tab-content-2014\" class=\"eael-accordion-content clearfix\" data-tab=\"4\" aria-labelledby=\"proyectos-de-investigacin\"><ul><li>Proyecto UBACYT \u201cEstrategias productivas e inclusivas para la Argentina en el nuevo contexto global\u201d (2016-2018) Directora: Marta Bekerman, \u00a0Co-Director: Dami\u00e1n Paikin<\/li><li>Proyecto UBACyT: Estrategias productivas e inclusivas para la Argentina a nivel nacional y regional.<\/li><li>Proyecto UBACyT: la coordinaci\u00f3n de pol\u00edticas de reconversi\u00f3n industrial y tecnol\u00f3gicas en el MERCOSUR.<\/li><li>Proyecto UBACyT: \u201cObservatorio de Innovaci\u00f3n Social\u201d. Directora: Marta Bekerman, Co-Director: Mart\u00edn Grandes<\/li><li>El desarrollo de encadenamientos productivos a nivel nacional y en el MERCOSUR.\u00a0 Bekerman, Marta; Sirlin, Pablo y Rodriguez, Santiago.<\/li><li>Transformaciones recientes en el comercio entre Argentina y Brasil.\u00a0 Bekerman; Marta, Montagu, Haroldo y Hoffman, Silvina.<\/li><li>Propuestas de Pol\u00edtica Comercial para pa\u00edses en desarrollo.\u00a0 Bekerman, Marta y Rodriguez, Santiago.<\/li><li>La situaci\u00f3n de las microfinanzas en la Argentina.\u00a0 Bekerman, Marta; Rodriguez, Sanatiago; Iglesias, Florencia y Ozomek, Sabina.<\/li><li>La construcci\u00f3n de las pol\u00edticas provinciales en relaci\u00f3n al MERCOSUR.\u00a0 Paikin, Dami\u00e1n (Dirigido por el Dr. Alberto Cimadamore).<\/li><li>Las teor\u00edas del desarrollo y fallas de coordinaci\u00f3n.\u00a0 Bekerman, Marta; Rodriguez, Santiago y Cerdeiro, Diego.<\/li><li>Competitividad e Interdependencia en el MERCOSUR.\u00a0 Ubfal, Diego con la direcci\u00f3n de Marta Bekerman.<\/li><li>Los patrones de especializaci\u00f3n de la econom\u00eda argentina.\u00a0 Bekerman, Marta y Cerdeiro, Diego.<\/li><li>Evaluaci\u00f3n del impacto social de los proyectos de microcr\u00e9ditos.\u00a0 Iglesias, Florencia con la direcci\u00f3n Bekerman, Marta.<\/li><li>An\u00e1lisis de encadenamientos productivos seleccionados.\u00a0 Bekerman, Marta; Sirlin, Pablo y Rodriguez, Santiago.<\/li><li>Pol\u00edtica industrail para peque\u00f1as y medianas empresas.\u00a0 Sirlin, Pablo.<\/li><li>Las crisis en la globalizaci\u00f3n financiera.\u00a0 Hopenhayn, Benjam\u00edn.<\/li><li>Hacia un abordaje integral de la gente en riesgo de calle y una propuesta de pol\u00edtica p\u00fablica. Grandes,Mart\u00edn.<\/li><\/ul><\/div>\n\t\t\t\t\t<\/div><div class=\"eael-accordion-list\">\n\t\t\t\t\t<div id=\"asistencia-tcnica\" class=\"elementor-tab-title eael-accordion-header\" tabindex=\"0\" data-tab=\"5\" aria-controls=\"elementor-tab-content-2015\"><span class=\"eael-accordion-tab-title\">Asistencia T\u00e9cnica<\/span><span class=\"eael-advanced-accordion-icon-closed\"><i aria-hidden=\"true\" class=\"fa-accordion-icon fas fa-chevron-down\"><\/i><\/span><span class=\"eael-advanced-accordion-icon-opened\"><\/span><\/div><div id=\"elementor-tab-content-2015\" class=\"eael-accordion-content clearfix\" data-tab=\"5\" aria-labelledby=\"asistencia-tcnica\"><ul><li>Gobierno de la Ciudad de Buenos Aires, Secretar\u00eda de Desarrollo Social.\u00a0 Estudio de competitividad y de pol\u00edticas p\u00fablicas para los siguientes sectores productivos: Calzado Envases pl\u00e1sticos Fiambres y embutidos Software<\/li><li>Ministerio de Relaciones Exteriores y Culto.\u00a0 Estudios en relaci\u00f3n con la competitividad y la reconversi\u00f3n industrial en el MERCOSUR.<\/li><li>Subsecretar\u00eda de Desregulaci\u00f3n y Reestructuraci\u00f3n Econ\u00f3mica.\u00a0 Ministerio de Econom\u00eda.\u00a0 Tabajos sobre la reestructuraci\u00f3n de sectores productivos seleccionados.\u00a0 En dicho marco se analizaron con expecial \u00e9nfasis los sectores celul\u00f3sico-papelero y de m\u00e1quinas herramientas.<\/li><li>Subsecretar\u00eda de Programaci\u00f3n Sectorial e Integraci\u00f3n.\u00a0 Estudio sobre los instrumentos de promoci\u00f3n de exportaciones utilizadas en las experiencias exitosas de los pa\u00edses asi\u00e1ticos. \u00a0<\/li><li>Subsecretar\u00eda de Programaci\u00f3n Sectorial e Integraci\u00f3n.\u00a0 Estudio sobre las pol\u00edticas industriales y de incentivo a las exportaciones en Brasil y Argentina, las principales asimetr\u00edas y las alternativas para su coordinaci\u00f3n. \u00a0<\/li><li>Subsecretar\u00eda de Pol\u00edtica Econ\u00f3mica del Ministerio de Econom\u00eda.\u00a0 Estudios sobre Desarrollo de encadenamientos productivos en el MERCOSUR. \u00a0An\u00e1lisis de los encadenamientos productivos de los muebles de madera y de las maquinarias para la alimentaci\u00f3n.<\/li><\/ul><\/div>\n\t\t\t\t\t<\/div><div class=\"eael-accordion-list\">\n\t\t\t\t\t<div id=\"proy-de-transferencia-asoc-civil-avanzar\" class=\"elementor-tab-title eael-accordion-header\" tabindex=\"0\" data-tab=\"6\" aria-controls=\"elementor-tab-content-2016\"><span class=\"eael-accordion-tab-title\">Proy. de transferencia - Asoc. Civil Avanzar<\/span><span class=\"eael-advanced-accordion-icon-closed\"><i aria-hidden=\"true\" class=\"fa-accordion-icon fas fa-chevron-down\"><\/i><\/span><span class=\"eael-advanced-accordion-icon-opened\"><\/span><\/div><div id=\"elementor-tab-content-2016\" class=\"eael-accordion-content clearfix\" data-tab=\"6\" aria-labelledby=\"proy-de-transferencia-asoc-civil-avanzar\"><p>En el a\u00f1o 2000 investigadores del CENES crearon la Asociaci\u00f3n Civil Avanzar por el Desarrollo Humano y desde entonces contribuyen al desarrollo y fortalecimiento de esa instituci\u00f3n.<\/p><div>La Asociaci\u00f3n Civil AVANZAR por el Desarrollo Humano es una organizaci\u00f3n sin fines de lucro que apunta al desarrollo de capacidades y de una mejora sustentable en el nivel de vida de familias de bajos recursos a trav\u00e9s del apoyo a sus iniciativas socio-productivas.<\/div><div>Sus actividades se basan en el otorgamiento de peque\u00f1os cr\u00e9ditos para la financiaci\u00f3n de micro emprendimientos a habitantes de villas de emergencia y barrios carenciados. Adem\u00e1s, se orientan al desarrollo de capacidades a trav\u00e9s de actividades de capacitaci\u00f3n, de apoyo a la gesti\u00f3n del micro emprendedor y de promoci\u00f3n de reuniones grupales que promuevan su crecimiento personal.<\/div><div>\u00a0<\/div><div><a href=\"http:\/\/www.avanzar.org.ar\/\">www.avanzar.org.ar<\/a><\/div><\/div>\n\t\t\t\t\t<\/div><div class=\"eael-accordion-list\">\n\t\t\t\t\t<div id=\"actividad-docente\" class=\"elementor-tab-title eael-accordion-header\" tabindex=\"0\" data-tab=\"7\" aria-controls=\"elementor-tab-content-2017\"><span class=\"eael-accordion-tab-title\">Actividad docente<\/span><span class=\"eael-advanced-accordion-icon-closed\"><i aria-hidden=\"true\" class=\"fa-accordion-icon fas fa-chevron-down\"><\/i><\/span><span class=\"eael-advanced-accordion-icon-opened\"><\/span><\/div><div id=\"elementor-tab-content-2017\" class=\"eael-accordion-content clearfix\" data-tab=\"7\" aria-labelledby=\"actividad-docente\"><h6>Materia: Desarrollo Econ\u00f3mico<\/h6><div>Docentes: Bekerman, Marta, Sirlin, Pablo, y Dulcich, Federico<\/div><h6>Materia: Teor\u00edas de Desarrollo y Procesos Sociales en los pa\u00edses perif\u00e9ricos (Maestr\u00eda en Econom\u00eda Social y Desarrollo Local)<\/h6><div>Docentes: Bekerman, M.; Sirlin, P. y Rodriguez, Santiago<\/div><div>\u00a0<\/div><h6>Materia: Desarrollo Regional (Maestr\u00eda en Procesos de Integraci\u00f3n Regional)<\/h6><div>Docente: Dami\u00e1n Paikin<\/div><h6>Materia: Econom\u00eda Internacional<\/h6><div>Docente: Sirlin, Pablo<\/div><h6>Materia: Organizaci\u00f3n Industrial<\/h6><div>Ayudante: Rodr\u00edguez, Santiago<\/div><h6>Materia: Econom\u00eda Internacional Real (Hasta 1997)<\/h6><div>Docentes: Bekerman, Marta y Sirlin, Pablo<\/div><h6>Materia: Integraci\u00f3n Econ\u00f3mica (Hasta 1997)<\/h6><div>Docentes: Bekerman, Marta y Sirlin, Pablo<\/div><\/div>\n\t\t\t\t\t<\/div><div class=\"eael-accordion-list\">\n\t\t\t\t\t<div id=\"contacto\" class=\"elementor-tab-title eael-accordion-header\" tabindex=\"0\" data-tab=\"8\" aria-controls=\"elementor-tab-content-2018\"><span class=\"eael-accordion-tab-title\">Contacto<\/span><span class=\"eael-advanced-accordion-icon-closed\"><i aria-hidden=\"true\" class=\"fa-accordion-icon fas fa-chevron-down\"><\/i><\/span><span class=\"eael-advanced-accordion-icon-opened\"><\/span><\/div><div id=\"elementor-tab-content-2018\" class=\"eael-accordion-content clearfix\" data-tab=\"8\" aria-labelledby=\"contacto\"><h6><strong>CENTRO DE ESTUDIOS DE ESTRUCTURA ECON\u00d3MICA (CENES)<\/strong><\/h6><p>Av. C\u00f3rdoba 2122, 1\u00b0 piso, CABA, Rep\u00fablica Argentina.<\/p><p>Tel\u00e9fonos: +54 11 5285 6650<\/p><p>Correo electr\u00f3nico:\u00a0marta.rasso@fce.uba.ar<\/p><\/div>\n\t\t\t\t\t<\/div><\/div>\t\t\t\t<\/div>\n\t\t\t\t<\/div>\n\t\t\t\t\t<\/div>\n\t\t\t\t<\/div>\n\t\t<div class=\"elementor-element elementor-element-49abd3d9 e-flex e-con-boxed e-con e-parent\" data-id=\"49abd3d9\" data-element_type=\"container\" data-e-type=\"container\">\n\t\t\t\t\t<div class=\"e-con-inner\">\n\t\t\t\t<div class=\"elementor-element elementor-element-4db01974 elementor-widget elementor-widget-spacer\" data-id=\"4db01974\" data-element_type=\"widget\" data-e-type=\"widget\" data-widget_type=\"spacer.default\">\n\t\t\t\t<div class=\"elementor-widget-container\">\n\t\t\t\t\t\t\t<div class=\"elementor-spacer\">\n\t\t\t<div class=\"elementor-spacer-inner\"><\/div>\n\t\t<\/div>\n\t\t\t\t\t\t<\/div>\n\t\t\t\t<\/div>\n\t\t\t\t\t<\/div>\n\t\t\t\t<\/div>\n\t\t\t\t<\/div>\n\t\t","protected":false},"excerpt":{"rendered":"<p>Inicio El Centro de Estudios de la Estructura Econ\u00f3mica (CENES) desarrolla sus actividades en el \u00e1mbito del Instituto de Investigaciones Econ\u00f3micas de la Facultad de Ciencias Econ\u00f3micas de la UBA.<\/p>\n","protected":false},"author":2,"featured_media":0,"parent":1282,"menu_order":0,"comment_status":"closed","ping_status":"closed","template":"elementor_header_footer","meta":{"footnotes":""},"class_list":["post-1429","page","type-page","status-publish","hentry"],"yoast_head":"<!-- This site is optimized with the Yoast SEO plugin v27.4 - https:\/\/yoast.com\/product\/yoast-seo-wordpress\/ -->\n<title>CENES - Investigaci\u00f3n<\/title>\n<meta name=\"robots\" content=\"index, follow, max-snippet:-1, max-image-preview:large, max-video-preview:-1\" \/>\n<link rel=\"canonical\" href=\"https:\/\/www.economicas.uba.ar\/investigacion\/institutos-y-centros\/cenes\/\" \/>\n<meta property=\"og:locale\" content=\"es_ES\" \/>\n<meta property=\"og:type\" content=\"article\" \/>\n<meta property=\"og:title\" content=\"CENES - Investigaci\u00f3n\" \/>\n<meta property=\"og:description\" content=\"Inicio El Centro de Estudios de la Estructura Econ\u00f3mica (CENES) desarrolla sus actividades en el \u00e1mbito del Instituto de Investigaciones Econ\u00f3micas de la Facultad de Ciencias Econ\u00f3micas de la UBA.\" \/>\n<meta property=\"og:url\" content=\"https:\/\/www.economicas.uba.ar\/investigacion\/institutos-y-centros\/cenes\/\" \/>\n<meta property=\"og:site_name\" content=\"Investigaci\u00f3n\" \/>\n<meta property=\"article:modified_time\" content=\"2026-03-05T16:25:08+00:00\" \/>\n<meta name=\"twitter:card\" content=\"summary_large_image\" \/>\n<meta name=\"twitter:label1\" content=\"Tiempo de lectura\" \/>\n\t<meta name=\"twitter:data1\" content=\"4 minutos\" \/>\n<script type=\"application\/ld+json\" class=\"yoast-schema-graph\">{\"@context\":\"https:\\\/\\\/schema.org\",\"@graph\":[{\"@type\":\"WebPage\",\"@id\":\"https:\\\/\\\/www.economicas.uba.ar\\\/investigacion\\\/institutos-y-centros\\\/cenes\\\/\",\"url\":\"https:\\\/\\\/www.economicas.uba.ar\\\/investigacion\\\/institutos-y-centros\\\/cenes\\\/\",\"name\":\"CENES - Investigaci\u00f3n\",\"isPartOf\":{\"@id\":\"https:\\\/\\\/www.economicas.uba.ar\\\/investigacion\\\/#website\"},\"datePublished\":\"2023-07-26T18:07:59+00:00\",\"dateModified\":\"2026-03-05T16:25:08+00:00\",\"breadcrumb\":{\"@id\":\"https:\\\/\\\/www.economicas.uba.ar\\\/investigacion\\\/institutos-y-centros\\\/cenes\\\/#breadcrumb\"},\"inLanguage\":\"es-AR\",\"potentialAction\":[{\"@type\":\"ReadAction\",\"target\":[\"https:\\\/\\\/www.economicas.uba.ar\\\/investigacion\\\/institutos-y-centros\\\/cenes\\\/\"]}]},{\"@type\":\"BreadcrumbList\",\"@id\":\"https:\\\/\\\/www.economicas.uba.ar\\\/investigacion\\\/institutos-y-centros\\\/cenes\\\/#breadcrumb\",\"itemListElement\":[{\"@type\":\"ListItem\",\"position\":1,\"name\":\"Inicio\",\"item\":\"https:\\\/\\\/www.economicas.uba.ar\\\/investigacion\\\/\"},{\"@type\":\"ListItem\",\"position\":2,\"name\":\"Institutos y centros\",\"item\":\"https:\\\/\\\/www.economicas.uba.ar\\\/investigacion\\\/institutos-y-centros\\\/\"},{\"@type\":\"ListItem\",\"position\":3,\"name\":\"CENES\"}]},{\"@type\":\"WebSite\",\"@id\":\"https:\\\/\\\/www.economicas.uba.ar\\\/investigacion\\\/#website\",\"url\":\"https:\\\/\\\/www.economicas.uba.ar\\\/investigacion\\\/\",\"name\":\"Investigaci\u00f3n FCE\",\"description\":\"\",\"publisher\":{\"@id\":\"https:\\\/\\\/www.economicas.uba.ar\\\/investigacion\\\/#organization\"},\"potentialAction\":[{\"@type\":\"SearchAction\",\"target\":{\"@type\":\"EntryPoint\",\"urlTemplate\":\"https:\\\/\\\/www.economicas.uba.ar\\\/investigacion\\\/?s={search_term_string}\"},\"query-input\":{\"@type\":\"PropertyValueSpecification\",\"valueRequired\":true,\"valueName\":\"search_term_string\"}}],\"inLanguage\":\"es-AR\"},{\"@type\":\"Organization\",\"@id\":\"https:\\\/\\\/www.economicas.uba.ar\\\/investigacion\\\/#organization\",\"name\":\"Investigaci\u00f3n FCE\",\"url\":\"https:\\\/\\\/www.economicas.uba.ar\\\/investigacion\\\/\",\"logo\":{\"@type\":\"ImageObject\",\"inLanguage\":\"es-AR\",\"@id\":\"https:\\\/\\\/www.economicas.uba.ar\\\/investigacion\\\/#\\\/schema\\\/logo\\\/image\\\/\",\"url\":\"https:\\\/\\\/www.economicas.uba.ar\\\/investigacion\\\/wp-content\\\/uploads\\\/logo_2023.png\",\"contentUrl\":\"https:\\\/\\\/www.economicas.uba.ar\\\/investigacion\\\/wp-content\\\/uploads\\\/logo_2023.png\",\"width\":292,\"height\":81,\"caption\":\"Investigaci\u00f3n FCE\"},\"image\":{\"@id\":\"https:\\\/\\\/www.economicas.uba.ar\\\/investigacion\\\/#\\\/schema\\\/logo\\\/image\\\/\"}}]}<\/script>\n<!-- \/ Yoast SEO plugin. -->","yoast_head_json":{"title":"CENES - Investigaci\u00f3n","robots":{"index":"index","follow":"follow","max-snippet":"max-snippet:-1","max-image-preview":"max-image-preview:large","max-video-preview":"max-video-preview:-1"},"canonical":"https:\/\/www.economicas.uba.ar\/investigacion\/institutos-y-centros\/cenes\/","og_locale":"es_ES","og_type":"article","og_title":"CENES - Investigaci\u00f3n","og_description":"Inicio El Centro de Estudios de la Estructura Econ\u00f3mica (CENES) desarrolla sus actividades en el \u00e1mbito del Instituto de Investigaciones Econ\u00f3micas de la Facultad de Ciencias Econ\u00f3micas de la UBA.","og_url":"https:\/\/www.economicas.uba.ar\/investigacion\/institutos-y-centros\/cenes\/","og_site_name":"Investigaci\u00f3n","article_modified_time":"2026-03-05T16:25:08+00:00","twitter_card":"summary_large_image","twitter_misc":{"Tiempo de lectura":"4 minutos"},"schema":{"@context":"https:\/\/schema.org","@graph":[{"@type":"WebPage","@id":"https:\/\/www.economicas.uba.ar\/investigacion\/institutos-y-centros\/cenes\/","url":"https:\/\/www.economicas.uba.ar\/investigacion\/institutos-y-centros\/cenes\/","name":"CENES - Investigaci\u00f3n","isPartOf":{"@id":"https:\/\/www.economicas.uba.ar\/investigacion\/#website"},"datePublished":"2023-07-26T18:07:59+00:00","dateModified":"2026-03-05T16:25:08+00:00","breadcrumb":{"@id":"https:\/\/www.economicas.uba.ar\/investigacion\/institutos-y-centros\/cenes\/#breadcrumb"},"inLanguage":"es-AR","potentialAction":[{"@type":"ReadAction","target":["https:\/\/www.economicas.uba.ar\/investigacion\/institutos-y-centros\/cenes\/"]}]},{"@type":"BreadcrumbList","@id":"https:\/\/www.economicas.uba.ar\/investigacion\/institutos-y-centros\/cenes\/#breadcrumb","itemListElement":[{"@type":"ListItem","position":1,"name":"Inicio","item":"https:\/\/www.economicas.uba.ar\/investigacion\/"},{"@type":"ListItem","position":2,"name":"Institutos y centros","item":"https:\/\/www.economicas.uba.ar\/investigacion\/institutos-y-centros\/"},{"@type":"ListItem","position":3,"name":"CENES"}]},{"@type":"WebSite","@id":"https:\/\/www.economicas.uba.ar\/investigacion\/#website","url":"https:\/\/www.economicas.uba.ar\/investigacion\/","name":"Investigaci\u00f3n FCE","description":"","publisher":{"@id":"https:\/\/www.economicas.uba.ar\/investigacion\/#organization"},"potentialAction":[{"@type":"SearchAction","target":{"@type":"EntryPoint","urlTemplate":"https:\/\/www.economicas.uba.ar\/investigacion\/?s={search_term_string}"},"query-input":{"@type":"PropertyValueSpecification","valueRequired":true,"valueName":"search_term_string"}}],"inLanguage":"es-AR"},{"@type":"Organization","@id":"https:\/\/www.economicas.uba.ar\/investigacion\/#organization","name":"Investigaci\u00f3n FCE","url":"https:\/\/www.economicas.uba.ar\/investigacion\/","logo":{"@type":"ImageObject","inLanguage":"es-AR","@id":"https:\/\/www.economicas.uba.ar\/investigacion\/#\/schema\/logo\/image\/","url":"https:\/\/www.economicas.uba.ar\/investigacion\/wp-content\/uploads\/logo_2023.png","contentUrl":"https:\/\/www.economicas.uba.ar\/investigacion\/wp-content\/uploads\/logo_2023.png","width":292,"height":81,"caption":"Investigaci\u00f3n FCE"},"image":{"@id":"https:\/\/www.economicas.uba.ar\/investigacion\/#\/schema\/logo\/image\/"}}]}},"_links":{"self":[{"href":"https:\/\/www.economicas.uba.ar\/investigacion\/wp-json\/wp\/v2\/pages\/1429","targetHints":{"allow":["GET"]}}],"collection":[{"href":"https:\/\/www.economicas.uba.ar\/investigacion\/wp-json\/wp\/v2\/pages"}],"about":[{"href":"https:\/\/www.economicas.uba.ar\/investigacion\/wp-json\/wp\/v2\/types\/page"}],"author":[{"embeddable":true,"href":"https:\/\/www.economicas.uba.ar\/investigacion\/wp-json\/wp\/v2\/users\/2"}],"replies":[{"embeddable":true,"href":"https:\/\/www.economicas.uba.ar\/investigacion\/wp-json\/wp\/v2\/comments?post=1429"}],"version-history":[{"count":25,"href":"https:\/\/www.economicas.uba.ar\/investigacion\/wp-json\/wp\/v2\/pages\/1429\/revisions"}],"predecessor-version":[{"id":8149,"href":"https:\/\/www.economicas.uba.ar\/investigacion\/wp-json\/wp\/v2\/pages\/1429\/revisions\/8149"}],"up":[{"embeddable":true,"href":"https:\/\/www.economicas.uba.ar\/investigacion\/wp-json\/wp\/v2\/pages\/1282"}],"wp:attachment":[{"href":"https:\/\/www.economicas.uba.ar\/investigacion\/wp-json\/wp\/v2\/media?parent=1429"}],"curies":[{"name":"wp","href":"https:\/\/api.w.org\/{rel}","templated":true}]}}