{"id":1458,"date":"2023-07-26T15:32:01","date_gmt":"2023-07-26T18:32:01","guid":{"rendered":"https:\/\/www.economicas.uba.ar\/investigacion\/?page_id=1458"},"modified":"2026-03-12T09:39:08","modified_gmt":"2026-03-12T12:39:08","slug":"cepaf","status":"publish","type":"page","link":"https:\/\/www.economicas.uba.ar\/investigacion\/institutos-y-centros\/cepaf\/","title":{"rendered":"CEPAF"},"content":{"rendered":"\t\t<div data-elementor-type=\"wp-page\" data-elementor-id=\"1458\" class=\"elementor elementor-1458\" data-elementor-post-type=\"page\">\n\t\t\t\t<div class=\"elementor-element elementor-element-785d0a7c e-flex e-con-boxed e-con e-parent\" data-id=\"785d0a7c\" data-element_type=\"container\" data-e-type=\"container\">\n\t\t\t\t\t<div class=\"e-con-inner\">\n\t\t\t\t<div class=\"elementor-element elementor-element-7804597d elementor-widget elementor-widget-eael-adv-accordion\" data-id=\"7804597d\" data-element_type=\"widget\" data-e-type=\"widget\" data-widget_type=\"eael-adv-accordion.default\">\n\t\t\t\t<div class=\"elementor-widget-container\">\n\t\t\t\t\t            <div class=\"eael-adv-accordion\" id=\"eael-adv-accordion-7804597d\" data-scroll-on-click=\"no\" data-scroll-speed=\"300\" data-accordion-id=\"7804597d\" data-accordion-type=\"accordion\" data-toogle-speed=\"300\">\n            <div class=\"eael-accordion-list\">\n\t\t\t\t\t<div id=\"inicio\" class=\"elementor-tab-title eael-accordion-header active-default\" tabindex=\"0\" data-tab=\"1\" aria-controls=\"elementor-tab-content-2011\"><span class=\"eael-accordion-tab-title\">Inicio<\/span><span class=\"eael-advanced-accordion-icon-closed\"><i aria-hidden=\"true\" class=\"fa-accordion-icon fas fa-chevron-down\"><\/i><\/span><span class=\"eael-advanced-accordion-icon-opened\"><\/span><\/div><div id=\"elementor-tab-content-2011\" class=\"eael-accordion-content clearfix active-default\" data-tab=\"1\" aria-labelledby=\"inicio\"><p>El Centro de Estudios para An\u00e1lisis Financiero (CEPAF), es una unidad de investigaci\u00f3n que depende de la\u00a0Secci\u00f3n de Investigaciones\u00a0en Administraci\u00f3n, que, a su vez, integra el Instituto de Investigaci\u00f3n en Administraci\u00f3n, Contabilidad y Matem\u00e1tica (IADCOM).<\/p><p>Las funciones de la Unidad de An\u00e1lisis y Evaluaci\u00f3n Financiera son:<\/p><ul><li>Asesoramiento en el an\u00e1lisis y metodolog\u00edas para la emisi\u00f3n de instrumentos financieros para el sector p\u00fablico y privado.<\/li><li>Promover la cooperaci\u00f3n acad\u00e9mica\u00a0 y prestar servicios de asistencia t\u00e9cnica a todo tipo de entidades relacionadas con el sector financiero y de capitales, ya sean organismos no gubernamentales, instituciones p\u00fablicas o privadas, locales y del exterior.<\/li><li>Efectuar an\u00e1lisis y evaluaciones financieras.<\/li><li>Celebrar convenios con entidades p\u00fablicas y privadas locales e internacionales orientados a la capacitaci\u00f3n, investigaci\u00f3n y posgrados (entre otros), de conformidad a las normas vigentes.<\/li><li>Elaborar y desarrollar programas de investigaci\u00f3n interdisciplinarios orientados a las finanzas, tanto en el \u00e1mbito local, regional nacional e internacional.<\/li><li>Impulsar actividades de transferencia de resultados de investigaci\u00f3n y docencia al medio acad\u00e9mico y a la comunidad.<\/li><li>Organizaci\u00f3n y promoci\u00f3n de eventos inherentes a la tem\u00e1tica.\u00a0<\/li><\/ul><\/div>\n\t\t\t\t\t<\/div><div class=\"eael-accordion-list\">\n\t\t\t\t\t<div id=\"grupos-de-investigacin\" class=\"elementor-tab-title eael-accordion-header\" tabindex=\"0\" data-tab=\"2\" aria-controls=\"elementor-tab-content-2012\"><span class=\"eael-accordion-tab-title\">Grupos de Investigaci\u00f3n<\/span><span class=\"eael-advanced-accordion-icon-closed\"><i aria-hidden=\"true\" class=\"fa-accordion-icon fas fa-chevron-down\"><\/i><\/span><span class=\"eael-advanced-accordion-icon-opened\"><\/span><\/div><div id=\"elementor-tab-content-2012\" class=\"eael-accordion-content clearfix\" data-tab=\"2\" aria-labelledby=\"grupos-de-investigacin\"><h5>INVESTIGADORES<\/h5><ul><li>Aguirre, Marcela\u00a0<a href=\"https:\/\/www.linkedin.com\/in\/dra-marcela-aguirre-3510a4b\/\">https:\/\/www.linkedin.com\/in\/dra-marcela-aguirre-3510a4b\/<\/a><\/li><li>Aire, Carlos\u00a0<a href=\"https:\/\/www.linkedin.com\/in\/carlos-aire\/\">https:\/\/www.linkedin.com\/in\/carlos-aire\/<\/a><\/li><li>Alarco, Mat\u00edas\u00a0<a href=\"https:\/\/www.linkedin.com\/in\/matias-alarco-06702a121\/\">https:\/\/www.linkedin.com\/in\/matias-alarco-06702a121\/<\/a><\/li><li>Albornoz, C\u00e9sar\u00a0<a href=\"https:\/\/www.linkedin.com\/in\/cesar-albornoz-75298a48\/\">https:\/\/www.linkedin.com\/in\/cesar-albornoz-75298a48\/<\/a><\/li><li>Bafico, Hern\u00e1n\u00a0<a href=\"https:\/\/www.linkedin.com\/in\/hernan-alonso-bafico-009a4096\/\">https:\/\/www.linkedin.com\/in\/hernan-alonso-bafico-009a4096\/<\/a><\/li><li>Balmaceda, Mariel\u00a0<a href=\"https:\/\/www.linkedin.com\/in\/mariel-balmaceda-7b040b135\/\">https:\/\/www.linkedin.com\/in\/mariel-balmaceda-7b040b135\/<\/a><\/li><li>Basualdo, Jorge\u00a0<a href=\"https:\/\/www.linkedin.com\/in\/jorge-basualdo-b-3849455a\/\">https:\/\/www.linkedin.com\/in\/jorge-basualdo-b-3849455a\/<\/a><\/li><li>Bedini, Emiliano\u00a0<a href=\"https:\/\/www.linkedin.com\/in\/emiliano-bedini-86939795\/\">https:\/\/www.linkedin.com\/in\/emiliano-bedini-86939795\/<\/a><\/li><li>Brancati, Mart\u00edn\u00a0<a href=\"https:\/\/www.linkedin.com\/in\/martin-luciano-brancati-a3a7619b\/\">https:\/\/www.linkedin.com\/in\/martin-luciano-brancati-a3a7619b\/<\/a><\/li><li>De Jes\u00fas, Mauro\u00a0<a href=\"https:\/\/www.linkedin.com\/in\/maurodejesus\/\">https:\/\/www.linkedin.com\/in\/maurodejesus\/<\/a><\/li><li>Facal, Arturo\u00a0<a href=\"https:\/\/www.linkedin.com\/in\/arturo-facal-86bb82a\/\">https:\/\/www.linkedin.com\/in\/arturo-facal-86bb82a\/<\/a><\/li><li>Feldman, Gabriel\u00a0<a href=\"https:\/\/www.linkedin.com\/in\/gabriel-feldman-07173a50\/\">https:\/\/www.linkedin.com\/in\/gabriel-feldman-07173a50\/<\/a><\/li><li>Figueroa, Gabriela\u00a0<a href=\"https:\/\/www.linkedin.com\/in\/gabriela-figueroa-196a70110\/\">https:\/\/www.linkedin.com\/in\/gabriela-figueroa-196a70110\/<\/a><\/li><li>Fuertes, Graciela\u00a0<a href=\"https:\/\/www.linkedin.com\/in\/grafuertes\/\">https:\/\/www.linkedin.com\/in\/grafuertes\/<\/a><\/li><li>Garnier, Iv\u00e1n\u00a0<a href=\"https:\/\/www.linkedin.com\/in\/ivan-garnier-82a92151\/\">https:\/\/www.linkedin.com\/in\/ivan-garnier-82a92151\/<\/a><\/li><li>Gutierrez, Marcos\u00a0<a href=\"https:\/\/www.linkedin.com\/in\/marcos-guti%C3%A9rrez-phd-743697194\/\">https:\/\/www.linkedin.com\/in\/marcos-guti%C3%A9rrez-phd-743697194\/<\/a><\/li><li>Leal, Mart\u00edn<\/li><li>Lubos, Alejandro\u00a0<a href=\"https:\/\/www.linkedin.com\/in\/alejandro-lubos\/\">https:\/\/www.linkedin.com\/in\/alejandro-lubos\/<\/a><\/li><li>Marcos, Dam\u00edan\u00a0<a href=\"https:\/\/www.linkedin.com\/in\/damian-marcos-8ba6a01\/\">https:\/\/www.linkedin.com\/in\/damian-marcos-8ba6a01\/<\/a><\/li><li>Merlyn, Christian\u00a0<a href=\"https:\/\/www.linkedin.com\/in\/christian-merlyn-50113a2a\/\">https:\/\/www.linkedin.com\/in\/christian-merlyn-50113a2a\/<\/a><\/li><li>Mili\u00e1, Daniel\u00a0<a href=\"https:\/\/www.linkedin.com\/in\/dmilia\/\">https:\/\/www.linkedin.com\/in\/dmilia\/<\/a><\/li><li>Monteverde, Guillermo\u00a0<a href=\"https:\/\/www.linkedin.com\/in\/guillermo-monteverde\/\">https:\/\/www.linkedin.com\/in\/guillermo-monteverde\/<\/a><\/li><li>Nastasi, Mat\u00edas\u00a0<a href=\"https:\/\/www.linkedin.com\/in\/matias-adriel-nastasi-08769b1b7\/\">https:\/\/www.linkedin.com\/in\/matias-adriel-nastasi-08769b1b7\/<\/a><\/li><li>Olivo, Sergio\u00a0<a href=\"https:\/\/www.linkedin.com\/in\/sergio-luis-olivo-b219a61a\/\">https:\/\/www.linkedin.com\/in\/sergio-luis-olivo-b219a61a\/<\/a><\/li><li>Orqu\u00edn, B\u00e1rbara\u00a0<a href=\"https:\/\/www.linkedin.com\/in\/barbaraorquin\/\">https:\/\/www.linkedin.com\/in\/barbaraorquin\/<\/a><\/li><li>Pedraza, Mar\u00eda Antonia\u00a0<a href=\"https:\/\/www.linkedin.com\/in\/maria-antonia-pedraza-37428696\/\">https:\/\/www.linkedin.com\/in\/maria-antonia-pedraza-37428696\/<\/a><\/li><li>Perossa, Mario\u00a0<a href=\"https:\/\/www.linkedin.com\/in\/mario-luis-perossa-31030518\/\">https:\/\/www.linkedin.com\/in\/mario-luis-perossa-31030518\/<\/a><\/li><li>Pesce, Gabriela\u00a0<a href=\"https:\/\/www.linkedin.com\/in\/gabriela-pesce-aa981072\/\">https:\/\/www.linkedin.com\/in\/gabriela-pesce-aa981072\/<\/a><\/li><li>Piotti L\u00f3pez, Hern\u00e1n\u00a0<a href=\"https:\/\/www.linkedin.com\/in\/hernan-piotti-lopez-66873b\/\">https:\/\/www.linkedin.com\/in\/hernan-piotti-lopez-66873b\/<\/a><\/li><li>Plessen, Germ\u00e1n\u00a0<a href=\"https:\/\/www.linkedin.com\/in\/german-plessen\/\">https:\/\/www.linkedin.com\/in\/german-plessen\/<\/a><\/li><li>Porto, Jos\u00e9\u00a0<a href=\"https:\/\/www.linkedin.com\/in\/jos%C3%A9-porto-53409a56\/\">https:\/\/www.linkedin.com\/in\/jos%C3%A9-porto-53409a56\/<\/a><\/li><li>Ru\u00edz D\u00edaz, David Isaac\u00a0<a href=\"https:\/\/www.linkedin.com\/in\/davidisaax\/\">https:\/\/www.linkedin.com\/in\/davidisaax\/<\/a>\u00a0<\/li><li>Sarto, Daniel\u00a0<\/li><li>S\u00e1nchez, Gabriel\u00a0<a href=\"https:\/\/www.linkedin.com\/in\/glsanchez87\/\">https:\/\/www.linkedin.com\/in\/glsanchez87\/<\/a><\/li><li>S\u00e1nchez, Mirna\u00a0<a href=\"https:\/\/www.linkedin.com\/in\/mirna-sanchez-a2371212\/\">https:\/\/www.linkedin.com\/in\/mirna-sanchez-a2371212\/<\/a><\/li><li>Taco Mena, Diana\u00a0\u00a0<a href=\"https:\/\/www.linkedin.com\/in\/diana-taco-mena-36709918a\/\">https:\/\/www.linkedin.com\/in\/diana-taco-mena-36709918a\/<\/a><\/li><li>Tapia, Gustavo\u00a0<a href=\"https:\/\/www.linkedin.com\/in\/gustavo-tapia-3446ab11\/\">https:\/\/www.linkedin.com\/in\/gustavo-tapia-3446ab11\/<\/a><\/li><li>Tavernini, Sebasti\u00e1n\u00a0<a href=\"https:\/\/www.linkedin.com\/in\/sebatavernini\/\">https:\/\/www.linkedin.com\/in\/sebatavernini\/<\/a><\/li><li>Vicario, Aldo\u00a0<\/li><\/ul><h5>OTROS INVESTIGADORES<\/h5><ul><li>Andrada, Ivana<\/li><li>Babio, Mart\u00edn<\/li><li>Bernardello, Micaela<\/li><li>Fuentes, Gabriela<\/li><li>Gonz\u00e1lez, Daniel<\/li><li>Gonz\u00e1lez, Roc\u00edo<\/li><li>Paz Coletti, Lucrecia<\/li><\/ul><\/div>\n\t\t\t\t\t<\/div><div class=\"eael-accordion-list\">\n\t\t\t\t\t<div id=\"proyectos-de-investigacin\" class=\"elementor-tab-title eael-accordion-header\" tabindex=\"0\" data-tab=\"3\" aria-controls=\"elementor-tab-content-2013\"><span class=\"eael-accordion-tab-title\">Proyectos de Investigaci\u00f3n<\/span><span class=\"eael-advanced-accordion-icon-closed\"><i aria-hidden=\"true\" class=\"fa-accordion-icon fas fa-chevron-down\"><\/i><\/span><span class=\"eael-advanced-accordion-icon-opened\"><\/span><\/div><div id=\"elementor-tab-content-2013\" class=\"eael-accordion-content clearfix\" data-tab=\"3\" aria-labelledby=\"proyectos-de-investigacin\"><h2><span style=\"text-decoration: underline\"><strong>UBACYT 2016<\/strong><\/span><\/h2><p>AN\u00c1LISIS DE LA APLICACI\u00d3N EN ARGENTINA DE LAS REGULACIONES DE BASILEA Y SU IMPACTO EN EL SECTOR DE LA PEQUE\u00d1A Y MEDIANA EMPRESA.<\/p><p><em><strong>Objetivo general<\/strong><\/em>: Estudiar los impactos de la implementaci\u00f3n de las recomendaciones de Basilea II y III en el sistema financiero Argentino y su impacto en la econom\u00eda real particularmente en el sector PYME.<\/p><p>Director:\u00a0<strong>C\u00e9sar H.<\/strong>\u00a0<strong>Albornoz<\/strong> Subdirector:\u00a0<strong>Gustavo Tapia<\/strong><\/p><h2>\u00a0<\/h2><h2><strong><span style=\"text-decoration: underline\">UBACYT 2018<\/span><\/strong><\/h2><p>AN\u00c1LISIS DE LAS CONDICIONES PARA EL DESARROLLO DE LAS INVERSIONES EN LA ECONOM\u00cdA REAL Y EL FINANCIAMIENTO A PARTIR DEL MERCADO DE CAPITALES.<\/p><p><em><strong>Objetivo general:\u00a0<\/strong><\/em>Establecer mecanismos que permitan promover el acceso de empresas, individuos y gobierno al mercado de capitales.<\/p><p>Director:\u00a0<strong>C\u00e9sar H. Albornoz\u00a0<\/strong>Subdirector:\u00a0<strong>Mauro De Jes\u00fas<\/strong><\/p><h2>\u00a0<\/h2><h2><span style=\"text-decoration: underline\"><strong>UBACYT 2018<\/strong><\/span><\/h2><p>APLICACI\u00d3N DE LOS CONCEPTOS Y PRINCIPALES T\u00c9CNICAS PROSPECTIVAS EN EL AN\u00c1LISIS DE INVERSI\u00d3N Y ACTORES ECON\u00d3MICOS.<\/p><p><em><strong>Objetivo general:<\/strong><\/em> Estudiar las relaciones entre las formulaciones de las estrategias de negocios y los escenarios relevantes posibles en contextos din\u00e1micos.<\/p><p>Director:\u00a0<strong>Gustavo Tapia\u00a0<\/strong>Subdirector:\u00a0<strong>Sergio Olivo<\/strong><\/p><h2>\u00a0<\/h2><h2><span style=\"text-decoration: underline\"><strong>PIDAE 2018<\/strong><\/span><\/h2><p>PLATAFORMAS DIGITALES FINANCIERAS Y SU RELACI\u00d3N CON LA INCLUSI\u00d3N SOCIAL Y EL EMPRENDEDURISMO.\u00a0<\/p><p><em><strong>Objetivo general:\u00a0<\/strong><\/em>Evaluar las condiciones sociales y las posibilidades de construir emprendimientos de alto impacto en la econom\u00eda y la sociedad, indicando su relaci\u00f3n con las pol\u00edticas p\u00fablicas y sectoriales, a partir de la construcci\u00f3n de plataformas financieras digitales.<\/p><p>Director:\u00a0<strong>C\u00e9sar H. Albornoz\u00a0<\/strong>Codirector:\u00a0<strong>Mauro De Jes\u00fas<\/strong><\/p><h2>\u00a0<\/h2><h2><strong><span style=\"text-decoration: underline\">PIDAE 2020<\/span><\/strong><\/h2><p>PLATAFORMAS DIGITALES FINANCIERAS Y SU ROL EN LA INCLUSI\u00d3N SOCIAL EN CONTEXTOS DE PANDEMIA.<\/p><p><em><strong>Objetivo general:<\/strong> <\/em>La inclusi\u00f3n financiera es una tem\u00e1tica que ha estado relegada durante muchos a\u00f1os. El contexto de pandemia y las medidas adoptadas a nivel gubernamental para mitigar sus efectos negativos hicieron mas visible la desigualdad preexistente en la pir\u00e1mide social, en relaci\u00f3n con el acceso a las tecnolog\u00edas e internet. Las nuevas finanzas digitales ampl\u00edan las posibilidades de inserci\u00f3n a grupos que hist\u00f3ricamente no han tenido acceso al mercado financiero en absoluto.<\/p><p><em><strong>Investigadores:\u00a0<\/strong><\/em>Gustavo Tapia, Gabriela Figueroa, Mirna S\u00e1nchez, Emiliano Bedini, Sergio Olivo, Aldo Vicario.<\/p><p>Director:\u00a0<strong>C\u00e9sar H. Albornoz\u00a0<\/strong>Codirector:\u00a0<strong>Mauro De Jes\u00fas<\/strong><\/p><h2>\u00a0<\/h2><h2><span style=\"text-decoration: underline\"><strong>PIDAE 2020<\/strong><\/span><\/h2><p>LA FINANCIACI\u00d3N DE PROYECTOS DE INVERSI\u00d3N PARA PRODUCIR ENERG\u00cdAS RENOVABLES POS PANDEMIA EN ARGENTINA<\/p><p><em><strong>Objetivo general:\u00a0<\/strong><\/em>La investigaci\u00f3n se centra en analizar los aspectos claves de la financiaci\u00f3n de proyectos de energ\u00eda renovable.En una primera instancia, se exploran las tipolog\u00edas de energ\u00edas. Luego se toman en cuenta los principios fundamentales de la Econom\u00eda Circular. Con estos fundamentos, se estudia, analiza y propone una estructura de producci\u00f3n de energ\u00eda de base renovable optimizando su financiaci\u00f3n a partir de las variables relevantes.<\/p><p><em><strong>Investigadores:\u00a0<\/strong><\/em>Jos\u00e9 Manuel Porto, Lucrecia Paz Colletti, Mariel Balmaceda, Christian Merlyn e Iv\u00e1n Garnier.<\/p><p>Director:\u00a0<strong>Mario Perossa\u00a0<\/strong>Codirector:\u00a0<strong>Daniel Sarto<\/strong><\/p><h2>\u00a0<\/h2><h2><span style=\"text-decoration: underline\"><strong>PIDAE 2022<\/strong><\/span><\/h2><p>FUNCIONES DE LOS CRIPTOACTIVOS Y DESCENTRALIZACI\u00d3N FINANCIERA.<\/p><p><em><strong>Objetivo general:\u00a0<\/strong><\/em>El proyecto de investigaci\u00f3n que se propone plantea conocer las motivaciones de las partes que operan con criptomonedas al realizar las transacciones en los mercados comerciales y financieros en que act\u00faan. De la investigaci\u00f3n de este proyecto se espera determinar si las transacciones con criptoactivos tienen mayores ventajas y beneficios que la moneda tradicional y si la cantidad de riesgo econ\u00f3mico-financiero que tienen es superior a otros activos financieros subyacentes.\u00a0<\/p><p><em><strong>Investigadores:\u00a0<\/strong><\/em>Alejandro Lubos, Mariel Balmaceda, Daniel Mili\u00e1, Hern\u00e1n Piotti L\u00f3pez, Sergio Olivo, Germ\u00e1n Plessen.<\/p><p><em><strong>Colaborador:\u00a0<\/strong><\/em>Mart\u00edn Brancati<\/p><p>Director:\u00a0<strong>Gustavo Tapia\u00a0<\/strong>Codirector:\u00a0<strong>Mauro De Jes\u00fas<\/strong><\/p><h2>\u00a0<\/h2><h2><span style=\"text-decoration: underline\"><strong>PIDAE 2022<\/strong><\/span><\/h2><p>POL\u00cdTICAS DE INVERSI\u00d3N Y DE FINANCIACI\u00d3N PARA EL CRECIMIENTO CON COMPETITIVIDAD DE LAS PYMES ARGENTINAS.\u00a0<\/p><p><em><strong>Objetivo general:\u00a0<\/strong><\/em>El proyecto busca conocer la estructura de capital predominante en las PyMES Argentinas, analizar su composici\u00f3n el grado de apalancamiento y, en base a sus necesidades, analizar el financiamiento disponible, junto a las dificultades internas al gestionar sus organizaciones.\u00a0<\/p><p><em><strong>Investigadores:\u00a0<\/strong><\/em>Daniel Sarto, Jos\u00e9 Manuel Porto, Gabriela Figueroa, Emiliano Bedini, Arturo Facal.<\/p><p><em><strong>Colaborador:<\/strong>\u00a0<\/em>Jorge Basualdo<\/p><p>Director:\u00a0<strong>C\u00e9sar H. Albornoz\u00a0<\/strong>Codirector:\u00a0<strong>Mario Perossa<\/strong><\/p><h2>\u00a0<\/h2><h2><span style=\"text-decoration: underline\"><strong>PDE 2024 <\/strong><\/span>&#8211; PROYECTO DE DESARROLLO ESTRAT\u00c9GICO<\/h2><p><strong><em>Objetivo general:\u00a0<\/em><\/strong>El proyecto consiste en ofrecer una propuesta sustentable al tratamiento y reciclaje Neum\u00e1ticos Fuera de Uso (NFU). Brindar\u00e1 una soluci\u00f3n a la problem\u00e1tica ambiental y sanitaria a trav\u00e9s de la recolecci\u00f3n, acopio y revalorizaci\u00f3n de los mismos. Se promover\u00e1 el acceso al mercado de caucho de estireno butadieno (SBN) granulado para diferentes usos y se analizar\u00e1 la conveniencia\u00a0 de contar con una planta industrial en la que se triturar\u00e1n los residuos en forma mec\u00e1nica. El proyecto se orienta a generar impacto social y soluci\u00f3n escalable al tratamiento de residuos de caucho a la vez que promover\u00e1 la transparencia del mercado y facilitar\u00e1 el acceso a los demandantes de materiales que sean tratados bajo normativas ambientales.\u00a0<\/p><p><strong><em>Investigadores:\u00a0<\/em><\/strong>Daniel Mili\u00e1, Gabriel S\u00e1nchez, Isaac Ruiz D\u00edaz y Mariel Balmaceda.<\/p><p><em><strong>Asesores:\u00a0<\/strong><\/em>Ivana Andrada y Graciela Fuertes.<\/p><p>Director:\u00a0<strong>Gustavo Tapia\u00a0<\/strong>Codirector:\u00a0<strong>Gabriel Feldman<\/strong><\/p><h2><span style=\"text-decoration: underline\"><strong>PDE 2024 <\/strong><\/span>&#8211; PROYECTO DE DESARROLLO ESTRAT\u00c9GICO<\/h2><p><strong><em>Objetivo general:\u00a0<\/em><\/strong>El proyecto consiste en ofrecer una propuesta sustentable al tratamiento y reciclaje Neum\u00e1ticos Fuera de Uso (NFU). Brindar\u00e1 una soluci\u00f3n a la problem\u00e1tica ambiental y sanitaria a trav\u00e9s de la recolecci\u00f3n, acopio y revalorizaci\u00f3n de los mismos. Se promover\u00e1 el acceso al mercado de caucho de estireno butadieno (SBN) granulado para diferentes usos y se analizar\u00e1 la conveniencia\u00a0 de contar con una planta industrial en la que se triturar\u00e1n los residuos en forma mec\u00e1nica. El proyecto se orienta a generar impacto social y soluci\u00f3n escalable al tratamiento de residuos de caucho a la vez que promover\u00e1 la transparencia del mercado y facilitar\u00e1 el acceso a los demandantes de materiales que sean tratados bajo normativas ambientales.\u00a0<\/p><p><em><strong>Investigadores:<\/strong><\/em><strong>\u00a0<\/strong>Hern\u00e1n Piotti L\u00f3pez, Gabriela Figueroa, Arturo Facal y Emiliano Bedini.<\/p><p><em><strong>Asesores:\u00a0<\/strong><\/em>Mar\u00eda Antonia Pedraza y Sebasti\u00e1n Tavernini.<\/p><p>Director:\u00a0<strong>C\u00e9sar H. Albornoz\u00a0<\/strong>Codirector:\u00a0<strong>Gabriela Pesce<\/strong><\/p><h2><span style=\"text-decoration: underline\"><strong>PDE 2024 <\/strong><\/span>&#8211; PROYECTO DE DESARROLLO ESTRAT\u00c9GICO<\/h2><p><strong><em>Objetivo general:\u00a0<\/em><\/strong>El proyecto consiste en ofrecer una propuesta sustentable al tratamiento y reciclaje Neum\u00e1ticos Fuera de Uso (NFU). Brindar\u00e1 una soluci\u00f3n a la problem\u00e1tica ambiental y sanitaria a trav\u00e9s de la recolecci\u00f3n, acopio y revalorizaci\u00f3n de los mismos. Se promover\u00e1 el acceso al mercado de caucho de estireno butadieno (SBN) granulado para diferentes usos y se analizar\u00e1 la conveniencia\u00a0 de contar con una planta industrial en la que se triturar\u00e1n los residuos en forma mec\u00e1nica. El proyecto se orienta a generar impacto social y soluci\u00f3n escalable al tratamiento de residuos de caucho a la vez que promover\u00e1 la transparencia del mercado y facilitar\u00e1 el acceso a los demandantes de materiales que sean tratados bajo normativas ambientales.\u00a0<\/p><p><em><strong>Investigadores:\u00a0<\/strong><\/em>B\u00e1rbara Orqu\u00edn, Jos\u00e9 Manuel Porto, Marcela Aguirre y Alejandro Lubos.<\/p><p><em><strong>Asesores:\u00a0<\/strong><\/em>Jorge Basualdo y Mat\u00edas Alarco.<\/p><p>Director:\u00a0<strong>Mario Perossa\u00a0<\/strong>Cordirector: Gast\u00f3n Milanesi<\/p><\/div>\n\t\t\t\t\t<\/div><div class=\"eael-accordion-list\">\n\t\t\t\t\t<div id=\"trabajos\" class=\"elementor-tab-title eael-accordion-header\" tabindex=\"0\" data-tab=\"4\" aria-controls=\"elementor-tab-content-2014\"><span class=\"eael-accordion-tab-title\">Trabajos<\/span><span class=\"eael-advanced-accordion-icon-closed\"><i aria-hidden=\"true\" class=\"fa-accordion-icon fas fa-chevron-down\"><\/i><\/span><span class=\"eael-advanced-accordion-icon-opened\"><\/span><\/div><div id=\"elementor-tab-content-2014\" class=\"eael-accordion-content clearfix\" data-tab=\"4\" aria-labelledby=\"trabajos\"><h6><strong>\u201cTransformaci\u00f3n del sistema del sistema financiero y las transformaciones globales\u201d<\/strong><\/h6><p>Acuerdo con el Banco Santander Rio entre la Facultad de Ciencias Econ\u00f3micas de la Universidad de Buenos Aires, Financial University under the government of the Russian Federation y la Facultad de Ciencias Econ\u00f3micas y Negocios de la Universidad de Cantabria. 2015.<\/p><\/div>\n\t\t\t\t\t<\/div><div class=\"eael-accordion-list\">\n\t\t\t\t\t<div id=\"seminarios\" class=\"elementor-tab-title eael-accordion-header\" tabindex=\"0\" data-tab=\"5\" aria-controls=\"elementor-tab-content-2015\"><span class=\"eael-accordion-tab-title\">Seminarios<\/span><span class=\"eael-advanced-accordion-icon-closed\"><i aria-hidden=\"true\" class=\"fa-accordion-icon fas fa-chevron-down\"><\/i><\/span><span class=\"eael-advanced-accordion-icon-opened\"><\/span><\/div><div id=\"elementor-tab-content-2015\" class=\"eael-accordion-content clearfix\" data-tab=\"5\" aria-labelledby=\"seminarios\"><p><strong>1\u00aa SEMINARIO FINANZAS SUSTENTABLES\u00a0<\/strong>(2021)<\/p><p><a href=\"https:\/\/www.economicas.uba.ar\/investigacion\/wp-content\/uploads\/Antecedentes-Flyer-Evento-1Seminario-Finanzas-Sustentables-GT-Comite-Academico-1.pdf\">https:\/\/www.economicas.uba.ar\/investigacion\/wp-content\/uploads\/Antecedentes-Flyer-Evento-1Seminario-Finanzas-Sustentables-GT-Comite-Academico-1.pdf<\/a><\/p><p><strong>2\u00aa SEMINARIO FINANZAS SUSTENTABLES\u00a0<\/strong>(2022)<\/p><p><a href=\"https:\/\/www.economicas.uba.ar\/investigacion\/wp-content\/uploads\/Programa-2o-Seminario-Finanzas-Sustentables-f-2.pdf\">https:\/\/www.economicas.uba.ar\/investigacion\/wp-content\/uploads\/Programa-2o-Seminario-Finanzas-Sustentables-f-2.pdf<\/a><\/p><p><a href=\"https:\/\/www.economicas.uba.ar\/investigacion\/wp-content\/uploads\/prog-2-Sem-FS-2.pdf\">https:\/\/www.economicas.uba.ar\/investigacion\/wp-content\/uploads\/prog-2-Sem-FS-2.pdf<\/a><\/p><p><strong>3\u00aa SEMINARIO FINANZAS SUSTENTABLES\u00a0<\/strong>(2023)<\/p><p><a href=\"https:\/\/www.economicas.uba.ar\/investigacion\/wp-content\/uploads\/PROGRAMA-3a-SEMINARIO.jpg\">https:\/\/www.economicas.uba.ar\/investigacion\/wp-content\/uploads\/PROGRAMA-3a-SEMINARIO.jpg<\/a><\/p><p><strong>4\u00aa SEMINARIO FINANZAS SUSTENTABLES <\/strong>(2024)<\/p><p><a href=\"https:\/\/www.economicas.uba.ar\/investigacion\/wp-content\/uploads\/4to-Seminario-Finanzas-Sustentables.png\" target=\"_blank\" rel=\"noopener\">https:\/\/www.economicas.uba.ar\/investigacion\/wp-content\/uploads\/4to-Seminario-Finanzas-Sustentables.png<\/a><\/p><p><a href=\"https:\/\/www.economicas.uba.ar\/investigacion\/wp-content\/uploads\/4to-Seminario-Finanzas-Sustentables-2.png\" target=\"_blank\" rel=\"noopener\">https:\/\/www.economicas.uba.ar\/investigacion\/wp-content\/uploads\/4to-Seminario-Finanzas-Sustentables-2.png<\/a><\/p><p><a href=\"https:\/\/www.youtube.com\/watch?v=rVitPRuGF0A\" target=\"_blank\" rel=\"noopener\">VER VIDEO AQU\u00cd<\/a><\/p><p><strong>5\u00aa SEMINARIO FINANZAS SUSTENTABLES <\/strong>(2025)<\/p><p><a href=\"https:\/\/www.economicas.uba.ar\/investigacion\/wp-content\/uploads\/1-Programa-5o-Sem-Finanzas-Sustentables.pdf\" target=\"_blank\" rel=\"noopener\">Programa 5\u00ba Sem Finanzas Sustentables<\/a><\/p><p>&#8220;Datos &#8211; Decisiones complejas&#8221; <a href=\"https:\/\/youtu.be\/p_Kwm7AMEks\" target=\"_blank\" rel=\"noopener\">VER VIDEO AQU\u00cd<\/a><\/p><p>&#8220;IA y Finanzas Sustentables&#8221;\u00a0<a href=\"https:\/\/youtu.be\/5PmvQDMeROQ\" target=\"_blank\" rel=\"noopener\">VER VIDEO AQU\u00cd<\/a><\/p><p>&#8220;Gobernanza sostenible&#8221;\u00a0<a href=\"https:\/\/youtu.be\/UL73b1UDGNE\" target=\"_blank\" rel=\"noopener\">VER VIDEO AQU\u00cd<\/a><\/p><p>&#8220;Estrategia &#8211; Cierre de evento&#8221;\u00a0<a href=\"https:\/\/youtu.be\/qKnWQVTpm20\" target=\"_blank\" rel=\"noopener\">VER VIDEO AQU\u00cd<\/a><\/p><p><a href=\"https:\/\/www.economicas.uba.ar\/investigacion\/wp-content\/uploads\/6-ppt-Rita-Morrone.pdf\" target=\"_blank\" rel=\"noopener\">M\u00e1s All\u00e1 del Greenwashing: Herramientas de Machine Learning para Identificar Inversiones Sustentables Reales<\/a><\/p><p><a href=\"https:\/\/www.economicas.uba.ar\/investigacion\/wp-content\/uploads\/7-ppt-Carlos-Lacchini.pdf\" target=\"_blank\" rel=\"noopener\">Impacto de la IA bajo el esp\u00edritu de la sustentabilidad<\/a><\/p><p><a href=\"https:\/\/www.economicas.uba.ar\/investigacion\/wp-content\/uploads\/8-ppt-Carolina-Castro-y-equipo.pdf\" target=\"_blank\" rel=\"noopener\">Examining the G in ESG: An Actuarial Perspective<\/a><\/p><p><a href=\"https:\/\/www.economicas.uba.ar\/investigacion\/wp-content\/uploads\/9-ppt-Rodrigo-del-Rosso.pdf\" target=\"_blank\" rel=\"noopener\">Modelos de Redes Neuronales en Finanzas Sustentables<\/a><\/p><\/div>\n\t\t\t\t\t<\/div><div class=\"eael-accordion-list\">\n\t\t\t\t\t<div id=\"masterclass-temas-de-debate\" class=\"elementor-tab-title eael-accordion-header\" tabindex=\"0\" data-tab=\"6\" aria-controls=\"elementor-tab-content-2016\"><span class=\"eael-accordion-tab-title\">Masterclass - Temas de debate<\/span><span class=\"eael-advanced-accordion-icon-closed\"><i aria-hidden=\"true\" class=\"fa-accordion-icon fas fa-plus\"><\/i><\/span><span class=\"eael-advanced-accordion-icon-opened\"><i aria-hidden=\"true\" class=\"fa-accordion-icon fas fa-minus\"><\/i><\/span><\/div><div id=\"elementor-tab-content-2016\" class=\"eael-accordion-content clearfix\" data-tab=\"6\" aria-labelledby=\"masterclass-temas-de-debate\"><p><strong>Masterclass 7\/11\/2024<\/strong> &#8211; CICLO &#8220;Nuevas fronteras y enfoques emergentes de la administraci\u00f3n&#8221; TEMA DEBATE &#8220;POL\u00cdTICAS P\u00daBLICAS para estimular la competitividad sistem\u00e1tica y el desarrollo.&#8221;<\/p><p><a href=\"https:\/\/www.economicas.uba.ar\/investigacion\/wp-content\/uploads\/Eventos-MASTERCLASS-1a-7-11-24-4.jpg\" target=\"_blank\" rel=\"noopener\">Masterclass 7\/11\/2024<\/a><\/p><p><a href=\"https:\/\/youtu.be\/L13qNEx5HFw\" target=\"_blank\" rel=\"noopener\">VER VIDEO AQU\u00cd<\/a><\/p><p><strong>Masterclass 13\/05\/2025<\/strong><\/p><p>&#8211; CICLO &#8220;Nuevas fronteras y enfoques emergentes de la administraci\u00f3n&#8221; TEMA DEBATE &#8220;ECONOM\u00cdA NARANJA \u2013 ECONOM\u00cdA VIOLETA<br \/>Cultura y Equidad.&#8221;<\/p><p><a href=\"https:\/\/www.economicas.uba.ar\/investigacion\/wp-content\/uploads\/MASTERCLASS-1a-13-5-25.pdf\" target=\"_blank\" rel=\"noopener\">MASTERCLASS 1a 13 5 25<\/a><\/p><p><a href=\"https:\/\/youtu.be\/QgEJr0R7yCw\" target=\"_blank\" rel=\"noopener\">VER VIDEO AQU\u00cd<\/a><\/p><p><strong>Masterclass 12\/06\/2025<\/strong><\/p><p>&#8211; CICLO &#8220;Nuevas fronteras y enfoques emergentes de la administraci\u00f3n&#8221;. TEMA DEBATE &#8220;YPF: La historia del petr\u00f3leo argentino.&#8221;<\/p><p><a href=\"https:\/\/www.economicas.uba.ar\/investigacion\/wp-content\/uploads\/MASTERCLASS-PETROLEO-GADANO.pdf\" target=\"_blank\" rel=\"noopener\">MASTERCLASS 12\/06\/2025<\/a><\/p><p><a href=\"https:\/\/www.youtube.com\/watch?v=pvDxOs9xz-w\" target=\"_blank\" rel=\"noopener\">VER VIDEO AQU\u00cd<\/a><\/p><p><strong>Masterclass 10\/07\/2025<\/strong><\/p><p>&#8211; CICLO &#8220;Nuevas fronteras y enfoques emergentes de la administraci\u00f3n&#8221;. TEMA DEBATE &#8220;Competitividad para el Desarrollo econ\u00f3mico y social.&#8221;<\/p><p><a href=\"https:\/\/www.economicas.uba.ar\/investigacion\/wp-content\/uploads\/MASTERCLASS-3a-10-7-25-Competitividad-Desarrollo.pdf\" target=\"_blank\" rel=\"noopener\">Masterclass 10\/07\/2025<\/a><\/p><p><a href=\"https:\/\/www.youtube.com\/watch?v=ruThk6neKnc\" target=\"_blank\" rel=\"noopener\">VER VIDEO AQU\u00cd<\/a><\/p><p><strong>Masterclass 22\/10\/2025<\/strong><\/p><p>&#8211; ECON 2025<\/p><p><a href=\"https:\/\/youtu.be\/3XvLIQNiLZ0\" target=\"_blank\" rel=\"noopener\">Charla ECON 2025 &#8220;Estado, finanzas y futuro &#8211; Di\u00e1logos en clave 5.0&#8221; Alejandro Est\u00e9vez y Gustavo Tapia<\/a><\/p><p><a href=\"https:\/\/youtu.be\/qyh1rGN84zQ\" target=\"_blank\" rel=\"noopener\">Masterclass ECON 2025 &#8220;Econom\u00eda, \u00e9tica y negocios en la postmodernidad&#8221; Stefano Zamagni, Jos\u00e9 Luis Fern\u00e1ndez Fern\u00e1ndez, Luis Bameule, Alejandro Est\u00e9vez, Fernando Moroni, Fernando Flores Maio y<\/a><a href=\"https:\/\/youtu.be\/qyh1rGN84zQ\" target=\"_blank\" rel=\"noopener\"> Gustavo Tapia<\/a><\/p><p>\u00a0<\/p><p><strong>Masterclass 11\/03\/2026<\/strong><\/p><p>-CICLO &#8220;Nuevas fronteras y enfoques emergentes de la administraci\u00f3n&#8221;. TEMA DEBATE &#8220;Matriz energ\u00e9tica: Argentina y el mundo. La estrategia nacional y regional&#8221;.<\/p><p><a href=\"https:\/\/www.economicas.uba.ar\/investigacion\/wp-content\/uploads\/MASTERCLASS-1a-11-03-26-Matriz-energetica-argentina.pdf\" target=\"_blank\" rel=\"noopener\">Masterclass 11\/03\/26<\/a><\/p><p><a href=\"https:\/\/youtu.be\/XBxUwo6LqjI\" target=\"_blank\" rel=\"noopener\">VER VIDEO AQU\u00cd<\/a><\/p><p>\u00a0<\/p><\/div>\n\t\t\t\t\t<\/div><div class=\"eael-accordion-list\">\n\t\t\t\t\t<div id=\"publicaciones-libros\" class=\"elementor-tab-title eael-accordion-header\" tabindex=\"0\" data-tab=\"7\" aria-controls=\"elementor-tab-content-2017\"><span class=\"eael-accordion-tab-title\">Publicaciones - LIBROS<\/span><span class=\"eael-advanced-accordion-icon-closed\"><i aria-hidden=\"true\" class=\"fa-accordion-icon fas fa-plus\"><\/i><\/span><span class=\"eael-advanced-accordion-icon-opened\"><i aria-hidden=\"true\" class=\"fa-accordion-icon fas fa-minus\"><\/i><\/span><\/div><div id=\"elementor-tab-content-2017\" class=\"eael-accordion-content clearfix\" data-tab=\"7\" aria-labelledby=\"publicaciones-libros\"><p><a href=\"https:\/\/www.economicas.uba.ar\/investigacion\/wp-content\/uploads\/DESARROLLO-ESTRATEGICO-SUSTENTABLE-l-NFU-c-isbn.pdf\">&#8220;DESARROLLO ESTRAT\u00c9GICO&#8221;<\/a><\/p><h5><strong>EQUIPO DE INVESTIGACI\u00d3N:<\/strong><\/h5><h5><span style=\"text-decoration: underline\">Director:<\/span><\/h5><h5><span style=\"font-size: 16px\">Gustavo Tapia<\/span><\/h5><h5><span style=\"text-decoration: underline\">Codirector:<\/span><\/h5><h5>Daniel Mili\u00e1<\/h5><h5><span style=\"text-decoration: underline\">Investigador formado:<\/span><\/h5><h5>Gabriel Feldman<br \/>Gabriel Leandro S\u00e1nchez<\/h5><h5><span style=\"text-decoration: underline\">Investigador en formaci\u00f3n:<\/span><\/h5><h5>David Ru\u00edz D\u00edaz<br \/>Mariel Balmaceda<\/h5><h5><span style=\"text-decoration: underline\">Investigadores asesores:<\/span><\/h5><h5>Graciela Fuertes<br \/>Guillermo Monteverde<br \/>Ivana Andrada<\/h5><\/div>\n\t\t\t\t\t<\/div><div class=\"eael-accordion-list\">\n\t\t\t\t\t<div id=\"contacto\" class=\"elementor-tab-title eael-accordion-header\" tabindex=\"0\" data-tab=\"8\" aria-controls=\"elementor-tab-content-2018\"><span class=\"eael-accordion-tab-title\">Contacto<\/span><span class=\"eael-advanced-accordion-icon-closed\"><i aria-hidden=\"true\" class=\"fa-accordion-icon fas fa-chevron-down\"><\/i><\/span><span class=\"eael-advanced-accordion-icon-opened\"><\/span><\/div><div id=\"elementor-tab-content-2018\" class=\"eael-accordion-content clearfix\" data-tab=\"8\" aria-labelledby=\"contacto\"><p>CENTRO DE ESTUDIOS PARA AN\u00c1LISIS FINANCIERO<\/p><p>Av. C\u00f3rdoba 2122 (CABA) 2\u00aa piso, oficina &#8220;CEPAF&#8221;, CABA, Argentina.<\/p><p>Tel\u00e9fono: +54 11 5285-6924<\/p><p>Email: cepaf@economicas.uba.ar<\/p><p>Melisa Gattuso \/ Mauro De Jes\u00fas<\/p><\/div>\n\t\t\t\t\t<\/div><\/div>\t\t\t\t<\/div>\n\t\t\t\t<\/div>\n\t\t\t\t\t<\/div>\n\t\t\t\t<\/div>\n\t\t\t\t<\/div>\n\t\t","protected":false},"excerpt":{"rendered":"<p>Inicio El Centro de Estudios para An\u00e1lisis Financiero (CEPAF), es una unidad de investigaci\u00f3n que depende de la\u00a0Secci\u00f3n de Investigaciones\u00a0en Administraci\u00f3n, que, a su vez, integra el Instituto de Investigaci\u00f3n<\/p>\n","protected":false},"author":10,"featured_media":0,"parent":1282,"menu_order":0,"comment_status":"closed","ping_status":"closed","template":"elementor_header_footer","meta":{"footnotes":""},"class_list":["post-1458","page","type-page","status-publish","hentry"],"yoast_head":"<!-- This site is optimized with the Yoast SEO plugin v27.4 - https:\/\/yoast.com\/product\/yoast-seo-wordpress\/ -->\n<title>CEPAF - Investigaci\u00f3n<\/title>\n<meta name=\"robots\" content=\"index, follow, max-snippet:-1, max-image-preview:large, max-video-preview:-1\" \/>\n<link rel=\"canonical\" href=\"https:\/\/www.economicas.uba.ar\/investigacion\/institutos-y-centros\/cepaf\/\" \/>\n<meta property=\"og:locale\" content=\"es_ES\" \/>\n<meta property=\"og:type\" content=\"article\" \/>\n<meta property=\"og:title\" content=\"CEPAF - Investigaci\u00f3n\" \/>\n<meta property=\"og:description\" content=\"Inicio El Centro de Estudios para An\u00e1lisis Financiero (CEPAF), es una unidad de investigaci\u00f3n que depende de la\u00a0Secci\u00f3n de Investigaciones\u00a0en Administraci\u00f3n, que, a su vez, integra el Instituto de Investigaci\u00f3n\" \/>\n<meta property=\"og:url\" content=\"https:\/\/www.economicas.uba.ar\/investigacion\/institutos-y-centros\/cepaf\/\" \/>\n<meta property=\"og:site_name\" content=\"Investigaci\u00f3n\" \/>\n<meta property=\"article:modified_time\" content=\"2026-03-12T12:39:08+00:00\" \/>\n<meta name=\"twitter:card\" content=\"summary_large_image\" \/>\n<meta name=\"twitter:label1\" content=\"Tiempo de lectura\" \/>\n\t<meta name=\"twitter:data1\" content=\"9 minutos\" \/>\n<script type=\"application\/ld+json\" class=\"yoast-schema-graph\">{\"@context\":\"https:\\\/\\\/schema.org\",\"@graph\":[{\"@type\":\"WebPage\",\"@id\":\"https:\\\/\\\/www.economicas.uba.ar\\\/investigacion\\\/institutos-y-centros\\\/cepaf\\\/\",\"url\":\"https:\\\/\\\/www.economicas.uba.ar\\\/investigacion\\\/institutos-y-centros\\\/cepaf\\\/\",\"name\":\"CEPAF - Investigaci\u00f3n\",\"isPartOf\":{\"@id\":\"https:\\\/\\\/www.economicas.uba.ar\\\/investigacion\\\/#website\"},\"datePublished\":\"2023-07-26T18:32:01+00:00\",\"dateModified\":\"2026-03-12T12:39:08+00:00\",\"breadcrumb\":{\"@id\":\"https:\\\/\\\/www.economicas.uba.ar\\\/investigacion\\\/institutos-y-centros\\\/cepaf\\\/#breadcrumb\"},\"inLanguage\":\"es-AR\",\"potentialAction\":[{\"@type\":\"ReadAction\",\"target\":[\"https:\\\/\\\/www.economicas.uba.ar\\\/investigacion\\\/institutos-y-centros\\\/cepaf\\\/\"]}]},{\"@type\":\"BreadcrumbList\",\"@id\":\"https:\\\/\\\/www.economicas.uba.ar\\\/investigacion\\\/institutos-y-centros\\\/cepaf\\\/#breadcrumb\",\"itemListElement\":[{\"@type\":\"ListItem\",\"position\":1,\"name\":\"Inicio\",\"item\":\"https:\\\/\\\/www.economicas.uba.ar\\\/investigacion\\\/\"},{\"@type\":\"ListItem\",\"position\":2,\"name\":\"Institutos y centros\",\"item\":\"https:\\\/\\\/www.economicas.uba.ar\\\/investigacion\\\/institutos-y-centros\\\/\"},{\"@type\":\"ListItem\",\"position\":3,\"name\":\"CEPAF\"}]},{\"@type\":\"WebSite\",\"@id\":\"https:\\\/\\\/www.economicas.uba.ar\\\/investigacion\\\/#website\",\"url\":\"https:\\\/\\\/www.economicas.uba.ar\\\/investigacion\\\/\",\"name\":\"Investigaci\u00f3n FCE\",\"description\":\"\",\"publisher\":{\"@id\":\"https:\\\/\\\/www.economicas.uba.ar\\\/investigacion\\\/#organization\"},\"potentialAction\":[{\"@type\":\"SearchAction\",\"target\":{\"@type\":\"EntryPoint\",\"urlTemplate\":\"https:\\\/\\\/www.economicas.uba.ar\\\/investigacion\\\/?s={search_term_string}\"},\"query-input\":{\"@type\":\"PropertyValueSpecification\",\"valueRequired\":true,\"valueName\":\"search_term_string\"}}],\"inLanguage\":\"es-AR\"},{\"@type\":\"Organization\",\"@id\":\"https:\\\/\\\/www.economicas.uba.ar\\\/investigacion\\\/#organization\",\"name\":\"Investigaci\u00f3n FCE\",\"url\":\"https:\\\/\\\/www.economicas.uba.ar\\\/investigacion\\\/\",\"logo\":{\"@type\":\"ImageObject\",\"inLanguage\":\"es-AR\",\"@id\":\"https:\\\/\\\/www.economicas.uba.ar\\\/investigacion\\\/#\\\/schema\\\/logo\\\/image\\\/\",\"url\":\"https:\\\/\\\/www.economicas.uba.ar\\\/investigacion\\\/wp-content\\\/uploads\\\/logo_2023.png\",\"contentUrl\":\"https:\\\/\\\/www.economicas.uba.ar\\\/investigacion\\\/wp-content\\\/uploads\\\/logo_2023.png\",\"width\":292,\"height\":81,\"caption\":\"Investigaci\u00f3n FCE\"},\"image\":{\"@id\":\"https:\\\/\\\/www.economicas.uba.ar\\\/investigacion\\\/#\\\/schema\\\/logo\\\/image\\\/\"}}]}<\/script>\n<!-- \/ Yoast SEO plugin. -->","yoast_head_json":{"title":"CEPAF - Investigaci\u00f3n","robots":{"index":"index","follow":"follow","max-snippet":"max-snippet:-1","max-image-preview":"max-image-preview:large","max-video-preview":"max-video-preview:-1"},"canonical":"https:\/\/www.economicas.uba.ar\/investigacion\/institutos-y-centros\/cepaf\/","og_locale":"es_ES","og_type":"article","og_title":"CEPAF - Investigaci\u00f3n","og_description":"Inicio El Centro de Estudios para An\u00e1lisis Financiero (CEPAF), es una unidad de investigaci\u00f3n que depende de la\u00a0Secci\u00f3n de Investigaciones\u00a0en Administraci\u00f3n, que, a su vez, integra el Instituto de Investigaci\u00f3n","og_url":"https:\/\/www.economicas.uba.ar\/investigacion\/institutos-y-centros\/cepaf\/","og_site_name":"Investigaci\u00f3n","article_modified_time":"2026-03-12T12:39:08+00:00","twitter_card":"summary_large_image","twitter_misc":{"Tiempo de lectura":"9 minutos"},"schema":{"@context":"https:\/\/schema.org","@graph":[{"@type":"WebPage","@id":"https:\/\/www.economicas.uba.ar\/investigacion\/institutos-y-centros\/cepaf\/","url":"https:\/\/www.economicas.uba.ar\/investigacion\/institutos-y-centros\/cepaf\/","name":"CEPAF - Investigaci\u00f3n","isPartOf":{"@id":"https:\/\/www.economicas.uba.ar\/investigacion\/#website"},"datePublished":"2023-07-26T18:32:01+00:00","dateModified":"2026-03-12T12:39:08+00:00","breadcrumb":{"@id":"https:\/\/www.economicas.uba.ar\/investigacion\/institutos-y-centros\/cepaf\/#breadcrumb"},"inLanguage":"es-AR","potentialAction":[{"@type":"ReadAction","target":["https:\/\/www.economicas.uba.ar\/investigacion\/institutos-y-centros\/cepaf\/"]}]},{"@type":"BreadcrumbList","@id":"https:\/\/www.economicas.uba.ar\/investigacion\/institutos-y-centros\/cepaf\/#breadcrumb","itemListElement":[{"@type":"ListItem","position":1,"name":"Inicio","item":"https:\/\/www.economicas.uba.ar\/investigacion\/"},{"@type":"ListItem","position":2,"name":"Institutos y centros","item":"https:\/\/www.economicas.uba.ar\/investigacion\/institutos-y-centros\/"},{"@type":"ListItem","position":3,"name":"CEPAF"}]},{"@type":"WebSite","@id":"https:\/\/www.economicas.uba.ar\/investigacion\/#website","url":"https:\/\/www.economicas.uba.ar\/investigacion\/","name":"Investigaci\u00f3n FCE","description":"","publisher":{"@id":"https:\/\/www.economicas.uba.ar\/investigacion\/#organization"},"potentialAction":[{"@type":"SearchAction","target":{"@type":"EntryPoint","urlTemplate":"https:\/\/www.economicas.uba.ar\/investigacion\/?s={search_term_string}"},"query-input":{"@type":"PropertyValueSpecification","valueRequired":true,"valueName":"search_term_string"}}],"inLanguage":"es-AR"},{"@type":"Organization","@id":"https:\/\/www.economicas.uba.ar\/investigacion\/#organization","name":"Investigaci\u00f3n FCE","url":"https:\/\/www.economicas.uba.ar\/investigacion\/","logo":{"@type":"ImageObject","inLanguage":"es-AR","@id":"https:\/\/www.economicas.uba.ar\/investigacion\/#\/schema\/logo\/image\/","url":"https:\/\/www.economicas.uba.ar\/investigacion\/wp-content\/uploads\/logo_2023.png","contentUrl":"https:\/\/www.economicas.uba.ar\/investigacion\/wp-content\/uploads\/logo_2023.png","width":292,"height":81,"caption":"Investigaci\u00f3n FCE"},"image":{"@id":"https:\/\/www.economicas.uba.ar\/investigacion\/#\/schema\/logo\/image\/"}}]}},"_links":{"self":[{"href":"https:\/\/www.economicas.uba.ar\/investigacion\/wp-json\/wp\/v2\/pages\/1458","targetHints":{"allow":["GET"]}}],"collection":[{"href":"https:\/\/www.economicas.uba.ar\/investigacion\/wp-json\/wp\/v2\/pages"}],"about":[{"href":"https:\/\/www.economicas.uba.ar\/investigacion\/wp-json\/wp\/v2\/types\/page"}],"author":[{"embeddable":true,"href":"https:\/\/www.economicas.uba.ar\/investigacion\/wp-json\/wp\/v2\/users\/10"}],"replies":[{"embeddable":true,"href":"https:\/\/www.economicas.uba.ar\/investigacion\/wp-json\/wp\/v2\/comments?post=1458"}],"version-history":[{"count":404,"href":"https:\/\/www.economicas.uba.ar\/investigacion\/wp-json\/wp\/v2\/pages\/1458\/revisions"}],"predecessor-version":[{"id":8314,"href":"https:\/\/www.economicas.uba.ar\/investigacion\/wp-json\/wp\/v2\/pages\/1458\/revisions\/8314"}],"up":[{"embeddable":true,"href":"https:\/\/www.economicas.uba.ar\/investigacion\/wp-json\/wp\/v2\/pages\/1282"}],"wp:attachment":[{"href":"https:\/\/www.economicas.uba.ar\/investigacion\/wp-json\/wp\/v2\/media?parent=1458"}],"curies":[{"name":"wp","href":"https:\/\/api.w.org\/{rel}","templated":true}]}}