{"id":1511,"date":"2023-08-10T09:36:39","date_gmt":"2023-08-10T12:36:39","guid":{"rendered":"https:\/\/www.economicas.uba.ar\/investigacion\/?page_id=1511"},"modified":"2026-03-05T17:20:09","modified_gmt":"2026-03-05T20:20:09","slug":"ceradec","status":"publish","type":"page","link":"https:\/\/www.economicas.uba.ar\/investigacion\/institutos-y-centros\/ceradec\/","title":{"rendered":"CERADEC"},"content":{"rendered":"\t\t<div data-elementor-type=\"wp-page\" data-elementor-id=\"1511\" class=\"elementor elementor-1511\" data-elementor-post-type=\"page\">\n\t\t\t\t<div class=\"elementor-element elementor-element-785d0a7c e-flex e-con-boxed e-con e-parent\" data-id=\"785d0a7c\" data-element_type=\"container\" data-e-type=\"container\">\n\t\t\t\t\t<div class=\"e-con-inner\">\n\t\t\t\t<div class=\"elementor-element elementor-element-7804597d elementor-widget elementor-widget-eael-adv-accordion\" data-id=\"7804597d\" data-element_type=\"widget\" data-e-type=\"widget\" data-widget_type=\"eael-adv-accordion.default\">\n\t\t\t\t<div class=\"elementor-widget-container\">\n\t\t\t\t\t            <div class=\"eael-adv-accordion\" id=\"eael-adv-accordion-7804597d\" data-scroll-on-click=\"no\" data-scroll-speed=\"300\" data-accordion-id=\"7804597d\" data-accordion-type=\"accordion\" data-toogle-speed=\"300\">\n            <div class=\"eael-accordion-list\">\n\t\t\t\t\t<div id=\"inicio\" class=\"elementor-tab-title eael-accordion-header active-default\" tabindex=\"0\" data-tab=\"1\" aria-controls=\"elementor-tab-content-2011\"><span class=\"eael-accordion-tab-title\">Inicio<\/span><span class=\"eael-advanced-accordion-icon-closed\"><i aria-hidden=\"true\" class=\"fa-accordion-icon fas fa-chevron-down\"><\/i><\/span><span class=\"eael-advanced-accordion-icon-opened\"><\/span><\/div><div id=\"elementor-tab-content-2011\" class=\"eael-accordion-content clearfix active-default\" data-tab=\"1\" aria-labelledby=\"inicio\"><p><a href=\"https:\/\/www.economicas.uba.ar\/iadcom\"><img fetchpriority=\"high\" decoding=\"async\" class=\"alignnone wp-image-7920 size-full\" src=\"https:\/\/www.economicas.uba.ar\/wp-content\/uploads\/2015\/11\/centro-perteneciente-a-IADCOM.jpg\" alt=\"\" width=\"840\" height=\"71\" \/><\/a><\/p><p>El Centro de Racionalidad, Acci\u00f3n y Decisi\u00f3n\u00a0 es una unidad de investigaci\u00f3n que depende de la\u00a0 Secci\u00f3n de Investigaciones\u00a0 en Administraci\u00f3n, que, a su vez, integra el Instituto de Investigaci\u00f3n en Administraci\u00f3n, Contabilidad y Matem\u00e1tica (IADCOM).<\/p><p>(Res. C.D. 2379\/Investigaci\u00f3n- 12\/04\/2016).<\/p><\/div>\n\t\t\t\t\t<\/div><div class=\"eael-accordion-list\">\n\t\t\t\t\t<div id=\"objetivos\" class=\"elementor-tab-title eael-accordion-header\" tabindex=\"0\" data-tab=\"2\" aria-controls=\"elementor-tab-content-2012\"><span class=\"eael-accordion-tab-title\">Objetivos<\/span><span class=\"eael-advanced-accordion-icon-closed\"><i aria-hidden=\"true\" class=\"fa-accordion-icon fas fa-chevron-down\"><\/i><\/span><span class=\"eael-advanced-accordion-icon-opened\"><\/span><\/div><div id=\"elementor-tab-content-2012\" class=\"eael-accordion-content clearfix\" data-tab=\"2\" aria-labelledby=\"objetivos\"><ul><li>Elaborar y desarrollar programas de investigaci\u00f3n interdisciplinarios orientados a la Toma de Decisiones Estrat\u00e9gicas, tanto en el \u00e1mbito local, regional nacional e Internacional, incrementando la producci\u00f3n cient\u00edfica de la Facultad y promoviendo un programa de movilidad acad\u00e9mica de la facultad.<\/li><li>Contribuir a la articulaci\u00f3n de las empresas y emprendedores con los grupos de investigaci\u00f3n en pro de generar investigaci\u00f3n que aporten conocimientos y productos de alto impacto a la sociedad y al sector empresarial<\/li><li>Asesorar en el an\u00e1lisis y metodolog\u00edas para la implementaci\u00f3n de t\u00e9cnicas en la Toma de Decisiones\u00a0 para el sector p\u00fablico y privado.<\/li><li>Promover la cooperaci\u00f3n acad\u00e9mica y prestar servicios profesionales de asistencia t\u00e9cnica a todo tipo de entidades, ya sean organismos no gubernamentales, instituciones p\u00fablicas o privadas, locales y del exterior vinculando a la facultad en la soluci\u00f3n de problemas empresariales.<\/li><li>Facilitar actividades de capacitaci\u00f3n docente, actividades extracurriculares relacionadas con el logro de objetivos espec\u00edficos y\/o transversales de la facultad, y contribuir a la formaci\u00f3n de los profesionales, empresarios, emprendedores, docentes, estudiantes, y p\u00fablico en general a nivel nacional e internacional.<\/li><li>Celebrar convenios con entidades p\u00fablicas y privadas locales e internacionales y colaborar en la creaci\u00f3n y desarrollo de cursos de Post-Grado, capacitaci\u00f3n e investigaci\u00f3n.<\/li><li>Organizar y promover\u00a0 eventos generales y espec\u00edficos\u00a0 inherentes a la tem\u00e1tica.<\/li><li>Realizar publicaciones y promover la divulgaci\u00f3n de mejores pr\u00e1cticas en management estrat\u00e9gico de organizaciones tanto p\u00fablicas como privadas, productoras de bienes y\/o prestatarias de servicios.<\/li><li>Promover el otorgamiento de Becas.<\/li><li>Motivar la investigaci\u00f3n en los docentes, profesionales y alumnos, a trav\u00e9s de la participaci\u00f3n en trabajos de investigaci\u00f3n que tengan como objeto de an\u00e1lisis las organizaciones y la forma en que \u00e9stas son administradas.<\/li><li>Promover un \u00e1mbito de debate tem\u00e1tico respecto a de las distintos t\u00f3picos abordados por la tem\u00e1tica de la Racionalidad, la Acci\u00f3n Humana y las Decisiones, con el objeto de preservar y acrecentar la jerarqu\u00eda del graduado de la Facultad de Ciencias Econ\u00f3micas.<\/li><\/ul><\/div>\n\t\t\t\t\t<\/div><div class=\"eael-accordion-list\">\n\t\t\t\t\t<div id=\"integrantes\" class=\"elementor-tab-title eael-accordion-header\" tabindex=\"0\" data-tab=\"3\" aria-controls=\"elementor-tab-content-2013\"><span class=\"eael-accordion-tab-title\">Integrantes<\/span><span class=\"eael-advanced-accordion-icon-closed\"><i aria-hidden=\"true\" class=\"fa-accordion-icon fas fa-chevron-down\"><\/i><\/span><span class=\"eael-advanced-accordion-icon-opened\"><\/span><\/div><div id=\"elementor-tab-content-2013\" class=\"eael-accordion-content clearfix\" data-tab=\"3\" aria-labelledby=\"integrantes\"><p><strong>Patricia Bonatti<\/strong><\/p><p>Directora<\/p><p>Doctora de la Universidad de Buenos Aires- \u00c1rea Administraci\u00f3n. Licenciada en Administraci\u00f3n y Contadora P\u00fablica Nacional por la Facultad de Ciencias Econ\u00f3micas de la Universidad de Buenos Aires. Diploma de Honor en la Carrera de Administraci\u00f3n.\u00a0 Profesora Titular Regular de la C\u00e1tedra de Teor\u00eda de la Decisi\u00f3n en la Carrera de Grado, en la Maestr\u00eda y en el Doctorado de la Facultad de Ciencias Econ\u00f3micas de la Universidad de Buenos Aires, en la Universidad Nacional de Rosario, en la Universidad de Misiones, en la Universidad Nacional de La Plata, la Universidad Nacional de Asunci\u00f3n en Paraguay, y en instituciones educativas privadas. Es Profesora Titular Regular en el grupo de materias de Administraci\u00f3n (Direcci\u00f3n General y Administraci\u00f3n General).Es autora de varios libros y art\u00edculos. Dirige actualmente proyectos de investigaci\u00f3n relacionados con la Decisi\u00f3n y con la Gesti\u00f3n en el Cambio Clim\u00e1tico. Es Directora del Departamento Pedag\u00f3gico de Administraci\u00f3n de la Facultad de Ciencias Econ\u00f3micas de la Universidad de Buenos Aires. Fue Decana de la Facultad de Ciencias Econ\u00f3micas de la Universidad de Belgrano. Profesionalmente se dedica a la consultor\u00eda de direcci\u00f3n en \u00e1reas de administraci\u00f3n y sistemas.<\/p><h5>INVESTIGADORES<\/h5><p><strong>Barrios, Sandra<\/strong><\/p><p>Especialista en Docencia Universitaria para las Ciencias Econ\u00f3micas, Contadora P\u00fablica y Licenciada en Sistemas de Informaci\u00f3n de las Organizaciones egresada de\u00a0 la Facultad de Ciencias Econ\u00f3micas de la Universidad de Buenos Aires.\u00a0 Coach Ontol\u00f3gica certificada avalada por la ICF.\u00a0 Profesora asociada regular de Tecnolog\u00eda de la Informaci\u00f3n en la FCE-UBA.\u00a0 Fue Secretaria del Departamento Pedag\u00f3gico de Sistemas en la FCE-UBA e Investigadora en Proyectos de Investigaci\u00f3n en C\u00e1tedra \u2013 PROINC de la FCE-UBA.<\/p><p>A nivel profesional se desempe\u00f1a como consultora en la gesti\u00f3n de proyectos de tecnolog\u00eda y en la coordinaci\u00f3n y motivaci\u00f3n de la acci\u00f3n de m\u00faltiples perfiles potenciando el trabajo en equipo y la colaboraci\u00f3n entre pares.<\/p><p><strong>\u00a0<\/strong><\/p><p><strong>Cuppari, Rafaela<\/strong><\/p><p>Contadora P\u00fablica, Licenciada en Administraci\u00f3n, egresada de la Facultad de Ciencias Econ\u00f3micas\u00a0 (UBA), Posgrados\u00a0\u00a0 en Creaci\u00f3n, Gesti\u00f3n, Desarrollo\u00a0 de Peque\u00f1as y Medianas empresas\u00a0 en\u00a0 el\u00a0 CENTRO INTERNACIONAL DE DESARROLLO PROFESIONAL,OIT Torino Italia. Docente del Seminario Integraci\u00f3n y Aplicaci\u00f3n. En la Facultad de Ciencias Econ\u00f3micas de la UBA Integrante de la Comisi\u00f3n Nacional de Administraci\u00f3n y de la Comisi\u00f3n Nacional de Balance Social de la de la FACPCE.\u00a0 Ex Consejera por los Licenciados en Administraci\u00f3n del CPCECABA. Directora de la Consultora \u201cRCS y ASOCIADOS\u201d Coautora de diversas publicaciones sobre Temas de Administraci\u00f3n. Modelos de Informes sobre Certificaciones de los Licenciados en Administraci\u00f3n publicados por el CPCECABA.\u00a0 Asistente Evaluadora y Disertante en Diversos Congreso Nacional e Internacionales<\/p><p><strong>Dias, Andrea Fernanda<\/strong><\/p><p>Licenciada en Administraci\u00f3n egresada de la Universidad de Buenos Aires. Especialista a nivel posgrado en Carrera Docente Universitaria para Ciencias Econ\u00f3micas. Profesora Adjunta de Teor\u00eda de la Decisi\u00f3n desde agosto de 1999 e Investigadora Categorizada (IV) en Econom\u00eda, Administraci\u00f3n y Contabilidad de la UBA con el nombramiento de Profesora Adjunta. \u00a0Es autora de art\u00edculos y Coautora de los libros \u201cLa Decisi\u00f3n\u201d, Editorial Pearson (2011) y \u201cLa Decisi\u00f3n. Su Teor\u00eda y su Pr\u00e1ctica.\u201d Editorial Norma (2004). Investigadora en Proyectos Facultad \u2013 PROFAC y Proyectos de C\u00e1tedra \u2013 PROINC de la Facultad de Ciencias Econ\u00f3micas\/UBA e Investigadora en Proyectos acreditados por la Secretar\u00eda de Ciencia y T\u00e9cnica Universidad de Buenos Aires \u2013 UBACYT. Se desempe\u00f1a como consultora de procesos en organismos p\u00fablicos y privados.<\/p><p><strong>Gilli, Juan Jos\u00e9<\/strong><\/p><p>Dr. en Ciencias Econ\u00f3micas por la Universidad de Buenos Aires donde realiz\u00f3 una investigaci\u00f3n posdoctoral y se desempe\u00f1a como Profesor Consulto e investigador categorizado. Magister en Alta Direcci\u00f3n P\u00fablica \u2013 Universidad Men\u00e9ndez Pelayo (Espa\u00f1a). Dicta cursos de doctorado y posgrado en universidades argentinas y extranjeras. Realiz\u00f3 tareas de consultor\u00eda para empresas privadas, organismos p\u00fablicos y proyectos de organismos internacionales. Autor de libros, art\u00edculos y trabajos sobre temas de administraci\u00f3n. Ha recibido distinciones acad\u00e9micas y profesionales.<\/p><p><strong>Gigante, Vanina Lorena<\/strong><\/p><p>Doctora de la Universidad de Buenos Aires en Ciencias Econ\u00f3micas. Licenciada en Administraci\u00f3n de la Universidad de Buenos Aires, M\u00e1ster de especializaci\u00f3n en Estrategia y Geopol\u00edtica de la Escuela Superior de Guerra, (2005), tesis de Maestr\u00eda: \u201cNaciones Incoherentes, Subdesarrollos Recurrentes\u201d..\u00a0 Participante activa de distintas investigaciones y centros de investigaci\u00f3n. Profesora adjunta regular de Teor\u00eda de la Decisi\u00f3n y de Planeamiento a Largo Plazo de la facultad de Ciencias Econ\u00f3micas de la Universidad de Buenos Aires, es adem\u00e1s profesora sobre distintas tem\u00e1tica en Universidades Privadas. Experiencia laboral en Consultor\u00eda, Control de Gesti\u00f3n en empresas de servicios y del rubro Agropecuario<\/p><p><strong>Mercado, Dayana<\/strong><\/p><p>Doctora de la Universidad de Buenos Aires en Ciencias Econ\u00f3micas, Lic. en Sociolog\u00eda de la misma universidad y de la Universidad Central de Venezuela y Lic. en Relaciones Industriales de la Universidad Cat\u00f3lica Andr\u00e9s Bello, menci\u00f3n magna y suma-cum laude; estudios de especializaci\u00f3n en la Maestr\u00eda en Pol\u00edticas Ambientales y Territoriales de la UBA. \u00a0Investigadora categorizada III en la disciplina de Econom\u00eda, administraci\u00f3n y contabilidad de la Universidad de Buenos Aires. Docente de grado y posgrado en: Facultad de Ciencias Econ\u00f3micas de la Universidad de Buenos Aires, Universidad Nacional de Avellaneda y docente invitada en UTA-Ecuador, USTA-Colombia, USP y Unicamp-Brasil entre otras instituciones universitarias en Argentina. Es autora y coautora de varios libros y art\u00edculos indexados, siendo invitada a diversos congresos y encuentros sobre tem\u00e1ticas de Gesti\u00f3n Ambiental y Cambio Clim\u00e1tico. Dirige y ha co-dirigido proyectos de investigaci\u00f3n acreditados en la Universidad de Buenos Aires y la Universidad Nacional de Avellaneda, relacionados con la evaluaci\u00f3n socio ambiental de territorios, an\u00e1lisis de riesgo socioambiental, bioeconom\u00eda, valoraci\u00f3n ambiental y gesti\u00f3n ambiental. \u00a0Desarrolla tareas de consultor\u00eda en temas de evaluaci\u00f3n econ\u00f3mico-ambiental de proyectos.<\/p><p><strong>Qui\u00f1ones Brun, Mar\u00eda Ladi<\/strong><\/p><p>Formaci\u00f3n Profesional Contadora Publica Facultad de Ciencias Econ\u00f3micas UBA a\u00f1o de egreso 1989 Especializaci\u00f3n en gesti\u00f3n de organizaciones sociales USAL Profesora Adjunta a cargo de materia Administraci\u00f3n General C\u00e1tedra Dr. Roberto Serra Facultad de Ciencias Econ\u00f3micas Sede Mart\u00ednez UBA desde 07\/2001 a la fecha. Profesora Adjunta Seminario de Integraci\u00f3n y Aplicaci\u00f3n Sede Mart\u00ednez C\u00e1tedra Dr. R. Serra.\u00a0 Cargos de investigaci\u00f3n JTP dedicaci\u00f3n Exclusiva desde 02\/2001 a la fecha. \u00c1rea administraci\u00f3n Organizaciones del tercer sector<\/p><p><strong>Reyes, Mar\u00eda Patricia<\/strong><\/p><p>M\u00e9dica Neur\u00f3loga UBA. JTP dedicaci\u00f3n exclusiva Departamento de Ciencias Fisiol\u00f3gicas UA2 Facultad de Medicina UBA. Coordinadora docente posgrado de especialistas en neurolog\u00eda, psiquiatr\u00eda y neurocirug\u00eda asignatura: neurofisiolog\u00eda. Docente de la carrera de nutrici\u00f3n y posgrado de medicina laboral asignatura: neurofisiolog\u00eda. Coordinadora de la escuela de ayudantes Departamento de Ciencias Fisiol\u00f3gicas UA2 Facultad de Medicina UBA. Codirectora de tesinas. Directora de becarios. Cuerpo de Jurados evaluadores para cargo de Ayudante de Primera de dedicaci\u00f3n simple rentado y ayudantes de 2da simple rentado. Departamento de Fisiolog\u00eda y biof\u00edsica. Facultad de Medicina. UBA. M\u00e9rito en los trabajos de investigaci\u00f3n b\u00e1sica Tipo de beca: Postgrado\/Doctorado Director: Copinschi, Georges Codirector: Instituci\u00f3n financiadora: Universite Libre de Bruxelles, BEFIAC programa alfa Tipo de beca: Postgrado\/Doctorado Director: Shuberoff, Oscar Julio Codirector: Instituci\u00f3n financiadora: Uni\u00f3n Europea Instituci\u00f3n del becario: Universite Libre de Bruxelles, Codirectora UBANEX: \u201cConstruyendo Autonom\u00eda\u201d tem\u00e1tica: toma de decisiones en el consumo problem\u00e1tico de sustancias. Es autora de varios cap\u00edtulos de tratados, libros y art\u00edculos. Asistente Evaluadora y Disertante en Diversos Congreso Nacional e Internacionales.<\/p><p><strong>Sotomayor, Sonia Beatriz<\/strong><\/p><p>Contadora P\u00fablica, Licenciada en Administraci\u00f3n, egresada de la Facultad de Ciencias Econ\u00f3micas\u00a0 (UBA), Posgrados en Administraci\u00f3n Estrat\u00e9gica y Docencia Universitaria (UBA). Docente regular de las asignaturas \u201cSistemas Administrativos\u201d de la FCE-UBA y profesora titular de \u201cTecnolog\u00edas de Gesti\u00f3n P\u00fablica\u201d, \u201cPlanificaci\u00f3n por Objetivos y Trabajo en Equipo\u201d en el Instituto de Formaci\u00f3n T\u00e9cnico Superior en Administraci\u00f3n Tributaria Rentas GCBA desde hace m\u00e1s de veinte a\u00f1os. Colaboradora en varios proyectos de investigaci\u00f3n tales como, \u201cBalance Social; Responsabilidad Social Estatal\u201d, \u201cB\u00fasqueda de Nuevas Formas Organizativas\u201d y \u201cCostos para la Toma de Decisiones\u201d.\u00a0 Desde 1990, consultora individual o contratada por organismos p\u00fablicos y privados nacionales e internacionales, en \u00e1reas de consultor\u00eda, asistencia t\u00e9cnica y capacitaci\u00f3n a Organizaciones.<\/p><p><strong>Torres, Fernando Gabriel<\/strong><\/p><p>Doctor en Administraci\u00f3n Universidad de Buenos Aires, Posgraduado en Docencia Universitaria y en Administraci\u00f3n y Planeamiento Estrat\u00e9gico (UBA). Licenciado en Administraci\u00f3n (UBA). Profesor e Investigador Categorizado (UBA). Docente de Posgrado y Doctorado en Universidades Nacionales de La Pampa, Nordeste y Comahue, UBA y UCA. Es autor de m\u00faltiples art\u00edculos y presentaciones a congresos. Realiz\u00f3 tareas de consultor\u00eda para empresas privadas y organismos p\u00fablicos. Actualmente se desempe\u00f1a como Responsable de Pol\u00edticas y Est\u00e1ndares Antilavado en el Banco de la Naci\u00f3n Argentina.<\/p><h5>DOCTORANDOS<\/h5><p><strong>Asz, Mariano Saul<\/strong><\/p><p>Contador P\u00fablico Nacional, Licenciado en Administraci\u00f3n y Licenciado en Sistemas de las Organizaciones con Menci\u00f3n Cum Laude de la Facultad de Ciencias Econ\u00f3micas de la Universidad de Buenos Aires. M\u00e1ster en Administraci\u00f3n y Direcci\u00f3n de Empresas de la Universidad del CEMA y Master en Estudios Internacionales de la Universidad Torcuato Di Tella.Profesor Adjunto Regular en Teor\u00eda de la Decisi\u00f3n en la Facultad de Ciencias Econ\u00f3micas de la Universidad de Buenos Aires. Se ha desempe\u00f1ado en distintas posiciones ejecutivas y de liderazgo en compa\u00f1\u00edas multinacionales tales como Aventis, Kodak, Prestolite y Aptar<\/p><p><strong>Aguirre, Marcela<\/strong><\/p><p>Lic. en Administraci\u00f3n, Contadora p\u00fablica\u00a0\u00a0(FCE-UBA) y Psic\u00f3loga social (E.P.P.S. Dr. Enrique Pich\u00f3n-Rivi\u00e9re \u2013 Ana Quiroga). Estudios de posgrado en docencia en Ciencias Econ\u00f3micas \u2013 FCE-UBA.\u00a0Profesora Regular Adjunta de Teor\u00eda de la Decisi\u00f3n en FCE-UBA.\u00a0Profesora Regular Adjunta de Teor\u00eda de la Decisi\u00f3n y de\u00a0Resoluci\u00f3n de problemas\u00a0en FCE- Universidad de\u00a0Belgrano.\u00a0Profesora de Posgrado en Metodolog\u00eda de la Investigaci\u00f3n y Miembro del Comit\u00e9 Acad\u00e9mico de la Especializaci\u00f3n de Posgrado en \u201cAdministraci\u00f3n y Direcci\u00f3n de Entidades Deportivas\u201d,\u00a0en la Universidad de Concepci\u00f3n del Uruguay.\u00a0Investigadora invitada por la facultad de Econom\u00eda de la Universidad de los Andes de Bogot\u00e1 -Colombia,\u00a0en el proyecto \u201cAgenda sobre confianza y formaci\u00f3n de redes sociales\u201d del Grupo REES de dicha facultad; y de proyectos UBACYT \u2013 FCE-UBA. Coautora de los libros \u201cTeor\u00eda de la Decisi\u00f3n\u201d Editorial Pearson- Prentice-Hall, y \u201cLa Decisi\u00f3n- Su teor\u00eda y pr\u00e1ctica- Aplicaciones conceptuales y casos\u201d Grupo Editorial Norma.\u00a0\u00a0Profesionalmente, es consultora en Gesti\u00f3n del Cambio en empresas privadas y\u00a0participa en\u00a0la formaci\u00f3n de funcionarios p\u00fablicos en el \u201cPrograma Nacional de\u00a0Innovaci\u00f3n P\u00fablica y Gobierno Abierto\u201d.<\/p><p><strong>Feldman, Laura<\/strong><\/p><p>Es Licenciada en Administraci\u00f3n FCE-UBA egresada con Menci\u00f3n Cum Laude y Licenciada en Sistemas de Informaci\u00f3n de las Organizaciones de la misma casa de estudios. En lo referido a estudios de posgrado tiene t\u00edtulo de Especialista en Docencia Universitaria para Ciencias Econ\u00f3micas (FCE-UBA) y se encuentra concluyendo la Maestr\u00eda en Docencia Universitaria del Rectorado de la UBA (En Elaboraci\u00f3n de tesis),\u00a0 Dentro de la labor docente se desempe\u00f1a como\u00a0 Jefe de Trabajos Pr\u00e1cticos Regular Materia Teor\u00eda de la Decisi\u00f3n en la FCE-UBA , y como\u00a0 Jefe de Trabajos Pr\u00e1cticos en la\u00a0 Materia Teor\u00eda de la Decisi\u00f3n, Facultad de Ciencias Econ\u00f3micas Universidad de Belgrano. Profesionalmente se desempe\u00f1a como analista de inteligencia comercial.<\/p><p><strong>Martin Ferlaino, Yamila<\/strong><\/p><p>Licenciada en Administraci\u00f3n egresada de la Universidad de Buenos Aires donde se desempe\u00f1a desde el a\u00f1o 2007 como docente de Teor\u00eda de la Decisi\u00f3n en la Facultad de Ciencias Econ\u00f3micas.\u00a0 Se ha especializado a nivel posgrado en Recursos Humanos y durante 2013 ha ampliado su formaci\u00f3n acad\u00e9mica con el Programa en Estrategia e Innovaci\u00f3n del Massachusetts Institute of Technology en Boston, Estados Unidos. Desde el a\u00f1o 2016 es Doctorando en Ciencias Econ\u00f3micas con orientaci\u00f3n en Administraci\u00f3n, focalizando su investigaci\u00f3n en el mundo de las Decisiones. Se ha desempe\u00f1ado en distintas posiciones ejecutivas y de liderazgo en compa\u00f1\u00edas multinacionales tales como DuPont, Siderar Organizaci\u00f3n Techint, Caterpillar y Andreani. Desde el a\u00f1o 2014 se desempe\u00f1a como consultora de reconocidos profesionales y distintos emprendimientos. Es miembro de ADRHA<\/p><p><strong>Marco, Federico<\/strong><\/p><p>Licenciado en Administraci\u00f3n (UBA). Maestr\u00eda en Econom\u00eda y Desarrollo Industrial (UNGS). Especializaci\u00f3n en Docencia Universitaria para Ciencias Econ\u00f3micas (FCE-UBA). Aceptado al Doctorado en Ciencias Econ\u00f3micas con orientaci\u00f3n en Administraci\u00f3n (FCE-UBA). Profesor Adjunto de Teor\u00eda de la Decisi\u00f3n (UBA). Profesor Adjunto Regular y Coordinador de la asignatura Gesti\u00f3n y Administraci\u00f3n de las Organizaciones (UNAJ). Profesor Adjunto de Administraci\u00f3n 3 (UNPAZ). Ha publicado libros vinculados a la Administraci\u00f3n de Organizaciones y la Toma de Decisiones. Ha ocupado cargos de gesti\u00f3n en organizaciones p\u00fablicas y privadas.<\/p><p><strong>Ramos, Blas<\/strong><\/p><p>Licenciado en Administraci\u00f3n y Contador P\u00fablico de la Facultad de Ciencias Econ\u00f3micas de la Universidad de Buenos Aires. Se desempe\u00f1a como Profesor Adjunto Regular en Teor\u00eda de la Decisi\u00f3n FCE UBA. Ha cursado estudios de posgrado en Biolog\u00eda del Conocer Escuela Matr\u00edztica de Santiago de Chile, y estudios de posgrado en Filosof\u00eda en UTDT Buenos Aires.<\/p><p><strong>Santucci, Marina<\/strong><\/p><p>Doctoranda en Ciencias Econ\u00f3micas UBA, Master en Econom\u00eda Universidad Torcuato Di Tella, 2006. Posgrado en Plan de Negocios, Planeamiento, Presupuestos y Control de Gesti\u00f3n, 2002. Contadora P\u00fablica, 2001. Socia de Santucci Consulting, firma especializada en asesoramiento contable y estrat\u00e9gico para pymes. Investigadora con publicaciones y conferencista internacional sobre temas de Gesti\u00f3n del Conocimiento, Teor\u00eda de la Decisi\u00f3n, Clusters e Innovaci\u00f3n. Profesora de Direcci\u00f3n Estrat\u00e9gica, Seminario de Integraci\u00f3n y Estados Contables.<\/p><\/div>\n\t\t\t\t\t<\/div><div class=\"eael-accordion-list\">\n\t\t\t\t\t<div id=\"investigaciones\" class=\"elementor-tab-title eael-accordion-header\" tabindex=\"0\" data-tab=\"4\" aria-controls=\"elementor-tab-content-2014\"><span class=\"eael-accordion-tab-title\">Investigaciones<\/span><span class=\"eael-advanced-accordion-icon-closed\"><i aria-hidden=\"true\" class=\"fa-accordion-icon fas fa-chevron-down\"><\/i><\/span><span class=\"eael-advanced-accordion-icon-opened\"><\/span><\/div><div id=\"elementor-tab-content-2014\" class=\"eael-accordion-content clearfix\" data-tab=\"4\" aria-labelledby=\"investigaciones\"><p><strong>PROGRAMACI\u00d3N UBACyT 2013 \u2013 2016<\/strong><strong><br \/>C\u00f3digo de Proyecto: 20020120100179BA<\/strong><strong>\u00a0\u00a0<\/strong><br \/>La Gobernanza Econ\u00f3mica Democr\u00e1tica en la Gesti\u00f3n del Cambio Clim\u00e1tico. Un an\u00e1lisis econ\u00f3mico de la articulaci\u00f3n de la Ciudad de Buenos Aires con sus espacios urbanos perif\u00e9ricos.<br \/><strong>Direcci\u00f3n<\/strong>: Dra. Patricia Bonatti<br \/><strong>I<\/strong><strong>nvestigadores<\/strong>: Dayana Mercado, Mar\u00eda Qui\u00f1ones Brun, Alberto Souto, Rafaela Cuppari, Natalia Stein, Ignacio Ugarte. Becario: Lucas Cuesta.<br \/>Se plantea la existencia de una directa vinculaci\u00f3n entre la gobernanza econ\u00f3mica democr\u00e1tica y el tratamiento del Cambio Clim\u00e1tico como bien p\u00fablico, lo cual permite abordar una perspectiva integrada de mitigaci\u00f3n y adaptaci\u00f3n para la reducci\u00f3n de la vulnerabilidad social desde su gesti\u00f3n.\u00a0 Se considera la participaci\u00f3n de los diferentes actores (sociales, econ\u00f3micos, pol\u00edticos) en el nuevo ejercicio de gobernanza econ\u00f3mica democr\u00e1tica para la gesti\u00f3n del Cambio Clim\u00e1tico considerado como bien p\u00fablico global.\u00a0 Se investiga sobre qu\u00e9 mecanismos diferenciados (participaci\u00f3n, legislaci\u00f3n, etc.) deben ser considerados seg\u00fan las particularidades de los territorios y los problemas socio-ambientales de las \u00e1reas periurbanas en la Provincia de Buenos Aires para el ejercicio de una Gobernanza Econ\u00f3mica Democr\u00e1tica.\u00a0 Se ha delimitado en la b\u00fasqueda de la explicaci\u00f3n de este conjunto de factores que puedan colaborar a la elaboraci\u00f3n de un mapa de vulnerabilidad ambiental, circunscripto a la Cuenca Matanza Riachuelo, considerando tanto variables del estr\u00e9s clim\u00e1tico como el marco del desarrollo de pol\u00edticas de desarrollo social y econ\u00f3mico que coadyuven a la prevenci\u00f3n de riesgos y reducci\u00f3n de la vulnerabilidad ambiental.<\/p><ul><li><strong>PROYECTO FACULTAD CONSEJO ACAD\u00c9MICO 2012-2015.<\/strong>\u00a0RES 3352\/12 La Gobernanza Econ\u00f3mica Democr\u00e1tica en la Gesti\u00f3n del Cambio Clim\u00e1tico.\u00a0 Un an\u00e1lisis econ\u00f3mico de la articulaci\u00f3n de la Ciudad de Buenos Aires con sus espacios urbanos perif\u00e9ricos.<br \/><strong>Direcci\u00f3n<\/strong><strong>: Dra. Patricia Bonatti<br \/><\/strong><strong>Investigadores<\/strong>:\u00a0<u>2012<\/u>: Maria Qui\u00f1ones Brum, Luciano Bianchi, Ver\u00f3nica Haddad, Valeria Torrecillas, Alberto Souto, Marcelo Zalesnick. Becarios y alumnos investigadores: Paula Issel, Octavio Garcete.<br \/><u>2013-2015<\/u>: Maria Qui\u00f1ones Brum, Ver\u00f3nica Haddad (hasta 2014), Alberto Souto, Natalia Stein, Rafaela Cuppari. Becarios y alumnos investigadores: Carolina Legarreta (hasta 2015), Berenice Tar\u00e1s (hasta 2014), Ocatavio Garcete (hasta oct 2013).<\/li><li><strong>PROINC \u2013 Costos para la Toma de Decisiones. Visi\u00f3n y an\u00e1lisis de los costos como medici\u00f3n de resultados el empresario Argentino Pyme \u2013 EXP-UBA 0038954\/15 \u2013 RCD N\u00b0 1562\/Investigaci\u00f3n<br \/><\/strong><strong>Direcci\u00f3n<\/strong>: Dra. Patricia Bonatti<br \/><strong>Investigadores<\/strong>: Sonia Sotomayor y Andrea Dias<br \/>La Teor\u00eda de la Decisi\u00f3n es una teor\u00eda prescriptiva pues intenta conducir a la gente\u00a0en c\u00f3mo\u00a0deber\u00eda\u00a0hacer y tomar decisiones conducentes a decisiones exitosas.\u00a0 No obstante, una parte de esta materia se aboca a describir qu\u00e9 es lo que la gente realmente hace durante el proceso de toma de decisiones. El concepto para la toma de decisiones se emplea para poder elegir una alternativa entre todas las que se han planteado por lo que este an\u00e1lisis no es \u00fatil para evaluar los resultados obtenidos despu\u00e9s de haber seleccionado la alternativa.<br \/>Este trabajo aspira dar a conocer c\u00f3mo los decisores, empresarios PyME directores de sus organizaciones, dimensionan los resultados a obtener en el planteo de las distintas alternativas.<\/li><li><strong>PROFAC \u2013 Percepci\u00f3n de Incertidumbre y Decisiones Estrat\u00e9gicas del Empresario Argentino PyME- Resol CD 673-14\/ Investigaci\u00f3n Exp-UBA 0033244\/14<br \/><\/strong><strong>Direcci\u00f3n<\/strong>: Dra.Patricia Bonatti<br \/><strong>Investigadores<\/strong>: Andrea Dias<br \/>Este trabajo aspira dar a conocer si los decisores, empresarios PyME directores de\u00a0\u00a0 sus organizaciones, dimensionan cabalmente la incertidumbre en sus contextos decisorios y de demostrarse la hip\u00f3tesis planteada, poder justificar el comportamiento a la luz de las \u00faltimas teor\u00edas abocadas a tratar la problem\u00e1tica.<\/li><\/ul><\/div>\n\t\t\t\t\t<\/div><div class=\"eael-accordion-list\">\n\t\t\t\t\t<div id=\"publicaciones\" class=\"elementor-tab-title eael-accordion-header\" tabindex=\"0\" data-tab=\"5\" aria-controls=\"elementor-tab-content-2015\"><span class=\"eael-accordion-tab-title\">Publicaciones<\/span><span class=\"eael-advanced-accordion-icon-closed\"><i aria-hidden=\"true\" class=\"fa-accordion-icon fas fa-chevron-down\"><\/i><\/span><span class=\"eael-advanced-accordion-icon-opened\"><\/span><\/div><div id=\"elementor-tab-content-2015\" class=\"eael-accordion-content clearfix\" data-tab=\"5\" aria-labelledby=\"publicaciones\"><p>\u00a0<\/p><ul><li><strong><a href=\"https:\/\/rince.unlam.edu.ar\/index.php\/rince\/issue\/view\/35\">Vol. 16 especial 31 (2025)<\/a>:<\/strong> Revista de investigaciones del Departamento de Ciencias Econ\u00f3micas. CERADEC 2024.<\/li><li><strong><a href=\"https:\/\/www.linkedin.com\/feed\/update\/urn:li:activity:7289673524451934208\">Decisiones de empleabilidad sustentable en la internacionalizaci\u00f3n de la carrera profesional (2023).<\/a><\/strong> Doctora Yamila Martin Ferlaino.<\/li><li><strong><a href=\"https:\/\/www.linkedin.com\/feed\/update\/urn:li:activity:7267986172096774144\">Cambio clim\u00e1tico y desarrollo sostenible en la formaci\u00f3n de estudiantes de la UBA (2024)<\/a>.<\/strong> Compilado por: Mar\u00eda Qui\u00f1ones Brun, Alejandra Volpedo y Ver\u00f3nica Garc\u00eda Fronti.<\/li><li><strong><a href=\"https:\/\/www.linkedin.com\/posts\/patricia-bonatti_revista-enfoques-activity-7299820396218900480-u3it?utm_source=share&amp;utm_medium=member_desktop&amp;rcm=ACoAAABNH7oBfPkGUKL6aoFUqC3R4J097Gc7org\">La cultura (2024)<\/a><\/strong>. Doctora Patricia Bonatti.\u00a0<\/li><li><a href=\"https:\/\/www.linkedin.com\/posts\/patricia-bonatti_malvinasargentinas-tomadedecisiones-historia-activity-7313237706677878784-XLQn?utm_source=share&amp;utm_medium=member_desktop&amp;rcm=ACoAAABNH7oBfPkGUKL6aoFUqC3R4J097Gc7org\"><strong>Malvinas. La decisi\u00f3n que frustr\u00f3 el anhelo de los argentinos.<\/strong><\/a> Doctora Patricia Bonatti.<\/li><li><strong><a href=\"https:\/\/www.linkedin.com\/feed\/update\/urn:li:activity:7287136838996127744\">Recursos humanos: arqueolog\u00eda de talentos irreverentes, atrevidos e inciertos. Cuando el talento no es escaso, pero es molesto (2018)<\/a>.<\/strong> Doctora Yamila Martin Ferlaino.<\/li><li><strong><a href=\"https:\/\/www.economicas.uba.ar\/investigacion\/wp-content\/uploads\/Publiacacion-Primeras-Jornadas-FINAL-ISBN-DIGITAL-A5-.pdf\">Rese\u00f1as de la I Jornada CERADEC.<\/a><\/strong>\u00a0A\u00f1o 1, N\u00b01, Diciembre 2017, Primera edici\u00f3n, ISBN digital 978-950-29-1716-0.<\/li><li><strong>Nuevos desaf\u00edos para la gesti\u00f3n del cambio clim\u00e1tico (2015).<\/strong>\u00a0Universidad de Buenos Aires. Facultad de Ciencias Econ\u00f3micas. Buenos Aires, Argentina. 149 p; 19X14 cm.<br \/>ISBN 978-950-29-1519-7<br \/><a href=\"http:\/\/bibliotecadigital.econ.uba.ar\/?c=libros&amp;a=d&amp;d=Bonatti_Cambio-Climatico-2015\">Versi\u00f3n web<\/a><\/li><li><strong>M\u00faltiples miradas en la gesti\u00f3n del cambio clim\u00e1tico (2013)<\/strong>. Universidad de Buenos Aires. Facultad de Ciencias Econ\u00f3micas. Buenos Aires, Argentina. Primera edici\u00f3n. 200 p.; 20\u00d715 cm.<br \/>ISBN 978-950-29-1483-1<br \/><a href=\"http:\/\/bibliotecadigital.econ.uba.ar\/?c=libros&amp;a=d&amp;d=Bonatti_Cambio-Climatico-2013\">Versi\u00f3n web<\/a><\/li><li><strong><a href=\"http:\/\/bibliotecadigital.econ.uba.ar\/?c=libros&amp;a=d&amp;d=Bonatti_Cambio-Climatico-2012\">La gesti\u00f3n del cambio clim\u00e1tico: un an\u00e1lisis conceptual hacia un modelo de gesti\u00f3n y gobernanza democr\u00e1tica (2012).<\/a>\u00a0<\/strong>Universidad de Buenos Aires. Facultad de Ciencias Econ\u00f3micas. Buenos Aires, Argentina. Primera edici\u00f3n.\u00a0228 p. ; 20\u00d715 cm.<br \/>ISBN 978-950-29-1426-8<br \/><a href=\"http:\/\/bibliotecadigital.econ.uba.ar\/?c=libros&amp;a=d&amp;d=Bonatti_Cambio-Climatico-2012\">Versi\u00f3n web<\/a><\/li><\/ul><\/div>\n\t\t\t\t\t<\/div><div class=\"eael-accordion-list\">\n\t\t\t\t\t<div id=\"eventos\" class=\"elementor-tab-title eael-accordion-header\" tabindex=\"0\" data-tab=\"6\" aria-controls=\"elementor-tab-content-2016\"><span class=\"eael-accordion-tab-title\">Eventos<\/span><span class=\"eael-advanced-accordion-icon-closed\"><i aria-hidden=\"true\" class=\"fa-accordion-icon fas fa-chevron-down\"><\/i><\/span><span class=\"eael-advanced-accordion-icon-opened\"><\/span><\/div><div id=\"elementor-tab-content-2016\" class=\"eael-accordion-content clearfix\" data-tab=\"6\" aria-labelledby=\"eventos\"><ul><li><a href=\"https:\/\/www.youtube.com\/watch?v=elMZ5c6ScGk&amp;t=1s\"><strong>III Conferencia CERADEC: &#8220;El futuro de las ciencias de la decisi\u00f3n.&#8221; (2024).\u00a0<\/strong><\/a><\/li><li><a href=\"https:\/\/www.youtube.com\/watch?v=79zQwLIh3sI&amp;t=8128s\"><strong>II Conferencia CERADEC: &#8220;El futuro de las ciencias de la decisi\u00f3n.&#8221;(2023).<\/strong><\/a><\/li><li><a href=\"https:\/\/www.youtube.com\/watch?v=AOWiD50Yd-U\"><strong>I Conferencia CERADEC: &#8220;El futuro de las ciencias de la decisi\u00f3n&#8221; (2022).<\/strong><\/a><\/li><li><a href=\"https:\/\/www.youtube.com\/watch?v=P4Fk8EP34Iw\"><strong>V Foro de Mujeres Decisoras en la Industria de la Moda y la Sustentabilidad (2024).<\/strong><\/a><\/li><li><p><strong><a href=\"https:\/\/www.economicas.uba.ar\/novedades_inv\/i-jornada-ceradec\/\" target=\"_blank\" rel=\"noopener\">I JORNADA CERADEC: \u201cDecisiones en contextos din\u00e1micos.&#8221;<\/a><\/strong><\/p><\/li><li><p>II y III JORNADA CERADEC. \u201cAcciones y Decisiones en las Organizaciones del Siglo XXII\u201d<\/p><\/li><li>IV y V JORNADA CERADEC. \u201cLa Perspectiva en la Toma de Decisiones\u201d<\/li><\/ul><\/div>\n\t\t\t\t\t<\/div><div class=\"eael-accordion-list\">\n\t\t\t\t\t<div id=\"contacto\" class=\"elementor-tab-title eael-accordion-header\" tabindex=\"0\" data-tab=\"7\" aria-controls=\"elementor-tab-content-2017\"><span class=\"eael-accordion-tab-title\">Contacto<\/span><span class=\"eael-advanced-accordion-icon-closed\"><i aria-hidden=\"true\" class=\"fa-accordion-icon fas fa-chevron-down\"><\/i><\/span><span class=\"eael-advanced-accordion-icon-opened\"><\/span><\/div><div id=\"elementor-tab-content-2017\" class=\"eael-accordion-content clearfix\" data-tab=\"7\" aria-labelledby=\"contacto\"><h6 class=\"yiv5934488570msonormal\"><span>CERADEC\u00a0 Centro de Estudios en Racionalidad, Acci\u00f3n y Decisi\u00f3n<\/span><\/h6><p class=\"yiv5934488570msonormal\"><span>Av. C\u00f3rdoba 2122, C1120AAQ \u2013 Ciudad de Buenos Aires<br \/><\/span><span><a href=\"mailto:ceradec@fce.uba.ar\" target=\"_blank\" rel=\"noopener\">ceradec@fce.uba.ar<\/a><\/span><\/p><\/div>\n\t\t\t\t\t<\/div><\/div>\t\t\t\t<\/div>\n\t\t\t\t<\/div>\n\t\t\t\t\t<\/div>\n\t\t\t\t<\/div>\n\t\t<div class=\"elementor-element elementor-element-49abd3d9 e-flex e-con-boxed e-con e-parent\" data-id=\"49abd3d9\" data-element_type=\"container\" data-e-type=\"container\">\n\t\t\t\t\t<div class=\"e-con-inner\">\n\t\t\t\t<div class=\"elementor-element elementor-element-4db01974 elementor-widget elementor-widget-spacer\" data-id=\"4db01974\" data-element_type=\"widget\" data-e-type=\"widget\" data-widget_type=\"spacer.default\">\n\t\t\t\t<div class=\"elementor-widget-container\">\n\t\t\t\t\t\t\t<div class=\"elementor-spacer\">\n\t\t\t<div class=\"elementor-spacer-inner\"><\/div>\n\t\t<\/div>\n\t\t\t\t\t\t<\/div>\n\t\t\t\t<\/div>\n\t\t\t\t\t<\/div>\n\t\t\t\t<\/div>\n\t\t\t\t<\/div>\n\t\t","protected":false},"excerpt":{"rendered":"<p>Inicio El Centro de Racionalidad, Acci\u00f3n y Decisi\u00f3n\u00a0 es una unidad de investigaci\u00f3n que depende de la\u00a0 Secci\u00f3n de Investigaciones\u00a0 en Administraci\u00f3n, que, a su vez, integra el Instituto de<\/p>\n","protected":false},"author":33,"featured_media":0,"parent":1282,"menu_order":0,"comment_status":"closed","ping_status":"closed","template":"elementor_header_footer","meta":{"footnotes":""},"class_list":["post-1511","page","type-page","status-publish","hentry"],"yoast_head":"<!-- This site is optimized with the Yoast SEO plugin v27.4 - https:\/\/yoast.com\/product\/yoast-seo-wordpress\/ -->\n<title>CERADEC - Investigaci\u00f3n<\/title>\n<meta name=\"robots\" content=\"index, follow, max-snippet:-1, max-image-preview:large, max-video-preview:-1\" \/>\n<link rel=\"canonical\" href=\"https:\/\/www.economicas.uba.ar\/investigacion\/institutos-y-centros\/ceradec\/\" \/>\n<meta property=\"og:locale\" content=\"es_ES\" \/>\n<meta property=\"og:type\" content=\"article\" \/>\n<meta property=\"og:title\" content=\"CERADEC - Investigaci\u00f3n\" \/>\n<meta property=\"og:description\" content=\"Inicio El Centro de Racionalidad, Acci\u00f3n y Decisi\u00f3n\u00a0 es una unidad de investigaci\u00f3n que depende de la\u00a0 Secci\u00f3n de Investigaciones\u00a0 en Administraci\u00f3n, que, a su vez, integra el Instituto de\" \/>\n<meta property=\"og:url\" content=\"https:\/\/www.economicas.uba.ar\/investigacion\/institutos-y-centros\/ceradec\/\" \/>\n<meta property=\"og:site_name\" content=\"Investigaci\u00f3n\" \/>\n<meta property=\"article:modified_time\" content=\"2026-03-05T20:20:09+00:00\" \/>\n<meta name=\"twitter:card\" content=\"summary_large_image\" \/>\n<meta name=\"twitter:label1\" content=\"Tiempo de lectura\" \/>\n\t<meta name=\"twitter:data1\" content=\"16 minutos\" \/>\n<script type=\"application\/ld+json\" class=\"yoast-schema-graph\">{\"@context\":\"https:\\\/\\\/schema.org\",\"@graph\":[{\"@type\":\"WebPage\",\"@id\":\"https:\\\/\\\/www.economicas.uba.ar\\\/investigacion\\\/institutos-y-centros\\\/ceradec\\\/\",\"url\":\"https:\\\/\\\/www.economicas.uba.ar\\\/investigacion\\\/institutos-y-centros\\\/ceradec\\\/\",\"name\":\"CERADEC - Investigaci\u00f3n\",\"isPartOf\":{\"@id\":\"https:\\\/\\\/www.economicas.uba.ar\\\/investigacion\\\/#website\"},\"primaryImageOfPage\":{\"@id\":\"https:\\\/\\\/www.economicas.uba.ar\\\/investigacion\\\/institutos-y-centros\\\/ceradec\\\/#primaryimage\"},\"image\":{\"@id\":\"https:\\\/\\\/www.economicas.uba.ar\\\/investigacion\\\/institutos-y-centros\\\/ceradec\\\/#primaryimage\"},\"thumbnailUrl\":\"https:\\\/\\\/www.economicas.uba.ar\\\/wp-content\\\/uploads\\\/2015\\\/11\\\/centro-perteneciente-a-IADCOM.jpg\",\"datePublished\":\"2023-08-10T12:36:39+00:00\",\"dateModified\":\"2026-03-05T20:20:09+00:00\",\"breadcrumb\":{\"@id\":\"https:\\\/\\\/www.economicas.uba.ar\\\/investigacion\\\/institutos-y-centros\\\/ceradec\\\/#breadcrumb\"},\"inLanguage\":\"es-AR\",\"potentialAction\":[{\"@type\":\"ReadAction\",\"target\":[\"https:\\\/\\\/www.economicas.uba.ar\\\/investigacion\\\/institutos-y-centros\\\/ceradec\\\/\"]}]},{\"@type\":\"ImageObject\",\"inLanguage\":\"es-AR\",\"@id\":\"https:\\\/\\\/www.economicas.uba.ar\\\/investigacion\\\/institutos-y-centros\\\/ceradec\\\/#primaryimage\",\"url\":\"https:\\\/\\\/www.economicas.uba.ar\\\/wp-content\\\/uploads\\\/2015\\\/11\\\/centro-perteneciente-a-IADCOM.jpg\",\"contentUrl\":\"https:\\\/\\\/www.economicas.uba.ar\\\/wp-content\\\/uploads\\\/2015\\\/11\\\/centro-perteneciente-a-IADCOM.jpg\"},{\"@type\":\"BreadcrumbList\",\"@id\":\"https:\\\/\\\/www.economicas.uba.ar\\\/investigacion\\\/institutos-y-centros\\\/ceradec\\\/#breadcrumb\",\"itemListElement\":[{\"@type\":\"ListItem\",\"position\":1,\"name\":\"Inicio\",\"item\":\"https:\\\/\\\/www.economicas.uba.ar\\\/investigacion\\\/\"},{\"@type\":\"ListItem\",\"position\":2,\"name\":\"Institutos y centros\",\"item\":\"https:\\\/\\\/www.economicas.uba.ar\\\/investigacion\\\/institutos-y-centros\\\/\"},{\"@type\":\"ListItem\",\"position\":3,\"name\":\"CERADEC\"}]},{\"@type\":\"WebSite\",\"@id\":\"https:\\\/\\\/www.economicas.uba.ar\\\/investigacion\\\/#website\",\"url\":\"https:\\\/\\\/www.economicas.uba.ar\\\/investigacion\\\/\",\"name\":\"Investigaci\u00f3n FCE\",\"description\":\"\",\"publisher\":{\"@id\":\"https:\\\/\\\/www.economicas.uba.ar\\\/investigacion\\\/#organization\"},\"potentialAction\":[{\"@type\":\"SearchAction\",\"target\":{\"@type\":\"EntryPoint\",\"urlTemplate\":\"https:\\\/\\\/www.economicas.uba.ar\\\/investigacion\\\/?s={search_term_string}\"},\"query-input\":{\"@type\":\"PropertyValueSpecification\",\"valueRequired\":true,\"valueName\":\"search_term_string\"}}],\"inLanguage\":\"es-AR\"},{\"@type\":\"Organization\",\"@id\":\"https:\\\/\\\/www.economicas.uba.ar\\\/investigacion\\\/#organization\",\"name\":\"Investigaci\u00f3n FCE\",\"url\":\"https:\\\/\\\/www.economicas.uba.ar\\\/investigacion\\\/\",\"logo\":{\"@type\":\"ImageObject\",\"inLanguage\":\"es-AR\",\"@id\":\"https:\\\/\\\/www.economicas.uba.ar\\\/investigacion\\\/#\\\/schema\\\/logo\\\/image\\\/\",\"url\":\"https:\\\/\\\/www.economicas.uba.ar\\\/investigacion\\\/wp-content\\\/uploads\\\/logo_2023.png\",\"contentUrl\":\"https:\\\/\\\/www.economicas.uba.ar\\\/investigacion\\\/wp-content\\\/uploads\\\/logo_2023.png\",\"width\":292,\"height\":81,\"caption\":\"Investigaci\u00f3n FCE\"},\"image\":{\"@id\":\"https:\\\/\\\/www.economicas.uba.ar\\\/investigacion\\\/#\\\/schema\\\/logo\\\/image\\\/\"}}]}<\/script>\n<!-- \/ Yoast SEO plugin. -->","yoast_head_json":{"title":"CERADEC - Investigaci\u00f3n","robots":{"index":"index","follow":"follow","max-snippet":"max-snippet:-1","max-image-preview":"max-image-preview:large","max-video-preview":"max-video-preview:-1"},"canonical":"https:\/\/www.economicas.uba.ar\/investigacion\/institutos-y-centros\/ceradec\/","og_locale":"es_ES","og_type":"article","og_title":"CERADEC - Investigaci\u00f3n","og_description":"Inicio El Centro de Racionalidad, Acci\u00f3n y Decisi\u00f3n\u00a0 es una unidad de investigaci\u00f3n que depende de la\u00a0 Secci\u00f3n de Investigaciones\u00a0 en Administraci\u00f3n, que, a su vez, integra el Instituto de","og_url":"https:\/\/www.economicas.uba.ar\/investigacion\/institutos-y-centros\/ceradec\/","og_site_name":"Investigaci\u00f3n","article_modified_time":"2026-03-05T20:20:09+00:00","twitter_card":"summary_large_image","twitter_misc":{"Tiempo de lectura":"16 minutos"},"schema":{"@context":"https:\/\/schema.org","@graph":[{"@type":"WebPage","@id":"https:\/\/www.economicas.uba.ar\/investigacion\/institutos-y-centros\/ceradec\/","url":"https:\/\/www.economicas.uba.ar\/investigacion\/institutos-y-centros\/ceradec\/","name":"CERADEC - Investigaci\u00f3n","isPartOf":{"@id":"https:\/\/www.economicas.uba.ar\/investigacion\/#website"},"primaryImageOfPage":{"@id":"https:\/\/www.economicas.uba.ar\/investigacion\/institutos-y-centros\/ceradec\/#primaryimage"},"image":{"@id":"https:\/\/www.economicas.uba.ar\/investigacion\/institutos-y-centros\/ceradec\/#primaryimage"},"thumbnailUrl":"https:\/\/www.economicas.uba.ar\/wp-content\/uploads\/2015\/11\/centro-perteneciente-a-IADCOM.jpg","datePublished":"2023-08-10T12:36:39+00:00","dateModified":"2026-03-05T20:20:09+00:00","breadcrumb":{"@id":"https:\/\/www.economicas.uba.ar\/investigacion\/institutos-y-centros\/ceradec\/#breadcrumb"},"inLanguage":"es-AR","potentialAction":[{"@type":"ReadAction","target":["https:\/\/www.economicas.uba.ar\/investigacion\/institutos-y-centros\/ceradec\/"]}]},{"@type":"ImageObject","inLanguage":"es-AR","@id":"https:\/\/www.economicas.uba.ar\/investigacion\/institutos-y-centros\/ceradec\/#primaryimage","url":"https:\/\/www.economicas.uba.ar\/wp-content\/uploads\/2015\/11\/centro-perteneciente-a-IADCOM.jpg","contentUrl":"https:\/\/www.economicas.uba.ar\/wp-content\/uploads\/2015\/11\/centro-perteneciente-a-IADCOM.jpg"},{"@type":"BreadcrumbList","@id":"https:\/\/www.economicas.uba.ar\/investigacion\/institutos-y-centros\/ceradec\/#breadcrumb","itemListElement":[{"@type":"ListItem","position":1,"name":"Inicio","item":"https:\/\/www.economicas.uba.ar\/investigacion\/"},{"@type":"ListItem","position":2,"name":"Institutos y centros","item":"https:\/\/www.economicas.uba.ar\/investigacion\/institutos-y-centros\/"},{"@type":"ListItem","position":3,"name":"CERADEC"}]},{"@type":"WebSite","@id":"https:\/\/www.economicas.uba.ar\/investigacion\/#website","url":"https:\/\/www.economicas.uba.ar\/investigacion\/","name":"Investigaci\u00f3n FCE","description":"","publisher":{"@id":"https:\/\/www.economicas.uba.ar\/investigacion\/#organization"},"potentialAction":[{"@type":"SearchAction","target":{"@type":"EntryPoint","urlTemplate":"https:\/\/www.economicas.uba.ar\/investigacion\/?s={search_term_string}"},"query-input":{"@type":"PropertyValueSpecification","valueRequired":true,"valueName":"search_term_string"}}],"inLanguage":"es-AR"},{"@type":"Organization","@id":"https:\/\/www.economicas.uba.ar\/investigacion\/#organization","name":"Investigaci\u00f3n FCE","url":"https:\/\/www.economicas.uba.ar\/investigacion\/","logo":{"@type":"ImageObject","inLanguage":"es-AR","@id":"https:\/\/www.economicas.uba.ar\/investigacion\/#\/schema\/logo\/image\/","url":"https:\/\/www.economicas.uba.ar\/investigacion\/wp-content\/uploads\/logo_2023.png","contentUrl":"https:\/\/www.economicas.uba.ar\/investigacion\/wp-content\/uploads\/logo_2023.png","width":292,"height":81,"caption":"Investigaci\u00f3n FCE"},"image":{"@id":"https:\/\/www.economicas.uba.ar\/investigacion\/#\/schema\/logo\/image\/"}}]}},"_links":{"self":[{"href":"https:\/\/www.economicas.uba.ar\/investigacion\/wp-json\/wp\/v2\/pages\/1511","targetHints":{"allow":["GET"]}}],"collection":[{"href":"https:\/\/www.economicas.uba.ar\/investigacion\/wp-json\/wp\/v2\/pages"}],"about":[{"href":"https:\/\/www.economicas.uba.ar\/investigacion\/wp-json\/wp\/v2\/types\/page"}],"author":[{"embeddable":true,"href":"https:\/\/www.economicas.uba.ar\/investigacion\/wp-json\/wp\/v2\/users\/33"}],"replies":[{"embeddable":true,"href":"https:\/\/www.economicas.uba.ar\/investigacion\/wp-json\/wp\/v2\/comments?post=1511"}],"version-history":[{"count":23,"href":"https:\/\/www.economicas.uba.ar\/investigacion\/wp-json\/wp\/v2\/pages\/1511\/revisions"}],"predecessor-version":[{"id":8165,"href":"https:\/\/www.economicas.uba.ar\/investigacion\/wp-json\/wp\/v2\/pages\/1511\/revisions\/8165"}],"up":[{"embeddable":true,"href":"https:\/\/www.economicas.uba.ar\/investigacion\/wp-json\/wp\/v2\/pages\/1282"}],"wp:attachment":[{"href":"https:\/\/www.economicas.uba.ar\/investigacion\/wp-json\/wp\/v2\/media?parent=1511"}],"curies":[{"name":"wp","href":"https:\/\/api.w.org\/{rel}","templated":true}]}}