{"id":1519,"date":"2023-08-10T09:45:33","date_gmt":"2023-08-10T12:45:33","guid":{"rendered":"https:\/\/www.economicas.uba.ar\/investigacion\/?page_id=1519"},"modified":"2026-03-05T17:26:24","modified_gmt":"2026-03-05T20:26:24","slug":"cesot","status":"publish","type":"page","link":"https:\/\/www.economicas.uba.ar\/investigacion\/institutos-y-centros\/cesot\/","title":{"rendered":"CESOT"},"content":{"rendered":"\t\t<div data-elementor-type=\"wp-page\" data-elementor-id=\"1519\" class=\"elementor elementor-1519\" data-elementor-post-type=\"page\">\n\t\t\t\t<div class=\"elementor-element elementor-element-785d0a7c e-flex e-con-boxed e-con e-parent\" data-id=\"785d0a7c\" data-element_type=\"container\" data-e-type=\"container\">\n\t\t\t\t\t<div class=\"e-con-inner\">\n\t\t\t\t<div class=\"elementor-element elementor-element-7804597d elementor-widget elementor-widget-eael-adv-accordion\" data-id=\"7804597d\" data-element_type=\"widget\" data-e-type=\"widget\" data-widget_type=\"eael-adv-accordion.default\">\n\t\t\t\t<div class=\"elementor-widget-container\">\n\t\t\t\t\t            <div class=\"eael-adv-accordion\" id=\"eael-adv-accordion-7804597d\" data-scroll-on-click=\"no\" data-scroll-speed=\"300\" data-accordion-id=\"7804597d\" data-accordion-type=\"accordion\" data-toogle-speed=\"300\">\n            <div class=\"eael-accordion-list\">\n\t\t\t\t\t<div id=\"inicio\" class=\"elementor-tab-title eael-accordion-header active-default\" tabindex=\"0\" data-tab=\"1\" aria-controls=\"elementor-tab-content-2011\"><span class=\"eael-accordion-tab-title\">Inicio<\/span><span class=\"eael-advanced-accordion-icon-closed\"><i aria-hidden=\"true\" class=\"fa-accordion-icon fas fa-chevron-down\"><\/i><\/span><span class=\"eael-advanced-accordion-icon-opened\"><\/span><\/div><div id=\"elementor-tab-content-2011\" class=\"eael-accordion-content clearfix active-default\" data-tab=\"1\" aria-labelledby=\"inicio\"><p><a href=\"https:\/\/www.economicas.uba.ar\/iadcom\"><img fetchpriority=\"high\" decoding=\"async\" class=\"alignnone wp-image-7920 size-full\" src=\"https:\/\/www.economicas.uba.ar\/wp-content\/uploads\/2015\/11\/centro-perteneciente-a-IADCOM.jpg\" alt=\"\" width=\"840\" height=\"71\" \/><\/a><\/p><p><strong>El Centro de Estudios de Sociolog\u00eda del Trabajo<\/strong>, creado en 1994, depende del<a href=\"https:\/\/www.economicas.uba.ar\/investigacion\/institutos-y-centros\/cesot\/iadcom\" target=\"_blank\" rel=\"noopener\">\u00a0Instituto de Investigaciones en Administraci\u00f3n, Contabilidad y M\u00e9todos Cuantitativos para la Gesti\u00f3n (IADCOM)<\/a>. El grupo interdisciplinario de profesionales que lo integra desarrolla actividades de investigaci\u00f3n, docencia, extensi\u00f3n y asistencia t\u00e9cnica, vinculadas con la tem\u00e1tica laboral. Los miembros del equipo son profesionales formados en diversas disciplinas como sociolog\u00eda, administraci\u00f3n, econom\u00eda y contabilidad, especializados en sociolog\u00eda de las organizaciones y metodolog\u00eda de la investigaci\u00f3n social. Tambi\u00e9n integra este grupo de trabajo un conjunto de becarios y pasantes de investigaci\u00f3n. Espec\u00edficamente, el Centro tiene como objetivos:<\/p><ul><li>Desarrollar investigaciones sobre organizaciones de la Econom\u00eda Social o Tercer Sector, dedicando especial atenci\u00f3n a las entidades cooperativas;<\/li><li>Difundir los resultados de los estudios tanto en la comunidad acad\u00e9mica como entre las organizaciones de la econom\u00eda social;<\/li><li>Generar v\u00ednculos de trabajo con instituciones y organizaciones acad\u00e9micas y de la econom\u00eda social en el \u00e1mbito nacional, regional e internacional;<\/li><li>Impulsar actividades de transferencia de resultados de investigaci\u00f3n y docencia al medio acad\u00e9mico y a la comunidad y<\/li><li>Realizar trabajos de consultor\u00eda orientados a la atenci\u00f3n de demandas espec\u00edficas.<\/li><\/ul><\/div>\n\t\t\t\t\t<\/div><div class=\"eael-accordion-list\">\n\t\t\t\t\t<div id=\"integrantes\" class=\"elementor-tab-title eael-accordion-header\" tabindex=\"0\" data-tab=\"2\" aria-controls=\"elementor-tab-content-2012\"><span class=\"eael-accordion-tab-title\">Integrantes<\/span><span class=\"eael-advanced-accordion-icon-closed\"><i aria-hidden=\"true\" class=\"fa-accordion-icon fas fa-chevron-down\"><\/i><\/span><span class=\"eael-advanced-accordion-icon-opened\"><\/span><\/div><div id=\"elementor-tab-content-2012\" class=\"eael-accordion-content clearfix\" data-tab=\"2\" aria-labelledby=\"integrantes\"><h4><strong>Miembros regulares<\/strong><\/h4><h6><strong>Mirta Vuotto<\/strong><\/h6><p>Directora. Licenciada en Sociolog\u00eda de la Universidad Cat\u00f3lica Argentina. Estudios de posgrado en desarrollo econ\u00f3mico, Institut d\u2019Etudes du D\u00e9veloppement \u2013 Universit\u00e9 Catholique de Louvain. Doctora de la Universidad de Buenos Aires. Orientaci\u00f3n en Administraci\u00f3n, Facultad de Ciencias Econ\u00f3micas. Profesora Titular Consulta, Facultad de Ciencias Econ\u00f3micas \u2013 Universidad de Buenos Aires.<\/p><p><em>Especializaci\u00f3n<\/em>: sociolog\u00eda de las organizaciones, econom\u00eda social, cooperativismo.<\/p><h6><strong>Griselda Verbeke<\/strong><\/h6><p>Investigadora. Licenciada en Sociolog\u00eda de la Universidad de Buenos Aires. Magister en Econom\u00eda Social de la Universidad Nacional de General Sarmiento.\u00a0Docente\u00a0\u2013 investigadora Facultad de Ciencias Econ\u00f3micas \u2013 Universidad de Buenos Aires.\u00a0<\/p><p><em>Especializaci\u00f3n<\/em>: sociolog\u00eda de las organizaciones, econom\u00eda social, cooperativismo.<\/p><h6><strong>Alfonso Estrag\u00f3<\/strong><\/h6><p>Subdirector. Licenciado en Econom\u00eda \u2013 Doctor de la Universidad de Buenos Aires. Orientaci\u00f3n en Administraci\u00f3n, Facultad de Ciencias Econ\u00f3micas. Profesor Adjunto, Facultad de Ciencias Econ\u00f3micas \u2013 Universidad de Buenos Aires.<\/p><p><em>Especializaci\u00f3n<\/em>: cooperativismo, sociolog\u00eda de las organizaciones, organizaciones horizontales.<\/p><h6><strong>Clara Craviotti<\/strong><\/h6><p>Investigadora. Licenciada en Sociolog\u00eda y Profesora de Ense\u00f1anza Normal y Especial en Sociolog\u00eda \u2013 Universidad de Buenos Aires. Magister en Ciencias Sociales con menci\u00f3n en Estudios Sociales Agrarios, Facultad Latinoamericana de Ciencias Sociales (FLACSO-Argentina), Doctora de la Universidad de Buenos Aires en Geograf\u00eda.\u00a0Investigadora Independiente de la Carrera del Investigador Cient\u00edfico y Tecnol\u00f3gico del Consejo Nacional de Investigaciones Cient\u00edficas y T\u00e9cnicas (CONICET).<\/p><p><em>Especializaci\u00f3n<\/em>: estructura social agraria, desarrollo rural.<\/p><h6><strong>Mariana\u00a0Alonso Br\u00e1<\/strong><\/h6><p>Investigadora. Licenciada en Ciencias de la Educaci\u00f3n\u00a0\u2013 Universidad de Buenos Aires. Magister Sc en Administraci\u00f3n P\u00fablica\u00a0\u2013 Universidad de Buenos Aires. Docente-investigadora \u2013 Facultad de Ciencias Econ\u00f3micas -Universidad de Buenos Aires.<\/p><p><em>Especializaci\u00f3n<\/em>: sociolog\u00eda de las organizaciones, pol\u00edtica y administraci\u00f3n educativa.<\/p><h4><strong>Investigadores\u00a0vinculados al\u00a0centro<\/strong><\/h4><ul><li>Patricio V\u00e9rtiz | Universidad Nacional de La Plata<\/li><li>Susana Soverna | Universidad de Buenos Aires<\/li><li>Maricel Lorena Massera | Universidad Nacional de Entre R\u00edos \u2013 CONICET<\/li><li>Francesco Vigliarolo | Universidad Cat\u00f3lica de La Plata \u2013 C\u00e1tedra UNESCO Universidad Nacional de La Plata<\/li><li>Claudia S\u00e1nchez Bajo | Comit\u00e9 de Investigaci\u00f3n Cooperativa (CCR) \u2013 ACI<\/li><\/ul><h4><strong>Becarios PROPAI Facultad de Ciencias Econ\u00f3micas<\/strong><\/h4><ul><li>Thiago Lamtzev | Carrera de Econom\u00eda \u2013 FCE<\/li><li>Luc\u00eda Milagros D\u00edaz | Carrera de Administraci\u00f3n \u2013 FCE<\/li><\/ul><h4><strong>Tesistas de posgrado<\/strong><\/h4><ul><li>Miriam Juaiek | Universidad Nacional de General Sarmiento \u2013 Maestr\u00eda en Econom\u00eda Social<\/li><li>David Monay | Maestr\u00eda \u2013 Universidad Nacional de Rosario<\/li><\/ul><h4><strong>Profesores visitantes<\/strong><\/h4><ul><li><strong>Romain<\/strong>\u00a0<strong>Slitine \u2013\u00a0<\/strong>Sciences Po Paris. 2021-2024<\/li><li><strong>Elisa\u00a0<span>Lanas Medina \u2013\u00a0<\/span><\/strong><span>Universidad Andina Sim\u00f3n Bol\u00edvar. Julio 2019<br \/><\/span><\/li><li><div><strong>Ang\u00e9lica Porras\u00a0<\/strong>\u00a0\u2013 V<span>ocal del Consejo de la Judicatura de Ecuador. Julio 2019 <br \/><\/span><\/div><\/li><li><div><strong>Marcelo Vieta<\/strong> \u2013 University of Toronto, Ontario Institute for Studies in Education. Department of Leadership, Higher and Adult Education. Marzo 2018<\/div><\/li><\/ul><ul><li><strong>Diane-Gabrielle Tremblay<\/strong>\u00a0 \u2013 Universit\u00e9 T\u00c9LUQ. Canada, \u00c9cole des sciences de l\u2019administration. Directrice de l\u2019ARUC sur la gestion des \u00e2ges et des temps sociaux (ARUC-GATS). Marzo 2018<\/li><li><strong>Tim Roesler<\/strong>\u00a0\u2013 Philipps-Universit\u00e4t Marburg. Febrero 2018<\/li><li><strong>Macarena P\u00e9rez Su\u00e1rez<\/strong>\u00a0\u2013\u00a0Universidad de Sevilla, Facultad de Ciencias Econ\u00f3micas y Empresariales. Diciembre 2017<\/li><li><strong>Orestes Rodr\u00edguez Musa<\/strong>\u2013 Universidad de Pinar del R\u00edo \u2013 Rep\u00fablica de Cuba. Agosto 2017<\/li><li><strong>Jaime Aja Valle<\/strong>\u00a0\u2013 Universidad de C\u00f3rdoba \u2013 Espa\u00f1a \u2013 Facultad de Ciencias del Trabajo Junio-Agosto 2016<\/li><li><strong>Juan Carlos Oyanedel Sep\u00falveda<\/strong>\u00a0\u2013 Universidad de Santiago de Chile. Agosto 2016<\/li><li><strong>Jos\u00e9 Daniel G\u00f3mez L\u00f3pez<\/strong>\u00a0\u2013 Universidad de Alicante \u2013 Facultad de Filosof\u00eda y Letras \u2013 Departamento Geograf\u00eda Humana. Octubre 2015<\/li><\/ul><\/div>\n\t\t\t\t\t<\/div><div class=\"eael-accordion-list\">\n\t\t\t\t\t<div id=\"publicaciones\" class=\"elementor-tab-title eael-accordion-header\" tabindex=\"0\" data-tab=\"3\" aria-controls=\"elementor-tab-content-2013\"><span class=\"eael-accordion-tab-title\">Publicaciones<\/span><span class=\"eael-advanced-accordion-icon-closed\"><i aria-hidden=\"true\" class=\"fa-accordion-icon fas fa-chevron-down\"><\/i><\/span><span class=\"eael-advanced-accordion-icon-opened\"><\/span><\/div><div id=\"elementor-tab-content-2013\" class=\"eael-accordion-content clearfix\" data-tab=\"3\" aria-labelledby=\"publicaciones\"><h5><strong><a href=\"https:\/\/www.economicas.uba.ar\/investigacion\/institutos-y-centros\/revista-cesot\/\" target=\"_blank\" rel=\"noopener\">REVISTA<\/a><\/strong><\/h5><h5><strong><a href=\"https:\/\/www.economicas.uba.ar\/investigacion\/institutos-y-centros\/cesot\/documentos\/\" target=\"_blank\" rel=\"noopener\">DOCUMENTOS<\/a><\/strong><\/h5><h5><a href=\"https:\/\/www.economicas.uba.ar\/investigacion\/institutos-y-centros\/cesot\/publicaciones\/\">PUBLICACIONES DE SUS INTEGRANTES<\/a><\/h5><\/div>\n\t\t\t\t\t<\/div><div class=\"eael-accordion-list\">\n\t\t\t\t\t<div id=\"proyectos-de-investigacin\" class=\"elementor-tab-title eael-accordion-header\" tabindex=\"0\" data-tab=\"4\" aria-controls=\"elementor-tab-content-2014\"><span class=\"eael-accordion-tab-title\">Proyectos de Investigaci\u00f3n<\/span><span class=\"eael-advanced-accordion-icon-closed\"><i aria-hidden=\"true\" class=\"fa-accordion-icon fas fa-chevron-down\"><\/i><\/span><span class=\"eael-advanced-accordion-icon-opened\"><\/span><\/div><div id=\"elementor-tab-content-2014\" class=\"eael-accordion-content clearfix\" data-tab=\"4\" aria-labelledby=\"proyectos-de-investigacin\"><h4 class=\"rtecenter\"><strong>Proyectos de investigaci\u00f3n acreditados por la Secretar\u00eda de Ciencia y T\u00e9cnica (UBACyT)<\/strong><\/h4><h6>PROGRAMACI\u00d3N UBACyT 2023<\/h6><h6><strong>La contribuci\u00f3n de las cooperativas agropecuarias a la generaci\u00f3n de empleos<\/strong><\/h6><p><strong>Directora<\/strong>: Mirta Vuotto \u2013 Subdirectora Griselda Verbeke<\/p><p><strong>Integrantes<\/strong>: <span>Alonso Br\u00e1, Mariana; Estrag\u00f3, Alfonso (Posdoctorando CONICET); Soverna, Susana; Bertera, Lucas; Blazquez Di Croce, Manuel; Dobruskin, Laura; Gerardi, Ricardo; Manzotti, Hernan; Papir, Marcelo; Sanchez Bajo, Claudia Beatriz; Tonini,\u00a0\u00a0Mariela; Waked Sanchez, Nathalia; Yepes, Lara;<\/span> Lamtzev, Thiago.<\/p><p>El estudio se propone caracterizar el tipo y condiciones de empleo que genera un conjunto de cooperativas agropecuarias vinculadas con las cadenas agroindustriales en los eslabones insumos y bienes de capital (produccio\u0301n, transporte y comercializacio\u0301n de semillas); produccio\u0301n primaria (agropecuaria y servicios agropecuarios); industrializacio\u0301n (elaboracio\u0301n de alimentos, y fabricacio\u0301n de biocombustibles); comercializacio\u0301n (mayorista y minorista); transporte y servicios conexos. Sus objetivos especi\u0301ficos consisten en identificar los tipos de empleo y las condiciones de trabajo en cada cooperativa; dimensionar la incidencia cuantitativa del empleo, tanto en lo referido a los puestos de trabajo directos como indirectos; caracterizar las condiciones organizacionales internas que influyen en la gestio\u0301n de personas e indagar, en los casos que existan representaciones sindicales, el tipo y funcio\u0301n que mantienen con los trabajadores y con la cooperativa.<\/p><h6>PROGRAMACI\u00d3N UBACyT 2018<\/h6><h6><strong>Estrategias y estructuras de integraci\u00f3n en las empresas cooperativas<\/strong><\/h6><p><strong>Directora<\/strong>: Mirta Vuotto \u2013 Subdirectora Griselda Verbeke<\/p><p><strong>Integrantes<\/strong>: Mariana Alonso Br\u00e1; Alfonso Estrag\u00f3 (doctorando UBA); Francesco Vigliarolo (doctorando UBA); Susana Soverna (investigadora CESOT); Agustina Pesce (pasante de investigaci\u00f3n UBA); Mariela Tonini (Maestranda UNR); David Monay (Maestrando UNR).<\/p><p>El prop\u00f3sito del proyecto es analizar el alcance del proceso y las estrategias que permiten mantener la identidad cooperativa afianzando la integraci\u00f3n de modalidades basadas en la afiliaci\u00f3n y fundamentadas en los conceptos de autoayuda, mutualidad y comunidad (Davis 2001; Desforges &amp; Vienney 1980). El estudio se propone caracterizar el alcance de la integraci\u00f3n cooperativa y comprender los aspectos operativos que permiten precisar su naturaleza, las caracter\u00edsticas principales, sus niveles y las dimensiones de la integraci\u00f3n sist\u00e9mica propia de las organizaciones cooperativas argentinas.\u00a0Como objetivos espec\u00edficos se propone identificar el perfil socio-productivo de las entidades integradas, indagar en la gesti\u00f3n estrat\u00e9gica de cada entidad de integraci\u00f3n y caracterizar las modalidades prevalecientes para apreciar hasta qu\u00e9 punto las cooperativas integradas pueden mantener la congruencia entre su identidad, el prop\u00f3sito de este proceso y su entorno, alcanzando una ventaja competitiva en el mercado.<\/p><h6>PROGRAMACI\u00d3N UBACyT 2014 \u2013 2017<\/h6><h6><strong>Estructura y relaci\u00f3n de empleo en la empresa cooperativa<\/strong><\/h6><p><strong>Directora<\/strong>: Mirta Vuotto<\/p><p><strong>Integrantes<\/strong>: Griselda Verbeke; Mar\u00eda Eugenia Castelao Caruana (CONICET); Cynthia Cecilia Srnec (Becaria CONICET); Estela Reymondes; Carlos C\u00e9sar Basa\u00f1es; Mariana Alonso Br\u00e1; Liliana Ripoll (Doctoranda UCA); Mariela Tonini (Maestranda UNR); David Monay (Maestrando UNR).<\/p><p>Las implicaciones relativas a la separaci\u00f3n de tipo horizontal o vertical en la estructura de las cooperativas plantean la necesidad de comprender los procesos por los cuales esta divisi\u00f3n se produce, ya sea cuando se instituye entre una estructura empresaria y una relaci\u00f3n de asociaci\u00f3n, o bien cuando se consolida en una estructura administrativa burocr\u00e1tica frente a un conglomerado de trabajadores o usuarios, produciendo una crisis de vitalidad dentro del conjunto cooperativo.<\/p><p>Por esa raz\u00f3n se propone el estudio de la estructura y relaciones de la empresa cooperativa focalizando el caso del empleo asalariado. Dicho empleo equivale a un total de 85.531 puestos de trabajo registrados (MTEySS, 2013) y corresponde a 6.787 cooperativas activas en el pa\u00eds (INAES, 2013) excluyendo las cooperativas de trabajo por no contratar empleados asalariados. El an\u00e1lisis tomar\u00e1 en cuenta los factores que prevalecen en la gesti\u00f3n organizacional cooperativa a fin de apreciar su contribuci\u00f3n al comportamiento y desempe\u00f1o de los trabajadores e identificar los mecanismos que favorecen o limitan el compromiso e implicaci\u00f3n en su desarrollo. La metodolog\u00eda de estudio de caso ser\u00e1 utilizada para examinar el tipo de pr\u00e1cticas de gesti\u00f3n por las que se ejecutan funciones instrumentales y funciones objetivo respecto a los empleados asalariados analizando la particularidad de dichas funciones y sus resultados en el plano empresarial.<\/p><h6><strong>El asociativismo en la Argentina actual. Nuevos tiempos, nuevas cooperativas<\/strong><\/h6><p><strong>Directora<\/strong>: Mar\u00eda Cristina Acosta<\/p><p><strong>Integrantes<\/strong>: Andrea Levin; Griselda Verbeke; Mar\u00eda Gabriela Rutty; Jes\u00fas Castreje Su\u00e1rez; Estela Martinoli; Juan M. Pico (becario UBA maestr\u00eda); Jonatan E. Gross; Cecilia M. Abulafia; Guillermo Salom\u00f3n.<\/p><p>La Econom\u00eda Social se inscribe dentro de un conjunto de actividades econ\u00f3micas aut\u00f3nomas cuyos objetivos y procesos de funcionamiento se basan en los valores de solidaridad y democracia, y son a menudo las \u00fanicas formas accesibles para las personas que no pueden movilizar suficiente capital u otros recursos y mejorar las condiciones de vida. Entre las organizaciones que reflejan esta perspectiva, las cooperativas constituyen el centro de nuestro inter\u00e9s por su diversa base societaria y porque forman empresas colectivas para resolver demandas de personas, hogares y\/ o comunidad a trav\u00e9s de una acci\u00f3n concertada y en un \u00e1mbito de ayuda mutua y de funcionamiento democr\u00e1tico.<\/p><p>En las \u00faltimas d\u00e9cadas, tanto las cooperativas de trabajo por constituir una alternativa ante la crisis del empleo, como otras cooperativas que ofrecen servicios en el sector financiero, inform\u00e1tico, entre otras fueron impulsadas a dar respuestas innovadoras. Es en este conjunto de nuevas y viejas cooperativas en donde se construyen los elementos constitutivos de estrategias distintas en la gesti\u00f3n de sus recursos empresariales y asociativos en un proceso de mayor cooperaci\u00f3n horizontal y en presencia de las mismas preocupaciones y necesidades.<\/p><p>La tendencia a integrar redes asociativas describe la existencia de movilidad entre sectores cooperativos y entre este y otros actores. Para caracterizar los procesos por los que atraviesan las nuevas formaciones cooperativas, se plante\u00f3 como objetivo de investigaci\u00f3n conocer y caracterizar un conjunto de cooperativas creadas en las \u00faltimas d\u00e9cadas que desarrollan actividades empresariales renovadas y\/o no tradicionales, a fin de comprender las modalidades de gesti\u00f3n adoptadas en un marco de funcionamiento de reglas de igualdad y reciprocidad.<\/p><h4><strong>PROGRAMA DE EDUCACI\u00d3N EN COOPERATIVISMO Y ECONOM\u00cdA SOCIAL EN LA UNIVERSIDAD<\/strong><\/h4><h6><strong>CONVOCATORIA 2015 \u2013 2016\u00a0<em>(PROYECTOS DE EXTENSI\u00d3N E INVESTIGACI\u00d3N FINANCIADOS POR EL MINISTERIO DE EDUCACI\u00d3N Y DEPORTES)<\/em><\/strong><\/h6><h6><strong>Actualizaci\u00f3n y reedici\u00f3n del libro \u201cLas cooperativas. Fundamentos, historia y doctrina<\/strong><\/h6><p><strong>Coordinadora<\/strong>: Mirta Vuotto<\/p><h6><strong>An\u00e1lisis del desempe\u00f1o asociativo y empresarial en tres cooperativas de Servicios P\u00fablicos<\/strong><\/h6><p><strong>Coordinadora<\/strong>: Griselda Verbeke<\/p><p><strong>Equipo de investigaci\u00f3n<\/strong>: Patricio Su\u00e1rez \u00c1rea, Liliana Ripoll, Alfonso Estrag\u00f3, Maricel Cioce Castell\u00e1, Romina Dib<\/p><h6><strong><a href=\"http:\/\/rutacoop.com.ar\/inicio\" target=\"_blank\" rel=\"noopener\">Dise\u00f1o de una plataforma virtual para promover la \u201cRuta Argentina de Cooperativas\u201d<\/a><\/strong><\/h6><p><strong>Instituciones asociadas<\/strong>: Instituto del Trabajo y Producci\u00f3n. Universidad Nacional de Cuyo; Universidad Cat\u00f3lica Argentina \u2013 Rectorado; Federaci\u00f3n de Cooperativas y Mutuales de la red Federal de Turismo -FEDETUR-; Red de J\u00f3venes de la Alianza Cooperativa Internacional y Comit\u00e9 de Juventudes de la Confederaci\u00f3n Cooperativa de la Rep\u00fablica Argentina.<\/p><p><strong>Coordinadora<\/strong>: Mirta Vuotto<\/p><p><strong>Integrantes<\/strong>: Griselda Verbeke; Liliana Ripoll; David Monay (Maestrando UNR); Mariela Tonini (Maestranda UNR)<\/p><p><strong>Red metal\u00fargica cooperativa: una instancia de desarrollo efectivo<\/strong><\/p><p><strong>Coordinadora<\/strong>: Mar\u00eda Cristina Acosta<\/p><p><strong>Integrantes<\/strong>: Andrea Levin, Ayel\u00e9n P\u00e9rez Penas<\/p><h4><strong>PROYECTOS EN CONVENIO CON INSTITUCIONES CIENT\u00cdFICO-TECNOL\u00d3GICAS<\/strong><\/h4><h6><strong>PROGRAMACI\u00d3N 2014-2016<\/strong><\/h6><p>Programa de Cooperaci\u00f3n Cient\u00edfico-Tecnol\u00f3gica entre el Ministerio de Ciencia, Tecnolog\u00eda e Innovaci\u00f3n Productiva de la Rep\u00fablica Argentina (MINCYT) y el Ministerio de Ciencia, Tecnolog\u00eda y Medio Ambiente de la Rep\u00fablica de Cuba (CITMA)<\/p><h6><strong>El surgimiento y desarrollo de las cooperativas en Argentina y Cuba ante las nuevas pol\u00edticas estatales orientadas al sector<\/strong><\/h6><p><strong>Directora<\/strong>: Mirta Vuotto.<\/p><p><strong>Equipo de investigaci\u00f3n<\/strong>: Griselda Verbeke, Cynthia Srnec, Liliana Ripoll, Romina Dib, Mar\u00eda Eugenia Castelao Caruana<\/p><h5><a href=\"https:\/\/www.economicas.uba.ar\/institutos_y_centros\/programaciones-cientificas-anteriores-cesot\/\">PROYECTOS DE INVESTIGACI\u00d3N\u00a0ANTERIORES<\/a><\/h5><\/div>\n\t\t\t\t\t<\/div><div class=\"eael-accordion-list\">\n\t\t\t\t\t<div id=\"novedades\" class=\"elementor-tab-title eael-accordion-header\" tabindex=\"0\" data-tab=\"5\" aria-controls=\"elementor-tab-content-2015\"><span class=\"eael-accordion-tab-title\">Novedades<\/span><span class=\"eael-advanced-accordion-icon-closed\"><i aria-hidden=\"true\" class=\"fa-accordion-icon fas fa-chevron-down\"><\/i><\/span><span class=\"eael-advanced-accordion-icon-opened\"><\/span><\/div><div id=\"elementor-tab-content-2015\" class=\"eael-accordion-content clearfix\" data-tab=\"5\" aria-labelledby=\"novedades\"><ul><li><h3>Revista del Centro de Estudios de Sociolog\u00eda del Trabajo: llamada a contribuciones<\/h3><p>El Centro de Estudios de Sociolog\u00eda del Trabajo invita a la comunidad acad\u00e9mica nacional e internacional a presentar trabajos in\u00e9ditos para la pr\u00f3xima edici\u00f3n de la <strong>Revista del Centro de Estudios de Sociolog\u00eda del Trabajo N\u00b0 17 de 2025.<\/strong><br \/>La Revista es una publicaci\u00f3n anual arbitrada de car\u00e1cter interdisciplinario, orientada a difundir los resultados de estudios te\u00f3ricos y emp\u00edricos, y a estimular debates actuales en el campo organizacional sobre la problem\u00e1tica socio-laboral.<br \/>Desde 2013 est\u00e1 incorporada en el N\u00facleo B\u00e1sico de Revistas Cient\u00edficas Argentinas CAICyT-CONICET como Nivel 1, e indexada en la base de datos de Latindex, DOAJ, Erih Plus, CIDEC e incluida en REDIB, MIAR, e-revist@s y LatinREV y Redalyc.<\/p><p>El Comit\u00e9 Editorial de la Revista del Centro de Estudios de Sociolog\u00eda del Trabajo examinar\u00e1 todos los art\u00edculos recibidos. Los textos deber\u00e1n ser in\u00e9ditos y estar\u00e1n sometidos al criterio de dos evaluadores externos an\u00f3nimos. <br \/>Fecha l\u00edmite para enviar los art\u00edculos: pr\u00f3ximo <strong>30 de abril de 2025<\/strong>. <br \/>Instrucciones a los autores en <a href=\"https:\/\/ojs.economicas.uba.ar\/CESOT\/information\/authors\">https:\/\/ojs.economicas.uba.ar\/CESOT\/information\/authors<\/a><br \/>Los trabajos deber\u00e1n ser remitidos a <strong>cesot@fce.uba.ar<\/strong><\/p><\/li><\/ul><pre> <em>La Revista del Centro de Estudios de Sociolog\u00eda del Trabajo se publica bajo una licencia de Atribuci\u00f3n-NoComercial-CompartirIgual 4.0 Internacional (CC BY-NC-SA 4.0).<\/em><\/pre><h5><a href=\"https:\/\/www.economicas.uba.ar\/institutos_y_centros\/eventos-anteriores-cesot\" target=\"_blank\" rel=\"noopener\">EVENTOS ANTERIORES<\/a><\/h5><\/div>\n\t\t\t\t\t<\/div><div class=\"eael-accordion-list\">\n\t\t\t\t\t<div id=\"contacto\" class=\"elementor-tab-title eael-accordion-header\" tabindex=\"0\" data-tab=\"6\" aria-controls=\"elementor-tab-content-2016\"><span class=\"eael-accordion-tab-title\">Contacto<\/span><span class=\"eael-advanced-accordion-icon-closed\"><i aria-hidden=\"true\" class=\"fa-accordion-icon fas fa-chevron-down\"><\/i><\/span><span class=\"eael-advanced-accordion-icon-opened\"><\/span><\/div><div id=\"elementor-tab-content-2016\" class=\"eael-accordion-content clearfix\" data-tab=\"6\" aria-labelledby=\"contacto\"><h6 class=\"rtecenter\">CENTRO DE\u00a0ESTUDIOS DE SOCIOLOG\u00cdA DEL TRABAJO<\/h6><p class=\"rtecenter\">Facultad de Ciencias Econ\u00f3micas \u2013 Universidad de Buenos Aires<\/p><p class=\"rtecenter\">Av. C\u00f3rdoba 2122, Segundo Piso, Oficina. 211 C1120AAQ \u2013 Ciudad de Buenos Aires<\/p><p class=\"rtecenter\">Tel\/fax. (5411) 5285-6918<\/p><p class=\"rtecenter\">E-mail:\u00a0<a href=\"mailto:cesot@econ.uba.ar\">cesot@f<\/a>ce.uba.ar<\/p><\/div>\n\t\t\t\t\t<\/div><\/div>\t\t\t\t<\/div>\n\t\t\t\t<\/div>\n\t\t\t\t\t<\/div>\n\t\t\t\t<\/div>\n\t\t\t\t<\/div>\n\t\t","protected":false},"excerpt":{"rendered":"<p>Inicio El Centro de Estudios de Sociolog\u00eda del Trabajo, creado en 1994, depende del\u00a0Instituto de Investigaciones en Administraci\u00f3n, Contabilidad y M\u00e9todos Cuantitativos para la Gesti\u00f3n (IADCOM). El grupo interdisciplinario de<\/p>\n","protected":false},"author":18,"featured_media":0,"parent":1282,"menu_order":0,"comment_status":"closed","ping_status":"closed","template":"elementor_header_footer","meta":{"footnotes":""},"class_list":["post-1519","page","type-page","status-publish","hentry"],"yoast_head":"<!-- This site is optimized with the Yoast SEO plugin v27.4 - https:\/\/yoast.com\/product\/yoast-seo-wordpress\/ -->\n<title>CESOT - Investigaci\u00f3n<\/title>\n<meta name=\"robots\" content=\"index, follow, max-snippet:-1, max-image-preview:large, max-video-preview:-1\" \/>\n<link rel=\"canonical\" href=\"https:\/\/www.economicas.uba.ar\/investigacion\/institutos-y-centros\/cesot\/\" \/>\n<meta property=\"og:locale\" content=\"es_ES\" \/>\n<meta property=\"og:type\" content=\"article\" \/>\n<meta property=\"og:title\" content=\"CESOT - Investigaci\u00f3n\" \/>\n<meta property=\"og:description\" content=\"Inicio El Centro de Estudios de Sociolog\u00eda del Trabajo, creado en 1994, depende del\u00a0Instituto de Investigaciones en Administraci\u00f3n, Contabilidad y M\u00e9todos Cuantitativos para la Gesti\u00f3n (IADCOM). El grupo interdisciplinario de\" \/>\n<meta property=\"og:url\" content=\"https:\/\/www.economicas.uba.ar\/investigacion\/institutos-y-centros\/cesot\/\" \/>\n<meta property=\"og:site_name\" content=\"Investigaci\u00f3n\" \/>\n<meta property=\"article:modified_time\" content=\"2026-03-05T20:26:24+00:00\" \/>\n<meta name=\"twitter:card\" content=\"summary_large_image\" \/>\n<meta name=\"twitter:label1\" content=\"Tiempo de lectura\" \/>\n\t<meta name=\"twitter:data1\" content=\"10 minutos\" \/>\n<script type=\"application\/ld+json\" class=\"yoast-schema-graph\">{\"@context\":\"https:\\\/\\\/schema.org\",\"@graph\":[{\"@type\":\"WebPage\",\"@id\":\"https:\\\/\\\/www.economicas.uba.ar\\\/investigacion\\\/institutos-y-centros\\\/cesot\\\/\",\"url\":\"https:\\\/\\\/www.economicas.uba.ar\\\/investigacion\\\/institutos-y-centros\\\/cesot\\\/\",\"name\":\"CESOT - Investigaci\u00f3n\",\"isPartOf\":{\"@id\":\"https:\\\/\\\/www.economicas.uba.ar\\\/investigacion\\\/#website\"},\"primaryImageOfPage\":{\"@id\":\"https:\\\/\\\/www.economicas.uba.ar\\\/investigacion\\\/institutos-y-centros\\\/cesot\\\/#primaryimage\"},\"image\":{\"@id\":\"https:\\\/\\\/www.economicas.uba.ar\\\/investigacion\\\/institutos-y-centros\\\/cesot\\\/#primaryimage\"},\"thumbnailUrl\":\"https:\\\/\\\/www.economicas.uba.ar\\\/wp-content\\\/uploads\\\/2015\\\/11\\\/centro-perteneciente-a-IADCOM.jpg\",\"datePublished\":\"2023-08-10T12:45:33+00:00\",\"dateModified\":\"2026-03-05T20:26:24+00:00\",\"breadcrumb\":{\"@id\":\"https:\\\/\\\/www.economicas.uba.ar\\\/investigacion\\\/institutos-y-centros\\\/cesot\\\/#breadcrumb\"},\"inLanguage\":\"es-AR\",\"potentialAction\":[{\"@type\":\"ReadAction\",\"target\":[\"https:\\\/\\\/www.economicas.uba.ar\\\/investigacion\\\/institutos-y-centros\\\/cesot\\\/\"]}]},{\"@type\":\"ImageObject\",\"inLanguage\":\"es-AR\",\"@id\":\"https:\\\/\\\/www.economicas.uba.ar\\\/investigacion\\\/institutos-y-centros\\\/cesot\\\/#primaryimage\",\"url\":\"https:\\\/\\\/www.economicas.uba.ar\\\/wp-content\\\/uploads\\\/2015\\\/11\\\/centro-perteneciente-a-IADCOM.jpg\",\"contentUrl\":\"https:\\\/\\\/www.economicas.uba.ar\\\/wp-content\\\/uploads\\\/2015\\\/11\\\/centro-perteneciente-a-IADCOM.jpg\"},{\"@type\":\"BreadcrumbList\",\"@id\":\"https:\\\/\\\/www.economicas.uba.ar\\\/investigacion\\\/institutos-y-centros\\\/cesot\\\/#breadcrumb\",\"itemListElement\":[{\"@type\":\"ListItem\",\"position\":1,\"name\":\"Inicio\",\"item\":\"https:\\\/\\\/www.economicas.uba.ar\\\/investigacion\\\/\"},{\"@type\":\"ListItem\",\"position\":2,\"name\":\"Institutos y centros\",\"item\":\"https:\\\/\\\/www.economicas.uba.ar\\\/investigacion\\\/institutos-y-centros\\\/\"},{\"@type\":\"ListItem\",\"position\":3,\"name\":\"CESOT\"}]},{\"@type\":\"WebSite\",\"@id\":\"https:\\\/\\\/www.economicas.uba.ar\\\/investigacion\\\/#website\",\"url\":\"https:\\\/\\\/www.economicas.uba.ar\\\/investigacion\\\/\",\"name\":\"Investigaci\u00f3n FCE\",\"description\":\"\",\"publisher\":{\"@id\":\"https:\\\/\\\/www.economicas.uba.ar\\\/investigacion\\\/#organization\"},\"potentialAction\":[{\"@type\":\"SearchAction\",\"target\":{\"@type\":\"EntryPoint\",\"urlTemplate\":\"https:\\\/\\\/www.economicas.uba.ar\\\/investigacion\\\/?s={search_term_string}\"},\"query-input\":{\"@type\":\"PropertyValueSpecification\",\"valueRequired\":true,\"valueName\":\"search_term_string\"}}],\"inLanguage\":\"es-AR\"},{\"@type\":\"Organization\",\"@id\":\"https:\\\/\\\/www.economicas.uba.ar\\\/investigacion\\\/#organization\",\"name\":\"Investigaci\u00f3n FCE\",\"url\":\"https:\\\/\\\/www.economicas.uba.ar\\\/investigacion\\\/\",\"logo\":{\"@type\":\"ImageObject\",\"inLanguage\":\"es-AR\",\"@id\":\"https:\\\/\\\/www.economicas.uba.ar\\\/investigacion\\\/#\\\/schema\\\/logo\\\/image\\\/\",\"url\":\"https:\\\/\\\/www.economicas.uba.ar\\\/investigacion\\\/wp-content\\\/uploads\\\/logo_2023.png\",\"contentUrl\":\"https:\\\/\\\/www.economicas.uba.ar\\\/investigacion\\\/wp-content\\\/uploads\\\/logo_2023.png\",\"width\":292,\"height\":81,\"caption\":\"Investigaci\u00f3n FCE\"},\"image\":{\"@id\":\"https:\\\/\\\/www.economicas.uba.ar\\\/investigacion\\\/#\\\/schema\\\/logo\\\/image\\\/\"}}]}<\/script>\n<!-- \/ Yoast SEO plugin. -->","yoast_head_json":{"title":"CESOT - Investigaci\u00f3n","robots":{"index":"index","follow":"follow","max-snippet":"max-snippet:-1","max-image-preview":"max-image-preview:large","max-video-preview":"max-video-preview:-1"},"canonical":"https:\/\/www.economicas.uba.ar\/investigacion\/institutos-y-centros\/cesot\/","og_locale":"es_ES","og_type":"article","og_title":"CESOT - Investigaci\u00f3n","og_description":"Inicio El Centro de Estudios de Sociolog\u00eda del Trabajo, creado en 1994, depende del\u00a0Instituto de Investigaciones en Administraci\u00f3n, Contabilidad y M\u00e9todos Cuantitativos para la Gesti\u00f3n (IADCOM). El grupo interdisciplinario de","og_url":"https:\/\/www.economicas.uba.ar\/investigacion\/institutos-y-centros\/cesot\/","og_site_name":"Investigaci\u00f3n","article_modified_time":"2026-03-05T20:26:24+00:00","twitter_card":"summary_large_image","twitter_misc":{"Tiempo de lectura":"10 minutos"},"schema":{"@context":"https:\/\/schema.org","@graph":[{"@type":"WebPage","@id":"https:\/\/www.economicas.uba.ar\/investigacion\/institutos-y-centros\/cesot\/","url":"https:\/\/www.economicas.uba.ar\/investigacion\/institutos-y-centros\/cesot\/","name":"CESOT - Investigaci\u00f3n","isPartOf":{"@id":"https:\/\/www.economicas.uba.ar\/investigacion\/#website"},"primaryImageOfPage":{"@id":"https:\/\/www.economicas.uba.ar\/investigacion\/institutos-y-centros\/cesot\/#primaryimage"},"image":{"@id":"https:\/\/www.economicas.uba.ar\/investigacion\/institutos-y-centros\/cesot\/#primaryimage"},"thumbnailUrl":"https:\/\/www.economicas.uba.ar\/wp-content\/uploads\/2015\/11\/centro-perteneciente-a-IADCOM.jpg","datePublished":"2023-08-10T12:45:33+00:00","dateModified":"2026-03-05T20:26:24+00:00","breadcrumb":{"@id":"https:\/\/www.economicas.uba.ar\/investigacion\/institutos-y-centros\/cesot\/#breadcrumb"},"inLanguage":"es-AR","potentialAction":[{"@type":"ReadAction","target":["https:\/\/www.economicas.uba.ar\/investigacion\/institutos-y-centros\/cesot\/"]}]},{"@type":"ImageObject","inLanguage":"es-AR","@id":"https:\/\/www.economicas.uba.ar\/investigacion\/institutos-y-centros\/cesot\/#primaryimage","url":"https:\/\/www.economicas.uba.ar\/wp-content\/uploads\/2015\/11\/centro-perteneciente-a-IADCOM.jpg","contentUrl":"https:\/\/www.economicas.uba.ar\/wp-content\/uploads\/2015\/11\/centro-perteneciente-a-IADCOM.jpg"},{"@type":"BreadcrumbList","@id":"https:\/\/www.economicas.uba.ar\/investigacion\/institutos-y-centros\/cesot\/#breadcrumb","itemListElement":[{"@type":"ListItem","position":1,"name":"Inicio","item":"https:\/\/www.economicas.uba.ar\/investigacion\/"},{"@type":"ListItem","position":2,"name":"Institutos y centros","item":"https:\/\/www.economicas.uba.ar\/investigacion\/institutos-y-centros\/"},{"@type":"ListItem","position":3,"name":"CESOT"}]},{"@type":"WebSite","@id":"https:\/\/www.economicas.uba.ar\/investigacion\/#website","url":"https:\/\/www.economicas.uba.ar\/investigacion\/","name":"Investigaci\u00f3n FCE","description":"","publisher":{"@id":"https:\/\/www.economicas.uba.ar\/investigacion\/#organization"},"potentialAction":[{"@type":"SearchAction","target":{"@type":"EntryPoint","urlTemplate":"https:\/\/www.economicas.uba.ar\/investigacion\/?s={search_term_string}"},"query-input":{"@type":"PropertyValueSpecification","valueRequired":true,"valueName":"search_term_string"}}],"inLanguage":"es-AR"},{"@type":"Organization","@id":"https:\/\/www.economicas.uba.ar\/investigacion\/#organization","name":"Investigaci\u00f3n FCE","url":"https:\/\/www.economicas.uba.ar\/investigacion\/","logo":{"@type":"ImageObject","inLanguage":"es-AR","@id":"https:\/\/www.economicas.uba.ar\/investigacion\/#\/schema\/logo\/image\/","url":"https:\/\/www.economicas.uba.ar\/investigacion\/wp-content\/uploads\/logo_2023.png","contentUrl":"https:\/\/www.economicas.uba.ar\/investigacion\/wp-content\/uploads\/logo_2023.png","width":292,"height":81,"caption":"Investigaci\u00f3n FCE"},"image":{"@id":"https:\/\/www.economicas.uba.ar\/investigacion\/#\/schema\/logo\/image\/"}}]}},"_links":{"self":[{"href":"https:\/\/www.economicas.uba.ar\/investigacion\/wp-json\/wp\/v2\/pages\/1519","targetHints":{"allow":["GET"]}}],"collection":[{"href":"https:\/\/www.economicas.uba.ar\/investigacion\/wp-json\/wp\/v2\/pages"}],"about":[{"href":"https:\/\/www.economicas.uba.ar\/investigacion\/wp-json\/wp\/v2\/types\/page"}],"author":[{"embeddable":true,"href":"https:\/\/www.economicas.uba.ar\/investigacion\/wp-json\/wp\/v2\/users\/18"}],"replies":[{"embeddable":true,"href":"https:\/\/www.economicas.uba.ar\/investigacion\/wp-json\/wp\/v2\/comments?post=1519"}],"version-history":[{"count":76,"href":"https:\/\/www.economicas.uba.ar\/investigacion\/wp-json\/wp\/v2\/pages\/1519\/revisions"}],"predecessor-version":[{"id":8174,"href":"https:\/\/www.economicas.uba.ar\/investigacion\/wp-json\/wp\/v2\/pages\/1519\/revisions\/8174"}],"up":[{"embeddable":true,"href":"https:\/\/www.economicas.uba.ar\/investigacion\/wp-json\/wp\/v2\/pages\/1282"}],"wp:attachment":[{"href":"https:\/\/www.economicas.uba.ar\/investigacion\/wp-json\/wp\/v2\/media?parent=1519"}],"curies":[{"name":"wp","href":"https:\/\/api.w.org\/{rel}","templated":true}]}}