{"id":1531,"date":"2023-08-10T11:35:53","date_gmt":"2023-08-10T14:35:53","guid":{"rendered":"https:\/\/www.economicas.uba.ar\/investigacion\/?page_id=1531"},"modified":"2026-03-25T10:27:38","modified_gmt":"2026-03-25T13:27:38","slug":"ciap","status":"publish","type":"page","link":"https:\/\/www.economicas.uba.ar\/investigacion\/institutos-y-centros\/ciap\/","title":{"rendered":"CIAP"},"content":{"rendered":"\t\t<div data-elementor-type=\"wp-page\" data-elementor-id=\"1531\" class=\"elementor elementor-1531\" data-elementor-post-type=\"page\">\n\t\t\t\t<div class=\"elementor-element elementor-element-785d0a7c e-flex e-con-boxed e-con e-parent\" data-id=\"785d0a7c\" data-element_type=\"container\" data-e-type=\"container\">\n\t\t\t\t\t<div class=\"e-con-inner\">\n\t\t\t\t<div class=\"elementor-element elementor-element-7804597d elementor-widget elementor-widget-eael-adv-accordion\" data-id=\"7804597d\" data-element_type=\"widget\" data-e-type=\"widget\" data-widget_type=\"eael-adv-accordion.default\">\n\t\t\t\t<div class=\"elementor-widget-container\">\n\t\t\t\t\t            <div class=\"eael-adv-accordion\" id=\"eael-adv-accordion-7804597d\" data-scroll-on-click=\"\" data-scroll-speed=\"300\" data-accordion-id=\"7804597d\" data-accordion-type=\"accordion\" data-toogle-speed=\"300\">\n            <div class=\"eael-accordion-list\">\n\t\t\t\t\t<div id=\"inicio\" class=\"elementor-tab-title eael-accordion-header active-default\" tabindex=\"0\" data-tab=\"1\" aria-controls=\"elementor-tab-content-2011\"><span class=\"eael-accordion-tab-title\">Inicio<\/span><span class=\"eael-advanced-accordion-icon-closed\"><i aria-hidden=\"true\" class=\"fa-accordion-icon fas fa-chevron-down\"><\/i><\/span><span class=\"eael-advanced-accordion-icon-opened\"><i aria-hidden=\"true\" class=\"fa-accordion-icon fas fa-angle-up\"><\/i><\/span><\/div><div id=\"elementor-tab-content-2011\" class=\"eael-accordion-content clearfix active-default\" data-tab=\"1\" aria-labelledby=\"inicio\"><p><a href=\"https:\/\/www.economicas.uba.ar\/wp-content\/uploads\/2016\/01\/igedecologo.jpg\"><img decoding=\"async\" class=\"wp-image-12094 alignnone\" src=\"https:\/\/www.economicas.uba.ar\/wp-content\/uploads\/2016\/01\/igedecologo.jpg\" alt=\"Centro perteneciente a IGEDECO\" width=\"180\" height=\"57\" \/><\/a>\u00a0 \u00a0 \u00a0 \u00a0 \u00a0 \u00a0 \u00a0 \u00a0 <img decoding=\"async\" class=\"wp-image-12343 alignnone\" src=\"https:\/\/www.economicas.uba.ar\/wp-content\/uploads\/2016\/01\/Ciap12.png\" alt=\"\" width=\"94\" height=\"96\" \/><\/p><p>*Centro perteneciente a IGEDECO<\/p><p style=\"text-align: left\">El Centro de Investigaciones en Administraci\u00f3n P\u00fablica (CIAP) de la Facultad de Ciencias Econ\u00f3micas de la UBA da la bienvenida a quienes se interesan por el estudio riguroso y plural del Estado y sus din\u00e1micas. Nuestro prop\u00f3sito es impulsar investigaciones que contribuyan al fortalecimiento de las capacidades estatales, al an\u00e1lisis cr\u00edtico de las pol\u00edticas p\u00fablicas y a la comprensi\u00f3n de los procesos administrativos en sus m\u00faltiples escalas: nacional, provincial y municipal. Abordamos tem\u00e1ticas como la reforma del Estado, la gesti\u00f3n organizacional, la cultura institucional y las relaciones intergubernamentales, entre otras. Actualmente desarrollamos una agenda activa de proyectos en curso y promovemos la articulaci\u00f3n con nuevas iniciativas. Invitamos a investigadores, docentes, estudiantes y profesionales a sumarse a este espacio colectivo de producci\u00f3n de conocimiento comprometido con la mejora de la administraci\u00f3n p\u00fablica en Argentina.<\/p><\/div>\n\t\t\t\t\t<\/div><div class=\"eael-accordion-list\">\n\t\t\t\t\t<div id=\"a-institucional-\" class=\"elementor-tab-title eael-accordion-header\" tabindex=\"0\" data-tab=\"2\" aria-controls=\"elementor-tab-content-2012\"><span class=\"eael-accordion-tab-title\">A. Institucional:  <\/span><span class=\"eael-advanced-accordion-icon-closed\"><i aria-hidden=\"true\" class=\"fa-accordion-icon fas fa-chevron-down\"><\/i><\/span><span class=\"eael-advanced-accordion-icon-opened\"><i aria-hidden=\"true\" class=\"fa-accordion-icon fas fa-angle-up\"><\/i><\/span><\/div><div id=\"elementor-tab-content-2012\" class=\"eael-accordion-content clearfix\" data-tab=\"2\" aria-labelledby=\"a-institucional-\"><h3>\u00a0<strong><span class=\"TextRun SCXW264841822 BCX2\"><span class=\"NormalTextRun SCXW264841822 BCX2\">1.\u00a0 Acerca del CIAP<\/span><\/span><span class=\"LineBreakBlob BlobObject DragDrop SCXW264841822 BCX2\"><span class=\"SCXW264841822 BCX2\">\u00a0<\/span><\/span><\/strong><\/h3><p>El Centro de Investigaciones en Administraci\u00f3n P\u00fablica (CIAP) de la Facultad de Ciencias Econ\u00f3micas de la Universidad de Buenos Aires se constituye como un espacio dedicado a la generaci\u00f3n, articulaci\u00f3n, asistencia t\u00e9cnica y transferencia de conocimiento especializado sobre el Estado, la gesti\u00f3n p\u00fablica y el dise\u00f1o e implementaci\u00f3n de pol\u00edticas p\u00fablicas. Desde su creaci\u00f3n, el CIAP se ha propuesto contribuir activamente al debate acad\u00e9mico y a la mejora de las pr\u00e1cticas estatales mediante actividades de investigaci\u00f3n y profesionales de manera rigurosa, interdisciplinaria y de alto impacto.<\/p><p>Con una marcada vocaci\u00f3n por el fortalecimiento de las capacidades estatales, el Centro se nutre de enfoques comparados, metodolog\u00edas innovadoras y una estrecha vinculaci\u00f3n entre teor\u00eda y pr\u00e1ctica, contribuyendo as\u00ed a la comprensi\u00f3n y transformaci\u00f3n de la administraci\u00f3n p\u00fablica argentina en sus diferentes niveles y modalidades.<\/p><p>El equipo que integra el CIAP est\u00e1 conformado por investigadores, docentes y profesionales comprometidos con la excelencia acad\u00e9mica, la formaci\u00f3n de nuevos talentos y la producci\u00f3n de conocimiento relevante para los desaf\u00edos contempor\u00e1neos del Estado. Adem\u00e1s de sus actividades de investigaci\u00f3n, el CIAP participa activamente en redes acad\u00e9micas nacionales e internacionales, consolidando v\u00ednculos con organismos gubernamentales, universidades y centros de pensamiento.<\/p><p>Uno de los pilares del CIAP es su enfoque colaborativo y reflexivo, que propicia la construcci\u00f3n de comunidades de pr\u00e1ctica y el intercambio permanente entre actores del sistema cient\u00edfico y responsables de la gesti\u00f3n p\u00fablica.<\/p><p>A trav\u00e9s de seminarios, publicaciones, asesoramientos t\u00e9cnicos y participaci\u00f3n en pol\u00edticas p\u00fablicas, el Centro se posiciona como un referente clave en la agenda de innovaci\u00f3n y reforma estatal.<\/p><p>Desde una perspectiva estrat\u00e9gica e institucional, el CIAP tambi\u00e9n promueve iniciativas de formaci\u00f3n y perfeccionamiento, incluyendo el desarrollo de cursos, talleres y programas de capacitaci\u00f3n dise\u00f1ados para responder a las necesidades reales del sector p\u00fablico. En ese sentido, se constituye como puente entre la universidad y el Estado, contribuyendo a la profesionalizaci\u00f3n de la funci\u00f3n p\u00fablica y al fortalecimiento democr\u00e1tico.<\/p><p>La misi\u00f3n del CIAP se orienta al dise\u00f1o de soluciones contextualizadas, informadas y sostenibles, en di\u00e1logo con los valores democr\u00e1ticos y con una mirada cr\u00edtica sobre las tensiones que atraviesan la gesti\u00f3n estatal en Am\u00e9rica Latina. En un contexto marcado por la transformaci\u00f3n digital, la complejidad institucional y los objetivos de inclusi\u00f3n, el Centro asume el compromiso de ofrecer conocimiento pertinente y estrat\u00e9gico para incidir positivamente en la calidad de la administraci\u00f3n p\u00fablica.<\/p><h3><strong>2. Autoridades<\/strong><\/h3><p><i><span>Director<\/span><\/i><span>\u00a0<\/span><\/p><p><span>Dr. Isidoro Felcman<\/span><span>\u00a0<\/span><\/p><p><i>Subdirector<\/i>\u00a0<\/p><p><span>Dr. Horacio Cao<\/span><span>\u00a0<\/span><\/p><p><i><span>Secretario Acad\u00e9mico<\/span><\/i><span>\u00a0<\/span><\/p><p><span>Dr. Gustavo Blutman<\/span><span>\u00a0<\/span><\/p><h3><strong>3. Investigadores\u00a0<\/strong><\/h3><table style=\"height: 531px\"><tbody><tr><td><span>Agust\u00edn Hoya\u00a0<\/span><span>\u00a0<\/span><\/td><\/tr><tr><td><span>\u00c1ngel Vaca <\/span><\/td><\/tr><tr><td><span>Antonella Costanzo\u00a0<\/span><span>\u00a0<\/span><\/td><\/tr><tr><td><span>Antonella Gervagi\u00a0<\/span><span>\u00a0<\/span><\/td><\/tr><tr><td><span>Bruno\u00a0Wetzel<\/span><span>\u00a0<\/span><\/td><\/tr><tr><td><span>Federico Bisurgi\u00a0<\/span><span>\u00a0<\/span><\/td><\/tr><tr><td><span>Ivana Gonz\u00e1lez\u00a0<\/span><span>\u00a0<\/span><\/td><\/tr><tr><td><span>Josefina Vaca\u00a0<\/span><span>\u00a0<\/span><\/td><\/tr><tr><td><span>Juan Manuel\u00a0Barreda Fafasuli<\/span><span>\u00a0<\/span><\/td><\/tr><tr><td><span>Lucila Rodr\u00edguez\u00a0<\/span><span>\u00a0<\/span><\/td><\/tr><tr><td><span>Ludmila Ower\u00a0<\/span><span>\u00a0<\/span><\/td><\/tr><tr><td><span>Manuel Y\u00e1\u00f1ez\u00a0<\/span><span>\u00a0<\/span><\/td><\/tr><tr><td><p><span>Marcela Yazbik\u00a0<\/span><\/p><p>Mar\u00eda Natasha Sarquis<\/p><\/td><\/tr><tr><td><span>Melisa Iturriarte\u00a0<\/span><span>\u00a0<\/span><\/td><\/tr><tr><td><p><span>Pablo Rodr\u00edguez\u00a0<\/span><span>\u00a0<\/span><\/p><p>Paola Aceituno\u00a0<\/p><\/td><\/tr><tr><td><span>P\u00eda Garavaglia\u00a0<\/span><span>\u00a0<\/span><\/td><\/tr><tr><td><span>Roberto Feruglio\u00a0\u00a0<\/span><span>\u00a0<\/span><\/td><\/tr><tr><td><span>Sergio\u00a0Hortal<\/span><span>\u00a0<\/span><\/td><\/tr><tr><td><span>Ver\u00f3nica Gim\u00e9nez<\/span><span>\u00a0<\/span><\/td><\/tr><\/tbody><\/table><h3><strong>4. Resoluciones<\/strong><\/h3><ul><li><a href=\"https:\/\/www.economicas.uba.ar\/investigacion\/wp-content\/uploads\/Resol-CD-N-2413-90-Creacion-CIAP.pdf\">Resoluci\u00f3n de creaci\u00f3n del CIAP<\/a><\/li><li><a href=\"https:\/\/www.economicas.uba.ar\/investigacion\/wp-content\/uploads\/RCD-Autoridades-CIAP-1.pdf\">Resoluci\u00f3n de designaci\u00f3n de autoridades<\/a><\/li><\/ul><h3><strong>5. Reconocimientos<\/strong><\/h3><p><a href=\"https:\/\/www.economicas.uba.ar\/investigacion\/wp-content\/uploads\/Certificado-Centro-de-Investigaciones-en-Administracion-Publica-%E2%80%93-Facultad-de-Ciencias-Economicas-%E2%80%93-UBA.pdf\"><span>Certificado Centro de Investigaciones en Administraci\u00f3n P\u00fablica \u2013 Facultad de Ciencias Econ\u00f3micas \u2013 UBA<\/span><\/a><span>\u00a0<\/span><\/p><\/div>\n\t\t\t\t\t<\/div><div class=\"eael-accordion-list\">\n\t\t\t\t\t<div id=\"b-oferta-de-materias\" class=\"elementor-tab-title eael-accordion-header\" tabindex=\"0\" data-tab=\"3\" aria-controls=\"elementor-tab-content-2013\"><span class=\"eael-accordion-tab-title\">B. Oferta de materias:<\/span><span class=\"eael-advanced-accordion-icon-closed\"><i aria-hidden=\"true\" class=\"fa-accordion-icon fas fa-chevron-down\"><\/i><\/span><span class=\"eael-advanced-accordion-icon-opened\"><i aria-hidden=\"true\" class=\"fa-accordion-icon fas fa-angle-up\"><\/i><\/span><\/div><div id=\"elementor-tab-content-2013\" class=\"eael-accordion-content clearfix\" data-tab=\"3\" aria-labelledby=\"b-oferta-de-materias\"><ul><li><a href=\"https:\/\/administracionpublicauba.wordpress.com\/\" target=\"_blank\" rel=\"noopener\">Administraci\u00f3n P\u00fablica<\/a><\/li><li>Gesti\u00f3n de pol\u00edticas p\u00fablicas en el contexto socioecon\u00f3mico<\/li><\/ul><\/div>\n\t\t\t\t\t<\/div><div class=\"eael-accordion-list\">\n\t\t\t\t\t<div id=\"c-produccin-del-ciap-\" class=\"elementor-tab-title eael-accordion-header\" tabindex=\"0\" data-tab=\"4\" aria-controls=\"elementor-tab-content-2014\"><span class=\"eael-accordion-tab-title\">C. Producci\u00f3n del CIAP: <\/span><span class=\"eael-advanced-accordion-icon-closed\"><i aria-hidden=\"true\" class=\"fa-accordion-icon fas fa-angle-down\"><\/i><\/span><span class=\"eael-advanced-accordion-icon-opened\"><i aria-hidden=\"true\" class=\"fa-accordion-icon fas fa-angle-up\"><\/i><\/span><\/div><div id=\"elementor-tab-content-2014\" class=\"eael-accordion-content clearfix\" data-tab=\"4\" aria-labelledby=\"c-produccin-del-ciap-\"><h3><strong>1.\u00a0 Video<\/strong><\/h3><p>El CIAP, desde la Facultad de Ciencias Econ\u00f3micas (UBA), presenta una serie de videos breves como recurso pedag\u00f3gico para acompa\u00f1ar la labor de las c\u00e1tedras. Estos materiales ofrecen conceptos clave sobre Estado y gesti\u00f3n p\u00fablica, con un enfoque claro, \u00e1gil y federal, pensado para enriquecer las clases y fomentar el debate formativo.<\/p><p><a href=\"https:\/\/youtu.be\/G4iiA4ndjYA?list=PLgiPgDZncI1ZeJiqn2htNY_YtiVlbJQme\">&#8220;Videos Data P\u00fablica N\u00ba 1 &#8211; Conceptos de Estado, Administraci\u00f3n P\u00fablica y Pol\u00edticas P\u00fablicas&#8221;<span>\u00a0<\/span><\/a><\/p><p><a href=\"https:\/\/www.youtube.com\/watch?v=BlfvlEhXDGQ&amp;list=PLgiPgDZncI1ZeJiqn2htNY_YtiVlbJQme\">&#8220;Videos Data P\u00fablica N\u00b0 2 &#8211; La transformaci\u00f3n digital en el Estado&#8221;<\/a><\/p><p><a href=\"https:\/\/www.youtube.com\/watch?v=qiQW_CDogcQ&amp;list=PLgiPgDZncI1ZeJiqn2htNY_YtiVlbJQme\">&#8220;Videos Data P\u00fablica N\u00b0 3 &#8211; Empresas P\u00fablicas&#8221;<\/a><\/p><p><a href=\"https:\/\/www.youtube.com\/watch?v=YVlJeCmEFTY&amp;list=PLgiPgDZncI1ZeJiqn2htNY_YtiVlbJQme\">&#8220;Videos Data P\u00fablica N\u00b0 4 &#8211; Formas de Participaci\u00f3n Ciudadana en la Administraci\u00f3n P\u00fablica&#8221;<\/a><\/p><p><a href=\"https:\/\/www.youtube.com\/watch?v=YEKzcZ8Ci0w&amp;list=PLgiPgDZncI1ZeJiqn2htNY_YtiVlbJQme\">&#8220;Videos Data P\u00fablica N\u00b0 5 &#8211; Estado Federal, Unitario y Confederal&#8221;<\/a><\/p><p><a href=\"https:\/\/www.youtube.com\/watch?v=VmDKl3Dcs_o&amp;list=PLgiPgDZncI1ZeJiqn2htNY_YtiVlbJQme\">&#8220;Videos Data P\u00fablica N\u00b0 6 &#8211; Brechas de G\u00e9nero en la Administraci\u00f3n P\u00fablica&#8221;<\/a><\/p><p><a href=\"https:\/\/www.youtube.com\/watch?v=bM3Nps4DXSk&amp;list=PLgiPgDZncI1ZeJiqn2htNY_YtiVlbJQme\">&#8220;Videos Data P\u00fablica N\u00b0 7 &#8211; La regulaci\u00f3n estatal en el trabajo digital flexible&#8221;<\/a><\/p><p><a href=\"https:\/\/www.youtube.com\/watch?v=JPMO6Wjzug0\">&#8220;Videos Data P\u00fablica N\u00ba 8 &#8211; Formas de mirar la estructura del Estado&#8221;<\/a><\/p><p><a href=\"https:\/\/www.youtube.com\/watch?v=S1xx_imXxdo\">&#8220;Videos Data P\u00fablica N\u00ba 9 &#8211; El estado argentino y el desarrollo cient\u00edfico y tecnol\u00f3gico&#8221;<\/a><\/p><p class=\"style-scope ytd-watch-metadata\"><a href=\"https:\/\/www.youtube.com\/watch?v=Ov2UA97apck\">VI Ateneo de Investigaciones en Administraci\u00f3n P\u00fablica | CIAP | FCE-UBA &#8211; Diciembre 2023<\/a><\/p><p class=\"style-scope ytd-watch-metadata\"><a href=\"https:\/\/www.youtube.com\/watch?v=Ov2UA97apck\">VI Ateneo de Investigaciones en Administraci\u00f3n P\u00fablica | CIAP | FCE-UBA &#8211; Diciembre 2024<\/a><\/p><h3 class=\"style-scope ytd-watch-metadata\"><strong>2.\u00a0 Proyectos de Investigaci\u00f3n<\/strong><\/h3><p><span>FINALIZADOS:<\/span><\/p><ul><li><span>Continuidades y rupturas en el Estado argentino en el siglo XXI.<\/span><span>\u00a0<\/span><\/li><\/ul><ul><li><span>El Estado y la Administraci\u00f3n P\u00fablica en transici\u00f3n: los ejes de la planificaci\u00f3n y el federalismo.<\/span><span>\u00a0<\/span><\/li><\/ul><ul><li><span>PIDAE 2019 y 2020: &#8220;El federalismo en el Estado del futuro&#8221;<\/span><span>\u00a0<\/span><\/li><\/ul><ul><li><span>PIDAE 2022: &#8220;Formas de participaci\u00f3n ciudadana en el futuro del Estado&#8221;<\/span><span>\u00a0<\/span><\/li><\/ul><p><span>EN CURSO<\/span><span>:<\/span><\/p><ul><li><span>Pensar el Estado y la Administraci\u00f3n P\u00fablica Argentina 2030.<\/span><span>\u00a0<\/span><\/li><\/ul><ul><li><span>PICT 2019 UBA ADENDA RES 93: &#8220;El Futuro del Estado y la Administraci\u00f3n P\u00fablica Argentina: Escenarios al 2030&#8221;<\/span><span>\u00a0<\/span><\/li><\/ul><ul><li><span>PICT-2021-I-INVI-00306 \u201cEmpresas p\u00fablicas subnacionales en Argentina: desaf\u00edos y potencialidades de la gesti\u00f3n empresaria estatal y su impacto en el desarrollo regional\u201d &#8211; Investigador Responsable: Dr. Manuel Ya\u00f1ez<\/span><span>\u00a0<\/span><\/li><\/ul><ul><li><span>UBACYT Programaci\u00f3n Cient\u00edfica 2023 &#8211; C\u00f3d. 20020220300048BA &#8220;El futuro del empleo p\u00fablico: del cuello blanco al cuello digital&#8221;<\/span><\/li><\/ul><h3><strong>3.\u00a0 Planeamiento Estrat\u00e9gico<\/strong><\/h3><p><i><span>Aportes para el pensamiento estrat\u00e9gico argentino 2015-2030:\u00a0Construir una visi\u00f3n compartida de futuro elaborada participativamente<\/span><\/i><span>.<\/span><\/p><p><span>Si las d\u00e9cadas del 80 y 90 estuvieron caracterizadas por el dise\u00f1o e instalaci\u00f3n del Estado m\u00ednimo, hoy se visualiza la consolidaci\u00f3n de una corriente refundadora, profundamente cr\u00edtica del Estado prescindente, pero al mismo tiempo consciente de que no es conveniente volver a los modelos tradicionales. Parece necesario el dise\u00f1o de un nuevo modelo.<\/span><span>\u00a0<\/span><\/p><p><span>El Pensamiento Estrat\u00e9gico y su desarrollo de manera Participativa, en este contexto, se sit\u00faa como una herramienta clave. Las sucesivas crisis internacionales de los \u00faltimos a\u00f1os fortalecieron la idea en \u00e1mbitos dirigenciales que, el desarrollo econ\u00f3mico y social, depende fuertemente de que el Estado, el mercado y la sociedad civil logren una convergencia. El rol del Estado en este marco es fundamental: ejecutando pol\u00edticas p\u00fablicas, protagonizando los procesos y regulando los intereses sectoriales en pos de lograr el bien com\u00fan. Asimismo, la participaci\u00f3n de los actores se torna fundamental, porque su involucramiento en una visi\u00f3n compartida de futuro, garantizara compromiso en pos de su logro. Desarrollar acciones que aporten a la elaboraci\u00f3n de pensamiento estrat\u00e9gico es central para generar miradas que nos permitan encontrar horizonte y rumbo para la Argentina del futuro con la que muchos de nosotros so\u00f1amos.\u201d<\/span><span>\u00a0<\/span><\/p><p><span>Planes estrat\u00e9gicos participativos:<\/span><span>\u00a0<\/span><\/p><ul><li><span>Planeamiento estrat\u00e9gico agroalimentario. Ministerio de Agricultura, Ganader\u00eda y Pesca.<\/span><span>\u00a0<\/span><\/li><\/ul><ul><li><span>Planeamiento en la Honorable C\u00e1mara de Diputados.<\/span><span>\u00a0<\/span><\/li><li><span>Planeamiento en la Superintendencia de Seguro de la Naci\u00f3n.\u00a0 \u00a0 \u00a0<\/span><span> \u00a0 \u00a0 \u00a0 \u00a0 \u00a0 \u00a0\u00a0<\/span><\/li><\/ul><h3><strong>4. Encuesta &#8211; Normas y textos de Administraci\u00f3n P\u00fablica<\/strong><\/h3><p><span>El <\/span><b><span>Centro de Investigaciones en Administraci\u00f3n P\u00fablica (CIAP)<\/span><\/b><span>, en alianza con la <\/span><b><span>Asociaci\u00f3n Argentina de Estudios de Administraci\u00f3n P\u00fablica (AAEAP)<\/span><\/b><span>, lleva adelante una consulta bienal dirigida a expertos sobre normas y textos relevantes en el campo de la administraci\u00f3n p\u00fablica. La consulta se organiza en dos ejes:<\/span><span>\u00a0<\/span><\/p><ul><li><b><span>Normas<\/span><\/b><span>: leyes y decretos relacionados con temas estatales y de gesti\u00f3n p\u00fablica, promulgados a partir de 1983.<\/span><span>\u00a0<\/span><\/li><\/ul><ul><li><b><span>Textos<\/span><\/b><span>: obras de autores argentinos publicadas en el siglo XXI, centradas en la tem\u00e1tica de la administraci\u00f3n p\u00fablica.<\/span><span>\u00a0<\/span><\/li><\/ul><p><span>Se presentan los resultados y metodolog\u00edas de las cuatro consultas realizadas en los a\u00f1os 2017, 2019. 2022 y 2024.<\/span><span>\u00a0<\/span><\/p><p><span>\u00a0\u00a0\u00a0\u00a0\u00a0\u00a0\u00a0\u00a0\u00a0\u00a0 <\/span><span>\u00a0<\/span><\/p><p><b><span>Informes disponibles:<\/span><\/b><span>\u00a0<\/span><\/p><p><b><span>1\u00aa Consulta sobre Normas y Textos en Administraci\u00f3n P\u00fablica (2017)<\/span><\/b><span>\u00a0<\/span><\/p><p><a href=\"https:\/\/www.economicas.uba.ar\/investigacion\/wp-content\/uploads\/Metodologia-1a-consulta-sobre-normas-y-textos-AP.pdf\"><span>Informe metodol\u00f3gico<\/span><\/a><span>\u00a0<\/span><\/p><p><a href=\"https:\/\/www.economicas.uba.ar\/investigacion\/wp-content\/uploads\/Metodologia-y-resultados-consulta-normas-y-textos-AP.pdf\"><span>Informe de resultados<\/span><\/a><span>\u00a0<\/span><\/p><p><b><span>2\u00aa Consulta (2019)<\/span><\/b><span>\u00a0<\/span><\/p><p><a href=\"https:\/\/www.economicas.uba.ar\/investigacion\/wp-content\/uploads\/Informe-Metodologico-2a-encuesta.pdf\"><span>Informe metodol\u00f3gico<\/span><\/a><span>\u00a0<\/span><\/p><p><a href=\"https:\/\/www.economicas.uba.ar\/investigacion\/wp-content\/uploads\/Resultados-2a-Consulta-de-Normas-y-Textos-AAEAP-CIAP-2.pdf\"><span>Informe de resultados<\/span><\/a><span>\u00a0<\/span><\/p><p><b><span>3\u00aa Consulta (2022)\u00a0 <\/span><\/b><span>\u00a0 \u00a0\u00a0 \u00a0\u00a0 \u00a0\u00a0 \u00a0\u00a0 \u00a0\u00a0 \u00a0\u00a0\u00a0 \u00a0 \u00a0<\/span><span>\u00a0<\/span><\/p><p><span>\u00a0<\/span><a href=\"https:\/\/www.argentina.gob.ar\/jefatura\/gestion-y-empleo-publico\/inap\/notas-breves-del-inap\/3ra-encuesta-sobre-normas-y-textos-de\"><span>Informe de resultados<\/span><\/a><span>\u00a0<\/span><\/p><p><span>\u00a0<\/span><a href=\"https:\/\/www.economicas.uba.ar\/investigacion\/wp-content\/uploads\/Metodologia-3a-encuesta.pdf\"><span>Informe metodol\u00f3gico<\/span><\/a><span>\u00a0<\/span><\/p><p><b><span>4\u00aa Consulta sobre Normas y Textos de Autores Argentinos en Administraci\u00f3n P\u00fablica<\/span><\/b> <b><span>(2024)<\/span><\/b><span>\u00a0<\/span><\/p><p><a href=\"https:\/\/aaeap.org.ar\/aaeap\/resultados-de-la-4a-encuesta-sobre-normas-y-textos-de-autores-argentinos-en-administracion-publica\/\"><span>Informe de resultados<\/span><\/a><span>\u00a0<\/span><\/p><p><a href=\"https:\/\/www.economicas.uba.ar\/investigacion\/wp-content\/uploads\/Metodologia-4a-Encuesta-sobre-Normas-y-Textos-de-Autores-Argentinos.pdf\"><span>Informe metodol\u00f3gico<\/span><\/a><span>\u00a0<\/span><\/p><p>La 4\u00aa Encuesta sobre normas y textos cont\u00f3 con el con el respaldo institucional de las siguientes organizaciones:<\/p><p><img fetchpriority=\"high\" decoding=\"async\" class=\"alignnone wp-image-6598\" src=\"https:\/\/www.economicas.uba.ar\/investigacion\/wp-content\/uploads\/WhatsApp-Image-2025-08-21-at-8.20.45-PM-1-300x169.jpeg\" alt=\"\" width=\"533\" height=\"300\" srcset=\"https:\/\/www.economicas.uba.ar\/investigacion\/wp-content\/uploads\/WhatsApp-Image-2025-08-21-at-8.20.45-PM-1-300x169.jpeg 300w, https:\/\/www.economicas.uba.ar\/investigacion\/wp-content\/uploads\/WhatsApp-Image-2025-08-21-at-8.20.45-PM-1-768x433.jpeg 768w, https:\/\/www.economicas.uba.ar\/investigacion\/wp-content\/uploads\/WhatsApp-Image-2025-08-21-at-8.20.45-PM-1.jpeg 842w\" sizes=\"(max-width: 533px) 100vw, 533px\" \/><\/p><h3><span><strong>5.\u00a0 <\/strong><\/span><strong>Consenso por una Funci\u00f3n P\u00fablica Profesional\u00a0<\/strong><\/h3><p><span>En el marco de los procesos electorales presidenciales de 2019 y 2023, diversos actores pol\u00edticos, acad\u00e9micos y de la sociedad civil suscribieron el Consenso por una Funci\u00f3n P\u00fablica Profesional para la Argentina, una iniciativa orientada a promover un Estado m\u00e1s eficiente, transparente y orientado al m\u00e9rito. Estos acuerdos reflejan el compromiso transversal con la construcci\u00f3n de una administraci\u00f3n p\u00fablica moderna, capaz de sostener pol\u00edticas p\u00fablicas de calidad m\u00e1s all\u00e1 de los ciclos electorales. A continuaci\u00f3n, se presentan los enlaces a ambos consensos, como parte de una apuesta continua por fortalecer las capacidades estatales en nuestro pa\u00eds.<\/span><span>\u00a0<\/span><\/p><ul><li><a href=\"https:\/\/sites.google.com\/view\/consenso-funcion-publica\/home\"><span>Primer Consenso<\/span><\/a><span>\u00a0<\/span><span>\u00a0<\/span><\/li><\/ul><ul><li><a href=\"https:\/\/sites.google.com\/view\/segundoconsenso\/inicio\"><span>Segundo Consenso<\/span><\/a><span>\u00a0<\/span><\/li><\/ul><\/div>\n\t\t\t\t\t<\/div><div class=\"eael-accordion-list\">\n\t\t\t\t\t<div id=\"d-publicaciones-\" class=\"elementor-tab-title eael-accordion-header\" tabindex=\"0\" data-tab=\"5\" aria-controls=\"elementor-tab-content-2015\"><span class=\"eael-accordion-tab-title\">D. Publicaciones: <\/span><span class=\"eael-advanced-accordion-icon-closed\"><i aria-hidden=\"true\" class=\"fa-accordion-icon fas fa-angle-down\"><\/i><\/span><span class=\"eael-advanced-accordion-icon-opened\"><i aria-hidden=\"true\" class=\"fa-accordion-icon fas fa-angle-up\"><\/i><\/span><\/div><div id=\"elementor-tab-content-2015\" class=\"eael-accordion-content clearfix\" data-tab=\"5\" aria-labelledby=\"d-publicaciones-\"><h3><strong>1. Bolet\u00edn DATA P\u00daBLICA<\/strong><\/h3><ul><li><a href=\"https:\/\/www.economicas.uba.ar\/investigacion\/wp-content\/uploads\/Data-publica-CIAP-marzo-2023.pdf\"><span>Data p\u00fablica N\u00ba 01 CIAP marzo 2023<\/span><\/a><span>\u00a0<\/span><\/li><li><a href=\"https:\/\/www.economicas.uba.ar\/investigacion\/wp-content\/uploads\/Data-publica-2-CIAP-junio-2023.pdf\"><span>Data p\u00fablica N\u00ba 02 CIAP junio 2023<\/span><\/a><span>\u00a0<\/span><\/li><li><a href=\"https:\/\/www.economicas.uba.ar\/investigacion\/wp-content\/uploads\/Data-publica-3-CIAP-septiembre-2023.pdf\"><span>Data p\u00fablica N\u00ba 03 CIAP septiembre 2023<\/span><\/a><span>\u00a0<\/span><\/li><li><a href=\"https:\/\/www.economicas.uba.ar\/investigacion\/wp-content\/uploads\/Data-publica-4-CIAP-diciembre-2023.pdf\"><span>Data p\u00fablica N\u00ba 04 CIAP diciembre 2023<\/span><\/a><span>\u00a0<\/span><\/li><li><a href=\"https:\/\/www.economicas.uba.ar\/investigacion\/wp-content\/uploads\/Data-publica-5-CIAP-marzo-2024.pdf\"><span>Data p\u00fablica N\u00ba 05 CIAP marzo 2024<\/span><\/a><span>\u00a0<\/span><\/li><li><a href=\"https:\/\/www.economicas.uba.ar\/investigacion\/wp-content\/uploads\/Data-publica-6-CIAP-junio-2024-1.pdf\"><span>Data p\u00fablica N\u00b0 06 CIAP junio 2024<\/span><\/a><span>\u00a0<\/span><\/li><li><a href=\"https:\/\/www.economicas.uba.ar\/investigacion\/wp-content\/uploads\/Data-publica-N%C2%B0-07-CIAP-septiembre-2024.pdf\"><span>Data p\u00fablica N\u00b0 07 CIAP septiembre 2024<\/span><\/a><span>\u00a0<\/span><\/li><li><a href=\"https:\/\/www.economicas.uba.ar\/investigacion\/wp-content\/uploads\/Data-publica-N%C2%B0-08-CIAP-diciembre-2024.pdf\"><span>Data publica N\u00b0 08 CIAP diciembre 2024<\/span><\/a><span>\u00a0<\/span><\/li><li><a href=\"https:\/\/www.economicas.uba.ar\/investigacion\/wp-content\/uploads\/Data-publica-9-CIAP-marzo-2025-18-03.pdf\"><span>Data p\u00fablica N\u00b0 09 CIAP marzo 2025<\/span><\/a><span>\u00a0<\/span><\/li><li><a href=\"https:\/\/www.economicas.uba.ar\/investigacion\/wp-content\/uploads\/Data-publica-10-CIAP-junio-2025-.pdf\"><span>Data p\u00fablica N\u00ba 10 CIAP junio 2025<\/span><\/a><span>\u00a0<\/span> <span>\u00a0<\/span><\/li><li><a href=\"https:\/\/www.economicas.uba.ar\/investigacion\/wp-content\/uploads\/Data-publica-11-CIAP-septiembre-2025-.pdf\"><span>Data p\u00fablica N\u00ba 11 CIAP septiembre 2025<\/span><\/a><\/li><li><span><a href=\"https:\/\/www.economicas.uba.ar\/investigacion\/wp-content\/uploads\/Data-publica-12-CIAP-diciembre-2025-.pdf\">Data p\u00fablica N\u00b0 12 CIAP diciembre 2025<\/a>\u00a0<\/span> <span>\u00a0<\/span><\/li><li><span><a href=\"https:\/\/www.economicas.uba.ar\/investigacion\/wp-content\/uploads\/Data-publica-13-CIAP-marzo-2026-20-03.pdf\">Data p\u00fablica N\u00b0 13 CIAP marzo 2026<\/a>\u00a0<\/span> <span>\u00a0<\/span><\/li><\/ul><h3><strong>\u00a02. Libros Publicados<\/strong><\/h3><ul><li><a href=\"https:\/\/www.horaciocao.com.ar\/wp-content\/uploads\/2023\/12\/HCao-GBlutman-El-Futuro-del-Estado-Arg.pdf\">\u201cEl futuro del Estado en la Argentina (EDICON &#8211; 2019)\u201d <\/a><\/li><li><a href=\"https:\/\/www.argentina.gob.ar\/jefatura\/gestion-y-empleo-publico\/inap\/libros-del-inap\/materia-estado-el-futuro-del-empleo-publico\">\u201cMateria Estado. El futuro del empleo p\u00fablico, las tecnolog\u00edas digitales y las estructuras estatales (INAP \u2013 2023)\u201d<\/a><\/li><li><a href=\"https:\/\/editorial.unc.edu.ar\/producto\/manual-de-administracion-publica-argentina-nacion-provincias-y-municipios-ebook\/\">\u201cManual de Administraci\u00f3n P\u00fablica Argentina: Naci\u00f3n, Provincias y Municipios (Editorial UNC y UNQ \u2013 2025)\u201d<\/a>\u00a0<\/li><\/ul><h3><strong>3. Documentos de Trabajo<\/strong><\/h3><p><span>A\u00f1o 2001 \u2013 A\u00f1o 1 Volumen 1<\/span><span>\u00a0<\/span><\/p><p><span>*\u00a0<\/span><a href=\"https:\/\/www.economicas.uba.ar\/investigacion\/wp-content\/uploads\/docin_ciap_v1_n1.pdf\"><span>EL \u2018c\u00f3mo\u2019 de las pol\u00edticas y\/o programas sociales y el \u201chacer\u201d de las organizaciones. El caso del Programa de Atenci\u00f3n a Grupos Vulnerables (PAGV)\u201d<\/span><\/a><span>\u00a0Patricia Domench<\/span><span>\u00a0<\/span><\/p><p><span>A\u00f1o 2002 \u2013A\u00f1o 2 Volumen 2<\/span><span>\u00a0<\/span><\/p><p><span>*\u00a0<\/span><a href=\"https:\/\/www.economicas.uba.ar\/investigacion\/wp-content\/uploads\/docin_ciap_v2_n2.pdf\"><span>\u201cEvaluaci\u00f3n de impacto de la capacitaci\u00f3n en el sector p\u00fablico y privado\u201d<\/span><\/a><span>\u00a0Mar\u00eda Gabriela Rutty<\/span><span>\u00a0<\/span><\/p><p><span>A\u00f1o 2004 \u2013 a\u00f1o 4 Volumen 3<\/span><span>\u00a0<\/span><\/p><p><span>*\u00a0<\/span><a href=\"https:\/\/www.economicas.uba.ar\/investigacion\/wp-content\/uploads\/docin_ciap_v4_n3.pdf\"><span>\u201cCorrupci\u00f3n y pol\u00edticas p\u00fablicas: algunos factores estructurantes; apuntes para una agenda de investigaci\u00f3n\u201d<\/span><\/a><span>\u00a0Alejandro M. Est\u00e9vez y Guillermo Marini<\/span><span>\u00a0<\/span><\/p><p><span>A\u00f1o 2005 \u2013 A\u00f1o 5 Volumen 4<\/span><span>\u00a0<\/span><\/p><p><span>*\u00a0<\/span><a href=\"https:\/\/www.economicas.uba.ar\/investigacion\/wp-content\/uploads\/docin_ciap_v5_n4.pdf\"><span>\u201cLas tres teor\u00edas del desarrollo para Am\u00e9rica latina: Elementos para una perspectiva integradora\u201d<\/span><\/a><span>\u00a0Alejandro M. Est\u00e9vez. Gerardo Izzo, Natalia Gonzalez Carracedo y Jorge Arias Almonacid<\/span><span>\u00a0<\/span><\/p><p><span>A\u00f1o 2006 \u2013 A\u00f1o 6 Volumen 5<\/span><span>\u00a0<\/span><\/p><p><span>* \u201c<\/span><a href=\"https:\/\/www.economicas.uba.ar\/investigacion\/wp-content\/uploads\/docin_ciap_v6_n5.pdf\"><span>Investigaciones sobre Provincias y Modernizaci\u00f3n del Estado<\/span><\/a><span>\u201cG. Blutman,H. Cao y J. Vaca<\/span><span>\u00a0<\/span><\/p><p><span>**\u00a0\u201cDiscurso y pol\u00edticas p\u00fablicas. Las provincias \u2018pobres\u2019 en la aprobaci\u00f3n de los reg\u00edmenes de promoci\u00f3n industrial y coparticipaci\u00f3n federal de impuesto\u201d H. Cao y J. Vaca<\/span><span>\u00a0<\/span><\/p><p><span>**\u00a0\u201cImpacto del Plan de Modernizaci\u00f3n en la Argentina\u201d G. Blutman<\/span><span>\u00a0<\/span><\/p><p><span>A\u00f1o 2007 \u2013 A\u00f1o 7 Volumen 6<\/span><span>\u00a0<\/span><\/p><p><span>* N\u00ba 1\u00a0<\/span><a href=\"https:\/\/www.economicas.uba.ar\/investigacion\/wp-content\/uploads\/docin_ciap_v7_n6.pdf\"><span>\u201cEl Estado y la pol\u00edtica de salud. La implementaci\u00f3n de estrategias de promoci\u00f3n de la salud desde el \u00e1mbito nacional y el local para el logro de la equidad\u201d<\/span><\/a><span>\u00a0P. Domench; M. Bolado<\/span><span>\u00a0<\/span><\/p><p><span>A\u00f1o 2008 \u2013 A\u00f1o 8 Volumen 7<\/span><span>\u00a0<\/span><\/p><p><span>* N\u00ba 1\u00a0<\/span><a href=\"https:\/\/www.economicas.uba.ar\/investigacion\/wp-content\/uploads\/docin_ciap_v8_n7.pdf\"><span>\u201cLa econom\u00eda de escala en la educaci\u00f3n p\u00fablica: Elementos para su determinacion\u201d<\/span><\/a><span>\u00a0J. Doberti<\/span><span>\u00a0<\/span><\/p><p><span>A\u00f1o 2008 \u2013 Volumen 8<\/span><span>\u00a0<\/span><\/p><p><span>* A\u00f1o 8 N\u00b02:\u00a0<\/span><a href=\"https:\/\/www.economicas.uba.ar\/investigacion\/wp-content\/uploads\/docin_ciap_v8_n8.pdf\"><span>\u201cLas pol\u00edticas publicas cognitivas: el enfoque de las coaliciones defensoras\u201d<\/span><\/a><span>\u00a0A. Est\u00e9vez; S. Esper<\/span><span>\u00a0<\/span><\/p><p><span>A\u00f1o 2009 \u2013 Volumen 9<\/span><span>\u00a0<\/span><\/p><p><span>* A\u00f1o 9 N\u00b01:\u00a0<\/span><a href=\"https:\/\/www.economicas.uba.ar\/investigacion\/wp-content\/uploads\/docin_ciap_v9_n9.pdf\"><span>\u201cNuevos modelos de gesti\u00f3n publica\u201d<\/span><\/a><span>\u00a0I. Felcman<\/span><span>\u00a0<\/span><\/p><p><span>A\u00f1o 2009 \u2013 Volumen 10<\/span><span>\u00a0<\/span><\/p><p><span>* A\u00f1o 9 N\u00b02\u00a0<\/span><a href=\"https:\/\/www.economicas.uba.ar\/investigacion\/wp-content\/uploads\/docin_ciap_v9_n10.pdf\"><span>\u201cUna mirada sobre transformaciones y singularidades del aparato estatal\u201d<\/span><\/a><span>\u00a0Lic. Adriana Azcorra; Lic. Irene Buchter; Lic. Patricia Catoira y Lic. Ivana Gonz\u00e1lez<\/span><span>\u00a0<\/span><\/p><p><span>**\u00a0\u201cConnivencia de nuevos mecanismos de gesti\u00f3n y viejas costumbres\u201d Lic. Adriana Luj\u00e1n Azcorra; Lic. Irene Mar\u00eda Buchter y Lic. Ivana Giselle Gonz\u00e1lez<\/span><span>\u00a0<\/span><\/p><p><span>**\u00a0\u201cBurocracia y Anomia. Un an\u00e1lisis de la informalidad en el comportamiento de los empleados estatales\u201d Lic. Patricia Fernanda Catoira<\/span><span>\u00a0<\/span><\/p><p><span>A\u00f1o 2010 \u2013 Volumen 11<\/span><span>\u00a0<\/span><\/p><p><span>* A\u00f1o 10 N\u00b01:\u00a0<\/span><a href=\"https:\/\/www.economicas.uba.ar\/investigacion\/wp-content\/uploads\/docin_ciap_v10_n11.pdf\"><span>\u201cCultura, comunicaci\u00f3n y clima organizacional: estudio comparativo de siete organizaciones\u201d<\/span><\/a><span>\u00a0G. Blutman; M. Arriaga y otros<\/span><span>\u00a0<\/span><\/p><p><span>A\u00f1o 2011 \u2013 Volumen 12<\/span><span>\u00a0<\/span><\/p><p><span>* A\u00f1o 11 N\u00b0 1\u00a0<\/span><a href=\"https:\/\/www.economicas.uba.ar\/investigacion\/wp-content\/uploads\/docin_ciap_v11_n12.pdf\"><span>\u201cLa l\u00f3gica de la acci\u00f3n en gesti\u00f3n\u201d<\/span><\/a><span>\u00a0Jos\u00e9 Serlin<\/span><span>\u00a0<\/span><\/p><p><span>A\u00f1o 2011 \u2013 Volumen 13<\/span><span>\u00a0<\/span><\/p><p><span>* A\u00f1o 11 N\u00b0 2:\u00a0<\/span><a href=\"https:\/\/www.economicas.uba.ar\/investigacion\/wp-content\/uploads\/docin_ciap_v11_n13.pdf\"><span>\u201cinvestigaciones en administraci\u00f3n y pol\u00edticas publicas\u201d<\/span><\/a><span>\u00a0I. Felcman; J. Serlin; G. Blutman; A. Azcorra; H. Cao; C. Paz; A. Est\u00e9vez; S. Esper; P. Domench; A. Fassio; M. arriaga<\/span><span>\u00a0<\/span><\/p><p><span>** \u201cPlan estrat\u00e9gico agroalimentario y agroindustrial participatico y federal, 2010-2020 (PEA)\u201d I. Felcman; G. Blutman; A. Azcorra.<\/span><span>\u00a0<\/span><\/p><p><span>** \u201cReflexividad en metodolog\u00eda de la investigaci\u00f3n del rol de la administraci\u00f3n publica\u201d J. Serlin<\/span><span>\u00a0<\/span><\/p><p><span>** \u201cManual de la base de datos provinciales\u201d H. Cao; C. Paz.<\/span><span>\u00a0<\/span><\/p><p><span>** \u201cTransformaciones organizaciones exitosas: el caso de la administraci\u00f3n federal de ingresos p\u00fablicos\u201d A. Estevez; S. Esper<\/span><span>\u00a0<\/span><\/p><p><span>** \u201cLa articulaci\u00f3n y la sustentabilidad en la gesti\u00f3n e implementaci\u00f3n de pol\u00edticas p\u00fablicas de promoci\u00f3n de la salud\u201d P. Domench; M. D\u00b4Addario; S. Rodriguez<\/span><span>\u00a0<\/span><\/p><p><span>** \u201cCultura y comunicaci\u00f3n en un banco estatal de la Provincia de Santa Fe\u201d M. arriaga; R. Oviedo; A. Racca; S. Miguez; P. Zaragoza.<\/span><span>\u00a0<\/span><\/p><p><span>A\u00f1o 2012: Volumen 14<\/span><span>\u00a0<\/span><\/p><p><span>* A\u00f1o 12 N\u00b01:\u00a0<\/span><a href=\"https:\/\/www.economicas.uba.ar\/investigacion\/wp-content\/uploads\/docin_ciap_v12_n14.pdf\"><span>\u201cDisonancias de la administraci\u00f3n p\u00fablica: entre la formalidad y la informalidad de las practicas\u201d<\/span><\/a><span>\u00a0P. Catoira<\/span><span>\u00a0<\/span><\/p><p><span>A\u00f1o 2012 \u2013 Volumen 15<\/span><span>\u00a0<\/span><\/p><p><span>* A\u00f1o 12 N\u00b02:\u00a0<\/span><a href=\"https:\/\/www.economicas.uba.ar\/investigacion\/wp-content\/uploads\/docin_ciap_v12_n15.pdf\"><span>\u201cM\u00e9todo cualitativo aplicado a la gesti\u00f3n de organizaciones\u201d<\/span><\/a><span>\u00a0J. Serlin; R. Rojas Breu; C. Alschul; A. Est\u00e9vez; S. Esper<\/span><span>\u00a0<\/span><\/p><p><span>** \u201cInvestigaci\u00f3n cualitativa del conocimiento en gesti\u00f3n de organizaciones. Una aproximaci\u00f3n\u201d J. Serlin<\/span><span>\u00a0<\/span><\/p><p><span>** \u201cLa investigaci\u00f3n cualitativa como herramienta primordial de la direcci\u00f3n\u201d R. Rojas Breu<\/span><span>\u00a0<\/span><\/p><p><span>** \u201cEl proceso de la negociaci\u00f3n entendido como metodolog\u00eda cualitativa\u201d C. Alschul<\/span><span>\u00a0<\/span><\/p><p><span>** \u201cLas coaliciones defensoras como m\u00e9todo alternativo de resoluci\u00f3n de conflictos en las organizaciones: lecciones te\u00f3ricas y pr\u00e1cticas para el management\u201d A. Estevez; S. Esper<\/span><span>\u00a0<\/span><\/p><p><span>A\u00f1o 2012 \u2013 Volumen 16<\/span><span>\u00a0<\/span><\/p><p><span>* A\u00f1o 12 N\u00b03:\u00a0<\/span><a href=\"https:\/\/www.economicas.uba.ar\/investigacion\/wp-content\/uploads\/docin_ciap_v12_n16.pdf\"><span>\u201cM\u00e9todo cualitativo aplicado a la gesti\u00f3n de organizaciones (Compilaci\u00f3n 1)\u201d<\/span><\/a><span>\u00a0J. Serlin; R. Rojas Breu; M. Arriaga, R. Oviedo<\/span><span>\u00a0<\/span><\/p><p><span>**\u00a0\u201cGesti\u00f3n de organizaciones en condiciones de hiperincentidumbre contextual (HC). Un enfoque cualitativo\u201d J. Serlin.<\/span><span>\u00a0<\/span><\/p><p><span>**\u00a0\u201cConsideraciones acerca de la relaci\u00f3n entre la investigaci\u00f3n cualitativa y la gesti\u00f3n\u201d R. Rojas Breu<\/span><span>\u00a0<\/span><\/p><p><span>** \u201cMarketing e investigaci\u00f3n cualitativa. Herramientas aplicables en la investigaci\u00f3n de mercados\u201d M. Arriaga; R. Oviedo.<\/span><span>\u00a0<\/span><\/p><p><span>A\u00f1o 2013 \u2013 Volumen 17<\/span><span>\u00a0<\/span><\/p><p><span>* A\u00f1o 13 N\u00b01:\u00a0<\/span><a href=\"https:\/\/www.economicas.uba.ar\/investigacion\/wp-content\/uploads\/docin_ciap_v13_n17.pdf\"><span>\u201cM\u00e9todo cualitativo aplicado a la gesti\u00f3n de organizaciones\u201d Ostracismo Organizacional como juego pol\u00edtico<\/span><\/a><span>\u00a0\u2013 J. Serlin; A. Est\u00e9vez<\/span><span>\u00a0<\/span><\/p><p><span>A\u00f1o 2013 \u2013 Volumen 18<\/span><span>\u00a0<\/span><\/p><p><span>* A\u00f1o 13 N\u00b02:\u00a0<\/span><a href=\"https:\/\/www.economicas.uba.ar\/investigacion\/wp-content\/uploads\/docin_ciap_v13_n18.pdf\"><span>\u201cM\u00e9todo cualitativo aplicado a la gesti\u00f3n de organizaciones (Compilaci\u00f3n 2)\u201d<\/span><\/a><span>\u00a0J. Serlin; A. Fassio; C. Altschul; A. Est\u00e9vez; R. Rojas Breu; M. Arriaga; R. Oviedo<\/span><span>\u00a0<\/span><\/p><p><span>**\u00a0\u201cMetodologia cualitativa para el an\u00e1lisis de los imaginarios sociales en las organizaciones. Reflexiones sobre un estudio de casos\u201d A. Fassio<\/span><span>\u00a0<\/span><\/p><p><span>**\u00a0\u201cDesaf\u00edos metodol\u00f3gicos de la investigaci\u00f3n cualitativa en marketing\u201d M. Arriaga; R. Oviedo<\/span><span>\u00a0<\/span><\/p><p><span>**\u00a0\u201cIncidir: de a uno se recoge el mistol\u201d C. Altschul<\/span><span>\u00a0<\/span><\/p><p><span>**\u00a0\u201cSegmentacion, posicionamiento y marca: su abordaje desde el Metodo Vincular\u201d R. Rojas Breu<\/span><span>\u00a0<\/span><\/p><p><span>**\u00a0\u201cEl lado oscuro de las organizaciones\u201d A. Estevez; J. Serlin<\/span><span>\u00a0<\/span><\/p><p><span>**\u00a0\u201cTeor\u00eda de los juegos como perspectiva para la integraci\u00f3n de campos disciplinares organizacionales\u201d J. Serlin<\/span><span>\u00a0<\/span><\/p><p><span>A\u00f1o 2013 \u2013 Volumen 19<\/span><span>\u00a0<\/span><\/p><p><span>* A\u00f1o 13 N\u00b03:\u00a0<\/span><a href=\"https:\/\/www.economicas.uba.ar\/investigacion\/wp-content\/uploads\/docin_ciap_v13_n19.pdf\"><span>\u201cLa descentralizaci\u00f3n pol\u00edtica h\u00edbrida. El caso de Ciudad Aut\u00f3noma de Buenos Aires\u201d<\/span><\/a><span>\u00a0A. Olivieri Alberti<\/span><span>\u00a0<\/span><\/p><p><span>A\u00f1o 2014: Volumen 20<\/span><span>\u00a0<\/span><\/p><p><span>* A\u00f1o 14 N\u00b01:\u00a0<\/span><a href=\"https:\/\/www.economicas.uba.ar\/investigacion\/wp-content\/uploads\/docin_ciap_v14_n20.pdf\"><span>\u201cContinuidades y rupturas en el Estado argentino: El papel de la prensa escrita\u201d<\/span><\/a><span>\u00a0G. Blutman; C. Pacho<\/span><span>\u00a0<\/span><\/p><p><span>A\u00f1o 2014 \u2013 Volumen 21<\/span><span>\u00a0<\/span><\/p><p><span>* A\u00f1o 14 N\u00b02:\u00a0<\/span><a href=\"https:\/\/www.economicas.uba.ar\/investigacion\/wp-content\/uploads\/docin_ciap_v14_n21.pdf\"><span>\u201cM\u00e9todo cualitativo aplicado a la gesti\u00f3n de organizaciones (Compilaci\u00f3n 3)\u201d<\/span><\/a><span>\u00a0J. Serlin; A. Fassio; C. Altschul; A. Est\u00e9vez; R. Rojas Breu; M. Arriaga; R. Oviedo; G. Rutty<\/span><span>\u00a0<\/span><\/p><p><span>** \u201cAbordajes cualitativos como propuestas de indagaci\u00f3n sobre la incorporaci\u00f3n de conocimiento en organizaciones ejecutoras de pol\u00edticas p\u00fablicas\u201d A. Fassio; G. Rutty<\/span><span>\u00a0<\/span><\/p><p><span>** \u201cPeculiaridades de la investigaci\u00f3n de mercados en l\u00ednea\u201d M. Arriaga; R. Oviedo<\/span><span>\u00a0<\/span><\/p><p><span>** \u201cEl deseo de la estrategia\u201d R. Rojas Breu<\/span><span>\u00a0<\/span><\/p><p><span>** \u201cHombres en ciernes, organizaciones en ciernes\u201d C. Altschul<\/span><span>\u00a0<\/span><\/p><p><span>** \u201cLa met\u00e1fora como puente disciplinar en la gesti\u00f3n de organizaciones\u201d J. Serlin<\/span><span>\u00a0<\/span><\/p><p><span>** \u201cLa etnograf\u00eda organizacional: Conceptos y casos\u201d J. Serlin<\/span><span>\u00a0<\/span><\/p><p><span>A\u00f1o 2017 \u2013 Volumen 22<\/span><span>\u00a0<\/span><\/p><p><span>*A\u00f1o 17 N\u00b01:\u00a0<\/span><a href=\"https:\/\/www.economicas.uba.ar\/investigacion\/wp-content\/uploads\/docin_ciap_v9_n1.pdf\"><span>\u201cInstituciones Federales y Orden Pol\u00edtico\u201d<\/span><\/a><span>\u00a0Horacio Cao y \u00c1ngel Vaca<\/span><span>\u00a0<\/span><\/p><p><span>A\u00f1o 2017 \u2013 Volumen 23<\/span><span>\u00a0<\/span><\/p><p><span>*A\u00f1o 17 N\u00b02:\u00a0<\/span><a href=\"https:\/\/www.economicas.uba.ar\/investigacion\/wp-content\/uploads\/docin_ciap_v17_n23.pdf\"><span>\u201cGesti\u00f3n p\u00fablica y modelos de federalismo\u201d<\/span><\/a><span>\u00a0Horacio Cao y \u00c1ngel Vaca<\/span><span>\u00a0<\/span><\/p><p><span>*A\u00f1o 20 N\u00b0 1:\u00a0\u00a0<\/span><a href=\"https:\/\/www.economicas.uba.ar\/investigacion\/wp-content\/uploads\/docin_ciap_v20_n24.pdf\"><span>\u201cEmpresas p\u00fablicas provinciales: aproximaci\u00f3n al escenario reciente y aportes para su an\u00e1lisis\u201d\u00a0<\/span><\/a><span>\u00a0Manuel Ya\u00f1ez\u00a0<\/span><span>\u00a0<\/span><\/p><p><span>*A\u00f1o 21 N\u00b0 1:<\/span><a href=\"https:\/\/www.economicas.uba.ar\/investigacion\/wp-content\/uploads\/El-Presupuesto-Universitario-en-Contextos-Macroeconomicos-Inestables.pdf\"><span>\u00a0\u201cEl Presupuesto Universitario en Contextos Macroecon\u00f3micos Inestables. El Caso Argentino en el Per\u00edodo 1993-2019\u201d\u00a0<\/span><\/a><span>Juan Ignacio Doberti, Gabriela Gabay y Melina Levy<\/span><span>\u00a0<\/span><\/p><p><span>*A\u00f1o 22 N\u00b0 1:\u00a0\u201cFederalismo, coordinaci\u00f3n y gobiernos locales en<\/span><span>\u00a0<\/span><\/p><p><span>Argentina\u201d\u00a0\u00a0 \u00a0 Gustavo Blutman Horacio Cao Agust\u00edn Hoya Magal\u00ed Kais Manuel Ya\u00f1ez<\/span><span>\u00a0<\/span><\/p><p><span>*A\u00f1o 24 N\u00b0 1:\u00a0\u201cEmpresas p\u00fablicas municipales: aproximaci\u00f3n a la cuesti\u00f3n en el \u00e1mbito de la provincia de Buenos Aires\u201d\u00a0Manuel Ya\u00f1ez<\/span><span>\u00a0<\/span><\/p><p><span>*A\u00f1o 24 N\u00b0 2:\u00a0\u201cAlgunas ideas nuevas y futuras sobre participaci\u00f3n ciudadana\u201d\u00a0Lucila Rodr\u00edguez\u00a0Colaboraci\u00f3n: Gustavo Blutman Manuel Ya\u00f1ez<\/span><span>\u00a0<\/span><\/p><p><span>A\u00f1o 2025 \u2013 A\u00f1o25 Volumen 1<\/span><span>\u00a0<\/span><\/p><p><span>* \u201c<\/span><a href=\"https:\/\/www.economicas.uba.ar\/investigacion\/wp-content\/uploads\/docin_ciap_v29.pdf\"><span>Las empresas p\u00fablicas argentinas de nivel provincial: algunos antecedentes y perspectivas te\u00f3ricas para su abordaje<\/span><\/a><span>\u201d Sergio Agoff &#8211; Victoria Gonz\u00e1lez &#8211; Manuel Ya\u00f1ez<\/span><span>\u00a0<\/span><\/p><p>A\u00f1o 2025 n\u00b0 1 Volumen 29 &#8211; Noviembre<\/p><p><a href=\"https:\/\/www.economicas.uba.ar\/investigacion\/wp-content\/uploads\/docin_ciap_MNS.pdf\"><span>* <\/span>Las tendencias de la capacitaci\u00f3n en los organismos de la APN (2021\/2024)<\/a> &#8211; Mar\u00eda Natacha Sarquis<\/p><h3><strong>4. Publicaciones\u00a0<\/strong><\/h3><ul><li><a href=\"https:\/\/www.economicas.uba.ar\/investigacion\/wp-content\/uploads\/Las-politicas-universitarias-y-su-financiamiento-en-perspectiva-historica-De-las-dictaduras-a-la-democracia-1966-2023.pdf\"><span>Las pol\u00edticas universitarias y su financiamiento en perspectiva hist\u00f3rica &#8211; De las dictaduras a la democracia &#8211; 1966-2023 <\/span><\/a><span>| Doberti<\/span><span>\u00a0<\/span><\/li><\/ul><ul><li><a href=\"http:\/\/bibliotecadigital.econ.uba.ar\/download\/docin\/docin_ciap_08_ne.pdf\"><span>Estado y Administraci\u00f3n P\u00fablica: Paradojas en Am\u00e9rica Latina<\/span><\/a><span>\u00a0|\u00a0Blutman \u2013 Cao<\/span><span>\u00a0<\/span><\/li><\/ul><ul><li><a href=\"https:\/\/www.economicas.uba.ar\/investigacion\/wp-content\/uploads\/Documento-Universidades-Publicas-Privadas1.pdf\"><span>Documento Universidades P\u00fablicas-Privadas<\/span><\/a><span>\u00a0|\u00a0Doberti \u2013 Gabay<\/span><span>\u00a0<\/span><\/li><\/ul><ul><li><a href=\"https:\/\/www.economicas.uba.ar\/investigacion\/wp-content\/uploads\/Cronica-de-un-fracaso-anunciado-1.pdf\"><span>Cr\u00f3nica de un fracaso anunciado<\/span><\/a><span>: la segunda reforma del Estado | Bozzo \u2013 L\u00f3pez \u2013 Zapata<\/span><span>\u00a0<\/span><\/li><\/ul><ul><li><a href=\"https:\/\/www.economicas.uba.ar\/investigacion\/wp-content\/uploads\/El-servicio-civil-en-America-Latina-y-el-Caribe.pdf\"><span>El servicio civil en Am\u00e9rica Latina y el Caribe<\/span><\/a><span>:\u00a0<\/span><a href=\"http:\/\/home.econ.uba.ar\/economicas\/sites\/default\/files\/u24\/oszlak.pdf\"><span>situaci\u00f3n y retos\u00a0\u00a0futuros<\/span><\/a><span>\u00a0| Oszlak<\/span><span>\u00a0<\/span><\/li><\/ul><ul><li><a href=\"https:\/\/www.economicas.uba.ar\/investigacion\/wp-content\/uploads\/El-subsidio-a-la-Educacion-privada-en-Argentina-y-Chile.pdf\"><span>El subsidio a la Educaci\u00f3n privada en Argentina y Chile<\/span><\/a><span>: un estudio comparativo | Doberti<\/span><span>\u00a0<\/span><\/li><\/ul><ul><li><a href=\"https:\/\/www.economicas.uba.ar\/investigacion\/wp-content\/uploads\/Gestion-municipal-en-el-conurbano-bonaerense.pdf\"><span>Gesti\u00f3n municipal en el conurbano bonaerense<\/span><\/a><span>\u00a0|\u00a0Bennardis<\/span><span>\u00a0<\/span><\/li><\/ul><ul><li><a href=\"https:\/\/www.economicas.uba.ar\/investigacion\/wp-content\/uploads\/Gratuidad-y-equidad-en-los-debates-de-esta-decada.pdf\"><span>Gratuidad y equidad en los debates de esta d\u00e9cada<\/span><\/a><span>\u00a0|\u00a0Doberti<\/span><span>\u00a0<\/span><\/li><\/ul><ul><li><a href=\"https:\/\/www.economicas.uba.ar\/investigacion\/wp-content\/uploads\/Modernizacion-del-Estado-20.8.00.pdf\"><span>Modernizaci\u00f3n del Estado<\/span><\/a><span>\u00a0<\/span><\/li><\/ul><ul><li><a href=\"https:\/\/www.economicas.uba.ar\/investigacion\/wp-content\/uploads\/Orden-y-desorden.pdf\"><span>Orden y desorden<\/span><\/a><span>\u00a0en la reforma del Estado: cambios en la Argentina entre 1989\/1992 | Blutman<\/span><span>\u00a0<\/span><\/li><\/ul><ul><li><a href=\"https:\/\/www.economicas.uba.ar\/investigacion\/wp-content\/uploads\/Una-Comparacion-entre-la-teoria-del-nuevo-Managment-publico-y-la-teoria-de-la-Calidad-Total.pdf\"><span>Una Comparaci\u00f3n entre la teor\u00eda del nuevo Managment p\u00fablico y la teor\u00eda de la Calidad Total<\/span><\/a><span>\u00a0|\u00a0Est\u00e9vez<\/span><span>\u00a0<\/span><\/li><\/ul><ul><li><a href=\"https:\/\/www.economicas.uba.ar\/investigacion\/wp-content\/uploads\/Una-descripcion-de-los-Estado-provinciales.pdf\"><span>Una descripci\u00f3n de los Estado provinciales<\/span><\/a><span>\u00a0| Cao<\/span><span>\u00a0<\/span><\/li><\/ul><ul><li><a href=\"https:\/\/www.economicas.uba.ar\/investigacion\/wp-content\/uploads\/Nuevos-modelos-de-gestion-publica.pdf\"><span>Nuevo modelos de gesti\u00f3n p\u00fablica<\/span><\/a><span>\u00a0| Isidoro Felcman<\/span><span>\u00a0<\/span><\/li><\/ul><ul><li><a href=\"http:\/\/bibliotecadigital.econ.uba.ar\/?c=docin&amp;a=d&amp;d=docin_ciap_v9_n3\"><span>Planeamiento estrat\u00e9gico participativo en el sector p\u00fablico : conceptos, metodolog\u00eda e instrumentos<\/span><\/a><span>\u00a0|\u00a0Felcman, Isidoro Luis;\u00a0Blutman, Gustavo;\u00a0Vel\u00e1zquez, Roc\u00edo;\u00a0Gonz\u00e1lez, Ivana;\u00a0Bobeck, Paula<\/span><span>\u00a0<\/span><\/li><\/ul><ul><li><a href=\"https:\/\/www.economicas.uba.ar\/investigacion\/wp-content\/uploads\/43-59-PB.pdf\">Cultura organizacional: nuevos dioses y la b\u00fasqueda del eslab\u00f3n perdido para la transformaci\u00f3n del Estado<\/a>\u00a0Isidoro Felcman y Gustavo Blutman\u00a0<\/li><\/ul><ul><li><a href=\"https:\/\/www.economicas.uba.ar\/investigacion\/wp-content\/uploads\/59-85-PB.pdf\">La gesti\u00f3n p\u00fablica en un pa\u00eds federal\u00a0<\/a>\u00a0Horacio Cao\u00a0<\/li><\/ul><ul><li><a href=\"https:\/\/www.economicas.uba.ar\/investigacion\/wp-content\/uploads\/Cao-y-Rey-Nuevos-modelos-de-Gestio%CC%81n-Publica.pdf\">Neo weberianismo latinoamericano: el modelo de gesti\u00f3n estatal para la postpandemia\u00a0<\/a>Horacio Cao y Maximiliano Rey\u00a0<\/li><\/ul><ul><li><a href=\"https:\/\/www.economicas.uba.ar\/investigacion\/wp-content\/uploads\/Cao-y-Rey-Nuevos-modelos-de-Gestio%CC%81n-Publica-1.pdf\">Cultura organizacional: aunque no la veamos siempre est\u00e1.\u00a0\u00a0<\/a>Gustavo Blutman e Isidoro Felcman\u00a0<\/li><li><a href=\"https:\/\/www.economicas.uba.ar\/investigacion\/wp-content\/uploads\/IBudassi-HCao-Parlamento-y-Politicas-Publicas-ESTADO-ABIERTO-Vol-4-N-3.pdf\">Parlamento y Pol\u00edticas P\u00fablicas.\u00a0<\/a>Budassi y Cao<\/li><\/ul><h3><span>\u00a05<strong>. Art\u00edculos period\u00edsticos<\/strong><\/span><\/h3><ul><li><a href=\"https:\/\/www.ambito.com\/vivir-la-politica-o-vivir-la-politica-n5014156#\"><span>Vivir de la pol\u00edtica o vivir para la pol\u00edtica.<\/span><\/a><span>\u00a0\u00c1mbito. 05 Febrero 2019<\/span><span>\u00a0<\/span><\/li><\/ul><ul><li><a href=\"https:\/\/www.lanacion.com.ar\/2216230-el-estado-fracasado-la-tarea-urgente-de-hacer-eficiente-al-sector-publiconota-de-tapatitulo-1x3-cpo-20-lput-pat-lanpiam-vel\"><span>El Estado fracasado. La tarea urgente de hacer eficiente al sector p\u00fablico.<\/span><\/a><span>\u00a0 La Naci\u00f3n.\u00a03 de febrero de 2019<\/span><span>\u00a0<\/span><\/li><\/ul><ul><li><a href=\"https:\/\/www.economicas.uba.ar\/investigacion\/wp-content\/uploads\/Gacetilla-post-presentacion-encuesta3.pdf\"><span>Primeros resultados de la consulta sobre normativa y textos de autores argentinos relativos a la Administraci\u00f3n P\u00fablica.<\/span><\/a><span>\u00a0GACETILLA DE PRENSA-CIAP<\/span><span>\u00a0<\/span><\/li><\/ul><ul><li><a href=\"http:\/\/www.horaciocao.com.ar\/wp-content\/uploads\/2016\/09\/Para-entender-el-lugar-de-la-oposicio%CC%81n-institucional.pdf\"><span>El poder provincial. La oposici\u00f3n pragm\u00e1tica de los gobernadores<\/span><\/a><span>.\u00a0Revista Le Monde Diplomatique. Edici\u00f3n N\u00ba 207. Buenos Aires, septiembre de 2016.\u00a0<\/span><b><span>ISSN 1514-5220<\/span><\/b><span>.<\/span><span>\u00a0<\/span><\/li><\/ul><ul><li><a href=\"http:\/\/www.clarin.com\/opinion\/Planeamiento-estrategico-participativo-clave_0_1564043717.html\"><span>\u201cPlaneamiento estrat\u00e9gico participativo, una clave\u201d<\/span><\/a><span>\u00a0<\/span><\/li><\/ul><ul><li><a href=\"http:\/\/www.clarin.com\/opinion\/Modernizacion-nueva-etiqueta-viejo-envase_0_1564043723.html\"><span>\u201cModernizaci\u00f3n: nueva etiqueta para un viejo envase\u201d<\/span><\/a><span>\u00a0<\/span><\/li><\/ul><ul><li><a href=\"https:\/\/www.pagina12.com.ar\/diario\/economia\/2-224016-2013-07-09.html\"><span>\u201cEl blanqueo en las provincias opositoras\u201d<\/span><\/a><span>\u00a0<\/span><\/li><\/ul><ul><li><a href=\"https:\/\/www.pagina12.com.ar\/diario\/economia\/2-220950-2013-05-28.html\"><span>\u201cOtra batalla por la coparticipaci\u00f3n\u201d<\/span><\/a><span>\u00a0<\/span><\/li><\/ul><ul><li><a href=\"https:\/\/www.economicas.uba.ar\/investigacion\/wp-content\/uploads\/PUBLICAICONES-EN-DIARIOS-CIAP.pdf\"><span>Algunas publicaciones en diarios<\/span><\/a><span>.<\/span><span>\u00a0<\/span><\/li><\/ul><\/div>\n\t\t\t\t\t<\/div><div class=\"eael-accordion-list\">\n\t\t\t\t\t<div id=\"contacto\" class=\"elementor-tab-title eael-accordion-header\" tabindex=\"0\" data-tab=\"6\" aria-controls=\"elementor-tab-content-2016\"><span class=\"eael-accordion-tab-title\">Contacto<\/span><span class=\"eael-advanced-accordion-icon-closed\"><i aria-hidden=\"true\" class=\"fa-accordion-icon fas fa-chevron-down\"><\/i><\/span><span class=\"eael-advanced-accordion-icon-opened\"><i aria-hidden=\"true\" class=\"fa-accordion-icon fas fa-angle-up\"><\/i><\/span><\/div><div id=\"elementor-tab-content-2016\" class=\"eael-accordion-content clearfix\" data-tab=\"6\" aria-labelledby=\"contacto\"><h4>CENTRO DE\u00a0 INVESTIGACIONES EN ADMINISTRACI\u00d3N P\u00daBLICA (CIAP)<\/h4><p>Universidad de Buenos Aires | Facultad de Ciencias Econ\u00f3micas | <br \/>Av. C\u00f3rdoba 2120 &#8211; Piso 2 (C1120 AAQ)<\/p><p>Tel.: +54 11 5285-6916 | <a href=\"ciap.economicas@gmail.com\">ciap.economicas@gmail.com<\/a> | @<a href=\"https:\/\/twitter.com\/ciap_uba\" target=\"_blank\" rel=\"noopener\">ciap_uba<\/a><\/p><p><img loading=\"lazy\" decoding=\"async\" class=\"alignnone wp-image-4828\" src=\"https:\/\/www.economicas.uba.ar\/investigacion\/wp-content\/uploads\/fce-logo-220x70-1.png\" alt=\"\" width=\"189\" height=\"60\" \/> \u00a0\u00a0\u00a0\u00a0 <img loading=\"lazy\" decoding=\"async\" class=\"alignnone wp-image-4824\" src=\"https:\/\/www.economicas.uba.ar\/investigacion\/wp-content\/uploads\/ciap-logo.png\" alt=\"\" width=\"93\" height=\"94\" srcset=\"https:\/\/www.economicas.uba.ar\/investigacion\/wp-content\/uploads\/ciap-logo.png 150w, https:\/\/www.economicas.uba.ar\/investigacion\/wp-content\/uploads\/ciap-logo-100x100.png 100w\" sizes=\"(max-width: 93px) 100vw, 93px\" \/><\/p><\/div>\n\t\t\t\t\t<\/div><\/div>\t\t\t\t<\/div>\n\t\t\t\t<\/div>\n\t\t\t\t\t<\/div>\n\t\t\t\t<\/div>\n\t\t\t\t<\/div>\n\t\t","protected":false},"excerpt":{"rendered":"<p>Inicio \u00a0 \u00a0 \u00a0 \u00a0 \u00a0 \u00a0 \u00a0 \u00a0 *Centro perteneciente a IGEDECO El Centro de Investigaciones en Administraci\u00f3n P\u00fablica (CIAP) de la Facultad de Ciencias Econ\u00f3micas de la UBA<\/p>\n","protected":false},"author":19,"featured_media":0,"parent":1282,"menu_order":0,"comment_status":"closed","ping_status":"closed","template":"elementor_header_footer","meta":{"footnotes":""},"class_list":["post-1531","page","type-page","status-publish","hentry"],"yoast_head":"<!-- This site is optimized with the Yoast SEO plugin v27.4 - https:\/\/yoast.com\/product\/yoast-seo-wordpress\/ -->\n<title>CIAP - Investigaci\u00f3n<\/title>\n<meta name=\"robots\" content=\"index, follow, max-snippet:-1, max-image-preview:large, max-video-preview:-1\" \/>\n<link rel=\"canonical\" href=\"https:\/\/www.economicas.uba.ar\/investigacion\/institutos-y-centros\/ciap\/\" \/>\n<meta property=\"og:locale\" content=\"es_ES\" \/>\n<meta property=\"og:type\" content=\"article\" \/>\n<meta property=\"og:title\" content=\"CIAP - Investigaci\u00f3n\" \/>\n<meta property=\"og:description\" content=\"Inicio \u00a0 \u00a0 \u00a0 \u00a0 \u00a0 \u00a0 \u00a0 \u00a0 *Centro perteneciente a IGEDECO El Centro de Investigaciones en Administraci\u00f3n P\u00fablica (CIAP) de la Facultad de Ciencias Econ\u00f3micas de la UBA\" \/>\n<meta property=\"og:url\" content=\"https:\/\/www.economicas.uba.ar\/investigacion\/institutos-y-centros\/ciap\/\" \/>\n<meta property=\"og:site_name\" content=\"Investigaci\u00f3n\" \/>\n<meta property=\"article:modified_time\" content=\"2026-03-25T13:27:38+00:00\" \/>\n<meta name=\"twitter:card\" content=\"summary_large_image\" \/>\n<meta name=\"twitter:label1\" content=\"Tiempo de lectura\" \/>\n\t<meta name=\"twitter:data1\" content=\"16 minutos\" \/>\n<script type=\"application\/ld+json\" class=\"yoast-schema-graph\">{\"@context\":\"https:\\\/\\\/schema.org\",\"@graph\":[{\"@type\":\"WebPage\",\"@id\":\"https:\\\/\\\/www.economicas.uba.ar\\\/investigacion\\\/institutos-y-centros\\\/ciap\\\/\",\"url\":\"https:\\\/\\\/www.economicas.uba.ar\\\/investigacion\\\/institutos-y-centros\\\/ciap\\\/\",\"name\":\"CIAP - Investigaci\u00f3n\",\"isPartOf\":{\"@id\":\"https:\\\/\\\/www.economicas.uba.ar\\\/investigacion\\\/#website\"},\"primaryImageOfPage\":{\"@id\":\"https:\\\/\\\/www.economicas.uba.ar\\\/investigacion\\\/institutos-y-centros\\\/ciap\\\/#primaryimage\"},\"image\":{\"@id\":\"https:\\\/\\\/www.economicas.uba.ar\\\/investigacion\\\/institutos-y-centros\\\/ciap\\\/#primaryimage\"},\"thumbnailUrl\":\"https:\\\/\\\/www.economicas.uba.ar\\\/wp-content\\\/uploads\\\/2016\\\/01\\\/igedecologo.jpg\",\"datePublished\":\"2023-08-10T14:35:53+00:00\",\"dateModified\":\"2026-03-25T13:27:38+00:00\",\"breadcrumb\":{\"@id\":\"https:\\\/\\\/www.economicas.uba.ar\\\/investigacion\\\/institutos-y-centros\\\/ciap\\\/#breadcrumb\"},\"inLanguage\":\"es-AR\",\"potentialAction\":[{\"@type\":\"ReadAction\",\"target\":[\"https:\\\/\\\/www.economicas.uba.ar\\\/investigacion\\\/institutos-y-centros\\\/ciap\\\/\"]}]},{\"@type\":\"ImageObject\",\"inLanguage\":\"es-AR\",\"@id\":\"https:\\\/\\\/www.economicas.uba.ar\\\/investigacion\\\/institutos-y-centros\\\/ciap\\\/#primaryimage\",\"url\":\"https:\\\/\\\/www.economicas.uba.ar\\\/wp-content\\\/uploads\\\/2016\\\/01\\\/igedecologo.jpg\",\"contentUrl\":\"https:\\\/\\\/www.economicas.uba.ar\\\/wp-content\\\/uploads\\\/2016\\\/01\\\/igedecologo.jpg\"},{\"@type\":\"BreadcrumbList\",\"@id\":\"https:\\\/\\\/www.economicas.uba.ar\\\/investigacion\\\/institutos-y-centros\\\/ciap\\\/#breadcrumb\",\"itemListElement\":[{\"@type\":\"ListItem\",\"position\":1,\"name\":\"Inicio\",\"item\":\"https:\\\/\\\/www.economicas.uba.ar\\\/investigacion\\\/\"},{\"@type\":\"ListItem\",\"position\":2,\"name\":\"Institutos y centros\",\"item\":\"https:\\\/\\\/www.economicas.uba.ar\\\/investigacion\\\/institutos-y-centros\\\/\"},{\"@type\":\"ListItem\",\"position\":3,\"name\":\"CIAP\"}]},{\"@type\":\"WebSite\",\"@id\":\"https:\\\/\\\/www.economicas.uba.ar\\\/investigacion\\\/#website\",\"url\":\"https:\\\/\\\/www.economicas.uba.ar\\\/investigacion\\\/\",\"name\":\"Investigaci\u00f3n FCE\",\"description\":\"\",\"publisher\":{\"@id\":\"https:\\\/\\\/www.economicas.uba.ar\\\/investigacion\\\/#organization\"},\"potentialAction\":[{\"@type\":\"SearchAction\",\"target\":{\"@type\":\"EntryPoint\",\"urlTemplate\":\"https:\\\/\\\/www.economicas.uba.ar\\\/investigacion\\\/?s={search_term_string}\"},\"query-input\":{\"@type\":\"PropertyValueSpecification\",\"valueRequired\":true,\"valueName\":\"search_term_string\"}}],\"inLanguage\":\"es-AR\"},{\"@type\":\"Organization\",\"@id\":\"https:\\\/\\\/www.economicas.uba.ar\\\/investigacion\\\/#organization\",\"name\":\"Investigaci\u00f3n FCE\",\"url\":\"https:\\\/\\\/www.economicas.uba.ar\\\/investigacion\\\/\",\"logo\":{\"@type\":\"ImageObject\",\"inLanguage\":\"es-AR\",\"@id\":\"https:\\\/\\\/www.economicas.uba.ar\\\/investigacion\\\/#\\\/schema\\\/logo\\\/image\\\/\",\"url\":\"https:\\\/\\\/www.economicas.uba.ar\\\/investigacion\\\/wp-content\\\/uploads\\\/logo_2023.png\",\"contentUrl\":\"https:\\\/\\\/www.economicas.uba.ar\\\/investigacion\\\/wp-content\\\/uploads\\\/logo_2023.png\",\"width\":292,\"height\":81,\"caption\":\"Investigaci\u00f3n FCE\"},\"image\":{\"@id\":\"https:\\\/\\\/www.economicas.uba.ar\\\/investigacion\\\/#\\\/schema\\\/logo\\\/image\\\/\"}}]}<\/script>\n<!-- \/ Yoast SEO plugin. -->","yoast_head_json":{"title":"CIAP - Investigaci\u00f3n","robots":{"index":"index","follow":"follow","max-snippet":"max-snippet:-1","max-image-preview":"max-image-preview:large","max-video-preview":"max-video-preview:-1"},"canonical":"https:\/\/www.economicas.uba.ar\/investigacion\/institutos-y-centros\/ciap\/","og_locale":"es_ES","og_type":"article","og_title":"CIAP - Investigaci\u00f3n","og_description":"Inicio \u00a0 \u00a0 \u00a0 \u00a0 \u00a0 \u00a0 \u00a0 \u00a0 *Centro perteneciente a IGEDECO El Centro de Investigaciones en Administraci\u00f3n P\u00fablica (CIAP) de la Facultad de Ciencias Econ\u00f3micas de la UBA","og_url":"https:\/\/www.economicas.uba.ar\/investigacion\/institutos-y-centros\/ciap\/","og_site_name":"Investigaci\u00f3n","article_modified_time":"2026-03-25T13:27:38+00:00","twitter_card":"summary_large_image","twitter_misc":{"Tiempo de lectura":"16 minutos"},"schema":{"@context":"https:\/\/schema.org","@graph":[{"@type":"WebPage","@id":"https:\/\/www.economicas.uba.ar\/investigacion\/institutos-y-centros\/ciap\/","url":"https:\/\/www.economicas.uba.ar\/investigacion\/institutos-y-centros\/ciap\/","name":"CIAP - Investigaci\u00f3n","isPartOf":{"@id":"https:\/\/www.economicas.uba.ar\/investigacion\/#website"},"primaryImageOfPage":{"@id":"https:\/\/www.economicas.uba.ar\/investigacion\/institutos-y-centros\/ciap\/#primaryimage"},"image":{"@id":"https:\/\/www.economicas.uba.ar\/investigacion\/institutos-y-centros\/ciap\/#primaryimage"},"thumbnailUrl":"https:\/\/www.economicas.uba.ar\/wp-content\/uploads\/2016\/01\/igedecologo.jpg","datePublished":"2023-08-10T14:35:53+00:00","dateModified":"2026-03-25T13:27:38+00:00","breadcrumb":{"@id":"https:\/\/www.economicas.uba.ar\/investigacion\/institutos-y-centros\/ciap\/#breadcrumb"},"inLanguage":"es-AR","potentialAction":[{"@type":"ReadAction","target":["https:\/\/www.economicas.uba.ar\/investigacion\/institutos-y-centros\/ciap\/"]}]},{"@type":"ImageObject","inLanguage":"es-AR","@id":"https:\/\/www.economicas.uba.ar\/investigacion\/institutos-y-centros\/ciap\/#primaryimage","url":"https:\/\/www.economicas.uba.ar\/wp-content\/uploads\/2016\/01\/igedecologo.jpg","contentUrl":"https:\/\/www.economicas.uba.ar\/wp-content\/uploads\/2016\/01\/igedecologo.jpg"},{"@type":"BreadcrumbList","@id":"https:\/\/www.economicas.uba.ar\/investigacion\/institutos-y-centros\/ciap\/#breadcrumb","itemListElement":[{"@type":"ListItem","position":1,"name":"Inicio","item":"https:\/\/www.economicas.uba.ar\/investigacion\/"},{"@type":"ListItem","position":2,"name":"Institutos y centros","item":"https:\/\/www.economicas.uba.ar\/investigacion\/institutos-y-centros\/"},{"@type":"ListItem","position":3,"name":"CIAP"}]},{"@type":"WebSite","@id":"https:\/\/www.economicas.uba.ar\/investigacion\/#website","url":"https:\/\/www.economicas.uba.ar\/investigacion\/","name":"Investigaci\u00f3n FCE","description":"","publisher":{"@id":"https:\/\/www.economicas.uba.ar\/investigacion\/#organization"},"potentialAction":[{"@type":"SearchAction","target":{"@type":"EntryPoint","urlTemplate":"https:\/\/www.economicas.uba.ar\/investigacion\/?s={search_term_string}"},"query-input":{"@type":"PropertyValueSpecification","valueRequired":true,"valueName":"search_term_string"}}],"inLanguage":"es-AR"},{"@type":"Organization","@id":"https:\/\/www.economicas.uba.ar\/investigacion\/#organization","name":"Investigaci\u00f3n FCE","url":"https:\/\/www.economicas.uba.ar\/investigacion\/","logo":{"@type":"ImageObject","inLanguage":"es-AR","@id":"https:\/\/www.economicas.uba.ar\/investigacion\/#\/schema\/logo\/image\/","url":"https:\/\/www.economicas.uba.ar\/investigacion\/wp-content\/uploads\/logo_2023.png","contentUrl":"https:\/\/www.economicas.uba.ar\/investigacion\/wp-content\/uploads\/logo_2023.png","width":292,"height":81,"caption":"Investigaci\u00f3n FCE"},"image":{"@id":"https:\/\/www.economicas.uba.ar\/investigacion\/#\/schema\/logo\/image\/"}}]}},"_links":{"self":[{"href":"https:\/\/www.economicas.uba.ar\/investigacion\/wp-json\/wp\/v2\/pages\/1531","targetHints":{"allow":["GET"]}}],"collection":[{"href":"https:\/\/www.economicas.uba.ar\/investigacion\/wp-json\/wp\/v2\/pages"}],"about":[{"href":"https:\/\/www.economicas.uba.ar\/investigacion\/wp-json\/wp\/v2\/types\/page"}],"author":[{"embeddable":true,"href":"https:\/\/www.economicas.uba.ar\/investigacion\/wp-json\/wp\/v2\/users\/19"}],"replies":[{"embeddable":true,"href":"https:\/\/www.economicas.uba.ar\/investigacion\/wp-json\/wp\/v2\/comments?post=1531"}],"version-history":[{"count":415,"href":"https:\/\/www.economicas.uba.ar\/investigacion\/wp-json\/wp\/v2\/pages\/1531\/revisions"}],"predecessor-version":[{"id":8781,"href":"https:\/\/www.economicas.uba.ar\/investigacion\/wp-json\/wp\/v2\/pages\/1531\/revisions\/8781"}],"up":[{"embeddable":true,"href":"https:\/\/www.economicas.uba.ar\/investigacion\/wp-json\/wp\/v2\/pages\/1282"}],"wp:attachment":[{"href":"https:\/\/www.economicas.uba.ar\/investigacion\/wp-json\/wp\/v2\/media?parent=1531"}],"curies":[{"name":"wp","href":"https:\/\/api.w.org\/{rel}","templated":true}]}}